{"id":19662,"date":"2024-02-14T11:43:17","date_gmt":"2024-02-14T10:43:17","guid":{"rendered":"https:\/\/www.schulthessforum.ch\/?post_type=product&#038;p=19662"},"modified":"2024-07-09T09:00:29","modified_gmt":"2024-07-09T07:00:29","slug":"kryptokriminalitaet","status":"publish","type":"product","link":"https:\/\/www.schulthessforum.ch\/kryptokriminalitaet\/","title":{"rendered":"Kryptokriminalit\u00e4t"},"content":{"rendered":"<p>[et_pb_section fb_built=\u00a0\u00bb1&Prime; disabled_on=\u00a0\u00bboff|off|off\u00a0\u00bb admin_label=\u00a0\u00bbAlert Content\u00a0\u00bb module_id=\u00a0\u00bbschulthess-header-alertbar-section\u00a0\u00bb _builder_version=\u00a0\u00bb4.19.4&Prime; _module_preset=\u00a0\u00bbdefault\u00a0\u00bb locked=\u00a0\u00bboff\u00a0\u00bb collapsed=\u00a0\u00bbon\u00a0\u00bb global_colors_info=\u00a0\u00bb{}\u00a0\u00bb][et_pb_row _builder_version=\u00a0\u00bb4.17.4&Prime; _module_preset=\u00a0\u00bbdefault\u00a0\u00bb global_colors_info=\u00a0\u00bb{}\u00a0\u00bb][et_pb_column type=\u00a0\u00bb4_4&Prime; _builder_version=\u00a0\u00bb4.17.4&Prime; _module_preset=\u00a0\u00bbdefault\u00a0\u00bb global_colors_info=\u00a0\u00bb{}\u00a0\u00bb][et_pb_code admin_label=\u00a0\u00bbCode (Alert) (ZU \u00c4NDERN IN %22HOME%22)\u00a0\u00bb module_class=\u00a0\u00bbschulthess-header-alertbar \u00a0\u00bb _builder_version=\u00a0\u00bb4.21.0&Prime; _module_preset=\u00a0\u00bbdefault\u00a0\u00bb locked=\u00a0\u00bboff\u00a0\u00bb global_colors_info=\u00a0\u00bb{}\u00a0\u00bb][\/et_pb_code][\/et_pb_column][\/et_pb_row][\/et_pb_section][et_pb_section fb_built=\u00a0\u00bb1&Prime; disabled_on=\u00a0\u00bboff|off|off\u00a0\u00bb admin_label=\u00a0\u00bbHeader &#8211; Content\u00a0\u00bb module_class=\u00a0\u00bbsf-product-header schulthess-hero\u00a0\u00bb _builder_version=\u00a0\u00bb4.20.2&Prime; _module_preset=\u00a0\u00bbdefault\u00a0\u00bb background_enable_color=\u00a0\u00bboff\u00a0\u00bb background_enable_image=\u00a0\u00bboff\u00a0\u00bb locked=\u00a0\u00bboff\u00a0\u00bb collapsed=\u00a0\u00bbon\u00a0\u00bb global_colors_info=\u00a0\u00bb{}\u00a0\u00bb][et_pb_row _builder_version=\u00a0\u00bb4.20.2&Prime; _module_preset=\u00a0\u00bbdefault\u00a0\u00bb global_colors_info=\u00a0\u00bb{}\u00a0\u00bb][et_pb_column type=\u00a0\u00bb4_4&Prime; _builder_version=\u00a0\u00bb4.20.2&Prime; _module_preset=\u00a0\u00bbdefault\u00a0\u00bb global_colors_info=\u00a0\u00bb{}\u00a0\u00bb][et_pb_text _builder_version=\u00a0\u00bb4.20.2&Prime; _module_preset=\u00a0\u00bbdefault\u00a0\u00bb global_colors_info=\u00a0\u00bb{}\u00a0\u00bb]<style>.et-db #et-boc .et-l .et_pb_section.sf-product-header.schulthess-hero{\n        background-color: #244566 !important;\n      }\n      .schulthess-hero h1 {\n        border-bottom: 3px solid #FFFFFFF !important;\n      }\n      .sf-product-header.schulthess-hero .weitereVaranstalerSchriftfarbe{\n        color: #FFFFFF !important;\n      }\n      .schulthess-hero .event-kategorie-date-headline.weitereVaranstalerSchriftfarbe,\n      .schulthess-hero .event-kategorie-date-headline.weitereVaranstalerSchriftfarbe a{\n        color: #FFFFFF !important;\n      }\n      .schulthess-hero .event-kategorie-date-headline.weitereVaranstalerSchriftfarbe a:hover,\n      .schulthess-hero .event-kategorie-date-headline.weitereVaranstalerSchriftfarbe a:focus,\n      .schulthess-hero .event-kategorie-date-headline.weitereVaranstalerSchriftfarbe a:active{\n        color: #8ac7ef !important;\n      }\n      .weitererVeranstalterLogoSubheadline{\n        width: 150px;\n        max-width: 100%;\n      }<\/style>\n\t <div class=\"et_pb_text_inner\"><h3 class=\"weitereVaranstalerSchriftfarbe\">Schulthess Forum<\/h3><\/div>\n\t <div class=\"et_pb_text_inner\"><h1 class=\"sf-product-title weitereVaranstalerSchriftfarbe\">Kryptokriminalit\u00e4t<\/h1><\/div>\n\t <div class=\"et_pb_text_inner\"><h2 class=\"sf-product-subheadline weitereVaranstalerSchriftfarbe\">Straftaten und Strafverfolgung<\/h2><\/div>\n\t <div class=\"sf-product-catsDateLogos\"><span class=\"event-kategorie-date-headline weitereVaranstalerSchriftfarbe\">Strafrecht | Wirtschaftsrecht | Webinar | mardi, 04.06.2024<\/span><div class=\"sf-product-logos\"><\/div><\/div>[\/et_pb_text][\/et_pb_column][\/et_pb_row][\/et_pb_section][et_pb_section fb_built=\u00a0\u00bb1&Prime; specialty=\u00a0\u00bbon\u00a0\u00bb module_class_1=\u00a0\u00bbschulthess-product-main\u00a0\u00bb module_class_2=\u00a0\u00bbschulthess-product-sidebar\u00a0\u00bb admin_label=\u00a0\u00bbMain &#8211; Content\u00a0\u00bb module_id=\u00a0\u00bbschulthess-product-mainsection\u00a0\u00bb _builder_version=\u00a0\u00bb4.19.4&Prime; _module_preset=\u00a0\u00bbdefault\u00a0\u00bb collapsed=\u00a0\u00bboff\u00a0\u00bb global_colors_info=\u00a0\u00bb{}\u00a0\u00bb][et_pb_column type=\u00a0\u00bb3_4&Prime; specialty_columns=\u00a0\u00bb3&Prime; _builder_version=\u00a0\u00bb4.16&Prime; custom_padding=\u00a0\u00bb|||\u00a0\u00bb global_colors_info=\u00a0\u00bb{}\u00a0\u00bb custom_padding__hover=\u00a0\u00bb|||\u00a0\u00bb][et_pb_row_inner admin_label=\u00a0\u00bbMen\u00fc (Programm, Referierende, Fachinformation, Partner, Impressionen, Teilnehmerbereich)\u00a0\u00bb module_id=\u00a0\u00bbschulthess-product-subnavigation\u00a0\u00bb _builder_version=\u00a0\u00bb4.19.4&Prime; background_size=\u00a0\u00bbinitial\u00a0\u00bb background_position=\u00a0\u00bbtop_left\u00a0\u00bb background_repeat=\u00a0\u00bbrepeat\u00a0\u00bb locked=\u00a0\u00bboff\u00a0\u00bb collapsed=\u00a0\u00bbon\u00a0\u00bb global_colors_info=\u00a0\u00bb{}\u00a0\u00bb][et_pb_column_inner saved_specialty_column_type=\u00a0\u00bb3_4&Prime; _builder_version=\u00a0\u00bb4.17.3&Prime; _module_preset=\u00a0\u00bbdefault\u00a0\u00bb global_colors_info=\u00a0\u00bb{}\u00a0\u00bb][et_pb_menu menu_id=\u00a0\u00bb67&Prime; module_class=\u00a0\u00bbet_smooth_scroll_disabled\u00a0\u00bb _builder_version=\u00a0\u00bb4.17.4&Prime; _module_preset=\u00a0\u00bbdefault\u00a0\u00bb locked=\u00a0\u00bboff\u00a0\u00bb global_colors_info=\u00a0\u00bb{}\u00a0\u00bb][\/et_pb_menu][\/et_pb_column_inner][\/et_pb_row_inner][et_pb_row_inner admin_label=\u00a0\u00bbKurzbeschreibung (Inhalt kommt vom Main Event Content)\u00a0\u00bb module_class=\u00a0\u00bbsf-date-shorttext-row kurzbeschreibung-border-bottom\u00a0\u00bb _builder_version=\u00a0\u00bb4.19.4&Prime; _module_preset=\u00a0\u00bbdefault\u00a0\u00bb locked=\u00a0\u00bboff\u00a0\u00bb collapsed=\u00a0\u00bbon\u00a0\u00bb global_colors_info=\u00a0\u00bb{}\u00a0\u00bb][et_pb_column_inner saved_specialty_column_type=\u00a0\u00bb3_4&Prime; _builder_version=\u00a0\u00bb4.16&Prime; _module_preset=\u00a0\u00bbdefault\u00a0\u00bb global_colors_info=\u00a0\u00bb{}\u00a0\u00bb][et_pb_text admin_label=\u00a0\u00bbKurzbeschreibung\u00a0\u00bb _builder_version=\u00a0\u00bb4.19.4&Prime; _dynamic_attributes=\u00a0\u00bbcontent\u00a0\u00bb _module_preset=\u00a0\u00bbdefault\u00a0\u00bb locked=\u00a0\u00bboff\u00a0\u00bb global_colors_info=\u00a0\u00bb{}\u00a0\u00bb]@ET-DC@eyJkeW5hbWljIjp0cnVlLCJjb250ZW50IjoicHJvZHVjdF9zaG9ydF9kZXNjcmlwdGlvbiIsInNldHRpbmdzIjp7ImJlZm9yZSI6IiIsImFmdGVyIjoiIn19@[\/et_pb_text][\/et_pb_column_inner][\/et_pb_row_inner][et_pb_row_inner admin_label=\u00a0\u00bbProgramm (Ihr Vorteil, Zielpublikum, Kurzprogramm, Detailprogramm)\u00a0\u00bb _builder_version=\u00a0\u00bb4.22.1&Prime; _module_preset=\u00a0\u00bbdefault\u00a0\u00bb collapsed=\u00a0\u00bboff\u00a0\u00bb global_colors_info=\u00a0\u00bb{}\u00a0\u00bb][et_pb_column_inner saved_specialty_column_type=\u00a0\u00bb3_4&Prime; _builder_version=\u00a0\u00bb4.16&Prime; _module_preset=\u00a0\u00bbdefault\u00a0\u00bb global_colors_info=\u00a0\u00bb{}\u00a0\u00bb][et_pb_text admin_label=\u00a0\u00bbIhr Vorteil &#8211; Headline\u00a0\u00bb _builder_version=\u00a0\u00bb4.19.4&Prime; _module_preset=\u00a0\u00bbdefault\u00a0\u00bb locked=\u00a0\u00bbon\u00a0\u00bb global_colors_info=\u00a0\u00bb{}\u00a0\u00bb]<\/p>\n<h3>Ihr Vorteil<\/h3>\n<p>[\/et_pb_text][et_pb_text admin_label=\u00a0\u00bbIhr Vorteil &#8211; Liste\u00a0\u00bb module_class=\u00a0\u00bbprogramm-border-bottom\u00a0\u00bb _builder_version=\u00a0\u00bb4.22.1&Prime; _module_preset=\u00a0\u00bbdefault\u00a0\u00bb global_colors_info=\u00a0\u00bb{}\u00a0\u00bb]<\/p>\n<ul>\n<li>Topaktuelle Einblicke in Mittelentstehung, Mittelverwendung und Strafverfolgung<\/li>\n<li>Praxisbericht der Anwaltschaft zur legalen und illegalen Mittelsch\u00f6pfung<\/li>\n<li>Praxisbericht aus Bankensicht zu Handelst\u00e4tigkeiten mit Kryptow\u00e4hrungen<\/li>\n<li>Praxisbericht der Staatsanwaltschaft zur Strafverfolgung und insbesondere zur Beschlagnahme von Kryptow\u00e4hrungen<\/li>\n<\/ul>\n<p>[\/et_pb_text][et_pb_text admin_label=\u00a0\u00bbZielpublikum &#8211; Headline\u00a0\u00bb _builder_version=\u00a0\u00bb4.19.4&Prime; _module_preset=\u00a0\u00bbdefault\u00a0\u00bb locked=\u00a0\u00bbon\u00a0\u00bb global_colors_info=\u00a0\u00bb{}\u00a0\u00bb]<\/p>\n<h3>Zielpublikum<\/h3>\n<p>[\/et_pb_text][et_pb_text admin_label=\u00a0\u00bbZielpublikum &#8211; Liste\u00a0\u00bb module_class=\u00a0\u00bbprogramm-border-bottom\u00a0\u00bb _builder_version=\u00a0\u00bb4.22.1&Prime; _module_preset=\u00a0\u00bbdefault\u00a0\u00bb global_colors_info=\u00a0\u00bb{}\u00a0\u00bb]<\/p>\n<ul>\n<li>Strafverteidigerinnen, Strafverteidiger<\/li>\n<li>Strafverfolgungsbeh\u00f6rden<\/li>\n<li>Richterinnen, Richter<\/li>\n<li>Expertinnen und Experten Finanzindustrie<\/li>\n<li>Treuh\u00e4nder und Finanzberater<\/li>\n<\/ul>\n<p>&nbsp;<\/p>\n<p>[\/et_pb_text][et_pb_text admin_label=\u00a0\u00bbKurzprogramm &#8211; Headline\u00a0\u00bb module_id=\u00a0\u00bbschulthess-programm\u00a0\u00bb _builder_version=\u00a0\u00bb4.22.1&Prime; _module_preset=\u00a0\u00bbdefault\u00a0\u00bb locked=\u00a0\u00bbon\u00a0\u00bb global_colors_info=\u00a0\u00bb{}\u00a0\u00bb]<\/p>\n<h3>Kurzprogramm<\/h3>\n<p>[\/et_pb_text][et_pb_text admin_label=\u00a0\u00bbProgramm &#8211; Liste\u00a0\u00bb module_id=\u00a0\u00bbschulthess-programm\u00a0\u00bb module_class=\u00a0\u00bbprogramm-border-bottom\u00a0\u00bb _builder_version=\u00a0\u00bb4.25.1&Prime; _module_preset=\u00a0\u00bbdefault\u00a0\u00bb global_colors_info=\u00a0\u00bb{}\u00a0\u00bb]<\/p>\n<ul>\n<li>Die Mittelentstehung \u2013 legale und illegale Wege<\/li>\n<li>Kryptokriminalit\u00e4t: Praxiseinblick aus Sicht einer Schweizer Bank<\/li>\n<li>Virtuelle W\u00e4hrungen, reale Gefahren: Strafverfolgung im Krypto-Zeitalter<\/li>\n<\/ul>\n<p>[\/et_pb_text][et_pb_toggle title=\u00a0\u00bbDetailprogramm \u00f6ffnen\u00a0\u00bb open_toggle_background_color=\u00a0\u00bb#f7f7f7&Prime; closed_toggle_background_color=\u00a0\u00bb#f7f7f7&Prime; icon_color=\u00a0\u00bb#8ac7ef\u00a0\u00bb toggle_icon=\u00a0\u00bb&#x33;||divi||400&Prime; open_icon_color=\u00a0\u00bb#000000&Prime; open_toggle_icon=\u00a0\u00bb&#x32;||divi||400&Prime; disabled_on=\u00a0\u00bbon|on|on\u00a0\u00bb admin_label=\u00a0\u00bbProgramm &#8211; Detail\u00a0\u00bb module_id=\u00a0\u00bbprogramm-detail\u00a0\u00bb _builder_version=\u00a0\u00bb4.19.4&Prime; _module_preset=\u00a0\u00bbdefault\u00a0\u00bb title_level=\u00a0\u00bbh3&Prime; text_orientation=\u00a0\u00bbleft\u00a0\u00bb disabled=\u00a0\u00bbon\u00a0\u00bb global_colors_info=\u00a0\u00bb{}\u00a0\u00bb]<\/p>\n<table>\n<tbody>\n<tr>\n<td>XX.XX Uhr<\/td>\n<td>\n<h5>Art<\/h5>\n<h4 class=\"sf-h4\">Programmpunkt 1<\/h4>\n<p>Person<\/p>\n<\/td>\n<\/tr>\n<tr>\n<td>XX.XX Uhr<\/td>\n<td>\n<h5>Art<\/h5>\n<h4 class=\"sf-h4\">Programmpunkt 2<\/h4>\n<p>Person<\/p>\n<ul>\n<li>Punkt 1<\/li>\n<li>Punkt 2<\/li>\n<li>Punkt 3<\/li>\n<\/ul>\n<\/td>\n<\/tr>\n<tr>\n<td>XX.XX Uhr<\/td>\n<td>\n<h5>Art<\/h5>\n<h4 class=\"sf-h4\">Programmpunkt 3<\/h4>\n<p>Person<\/p>\n<\/td>\n<\/tr>\n<\/tbody>\n<\/table>\n<p>[\/et_pb_toggle][sfdm_event_program_list use_switcher=\u00a0\u00bboff\u00a0\u00bb disabled_on=\u00a0\u00bboff|off|off\u00a0\u00bb admin_label=\u00a0\u00bbProgramm &#8211; Detail Neu\u00a0\u00bb _builder_version=\u00a0\u00bb4.22.1&Prime; _module_preset=\u00a0\u00bbdefault\u00a0\u00bb locked=\u00a0\u00bboff\u00a0\u00bb global_colors_info=\u00a0\u00bb{}\u00a0\u00bb][sfdm_event_program_list_item backend_title=\u00a0\u00bb09:00 &#8211; 09:05 Begr\u00fcssung durch die Webinarleitung\u00a0\u00bb title=\u00a0\u00bbBegr\u00fcssung durch die Webinarleitung\u00a0\u00bb start_time=\u00a0\u00bb09:00&Prime; end_time=\u00a0\u00bb09:05&Prime; speakers=\u00a0\u00bb<\/p>\n<p>Dr. Omar Abo Youssef<\/p>\n<p>\u00a0\u00bb _builder_version=\u00a0\u00bb4.22.1&Prime; _module_preset=\u00a0\u00bbdefault\u00a0\u00bb global_colors_info=\u00a0\u00bb{}\u00a0\u00bb][\/sfdm_event_program_list_item][sfdm_event_program_list_item backend_title=\u00a0\u00bb09:05 &#8211; 09:45  Die Mittelentstehung \u2013 legale und illegale Wege\u00a0\u00bb title=\u00a0\u00bbDie Mittelentstehung \u2013 legale und illegale Wege\u00a0\u00bb subtitle=\u00a0\u00bbReferat\u00a0\u00bb start_time=\u00a0\u00bb09:05&Prime; end_time=\u00a0\u00bb09:45&Prime; speakers=\u00a0\u00bb<\/p>\n<p>Tina Balzli<\/p>\n<p>\u00a0\u00bb _builder_version=\u00a0\u00bb4.22.1&Prime; _module_preset=\u00a0\u00bbdefault\u00a0\u00bb global_colors_info=\u00a0\u00bb{}\u00a0\u00bb]<\/p>\n<ul>\n<li>Wer sind die Akteure?<\/li>\n<li>Was sind legale Wege der Mittelentstehung?<\/li>\n<li>Was sind illegale Wege der Mittelentstehung?<\/li>\n<\/ul>\n<p>[\/sfdm_event_program_list_item][sfdm_event_program_list_item backend_title=\u00a0\u00bb09:45 &#8211; 10:30 Kryptokriminalit\u00e4t: Praxiseinblick aus Sicht einer Schweizer Bank\u00a0\u00bb title=\u00a0\u00bbKryptokriminalit\u00e4t: Praxiseinblick aus Sicht einer Schweizer Bank\u00a0\u00bb subtitle=\u00a0\u00bbReferat\u00a0\u00bb start_time=\u00a0\u00bb09:45&Prime; end_time=\u00a0\u00bb10:30&Prime; speakers=\u00a0\u00bb<\/p>\n<p>Lars Hodel<\/p>\n<p>\u00a0\u00bb _builder_version=\u00a0\u00bb4.22.1&Prime; _module_preset=\u00a0\u00bbdefault\u00a0\u00bb global_colors_info=\u00a0\u00bb{}\u00a0\u00bb]<\/p>\n<ul>\n<li>Kryptospezifische Muster vs. Traditionelle Muster<\/li>\n<li>Auff\u00e4lligkeiten \/ Red Flags aus Sicht Bank<\/li>\n<li>Vorstellung von Praxisbeispielen<\/li>\n<\/ul>\n<p>[\/sfdm_event_program_list_item][sfdm_event_program_list_item backend_title=\u00a0\u00bb10:30 &#8211; 10:45 Kaffeepause\u00a0\u00bb subtitle=\u00a0\u00bb10:30 \u2013 10:45 Kaffeepause\u00a0\u00bb type=\u00a0\u00bbbreak\u00a0\u00bb _builder_version=\u00a0\u00bb4.22.1&Prime; _module_preset=\u00a0\u00bbdefault\u00a0\u00bb global_colors_info=\u00a0\u00bb{}\u00a0\u00bb][\/sfdm_event_program_list_item][sfdm_event_program_list_item backend_title=\u00a0\u00bb10:45 &#8211; 11:30 Virtuelle W\u00e4hrungen, reale Gefahren: Strafverfolgung im Krypto Zeitalter\u00a0\u00bb title=\u00a0\u00bbVirtuelle W\u00e4hrungen, reale Gefahren: Strafverfolgung im Krypto Zeitalter\u00a0\u00bb subtitle=\u00a0\u00bbReferat\u00a0\u00bb start_time=\u00a0\u00bb10:45&Prime; end_time=\u00a0\u00bb11:30&Prime; speakers=\u00a0\u00bb<\/p>\n<p>Anina Oertle<\/p>\n<p>\u00a0\u00bb _builder_version=\u00a0\u00bb4.22.1&Prime; _module_preset=\u00a0\u00bbdefault\u00a0\u00bb global_colors_info=\u00a0\u00bb{}\u00a0\u00bb]<\/p>\n<ul>\n<li>Wie setzen Kriminelle virtuelle W\u00e4hrungen ein<\/li>\n<li>Ermittlungsm\u00f6glichkeiten und Schwierigkeiten der Strafverfolgung<\/li>\n<li>Beschlagnahme von virtuellen W\u00e4hrungen und Umgang mit der Siegelung<\/li>\n<\/ul>\n<p>[\/sfdm_event_program_list_item][sfdm_event_program_list_item backend_title=\u00a0\u00bb11:30 &#8211; 12:00 Fragerunde und Diskussion\u00a0\u00bb title=\u00a0\u00bb Fragerunde und Diskussion\u00a0\u00bb start_time=\u00a0\u00bb11:30&Prime; end_time=\u00a0\u00bb12:00&Prime; speakers=\u00a0\u00bb<\/p>\n<p>Tina Balzli, Lars Hodel und Anina Oertle moderiert von Dr. Omar Abo Youssef<\/p>\n<p>\u00a0\u00bb _builder_version=\u00a0\u00bb4.22.1&Prime; _module_preset=\u00a0\u00bbdefault\u00a0\u00bb global_colors_info=\u00a0\u00bb{}\u00a0\u00bb][\/sfdm_event_program_list_item][\/sfdm_event_program_list][\/et_pb_column_inner][\/et_pb_row_inner][et_pb_row_inner disabled_on=\u00a0\u00bbon|on|on\u00a0\u00bb admin_label=\u00a0\u00bbAnzeigen (Mobile)\u00a0\u00bb _builder_version=\u00a0\u00bb4.17.4&Prime; _module_preset=\u00a0\u00bbdefault\u00a0\u00bb disabled=\u00a0\u00bbon\u00a0\u00bb locked=\u00a0\u00bboff\u00a0\u00bb collapsed=\u00a0\u00bbon\u00a0\u00bb global_colors_info=\u00a0\u00bb{}\u00a0\u00bb][et_pb_column_inner saved_specialty_column_type=\u00a0\u00bb3_4&Prime; _builder_version=\u00a0\u00bb4.17.4&Prime; _module_preset=\u00a0\u00bbdefault\u00a0\u00bb global_colors_info=\u00a0\u00bb{}\u00a0\u00bb][et_pb_code disabled_on=\u00a0\u00bboff|off|on\u00a0\u00bb admin_label=\u00a0\u00bbAnzeige(n) (MOBILE)\u00a0\u00bb module_class=\u00a0\u00bbschulthess_product_ads\u00a0\u00bb _builder_version=\u00a0\u00bb4.17.4&Prime; _module_preset=\u00a0\u00bbdefault\u00a0\u00bb locked=\u00a0\u00bboff\u00a0\u00bb global_colors_info=\u00a0\u00bb{}\u00a0\u00bb][\/et_pb_code][\/et_pb_column_inner][\/et_pb_row_inner][et_pb_row_inner admin_label=\u00a0\u00bbReferenten\u00a0\u00bb module_id=\u00a0\u00bbschulthess-referierende\u00a0\u00bb module_class=\u00a0\u00bbschulthess-referenten-slider\u00a0\u00bb _builder_version=\u00a0\u00bb4.22.1&Prime; _module_preset=\u00a0\u00bbdefault\u00a0\u00bb collapsed=\u00a0\u00bbon\u00a0\u00bb global_colors_info=\u00a0\u00bb{}\u00a0\u00bb][et_pb_column_inner saved_specialty_column_type=\u00a0\u00bb3_4&Prime; _builder_version=\u00a0\u00bb4.16&Prime; _module_preset=\u00a0\u00bbdefault\u00a0\u00bb global_colors_info=\u00a0\u00bb{}\u00a0\u00bb][et_pb_text admin_label=\u00a0\u00bbHeadline\u00a0\u00bb module_class=\u00a0\u00bbsf-h3 schulthess-product-speaker-headline-wrapper\u00a0\u00bb _builder_version=\u00a0\u00bb4.19.5&Prime; _module_preset=\u00a0\u00bbdefault\u00a0\u00bb locked=\u00a0\u00bbon\u00a0\u00bb global_colors_info=\u00a0\u00bb{}\u00a0\u00bb]<\/p>\n<h5>Referierende<\/h5>\n<p><!--div class=\"buttons\"><button class=\"grid icon_grid\"><span><\/span><\/button><button class=\"list icon_list\"><span><\/span><\/button><\/div-->[\/et_pb_text][et_pb_code _builder_version=\u00a0\u00bb4.19.5&Prime; _module_preset=\u00a0\u00bbdefault\u00a0\u00bb locked=\u00a0\u00bboff\u00a0\u00bb global_colors_info=\u00a0\u00bb{}\u00a0\u00bb]<div class=\"sf-speaker-slider\"><div class=\"uk-position-relative uk-visible-toggle uk-light\" tabindex=\"-1\"><ul class=\"uk-grid-small uk-child-width-1-4@s uk-child-width-1-4@m uk-child-width-1-4@l\" uk-grid uk-height-match=\"target: > li > .uk-card\">\n\n            <li>\n                <div class=\"uk-card uk-card-default\">\n                    <a href=\"#referent-8538\" uk-toggle>\n                    <div class=\"uk-card-media-top\">\n                        <img loading=\"lazy\" decoding=\"async\" width=\"200\" height=\"242\" src=\"https:\/\/www.schulthessforum.ch\/wp-content\/media\/Referenten\/Abo_Youssef_Omar_200x242_px.png\" class=\"attachment-schulthess_speaker size-schulthess_speaker wp-post-image\" alt=\"\" \/>\n                        <div class=\"uk-label referenten-tagesleitung\">Direction<\/div>\n                    <\/div>\n                    <div class=\"uk-card uk-card-body\">\n                        <h4 class=\"speaker-card-name cardslider-card-name\">Dr.  Omar Abo Youssef<\/h4>\n                    <\/div>\n                    <\/a>\n                <\/div>\n            <\/li>\n            \n\n            <li>\n                <div class=\"uk-card uk-card-default\">\n                    <a href=\"#referent-9562\" uk-toggle>\n                    <div class=\"uk-card-media-top\">\n                        <img loading=\"lazy\" decoding=\"async\" width=\"200\" height=\"242\" src=\"https:\/\/www.schulthessforum.ch\/wp-content\/media\/balzli_tina_200x242_px.png\" class=\"attachment-schulthess_speaker size-schulthess_speaker wp-post-image\" alt=\"Tina Balzli\" \/>\n                        \n                    <\/div>\n                    <div class=\"uk-card uk-card-body\">\n                        <h4 class=\"speaker-card-name cardslider-card-name\"> Tina Balzli<\/h4>\n                    <\/div>\n                    <\/a>\n                <\/div>\n            <\/li>\n            \n\n            <li>\n                <div class=\"uk-card uk-card-default\">\n                    <a href=\"#referent-19693\" uk-toggle>\n                    <div class=\"uk-card-media-top\">\n                        <img loading=\"lazy\" decoding=\"async\" width=\"200\" height=\"242\" src=\"https:\/\/www.schulthessforum.ch\/wp-content\/media\/Referenten\/Hodel_Lars_200x242.jpg\" class=\"attachment-schulthess_speaker size-schulthess_speaker wp-post-image\" alt=\"\" \/>\n                        \n                    <\/div>\n                    <div class=\"uk-card uk-card-body\">\n                        <h4 class=\"speaker-card-name cardslider-card-name\"> Lars Hodel<\/h4>\n                    <\/div>\n                    <\/a>\n                <\/div>\n            <\/li>\n            \n\n            <li>\n                <div class=\"uk-card uk-card-default\">\n                    <a href=\"#referent-19666\" uk-toggle>\n                    <div class=\"uk-card-media-top\">\n                        <img loading=\"lazy\" decoding=\"async\" width=\"200\" height=\"242\" src=\"https:\/\/www.schulthessforum.ch\/wp-content\/media\/Referenten\/Anina_Oertle_200x242px.jpg\" class=\"attachment-schulthess_speaker size-schulthess_speaker wp-post-image\" alt=\"\" \/>\n                        \n                    <\/div>\n                    <div class=\"uk-card uk-card-body\">\n                        <h4 class=\"speaker-card-name cardslider-card-name\"> Anina Oertle<\/h4>\n                    <\/div>\n                    <\/a>\n                <\/div>\n            <\/li>\n            <\/ul><\/div>\n        <div id=\"referent-8538\" class=\"referent-modal uk-flex-top\" uk-modal>\n            <div class=\"uk-modal-dialog uk-margin-auto-vertical\">\n                <button class=\"uk-modal-close-default\" type=\"button\" uk-close><\/button>\n                <div class=\"uk-grid-small\" uk-grid>\n                    <div class=\"uk-width-auto@m\">\n                        <div class=\"uk-card-badge uk-label referenten-tagesleitung\">Direction<\/div>\n                        <img loading=\"lazy\" decoding=\"async\" width=\"200\" height=\"242\" src=\"https:\/\/www.schulthessforum.ch\/wp-content\/media\/Referenten\/Abo_Youssef_Omar_200x242_px.png\" class=\"attachment-schulthess_speaker size-schulthess_speaker wp-post-image\" alt=\"\" \/>\n                    <\/div>\n                    <div class=\"uk-width-expand@m\">\n                        <h4 class=\"uk-modal-title\">Dr.  Omar Abo Youssef<\/h4>\n                        <p class=\"referent-info\"><span class=\"referenten-position\">Dr. iur., Rechtsanwalt, Lehrbeauftragter, Partner,<\/span> <span class=\"referenten-company\">Hohler Tr\u00f6hler Rechtsanw\u00e4lte<\/span><\/p>\n                        <p class=\"referent-kurzbeschreibung\"><p>Dr. Abo Youssef ist Rechtsanwalt und Partner bei Hohler Tr\u00f6hler Rechtsanw\u00e4lte. Der Schwerpunkt seiner T\u00e4tigkeit liegt in der Prozessf\u00fchrung vor staatlichen Beh\u00f6rden und Gerichten, namentlich in den Bereichen Wirtschaftsstrafrecht und internationale Rechtshilfe in Strafsachen. Dr. Abo Youssef ist Lehrbeauftragter f\u00fcr Straf- und Strafprozessrecht an der Universit\u00e4t Z\u00fcrich und publiziert regelm\u00e4ssig in seinen T\u00e4tigkeitsgebieten. Hervorzuheben sind insbesondere seine Publikationen zur Geldw\u00e4scherei sowie seine Kommentierung der Bestimmungen zum Steuerbetrug im Kommentar zum schweizerischen Steuerrecht.<\/p>\n<\/p>\n                    <\/div>\n                <\/div>\n\n                <div class=\"uk-modal-footer card-arrows uk-text-right\">\n                    <button href=\"javascript:void(0);\" class=\"card-arrow-prev\" onclick=\"navigateReferent('prev', 19666);\"><\/button>\n                    <button href=\"javascript:void(0);\" class=\"card-arrow-next\" onclick=\"navigateReferent('next', 9562);\"><\/button>\n                <\/div>\n            <\/div>\n        <\/div>\n        \n        <div id=\"referent-9562\" class=\"referent-modal uk-flex-top\" uk-modal>\n            <div class=\"uk-modal-dialog uk-margin-auto-vertical\">\n                <button class=\"uk-modal-close-default\" type=\"button\" uk-close><\/button>\n                <div class=\"uk-grid-small\" uk-grid>\n                    <div class=\"uk-width-auto@m\">\n                        \n                        <img loading=\"lazy\" decoding=\"async\" width=\"200\" height=\"242\" src=\"https:\/\/www.schulthessforum.ch\/wp-content\/media\/balzli_tina_200x242_px.png\" class=\"attachment-schulthess_speaker size-schulthess_speaker wp-post-image\" alt=\"Tina Balzli\" \/>\n                    <\/div>\n                    <div class=\"uk-width-expand@m\">\n                        <h4 class=\"uk-modal-title\"> Tina Balzli<\/h4>\n                        <p class=\"referent-info\"><span class=\"referenten-position\">LL.M. (NYU), LL.M. (NUS), Rechtsanw\u00e4ltin, Partnerin, Head of Fintech & Blockchain<\/span> <span class=\"referenten-company\">CMS Schweiz<\/span><\/p>\n                        <p class=\"referent-kurzbeschreibung\"><p>Tina Balzli ist Partnerin und leitet den Bereich Fintech &#038; Blockchain bei der internationalen Anwaltskanzlei CMS Schweiz. Sie ist eine sehr erfahrene Schweizer und international ausgebildete Finanzmarktanw\u00e4ltin und zertifizierte Swiss Fund &#038; Asset Management Officer.<br \/>\nBevor sie zu CMS Schweiz kam, war Tina Balzli Partnerin bei einer Big Four Unternehmung in der Schweiz, wo sie die rechtliche Abteilung f\u00fcr Banking, Fintech &#038; Blockchain leitete. Sie war lange Zeit als Anw\u00e4ltin f\u00fcr Bank- und Finanzmarktrecht bei grossen Schweizer Anwaltskanzleien t\u00e4tig, arbeitete f\u00fcr ein Finanzinstitut in Hongkong und war als Forschungs- und Lehrassistentin am Lehrstuhl f\u00fcr Zivil- und Handelsrecht an der Universit\u00e4t Freiburg i.Ue. Zudem war sie Gastforscherin am Max-Planck-Institut f\u00fcr ausl\u00e4ndisches und internationales Privatrecht in Hamburg, Deutschland.<br \/>\nIhre T\u00e4tigkeitsschwerpunkte liegen in den Bereichen Bankenrecht, Asset Management, Finanz- und Kapitalmarktrecht, allgemeines Gesellschafts- und Handelsrecht sowie Mergers &#038; Acquisitions, mit einem besonderen Fokus auf Fintech und Blockchain. Sie verf\u00fcgt \u00fcber eine umfangreiche und langj\u00e4hrige Erfahrung in der ganzheitlichen Beratung von f\u00fchrenden schweizerischen und ausl\u00e4ndischen Finanzinstituten sowie von aufstrebenden Start-ups in ihren Spezialgebieten.<br \/>\nTina Balzli ist Autorin verschiedenster Publikationen (B\u00fccher und Artikel) zu einem breiten Spektrum an rechtlichen und regulatorischen Themen im Zusammenhang mit dem Wirtschaftsrecht im Allgemeinen und der Finanzmarktregulierung im Besonderen. Sie h\u00e4lt regelm\u00e4ssig Vortr\u00e4ge auf Konferenzen und Tagungen zu diesen Themen.<\/p>\n<\/p>\n                    <\/div>\n                <\/div>\n\n                <div class=\"uk-modal-footer card-arrows uk-text-right\">\n                    <button href=\"javascript:void(0);\" class=\"card-arrow-prev\" onclick=\"navigateReferent('prev', 8538);\"><\/button>\n                    <button href=\"javascript:void(0);\" class=\"card-arrow-next\" onclick=\"navigateReferent('next', 19693);\"><\/button>\n                <\/div>\n            <\/div>\n        <\/div>\n        \n        <div id=\"referent-19693\" class=\"referent-modal uk-flex-top\" uk-modal>\n            <div class=\"uk-modal-dialog uk-margin-auto-vertical\">\n                <button class=\"uk-modal-close-default\" type=\"button\" uk-close><\/button>\n                <div class=\"uk-grid-small\" uk-grid>\n                    <div class=\"uk-width-auto@m\">\n                        \n                        <img loading=\"lazy\" decoding=\"async\" width=\"200\" height=\"242\" src=\"https:\/\/www.schulthessforum.ch\/wp-content\/media\/Referenten\/Hodel_Lars_200x242.jpg\" class=\"attachment-schulthess_speaker size-schulthess_speaker wp-post-image\" alt=\"\" \/>\n                    <\/div>\n                    <div class=\"uk-width-expand@m\">\n                        <h4 class=\"uk-modal-title\"> Lars Hodel<\/h4>\n                        <p class=\"referent-info\"><span class=\"referenten-position\">MLaw , LL.M., Leiter GwG \/ Stv. Leiter Compliance,<\/span> <span class=\"referenten-company\">St. Galler Kantonalbank<\/span><\/p>\n                        <p class=\"referent-kurzbeschreibung\"><p>Lars Hodel ist seit \u00fcber 10 Jahren im Bereich Compliance in der Finanzindustrie t\u00e4tig, aktuell als Leiter GwG \/ Stv. Leiter Compliance der St. Galler Kantonalbank AG. Davor war er bei PwC in der Steuerberatung und bei PostFinance als Regulatory Counsel t\u00e4tig. Seit 2016 besch\u00e4ftigt er sich mit Digital Assets und war 2017-2021 Head Legal &#038; Compliance der Bitcoin Suisse AG sowie danach als Berater t\u00e4tig. In dieser Zeit hat er verschiedene Banken, zuletzt die St. Galler Kantonalbank AG, dabei unterst\u00fctzt, ein Angebot von Kryptow\u00e4hrungen zu entwickeln und regulatorisch konform anzubieten. Schwerpunkt seiner T\u00e4tigkeit ist die traditionelle Compliance-Arbeit in Verbindung mit spezifischem Krypto-Knowhow. Neben der beruflichen T\u00e4tigkeit ist er als Dozent an verschiedenen Lehrg\u00e4ngen der HSLU und Universit\u00e4t St. Gallen t\u00e4tig. Lars Hodel verf\u00fcgt \u00fcber einen MLaw der Universit\u00e4t Bern sowie einen LL.M. der Tilburg University.<\/p>\n<\/p>\n                    <\/div>\n                <\/div>\n\n                <div class=\"uk-modal-footer card-arrows uk-text-right\">\n                    <button href=\"javascript:void(0);\" class=\"card-arrow-prev\" onclick=\"navigateReferent('prev', 9562);\"><\/button>\n                    <button href=\"javascript:void(0);\" class=\"card-arrow-next\" onclick=\"navigateReferent('next', 19666);\"><\/button>\n                <\/div>\n            <\/div>\n        <\/div>\n        \n        <div id=\"referent-19666\" class=\"referent-modal uk-flex-top\" uk-modal>\n            <div class=\"uk-modal-dialog uk-margin-auto-vertical\">\n                <button class=\"uk-modal-close-default\" type=\"button\" uk-close><\/button>\n                <div class=\"uk-grid-small\" uk-grid>\n                    <div class=\"uk-width-auto@m\">\n                        \n                        <img loading=\"lazy\" decoding=\"async\" width=\"200\" height=\"242\" src=\"https:\/\/www.schulthessforum.ch\/wp-content\/media\/Referenten\/Anina_Oertle_200x242px.jpg\" class=\"attachment-schulthess_speaker size-schulthess_speaker wp-post-image\" alt=\"\" \/>\n                    <\/div>\n                    <div class=\"uk-width-expand@m\">\n                        <h4 class=\"uk-modal-title\"> Anina Oertle<\/h4>\n                        <p class=\"referent-info\"><span class=\"referenten-position\">MLaw , Staatsanw\u00e4ltin, Staatsanwaltschaft III<\/span> <span class=\"referenten-company\">Kanton Z\u00fcrich<\/span><\/p>\n                        <p class=\"referent-kurzbeschreibung\"><p>Anina Oertle ist Staatsanw\u00e4ltin auf der Staatsanwaltschaft III des Kantons Z\u00fcrich und ist spezialisiert auf Geldw\u00e4scherei und organisierte Kriminalit\u00e4t. Nach ihrem Jusstudium an der Universit\u00e4t Z\u00fcrich hat sie den CAMS (Certified Anti-Money Laundering Specialist) und den CAS in Crypto Finance und Cryptocurrencies an der Hochschule Luzern abgeschlossen.<\/p>\n<\/p>\n                    <\/div>\n                <\/div>\n\n                <div class=\"uk-modal-footer card-arrows uk-text-right\">\n                    <button href=\"javascript:void(0);\" class=\"card-arrow-prev\" onclick=\"navigateReferent('prev', 19693);\"><\/button>\n                    <button href=\"javascript:void(0);\" class=\"card-arrow-next\" onclick=\"navigateReferent('next', 8538);\"><\/button>\n                <\/div>\n            <\/div>\n        <\/div>\n        <\/div>\n      <script>\n          function navigateReferent(direction, currentID) {\n              var speakers = [8538,9562,19693,19666];\n              var currentIndex = speakers.indexOf(currentID);\n\n              if (direction === \"prev\") {\n                  currentIndex = (currentIndex + speakers.length) % speakers.length;\n              } else if (direction === \"next\") {\n                  currentIndex = (currentIndex ) % speakers.length;\n              }\n\n              var targetID = speakers[currentIndex];\n              var targetModal = document.getElementById(\"referent-\" + targetID);\n              UIkit.modal(targetModal).show();\n          }\n      <\/script>\n        <script>\n            document.addEventListener(\"DOMContentLoaded\", function() {\n                const modalLinks = document.querySelectorAll(\"[uk-toggle]\");\n                const pageContainer = document.getElementById(\"page-container\");\n\n                \/\/ Neues <div> Element erstellen\n                const newDiv = document.createElement(\"div\");\n                newDiv.className = \"referenten-modal-background\";\n\n                \/\/ Das neue <div> dem Element mit der ID \"page-container\" hinzuf\u00fcgen\n                pageContainer.insertBefore(newDiv, pageContainer.firstChild);\n\n                const referentenModalBackground = document.querySelector(\".referenten-modal-background\");\n\n                modalLinks.forEach(link => {\n                    link.addEventListener(\"click\", function(event) {\n                        event.preventDefault();\n                        referentenModalBackground.classList.add(\"referenten-modal-open\");\n                    });\n                });\n\n                const modals = document.querySelectorAll(\".referent-modal\");\n                modals.forEach(modal => {\n                    modal.addEventListener(\"click\", function(event) {\n                        if (event.target === modal) {\n                            referentenModalBackground.classList.remove(\"referenten-modal-open\");\n                        }\n                    });\n                });\n\n                const closeModalButtons = document.querySelectorAll(\".uk-modal-close-default\");\n                closeModalButtons.forEach(button => {\n                    button.addEventListener(\"click\", function() {\n                        referentenModalBackground.classList.remove(\"referenten-modal-open\");\n                    });\n                });\n\n                \/\/ Funktion, um die Klasse zu entfernen\n                function closeModal() {\n                    referentenModalBackground.classList.remove(\"referenten-modal-open\");\n                }\n\n                \/\/ Event Listener f\u00fcr das Dr\u00fccken der Esc-Taste\n                document.addEventListener(\"keydown\", function(event) {\n                    if (event.key === \"Escape\") {\n                        closeModal();\n                    }\n                });\n            });\n        <\/script>[\/et_pb_code][\/et_pb_column_inner][\/et_pb_row_inner][et_pb_row_inner module_id=\u00a0\u00bbschulthess-product-specinfo\u00a0\u00bb _builder_version=\u00a0\u00bb4.22.1&Prime; _module_preset=\u00a0\u00bbdefault\u00a0\u00bb collapsed=\u00a0\u00bboff\u00a0\u00bb global_colors_info=\u00a0\u00bb{}\u00a0\u00bb][et_pb_column_inner saved_specialty_column_type=\u00a0\u00bb3_4&Prime; _builder_version=\u00a0\u00bb4.16&Prime; _module_preset=\u00a0\u00bbdefault\u00a0\u00bb global_colors_info=\u00a0\u00bb{}\u00a0\u00bb][et_pb_text admin_label=\u00a0\u00bb\u00dcberschrift\u00a0\u00bb module_id=\u00a0\u00bbschulthess-fachinformationen\u00a0\u00bb module_class=\u00a0\u00bbsf-h2&Prime; _builder_version=\u00a0\u00bb4.19.5&Prime; _module_preset=\u00a0\u00bbdefault\u00a0\u00bb global_colors_info=\u00a0\u00bb{}\u00a0\u00bb]<\/p>\n<h5>Fachthemen<\/h5>\n<p>[\/et_pb_text][et_pb_code _builder_version=\u00a0\u00bb4.19.5&Prime; _module_preset=\u00a0\u00bbdefault\u00a0\u00bb locked=\u00a0\u00bboff\u00a0\u00bb global_colors_info=\u00a0\u00bb{}\u00a0\u00bb]\n  <div class=\"sf-post-list\">\n\n    \n      \n              <div class=\"sf-full-width-row\">\n                <article class=\"sf-post-list-item sf-post-list-item-19672 et_pb_column_1_3 et_pb_column\">\n              <a href=\"https:\/\/www.schulthessforum.ch\/fachbeitrag\/virtuelle-waehrungen-reale-gefahren-strafverfolgung-im-krypto-zeitalter\/\" target=\"_blank\" rel=\"nofollow noopener\" title=\"Virtuelle W\u00e4hrungen, reale Gefahren: Strafverfolgung im Krypto-Zeitalter\">\n              <div class=\"sf-post-list-item-content-wrapper\">\n                  <div class=\"sf-post-list-item-content\">\n                                            <h3 class=\"fachbeitrag-autor\">\n                          Anina Oertle                      <\/h3>\n                                            <div clasS=\"sf-post-list-item-title-wrapper\">\n                        <h3 class=\"sf-post-list-item-title\">\n                            Virtuelle W\u00e4hrungen, reale Gefahren: Strafverfolgung im Krypto-Zeitalter                        <\/h3>\n                      <\/div>\n                      <div class=\"sf-post-list-item-excerpt\">\n                          Sind Kryptos f\u00fcr Kriminelle noch attraktiv? Eine public Blockchain ist zwar \u00f6ffentlich einsehbar, jedoch nicht zwingend transparent. Besonders in der Nachverfolgung und in der Beschlagnahme stellen sich mit der neuen Technologie auch neue Herausforderungen f\u00fcr die Strafverfolgung. Ein weiteres Sp...                      <\/div>\n                  <\/div>\n\n              <\/div>\n              <\/a>\n          <\/article>\n            \n  \n      \n                <article class=\"sf-post-list-item sf-post-list-item-19691 et_pb_column_1_3 et_pb_column\">\n              <a href=\"https:\/\/www.schulthessforum.ch\/fachbeitrag\/kryptokriminalitaet-praxiseinblick-aus-sicht-einer-schweizer-bank\/\" target=\"_blank\" rel=\"nofollow noopener\" title=\"Kryptokriminalit\u00e4t: Praxiseinblick aus Sicht einer Schweizer Bank\">\n              <div class=\"sf-post-list-item-content-wrapper\">\n                  <div class=\"sf-post-list-item-content\">\n                                            <h3 class=\"fachbeitrag-autor\">\n                          Lars Hodel                      <\/h3>\n                                            <div clasS=\"sf-post-list-item-title-wrapper\">\n                        <h3 class=\"sf-post-list-item-title\">\n                            Kryptokriminalit\u00e4t: Praxiseinblick aus Sicht einer Schweizer Bank                        <\/h3>\n                      <\/div>\n                      <div class=\"sf-post-list-item-excerpt\">\n                          Kryptokriminialit\u00e4t zeigt sich in verschiedenen Formen. Neben den \u00abklassischen\u00bb Mustern, welche auch unter Beizug von Kryptow\u00e4hrungen funktionieren, sind auch kryptospezifische Sachverhalte immer zahlreicher. In diesem Beitrag soll ein Praxiseinblick gew\u00e4hrt werden, in dem der Versuch einer Typ...                      <\/div>\n                  <\/div>\n\n              <\/div>\n              <\/a>\n          <\/article>\n              <\/div>\n            \n  <\/div>\n\n  [\/et_pb_code][\/et_pb_column_inner][\/et_pb_row_inner][\/et_pb_column][et_pb_column type=\u00a0\u00bb1_4&Prime; _builder_version=\u00a0\u00bb4.16&Prime; custom_padding=\u00a0\u00bb|||\u00a0\u00bb global_colors_info=\u00a0\u00bb{}\u00a0\u00bb custom_padding__hover=\u00a0\u00bb|||\u00a0\u00bb][et_pb_text admin_label=\u00a0\u00bbTermin &#8211; Info\u00a0\u00bb module_class=\u00a0\u00bbdetail-info-sidebar-bg event-termin-info\u00a0\u00bb _builder_version=\u00a0\u00bb4.19.5&Prime; _module_preset=\u00a0\u00bbdefault\u00a0\u00bb global_colors_info=\u00a0\u00bb{}\u00a0\u00bb]<\/p>\n<h3>Termin \/ Format<\/h3>\n<p><span class=\"event-date-termin-info\">04.06.2024 | 09:00 - 12:00<\/span><br><span class=\"event-kategorie-termin-info\">Strafrecht | Wirtschaftsrecht | Webinar<\/span>[\/et_pb_text][et_pb_text disabled_on=\u00a0\u00bbon|on|on\u00a0\u00bb admin_label=\u00a0\u00bbPreis &#8211; Info\u00a0\u00bb module_class=\u00a0\u00bbdetail-info-sidebar-bg\u00a0\u00bb _builder_version=\u00a0\u00bb4.20.0&Prime; _module_preset=\u00a0\u00bbdefault\u00a0\u00bb disabled=\u00a0\u00bbon\u00a0\u00bb global_colors_info=\u00a0\u00bb{}\u00a0\u00bb]<div class=\"sf-product-variant-detail-wrapper\" id=\"sf-product-variant-detail-wrapper\"><form action=\"https:\/\/www.schulthessforum.ch\/fr\/warenkorb\/\" method=\"get\"><h3 class=\"sf-product-variant-headline-1\">\u00c9v\u00e9nement en ligne<\/h3><label class=\"sf-product-variant-detail\"><input class=\"sf-product-variant-input\" type=\"radio\" id=\"19664\" name=\"variante\" value=\"19664\" required><span class=\"woocommerce-Price-amount amount\"><bdi><span class=\"woocommerce-Price-currencySymbol\">&#67;&#72;&#70;<\/span>&nbsp;390.00<\/bdi><\/span> TVA de 8.1% en sus.<\/label><input type=\"hidden\" id=\"19662\" name=\"event\" value=\"19662\"><span class=\"anmeldebutton-wrapper\"><input class=\"et_pb_button et_pb_button_0 schulthess-buy-button single_add_to_cart_button button wp-element-button\" data-icon=\"9\" type=\"submit\" value=\"Inscription\"><span class=\"anmeldebutton-icon\"><\/span><\/span><\/form><\/div>[\/et_pb_text][et_pb_code disabled_on=\u00a0\u00bboff|off|off\u00a0\u00bb admin_label=\u00a0\u00bbCredits &#8211; Info\u00a0\u00bb _builder_version=\u00a0\u00bb4.20.2&Prime; _module_preset=\u00a0\u00bbdefault\u00a0\u00bb custom_margin=\u00a0\u00bb||15px||false|false\u00a0\u00bb locked=\u00a0\u00bboff\u00a0\u00bb global_colors_info=\u00a0\u00bb{}\u00a0\u00bb][\/et_pb_code][et_pb_code disabled_on=\u00a0\u00bboff|off|off\u00a0\u00bb admin_label=\u00a0\u00bbCicero &#8211; Info\u00a0\u00bb _builder_version=\u00a0\u00bb4.20.2&Prime; _module_preset=\u00a0\u00bbdefault\u00a0\u00bb custom_margin=\u00a0\u00bb||15px||false|false\u00a0\u00bb locked=\u00a0\u00bboff\u00a0\u00bb global_colors_info=\u00a0\u00bb{}\u00a0\u00bb][\/et_pb_code][et_pb_text disabled_on=\u00a0\u00bbon|on|on\u00a0\u00bb admin_label=\u00a0\u00bbAnreise &#8211; Info\u00a0\u00bb module_class=\u00a0\u00bbdetail-info-sidebar-bg\u00a0\u00bb _builder_version=\u00a0\u00bb4.21.0&Prime; _module_preset=\u00a0\u00bbdefault\u00a0\u00bb disabled=\u00a0\u00bbon\u00a0\u00bb global_colors_info=\u00a0\u00bb{}\u00a0\u00bb]<\/p>\n<h3>Location \/ Anreise<\/h3>\n<p><span class=\"event-anreise-info-adresse\">Online \u00fcber Zoom<br><\/span><br><span class=\"event-anreise-info-beschreibung\"><\/span>[\/et_pb_text][et_pb_text admin_label=\u00a0\u00bbRabatt &#8211; Info\u00a0\u00bb module_class=\u00a0\u00bbdetail-info-sidebar-bg\u00a0\u00bb _builder_version=\u00a0\u00bb4.21.0&Prime; _dynamic_attributes=\u00a0\u00bbcontent\u00a0\u00bb _module_preset=\u00a0\u00bbdefault\u00a0\u00bb global_colors_info=\u00a0\u00bb{}\u00a0\u00bb]@ET-DC@eyJkeW5hbWljIjp0cnVlLCJjb250ZW50IjoiY3VzdG9tX21ldGFfc2ZfcHJvZHVjdF9yYWJhdHRpbmZvIiwic2V0dGluZ3MiOnsiYmVmb3JlIjoiPGgzPlJhYmF0dGluZm88L2gzPiIsImFmdGVyIjoiIiwiZW5hYmxlX2h0bWwiOiJvZmYifX0=@[\/et_pb_text][et_pb_code disabled_on=\u00a0\u00bbon|on|on\u00a0\u00bb admin_label=\u00a0\u00bbAnzeige(n)\u00a0\u00bb module_class=\u00a0\u00bbschulthess_product_ads\u00a0\u00bb _builder_version=\u00a0\u00bb4.17.4&Prime; _module_preset=\u00a0\u00bbdefault\u00a0\u00bb disabled=\u00a0\u00bbon\u00a0\u00bb locked=\u00a0\u00bboff\u00a0\u00bb global_colors_info=\u00a0\u00bb{}\u00a0\u00bb][\/et_pb_code][et_pb_text admin_label=\u00a0\u00bbTagungsleiter\u00a0\u00bb module_class=\u00a0\u00bbdetail-info-sidebar-bg\u00a0\u00bb _builder_version=\u00a0\u00bb4.22.1&Prime; _module_preset=\u00a0\u00bbdefault\u00a0\u00bb locked=\u00a0\u00bboff\u00a0\u00bb global_colors_info=\u00a0\u00bb{}\u00a0\u00bb]<\/p>\n<h3>Webinarleitung<\/h3>\n<p><img loading=\"lazy\" decoding=\"async\" class=\"wp-image-19736 alignnone size-medium\" src=\"https:\/\/www.schulthessforum.ch\/wp-content\/media\/Abo_Youssef_Omar_Tagungsleitung_360x190px-300x158.png\" alt=\"\" width=\"300\" height=\"158\" \/><\/p>\n<p>Dr. Omar Abo Youssef f\u00fchrt durch das Webinar<\/p>\n<p>[\/et_pb_text][\/et_pb_column][\/et_pb_section][et_pb_section fb_built=\u00a0\u00bb1&Prime; specialty=\u00a0\u00bbon\u00a0\u00bb module_class_2=\u00a0\u00bbschulthess-product-attendee-section\u00a0\u00bb admin_label=\u00a0\u00bbInhalt mit Teilnehmerbereich\u00a0\u00bb module_id=\u00a0\u00bbschulthess-attendee-section\u00a0\u00bb module_class=\u00a0\u00bbschulthess-hidden\u00a0\u00bb _builder_version=\u00a0\u00bb4.21.0&Prime; _module_preset=\u00a0\u00bbdefault\u00a0\u00bb display_conditions=\u00a0\u00bbW3siaWQiOiI3NDc0ZmExMC0yZTg5LTQ3MDctYjM2Yi1iZDA3ZWJiMGZlZDEiLCJjb25kaXRpb24iOiJsb2dnZWRJblN0YXR1cyIsImNvbmRpdGlvblNldHRpbmdzIjp7ImRpc3BsYXlSdWxlIjoibG9nZ2VkSW4iLCJhZG1pbkxhYmVsIjoiQW5nZW1lbGRldGVyIFN0YXR1cyIsImVuYWJsZUNvbmRpdGlvbiI6Im9mZiJ9LCJvcGVyYXRvciI6Ik9SIn1d\u00a0\u00bb locked=\u00a0\u00bboff\u00a0\u00bb collapsed=\u00a0\u00bboff\u00a0\u00bb global_colors_info=\u00a0\u00bb{}\u00a0\u00bb][et_pb_column type=\u00a0\u00bb3_4&Prime; specialty_columns=\u00a0\u00bb3&Prime; _builder_version=\u00a0\u00bb4.16&Prime; custom_padding=\u00a0\u00bb|||\u00a0\u00bb global_colors_info=\u00a0\u00bb{}\u00a0\u00bb custom_padding__hover=\u00a0\u00bb|||\u00a0\u00bb][et_pb_row_inner admin_label=\u00a0\u00bbHeadline Teilnehmerbereich\u00a0\u00bb _builder_version=\u00a0\u00bb4.17.4&Prime; _module_preset=\u00a0\u00bbdefault\u00a0\u00bb collapsed=\u00a0\u00bboff\u00a0\u00bb global_colors_info=\u00a0\u00bb{}\u00a0\u00bb][et_pb_column_inner saved_specialty_column_type=\u00a0\u00bb3_4&Prime; _builder_version=\u00a0\u00bb4.17.4&Prime; _module_preset=\u00a0\u00bbdefault\u00a0\u00bb global_colors_info=\u00a0\u00bb{}\u00a0\u00bb][et_pb_text admin_label=\u00a0\u00bbTeilnehmerbereich\u00a0\u00bb _builder_version=\u00a0\u00bb4.25.1&Prime; _module_preset=\u00a0\u00bbdefault\u00a0\u00bb global_colors_info=\u00a0\u00bb{}\u00a0\u00bb]<\/p>\n<h5>Teilnehmerbereich<\/h5>\n<p>[\/et_pb_text][et_pb_text admin_label=\u00a0\u00bbTagungsunterlagen\u00a0\u00bb _builder_version=\u00a0\u00bb4.25.1&Prime; _module_preset=\u00a0\u00bbdefault\u00a0\u00bb global_colors_info=\u00a0\u00bb{}\u00a0\u00bb]<\/p>\n<h5>Tagungsunterlagen<\/h5>\n<p>[\/et_pb_text][sfdm_download_list admin_label=\u00a0\u00bbPDF Download\u00a0\u00bb _builder_version=\u00a0\u00bb4.25.1&Prime; _module_preset=\u00a0\u00bbdefault\u00a0\u00bb global_colors_info=\u00a0\u00bb{}\u00a0\u00bb][sfdm_download_list_item title=\u00a0\u00bbProgramm\u00a0\u00bb file=\u00a0\u00bbhttps:\/\/www.schulthessforum.ch\/wp-content\/media\/Kryptokriminalitaet\/01_00_Programm-1.pdf\u00a0\u00bb _builder_version=\u00a0\u00bb4.25.1&Prime; _module_preset=\u00a0\u00bbdefault\u00a0\u00bb global_colors_info=\u00a0\u00bb{}\u00a0\u00bb][\/sfdm_download_list_item][sfdm_download_list_item title=\u00a0\u00bbReferierende und Themen\u00a0\u00bb file=\u00a0\u00bbhttps:\/\/www.schulthessforum.ch\/wp-content\/media\/Kryptokriminalitaet\/02_00_Referierende-und-Themen.pdf\u00a0\u00bb _builder_version=\u00a0\u00bb4.25.1&Prime; _module_preset=\u00a0\u00bbdefault\u00a0\u00bb global_colors_info=\u00a0\u00bb{}\u00a0\u00bb][\/sfdm_download_list_item][sfdm_download_list_item title=\u00a0\u00bbDie Mittelentstehung \u2013 legale und illegale Wege_Tina Balzli\u00a0\u00bb file=\u00a0\u00bbhttps:\/\/www.schulthessforum.ch\/wp-content\/media\/Kryptokriminalitaet\/03_00_Die-Mittelentstehung-\u2013-legale-und-illegale-Wege_Tina-Balzli.pdf\u00a0\u00bb _builder_version=\u00a0\u00bb4.25.1&Prime; _module_preset=\u00a0\u00bbdefault\u00a0\u00bb global_colors_info=\u00a0\u00bb{}\u00a0\u00bb][\/sfdm_download_list_item][sfdm_download_list_item title=\u00a0\u00bbKryptokriminalit\u00e4t Praxiseinblick aus Sicht einer Schweizer Bank_Lars Hodel\u00a0\u00bb file=\u00a0\u00bbhttps:\/\/www.schulthessforum.ch\/wp-content\/media\/Kryptokriminalitaet\/04_00_Kryptokriminalitaet-Praxiseinblick-aus-Sicht-einer-Schweizer-Bank_Lars-Hodel.pdf\u00a0\u00bb _builder_version=\u00a0\u00bb4.25.1&Prime; _module_preset=\u00a0\u00bbdefault\u00a0\u00bb global_colors_info=\u00a0\u00bb{}\u00a0\u00bb][\/sfdm_download_list_item][sfdm_download_list_item title=\u00a0\u00bbVirtuelle W\u00e4hrungen, reale Gefahren Strafverfolgung im Krypto Zeitalter_Anina Oertle\u00a0\u00bb file=\u00a0\u00bbhttps:\/\/www.schulthessforum.ch\/wp-content\/media\/Kryptokriminalitaet\/05_00_Virtuelle-Waehrungen-reale-Gefahren-Strafverfolgung-im-Krypto-Zeitalter_Anina-Oertle.pdf\u00a0\u00bb _builder_version=\u00a0\u00bb4.25.1&Prime; _module_preset=\u00a0\u00bbdefault\u00a0\u00bb global_colors_info=\u00a0\u00bb{}\u00a0\u00bb][\/sfdm_download_list_item][sfdm_download_list_item title=\u00a0\u00bbPartner\u00a0\u00bb file=\u00a0\u00bbhttps:\/\/www.schulthessforum.ch\/wp-content\/media\/Kryptokriminalitaet\/06_00_Partner.pdf\u00a0\u00bb _builder_version=\u00a0\u00bb4.25.1&Prime; _module_preset=\u00a0\u00bbdefault\u00a0\u00bb global_colors_info=\u00a0\u00bb{}\u00a0\u00bb][\/sfdm_download_list_item][sfdm_download_list_item title=\u00a0\u00bbGesamtpr\u00e4sentation Kryptokriminalit\u00e4t\u00a0\u00bb file=\u00a0\u00bbhttps:\/\/www.schulthessforum.ch\/wp-content\/media\/Kryptokriminalitaet\/Gesamtpraesentation-Kryptokriminalitaet.pdf\u00a0\u00bb _builder_version=\u00a0\u00bb4.25.1&Prime; _module_preset=\u00a0\u00bbdefault\u00a0\u00bb global_colors_info=\u00a0\u00bb{}\u00a0\u00bb][\/sfdm_download_list_item][\/sfdm_download_list][\/et_pb_column_inner][\/et_pb_row_inner][et_pb_row_inner disabled_on=\u00a0\u00bboff|off|off\u00a0\u00bb admin_label=\u00a0\u00bb\u00dcberschrift\u00a0\u00bb _builder_version=\u00a0\u00bb4.17.4&Prime; _module_preset=\u00a0\u00bbdefault\u00a0\u00bb collapsed=\u00a0\u00bboff\u00a0\u00bb global_colors_info=\u00a0\u00bb{}\u00a0\u00bb][et_pb_column_inner saved_specialty_column_type=\u00a0\u00bb3_4&Prime; _builder_version=\u00a0\u00bb4.17.4&Prime; _module_preset=\u00a0\u00bbdefault\u00a0\u00bb global_colors_info=\u00a0\u00bb{}\u00a0\u00bb][et_pb_text admin_label=\u00a0\u00bbVideoaufzeichnungen\u00a0\u00bb _builder_version=\u00a0\u00bb4.25.1&Prime; _module_preset=\u00a0\u00bbdefault\u00a0\u00bb global_colors_info=\u00a0\u00bb{}\u00a0\u00bb]<\/p>\n<h5>Aufzeichnungen<\/h5>\n<p>[\/et_pb_text][\/et_pb_column_inner][\/et_pb_row_inner][et_pb_row_inner column_structure=\u00a0\u00bb1_2,1_2&Prime; disabled_on=\u00a0\u00bboff|off|off\u00a0\u00bb admin_label=\u00a0\u00bbVideo \/ Bild-Zeile\u00a0\u00bb _builder_version=\u00a0\u00bb4.17.4&Prime; _module_preset=\u00a0\u00bbdefault\u00a0\u00bb global_colors_info=\u00a0\u00bb{}\u00a0\u00bb][et_pb_column_inner type=\u00a0\u00bb1_2&Prime; saved_specialty_column_type=\u00a0\u00bb3_4&Prime; _builder_version=\u00a0\u00bb4.17.4&Prime; _module_preset=\u00a0\u00bbdefault\u00a0\u00bb global_colors_info=\u00a0\u00bb{}\u00a0\u00bb][et_pb_image src=\u00a0\u00bbhttps:\/\/www.schulthessforum.ch\/wp-content\/media\/Kryptokriminalitaet\/Vimeo-Standbilder\/Balzli_Tina_Vimeo_1920x1080px-scaled.jpg\u00a0\u00bb title_text=\u00a0\u00bbBalzli Tina Vimeo 1920x1080px\u00a0\u00bb url=\u00a0\u00bbhttps:\/\/vimeo.com\/schulthessforum\/review\/953613406\/fdbcf7e9a7&Prime; url_new_window=\u00a0\u00bbon\u00a0\u00bb _builder_version=\u00a0\u00bb4.25.1&Prime; _module_preset=\u00a0\u00bbdefault\u00a0\u00bb global_colors_info=\u00a0\u00bb{}\u00a0\u00bb][\/et_pb_image][\/et_pb_column_inner][et_pb_column_inner type=\u00a0\u00bb1_2&Prime; saved_specialty_column_type=\u00a0\u00bb3_4&Prime; _builder_version=\u00a0\u00bb4.17.4&Prime; _module_preset=\u00a0\u00bbdefault\u00a0\u00bb global_colors_info=\u00a0\u00bb{}\u00a0\u00bb][et_pb_text _builder_version=\u00a0\u00bb4.25.1&Prime; _module_preset=\u00a0\u00bbdefault\u00a0\u00bb global_colors_info=\u00a0\u00bb{}\u00a0\u00bb]<\/p>\n<h3><a href=\"https:\/\/vimeo.com\/schulthessforum\/review\/953613406\/fdbcf7e9a7\" target=\"_blank\" rel=\"noopener\">Die Mittelentstehung \u2013 legale und illegale Wege_Tina Balzli<\/a><\/h3>\n<p>[\/et_pb_text][\/et_pb_column_inner][\/et_pb_row_inner][et_pb_row_inner column_structure=\u00a0\u00bb1_2,1_2&Prime; disabled_on=\u00a0\u00bboff|off|off\u00a0\u00bb admin_label=\u00a0\u00bbVideo \/ Bild-Zeile\u00a0\u00bb _builder_version=\u00a0\u00bb4.17.4&Prime; _module_preset=\u00a0\u00bbdefault\u00a0\u00bb global_colors_info=\u00a0\u00bb{}\u00a0\u00bb][et_pb_column_inner type=\u00a0\u00bb1_2&Prime; saved_specialty_column_type=\u00a0\u00bb3_4&Prime; _builder_version=\u00a0\u00bb4.17.4&Prime; _module_preset=\u00a0\u00bbdefault\u00a0\u00bb global_colors_info=\u00a0\u00bb{}\u00a0\u00bb][et_pb_image src=\u00a0\u00bbhttps:\/\/www.schulthessforum.ch\/wp-content\/media\/Kryptokriminalitaet\/Vimeo-Standbilder\/Hodel_Lars_Vimeo_1920x1080px-scaled.jpg\u00a0\u00bb title_text=\u00a0\u00bbHodel Lars Vimeo 1920x1080px\u00a0\u00bb url=\u00a0\u00bbhttps:\/\/vimeo.com\/schulthessforum\/review\/953625702\/d578ad837e\u00a0\u00bb url_new_window=\u00a0\u00bbon\u00a0\u00bb _builder_version=\u00a0\u00bb4.25.1&Prime; _module_preset=\u00a0\u00bbdefault\u00a0\u00bb global_colors_info=\u00a0\u00bb{}\u00a0\u00bb][\/et_pb_image][\/et_pb_column_inner][et_pb_column_inner type=\u00a0\u00bb1_2&Prime; saved_specialty_column_type=\u00a0\u00bb3_4&Prime; _builder_version=\u00a0\u00bb4.17.4&Prime; _module_preset=\u00a0\u00bbdefault\u00a0\u00bb global_colors_info=\u00a0\u00bb{}\u00a0\u00bb][et_pb_text _builder_version=\u00a0\u00bb4.25.1&Prime; _module_preset=\u00a0\u00bbdefault\u00a0\u00bb global_colors_info=\u00a0\u00bb{}\u00a0\u00bb]<\/p>\n<h3><a href=\"https:\/\/vimeo.com\/schulthessforum\/review\/953625702\/d578ad837e\" target=\"_blank\" rel=\"noopener\">Kryptokriminalit\u00e4t Praxiseinblick aus Sicht einer Schweizer Bank_Lars Hodel<\/a><\/h3>\n<p>[\/et_pb_text][\/et_pb_column_inner][\/et_pb_row_inner][et_pb_row_inner column_structure=\u00a0\u00bb1_2,1_2&Prime; disabled_on=\u00a0\u00bboff|off|off\u00a0\u00bb admin_label=\u00a0\u00bbVideo \/ Bild-Zeile\u00a0\u00bb _builder_version=\u00a0\u00bb4.17.4&Prime; _module_preset=\u00a0\u00bbdefault\u00a0\u00bb global_colors_info=\u00a0\u00bb{}\u00a0\u00bb][et_pb_column_inner type=\u00a0\u00bb1_2&Prime; saved_specialty_column_type=\u00a0\u00bb3_4&Prime; _builder_version=\u00a0\u00bb4.17.4&Prime; _module_preset=\u00a0\u00bbdefault\u00a0\u00bb global_colors_info=\u00a0\u00bb{}\u00a0\u00bb][et_pb_image src=\u00a0\u00bbhttps:\/\/www.schulthessforum.ch\/wp-content\/media\/Kryptokriminalitaet\/Vimeo-Standbilder\/Oertle_Anina_Vimeo_1920x1080px-scaled.jpg\u00a0\u00bb title_text=\u00a0\u00bbOertle Anina Vimeo 1920x1080px\u00a0\u00bb url=\u00a0\u00bbhttps:\/\/vimeo.com\/schulthessforum\/review\/953646130\/60bd0f9738&Prime; url_new_window=\u00a0\u00bbon\u00a0\u00bb _builder_version=\u00a0\u00bb4.25.1&Prime; _module_preset=\u00a0\u00bbdefault\u00a0\u00bb global_colors_info=\u00a0\u00bb{}\u00a0\u00bb][\/et_pb_image][\/et_pb_column_inner][et_pb_column_inner type=\u00a0\u00bb1_2&Prime; saved_specialty_column_type=\u00a0\u00bb3_4&Prime; _builder_version=\u00a0\u00bb4.17.4&Prime; _module_preset=\u00a0\u00bbdefault\u00a0\u00bb global_colors_info=\u00a0\u00bb{}\u00a0\u00bb][et_pb_text _builder_version=\u00a0\u00bb4.25.1&Prime; _module_preset=\u00a0\u00bbdefault\u00a0\u00bb global_colors_info=\u00a0\u00bb{}\u00a0\u00bb]<\/p>\n<h3><a href=\"https:\/\/vimeo.com\/schulthessforum\/review\/953646130\/60bd0f9738\" target=\"_blank\" rel=\"noopener\">Virtuelle W\u00e4hrungen, reale Gefahren Strafverfolgung im Krypto Zeitalter_Anina Oertle<\/a><\/h3>\n<p>[\/et_pb_text][\/et_pb_column_inner][\/et_pb_row_inner][et_pb_row_inner column_structure=\u00a0\u00bb1_2,1_2&Prime; disabled_on=\u00a0\u00bboff|off|off\u00a0\u00bb admin_label=\u00a0\u00bbVideo \/ Bild-Zeile\u00a0\u00bb _builder_version=\u00a0\u00bb4.17.4&Prime; _module_preset=\u00a0\u00bbdefault\u00a0\u00bb global_colors_info=\u00a0\u00bb{}\u00a0\u00bb][et_pb_column_inner type=\u00a0\u00bb1_2&Prime; saved_specialty_column_type=\u00a0\u00bb3_4&Prime; _builder_version=\u00a0\u00bb4.17.4&Prime; _module_preset=\u00a0\u00bbdefault\u00a0\u00bb global_colors_info=\u00a0\u00bb{}\u00a0\u00bb][et_pb_image src=\u00a0\u00bbhttps:\/\/www.schulthessforum.ch\/wp-content\/media\/Kryptokriminalitaet\/Vimeo-Standbilder\/Youssef_Omar_Abo_Vimeo_1920x1080px-scaled.jpg\u00a0\u00bb title_text=\u00a0\u00bbYoussef Omar Abo Vimeo 1920x1080px\u00a0\u00bb url=\u00a0\u00bbhttps:\/\/vimeo.com\/schulthessforum\/review\/953653757\/da348885e2&Prime; url_new_window=\u00a0\u00bbon\u00a0\u00bb _builder_version=\u00a0\u00bb4.25.1&Prime; _module_preset=\u00a0\u00bbdefault\u00a0\u00bb global_colors_info=\u00a0\u00bb{}\u00a0\u00bb][\/et_pb_image][\/et_pb_column_inner][et_pb_column_inner type=\u00a0\u00bb1_2&Prime; saved_specialty_column_type=\u00a0\u00bb3_4&Prime; _builder_version=\u00a0\u00bb4.17.4&Prime; _module_preset=\u00a0\u00bbdefault\u00a0\u00bb global_colors_info=\u00a0\u00bb{}\u00a0\u00bb][et_pb_text _builder_version=\u00a0\u00bb4.25.1&Prime; _module_preset=\u00a0\u00bbdefault\u00a0\u00bb global_colors_info=\u00a0\u00bb{}\u00a0\u00bb]<\/p>\n<h3><a href=\"https:\/\/vimeo.com\/schulthessforum\/review\/953653757\/da348885e2\" target=\"_blank\" rel=\"noopener\">Fragerunde und Diskussion<\/a><\/h3>\n<p>[\/et_pb_text][\/et_pb_column_inner][\/et_pb_row_inner][\/et_pb_column][et_pb_column type=\u00a0\u00bb1_4&Prime; _builder_version=\u00a0\u00bb4.16&Prime; custom_padding=\u00a0\u00bb|||\u00a0\u00bb global_colors_info=\u00a0\u00bb{}\u00a0\u00bb custom_padding__hover=\u00a0\u00bb|||\u00a0\u00bb][sfdm_video_list disabled_on=\u00a0\u00bbon|on|on\u00a0\u00bb _builder_version=\u00a0\u00bb4.22.1&Prime; _module_preset=\u00a0\u00bbdefault\u00a0\u00bb disabled=\u00a0\u00bbon\u00a0\u00bb global_colors_info=\u00a0\u00bb{}\u00a0\u00bb][sfdm_video_list_item title=\u00a0\u00bbTesttitel 1&Prime; id=\u00a0\u00bb840581539&Prime; _builder_version=\u00a0\u00bb4.22.1&Prime; _module_preset=\u00a0\u00bbdefault\u00a0\u00bb global_colors_info=\u00a0\u00bb{}\u00a0\u00bb][\/sfdm_video_list_item][\/sfdm_video_list][\/et_pb_column][\/et_pb_section][et_pb_section fb_built=\u00a0\u00bb1&Prime; disabled_on=\u00a0\u00bbon|on|on\u00a0\u00bb admin_label=\u00a0\u00bbPartner\u00a0\u00bb module_id=\u00a0\u00bbschulthess-partner\u00a0\u00bb _builder_version=\u00a0\u00bb4.17.4&Prime; _module_preset=\u00a0\u00bbdefault\u00a0\u00bb background_enable_color=\u00a0\u00bboff\u00a0\u00bb disabled=\u00a0\u00bbon\u00a0\u00bb saved_tabs=\u00a0\u00bball\u00a0\u00bb locked=\u00a0\u00bboff\u00a0\u00bb collapsed=\u00a0\u00bboff\u00a0\u00bb global_colors_info=\u00a0\u00bb{}\u00a0\u00bb][et_pb_row disabled_on=\u00a0\u00bbon|on|on\u00a0\u00bb _builder_version=\u00a0\u00bb4.16&Prime; _module_preset=\u00a0\u00bbdefault\u00a0\u00bb disabled=\u00a0\u00bbon\u00a0\u00bb locked=\u00a0\u00bboff\u00a0\u00bb collapsed=\u00a0\u00bboff\u00a0\u00bb global_colors_info=\u00a0\u00bb{}\u00a0\u00bb][et_pb_column type=\u00a0\u00bb4_4&Prime; _builder_version=\u00a0\u00bb4.16&Prime; _module_preset=\u00a0\u00bbdefault\u00a0\u00bb global_colors_info=\u00a0\u00bb{}\u00a0\u00bb][et_pb_text admin_label=\u00a0\u00bb\u00dcberschrift\u00a0\u00bb module_class=\u00a0\u00bbsf-h2 schulthess-product-partner-headline-wrapper\u00a0\u00bb _builder_version=\u00a0\u00bb4.19.5&Prime; _module_preset=\u00a0\u00bbdefault\u00a0\u00bb locked=\u00a0\u00bboff\u00a0\u00bb global_colors_info=\u00a0\u00bb{}\u00a0\u00bb]<?-- NICHT ZU VISUELL WECHSELN. DIE BUTTONS GEHEN SONST VERLOREN --><\/p>\n<h5>Partner<\/h5>\n<p><!--div class=\"schulthess-product-partner-nav\">[schulthess_product_partner_tabs]\n\n\n<div class=\"buttons\"><button class=\"grid icon_grid aktiv\"><span><\/span><\/button><button class=\"list icon_list\"><span><\/span><\/button><\/div>\n\n\n<\/div-->[\/et_pb_text][et_pb_code disabled_on=\u00a0\u00bboff|off|off\u00a0\u00bb admin_label=\u00a0\u00bbCode (ein grid, keine Filter)\u00a0\u00bb _builder_version=\u00a0\u00bb4.17.4&Prime; _module_preset=\u00a0\u00bbdefault\u00a0\u00bb locked=\u00a0\u00bboff\u00a0\u00bb global_colors_info=\u00a0\u00bb{}\u00a0\u00bb]<div class=\"schulthess-product-partner-wrapper grid\">\n                  <div id=\"8616\" class=\"schulthess-product-partner Medienpartner\" partner-type=\"Medienpartner\">\n                        <div class=\"schulthess-product-partner-image\">\n                                <img loading=\"lazy\" decoding=\"async\" src=\"https:\/\/www.schulthessforum.ch\/wp-content\/media\/Partner\/iusnet_Website_Strafrecht_und_Strafprozessrecht_364x104px-250x71.png\" alt=\"iusnet Arbeitsrecht und Sozialversicherungsrecht\" title=\"iusnet Arbeitsrecht und Sozialversicherungsrecht\" width=\"250\" height=\"150\" \/>\n                        <\/div>\n                        <div class=\"schulthess-product-partner-info\">\n                            <div class=\"content\">\n                                <h4 class=\"schulthess-product-partner-name\">iusnet Arbeitsrecht und Sozialversicherungsrecht<\/h4>\n                                <p class=\"schulthess-product-partner-type\">\n                                    Medienpartner\n                                <\/p>\n                                <p class=\"schulthess-product-partner-description\">\n                                    Der monatliche Newsletter liefert einen \u00dcberblick \u00fcber die wichtigsten Entwicklungen in Rechtsprechung und Gesetzgebung im Schnittstellenbereich von Arbeits- und Sozialversicherungsrecht.\r\nDie Inhalte gliedern sich in die Rubriken Rechtsprechung, Gesetzgebung, Kommentierung und Arbeitshilfen. Das Abonnement iusnet Arbeitsrecht und Sozialversicherungsrecht beinhaltet den monatlichen Newsletter und einen unlimitierten Zugang zur Online-Datenbank. Die Online-Datenbank enth\u00e4lt nebst s\u00e4mtlichen Texten aus dem Newsletter zahlreiche weitere Beitr\u00e4ge aus den genannten Rubriken. \n                                <\/p>\n                                <p class=\"schulthess-product-partner-speakers\">\n                                    Referenten: \n                                <\/p>\n                                <!--div class=\"schulthess-product-partner-link\">\n                                        <span>zur Website<\/span>\n                                        <span class=\"link-icon\">\n                                            <svg xmlns=\"http:\/\/www.w3.org\/2000\/svg\" width=\"11\" height=\"10\" viewBox=\"0 0 9.697 9.017\">\n                                                <g transform=\"translate(-813.933 -2094.752)\">\n                                                    <path d=\"M9442.49,1683l3.447,3.448-3.447,3.448\" transform=\"translate(-8627.497 412.813)\" fill=\"none\" stroke=\"#000\" stroke-linecap=\"round\" stroke-width=\"1.5\"\/>\n                                                    <path d=\"M9442.49,1683l3.447,3.448-3.447,3.448\" transform=\"translate(-8623.368 412.813)\" fill=\"none\" stroke=\"#000\" stroke-linecap=\"round\" stroke-width=\"1.5\"\/>\n                                                <\/g>\n                                            <\/svg>\n                                        <\/span>\n                                <\/div-->\n                            <\/div>\n                        <\/div>\n                    <\/div>\n            <\/div>\n            <script>\n\n              var btns1 = jQuery(\".schulthess-product-partner-headline-wrapper .buttons\");\n              btns1.find(\".grid\").addClass(\"aktiv\");\n\n              btns1.find(\"button\").on(\"click\",function(e) {\n                btns1.find(\".grid\").removeClass(\"aktiv\");\n                btns1.find(\".list\").removeClass(\"aktiv\");\n                if (jQuery(this).hasClass(\"grid\")) {\n                    jQuery(\".schulthess-product-partner-wrapper\").removeClass(\"list\").addClass(\"grid\");\n                    jQuery(this).addClass(\"aktiv\");\n                    jQuery(\".schulthess-product-partner-wrapper .schulthess-product-partner-info\").hide();\n                }\n                else if(jQuery(this).hasClass(\"list\")) {\n                    jQuery(\".schulthess-product-partner-wrapper\").removeClass(\"grid\").addClass(\"list\");\n                    jQuery(\".schulthess-product-partner-wrapper .schulthess-product-partner-info\").show();\n                    jQuery(this).addClass(\"aktiv\");\n                }\n              });\n            <\/script>[\/et_pb_code][\/et_pb_column][\/et_pb_row][et_pb_row disabled_on=\u00a0\u00bboff|off|off\u00a0\u00bb _builder_version=\u00a0\u00bb4.16&Prime; _module_preset=\u00a0\u00bbdefault\u00a0\u00bb locked=\u00a0\u00bboff\u00a0\u00bb collapsed=\u00a0\u00bboff\u00a0\u00bb global_colors_info=\u00a0\u00bb{}\u00a0\u00bb][et_pb_column type=\u00a0\u00bb4_4&Prime; _builder_version=\u00a0\u00bb4.16&Prime; _module_preset=\u00a0\u00bbdefault\u00a0\u00bb global_colors_info=\u00a0\u00bb{}\u00a0\u00bb][et_pb_code admin_label=\u00a0\u00bbMedienpartner\u00a0\u00bb _builder_version=\u00a0\u00bb4.22.1&Prime; _module_preset=\u00a0\u00bbdefault\u00a0\u00bb locked=\u00a0\u00bboff\u00a0\u00bb global_colors_info=\u00a0\u00bb{}\u00a0\u00bb]<div class=\"et_pb_row sf-h3\">\n            <div class=\"et_pb_module et_pb_text schulthess-product-partner-headline-wrapper\">\n                <h5 class=\"schulthess-product-partner-type\" id=\"medienpartner\">Partenaires m\u00e9dias<\/h5>\n            <\/div>\n            <div class=\"et_pb_module\"><div class=\"et_pb_column_1_4 et_pb_column\">\n                        <div class=\"sf-product-partner-container\">\n                            <a href=\"https:\/\/www.schulthess.com\/de\/portfolio\/schulthess\/schulthess-digital\/iusnet\/iusnet-strafrecht-und-strafprozessrecht\" title=\"iusnet Arbeitsrecht und Sozialversicherungsrecht\" target=\"_blank\" rel=\"noopener nofollow\"><img loading=\"lazy\" decoding=\"async\" class=\"\" src=\"https:\/\/www.schulthessforum.ch\/wp-content\/media\/Partner\/iusnet_Website_Strafrecht_und_Strafprozessrecht_364x104px.png\" style=\"aspect-ratio: 364 \/ 104\" width=\"364\" height=\"104\" alt=\"iusnet Arbeitsrecht und Sozialversicherungsrecht\" title=\"iusnet Arbeitsrecht und Sozialversicherungsrecht\"\/><\/a>\n                        <\/div>\n                    <\/div><\/div><\/div>[\/et_pb_code][et_pb_code admin_label=\u00a0\u00bbWirtschaftspartner\u00a0\u00bb _builder_version=\u00a0\u00bb4.22.1&Prime; _module_preset=\u00a0\u00bbdefault\u00a0\u00bb locked=\u00a0\u00bboff\u00a0\u00bb global_colors_info=\u00a0\u00bb{}\u00a0\u00bb][\/et_pb_code][et_pb_code admin_label=\u00a0\u00bbKooperationspartner\u00a0\u00bb _builder_version=\u00a0\u00bb4.22.1&Prime; _module_preset=\u00a0\u00bbdefault\u00a0\u00bb locked=\u00a0\u00bboff\u00a0\u00bb global_colors_info=\u00a0\u00bb{}\u00a0\u00bb][\/et_pb_code][et_pb_code admin_label=\u00a0\u00bbSponsoren\u00a0\u00bb _builder_version=\u00a0\u00bb4.22.1&Prime; _module_preset=\u00a0\u00bbdefault\u00a0\u00bb locked=\u00a0\u00bboff\u00a0\u00bb global_colors_info=\u00a0\u00bb{}\u00a0\u00bb][\/et_pb_code][\/et_pb_column][\/et_pb_row][\/et_pb_section][et_pb_section fb_built=\u00a0\u00bb1&Prime; disabled_on=\u00a0\u00bbon|on|on\u00a0\u00bb admin_label=\u00a0\u00bbSektion Impressionen\u00a0\u00bb module_id=\u00a0\u00bbschulthess-impressionen\u00a0\u00bb _builder_version=\u00a0\u00bb4.17.4&Prime; _module_preset=\u00a0\u00bbdefault\u00a0\u00bb disabled=\u00a0\u00bbon\u00a0\u00bb collapsed=\u00a0\u00bbon\u00a0\u00bb global_colors_info=\u00a0\u00bb{}\u00a0\u00bb][et_pb_row module_class=\u00a0\u00bbsf-impressionen-slider-wrapper\u00a0\u00bb _builder_version=\u00a0\u00bb4.19.5&Prime; _module_preset=\u00a0\u00bbdefault\u00a0\u00bb global_colors_info=\u00a0\u00bb{}\u00a0\u00bb][et_pb_column type=\u00a0\u00bb4_4&Prime; _builder_version=\u00a0\u00bb4.19.5&Prime; _module_preset=\u00a0\u00bbdefault\u00a0\u00bb global_colors_info=\u00a0\u00bb{}\u00a0\u00bb][et_pb_text admin_label=\u00a0\u00bb\u00dcberschrift\u00a0\u00bb module_class=\u00a0\u00bbsf-h2&Prime; _builder_version=\u00a0\u00bb4.19.5&Prime; _module_preset=\u00a0\u00bbdefault\u00a0\u00bb global_colors_info=\u00a0\u00bb{}\u00a0\u00bb]<\/p>\n<h5>Impressionen<\/h5>\n<p>[\/et_pb_text][et_pb_gallery gallery_ids=\u00a0\u00bb1275,1274,1273,1272,1271,1266,1267,1260,1262,1253,1251,1248,1240,1244,1246&Prime; fullwidth=\u00a0\u00bbon\u00a0\u00bb admin_label=\u00a0\u00bbGalerie\u00a0\u00bb module_id=\u00a0\u00bbimpressionen-slider\u00a0\u00bb module_class=\u00a0\u00bbimpressionen-slider\u00a0\u00bb _builder_version=\u00a0\u00bb4.19.5&Prime; _module_preset=\u00a0\u00bbdefault\u00a0\u00bb animation_style=\u00a0\u00bbfade\u00a0\u00bb animation_duration=\u00a0\u00bb5000ms\u00a0\u00bb animation_starting_opacity=\u00a0\u00bb100%\u00a0\u00bb animation_repeat=\u00a0\u00bbloop\u00a0\u00bb auto=\u00a0\u00bbon\u00a0\u00bb auto_speed=\u00a0\u00bb5000&Prime; global_colors_info=\u00a0\u00bb{}\u00a0\u00bb][\/et_pb_gallery][\/et_pb_column][\/et_pb_row][\/et_pb_section]<\/p>\n","protected":false},"excerpt":{"rendered":"<h3>Straftaten und Strafverfolgung<\/h3>\n<p>Virtuelle W\u00e4hrungen befl\u00fcgeln die Phantasien der Finanzwelt. Spekulationen mit Bitcoin und Co sind l\u00e4ngst nicht mehr auf eine kleine Gruppe von Insidern beschr\u00e4nkt. Nationen versuchen, ihre Landesw\u00e4hrungen durch virtuelle Kryptow\u00e4hrungen zu ersetzen und setzen damit auf die technologisch und ideologisch gest\u00fctzte Unabh\u00e4ngigkeit der neuen W\u00e4hrungen.<\/p>\n<p>Strittig ist, ob die Entstehung und die Verwendung der digitalen W\u00e4hrungen wirklich so transparent erfolgen wie es die Verfechter beteuern.\u00a0 Werden nicht vielmehr die unabh\u00e4ngigen Handelsroutinen und der Einsatz der Gelder im virtuellen Raum zu Gesch\u00e4ften im Graubereich oder sogar ausserhalb der Legalit\u00e4t genutzt?<\/p>\n<p>H\u00f6ren Sie am Schulthess Forum Webinar Kryptokriminalit\u00e4t Vertreter aus der Anwaltschaft, der Finanzwelt und aus der Strafverfolgung zu potentiellen Straftaten und zur Strafverfolgung. Was l\u00e4sst die Bankvertreter aufhorchen? Was bringt die Staatsanwaltschaft auf den Plan? Wo liegt die Grenze zwischen unabh\u00e4ngig und unrechtm\u00e4ssig?<\/p>\n","protected":false},"author":25,"featured_media":0,"template":"","meta":{"_acf_changed":false,"_et_pb_use_builder":"on","_et_pb_old_content":"<h3>Straftaten und Strafverfolgung<\/h3>\r\nVirtuelle W\u00e4hrungen befl\u00fcgeln die Phantasien der Finanzwelt. Spekulationen mit Bitcoin und Co sind l\u00e4ngst nicht mehr auf eine kleine Gruppe von Insidern beschr\u00e4nkt. Nationen versuchen, ihre Landesw\u00e4hrungen durch virtuelle Kryptow\u00e4hrungen zu ersetzen und setzen damit auf die technologisch und ideologisch gest\u00fctzte Unabh\u00e4ngigkeit der neuen W\u00e4hrungen.\r\n\r\nStrittig ist, ob die Entstehung und die Verwendung der digitalen W\u00e4hrungen wirklich so transparent erfolgen wie es die Verfechter beteuern.\u00a0 Werden nicht vielmehr die unabh\u00e4ngigen Handelsroutinen und der Einsatz der Gelder im virtuellen Raum zu Gesch\u00e4ften im Graubereich oder sogar ausserhalb der Legalit\u00e4t genutzt?\r\n\r\nH\u00f6ren Sie am Schulthess Forum Webinar Kryptokriminalit\u00e4t Vertreter aus der Anwaltschaft, der Finanzwelt und aus der Strafverfolgung zu potentiellen Straftaten und zur Strafverfolgung. Was l\u00e4sst die Bankvertreter aufhorchen? Was bringt die Staatsanwaltschaft auf den Plan? Wo liegt die Grenze zwischen unabh\u00e4ngig und unrechtm\u00e4ssig?","_et_gb_content_width":""},"categories":[247,143,99],"tags":[],"product_brand":[],"product_cat":[229],"product_tag":[],"class_list":{"0":"post-19662","1":"product","2":"type-product","3":"status-publish","5":"category-strafrecht","6":"category-webinar","7":"category-wirtschaftsrecht","8":"product_cat-229","9":"pa_teilnahme-onlineveranstaltung","11":"first","12":"instock","13":"taxable","14":"shipping-taxable","15":"purchasable","16":"product-type-variable"},"acf":[],"_links":{"self":[{"href":"https:\/\/www.schulthessforum.ch\/fr\/wp-json\/wp\/v2\/product\/19662","targetHints":{"allow":["GET"]}}],"collection":[{"href":"https:\/\/www.schulthessforum.ch\/fr\/wp-json\/wp\/v2\/product"}],"about":[{"href":"https:\/\/www.schulthessforum.ch\/fr\/wp-json\/wp\/v2\/types\/product"}],"author":[{"embeddable":true,"href":"https:\/\/www.schulthessforum.ch\/fr\/wp-json\/wp\/v2\/users\/25"}],"wp:attachment":[{"href":"https:\/\/www.schulthessforum.ch\/fr\/wp-json\/wp\/v2\/media?parent=19662"}],"wp:term":[{"taxonomy":"category","embeddable":true,"href":"https:\/\/www.schulthessforum.ch\/fr\/wp-json\/wp\/v2\/categories?post=19662"},{"taxonomy":"post_tag","embeddable":true,"href":"https:\/\/www.schulthessforum.ch\/fr\/wp-json\/wp\/v2\/tags?post=19662"},{"taxonomy":"product_brand","embeddable":true,"href":"https:\/\/www.schulthessforum.ch\/fr\/wp-json\/wp\/v2\/product_brand?post=19662"},{"taxonomy":"product_cat","embeddable":true,"href":"https:\/\/www.schulthessforum.ch\/fr\/wp-json\/wp\/v2\/product_cat?post=19662"},{"taxonomy":"product_tag","embeddable":true,"href":"https:\/\/www.schulthessforum.ch\/fr\/wp-json\/wp\/v2\/product_tag?post=19662"}],"curies":[{"name":"wp","href":"https:\/\/api.w.org\/{rel}","templated":true}]}}