{"id":30393,"date":"2025-05-13T14:23:22","date_gmt":"2025-05-13T12:23:22","guid":{"rendered":"https:\/\/www.schulthessforum.ch\/?post_type=product&#038;p=30393"},"modified":"2025-10-15T11:52:55","modified_gmt":"2025-10-15T09:52:55","slug":"beschaffungsrecht","status":"publish","type":"product","link":"https:\/\/www.schulthessforum.ch\/beschaffungsrecht\/","title":{"rendered":"Beschaffungsrecht 2025"},"content":{"rendered":"<p>[et_pb_section fb_built=\u00a0\u00bb1&Prime; disabled_on=\u00a0\u00bboff|off|off\u00a0\u00bb admin_label=\u00a0\u00bbAlert Content\u00a0\u00bb module_id=\u00a0\u00bbschulthess-header-alertbar-section\u00a0\u00bb _builder_version=\u00a0\u00bb4.19.4&Prime; _module_preset=\u00a0\u00bbdefault\u00a0\u00bb locked=\u00a0\u00bboff\u00a0\u00bb collapsed=\u00a0\u00bbon\u00a0\u00bb global_colors_info=\u00a0\u00bb{}\u00a0\u00bb][et_pb_row _builder_version=\u00a0\u00bb4.17.4&Prime; _module_preset=\u00a0\u00bbdefault\u00a0\u00bb global_colors_info=\u00a0\u00bb{}\u00a0\u00bb][et_pb_column type=\u00a0\u00bb4_4&Prime; _builder_version=\u00a0\u00bb4.17.4&Prime; _module_preset=\u00a0\u00bbdefault\u00a0\u00bb global_colors_info=\u00a0\u00bb{}\u00a0\u00bb][et_pb_code admin_label=\u00a0\u00bbCode (Alert) (ZU \u00c4NDERN IN %22HOME%22)\u00a0\u00bb module_class=\u00a0\u00bbschulthess-header-alertbar \u00a0\u00bb _builder_version=\u00a0\u00bb4.17.4&Prime; _module_preset=\u00a0\u00bbdefault\u00a0\u00bb locked=\u00a0\u00bbon\u00a0\u00bb global_colors_info=\u00a0\u00bb{}\u00a0\u00bb][\/et_pb_code][\/et_pb_column][\/et_pb_row][\/et_pb_section][et_pb_section fb_built=\u00a0\u00bb1&Prime; disabled_on=\u00a0\u00bboff|off|off\u00a0\u00bb admin_label=\u00a0\u00bbHeader &#8211; Content\u00a0\u00bb module_class=\u00a0\u00bbsf-product-header schulthess-hero\u00a0\u00bb _builder_version=\u00a0\u00bb4.20.2&Prime; _module_preset=\u00a0\u00bbdefault\u00a0\u00bb background_enable_color=\u00a0\u00bboff\u00a0\u00bb background_enable_image=\u00a0\u00bboff\u00a0\u00bb locked=\u00a0\u00bboff\u00a0\u00bb collapsed=\u00a0\u00bboff\u00a0\u00bb global_colors_info=\u00a0\u00bb{}\u00a0\u00bb][et_pb_row _builder_version=\u00a0\u00bb4.20.2&Prime; _module_preset=\u00a0\u00bbdefault\u00a0\u00bb global_colors_info=\u00a0\u00bb{}\u00a0\u00bb][et_pb_column type=\u00a0\u00bb4_4&Prime; _builder_version=\u00a0\u00bb4.20.2&Prime; _module_preset=\u00a0\u00bbdefault\u00a0\u00bb global_colors_info=\u00a0\u00bb{}\u00a0\u00bb][et_pb_text _builder_version=\u00a0\u00bb4.20.2&Prime; _module_preset=\u00a0\u00bbdefault\u00a0\u00bb global_colors_info=\u00a0\u00bb{}\u00a0\u00bb]<style>.et-db #et-boc .et-l .et_pb_section.sf-product-header.schulthess-hero{\n        background-color: #244566 !important;\n      }\n      .schulthess-hero h1 {\n        border-bottom: 3px solid #FFFFFFF !important;\n      }\n      .sf-product-header.schulthess-hero .weitereVaranstalerSchriftfarbe{\n        color: #FFFFFF !important;\n      }\n      .schulthess-hero .event-kategorie-date-headline.weitereVaranstalerSchriftfarbe,\n      .schulthess-hero .event-kategorie-date-headline.weitereVaranstalerSchriftfarbe a{\n        color: #FFFFFF !important;\n      }\n      .schulthess-hero .event-kategorie-date-headline.weitereVaranstalerSchriftfarbe a:hover,\n      .schulthess-hero .event-kategorie-date-headline.weitereVaranstalerSchriftfarbe a:focus,\n      .schulthess-hero .event-kategorie-date-headline.weitereVaranstalerSchriftfarbe a:active{\n        color: #8ac7ef !important;\n      }\n      .weitererVeranstalterLogoSubheadline{\n        width: 150px;\n        max-width: 100%;\n      }<\/style>\n\t <div class=\"et_pb_text_inner\"><h3 class=\"weitereVaranstalerSchriftfarbe\">Schulthess Forum<\/h3><\/div>\n\t <div class=\"et_pb_text_inner\"><h1 class=\"sf-product-title weitereVaranstalerSchriftfarbe\">Beschaffungsrecht 2025<\/h1><\/div>\n\t <div class=\"et_pb_text_inner\"><h2 class=\"sf-product-subheadline weitereVaranstalerSchriftfarbe\">5 Jahre nach der Revision des \u00f6ffentlichen Beschaffungsrechts \u2013 wo stehen wir heute?<\/h2><\/div>\n\t <div class=\"sf-product-catsDateLogos\"><span class=\"event-kategorie-date-headline weitereVaranstalerSchriftfarbe\">\u00d6ffentliche Verwaltung | Wirtschaftsrecht | Webinar | mercredi, 10.09.2025<\/span><div class=\"sf-product-logos\"><\/div><\/div>[\/et_pb_text][\/et_pb_column][\/et_pb_row][\/et_pb_section][et_pb_section fb_built=\u00a0\u00bb1&Prime; specialty=\u00a0\u00bbon\u00a0\u00bb module_class_1=\u00a0\u00bbschulthess-product-main\u00a0\u00bb module_class_2=\u00a0\u00bbschulthess-product-sidebar\u00a0\u00bb admin_label=\u00a0\u00bbMain &#8211; Content\u00a0\u00bb module_id=\u00a0\u00bbschulthess-product-mainsection\u00a0\u00bb _builder_version=\u00a0\u00bb4.19.4&Prime; _module_preset=\u00a0\u00bbdefault\u00a0\u00bb collapsed=\u00a0\u00bboff\u00a0\u00bb global_colors_info=\u00a0\u00bb{}\u00a0\u00bb][et_pb_column type=\u00a0\u00bb3_4&Prime; specialty_columns=\u00a0\u00bb3&Prime; _builder_version=\u00a0\u00bb4.16&Prime; custom_padding=\u00a0\u00bb|||\u00a0\u00bb global_colors_info=\u00a0\u00bb{}\u00a0\u00bb custom_padding__hover=\u00a0\u00bb|||\u00a0\u00bb][et_pb_row_inner admin_label=\u00a0\u00bbMen\u00fc (Programm, Referierende, Fachinformation, Partner, Impressionen, Teilnehmerbereich)\u00a0\u00bb module_id=\u00a0\u00bbschulthess-product-subnavigation\u00a0\u00bb _builder_version=\u00a0\u00bb4.21.0&Prime; background_size=\u00a0\u00bbinitial\u00a0\u00bb background_position=\u00a0\u00bbtop_left\u00a0\u00bb background_repeat=\u00a0\u00bbrepeat\u00a0\u00bb locked=\u00a0\u00bboff\u00a0\u00bb collapsed=\u00a0\u00bboff\u00a0\u00bb global_colors_info=\u00a0\u00bb{}\u00a0\u00bb][et_pb_column_inner saved_specialty_column_type=\u00a0\u00bb3_4&Prime; _builder_version=\u00a0\u00bb4.17.3&Prime; _module_preset=\u00a0\u00bbdefault\u00a0\u00bb global_colors_info=\u00a0\u00bb{}\u00a0\u00bb][et_pb_menu menu_id=\u00a0\u00bb67&Prime; module_class=\u00a0\u00bbet_smooth_scroll_disabled\u00a0\u00bb _builder_version=\u00a0\u00bb4.21.0&Prime; _module_preset=\u00a0\u00bbdefault\u00a0\u00bb locked=\u00a0\u00bboff\u00a0\u00bb global_colors_info=\u00a0\u00bb{}\u00a0\u00bb][\/et_pb_menu][\/et_pb_column_inner][\/et_pb_row_inner][et_pb_row_inner admin_label=\u00a0\u00bbKurzbeschreibung (Inhalt kommt vom Main Event Content)\u00a0\u00bb module_class=\u00a0\u00bbsf-date-shorttext-row kurzbeschreibung-border-bottom\u00a0\u00bb _builder_version=\u00a0\u00bb4.19.4&Prime; _module_preset=\u00a0\u00bbdefault\u00a0\u00bb locked=\u00a0\u00bboff\u00a0\u00bb collapsed=\u00a0\u00bbon\u00a0\u00bb global_colors_info=\u00a0\u00bb{}\u00a0\u00bb][et_pb_column_inner saved_specialty_column_type=\u00a0\u00bb3_4&Prime; _builder_version=\u00a0\u00bb4.16&Prime; _module_preset=\u00a0\u00bbdefault\u00a0\u00bb global_colors_info=\u00a0\u00bb{}\u00a0\u00bb][et_pb_text admin_label=\u00a0\u00bbKurzbeschreibung\u00a0\u00bb _builder_version=\u00a0\u00bb4.19.4&Prime; _dynamic_attributes=\u00a0\u00bbcontent\u00a0\u00bb _module_preset=\u00a0\u00bbdefault\u00a0\u00bb locked=\u00a0\u00bboff\u00a0\u00bb global_colors_info=\u00a0\u00bb{}\u00a0\u00bb]@ET-DC@eyJkeW5hbWljIjp0cnVlLCJjb250ZW50IjoicHJvZHVjdF9zaG9ydF9kZXNjcmlwdGlvbiIsInNldHRpbmdzIjp7ImJlZm9yZSI6IiIsImFmdGVyIjoiIiwiZW5hYmxlX2h0bWwiOiJvZmYifX0=@[\/et_pb_text][\/et_pb_column_inner][\/et_pb_row_inner][et_pb_row_inner admin_label=\u00a0\u00bbProgramm (Ihr Vorteil, Zielpublikum, Kurzprogramm, Detailprogramm)\u00a0\u00bb module_id=\u00a0\u00bbschulthess-programm\u00a0\u00bb _builder_version=\u00a0\u00bb4.21.0&Prime; _module_preset=\u00a0\u00bbdefault\u00a0\u00bb collapsed=\u00a0\u00bboff\u00a0\u00bb global_colors_info=\u00a0\u00bb{}\u00a0\u00bb][et_pb_column_inner saved_specialty_column_type=\u00a0\u00bb3_4&Prime; _builder_version=\u00a0\u00bb4.16&Prime; _module_preset=\u00a0\u00bbdefault\u00a0\u00bb global_colors_info=\u00a0\u00bb{}\u00a0\u00bb][et_pb_text admin_label=\u00a0\u00bbIhr Vorteil &#8211; Headline\u00a0\u00bb _builder_version=\u00a0\u00bb4.21.0&Prime; _module_preset=\u00a0\u00bbdefault\u00a0\u00bb locked=\u00a0\u00bboff\u00a0\u00bb global_colors_info=\u00a0\u00bb{}\u00a0\u00bb]<\/p>\n<h3>Ihr Vorteil<\/h3>\n<p>[\/et_pb_text][et_pb_text admin_label=\u00a0\u00bbIhr Vorteil &#8211; Liste\u00a0\u00bb module_class=\u00a0\u00bbprogramm-border-bottom\u00a0\u00bb _builder_version=\u00a0\u00bb4.27.4&Prime; _module_preset=\u00a0\u00bbdefault\u00a0\u00bb locked=\u00a0\u00bboff\u00a0\u00bb global_colors_info=\u00a0\u00bb{}\u00a0\u00bb]<\/p>\n<ul>\n<li>Aktuelle Themen<\/li>\n<li>Hohe Praxisrelevanz<\/li>\n<li>Namhafte und versierte Referierende<\/li>\n<li>Bringen Sie sich ein \u2013 stellen Sie jederzeit Ihre Fragen online an die Referierenden<\/li>\n<\/ul>\n<p>&nbsp;<\/p>\n<p>Verfolgen Sie das Schulthess Forum Beschaffungsrecht 2025 in real time und nutzen Sie die Gelegenheit, alle Referate im Nachgang, als On-Demand-Videos, innert vier Wochen nochmals anzusehen. So k\u00f6nnen Sie Ihren Arbeitstag individuell organisieren.<\/p>\n<p>[\/et_pb_text][et_pb_text admin_label=\u00a0\u00bbZielpublikum &#8211; Headline\u00a0\u00bb _builder_version=\u00a0\u00bb4.19.4&Prime; _module_preset=\u00a0\u00bbdefault\u00a0\u00bb locked=\u00a0\u00bboff\u00a0\u00bb global_colors_info=\u00a0\u00bb{}\u00a0\u00bb]<\/p>\n<h3>Zielpublikum<\/h3>\n<p>[\/et_pb_text][et_pb_text admin_label=\u00a0\u00bbZielpublikum\u00a0\u00bb module_class=\u00a0\u00bbprogramm-border-bottom\u00a0\u00bb _builder_version=\u00a0\u00bb4.27.4&Prime; _module_preset=\u00a0\u00bbdefault\u00a0\u00bb global_colors_info=\u00a0\u00bb{}\u00a0\u00bb]<\/p>\n<div class=\"content clearfix\">\n<ul>\n<li>Einkaufsorganisationen, welche dem \u00f6ffentlichen Beschaffungsgesetz unterstehen<\/li>\n<li>Verantwortliche \u00f6ffentliche Ausschreibungen<\/li>\n<li>Verantwortliche Wettbewerbe und Studienausschreibungen<\/li>\n<li>\u00d6ffentliche Spit\u00e4ler und Pflegeeinrichtungen<\/li>\n<li>Stadt- und Gemeindeverwaltungen<\/li>\n<li>Gemeindekanzleien<\/li>\n<li>Rechtsanw\u00e4lte, Kanzleien<\/li>\n<\/ul>\n<\/div>\n<p>[\/et_pb_text][et_pb_text admin_label=\u00a0\u00bbKurzprogramm &#8211; Headline\u00a0\u00bb _builder_version=\u00a0\u00bb4.19.4&Prime; _module_preset=\u00a0\u00bbdefault\u00a0\u00bb locked=\u00a0\u00bboff\u00a0\u00bb global_colors_info=\u00a0\u00bb{}\u00a0\u00bb]<\/p>\n<h3>Kurzprogramm<\/h3>\n<p>[\/et_pb_text][et_pb_text admin_label=\u00a0\u00bbProgramm &#8211; Liste\u00a0\u00bb module_class=\u00a0\u00bbprogramm-border-bottom\u00a0\u00bb _builder_version=\u00a0\u00bb4.27.4&Prime; _module_preset=\u00a0\u00bbdefault\u00a0\u00bb global_colors_info=\u00a0\u00bb{}\u00a0\u00bb]<\/p>\n<ul>\n<li>Bald 5 Jahre nach Inkrafttreten des neuen Beschaffungsrechts: Ein Blick zur\u00fcck und einer nach vorne<\/li>\n<li>Ausschluss von Anbietern mit unseri\u00f6sen Angeboten (Tiefpreise), schlechten Leistungen oder nicht vertrauensw\u00fcrdigem Verhalten<\/li>\n<li>Soziale Nachhaltigkeit bei der Beschaffung von Textilien<\/li>\n<li>Erste Erfahrungen mit der relativen Marktmacht<\/li>\n<\/ul>\n<p>[\/et_pb_text][sfdm_event_program_list use_switcher=\u00a0\u00bboff\u00a0\u00bb disabled_on=\u00a0\u00bboff|off|off\u00a0\u00bb admin_label=\u00a0\u00bbProgramm &#8211; Detail Neu\u00a0\u00bb _builder_version=\u00a0\u00bb4.27.4&Prime; _module_preset=\u00a0\u00bbdefault\u00a0\u00bb locked=\u00a0\u00bboff\u00a0\u00bb global_colors_info=\u00a0\u00bb{}\u00a0\u00bb][sfdm_event_program_list_item backend_title=\u00a0\u00bb09:00-09:05 Begr\u00fcssung durch die Webinarleitung\u00a0\u00bb title=\u00a0\u00bbBegr\u00fcssung durch die Webinarleitung\u00a0\u00bb start_time=\u00a0\u00bb09:00&Prime; end_time=\u00a0\u00bb09:05&Prime; speakers=\u00a0\u00bb<\/p>\n<p>Dr. Mario Marti<\/p>\n<p>\u00a0\u00bb _builder_version=\u00a0\u00bb4.27.0&Prime; _module_preset=\u00a0\u00bbdefault\u00a0\u00bb global_colors_info=\u00a0\u00bb{}\u00a0\u00bb][\/sfdm_event_program_list_item][sfdm_event_program_list_item backend_title=\u00a0\u00bb09:05-09:55 Bald 5 Jahre nach Inkrafttreten des neuen Beschaffungsrechts: Ein Blick zur\u00fcck und einer nach vorne\u00a0\u00bb title=\u00a0\u00bbBald 5 Jahre nach Inkrafttreten des neuen Beschaffungsrechts: Ein Blick zur\u00fcck und einer nach vorne\u00a0\u00bb subtitle=\u00a0\u00bbReferat \u00a0\u00bb start_time=\u00a0\u00bb09:05&Prime; end_time=\u00a0\u00bb09:55&Prime; speakers=\u00a0\u00bb<\/p>\n<p>Marc Steiner<\/p>\n<p>\u00a0\u00bb _builder_version=\u00a0\u00bb4.27.4&Prime; _module_preset=\u00a0\u00bbdefault\u00a0\u00bb global_colors_info=\u00a0\u00bb{}\u00a0\u00bb]<\/p>\n<ul>\n<li>Was ist seit dem Inkrafttreten des neuen Rechts auf Gesetzes- und Verordnungsebene geschehen?<\/li>\n<li>Ist die Rechtsprechung jetzt anders als diejenige zum alten Recht?<\/li>\n<li>Vergabestellen zwischen Mut und Risikoaversion<\/li>\n<li>Was l\u00e4sst sich \u00fcber die Umsetzungsinstrumente Beschaffungsstrategie, Branchendialog und Monitoring sagen?<\/li>\n<\/ul>\n<p>[\/sfdm_event_program_list_item][sfdm_event_program_list_item backend_title=\u00a0\u00bb09:55-10:40: Ausschluss von Anbietern mit unseri\u00f6sen Angeboten (Tiefpreise), schlechten Leistungen oder nicht vertrauensw\u00fcrdigem Verhalten\u00a0\u00bb title=\u00a0\u00bbAusschluss von Anbietern mit unseri\u00f6sen Angeboten (Tiefpreise), schlechten Leistungen oder nicht vertrauensw\u00fcrdigem Verhalten\u00a0\u00bb subtitle=\u00a0\u00bbReferat\u00a0\u00bb start_time=\u00a0\u00bb09:55&Prime; end_time=\u00a0\u00bb10:40&Prime; speakers=\u00a0\u00bb<\/p>\n<p>Marco Fetz<\/p>\n<p>\u00a0\u00bb _builder_version=\u00a0\u00bb4.27.0&Prime; _module_preset=\u00a0\u00bbdefault\u00a0\u00bb global_colors_info=\u00a0\u00bb{}\u00a0\u00bb]<\/p>\n<ul>\n<li>Darf ich Angebote ausschliessen, die unrealistisch tiefe Preise anbieten?<\/li>\n<li>Muss ich tats\u00e4chlich Anbietende in einer neuen Vergabe gleich wie die anderen behandeln, selbst wenn ich schlechte Erfahrungen mit ihnen gemacht habe?<\/li>\n<li>Wie kann ich einen allf\u00e4lligen Ausschluss objektiv begr\u00fcnden?<\/li>\n<\/ul>\n<p>[\/sfdm_event_program_list_item][sfdm_event_program_list_item backend_title=\u00a0\u00bb10:40-10:55 Pause\u00a0\u00bb subtitle=\u00a0\u00bb10:40 &#8211; 10:55 Pause\u00a0\u00bb type=\u00a0\u00bbbreak\u00a0\u00bb _builder_version=\u00a0\u00bb4.27.0&Prime; _module_preset=\u00a0\u00bbdefault\u00a0\u00bb global_colors_info=\u00a0\u00bb{}\u00a0\u00bb][\/sfdm_event_program_list_item][sfdm_event_program_list_item backend_title=\u00a0\u00bb10:55-11:15: Soziale Nachhaltigkeit bei der Beschaffung von Textilien\u00a0\u00bb title=\u00a0\u00bbSoziale Nachhaltigkeit bei der Beschaffung von Textilien\u00a0\u00bb subtitle=\u00a0\u00bbReferat\u00a0\u00bb start_time=\u00a0\u00bb10:55&Prime; end_time=\u00a0\u00bb11:15&Prime; speakers=\u00a0\u00bb<\/p>\n<p>Andreas Stier<\/p>\n<p>\u00a0\u00bb _builder_version=\u00a0\u00bb4.27.4&Prime; _module_preset=\u00a0\u00bbdefault\u00a0\u00bb global_colors_info=\u00a0\u00bb{}\u00a0\u00bb][\/sfdm_event_program_list_item][sfdm_event_program_list_item backend_title=\u00a0\u00bb11:15-11:55 Erste Erfahrungen mit der relativen Marktmacht  \u00a0\u00bb title=\u00a0\u00bbErste Erfahrungen mit der relativen Marktmacht  \u00a0\u00bb subtitle=\u00a0\u00bbReferat\u00a0\u00bb start_time=\u00a0\u00bb11:15&Prime; end_time=\u00a0\u00bb11:55&Prime; speakers=\u00a0\u00bb<\/p>\n<p>Sarah Hadorn<\/p>\n<p>\u00a0\u00bb _builder_version=\u00a0\u00bb4.27.4&Prime; _module_preset=\u00a0\u00bbdefault\u00a0\u00bb global_colors_info=\u00a0\u00bb{}\u00a0\u00bb]<\/p>\n<ul>\n<li>Was ist der Geltungsbereich des Kartellgesetzes und worum geht es bei der relativen Marktmacht?<\/li>\n<li>Was ist die Rolle der Wettbewerbskommission (WEKO) und was sind die Herausforderungen?<\/li>\n<li>Was bedeuten diese Bestimmungen f\u00fcr die \u00f6ffentlichen Beschaffungsstellen?<\/li>\n<li>\u00dcberblick \u00fcber die bisherige Entscheidpraxis der WEKO<\/li>\n<\/ul>\n<p>[\/sfdm_event_program_list_item][sfdm_event_program_list_item backend_title=\u00a0\u00bb11:55 &#8211; 12:15 Fragerunde und Fazit\u00a0\u00bb title=\u00a0\u00bbFragerunde und Fazit\u00a0\u00bb start_time=\u00a0\u00bb11:55&Prime; end_time=\u00a0\u00bb12:15&Prime; speakers=\u00a0\u00bb<\/p>\n<p>alle Referierenden, moderiert von Dr. Mario Marti<\/p>\n<p>\u00a0\u00bb _builder_version=\u00a0\u00bb4.27.0&Prime; _module_preset=\u00a0\u00bbdefault\u00a0\u00bb global_colors_info=\u00a0\u00bb{}\u00a0\u00bb][\/sfdm_event_program_list_item][\/sfdm_event_program_list][\/et_pb_column_inner][\/et_pb_row_inner][et_pb_row_inner disabled_on=\u00a0\u00bbon|on|on\u00a0\u00bb admin_label=\u00a0\u00bbAnzeigen (Mobile)\u00a0\u00bb _builder_version=\u00a0\u00bb4.17.4&Prime; _module_preset=\u00a0\u00bbdefault\u00a0\u00bb disabled=\u00a0\u00bbon\u00a0\u00bb locked=\u00a0\u00bboff\u00a0\u00bb collapsed=\u00a0\u00bbon\u00a0\u00bb global_colors_info=\u00a0\u00bb{}\u00a0\u00bb][et_pb_column_inner saved_specialty_column_type=\u00a0\u00bb3_4&Prime; _builder_version=\u00a0\u00bb4.17.4&Prime; _module_preset=\u00a0\u00bbdefault\u00a0\u00bb global_colors_info=\u00a0\u00bb{}\u00a0\u00bb][et_pb_code disabled_on=\u00a0\u00bboff|off|on\u00a0\u00bb admin_label=\u00a0\u00bbAnzeige(n) (MOBILE)\u00a0\u00bb module_class=\u00a0\u00bbschulthess_product_ads\u00a0\u00bb _builder_version=\u00a0\u00bb4.17.4&Prime; _module_preset=\u00a0\u00bbdefault\u00a0\u00bb locked=\u00a0\u00bboff\u00a0\u00bb global_colors_info=\u00a0\u00bb{}\u00a0\u00bb][\/et_pb_code][\/et_pb_column_inner][\/et_pb_row_inner][et_pb_row_inner admin_label=\u00a0\u00bbReferenten\u00a0\u00bb module_id=\u00a0\u00bbschulthess-referierende\u00a0\u00bb module_class=\u00a0\u00bbschulthess-referenten-slider\u00a0\u00bb _builder_version=\u00a0\u00bb4.22.1&Prime; _module_preset=\u00a0\u00bbdefault\u00a0\u00bb collapsed=\u00a0\u00bboff\u00a0\u00bb global_colors_info=\u00a0\u00bb{}\u00a0\u00bb][et_pb_column_inner saved_specialty_column_type=\u00a0\u00bb3_4&Prime; _builder_version=\u00a0\u00bb4.16&Prime; _module_preset=\u00a0\u00bbdefault\u00a0\u00bb global_colors_info=\u00a0\u00bb{}\u00a0\u00bb][et_pb_text admin_label=\u00a0\u00bbHeadline\u00a0\u00bb module_class=\u00a0\u00bbsf-h3 schulthess-product-speaker-headline-wrapper\u00a0\u00bb _builder_version=\u00a0\u00bb4.27.4&Prime; _module_preset=\u00a0\u00bbdefault\u00a0\u00bb locked=\u00a0\u00bboff\u00a0\u00bb global_colors_info=\u00a0\u00bb{}\u00a0\u00bb]<\/p>\n<h5>Referierende<\/h5>\n<p>[\/et_pb_text][et_pb_code _builder_version=\u00a0\u00bb4.19.5&Prime; _module_preset=\u00a0\u00bbdefault\u00a0\u00bb locked=\u00a0\u00bboff\u00a0\u00bb global_colors_info=\u00a0\u00bb{}\u00a0\u00bb]<div class=\"sf-speaker-slider\"><div class=\"uk-position-relative uk-visible-toggle uk-light\" tabindex=\"-1\"><ul class=\"uk-grid-small uk-child-width-1-4@s uk-child-width-1-4@m uk-child-width-1-4@l\" uk-grid uk-height-match=\"target: > li > .uk-card\">\n\n            <li>\n                <div class=\"uk-card uk-card-default\">\n                    <a href=\"#referent-9455\" uk-toggle>\n                    <div class=\"uk-card-media-top\">\n                        <img loading=\"lazy\" decoding=\"async\" width=\"200\" height=\"242\" src=\"https:\/\/www.schulthessforum.ch\/wp-content\/media\/marti_mario_200x242_px.png\" class=\"attachment-schulthess_speaker size-schulthess_speaker wp-post-image\" alt=\"Mario Marti\" \/>\n                        <div class=\"uk-label referenten-tagesleitung\">Direction<\/div>\n                    <\/div>\n                    <div class=\"uk-card uk-card-body\">\n                        <h4 class=\"speaker-card-name cardslider-card-name\">Dr. Mario Marti<\/h4>\n                    <\/div>\n                    <\/a>\n                <\/div>\n            <\/li>\n            \n\n            <li>\n                <div class=\"uk-card uk-card-default\">\n                    <a href=\"#referent-30026\" uk-toggle>\n                    <div class=\"uk-card-media-top\">\n                        <img loading=\"lazy\" decoding=\"async\" width=\"200\" height=\"242\" src=\"https:\/\/www.schulthessforum.ch\/wp-content\/media\/Referenten\/Fetz_Marco_200x242px.jpg\" class=\"attachment-schulthess_speaker size-schulthess_speaker wp-post-image\" alt=\"\" \/>\n                        \n                    <\/div>\n                    <div class=\"uk-card uk-card-body\">\n                        <h4 class=\"speaker-card-name cardslider-card-name\"> Marco Fetz<\/h4>\n                    <\/div>\n                    <\/a>\n                <\/div>\n            <\/li>\n            \n\n            <li>\n                <div class=\"uk-card uk-card-default\">\n                    <a href=\"#referent-26714\" uk-toggle>\n                    <div class=\"uk-card-media-top\">\n                        <img loading=\"lazy\" decoding=\"async\" width=\"200\" height=\"242\" src=\"https:\/\/www.schulthessforum.ch\/wp-content\/media\/Referenten\/Hadorn_Sarah_200x242px.jpg\" class=\"attachment-schulthess_speaker size-schulthess_speaker wp-post-image\" alt=\"\" \/>\n                        \n                    <\/div>\n                    <div class=\"uk-card uk-card-body\">\n                        <h4 class=\"speaker-card-name cardslider-card-name\"> Sarah Hadorn<\/h4>\n                    <\/div>\n                    <\/a>\n                <\/div>\n            <\/li>\n            \n\n            <li>\n                <div class=\"uk-card uk-card-default\">\n                    <a href=\"#referent-9461\" uk-toggle>\n                    <div class=\"uk-card-media-top\">\n                        <img loading=\"lazy\" decoding=\"async\" width=\"200\" height=\"242\" src=\"https:\/\/www.schulthessforum.ch\/wp-content\/media\/steiner_marc_200x242_px_0.png\" class=\"attachment-schulthess_speaker size-schulthess_speaker wp-post-image\" alt=\"Marc Steiner\" \/>\n                        \n                    <\/div>\n                    <div class=\"uk-card uk-card-body\">\n                        <h4 class=\"speaker-card-name cardslider-card-name\"> Marc Steiner<\/h4>\n                    <\/div>\n                    <\/a>\n                <\/div>\n            <\/li>\n            \n\n            <li>\n                <div class=\"uk-card uk-card-default\">\n                    <a href=\"#referent-30498\" uk-toggle>\n                    <div class=\"uk-card-media-top\">\n                        <img loading=\"lazy\" decoding=\"async\" width=\"200\" height=\"242\" src=\"https:\/\/www.schulthessforum.ch\/wp-content\/media\/Referenten\/Stier_Andreas_200x242px.jpg\" class=\"attachment-schulthess_speaker size-schulthess_speaker wp-post-image\" alt=\"\" \/>\n                        \n                    <\/div>\n                    <div class=\"uk-card uk-card-body\">\n                        <h4 class=\"speaker-card-name cardslider-card-name\"> Andreas Stier<\/h4>\n                    <\/div>\n                    <\/a>\n                <\/div>\n            <\/li>\n            <\/ul><\/div>\n        <div id=\"referent-9455\" class=\"referent-modal uk-flex-top\" uk-modal>\n            <div class=\"uk-modal-dialog uk-margin-auto-vertical\">\n                <button class=\"uk-modal-close-default\" type=\"button\" uk-close><\/button>\n                <div class=\"uk-grid-small\" uk-grid>\n                    <div class=\"uk-width-auto@m\">\n                        <div class=\"uk-card-badge uk-label referenten-tagesleitung\">Direction<\/div>\n                        <img loading=\"lazy\" decoding=\"async\" width=\"200\" height=\"242\" src=\"https:\/\/www.schulthessforum.ch\/wp-content\/media\/marti_mario_200x242_px.png\" class=\"attachment-schulthess_speaker size-schulthess_speaker wp-post-image\" alt=\"Mario Marti\" \/>\n                    <\/div>\n                    <div class=\"uk-width-expand@m\">\n                        <h4 class=\"uk-modal-title\">Dr. Mario Marti<\/h4>\n                        <p class=\"referent-info\"><span class=\"referenten-position\">Dr. iur., Rechtsanwalt und Managing Partner,<\/span> <span class=\"referenten-company\">Kellerhals Carrard<\/span><\/p>\n                        <p class=\"referent-kurzbeschreibung\"><p>Dr. Mario Marti ist Rechtsanwalt und Managing Partner des Berner Standortes von Kellerhals Carrard. Er ist im allgemeinen Vertragsrecht sowie namentlich im privaten Baurecht sowie dem \u00f6ffentlichen Beschaffungsrecht spezialisiert. Seit 2006 ist Dr. Mario Marti Gesch\u00e4ftsf\u00fchrer von suisse.ing (vormals: usic), der Schweizerischen Vereinigung Beratender Ingenieurunternehmungen. In dieser Funktion hat er die j\u00fcngste Revision des \u00f6ffentlichen Beschaffungsrechts aktiv mitbegleitet. Zum neuen Recht hat er eine Publikation \u00abDer Paradigmenwechsel im \u00f6ffentlichen Beschaffungsrecht\u00bb verfasst. Dr. Mario Marti studierte an den Universit\u00e4ten Bern und Poitiers (F). An der University of Oxford (UK) erlangte er das Diplom Magister Juris (MJur).<\/p>\n<\/p>\n                    <\/div>\n                <\/div>\n\n                <div class=\"uk-modal-footer card-arrows uk-text-right\">\n                    <button href=\"javascript:void(0);\" class=\"card-arrow-prev\" onclick=\"navigateReferent('prev', 30498);\"><\/button>\n                    <button href=\"javascript:void(0);\" class=\"card-arrow-next\" onclick=\"navigateReferent('next', 30026);\"><\/button>\n                <\/div>\n            <\/div>\n        <\/div>\n        \n        <div id=\"referent-30026\" class=\"referent-modal uk-flex-top\" uk-modal>\n            <div class=\"uk-modal-dialog uk-margin-auto-vertical\">\n                <button class=\"uk-modal-close-default\" type=\"button\" uk-close><\/button>\n                <div class=\"uk-grid-small\" uk-grid>\n                    <div class=\"uk-width-auto@m\">\n                        \n                        <img loading=\"lazy\" decoding=\"async\" width=\"200\" height=\"242\" src=\"https:\/\/www.schulthessforum.ch\/wp-content\/media\/Referenten\/Fetz_Marco_200x242px.jpg\" class=\"attachment-schulthess_speaker size-schulthess_speaker wp-post-image\" alt=\"\" \/>\n                    <\/div>\n                    <div class=\"uk-width-expand@m\">\n                        <h4 class=\"uk-modal-title\"> Marco Fetz<\/h4>\n                        <p class=\"referent-info\"><span class=\"referenten-position\">Rechtsanwalt, EMBA HSG, Leiter Einkauf Bauprojekte, <\/span> <span class=\"referenten-company\">SBB Infrastruktur<\/span><\/p>\n                        <p class=\"referent-kurzbeschreibung\"><p>Kaum in Besitz des Anwaltspatents des Kantons Z\u00fcrich kam Marco Fetz vor mehr als 20 Jahren mit dem Beschaffungsrecht in Kontakt. Angezogen von der Thematik nahm er die Stelle als Projektleiter f\u00fcr die Revision des Bundesgesetzes \u00fcber das \u00f6ffentliche Beschaffungswesens (B\u00f6B) in Bundesbern an. Dieses Projekt scheiterte zwar an den Kantonen. Die damals vorgeschlagenen inhaltlichen L\u00f6sungen fanden aber ihren Weg viele Jahre sp\u00e4ter in die zweite nun erfolgreiche Revision der Beschaffungsgesetze von Bund und Kantonen. In der Zwischenzeit hatte sich Marco Fetz daran gemacht zu pr\u00fcfen, ob seine theoretischen Ans\u00e4tze in der Praxis funktionieren: Als Vizedirektor in einem Bundesamt war er verantwortlich f\u00fcr die zivilen Beschaffungen von G\u00fctern und Dienstleistungen der Bundesbeh\u00f6rden und zwar auch f\u00fcr die IT in Zeiten von \u00abinsieme\u00bb. Dann zog es ihn \u2013 nach einer wirtschaftlichen Zusatzausbildung an der HSG \u2013 in einen anderen Bereich n\u00e4mlich in den Bau. Er ist seit gut sieben Jahren verantwortlich f\u00fcr die Beschaffung von Bauprojekten in der Infrastruktur der SBB mit einem Jahresvolumen von gut CHF 1.2 Mrd. Und nach mehr als 20 Jahren Erfahrungen kann er mit \u00dcberzeugung sagen: Die Beschaffung ist und bleibt eine immanent praktische Kunst.<\/p>\n<\/p>\n                    <\/div>\n                <\/div>\n\n                <div class=\"uk-modal-footer card-arrows uk-text-right\">\n                    <button href=\"javascript:void(0);\" class=\"card-arrow-prev\" onclick=\"navigateReferent('prev', 9455);\"><\/button>\n                    <button href=\"javascript:void(0);\" class=\"card-arrow-next\" onclick=\"navigateReferent('next', 26714);\"><\/button>\n                <\/div>\n            <\/div>\n        <\/div>\n        \n        <div id=\"referent-26714\" class=\"referent-modal uk-flex-top\" uk-modal>\n            <div class=\"uk-modal-dialog uk-margin-auto-vertical\">\n                <button class=\"uk-modal-close-default\" type=\"button\" uk-close><\/button>\n                <div class=\"uk-grid-small\" uk-grid>\n                    <div class=\"uk-width-auto@m\">\n                        \n                        <img loading=\"lazy\" decoding=\"async\" width=\"200\" height=\"242\" src=\"https:\/\/www.schulthessforum.ch\/wp-content\/media\/Referenten\/Hadorn_Sarah_200x242px.jpg\" class=\"attachment-schulthess_speaker size-schulthess_speaker wp-post-image\" alt=\"\" \/>\n                    <\/div>\n                    <div class=\"uk-width-expand@m\">\n                        <h4 class=\"uk-modal-title\"> Sarah Hadorn<\/h4>\n                        <p class=\"referent-info\"><span class=\"referenten-position\">Wissenschaftliche Mitarbeiterin, Sekretariat der Wettbewerbskommission <\/span> <span class=\"referenten-company\">WEKO <\/span><\/p>\n                        <p class=\"referent-kurzbeschreibung\"><p>Sarah Hadorn arbeitet seit gut 5 Jahren beim Sekretariat der Wettbewerbskommission im Dienst Produktem\u00e4rkte. In dieser Funktion f\u00fchrt sie verschiedene kartellrechtliche Verfahren im Bereich von Kartellen und marktbeherrschenden Stellungen. Weiter erstellt sie rechtliche Analysen und Grundlagen f\u00fcr die Entscheide der WEKO, f\u00fchrt Ermittlungsmassnahmen (Einvernahmen, Hausdurchsuchungen) durch und verfasst Rechtsschriften in Beschwerdeverfahren vor den Gerichten. Sie ist Datenschutz-, \u00d6ffentlichkeits- und Informationssicherheitsberaterin der Beh\u00f6rde. Sarah Hadorn verf\u00fcgt \u00fcber das Anwaltspatent.<\/p>\n<\/p>\n                    <\/div>\n                <\/div>\n\n                <div class=\"uk-modal-footer card-arrows uk-text-right\">\n                    <button href=\"javascript:void(0);\" class=\"card-arrow-prev\" onclick=\"navigateReferent('prev', 30026);\"><\/button>\n                    <button href=\"javascript:void(0);\" class=\"card-arrow-next\" onclick=\"navigateReferent('next', 9461);\"><\/button>\n                <\/div>\n            <\/div>\n        <\/div>\n        \n        <div id=\"referent-9461\" class=\"referent-modal uk-flex-top\" uk-modal>\n            <div class=\"uk-modal-dialog uk-margin-auto-vertical\">\n                <button class=\"uk-modal-close-default\" type=\"button\" uk-close><\/button>\n                <div class=\"uk-grid-small\" uk-grid>\n                    <div class=\"uk-width-auto@m\">\n                        \n                        <img loading=\"lazy\" decoding=\"async\" width=\"200\" height=\"242\" src=\"https:\/\/www.schulthessforum.ch\/wp-content\/media\/steiner_marc_200x242_px_0.png\" class=\"attachment-schulthess_speaker size-schulthess_speaker wp-post-image\" alt=\"Marc Steiner\" \/>\n                    <\/div>\n                    <div class=\"uk-width-expand@m\">\n                        <h4 class=\"uk-modal-title\"> Marc Steiner<\/h4>\n                        <p class=\"referent-info\"><span class=\"referenten-position\">lic. iur, Rechtsanwalt, Richter am Bundesverwaltungsgericht, Dozent<\/span> <span class=\"referenten-company\">Berner Fachhochschule BFH<\/span><\/p>\n                        <p class=\"referent-kurzbeschreibung\"><p>Marc Steiner ist seit 2007 Richter am schweizerischen Bundesverwaltungsgericht, wo er den Aufbau des Fachbereichs \u00f6ffentliches Beschaffungswesen mitverantwortet hat. Er hat auch in den Bereichen Marken- und Kartellrecht Spuren hinterlassen. Marc Steiner hat sich national und international vor allem auch mit der Zul\u00e4ssigkeit der Ber\u00fccksichtigung von Nachhaltigkeitsaspekten im Rahmen der \u00f6ffentlichen Beschaffung auseinandergesetzt. Als letzter Text zum Thema sei das Kapitel \u00abInternationale Rechtsgrundlagen [insb. Welthandelsvergaberecht]\u00bb im \u00abHandbuch Nachhaltigkeit im Vergaberecht\u00bb (C.H. Beck 2024) erw\u00e4hnt.<\/p>\n<\/p>\n                    <\/div>\n                <\/div>\n\n                <div class=\"uk-modal-footer card-arrows uk-text-right\">\n                    <button href=\"javascript:void(0);\" class=\"card-arrow-prev\" onclick=\"navigateReferent('prev', 26714);\"><\/button>\n                    <button href=\"javascript:void(0);\" class=\"card-arrow-next\" onclick=\"navigateReferent('next', 30498);\"><\/button>\n                <\/div>\n            <\/div>\n        <\/div>\n        \n        <div id=\"referent-30498\" class=\"referent-modal uk-flex-top\" uk-modal>\n            <div class=\"uk-modal-dialog uk-margin-auto-vertical\">\n                <button class=\"uk-modal-close-default\" type=\"button\" uk-close><\/button>\n                <div class=\"uk-grid-small\" uk-grid>\n                    <div class=\"uk-width-auto@m\">\n                        \n                        <img loading=\"lazy\" decoding=\"async\" width=\"200\" height=\"242\" src=\"https:\/\/www.schulthessforum.ch\/wp-content\/media\/Referenten\/Stier_Andreas_200x242px.jpg\" class=\"attachment-schulthess_speaker size-schulthess_speaker wp-post-image\" alt=\"\" \/>\n                    <\/div>\n                    <div class=\"uk-width-expand@m\">\n                        <h4 class=\"uk-modal-title\"> Andreas Stier<\/h4>\n                        <p class=\"referent-info\"><span class=\"referenten-position\">Leiter Kundenmanagement, Technologiescouting, Nachhaltigkeit Textilien,<\/span> <span class=\"referenten-company\">armasuisse<\/span><\/p>\n                        <p class=\"referent-kurzbeschreibung\"><p>Andreas Stier ist seit \u00fcber 40 Jahren in verschiedenen Positionen in der Textilindustrie t\u00e4tig und somit ein Urgestein dieser Branche. Die nachhaltige Textilbeschaffung im \u00f6ffentlichen Sektor geh\u00f6rt zu seinen Hauptaufgaben, welche er engagiert vorantreibt.<\/p>\n<p>&nbsp;<\/p>\n<\/p>\n                    <\/div>\n                <\/div>\n\n                <div class=\"uk-modal-footer card-arrows uk-text-right\">\n                    <button href=\"javascript:void(0);\" class=\"card-arrow-prev\" onclick=\"navigateReferent('prev', 9461);\"><\/button>\n                    <button href=\"javascript:void(0);\" class=\"card-arrow-next\" onclick=\"navigateReferent('next', 9455);\"><\/button>\n                <\/div>\n            <\/div>\n        <\/div>\n        <\/div>\n      <script>\n          function navigateReferent(direction, currentID) {\n              var speakers = [9455,30026,26714,9461,30498];\n              var currentIndex = speakers.indexOf(currentID);\n\n              if (direction === \"prev\") {\n                  currentIndex = (currentIndex + speakers.length) % speakers.length;\n              } else if (direction === \"next\") {\n                  currentIndex = (currentIndex ) % speakers.length;\n              }\n\n              var targetID = speakers[currentIndex];\n              var targetModal = document.getElementById(\"referent-\" + targetID);\n              UIkit.modal(targetModal).show();\n          }\n      <\/script>\n        <script>\n            document.addEventListener(\"DOMContentLoaded\", function() {\n                const modalLinks = document.querySelectorAll(\"[uk-toggle]\");\n                const pageContainer = document.getElementById(\"page-container\");\n\n                \/\/ Neues <div> Element erstellen\n                const newDiv = document.createElement(\"div\");\n                newDiv.className = \"referenten-modal-background\";\n\n                \/\/ Das neue <div> dem Element mit der ID \"page-container\" hinzuf\u00fcgen\n                pageContainer.insertBefore(newDiv, pageContainer.firstChild);\n\n                const referentenModalBackground = document.querySelector(\".referenten-modal-background\");\n\n                modalLinks.forEach(link => {\n                    link.addEventListener(\"click\", function(event) {\n                        event.preventDefault();\n                        referentenModalBackground.classList.add(\"referenten-modal-open\");\n                    });\n                });\n\n                const modals = document.querySelectorAll(\".referent-modal\");\n                modals.forEach(modal => {\n                    modal.addEventListener(\"click\", function(event) {\n                        if (event.target === modal) {\n                            referentenModalBackground.classList.remove(\"referenten-modal-open\");\n                        }\n                    });\n                });\n\n                const closeModalButtons = document.querySelectorAll(\".uk-modal-close-default\");\n                closeModalButtons.forEach(button => {\n                    button.addEventListener(\"click\", function() {\n                        referentenModalBackground.classList.remove(\"referenten-modal-open\");\n                    });\n                });\n\n                \/\/ Funktion, um die Klasse zu entfernen\n                function closeModal() {\n                    referentenModalBackground.classList.remove(\"referenten-modal-open\");\n                }\n\n                \/\/ Event Listener f\u00fcr das Dr\u00fccken der Esc-Taste\n                document.addEventListener(\"keydown\", function(event) {\n                    if (event.key === \"Escape\") {\n                        closeModal();\n                    }\n                });\n            });\n        <\/script>[\/et_pb_code][\/et_pb_column_inner][\/et_pb_row_inner][et_pb_row_inner admin_label=\u00a0\u00bbFachthemen\u00a0\u00bb module_id=\u00a0\u00bbschulthess-product-specinfo\u00a0\u00bb _builder_version=\u00a0\u00bb4.22.1&Prime; _module_preset=\u00a0\u00bbdefault\u00a0\u00bb collapsed=\u00a0\u00bbon\u00a0\u00bb global_colors_info=\u00a0\u00bb{}\u00a0\u00bb][et_pb_column_inner saved_specialty_column_type=\u00a0\u00bb3_4&Prime; _builder_version=\u00a0\u00bb4.16&Prime; _module_preset=\u00a0\u00bbdefault\u00a0\u00bb global_colors_info=\u00a0\u00bb{}\u00a0\u00bb][et_pb_text admin_label=\u00a0\u00bb\u00dcberschrift\u00a0\u00bb module_id=\u00a0\u00bbschulthess-fachinformationen\u00a0\u00bb module_class=\u00a0\u00bbsf-h2&Prime; _builder_version=\u00a0\u00bb4.19.5&Prime; _module_preset=\u00a0\u00bbdefault\u00a0\u00bb global_colors_info=\u00a0\u00bb{}\u00a0\u00bb]<\/p>\n<h5>Fachthemen<\/h5>\n<p>[\/et_pb_text][et_pb_code _builder_version=\u00a0\u00bb4.19.5&Prime; _module_preset=\u00a0\u00bbdefault\u00a0\u00bb locked=\u00a0\u00bboff\u00a0\u00bb global_colors_info=\u00a0\u00bb{}\u00a0\u00bb]\n  <div class=\"sf-post-list\">\n\n    \n      \n              <div class=\"sf-full-width-row\">\n                <article class=\"sf-post-list-item sf-post-list-item-30410 et_pb_column_1_3 et_pb_column\">\n              <a href=\"https:\/\/www.schulthessforum.ch\/fachbeitrag\/ausschluss-von-anbietern-mit-unserioesen-angeboten-tiefpreise-schlechten-leistungen-oder-nicht-vertrauenswuerdigem-verhalten\/\" target=\"_blank\" rel=\"nofollow noopener\" title=\"Ausschluss von Anbietern mit unseri\u00f6sen Angeboten (Tiefpreise), schlechten Leistungen oder nicht vertrauensw\u00fcrdigem Verhalten\">\n              <div class=\"sf-post-list-item-content-wrapper\">\n                  <div class=\"sf-post-list-item-content\">\n                                            <h3 class=\"fachbeitrag-autor\">\n                          Marco Fetz                      <\/h3>\n                                            <div clasS=\"sf-post-list-item-title-wrapper\">\n                        <h3 class=\"sf-post-list-item-title\">\n                            Ausschluss von Anbietern mit unseri\u00f6sen Angeboten (Tiefpreise), schlechten Leistungen oder nicht vertrauensw\u00fcrdigem Verhalten                        <\/h3>\n                      <\/div>\n                      <div class=\"sf-post-list-item-excerpt\">\n                          Das Beschaffungsrecht setzt sich ein f\u00fcr Transparenz und Gleichbehandlung und will den Wettbewerb f\u00f6rdern. Das sind hehre Ziele, die keiner in Frage stellen will. Der Wettbewerb soll allerdings fair sein und nicht mit unlauteren Mitteln umgangen werden. Deshalb haben die Verb\u00e4nde und auch die Auf...                      <\/div>\n                  <\/div>\n\n              <\/div>\n              <\/a>\n          <\/article>\n            \n  \n      \n                <article class=\"sf-post-list-item sf-post-list-item-30413 et_pb_column_1_3 et_pb_column\">\n              <a href=\"https:\/\/www.schulthessforum.ch\/fachbeitrag\/bald-5-jahre-nach-inkkrafttreten-des-neuen-beschaffungsrechts-ein-blick-zurueck-und-einer-nach-vorne\/\" target=\"_blank\" rel=\"nofollow noopener\" title=\"Bald 5 Jahre nach Inkrafttreten des neuen Beschaffungsrechts: Ein Blick zur\u00fcck und einer nach vorne\">\n              <div class=\"sf-post-list-item-content-wrapper\">\n                  <div class=\"sf-post-list-item-content\">\n                                            <h3 class=\"fachbeitrag-autor\">\n                          Marc Steiner                      <\/h3>\n                                            <div clasS=\"sf-post-list-item-title-wrapper\">\n                        <h3 class=\"sf-post-list-item-title\">\n                            Bald 5 Jahre nach Inkrafttreten des neuen Beschaffungsrechts: Ein Blick zur\u00fcck und einer nach vorne                        <\/h3>\n                      <\/div>\n                      <div class=\"sf-post-list-item-excerpt\">\n                          Nach dem Inkrafttreten des neuen Rechts war in der Szene strittig, ob in der Vergaberechtsreform ein Paradigmenwechsel zu sehen ist oder nicht. Die Arbeitshypothese des Referenten lautet: Die Summe von neuem Vergaberecht, Klimagesetz, Stromgesetz und Kreislaufwirtschaftsvorlage ergibt auf jeden Fall...                      <\/div>\n                  <\/div>\n\n              <\/div>\n              <\/a>\n          <\/article>\n              <\/div>\n            \n  <\/div>\n\n  [\/et_pb_code][\/et_pb_column_inner][\/et_pb_row_inner][\/et_pb_column][et_pb_column type=\u00a0\u00bb1_4&Prime; _builder_version=\u00a0\u00bb4.16&Prime; custom_padding=\u00a0\u00bb|||\u00a0\u00bb global_colors_info=\u00a0\u00bb{}\u00a0\u00bb custom_padding__hover=\u00a0\u00bb|||\u00a0\u00bb][et_pb_text disabled_on=\u00a0\u00bboff|off|off\u00a0\u00bb admin_label=\u00a0\u00bbTermin &#8211; Info\u00a0\u00bb module_class=\u00a0\u00bbdetail-info-sidebar-bg event-termin-info\u00a0\u00bb _builder_version=\u00a0\u00bb4.19.5&Prime; _module_preset=\u00a0\u00bbdefault\u00a0\u00bb global_colors_info=\u00a0\u00bb{}\u00a0\u00bb]<\/p>\n<h3>Termin \/ Format<\/h3>\n<p><span class=\"event-date-termin-info\">10.09.2025 | 09:00 - 12:15<\/span><br><span class=\"event-kategorie-termin-info\">\u00d6ffentliche Verwaltung | Wirtschaftsrecht | Webinar<\/span>[\/et_pb_text][et_pb_text disabled_on=\u00a0\u00bbon|on|on\u00a0\u00bb admin_label=\u00a0\u00bbPreis &#8211; Info\u00a0\u00bb module_class=\u00a0\u00bbdetail-info-sidebar-bg\u00a0\u00bb _builder_version=\u00a0\u00bb4.21.0&Prime; _module_preset=\u00a0\u00bbdefault\u00a0\u00bb disabled=\u00a0\u00bbon\u00a0\u00bb global_colors_info=\u00a0\u00bb{}\u00a0\u00bb]<div class=\"sf-product-variant-detail-wrapper\" id=\"sf-product-variant-detail-wrapper\"><form action=\"https:\/\/www.schulthessforum.ch\/fr\/warenkorb\/\" method=\"get\"><h3 class=\"sf-product-variant-headline-1\">\u00c9v\u00e9nement en ligne<\/h3><label class=\"sf-product-variant-detail\"><input class=\"sf-product-variant-input\" type=\"radio\" id=\"30394\" name=\"variante\" value=\"30394\" required><span class=\"woocommerce-Price-amount amount\"><bdi><span class=\"woocommerce-Price-currencySymbol\">&#67;&#72;&#70;<\/span>&nbsp;390.00<\/bdi><\/span> TVA de 8.1% en sus.<\/label><input type=\"hidden\" id=\"30393\" name=\"event\" value=\"30393\"><span class=\"anmeldebutton-wrapper\"><input class=\"et_pb_button et_pb_button_0 schulthess-buy-button single_add_to_cart_button button wp-element-button\" data-icon=\"9\" type=\"submit\" value=\"Inscription\"><span class=\"anmeldebutton-icon\"><\/span><\/span><\/form><\/div>[\/et_pb_text][et_pb_code disabled_on=\u00a0\u00bbon|on|on\u00a0\u00bb admin_label=\u00a0\u00bbCredits &#8211; Info\u00a0\u00bb _builder_version=\u00a0\u00bb4.20.2&Prime; _module_preset=\u00a0\u00bbdefault\u00a0\u00bb custom_margin=\u00a0\u00bb||15px||false|false\u00a0\u00bb disabled=\u00a0\u00bbon\u00a0\u00bb locked=\u00a0\u00bboff\u00a0\u00bb global_colors_info=\u00a0\u00bb{}\u00a0\u00bb][\/et_pb_code][et_pb_code disabled_on=\u00a0\u00bbon|on|on\u00a0\u00bb admin_label=\u00a0\u00bbCicero &#8211; Info\u00a0\u00bb _builder_version=\u00a0\u00bb4.20.2&Prime; _module_preset=\u00a0\u00bbdefault\u00a0\u00bb custom_margin=\u00a0\u00bb||15px||false|false\u00a0\u00bb disabled=\u00a0\u00bbon\u00a0\u00bb locked=\u00a0\u00bboff\u00a0\u00bb global_colors_info=\u00a0\u00bb{}\u00a0\u00bb][\/et_pb_code][et_pb_blurb disabled_on=\u00a0\u00bbon|on|on\u00a0\u00bb admin_label=\u00a0\u00bbCredits\u00a0\u00bb _builder_version=\u00a0\u00bb4.21.0&Prime; _module_preset=\u00a0\u00bbdefault\u00a0\u00bb background_color=\u00a0\u00bb#efefef\u00a0\u00bb custom_padding=\u00a0\u00bb40px|40px|40px|40px|false|false\u00a0\u00bb disabled=\u00a0\u00bbon\u00a0\u00bb global_colors_info=\u00a0\u00bb{}\u00a0\u00bb]<img loading=\"lazy\" decoding=\"async\" class=\"alignright wp-image-8750 \" src=\"https:\/\/www.schulthessforum.ch\/wp-content\/media\/sjm-punkte-e1688047106873-300x230.png\" alt=\"\" width=\"112\" height=\"86\" \/>Teilnehmer des Webinars erhalten <strong>2 Credits der Swiss Insurance Medicine (SIM).<\/strong> [\/et_pb_blurb][et_pb_blurb title=\u00a0\u00bbWen Sie am 3. Oktober 2023 treffen:\u00a0\u00bb image_icon_width=\u00a0\u00bb100%\u00a0\u00bb disabled_on=\u00a0\u00bbon|on|on\u00a0\u00bb admin_label=\u00a0\u00bbWen Sie treffen\u00a0\u00bb _builder_version=\u00a0\u00bb4.21.0&Prime; _module_preset=\u00a0\u00bbdefault\u00a0\u00bb background_color=\u00a0\u00bb#efefef\u00a0\u00bb image_icon_custom_margin=\u00a0\u00bb30px||30px||false|false\u00a0\u00bb custom_padding=\u00a0\u00bb40px|40px|40px|40px|false|false\u00a0\u00bb disabled=\u00a0\u00bbon\u00a0\u00bb global_colors_info=\u00a0\u00bb{}\u00a0\u00bb]<\/p>\n<div class=\"content clearfix\">\n<div class=\"content clearfix\"><img decoding=\"async\" src=\"https:\/\/www.kuendigung-oeffentlichespersonalrecht.ch\/sites\/default\/files\/networking2.jpg\" alt=\"\" \/><\/p>\n<ul>\n<li>Personalverantwortliche in \u00f6ffentlichen Verwaltungen und \u00f6ffentlich-rechtlichen Unternehmen<\/li>\n<li>HR-Mitarbeitende, die von der Privatwirtschaft in \u00f6ffentliche Verwaltung gewechselt haben<\/li>\n<li>Mitarbeitende von Beratungsstellen in Personalfragen insbesondere von Berufs- und Personalverb\u00e4nden<\/li>\n<li>Verb\u00e4nde und Anstalten (Spit\u00e4ler, Hochschulen usw<strong>.<\/strong>) in Kantonen und beim Bund<\/li>\n<li>Gesch\u00e4ftsleitung<\/li>\n<li>Fach- und F\u00fchrungskr\u00e4fte<\/li>\n<li>Vorgesetzte und Personalverantwortliche<\/li>\n<li>Juristinnen und Juristen<\/li>\n<li>Rechtsanw\u00e4ltinnen und Rechtsanw\u00e4lte<\/li>\n<li>Gemeindeschreiberinnen und Gemeindeschreiber<\/li>\n<\/ul>\n<\/div>\n<\/div>\n<p>[\/et_pb_blurb][et_pb_blurb title=\u00a0\u00bbOnlineveranstaltung und On-Demand-Videos\u00a0\u00bb image_icon_width=\u00a0\u00bb100%\u00a0\u00bb disabled_on=\u00a0\u00bbon|on|on\u00a0\u00bb admin_label=\u00a0\u00bbOnlineveranstaltung und On-Demand-Videos\u00a0\u00bb _builder_version=\u00a0\u00bb4.21.0&Prime; _module_preset=\u00a0\u00bbdefault\u00a0\u00bb background_color=\u00a0\u00bb#efefef\u00a0\u00bb image_icon_custom_margin=\u00a0\u00bb30px||30px||false|false\u00a0\u00bb custom_padding=\u00a0\u00bb40px|40px|40px|40px|false|false\u00a0\u00bb disabled=\u00a0\u00bbon\u00a0\u00bb global_colors_info=\u00a0\u00bb{}\u00a0\u00bb]<\/p>\n<div class=\"content clearfix\">\n<div class=\"content clearfix\">\n<h2 class=\"block-title\"><\/h2>\n<div class=\"content clearfix\"><img decoding=\"async\" src=\"https:\/\/www.beschaffungsrecht-tagung.ch\/sites\/default\/files\/laptopbild_rikakoch_360x180px.png\" alt=\"\" \/> Verfolgen Sie das Schulthess Forum Beschaffungsrecht 2023 in real time und nutzen Sie die Gelegenheit, alle Referate im Nachgang, als On-Demand-Videos nochmals anzusehen. So k\u00f6nnen Sie Ihren Arbeitstag individuell organisieren.<\/p>\n<ul>\n<li>Legen Sie Ihre Schwerpunkte selbst fest &#8211; schauen Sie sich Beitr\u00e4ge wiederholt an<\/li>\n<li>Bringen Sie sich ein &#8211; stellen Sie jederzeit Ihre Fragen online an die Referierenden<\/li>\n<li>Rufen Sie sich Inhalte ins Ged\u00e4chtnis zur\u00fcck &#8211; Sie haben 4 Wochen lang Zugriff auf die einzelnen Referate<\/li>\n<\/ul>\n<\/div>\n<\/div>\n<\/div>\n<p>[\/et_pb_blurb][et_pb_blurb title=\u00a0\u00bbVorteilspreis\u00a0\u00bb disabled_on=\u00a0\u00bbon|on|on\u00a0\u00bb admin_label=\u00a0\u00bbVorteilspreis\u00a0\u00bb _builder_version=\u00a0\u00bb4.25.1&Prime; _module_preset=\u00a0\u00bbdefault\u00a0\u00bb background_color=\u00a0\u00bb#efefef\u00a0\u00bb custom_padding=\u00a0\u00bb40px|40px|40px|40px|false|false\u00a0\u00bb link_option_url=\u00a0\u00bbhttps:\/\/bank-kapitalmarktrecht.iusnet.ch\/de\/user\/register\u00a0\u00bb link_option_url_new_window=\u00a0\u00bbon\u00a0\u00bb disabled=\u00a0\u00bbon\u00a0\u00bb global_colors_info=\u00a0\u00bb{}\u00a0\u00bb]15% Rabatt auf den regul\u00e4ren Preis bei Anmeldung von mehr als zwei Personen eines Unternehmens. Der Rabatt wird ab der 3. Anmeldung gew\u00e4hrt. Doppelrabattierungen werden nicht gew\u00e4hrt. [\/et_pb_blurb][et_pb_blurb disabled_on=\u00a0\u00bboff|off|off\u00a0\u00bb admin_label=\u00a0\u00bbWebinarleitung\u00a0\u00bb _builder_version=\u00a0\u00bb4.27.0&Prime; _module_preset=\u00a0\u00bbdefault\u00a0\u00bb background_color=\u00a0\u00bb#efefef\u00a0\u00bb custom_padding=\u00a0\u00bb40px|40px|40px|40px|false|false\u00a0\u00bb global_colors_info=\u00a0\u00bb{}\u00a0\u00bb]<\/p>\n<div class=\"content clearfix\">\n<div class=\"content clearfix\">\n<h3>Webinarleitung<\/h3>\n<p><img loading=\"lazy\" decoding=\"async\" class=\"wp-image-9456 size-full\" src=\"https:\/\/www.schulthessforum.ch\/wp-content\/media\/marti_mario_200x242_px.png\" alt=\"Mario Marti\" width=\"200\" height=\"242\" \/><\/p>\n<p class=\"block-title\">Dr. Mario Marti f\u00fchrt durch das Programm des Schulthess Forum Beschaffungsrecht 2025.<\/p>\n<\/div>\n<\/div>\n<p>[\/et_pb_blurb][et_pb_blurb image_icon_width=\u00a0\u00bb100%\u00a0\u00bb disabled_on=\u00a0\u00bboff|off|off\u00a0\u00bb admin_label=\u00a0\u00bbSystemanforderungen\u00a0\u00bb _builder_version=\u00a0\u00bb4.22.1&Prime; _module_preset=\u00a0\u00bbdefault\u00a0\u00bb background_color=\u00a0\u00bb#efefef\u00a0\u00bb image_icon_custom_margin=\u00a0\u00bb30px||30px||false|false\u00a0\u00bb custom_padding=\u00a0\u00bb40px|40px|40px|40px|false|false\u00a0\u00bb global_colors_info=\u00a0\u00bb{}\u00a0\u00bb]<\/p>\n<h3>Systemanforderungen<\/h3>\n<p>F\u00fcr die Webinare verwenden wir die \u00abZoom Video-Webinare\u00bb-Technologie (<a href=\"https:\/\/zoom.us\/\" target=\"_blank\" rel=\"noopener\">zoom.us<\/a>). F\u00fcr die Teilnahme an einem Webinar ist ein Computer (<a href=\"https:\/\/support.zoom.us\/hc\/de\/articles\/201362023-Systemanforderungen-f%C3%BCr-Windows-macOS-und-Linux#h_92957a85-2506-43a2-bd4a-5bb274778518\" target=\"_blank\" rel=\"noopener\">Windows, Mac<\/a>) mit einem aktuellen Browser notwendig. Alternativ kann auch die Zoom-App App auf einem Tablet oder Smartphone (<a href=\"https:\/\/support.zoom.us\/hc\/de\/articles\/201179966\" target=\"_blank\" rel=\"noopener\">Android, iOS<\/a>) verwendet werden. [\/et_pb_blurb][et_pb_blurb disabled_on=\u00a0\u00bboff|off|off\u00a0\u00bb admin_label=\u00a0\u00bbNewsletter-Anmeldung\u00a0\u00bb _builder_version=\u00a0\u00bb4.27.0&Prime; _module_preset=\u00a0\u00bbdefault\u00a0\u00bb background_color=\u00a0\u00bb#efefef\u00a0\u00bb custom_padding=\u00a0\u00bb40px|40px|40px|40px|false|false\u00a0\u00bb global_colors_info=\u00a0\u00bb{}\u00a0\u00bb]<\/p>\n<div class=\"content clearfix\">\n<div class=\"content clearfix\">\n<h3>Newsletter-Anmeldung<\/h3>\n<p><span data-teams=\"true\"><span class=\"ui-provider a b c d e f g h i j k l m n o p q r s t u v w x y z ab ac ae af ag ah ai aj ak\" dir=\"ltr\">M\u00f6chten Sie zu dieser und weiteren Veranstaltungen des Schulthess Forums informiert werden? Melden Sie sich <a href=\"https:\/\/www.schulthessforum.ch\/newsletter\/\"><strong>hier<\/strong><\/a> f\u00fcr den Newsletter an.<\/span><\/span><\/p>\n<\/div>\n<\/div>\n<p>[\/et_pb_blurb][et_pb_blurb title=\u00a0\u00bbGr\u00fcnde f\u00fcr Ihre Teilnahme:\u00a0\u00bb disabled_on=\u00a0\u00bbon|on|on\u00a0\u00bb admin_label=\u00a0\u00bbGr\u00fcnde f\u00fcr Ihre Teilnahme:\u00a0\u00bb _builder_version=\u00a0\u00bb4.21.0&Prime; _module_preset=\u00a0\u00bbdefault\u00a0\u00bb background_color=\u00a0\u00bb#efefef\u00a0\u00bb custom_padding=\u00a0\u00bb40px|40px|40px|40px|false|false\u00a0\u00bb link_option_url=\u00a0\u00bbhttps:\/\/bank-kapitalmarktrecht.iusnet.ch\/de\/user\/register\u00a0\u00bb link_option_url_new_window=\u00a0\u00bbon\u00a0\u00bb disabled=\u00a0\u00bbon\u00a0\u00bb global_colors_info=\u00a0\u00bb{}\u00a0\u00bb]<\/p>\n<div class=\"content clearfix\">\n<ul>\n<li>Kompakte Wissensvermittlung von erfahrenen Experten.<\/li>\n<li>Sie k\u00f6nnen jederzeit Fragen an die Referenten stellen und sich mit anderen Teilnehmenden austauschen.<\/li>\n<li>Unsere Referenten stehen Ihnen auch nach dem Workshop bei Fragen zur Verf\u00fcgung.<\/li>\n<li>Best Practices: Die Vortr\u00e4ge geben Ihnen praxisnahe Einblicke und spannende Beispiele.<\/li>\n<li>Zum Abschluss erhalten Sie ein Zertifikat, das Ihr neu erworbenes Wissen dokumentiert.<\/li>\n<\/ul>\n<\/div>\n<p>[\/et_pb_blurb][et_pb_text disabled_on=\u00a0\u00bbon|on|on\u00a0\u00bb admin_label=\u00a0\u00bbAnreise &#8211; Info\u00a0\u00bb module_class=\u00a0\u00bbdetail-info-sidebar-bg\u00a0\u00bb _builder_version=\u00a0\u00bb4.21.0&Prime; _module_preset=\u00a0\u00bbdefault\u00a0\u00bb disabled=\u00a0\u00bbon\u00a0\u00bb global_colors_info=\u00a0\u00bb{}\u00a0\u00bb]<\/p>\n<p id=\"page-title\" class=\"title\"><strong>Veranstaltungsort<\/strong><\/p>\n<div id=\"block-system-main\" class=\"block block-system block-main block-system-main odd block-without-title\">\n<div class=\"block-inner clearfix\">\n<div class=\"content clearfix\">\n<article id=\"node-anreise-372--2\" class=\"node node-anreise node-published node-not-promoted node-not-sticky author-supadmin even clearfix\">\n<div class=\"content clearfix\">\n<div class=\"field field-name-body field-type-text-with-summary field-label-hidden\">\n<div class=\"field-items\">\n<div class=\"field-item even\">Das\u00a0Seminar findet im Hotel Belvoir\u00a0R\u00fcschlikon statt. Hotel Belvoir R\u00fcschlikon S\u00e4umerstrasse 37 8803 R\u00fcschlikon <strong>Anreise mit dem Auto<\/strong> Das Hotel Belvoir R\u00fcschlikon verf\u00fcgt \u00fcber einen Aussenparkplatz sowie \u00fcber eine Tiefgarage. Die Aussenparkpl\u00e4tze sind barrierefrei befahrbar. F\u00fcr die Tiefgarage wird Ihnen ein entsprechendes Ausfahrtsticket ausgeh\u00e4ndigt. Als Teilnehmer von diesem Seminar stellen wir Ihnen, bei Verf\u00fcgbarkeit, den Parkplatz kostenfrei zur Verf\u00fcgung. <strong>Anreise mit den \u00f6ffentlichen Verkehrsmitteln<\/strong><\/p>\n<ul>\n<li>Von Z\u00fcrich HB: S8 nach R\u00fcschlikon und mit dem Bus 165 weiter bis zur Haltestelle Belvoir.<\/li>\n<li>Vom B\u00fcrkliplatz: Innert 15 Minuten mit dem Bus 165 direkt bis zur Haltestelle Belvoir.<\/li>\n<\/ul>\n<\/div>\n<\/div>\n<\/div>\n<\/div>\n<\/article>\n<\/div>\n<\/div>\n<\/div>\n<p>[\/et_pb_text][et_pb_blurb title=\u00a0\u00bbWerden Sie Partner!\u00a0\u00bb disabled_on=\u00a0\u00bbon|on|on\u00a0\u00bb admin_label=\u00a0\u00bbPartner werden\u00a0\u00bb _builder_version=\u00a0\u00bb4.21.0&Prime; _module_preset=\u00a0\u00bbdefault\u00a0\u00bb background_color=\u00a0\u00bb#efefef\u00a0\u00bb custom_padding=\u00a0\u00bb40px|40px|40px|40px|false|false\u00a0\u00bb disabled=\u00a0\u00bbon\u00a0\u00bb global_colors_info=\u00a0\u00bb{}\u00a0\u00bb]<img loading=\"lazy\" decoding=\"async\" class=\"alignright wp-image-8750 \" src=\"https:\/\/www.schulthessforum.ch\/wp-content\/media\/sjm-punkte-e1688047106873-300x230.png\" alt=\"\" width=\"112\" height=\"86\" \/>Gerne beraten wir Sie und konzipieren auf Wunsch gemeinsam mit Ihnen einen individuellen Auftritt.<\/p>\n<div class=\"content clearfix\">Rufen Sie uns an: Schulthess Forum Tel. +41 44 200 29 29 <a href=\"mailto:veranstaltungen@schulthess.com\">veranstaltungen@schulthess.com<\/a><\/div>\n<p>[\/et_pb_blurb][et_pb_blurb title=\u00a0\u00bbDarum lohnt es sich, den Workshop K\u00fcndigung des Arbeitsverh\u00e4ltnisses im \u00f6ffentlichen Personalrecht zu besuchen:\u00a0\u00bb disabled_on=\u00a0\u00bbon|on|on\u00a0\u00bb admin_label=\u00a0\u00bbDarum lohnt es sich\u00a0\u00bb _builder_version=\u00a0\u00bb4.21.0&Prime; _module_preset=\u00a0\u00bbdefault\u00a0\u00bb background_color=\u00a0\u00bb#efefef\u00a0\u00bb custom_padding=\u00a0\u00bb40px|40px|40px|40px|false|false\u00a0\u00bb link_option_url=\u00a0\u00bbhttps:\/\/bank-kapitalmarktrecht.iusnet.ch\/de\/user\/register\u00a0\u00bb link_option_url_new_window=\u00a0\u00bbon\u00a0\u00bb disabled=\u00a0\u00bbon\u00a0\u00bb global_colors_info=\u00a0\u00bb{}\u00a0\u00bb]<\/p>\n<ul>\n<li>\n<div>Wissens-Update und Vertiefung zum aktuellen rechtlichen Stand<\/div>\n<\/li>\n<li>\n<div>Viel Zeit f\u00fcr Fragen, F\u00e4lle, aktuelle Themen und Handlungsempfehlungen<\/div>\n<\/li>\n<li>\n<div>Illustrative Beispiele aus der t\u00e4glichen Praxis f\u00fcr optimalen Praxistransfer<\/div>\n<\/li>\n<li>\n<div>L\u00f6sungsans\u00e4tze, Checklisten, Ablaufpl\u00e4ne und Regiebuch f\u00fcr das K\u00fcndigungsgespr\u00e4ch<\/div>\n<\/li>\n<\/ul>\n<p>[\/et_pb_blurb][et_pb_blurb title=\u00a0\u00bbNoch Fragen?\u00a0\u00bb disabled_on=\u00a0\u00bbon|on|on\u00a0\u00bb admin_label=\u00a0\u00bbKontakt\u00a0\u00bb _builder_version=\u00a0\u00bb4.21.0&Prime; _module_preset=\u00a0\u00bbdefault\u00a0\u00bb background_color=\u00a0\u00bb#efefef\u00a0\u00bb custom_padding=\u00a0\u00bb40px|40px|40px|40px|false|false\u00a0\u00bb disabled=\u00a0\u00bbon\u00a0\u00bb global_colors_info=\u00a0\u00bb{}\u00a0\u00bb]Wir helfen Ihnen gerne weiter <img decoding=\"async\" src=\"https:\/\/www.kuendigung-privatrecht.ch\/sites\/default\/files\/schulthess_kontakt_300x190.jpg\" alt=\"\" \/><\/p>\n<div class=\"content clearfix\">Tel. +41 44 200 29 29 <a href=\"mailto:veranstaltungen@schulthess.com\">veranstaltungen@schulthess.com<\/a><\/div>\n<div class=\"content clearfix\"><\/div>\n<p>[\/et_pb_blurb][et_pb_code disabled_on=\u00a0\u00bbon|on|on\u00a0\u00bb admin_label=\u00a0\u00bbAnzeige(n)\u00a0\u00bb module_class=\u00a0\u00bbschulthess_product_ads\u00a0\u00bb _builder_version=\u00a0\u00bb4.17.4&Prime; _module_preset=\u00a0\u00bbdefault\u00a0\u00bb disabled=\u00a0\u00bbon\u00a0\u00bb locked=\u00a0\u00bboff\u00a0\u00bb global_colors_info=\u00a0\u00bb{}\u00a0\u00bb][\/et_pb_code][et_pb_text disabled_on=\u00a0\u00bbon|on|on\u00a0\u00bb admin_label=\u00a0\u00bbRabatt &#8211; Info\u00a0\u00bb module_class=\u00a0\u00bbdetail-info-sidebar-bg\u00a0\u00bb _builder_version=\u00a0\u00bb4.21.0&Prime; _module_preset=\u00a0\u00bbdefault\u00a0\u00bb disabled=\u00a0\u00bbon\u00a0\u00bb locked=\u00a0\u00bboff\u00a0\u00bb global_colors_info=\u00a0\u00bb{}\u00a0\u00bb]<\/p>\n<h3>Rabatt Info<\/h3>\n<p>15% Rabatt auf den regul\u00e4ren Preis bei Anmeldung von mehr als zwei Personen eines Unternehmens. Der Rabatt wird ab der 3. Anmeldung gew\u00e4hrt. Doppelrabattierungen werden nicht gew\u00e4hrt. [\/et_pb_text][\/et_pb_column][\/et_pb_section][et_pb_section fb_built=\u00a0\u00bb1&Prime; specialty=\u00a0\u00bbon\u00a0\u00bb module_class_2=\u00a0\u00bbschulthess-product-attendee-section\u00a0\u00bb disabled_on=\u00a0\u00bbon|on|on\u00a0\u00bb admin_label=\u00a0\u00bbInhalt mit Teilnehmerbereich\u00a0\u00bb module_id=\u00a0\u00bbschulthess-attendee-section\u00a0\u00bb module_class=\u00a0\u00bbschulthess-hidden\u00a0\u00bb _builder_version=\u00a0\u00bb4.20.2&Prime; _module_preset=\u00a0\u00bbdefault\u00a0\u00bb display_conditions=\u00a0\u00bbW3siaWQiOiI3NDc0ZmExMC0yZTg5LTQ3MDctYjM2Yi1iZDA3ZWJiMGZlZDEiLCJjb25kaXRpb24iOiJsb2dnZWRJblN0YXR1cyIsImNvbmRpdGlvblNldHRpbmdzIjp7ImRpc3BsYXlSdWxlIjoibG9nZ2VkSW4iLCJhZG1pbkxhYmVsIjoiQW5nZW1lbGRldGVyIFN0YXR1cyIsImVuYWJsZUNvbmRpdGlvbiI6Im9uIn0sIm9wZXJhdG9yIjoiT1IifV0=\u00a0\u00bb locked=\u00a0\u00bboff\u00a0\u00bb collapsed=\u00a0\u00bboff\u00a0\u00bb global_colors_info=\u00a0\u00bb{}\u00a0\u00bb disabled=\u00a0\u00bbon\u00a0\u00bb][et_pb_column type=\u00a0\u00bb3_4&Prime; specialty_columns=\u00a0\u00bb3&Prime; _builder_version=\u00a0\u00bb4.16&Prime; custom_padding=\u00a0\u00bb|||\u00a0\u00bb global_colors_info=\u00a0\u00bb{}\u00a0\u00bb custom_padding__hover=\u00a0\u00bb|||\u00a0\u00bb][et_pb_row_inner admin_label=\u00a0\u00bbHeadline Teilnehmerbereich\u00a0\u00bb _builder_version=\u00a0\u00bb4.17.4&Prime; _module_preset=\u00a0\u00bbdefault\u00a0\u00bb collapsed=\u00a0\u00bboff\u00a0\u00bb global_colors_info=\u00a0\u00bb{}\u00a0\u00bb][et_pb_column_inner saved_specialty_column_type=\u00a0\u00bb3_4&Prime; _builder_version=\u00a0\u00bb4.17.4&Prime; _module_preset=\u00a0\u00bbdefault\u00a0\u00bb global_colors_info=\u00a0\u00bb{}\u00a0\u00bb][et_pb_text _builder_version=\u00a0\u00bb4.27.0&Prime; _module_preset=\u00a0\u00bbdefault\u00a0\u00bb global_colors_info=\u00a0\u00bb{}\u00a0\u00bb]<\/p>\n<h5>Teilnehmerbereich<\/h5>\n<p>[\/et_pb_text][sfdm_download_list _builder_version=\u00a0\u00bb4.27.4&Prime; _module_preset=\u00a0\u00bbdefault\u00a0\u00bb global_colors_info=\u00a0\u00bb{}\u00a0\u00bb][sfdm_download_list_item title=\u00a0\u00bbReferierende und Themen\u00a0\u00bb file=\u00a0\u00bbhttps:\/\/www.schulthessforum.ch\/wp-content\/media\/Beschaffungsrecht-2025\/02_00_Referierende-und-Themen-4.pdf\u00a0\u00bb _builder_version=\u00a0\u00bb4.27.4&Prime; _module_preset=\u00a0\u00bbdefault\u00a0\u00bb link_option_url_new_window=\u00a0\u00bbon\u00a0\u00bb global_colors_info=\u00a0\u00bb{}\u00a0\u00bb][\/sfdm_download_list_item][sfdm_download_list_item title=\u00a0\u00bbBald 5 Jahre nach Inkrafttreten des neuen Beschaffungsrechts: Ein Blick zur\u00fcck und einer nach vorne_Marc Steiner\u00a0\u00bb file=\u00a0\u00bbhttps:\/\/www.schulthessforum.ch\/wp-content\/media\/Beschaffungsrecht-2025\/03_00_Bald-5-Jahre-nach-Inkrafttreten-des-neuen-Beschaffungsrechts-Ein-Blick-zurueck-und-einer-nach-vorne_Marc-Steiner.pdf\u00a0\u00bb _builder_version=\u00a0\u00bb4.27.4&Prime; _module_preset=\u00a0\u00bbdefault\u00a0\u00bb link_option_url_new_window=\u00a0\u00bbon\u00a0\u00bb global_colors_info=\u00a0\u00bb{}\u00a0\u00bb][\/sfdm_download_list_item][sfdm_download_list_item title=\u00a0\u00bbAusschluss von Anbietern mit unseri\u00f6sen Angeboten (Tiefpreise), schlechten Leistungen oder nicht vertrauensw\u00fcrdigem Verhalten_Marco Fetz \u00a0\u00bb file=\u00a0\u00bbhttps:\/\/www.schulthessforum.ch\/wp-content\/media\/Beschaffungsrecht-2025\/04_00_Ausschluss-von-Anbietern-mit-unserioesen-Angeboten-schlechten-Leistungen-oder-unvertrauenswuerdigem-Verhalten_Marco-Fetz.pdf\u00a0\u00bb _builder_version=\u00a0\u00bb4.27.4&Prime; _module_preset=\u00a0\u00bbdefault\u00a0\u00bb link_option_url_new_window=\u00a0\u00bbon\u00a0\u00bb global_colors_info=\u00a0\u00bb{}\u00a0\u00bb][\/sfdm_download_list_item][sfdm_download_list_item title=\u00a0\u00bbSoziale Nachhaltigkeit bei der Beschaffung von Textilien_Andreas Stier\u00a0\u00bb file=\u00a0\u00bbhttps:\/\/www.schulthessforum.ch\/wp-content\/media\/Beschaffungsrecht-2025\/05_00_Soziale-Nachhaltigkeit-bei-der-Beschaffung-von-Textilien_Andreas-Stier.pdf\u00a0\u00bb _builder_version=\u00a0\u00bb4.27.4&Prime; _module_preset=\u00a0\u00bbdefault\u00a0\u00bb link_option_url_new_window=\u00a0\u00bbon\u00a0\u00bb global_colors_info=\u00a0\u00bb{}\u00a0\u00bb][\/sfdm_download_list_item][sfdm_download_list_item title=\u00a0\u00bbErste Erfahrungen mit der relativen Marktmacht_Sarah Hadorn\u00a0\u00bb file=\u00a0\u00bbhttps:\/\/www.schulthessforum.ch\/wp-content\/media\/06_00_Erste-Erfahrungen-mit-der-relativen-Marktmacht_Sarah-Hadorn.pdf\u00a0\u00bb _builder_version=\u00a0\u00bb4.27.4&Prime; _module_preset=\u00a0\u00bbdefault\u00a0\u00bb link_option_url_new_window=\u00a0\u00bbon\u00a0\u00bb global_colors_info=\u00a0\u00bb{}\u00a0\u00bb][\/sfdm_download_list_item][sfdm_download_list_item title=\u00a0\u00bbGesamtpr\u00e4sentation Schulthess Forum Beschaffungsrecht 2025&Prime; file=\u00a0\u00bbhttps:\/\/www.schulthessforum.ch\/wp-content\/media\/Gesamtpraesentation-Schulthess-Forum-Beschaffungsrecht-2025.pdf\u00a0\u00bb _builder_version=\u00a0\u00bb4.27.4&Prime; _module_preset=\u00a0\u00bbdefault\u00a0\u00bb link_option_url_new_window=\u00a0\u00bbon\u00a0\u00bb global_colors_info=\u00a0\u00bb{}\u00a0\u00bb][\/sfdm_download_list_item][sfdm_download_list_item title=\u00a0\u00bbPartner\u00a0\u00bb file=\u00a0\u00bbhttps:\/\/www.schulthessforum.ch\/wp-content\/media\/Beschaffungsrecht-2025\/Partner-2.pdf\u00a0\u00bb _builder_version=\u00a0\u00bb4.27.4&Prime; _module_preset=\u00a0\u00bbdefault\u00a0\u00bb link_option_url_new_window=\u00a0\u00bbon\u00a0\u00bb global_colors_info=\u00a0\u00bb{}\u00a0\u00bb][\/sfdm_download_list_item][sfdm_download_list_item title=\u00a0\u00bbBuchempfehlungen \u00a0\u00bb file=\u00a0\u00bbhttps:\/\/www.schulthessforum.ch\/wp-content\/media\/Webinar_Beschaffungsrecht_2025_A4.pdf\u00a0\u00bb _builder_version=\u00a0\u00bb4.27.4&Prime; _module_preset=\u00a0\u00bbdefault\u00a0\u00bb link_option_url_new_window=\u00a0\u00bbon\u00a0\u00bb global_colors_info=\u00a0\u00bb{}\u00a0\u00bb][\/sfdm_download_list_item][\/sfdm_download_list][et_pb_text disabled_on=\u00a0\u00bboff|off|off\u00a0\u00bb _builder_version=\u00a0\u00bb4.27.4&Prime; _module_preset=\u00a0\u00bbdefault\u00a0\u00bb global_colors_info=\u00a0\u00bb{}\u00a0\u00bb]<\/p>\n<p>Videoaufnahmen<\/p>\n<p>[\/et_pb_text][\/et_pb_column_inner][\/et_pb_row_inner][et_pb_row_inner column_structure=\u00a0\u00bb1_2,1_2&Prime; disabled_on=\u00a0\u00bboff|off|off\u00a0\u00bb admin_label=\u00a0\u00bb1&Prime; _builder_version=\u00a0\u00bb4.17.4&Prime; _module_preset=\u00a0\u00bbdefault\u00a0\u00bb global_colors_info=\u00a0\u00bb{}\u00a0\u00bb][et_pb_column_inner type=\u00a0\u00bb1_2&Prime; saved_specialty_column_type=\u00a0\u00bb3_4&Prime; _builder_version=\u00a0\u00bb4.17.4&Prime; _module_preset=\u00a0\u00bbdefault\u00a0\u00bb global_colors_info=\u00a0\u00bb{}\u00a0\u00bb][et_pb_image src=\u00a0\u00bbhttps:\/\/www.schulthessforum.ch\/wp-content\/media\/Beschaffungsrecht-2024\/Steiner_Marc_Vimeo_1920x1080px-scaled.jpg\u00a0\u00bb title_text=\u00a0\u00bbSteiner Marc Vimeo 1920x1080px\u00a0\u00bb url=\u00a0\u00bbhttps:\/\/player.vimeo.com\/video\/1117439504?badge=0&#038;autopause=0&#038;player_id=0&#038;app_id=58479&#038;dnt=1&Prime; url_new_window=\u00a0\u00bbon\u00a0\u00bb admin_label=\u00a0\u00bbBild\u00a0\u00bb _builder_version=\u00a0\u00bb4.27.4&Prime; _module_preset=\u00a0\u00bbdefault\u00a0\u00bb global_colors_info=\u00a0\u00bb{}\u00a0\u00bb][\/et_pb_image][\/et_pb_column_inner][et_pb_column_inner type=\u00a0\u00bb1_2&Prime; saved_specialty_column_type=\u00a0\u00bb3_4&Prime; _builder_version=\u00a0\u00bb4.17.4&Prime; _module_preset=\u00a0\u00bbdefault\u00a0\u00bb global_colors_info=\u00a0\u00bb{}\u00a0\u00bb][et_pb_text _builder_version=\u00a0\u00bb4.27.4&Prime; _module_preset=\u00a0\u00bbdefault\u00a0\u00bb link_option_url=\u00a0\u00bbhttps:\/\/player.vimeo.com\/video\/1117439504?badge=0&#038;autopause=0&#038;player_id=0&#038;app_id=58479&#038;dnt=1&Prime; link_option_url_new_window=\u00a0\u00bbon\u00a0\u00bb global_colors_info=\u00a0\u00bb{}\u00a0\u00bb]<\/p>\n<p class=\"sf-h4 detailprogamm-title\">Bald 5 Jahre nach Inkrafttreten des neuen Beschaffungsrechts: Ein Blick zur\u00fcck und einer nach vorne<\/p>\n<p class=\"sf-h4 detailprogamm-title\">Marc Steiner<\/p>\n<p>[\/et_pb_text][\/et_pb_column_inner][\/et_pb_row_inner][et_pb_row_inner column_structure=\u00a0\u00bb1_2,1_2&Prime; disabled_on=\u00a0\u00bboff|off|off\u00a0\u00bb admin_label=\u00a0\u00bb2&Prime; _builder_version=\u00a0\u00bb4.17.4&Prime; _module_preset=\u00a0\u00bbdefault\u00a0\u00bb global_colors_info=\u00a0\u00bb{}\u00a0\u00bb][et_pb_column_inner type=\u00a0\u00bb1_2&Prime; saved_specialty_column_type=\u00a0\u00bb3_4&Prime; _builder_version=\u00a0\u00bb4.17.4&Prime; _module_preset=\u00a0\u00bbdefault\u00a0\u00bb global_colors_info=\u00a0\u00bb{}\u00a0\u00bb][et_pb_image src=\u00a0\u00bbhttps:\/\/www.schulthessforum.ch\/wp-content\/media\/Beschaffungsrecht-2024\/Fetz_Marco_1920x1080px-scaled.jpg\u00a0\u00bb title_text=\u00a0\u00bbFetz Marco 1920x1080px\u00a0\u00bb url=\u00a0\u00bbhttps:\/\/player.vimeo.com\/video\/1117452127?badge=0&#038;autopause=0&#038;player_id=0&#038;app_id=58479&#038;dnt=1&Prime; url_new_window=\u00a0\u00bbon\u00a0\u00bb admin_label=\u00a0\u00bbBild\u00a0\u00bb _builder_version=\u00a0\u00bb4.27.4&Prime; _module_preset=\u00a0\u00bbdefault\u00a0\u00bb global_colors_info=\u00a0\u00bb{}\u00a0\u00bb][\/et_pb_image][\/et_pb_column_inner][et_pb_column_inner type=\u00a0\u00bb1_2&Prime; saved_specialty_column_type=\u00a0\u00bb3_4&Prime; _builder_version=\u00a0\u00bb4.17.4&Prime; _module_preset=\u00a0\u00bbdefault\u00a0\u00bb global_colors_info=\u00a0\u00bb{}\u00a0\u00bb][et_pb_text _builder_version=\u00a0\u00bb4.27.4&Prime; _module_preset=\u00a0\u00bbdefault\u00a0\u00bb link_option_url=\u00a0\u00bbhttps:\/\/player.vimeo.com\/video\/1117452127?badge=0&#038;autopause=0&#038;player_id=0&#038;app_id=58479&#038;dnt=1&Prime; link_option_url_new_window=\u00a0\u00bbon\u00a0\u00bb global_colors_info=\u00a0\u00bb{}\u00a0\u00bb]<\/p>\n<p class=\"sf-h4 detailprogamm-title\">Ausschluss von Anbietern mit unseri\u00f6sen Angeboten (Tiefpreise), schlechten Leistungen oder nicht vertrauensw\u00fcrdigem Verhalten<\/p>\n<p class=\"sf-h4 detailprogamm-title\">Marco Fetz<\/p>\n<div class=\"detailprogamm-content\">\u00a0<\/div>\n<p>[\/et_pb_text][\/et_pb_column_inner][\/et_pb_row_inner][et_pb_row_inner column_structure=\u00a0\u00bb1_2,1_2&Prime; disabled_on=\u00a0\u00bboff|off|off\u00a0\u00bb admin_label=\u00a0\u00bb3&Prime; _builder_version=\u00a0\u00bb4.17.4&Prime; _module_preset=\u00a0\u00bbdefault\u00a0\u00bb global_colors_info=\u00a0\u00bb{}\u00a0\u00bb][et_pb_column_inner type=\u00a0\u00bb1_2&Prime; saved_specialty_column_type=\u00a0\u00bb3_4&Prime; _builder_version=\u00a0\u00bb4.17.4&Prime; _module_preset=\u00a0\u00bbdefault\u00a0\u00bb global_colors_info=\u00a0\u00bb{}\u00a0\u00bb][et_pb_image src=\u00a0\u00bbhttps:\/\/www.schulthessforum.ch\/wp-content\/media\/Beschaffungsrecht-2024\/Stier_Andreas_1920x1080px_5-scaled.jpg\u00a0\u00bb title_text=\u00a0\u00bbStier Andreas 1920x1080px 5&Prime; url=\u00a0\u00bbhttps:\/\/player.vimeo.com\/video\/1117459815?badge=0&#038;autopause=0&#038;player_id=0&#038;app_id=58479&#038;dnt=1&Prime; url_new_window=\u00a0\u00bbon\u00a0\u00bb admin_label=\u00a0\u00bbBild\u00a0\u00bb _builder_version=\u00a0\u00bb4.27.4&Prime; _module_preset=\u00a0\u00bbdefault\u00a0\u00bb global_colors_info=\u00a0\u00bb{}\u00a0\u00bb][\/et_pb_image][\/et_pb_column_inner][et_pb_column_inner type=\u00a0\u00bb1_2&Prime; saved_specialty_column_type=\u00a0\u00bb3_4&Prime; _builder_version=\u00a0\u00bb4.17.4&Prime; _module_preset=\u00a0\u00bbdefault\u00a0\u00bb global_colors_info=\u00a0\u00bb{}\u00a0\u00bb][et_pb_text _builder_version=\u00a0\u00bb4.27.4&Prime; _module_preset=\u00a0\u00bbdefault\u00a0\u00bb link_option_url=\u00a0\u00bbhttps:\/\/player.vimeo.com\/video\/1117459815?badge=0&#038;autopause=0&#038;player_id=0&#038;app_id=58479&#038;dnt=1&Prime; link_option_url_new_window=\u00a0\u00bbon\u00a0\u00bb global_colors_info=\u00a0\u00bb{}\u00a0\u00bb]<\/p>\n<p class=\"sf-h4 detailprogamm-title\">Soziale Nachhaltigkeit bei der Beschaffung von Textilien<\/p>\n<p class=\"sf-h4 detailprogamm-title\">Andreas Stier<\/p>\n<p>[\/et_pb_text][\/et_pb_column_inner][\/et_pb_row_inner][et_pb_row_inner column_structure=\u00a0\u00bb1_2,1_2&Prime; disabled_on=\u00a0\u00bboff|off|off\u00a0\u00bb admin_label=\u00a0\u00bb4&Prime; _builder_version=\u00a0\u00bb4.17.4&Prime; _module_preset=\u00a0\u00bbdefault\u00a0\u00bb global_colors_info=\u00a0\u00bb{}\u00a0\u00bb][et_pb_column_inner type=\u00a0\u00bb1_2&Prime; saved_specialty_column_type=\u00a0\u00bb3_4&Prime; _builder_version=\u00a0\u00bb4.17.4&Prime; _module_preset=\u00a0\u00bbdefault\u00a0\u00bb global_colors_info=\u00a0\u00bb{}\u00a0\u00bb][et_pb_image src=\u00a0\u00bbhttps:\/\/www.schulthessforum.ch\/wp-content\/media\/Beschaffungsrecht-2024\/Hadorn_Sarah_1920x1080px-scaled.jpg\u00a0\u00bb title_text=\u00a0\u00bbHadorn Sarah 1920x1080px\u00a0\u00bb url=\u00a0\u00bbhttps:\/\/player.vimeo.com\/video\/1117439190?badge=0&#038;autopause=0&#038;player_id=0&#038;app_id=58479&#038;dnt=1&Prime; url_new_window=\u00a0\u00bbon\u00a0\u00bb admin_label=\u00a0\u00bbBild\u00a0\u00bb _builder_version=\u00a0\u00bb4.27.4&Prime; _module_preset=\u00a0\u00bbdefault\u00a0\u00bb global_colors_info=\u00a0\u00bb{}\u00a0\u00bb][\/et_pb_image][\/et_pb_column_inner][et_pb_column_inner type=\u00a0\u00bb1_2&Prime; saved_specialty_column_type=\u00a0\u00bb3_4&Prime; _builder_version=\u00a0\u00bb4.17.4&Prime; _module_preset=\u00a0\u00bbdefault\u00a0\u00bb global_colors_info=\u00a0\u00bb{}\u00a0\u00bb][et_pb_text _builder_version=\u00a0\u00bb4.27.4&Prime; _module_preset=\u00a0\u00bbdefault\u00a0\u00bb link_option_url=\u00a0\u00bbhttps:\/\/player.vimeo.com\/video\/1117439190?badge=0&#038;autopause=0&#038;player_id=0&#038;app_id=58479&#038;dnt=1&Prime; link_option_url_new_window=\u00a0\u00bbon\u00a0\u00bb global_colors_info=\u00a0\u00bb{}\u00a0\u00bb]<\/p>\n<p class=\"sf-h4 detailprogamm-title\">Erste Erfahrungen mit der relativen Marktmacht<\/p>\n<p class=\"sf-h4 detailprogamm-title\">Sarah Hadorn<\/p>\n<p>[\/et_pb_text][\/et_pb_column_inner][\/et_pb_row_inner][et_pb_row_inner column_structure=\u00a0\u00bb1_2,1_2&Prime; disabled_on=\u00a0\u00bboff|off|off\u00a0\u00bb admin_label=\u00a0\u00bb5&Prime; _builder_version=\u00a0\u00bb4.17.4&Prime; _module_preset=\u00a0\u00bbdefault\u00a0\u00bb global_colors_info=\u00a0\u00bb{}\u00a0\u00bb][et_pb_column_inner type=\u00a0\u00bb1_2&Prime; saved_specialty_column_type=\u00a0\u00bb3_4&Prime; _builder_version=\u00a0\u00bb4.17.4&Prime; _module_preset=\u00a0\u00bbdefault\u00a0\u00bb global_colors_info=\u00a0\u00bb{}\u00a0\u00bb][et_pb_image src=\u00a0\u00bbhttps:\/\/www.schulthessforum.ch\/wp-content\/media\/Beschaffungsrecht-2025\/Schulthess-Forum_1920x1080px.png\u00a0\u00bb title_text=\u00a0\u00bbSchulthess Forum 1920x1080px\u00a0\u00bb url=\u00a0\u00bbhttps:\/\/player.vimeo.com\/video\/1117442248?badge=0&#038;autopause=0&#038;player_id=0&#038;app_id=58479&#038;dnt=1&Prime; url_new_window=\u00a0\u00bbon\u00a0\u00bb admin_label=\u00a0\u00bbBild\u00a0\u00bb _builder_version=\u00a0\u00bb4.27.4&Prime; _module_preset=\u00a0\u00bbdefault\u00a0\u00bb global_colors_info=\u00a0\u00bb{}\u00a0\u00bb][\/et_pb_image][\/et_pb_column_inner][et_pb_column_inner type=\u00a0\u00bb1_2&Prime; saved_specialty_column_type=\u00a0\u00bb3_4&Prime; _builder_version=\u00a0\u00bb4.17.4&Prime; _module_preset=\u00a0\u00bbdefault\u00a0\u00bb global_colors_info=\u00a0\u00bb{}\u00a0\u00bb][et_pb_text _builder_version=\u00a0\u00bb4.27.4&Prime; _module_preset=\u00a0\u00bbdefault\u00a0\u00bb link_option_url=\u00a0\u00bbhttps:\/\/player.vimeo.com\/video\/1117442248?badge=0&#038;autopause=0&#038;player_id=0&#038;app_id=58479&#038;dnt=1&Prime; link_option_url_new_window=\u00a0\u00bbon\u00a0\u00bb global_colors_info=\u00a0\u00bb{}\u00a0\u00bb]<\/p>\n<p class=\"sf-h4 detailprogamm-title\">Fragerunde und Fazit<\/p>\n<p>[\/et_pb_text][\/et_pb_column_inner][\/et_pb_row_inner][\/et_pb_column][et_pb_column type=\u00a0\u00bb1_4&Prime; _builder_version=\u00a0\u00bb4.16&Prime; custom_padding=\u00a0\u00bb|||\u00a0\u00bb global_colors_info=\u00a0\u00bb{}\u00a0\u00bb custom_padding__hover=\u00a0\u00bb|||\u00a0\u00bb][\/et_pb_column][\/et_pb_section][et_pb_section fb_built=\u00a0\u00bb1&Prime; disabled_on=\u00a0\u00bboff|off|off\u00a0\u00bb admin_label=\u00a0\u00bbPartner\u00a0\u00bb module_id=\u00a0\u00bbschulthess-partner\u00a0\u00bb _builder_version=\u00a0\u00bb4.17.4&Prime; _module_preset=\u00a0\u00bbdefault\u00a0\u00bb background_enable_color=\u00a0\u00bboff\u00a0\u00bb saved_tabs=\u00a0\u00bball\u00a0\u00bb locked=\u00a0\u00bboff\u00a0\u00bb collapsed=\u00a0\u00bbon\u00a0\u00bb global_colors_info=\u00a0\u00bb{}\u00a0\u00bb][et_pb_row disabled_on=\u00a0\u00bbon|on|on\u00a0\u00bb _builder_version=\u00a0\u00bb4.16&Prime; _module_preset=\u00a0\u00bbdefault\u00a0\u00bb disabled=\u00a0\u00bbon\u00a0\u00bb locked=\u00a0\u00bboff\u00a0\u00bb collapsed=\u00a0\u00bboff\u00a0\u00bb global_colors_info=\u00a0\u00bb{}\u00a0\u00bb][et_pb_column type=\u00a0\u00bb4_4&Prime; _builder_version=\u00a0\u00bb4.16&Prime; _module_preset=\u00a0\u00bbdefault\u00a0\u00bb global_colors_info=\u00a0\u00bb{}\u00a0\u00bb][et_pb_text admin_label=\u00a0\u00bb\u00dcberschrift\u00a0\u00bb module_class=\u00a0\u00bbsf-h2 schulthess-product-partner-headline-wrapper\u00a0\u00bb _builder_version=\u00a0\u00bb4.19.5&Prime; _module_preset=\u00a0\u00bbdefault\u00a0\u00bb locked=\u00a0\u00bboff\u00a0\u00bb global_colors_info=\u00a0\u00bb{}\u00a0\u00bb]&lt;?&#8211; NICHT ZU VISUELL WECHSELN. DIE BUTTONS GEHEN SONST VERLOREN &#8211;&gt;<\/p>\n<h5>Partner<\/h5>\n<p><!--div class=\"schulthess-product-partner-nav\"&gt;--><div class=\"partner-tabs\"><button class=\"partner-tab-all\" bt-for=\"all\">Alle&thinsp;\/&thinsp;Partenaires<\/button><\/div>\n            <script>\n\n              var tabbar = jQuery(\".schulthess-product-partner-nav .partner-tabs\");\n              tabbar.find(\"button:first-child\").addClass(\"active\");\n\n              tabbar.find(\"button\").on(\"click\",function(e) {\n\n                tabbar.find(\"button\").removeClass(\"active\");\n                jQuery(this).addClass(\"active\");\n\n                if ( jQuery(this).attr(\"bt-for\") == \"all\" ) {\n                    jQuery(\".schulthess-product-partner-wrapper .schulthess-product-partner\").show();\n                }\n                else {\n                    jQuery(\".schulthess-product-partner-wrapper .schulthess-product-partner\").hide();\n                    jQuery(\".schulthess-product-partner-wrapper .schulthess-product-partner.\" + jQuery(this).attr(\"bt-for\") ).show();\n                }\n\n              });\n            <\/script><\/p>\n<div class=\"buttons\"><button class=\"grid icon_grid aktiv\"><span><\/span><\/button><button class=\"list icon_list\"><span><\/span><\/button><\/div>\n<p>[\/et_pb_text][et_pb_code disabled_on=\u00a0\u00bboff|off|off\u00a0\u00bb admin_label=\u00a0\u00bbCode (ein grid, keine Filter)\u00a0\u00bb _builder_version=\u00a0\u00bb4.17.4&Prime; _module_preset=\u00a0\u00bbdefault\u00a0\u00bb locked=\u00a0\u00bboff\u00a0\u00bb global_colors_info=\u00a0\u00bb{}\u00a0\u00bb]<div class=\"schulthess-product-partner-wrapper grid\">\n                  <div id=\"9155\" class=\"schulthess-product-partner Kooperationspartner\" partner-type=\"Kooperationspartner\">\n                        <div class=\"schulthess-product-partner-image\">\n                                <img loading=\"lazy\" decoding=\"async\" src=\"https:\/\/www.schulthessforum.ch\/wp-content\/media\/Partner\/logos\/Schweizerischer_Staedteverband_cmyk-250x84.jpg\" alt=\"Schweizerischer St\u00e4dteverband\" title=\"Schweizerischer St\u00e4dteverband\" width=\"250\" height=\"150\" \/>\n                        <\/div>\n                        <div class=\"schulthess-product-partner-info\">\n                            <div class=\"content\">\n                                <h4 class=\"schulthess-product-partner-name\">Schweizerischer St\u00e4dteverband<\/h4>\n                                <p class=\"schulthess-product-partner-type\">\n                                    Kooperationspartner\n                                <\/p>\n                                <p class=\"schulthess-product-partner-description\">\n                                    Der St\u00e4dteverband vertritt die Interessen und Anliegen der St\u00e4dte, Agglomerationen und st\u00e4dtischen Gemeinden. Er ist damit die Stimme der urbanen Schweiz, in der rund drei Viertel der Schweizer Bev\u00f6lkerung leben und 84% der Wirtschaftsleistung unseres Landes erbracht werden.\n                                <\/p>\n                                <p class=\"schulthess-product-partner-speakers\">\n                                    Referenten: \n                                <\/p>\n                                <!--div class=\"schulthess-product-partner-link\">\n                                        <span>zur Website<\/span>\n                                        <span class=\"link-icon\">\n                                            <svg xmlns=\"http:\/\/www.w3.org\/2000\/svg\" width=\"11\" height=\"10\" viewBox=\"0 0 9.697 9.017\">\n                                                <g transform=\"translate(-813.933 -2094.752)\">\n                                                    <path d=\"M9442.49,1683l3.447,3.448-3.447,3.448\" transform=\"translate(-8627.497 412.813)\" fill=\"none\" stroke=\"#000\" stroke-linecap=\"round\" stroke-width=\"1.5\"\/>\n                                                    <path d=\"M9442.49,1683l3.447,3.448-3.447,3.448\" transform=\"translate(-8623.368 412.813)\" fill=\"none\" stroke=\"#000\" stroke-linecap=\"round\" stroke-width=\"1.5\"\/>\n                                                <\/g>\n                                            <\/svg>\n                                        <\/span>\n                                <\/div-->\n                            <\/div>\n                        <\/div>\n                    <\/div><div id=\"9158\" class=\"schulthess-product-partner Kooperationspartner\" partner-type=\"Kooperationspartner\">\n                        <div class=\"schulthess-product-partner-image\">\n                                <img loading=\"lazy\" decoding=\"async\" src=\"https:\/\/www.schulthessforum.ch\/wp-content\/media\/Partner\/logos\/Schweizerischer_Gemeindeverband_cmyk-250x65.png\" alt=\"Schweizerischer Gemeindeverband\" title=\"Schweizerischer Gemeindeverband\" width=\"250\" height=\"150\" \/>\n                        <\/div>\n                        <div class=\"schulthess-product-partner-info\">\n                            <div class=\"content\">\n                                <h4 class=\"schulthess-product-partner-name\">Schweizerischer Gemeindeverband<\/h4>\n                                <p class=\"schulthess-product-partner-type\">\n                                    Kooperationspartner\n                                <\/p>\n                                <p class=\"schulthess-product-partner-description\">\n                                    Mehr als 1500 St\u00e4dte und Gemeinden haben sich f\u00fcr eine Mitgliedschaft im Schweizerischen Gemeindeverband SGV entschieden. Aus gutem Grund: Auf politischer Ebene setzt sich der SGV auf Bundesebene f\u00fcr die Anliegen der Gemeinden ein und st\u00e4rkt diese somit direkt. \u00dcber gemeinderelevante Themen informiert der SGV in seiner dreisprachigen Verbandszeitschrift \u00abSchweizer Gemeinde\u00bb. Zudem profitieren die Gemeinden von zahlreichen Projekten, die der SGV gemeinsam mit seinen Partnern realisiert.\n                                <\/p>\n                                <p class=\"schulthess-product-partner-speakers\">\n                                    Referenten: \n                                <\/p>\n                                <!--div class=\"schulthess-product-partner-link\">\n                                        <span>zur Website<\/span>\n                                        <span class=\"link-icon\">\n                                            <svg xmlns=\"http:\/\/www.w3.org\/2000\/svg\" width=\"11\" height=\"10\" viewBox=\"0 0 9.697 9.017\">\n                                                <g transform=\"translate(-813.933 -2094.752)\">\n                                                    <path d=\"M9442.49,1683l3.447,3.448-3.447,3.448\" transform=\"translate(-8627.497 412.813)\" fill=\"none\" stroke=\"#000\" stroke-linecap=\"round\" stroke-width=\"1.5\"\/>\n                                                    <path d=\"M9442.49,1683l3.447,3.448-3.447,3.448\" transform=\"translate(-8623.368 412.813)\" fill=\"none\" stroke=\"#000\" stroke-linecap=\"round\" stroke-width=\"1.5\"\/>\n                                                <\/g>\n                                            <\/svg>\n                                        <\/span>\n                                <\/div-->\n                            <\/div>\n                        <\/div>\n                    <\/div><div id=\"24513\" class=\"schulthess-product-partner Kooperationspartner\" partner-type=\"Kooperationspartner\">\n                        <div class=\"schulthess-product-partner-image\">\n                                <img loading=\"lazy\" decoding=\"async\" src=\"https:\/\/www.schulthessforum.ch\/wp-content\/media\/Partner\/SVKI_DFI_Orange_RGB-250x126.jpg\" alt=\"Schweizerischer Verband Kommunale Infrastruktur (SVKI)\" title=\"Schweizerischer Verband Kommunale Infrastruktur (SVKI)\" width=\"250\" height=\"150\" \/>\n                        <\/div>\n                        <div class=\"schulthess-product-partner-info\">\n                            <div class=\"content\">\n                                <h4 class=\"schulthess-product-partner-name\">Schweizerischer Verband Kommunale Infrastruktur (SVKI)<\/h4>\n                                <p class=\"schulthess-product-partner-type\">\n                                    Kooperationspartner\n                                <\/p>\n                                <p class=\"schulthess-product-partner-description\">\n                                    Der Schweizerische Verband Kommunale Infrastruktur SVKI ist eine Sektion des St\u00e4dteverbandes und Partner des Schweizerischen Gemeindeverbandes und setzt sich politisch und fachlich f\u00fcr ein nachhaltiges Management der kommunalen Infrastrukturen ein. Mitglieder von SVKI sind zirka 300 St\u00e4dte, Gemeinden, Zweckverb\u00e4nde, Kantone und G\u00f6nner der Privatwirtschaft.\n                                <\/p>\n                                <p class=\"schulthess-product-partner-speakers\">\n                                    Referenten: \n                                <\/p>\n                                <!--div class=\"schulthess-product-partner-link\">\n                                        <span>zur Website<\/span>\n                                        <span class=\"link-icon\">\n                                            <svg xmlns=\"http:\/\/www.w3.org\/2000\/svg\" width=\"11\" height=\"10\" viewBox=\"0 0 9.697 9.017\">\n                                                <g transform=\"translate(-813.933 -2094.752)\">\n                                                    <path d=\"M9442.49,1683l3.447,3.448-3.447,3.448\" transform=\"translate(-8627.497 412.813)\" fill=\"none\" stroke=\"#000\" stroke-linecap=\"round\" stroke-width=\"1.5\"\/>\n                                                    <path d=\"M9442.49,1683l3.447,3.448-3.447,3.448\" transform=\"translate(-8623.368 412.813)\" fill=\"none\" stroke=\"#000\" stroke-linecap=\"round\" stroke-width=\"1.5\"\/>\n                                                <\/g>\n                                            <\/svg>\n                                        <\/span>\n                                <\/div-->\n                            <\/div>\n                        <\/div>\n                    <\/div>\n            <\/div>\n            <script>\n\n              var btns1 = jQuery(\".schulthess-product-partner-headline-wrapper .buttons\");\n              btns1.find(\".grid\").addClass(\"aktiv\");\n\n              btns1.find(\"button\").on(\"click\",function(e) {\n                btns1.find(\".grid\").removeClass(\"aktiv\");\n                btns1.find(\".list\").removeClass(\"aktiv\");\n                if (jQuery(this).hasClass(\"grid\")) {\n                    jQuery(\".schulthess-product-partner-wrapper\").removeClass(\"list\").addClass(\"grid\");\n                    jQuery(this).addClass(\"aktiv\");\n                    jQuery(\".schulthess-product-partner-wrapper .schulthess-product-partner-info\").hide();\n                }\n                else if(jQuery(this).hasClass(\"list\")) {\n                    jQuery(\".schulthess-product-partner-wrapper\").removeClass(\"grid\").addClass(\"list\");\n                    jQuery(\".schulthess-product-partner-wrapper .schulthess-product-partner-info\").show();\n                    jQuery(this).addClass(\"aktiv\");\n                }\n              });\n            <\/script>[\/et_pb_code][\/et_pb_column][\/et_pb_row][et_pb_row disabled_on=\u00a0\u00bboff|off|off\u00a0\u00bb _builder_version=\u00a0\u00bb4.16&Prime; _module_preset=\u00a0\u00bbdefault\u00a0\u00bb locked=\u00a0\u00bboff\u00a0\u00bb collapsed=\u00a0\u00bboff\u00a0\u00bb global_colors_info=\u00a0\u00bb{}\u00a0\u00bb][et_pb_column type=\u00a0\u00bb4_4&Prime; _builder_version=\u00a0\u00bb4.16&Prime; _module_preset=\u00a0\u00bbdefault\u00a0\u00bb global_colors_info=\u00a0\u00bb{}\u00a0\u00bb][et_pb_code admin_label=\u00a0\u00bbCode\u00a0\u00bb _builder_version=\u00a0\u00bb4.20.2&Prime; _module_preset=\u00a0\u00bbdefault\u00a0\u00bb locked=\u00a0\u00bboff\u00a0\u00bb global_colors_info=\u00a0\u00bb{}\u00a0\u00bb][\/et_pb_code][et_pb_code admin_label=\u00a0\u00bbCode\u00a0\u00bb _builder_version=\u00a0\u00bb4.20.2&Prime; _module_preset=\u00a0\u00bbdefault\u00a0\u00bb locked=\u00a0\u00bboff\u00a0\u00bb global_colors_info=\u00a0\u00bb{}\u00a0\u00bb]<div class=\"et_pb_row sf-h3\">\n            <div class=\"et_pb_module et_pb_text schulthess-product-partner-headline-wrapper\">\n                <h5 class=\"schulthess-product-partner-type\" id=\"kooperationspartner\">Partenaires<\/h5>\n            <\/div>\n            <div class=\"et_pb_module\"><div class=\"et_pb_column_1_4 et_pb_column\">\n                        <div class=\"sf-product-partner-container\">\n                            <a href=\"https:\/\/staedteverband.ch\/de\/Willkommen\" title=\"Schweizerischer St\u00e4dteverband\" target=\"_blank\" rel=\"noopener nofollow\"><img loading=\"lazy\" decoding=\"async\" class=\"\" src=\"https:\/\/www.schulthessforum.ch\/wp-content\/media\/Partner\/logos\/Schweizerischer_Staedteverband_cmyk.jpg\" style=\"aspect-ratio: 887 \/ 297\" width=\"887\" height=\"297\" alt=\"Schweizerischer St\u00e4dteverband\" title=\"Schweizerischer St\u00e4dteverband\"\/><\/a>\n                        <\/div>\n                    <\/div><div class=\"et_pb_column_1_4 et_pb_column\">\n                        <div class=\"sf-product-partner-container\">\n                            <a href=\"https:\/\/www.chgemeinden.ch\/de\/\" title=\"Schweizerischer Gemeindeverband\" target=\"_blank\" rel=\"noopener nofollow\"><img loading=\"lazy\" decoding=\"async\" class=\"\" src=\"https:\/\/www.schulthessforum.ch\/wp-content\/media\/Partner\/logos\/Schweizerischer_Gemeindeverband_cmyk.png\" style=\"aspect-ratio: 2953 \/ 764\" width=\"2953\" height=\"764\" alt=\"Schweizerischer Gemeindeverband\" title=\"Schweizerischer Gemeindeverband\"\/><\/a>\n                        <\/div>\n                    <\/div><div class=\"et_pb_column_1_4 et_pb_column\">\n                        <div class=\"sf-product-partner-container\">\n                            <a href=\"https:\/\/kommunale-infrastruktur.ch\/\" title=\"Schweizerischer Verband Kommunale Infrastruktur (SVKI)\" target=\"_blank\" rel=\"noopener nofollow\"><img loading=\"lazy\" decoding=\"async\" class=\"\" src=\"https:\/\/www.schulthessforum.ch\/wp-content\/media\/Partner\/SVKI_DFI_Orange_RGB.jpg\" style=\"aspect-ratio: 371 \/ 187\" width=\"371\" height=\"187\" alt=\"Schweizerischer Verband Kommunale Infrastruktur (SVKI)\" title=\"Schweizerischer Verband Kommunale Infrastruktur (SVKI)\"\/><\/a>\n                        <\/div>\n                    <\/div><\/div><\/div>[\/et_pb_code][et_pb_code admin_label=\u00a0\u00bbCode\u00a0\u00bb _builder_version=\u00a0\u00bb4.20.2&Prime; _module_preset=\u00a0\u00bbdefault\u00a0\u00bb locked=\u00a0\u00bboff\u00a0\u00bb global_colors_info=\u00a0\u00bb{}\u00a0\u00bb][\/et_pb_code][\/et_pb_column][\/et_pb_row][\/et_pb_section][et_pb_section fb_built=\u00a0\u00bb1&Prime; disabled_on=\u00a0\u00bbon|on|on\u00a0\u00bb admin_label=\u00a0\u00bbSektion Impressionen\u00a0\u00bb module_id=\u00a0\u00bbschulthess-impressionen\u00a0\u00bb _builder_version=\u00a0\u00bb4.17.4&Prime; _module_preset=\u00a0\u00bbdefault\u00a0\u00bb disabled=\u00a0\u00bbon\u00a0\u00bb collapsed=\u00a0\u00bbon\u00a0\u00bb global_colors_info=\u00a0\u00bb{}\u00a0\u00bb][et_pb_row module_class=\u00a0\u00bbsf-impressionen-slider-wrapper\u00a0\u00bb _builder_version=\u00a0\u00bb4.19.5&Prime; _module_preset=\u00a0\u00bbdefault\u00a0\u00bb global_colors_info=\u00a0\u00bb{}\u00a0\u00bb][et_pb_column type=\u00a0\u00bb4_4&Prime; _builder_version=\u00a0\u00bb4.19.5&Prime; _module_preset=\u00a0\u00bbdefault\u00a0\u00bb global_colors_info=\u00a0\u00bb{}\u00a0\u00bb][et_pb_text admin_label=\u00a0\u00bb\u00dcberschrift\u00a0\u00bb module_class=\u00a0\u00bbsf-h2&Prime; _builder_version=\u00a0\u00bb4.19.5&Prime; _module_preset=\u00a0\u00bbdefault\u00a0\u00bb global_colors_info=\u00a0\u00bb{}\u00a0\u00bb]<\/p>\n<h5>Impressionen<\/h5>\n<p>[\/et_pb_text][et_pb_gallery gallery_ids=\u00a0\u00bb1275,1274,1273,1272,1271,1266,1267,1260,1262,1253,1251,1248,1240,1244,1246&Prime; fullwidth=\u00a0\u00bbon\u00a0\u00bb admin_label=\u00a0\u00bbGalerie\u00a0\u00bb module_id=\u00a0\u00bbimpressionen-slider\u00a0\u00bb module_class=\u00a0\u00bbimpressionen-slider\u00a0\u00bb _builder_version=\u00a0\u00bb4.19.5&Prime; _module_preset=\u00a0\u00bbdefault\u00a0\u00bb animation_style=\u00a0\u00bbfade\u00a0\u00bb animation_duration=\u00a0\u00bb5000ms\u00a0\u00bb animation_starting_opacity=\u00a0\u00bb100%\u00a0\u00bb animation_repeat=\u00a0\u00bbloop\u00a0\u00bb auto=\u00a0\u00bbon\u00a0\u00bb auto_speed=\u00a0\u00bb5000&Prime; global_colors_info=\u00a0\u00bb{}\u00a0\u00bb][\/et_pb_gallery][\/et_pb_column][\/et_pb_row][\/et_pb_section]<\/p>\n","protected":false},"excerpt":{"rendered":"<h3><strong>5 Jahre nach der Revision des \u00f6ffentlichen Beschaffungsrechts \u2013 wo stehen wir heute?<\/strong><\/h3>\n<p>Vor rund f\u00fcnf Jahren wurde die Totalrevision des Bundesgesetzes \u00fcber das \u00f6ffentliche Beschaffungswesen von National- und St\u00e4nderat verabschiedet. Der 2021 in Kraft getretene revidierte Erlass hatte unter anderem zum Ziel, die Rechtssicherheit und Anwenderfreundlichkeit zu erh\u00f6hen, indem die individuellen Beschaffungsordnungen von Bund und den einzelnen Kantonen in Einklang gebracht werden sollten. Zudem gewannen Fragen der Nachhaltigkeit und des Qualit\u00e4tswettbewerbs an Bedeutung.<\/p>\n<p>Nun ist es Zeit, eine Zwischenbilanz zu ziehen und zu evaluieren, ob die Gesetze zielf\u00fchrend angewendet werden (k\u00f6nnen) und wo in der Praxis Herausforderungen bestehen. Das diesj\u00e4hrige Schulthess Forum Beschaffungsrecht gibt einen \u00dcberblick \u00fcber die rechtlichen Entwicklungen der vergangenen f\u00fcnf Jahre im Bereich der \u00f6ffentlichen Beschaffung. Das Webinar betrachtet das Thema Nachhaltigkeit aus unterschiedlichen relevanten Perspektiven. Die jeweiligen Experten und Expertinnen berichten aus der Praxis und zeigen anhand Ihrer Erfahrungen Erfolge und bestehende Herausforderungen auf.<\/p>\n<p>Diskutieren Sie mit und lernen Sie von den Erfahrungen der Referierenden sowie der Teilnehmenden.<\/p>\n","protected":false},"author":1853,"featured_media":0,"template":"","meta":{"_acf_changed":false,"_et_pb_use_builder":"on","_et_pb_old_content":"<h3><strong>5 Jahre nach der Revision des \u00f6ffentlichen Beschaffungsrechts \u2013 wo stehen wir heute?<\/strong><\/h3>\r\nVor rund f\u00fcnf Jahren wurde die Totalrevision des Bundesgesetzes \u00fcber das \u00f6ffentliche Beschaffungswesen von National- und St\u00e4nderat verabschiedet. Der 2021 in Kraft getretene revidierte Erlass hatte unter anderem zum Ziel, die Rechtssicherheit und Anwenderfreundlichkeit zu erh\u00f6hen, indem die individuellen Beschaffungsordnungen von Bund und den einzelnen Kantonen in Einklang gebracht werden sollten. Zudem gewannen Fragen der Nachhaltigkeit und des Qualit\u00e4tswettbewerbs an Bedeutung.\r\n\r\nNun ist es Zeit, eine Zwischenbilanz zu ziehen und zu evaluieren, ob die Gesetze zielf\u00fchrend angewendet werden (k\u00f6nnen) und wo in der Praxis Herausforderungen bestehen. Das diesj\u00e4hrige Schulthess Forum Beschaffungsrecht gibt einen \u00dcberblick \u00fcber die rechtlichen Entwicklungen der vergangenen f\u00fcnf Jahre im Bereich der \u00f6ffentlichen Beschaffung. Das Webinar betrachtet das Thema Nachhaltigkeit aus unterschiedlichen relevanten Perspektiven. Die jeweiligen Experten und Expertinnen berichten aus der Praxis und zeigen anhand Ihrer Erfahrungen Erfolge und bestehende Herausforderungen auf.\r\n\r\nDiskutieren Sie mit und lernen Sie von den Erfahrungen der Referierenden sowie der Teilnehmenden.","_et_gb_content_width":""},"categories":[143,508,99],"tags":[],"product_brand":[],"product_cat":[229],"product_tag":[],"class_list":{"0":"post-30393","1":"product","2":"type-product","3":"status-publish","5":"category-webinar","6":"category-oeffentliche-verwaltung","7":"category-wirtschaftsrecht","8":"product_cat-229","9":"pa_teilnahme-onlineveranstaltung","11":"first","12":"instock","13":"taxable","14":"shipping-taxable","15":"purchasable","16":"product-type-variable"},"acf":[],"_links":{"self":[{"href":"https:\/\/www.schulthessforum.ch\/fr\/wp-json\/wp\/v2\/product\/30393","targetHints":{"allow":["GET"]}}],"collection":[{"href":"https:\/\/www.schulthessforum.ch\/fr\/wp-json\/wp\/v2\/product"}],"about":[{"href":"https:\/\/www.schulthessforum.ch\/fr\/wp-json\/wp\/v2\/types\/product"}],"author":[{"embeddable":true,"href":"https:\/\/www.schulthessforum.ch\/fr\/wp-json\/wp\/v2\/users\/1853"}],"wp:attachment":[{"href":"https:\/\/www.schulthessforum.ch\/fr\/wp-json\/wp\/v2\/media?parent=30393"}],"wp:term":[{"taxonomy":"category","embeddable":true,"href":"https:\/\/www.schulthessforum.ch\/fr\/wp-json\/wp\/v2\/categories?post=30393"},{"taxonomy":"post_tag","embeddable":true,"href":"https:\/\/www.schulthessforum.ch\/fr\/wp-json\/wp\/v2\/tags?post=30393"},{"taxonomy":"product_brand","embeddable":true,"href":"https:\/\/www.schulthessforum.ch\/fr\/wp-json\/wp\/v2\/product_brand?post=30393"},{"taxonomy":"product_cat","embeddable":true,"href":"https:\/\/www.schulthessforum.ch\/fr\/wp-json\/wp\/v2\/product_cat?post=30393"},{"taxonomy":"product_tag","embeddable":true,"href":"https:\/\/www.schulthessforum.ch\/fr\/wp-json\/wp\/v2\/product_tag?post=30393"}],"curies":[{"name":"wp","href":"https:\/\/api.w.org\/{rel}","templated":true}]}}