{"id":31548,"date":"2025-06-25T09:46:58","date_gmt":"2025-06-25T07:46:58","guid":{"rendered":"https:\/\/www.schulthessforum.ch\/?post_type=product&#038;p=31548"},"modified":"2026-01-12T10:53:46","modified_gmt":"2026-01-12T09:53:46","slug":"non-profit-organisationen","status":"publish","type":"product","link":"https:\/\/www.schulthessforum.ch\/non-profit-organisationen\/","title":{"rendered":"Non Profit Organisationen"},"content":{"rendered":"<p>[et_pb_section fb_built=\u00a0\u00bb1&Prime; disabled_on=\u00a0\u00bboff|off|off\u00a0\u00bb admin_label=\u00a0\u00bbAlert Content\u00a0\u00bb module_id=\u00a0\u00bbschulthess-header-alertbar-section\u00a0\u00bb _builder_version=\u00a0\u00bb4.19.4&Prime; _module_preset=\u00a0\u00bbdefault\u00a0\u00bb locked=\u00a0\u00bboff\u00a0\u00bb collapsed=\u00a0\u00bbon\u00a0\u00bb global_colors_info=\u00a0\u00bb{}\u00a0\u00bb][et_pb_row _builder_version=\u00a0\u00bb4.17.4&Prime; _module_preset=\u00a0\u00bbdefault\u00a0\u00bb global_colors_info=\u00a0\u00bb{}\u00a0\u00bb][et_pb_column type=\u00a0\u00bb4_4&Prime; _builder_version=\u00a0\u00bb4.17.4&Prime; _module_preset=\u00a0\u00bbdefault\u00a0\u00bb global_colors_info=\u00a0\u00bb{}\u00a0\u00bb][et_pb_code admin_label=\u00a0\u00bbCode (Alert) (ZU \u00c4NDERN IN %22HOME%22)\u00a0\u00bb module_class=\u00a0\u00bbschulthess-header-alertbar \u00a0\u00bb _builder_version=\u00a0\u00bb4.21.0&Prime; _module_preset=\u00a0\u00bbdefault\u00a0\u00bb locked=\u00a0\u00bboff\u00a0\u00bb global_colors_info=\u00a0\u00bb{}\u00a0\u00bb][\/et_pb_code][\/et_pb_column][\/et_pb_row][\/et_pb_section][et_pb_section fb_built=\u00a0\u00bb1&Prime; disabled_on=\u00a0\u00bboff|off|off\u00a0\u00bb admin_label=\u00a0\u00bbHeader &#8211; Content\u00a0\u00bb module_class=\u00a0\u00bbsf-product-header schulthess-hero\u00a0\u00bb _builder_version=\u00a0\u00bb4.20.2&Prime; _module_preset=\u00a0\u00bbdefault\u00a0\u00bb background_enable_color=\u00a0\u00bboff\u00a0\u00bb background_enable_image=\u00a0\u00bboff\u00a0\u00bb locked=\u00a0\u00bboff\u00a0\u00bb collapsed=\u00a0\u00bbon\u00a0\u00bb global_colors_info=\u00a0\u00bb{}\u00a0\u00bb][et_pb_row _builder_version=\u00a0\u00bb4.20.2&Prime; _module_preset=\u00a0\u00bbdefault\u00a0\u00bb global_colors_info=\u00a0\u00bb{}\u00a0\u00bb][et_pb_column type=\u00a0\u00bb4_4&Prime; _builder_version=\u00a0\u00bb4.20.2&Prime; _module_preset=\u00a0\u00bbdefault\u00a0\u00bb global_colors_info=\u00a0\u00bb{}\u00a0\u00bb][et_pb_text _builder_version=\u00a0\u00bb4.20.2&Prime; _module_preset=\u00a0\u00bbdefault\u00a0\u00bb global_colors_info=\u00a0\u00bb{}\u00a0\u00bb]<style>.et-db #et-boc .et-l .et_pb_section.sf-product-header.schulthess-hero{\n        background-color: #244566 !important;\n      }\n      .schulthess-hero h1 {\n        border-bottom: 3px solid #FFFFFFF !important;\n      }\n      .sf-product-header.schulthess-hero .weitereVaranstalerSchriftfarbe{\n        color: #FFFFFF !important;\n      }\n      .schulthess-hero .event-kategorie-date-headline.weitereVaranstalerSchriftfarbe,\n      .schulthess-hero .event-kategorie-date-headline.weitereVaranstalerSchriftfarbe a{\n        color: #FFFFFF !important;\n      }\n      .schulthess-hero .event-kategorie-date-headline.weitereVaranstalerSchriftfarbe a:hover,\n      .schulthess-hero .event-kategorie-date-headline.weitereVaranstalerSchriftfarbe a:focus,\n      .schulthess-hero .event-kategorie-date-headline.weitereVaranstalerSchriftfarbe a:active{\n        color: #8ac7ef !important;\n      }\n      .weitererVeranstalterLogoSubheadline{\n        width: 150px;\n        max-width: 100%;\n      }<\/style>\n\t <div class=\"et_pb_text_inner\"><h3 class=\"weitereVaranstalerSchriftfarbe\">Schulthess Forum<\/h3><\/div>\n\t <div class=\"et_pb_text_inner\"><h1 class=\"sf-product-title weitereVaranstalerSchriftfarbe\">Non Profit Organisationen<\/h1><\/div>\n\t <div class=\"et_pb_text_inner\"><h2 class=\"sf-product-subheadline weitereVaranstalerSchriftfarbe\">Recht, Governance und Steuern<\/h2><\/div>\n\t <div class=\"sf-product-catsDateLogos\"><span class=\"event-kategorie-date-headline weitereVaranstalerSchriftfarbe\">Steuerrecht | Stiftungsrecht | Tagungen | mardi, 02.12.2025<\/span><div class=\"sf-product-logos\"><\/div><\/div>[\/et_pb_text][\/et_pb_column][\/et_pb_row][\/et_pb_section][et_pb_section fb_built=\u00a0\u00bb1&Prime; specialty=\u00a0\u00bbon\u00a0\u00bb module_class_1=\u00a0\u00bbschulthess-product-main\u00a0\u00bb module_class_2=\u00a0\u00bbschulthess-product-sidebar\u00a0\u00bb admin_label=\u00a0\u00bbMain &#8211; Content\u00a0\u00bb module_id=\u00a0\u00bbschulthess-product-mainsection\u00a0\u00bb _builder_version=\u00a0\u00bb4.19.4&Prime; _module_preset=\u00a0\u00bbdefault\u00a0\u00bb collapsed=\u00a0\u00bboff\u00a0\u00bb global_colors_info=\u00a0\u00bb{}\u00a0\u00bb][et_pb_column type=\u00a0\u00bb3_4&Prime; specialty_columns=\u00a0\u00bb3&Prime; _builder_version=\u00a0\u00bb4.16&Prime; custom_padding=\u00a0\u00bb|||\u00a0\u00bb global_colors_info=\u00a0\u00bb{}\u00a0\u00bb custom_padding__hover=\u00a0\u00bb|||\u00a0\u00bb][et_pb_row_inner admin_label=\u00a0\u00bbMen\u00fc (Programm, Referierende, Fachinformation, Partner, Impressionen, Teilnehmerbereich)\u00a0\u00bb module_id=\u00a0\u00bbschulthess-product-subnavigation\u00a0\u00bb _builder_version=\u00a0\u00bb4.19.4&Prime; background_size=\u00a0\u00bbinitial\u00a0\u00bb background_position=\u00a0\u00bbtop_left\u00a0\u00bb background_repeat=\u00a0\u00bbrepeat\u00a0\u00bb locked=\u00a0\u00bboff\u00a0\u00bb collapsed=\u00a0\u00bbon\u00a0\u00bb global_colors_info=\u00a0\u00bb{}\u00a0\u00bb][et_pb_column_inner saved_specialty_column_type=\u00a0\u00bb3_4&Prime; _builder_version=\u00a0\u00bb4.17.3&Prime; _module_preset=\u00a0\u00bbdefault\u00a0\u00bb global_colors_info=\u00a0\u00bb{}\u00a0\u00bb][et_pb_menu menu_id=\u00a0\u00bb67&Prime; module_class=\u00a0\u00bbet_smooth_scroll_disabled\u00a0\u00bb _builder_version=\u00a0\u00bb4.17.4&Prime; _module_preset=\u00a0\u00bbdefault\u00a0\u00bb locked=\u00a0\u00bboff\u00a0\u00bb global_colors_info=\u00a0\u00bb{}\u00a0\u00bb][\/et_pb_menu][\/et_pb_column_inner][\/et_pb_row_inner][et_pb_row_inner admin_label=\u00a0\u00bbKurzbeschreibung (Inhalt kommt vom Main Event Content)\u00a0\u00bb module_class=\u00a0\u00bbsf-date-shorttext-row kurzbeschreibung-border-bottom\u00a0\u00bb _builder_version=\u00a0\u00bb4.19.4&Prime; _module_preset=\u00a0\u00bbdefault\u00a0\u00bb locked=\u00a0\u00bboff\u00a0\u00bb collapsed=\u00a0\u00bbon\u00a0\u00bb global_colors_info=\u00a0\u00bb{}\u00a0\u00bb][et_pb_column_inner saved_specialty_column_type=\u00a0\u00bb3_4&Prime; _builder_version=\u00a0\u00bb4.16&Prime; _module_preset=\u00a0\u00bbdefault\u00a0\u00bb global_colors_info=\u00a0\u00bb{}\u00a0\u00bb][et_pb_text admin_label=\u00a0\u00bbKurzbeschreibung\u00a0\u00bb _builder_version=\u00a0\u00bb4.19.4&Prime; _dynamic_attributes=\u00a0\u00bbcontent\u00a0\u00bb _module_preset=\u00a0\u00bbdefault\u00a0\u00bb locked=\u00a0\u00bboff\u00a0\u00bb global_colors_info=\u00a0\u00bb{}\u00a0\u00bb]@ET-DC@eyJkeW5hbWljIjp0cnVlLCJjb250ZW50IjoicHJvZHVjdF9zaG9ydF9kZXNjcmlwdGlvbiIsInNldHRpbmdzIjp7ImJlZm9yZSI6IiIsImFmdGVyIjoiIn19@[\/et_pb_text][\/et_pb_column_inner][\/et_pb_row_inner][et_pb_row_inner admin_label=\u00a0\u00bbProgramm (Ihr Vorteil, Zielpublikum, Kurzprogramm, Detailprogramm)\u00a0\u00bb _builder_version=\u00a0\u00bb4.22.1&Prime; _module_preset=\u00a0\u00bbdefault\u00a0\u00bb collapsed=\u00a0\u00bboff\u00a0\u00bb global_colors_info=\u00a0\u00bb{}\u00a0\u00bb][et_pb_column_inner saved_specialty_column_type=\u00a0\u00bb3_4&Prime; _builder_version=\u00a0\u00bb4.16&Prime; _module_preset=\u00a0\u00bbdefault\u00a0\u00bb global_colors_info=\u00a0\u00bb{}\u00a0\u00bb][et_pb_text admin_label=\u00a0\u00bbIhr Vorteil &#8211; Headline\u00a0\u00bb _builder_version=\u00a0\u00bb4.19.4&Prime; _module_preset=\u00a0\u00bbdefault\u00a0\u00bb locked=\u00a0\u00bbon\u00a0\u00bb global_colors_info=\u00a0\u00bb{}\u00a0\u00bb]<\/p>\n<h3>Ihr Vorteil<\/h3>\n<p>[\/et_pb_text][et_pb_text admin_label=\u00a0\u00bbIhr Vorteil &#8211; Liste\u00a0\u00bb module_class=\u00a0\u00bbprogramm-border-bottom\u00a0\u00bb _builder_version=\u00a0\u00bb4.27.4&Prime; _module_preset=\u00a0\u00bbdefault\u00a0\u00bb global_colors_info=\u00a0\u00bb{}\u00a0\u00bb]<\/p>\n<ul>\n<li>Die Teilnehmenden profitieren vom Wissen und Erfahrungen eines interdisziplin\u00e4ren Expertenteams aus Praxis und Wissenschaft<\/li>\n<li>Sie bringen sich auf den neuesten Stand dank spannender Vortr\u00e4ge mit hoher Praxisrelevanz<\/li>\n<li>Sie erhalten praxisorientierte Handlungsempfehlungen<\/li>\n<li>Sie profitieren vom fachlichen Austausch mit den Expertinnen und Experten vor Ort<\/li>\n<\/ul>\n<p>[\/et_pb_text][et_pb_text admin_label=\u00a0\u00bbZielpublikum &#8211; Headline\u00a0\u00bb _builder_version=\u00a0\u00bb4.19.4&Prime; _module_preset=\u00a0\u00bbdefault\u00a0\u00bb locked=\u00a0\u00bbon\u00a0\u00bb global_colors_info=\u00a0\u00bb{}\u00a0\u00bb]<\/p>\n<h3>Zielpublikum<\/h3>\n<p>[\/et_pb_text][et_pb_text admin_label=\u00a0\u00bbZielpublikum &#8211; Liste\u00a0\u00bb module_class=\u00a0\u00bbprogramm-border-bottom\u00a0\u00bb _builder_version=\u00a0\u00bb4.27.4&Prime; _module_preset=\u00a0\u00bbdefault\u00a0\u00bb global_colors_info=\u00a0\u00bb{}\u00a0\u00bb]<\/p>\n<ul>\n<li>Anwaltschaft mit dem Schwerpunkt\n<ul>\n<li>Gemeinn\u00fctzigkeitsrecht<\/li>\n<li>Vereinsrecht<\/li>\n<li>Stiftungsrecht<\/li>\n<li>Gesellschaftsrecht mit Bezug zu Non-Profit-T\u00e4tigkeiten<\/li>\n<\/ul>\n<\/li>\n<li>Verantwortliche von Non-Profit-Organisationen<\/li>\n<li>Mitglieder strategischer F\u00fchrungsgremien (Stiftungsrat \/ Vereinsvorstand \/ Verwaltungsrat)<\/li>\n<li>Mitglieder von Gesch\u00e4ftsleitungen<\/li>\n<li>Verantwortliche f\u00fcr Responsible Business Conduct und karitative Engagements durch\u00a0Unternehmen<\/li>\n<li>Steuerexperten und -expertinnen, Steuerverantwortliche<\/li>\n<li>Fachpersonen Erbschaftsrecht, Nachfolgeregelungen<\/li>\n<\/ul>\n<p>[\/et_pb_text][et_pb_text admin_label=\u00a0\u00bbKurzprogramm &#8211; Headline\u00a0\u00bb module_id=\u00a0\u00bbschulthess-programm\u00a0\u00bb _builder_version=\u00a0\u00bb4.22.1&Prime; _module_preset=\u00a0\u00bbdefault\u00a0\u00bb locked=\u00a0\u00bbon\u00a0\u00bb global_colors_info=\u00a0\u00bb{}\u00a0\u00bb]<\/p>\n<h3>Kurzprogramm<\/h3>\n<p>[\/et_pb_text][et_pb_text admin_label=\u00a0\u00bbProgramm &#8211; Liste\u00a0\u00bb module_class=\u00a0\u00bbprogramm-border-bottom\u00a0\u00bb _builder_version=\u00a0\u00bb4.27.4&Prime; _module_preset=\u00a0\u00bbdefault\u00a0\u00bb global_colors_info=\u00a0\u00bb{}\u00a0\u00bb]<\/p>\n<ul>\n<li>Bedeutung von Non Profit T\u00e4tigkeiten, Social Entrepreneurship und Responsible Business Conduct in der Schweiz<\/li>\n<li>Strategien und Strukturierungsm\u00f6glichkeiten bei NPO: Verein \u2013 Stiftung \u2013 Genossenschaften oder gemeinn\u00fctzige Aktiengesellschaften?<\/li>\n<li>Wenn das Rechtskleid nicht mehr passt: Umstrukturierungen von NPO<\/li>\n<li>M\u00f6glichkeiten und H\u00fcrden der cross-border Philanthropy<\/li>\n<li>Grenz\u00fcberschreitende NPO-T\u00e4tigkeit in der Praxis<\/li>\n<li>(zivilrechtlich) Haftungsrisiken als Organ bzw. Gesch\u00e4ftsf\u00fchrung einer NPO<\/li>\n<li>AIA, GwG, Transparenzregister \u2013 wer ist wirtschaftlich Berechtigter einer NPO?<\/li>\n<li>Neue juristische Instrumente f\u00fcr engagierte Philanthropie<\/li>\n<li>Nachfolgeplanung bei NPO<\/li>\n<\/ul>\n<p>[\/et_pb_text][et_pb_toggle title=\u00a0\u00bbDetailprogramm \u00f6ffnen\u00a0\u00bb open_toggle_background_color=\u00a0\u00bb#f7f7f7&Prime; closed_toggle_background_color=\u00a0\u00bb#f7f7f7&Prime; icon_color=\u00a0\u00bb#8ac7ef\u00a0\u00bb toggle_icon=\u00a0\u00bb&#x33;||divi||400&Prime; open_icon_color=\u00a0\u00bb#000000&Prime; open_toggle_icon=\u00a0\u00bb&#x32;||divi||400&Prime; disabled_on=\u00a0\u00bbon|on|on\u00a0\u00bb admin_label=\u00a0\u00bbProgramm &#8211; Detail\u00a0\u00bb module_id=\u00a0\u00bbprogramm-detail\u00a0\u00bb _builder_version=\u00a0\u00bb4.19.4&Prime; _module_preset=\u00a0\u00bbdefault\u00a0\u00bb title_level=\u00a0\u00bbh3&Prime; text_orientation=\u00a0\u00bbleft\u00a0\u00bb disabled=\u00a0\u00bbon\u00a0\u00bb global_colors_info=\u00a0\u00bb{}\u00a0\u00bb]<\/p>\n<table>\n<tbody>\n<tr>\n<td>XX.XX Uhr<\/td>\n<td>\n<h5>Art<\/h5>\n<h4 class=\"sf-h4\">Programmpunkt 1<\/h4>\n<p>Person<\/p>\n<\/td>\n<\/tr>\n<tr>\n<td>XX.XX Uhr<\/td>\n<td>\n<h5>Art<\/h5>\n<h4 class=\"sf-h4\">Programmpunkt 2<\/h4>\n<p>Person<\/p>\n<ul>\n<li>Punkt 1<\/li>\n<li>Punkt 2<\/li>\n<li>Punkt 3<\/li>\n<\/ul>\n<\/td>\n<\/tr>\n<tr>\n<td>XX.XX Uhr<\/td>\n<td>\n<h5>Art<\/h5>\n<h4 class=\"sf-h4\">Programmpunkt 3<\/h4>\n<p>Person<\/p>\n<\/td>\n<\/tr>\n<\/tbody>\n<\/table>\n<p>[\/et_pb_toggle][sfdm_event_program_list use_switcher=\u00a0\u00bboff\u00a0\u00bb disabled_on=\u00a0\u00bboff|off|off\u00a0\u00bb admin_label=\u00a0\u00bbProgramm &#8211; Detail Neu\u00a0\u00bb _builder_version=\u00a0\u00bb4.27.4&Prime; _module_preset=\u00a0\u00bbdefault\u00a0\u00bb locked=\u00a0\u00bboff\u00a0\u00bb global_colors_info=\u00a0\u00bb{}\u00a0\u00bb][sfdm_event_program_list_item backend_title=\u00a0\u00bb08:30 &#8211; 09:00 Begr\u00fcssungskaffee f\u00fcr Pr\u00e4senzteilnehmende\u00a0\u00bb subtitle=\u00a0\u00bb08:30 &#8211; 09:00 Begr\u00fcssungskaffee f\u00fcr Pr\u00e4senzteilnehmende\u00a0\u00bb type=\u00a0\u00bbbreak\u00a0\u00bb speakers=\u00a0\u00bb<\/p>\n<p>\u00a0\u00bb _builder_version=\u00a0\u00bb4.27.4&Prime; _module_preset=\u00a0\u00bbdefault\u00a0\u00bb global_colors_info=\u00a0\u00bb{}\u00a0\u00bb][\/sfdm_event_program_list_item][sfdm_event_program_list_item backend_title=\u00a0\u00bb09:00 &#8211; 09:05 Begr\u00fcssung durch die Tagungsleitung\u00a0\u00bb title=\u00a0\u00bbBegr\u00fcssung durch die Tagungsleitung\u00a0\u00bb start_time=\u00a0\u00bb09:00&Prime; end_time=\u00a0\u00bb09:05&Prime; speakers=\u00a0\u00bb<\/p>\n<p>Dr. Lukas Brugger und Prof. Dr. Claude Humbel<\/p>\n<p>\u00a0\u00bb _builder_version=\u00a0\u00bb4.27.4&Prime; _module_preset=\u00a0\u00bbdefault\u00a0\u00bb global_colors_info=\u00a0\u00bb{}\u00a0\u00bb][\/sfdm_event_program_list_item][sfdm_event_program_list_item backend_title=\u00a0\u00bb09:05 &#8211; 9:40 Bedeutung von Non Profit T\u00e4tigkeit, Social Entrepreneurship und Corporate Responsibility in der Schweiz\u00a0\u00bb title=\u00a0\u00bbBedeutung von Non Profit T\u00e4tigkeit, Social Entrepreneurship und Corporate Responsibility in der Schweiz\u00a0\u00bb subtitle=\u00a0\u00bbKeynote\u00a0\u00bb start_time=\u00a0\u00bb09:05&Prime; end_time=\u00a0\u00bb09:40&Prime; speakers=\u00a0\u00bb<\/p>\n<p>Prof. Dr. Georg von Schnurbein<\/p>\n<p>\u00a0\u00bb _builder_version=\u00a0\u00bb4.27.4&Prime; _module_preset=\u00a0\u00bbdefault\u00a0\u00bb global_colors_info=\u00a0\u00bb{}\u00a0\u00bb]<\/p>\n<ul>\n<li>In welchen Bereichen NPO und Wirtschaftsunternehmen voneinander lernen<\/li>\n<li>NPO-Aktivit\u00e4ten sind in den letzten dreissig Jahren stetig gewachsen<\/li>\n<li>In der Wirtschaft gewinnen Themen wie Wirkung und soziale Verantwortung an Bedeutung<\/li>\n<\/ul>\n<p>[\/sfdm_event_program_list_item][sfdm_event_program_list_item backend_title=\u00a0\u00bb9:40 &#8211; 10:20 Strategien und Strukturierungsm\u00f6glichkeiten bei NPO: Verein \u2013 Stiftung \u2013 Genossenschaft oder gemeinn\u00fctzige Aktiengesellschaft?\u00a0\u00bb title=\u00a0\u00bbStrategien und Strukturierungsm\u00f6glichkeiten bei NPO: Verein \u2013 Stiftung \u2013 Genossenschaft oder gemeinn\u00fctzige Aktiengesellschaft?\u00a0\u00bb subtitle=\u00a0\u00bbReferat\u00a0\u00bb start_time=\u00a0\u00bb09:40&Prime; end_time=\u00a0\u00bb10:20&Prime; speakers=\u00a0\u00bb<\/p>\n<p>Dr. Michelle Kalt<\/p>\n<p>\u00a0\u00bb _builder_version=\u00a0\u00bb4.27.4&Prime; _module_preset=\u00a0\u00bbdefault\u00a0\u00bb global_colors_info=\u00a0\u00bb{}\u00a0\u00bb]<\/p>\n<ul>\n<li>\u00dcberblick \u00fcber die zur Verf\u00fcgung stehenden Rechtsformen<\/li>\n<li>Vor- und Nachteile der verschiedenen Gestaltungsm\u00f6glichkeiten<\/li>\n<li>Strategien f\u00fcr eine erfolgreiche (Um-) Strukturierung<\/li>\n<\/ul>\n<p>[\/sfdm_event_program_list_item][sfdm_event_program_list_item backend_title=\u00a0\u00bb10:20 &#8211; 10:50 Kaffeepause\u00a0\u00bb subtitle=\u00a0\u00bb10:20 &#8211; 10:50 Kaffeepause\u00a0\u00bb type=\u00a0\u00bbbreak\u00a0\u00bb _builder_version=\u00a0\u00bb4.27.4&Prime; _module_preset=\u00a0\u00bbdefault\u00a0\u00bb global_colors_info=\u00a0\u00bb{}\u00a0\u00bb][\/sfdm_event_program_list_item][sfdm_event_program_list_item backend_title=\u00a0\u00bb10:50 &#8211; 11:30 Wenn das Rechtskleid nicht mehr passt: Umstrukturierungen von NPO\u00a0\u00bb title=\u00a0\u00bbWenn das Rechtskleid nicht mehr passt: Umstrukturierungen von NPO\u00a0\u00bb subtitle=\u00a0\u00bbReferat\u00a0\u00bb start_time=\u00a0\u00bb10:50&Prime; end_time=\u00a0\u00bb11:30&Prime; speakers=\u00a0\u00bb<\/p>\n<p>Isabel Guth-Wanner<\/p>\n<p>\u00a0\u00bb _builder_version=\u00a0\u00bb4.27.4&Prime; _module_preset=\u00a0\u00bbdefault\u00a0\u00bb global_colors_info=\u00a0\u00bb{}\u00a0\u00bb]<\/p>\n<ul>\n<li>Gr\u00fcnde f\u00fcr die Umstrukturierung von NPO<\/li>\n<li>Umstrukturierungsm\u00f6glichkeiten<\/li>\n<li>Vor- und Nachteile der einzelnen Umstrukturierungsm\u00f6glichkeiten<\/li>\n<\/ul>\n<p>[\/sfdm_event_program_list_item][sfdm_event_program_list_item backend_title=\u00a0\u00bb11:30 -12:00 M\u00f6glichkeiten und H\u00fcrden der cross-border Philanthropy \u00a0\u00bb title=\u00a0\u00bbM\u00f6glichkeiten und H\u00fcrden der cross-border Philanthropy \u00a0\u00bb subtitle=\u00a0\u00bbReferat\u00a0\u00bb start_time=\u00a0\u00bb11:30&Prime; end_time=\u00a0\u00bb12:00&Prime; speakers=\u00a0\u00bb<\/p>\n<p>Dr. Ruth Bloch-Riemer<\/p>\n<p>\u00a0\u00bb _builder_version=\u00a0\u00bb4.27.4&Prime; _module_preset=\u00a0\u00bbdefault\u00a0\u00bb global_colors_info=\u00a0\u00bb{}\u00a0\u00bb]<\/p>\n<ul>\n<li>Strukturierung grenz\u00fcberschreitender Philanthropie aus schweizerischer steuerlicher Sicht<\/li>\n<li>Duale und multinationale Strukturen \u2013 was ist aus schweizerischer Sicht m\u00f6glich, was hat sich bew\u00e4hrt?<\/li>\n<li>Sinnvolle Kontrolle und Wirksamkeitsmessung im Ausland<\/li>\n<\/ul>\n<p>[\/sfdm_event_program_list_item][sfdm_event_program_list_item backend_title=\u00a0\u00bb12:00 &#8211; 12:30 Grenz\u00fcberschreitende NPO T\u00e4tigkeit in der Praxis \u00a0\u00bb title=\u00a0\u00bbGrenz\u00fcberschreitende NPO T\u00e4tigkeit in der Praxis \u00a0\u00bb subtitle=\u00a0\u00bbPanel\u00a0\u00bb start_time=\u00a0\u00bb12:00&Prime; end_time=\u00a0\u00bb12:30&Prime; speakers=\u00a0\u00bb<\/p>\n<p>Dr. Ruth Bloch-Riemer, Nils G\u00fcggi und Prof. Dr. Claude Humbel, moderiert von Dr. Lukas Brugger<\/p>\n<p>\u00a0\u00bb _builder_version=\u00a0\u00bb4.27.4&Prime; _module_preset=\u00a0\u00bbdefault\u00a0\u00bb global_colors_info=\u00a0\u00bb{}\u00a0\u00bb][\/sfdm_event_program_list_item][sfdm_event_program_list_item backend_title=\u00a0\u00bb12.30 &#8211; 13:30 Mittagessen\u00a0\u00bb subtitle=\u00a0\u00bb12.30 &#8211; 13:30 Mittagessen\u00a0\u00bb type=\u00a0\u00bbbreak\u00a0\u00bb _builder_version=\u00a0\u00bb4.27.4&Prime; _module_preset=\u00a0\u00bbdefault\u00a0\u00bb global_colors_info=\u00a0\u00bb{}\u00a0\u00bb][\/sfdm_event_program_list_item][sfdm_event_program_list_item backend_title=\u00a0\u00bb13:30 &#8211; 14:10 Haftungsrisiken als Organ bzw. Gesch\u00e4ftsf\u00fchrung einer NPO\u00a0\u00bb title=\u00a0\u00bb(zivilrechtlich) Haftungsrisiken als Organ bzw. Gesch\u00e4ftsf\u00fchrung einer NPO\u00a0\u00bb subtitle=\u00a0\u00bbReferat\u00a0\u00bb start_time=\u00a0\u00bb13:30&Prime; end_time=\u00a0\u00bb14:10&Prime; speakers=\u00a0\u00bb<\/p>\n<p>Dr. Tina Huber-Purtschert<\/p>\n<p>\u00a0\u00bb _builder_version=\u00a0\u00bb4.27.4&Prime; _module_preset=\u00a0\u00bbdefault\u00a0\u00bb global_colors_info=\u00a0\u00bb{}\u00a0\u00bb]<\/p>\n<ul>\n<li>Rechtsform\/Umfeld einer NPO<\/li>\n<li>Anspruchsgrundlagen f\u00fcr Haftung<\/li>\n<li>M\u00f6gliche Pr\u00e4ventionsmassnahmen<\/li>\n<\/ul>\n<p>[\/sfdm_event_program_list_item][sfdm_event_program_list_item backend_title=\u00a0\u00bb14:10 &#8211; 14:50 AIA, GwG, Transparenzregister \u2013 wer ist wirtschaftlich Berechtigter einer NPO?\u00a0\u00bb title=\u00a0\u00bbAIA, GwG, Transparenzregister \u2013 wer ist wirtschaftlich Berechtigter einer NPO?\u00a0\u00bb subtitle=\u00a0\u00bbReferat\u00a0\u00bb start_time=\u00a0\u00bb14:10&Prime; end_time=\u00a0\u00bb14:50&Prime; speakers=\u00a0\u00bb<\/p>\n<p>Dr. Thomas Sprecher<\/p>\n<p>\u00a0\u00bb _builder_version=\u00a0\u00bb4.27.4&Prime; _module_preset=\u00a0\u00bbdefault\u00a0\u00bb global_colors_info=\u00a0\u00bb{}\u00a0\u00bb]<\/p>\n<ul>\n<li>Begriff des wirtschaftlich Berechtigten bei NPOs: \u00dcberblick \u00fcber die Definitionen nach AIA, GwG, VSB und geplantem Transparenzregister.<\/li>\n<li>Spezifika bei NPO in Form von Stiftungen und Vereinen: Wer gilt als wirtschaftlich Berechtigter bei klassischen NPO-Strukturen \u2013 Gr\u00fcnder, Beg\u00fcnstigte, Mitglieder der Organpersonen?<\/li>\n<li>Praktische Umsetzung und Herausforderungen: Meldepflichten, Registereintr\u00e4ge, Hinweise zum Umgang mit standardisierten Formularen.<\/li>\n<\/ul>\n<p>[\/sfdm_event_program_list_item][sfdm_event_program_list_item backend_title=\u00a0\u00bb14:50 &#8211; 15:20 Kaffeepause\u00a0\u00bb subtitle=\u00a0\u00bb14:50 &#8211; 15:20 Kaffeepause\u00a0\u00bb type=\u00a0\u00bbbreak\u00a0\u00bb _builder_version=\u00a0\u00bb4.27.4&Prime; _module_preset=\u00a0\u00bbdefault\u00a0\u00bb global_colors_info=\u00a0\u00bb{}\u00a0\u00bb][\/sfdm_event_program_list_item][sfdm_event_program_list_item backend_title=\u00a0\u00bb15:20 &#8211; 16:00 Neue juristische Instrumente f\u00fcr engagierte Philanthropie\u00a0\u00bb title=\u00a0\u00bbNeue juristische Instrumente f\u00fcr engagierte Philanthropie\u00a0\u00bb subtitle=\u00a0\u00bbReferat\u00a0\u00bb start_time=\u00a0\u00bb15:20&Prime; end_time=\u00a0\u00bb16:00&Prime; speakers=\u00a0\u00bb<\/p>\n<p>Prof. Dr. Giulia Neri-Castracane<\/p>\n<p>\u00a0\u00bb _builder_version=\u00a0\u00bb4.27.4&Prime; _module_preset=\u00a0\u00bbdefault\u00a0\u00bb global_colors_info=\u00a0\u00bb{}\u00a0\u00bb]<\/p>\n<ul>\n<li>Steward Ownership<\/li>\n<li>Social Entrepreneurship<\/li>\n<li>Impact Investing<\/li>\n<\/ul>\n<p>[\/sfdm_event_program_list_item][sfdm_event_program_list_item backend_title=\u00a0\u00bb16:00 &#8211; 16:40 Nachfolgeplanung bei NPO\u00a0\u00bb title=\u00a0\u00bbNachfolgeplanung bei NPO\u00a0\u00bb subtitle=\u00a0\u00bbInterview\u00a0\u00bb start_time=\u00a0\u00bb16:00&Prime; end_time=\u00a0\u00bb16:40&Prime; speakers=\u00a0\u00bb<\/p>\n<p>Beate Eckhardt und Andrea Dorjee-Good im Gespr\u00e4ch mit Dr. Lukas Brugger<\/p>\n<p>\u00a0\u00bb _builder_version=\u00a0\u00bb4.27.4&Prime; _module_preset=\u00a0\u00bbdefault\u00a0\u00bb global_colors_info=\u00a0\u00bb{}\u00a0\u00bb]<\/p>\n<ul>\n<li>Rechtliche Grundlagen der Nachfolgeplanung bei NPO: Statutarische Regelungen und Anforderungen an Organbesetzungen.<\/li>\n<li>Risiken und Handlungsbedarf in der Praxis: Was passiert bei pl\u00f6tzlichem Wegfall von Schl\u00fcsselpersonen? Typische Vers\u00e4umnisse und ihre Folgen.<\/li>\n<li>Strategien f\u00fcr eine gelungene Nachfolge: Best Practices, fr\u00fchzeitige Planung, Aufbau von Nachwuchs und Sicherung institutionellen Wissens.<\/li>\n<\/ul>\n<p>[\/sfdm_event_program_list_item][sfdm_event_program_list_item backend_title=\u00a0\u00bb16:40 &#8211; 16:45 Fazit und Ausblick\u00a0\u00bb title=\u00a0\u00bbFazit und Ausblick\u00a0\u00bb start_time=\u00a0\u00bb16:40&Prime; end_time=\u00a0\u00bb16:45&Prime; speakers=\u00a0\u00bb<\/p>\n<p>Dr. Lukas Brugger und Prof. Dr. Claude Humbel<\/p>\n<p>\u00a0\u00bb _builder_version=\u00a0\u00bb4.27.4&Prime; _module_preset=\u00a0\u00bbdefault\u00a0\u00bb global_colors_info=\u00a0\u00bb{}\u00a0\u00bb][\/sfdm_event_program_list_item][\/sfdm_event_program_list][\/et_pb_column_inner][\/et_pb_row_inner][et_pb_row_inner disabled_on=\u00a0\u00bbon|on|on\u00a0\u00bb admin_label=\u00a0\u00bbAnzeigen (Mobile)\u00a0\u00bb _builder_version=\u00a0\u00bb4.17.4&Prime; _module_preset=\u00a0\u00bbdefault\u00a0\u00bb disabled=\u00a0\u00bbon\u00a0\u00bb locked=\u00a0\u00bboff\u00a0\u00bb collapsed=\u00a0\u00bbon\u00a0\u00bb global_colors_info=\u00a0\u00bb{}\u00a0\u00bb][et_pb_column_inner saved_specialty_column_type=\u00a0\u00bb3_4&Prime; _builder_version=\u00a0\u00bb4.17.4&Prime; _module_preset=\u00a0\u00bbdefault\u00a0\u00bb global_colors_info=\u00a0\u00bb{}\u00a0\u00bb][et_pb_code disabled_on=\u00a0\u00bboff|off|on\u00a0\u00bb admin_label=\u00a0\u00bbAnzeige(n) (MOBILE)\u00a0\u00bb module_class=\u00a0\u00bbschulthess_product_ads\u00a0\u00bb _builder_version=\u00a0\u00bb4.17.4&Prime; _module_preset=\u00a0\u00bbdefault\u00a0\u00bb locked=\u00a0\u00bboff\u00a0\u00bb global_colors_info=\u00a0\u00bb{}\u00a0\u00bb][\/et_pb_code][\/et_pb_column_inner][\/et_pb_row_inner][et_pb_row_inner admin_label=\u00a0\u00bbReferenten\u00a0\u00bb module_id=\u00a0\u00bbschulthess-referierende\u00a0\u00bb module_class=\u00a0\u00bbschulthess-referenten-slider\u00a0\u00bb _builder_version=\u00a0\u00bb4.22.1&Prime; _module_preset=\u00a0\u00bbdefault\u00a0\u00bb collapsed=\u00a0\u00bbon\u00a0\u00bb global_colors_info=\u00a0\u00bb{}\u00a0\u00bb][et_pb_column_inner saved_specialty_column_type=\u00a0\u00bb3_4&Prime; _builder_version=\u00a0\u00bb4.16&Prime; _module_preset=\u00a0\u00bbdefault\u00a0\u00bb global_colors_info=\u00a0\u00bb{}\u00a0\u00bb][et_pb_text admin_label=\u00a0\u00bbHeadline\u00a0\u00bb module_class=\u00a0\u00bbsf-h3 schulthess-product-speaker-headline-wrapper\u00a0\u00bb _builder_version=\u00a0\u00bb4.19.5&Prime; _module_preset=\u00a0\u00bbdefault\u00a0\u00bb locked=\u00a0\u00bbon\u00a0\u00bb global_colors_info=\u00a0\u00bb{}\u00a0\u00bb]<\/p>\n<h5>Referierende<\/h5>\n<p><!--div class=\"buttons\"><button class=\"grid icon_grid\"><span><\/span><\/button><button class=\"list icon_list\"><span><\/span><\/button><\/div-->[\/et_pb_text][et_pb_code _builder_version=\u00a0\u00bb4.19.5&Prime; _module_preset=\u00a0\u00bbdefault\u00a0\u00bb locked=\u00a0\u00bboff\u00a0\u00bb global_colors_info=\u00a0\u00bb{}\u00a0\u00bb]<div class=\"sf-speaker-slider\"><div class=\"uk-position-relative uk-visible-toggle uk-light\" tabindex=\"-1\"><ul class=\"uk-grid-small uk-child-width-1-4@s uk-child-width-1-4@m uk-child-width-1-4@l\" uk-grid uk-height-match=\"target: > li > .uk-card\">\n\n            <li>\n                <div class=\"uk-card uk-card-default\">\n                    <a href=\"#referent-23049\" uk-toggle>\n                    <div class=\"uk-card-media-top\">\n                        <img loading=\"lazy\" decoding=\"async\" width=\"200\" height=\"242\" src=\"https:\/\/www.schulthessforum.ch\/wp-content\/media\/Brugger_Lukas_200x242px.jpg\" class=\"attachment-schulthess_speaker size-schulthess_speaker wp-post-image\" alt=\"\" \/>\n                        <div class=\"uk-label referenten-tagesleitung\">Direction<\/div>\n                    <\/div>\n                    <div class=\"uk-card uk-card-body\">\n                        <h4 class=\"speaker-card-name cardslider-card-name\">Dr.  Lukas Brugger<\/h4>\n                    <\/div>\n                    <\/a>\n                <\/div>\n            <\/li>\n            \n\n            <li>\n                <div class=\"uk-card uk-card-default\">\n                    <a href=\"#referent-31552\" uk-toggle>\n                    <div class=\"uk-card-media-top\">\n                        <img loading=\"lazy\" decoding=\"async\" width=\"200\" height=\"242\" src=\"https:\/\/www.schulthessforum.ch\/wp-content\/media\/Referenten\/Humbel_Claude_200x242px.jpg\" class=\"attachment-schulthess_speaker size-schulthess_speaker wp-post-image\" alt=\"\" \/>\n                        <div class=\"uk-label referenten-tagesleitung\">Direction<\/div>\n                    <\/div>\n                    <div class=\"uk-card uk-card-body\">\n                        <h4 class=\"speaker-card-name cardslider-card-name\">Prof. Dr.  Claude Humbel<\/h4>\n                    <\/div>\n                    <\/a>\n                <\/div>\n            <\/li>\n            \n\n            <li>\n                <div class=\"uk-card uk-card-default\">\n                    <a href=\"#referent-13742\" uk-toggle>\n                    <div class=\"uk-card-media-top\">\n                        <img loading=\"lazy\" decoding=\"async\" width=\"200\" height=\"242\" src=\"https:\/\/www.schulthessforum.ch\/wp-content\/media\/Bloch-Riemer_Ruth_200x242px-200x242.jpg\" class=\"attachment-schulthess_speaker size-schulthess_speaker wp-post-image\" alt=\"\" \/>\n                        \n                    <\/div>\n                    <div class=\"uk-card uk-card-body\">\n                        <h4 class=\"speaker-card-name cardslider-card-name\">Dr.  Ruth Bloch-Riemer<\/h4>\n                    <\/div>\n                    <\/a>\n                <\/div>\n            <\/li>\n            \n\n            <li>\n                <div class=\"uk-card uk-card-default\">\n                    <a href=\"#referent-31617\" uk-toggle>\n                    <div class=\"uk-card-media-top\">\n                        <img loading=\"lazy\" decoding=\"async\" width=\"200\" height=\"242\" src=\"https:\/\/www.schulthessforum.ch\/wp-content\/media\/Referenten\/Dorjee-Good_Andrea_200x_242px.png\" class=\"attachment-schulthess_speaker size-schulthess_speaker wp-post-image\" alt=\"\" \/>\n                        \n                    <\/div>\n                    <div class=\"uk-card uk-card-body\">\n                        <h4 class=\"speaker-card-name cardslider-card-name\"> Andrea Dorjee-Good<\/h4>\n                    <\/div>\n                    <\/a>\n                <\/div>\n            <\/li>\n            \n\n            <li>\n                <div class=\"uk-card uk-card-default\">\n                    <a href=\"#referent-31825\" uk-toggle>\n                    <div class=\"uk-card-media-top\">\n                        <img loading=\"lazy\" decoding=\"async\" width=\"200\" height=\"242\" src=\"https:\/\/www.schulthessforum.ch\/wp-content\/media\/Referenten\/Eckhardt_Beate_200x242px.jpg\" class=\"attachment-schulthess_speaker size-schulthess_speaker wp-post-image\" alt=\"\" \/>\n                        \n                    <\/div>\n                    <div class=\"uk-card uk-card-body\">\n                        <h4 class=\"speaker-card-name cardslider-card-name\"> Beate Eckhardt<\/h4>\n                    <\/div>\n                    <\/a>\n                <\/div>\n            <\/li>\n            \n\n            <li>\n                <div class=\"uk-card uk-card-default\">\n                    <a href=\"#referent-31560\" uk-toggle>\n                    <div class=\"uk-card-media-top\">\n                        <img loading=\"lazy\" decoding=\"async\" width=\"200\" height=\"242\" src=\"https:\/\/www.schulthessforum.ch\/wp-content\/media\/Referenten\/Gueggi_Nils_200x242px.jpg\" class=\"attachment-schulthess_speaker size-schulthess_speaker wp-post-image\" alt=\"\" \/>\n                        \n                    <\/div>\n                    <div class=\"uk-card uk-card-body\">\n                        <h4 class=\"speaker-card-name cardslider-card-name\"> Nils G\u00fcggi<\/h4>\n                    <\/div>\n                    <\/a>\n                <\/div>\n            <\/li>\n            \n\n            <li>\n                <div class=\"uk-card uk-card-default\">\n                    <a href=\"#referent-31557\" uk-toggle>\n                    <div class=\"uk-card-media-top\">\n                        <img loading=\"lazy\" decoding=\"async\" width=\"200\" height=\"242\" src=\"https:\/\/www.schulthessforum.ch\/wp-content\/media\/Referenten\/Guth-Wanner_Isabel_200x242px.jpg\" class=\"attachment-schulthess_speaker size-schulthess_speaker wp-post-image\" alt=\"\" \/>\n                        \n                    <\/div>\n                    <div class=\"uk-card uk-card-body\">\n                        <h4 class=\"speaker-card-name cardslider-card-name\"> Isabel Guth-Wanner<\/h4>\n                    <\/div>\n                    <\/a>\n                <\/div>\n            <\/li>\n            \n\n            <li>\n                <div class=\"uk-card uk-card-default\">\n                    <a href=\"#referent-31789\" uk-toggle>\n                    <div class=\"uk-card-media-top\">\n                        <img loading=\"lazy\" decoding=\"async\" width=\"200\" height=\"242\" src=\"https:\/\/www.schulthessforum.ch\/wp-content\/media\/Referenten\/Huber_Tina_200x242px.jpg\" class=\"attachment-schulthess_speaker size-schulthess_speaker wp-post-image\" alt=\"\" \/>\n                        \n                    <\/div>\n                    <div class=\"uk-card uk-card-body\">\n                        <h4 class=\"speaker-card-name cardslider-card-name\">Dr.  Tina Huber-Purtschert<\/h4>\n                    <\/div>\n                    <\/a>\n                <\/div>\n            <\/li>\n            \n\n            <li>\n                <div class=\"uk-card uk-card-default\">\n                    <a href=\"#referent-32101\" uk-toggle>\n                    <div class=\"uk-card-media-top\">\n                        <img loading=\"lazy\" decoding=\"async\" width=\"200\" height=\"242\" src=\"https:\/\/www.schulthessforum.ch\/wp-content\/media\/Referenten\/Kalt_Michelle_200x242px.jpg\" class=\"attachment-schulthess_speaker size-schulthess_speaker wp-post-image\" alt=\"\" \/>\n                        \n                    <\/div>\n                    <div class=\"uk-card uk-card-body\">\n                        <h4 class=\"speaker-card-name cardslider-card-name\">Dr.  Michelle Kalt<\/h4>\n                    <\/div>\n                    <\/a>\n                <\/div>\n            <\/li>\n            \n\n            <li>\n                <div class=\"uk-card uk-card-default\">\n                    <a href=\"#referent-31566\" uk-toggle>\n                    <div class=\"uk-card-media-top\">\n                        <img loading=\"lazy\" decoding=\"async\" width=\"200\" height=\"242\" src=\"https:\/\/www.schulthessforum.ch\/wp-content\/media\/Referenten\/Neri-Castracane_Giulia_200x242px.jpg\" class=\"attachment-schulthess_speaker size-schulthess_speaker wp-post-image\" alt=\"\" \/>\n                        \n                    <\/div>\n                    <div class=\"uk-card uk-card-body\">\n                        <h4 class=\"speaker-card-name cardslider-card-name\">Prof. Dr. Giulia Neri-Castracane<\/h4>\n                    <\/div>\n                    <\/a>\n                <\/div>\n            <\/li>\n            \n\n            <li>\n                <div class=\"uk-card uk-card-default\">\n                    <a href=\"#referent-32087\" uk-toggle>\n                    <div class=\"uk-card-media-top\">\n                        <img loading=\"lazy\" decoding=\"async\" width=\"200\" height=\"242\" src=\"https:\/\/www.schulthessforum.ch\/wp-content\/media\/Referenten\/von-Schnurbein_Georg_200x242px.jpg\" class=\"attachment-schulthess_speaker size-schulthess_speaker wp-post-image\" alt=\"\" \/>\n                        \n                    <\/div>\n                    <div class=\"uk-card uk-card-body\">\n                        <h4 class=\"speaker-card-name cardslider-card-name\">Prof. Dr. Georg von Schnurbein<\/h4>\n                    <\/div>\n                    <\/a>\n                <\/div>\n            <\/li>\n            \n\n            <li>\n                <div class=\"uk-card uk-card-default\">\n                    <a href=\"#referent-31634\" uk-toggle>\n                    <div class=\"uk-card-media-top\">\n                        <img loading=\"lazy\" decoding=\"async\" width=\"200\" height=\"242\" src=\"https:\/\/www.schulthessforum.ch\/wp-content\/media\/Referenten\/Sprecher_Thomas_200x242px.jpg\" class=\"attachment-schulthess_speaker size-schulthess_speaker wp-post-image\" alt=\"\" \/>\n                        \n                    <\/div>\n                    <div class=\"uk-card uk-card-body\">\n                        <h4 class=\"speaker-card-name cardslider-card-name\">Dr.  Thomas Sprecher<\/h4>\n                    <\/div>\n                    <\/a>\n                <\/div>\n            <\/li>\n            <\/ul><\/div>\n        <div id=\"referent-23049\" class=\"referent-modal uk-flex-top\" uk-modal>\n            <div class=\"uk-modal-dialog uk-margin-auto-vertical\">\n                <button class=\"uk-modal-close-default\" type=\"button\" uk-close><\/button>\n                <div class=\"uk-grid-small\" uk-grid>\n                    <div class=\"uk-width-auto@m\">\n                        <div class=\"uk-card-badge uk-label referenten-tagesleitung\">Direction<\/div>\n                        <img loading=\"lazy\" decoding=\"async\" width=\"200\" height=\"242\" src=\"https:\/\/www.schulthessforum.ch\/wp-content\/media\/Brugger_Lukas_200x242px.jpg\" class=\"attachment-schulthess_speaker size-schulthess_speaker wp-post-image\" alt=\"\" \/>\n                    <\/div>\n                    <div class=\"uk-width-expand@m\">\n                        <h4 class=\"uk-modal-title\">Dr.  Lukas Brugger<\/h4>\n                        <p class=\"referent-info\"><span class=\"referenten-position\">Dr. iur., Rechtsanwalt, Associate,<\/span> <span class=\"referenten-company\">CMS von Erlach Partners<\/span><\/p>\n                        <p class=\"referent-kurzbeschreibung\"><p>Dr. Lukas Brugger ist Rechtsanwalt bei CMS von Erlach Partners. Er ist spezialisiert in den Bereichen Verm\u00f6gens- und Nachlassplanung, Philanthropie und Kunst sowie im Stiftungsrecht. Er ber\u00e4t und vertritt Nachlassbeteiligte und Stiftungen gerichtlich und aussergerichtlich, h\u00e4ufig im Zusammenhang mit Kunstwerken. Lukas Brugger hat an den Universit\u00e4ten Genf und Z\u00fcrich studiert. Seit 2022 ist Lukas Brugger Lehrbeauftragter an der Universit\u00e4t Z\u00fcrich. Er referiert und publiziert regelm\u00e4ssig in den Bereichen Erbrecht und Stiftungsrecht.<\/p>\n<\/p>\n                    <\/div>\n                <\/div>\n\n                <div class=\"uk-modal-footer card-arrows uk-text-right\">\n                    <button href=\"javascript:void(0);\" class=\"card-arrow-prev\" onclick=\"navigateReferent('prev', 31634);\"><\/button>\n                    <button href=\"javascript:void(0);\" class=\"card-arrow-next\" onclick=\"navigateReferent('next', 31552);\"><\/button>\n                <\/div>\n            <\/div>\n        <\/div>\n        \n        <div id=\"referent-31552\" class=\"referent-modal uk-flex-top\" uk-modal>\n            <div class=\"uk-modal-dialog uk-margin-auto-vertical\">\n                <button class=\"uk-modal-close-default\" type=\"button\" uk-close><\/button>\n                <div class=\"uk-grid-small\" uk-grid>\n                    <div class=\"uk-width-auto@m\">\n                        <div class=\"uk-card-badge uk-label referenten-tagesleitung\">Direction<\/div>\n                        <img loading=\"lazy\" decoding=\"async\" width=\"200\" height=\"242\" src=\"https:\/\/www.schulthessforum.ch\/wp-content\/media\/Referenten\/Humbel_Claude_200x242px.jpg\" class=\"attachment-schulthess_speaker size-schulthess_speaker wp-post-image\" alt=\"\" \/>\n                    <\/div>\n                    <div class=\"uk-width-expand@m\">\n                        <h4 class=\"uk-modal-title\">Prof. Dr.  Claude Humbel<\/h4>\n                        <p class=\"referent-info\"><span class=\"referenten-position\">Ass.-Prof. Dr. iur., LL.M. (Berkeley), Rechtsanwalt, Professur f\u00fcr Privatrecht und Blockchain, <\/span> <span class=\"referenten-company\">Rechtswissenschaftliche Fakult\u00e4t der Universit\u00e4t Luzern<\/span><\/p>\n                        <p class=\"referent-kurzbeschreibung\"><p>Claude Humbel studierte Rechtswissenschaft an der Universit\u00e4t Z\u00fcrich, wo er auch promoviert wurde. Seine mit dem Jahrespreis der Universit\u00e4t Z\u00fcrich ausgezeichnete Dissertation befasst sich mit der Regulierung der Vor- und Nachhandelstransparenz in der Europ\u00e4ischen Union und in der Schweiz. Erg\u00e4nzend dazu absolvierte er ein LL.M.-Studium an der Berkeley School of Law der University of California.<\/p>\n<p>Nach beruflichen Stationen in einer international ausgerichteten Wirtschaftskanzlei sowie am Obergericht des Kantons Aargau kehrte Claude Humbel an die Universit\u00e4t Z\u00fcrich zur\u00fcck. Im Rahmen seines Habilitationsprojekts mit dem Arbeitstitel \u00abRelated-Party Transactions im schweizerischen Gesellschafts-, Bank- und Kapitalmarktrecht\u00bb untersucht er die rechtlichen Rahmenbedingungen f\u00fcr Transaktionen zwischen verbundenen Parteien. W\u00e4hrend seiner Zeit als wissenschaftlicher Mitarbeiter an der Universit\u00e4t Z\u00fcrich war Claude Humbel sowohl an einem Lehrstuhl f\u00fcr Privatrecht mit Schwerpunkt Stiftungsrecht als auch an einem Lehrstuhl f\u00fcr Gesellschaftsrecht t\u00e4tig. Vor diesem Hintergrund forscht, publiziert und referiert er zum Recht der Non-Profit-Organisationen, der Sozialunternehmen sowie zum allgemeinen Kapitalmarkt- und Gesellschaftsrecht. An der Universit\u00e4t Z\u00fcrich ist er zudem als Lehrbeauftragter im Privat-, Handels- und Wirtschaftsrecht t\u00e4tig und h\u00e4lt Lehrveranstaltungen im Vereins- und Stiftungsrecht sowie im Recht der Sozialunternehmen. Zudem ist Claude Humbel Mitherausgeber der Zeitschrift \u00abNovit\u00e0 Giuridiche\u00bb des Centro competenze tributarie e giuridiche (CCTG) an der Scuola universitaria professionale della Svizzera italiana (SUPSI).<\/p>\n<p>Im Fr\u00fchjahr 2025 wurde Claude Humbel von der Universit\u00e4t Luzern auf eine Professur im Privatrecht berufen.<\/p>\n<\/p>\n                    <\/div>\n                <\/div>\n\n                <div class=\"uk-modal-footer card-arrows uk-text-right\">\n                    <button href=\"javascript:void(0);\" class=\"card-arrow-prev\" onclick=\"navigateReferent('prev', 23049);\"><\/button>\n                    <button href=\"javascript:void(0);\" class=\"card-arrow-next\" onclick=\"navigateReferent('next', 13742);\"><\/button>\n                <\/div>\n            <\/div>\n        <\/div>\n        \n        <div id=\"referent-13742\" class=\"referent-modal uk-flex-top\" uk-modal>\n            <div class=\"uk-modal-dialog uk-margin-auto-vertical\">\n                <button class=\"uk-modal-close-default\" type=\"button\" uk-close><\/button>\n                <div class=\"uk-grid-small\" uk-grid>\n                    <div class=\"uk-width-auto@m\">\n                        \n                        <img loading=\"lazy\" decoding=\"async\" width=\"200\" height=\"242\" src=\"https:\/\/www.schulthessforum.ch\/wp-content\/media\/Bloch-Riemer_Ruth_200x242px-200x242.jpg\" class=\"attachment-schulthess_speaker size-schulthess_speaker wp-post-image\" alt=\"\" \/>\n                    <\/div>\n                    <div class=\"uk-width-expand@m\">\n                        <h4 class=\"uk-modal-title\">Dr.  Ruth Bloch-Riemer<\/h4>\n                        <p class=\"referent-info\"><span class=\"referenten-position\">Dr. iur., Rechtsanw\u00e4ltin, dipl. Steuerexpertin, Partnerin\r\n<\/span> <span class=\"referenten-company\">B\u00e4r & Karrer<\/span><\/p>\n                        <p class=\"referent-kurzbeschreibung\"><p>Ruth Bloch-Riemer ist spezialisiert auf schweizerische und internationale steuerrechtliche Sachverhalte. Ein Schwerpunkt ihrer T\u00e4tigkeit liegt in der Beratung und Betreuung von schweizerischen und ausl\u00e4ndischen verm\u00f6genden Privatpersonen und Unternehmern in allen steuerrechtlichen Belangen, nebst den Bereichen Verm\u00f6gens- und Nachlassplanung insbesondere in Bezug auf Fragen im Bereich der nationalen und internationalen Planung und Koordination ihrer beruflichen Vorsorge und Sozialversicherung.<\/p>\n<\/p>\n                    <\/div>\n                <\/div>\n\n                <div class=\"uk-modal-footer card-arrows uk-text-right\">\n                    <button href=\"javascript:void(0);\" class=\"card-arrow-prev\" onclick=\"navigateReferent('prev', 31552);\"><\/button>\n                    <button href=\"javascript:void(0);\" class=\"card-arrow-next\" onclick=\"navigateReferent('next', 31617);\"><\/button>\n                <\/div>\n            <\/div>\n        <\/div>\n        \n        <div id=\"referent-31617\" class=\"referent-modal uk-flex-top\" uk-modal>\n            <div class=\"uk-modal-dialog uk-margin-auto-vertical\">\n                <button class=\"uk-modal-close-default\" type=\"button\" uk-close><\/button>\n                <div class=\"uk-grid-small\" uk-grid>\n                    <div class=\"uk-width-auto@m\">\n                        \n                        <img loading=\"lazy\" decoding=\"async\" width=\"200\" height=\"242\" src=\"https:\/\/www.schulthessforum.ch\/wp-content\/media\/Referenten\/Dorjee-Good_Andrea_200x_242px.png\" class=\"attachment-schulthess_speaker size-schulthess_speaker wp-post-image\" alt=\"\" \/>\n                    <\/div>\n                    <div class=\"uk-width-expand@m\">\n                        <h4 class=\"uk-modal-title\"> Andrea Dorjee-Good<\/h4>\n                        <p class=\"referent-info\"><span class=\"referenten-position\">lic.\u00a0iur. HSG, Fachanw\u00e4ltin SAV Erbrecht, Trust and Estate Practitioner (TEP), Partnerin, <\/span> <span class=\"referenten-company\">Schellenberg Wittmer<\/span><\/p>\n                        <p class=\"referent-kurzbeschreibung\"><p>Andrea Dorjee-Good studierte Rechtswissenschaften an der Universit\u00e4t St.\u00a0Gallen (lic.\u00a0iur. HSG) und erwarb 2007 das Anwaltspatent. 2014 schloss sie die Ausbildung zum Trust and Estate Practitioner (TEP) ab und 2019 erwarb sie den Titel Fachanw\u00e4ltin SAV Erbrecht. Sie ist Partnerin bei Schellenberg Wittmer in Z\u00fcrich, wo sie das Private Wealth Team leitet. Sie ber\u00e4t vornehmlich Privatkunden, insbesondere in den Bereichen der Nachlassplanung und Nachlassabwicklung. Dabei unterst\u00fctzt sie Klienten insb. bei der Ausarbeitung von Testamenten, Ehe- und Erbvertr\u00e4gen, im Zusammenhang mit Unternehmensnachfolgeplanungen sowie in Bezug auf Verm\u00f6gensstrukturierungen, Trusts und Stiftungen. Ferner vertritt sie regelm\u00e4ssig Klienten in komplexen Trust- und Erbschaftsstreitigkeiten sowie in Bezug auf Willensvollstreckungen.<\/p>\n<\/p>\n                    <\/div>\n                <\/div>\n\n                <div class=\"uk-modal-footer card-arrows uk-text-right\">\n                    <button href=\"javascript:void(0);\" class=\"card-arrow-prev\" onclick=\"navigateReferent('prev', 13742);\"><\/button>\n                    <button href=\"javascript:void(0);\" class=\"card-arrow-next\" onclick=\"navigateReferent('next', 31825);\"><\/button>\n                <\/div>\n            <\/div>\n        <\/div>\n        \n        <div id=\"referent-31825\" class=\"referent-modal uk-flex-top\" uk-modal>\n            <div class=\"uk-modal-dialog uk-margin-auto-vertical\">\n                <button class=\"uk-modal-close-default\" type=\"button\" uk-close><\/button>\n                <div class=\"uk-grid-small\" uk-grid>\n                    <div class=\"uk-width-auto@m\">\n                        \n                        <img loading=\"lazy\" decoding=\"async\" width=\"200\" height=\"242\" src=\"https:\/\/www.schulthessforum.ch\/wp-content\/media\/Referenten\/Eckhardt_Beate_200x242px.jpg\" class=\"attachment-schulthess_speaker size-schulthess_speaker wp-post-image\" alt=\"\" \/>\n                    <\/div>\n                    <div class=\"uk-width-expand@m\">\n                        <h4 class=\"uk-modal-title\"> Beate Eckhardt<\/h4>\n                        <p class=\"referent-info\"><span class=\"referenten-position\">Exec. MAS Communications Management, Strategie- und Philanthropieberaterin, Verwaltungs- und Stiftungsr\u00e4tin, <\/span> <span class=\"referenten-company\">Eckhardt Consulting GmbH<\/span><\/p>\n                        <p class=\"referent-kurzbeschreibung\"><p>Beate Eckhardt studierte deutsche Sprach- und Literaturwissenschaft sowie Sozial- und Wirtschaftsgeschichte an der Universit\u00e4t Z\u00fcrich und h\u00e4lt einen Executive Master in Communications Management der Universit\u00e0 della Svizzera italiana. Bis 2020 baute sie SwissFoundations, den Verband der Schweizer F\u00f6rderstiftungen, auf. Heute ber\u00e4t sie Stifter:innen und Unternehmen bei der Gr\u00fcndung von Stiftungen und begleitet Stiftungen in strategischen und operativen Fragen. Sie ist Mitgr\u00fcnderin der Ausbildungsplattform f\u00fcr Stiftungsr\u00e4te \u00abFoundation Board Academy\u00bb und des Stipendienprogramms \u00abBoard for Good\u00bb.<br \/>\nBeate Eckhardt ist Stiftungsr\u00e4tin verschiedener Stiftungen, u.a. der ZKB Philanthropie Stiftung, beim Stapferhaus Lenzburg und der Hear the World Foundation (Corporate Foundation der Sonova AG). Sie ist zudem VR Pr\u00e4sidentin der Schauspielhaus Z\u00fcrich AG und Verwaltungsratsmitglied der Invethos AG, einer unabh\u00e4ngigen Verm\u00f6gensverwalterin mit Sitz in Bern.<\/p>\n<\/p>\n                    <\/div>\n                <\/div>\n\n                <div class=\"uk-modal-footer card-arrows uk-text-right\">\n                    <button href=\"javascript:void(0);\" class=\"card-arrow-prev\" onclick=\"navigateReferent('prev', 31617);\"><\/button>\n                    <button href=\"javascript:void(0);\" class=\"card-arrow-next\" onclick=\"navigateReferent('next', 31560);\"><\/button>\n                <\/div>\n            <\/div>\n        <\/div>\n        \n        <div id=\"referent-31560\" class=\"referent-modal uk-flex-top\" uk-modal>\n            <div class=\"uk-modal-dialog uk-margin-auto-vertical\">\n                <button class=\"uk-modal-close-default\" type=\"button\" uk-close><\/button>\n                <div class=\"uk-grid-small\" uk-grid>\n                    <div class=\"uk-width-auto@m\">\n                        \n                        <img loading=\"lazy\" decoding=\"async\" width=\"200\" height=\"242\" src=\"https:\/\/www.schulthessforum.ch\/wp-content\/media\/Referenten\/Gueggi_Nils_200x242px.jpg\" class=\"attachment-schulthess_speaker size-schulthess_speaker wp-post-image\" alt=\"\" \/>\n                    <\/div>\n                    <div class=\"uk-width-expand@m\">\n                        <h4 class=\"uk-modal-title\"> Nils G\u00fcggi<\/h4>\n                        <p class=\"referent-info\"><span class=\"referenten-position\">lic. iur., Executive MBA, Leiter<\/span> <span class=\"referenten-company\">Eidgen\u00f6ssische Stiftungsaufsicht ESA<\/span><\/p>\n                        <p class=\"referent-kurzbeschreibung\"><p>Nils G\u00fcggi ist seit dem 1. Juni 2021 Leiter der Eidgen\u00f6ssischen Stiftungsaufsicht ESA. Er arbeitete von 2010-2021 im Eidgen\u00f6ssischen Justiz- und Polizeidepartement (EJPD) f\u00fcr den Dienst \u00dcberwachung Post- und Fernmeldeverkehr (\u00dcPF), dessen Bereich Recht und Controlling er von 2013 an geleitet hat. Zuvor war er Verlagsleiter bei der Weblaw AG und war als solcher verantwortlich f\u00fcr den in erster Linie auf digitale Produkte ausgerichteten juristischen Verlag der Weblaw AG (inkl. der dazugeh\u00f6rigen IT-Projekte). Nils G\u00fcggi hat an der Universit\u00e4t Bern Recht studiert, 2010 einen Executive MBA abgeschlossen sowie je ein CAS im Strafprozessrecht und in der Krisenkommunikation absolviert.<\/p>\n<p>Zusammen mit Lukas von Orelli zeichnet er als Co-Herausgeber f\u00fcr den Onlinekommentar zum Stiftungsrecht verantwortlich. Nebenberuflich ist Nils G\u00fcggi auch als Gemeinderat in Hasle b. Burgdorf t\u00e4tig und verantwortet das Ressort Bildung inkl. Pr\u00e4sidium der Schulkommission.<\/p>\n<\/p>\n                    <\/div>\n                <\/div>\n\n                <div class=\"uk-modal-footer card-arrows uk-text-right\">\n                    <button href=\"javascript:void(0);\" class=\"card-arrow-prev\" onclick=\"navigateReferent('prev', 31825);\"><\/button>\n                    <button href=\"javascript:void(0);\" class=\"card-arrow-next\" onclick=\"navigateReferent('next', 31557);\"><\/button>\n                <\/div>\n            <\/div>\n        <\/div>\n        \n        <div id=\"referent-31557\" class=\"referent-modal uk-flex-top\" uk-modal>\n            <div class=\"uk-modal-dialog uk-margin-auto-vertical\">\n                <button class=\"uk-modal-close-default\" type=\"button\" uk-close><\/button>\n                <div class=\"uk-grid-small\" uk-grid>\n                    <div class=\"uk-width-auto@m\">\n                        \n                        <img loading=\"lazy\" decoding=\"async\" width=\"200\" height=\"242\" src=\"https:\/\/www.schulthessforum.ch\/wp-content\/media\/Referenten\/Guth-Wanner_Isabel_200x242px.jpg\" class=\"attachment-schulthess_speaker size-schulthess_speaker wp-post-image\" alt=\"\" \/>\n                    <\/div>\n                    <div class=\"uk-width-expand@m\">\n                        <h4 class=\"uk-modal-title\"> Isabel Guth-Wanner<\/h4>\n                        <p class=\"referent-info\"><span class=\"referenten-position\">Attorney at Law, LL.M., Associate<\/span> <span class=\"referenten-company\">Lenz & Staehelin<\/span><\/p>\n                        <p class=\"referent-kurzbeschreibung\"><p>Isabel Guth-Wanner ist seit 2021 als Rechtsanw\u00e4ltin bei der Wirtschaftskanzlei Lenz &amp; Staehelin in den Bereichen Private Clients und Banking and Regulatory t\u00e4tig. Sie ber\u00e4t verm\u00f6gende nationale und internationale Privatkunden, Stiftungen, Banken und andere Finanzintermedi\u00e4re. Ihre Kerngebiete umfassen insbesondere Stiftungs- und Trustrecht, Nachlassplanung, regulatorische Fragestellungen mit Fokus auf Geldw\u00e4schereirecht sowie allgemeines Handels- und Gesellschaftsrecht. Isabel Guth-Wanner hat an den Universit\u00e4ten Basel, Luzern und Edinburgh studiert und ihr Anwaltspatent im Kanton Z\u00fcrich erworben. Ihr Interesse f\u00fcr den Dritten Sektor und das Gemeinn\u00fctzigkeitsrecht vertiefte sie mit einem LL.M. in International Law and Social Justice an der University of Brighton. Dar\u00fcber hinaus engagiert sie sich als Vizepr\u00e4sidentin im Vorstand einer gemeinn\u00fctzigen Institution, die sozial benachteiligte Frauen und Kinder in verschiedenen Lebensbereichen unterst\u00fctzt.<\/p>\n<\/p>\n                    <\/div>\n                <\/div>\n\n                <div class=\"uk-modal-footer card-arrows uk-text-right\">\n                    <button href=\"javascript:void(0);\" class=\"card-arrow-prev\" onclick=\"navigateReferent('prev', 31560);\"><\/button>\n                    <button href=\"javascript:void(0);\" class=\"card-arrow-next\" onclick=\"navigateReferent('next', 31789);\"><\/button>\n                <\/div>\n            <\/div>\n        <\/div>\n        \n        <div id=\"referent-31789\" class=\"referent-modal uk-flex-top\" uk-modal>\n            <div class=\"uk-modal-dialog uk-margin-auto-vertical\">\n                <button class=\"uk-modal-close-default\" type=\"button\" uk-close><\/button>\n                <div class=\"uk-grid-small\" uk-grid>\n                    <div class=\"uk-width-auto@m\">\n                        \n                        <img loading=\"lazy\" decoding=\"async\" width=\"200\" height=\"242\" src=\"https:\/\/www.schulthessforum.ch\/wp-content\/media\/Referenten\/Huber_Tina_200x242px.jpg\" class=\"attachment-schulthess_speaker size-schulthess_speaker wp-post-image\" alt=\"\" \/>\n                    <\/div>\n                    <div class=\"uk-width-expand@m\">\n                        <h4 class=\"uk-modal-title\">Dr.  Tina Huber-Purtschert<\/h4>\n                        <p class=\"referent-info\"><span class=\"referenten-position\">Dr. iur., lic. et mag. rer. po., Rechtanw\u00e4ltin, Notarin<\/span> <span class=\"referenten-company\">Kanton Zug<\/span><\/p>\n                        <p class=\"referent-kurzbeschreibung\"><p>Tina Huber-Purtschert schloss an der an der Universit\u00e4t Bern ein Studium in Wirtschaftswissenschaften und als Lehrkraft f\u00fcr Wirtschaft und Recht auf Gymnasialstufe ab. An der Universit\u00e4t St. Gallen erlangte sie den Master in Rechtswissenschaften und an der Universit\u00e4t Z\u00fcrich doktorierte sie zum Thema \u00abzivilrechtliche Verantwortlichkeit des ehrenamtlichen Vereinsvorstandes\u00bb. Zudem besitzt sie das Anwaltspatent des Kantons St. Gallen und das Notariatspatent des Kantons Luzern. Sie hat Erfahrungen gesammelt als Unternehmensberaterin, Gerichtsschreiberin auf verschiedenen Stufen und in Forschung und Lehre an verschiedenen Schweizer Universit\u00e4ten. Sie publiziert regelm\u00e4ssig im Bereich des Privatrechts. Aktuell ist sie als Notarin im Kanton Zug t\u00e4tig und unterrichtet an den Universit\u00e4ten Z\u00fcrich und Luzern im Privatrecht. Dem NPO-Sektor ist sie seit vielen Jahren verbunden, sei es als Dozentin oder durch eigene Freiwilligenarbeit.<\/p>\n<\/p>\n                    <\/div>\n                <\/div>\n\n                <div class=\"uk-modal-footer card-arrows uk-text-right\">\n                    <button href=\"javascript:void(0);\" class=\"card-arrow-prev\" onclick=\"navigateReferent('prev', 31557);\"><\/button>\n                    <button href=\"javascript:void(0);\" class=\"card-arrow-next\" onclick=\"navigateReferent('next', 32101);\"><\/button>\n                <\/div>\n            <\/div>\n        <\/div>\n        \n        <div id=\"referent-32101\" class=\"referent-modal uk-flex-top\" uk-modal>\n            <div class=\"uk-modal-dialog uk-margin-auto-vertical\">\n                <button class=\"uk-modal-close-default\" type=\"button\" uk-close><\/button>\n                <div class=\"uk-grid-small\" uk-grid>\n                    <div class=\"uk-width-auto@m\">\n                        \n                        <img loading=\"lazy\" decoding=\"async\" width=\"200\" height=\"242\" src=\"https:\/\/www.schulthessforum.ch\/wp-content\/media\/Referenten\/Kalt_Michelle_200x242px.jpg\" class=\"attachment-schulthess_speaker size-schulthess_speaker wp-post-image\" alt=\"\" \/>\n                    <\/div>\n                    <div class=\"uk-width-expand@m\">\n                        <h4 class=\"uk-modal-title\">Dr.  Michelle Kalt<\/h4>\n                        <p class=\"referent-info\"><span class=\"referenten-position\">Dr. iur. des., LL.M., Rechtsanw\u00e4ltin, <\/span> <span class=\"referenten-company\">Jakob Advisory GmbH<\/span><\/p>\n                        <p class=\"referent-kurzbeschreibung\"><p>Michelle Kalt studierte Rechtswissenschaften an den Universit\u00e4ten Z\u00fcrich, Hong Kong und Edinburgh. Nach Abschluss des Studiums erwarb sie das Anwaltspatent des Kantons Zug und ist seither beratend bei Prof. Dr. Dominique Jakob im Bereich des Vereins-, Stiftungs- und Gemeinn\u00fctzigkeitsrechts t\u00e4tig. 2024 schloss sie ihre Promotion zu einem rechtsvergleichenden Thema des Erb- und Trustrechts ab. Seit 2020 ist sie Lehrbeauftragte an der Universit\u00e4t Z\u00fcrich.<\/p>\n<\/p>\n                    <\/div>\n                <\/div>\n\n                <div class=\"uk-modal-footer card-arrows uk-text-right\">\n                    <button href=\"javascript:void(0);\" class=\"card-arrow-prev\" onclick=\"navigateReferent('prev', 31789);\"><\/button>\n                    <button href=\"javascript:void(0);\" class=\"card-arrow-next\" onclick=\"navigateReferent('next', 31566);\"><\/button>\n                <\/div>\n            <\/div>\n        <\/div>\n        \n        <div id=\"referent-31566\" class=\"referent-modal uk-flex-top\" uk-modal>\n            <div class=\"uk-modal-dialog uk-margin-auto-vertical\">\n                <button class=\"uk-modal-close-default\" type=\"button\" uk-close><\/button>\n                <div class=\"uk-grid-small\" uk-grid>\n                    <div class=\"uk-width-auto@m\">\n                        \n                        <img loading=\"lazy\" decoding=\"async\" width=\"200\" height=\"242\" src=\"https:\/\/www.schulthessforum.ch\/wp-content\/media\/Referenten\/Neri-Castracane_Giulia_200x242px.jpg\" class=\"attachment-schulthess_speaker size-schulthess_speaker wp-post-image\" alt=\"\" \/>\n                    <\/div>\n                    <div class=\"uk-width-expand@m\">\n                        <h4 class=\"uk-modal-title\">Prof. Dr. Giulia Neri-Castracane<\/h4>\n                        <p class=\"referent-info\"><span class=\"referenten-position\">Prof. Dr. iur., Assoziierte Professorin, Leiterin der Abteilung f\u00fcr Handelsrecht, \r\n<\/span> <span class=\"referenten-company\">Universit\u00e4t Genf<\/span><\/p>\n                        <p class=\"referent-kurzbeschreibung\"><p>Giulia Neri-Castracane ist ausserordentliche Professorin an der Rechtswissenschaftlichen Fakult\u00e4t der Universit\u00e4t Genf, wo sie seit August 2024 das Departement f\u00fcr Handelsrecht leitet. Sie ist Inhaberin eines Doktortitels (summa cum laude, Walther-Hug-Preis und Joseph-des-Arts-Preis) sowie des Anwaltspatents. Sie hat in Genf, Basel und Cambridge (UK) studiert, unterst\u00fctzt durch den Schweizerischen Nationalfonds (SNF). Zehn Jahre lang war sie in einer grossen Wirtschaftskanzlei in Genf als Anw\u00e4ltin t\u00e4tig.<\/p>\n<p>Sie lehrt Gesellschaftsrecht, Philanthropie und Corporate Governance \u2013 Themen, zu denen sie zahlreiche Publikationen verfasst hat. Sie ist dem Centre en philanthropie affiliiert und Mitglied mehrerer universit\u00e4rer Kommissionen (Forschung, Disziplinarrat, Pr\u00fcfungskommission f\u00fcr das Anwaltsexamen). Sie hat den ersten Kurs zur Philanthropie an der Rechtsfakult\u00e4t der Universit\u00e4t Genf konzipiert.<\/p>\n<p>Giulia Neri-Castracane hat zudem an der Universit\u00e0 della Svizzera italiana (USI) und in Freiburg unterrichtet sowie das juristische Modul des MAS in Philanthropie geleitet. Im Jahr 2024 erhielt sie zusammen mit Professor Giuseppe Ugazio eine SNF-Finanzierung f\u00fcr ein Forschungsprojekt zu rechtlichen und verhaltensbezogenen H\u00fcrden f\u00fcr Impact Investing in der Schweiz.<\/p>\n<\/p>\n                    <\/div>\n                <\/div>\n\n                <div class=\"uk-modal-footer card-arrows uk-text-right\">\n                    <button href=\"javascript:void(0);\" class=\"card-arrow-prev\" onclick=\"navigateReferent('prev', 32101);\"><\/button>\n                    <button href=\"javascript:void(0);\" class=\"card-arrow-next\" onclick=\"navigateReferent('next', 32087);\"><\/button>\n                <\/div>\n            <\/div>\n        <\/div>\n        \n        <div id=\"referent-32087\" class=\"referent-modal uk-flex-top\" uk-modal>\n            <div class=\"uk-modal-dialog uk-margin-auto-vertical\">\n                <button class=\"uk-modal-close-default\" type=\"button\" uk-close><\/button>\n                <div class=\"uk-grid-small\" uk-grid>\n                    <div class=\"uk-width-auto@m\">\n                        \n                        <img loading=\"lazy\" decoding=\"async\" width=\"200\" height=\"242\" src=\"https:\/\/www.schulthessforum.ch\/wp-content\/media\/Referenten\/von-Schnurbein_Georg_200x242px.jpg\" class=\"attachment-schulthess_speaker size-schulthess_speaker wp-post-image\" alt=\"\" \/>\n                    <\/div>\n                    <div class=\"uk-width-expand@m\">\n                        <h4 class=\"uk-modal-title\">Prof. Dr. Georg von Schnurbein<\/h4>\n                        <p class=\"referent-info\"><span class=\"referenten-position\">Prof. Dr. sc. oec., Professur f\u00fcr Stiftungsmanagement und Gr\u00fcndungsdirektor des Center for Philanthropy Studies<\/span> <span class=\"referenten-company\">Universit\u00e4t Basel<\/span><\/p>\n                        <p class=\"referent-kurzbeschreibung\"><p>Georg von Schnurbein ist Professor f\u00fcr Stiftungsmanagement und Gr\u00fcndungsdirektor des Center for Philanthropy Studies (CEPS) an der Universit\u00e4t Basel. Das CEPS ist ein Forschungs- und Weiterbildungsinstitut f\u00fcr F\u00fchrungskr\u00e4fte aus dem NPO-Sektor. Er hat Betriebswirtschaftslehre an den Universit\u00e4ten Bamberg, Freiburg\/CH und Bern studiert und die Habilitation an der Wirtschaftsuniversit\u00e4t Wien abgeschlossen. Georg von Schnurbein ist Autor zahlreicher Publikationen zu Themen wie Governance und Management von NPO sowie Philanthropie und Freiwilligenarbeit. Er ist Mit-Herausgeber des Swiss Foundation Code und des j\u00e4hrlich erscheinenden Schweizer Stiftungsreports. Zuletzt erschienen ist sein Lehrbuch \u00abFinanzmanagement in Non-Profit-Organisationen\u00bb im Verlag Springer Gabler. Neben der Forschungsarbeit engagiert sich Georg von Schnurbein f\u00fcr die Entwicklung und F\u00f6rderung des Philanthropie-Sektors und ist Mitgr\u00fcnder der Foundation Board Academy zur Ausbildung gemeinn\u00fctziger Stiftungsr\u00e4te. Georg von Schnurbein engagiert sich ehrenamtlich in Stiftungsr\u00e4ten in den Bereichen Kultur und Bildung und ist Vorstandsmitglied der \u00abInternational Society for Third Sector Research\u00bb.<\/p>\n<\/p>\n                    <\/div>\n                <\/div>\n\n                <div class=\"uk-modal-footer card-arrows uk-text-right\">\n                    <button href=\"javascript:void(0);\" class=\"card-arrow-prev\" onclick=\"navigateReferent('prev', 31566);\"><\/button>\n                    <button href=\"javascript:void(0);\" class=\"card-arrow-next\" onclick=\"navigateReferent('next', 31634);\"><\/button>\n                <\/div>\n            <\/div>\n        <\/div>\n        \n        <div id=\"referent-31634\" class=\"referent-modal uk-flex-top\" uk-modal>\n            <div class=\"uk-modal-dialog uk-margin-auto-vertical\">\n                <button class=\"uk-modal-close-default\" type=\"button\" uk-close><\/button>\n                <div class=\"uk-grid-small\" uk-grid>\n                    <div class=\"uk-width-auto@m\">\n                        \n                        <img loading=\"lazy\" decoding=\"async\" width=\"200\" height=\"242\" src=\"https:\/\/www.schulthessforum.ch\/wp-content\/media\/Referenten\/Sprecher_Thomas_200x242px.jpg\" class=\"attachment-schulthess_speaker size-schulthess_speaker wp-post-image\" alt=\"\" \/>\n                    <\/div>\n                    <div class=\"uk-width-expand@m\">\n                        <h4 class=\"uk-modal-title\">Dr.  Thomas Sprecher<\/h4>\n                        <p class=\"referent-info\"><span class=\"referenten-position\">Dr. iur et phil., LL.M, Rechtsanwalt, Konsulent, <\/span> <span class=\"referenten-company\">Niederer Kraft Frey AG<\/span><\/p>\n                        <p class=\"referent-kurzbeschreibung\"><p>Thomas Sprecher ist Konsulent bei der Anwaltskanzlei Niederer Kraft Frey AG in Z\u00fcrich. Er befasst sich seit rund dreissig Jahren mit Stiftungen und hat dazu auch publiziert, zuletzt: Stiftungsrecht in a nutshell, 2. Aufl. Z\u00fcrich 2023. Thomas Sprecher ist Co-Autor des Swiss Foundation Code seit 2005 (neuste Auflage Swiss Foundation Code 2021) und Mitglied des Legal Council von SwissFoundations.<\/p>\n<\/p>\n                    <\/div>\n                <\/div>\n\n                <div class=\"uk-modal-footer card-arrows uk-text-right\">\n                    <button href=\"javascript:void(0);\" class=\"card-arrow-prev\" onclick=\"navigateReferent('prev', 32087);\"><\/button>\n                    <button href=\"javascript:void(0);\" class=\"card-arrow-next\" onclick=\"navigateReferent('next', 23049);\"><\/button>\n                <\/div>\n            <\/div>\n        <\/div>\n        <\/div>\n      <script>\n          function navigateReferent(direction, currentID) {\n              var speakers = [23049,31552,13742,31617,31825,31560,31557,31789,32101,31566,32087,31634];\n              var currentIndex = speakers.indexOf(currentID);\n\n              if (direction === \"prev\") {\n                  currentIndex = (currentIndex + speakers.length) % speakers.length;\n              } else if (direction === \"next\") {\n                  currentIndex = (currentIndex ) % speakers.length;\n              }\n\n              var targetID = speakers[currentIndex];\n              var targetModal = document.getElementById(\"referent-\" + targetID);\n              UIkit.modal(targetModal).show();\n          }\n      <\/script>\n        <script>\n            document.addEventListener(\"DOMContentLoaded\", function() {\n                const modalLinks = document.querySelectorAll(\"[uk-toggle]\");\n                const pageContainer = document.getElementById(\"page-container\");\n\n                \/\/ Neues <div> Element erstellen\n                const newDiv = document.createElement(\"div\");\n                newDiv.className = \"referenten-modal-background\";\n\n                \/\/ Das neue <div> dem Element mit der ID \"page-container\" hinzuf\u00fcgen\n                pageContainer.insertBefore(newDiv, pageContainer.firstChild);\n\n                const referentenModalBackground = document.querySelector(\".referenten-modal-background\");\n\n                modalLinks.forEach(link => {\n                    link.addEventListener(\"click\", function(event) {\n                        event.preventDefault();\n                        referentenModalBackground.classList.add(\"referenten-modal-open\");\n                    });\n                });\n\n                const modals = document.querySelectorAll(\".referent-modal\");\n                modals.forEach(modal => {\n                    modal.addEventListener(\"click\", function(event) {\n                        if (event.target === modal) {\n                            referentenModalBackground.classList.remove(\"referenten-modal-open\");\n                        }\n                    });\n                });\n\n                const closeModalButtons = document.querySelectorAll(\".uk-modal-close-default\");\n                closeModalButtons.forEach(button => {\n                    button.addEventListener(\"click\", function() {\n                        referentenModalBackground.classList.remove(\"referenten-modal-open\");\n                    });\n                });\n\n                \/\/ Funktion, um die Klasse zu entfernen\n                function closeModal() {\n                    referentenModalBackground.classList.remove(\"referenten-modal-open\");\n                }\n\n                \/\/ Event Listener f\u00fcr das Dr\u00fccken der Esc-Taste\n                document.addEventListener(\"keydown\", function(event) {\n                    if (event.key === \"Escape\") {\n                        closeModal();\n                    }\n                });\n            });\n        <\/script>[\/et_pb_code][\/et_pb_column_inner][\/et_pb_row_inner][et_pb_row_inner module_id=\u00a0\u00bbschulthess-product-specinfo\u00a0\u00bb _builder_version=\u00a0\u00bb4.22.1&Prime; _module_preset=\u00a0\u00bbdefault\u00a0\u00bb collapsed=\u00a0\u00bboff\u00a0\u00bb global_colors_info=\u00a0\u00bb{}\u00a0\u00bb][et_pb_column_inner saved_specialty_column_type=\u00a0\u00bb3_4&Prime; _builder_version=\u00a0\u00bb4.16&Prime; _module_preset=\u00a0\u00bbdefault\u00a0\u00bb global_colors_info=\u00a0\u00bb{}\u00a0\u00bb][et_pb_text admin_label=\u00a0\u00bb\u00dcberschrift\u00a0\u00bb module_id=\u00a0\u00bbschulthess-fachinformationen\u00a0\u00bb module_class=\u00a0\u00bbsf-h2&Prime; _builder_version=\u00a0\u00bb4.19.5&Prime; _module_preset=\u00a0\u00bbdefault\u00a0\u00bb global_colors_info=\u00a0\u00bb{}\u00a0\u00bb]<\/p>\n<h5>Fachthemen<\/h5>\n<p>[\/et_pb_text][et_pb_code _builder_version=\u00a0\u00bb4.19.5&Prime; _module_preset=\u00a0\u00bbdefault\u00a0\u00bb locked=\u00a0\u00bboff\u00a0\u00bb global_colors_info=\u00a0\u00bb{}\u00a0\u00bb]\n  <div class=\"sf-post-list\">\n\n    \n      \n              <div class=\"sf-full-width-row\">\n                <article class=\"sf-post-list-item sf-post-list-item-31578 et_pb_column_1_3 et_pb_column\">\n              <a href=\"https:\/\/www.schulthessforum.ch\/fachbeitrag\/wenn-das-rechtskleid-nicht-mehr-passt-umstrukturierungen-von-npo\/\" target=\"_blank\" rel=\"nofollow noopener\" title=\"Wenn das Rechtskleid nicht mehr passt: Umstrukturierungen von NPO\">\n              <div class=\"sf-post-list-item-content-wrapper\">\n                  <div class=\"sf-post-list-item-content\">\n                                            <h3 class=\"fachbeitrag-autor\">\n                          Isabel Guth-Wanner                      <\/h3>\n                                            <div clasS=\"sf-post-list-item-title-wrapper\">\n                        <h3 class=\"sf-post-list-item-title\">\n                            Wenn das Rechtskleid nicht mehr passt: Umstrukturierungen von NPO                        <\/h3>\n                      <\/div>\n                      <div class=\"sf-post-list-item-excerpt\">\n                          Im Laufe ihres Bestehens k\u00f6nnen bei einer NPO verschiedene Gr\u00fcnde auftreten, die eine Umstrukturierung oder \u00c4nderung der Rechts- und Organisationsform erforderlich machen. Dazu z\u00e4hlen beispielsweise die Unerreichbarkeit der Zweck- und Zielsetzung, ein Strategiewechsel, das Streben nach mehr Flex...                      <\/div>\n                  <\/div>\n\n              <\/div>\n              <\/a>\n          <\/article>\n            \n  \n      \n                <article class=\"sf-post-list-item sf-post-list-item-31575 et_pb_column_1_3 et_pb_column\">\n              <a href=\"https:\/\/www.schulthessforum.ch\/fachbeitrag\/neue-juristische-instrumente-fuer-engagierte-philanthropie\/\" target=\"_blank\" rel=\"nofollow noopener\" title=\"Neue juristische Instrumente f\u00fcr engagierte Philanthropie\">\n              <div class=\"sf-post-list-item-content-wrapper\">\n                  <div class=\"sf-post-list-item-content\">\n                                            <h3 class=\"fachbeitrag-autor\">\n                          Prof. Dr. Giulia Neri-Castracane                       <\/h3>\n                                            <div clasS=\"sf-post-list-item-title-wrapper\">\n                        <h3 class=\"sf-post-list-item-title\">\n                            Neue juristische Instrumente f\u00fcr engagierte Philanthropie                        <\/h3>\n                      <\/div>\n                      <div class=\"sf-post-list-item-excerpt\">\n                          Die philanthropische Landschaft befindet sich im Wandel. Traditionelle Spendenmodelle werden zunehmend durch innovative juristische Instrumente erg\u00e4nzt, die ein strategischeres, nachhaltigeres und wirkungsvolleres Engagement erm\u00f6glichen und so gesellschaftliche\u00a0 Herausforderungen adressieren. Die...                      <\/div>\n                  <\/div>\n\n              <\/div>\n              <\/a>\n          <\/article>\n              <\/div>\n            \n  <\/div>\n\n  [\/et_pb_code][\/et_pb_column_inner][\/et_pb_row_inner][\/et_pb_column][et_pb_column type=\u00a0\u00bb1_4&Prime; _builder_version=\u00a0\u00bb4.16&Prime; custom_padding=\u00a0\u00bb|||\u00a0\u00bb global_colors_info=\u00a0\u00bb{}\u00a0\u00bb custom_padding__hover=\u00a0\u00bb|||\u00a0\u00bb][et_pb_text disabled_on=\u00a0\u00bbon|on|on\u00a0\u00bb admin_label=\u00a0\u00bbPreis &#8211; Info\u00a0\u00bb module_class=\u00a0\u00bbdetail-info-sidebar-bg\u00a0\u00bb _builder_version=\u00a0\u00bb4.20.0&Prime; _module_preset=\u00a0\u00bbdefault\u00a0\u00bb disabled=\u00a0\u00bbon\u00a0\u00bb global_colors_info=\u00a0\u00bb{}\u00a0\u00bb]<div class=\"sf-product-variant-detail-wrapper\" id=\"sf-product-variant-detail-wrapper\"><form action=\"https:\/\/www.schulthessforum.ch\/fr\/warenkorb\/\" method=\"get\"><h3 class=\"sf-product-variant-headline-1\">Manifestation en pr\u00e9sentiel<\/h3><label class=\"sf-product-variant-detail\"><input class=\"sf-product-variant-input\" type=\"radio\" id=\"31549\" name=\"variante\" value=\"31549\" required><span class=\"woocommerce-Price-amount amount\"><bdi><span class=\"woocommerce-Price-currencySymbol\">&#67;&#72;&#70;<\/span>&nbsp;790.00<\/bdi><\/span> TVA de 8.1% en sus.<\/label><input type=\"hidden\" id=\"31548\" name=\"event\" value=\"31548\"><span class=\"anmeldebutton-wrapper\"><input class=\"et_pb_button et_pb_button_0 schulthess-buy-button single_add_to_cart_button button wp-element-button\" data-icon=\"9\" type=\"submit\" value=\"Inscription\"><span class=\"anmeldebutton-icon\"><\/span><\/span><\/form><\/div>[\/et_pb_text][et_pb_code disabled_on=\u00a0\u00bboff|off|off\u00a0\u00bb admin_label=\u00a0\u00bbCredits &#8211; Info\u00a0\u00bb _builder_version=\u00a0\u00bb4.20.2&Prime; _module_preset=\u00a0\u00bbdefault\u00a0\u00bb custom_margin=\u00a0\u00bb||15px||false|false\u00a0\u00bb locked=\u00a0\u00bboff\u00a0\u00bb global_colors_info=\u00a0\u00bb{}\u00a0\u00bb][\/et_pb_code][et_pb_code disabled_on=\u00a0\u00bboff|off|off\u00a0\u00bb admin_label=\u00a0\u00bbCicero &#8211; Info\u00a0\u00bb _builder_version=\u00a0\u00bb4.20.2&Prime; _module_preset=\u00a0\u00bbdefault\u00a0\u00bb custom_margin=\u00a0\u00bb||15px||false|false\u00a0\u00bb locked=\u00a0\u00bboff\u00a0\u00bb global_colors_info=\u00a0\u00bb{}\u00a0\u00bb][\/et_pb_code][et_pb_text admin_label=\u00a0\u00bbTermin &#8211; Info\u00a0\u00bb module_class=\u00a0\u00bbdetail-info-sidebar-bg event-termin-info\u00a0\u00bb _builder_version=\u00a0\u00bb4.19.5&Prime; _module_preset=\u00a0\u00bbdefault\u00a0\u00bb global_colors_info=\u00a0\u00bb{}\u00a0\u00bb]<\/p>\n<h3>Termin \/ Format<\/h3>\n<p><span class=\"event-date-termin-info\">02.12.2025 | 09:00 - 17:00<\/span><br><span class=\"event-kategorie-termin-info\">Steuerrecht | Stiftungsrecht | Tagungen<\/span>[\/et_pb_text][et_pb_text admin_label=\u00a0\u00bbAnreise &#8211; Info\u00a0\u00bb module_class=\u00a0\u00bbdetail-info-sidebar-bg\u00a0\u00bb _builder_version=\u00a0\u00bb4.27.4&Prime; _module_preset=\u00a0\u00bbdefault\u00a0\u00bb global_colors_info=\u00a0\u00bb{}\u00a0\u00bb]<\/p>\n<h3>Location \/ Anreise<\/h3>\n<span class=\"event-anreise-info-adresse\">Metropol<br> Fraum\u00fcnsterstrasse 12<br> Z\u00fcrich<br><\/span><br><span class=\"event-anreise-info-beschreibung\"><p>Wir empfehlen die Anreise mit den \u00f6ffentlichen Verkehrsmitteln, n\u00e4chste Haltestelle: Paradeplatz<\/p>\n<\/span>\n<p>[\/et_pb_text][et_pb_text disabled_on=\u00a0\u00bbon|on|on\u00a0\u00bb admin_label=\u00a0\u00bbRabatt &#8211; Info\u00a0\u00bb module_class=\u00a0\u00bbdetail-info-sidebar-bg\u00a0\u00bb _builder_version=\u00a0\u00bb4.21.0&Prime; _dynamic_attributes=\u00a0\u00bbcontent\u00a0\u00bb _module_preset=\u00a0\u00bbdefault\u00a0\u00bb disabled=\u00a0\u00bbon\u00a0\u00bb global_colors_info=\u00a0\u00bb{}\u00a0\u00bb]@ET-DC@eyJkeW5hbWljIjp0cnVlLCJjb250ZW50IjoiY3VzdG9tX21ldGFfc2ZfcHJvZHVjdF9yYWJhdHRpbmZvIiwic2V0dGluZ3MiOnsiYmVmb3JlIjoiPGgzPlJhYmF0dGluZm88L2gzPiIsImFmdGVyIjoiIiwiZW5hYmxlX2h0bWwiOiJvZmYifX0=@[\/et_pb_text][et_pb_code disabled_on=\u00a0\u00bbon|on|on\u00a0\u00bb admin_label=\u00a0\u00bbAnzeige(n)\u00a0\u00bb module_class=\u00a0\u00bbschulthess_product_ads\u00a0\u00bb _builder_version=\u00a0\u00bb4.17.4&Prime; _module_preset=\u00a0\u00bbdefault\u00a0\u00bb disabled=\u00a0\u00bbon\u00a0\u00bb locked=\u00a0\u00bboff\u00a0\u00bb global_colors_info=\u00a0\u00bb{}\u00a0\u00bb][\/et_pb_code][et_pb_text admin_label=\u00a0\u00bbTagungsleiter\u00a0\u00bb module_class=\u00a0\u00bbdetail-info-sidebar-bg\u00a0\u00bb _builder_version=\u00a0\u00bb4.27.4&Prime; _module_preset=\u00a0\u00bbdefault\u00a0\u00bb locked=\u00a0\u00bboff\u00a0\u00bb global_colors_info=\u00a0\u00bb{}\u00a0\u00bb]<\/p>\n<h3>Tagungsleitung<\/h3>\n<p><img loading=\"lazy\" decoding=\"async\" class=\"alignnone wp-image-31839 size-medium\" src=\"https:\/\/www.schulthessforum.ch\/wp-content\/media\/00_Tagungsleitung_Brugger_Humbel-300x158.jpg\" alt=\"\" width=\"300\" height=\"158\" \/><\/p>\n<p>Dr. Lukas Brugger und Dr. Claude Humbel f\u00fchren durch die Tagung<\/p>\n<p>[\/et_pb_text][et_pb_code disabled_on=\u00a0\u00bbon|on|on\u00a0\u00bb _builder_version=\u00a0\u00bb4.25.1&Prime; _module_preset=\u00a0\u00bbdefault\u00a0\u00bb disabled=\u00a0\u00bbon\u00a0\u00bb global_colors_info=\u00a0\u00bb{}\u00a0\u00bb]<a href=\"#schulthess-product-mainsection\">Zur Anmeldung<\/a>[\/et_pb_code][\/et_pb_column][\/et_pb_section][et_pb_section fb_built=\u00a0\u00bb1&Prime; specialty=\u00a0\u00bbon\u00a0\u00bb module_class_2=\u00a0\u00bbschulthess-product-attendee-section\u00a0\u00bb admin_label=\u00a0\u00bbInhalt mit Teilnehmerbereich\u00a0\u00bb module_id=\u00a0\u00bbschulthess-attendee-section\u00a0\u00bb module_class=\u00a0\u00bbschulthess-hidden\u00a0\u00bb _builder_version=\u00a0\u00bb4.21.0&Prime; _module_preset=\u00a0\u00bbdefault\u00a0\u00bb display_conditions=\u00a0\u00bbW3siaWQiOiI3NDc0ZmExMC0yZTg5LTQ3MDctYjM2Yi1iZDA3ZWJiMGZlZDEiLCJjb25kaXRpb24iOiJsb2dnZWRJblN0YXR1cyIsImNvbmRpdGlvblNldHRpbmdzIjp7ImRpc3BsYXlSdWxlIjoibG9nZ2VkSW4iLCJhZG1pbkxhYmVsIjoiQW5nZW1lbGRldGVyIFN0YXR1cyIsImVuYWJsZUNvbmRpdGlvbiI6Im9mZiJ9LCJvcGVyYXRvciI6Ik9SIn1d\u00a0\u00bb locked=\u00a0\u00bboff\u00a0\u00bb collapsed=\u00a0\u00bboff\u00a0\u00bb global_colors_info=\u00a0\u00bb{}\u00a0\u00bb disabled_on=\u00a0\u00bbon|on|on\u00a0\u00bb disabled=\u00a0\u00bbon\u00a0\u00bb][et_pb_column type=\u00a0\u00bb3_4&Prime; specialty_columns=\u00a0\u00bb3&Prime; _builder_version=\u00a0\u00bb4.16&Prime; custom_padding=\u00a0\u00bb|||\u00a0\u00bb global_colors_info=\u00a0\u00bb{}\u00a0\u00bb custom_padding__hover=\u00a0\u00bb|||\u00a0\u00bb][et_pb_row_inner admin_label=\u00a0\u00bbHeadline Teilnehmerbereich\u00a0\u00bb _builder_version=\u00a0\u00bb4.17.4&Prime; _module_preset=\u00a0\u00bbdefault\u00a0\u00bb collapsed=\u00a0\u00bboff\u00a0\u00bb global_colors_info=\u00a0\u00bb{}\u00a0\u00bb][et_pb_column_inner saved_specialty_column_type=\u00a0\u00bb3_4&Prime; _builder_version=\u00a0\u00bb4.17.4&Prime; _module_preset=\u00a0\u00bbdefault\u00a0\u00bb global_colors_info=\u00a0\u00bb{}\u00a0\u00bb][et_pb_text _builder_version=\u00a0\u00bb4.27.4&Prime; _module_preset=\u00a0\u00bbdefault\u00a0\u00bb global_colors_info=\u00a0\u00bb{}\u00a0\u00bb]<\/p>\n<h5>Teilnehmerbereich<\/h5>\n<p>[\/et_pb_text][sfdm_download_list _builder_version=\u00a0\u00bb4.27.4&Prime; _module_preset=\u00a0\u00bbdefault\u00a0\u00bb global_colors_info=\u00a0\u00bb{}\u00a0\u00bb][sfdm_download_list_item title=\u00a0\u00bbProgramm\u00a0\u00bb file=\u00a0\u00bbhttps:\/\/www.schulthessforum.ch\/wp-content\/media\/Non-Profit\/Non-Profit-2025\/01_00_Programm-8.pdf\u00a0\u00bb _builder_version=\u00a0\u00bb4.27.4&Prime; _module_preset=\u00a0\u00bbdefault\u00a0\u00bb link_option_url_new_window=\u00a0\u00bbon\u00a0\u00bb global_colors_info=\u00a0\u00bb{}\u00a0\u00bb][\/sfdm_download_list_item][sfdm_download_list_item title=\u00a0\u00bbReferierende und Themen\u00a0\u00bb file=\u00a0\u00bbhttps:\/\/www.schulthessforum.ch\/wp-content\/media\/Non-Profit\/Non-Profit-2025\/02_00_Referierende-und-Themen-4.pdf\u00a0\u00bb _builder_version=\u00a0\u00bb4.27.4&Prime; _module_preset=\u00a0\u00bbdefault\u00a0\u00bb link_option_url_new_window=\u00a0\u00bbon\u00a0\u00bb global_colors_info=\u00a0\u00bb{}\u00a0\u00bb][\/sfdm_download_list_item][sfdm_download_list_item title=\u00a0\u00bbBedeutung von Non Profit T\u00e4tigkeit, Social Entrepreneurship und Corporate Responsibility in der Schweiz_Prof. Dr. Georg von Schnurbein\u00a0\u00bb file=\u00a0\u00bbhttps:\/\/www.schulthessforum.ch\/wp-content\/media\/Non-Profit\/Non-Profit-2025\/03_00_Bedeutung-von-Non-Profit-Taetigkeit-Social-Entrepreneurship-und-Corporate-Responsibility-in-der-Schweiz_Prof.-Dr.-Georg-von-Schnurbein.pdf\u00a0\u00bb _builder_version=\u00a0\u00bb4.27.4&Prime; _module_preset=\u00a0\u00bbdefault\u00a0\u00bb link_option_url_new_window=\u00a0\u00bbon\u00a0\u00bb global_colors_info=\u00a0\u00bb{}\u00a0\u00bb][\/sfdm_download_list_item][sfdm_download_list_item title=\u00a0\u00bbStrategien und Strukturierungsm\u00f6glichkeiten bei NPO: Verein \u2013 Stiftung \u2013 Genossenschaft oder gemeinn\u00fctzige Aktiengesellschaft?_Dr. Michelle Kalt\u00a0\u00bb file=\u00a0\u00bbhttps:\/\/www.schulthessforum.ch\/wp-content\/media\/04_00_Strategien-und-Strukturierungsmoeglichkeiten-bei-NPO-Verein-Stiftung-Genossenschaft-oder-gemeinnuetzige-Aktiengesellschaft_Dr.-Michelle-Kalt.pdf\u00a0\u00bb _builder_version=\u00a0\u00bb4.27.4&Prime; _module_preset=\u00a0\u00bbdefault\u00a0\u00bb link_option_url_new_window=\u00a0\u00bbon\u00a0\u00bb global_colors_info=\u00a0\u00bb{}\u00a0\u00bb][\/sfdm_download_list_item][sfdm_download_list_item title=\u00a0\u00bbWenn das Rechtskleid nicht mehr passt: Umstrukturierungen von NPO_Isabel Guth-Wanner\u00a0\u00bb file=\u00a0\u00bbhttps:\/\/www.schulthessforum.ch\/wp-content\/media\/05_00_Wenn-das-Rechtskleid-nicht-mehr-passt-Umstrukturierungen-von-NPO_Isabel-Guth-Wanner.pdf\u00a0\u00bb _builder_version=\u00a0\u00bb4.27.4&Prime; _module_preset=\u00a0\u00bbdefault\u00a0\u00bb link_option_url_new_window=\u00a0\u00bbon\u00a0\u00bb global_colors_info=\u00a0\u00bb{}\u00a0\u00bb][\/sfdm_download_list_item][sfdm_download_list_item title=\u00a0\u00bbM\u00f6glichkeiten und H\u00fcrden der cross-border Philanthropy_Dr. Ruth Bloch-Riemer\u00a0\u00bb file=\u00a0\u00bbhttps:\/\/www.schulthessforum.ch\/wp-content\/media\/Non-Profit\/Non-Profit-2025\/06_00_Moeglichkeiten-und-Huerden-der-cross-border-Philanthropy_Dr.-Ruth-Bloch-Riemer.pdf\u00a0\u00bb _builder_version=\u00a0\u00bb4.27.4&Prime; _module_preset=\u00a0\u00bbdefault\u00a0\u00bb link_option_url_new_window=\u00a0\u00bbon\u00a0\u00bb global_colors_info=\u00a0\u00bb{}\u00a0\u00bb][\/sfdm_download_list_item][sfdm_download_list_item title=\u00a0\u00bb(zivilrechtlich) Haftungsrisiken als Organ bzw. Gesch\u00e4ftsf\u00fchrung einer NPO_Dr. Tina Huber-Purtschert\u00a0\u00bb file=\u00a0\u00bbhttps:\/\/www.schulthessforum.ch\/wp-content\/media\/Non-Profit\/Non-Profit-2025\/08_00_zivilrechtlich-Haftungsrisiken-als-Organ-bzw.-Geschaeftsfuehrung-einer-NPO_Dr.-Tina-Huber-Purtschert-1.pdf\u00a0\u00bb _builder_version=\u00a0\u00bb4.27.4&Prime; _module_preset=\u00a0\u00bbdefault\u00a0\u00bb link_option_url_new_window=\u00a0\u00bbon\u00a0\u00bb global_colors_info=\u00a0\u00bb{}\u00a0\u00bb][\/sfdm_download_list_item][sfdm_download_list_item title=\u00a0\u00bbAIA, GwG, Transparenzregister \u2013 wer ist wirtschaftlich Berechtigter einer NPO?_Dr. Thomas Sprecher\u00a0\u00bb file=\u00a0\u00bbhttps:\/\/www.schulthessforum.ch\/wp-content\/media\/Non-Profit\/Non-Profit-2025\/09_00_AIA-GwG-Transparenzregister-wer-ist-wirtschaftlich-Berechtigter-einer-NPO_Dr.-Thomas-Sprecher.pdf\u00a0\u00bb _builder_version=\u00a0\u00bb4.27.4&Prime; _module_preset=\u00a0\u00bbdefault\u00a0\u00bb link_option_url_new_window=\u00a0\u00bbon\u00a0\u00bb global_colors_info=\u00a0\u00bb{}\u00a0\u00bb][\/sfdm_download_list_item][sfdm_download_list_item title=\u00a0\u00bbNeue juristische Instrumente f\u00fcr engagierte Philanthropie_Prof. Dr. Giulia Neri-Castracane\u00a0\u00bb file=\u00a0\u00bbhttps:\/\/www.schulthessforum.ch\/wp-content\/media\/Non-Profit\/Non-Profit-2025\/10_00_Neue-juristische-Instrumente-fuer-engagierte-Philanthropie_Prof.-Dr.-Giulia-Neri-Castracane.pdf\u00a0\u00bb _builder_version=\u00a0\u00bb4.27.4&Prime; _module_preset=\u00a0\u00bbdefault\u00a0\u00bb link_option_url_new_window=\u00a0\u00bbon\u00a0\u00bb global_colors_info=\u00a0\u00bb{}\u00a0\u00bb][\/sfdm_download_list_item][sfdm_download_list_item title=\u00a0\u00bbGesamtpr\u00e4sentation Schulthess Forum Non Profit Organisationen (folgt)\u00a0\u00bb _builder_version=\u00a0\u00bb4.27.4&Prime; _module_preset=\u00a0\u00bbdefault\u00a0\u00bb link_option_url_new_window=\u00a0\u00bbon\u00a0\u00bb global_colors_info=\u00a0\u00bb{}\u00a0\u00bb][\/sfdm_download_list_item][sfdm_download_list_item title=\u00a0\u00bbPartner\u00a0\u00bb file=\u00a0\u00bbhttps:\/\/www.schulthessforum.ch\/wp-content\/media\/Non-Profit\/Non-Profit-2025\/Partner-3.pdf\u00a0\u00bb _builder_version=\u00a0\u00bb4.27.4&Prime; _module_preset=\u00a0\u00bbdefault\u00a0\u00bb link_option_url_new_window=\u00a0\u00bbon\u00a0\u00bb global_colors_info=\u00a0\u00bb{}\u00a0\u00bb][\/sfdm_download_list_item][\/sfdm_download_list][\/et_pb_column_inner][\/et_pb_row_inner][et_pb_row_inner column_structure=\u00a0\u00bb1_2,1_2&Prime; disabled_on=\u00a0\u00bbon|on|on\u00a0\u00bb admin_label=\u00a0\u00bbVideo \/ Bild-Zeile\u00a0\u00bb _builder_version=\u00a0\u00bb4.17.4&Prime; _module_preset=\u00a0\u00bbdefault\u00a0\u00bb disabled=\u00a0\u00bbon\u00a0\u00bb global_colors_info=\u00a0\u00bb{}\u00a0\u00bb][et_pb_column_inner type=\u00a0\u00bb1_2&Prime; saved_specialty_column_type=\u00a0\u00bb3_4&Prime; _builder_version=\u00a0\u00bb4.17.4&Prime; _module_preset=\u00a0\u00bbdefault\u00a0\u00bb global_colors_info=\u00a0\u00bb{}\u00a0\u00bb][et_pb_image src=\u00a0\u00bbhttps:\/\/www.schulthessforum.ch\/wp-content\/media\/2022\/03\/emiliano-cicero-lq87UxGSiEQ-unsplash.jpg\u00a0\u00bb title_text=\u00a0\u00bbEmiliano Cicero Lq87UxGSiEQ Unsplash\u00a0\u00bb _builder_version=\u00a0\u00bb4.27.4&Prime; _module_preset=\u00a0\u00bbdefault\u00a0\u00bb global_colors_info=\u00a0\u00bb{}\u00a0\u00bb][\/et_pb_image][\/et_pb_column_inner][et_pb_column_inner type=\u00a0\u00bb1_2&Prime; saved_specialty_column_type=\u00a0\u00bb3_4&Prime; _builder_version=\u00a0\u00bb4.17.4&Prime; _module_preset=\u00a0\u00bbdefault\u00a0\u00bb global_colors_info=\u00a0\u00bb{}\u00a0\u00bb][et_pb_text _builder_version=\u00a0\u00bb4.20.2&Prime; _module_preset=\u00a0\u00bbdefault\u00a0\u00bb global_colors_info=\u00a0\u00bb{}\u00a0\u00bb]<\/p>\n<h3>Ausschnitt aus Event<\/h3>\n<p>[\/et_pb_text][\/et_pb_column_inner][\/et_pb_row_inner][\/et_pb_column][et_pb_column type=\u00a0\u00bb1_4&Prime; _builder_version=\u00a0\u00bb4.16&Prime; custom_padding=\u00a0\u00bb|||\u00a0\u00bb global_colors_info=\u00a0\u00bb{}\u00a0\u00bb custom_padding__hover=\u00a0\u00bb|||\u00a0\u00bb][sfdm_video_list disabled_on=\u00a0\u00bbon|on|on\u00a0\u00bb _builder_version=\u00a0\u00bb4.22.1&Prime; _module_preset=\u00a0\u00bbdefault\u00a0\u00bb disabled=\u00a0\u00bbon\u00a0\u00bb global_colors_info=\u00a0\u00bb{}\u00a0\u00bb][sfdm_video_list_item title=\u00a0\u00bbTesttitel 1&Prime; id=\u00a0\u00bb840581539&Prime; _builder_version=\u00a0\u00bb4.22.1&Prime; _module_preset=\u00a0\u00bbdefault\u00a0\u00bb global_colors_info=\u00a0\u00bb{}\u00a0\u00bb][\/sfdm_video_list_item][\/sfdm_video_list][\/et_pb_column][\/et_pb_section][et_pb_section fb_built=\u00a0\u00bb1&Prime; admin_label=\u00a0\u00bbPartner\u00a0\u00bb module_id=\u00a0\u00bbschulthess-partner\u00a0\u00bb _builder_version=\u00a0\u00bb4.17.4&Prime; _module_preset=\u00a0\u00bbdefault\u00a0\u00bb background_enable_color=\u00a0\u00bboff\u00a0\u00bb saved_tabs=\u00a0\u00bball\u00a0\u00bb locked=\u00a0\u00bboff\u00a0\u00bb collapsed=\u00a0\u00bboff\u00a0\u00bb global_colors_info=\u00a0\u00bb{}\u00a0\u00bb][et_pb_row disabled_on=\u00a0\u00bbon|on|on\u00a0\u00bb _builder_version=\u00a0\u00bb4.16&Prime; _module_preset=\u00a0\u00bbdefault\u00a0\u00bb disabled=\u00a0\u00bbon\u00a0\u00bb locked=\u00a0\u00bboff\u00a0\u00bb collapsed=\u00a0\u00bboff\u00a0\u00bb global_colors_info=\u00a0\u00bb{}\u00a0\u00bb][et_pb_column type=\u00a0\u00bb4_4&Prime; _builder_version=\u00a0\u00bb4.16&Prime; _module_preset=\u00a0\u00bbdefault\u00a0\u00bb global_colors_info=\u00a0\u00bb{}\u00a0\u00bb][et_pb_text admin_label=\u00a0\u00bb\u00dcberschrift\u00a0\u00bb module_class=\u00a0\u00bbsf-h2 schulthess-product-partner-headline-wrapper\u00a0\u00bb _builder_version=\u00a0\u00bb4.19.5&Prime; _module_preset=\u00a0\u00bbdefault\u00a0\u00bb locked=\u00a0\u00bboff\u00a0\u00bb global_colors_info=\u00a0\u00bb{}\u00a0\u00bb]<?-- NICHT ZU VISUELL WECHSELN. DIE BUTTONS GEHEN SONST VERLOREN --><\/p>\n<h5>Partner<\/h5>\n<p><!--div class=\"schulthess-product-partner-nav\">[schulthess_product_partner_tabs]\n\n\n<div class=\"buttons\"><button class=\"grid icon_grid aktiv\"><span><\/span><\/button><button class=\"list icon_list\"><span><\/span><\/button><\/div>\n\n\n<\/div-->[\/et_pb_text][et_pb_code disabled_on=\u00a0\u00bboff|off|off\u00a0\u00bb admin_label=\u00a0\u00bbCode (ein grid, keine Filter)\u00a0\u00bb _builder_version=\u00a0\u00bb4.17.4&Prime; _module_preset=\u00a0\u00bbdefault\u00a0\u00bb locked=\u00a0\u00bboff\u00a0\u00bb global_colors_info=\u00a0\u00bb{}\u00a0\u00bb]<div class=\"schulthess-product-partner-wrapper grid\">\n                  <div id=\"522\" class=\"schulthess-product-partner Medienpartner\" partner-type=\"Medienpartner\">\n                        <div class=\"schulthess-product-partner-image\">\n                                <img loading=\"lazy\" decoding=\"async\" src=\"https:\/\/www.schulthessforum.ch\/wp-content\/media\/Partner\/iusnet_Website_Steuerrecht_364x104px-250x71.png\" alt=\"iusnet Steuerrecht\" title=\"iusnet Steuerrecht\" width=\"250\" height=\"150\" \/>\n                        <\/div>\n                        <div class=\"schulthess-product-partner-info\">\n                            <div class=\"content\">\n                                <h4 class=\"schulthess-product-partner-name\">iusnet Steuerrecht<\/h4>\n                                <p class=\"schulthess-product-partner-type\">\n                                    Medienpartner\n                                <\/p>\n                                <p class=\"schulthess-product-partner-description\">\n                                    Der Informationsdienst iusnet Steuerrecht liefert zw\u00f6lf Mal j\u00e4hrlich einen raschen \u00dcberblick \u00fcber die wichtigsten Entwicklungen in Rechtsprechung und Gesetzgebung zum nationalen Steuerrecht sowie relevanten internationalen Steuerthemen. Die Inhalte gliedern sich in die Rubriken:\r\n\r\nRechtsprechung: deutschsprachige Zusammenfassungen der relevanten Gerichtsentscheide aus dem Bundesgericht, dem Bundesverwaltungsgericht sowie den kantonalen Gerichten;\r\nGesetzgebung: Informationen zu aktuellen Entwicklungen der Rechtsetzung;\r\nKommentierung: Experten analysieren und kommentieren Urteile und Rechtsetzungsentwicklungen.\r\n\r\nDas Abonnement beinhaltet den Newsletter von iusnet Steuerrecht und einen unlimitierten Zugang zur Online-Plattform iusnet Steuerrecht.\n                                <\/p>\n                                <p class=\"schulthess-product-partner-speakers\">\n                                    Referenten: \n                                <\/p>\n                                <!--div class=\"schulthess-product-partner-link\">\n                                        <span>zur Website<\/span>\n                                        <span class=\"link-icon\">\n                                            <svg xmlns=\"http:\/\/www.w3.org\/2000\/svg\" width=\"11\" height=\"10\" viewBox=\"0 0 9.697 9.017\">\n                                                <g transform=\"translate(-813.933 -2094.752)\">\n                                                    <path d=\"M9442.49,1683l3.447,3.448-3.447,3.448\" transform=\"translate(-8627.497 412.813)\" fill=\"none\" stroke=\"#000\" stroke-linecap=\"round\" stroke-width=\"1.5\"\/>\n                                                    <path d=\"M9442.49,1683l3.447,3.448-3.447,3.448\" transform=\"translate(-8623.368 412.813)\" fill=\"none\" stroke=\"#000\" stroke-linecap=\"round\" stroke-width=\"1.5\"\/>\n                                                <\/g>\n                                            <\/svg>\n                                        <\/span>\n                                <\/div-->\n                            <\/div>\n                        <\/div>\n                    <\/div><div id=\"10376\" class=\"schulthess-product-partner Medienpartner\" partner-type=\"Medienpartner\">\n                        <div class=\"schulthess-product-partner-image\">\n                                <img loading=\"lazy\" decoding=\"async\" src=\"https:\/\/www.schulthessforum.ch\/wp-content\/media\/Partner\/iusnet_Erbrecht_Webseite_Logo-250x72.png\" alt=\"iusnet Erbrecht\" title=\"iusnet Erbrecht\" width=\"250\" height=\"150\" \/>\n                        <\/div>\n                        <div class=\"schulthess-product-partner-info\">\n                            <div class=\"content\">\n                                <h4 class=\"schulthess-product-partner-name\">iusnet Erbrecht<\/h4>\n                                <p class=\"schulthess-product-partner-type\">\n                                    Medienpartner\n                                <\/p>\n                                <p class=\"schulthess-product-partner-description\">\n                                    Die Online-Plattform iusnet Erbrecht bietet Ihnen weitere Entscheide, Informationen zu Gesetzgebung, Arbeitshilfen sowie Kommentierungen. Eine hilfreiche Suchfunktion f\u00fchrt Sie treffsicher zu den gew\u00fcnschten Ergebnissen. Weitere Mehrwerte bieten der Veranstaltungskalender sowie ein \u00fcbersichtlicher Pressespiegel. Der Pressespiegel beinhaltet eine Auflistung der relevanten Fachartikel aus den juristischen Fachzeitschriften der Schweiz.\r\n \r\nNutzen Sie das mehrstufige Informationssystem von iusnet und sparen Sie wertvolle Arbeitszeit! Das Abonnement beinhaltet den Newsletter und einen unlimitierten Zugang zur Online-Plattform iusnet Erbrecht. Der Newsletter liefert Ihnen bis zu sechs Mal j\u00e4hrlich einen raschen \u00dcberblick \u00fcber die wichtigsten Entwicklungen in Rechtsprechung und Gesetzgebung zum Erbrecht. Beantragen Sie jetzt Ihr Abonnement und lassen Sie sich regelm\u00e4ssig und zeitsparend informieren! \n                                <\/p>\n                                <p class=\"schulthess-product-partner-speakers\">\n                                    Referenten: \n                                <\/p>\n                                <!--div class=\"schulthess-product-partner-link\">\n                                        <span>zur Website<\/span>\n                                        <span class=\"link-icon\">\n                                            <svg xmlns=\"http:\/\/www.w3.org\/2000\/svg\" width=\"11\" height=\"10\" viewBox=\"0 0 9.697 9.017\">\n                                                <g transform=\"translate(-813.933 -2094.752)\">\n                                                    <path d=\"M9442.49,1683l3.447,3.448-3.447,3.448\" transform=\"translate(-8627.497 412.813)\" fill=\"none\" stroke=\"#000\" stroke-linecap=\"round\" stroke-width=\"1.5\"\/>\n                                                    <path d=\"M9442.49,1683l3.447,3.448-3.447,3.448\" transform=\"translate(-8623.368 412.813)\" fill=\"none\" stroke=\"#000\" stroke-linecap=\"round\" stroke-width=\"1.5\"\/>\n                                                <\/g>\n                                            <\/svg>\n                                        <\/span>\n                                <\/div-->\n                            <\/div>\n                        <\/div>\n                    <\/div><div id=\"6245\" class=\"schulthess-product-partner Medienpartner\" partner-type=\"Medienpartner\">\n                        <div class=\"schulthess-product-partner-image\">\n                                <img loading=\"lazy\" decoding=\"async\" src=\"https:\/\/www.schulthessforum.ch\/wp-content\/media\/Partner\/logos\/Successio_rgb.svg\" alt=\"successio\" title=\"successio\" width=\"250\" height=\"150\" \/>\n                        <\/div>\n                        <div class=\"schulthess-product-partner-info\">\n                            <div class=\"content\">\n                                <h4 class=\"schulthess-product-partner-name\">successio<\/h4>\n                                <p class=\"schulthess-product-partner-type\">\n                                    Medienpartner\n                                <\/p>\n                                <p class=\"schulthess-product-partner-description\">\n                                    Die successio, Zeitschrift f\u00fcr Erbrecht - Nachlassplanung und -abwicklung, hat in den elf Jahren ihres Bestehens wertvolle Dienste im Bereich der Nachlassplanung und -abwicklung geleistet \u2013 dem Praktiker ebenso wie der wissenschaftlichen Rechtsentwicklung: \u00fcbersichtlich, konzis und gehaltvoll. Das renommierte Herausgeberkollegium schafft es hervorragend, die Themen viermal j\u00e4hrlich praxisbezogen auszuw\u00e4hlen und tiefgr\u00fcndig darzulegen. Fundierte Aufs\u00e4tze namhafter Autoren zu grundlegenden Themen bieten Ihnen einen \u00dcberblick \u00fcber den jeweiligen Meinungsstand, zeigen L\u00f6sungsm\u00f6glichkeiten auf und bereichern Ihre \u00dcberlegungen.\n                                <\/p>\n                                <p class=\"schulthess-product-partner-speakers\">\n                                    Referenten: \n                                <\/p>\n                                <!--div class=\"schulthess-product-partner-link\">\n                                        <span>zur Website<\/span>\n                                        <span class=\"link-icon\">\n                                            <svg xmlns=\"http:\/\/www.w3.org\/2000\/svg\" width=\"11\" height=\"10\" viewBox=\"0 0 9.697 9.017\">\n                                                <g transform=\"translate(-813.933 -2094.752)\">\n                                                    <path d=\"M9442.49,1683l3.447,3.448-3.447,3.448\" transform=\"translate(-8627.497 412.813)\" fill=\"none\" stroke=\"#000\" stroke-linecap=\"round\" stroke-width=\"1.5\"\/>\n                                                    <path d=\"M9442.49,1683l3.447,3.448-3.447,3.448\" transform=\"translate(-8623.368 412.813)\" fill=\"none\" stroke=\"#000\" stroke-linecap=\"round\" stroke-width=\"1.5\"\/>\n                                                <\/g>\n                                            <\/svg>\n                                        <\/span>\n                                <\/div-->\n                            <\/div>\n                        <\/div>\n                    <\/div>\n            <\/div>\n            <script>\n\n              var btns1 = jQuery(\".schulthess-product-partner-headline-wrapper .buttons\");\n              btns1.find(\".grid\").addClass(\"aktiv\");\n\n              btns1.find(\"button\").on(\"click\",function(e) {\n                btns1.find(\".grid\").removeClass(\"aktiv\");\n                btns1.find(\".list\").removeClass(\"aktiv\");\n                if (jQuery(this).hasClass(\"grid\")) {\n                    jQuery(\".schulthess-product-partner-wrapper\").removeClass(\"list\").addClass(\"grid\");\n                    jQuery(this).addClass(\"aktiv\");\n                    jQuery(\".schulthess-product-partner-wrapper .schulthess-product-partner-info\").hide();\n                }\n                else if(jQuery(this).hasClass(\"list\")) {\n                    jQuery(\".schulthess-product-partner-wrapper\").removeClass(\"grid\").addClass(\"list\");\n                    jQuery(\".schulthess-product-partner-wrapper .schulthess-product-partner-info\").show();\n                    jQuery(this).addClass(\"aktiv\");\n                }\n              });\n            <\/script>[\/et_pb_code][\/et_pb_column][\/et_pb_row][et_pb_row disabled_on=\u00a0\u00bboff|off|off\u00a0\u00bb _builder_version=\u00a0\u00bb4.16&Prime; _module_preset=\u00a0\u00bbdefault\u00a0\u00bb locked=\u00a0\u00bboff\u00a0\u00bb collapsed=\u00a0\u00bboff\u00a0\u00bb global_colors_info=\u00a0\u00bb{}\u00a0\u00bb][et_pb_column type=\u00a0\u00bb4_4&Prime; _builder_version=\u00a0\u00bb4.16&Prime; _module_preset=\u00a0\u00bbdefault\u00a0\u00bb global_colors_info=\u00a0\u00bb{}\u00a0\u00bb][et_pb_code admin_label=\u00a0\u00bbMedienpartner\u00a0\u00bb _builder_version=\u00a0\u00bb4.22.1&Prime; _module_preset=\u00a0\u00bbdefault\u00a0\u00bb locked=\u00a0\u00bboff\u00a0\u00bb global_colors_info=\u00a0\u00bb{}\u00a0\u00bb]<div class=\"et_pb_row sf-h3\">\n            <div class=\"et_pb_module et_pb_text schulthess-product-partner-headline-wrapper\">\n                <h5 class=\"schulthess-product-partner-type\" id=\"medienpartner\">Partenaires m\u00e9dias<\/h5>\n            <\/div>\n            <div class=\"et_pb_module\"><div class=\"et_pb_column_1_4 et_pb_column\">\n                        <div class=\"sf-product-partner-container\">\n                            <a href=\"https:\/\/www.schulthess.com\/de\/portfolio\/schulthess\/schulthess-digital\/iusnet\/iusnet-steuerrecht\" title=\"iusnet Steuerrecht\" target=\"_blank\" rel=\"noopener nofollow\"><img loading=\"lazy\" decoding=\"async\" class=\"\" src=\"https:\/\/www.schulthessforum.ch\/wp-content\/media\/Partner\/iusnet_Website_Steuerrecht_364x104px.png\" style=\"aspect-ratio: 364 \/ 104\" width=\"364\" height=\"104\" alt=\"iusnet Steuerrecht\" title=\"iusnet Steuerrecht\"\/><\/a>\n                        <\/div>\n                    <\/div><div class=\"et_pb_column_1_4 et_pb_column\">\n                        <div class=\"sf-product-partner-container\">\n                            <a href=\"https:\/\/www.schulthess.com\/de\/portfolio\/schulthess\/schulthess-digital\/iusnet\/iusnet-erbrecht\" title=\"iusnet Erbrecht\" target=\"_blank\" rel=\"noopener nofollow\"><img loading=\"lazy\" decoding=\"async\" class=\"\" src=\"https:\/\/www.schulthessforum.ch\/wp-content\/media\/Partner\/iusnet_Erbrecht_Webseite_Logo.png\" style=\"aspect-ratio: 2150 \/ 615\" width=\"2150\" height=\"615\" alt=\"iusnet Erbrecht\" title=\"iusnet Erbrecht\"\/><\/a>\n                        <\/div>\n                    <\/div><div class=\"et_pb_column_1_4 et_pb_column\">\n                        <div class=\"sf-product-partner-container\">\n                            <a href=\"https:\/\/www.successio.ch\/de\" title=\"successio\" target=\"_blank\" rel=\"noopener nofollow\"><img loading=\"lazy\" decoding=\"async\" class=\"svg-partner-logo\" src=\"https:\/\/www.schulthessforum.ch\/wp-content\/media\/Partner\/logos\/Successio_rgb.svg\" style=\"aspect-ratio: 0 \/ 0\" width=\"0\" height=\"0\" alt=\"successio\" title=\"successio\"\/><\/a>\n                        <\/div>\n                    <\/div><\/div><\/div>[\/et_pb_code][et_pb_code admin_label=\u00a0\u00bbWirtschaftspartner\u00a0\u00bb _builder_version=\u00a0\u00bb4.22.1&Prime; _module_preset=\u00a0\u00bbdefault\u00a0\u00bb locked=\u00a0\u00bboff\u00a0\u00bb global_colors_info=\u00a0\u00bb{}\u00a0\u00bb][\/et_pb_code][et_pb_code admin_label=\u00a0\u00bbKooperationspartner\u00a0\u00bb _builder_version=\u00a0\u00bb4.22.1&Prime; _module_preset=\u00a0\u00bbdefault\u00a0\u00bb locked=\u00a0\u00bboff\u00a0\u00bb global_colors_info=\u00a0\u00bb{}\u00a0\u00bb][\/et_pb_code][et_pb_code admin_label=\u00a0\u00bbSponsoren\u00a0\u00bb _builder_version=\u00a0\u00bb4.22.1&Prime; _module_preset=\u00a0\u00bbdefault\u00a0\u00bb locked=\u00a0\u00bboff\u00a0\u00bb global_colors_info=\u00a0\u00bb{}\u00a0\u00bb][\/et_pb_code][\/et_pb_column][\/et_pb_row][\/et_pb_section][et_pb_section fb_built=\u00a0\u00bb1&Prime; disabled_on=\u00a0\u00bbon|on|on\u00a0\u00bb admin_label=\u00a0\u00bbSektion Impressionen\u00a0\u00bb module_id=\u00a0\u00bbschulthess-impressionen\u00a0\u00bb _builder_version=\u00a0\u00bb4.17.4&Prime; _module_preset=\u00a0\u00bbdefault\u00a0\u00bb disabled=\u00a0\u00bbon\u00a0\u00bb collapsed=\u00a0\u00bbon\u00a0\u00bb global_colors_info=\u00a0\u00bb{}\u00a0\u00bb][et_pb_row module_class=\u00a0\u00bbsf-impressionen-slider-wrapper\u00a0\u00bb _builder_version=\u00a0\u00bb4.19.5&Prime; _module_preset=\u00a0\u00bbdefault\u00a0\u00bb global_colors_info=\u00a0\u00bb{}\u00a0\u00bb][et_pb_column type=\u00a0\u00bb4_4&Prime; _builder_version=\u00a0\u00bb4.19.5&Prime; _module_preset=\u00a0\u00bbdefault\u00a0\u00bb global_colors_info=\u00a0\u00bb{}\u00a0\u00bb][et_pb_text admin_label=\u00a0\u00bb\u00dcberschrift\u00a0\u00bb module_class=\u00a0\u00bbsf-h2&Prime; _builder_version=\u00a0\u00bb4.19.5&Prime; _module_preset=\u00a0\u00bbdefault\u00a0\u00bb global_colors_info=\u00a0\u00bb{}\u00a0\u00bb]<\/p>\n<h5>Impressionen<\/h5>\n<p>[\/et_pb_text][et_pb_gallery gallery_ids=\u00a0\u00bb1275,1274,1273,1272,1271,1266,1267,1260,1262,1253,1251,1248,1240,1244,1246&Prime; fullwidth=\u00a0\u00bbon\u00a0\u00bb admin_label=\u00a0\u00bbGalerie\u00a0\u00bb module_id=\u00a0\u00bbimpressionen-slider\u00a0\u00bb module_class=\u00a0\u00bbimpressionen-slider\u00a0\u00bb _builder_version=\u00a0\u00bb4.19.5&Prime; _module_preset=\u00a0\u00bbdefault\u00a0\u00bb animation_style=\u00a0\u00bbfade\u00a0\u00bb animation_duration=\u00a0\u00bb5000ms\u00a0\u00bb animation_starting_opacity=\u00a0\u00bb100%\u00a0\u00bb animation_repeat=\u00a0\u00bbloop\u00a0\u00bb auto=\u00a0\u00bbon\u00a0\u00bb auto_speed=\u00a0\u00bb5000&Prime; global_colors_info=\u00a0\u00bb{}\u00a0\u00bb][\/et_pb_gallery][\/et_pb_column][\/et_pb_row][\/et_pb_section]<\/p>\n","protected":false},"excerpt":{"rendered":"<h3>Recht, Governance und Steuern<\/h3>\n<p>Non Profit Organisationen wie Vereine, Stiftungen, Genossenschaften sowie gemeinn\u00fctzige Aktiengesellschaften leisten einen bedeutenden Beitrag zum Gemeinwohl. Gleichzeitig sehen sich diese Organisationen vermehrt mit komplexen rechtlichen und steuerlichen Fragestellungen konfrontiert \u2013 etwa im Zusammenhang mit strukturellen Ver\u00e4nderungen, der grenz\u00fcberschreitenden Zusammenarbeit oder neuen Formen gemeinn\u00fctzigen Engagements wie Social Entrepreneurship.<\/p>\n<p>Diese neue Tagung widmet sich aus den unterschiedlichsten Blickwinkeln den Herausforderungen im Non Profit Bereich und verkn\u00fcpft grundlegende rechtliche und steuerliche Aspekte mit praxisrelevanten Fragestellungen. Im Fokus stehen unter anderem \u00dcberlegungen zum Wechsel der Rechtsform, der nachhaltigen Ausgestaltung von F\u00fchrungs- und Nachfolgeregelungen, den Rahmenbedingungen grenz\u00fcberschreitender Philanthropie sowie den Anforderungen, die an hybride Modelle zwischen Gemeinn\u00fctzigkeit und wirtschaftlicher T\u00e4tigkeit gestellt werden.<\/p>\n<p data-start=\"72\" data-end=\"493\">Die Veranstaltung richtet sich an Entscheidungstr\u00e4gerinnen und Entscheidungstr\u00e4ger in Non Profit Organisationen ebenso wie an Fachpersonen aus der Rechts- und Steuerberatung, an Vertreterinnen und Vertreter von Verwaltungs- und Stiftungsbeh\u00f6rden sowie an alle, die sich mit der strategischen Entwicklung und rechtlichen Gestaltung gemeinn\u00fctziger Strukturen befassen<\/p>\n","protected":false},"author":25,"featured_media":0,"template":"","meta":{"_acf_changed":false,"_et_pb_use_builder":"on","_et_pb_old_content":"","_et_gb_content_width":""},"categories":[140,96,600],"tags":[],"product_brand":[],"product_cat":[229],"product_tag":[],"class_list":{"0":"post-31548","1":"product","2":"type-product","3":"status-publish","5":"category-tagung","6":"category-steuerrecht","7":"category-stiftungsrecht","8":"product_cat-229","9":"pa_teilnahme-praesenzveranstaltung","11":"first","12":"instock","13":"taxable","14":"shipping-taxable","15":"purchasable","16":"product-type-variable"},"acf":[],"_links":{"self":[{"href":"https:\/\/www.schulthessforum.ch\/fr\/wp-json\/wp\/v2\/product\/31548","targetHints":{"allow":["GET"]}}],"collection":[{"href":"https:\/\/www.schulthessforum.ch\/fr\/wp-json\/wp\/v2\/product"}],"about":[{"href":"https:\/\/www.schulthessforum.ch\/fr\/wp-json\/wp\/v2\/types\/product"}],"author":[{"embeddable":true,"href":"https:\/\/www.schulthessforum.ch\/fr\/wp-json\/wp\/v2\/users\/25"}],"wp:attachment":[{"href":"https:\/\/www.schulthessforum.ch\/fr\/wp-json\/wp\/v2\/media?parent=31548"}],"wp:term":[{"taxonomy":"category","embeddable":true,"href":"https:\/\/www.schulthessforum.ch\/fr\/wp-json\/wp\/v2\/categories?post=31548"},{"taxonomy":"post_tag","embeddable":true,"href":"https:\/\/www.schulthessforum.ch\/fr\/wp-json\/wp\/v2\/tags?post=31548"},{"taxonomy":"product_brand","embeddable":true,"href":"https:\/\/www.schulthessforum.ch\/fr\/wp-json\/wp\/v2\/product_brand?post=31548"},{"taxonomy":"product_cat","embeddable":true,"href":"https:\/\/www.schulthessforum.ch\/fr\/wp-json\/wp\/v2\/product_cat?post=31548"},{"taxonomy":"product_tag","embeddable":true,"href":"https:\/\/www.schulthessforum.ch\/fr\/wp-json\/wp\/v2\/product_tag?post=31548"}],"curies":[{"name":"wp","href":"https:\/\/api.w.org\/{rel}","templated":true}]}}