{"id":33492,"date":"2025-09-17T16:24:36","date_gmt":"2025-09-17T14:24:36","guid":{"rendered":"https:\/\/www.schulthessforum.ch\/?post_type=product&#038;p=33492"},"modified":"2026-04-23T11:31:25","modified_gmt":"2026-04-23T09:31:25","slug":"data-privacy","status":"publish","type":"product","link":"https:\/\/www.schulthessforum.ch\/data-privacy\/","title":{"rendered":"Data Privacy 2026"},"content":{"rendered":"<p>[et_pb_section fb_built=\u00a0\u00bb1&Prime; disabled_on=\u00a0\u00bboff|off|off\u00a0\u00bb admin_label=\u00a0\u00bbAlert Content\u00a0\u00bb module_id=\u00a0\u00bbschulthess-header-alertbar-section\u00a0\u00bb _builder_version=\u00a0\u00bb4.19.4&Prime; _module_preset=\u00a0\u00bbdefault\u00a0\u00bb locked=\u00a0\u00bboff\u00a0\u00bb collapsed=\u00a0\u00bbon\u00a0\u00bb global_colors_info=\u00a0\u00bb{}\u00a0\u00bb][et_pb_row _builder_version=\u00a0\u00bb4.17.4&Prime; _module_preset=\u00a0\u00bbdefault\u00a0\u00bb global_colors_info=\u00a0\u00bb{}\u00a0\u00bb][et_pb_column type=\u00a0\u00bb4_4&Prime; _builder_version=\u00a0\u00bb4.17.4&Prime; _module_preset=\u00a0\u00bbdefault\u00a0\u00bb global_colors_info=\u00a0\u00bb{}\u00a0\u00bb][et_pb_code admin_label=\u00a0\u00bbCode (Alert) (ZU \u00c4NDERN IN %22HOME%22)\u00a0\u00bb module_class=\u00a0\u00bbschulthess-header-alertbar \u00a0\u00bb _builder_version=\u00a0\u00bb4.17.4&Prime; _module_preset=\u00a0\u00bbdefault\u00a0\u00bb locked=\u00a0\u00bbon\u00a0\u00bb global_colors_info=\u00a0\u00bb{}\u00a0\u00bb][\/et_pb_code][\/et_pb_column][\/et_pb_row][\/et_pb_section][et_pb_section fb_built=\u00a0\u00bb1&Prime; disabled_on=\u00a0\u00bboff|off|off\u00a0\u00bb admin_label=\u00a0\u00bbHeader &#8211; Content\u00a0\u00bb module_class=\u00a0\u00bbsf-product-header schulthess-hero\u00a0\u00bb _builder_version=\u00a0\u00bb4.20.2&Prime; _module_preset=\u00a0\u00bbdefault\u00a0\u00bb background_enable_color=\u00a0\u00bboff\u00a0\u00bb background_enable_image=\u00a0\u00bboff\u00a0\u00bb locked=\u00a0\u00bboff\u00a0\u00bb collapsed=\u00a0\u00bbon\u00a0\u00bb global_colors_info=\u00a0\u00bb{}\u00a0\u00bb][et_pb_row _builder_version=\u00a0\u00bb4.20.2&Prime; _module_preset=\u00a0\u00bbdefault\u00a0\u00bb global_colors_info=\u00a0\u00bb{}\u00a0\u00bb][et_pb_column type=\u00a0\u00bb4_4&Prime; _builder_version=\u00a0\u00bb4.20.2&Prime; _module_preset=\u00a0\u00bbdefault\u00a0\u00bb global_colors_info=\u00a0\u00bb{}\u00a0\u00bb][et_pb_text _builder_version=\u00a0\u00bb4.20.2&Prime; _module_preset=\u00a0\u00bbdefault\u00a0\u00bb global_colors_info=\u00a0\u00bb{}\u00a0\u00bb]<style>.et-db #et-boc .et-l .et_pb_section.sf-product-header.schulthess-hero{\n        background-color: #244566 !important;\n      }\n      .schulthess-hero h1 {\n        border-bottom: 3px solid #FFFFFFF !important;\n      }\n      .sf-product-header.schulthess-hero .weitereVaranstalerSchriftfarbe{\n        color: #FFFFFF !important;\n      }\n      .schulthess-hero .event-kategorie-date-headline.weitereVaranstalerSchriftfarbe,\n      .schulthess-hero .event-kategorie-date-headline.weitereVaranstalerSchriftfarbe a{\n        color: #FFFFFF !important;\n      }\n      .schulthess-hero .event-kategorie-date-headline.weitereVaranstalerSchriftfarbe a:hover,\n      .schulthess-hero .event-kategorie-date-headline.weitereVaranstalerSchriftfarbe a:focus,\n      .schulthess-hero .event-kategorie-date-headline.weitereVaranstalerSchriftfarbe a:active{\n        color: #8ac7ef !important;\n      }\n      .weitererVeranstalterLogoSubheadline{\n        width: 150px;\n        max-width: 100%;\n      }<\/style>\n\t <div class=\"et_pb_text_inner\"><h3 class=\"weitereVaranstalerSchriftfarbe\">Schulthess Forum<\/h3><\/div>\n\t <div class=\"et_pb_text_inner\"><h1 class=\"sf-product-title weitereVaranstalerSchriftfarbe\">Data Privacy 2026<\/h1><\/div>\n\t <div class=\"et_pb_text_inner\"><h2 class=\"sf-product-subheadline weitereVaranstalerSchriftfarbe\">Datenschutz, Cybersicherheit und Regulierung im Fokus<\/h2><\/div>\n\t <div class=\"sf-product-catsDateLogos\"><span class=\"event-kategorie-date-headline weitereVaranstalerSchriftfarbe\">Datenschutz | Tagungen | Online-Teilnahme | mardi, 17.03.2026<\/span><div class=\"sf-product-logos\"><\/div><\/div>[\/et_pb_text][\/et_pb_column][\/et_pb_row][\/et_pb_section][et_pb_section fb_built=\u00a0\u00bb1&Prime; specialty=\u00a0\u00bbon\u00a0\u00bb module_class_1=\u00a0\u00bbschulthess-product-main\u00a0\u00bb module_class_2=\u00a0\u00bbschulthess-product-sidebar\u00a0\u00bb admin_label=\u00a0\u00bbMain &#8211; Content\u00a0\u00bb module_id=\u00a0\u00bbschulthess-product-mainsection\u00a0\u00bb _builder_version=\u00a0\u00bb4.19.4&Prime; _module_preset=\u00a0\u00bbdefault\u00a0\u00bb collapsed=\u00a0\u00bboff\u00a0\u00bb global_colors_info=\u00a0\u00bb{}\u00a0\u00bb][et_pb_column type=\u00a0\u00bb3_4&Prime; specialty_columns=\u00a0\u00bb3&Prime; _builder_version=\u00a0\u00bb4.16&Prime; custom_padding=\u00a0\u00bb|||\u00a0\u00bb global_colors_info=\u00a0\u00bb{}\u00a0\u00bb custom_padding__hover=\u00a0\u00bb|||\u00a0\u00bb][et_pb_row_inner admin_label=\u00a0\u00bbMen\u00fc (Programm, Referierende, Fachinformation, Partner, Impressionen, Teilnehmerbereich)\u00a0\u00bb module_id=\u00a0\u00bbschulthess-product-subnavigation\u00a0\u00bb _builder_version=\u00a0\u00bb4.21.0&Prime; background_size=\u00a0\u00bbinitial\u00a0\u00bb background_position=\u00a0\u00bbtop_left\u00a0\u00bb background_repeat=\u00a0\u00bbrepeat\u00a0\u00bb locked=\u00a0\u00bboff\u00a0\u00bb collapsed=\u00a0\u00bboff\u00a0\u00bb global_colors_info=\u00a0\u00bb{}\u00a0\u00bb][et_pb_column_inner saved_specialty_column_type=\u00a0\u00bb3_4&Prime; _builder_version=\u00a0\u00bb4.17.3&Prime; _module_preset=\u00a0\u00bbdefault\u00a0\u00bb global_colors_info=\u00a0\u00bb{}\u00a0\u00bb][et_pb_menu menu_id=\u00a0\u00bb67&Prime; module_class=\u00a0\u00bbet_smooth_scroll_disabled\u00a0\u00bb _builder_version=\u00a0\u00bb4.21.0&Prime; _module_preset=\u00a0\u00bbdefault\u00a0\u00bb locked=\u00a0\u00bboff\u00a0\u00bb global_colors_info=\u00a0\u00bb{}\u00a0\u00bb][\/et_pb_menu][\/et_pb_column_inner][\/et_pb_row_inner][et_pb_row_inner admin_label=\u00a0\u00bbKurzbeschreibung (Inhalt kommt vom Main Event Content)\u00a0\u00bb module_class=\u00a0\u00bbsf-date-shorttext-row kurzbeschreibung-border-bottom\u00a0\u00bb _builder_version=\u00a0\u00bb4.19.4&Prime; _module_preset=\u00a0\u00bbdefault\u00a0\u00bb locked=\u00a0\u00bboff\u00a0\u00bb collapsed=\u00a0\u00bbon\u00a0\u00bb global_colors_info=\u00a0\u00bb{}\u00a0\u00bb][et_pb_column_inner saved_specialty_column_type=\u00a0\u00bb3_4&Prime; _builder_version=\u00a0\u00bb4.16&Prime; _module_preset=\u00a0\u00bbdefault\u00a0\u00bb global_colors_info=\u00a0\u00bb{}\u00a0\u00bb][et_pb_text admin_label=\u00a0\u00bbKurzbeschreibung\u00a0\u00bb _builder_version=\u00a0\u00bb4.19.4&Prime; _dynamic_attributes=\u00a0\u00bbcontent\u00a0\u00bb _module_preset=\u00a0\u00bbdefault\u00a0\u00bb locked=\u00a0\u00bboff\u00a0\u00bb global_colors_info=\u00a0\u00bb{}\u00a0\u00bb]@ET-DC@eyJkeW5hbWljIjp0cnVlLCJjb250ZW50IjoicHJvZHVjdF9zaG9ydF9kZXNjcmlwdGlvbiIsInNldHRpbmdzIjp7ImJlZm9yZSI6IiIsImFmdGVyIjoiIn19@[\/et_pb_text][\/et_pb_column_inner][\/et_pb_row_inner][et_pb_row_inner admin_label=\u00a0\u00bbProgramm (Ihr Vorteil, Zielpublikum, Kurzprogramm, Detailprogramm)\u00a0\u00bb module_id=\u00a0\u00bbschulthess-programm\u00a0\u00bb _builder_version=\u00a0\u00bb4.21.0&Prime; _module_preset=\u00a0\u00bbdefault\u00a0\u00bb collapsed=\u00a0\u00bboff\u00a0\u00bb global_colors_info=\u00a0\u00bb{}\u00a0\u00bb][et_pb_column_inner saved_specialty_column_type=\u00a0\u00bb3_4&Prime; _builder_version=\u00a0\u00bb4.16&Prime; _module_preset=\u00a0\u00bbdefault\u00a0\u00bb global_colors_info=\u00a0\u00bb{}\u00a0\u00bb][et_pb_text admin_label=\u00a0\u00bbIhr Vorteil &#8211; Headline\u00a0\u00bb _builder_version=\u00a0\u00bb4.19.4&Prime; _module_preset=\u00a0\u00bbdefault\u00a0\u00bb locked=\u00a0\u00bboff\u00a0\u00bb global_colors_info=\u00a0\u00bb{}\u00a0\u00bb]<\/p>\n<h3>Ihr Vorteil<\/h3>\n<p>[\/et_pb_text][et_pb_text admin_label=\u00a0\u00bbIhr Vorteil &#8211; Liste\u00a0\u00bb module_class=\u00a0\u00bbprogramm-border-bottom\u00a0\u00bb _builder_version=\u00a0\u00bb4.27.4&Prime; _module_preset=\u00a0\u00bbdefault\u00a0\u00bb locked=\u00a0\u00bboff\u00a0\u00bb global_colors_info=\u00a0\u00bb{}\u00a0\u00bb]<\/p>\n<p>Das Schulthess Forum Data Privacy zeichnet sich aus durch:<\/p>\n<ul>\n<li>topaktuelle Themen mit hoher Praxisrelevanz<\/li>\n<li>interdisziplin\u00e4re Beitr\u00e4ge von Fachleuten aus den Unternehmen<\/li>\n<li>die M\u00f6glichkeit zum pers\u00f6nlichen Austausch zwischen Referierenden und dem Fachpublikum<\/li>\n<li>namhafte Referierende<\/li>\n<\/ul>\n<p>[\/et_pb_text][et_pb_text admin_label=\u00a0\u00bbZielpublikum &#8211; Headline\u00a0\u00bb _builder_version=\u00a0\u00bb4.19.4&Prime; _module_preset=\u00a0\u00bbdefault\u00a0\u00bb locked=\u00a0\u00bbon\u00a0\u00bb global_colors_info=\u00a0\u00bb{}\u00a0\u00bb]<\/p>\n<h3>Zielpublikum<\/h3>\n<p>[\/et_pb_text][et_pb_text admin_label=\u00a0\u00bbZielpublikum\u00a0\u00bb module_class=\u00a0\u00bbprogramm-border-bottom\u00a0\u00bb _builder_version=\u00a0\u00bb4.21.0&Prime; _module_preset=\u00a0\u00bbdefault\u00a0\u00bb global_colors_info=\u00a0\u00bb{}\u00a0\u00bb]<\/p>\n<div class=\"content clearfix\">\n<ul>\n<li>Inhouse Privacy Professionals<\/li>\n<li>Entscheidungstr\u00e4ger<\/li>\n<li>F\u00fchrungs- und Fachkr\u00e4fte aus den Bereichen:<br \/>&#8211; Datensicherheit<br \/>&#8211; Recht<br \/>&#8211; Compliance<br \/>&#8211; Personal<br \/>&#8211; Marketing\/Vertrieb<\/li>\n<li>Rechtsanw\u00e4ltinnen und Rechtsanw\u00e4lte<\/li>\n<li>CEO&rsquo;s<\/li>\n<li>Verwaltungsratsmitglieder<\/li>\n<\/ul>\n<\/div>\n<p>[\/et_pb_text][et_pb_text admin_label=\u00a0\u00bbKurzprogramm &#8211; Headline\u00a0\u00bb _builder_version=\u00a0\u00bb4.19.4&Prime; _module_preset=\u00a0\u00bbdefault\u00a0\u00bb locked=\u00a0\u00bbon\u00a0\u00bb global_colors_info=\u00a0\u00bb{}\u00a0\u00bb]<\/p>\n<h3>Kurzprogramm<\/h3>\n<p>[\/et_pb_text][et_pb_text admin_label=\u00a0\u00bbProgramm &#8211; Liste\u00a0\u00bb module_class=\u00a0\u00bbprogramm-border-bottom\u00a0\u00bb _builder_version=\u00a0\u00bb4.27.4&Prime; _module_preset=\u00a0\u00bbdefault\u00a0\u00bb global_colors_info=\u00a0\u00bb{}\u00a0\u00bb]<\/p>\n<ul>\n<li>Welche Erwartungen an die technisch und organisatorisch \u00absichere\u00bb Ausgestaltung einer Personendatenbearbeitung sind berechtigt?<\/li>\n<li>Cybersicherheit \u2013 Spannungsfeld zwischen Sicherheit, Wirtschaftlichkeit und Geopolitik<\/li>\n<li>Flexibilit\u00e4t vs. Kontrolle: AVV f\u00fcr Standardsoftware<\/li>\n<li>Geknackt, bevor du\u2019s merkst: Die unsichtbare Gefahr durch Credential Stuffing<\/li>\n<li>Zwischen Gesetz und Praxis: Der Umgang mit Datenschutzrisiken als DPO<\/li>\n<li>KI: Mit welchen Tools darf im Unternehmen gearbeitet werden?<\/li>\n<li>Standardisierung regulatorischer Anforderungen | Von regulatorischer Verwirrung zu standardisierter\u00a0Klarheit<\/li>\n<li>Datenfl\u00fcsse unter Druck: Wie global d\u00fcrfen Daten noch sein?<\/li>\n<\/ul>\n<p>[\/et_pb_text][sfdm_event_program_list use_switcher=\u00a0\u00bboff\u00a0\u00bb disabled_on=\u00a0\u00bboff|off|off\u00a0\u00bb admin_label=\u00a0\u00bbProgramm &#8211; Detail Neu\u00a0\u00bb _builder_version=\u00a0\u00bb4.27.4&Prime; _module_preset=\u00a0\u00bbdefault\u00a0\u00bb locked=\u00a0\u00bboff\u00a0\u00bb global_colors_info=\u00a0\u00bb{}\u00a0\u00bb][sfdm_event_program_list_item backend_title=\u00a0\u00bbRegistrierung und Begr\u00fcssungskaffee\u00a0\u00bb subtitle=\u00a0\u00bb08:30 &#8211; 09:00 Registrierung und Begr\u00fcssungskaffee\u00a0\u00bb type=\u00a0\u00bbbreak\u00a0\u00bb _builder_version=\u00a0\u00bb4.27.0&Prime; _module_preset=\u00a0\u00bbdefault\u00a0\u00bb global_colors_info=\u00a0\u00bb{}\u00a0\u00bb][\/sfdm_event_program_list_item][sfdm_event_program_list_item backend_title=\u00a0\u00bbBegr\u00fcssung durch die Tagungsleitung\u00a0\u00bb title=\u00a0\u00bbBegr\u00fcssung durch die Tagungsleitung\u00a0\u00bb start_time=\u00a0\u00bb09:00&Prime; end_time=\u00a0\u00bb09:05&Prime; speakers=\u00a0\u00bb<\/p>\n<p>Dr. Matthias Glatthaar<\/p>\n<p>\u00a0\u00bb _builder_version=\u00a0\u00bb4.27.4&Prime; _module_preset=\u00a0\u00bbdefault\u00a0\u00bb global_colors_info=\u00a0\u00bb{}\u00a0\u00bb][\/sfdm_event_program_list_item][sfdm_event_program_list_item backend_title=\u00a0\u00bb9:05 &#8211; 9:40 Welche Erwartungen an die technisch und organisatorisch \u00absichere\u00bb Ausgestaltung einer Personendatenbearbeitung sind berechtigt? \u00a0\u00bb title=\u00a0\u00bbWelche Erwartungen an die technisch und organisatorisch \u00absichere\u00bb Ausgestaltung einer Personendatenbearbeitung sind berechtigt? \u00a0\u00bb subtitle=\u00a0\u00bbKeynote\u00a0\u00bb start_time=\u00a0\u00bb09:05&Prime; end_time=\u00a0\u00bb09:40&Prime; speakers=\u00a0\u00bb<\/p>\n<p>Dr. Adrian Lobsiger<\/p>\n<p>\u00a0\u00bb _builder_version=\u00a0\u00bb4.27.4&Prime; _module_preset=\u00a0\u00bbdefault\u00a0\u00bb global_colors_info=\u00a0\u00bb{}\u00a0\u00bb]<\/p>\n<ul>\n<li>Schutzobjekt des Datenschutzes ist die menschliche Pers\u00f6nlichkeit;<\/li>\n<li>Der Schutz der Pers\u00f6nlichkeit erfolgt risikoad\u00e4quat;<\/li>\n<li>Der risikoad\u00e4quate Schutz umfasst nebst dem St\u00f6rfall die systemimmanenten Risiken<\/li>\n<\/ul>\n<p>[\/sfdm_event_program_list_item][sfdm_event_program_list_item backend_title=\u00a0\u00bb9:40 &#8211; 10:15 Cybersicherheit \u2013 Spannungsfeld zwischen Sicherheit, Wirtschaftlichkeit und Geopolitik\u00a0\u00bb title=\u00a0\u00bbCybersicherheit \u2013 Spannungsfeld zwischen Sicherheit, Wirtschaftlichkeit und Geopolitik\u00a0\u00bb subtitle=\u00a0\u00bbReferat\u00a0\u00bb start_time=\u00a0\u00bb09:40&Prime; end_time=\u00a0\u00bb10:15&Prime; speakers=\u00a0\u00bb<\/p>\n<p>Florian Sch\u00fctz<\/p>\n<p>\u00a0\u00bb _builder_version=\u00a0\u00bb4.27.4&Prime; _module_preset=\u00a0\u00bbdefault\u00a0\u00bb global_colors_info=\u00a0\u00bb{}\u00a0\u00bb]<\/p>\n<ul>\n<li>Wieso ist Cybersicherheit f\u00fcr moderne Organisationen immer wichtiger?<\/li>\n<li>Wie viel darf Sicherheit eigentlich kosten?<\/li>\n<li>Warum wird Cybersicherheit immer politischer?<\/li>\n<\/ul>\n<p>[\/sfdm_event_program_list_item][sfdm_event_program_list_item backend_title=\u00a0\u00bb10:15 &#8211; 10:30  Fragerunde \u00a0\u00bb title=\u00a0\u00bbFragerunde\u00a0\u00bb start_time=\u00a0\u00bb10:15&Prime; end_time=\u00a0\u00bb10:30&Prime; speakers=\u00a0\u00bb<\/p>\n<p>Dr. Adrian Lobsiger und Florian Sch\u00fctz, moderiert von Dr. Matthias Glatthaar<\/p>\n<p>\u00a0\u00bb _builder_version=\u00a0\u00bb4.27.4&Prime; _module_preset=\u00a0\u00bbdefault\u00a0\u00bb global_colors_info=\u00a0\u00bb{}\u00a0\u00bb][\/sfdm_event_program_list_item][sfdm_event_program_list_item backend_title=\u00a0\u00bb10:30 &#8211; 11:00 Kaffeepause\u00a0\u00bb subtitle=\u00a0\u00bb10:30 &#8211; 11:00 Kaffeepause\u00a0\u00bb type=\u00a0\u00bbbreak\u00a0\u00bb _builder_version=\u00a0\u00bb4.27.4&Prime; _module_preset=\u00a0\u00bbdefault\u00a0\u00bb global_colors_info=\u00a0\u00bb{}\u00a0\u00bb][\/sfdm_event_program_list_item][sfdm_event_program_list_item backend_title=\u00a0\u00bb11:00 &#8211; 11:40 Flexibilit\u00e4t vs. Kontrolle: AVV f\u00fcr Standardsoftware\u00a0\u00bb title=\u00a0\u00bbFlexibilit\u00e4t vs. Kontrolle: AVV f\u00fcr Standardsoftware\u00a0\u00bb subtitle=\u00a0\u00bbReferat\u00a0\u00bb start_time=\u00a0\u00bb11:00&Prime; end_time=\u00a0\u00bb11:40&Prime; speakers=\u00a0\u00bb<\/p>\n<p>Peter Szab\u00f3<\/p>\n<p>\u00a0\u00bb _builder_version=\u00a0\u00bb4.27.4&Prime; _module_preset=\u00a0\u00bbdefault\u00a0\u00bb global_colors_info=\u00a0\u00bb{}\u00a0\u00bb]<\/p>\n<ul>\n<li>AVV sind Pflicht bei jedem Outsourcing der Bearbeitung von Personendaten.<\/li>\n<li>Wie l\u00e4sst sich der gesetzgeberische Anspruch nach Kontrolle f\u00fcr den Verantwortlichen mit dem Wunsch von Unternehmen nach Flexibilit\u00e4t in der Softwareentwicklung in Einklang bringen?<\/li>\n<li>Wie lassen sich AVV zusammen mit der Software aktualisieren, ohne jedes Mal auf die ausdr\u00fcckliche Zustimmung des Verantwortlichen einzuholen und gleichzeitig seine Kontrolle \u00fcber die Datenbearbeitung zu wahren?\u00a0<\/li>\n<\/ul>\n<p>[\/sfdm_event_program_list_item][sfdm_event_program_list_item backend_title=\u00a0\u00bb11:40 &#8211; 12:20 Geknackt, bevor du\u2019s merkst: Die unsichtbare Gefahr durch Credential Stuffing\u00a0\u00bb title=\u00a0\u00bbGeknackt, bevor du\u2019s merkst: Die unsichtbare Gefahr durch Credential Stuffing\u00a0\u00bb subtitle=\u00a0\u00bbReferat\u00a0\u00bb start_time=\u00a0\u00bb11:40&Prime; end_time=\u00a0\u00bb12:20&Prime; speakers=\u00a0\u00bb<\/p>\n<p>Stephanie Engelhardt-Scherf<\/p>\n<p>\u00a0\u00bb _builder_version=\u00a0\u00bb4.27.4&Prime; _module_preset=\u00a0\u00bbdefault\u00a0\u00bb global_colors_info=\u00a0\u00bb{}\u00a0\u00bb]<\/p>\n<ul>\n<li>Wie funktioniert Credential Stuffing, und warum reichen gute Passw\u00f6rter allein nicht mehr aus?<\/li>\n<li>Welche Spuren hinterl\u00e4sst ein Angriff, und warum bleiben sie oft unentdeckt?<\/li>\n<li>Was kann und was muss ein Unternehmen heute tun, um sich und seine Kunden angemessen zu sch\u00fctzen?<\/li>\n<\/ul>\n<p>[\/sfdm_event_program_list_item][sfdm_event_program_list_item backend_title=\u00a0\u00bb12:20 &#8211; 12:30 Fragerunde \u00a0\u00bb title=\u00a0\u00bbFragerunde\u00a0\u00bb start_time=\u00a0\u00bb12:20&Prime; end_time=\u00a0\u00bb12:30&Prime; speakers=\u00a0\u00bb<\/p>\n<p>Peter Szab\u00f3 und Stephanie Engelhardt-Scherf, moderiert von Dr. Matthias Glatthaar<\/p>\n<p>\u00a0\u00bb _builder_version=\u00a0\u00bb4.27.4&Prime; _module_preset=\u00a0\u00bbdefault\u00a0\u00bb global_colors_info=\u00a0\u00bb{}\u00a0\u00bb][\/sfdm_event_program_list_item][sfdm_event_program_list_item backend_title=\u00a0\u00bbMittagessen\u00a0\u00bb subtitle=\u00a0\u00bb12:30 &#8211; 13:30 Mittagspause\u00a0\u00bb type=\u00a0\u00bbbreak\u00a0\u00bb _builder_version=\u00a0\u00bb4.27.4&Prime; _module_preset=\u00a0\u00bbdefault\u00a0\u00bb global_colors_info=\u00a0\u00bb{}\u00a0\u00bb][\/sfdm_event_program_list_item][sfdm_event_program_list_item backend_title=\u00a0\u00bb13:30 &#8211; 14:10 Zwischen Gesetz und Praxis: Der Umgang mit Datenschutzrisiken als DPO\u00a0\u00bb title=\u00a0\u00bbZwischen Gesetz und Praxis: Der Umgang mit Datenschutzrisiken als DPO\u00a0\u00bb subtitle=\u00a0\u00bbReferat\u00a0\u00bb start_time=\u00a0\u00bb13:30&Prime; end_time=\u00a0\u00bb14:10&Prime; speakers=\u00a0\u00bb<\/p>\n<p>Reto Ragettli<\/p>\n<p>\u00a0\u00bb _builder_version=\u00a0\u00bb4.27.4&Prime; _module_preset=\u00a0\u00bbdefault\u00a0\u00bb global_colors_info=\u00a0\u00bb{}\u00a0\u00bb]<\/p>\n<ul>\n<li>Wie lassen sich Risiken im Datenschutz konkret identifizieren und bewerten \u2013 und wo liegen dabei die gr\u00f6ssten Herausforderungen f\u00fcr Unternehmen?<\/li>\n<li>Welche Anforderungen stellt das Datenschutzgesetz an den Umgang mit Risiken und wie k\u00f6nnen diese in der Praxis effektiv umgesetzt werden?<\/li>\n<li>Wie gelingt es DPOs, zwischen gesetzlichen Vorgaben, Unternehmensinteressen und limitierten Ressourcen einen sinnvollen und pragmatischen Umgang mit Datenschutzrisiken zu finden?<\/li>\n<\/ul>\n<p>[\/sfdm_event_program_list_item][sfdm_event_program_list_item backend_title=\u00a0\u00bb14:10 &#8211; 14:50 KI: Mit welchen Tools darf im Unternehmen gearbeitet werden?\u00a0\u00bb title=\u00a0\u00bbKI: Mit welchen Tools darf im Unternehmen gearbeitet werden?\u00a0\u00bb subtitle=\u00a0\u00bbReferat\u00a0\u00bb start_time=\u00a0\u00bb14:10&Prime; end_time=\u00a0\u00bb14:50&Prime; speakers=\u00a0\u00bb<\/p>\n<p>David Rosenthal und Jonas Baeriswyl<\/p>\n<p>\u00a0\u00bb _builder_version=\u00a0\u00bb4.27.4&Prime; _module_preset=\u00a0\u00bbdefault\u00a0\u00bb global_colors_info=\u00a0\u00bb{}\u00a0\u00bb]<\/p>\n<ul>\n<li>Rechtliche Vorgaben an den Einsatz von KI f\u00fcr berufliche Zwecke<\/li>\n<li>\u00dcberblick \u00fcber die wichtigsten Anbieter und Angebote<\/li>\n<li>Wie Unternehmen den Einsatz von KI regeln sollten<\/li>\n<\/ul>\n<p>[\/sfdm_event_program_list_item][sfdm_event_program_list_item backend_title=\u00a0\u00bb14:50 &#8211; 15:00 Fragerunde \u00a0\u00bb title=\u00a0\u00bbFragerunde\u00a0\u00bb start_time=\u00a0\u00bb14:50&Prime; end_time=\u00a0\u00bb15:00&Prime; speakers=\u00a0\u00bb<\/p>\n<p>Reto Ragettli, David Rosenthal und Jonas Baeriswyl, moderiert von Dr. Matthias Glatthaar<\/p>\n<p>\u00a0\u00bb _builder_version=\u00a0\u00bb4.27.4&Prime; _module_preset=\u00a0\u00bbdefault\u00a0\u00bb global_colors_info=\u00a0\u00bb{}\u00a0\u00bb][\/sfdm_event_program_list_item][sfdm_event_program_list_item backend_title=\u00a0\u00bbKaffeepause\u00a0\u00bb subtitle=\u00a0\u00bb15:00 &#8211; 15:30 Kaffeepause\u00a0\u00bb type=\u00a0\u00bbbreak\u00a0\u00bb _builder_version=\u00a0\u00bb4.27.4&Prime; _module_preset=\u00a0\u00bbdefault\u00a0\u00bb global_colors_info=\u00a0\u00bb{}\u00a0\u00bb][\/sfdm_event_program_list_item][sfdm_event_program_list_item backend_title=\u00a0\u00bb15:30 &#8211; 16:15 Standardisierung regulatorischer Anforderungen | Von regulatorischer Verwirrung zu standardisierter Klarheit\u00a0\u00bb title=\u00a0\u00bbStandardisierung regulatorischer Anforderungen | Von regulatorischer Verwirrung zu standardisierter Klarheit\u00a0\u00bb subtitle=\u00a0\u00bbReferat\u00a0\u00bb start_time=\u00a0\u00bb15:30&Prime; end_time=\u00a0\u00bb16:15&Prime; speakers=\u00a0\u00bb<\/p>\n<p>Jan Wittrodt<\/p>\n<p>\u00a0\u00bb _builder_version=\u00a0\u00bb4.27.4&Prime; _module_preset=\u00a0\u00bbdefault\u00a0\u00bb global_colors_info=\u00a0\u00bb{}\u00a0\u00bb]<\/p>\n<ul>\n<li>Einf\u00fchrung in den typischen Status Quo der Umsetzung regulatorischer Anforderungen in Unternehmen<\/li>\n<li>Design eines Standardisierungs-Frameworks mit Aufgaben, Rollen und Umsetzung<\/li>\n<li>\u00dcberblick, wo Zalando mit diesem Framework steht<\/li>\n<\/ul>\n<p>[\/sfdm_event_program_list_item][sfdm_event_program_list_item backend_title=\u00a0\u00bb16:15 &#8211; 16:45 Panel\u00a0\u00bb title=\u00a0\u00bbDatenfl\u00fcsse unter Druck: Wie global d\u00fcrfen Daten noch sein?\u00a0\u00bb subtitle=\u00a0\u00bbPanel\u00a0\u00bb start_time=\u00a0\u00bb16:15&Prime; end_time=\u00a0\u00bb16:45&Prime; speakers=\u00a0\u00bb<\/p>\n<p>Dr. Adrian Lobsiger, Peter Szab\u00f3 und Jan Wittrodt, moderiert von Dr. Matthias Glatthaar<\/p>\n<p>\u00a0\u00bb _builder_version=\u00a0\u00bb4.27.4&Prime; _module_preset=\u00a0\u00bbdefault\u00a0\u00bb global_colors_info=\u00a0\u00bb{}\u00a0\u00bb][\/sfdm_event_program_list_item][sfdm_event_program_list_item backend_title=\u00a0\u00bb16:45 &#8211; 17:00 Schlusswort\u00a0\u00bb title=\u00a0\u00bbSchlusswort\u00a0\u00bb start_time=\u00a0\u00bb16:45&Prime; end_time=\u00a0\u00bb17:00&Prime; speakers=\u00a0\u00bb<\/p>\n<p>Dr. Matthias Glatthaar<\/p>\n<p>\u00a0\u00bb _builder_version=\u00a0\u00bb4.27.4&Prime; _module_preset=\u00a0\u00bbdefault\u00a0\u00bb global_colors_info=\u00a0\u00bb{}\u00a0\u00bb][\/sfdm_event_program_list_item][sfdm_event_program_list_item backend_title=\u00a0\u00bbAp\u00e9ro f\u00fcr Pr\u00e4senzteilnehmende\u00a0\u00bb subtitle=\u00a0\u00bb17:00 &#8211; 18:00 Ap\u00e9ro \u00a0\u00bb type=\u00a0\u00bbbreak\u00a0\u00bb _builder_version=\u00a0\u00bb4.27.0&Prime; _module_preset=\u00a0\u00bbdefault\u00a0\u00bb global_colors_info=\u00a0\u00bb{}\u00a0\u00bb][\/sfdm_event_program_list_item][\/sfdm_event_program_list][\/et_pb_column_inner][\/et_pb_row_inner][et_pb_row_inner disabled_on=\u00a0\u00bbon|on|on\u00a0\u00bb admin_label=\u00a0\u00bbAnzeigen (Mobile)\u00a0\u00bb _builder_version=\u00a0\u00bb4.17.4&Prime; _module_preset=\u00a0\u00bbdefault\u00a0\u00bb disabled=\u00a0\u00bbon\u00a0\u00bb locked=\u00a0\u00bboff\u00a0\u00bb collapsed=\u00a0\u00bbon\u00a0\u00bb global_colors_info=\u00a0\u00bb{}\u00a0\u00bb][et_pb_column_inner saved_specialty_column_type=\u00a0\u00bb3_4&Prime; _builder_version=\u00a0\u00bb4.17.4&Prime; _module_preset=\u00a0\u00bbdefault\u00a0\u00bb global_colors_info=\u00a0\u00bb{}\u00a0\u00bb][et_pb_code disabled_on=\u00a0\u00bboff|off|on\u00a0\u00bb admin_label=\u00a0\u00bbAnzeige(n) (MOBILE)\u00a0\u00bb module_class=\u00a0\u00bbschulthess_product_ads\u00a0\u00bb _builder_version=\u00a0\u00bb4.17.4&Prime; _module_preset=\u00a0\u00bbdefault\u00a0\u00bb locked=\u00a0\u00bboff\u00a0\u00bb global_colors_info=\u00a0\u00bb{}\u00a0\u00bb][\/et_pb_code][\/et_pb_column_inner][\/et_pb_row_inner][et_pb_row_inner admin_label=\u00a0\u00bbReferenten\u00a0\u00bb module_id=\u00a0\u00bbschulthess-referierende\u00a0\u00bb module_class=\u00a0\u00bbschulthess-referenten-slider\u00a0\u00bb _builder_version=\u00a0\u00bb4.22.1&Prime; _module_preset=\u00a0\u00bbdefault\u00a0\u00bb collapsed=\u00a0\u00bbon\u00a0\u00bb global_colors_info=\u00a0\u00bb{}\u00a0\u00bb][et_pb_column_inner saved_specialty_column_type=\u00a0\u00bb3_4&Prime; _builder_version=\u00a0\u00bb4.16&Prime; _module_preset=\u00a0\u00bbdefault\u00a0\u00bb global_colors_info=\u00a0\u00bb{}\u00a0\u00bb][et_pb_text admin_label=\u00a0\u00bbHeadline\u00a0\u00bb module_class=\u00a0\u00bbsf-h3 schulthess-product-speaker-headline-wrapper\u00a0\u00bb _builder_version=\u00a0\u00bb4.19.5&Prime; _module_preset=\u00a0\u00bbdefault\u00a0\u00bb locked=\u00a0\u00bbon\u00a0\u00bb global_colors_info=\u00a0\u00bb{}\u00a0\u00bb]<\/p>\n<h5>Referierende<\/h5>\n<p><!--div class=\"buttons\"><button class=\"grid icon_grid\"><span><\/span><\/button><button class=\"list icon_list\"><span><\/span><\/button><\/div-->[\/et_pb_text][et_pb_code _builder_version=\u00a0\u00bb4.19.5&Prime; _module_preset=\u00a0\u00bbdefault\u00a0\u00bb locked=\u00a0\u00bboff\u00a0\u00bb global_colors_info=\u00a0\u00bb{}\u00a0\u00bb]<div class=\"sf-speaker-slider\"><div class=\"uk-position-relative uk-visible-toggle uk-light\" tabindex=\"-1\"><ul class=\"uk-grid-small uk-child-width-1-4@s uk-child-width-1-4@m uk-child-width-1-4@l\" uk-grid uk-height-match=\"target: > li > .uk-card\">\n\n            <li>\n                <div class=\"uk-card uk-card-default\">\n                    <a href=\"#referent-17362\" uk-toggle>\n                    <div class=\"uk-card-media-top\">\n                        <img loading=\"lazy\" decoding=\"async\" width=\"200\" height=\"242\" src=\"https:\/\/www.schulthessforum.ch\/wp-content\/media\/Referenten\/Glatthaar_Matthias_200x242px.jpg\" class=\"attachment-schulthess_speaker size-schulthess_speaker wp-post-image\" alt=\"\" \/>\n                        <div class=\"uk-label referenten-tagesleitung\">Direction<\/div>\n                    <\/div>\n                    <div class=\"uk-card uk-card-body\">\n                        <h4 class=\"speaker-card-name cardslider-card-name\">Dr.  Matthias Glatthaar<\/h4>\n                    <\/div>\n                    <\/a>\n                <\/div>\n            <\/li>\n            \n\n            <li>\n                <div class=\"uk-card uk-card-default\">\n                    <a href=\"#referent-33468\" uk-toggle>\n                    <div class=\"uk-card-media-top\">\n                        <img loading=\"lazy\" decoding=\"async\" width=\"200\" height=\"242\" src=\"https:\/\/www.schulthessforum.ch\/wp-content\/media\/Referenten\/Baeriswyl_Jonas_200x242px.jpg\" class=\"attachment-schulthess_speaker size-schulthess_speaker wp-post-image\" alt=\"\" \/>\n                        \n                    <\/div>\n                    <div class=\"uk-card uk-card-body\">\n                        <h4 class=\"speaker-card-name cardslider-card-name\"> Jonas Baeriswyl<\/h4>\n                    <\/div>\n                    <\/a>\n                <\/div>\n            <\/li>\n            \n\n            <li>\n                <div class=\"uk-card uk-card-default\">\n                    <a href=\"#referent-33475\" uk-toggle>\n                    <div class=\"uk-card-media-top\">\n                        <img loading=\"lazy\" decoding=\"async\" width=\"200\" height=\"242\" src=\"https:\/\/www.schulthessforum.ch\/wp-content\/media\/Referenten\/Engelhardt-Scherf_Stephanie_200x242px.jpg\" class=\"attachment-schulthess_speaker size-schulthess_speaker wp-post-image\" alt=\"\" \/>\n                        \n                    <\/div>\n                    <div class=\"uk-card uk-card-body\">\n                        <h4 class=\"speaker-card-name cardslider-card-name\"> Stephanie Engelhardt-Scherf<\/h4>\n                    <\/div>\n                    <\/a>\n                <\/div>\n            <\/li>\n            \n\n            <li>\n                <div class=\"uk-card uk-card-default\">\n                    <a href=\"#referent-9908\" uk-toggle>\n                    <div class=\"uk-card-media-top\">\n                        <img loading=\"lazy\" decoding=\"async\" width=\"200\" height=\"242\" src=\"https:\/\/www.schulthessforum.ch\/wp-content\/media\/Referenten\/Lobsiger_Adrian_200x242px_neu.jpg\" class=\"attachment-schulthess_speaker size-schulthess_speaker wp-post-image\" alt=\"\" \/>\n                        \n                    <\/div>\n                    <div class=\"uk-card uk-card-body\">\n                        <h4 class=\"speaker-card-name cardslider-card-name\">Dr.  Adrian Lobsiger<\/h4>\n                    <\/div>\n                    <\/a>\n                <\/div>\n            <\/li>\n            \n\n            <li>\n                <div class=\"uk-card uk-card-default\">\n                    <a href=\"#referent-33625\" uk-toggle>\n                    <div class=\"uk-card-media-top\">\n                        <img loading=\"lazy\" decoding=\"async\" width=\"200\" height=\"242\" src=\"https:\/\/www.schulthessforum.ch\/wp-content\/media\/Referenten\/Ragettli_Reto_200x242px.jpg\" class=\"attachment-schulthess_speaker size-schulthess_speaker wp-post-image\" alt=\"\" \/>\n                        \n                    <\/div>\n                    <div class=\"uk-card uk-card-body\">\n                        <h4 class=\"speaker-card-name cardslider-card-name\"> Reto Ragettli<\/h4>\n                    <\/div>\n                    <\/a>\n                <\/div>\n            <\/li>\n            \n\n            <li>\n                <div class=\"uk-card uk-card-default\">\n                    <a href=\"#referent-17364\" uk-toggle>\n                    <div class=\"uk-card-media-top\">\n                        <img loading=\"lazy\" decoding=\"async\" width=\"200\" height=\"242\" src=\"https:\/\/www.schulthessforum.ch\/wp-content\/media\/Referenten\/Rosenthal_David_200x242px-1.jpg\" class=\"attachment-schulthess_speaker size-schulthess_speaker wp-post-image\" alt=\"\" \/>\n                        \n                    <\/div>\n                    <div class=\"uk-card uk-card-body\">\n                        <h4 class=\"speaker-card-name cardslider-card-name\"> David Rosenthal<\/h4>\n                    <\/div>\n                    <\/a>\n                <\/div>\n            <\/li>\n            \n\n            <li>\n                <div class=\"uk-card uk-card-default\">\n                    <a href=\"#referent-15450\" uk-toggle>\n                    <div class=\"uk-card-media-top\">\n                        <img loading=\"lazy\" decoding=\"async\" width=\"200\" height=\"242\" src=\"https:\/\/www.schulthessforum.ch\/wp-content\/media\/Referenten\/Schuetz_Florian_200x242px.jpg\" class=\"attachment-schulthess_speaker size-schulthess_speaker wp-post-image\" alt=\"\" \/>\n                        \n                    <\/div>\n                    <div class=\"uk-card uk-card-body\">\n                        <h4 class=\"speaker-card-name cardslider-card-name\"> Florian Sch\u00fctz<\/h4>\n                    <\/div>\n                    <\/a>\n                <\/div>\n            <\/li>\n            \n\n            <li>\n                <div class=\"uk-card uk-card-default\">\n                    <a href=\"#referent-33470\" uk-toggle>\n                    <div class=\"uk-card-media-top\">\n                        <img loading=\"lazy\" decoding=\"async\" width=\"200\" height=\"242\" src=\"https:\/\/www.schulthessforum.ch\/wp-content\/media\/Referenten\/Szabo_Peter_200x242px.jpg\" class=\"attachment-schulthess_speaker size-schulthess_speaker wp-post-image\" alt=\"\" \/>\n                        \n                    <\/div>\n                    <div class=\"uk-card uk-card-body\">\n                        <h4 class=\"speaker-card-name cardslider-card-name\"> Peter Szab\u00f3<\/h4>\n                    <\/div>\n                    <\/a>\n                <\/div>\n            <\/li>\n            \n\n            <li>\n                <div class=\"uk-card uk-card-default\">\n                    <a href=\"#referent-33472\" uk-toggle>\n                    <div class=\"uk-card-media-top\">\n                        <img loading=\"lazy\" decoding=\"async\" width=\"200\" height=\"242\" src=\"https:\/\/www.schulthessforum.ch\/wp-content\/media\/Referenten\/Wittrodt_Jan_200x242px.jpg\" class=\"attachment-schulthess_speaker size-schulthess_speaker wp-post-image\" alt=\"\" \/>\n                        \n                    <\/div>\n                    <div class=\"uk-card uk-card-body\">\n                        <h4 class=\"speaker-card-name cardslider-card-name\"> Jan Wittrodt<\/h4>\n                    <\/div>\n                    <\/a>\n                <\/div>\n            <\/li>\n            <\/ul><\/div>\n        <div id=\"referent-17362\" class=\"referent-modal uk-flex-top\" uk-modal>\n            <div class=\"uk-modal-dialog uk-margin-auto-vertical\">\n                <button class=\"uk-modal-close-default\" type=\"button\" uk-close><\/button>\n                <div class=\"uk-grid-small\" uk-grid>\n                    <div class=\"uk-width-auto@m\">\n                        <div class=\"uk-card-badge uk-label referenten-tagesleitung\">Direction<\/div>\n                        <img loading=\"lazy\" decoding=\"async\" width=\"200\" height=\"242\" src=\"https:\/\/www.schulthessforum.ch\/wp-content\/media\/Referenten\/Glatthaar_Matthias_200x242px.jpg\" class=\"attachment-schulthess_speaker size-schulthess_speaker wp-post-image\" alt=\"\" \/>\n                    <\/div>\n                    <div class=\"uk-width-expand@m\">\n                        <h4 class=\"uk-modal-title\">Dr.  Matthias Glatthaar<\/h4>\n                        <p class=\"referent-info\"><span class=\"referenten-position\">Dr. iur., LL.M. Leiter Datenschutz & Digitalisierung,<\/span> <span class=\"referenten-company\">Migros-Genossenschafts-Bund<\/span><\/p>\n                        <p class=\"referent-kurzbeschreibung\"><p>Matthias Glatthaar ist Leiter Datenschutz &amp; Digitalisierung beim Migros-Genossenschafts-Bund. Zuvor war er in einem f\u00fchrenden Schweizer Medienunternehmen und als Rechtsanwalt in einer Wirtschaftskanzlei t\u00e4tig. Matthias Glatthaar ist Pr\u00e4sident des Verein Unternehmens-Datenschutz VUD sowie Co-Pr\u00e4sident des Vereins Privacy Icons. Matthias Glatthaar hat an der Universit\u00e4t St. Gallen HSG promoviert, verf\u00fcgt \u00fcber einen Master of Laws (LL.M.) der Harvard Law School und h\u00e4lt mehrere Zertifizierungen der International Association of Privacy Professionals IAPP. Er publiziert und referiert regelm\u00e4ssig zu Datenschutz, AI und Digitalisierungsthemen.<\/p>\n<\/p>\n                    <\/div>\n                <\/div>\n\n                <div class=\"uk-modal-footer card-arrows uk-text-right\">\n                    <button href=\"javascript:void(0);\" class=\"card-arrow-prev\" onclick=\"navigateReferent('prev', 33472);\"><\/button>\n                    <button href=\"javascript:void(0);\" class=\"card-arrow-next\" onclick=\"navigateReferent('next', 33468);\"><\/button>\n                <\/div>\n            <\/div>\n        <\/div>\n        \n        <div id=\"referent-33468\" class=\"referent-modal uk-flex-top\" uk-modal>\n            <div class=\"uk-modal-dialog uk-margin-auto-vertical\">\n                <button class=\"uk-modal-close-default\" type=\"button\" uk-close><\/button>\n                <div class=\"uk-grid-small\" uk-grid>\n                    <div class=\"uk-width-auto@m\">\n                        \n                        <img loading=\"lazy\" decoding=\"async\" width=\"200\" height=\"242\" src=\"https:\/\/www.schulthessforum.ch\/wp-content\/media\/Referenten\/Baeriswyl_Jonas_200x242px.jpg\" class=\"attachment-schulthess_speaker size-schulthess_speaker wp-post-image\" alt=\"\" \/>\n                    <\/div>\n                    <div class=\"uk-width-expand@m\">\n                        <h4 class=\"uk-modal-title\"> Jonas Baeriswyl<\/h4>\n                        <p class=\"referent-info\"><span class=\"referenten-position\">Rechtsanwalt, Senior Associate,<\/span> <span class=\"referenten-company\">VISCHER<\/span><\/p>\n                        <p class=\"referent-kurzbeschreibung\"><p>Jonas Baeriswyl im Data &amp; AI Team von VISCHER t\u00e4tig. Seine Fachgebiete sind Technologie-, Innovations- und Datenschutzrecht. Jonas begleitet Cloud-Projekte von Banken, Versicherungen und \u00f6ffentlichen Einrichtungen unter besonderer Ber\u00fccksichtigung regulatorischer Anforderungen, des Berufsgeheimnisses und des Datenschutzes. Zu seinen weiteren thematischen Schwerpunkten z\u00e4hlen Datenschutz-Compliance-Projekte f\u00fcr nationale und internationale Kunden mit besonderem Fokus auf dem Gesundheitssektor sowie f\u00fchrende eDiscovery-Projekte. Jonas h\u00e4lt einen Master-Abschluss in Rechtswissenschaften mit Wirtschaftswissenschaften der Universit\u00e4t St. Gallen.<\/p>\n<\/p>\n                    <\/div>\n                <\/div>\n\n                <div class=\"uk-modal-footer card-arrows uk-text-right\">\n                    <button href=\"javascript:void(0);\" class=\"card-arrow-prev\" onclick=\"navigateReferent('prev', 17362);\"><\/button>\n                    <button href=\"javascript:void(0);\" class=\"card-arrow-next\" onclick=\"navigateReferent('next', 33475);\"><\/button>\n                <\/div>\n            <\/div>\n        <\/div>\n        \n        <div id=\"referent-33475\" class=\"referent-modal uk-flex-top\" uk-modal>\n            <div class=\"uk-modal-dialog uk-margin-auto-vertical\">\n                <button class=\"uk-modal-close-default\" type=\"button\" uk-close><\/button>\n                <div class=\"uk-grid-small\" uk-grid>\n                    <div class=\"uk-width-auto@m\">\n                        \n                        <img loading=\"lazy\" decoding=\"async\" width=\"200\" height=\"242\" src=\"https:\/\/www.schulthessforum.ch\/wp-content\/media\/Referenten\/Engelhardt-Scherf_Stephanie_200x242px.jpg\" class=\"attachment-schulthess_speaker size-schulthess_speaker wp-post-image\" alt=\"\" \/>\n                    <\/div>\n                    <div class=\"uk-width-expand@m\">\n                        <h4 class=\"uk-modal-title\"> Stephanie Engelhardt-Scherf<\/h4>\n                        <p class=\"referent-info\"><span class=\"referenten-position\">Mag. iur., LL.M., CIPP\/E, CIPM, CIPT, Datenschutzberaterin,<\/span> <span class=\"referenten-company\">SMG Swiss Marketplace Group<\/span><\/p>\n                        <p class=\"referent-kurzbeschreibung\"><p>Nach dem Studium der Rechtswissenschaften in Graz (\u00d6sterreich) absolvierte Stephanie Engelhardt-Scherf ein Nachdiplomstudium an der Universiteit van Amsterdam (UvA). Im Zuge ihrer nachfolgenden, langj\u00e4hrigen T\u00e4tigkeit als Legal Counsel im Bereich der klinischen Studien kam sie erstmals 2008 mit dem Thema Datenschutz in Kontakt. Fortan fokussierte sie sich zunehmend darauf und hatte danach verschiedene Datenschutz-Rollen in der Medien-, IT- und Beratungsbranche inne. Seit Juli 2022 ist sie Datenschutzberaterin der SMG sowie der zugeh\u00f6rigen Konzerngesellschaften, wo sie in enger Zusammenarbeit mit den Fachbereichen das Thema Datenschutz sowohl im nationalen als auch im internationalen Bereich entwickelt und verantwortet.<\/p>\n<\/p>\n                    <\/div>\n                <\/div>\n\n                <div class=\"uk-modal-footer card-arrows uk-text-right\">\n                    <button href=\"javascript:void(0);\" class=\"card-arrow-prev\" onclick=\"navigateReferent('prev', 33468);\"><\/button>\n                    <button href=\"javascript:void(0);\" class=\"card-arrow-next\" onclick=\"navigateReferent('next', 9908);\"><\/button>\n                <\/div>\n            <\/div>\n        <\/div>\n        \n        <div id=\"referent-9908\" class=\"referent-modal uk-flex-top\" uk-modal>\n            <div class=\"uk-modal-dialog uk-margin-auto-vertical\">\n                <button class=\"uk-modal-close-default\" type=\"button\" uk-close><\/button>\n                <div class=\"uk-grid-small\" uk-grid>\n                    <div class=\"uk-width-auto@m\">\n                        \n                        <img loading=\"lazy\" decoding=\"async\" width=\"200\" height=\"242\" src=\"https:\/\/www.schulthessforum.ch\/wp-content\/media\/Referenten\/Lobsiger_Adrian_200x242px_neu.jpg\" class=\"attachment-schulthess_speaker size-schulthess_speaker wp-post-image\" alt=\"\" \/>\n                    <\/div>\n                    <div class=\"uk-width-expand@m\">\n                        <h4 class=\"uk-modal-title\">Dr.  Adrian Lobsiger<\/h4>\n                        <p class=\"referent-info\"><span class=\"referenten-position\">Dr. iur., LL.M., der Beauftragte, Eidgen\u00f6ssischer Datenschutz- und \u00d6ffentlichkeitsbeauftragter (ED\u00d6B)<\/span> <span class=\"referenten-company\"><\/span><\/p>\n                        <p class=\"referent-kurzbeschreibung\"><p>Adrian Lobsiger, geb. am 27.12.1959, hat nach seinem Studium an den Universit\u00e4ten in Bern und Basel ein Masterstudium in Europarecht in Exeter (GB) absolviert. 1992 trat der promovierte Jurist in den Bereich Internationales Privatrecht des Bundesamtes f\u00fcr Justiz (BJ) ein, bevor er 1995 ins Bundesamt f\u00fcr Polizei (fedpol) wechselte, wo er zuletzt als stellvertretender Direktor amtierte. Als Chef der Stabsabteilung und des dazugeh\u00f6rigen Dienstes f\u00fcr Recht und Datenschutz war er f\u00fcr die rechtskonforme Bearbeitung von Personendaten im Verkehr mit in- und ausl\u00e4ndischen Beh\u00f6rden verantwortlich. In den Jahren 2000 bis 2005 gr\u00fcndete und leitete er nebenamtlich das Nachdiplomstudium zur Bek\u00e4mpfung der Wirtschaftskriminalit\u00e4t sowie das Kompetenzzentrum f\u00fcr Forensik und Wirtschaftskriminalistik an der Hochschule Luzern.<\/p>\n<p>Adrian Lobsiger wurde im November 2015 vom Bundesrat gew\u00e4hlt und im M\u00e4rz 2016 vom Parlament best\u00e4tigt. Er ist seit Juni 2016 im Amt. An seiner Sitzung vom 10. April 2019 hat der Bundesrat die Wiederwahl von Adrian Lobsiger f\u00fcr eine zweite Amtsperiode bis Ende 2023 als Datenschutz- und \u00d6ffentlichkeitsbeauftragten (ED\u00d6B) best\u00e4tigt.<\/p>\n<p>Am 20. Dezember 2023 hat die Vereinigte Bundesversammlung Adrian Lobsiger f\u00fcr eine weitere Amtsperiode (2024 \u2013 2027) gew\u00e4hlt. <\/p>\n<\/p>\n                    <\/div>\n                <\/div>\n\n                <div class=\"uk-modal-footer card-arrows uk-text-right\">\n                    <button href=\"javascript:void(0);\" class=\"card-arrow-prev\" onclick=\"navigateReferent('prev', 33475);\"><\/button>\n                    <button href=\"javascript:void(0);\" class=\"card-arrow-next\" onclick=\"navigateReferent('next', 33625);\"><\/button>\n                <\/div>\n            <\/div>\n        <\/div>\n        \n        <div id=\"referent-33625\" class=\"referent-modal uk-flex-top\" uk-modal>\n            <div class=\"uk-modal-dialog uk-margin-auto-vertical\">\n                <button class=\"uk-modal-close-default\" type=\"button\" uk-close><\/button>\n                <div class=\"uk-grid-small\" uk-grid>\n                    <div class=\"uk-width-auto@m\">\n                        \n                        <img loading=\"lazy\" decoding=\"async\" width=\"200\" height=\"242\" src=\"https:\/\/www.schulthessforum.ch\/wp-content\/media\/Referenten\/Ragettli_Reto_200x242px.jpg\" class=\"attachment-schulthess_speaker size-schulthess_speaker wp-post-image\" alt=\"\" \/>\n                    <\/div>\n                    <div class=\"uk-width-expand@m\">\n                        <h4 class=\"uk-modal-title\"> Reto Ragettli<\/h4>\n                        <p class=\"referent-info\"><span class=\"referenten-position\">MLaw, Advokat, Compliance Officer und DPO, <\/span> <span class=\"referenten-company\">Feldschl\u00f6sschen Getr\u00e4nke AG<\/span><\/p>\n                        <p class=\"referent-kurzbeschreibung\"><p>Seit Dezember 2025 ist Reto Ragettli als Compliance Officer und DPO bei der Feldschl\u00f6sschen Getr\u00e4nke AG t\u00e4tig. Davor war er \u00fcber sechs Jahre bei Coop besch\u00e4ftigt, wo er zuletzt als Leiter Compliance unter anderem die Fachstelle Datenschutz verantwortete.<\/p>\n<\/p>\n                    <\/div>\n                <\/div>\n\n                <div class=\"uk-modal-footer card-arrows uk-text-right\">\n                    <button href=\"javascript:void(0);\" class=\"card-arrow-prev\" onclick=\"navigateReferent('prev', 9908);\"><\/button>\n                    <button href=\"javascript:void(0);\" class=\"card-arrow-next\" onclick=\"navigateReferent('next', 17364);\"><\/button>\n                <\/div>\n            <\/div>\n        <\/div>\n        \n        <div id=\"referent-17364\" class=\"referent-modal uk-flex-top\" uk-modal>\n            <div class=\"uk-modal-dialog uk-margin-auto-vertical\">\n                <button class=\"uk-modal-close-default\" type=\"button\" uk-close><\/button>\n                <div class=\"uk-grid-small\" uk-grid>\n                    <div class=\"uk-width-auto@m\">\n                        \n                        <img loading=\"lazy\" decoding=\"async\" width=\"200\" height=\"242\" src=\"https:\/\/www.schulthessforum.ch\/wp-content\/media\/Referenten\/Rosenthal_David_200x242px-1.jpg\" class=\"attachment-schulthess_speaker size-schulthess_speaker wp-post-image\" alt=\"\" \/>\n                    <\/div>\n                    <div class=\"uk-width-expand@m\">\n                        <h4 class=\"uk-modal-title\"> David Rosenthal<\/h4>\n                        <p class=\"referent-info\"><span class=\"referenten-position\">Partner,\r\n\r\n<\/span> <span class=\"referenten-company\">VISCHER<\/span><\/p>\n                        <p class=\"referent-kurzbeschreibung\"><p>David Rosenthal ist seit \u00fcber 25 Jahren im Bereich Daten- und Technologierecht t\u00e4tig, hat sowohl ein Jura-Studium an der Universit\u00e4t Basel als auch einen Background als Software-Ingenieur und ist Partner der Wirtschaftskanzlei VISCHER, wo er unter anderem das Data &amp; AI-Team und jenes f\u00fcr interne Untersuchungen leitet. Er ist bekannt f\u00fcr seine Methoden zur Risikobeurteilung beim Einsatz von Cloud- und KI-Techniken, seine zahlreichen Publikationen (und speziell den KI-Blog vischer.com\/ki) sowie sein KI-Tool \u00ab\u00a0Red Ink\u00a0\u00bb (vischer.com\/redink). Rosenthal ist seit vielen Jahren Dozent an der Universit\u00e4t Basel und der ETH Z\u00fcrich.<\/p>\n<\/p>\n                    <\/div>\n                <\/div>\n\n                <div class=\"uk-modal-footer card-arrows uk-text-right\">\n                    <button href=\"javascript:void(0);\" class=\"card-arrow-prev\" onclick=\"navigateReferent('prev', 33625);\"><\/button>\n                    <button href=\"javascript:void(0);\" class=\"card-arrow-next\" onclick=\"navigateReferent('next', 15450);\"><\/button>\n                <\/div>\n            <\/div>\n        <\/div>\n        \n        <div id=\"referent-15450\" class=\"referent-modal uk-flex-top\" uk-modal>\n            <div class=\"uk-modal-dialog uk-margin-auto-vertical\">\n                <button class=\"uk-modal-close-default\" type=\"button\" uk-close><\/button>\n                <div class=\"uk-grid-small\" uk-grid>\n                    <div class=\"uk-width-auto@m\">\n                        \n                        <img loading=\"lazy\" decoding=\"async\" width=\"200\" height=\"242\" src=\"https:\/\/www.schulthessforum.ch\/wp-content\/media\/Referenten\/Schuetz_Florian_200x242px.jpg\" class=\"attachment-schulthess_speaker size-schulthess_speaker wp-post-image\" alt=\"\" \/>\n                    <\/div>\n                    <div class=\"uk-width-expand@m\">\n                        <h4 class=\"uk-modal-title\"> Florian Sch\u00fctz<\/h4>\n                        <p class=\"referent-info\"><span class=\"referenten-position\">Direktor des Bundesamtes f\u00fcr Cybersicherheit<\/span> <span class=\"referenten-company\">BACS<\/span><\/p>\n                        <p class=\"referent-kurzbeschreibung\"><p>Florian Sch\u00fctz, Direktor des Bundesamtes f\u00fcr Cybersicherheit, ist zust\u00e4ndig f\u00fcr die Umsetzung der Nationalen Cyberstrategie und die Koordination aller Cyberaktivit\u00e4ten der Bundesverwaltung. Er ist Ansprechperson f\u00fcr Kantone, die Wirtschaft, die Wissenschaft und die Bev\u00f6lkerung bei Cyberfragen. Florian Sch\u00fctz verf\u00fcgt \u00fcber einen Master in Computerwissenschaft sowie einen Master of Advanced Studies in Sicherheitspolitik und Krisenmanagement der ETH Z\u00fcrich und hat mehr als 10 Jahre F\u00fchrungserfahrung im Bereich der IT-Sicherheit in der Privatwirtschaft.<\/p>\n<\/p>\n                    <\/div>\n                <\/div>\n\n                <div class=\"uk-modal-footer card-arrows uk-text-right\">\n                    <button href=\"javascript:void(0);\" class=\"card-arrow-prev\" onclick=\"navigateReferent('prev', 17364);\"><\/button>\n                    <button href=\"javascript:void(0);\" class=\"card-arrow-next\" onclick=\"navigateReferent('next', 33470);\"><\/button>\n                <\/div>\n            <\/div>\n        <\/div>\n        \n        <div id=\"referent-33470\" class=\"referent-modal uk-flex-top\" uk-modal>\n            <div class=\"uk-modal-dialog uk-margin-auto-vertical\">\n                <button class=\"uk-modal-close-default\" type=\"button\" uk-close><\/button>\n                <div class=\"uk-grid-small\" uk-grid>\n                    <div class=\"uk-width-auto@m\">\n                        \n                        <img loading=\"lazy\" decoding=\"async\" width=\"200\" height=\"242\" src=\"https:\/\/www.schulthessforum.ch\/wp-content\/media\/Referenten\/Szabo_Peter_200x242px.jpg\" class=\"attachment-schulthess_speaker size-schulthess_speaker wp-post-image\" alt=\"\" \/>\n                    <\/div>\n                    <div class=\"uk-width-expand@m\">\n                        <h4 class=\"uk-modal-title\"> Peter Szab\u00f3<\/h4>\n                        <p class=\"referent-info\"><span class=\"referenten-position\">MLaw, MAS Compliance, Legal Counsel und Datenschutzberater,<\/span> <span class=\"referenten-company\">Threema GmbH<\/span><\/p>\n                        <p class=\"referent-kurzbeschreibung\"><p>Peter Szab\u00f3 ber\u00e4t seit 2022 als interner Legal Counsel und Datenschutzberater die Threema GmbH in allen unternehmensrelevanten Rechtsfragen, insbesondere im Datenschutzrecht. Er studierte Rechtswissenschaften an der Universit\u00e4t Z\u00fcrich (MLaw, 2018) und absolvierte ein weiterf\u00fchrendes Studium an der ZHAW (MAS Compliance, 2024) mit Schwerpunkten Datenschutz und Kartellrecht.<\/p>\n<\/p>\n                    <\/div>\n                <\/div>\n\n                <div class=\"uk-modal-footer card-arrows uk-text-right\">\n                    <button href=\"javascript:void(0);\" class=\"card-arrow-prev\" onclick=\"navigateReferent('prev', 15450);\"><\/button>\n                    <button href=\"javascript:void(0);\" class=\"card-arrow-next\" onclick=\"navigateReferent('next', 33472);\"><\/button>\n                <\/div>\n            <\/div>\n        <\/div>\n        \n        <div id=\"referent-33472\" class=\"referent-modal uk-flex-top\" uk-modal>\n            <div class=\"uk-modal-dialog uk-margin-auto-vertical\">\n                <button class=\"uk-modal-close-default\" type=\"button\" uk-close><\/button>\n                <div class=\"uk-grid-small\" uk-grid>\n                    <div class=\"uk-width-auto@m\">\n                        \n                        <img loading=\"lazy\" decoding=\"async\" width=\"200\" height=\"242\" src=\"https:\/\/www.schulthessforum.ch\/wp-content\/media\/Referenten\/Wittrodt_Jan_200x242px.jpg\" class=\"attachment-schulthess_speaker size-schulthess_speaker wp-post-image\" alt=\"\" \/>\n                    <\/div>\n                    <div class=\"uk-width-expand@m\">\n                        <h4 class=\"uk-modal-title\"> Jan Wittrodt<\/h4>\n                        <p class=\"referent-info\"><span class=\"referenten-position\">Director Privacy, AI & Technology Law, Privacy & AI Governance & Privacy Product,<\/span> <span class=\"referenten-company\">Zalando SE<\/span><\/p>\n                        <p class=\"referent-kurzbeschreibung\"><p>Jan Wittrodt ist Director Legal bei Zalando SE und verantwortet dort die Bereiche Privacy, AI &amp; Technology Law sowie die Governance- und Produktfunktionen. Seit 2015 ist er bei Zalando t\u00e4tig, wo er den konzernweiten Aufbau und die Weiterentwicklung der Funktionen Datenschutz- und Technologierecht ma\u00dfgeblich gestaltet hat. Als Jurist mit technologischem Hintergrund verbindet er rechtliche Expertise mit einem tiefen Verst\u00e4ndnis f\u00fcr Technologie. Neben Privacy Governance liegt sein Schwerpunkt inzwischen auch auf AI Governance, wo er das konzernweite Programm unter Ber\u00fccksichtigung des EU AI Act aufbaut. Seine Motivation ist es, Regulierung und Technologie nicht als Gegensatz, sondern als Chance zu begreifen: Er verfolgt den Ansatz, regulatorische Anforderungen so umzusetzen, dass sie den Nutzen von Digitalisierung und Innovation nicht begrenzen, sondern verantwortungsvoll erm\u00f6glichen.<\/p>\n<\/p>\n                    <\/div>\n                <\/div>\n\n                <div class=\"uk-modal-footer card-arrows uk-text-right\">\n                    <button href=\"javascript:void(0);\" class=\"card-arrow-prev\" onclick=\"navigateReferent('prev', 33470);\"><\/button>\n                    <button href=\"javascript:void(0);\" class=\"card-arrow-next\" onclick=\"navigateReferent('next', 17362);\"><\/button>\n                <\/div>\n            <\/div>\n        <\/div>\n        <\/div>\n      <script>\n          function navigateReferent(direction, currentID) {\n              var speakers = [17362,33468,33475,9908,33625,17364,15450,33470,33472];\n              var currentIndex = speakers.indexOf(currentID);\n\n              if (direction === \"prev\") {\n                  currentIndex = (currentIndex + speakers.length) % speakers.length;\n              } else if (direction === \"next\") {\n                  currentIndex = (currentIndex ) % speakers.length;\n              }\n\n              var targetID = speakers[currentIndex];\n              var targetModal = document.getElementById(\"referent-\" + targetID);\n              UIkit.modal(targetModal).show();\n          }\n      <\/script>\n        <script>\n            document.addEventListener(\"DOMContentLoaded\", function() {\n                const modalLinks = document.querySelectorAll(\"[uk-toggle]\");\n                const pageContainer = document.getElementById(\"page-container\");\n\n                \/\/ Neues <div> Element erstellen\n                const newDiv = document.createElement(\"div\");\n                newDiv.className = \"referenten-modal-background\";\n\n                \/\/ Das neue <div> dem Element mit der ID \"page-container\" hinzuf\u00fcgen\n                pageContainer.insertBefore(newDiv, pageContainer.firstChild);\n\n                const referentenModalBackground = document.querySelector(\".referenten-modal-background\");\n\n                modalLinks.forEach(link => {\n                    link.addEventListener(\"click\", function(event) {\n                        event.preventDefault();\n                        referentenModalBackground.classList.add(\"referenten-modal-open\");\n                    });\n                });\n\n                const modals = document.querySelectorAll(\".referent-modal\");\n                modals.forEach(modal => {\n                    modal.addEventListener(\"click\", function(event) {\n                        if (event.target === modal) {\n                            referentenModalBackground.classList.remove(\"referenten-modal-open\");\n                        }\n                    });\n                });\n\n                const closeModalButtons = document.querySelectorAll(\".uk-modal-close-default\");\n                closeModalButtons.forEach(button => {\n                    button.addEventListener(\"click\", function() {\n                        referentenModalBackground.classList.remove(\"referenten-modal-open\");\n                    });\n                });\n\n                \/\/ Funktion, um die Klasse zu entfernen\n                function closeModal() {\n                    referentenModalBackground.classList.remove(\"referenten-modal-open\");\n                }\n\n                \/\/ Event Listener f\u00fcr das Dr\u00fccken der Esc-Taste\n                document.addEventListener(\"keydown\", function(event) {\n                    if (event.key === \"Escape\") {\n                        closeModal();\n                    }\n                });\n            });\n        <\/script>[\/et_pb_code][\/et_pb_column_inner][\/et_pb_row_inner][et_pb_row_inner admin_label=\u00a0\u00bbFachthemen\u00a0\u00bb module_id=\u00a0\u00bbschulthess-product-specinfo\u00a0\u00bb _builder_version=\u00a0\u00bb4.22.1&Prime; _module_preset=\u00a0\u00bbdefault\u00a0\u00bb collapsed=\u00a0\u00bbon\u00a0\u00bb global_colors_info=\u00a0\u00bb{}\u00a0\u00bb][et_pb_column_inner saved_specialty_column_type=\u00a0\u00bb3_4&Prime; _builder_version=\u00a0\u00bb4.16&Prime; _module_preset=\u00a0\u00bbdefault\u00a0\u00bb global_colors_info=\u00a0\u00bb{}\u00a0\u00bb][et_pb_text admin_label=\u00a0\u00bb\u00dcberschrift\u00a0\u00bb module_id=\u00a0\u00bbschulthess-fachinformationen\u00a0\u00bb module_class=\u00a0\u00bbsf-h2&Prime; _builder_version=\u00a0\u00bb4.19.5&Prime; _module_preset=\u00a0\u00bbdefault\u00a0\u00bb global_colors_info=\u00a0\u00bb{}\u00a0\u00bb]<\/p>\n<h5>Fachthemen<\/h5>\n<p>[\/et_pb_text][et_pb_code _builder_version=\u00a0\u00bb4.19.5&Prime; _module_preset=\u00a0\u00bbdefault\u00a0\u00bb locked=\u00a0\u00bboff\u00a0\u00bb global_colors_info=\u00a0\u00bb{}\u00a0\u00bb]\n  <div class=\"sf-post-list\">\n\n    \n      \n              <div class=\"sf-full-width-row\">\n                <article class=\"sf-post-list-item sf-post-list-item-33634 et_pb_column_1_3 et_pb_column\">\n              <a href=\"https:\/\/www.schulthessforum.ch\/fachbeitrag\/flexibilitaet-vs-kontrolle-avv-fuer-standardsoftware\/\" target=\"_blank\" rel=\"nofollow noopener\" title=\"Flexibilit\u00e4t vs. Kontrolle: AVV f\u00fcr Standardsoftware\">\n              <div class=\"sf-post-list-item-content-wrapper\">\n                  <div class=\"sf-post-list-item-content\">\n                                            <h3 class=\"fachbeitrag-autor\">\n                          Peter Szab\u00f3                      <\/h3>\n                                            <div clasS=\"sf-post-list-item-title-wrapper\">\n                        <h3 class=\"sf-post-list-item-title\">\n                            Flexibilit\u00e4t vs. Kontrolle: AVV f\u00fcr Standardsoftware                        <\/h3>\n                      <\/div>\n                      <div class=\"sf-post-list-item-excerpt\">\n                          Das Datenschutzrecht verlangt beim Outsourcing die Absicherung der Bearbeitung von Personendaten mittels AVV. Bei Standardsoftware k\u00f6nnen allzu starr formulierte AVV zu Problemen f\u00fchren, wenn neue Funktionen, Sicherheitsupdates und insbesondere neue Unterauftragsbearbeiter eingef\u00fchrt werden solle...                      <\/div>\n                  <\/div>\n\n              <\/div>\n              <\/a>\n          <\/article>\n            \n  \n      \n                <article class=\"sf-post-list-item sf-post-list-item-33636 et_pb_column_1_3 et_pb_column\">\n              <a href=\"https:\/\/www.schulthessforum.ch\/fachbeitrag\/geknackt-bevor-dus-merkst-die-unsichtbare-gefahr-durch-credential-stuffing\/\" target=\"_blank\" rel=\"nofollow noopener\" title=\"Geknackt, bevor du\u2019s merkst: Die unsichtbare Gefahr durch Credential Stuffing\">\n              <div class=\"sf-post-list-item-content-wrapper\">\n                  <div class=\"sf-post-list-item-content\">\n                                            <h3 class=\"fachbeitrag-autor\">\n                          Stephanie Engelhardt-Scherf                      <\/h3>\n                                            <div clasS=\"sf-post-list-item-title-wrapper\">\n                        <h3 class=\"sf-post-list-item-title\">\n                            Geknackt, bevor du\u2019s merkst: Die unsichtbare Gefahr durch Credential Stuffing                        <\/h3>\n                      <\/div>\n                      <div class=\"sf-post-list-item-excerpt\">\n                          Ein gestohlenes Passwort kann heute mehr Schaden anrichten als ein verlorener Schl\u00fcsselbund, vor allem, wenn es in zahlreichen Benutzerkonten funktioniert. Credential Stuffing z\u00e4hlt zu den am weitesten verbreiteten Angriffsmethoden auf digitale Konten, bleibt aber oft unbemerkt, bis es zu sp\u00e4t is...                      <\/div>\n                  <\/div>\n\n              <\/div>\n              <\/a>\n          <\/article>\n              <\/div>\n            \n  <\/div>\n\n  [\/et_pb_code][\/et_pb_column_inner][\/et_pb_row_inner][\/et_pb_column][et_pb_column type=\u00a0\u00bb1_4&Prime; _builder_version=\u00a0\u00bb4.16&Prime; custom_padding=\u00a0\u00bb|||\u00a0\u00bb global_colors_info=\u00a0\u00bb{}\u00a0\u00bb custom_padding__hover=\u00a0\u00bb|||\u00a0\u00bb][et_pb_text disabled_on=\u00a0\u00bboff|off|off\u00a0\u00bb admin_label=\u00a0\u00bbTermin &#8211; Info\u00a0\u00bb module_class=\u00a0\u00bbdetail-info-sidebar-bg event-termin-info\u00a0\u00bb _builder_version=\u00a0\u00bb4.19.5&Prime; _module_preset=\u00a0\u00bbdefault\u00a0\u00bb global_colors_info=\u00a0\u00bb{}\u00a0\u00bb]<\/p>\n<h3>Termin \/ Format<\/h3>\n<p><span class=\"event-date-termin-info\">17.03.2026 | 09:00 - 17:00<\/span><br><span class=\"event-kategorie-termin-info\">Datenschutz | Tagungen | Online-Teilnahme<\/span>[\/et_pb_text][et_pb_text disabled_on=\u00a0\u00bbon|on|on\u00a0\u00bb admin_label=\u00a0\u00bbPreis &#8211; Info\u00a0\u00bb module_class=\u00a0\u00bbdetail-info-sidebar-bg\u00a0\u00bb _builder_version=\u00a0\u00bb4.27.4&Prime; _module_preset=\u00a0\u00bbdefault\u00a0\u00bb disabled=\u00a0\u00bbon\u00a0\u00bb locked=\u00a0\u00bboff\u00a0\u00bb global_colors_info=\u00a0\u00bb{}\u00a0\u00bb]<div class=\"sf-product-variant-detail-wrapper\" id=\"sf-product-variant-detail-wrapper\"><form action=\"https:\/\/www.schulthessforum.ch\/fr\/warenkorb\/\" method=\"get\"><h3 class=\"sf-product-variant-headline-1\">Manifestation en pr\u00e9sentiel<\/h3><label class=\"sf-product-variant-detail\"><input class=\"sf-product-variant-input\" type=\"radio\" id=\"33493\" name=\"variante\" value=\"33493\" required><span class=\"woocommerce-Price-amount amount\"><bdi><span class=\"woocommerce-Price-currencySymbol\">&#67;&#72;&#70;<\/span>&nbsp;790.00<\/bdi><\/span> TVA de 8.1% en sus.<\/label><h3 class=\"sf-product-variant-headline-2\">Participation en ligne<\/h3><label class=\"sf-product-variant-detail\"><input class=\"sf-product-variant-input\" type=\"radio\" id=\"33510\" name=\"variante\" value=\"33510\" required><span class=\"woocommerce-Price-amount amount\"><bdi><span class=\"woocommerce-Price-currencySymbol\">&#67;&#72;&#70;<\/span>&nbsp;650.00<\/bdi><\/span> TVA de 8.1% en sus.<\/label><input type=\"hidden\" id=\"33492\" name=\"event\" value=\"33492\"><span class=\"anmeldebutton-wrapper\"><input class=\"et_pb_button et_pb_button_0 schulthess-buy-button single_add_to_cart_button button wp-element-button\" data-icon=\"9\" type=\"submit\" value=\"Inscription\"><span class=\"anmeldebutton-icon\"><\/span><\/span><\/form><\/div><\/p>\n<p>&nbsp;<\/p>\n<p>Der Fr\u00fchbucherrabatt gilt bis zum 31.10.2025.<\/p>\n<p>[\/et_pb_text][et_pb_text disabled_on=\u00a0\u00bboff|off|off\u00a0\u00bb admin_label=\u00a0\u00bbHybrid-Veranstaltung\u00a0\u00bb module_class=\u00a0\u00bbdetail-info-sidebar-bg\u00a0\u00bb _builder_version=\u00a0\u00bb4.27.4&Prime; _module_preset=\u00a0\u00bbdefault\u00a0\u00bb locked=\u00a0\u00bboff\u00a0\u00bb global_colors_info=\u00a0\u00bb{}\u00a0\u00bb]<\/p>\n<h3>Hybrid-Veranstaltung<\/h3>\n<p>Verfolgen Sie die Tagung in real time oder nutzen Sie die Gelegenheit, alle Referate im Nachgang, als On-Demand-Videos, innert vier Wochen nochmals anzusehen. So k\u00f6nnen Sie Ihren Arbeitstag flexibel gestalten.<\/p>\n<p>[\/et_pb_text][et_pb_blurb title=\u00a0\u00bbSJZ &#8211; Schweizerische Juristen Zeitung\u00a0\u00bb disabled_on=\u00a0\u00bbon|on|on\u00a0\u00bb admin_label=\u00a0\u00bbFr\u00fchbucherpreis bis 15. August\u00a0\u00bb _builder_version=\u00a0\u00bb4.22.1&Prime; _module_preset=\u00a0\u00bbdefault\u00a0\u00bb background_color=\u00a0\u00bb#efefef\u00a0\u00bb custom_padding=\u00a0\u00bb40px|40px|40px|40px|false|false\u00a0\u00bb link_option_url=\u00a0\u00bbhttps:\/\/bank-kapitalmarktrecht.iusnet.ch\/de\/user\/register\u00a0\u00bb link_option_url_new_window=\u00a0\u00bbon\u00a0\u00bb disabled=\u00a0\u00bbon\u00a0\u00bb global_colors_info=\u00a0\u00bb{}\u00a0\u00bb]<\/p>\n<p><a href=\"https:\/\/www.sjz.ch\/de\" data-cke-saved-href=\"https:\/\/www.sjz.ch\/de\" data-cke-saved- target=\"_blank\" rel=\"noopener\"><img loading=\"lazy\" decoding=\"async\" class=\"alignnone wp-image-14676 size-full\" src=\"https:\/\/www.schulthessforum.ch\/wp-content\/media\/sjz_360x260px.png\" alt=\"\" width=\"540\" height=\"390\" \/><\/a><\/p>\n<p><a class=\"box-button\" href=\"https:\/\/www.sjz.ch\/de\/abonnement\" data-cke-saved-href=\"https:\/\/www.sjz.ch\/de\/abonnement\" data-cke-saved- target=\"_blank\" rel=\"noopener\">Zum Probeabonnement<\/a><\/p>\n<p>[\/et_pb_blurb][et_pb_blurb title=\u00a0\u00bbDie Tagung ist ausgebucht\u00a0\u00bb disabled_on=\u00a0\u00bbon|on|on\u00a0\u00bb admin_label=\u00a0\u00bbKontakt\u00a0\u00bb _builder_version=\u00a0\u00bb4.27.0&Prime; _module_preset=\u00a0\u00bbdefault\u00a0\u00bb background_color=\u00a0\u00bb#efefef\u00a0\u00bb custom_padding=\u00a0\u00bb40px|40px|40px|40px|false|false\u00a0\u00bb disabled=\u00a0\u00bbon\u00a0\u00bb global_colors_info=\u00a0\u00bb{}\u00a0\u00bb]<\/p>\n<p>Wir setzen Sie gerne auf die Warteliste. Schreiben Sie bitte eine Nachricht mit Ihren Kontaktdaten an <a href=\"mailto:veranstaltungen@schulthess.com\">veranstaltungen@schulthess.com<\/a>.<\/p>\n<p>[\/et_pb_blurb][et_pb_text admin_label=\u00a0\u00bbAnreise &#8211; Info\u00a0\u00bb module_class=\u00a0\u00bbdetail-info-sidebar-bg\u00a0\u00bb _builder_version=\u00a0\u00bb4.27.4&Prime; _module_preset=\u00a0\u00bbdefault\u00a0\u00bb locked=\u00a0\u00bboff\u00a0\u00bb global_colors_info=\u00a0\u00bb{}\u00a0\u00bb]<\/p>\n<h3>Location \/ Anreise<\/h3>\n<div class=\"gm-style-iw-d\">Metropol<\/div>\n<div><span class=\"bm_details_overlay\" tabindex=\"0\" data-detailsoverlay=\"{&quot;centerLatitude&quot;:47.36823654174805,&quot;centerLongitude&quot;:8.541434288024902,&quot;zoom&quot;:16,&quot;localDetailsState&quot;:{&quot;entityType&quot;:&quot;Business&quot;,&quot;launchOverflowTaskOnTaskActivate&quot;:false,&quot;query&quot;:&quot;Metropol&quot;,&quot;id&quot;:&quot;ypid:YN9003x3296342&quot;,&quot;disableComputingMapViewForLoadingOnly&quot;:true,&quot;formCode&quot;:&quot;MPSRPL&quot;,&quot;mapsEntryPointState&quot;:{&quot;answerService&quot;:&quot;EntityDataGroupAnswer&quot;,&quot;answerScenario&quot;:&quot;Lshape&quot;,&quot;segment&quot;:&quot;&quot;,&quot;region&quot;:&quot;Unknown&quot;,&quot;entryPoint&quot;:&quot;Details_Link&quot;}}}\" data-mapsovlprocessed=\"1\">Fraumuensterstrasse 12 <\/span><\/div>\n<div><span class=\"bm_details_overlay\" tabindex=\"0\" data-detailsoverlay=\"{&quot;centerLatitude&quot;:47.36823654174805,&quot;centerLongitude&quot;:8.541434288024902,&quot;zoom&quot;:16,&quot;localDetailsState&quot;:{&quot;entityType&quot;:&quot;Business&quot;,&quot;launchOverflowTaskOnTaskActivate&quot;:false,&quot;query&quot;:&quot;Metropol&quot;,&quot;id&quot;:&quot;ypid:YN9003x3296342&quot;,&quot;disableComputingMapViewForLoadingOnly&quot;:true,&quot;formCode&quot;:&quot;MPSRPL&quot;,&quot;mapsEntryPointState&quot;:{&quot;answerService&quot;:&quot;EntityDataGroupAnswer&quot;,&quot;answerScenario&quot;:&quot;Lshape&quot;,&quot;segment&quot;:&quot;&quot;,&quot;region&quot;:&quot;Unknown&quot;,&quot;entryPoint&quot;:&quot;Details_Link&quot;}}}\" data-mapsovlprocessed=\"1\">8001 Z\u00fcrich<\/span><\/div>\n<div>\u00a0<\/div>\n<div>\u00a0<\/div>\n<div>Wir empfehlen die Anreise mit den \u00f6ffentlichen Verkehrsmitteln.<\/div>\n<p>[\/et_pb_text][et_pb_blurb title=\u00a0\u00bbTagungsleitung\u00a0\u00bb disabled_on=\u00a0\u00bboff|off|off\u00a0\u00bb admin_label=\u00a0\u00bbTagungsleitung\u00a0\u00bb _builder_version=\u00a0\u00bb4.27.4&Prime; _module_preset=\u00a0\u00bbdefault\u00a0\u00bb background_color=\u00a0\u00bb#efefef\u00a0\u00bb custom_padding=\u00a0\u00bb40px|40px|40px|40px|false|false\u00a0\u00bb global_colors_info=\u00a0\u00bb{}\u00a0\u00bb]<\/p>\n<div class=\"content clearfix\">\n<div class=\"content clearfix\">\n<div class=\"content clearfix\">\n<div class=\"content clearfix\">\n<div class=\"content clearfix\">\n<p><img loading=\"lazy\" decoding=\"async\" class=\"wp-image-25774 alignnone size-full\" src=\"https:\/\/www.schulthessforum.ch\/wp-content\/media\/Referenten\/Glatthaar_Matthias_200x242px.jpg\" alt=\"\" width=\"200\" height=\"242\" \/><\/p>\n<p>Dr. Matthias Glatthaar f\u00fchrt durch das Programm des Schulthess Forum Data Privacy 2026.<\/p>\n<\/div>\n<\/div>\n<\/div>\n<\/div>\n<\/div>\n<p>[\/et_pb_blurb][et_pb_blurb title=\u00a0\u00bbNewsletter-Anmeldung\u00a0\u00bb disabled_on=\u00a0\u00bboff|off|off\u00a0\u00bb admin_label=\u00a0\u00bbNewsletteranmeldung\u00a0\u00bb _builder_version=\u00a0\u00bb4.27.0&Prime; _module_preset=\u00a0\u00bbdefault\u00a0\u00bb background_color=\u00a0\u00bb#efefef\u00a0\u00bb custom_padding=\u00a0\u00bb40px|40px|40px|40px|false|false\u00a0\u00bb global_colors_info=\u00a0\u00bb{}\u00a0\u00bb]<\/p>\n<div class=\"et_pb_module et_pb_blurb et_pb_blurb_5  et_pb_text_align_left  et_pb_blurb_position_top et_pb_bg_layout_light\">\n<div class=\"et_pb_blurb_content\">\n<div class=\"et_pb_blurb_container\">\n<div class=\"et_pb_blurb_description\">\n<div class=\"content clearfix\">\n<div class=\"content clearfix\">\n<p><span data-teams=\"true\"><span class=\"ui-provider a b c d e f g h i j k l m n o p q r s t u v w x y z ab ac ae af ag ah ai aj ak\" dir=\"ltr\">M\u00f6chten Sie zu dieser und weiteren Veranstaltungen des Schulthess Forums informiert werden? Melden Sie sich <a href=\"https:\/\/www.schulthessforum.ch\/newsletter\/\"><strong>hier<\/strong><\/a> f\u00fcr den Newsletter an.<\/span><\/span><\/p>\n<\/div>\n<\/div>\n<\/div>\n<\/div>\n<\/div>\n<\/div>\n<p>[\/et_pb_blurb][\/et_pb_column][\/et_pb_section][et_pb_section fb_built=\u00a0\u00bb1&Prime; specialty=\u00a0\u00bbon\u00a0\u00bb module_class_2=\u00a0\u00bbschulthess-product-attendee-section\u00a0\u00bb disabled_on=\u00a0\u00bbon|on|on\u00a0\u00bb admin_label=\u00a0\u00bbInhalt mit Teilnehmerbereich\u00a0\u00bb module_id=\u00a0\u00bbschulthess-attendee-section\u00a0\u00bb module_class=\u00a0\u00bbschulthess-hidden\u00a0\u00bb _builder_version=\u00a0\u00bb4.20.2&Prime; _module_preset=\u00a0\u00bbdefault\u00a0\u00bb display_conditions=\u00a0\u00bbW3siaWQiOiI3NDc0ZmExMC0yZTg5LTQ3MDctYjM2Yi1iZDA3ZWJiMGZlZDEiLCJjb25kaXRpb24iOiJsb2dnZWRJblN0YXR1cyIsImNvbmRpdGlvblNldHRpbmdzIjp7ImRpc3BsYXlSdWxlIjoibG9nZ2VkSW4iLCJhZG1pbkxhYmVsIjoiQW5nZW1lbGRldGVyIFN0YXR1cyIsImVuYWJsZUNvbmRpdGlvbiI6Im9uIn0sIm9wZXJhdG9yIjoiT1IifV0=\u00a0\u00bb locked=\u00a0\u00bboff\u00a0\u00bb collapsed=\u00a0\u00bboff\u00a0\u00bb global_colors_info=\u00a0\u00bb{}\u00a0\u00bb disabled=\u00a0\u00bbon\u00a0\u00bb][et_pb_column type=\u00a0\u00bb3_4&Prime; specialty_columns=\u00a0\u00bb3&Prime; _builder_version=\u00a0\u00bb4.16&Prime; custom_padding=\u00a0\u00bb|||\u00a0\u00bb global_colors_info=\u00a0\u00bb{}\u00a0\u00bb custom_padding__hover=\u00a0\u00bb|||\u00a0\u00bb][et_pb_row_inner admin_label=\u00a0\u00bbHeadline Teilnehmerbereich\u00a0\u00bb _builder_version=\u00a0\u00bb4.17.4&Prime; _module_preset=\u00a0\u00bbdefault\u00a0\u00bb collapsed=\u00a0\u00bboff\u00a0\u00bb global_colors_info=\u00a0\u00bb{}\u00a0\u00bb][et_pb_column_inner saved_specialty_column_type=\u00a0\u00bb3_4&Prime; _builder_version=\u00a0\u00bb4.17.4&Prime; _module_preset=\u00a0\u00bbdefault\u00a0\u00bb global_colors_info=\u00a0\u00bb{}\u00a0\u00bb][et_pb_text _builder_version=\u00a0\u00bb4.27.0&Prime; _module_preset=\u00a0\u00bbdefault\u00a0\u00bb global_colors_info=\u00a0\u00bb{}\u00a0\u00bb]<\/p>\n<h3>Teilnehmerbereich<\/h3>\n<p>[\/et_pb_text][sfdm_download_list _builder_version=\u00a0\u00bb4.27.4&Prime; _module_preset=\u00a0\u00bbdefault\u00a0\u00bb global_colors_info=\u00a0\u00bb{}\u00a0\u00bb][sfdm_download_list_item title=\u00a0\u00bbProgramm\u00a0\u00bb file=\u00a0\u00bbhttps:\/\/www.schulthessforum.ch\/wp-content\/media\/01_00_Programm-10.pdf\u00a0\u00bb _builder_version=\u00a0\u00bb4.27.4&Prime; _module_preset=\u00a0\u00bbdefault\u00a0\u00bb link_option_url_new_window=\u00a0\u00bbon\u00a0\u00bb global_colors_info=\u00a0\u00bb{}\u00a0\u00bb][\/sfdm_download_list_item][sfdm_download_list_item title=\u00a0\u00bbReferierende und Themen \u00a0\u00bb file=\u00a0\u00bbhttps:\/\/www.schulthessforum.ch\/wp-content\/media\/02_00_Referierende-und-Themen-4.pdf\u00a0\u00bb _builder_version=\u00a0\u00bb4.27.4&Prime; _module_preset=\u00a0\u00bbdefault\u00a0\u00bb link_option_url_new_window=\u00a0\u00bbon\u00a0\u00bb global_colors_info=\u00a0\u00bb{}\u00a0\u00bb][\/sfdm_download_list_item][sfdm_download_list_item title=\u00a0\u00bbWelche Erwartungen an die technisch und organisatorisch \u00absichere\u00bb Ausgestaltung einer Personendatenbearbeitung sind berechtigt?_Dr. Adrian Lobsiger\u00a0\u00bb file=\u00a0\u00bbhttps:\/\/www.schulthessforum.ch\/wp-content\/media\/Data-Privacy\/Data-Privacy-2026\/03_00_HANDOUT_Welche-Erwartungen-an-die-technisch-und-organisatorisch-sichere-Ausgestaltung-einer-Personendatenbearbeitung-sind-berechtigt_Dr.-Adrian-Lobsiger.pdf\u00a0\u00bb _builder_version=\u00a0\u00bb4.27.4&Prime; _module_preset=\u00a0\u00bbdefault\u00a0\u00bb link_option_url_new_window=\u00a0\u00bbon\u00a0\u00bb global_colors_info=\u00a0\u00bb{}\u00a0\u00bb][\/sfdm_download_list_item][sfdm_download_list_item title=\u00a0\u00bbCybersicherheit \u2013 Spannungsfeld zwischen Sicherheit, Wirtschaftlichkeit und Geopolitik_Florian Sch\u00fctz\u00a0\u00bb file=\u00a0\u00bbhttps:\/\/www.schulthessforum.ch\/wp-content\/media\/04_00_Cybersicherheit-\u2013-Spannungsfeld-zwischen-Sicherheit-Wirtschaftlichkeit-und-Geopolitik_Florian-Schuetz.pdf\u00a0\u00bb _builder_version=\u00a0\u00bb4.27.4&Prime; _module_preset=\u00a0\u00bbdefault\u00a0\u00bb link_option_url_new_window=\u00a0\u00bbon\u00a0\u00bb global_colors_info=\u00a0\u00bb{}\u00a0\u00bb][\/sfdm_download_list_item][sfdm_download_list_item title=\u00a0\u00bbFlexibilit\u00e4t vs. Kontrolle: AVV f\u00fcr Standardsoftware_Peter Szab\u00f3\u00a0\u00bb file=\u00a0\u00bbhttps:\/\/www.schulthessforum.ch\/wp-content\/media\/05_00_Flexibilitaet-vs.-Kontrolle-AVV-fuer-Standardsoftware_Peter-Szabo.pdf\u00a0\u00bb _builder_version=\u00a0\u00bb4.27.4&Prime; _module_preset=\u00a0\u00bbdefault\u00a0\u00bb link_option_url_new_window=\u00a0\u00bbon\u00a0\u00bb global_colors_info=\u00a0\u00bb{}\u00a0\u00bb][\/sfdm_download_list_item][sfdm_download_list_item title=\u00a0\u00bbGeknackt, bevor du\u2019s merkst: Die unsichtbare Gefahr durch Credential Stuffing_Stephanie Engelhardt-Scherf\u00a0\u00bb file=\u00a0\u00bbhttps:\/\/www.schulthessforum.ch\/wp-content\/media\/06_00_Geknackt-bevor-dus-merkst-Die-unsichtbare-Gefahr-durch-Credential-Stuffing_Stephanie-Engelhardt-Scherf.pdf\u00a0\u00bb _builder_version=\u00a0\u00bb4.27.4&Prime; _module_preset=\u00a0\u00bbdefault\u00a0\u00bb link_option_url_new_window=\u00a0\u00bbon\u00a0\u00bb global_colors_info=\u00a0\u00bb{}\u00a0\u00bb][\/sfdm_download_list_item][sfdm_download_list_item title=\u00a0\u00bbZwischen Gesetz und Praxis: Der Umgang mit Datenschutzrisiken als DPO_Reto Ragettli\u00a0\u00bb file=\u00a0\u00bbhttps:\/\/www.schulthessforum.ch\/wp-content\/media\/07_00_HANDOUT_Zwischen-Gesetz-und-Praxis-Der-Umgang-mit-Datenschutzrisiken-als-DPO_Reto-Ragettli.pdf\u00a0\u00bb _builder_version=\u00a0\u00bb4.27.4&Prime; _module_preset=\u00a0\u00bbdefault\u00a0\u00bb link_option_url_new_window=\u00a0\u00bbon\u00a0\u00bb global_colors_info=\u00a0\u00bb{}\u00a0\u00bb][\/sfdm_download_list_item][sfdm_download_list_item title=\u00a0\u00bbKI: Mit welchen Tools darf im Unternehmen gearbeitet werden?_David Rosenthal und Jonas Baeriswyl\u00a0\u00bb file=\u00a0\u00bbhttps:\/\/www.schulthessforum.ch\/wp-content\/media\/08_00_KI-Mit-welchen-Tools-darf-im-Unternehmen-gearbeitet-werden_David-Rosenthal-und-Jonas-Baeriswyl.pdf\u00a0\u00bb _builder_version=\u00a0\u00bb4.27.4&Prime; _module_preset=\u00a0\u00bbdefault\u00a0\u00bb link_option_url_new_window=\u00a0\u00bbon\u00a0\u00bb global_colors_info=\u00a0\u00bb{}\u00a0\u00bb][\/sfdm_download_list_item][sfdm_download_list_item title=\u00a0\u00bbStandardisierung regulatorischer Anforderungen | Von regulatorischer Verwirrung zu standardisierter Klarheit_Jan Wittrodt\u00a0\u00bb file=\u00a0\u00bbhttps:\/\/www.schulthessforum.ch\/wp-content\/media\/Data-Privacy\/Data-Privacy-2026\/09_00_Standardisierung-regulatorischer-Anforderungen-Von-regulatorischer-Verwirrung-zu-standardisierter-Klarheit_Jan-Wittrodt-1.pdf\u00a0\u00bb _builder_version=\u00a0\u00bb4.27.4&Prime; _module_preset=\u00a0\u00bbdefault\u00a0\u00bb link_option_url_new_window=\u00a0\u00bbon\u00a0\u00bb global_colors_info=\u00a0\u00bb{}\u00a0\u00bb][\/sfdm_download_list_item][sfdm_download_list_item title=\u00a0\u00bbDatenfl\u00fcsse unter Druck: Wie global d\u00fcrfen Daten noch sein?_moderiert von Dr. Matthias Glatthaar\u00a0\u00bb file=\u00a0\u00bbhttps:\/\/www.schulthessforum.ch\/wp-content\/media\/10_00_Panel_Datenfluesse-unter-Druck-Wie-global-duerfen-Daten-noch-sein.pdf\u00a0\u00bb _builder_version=\u00a0\u00bb4.27.4&Prime; _module_preset=\u00a0\u00bbdefault\u00a0\u00bb link_option_url_new_window=\u00a0\u00bbon\u00a0\u00bb global_colors_info=\u00a0\u00bb{}\u00a0\u00bb][\/sfdm_download_list_item][sfdm_download_list_item title=\u00a0\u00bbGesamtpr\u00e4sentation\u00a0\u00bb file=\u00a0\u00bbhttps:\/\/www.schulthessforum.ch\/wp-content\/media\/Data-Privacy\/Data-Privacy-2026\/Gesamtpraesentation-Schulthess-Forum-Data-Privacy-2026.pdf\u00a0\u00bb _builder_version=\u00a0\u00bb4.27.4&Prime; _module_preset=\u00a0\u00bbdefault\u00a0\u00bb link_option_url_new_window=\u00a0\u00bbon\u00a0\u00bb global_colors_info=\u00a0\u00bb{}\u00a0\u00bb][\/sfdm_download_list_item][sfdm_download_list_item title=\u00a0\u00bbPartner\u00a0\u00bb file=\u00a0\u00bbhttps:\/\/www.schulthessforum.ch\/wp-content\/media\/11_00_Partner.pdf\u00a0\u00bb _builder_version=\u00a0\u00bb4.27.4&Prime; _module_preset=\u00a0\u00bbdefault\u00a0\u00bb link_option_url_new_window=\u00a0\u00bbon\u00a0\u00bb global_colors_info=\u00a0\u00bb{}\u00a0\u00bb][\/sfdm_download_list_item][sfdm_download_list_item title=\u00a0\u00bbBuchempfehlungen\u00a0\u00bb file=\u00a0\u00bbhttps:\/\/www.schulthessforum.ch\/wp-content\/media\/Data-Privacy\/Data-Privacy-2026\/Bestellformular_Data_Privacy_2026_A4_de.pdf\u00a0\u00bb _builder_version=\u00a0\u00bb4.27.4&Prime; _module_preset=\u00a0\u00bbdefault\u00a0\u00bb link_option_url_new_window=\u00a0\u00bbon\u00a0\u00bb global_colors_info=\u00a0\u00bb{}\u00a0\u00bb][\/sfdm_download_list_item][\/sfdm_download_list][et_pb_text disabled_on=\u00a0\u00bboff|off|off\u00a0\u00bb _builder_version=\u00a0\u00bb4.27.4&Prime; _module_preset=\u00a0\u00bbdefault\u00a0\u00bb global_colors_info=\u00a0\u00bb{}\u00a0\u00bb]<\/p>\n<h4>Videoaufzeichnungen<\/h4>\n<p>[\/et_pb_text][\/et_pb_column_inner][\/et_pb_row_inner][et_pb_row_inner column_structure=\u00a0\u00bb1_2,1_2&Prime; disabled_on=\u00a0\u00bboff|off|off\u00a0\u00bb admin_label=\u00a0\u00bb1&Prime; _builder_version=\u00a0\u00bb4.17.4&Prime; _module_preset=\u00a0\u00bbdefault\u00a0\u00bb global_colors_info=\u00a0\u00bb{}\u00a0\u00bb][et_pb_column_inner type=\u00a0\u00bb1_2&Prime; saved_specialty_column_type=\u00a0\u00bb3_4&Prime; _builder_version=\u00a0\u00bb4.17.4&Prime; _module_preset=\u00a0\u00bbdefault\u00a0\u00bb global_colors_info=\u00a0\u00bb{}\u00a0\u00bb][et_pb_image src=\u00a0\u00bbhttps:\/\/www.schulthessforum.ch\/wp-content\/media\/Data-Privacy\/Data-Privacy-2026\/Lobsiger_Data_Privacy_Vimeo_1920x1080px_2-scaled.jpg\u00a0\u00bb title_text=\u00a0\u00bbLobsiger Data Privacy Vimeo 1920x1080px 2&Prime; url=\u00a0\u00bbhttps:\/\/player.vimeo.com\/video\/1174715364?badge=0&#038;autopause=0&#038;player_id=0&#038;app_id=58479&Prime; url_new_window=\u00a0\u00bbon\u00a0\u00bb _builder_version=\u00a0\u00bb4.27.4&Prime; _module_preset=\u00a0\u00bbdefault\u00a0\u00bb global_colors_info=\u00a0\u00bb{}\u00a0\u00bb][\/et_pb_image][\/et_pb_column_inner][et_pb_column_inner type=\u00a0\u00bb1_2&Prime; saved_specialty_column_type=\u00a0\u00bb3_4&Prime; _builder_version=\u00a0\u00bb4.17.4&Prime; _module_preset=\u00a0\u00bbdefault\u00a0\u00bb global_colors_info=\u00a0\u00bb{}\u00a0\u00bb][et_pb_text _builder_version=\u00a0\u00bb4.27.4&Prime; _module_preset=\u00a0\u00bbdefault\u00a0\u00bb link_option_url_new_window=\u00a0\u00bbon\u00a0\u00bb global_colors_info=\u00a0\u00bb{}\u00a0\u00bb]<\/p>\n<p class=\"sf-h4 detailprogamm-title\"><a href=\"https:\/\/player.vimeo.com\/video\/1174715364?badge=0&amp;amp;autopause=0&amp;amp;player_id=0&amp;amp;app_id=58479\" target=\"_blank\" rel=\"noopener\">Welche Erwartungen an die technisch und organisatorisch \u00absichere\u00bb Ausgestaltung einer Personendatenbearbeitung sind berechtigt?<\/a><\/p>\n<p class=\"sf-h4 detailprogamm-title\">Dr. Adrian Lobsiger<\/p>\n<p>[\/et_pb_text][\/et_pb_column_inner][\/et_pb_row_inner][et_pb_row_inner column_structure=\u00a0\u00bb1_2,1_2&Prime; disabled_on=\u00a0\u00bboff|off|off\u00a0\u00bb admin_label=\u00a0\u00bb2&Prime; _builder_version=\u00a0\u00bb4.17.4&Prime; _module_preset=\u00a0\u00bbdefault\u00a0\u00bb global_colors_info=\u00a0\u00bb{}\u00a0\u00bb][et_pb_column_inner type=\u00a0\u00bb1_2&Prime; saved_specialty_column_type=\u00a0\u00bb3_4&Prime; _builder_version=\u00a0\u00bb4.17.4&Prime; _module_preset=\u00a0\u00bbdefault\u00a0\u00bb global_colors_info=\u00a0\u00bb{}\u00a0\u00bb][et_pb_image src=\u00a0\u00bbhttps:\/\/www.schulthessforum.ch\/wp-content\/media\/Data-Privacy\/Data-Privacy-2026\/Schuetz_Data_Privacy_Vimeo_1920x1080px_3-scaled.jpg\u00a0\u00bb title_text=\u00a0\u00bbSch\u00fctz Data Privacy Vimeo 1920x1080px 3&Prime; url=\u00a0\u00bbhttps:\/\/player.vimeo.com\/video\/1174717662?badge=0&#038;autopause=0&#038;player_id=0&#038;app_id=58479&Prime; url_new_window=\u00a0\u00bbon\u00a0\u00bb _builder_version=\u00a0\u00bb4.27.4&Prime; _module_preset=\u00a0\u00bbdefault\u00a0\u00bb global_colors_info=\u00a0\u00bb{}\u00a0\u00bb][\/et_pb_image][\/et_pb_column_inner][et_pb_column_inner type=\u00a0\u00bb1_2&Prime; saved_specialty_column_type=\u00a0\u00bb3_4&Prime; _builder_version=\u00a0\u00bb4.17.4&Prime; _module_preset=\u00a0\u00bbdefault\u00a0\u00bb global_colors_info=\u00a0\u00bb{}\u00a0\u00bb][et_pb_text _builder_version=\u00a0\u00bb4.27.4&Prime; _module_preset=\u00a0\u00bbdefault\u00a0\u00bb link_option_url_new_window=\u00a0\u00bbon\u00a0\u00bb global_colors_info=\u00a0\u00bb{}\u00a0\u00bb]<\/p>\n<p class=\"sf-h4 detailprogamm-title\"><a href=\"https:\/\/player.vimeo.com\/video\/1174717662?badge=0&amp;amp;autopause=0&amp;amp;player_id=0&amp;amp;app_id=58479\" target=\"_blank\" rel=\"noopener\">Cybersicherheit \u2013 Spannungsfeld zwischen Sicherheit, Wirtschaftlichkeit und Geopolitik<\/a><\/p>\n<p class=\"sf-h4 detailprogamm-title\">Florian Sch\u00fctz<\/p>\n<p>[\/et_pb_text][\/et_pb_column_inner][\/et_pb_row_inner][et_pb_row_inner column_structure=\u00a0\u00bb1_2,1_2&Prime; disabled_on=\u00a0\u00bboff|off|off\u00a0\u00bb admin_label=\u00a0\u00bb3&Prime; _builder_version=\u00a0\u00bb4.17.4&Prime; _module_preset=\u00a0\u00bbdefault\u00a0\u00bb global_colors_info=\u00a0\u00bb{}\u00a0\u00bb][et_pb_column_inner type=\u00a0\u00bb1_2&Prime; saved_specialty_column_type=\u00a0\u00bb3_4&Prime; _builder_version=\u00a0\u00bb4.17.4&Prime; _module_preset=\u00a0\u00bbdefault\u00a0\u00bb global_colors_info=\u00a0\u00bb{}\u00a0\u00bb][et_pb_image src=\u00a0\u00bbhttps:\/\/www.schulthessforum.ch\/wp-content\/media\/Data-Privacy\/Data-Privacy-2026\/Szabo_Data_Privacy_Vimeo_1920x1080px_5-scaled.jpg\u00a0\u00bb title_text=\u00a0\u00bbSzab\u00f3 Data Privacy Vimeo 1920x1080px 5&Prime; url=\u00a0\u00bbhttps:\/\/player.vimeo.com\/video\/1174720826?badge=0&#038;autopause=0&#038;player_id=0&#038;app_id=58479&Prime; url_new_window=\u00a0\u00bbon\u00a0\u00bb _builder_version=\u00a0\u00bb4.27.4&Prime; _module_preset=\u00a0\u00bbdefault\u00a0\u00bb global_colors_info=\u00a0\u00bb{}\u00a0\u00bb][\/et_pb_image][\/et_pb_column_inner][et_pb_column_inner type=\u00a0\u00bb1_2&Prime; saved_specialty_column_type=\u00a0\u00bb3_4&Prime; _builder_version=\u00a0\u00bb4.17.4&Prime; _module_preset=\u00a0\u00bbdefault\u00a0\u00bb global_colors_info=\u00a0\u00bb{}\u00a0\u00bb][et_pb_text _builder_version=\u00a0\u00bb4.27.4&Prime; _module_preset=\u00a0\u00bbdefault\u00a0\u00bb link_option_url_new_window=\u00a0\u00bbon\u00a0\u00bb global_colors_info=\u00a0\u00bb{}\u00a0\u00bb]<\/p>\n<p class=\"sf-h4 detailprogamm-title\"><a href=\"https:\/\/player.vimeo.com\/video\/1174720826?badge=0&amp;amp;autopause=0&amp;amp;player_id=0&amp;amp;app_id=58479\" target=\"_blank\" rel=\"noopener\">Flexibilit\u00e4t vs. Kontrolle: AVV f\u00fcr Standardsoftware<\/a><\/p>\n<p class=\"sf-h4 detailprogamm-title\">Peter Szab\u00f3<\/p>\n<p>[\/et_pb_text][\/et_pb_column_inner][\/et_pb_row_inner][et_pb_row_inner column_structure=\u00a0\u00bb1_2,1_2&Prime; disabled_on=\u00a0\u00bboff|off|off\u00a0\u00bb admin_label=\u00a0\u00bb4&Prime; _builder_version=\u00a0\u00bb4.17.4&Prime; _module_preset=\u00a0\u00bbdefault\u00a0\u00bb global_colors_info=\u00a0\u00bb{}\u00a0\u00bb][et_pb_column_inner type=\u00a0\u00bb1_2&Prime; saved_specialty_column_type=\u00a0\u00bb3_4&Prime; _builder_version=\u00a0\u00bb4.17.4&Prime; _module_preset=\u00a0\u00bbdefault\u00a0\u00bb global_colors_info=\u00a0\u00bb{}\u00a0\u00bb][et_pb_image src=\u00a0\u00bbhttps:\/\/www.schulthessforum.ch\/wp-content\/media\/Data-Privacy\/Data-Privacy-2026\/Engelhardt-Scherf_Data_Privacy_Vimeo_1920x1080px_6-scaled.jpg\u00a0\u00bb title_text=\u00a0\u00bbEngelhardt Scherf Data Privacy Vimeo 1920x1080px 6&Prime; url=\u00a0\u00bbhttps:\/\/player.vimeo.com\/video\/1174722192?badge=0&#038;autopause=0&#038;player_id=0&#038;app_id=58479&Prime; url_new_window=\u00a0\u00bbon\u00a0\u00bb _builder_version=\u00a0\u00bb4.27.4&Prime; _module_preset=\u00a0\u00bbdefault\u00a0\u00bb global_colors_info=\u00a0\u00bb{}\u00a0\u00bb][\/et_pb_image][\/et_pb_column_inner][et_pb_column_inner type=\u00a0\u00bb1_2&Prime; saved_specialty_column_type=\u00a0\u00bb3_4&Prime; _builder_version=\u00a0\u00bb4.17.4&Prime; _module_preset=\u00a0\u00bbdefault\u00a0\u00bb global_colors_info=\u00a0\u00bb{}\u00a0\u00bb][et_pb_text _builder_version=\u00a0\u00bb4.27.4&Prime; _module_preset=\u00a0\u00bbdefault\u00a0\u00bb link_option_url_new_window=\u00a0\u00bbon\u00a0\u00bb global_colors_info=\u00a0\u00bb{}\u00a0\u00bb]<\/p>\n<p class=\"sf-h4 detailprogamm-title\"><a href=\"https:\/\/player.vimeo.com\/video\/1174722192?badge=0&amp;amp;autopause=0&amp;amp;player_id=0&amp;amp;app_id=58479\" target=\"_blank\" rel=\"noopener\">Geknackt, bevor du\u2019s merkst: Die unsichtbare Gefahr durch Credential Stuffing<\/a><\/p>\n<p class=\"sf-h4 detailprogamm-title\">Stephanie Engelhardt-Scherf<\/p>\n<p>[\/et_pb_text][\/et_pb_column_inner][\/et_pb_row_inner][et_pb_row_inner column_structure=\u00a0\u00bb1_2,1_2&Prime; disabled_on=\u00a0\u00bboff|off|off\u00a0\u00bb admin_label=\u00a0\u00bb5&Prime; _builder_version=\u00a0\u00bb4.17.4&Prime; _module_preset=\u00a0\u00bbdefault\u00a0\u00bb global_colors_info=\u00a0\u00bb{}\u00a0\u00bb][et_pb_column_inner type=\u00a0\u00bb1_2&Prime; saved_specialty_column_type=\u00a0\u00bb3_4&Prime; _builder_version=\u00a0\u00bb4.17.4&Prime; _module_preset=\u00a0\u00bbdefault\u00a0\u00bb global_colors_info=\u00a0\u00bb{}\u00a0\u00bb][et_pb_image src=\u00a0\u00bbhttps:\/\/www.schulthessforum.ch\/wp-content\/media\/Data-Privacy\/Data-Privacy-2026\/Ragettli_Data_Privacy_Vimeo_1920x1080px_7-scaled.jpg\u00a0\u00bb title_text=\u00a0\u00bbRagettli Data Privacy Vimeo 1920x1080px 7&Prime; url=\u00a0\u00bbhttps:\/\/player.vimeo.com\/video\/1174724617?badge=0&#038;autopause=0&#038;player_id=0&#038;app_id=58479&Prime; url_new_window=\u00a0\u00bbon\u00a0\u00bb _builder_version=\u00a0\u00bb4.27.4&Prime; _module_preset=\u00a0\u00bbdefault\u00a0\u00bb global_colors_info=\u00a0\u00bb{}\u00a0\u00bb][\/et_pb_image][\/et_pb_column_inner][et_pb_column_inner type=\u00a0\u00bb1_2&Prime; saved_specialty_column_type=\u00a0\u00bb3_4&Prime; _builder_version=\u00a0\u00bb4.17.4&Prime; _module_preset=\u00a0\u00bbdefault\u00a0\u00bb global_colors_info=\u00a0\u00bb{}\u00a0\u00bb][et_pb_text _builder_version=\u00a0\u00bb4.27.4&Prime; _module_preset=\u00a0\u00bbdefault\u00a0\u00bb link_option_url_new_window=\u00a0\u00bbon\u00a0\u00bb global_colors_info=\u00a0\u00bb{}\u00a0\u00bb]<\/p>\n<p class=\"sf-h4 detailprogamm-title\"><a href=\"https:\/\/player.vimeo.com\/video\/1174724617?badge=0&amp;amp;autopause=0&amp;amp;player_id=0&amp;amp;app_id=58479\" target=\"_blank\" rel=\"noopener\">Zwischen Gesetz und Praxis: Der Umgang mit Datenschutzrisiken als DPO<\/a><\/p>\n<p class=\"sf-h4 detailprogamm-title\">Reto Ragettli<\/p>\n<p>[\/et_pb_text][\/et_pb_column_inner][\/et_pb_row_inner][et_pb_row_inner column_structure=\u00a0\u00bb1_2,1_2&Prime; disabled_on=\u00a0\u00bboff|off|off\u00a0\u00bb admin_label=\u00a0\u00bb6&Prime; _builder_version=\u00a0\u00bb4.27.4&Prime; _module_preset=\u00a0\u00bbdefault\u00a0\u00bb global_colors_info=\u00a0\u00bb{}\u00a0\u00bb][et_pb_column_inner type=\u00a0\u00bb1_2&Prime; saved_specialty_column_type=\u00a0\u00bb3_4&Prime; _builder_version=\u00a0\u00bb4.17.4&Prime; _module_preset=\u00a0\u00bbdefault\u00a0\u00bb global_colors_info=\u00a0\u00bb{}\u00a0\u00bb][et_pb_image src=\u00a0\u00bbhttps:\/\/www.schulthessforum.ch\/wp-content\/media\/Data-Privacy\/Data-Privacy-2026\/Rosenthal-Baeriswyl_Data_Privacy_Vimeo_1920x1080px_9-scaled.jpg\u00a0\u00bb title_text=\u00a0\u00bbRosenthal Baeriswyl Data Privacy Vimeo 1920x1080px 9&Prime; url=\u00a0\u00bbhttps:\/\/player.vimeo.com\/video\/1174707607?badge=0&#038;autopause=0&#038;player_id=0&#038;app_id=58479&Prime; url_new_window=\u00a0\u00bbon\u00a0\u00bb _builder_version=\u00a0\u00bb4.27.4&Prime; _module_preset=\u00a0\u00bbdefault\u00a0\u00bb global_colors_info=\u00a0\u00bb{}\u00a0\u00bb][\/et_pb_image][\/et_pb_column_inner][et_pb_column_inner type=\u00a0\u00bb1_2&Prime; saved_specialty_column_type=\u00a0\u00bb3_4&Prime; _builder_version=\u00a0\u00bb4.17.4&Prime; _module_preset=\u00a0\u00bbdefault\u00a0\u00bb global_colors_info=\u00a0\u00bb{}\u00a0\u00bb][et_pb_text _builder_version=\u00a0\u00bb4.27.4&Prime; _module_preset=\u00a0\u00bbdefault\u00a0\u00bb link_option_url_new_window=\u00a0\u00bbon\u00a0\u00bb global_colors_info=\u00a0\u00bb{}\u00a0\u00bb]<\/p>\n<p class=\"sf-h4 detailprogamm-title\"><a href=\"https:\/\/player.vimeo.com\/video\/1174707607?badge=0&amp;amp;autopause=0&amp;amp;player_id=0&amp;amp;app_id=58479\" target=\"_blank\" rel=\"noopener\">KI: Mit welchen Tools darf im Unternehmen gearbeitet werden?<\/a><\/p>\n<p class=\"sf-h4 detailprogamm-title\">David Rosenthal und Jonas Baeriswyl<\/p>\n<p>[\/et_pb_text][\/et_pb_column_inner][\/et_pb_row_inner][et_pb_row_inner column_structure=\u00a0\u00bb1_2,1_2&Prime; disabled_on=\u00a0\u00bboff|off|off\u00a0\u00bb admin_label=\u00a0\u00bb7&Prime; _builder_version=\u00a0\u00bb4.17.4&Prime; _module_preset=\u00a0\u00bbdefault\u00a0\u00bb global_colors_info=\u00a0\u00bb{}\u00a0\u00bb][et_pb_column_inner type=\u00a0\u00bb1_2&Prime; saved_specialty_column_type=\u00a0\u00bb3_4&Prime; _builder_version=\u00a0\u00bb4.17.4&Prime; _module_preset=\u00a0\u00bbdefault\u00a0\u00bb global_colors_info=\u00a0\u00bb{}\u00a0\u00bb][et_pb_image src=\u00a0\u00bbhttps:\/\/www.schulthessforum.ch\/wp-content\/media\/Data-Privacy\/Data-Privacy-2026\/Wittrodt_Data_Privacy_Vimeo_1920x1080px_8-scaled.jpg\u00a0\u00bb title_text=\u00a0\u00bbWittrodt Data Privacy Vimeo 1920x1080px 8&Prime; url=\u00a0\u00bbhttps:\/\/player.vimeo.com\/video\/1174710430?badge=0&#038;autopause=0&#038;player_id=0&#038;app_id=58479&Prime; url_new_window=\u00a0\u00bbon\u00a0\u00bb _builder_version=\u00a0\u00bb4.27.4&Prime; _module_preset=\u00a0\u00bbdefault\u00a0\u00bb global_colors_info=\u00a0\u00bb{}\u00a0\u00bb][\/et_pb_image][\/et_pb_column_inner][et_pb_column_inner type=\u00a0\u00bb1_2&Prime; saved_specialty_column_type=\u00a0\u00bb3_4&Prime; _builder_version=\u00a0\u00bb4.17.4&Prime; _module_preset=\u00a0\u00bbdefault\u00a0\u00bb global_colors_info=\u00a0\u00bb{}\u00a0\u00bb][et_pb_text _builder_version=\u00a0\u00bb4.27.4&Prime; _module_preset=\u00a0\u00bbdefault\u00a0\u00bb link_option_url_new_window=\u00a0\u00bbon\u00a0\u00bb global_colors_info=\u00a0\u00bb{}\u00a0\u00bb]<\/p>\n<p class=\"sf-h4 detailprogamm-title\"><a href=\"https:\/\/player.vimeo.com\/video\/1174710430?badge=0&amp;amp;autopause=0&amp;amp;player_id=0&amp;amp;app_id=58479\" target=\"_blank\" rel=\"noopener\">Standardisierung regulatorischer Anforderungen | Von regulatorischer Verwirrung zu standardisierter Klarheit<\/a><\/p>\n<p class=\"sf-h4 detailprogamm-title\">Jan Wittrodt<\/p>\n<p>[\/et_pb_text][\/et_pb_column_inner][\/et_pb_row_inner][et_pb_row_inner column_structure=\u00a0\u00bb1_2,1_2&Prime; disabled_on=\u00a0\u00bboff|off|off\u00a0\u00bb admin_label=\u00a0\u00bb8&Prime; _builder_version=\u00a0\u00bb4.17.4&Prime; _module_preset=\u00a0\u00bbdefault\u00a0\u00bb global_colors_info=\u00a0\u00bb{}\u00a0\u00bb][et_pb_column_inner type=\u00a0\u00bb1_2&Prime; saved_specialty_column_type=\u00a0\u00bb3_4&Prime; _builder_version=\u00a0\u00bb4.17.4&Prime; _module_preset=\u00a0\u00bbdefault\u00a0\u00bb global_colors_info=\u00a0\u00bb{}\u00a0\u00bb][et_pb_image src=\u00a0\u00bbhttps:\/\/www.schulthessforum.ch\/wp-content\/media\/Data-Privacy\/Data-Privacy-2026\/Lobsiger-Wittrodt-Szabo-Glatthaar_Data_Privacy_Vimeo_1920x1080px_11-scaled.jpg\u00a0\u00bb title_text=\u00a0\u00bbLobsiger Wittrodt Szab\u00f3 Glatthaar Data Privacy Vimeo 1920x1080px 11&Prime; url=\u00a0\u00bbhttps:\/\/player.vimeo.com\/video\/1174712811?badge=0&#038;autopause=0&#038;player_id=0&#038;app_id=58479&Prime; url_new_window=\u00a0\u00bbon\u00a0\u00bb _builder_version=\u00a0\u00bb4.27.4&Prime; _module_preset=\u00a0\u00bbdefault\u00a0\u00bb global_colors_info=\u00a0\u00bb{}\u00a0\u00bb][\/et_pb_image][\/et_pb_column_inner][et_pb_column_inner type=\u00a0\u00bb1_2&Prime; saved_specialty_column_type=\u00a0\u00bb3_4&Prime; _builder_version=\u00a0\u00bb4.17.4&Prime; _module_preset=\u00a0\u00bbdefault\u00a0\u00bb global_colors_info=\u00a0\u00bb{}\u00a0\u00bb][et_pb_text _builder_version=\u00a0\u00bb4.27.4&Prime; _module_preset=\u00a0\u00bbdefault\u00a0\u00bb link_option_url_new_window=\u00a0\u00bbon\u00a0\u00bb global_colors_info=\u00a0\u00bb{}\u00a0\u00bb]<\/p>\n<p class=\"sf-h4 detailprogamm-title\"><a href=\"https:\/\/player.vimeo.com\/video\/1174712811?badge=0&amp;amp;autopause=0&amp;amp;player_id=0&amp;amp;app_id=58479\" target=\"_blank\" rel=\"noopener\">Datenfl\u00fcsse unter Druck: Wie global d\u00fcrfen Daten noch sein?<\/a><\/p>\n<p class=\"sf-h4 detailprogamm-title\">moderiert von Dr. Matthias Glatthaar<\/p>\n<p>[\/et_pb_text][\/et_pb_column_inner][\/et_pb_row_inner][\/et_pb_column][et_pb_column type=\u00a0\u00bb1_4&Prime; _builder_version=\u00a0\u00bb4.16&Prime; custom_padding=\u00a0\u00bb|||\u00a0\u00bb global_colors_info=\u00a0\u00bb{}\u00a0\u00bb custom_padding__hover=\u00a0\u00bb|||\u00a0\u00bb][\/et_pb_column][\/et_pb_section][et_pb_section fb_built=\u00a0\u00bb1&Prime; disabled_on=\u00a0\u00bboff|off|off\u00a0\u00bb admin_label=\u00a0\u00bbPartner\u00a0\u00bb module_id=\u00a0\u00bbschulthess-partner\u00a0\u00bb _builder_version=\u00a0\u00bb4.17.4&Prime; _module_preset=\u00a0\u00bbdefault\u00a0\u00bb background_enable_color=\u00a0\u00bboff\u00a0\u00bb saved_tabs=\u00a0\u00bball\u00a0\u00bb locked=\u00a0\u00bboff\u00a0\u00bb collapsed=\u00a0\u00bboff\u00a0\u00bb global_colors_info=\u00a0\u00bb{}\u00a0\u00bb][et_pb_row disabled_on=\u00a0\u00bbon|on|on\u00a0\u00bb _builder_version=\u00a0\u00bb4.16&Prime; _module_preset=\u00a0\u00bbdefault\u00a0\u00bb disabled=\u00a0\u00bbon\u00a0\u00bb locked=\u00a0\u00bboff\u00a0\u00bb collapsed=\u00a0\u00bboff\u00a0\u00bb global_colors_info=\u00a0\u00bb{}\u00a0\u00bb][et_pb_column type=\u00a0\u00bb4_4&Prime; _builder_version=\u00a0\u00bb4.16&Prime; _module_preset=\u00a0\u00bbdefault\u00a0\u00bb global_colors_info=\u00a0\u00bb{}\u00a0\u00bb][et_pb_text admin_label=\u00a0\u00bb\u00dcberschrift\u00a0\u00bb module_class=\u00a0\u00bbsf-h2 schulthess-product-partner-headline-wrapper\u00a0\u00bb _builder_version=\u00a0\u00bb4.19.5&Prime; _module_preset=\u00a0\u00bbdefault\u00a0\u00bb locked=\u00a0\u00bboff\u00a0\u00bb global_colors_info=\u00a0\u00bb{}\u00a0\u00bb]&lt;?&#8211; NICHT ZU VISUELL WECHSELN. DIE BUTTONS GEHEN SONST VERLOREN &#8211;&gt;<\/p>\n<h5>Partner<\/h5>\n<p><!--div class=\"schulthess-product-partner-nav\">[schulthess_product_partner_tabs]\n\n\n<div class=\"buttons\"><button class=\"grid icon_grid aktiv\"><span><\/span><\/button><button class=\"list icon_list\"><span><\/span><\/button><\/div>\n\n\n<\/div-->[\/et_pb_text][et_pb_code disabled_on=\u00a0\u00bboff|off|off\u00a0\u00bb admin_label=\u00a0\u00bbCode (ein grid, keine Filter)\u00a0\u00bb _builder_version=\u00a0\u00bb4.17.4&Prime; _module_preset=\u00a0\u00bbdefault\u00a0\u00bb locked=\u00a0\u00bboff\u00a0\u00bb global_colors_info=\u00a0\u00bb{}\u00a0\u00bb]<div class=\"schulthess-product-partner-wrapper grid\">\n                  <div id=\"7942\" class=\"schulthess-product-partner Sponsoren\" partner-type=\"Sponsoren\">\n                        <div class=\"schulthess-product-partner-image\">\n                                <img loading=\"lazy\" decoding=\"async\" src=\"https:\/\/www.schulthessforum.ch\/wp-content\/media\/Partner\/eqs_group_201x201px_NEU-150x150.png\" alt=\"EQS Group\" title=\"EQS Group\" width=\"250\" height=\"150\" \/>\n                        <\/div>\n                        <div class=\"schulthess-product-partner-info\">\n                            <div class=\"content\">\n                                <h4 class=\"schulthess-product-partner-name\">EQS Group<\/h4>\n                                <p class=\"schulthess-product-partner-type\">\n                                    Sponsoren\n                                <\/p>\n                                <p class=\"schulthess-product-partner-description\">\n                                    Die EQS Group ist ein f\u00fchrender internationaler Cloudsoftware-Anbieter in den Bereichen Compliance & Ethics, Data Privacy, Sustainability Management und Investor Relations. Weltweit nutzen Tausende Unternehmen die Produkte der EQS Group, um Vertrauen zu schaffen, indem sie zuverl\u00e4ssig und sicher komplexe regulatorische Anforderungen erf\u00fcllen, Risiken minimieren und transparent \u00fcber ihren Gesch\u00e4ftserfolg sowie dessen Auswirkungen auf Gesellschaft und Umwelt berichten.\n                                <\/p>\n                                <p class=\"schulthess-product-partner-speakers\">\n                                    Referenten: \n                                <\/p>\n                                <!--div class=\"schulthess-product-partner-link\">\n                                        <span>zur Website<\/span>\n                                        <span class=\"link-icon\">\n                                            <svg xmlns=\"http:\/\/www.w3.org\/2000\/svg\" width=\"11\" height=\"10\" viewBox=\"0 0 9.697 9.017\">\n                                                <g transform=\"translate(-813.933 -2094.752)\">\n                                                    <path d=\"M9442.49,1683l3.447,3.448-3.447,3.448\" transform=\"translate(-8627.497 412.813)\" fill=\"none\" stroke=\"#000\" stroke-linecap=\"round\" stroke-width=\"1.5\"\/>\n                                                    <path d=\"M9442.49,1683l3.447,3.448-3.447,3.448\" transform=\"translate(-8623.368 412.813)\" fill=\"none\" stroke=\"#000\" stroke-linecap=\"round\" stroke-width=\"1.5\"\/>\n                                                <\/g>\n                                            <\/svg>\n                                        <\/span>\n                                <\/div-->\n                            <\/div>\n                        <\/div>\n                    <\/div><div id=\"9606\" class=\"schulthess-product-partner Medienpartner\" partner-type=\"Medienpartner\">\n                        <div class=\"schulthess-product-partner-image\">\n                                <img loading=\"lazy\" decoding=\"async\" src=\"https:\/\/www.schulthessforum.ch\/wp-content\/media\/Partner\/iusnet_Website_Digitales_Recht_und_Datenrecht_364x104px-250x71.png\" alt=\"iusNet Digitales Recht und Datenrecht\" title=\"iusNet Digitales Recht und Datenrecht\" width=\"250\" height=\"150\" \/>\n                        <\/div>\n                        <div class=\"schulthess-product-partner-info\">\n                            <div class=\"content\">\n                                <h4 class=\"schulthess-product-partner-name\">iusNet Digitales Recht und Datenrecht<\/h4>\n                                <p class=\"schulthess-product-partner-type\">\n                                    Medienpartner\n                                <\/p>\n                                <p class=\"schulthess-product-partner-description\">\n                                    iusnet Digitales Recht und Datenrecht informiert Sie \u00fcber die wichtigsten Entwicklungen in Rechtsprechung und Gesetzgebung zu den Themengebieten wie Cyber Security, Datenschutz\u00adgesetzgebung, DSGVO, Blockchain, Sanktionen und Verfahren u.w.m.\n                                <\/p>\n                                <p class=\"schulthess-product-partner-speakers\">\n                                    Referenten: \n                                <\/p>\n                                <!--div class=\"schulthess-product-partner-link\">\n                                        <span>zur Website<\/span>\n                                        <span class=\"link-icon\">\n                                            <svg xmlns=\"http:\/\/www.w3.org\/2000\/svg\" width=\"11\" height=\"10\" viewBox=\"0 0 9.697 9.017\">\n                                                <g transform=\"translate(-813.933 -2094.752)\">\n                                                    <path d=\"M9442.49,1683l3.447,3.448-3.447,3.448\" transform=\"translate(-8627.497 412.813)\" fill=\"none\" stroke=\"#000\" stroke-linecap=\"round\" stroke-width=\"1.5\"\/>\n                                                    <path d=\"M9442.49,1683l3.447,3.448-3.447,3.448\" transform=\"translate(-8623.368 412.813)\" fill=\"none\" stroke=\"#000\" stroke-linecap=\"round\" stroke-width=\"1.5\"\/>\n                                                <\/g>\n                                            <\/svg>\n                                        <\/span>\n                                <\/div-->\n                            <\/div>\n                        <\/div>\n                    <\/div><div id=\"7442\" class=\"schulthess-product-partner Medienpartner\" partner-type=\"Medienpartner\">\n                        <div class=\"schulthess-product-partner-image\">\n                                <img loading=\"lazy\" decoding=\"async\" src=\"https:\/\/www.schulthessforum.ch\/wp-content\/media\/Partner\/logos\/SJZ_Logo_groesser_350px-250x66.jpg\" alt=\"Schweizerische Juristen-Zeitung (SJZ)\" title=\"Schweizerische Juristen-Zeitung (SJZ)\" width=\"250\" height=\"150\" \/>\n                        <\/div>\n                        <div class=\"schulthess-product-partner-info\">\n                            <div class=\"content\">\n                                <h4 class=\"schulthess-product-partner-name\">Schweizerische Juristen-Zeitung (SJZ)<\/h4>\n                                <p class=\"schulthess-product-partner-type\">\n                                    Medienpartner\n                                <\/p>\n                                <p class=\"schulthess-product-partner-description\">\n                                    Die neu ausgerichtete Schweizerische Juristen-Zeitung (SJZ) erscheint ab Januar 2026 monatlich \u2013 mit erweitertem Umfang und praxisnaher Struktur f\u00fcr mehr Informationsgehalt und h\u00f6heren Leserkomfort, bei unver\u00e4ndert hohem wissenschaftlichem Anspruch. Die Zeitschrift h\u00e4lt Sie mit neuen Rubriken zu Privatrecht, \u00f6ffentlichem Recht und internationalem Recht gezielt und umfassend auf dem Laufenden. Interdisziplin\u00e4re Themen r\u00fccken st\u00e4rker in den Fokus, und im Forum f\u00f6rdern Interviews sowie Stellungnahmen mit vielf\u00e4ltigen Perspektiven den juristischen Diskurs. Namhafte Autorinnen und Autoren aus Anwaltschaft, Unternehmen, Justiz, Verwaltung und Wissenschaft sorgen gemeinsam mit ausgewiesenen Expertinnen und Experten in der Redaktion sowie erfahrenen Korrespondenten am Bundeshaus und Bundesgericht daf\u00fcr, dass Ihnen keine wesentliche Rechtsprechung und Gesetzgebung entgeht. So behalten Sie die Entwicklung der Rechtsgebiete stets im Blick und profitieren von wichtigen Informationen f\u00fcr Ihre Berufspraxis. Auf Schulthess Digital k\u00f6nnen Sie die gew\u00fcnschten Artikel jederzeit im neuen Web- oder Printlayout online lesen und in Ihrer Zeitschrift und den sonst bei Schulthess erworbenen Werken komfortabel recherchieren.\n                                <\/p>\n                                <p class=\"schulthess-product-partner-speakers\">\n                                    Referenten: \n                                <\/p>\n                                <!--div class=\"schulthess-product-partner-link\">\n                                        <span>zur Website<\/span>\n                                        <span class=\"link-icon\">\n                                            <svg xmlns=\"http:\/\/www.w3.org\/2000\/svg\" width=\"11\" height=\"10\" viewBox=\"0 0 9.697 9.017\">\n                                                <g transform=\"translate(-813.933 -2094.752)\">\n                                                    <path d=\"M9442.49,1683l3.447,3.448-3.447,3.448\" transform=\"translate(-8627.497 412.813)\" fill=\"none\" stroke=\"#000\" stroke-linecap=\"round\" stroke-width=\"1.5\"\/>\n                                                    <path d=\"M9442.49,1683l3.447,3.448-3.447,3.448\" transform=\"translate(-8623.368 412.813)\" fill=\"none\" stroke=\"#000\" stroke-linecap=\"round\" stroke-width=\"1.5\"\/>\n                                                <\/g>\n                                            <\/svg>\n                                        <\/span>\n                                <\/div-->\n                            <\/div>\n                        <\/div>\n                    <\/div><div id=\"9931\" class=\"schulthess-product-partner Kooperationspartner\" partner-type=\"Kooperationspartner\">\n                        <div class=\"schulthess-product-partner-image\">\n                                <img loading=\"lazy\" decoding=\"async\" src=\"https:\/\/www.schulthessforum.ch\/wp-content\/media\/Partner\/VUD_Logo_Webseite-250x47.png\" alt=\"Verein Unternehmens-Datenschutz\" title=\"Verein Unternehmens-Datenschutz\" width=\"250\" height=\"150\" \/>\n                        <\/div>\n                        <div class=\"schulthess-product-partner-info\">\n                            <div class=\"content\">\n                                <h4 class=\"schulthess-product-partner-name\">Verein Unternehmens-Datenschutz<\/h4>\n                                <p class=\"schulthess-product-partner-type\">\n                                    Kooperationspartner\n                                <\/p>\n                                <p class=\"schulthess-product-partner-description\">\n                                    Der Verein Unternehmens-Datenschutz (VUD) wurde 2006 gegr\u00fcndet und ist ein Zusammenschluss der Unternehmensdatensch\u00fctzer vieler KMUs und grossen internationalen Schweizer Unternehmen. Der VUD ist der selbst\u00e4ndigen und unabh\u00e4ngigen Meinungsbildung im Bereich Datenschutz verpflichtetet ist. Der VUD bietet eine Plattform, welche sich dem Austausch von Datenschutz Know-how, insbesondere in Unternehmen, widmet.\n                                <\/p>\n                                <p class=\"schulthess-product-partner-speakers\">\n                                    Referenten: \n                                <\/p>\n                                <!--div class=\"schulthess-product-partner-link\">\n                                        <span>zur Website<\/span>\n                                        <span class=\"link-icon\">\n                                            <svg xmlns=\"http:\/\/www.w3.org\/2000\/svg\" width=\"11\" height=\"10\" viewBox=\"0 0 9.697 9.017\">\n                                                <g transform=\"translate(-813.933 -2094.752)\">\n                                                    <path d=\"M9442.49,1683l3.447,3.448-3.447,3.448\" transform=\"translate(-8627.497 412.813)\" fill=\"none\" stroke=\"#000\" stroke-linecap=\"round\" stroke-width=\"1.5\"\/>\n                                                    <path d=\"M9442.49,1683l3.447,3.448-3.447,3.448\" transform=\"translate(-8623.368 412.813)\" fill=\"none\" stroke=\"#000\" stroke-linecap=\"round\" stroke-width=\"1.5\"\/>\n                                                <\/g>\n                                            <\/svg>\n                                        <\/span>\n                                <\/div-->\n                            <\/div>\n                        <\/div>\n                    <\/div>\n            <\/div>\n            <script>\n\n              var btns1 = jQuery(\".schulthess-product-partner-headline-wrapper .buttons\");\n              btns1.find(\".grid\").addClass(\"aktiv\");\n\n              btns1.find(\"button\").on(\"click\",function(e) {\n                btns1.find(\".grid\").removeClass(\"aktiv\");\n                btns1.find(\".list\").removeClass(\"aktiv\");\n                if (jQuery(this).hasClass(\"grid\")) {\n                    jQuery(\".schulthess-product-partner-wrapper\").removeClass(\"list\").addClass(\"grid\");\n                    jQuery(this).addClass(\"aktiv\");\n                    jQuery(\".schulthess-product-partner-wrapper .schulthess-product-partner-info\").hide();\n                }\n                else if(jQuery(this).hasClass(\"list\")) {\n                    jQuery(\".schulthess-product-partner-wrapper\").removeClass(\"grid\").addClass(\"list\");\n                    jQuery(\".schulthess-product-partner-wrapper .schulthess-product-partner-info\").show();\n                    jQuery(this).addClass(\"aktiv\");\n                }\n              });\n            <\/script>[\/et_pb_code][\/et_pb_column][\/et_pb_row][et_pb_row disabled_on=\u00a0\u00bboff|off|off\u00a0\u00bb _builder_version=\u00a0\u00bb4.16&Prime; _module_preset=\u00a0\u00bbdefault\u00a0\u00bb locked=\u00a0\u00bboff\u00a0\u00bb collapsed=\u00a0\u00bboff\u00a0\u00bb global_colors_info=\u00a0\u00bb{}\u00a0\u00bb][et_pb_column type=\u00a0\u00bb4_4&Prime; _builder_version=\u00a0\u00bb4.16&Prime; _module_preset=\u00a0\u00bbdefault\u00a0\u00bb global_colors_info=\u00a0\u00bb{}\u00a0\u00bb][et_pb_code admin_label=\u00a0\u00bbCode\u00a0\u00bb _builder_version=\u00a0\u00bb4.20.2&Prime; _module_preset=\u00a0\u00bbdefault\u00a0\u00bb locked=\u00a0\u00bboff\u00a0\u00bb global_colors_info=\u00a0\u00bb{}\u00a0\u00bb]<div class=\"et_pb_row sf-h3\">\n            <div class=\"et_pb_module et_pb_text schulthess-product-partner-headline-wrapper\">\n                <h5 class=\"schulthess-product-partner-type\" id=\"sponsoren\">Sponsors<\/h5>\n            <\/div>\n            <div class=\"et_pb_module\"><div class=\"et_pb_column_1_4 et_pb_column\">\n                        <div class=\"sf-product-partner-container\">\n                            <a href=\"https:\/\/www.eqs.com\/de-ch\/?keyword=eqs&amp;device=c&amp;network=o&amp;utm_term=eqs&amp;utm_campaign=sui_brand_traffic_all_search&amp;utm_source=bing&amp;utm_medium=cpc&amp;hsa_acc=3800982764&amp;hsa_cam=12973363334&amp;hsa_grp=1334808290019044&amp;hsa_ad&amp;hsa_src=o&amp;hsa_tgt=kwd-83426287294562%3Aloc-175&amp;hsa_kw=eqs&amp;hsa_mt=e&amp;hsa_net=adwords&amp;hsa_ver=3&amp;msclkid=f03aac55031f1c5445b8cbf8bcf94956\" title=\"EQS Group\" target=\"_blank\" rel=\"noopener nofollow\"><img loading=\"lazy\" decoding=\"async\" class=\"\" src=\"https:\/\/www.schulthessforum.ch\/wp-content\/media\/Partner\/eqs_group_201x201px_NEU.png\" style=\"aspect-ratio: 201 \/ 201\" width=\"201\" height=\"201\" alt=\"EQS Group\" title=\"EQS Group\"\/><\/a>\n                        <\/div>\n                    <\/div><\/div><\/div>[\/et_pb_code][et_pb_code admin_label=\u00a0\u00bbCode\u00a0\u00bb _builder_version=\u00a0\u00bb4.20.2&Prime; _module_preset=\u00a0\u00bbdefault\u00a0\u00bb locked=\u00a0\u00bboff\u00a0\u00bb global_colors_info=\u00a0\u00bb{}\u00a0\u00bb]<div class=\"et_pb_row sf-h3\">\n            <div class=\"et_pb_module et_pb_text schulthess-product-partner-headline-wrapper\">\n                <h5 class=\"schulthess-product-partner-type\" id=\"kooperationspartner\">Partenaires<\/h5>\n            <\/div>\n            <div class=\"et_pb_module\"><div class=\"et_pb_column_1_4 et_pb_column\">\n                        <div class=\"sf-product-partner-container\">\n                            <a href=\"http:\/\/www.vud.ch\/\" title=\"Verein Unternehmens-Datenschutz\" target=\"_blank\" rel=\"noopener nofollow\"><img loading=\"lazy\" decoding=\"async\" class=\"\" src=\"https:\/\/www.schulthessforum.ch\/wp-content\/media\/Partner\/VUD_Logo_Webseite.png\" style=\"aspect-ratio: 2150 \/ 403\" width=\"2150\" height=\"403\" alt=\"Verein Unternehmens-Datenschutz\" title=\"Verein Unternehmens-Datenschutz\"\/><\/a>\n                        <\/div>\n                    <\/div><\/div><\/div>[\/et_pb_code][et_pb_code admin_label=\u00a0\u00bbCode\u00a0\u00bb _builder_version=\u00a0\u00bb4.20.2&Prime; _module_preset=\u00a0\u00bbdefault\u00a0\u00bb locked=\u00a0\u00bboff\u00a0\u00bb global_colors_info=\u00a0\u00bb{}\u00a0\u00bb]<div class=\"et_pb_row sf-h3\">\n            <div class=\"et_pb_module et_pb_text schulthess-product-partner-headline-wrapper\">\n                <h5 class=\"schulthess-product-partner-type\" id=\"medienpartner\">Partenaires m\u00e9dias<\/h5>\n            <\/div>\n            <div class=\"et_pb_module\"><div class=\"et_pb_column_1_4 et_pb_column\">\n                        <div class=\"sf-product-partner-container\">\n                            <a href=\"https:\/\/www.schulthess.com\/de\/portfolio\/schulthess\/schulthess-digital\/iusnet\/iusnet-intellectual-property\" title=\"iusNet Digitales Recht und Datenrecht\" target=\"_blank\" rel=\"noopener nofollow\"><img loading=\"lazy\" decoding=\"async\" class=\"\" src=\"https:\/\/www.schulthessforum.ch\/wp-content\/media\/Partner\/iusnet_Website_Digitales_Recht_und_Datenrecht_364x104px.png\" style=\"aspect-ratio: 364 \/ 104\" width=\"364\" height=\"104\" alt=\"iusNet Digitales Recht und Datenrecht\" title=\"iusNet Digitales Recht und Datenrecht\"\/><\/a>\n                        <\/div>\n                    <\/div><div class=\"et_pb_column_1_4 et_pb_column\">\n                        <div class=\"sf-product-partner-container\">\n                            <a href=\"https:\/\/schulthessdigital.info\/de\/zeitschriften\/schweizerische-juristen-zeitung\" title=\"Schweizerische Juristen-Zeitung (SJZ)\" target=\"_blank\" rel=\"noopener nofollow\"><img loading=\"lazy\" decoding=\"async\" class=\"\" src=\"https:\/\/www.schulthessforum.ch\/wp-content\/media\/Partner\/logos\/SJZ_Logo_groesser_350px.jpg\" style=\"aspect-ratio: 279 \/ 74\" width=\"279\" height=\"74\" alt=\"Schweizerische Juristen-Zeitung (SJZ)\" title=\"Schweizerische Juristen-Zeitung (SJZ)\"\/><\/a>\n                        <\/div>\n                    <\/div><\/div><\/div>[\/et_pb_code][\/et_pb_column][\/et_pb_row][\/et_pb_section][et_pb_section fb_built=\u00a0\u00bb1&Prime; disabled_on=\u00a0\u00bboff|off|off\u00a0\u00bb admin_label=\u00a0\u00bbSektion Impressionen\u00a0\u00bb module_id=\u00a0\u00bbschulthess-impressionen\u00a0\u00bb _builder_version=\u00a0\u00bb4.21.0&Prime; _module_preset=\u00a0\u00bbdefault\u00a0\u00bb collapsed=\u00a0\u00bboff\u00a0\u00bb global_colors_info=\u00a0\u00bb{}\u00a0\u00bb][et_pb_row module_class=\u00a0\u00bbsf-impressionen-slider-wrapper\u00a0\u00bb _builder_version=\u00a0\u00bb4.19.5&Prime; _module_preset=\u00a0\u00bbdefault\u00a0\u00bb global_colors_info=\u00a0\u00bb{}\u00a0\u00bb][et_pb_column type=\u00a0\u00bb4_4&Prime; _builder_version=\u00a0\u00bb4.19.5&Prime; _module_preset=\u00a0\u00bbdefault\u00a0\u00bb global_colors_info=\u00a0\u00bb{}\u00a0\u00bb][et_pb_text admin_label=\u00a0\u00bb\u00dcberschrift\u00a0\u00bb module_class=\u00a0\u00bbsf-h2&Prime; _builder_version=\u00a0\u00bb4.19.5&Prime; _module_preset=\u00a0\u00bbdefault\u00a0\u00bb global_colors_info=\u00a0\u00bb{}\u00a0\u00bb]<\/p>\n<h5>Impressionen<\/h5>\n<p>[\/et_pb_text][et_pb_gallery gallery_ids=\u00a0\u00bb39037,39049,39039,39051,39041,39055,39053,39057,39059,39061,39043,39047,39045&Prime; fullwidth=\u00a0\u00bbon\u00a0\u00bb admin_label=\u00a0\u00bbGalerie\u00a0\u00bb module_id=\u00a0\u00bbimpressionen-slider\u00a0\u00bb module_class=\u00a0\u00bbimpressionen-slider\u00a0\u00bb _builder_version=\u00a0\u00bb4.27.4&Prime; _module_preset=\u00a0\u00bbdefault\u00a0\u00bb animation_style=\u00a0\u00bbfade\u00a0\u00bb animation_duration=\u00a0\u00bb5000ms\u00a0\u00bb animation_starting_opacity=\u00a0\u00bb100%\u00a0\u00bb animation_repeat=\u00a0\u00bbloop\u00a0\u00bb auto=\u00a0\u00bbon\u00a0\u00bb auto_speed=\u00a0\u00bb5000&Prime; global_colors_info=\u00a0\u00bb{}\u00a0\u00bb][\/et_pb_gallery][\/et_pb_column][\/et_pb_row][\/et_pb_section]<\/p>\n","protected":false},"excerpt":{"rendered":"<h3><strong>Datenschutz, Cybersicherheit und Regulierung im Fokus<\/strong><\/h3>\n<p>Die digitale Transformation bringt Unternehmen, Verwaltung und Gesellschaft in ein Spannungsfeld aus Chancen, Risiken und regulatorischen Anforderungen. Die neuste Ausgabe des Schulthess Forum Data Privacy greift aktuelle Fragestellungen auf, die Entscheidungstr\u00e4gerinnen und Entscheidungstr\u00e4ger heute bewegen: Welche Entwicklungen zeichnen sich beim Eidgen\u00f6ssischen Datenschutz- und \u00d6ffentlichkeitsbeauftragten ab? Wie gelingt es, Cybersicherheit im Spannungsfeld zwischen Sicherheit, Wirtschaftlichkeit und geopolitischen Herausforderungen zu verankern?<\/p>\n<p>Die Expertinnen und Experten diskutieren die notwendige Balance zwischen Flexibilit\u00e4t und Kontrolle bei Auftragsverarbeitungsvertr\u00e4gen f\u00fcr Standardsoftware und beleuchten die unsichtbare Gefahr des Credential Stuffings, die Unternehmen oft trifft, bevor sie \u00fcberhaupt reagieren k\u00f6nnen. Ein besonderer Fokus liegt zudem auf der Rolle der Datenschutzbeauftragten: Wie gelingt der Spagat zwischen gesetzlichen Anforderungen und praktischer Umsetzung im Alltag?<\/p>\n<p>Dar\u00fcber hinaus widmet sich die Tagung der Frage, welche KI-Tools im Unternehmenskontext verantwortungsvoll eingesetzt werden d\u00fcrfen. Abgerundet wird das Programm durch einen Ausblick auf die Standardisierung regulatorischer Anforderungen \u2013 von der heutigen Vielfalt und Verwirrung hin zu klaren, harmonisierten Vorgaben, die Orientierung und Sicherheit schaffen.<\/p>\n<p>Die Tagung bietet eine Plattform f\u00fcr Austausch, Wissenstransfer und praxisnahe Einblicke \u2013 damit Sie bestens ger\u00fcstet sind f\u00fcr die Herausforderungen im Spannungsfeld von Technologie, Regulierung und Sicherheit.<\/p>\n","protected":false},"author":25,"featured_media":0,"template":"","meta":{"_acf_changed":false,"_et_pb_use_builder":"on","_et_pb_old_content":"<h3><strong>Datenschutz, Cybersicherheit und Regulierung im Fokus<\/strong><\/h3>\r\nDie digitale Transformation bringt Unternehmen, Verwaltung und Gesellschaft in ein Spannungsfeld aus Chancen, Risiken und regulatorischen Anforderungen. Die neuste Ausgabe des Schulthess Forum Data Privacy greift aktuelle Fragestellungen auf, die Entscheidungstr\u00e4gerinnen und Entscheidungstr\u00e4ger heute bewegen: Welche Entwicklungen zeichnen sich beim Eidgen\u00f6ssischen Datenschutz- und \u00d6ffentlichkeitsbeauftragten ab? Wie gelingt es, Cybersicherheit im Spannungsfeld zwischen Sicherheit, Wirtschaftlichkeit und geopolitischen Herausforderungen zu verankern?\r\n\r\nDie Expertinnen und Experten diskutieren die notwendige Balance zwischen Flexibilit\u00e4t und Kontrolle bei Auftragsverarbeitungsvertr\u00e4gen f\u00fcr Standardsoftware und beleuchten die unsichtbare Gefahr des Credential Stuffings, die Unternehmen oft trifft, bevor sie \u00fcberhaupt reagieren k\u00f6nnen. Ein besonderer Fokus liegt zudem auf der Rolle der Datenschutzbeauftragten: Wie gelingt der Spagat zwischen gesetzlichen Anforderungen und praktischer Umsetzung im Alltag?\r\n\r\nDar\u00fcber hinaus widmet sich die Tagung der Frage, welche KI-Tools im Unternehmenskontext verantwortungsvoll eingesetzt werden d\u00fcrfen. Abgerundet wird das Programm durch einen Ausblick auf die Standardisierung regulatorischer Anforderungen \u2013 von der heutigen Vielfalt und Verwirrung hin zu klaren, harmonisierten Vorgaben, die Orientierung und Sicherheit schaffen.\r\n\r\nDie Tagung bietet eine Plattform f\u00fcr Austausch, Wissenstransfer und praxisnahe Einblicke \u2013 damit Sie bestens ger\u00fcstet sind f\u00fcr die Herausforderungen im Spannungsfeld von Technologie, Regulierung und Sicherheit.","_et_gb_content_width":""},"categories":[140,89],"tags":[],"product_brand":[],"product_cat":[229],"product_tag":[],"class_list":{"0":"post-33492","1":"product","2":"type-product","3":"status-publish","5":"category-tagung","6":"category-datenschutz","7":"product_cat-229","8":"pa_teilnahme-online-teilnahme","9":"pa_teilnahme-praesenzveranstaltung","11":"first","12":"instock","13":"taxable","14":"shipping-taxable","15":"purchasable","16":"product-type-variable"},"acf":[],"_links":{"self":[{"href":"https:\/\/www.schulthessforum.ch\/fr\/wp-json\/wp\/v2\/product\/33492","targetHints":{"allow":["GET"]}}],"collection":[{"href":"https:\/\/www.schulthessforum.ch\/fr\/wp-json\/wp\/v2\/product"}],"about":[{"href":"https:\/\/www.schulthessforum.ch\/fr\/wp-json\/wp\/v2\/types\/product"}],"author":[{"embeddable":true,"href":"https:\/\/www.schulthessforum.ch\/fr\/wp-json\/wp\/v2\/users\/25"}],"wp:attachment":[{"href":"https:\/\/www.schulthessforum.ch\/fr\/wp-json\/wp\/v2\/media?parent=33492"}],"wp:term":[{"taxonomy":"category","embeddable":true,"href":"https:\/\/www.schulthessforum.ch\/fr\/wp-json\/wp\/v2\/categories?post=33492"},{"taxonomy":"post_tag","embeddable":true,"href":"https:\/\/www.schulthessforum.ch\/fr\/wp-json\/wp\/v2\/tags?post=33492"},{"taxonomy":"product_brand","embeddable":true,"href":"https:\/\/www.schulthessforum.ch\/fr\/wp-json\/wp\/v2\/product_brand?post=33492"},{"taxonomy":"product_cat","embeddable":true,"href":"https:\/\/www.schulthessforum.ch\/fr\/wp-json\/wp\/v2\/product_cat?post=33492"},{"taxonomy":"product_tag","embeddable":true,"href":"https:\/\/www.schulthessforum.ch\/fr\/wp-json\/wp\/v2\/product_tag?post=33492"}],"curies":[{"name":"wp","href":"https:\/\/api.w.org\/{rel}","templated":true}]}}