{"id":34004,"date":"2025-10-07T15:26:41","date_gmt":"2025-10-07T13:26:41","guid":{"rendered":"https:\/\/www.schulthessforum.ch\/?post_type=product&#038;p=34004"},"modified":"2026-03-25T13:36:06","modified_gmt":"2026-03-25T12:36:06","slug":"zivilprozess","status":"publish","type":"product","link":"https:\/\/www.schulthessforum.ch\/zivilprozess\/","title":{"rendered":"Zivilprozess"},"content":{"rendered":"<p>[et_pb_section fb_built=\u00a0\u00bb1&Prime; disabled_on=\u00a0\u00bboff|off|off\u00a0\u00bb admin_label=\u00a0\u00bbAlert Content\u00a0\u00bb module_id=\u00a0\u00bbschulthess-header-alertbar-section\u00a0\u00bb _builder_version=\u00a0\u00bb4.19.4&Prime; _module_preset=\u00a0\u00bbdefault\u00a0\u00bb locked=\u00a0\u00bboff\u00a0\u00bb collapsed=\u00a0\u00bbon\u00a0\u00bb global_colors_info=\u00a0\u00bb{}\u00a0\u00bb][et_pb_row _builder_version=\u00a0\u00bb4.17.4&Prime; _module_preset=\u00a0\u00bbdefault\u00a0\u00bb global_colors_info=\u00a0\u00bb{}\u00a0\u00bb][et_pb_column type=\u00a0\u00bb4_4&Prime; _builder_version=\u00a0\u00bb4.17.4&Prime; _module_preset=\u00a0\u00bbdefault\u00a0\u00bb global_colors_info=\u00a0\u00bb{}\u00a0\u00bb][et_pb_code admin_label=\u00a0\u00bbCode (Alert) (ZU \u00c4NDERN IN %22HOME%22)\u00a0\u00bb module_class=\u00a0\u00bbschulthess-header-alertbar \u00a0\u00bb _builder_version=\u00a0\u00bb4.21.0&Prime; _module_preset=\u00a0\u00bbdefault\u00a0\u00bb locked=\u00a0\u00bboff\u00a0\u00bb global_colors_info=\u00a0\u00bb{}\u00a0\u00bb][\/et_pb_code][\/et_pb_column][\/et_pb_row][\/et_pb_section][et_pb_section fb_built=\u00a0\u00bb1&Prime; disabled_on=\u00a0\u00bboff|off|off\u00a0\u00bb admin_label=\u00a0\u00bbHeader &#8211; Content\u00a0\u00bb module_class=\u00a0\u00bbsf-product-header schulthess-hero\u00a0\u00bb _builder_version=\u00a0\u00bb4.20.2&Prime; _module_preset=\u00a0\u00bbdefault\u00a0\u00bb background_enable_color=\u00a0\u00bboff\u00a0\u00bb background_enable_image=\u00a0\u00bboff\u00a0\u00bb locked=\u00a0\u00bboff\u00a0\u00bb collapsed=\u00a0\u00bbon\u00a0\u00bb global_colors_info=\u00a0\u00bb{}\u00a0\u00bb][et_pb_row _builder_version=\u00a0\u00bb4.20.2&Prime; _module_preset=\u00a0\u00bbdefault\u00a0\u00bb global_colors_info=\u00a0\u00bb{}\u00a0\u00bb][et_pb_column type=\u00a0\u00bb4_4&Prime; _builder_version=\u00a0\u00bb4.20.2&Prime; _module_preset=\u00a0\u00bbdefault\u00a0\u00bb global_colors_info=\u00a0\u00bb{}\u00a0\u00bb][et_pb_text _builder_version=\u00a0\u00bb4.20.2&Prime; _module_preset=\u00a0\u00bbdefault\u00a0\u00bb global_colors_info=\u00a0\u00bb{}\u00a0\u00bb]<style>.et-db #et-boc .et-l .et_pb_section.sf-product-header.schulthess-hero{\n        background-color: #244566 !important;\n      }\n      .schulthess-hero h1 {\n        border-bottom: 3px solid #FFFFFFF !important;\n      }\n      .sf-product-header.schulthess-hero .weitereVaranstalerSchriftfarbe{\n        color: #FFFFFF !important;\n      }\n      .schulthess-hero .event-kategorie-date-headline.weitereVaranstalerSchriftfarbe,\n      .schulthess-hero .event-kategorie-date-headline.weitereVaranstalerSchriftfarbe a{\n        color: #FFFFFF !important;\n      }\n      .schulthess-hero .event-kategorie-date-headline.weitereVaranstalerSchriftfarbe a:hover,\n      .schulthess-hero .event-kategorie-date-headline.weitereVaranstalerSchriftfarbe a:focus,\n      .schulthess-hero .event-kategorie-date-headline.weitereVaranstalerSchriftfarbe a:active{\n        color: #8ac7ef !important;\n      }\n      .weitererVeranstalterLogoSubheadline{\n        width: 150px;\n        max-width: 100%;\n      }<\/style>\n\t <div class=\"et_pb_text_inner\"><h3 class=\"weitereVaranstalerSchriftfarbe\">Schulthess Forum<\/h3><\/div>\n\t <div class=\"et_pb_text_inner\"><h1 class=\"sf-product-title weitereVaranstalerSchriftfarbe\">Zivilprozess<\/h1><\/div>\n\t <div class=\"et_pb_text_inner\"><h2 class=\"sf-product-subheadline weitereVaranstalerSchriftfarbe\">Der Vergleich: M\u00f6glichkeiten, Grenzen und Praxistipps<\/h2><\/div>\n\t <div class=\"sf-product-catsDateLogos\"><span class=\"event-kategorie-date-headline weitereVaranstalerSchriftfarbe\">Zivilprozess | Tagungen | mardi, 24.02.2026<\/span><div class=\"sf-product-logos\"><\/div><\/div>[\/et_pb_text][\/et_pb_column][\/et_pb_row][\/et_pb_section][et_pb_section fb_built=\u00a0\u00bb1&Prime; specialty=\u00a0\u00bbon\u00a0\u00bb module_class_1=\u00a0\u00bbschulthess-product-main\u00a0\u00bb module_class_2=\u00a0\u00bbschulthess-product-sidebar\u00a0\u00bb admin_label=\u00a0\u00bbMain &#8211; Content\u00a0\u00bb module_id=\u00a0\u00bbschulthess-product-mainsection\u00a0\u00bb _builder_version=\u00a0\u00bb4.19.4&Prime; _module_preset=\u00a0\u00bbdefault\u00a0\u00bb collapsed=\u00a0\u00bboff\u00a0\u00bb global_colors_info=\u00a0\u00bb{}\u00a0\u00bb][et_pb_column type=\u00a0\u00bb3_4&Prime; specialty_columns=\u00a0\u00bb3&Prime; _builder_version=\u00a0\u00bb4.16&Prime; custom_padding=\u00a0\u00bb|||\u00a0\u00bb global_colors_info=\u00a0\u00bb{}\u00a0\u00bb custom_padding__hover=\u00a0\u00bb|||\u00a0\u00bb][et_pb_row_inner admin_label=\u00a0\u00bbMen\u00fc (Programm, Referierende, Fachinformation, Partner, Impressionen, Teilnehmerbereich)\u00a0\u00bb module_id=\u00a0\u00bbschulthess-product-subnavigation\u00a0\u00bb _builder_version=\u00a0\u00bb4.19.4&Prime; background_size=\u00a0\u00bbinitial\u00a0\u00bb background_position=\u00a0\u00bbtop_left\u00a0\u00bb background_repeat=\u00a0\u00bbrepeat\u00a0\u00bb locked=\u00a0\u00bboff\u00a0\u00bb collapsed=\u00a0\u00bbon\u00a0\u00bb global_colors_info=\u00a0\u00bb{}\u00a0\u00bb][et_pb_column_inner saved_specialty_column_type=\u00a0\u00bb3_4&Prime; _builder_version=\u00a0\u00bb4.17.3&Prime; _module_preset=\u00a0\u00bbdefault\u00a0\u00bb global_colors_info=\u00a0\u00bb{}\u00a0\u00bb][et_pb_menu menu_id=\u00a0\u00bb67&Prime; module_class=\u00a0\u00bbet_smooth_scroll_disabled\u00a0\u00bb _builder_version=\u00a0\u00bb4.17.4&Prime; _module_preset=\u00a0\u00bbdefault\u00a0\u00bb locked=\u00a0\u00bboff\u00a0\u00bb global_colors_info=\u00a0\u00bb{}\u00a0\u00bb][\/et_pb_menu][\/et_pb_column_inner][\/et_pb_row_inner][et_pb_row_inner admin_label=\u00a0\u00bbKurzbeschreibung (Inhalt kommt vom Main Event Content)\u00a0\u00bb module_class=\u00a0\u00bbsf-date-shorttext-row kurzbeschreibung-border-bottom\u00a0\u00bb _builder_version=\u00a0\u00bb4.19.4&Prime; _module_preset=\u00a0\u00bbdefault\u00a0\u00bb locked=\u00a0\u00bboff\u00a0\u00bb collapsed=\u00a0\u00bbon\u00a0\u00bb global_colors_info=\u00a0\u00bb{}\u00a0\u00bb][et_pb_column_inner saved_specialty_column_type=\u00a0\u00bb3_4&Prime; _builder_version=\u00a0\u00bb4.16&Prime; _module_preset=\u00a0\u00bbdefault\u00a0\u00bb global_colors_info=\u00a0\u00bb{}\u00a0\u00bb][et_pb_text admin_label=\u00a0\u00bbKurzbeschreibung\u00a0\u00bb _builder_version=\u00a0\u00bb4.19.4&Prime; _dynamic_attributes=\u00a0\u00bbcontent\u00a0\u00bb _module_preset=\u00a0\u00bbdefault\u00a0\u00bb locked=\u00a0\u00bboff\u00a0\u00bb global_colors_info=\u00a0\u00bb{}\u00a0\u00bb]@ET-DC@eyJkeW5hbWljIjp0cnVlLCJjb250ZW50IjoicHJvZHVjdF9zaG9ydF9kZXNjcmlwdGlvbiIsInNldHRpbmdzIjp7ImJlZm9yZSI6IiIsImFmdGVyIjoiIn19@[\/et_pb_text][\/et_pb_column_inner][\/et_pb_row_inner][et_pb_row_inner admin_label=\u00a0\u00bbProgramm (Ihr Vorteil, Zielpublikum, Kurzprogramm, Detailprogramm)\u00a0\u00bb _builder_version=\u00a0\u00bb4.22.1&Prime; _module_preset=\u00a0\u00bbdefault\u00a0\u00bb collapsed=\u00a0\u00bboff\u00a0\u00bb global_colors_info=\u00a0\u00bb{}\u00a0\u00bb][et_pb_column_inner saved_specialty_column_type=\u00a0\u00bb3_4&Prime; _builder_version=\u00a0\u00bb4.16&Prime; _module_preset=\u00a0\u00bbdefault\u00a0\u00bb global_colors_info=\u00a0\u00bb{}\u00a0\u00bb][et_pb_text admin_label=\u00a0\u00bbIhr Vorteil &#8211; Headline\u00a0\u00bb _builder_version=\u00a0\u00bb4.27.4&Prime; _module_preset=\u00a0\u00bbdefault\u00a0\u00bb locked=\u00a0\u00bboff\u00a0\u00bb global_colors_info=\u00a0\u00bb{}\u00a0\u00bb]<\/p>\n<h3>Ihre Vorteile<\/h3>\n<p>[\/et_pb_text][et_pb_text admin_label=\u00a0\u00bbIhr Vorteil &#8211; Liste\u00a0\u00bb module_class=\u00a0\u00bbprogramm-border-bottom\u00a0\u00bb _builder_version=\u00a0\u00bb4.27.4&Prime; _module_preset=\u00a0\u00bbdefault\u00a0\u00bb global_colors_info=\u00a0\u00bb{}\u00a0\u00bb]<\/p>\n<ul>\n<li>Sie bringen sich auf den neuesten Stand der aktuellen Rechtsprechung und Best Practice bei der Vergleichsredaktion.<\/li>\n<li>Sie profitieren vom fachlichen Austausch mit f\u00fchrenden Expertinnen und Experten, erweitern Ihr Netzwerk und erhalten praxisorientierte Empfehlungen.<\/li>\n<li>Sie gewinnen wertvolle Einblicke in die Gerichtspraxis und hinter die Kulissen.<\/li>\n<\/ul>\n<p>[\/et_pb_text][et_pb_text admin_label=\u00a0\u00bbZielpublikum &#8211; Headline\u00a0\u00bb _builder_version=\u00a0\u00bb4.19.4&Prime; _module_preset=\u00a0\u00bbdefault\u00a0\u00bb locked=\u00a0\u00bbon\u00a0\u00bb global_colors_info=\u00a0\u00bb{}\u00a0\u00bb]<\/p>\n<h3>Zielpublikum<\/h3>\n<p>[\/et_pb_text][et_pb_text admin_label=\u00a0\u00bbZielpublikum &#8211; Liste\u00a0\u00bb module_class=\u00a0\u00bbprogramm-border-bottom\u00a0\u00bb _builder_version=\u00a0\u00bb4.27.4&Prime; _module_preset=\u00a0\u00bbdefault\u00a0\u00bb global_colors_info=\u00a0\u00bb{}\u00a0\u00bb]<\/p>\n<ul>\n<li>Rechtsanw\u00e4ltinnen und Rechtsanw\u00e4lte<\/li>\n<li>Richterinnen und Richter, Gerichtsschreiberinnen und Gerichtsschreiber sowie Beh\u00f6rdenmitglieder<\/li>\n<li>Fach- und F\u00fchrungskr\u00e4fte aus den Bereichen Verm\u00f6gensverwaltung, Versicherung, Bank und Verwaltung<\/li>\n<li>Notarinnen und Notare<\/li>\n<li>Treuh\u00e4nderinnen und Treuh\u00e4nder<\/li>\n<\/ul>\n<p>[\/et_pb_text][et_pb_text admin_label=\u00a0\u00bbKurzprogramm &#8211; Headline\u00a0\u00bb module_id=\u00a0\u00bbschulthess-programm\u00a0\u00bb _builder_version=\u00a0\u00bb4.22.1&Prime; _module_preset=\u00a0\u00bbdefault\u00a0\u00bb locked=\u00a0\u00bbon\u00a0\u00bb global_colors_info=\u00a0\u00bb{}\u00a0\u00bb]<\/p>\n<h3>Kurzprogramm<\/h3>\n<p>[\/et_pb_text][et_pb_text admin_label=\u00a0\u00bbProgramm &#8211; Liste\u00a0\u00bb module_class=\u00a0\u00bbprogramm-border-bottom\u00a0\u00bb _builder_version=\u00a0\u00bb4.27.4&Prime; _module_preset=\u00a0\u00bbdefault\u00a0\u00bb global_colors_info=\u00a0\u00bb{}\u00a0\u00bb]<\/p>\n<ul>\n<li>Einf\u00fchrung zum Vergleich und zum Verhandeln \/ Die Sicht der Parteien und der Anwaltschaft<\/li>\n<li>Der Vergleich aus Sicht der Schlichtungsbeh\u00f6rde und des erstinstanzlichen Gerichts: Vorbereitung und Dynamik von Vergleichsverhandlungen sowie pers\u00f6nliche und rechtliche Einflussfaktoren<\/li>\n<li>Was man bei Vergleichsverhandlungen aus der Mediation lernen kann<\/li>\n<li>Die Rolle des Gerichts bei gerichtlichen Vergleichen sowie Empfehlungen aus der Gerichtspraxis eines Richters am Handelsgericht<\/li>\n<li>Vergleiche im Schiedsverfahren: Chancen, Risiken und Besonderheiten<\/li>\n<li>Steuerliche Stolpersteine beim Vergleich<\/li>\n<li>Urteile und Vergleiche: Die Vollstreckung l\u00e4sst gr\u00fcssen!<\/li>\n<\/ul>\n<p>[\/et_pb_text][et_pb_toggle title=\u00a0\u00bbDetailprogramm \u00f6ffnen\u00a0\u00bb open_toggle_background_color=\u00a0\u00bb#f7f7f7&Prime; closed_toggle_background_color=\u00a0\u00bb#f7f7f7&Prime; icon_color=\u00a0\u00bb#8ac7ef\u00a0\u00bb toggle_icon=\u00a0\u00bb&#x33;||divi||400&Prime; open_icon_color=\u00a0\u00bb#000000&Prime; open_toggle_icon=\u00a0\u00bb&#x32;||divi||400&Prime; disabled_on=\u00a0\u00bbon|on|on\u00a0\u00bb admin_label=\u00a0\u00bbProgramm &#8211; Detail\u00a0\u00bb module_id=\u00a0\u00bbprogramm-detail\u00a0\u00bb _builder_version=\u00a0\u00bb4.19.4&Prime; _module_preset=\u00a0\u00bbdefault\u00a0\u00bb title_level=\u00a0\u00bbh3&Prime; text_orientation=\u00a0\u00bbleft\u00a0\u00bb disabled=\u00a0\u00bbon\u00a0\u00bb global_colors_info=\u00a0\u00bb{}\u00a0\u00bb]<\/p>\n<table>\n<tbody>\n<tr>\n<td>XX.XX Uhr<\/td>\n<td>\n<h5>Art<\/h5>\n<h4 class=\"sf-h4\">Programmpunkt 1<\/h4>\n<p>Person<\/td>\n<\/tr>\n<tr>\n<td>XX.XX Uhr<\/td>\n<td>\n<h5>Art<\/h5>\n<h4 class=\"sf-h4\">Programmpunkt 2<\/h4>\n<p>Person<\/p>\n<ul>\n<li>Punkt 1<\/li>\n<li>Punkt 2<\/li>\n<li>Punkt 3<\/li>\n<\/ul>\n<\/td>\n<\/tr>\n<tr>\n<td>XX.XX Uhr<\/td>\n<td>\n<h5>Art<\/h5>\n<h4 class=\"sf-h4\">Programmpunkt 3<\/h4>\n<p>Person<\/td>\n<\/tr>\n<\/tbody>\n<\/table>\n<p>[\/et_pb_toggle][sfdm_event_program_list use_switcher=\u00a0\u00bboff\u00a0\u00bb disabled_on=\u00a0\u00bboff|off|off\u00a0\u00bb admin_label=\u00a0\u00bbProgramm &#8211; Detail Neu\u00a0\u00bb _builder_version=\u00a0\u00bb4.27.4&Prime; _module_preset=\u00a0\u00bbdefault\u00a0\u00bb locked=\u00a0\u00bboff\u00a0\u00bb global_colors_info=\u00a0\u00bb{}\u00a0\u00bb][sfdm_event_program_list_item backend_title=\u00a0\u00bb08:30 &#8211; 09:00 Registrierung und Begr\u00fcssungskaffee \u00a0\u00bb subtitle=\u00a0\u00bb08:30 &#8211; 09:00 Registrierung und Begr\u00fcssungskaffee \u00a0\u00bb type=\u00a0\u00bbbreak\u00a0\u00bb _builder_version=\u00a0\u00bb4.27.4&Prime; _module_preset=\u00a0\u00bbdefault\u00a0\u00bb global_colors_info=\u00a0\u00bb{}\u00a0\u00bb][\/sfdm_event_program_list_item][sfdm_event_program_list_item backend_title=\u00a0\u00bb09:00 &#8211; 09:05 Begr\u00fcssung durch die Tagungsleitung\u00a0\u00bb title=\u00a0\u00bbBegr\u00fcssung durch die Tagungsleitung\u00a0\u00bb start_time=\u00a0\u00bb09:00&Prime; end_time=\u00a0\u00bb09:05&Prime; speakers=\u00a0\u00bb<\/p>\n<p>Roxana Bollinger-B\u00e4r<\/p>\n<p>\u00a0\u00bb _builder_version=\u00a0\u00bb4.27.4&Prime; _module_preset=\u00a0\u00bbdefault\u00a0\u00bb global_colors_info=\u00a0\u00bb{}\u00a0\u00bb][\/sfdm_event_program_list_item][sfdm_event_program_list_item backend_title=\u00a0\u00bb09:05 &#8211; 09:50 Einf\u00fchrung zum Vergleich und zum Verhandeln \/ Die Sicht der Parteien und der Anwaltschaft\u00a0\u00bb title=\u00a0\u00bbEinf\u00fchrung zum Vergleich und zum Verhandeln \/ Die Sicht der Parteien und der Anwaltschaft\u00a0\u00bb subtitle=\u00a0\u00bbKeynote\u00a0\u00bb start_time=\u00a0\u00bb09:05&Prime; end_time=\u00a0\u00bb09:50&Prime; speakers=\u00a0\u00bb<\/p>\n<p>Dr. Urs Egli<\/p>\n<p>\u00a0\u00bb _builder_version=\u00a0\u00bb4.27.4&Prime; _module_preset=\u00a0\u00bbdefault\u00a0\u00bb global_colors_info=\u00a0\u00bb{}\u00a0\u00bb]<\/p>\n<ul>\n<li>Die Bedeutung des Vergleichs im schweizerischen Zivilprozess<\/li>\n<li>Vom Richter zum Schlichter und wieder zur\u00fcck: Der richterliche Rollenwechsel in der Wahrnehmung der Parteien und ihrer Anw\u00e4lte, Vorstellung des BGer 4A_237\/2025 vom 4.8.2025 zum Ausstand nach einer gerichtlichen Prozesschancenbeurteilung<\/li>\n<li>Verhandlungstaktik der Anwaltschaft in der gerichtlichen Vergleichsverhandlung<\/li>\n<\/ul>\n<p>[\/sfdm_event_program_list_item][sfdm_event_program_list_item backend_title=\u00a0\u00bb09:50 &#8211; 10:35 Der Vergleich aus Sicht der Schlichtungsbeh\u00f6rde und des erstinstanzlichen Gerichts: Vorbereitung und Dynamik von Vergleichsverhandlungen sowie pers\u00f6nliche und rechtliche Einflussfaktoren\u00a0\u00bb title=\u00a0\u00bbDer Vergleich aus Sicht der Schlichtungsbeh\u00f6rde und des erstinstanzlichen Gerichts: Vorbereitung und Dynamik von Vergleichsverhandlungen sowie pers\u00f6nliche und rechtliche Einflussfaktoren\u00a0\u00bb subtitle=\u00a0\u00bbReferat\u00a0\u00bb start_time=\u00a0\u00bb09:50&Prime; end_time=\u00a0\u00bb10:35&Prime; speakers=\u00a0\u00bb<\/p>\n<p>Dr. Eva Bachofner<\/p>\n<p>\u00a0\u00bb _builder_version=\u00a0\u00bb4.27.4&Prime; _module_preset=\u00a0\u00bbdefault\u00a0\u00bb global_colors_info=\u00a0\u00bb{}\u00a0\u00bb]<\/p>\n<ul>\n<li>Je nach Verfahrensart und Materie bestehen unterschiedliche Rahmenbedingungen f\u00fcr Vergleichsverhandlungen. Wie unterscheiden sich die Dynamik und Zielsetzung von Gespr\u00e4chen vor der Schlichtungsbeh\u00f6rde gegen\u00fcber jenigen im Gerichtsverfahren? Wie wirken sich beispielsweise die Besonderheiten des mietrechtlichen Schlichtungsverfahrens gegen\u00fcber dem \u00abnormalen\u00bb Schlichtungsverfahren aus? Und welche zus\u00e4tzlichen Herausforderungen bzw. M\u00f6glichkeiten ergeben sich im familienrechtlichen Kontext?<\/li>\n<li>Einfluss der gesetzten Rahmenbedingungen: Welche Wirkung haben Faktoren wie Zeitpunkt, R\u00e4umlichkeit, Zusammensetzung der anwesenden Personen auf Vergleichsverhandlungen \u2013 und wie kann man sich als Beteiligter optimal auf eine Vergleichsverhandlung vorbereiten?<\/li>\n<li>Wie ist mit einer Rollenverschiebung der gerichtlichen Akteure im Verlauf des Verfahrens umzugehen: Vom Schlichter zum Richter (und wieder zur\u00fcck?)<\/li>\n<\/ul>\n<p>[\/sfdm_event_program_list_item][sfdm_event_program_list_item backend_title=\u00a0\u00bb10:35 &#8211; 11:00 Kaffeepause\u00a0\u00bb subtitle=\u00a0\u00bb10:35 \u2013 11:00 Kaffeepause\u00a0\u00bb type=\u00a0\u00bbbreak\u00a0\u00bb _builder_version=\u00a0\u00bb4.27.4&Prime; _module_preset=\u00a0\u00bbdefault\u00a0\u00bb global_colors_info=\u00a0\u00bb{}\u00a0\u00bb][\/sfdm_event_program_list_item][sfdm_event_program_list_item backend_title=\u00a0\u00bb11:00 &#8211; 11:45 Was man bei Vergleichsverhandlungen aus der Mediation lernen kann \u00a0\u00bb title=\u00a0\u00bbWas man bei Vergleichsverhandlungen aus der Mediation lernen kann \u00a0\u00bb subtitle=\u00a0\u00bbReferat\u00a0\u00bb start_time=\u00a0\u00bb11:00&Prime; end_time=\u00a0\u00bb11:45&Prime; speakers=\u00a0\u00bb<\/p>\n<p>Prof. Dr. Daniel Girsberger<\/p>\n<p>\u00a0\u00bb _builder_version=\u00a0\u00bb4.27.4&Prime; _module_preset=\u00a0\u00bbdefault\u00a0\u00bb global_colors_info=\u00a0\u00bb{}\u00a0\u00bb]<\/p>\n<ul>\n<li>J\u00e4hrlich werden in der Schweiz hunderte Juristinnen und Juristen zu Mediatorinnen und Mediatoren ausgebildet.<\/li>\n<li>Die Mediation und mediative Techniken haben in famili\u00e4ren Konflikten eine wichtige Rolle. In Wirtschaftskonflikten dagegen hat die Mediation bisher nur zaghaft Fuss gefasst.<\/li>\n<li>Weshalb ist das so, und welcher Nutzen l\u00e4sst sich aus den mediativen Techniken f\u00fcr Vergleichsverhandlungen vor Gerichten, Schlichtungsbeh\u00f6rden und Schiedsgerichte ziehen?<\/li>\n<\/ul>\n<p>[\/sfdm_event_program_list_item][sfdm_event_program_list_item backend_title=\u00a0\u00bb11:45 &#8211; 12:30 Die Rolle des Gerichts bei gerichtlichen Vergleichen sowie Empfehlungen aus der Gerichtspraxis eines Richters am Handelsgericht\u00a0\u00bb title=\u00a0\u00bbDie Rolle des Gerichts bei gerichtlichen Vergleichen sowie Empfehlungen aus der Gerichtspraxis eines Richters am Handelsgericht\u00a0\u00bb subtitle=\u00a0\u00bbReferat\u00a0\u00bb start_time=\u00a0\u00bb11:45&Prime; end_time=\u00a0\u00bb12:30&Prime; speakers=\u00a0\u00bb<\/p>\n<p>Roland Schmid<\/p>\n<p>\u00a0\u00bb _builder_version=\u00a0\u00bb4.27.4&Prime; _module_preset=\u00a0\u00bbdefault\u00a0\u00bb global_colors_info=\u00a0\u00bb{}\u00a0\u00bb]<\/p>\n<ul>\n<li>Das Ziel der Vergleichsverhandlung ist ein Vergleich: Was hilft, dieses Ziel zu erreichen?<\/li>\n<li>Welche Do\u2019s and Don\u2019ts sind in einer Vergleichsverhandlung zu beachten?<\/li>\n<li>Wie soll bei scheiternden Vergleichsgespr\u00e4chen vorgegangen werden? Wie k\u00f6nnen Blockaden gel\u00f6st werden?<\/li>\n<\/ul>\n<p>[\/sfdm_event_program_list_item][sfdm_event_program_list_item backend_title=\u00a0\u00bb12:30 &#8211; 13:30 Mittagspause\u00a0\u00bb subtitle=\u00a0\u00bb12:30 &#8211; 13:30 Mittagessen\u00a0\u00bb type=\u00a0\u00bbbreak\u00a0\u00bb _builder_version=\u00a0\u00bb4.27.4&Prime; _module_preset=\u00a0\u00bbdefault\u00a0\u00bb global_colors_info=\u00a0\u00bb{}\u00a0\u00bb][\/sfdm_event_program_list_item][sfdm_event_program_list_item backend_title=\u00a0\u00bb13:30 &#8211; 14:05 Panel\u00a0\u00bb title=\u00a0\u00bbPanel\u00a0\u00bb start_time=\u00a0\u00bb13:30&Prime; end_time=\u00a0\u00bb14:05&Prime; speakers=\u00a0\u00bb<\/p>\n<p>Nadja Jaisli Kull und Roland Schmid, moderiert von Roxana Bollinger-B\u00e4r<\/p>\n<p>\u00a0\u00bb _builder_version=\u00a0\u00bb4.27.4&Prime; _module_preset=\u00a0\u00bbdefault\u00a0\u00bb global_colors_info=\u00a0\u00bb{}\u00a0\u00bb][\/sfdm_event_program_list_item][sfdm_event_program_list_item backend_title=\u00a0\u00bb14:05 &#8211; 14:50 Vergleiche im Schiedsverfahren: Chancen, Risiken und Besonderheiten\u00a0\u00bb title=\u00a0\u00bbVergleiche im Schiedsverfahren: Chancen, Risiken und Besonderheiten\u00a0\u00bb subtitle=\u00a0\u00bbReferat\u00a0\u00bb start_time=\u00a0\u00bb14:05&Prime; end_time=\u00a0\u00bb14:50&Prime; speakers=\u00a0\u00bb<\/p>\n<p>Nadja Jaisli Kull<\/p>\n<p>\u00a0\u00bb _builder_version=\u00a0\u00bb4.27.4&Prime; _module_preset=\u00a0\u00bbdefault\u00a0\u00bb global_colors_info=\u00a0\u00bb{}\u00a0\u00bb]<\/p>\n<ul>\n<li>Grenzen, Risiken und Fallstricke beim Vergleich im Schiedsverfahren unter Hervorhebung der Unterschiede zum staatlichen Verfahren<\/li>\n<li>Praxisnahe Empfehlungen aus der Anwalts- und Schiedsrichterpraxis zu Timing, Redaktion und Umsetzung von Vergleichen<\/li>\n<li>Chancen und Mehrwert des Vergleichs im Schiedsverfahren unter Ber\u00fccksichtigung von Kostenaspekten und Verfahrenseffizienz<\/li>\n<\/ul>\n<p>[\/sfdm_event_program_list_item][sfdm_event_program_list_item backend_title=\u00a0\u00bb14:50 &#8211; 15:20 Kaffeepause\u00a0\u00bb subtitle=\u00a0\u00bb14:50 &#8211; 15:20 Kaffeepause\u00a0\u00bb type=\u00a0\u00bbbreak\u00a0\u00bb _builder_version=\u00a0\u00bb4.27.4&Prime; _module_preset=\u00a0\u00bbdefault\u00a0\u00bb global_colors_info=\u00a0\u00bb{}\u00a0\u00bb][\/sfdm_event_program_list_item][sfdm_event_program_list_item backend_title=\u00a0\u00bb15:20 &#8211; 16:05 Steuerliche Stolpersteine beim Vergleich\u00a0\u00bb title=\u00a0\u00bbSteuerliche Stolpersteine beim Vergleich\u00a0\u00bb subtitle=\u00a0\u00bbReferat\u00a0\u00bb start_time=\u00a0\u00bb15:20&Prime; end_time=\u00a0\u00bb16:05&Prime; speakers=\u00a0\u00bb<\/p>\n<p>Michael Fischer<\/p>\n<p>\u00a0\u00bb _builder_version=\u00a0\u00bb4.27.4&Prime; _module_preset=\u00a0\u00bbdefault\u00a0\u00bb global_colors_info=\u00a0\u00bb{}\u00a0\u00bb]<\/p>\n<ul>\n<li>Querschenkung bei der Erbteilung \u2013 der Klassiker<\/li>\n<li>Arbeitsrecht: Bonuszahlung nach T\u00e4tigkeit in mehreren L\u00e4ndern<\/li>\n<li>Vergleichszahlung \u2013 inkl. oder zzgl. MWST?<\/li>\n<\/ul>\n<p>[\/sfdm_event_program_list_item][sfdm_event_program_list_item backend_title=\u00a0\u00bb16:05 &#8211; 16:50 Urteile und Vergleiche: Die Vollstreckung l\u00e4sst gr\u00fcssen!\u00a0\u00bb title=\u00a0\u00bbUrteile und Vergleiche: Die Vollstreckung l\u00e4sst gr\u00fcssen!\u00a0\u00bb subtitle=\u00a0\u00bbReferat\u00a0\u00bb start_time=\u00a0\u00bb16:05&Prime; end_time=\u00a0\u00bb16:50&Prime; speakers=\u00a0\u00bb<\/p>\n<p>Felix C. Meier-Dieterle<\/p>\n<p>\u00a0\u00bb _builder_version=\u00a0\u00bb4.27.4&Prime; _module_preset=\u00a0\u00bbdefault\u00a0\u00bb global_colors_info=\u00a0\u00bb{}\u00a0\u00bb]<\/p>\n<ul>\n<li>Vom Rechtsbegehren \u00fcber den Vergleich zum Urteilsdispositiv.\u00a0<\/li>\n<li>Vergleichsabschluss trotz fehlender Vollstreckbarkeit?<\/li>\n<li>Aussergerichtlicher Vergleich: Ersatz eines Prozesses und\/oder Vollstreckungsvorbereitung?<\/li>\n<\/ul>\n<p>[\/sfdm_event_program_list_item][sfdm_event_program_list_item backend_title=\u00a0\u00bb16:50 &#8211; 17:00 Abschliessende Frage- und Diskussionsrunde + Fazit\u00a0\u00bb title=\u00a0\u00bbAbschliessende Frage- und Diskussionsrunde und Fazit\u00a0\u00bb start_time=\u00a0\u00bb16:50&Prime; end_time=\u00a0\u00bb17:00&Prime; speakers=\u00a0\u00bb<\/p>\n<p>Roxana Bollinger-B\u00e4r<\/p>\n<p>\u00a0\u00bb _builder_version=\u00a0\u00bb4.27.4&Prime; _module_preset=\u00a0\u00bbdefault\u00a0\u00bb global_colors_info=\u00a0\u00bb{}\u00a0\u00bb][\/sfdm_event_program_list_item][\/sfdm_event_program_list][\/et_pb_column_inner][\/et_pb_row_inner][et_pb_row_inner disabled_on=\u00a0\u00bbon|on|on\u00a0\u00bb admin_label=\u00a0\u00bbAnzeigen (Mobile)\u00a0\u00bb _builder_version=\u00a0\u00bb4.17.4&Prime; _module_preset=\u00a0\u00bbdefault\u00a0\u00bb disabled=\u00a0\u00bbon\u00a0\u00bb locked=\u00a0\u00bboff\u00a0\u00bb collapsed=\u00a0\u00bbon\u00a0\u00bb global_colors_info=\u00a0\u00bb{}\u00a0\u00bb][et_pb_column_inner saved_specialty_column_type=\u00a0\u00bb3_4&Prime; _builder_version=\u00a0\u00bb4.17.4&Prime; _module_preset=\u00a0\u00bbdefault\u00a0\u00bb global_colors_info=\u00a0\u00bb{}\u00a0\u00bb][et_pb_code disabled_on=\u00a0\u00bboff|off|on\u00a0\u00bb admin_label=\u00a0\u00bbAnzeige(n) (MOBILE)\u00a0\u00bb module_class=\u00a0\u00bbschulthess_product_ads\u00a0\u00bb _builder_version=\u00a0\u00bb4.17.4&Prime; _module_preset=\u00a0\u00bbdefault\u00a0\u00bb locked=\u00a0\u00bboff\u00a0\u00bb global_colors_info=\u00a0\u00bb{}\u00a0\u00bb][\/et_pb_code][\/et_pb_column_inner][\/et_pb_row_inner][et_pb_row_inner admin_label=\u00a0\u00bbReferenten\u00a0\u00bb module_id=\u00a0\u00bbschulthess-referierende\u00a0\u00bb module_class=\u00a0\u00bbschulthess-referenten-slider\u00a0\u00bb _builder_version=\u00a0\u00bb4.22.1&Prime; _module_preset=\u00a0\u00bbdefault\u00a0\u00bb collapsed=\u00a0\u00bbon\u00a0\u00bb global_colors_info=\u00a0\u00bb{}\u00a0\u00bb][et_pb_column_inner saved_specialty_column_type=\u00a0\u00bb3_4&Prime; _builder_version=\u00a0\u00bb4.16&Prime; _module_preset=\u00a0\u00bbdefault\u00a0\u00bb global_colors_info=\u00a0\u00bb{}\u00a0\u00bb][et_pb_text admin_label=\u00a0\u00bbHeadline\u00a0\u00bb module_class=\u00a0\u00bbsf-h3 schulthess-product-speaker-headline-wrapper\u00a0\u00bb _builder_version=\u00a0\u00bb4.19.5&Prime; _module_preset=\u00a0\u00bbdefault\u00a0\u00bb locked=\u00a0\u00bbon\u00a0\u00bb global_colors_info=\u00a0\u00bb{}\u00a0\u00bb]<\/p>\n<h5>Referierende<\/h5>\n<p><!--div class=\"buttons\"><button class=\"grid icon_grid\"><span><\/span><\/button><button class=\"list icon_list\"><span><\/span><\/button><\/div-->[\/et_pb_text][et_pb_code _builder_version=\u00a0\u00bb4.19.5&Prime; _module_preset=\u00a0\u00bbdefault\u00a0\u00bb locked=\u00a0\u00bboff\u00a0\u00bb global_colors_info=\u00a0\u00bb{}\u00a0\u00bb]<div class=\"sf-speaker-slider\"><div class=\"uk-position-relative uk-visible-toggle uk-light\" tabindex=\"-1\"><ul class=\"uk-grid-small uk-child-width-1-4@s uk-child-width-1-4@m uk-child-width-1-4@l\" uk-grid uk-height-match=\"target: > li > .uk-card\">\n\n            <li>\n                <div class=\"uk-card uk-card-default\">\n                    <a href=\"#referent-28509\" uk-toggle>\n                    <div class=\"uk-card-media-top\">\n                        <img loading=\"lazy\" decoding=\"async\" width=\"200\" height=\"242\" src=\"https:\/\/www.schulthessforum.ch\/wp-content\/media\/Referenten\/Bollinger-Baer_Roxana_1025_200x242px.jpg\" class=\"attachment-schulthess_speaker size-schulthess_speaker wp-post-image\" alt=\"\" \/>\n                        <div class=\"uk-label referenten-tagesleitung\">Direction<\/div>\n                    <\/div>\n                    <div class=\"uk-card uk-card-body\">\n                        <h4 class=\"speaker-card-name cardslider-card-name\"> Roxana Bollinger-B\u00e4r<\/h4>\n                    <\/div>\n                    <\/a>\n                <\/div>\n            <\/li>\n            \n\n            <li>\n                <div class=\"uk-card uk-card-default\">\n                    <a href=\"#referent-35631\" uk-toggle>\n                    <div class=\"uk-card-media-top\">\n                        <img loading=\"lazy\" decoding=\"async\" width=\"200\" height=\"242\" src=\"https:\/\/www.schulthessforum.ch\/wp-content\/media\/Referenten\/A_dummy-female_1000x1210px-2-200x242.png\" class=\"attachment-schulthess_speaker size-schulthess_speaker wp-post-image\" alt=\"\" \/>\n                        \n                    <\/div>\n                    <div class=\"uk-card uk-card-body\">\n                        <h4 class=\"speaker-card-name cardslider-card-name\">Dr. Eva Bachofner<\/h4>\n                    <\/div>\n                    <\/a>\n                <\/div>\n            <\/li>\n            \n\n            <li>\n                <div class=\"uk-card uk-card-default\">\n                    <a href=\"#referent-34521\" uk-toggle>\n                    <div class=\"uk-card-media-top\">\n                        <img loading=\"lazy\" decoding=\"async\" width=\"200\" height=\"242\" src=\"https:\/\/www.schulthessforum.ch\/wp-content\/media\/Referenten\/Egli_Urs_200x242px-Neu.jpg\" class=\"attachment-schulthess_speaker size-schulthess_speaker wp-post-image\" alt=\"\" \/>\n                        \n                    <\/div>\n                    <div class=\"uk-card uk-card-body\">\n                        <h4 class=\"speaker-card-name cardslider-card-name\">Dr. Urs Egli<\/h4>\n                    <\/div>\n                    <\/a>\n                <\/div>\n            <\/li>\n            \n\n            <li>\n                <div class=\"uk-card uk-card-default\">\n                    <a href=\"#referent-23051\" uk-toggle>\n                    <div class=\"uk-card-media-top\">\n                        <img loading=\"lazy\" decoding=\"async\" width=\"200\" height=\"242\" src=\"https:\/\/www.schulthessforum.ch\/wp-content\/media\/Fischer_Michael_200x242-200x242.png\" class=\"attachment-schulthess_speaker size-schulthess_speaker wp-post-image\" alt=\"\" \/>\n                        \n                    <\/div>\n                    <div class=\"uk-card uk-card-body\">\n                        <h4 class=\"speaker-card-name cardslider-card-name\"> Michael Fischer<\/h4>\n                    <\/div>\n                    <\/a>\n                <\/div>\n            <\/li>\n            \n\n            <li>\n                <div class=\"uk-card uk-card-default\">\n                    <a href=\"#referent-34051\" uk-toggle>\n                    <div class=\"uk-card-media-top\">\n                        <img loading=\"lazy\" decoding=\"async\" width=\"200\" height=\"242\" src=\"https:\/\/www.schulthessforum.ch\/wp-content\/media\/Referenten\/Girsberger-Daniel_200x242px.jpg\" class=\"attachment-schulthess_speaker size-schulthess_speaker wp-post-image\" alt=\"\" \/>\n                        \n                    <\/div>\n                    <div class=\"uk-card uk-card-body\">\n                        <h4 class=\"speaker-card-name cardslider-card-name\">Prof. Dr. Daniel Girsberger<\/h4>\n                    <\/div>\n                    <\/a>\n                <\/div>\n            <\/li>\n            \n\n            <li>\n                <div class=\"uk-card uk-card-default\">\n                    <a href=\"#referent-34049\" uk-toggle>\n                    <div class=\"uk-card-media-top\">\n                        <img loading=\"lazy\" decoding=\"async\" width=\"200\" height=\"242\" src=\"https:\/\/www.schulthessforum.ch\/wp-content\/media\/Referenten\/Jaisli-Kull-Nadja_200x242px.jpg\" class=\"attachment-schulthess_speaker size-schulthess_speaker wp-post-image\" alt=\"\" \/>\n                        \n                    <\/div>\n                    <div class=\"uk-card uk-card-body\">\n                        <h4 class=\"speaker-card-name cardslider-card-name\"> Nadja Jaisli Kull<\/h4>\n                    <\/div>\n                    <\/a>\n                <\/div>\n            <\/li>\n            \n\n            <li>\n                <div class=\"uk-card uk-card-default\">\n                    <a href=\"#referent-34047\" uk-toggle>\n                    <div class=\"uk-card-media-top\">\n                        <img loading=\"lazy\" decoding=\"async\" width=\"200\" height=\"242\" src=\"https:\/\/www.schulthessforum.ch\/wp-content\/media\/Referenten\/Meier-Dieterle-Felix_200x242px.jpg\" class=\"attachment-schulthess_speaker size-schulthess_speaker wp-post-image\" alt=\"\" \/>\n                        \n                    <\/div>\n                    <div class=\"uk-card uk-card-body\">\n                        <h4 class=\"speaker-card-name cardslider-card-name\"> Felix C. Meier-Dieterle<\/h4>\n                    <\/div>\n                    <\/a>\n                <\/div>\n            <\/li>\n            \n\n            <li>\n                <div class=\"uk-card uk-card-default\">\n                    <a href=\"#referent-34075\" uk-toggle>\n                    <div class=\"uk-card-media-top\">\n                        <img loading=\"lazy\" decoding=\"async\" width=\"200\" height=\"242\" src=\"https:\/\/www.schulthessforum.ch\/wp-content\/media\/Referenten\/Schmid_Roland_200x242px.jpg\" class=\"attachment-schulthess_speaker size-schulthess_speaker wp-post-image\" alt=\"\" \/>\n                        \n                    <\/div>\n                    <div class=\"uk-card uk-card-body\">\n                        <h4 class=\"speaker-card-name cardslider-card-name\"> Roland Schmid<\/h4>\n                    <\/div>\n                    <\/a>\n                <\/div>\n            <\/li>\n            <\/ul><\/div>\n        <div id=\"referent-28509\" class=\"referent-modal uk-flex-top\" uk-modal>\n            <div class=\"uk-modal-dialog uk-margin-auto-vertical\">\n                <button class=\"uk-modal-close-default\" type=\"button\" uk-close><\/button>\n                <div class=\"uk-grid-small\" uk-grid>\n                    <div class=\"uk-width-auto@m\">\n                        <div class=\"uk-card-badge uk-label referenten-tagesleitung\">Direction<\/div>\n                        <img loading=\"lazy\" decoding=\"async\" width=\"200\" height=\"242\" src=\"https:\/\/www.schulthessforum.ch\/wp-content\/media\/Referenten\/Bollinger-Baer_Roxana_1025_200x242px.jpg\" class=\"attachment-schulthess_speaker size-schulthess_speaker wp-post-image\" alt=\"\" \/>\n                    <\/div>\n                    <div class=\"uk-width-expand@m\">\n                        <h4 class=\"uk-modal-title\"> Roxana Bollinger-B\u00e4r<\/h4>\n                        <p class=\"referent-info\"><span class=\"referenten-position\">Rechtsanw\u00e4ltin, MLaw, LL.M., Senior Associate, <\/span> <span class=\"referenten-company\">CMS von Erlach Partners AG<\/span><\/p>\n                        <p class=\"referent-kurzbeschreibung\"><p>Roxana Bollinger-B\u00e4r ist als Rechtsanw\u00e4ltin bei CMS von Erlach Partners AG vornehmlich f\u00fcr Privatkunden, Unternehmensfamilien und Familienunternehmen, Banken, Family Offices und Stiftungen aus dem In- und Ausland t\u00e4tig. Sie ber\u00e4t Klienten vorwiegend im Bereich des Erbrechts und der Nachfolge, einschliesslich des G\u00fcterrechts, der Nachlassplanung und der Unternehmensnachfolge. Dar\u00fcber hinaus begleitet sie Klienten bei Wohnsitzverlegungen, Verm\u00f6gensstrukturierungen, Kunst-, Philanthropie-, Trust- und Stiftungsangelegenheiten. Sie ist sowohl beratend als auch prozessierend t\u00e4tig und publiziert sowie referiert regelm\u00e4ssig im Erb- und Zivilprozessrecht.<\/p>\n<\/p>\n                    <\/div>\n                <\/div>\n\n                <div class=\"uk-modal-footer card-arrows uk-text-right\">\n                    <button href=\"javascript:void(0);\" class=\"card-arrow-prev\" onclick=\"navigateReferent('prev', 34075);\"><\/button>\n                    <button href=\"javascript:void(0);\" class=\"card-arrow-next\" onclick=\"navigateReferent('next', 35631);\"><\/button>\n                <\/div>\n            <\/div>\n        <\/div>\n        \n        <div id=\"referent-35631\" class=\"referent-modal uk-flex-top\" uk-modal>\n            <div class=\"uk-modal-dialog uk-margin-auto-vertical\">\n                <button class=\"uk-modal-close-default\" type=\"button\" uk-close><\/button>\n                <div class=\"uk-grid-small\" uk-grid>\n                    <div class=\"uk-width-auto@m\">\n                        \n                        <img loading=\"lazy\" decoding=\"async\" width=\"200\" height=\"242\" src=\"https:\/\/www.schulthessforum.ch\/wp-content\/media\/Referenten\/A_dummy-female_1000x1210px-2-200x242.png\" class=\"attachment-schulthess_speaker size-schulthess_speaker wp-post-image\" alt=\"\" \/>\n                    <\/div>\n                    <div class=\"uk-width-expand@m\">\n                        <h4 class=\"uk-modal-title\">Dr. Eva Bachofner<\/h4>\n                        <p class=\"referent-info\"><span class=\"referenten-position\">Dr. iur., Advokatin, Ersatzvorsitzende der Staatlichen Schlichtungsstelle f\u00fcr Mietstreitigkeiten Basel-Stadt, Gerichtspr\u00e4sidentin,<\/span> <span class=\"referenten-company\">Zivilgericht Basel-Stadt<\/span><\/p>\n                        <p class=\"referent-kurzbeschreibung\"><p>Als Gerichtspr\u00e4sidentin am Zivilgericht Basel-Stadt leitet Eva Bachofner Vergleichsgespr\u00e4che in Schlichtungsverfahren, in familienrechtlichen Einigungsverhandlungen, in Instruktionsverhandlungen und Hauptverhandlungen zu allen zivilrechtlichen Gebieten, die in die Zust\u00e4ndigkeit der ersten Instanz fallen. Als Mitglied der Staatlichen Schlichtungsstelle ist sie zudem Teil der parit\u00e4tisch zusammengesetzten mietrechtlichen Schlichtungskommission. Sie ist Lehrbeauftragte an der Universit\u00e4t Bern und an der Universit\u00e4t Basel.<\/p>\n<\/p>\n                    <\/div>\n                <\/div>\n\n                <div class=\"uk-modal-footer card-arrows uk-text-right\">\n                    <button href=\"javascript:void(0);\" class=\"card-arrow-prev\" onclick=\"navigateReferent('prev', 28509);\"><\/button>\n                    <button href=\"javascript:void(0);\" class=\"card-arrow-next\" onclick=\"navigateReferent('next', 34521);\"><\/button>\n                <\/div>\n            <\/div>\n        <\/div>\n        \n        <div id=\"referent-34521\" class=\"referent-modal uk-flex-top\" uk-modal>\n            <div class=\"uk-modal-dialog uk-margin-auto-vertical\">\n                <button class=\"uk-modal-close-default\" type=\"button\" uk-close><\/button>\n                <div class=\"uk-grid-small\" uk-grid>\n                    <div class=\"uk-width-auto@m\">\n                        \n                        <img loading=\"lazy\" decoding=\"async\" width=\"200\" height=\"242\" src=\"https:\/\/www.schulthessforum.ch\/wp-content\/media\/Referenten\/Egli_Urs_200x242px-Neu.jpg\" class=\"attachment-schulthess_speaker size-schulthess_speaker wp-post-image\" alt=\"\" \/>\n                    <\/div>\n                    <div class=\"uk-width-expand@m\">\n                        <h4 class=\"uk-modal-title\">Dr. Urs Egli<\/h4>\n                        <p class=\"referent-info\"><span class=\"referenten-position\">Dr. iur. Rechtsanwalt, Berater und Organisationsentwickler, Partner bei <\/span> <span class=\"referenten-company\">Suter Howald Rechtsanw\u00e4lte AG<\/span><\/p>\n                        <p class=\"referent-kurzbeschreibung\"><p>Urs Egli ist anwaltlich im Bereich des Informatik-, Technologie- und Vertragsrecht t\u00e4tig. Er hat zahlreiche Vertragsverhandlungen und Gerichtsverfahren gef\u00fchrt und ist seit vielen Jahren auch als Referent in der Aus- und Weiterbildung engagiert; an der ZHAW, der Fachhochschule Nordwestschweiz, in Seminaren des WEKA-Verlags sowie im Studienlehrgang CAS \u00abJudikative\u00bb der Schweizerischen Richterakademie. In den Jahren 2019 und 2020 hat sich Urs Egli am IAP Institut f\u00fcr Angewandte Psychologie der ZHAW zum Organisationsentwickler, Coach und Mediator ausbilden lassen. Ausserhalb seiner anwaltlichen T\u00e4tigkeit bietet Urs Egli heute auch Beratungsleistungen zu den Soft Factors im Anwaltsberuf an.<\/p>\n<\/p>\n                    <\/div>\n                <\/div>\n\n                <div class=\"uk-modal-footer card-arrows uk-text-right\">\n                    <button href=\"javascript:void(0);\" class=\"card-arrow-prev\" onclick=\"navigateReferent('prev', 35631);\"><\/button>\n                    <button href=\"javascript:void(0);\" class=\"card-arrow-next\" onclick=\"navigateReferent('next', 23051);\"><\/button>\n                <\/div>\n            <\/div>\n        <\/div>\n        \n        <div id=\"referent-23051\" class=\"referent-modal uk-flex-top\" uk-modal>\n            <div class=\"uk-modal-dialog uk-margin-auto-vertical\">\n                <button class=\"uk-modal-close-default\" type=\"button\" uk-close><\/button>\n                <div class=\"uk-grid-small\" uk-grid>\n                    <div class=\"uk-width-auto@m\">\n                        \n                        <img loading=\"lazy\" decoding=\"async\" width=\"200\" height=\"242\" src=\"https:\/\/www.schulthessforum.ch\/wp-content\/media\/Fischer_Michael_200x242-200x242.png\" class=\"attachment-schulthess_speaker size-schulthess_speaker wp-post-image\" alt=\"\" \/>\n                    <\/div>\n                    <div class=\"uk-width-expand@m\">\n                        <h4 class=\"uk-modal-title\"> Michael Fischer<\/h4>\n                        <p class=\"referent-info\"><span class=\"referenten-position\">Rechtsanwalt, LL.M., Partner, dipl. Steuerexperte, TEP,\r\n<\/span> <span class=\"referenten-company\">Fischer Ramp Buchmann<\/span><\/p>\n                        <p class=\"referent-kurzbeschreibung\"><p>Michael Fischer, Rechtsanwalt in Z\u00fcrich, ber\u00e4t Privatpersonen in nationalen und internationalen Steuerangelegenheiten, in der Nachlassplanung und Verm\u00f6gensstrukturierung. Er ber\u00e4t ausl\u00e4ndische Anw\u00e4lte zu Schweizer Rechtsfragen und ist ein anerkannter Experte auf dem Gebiet der steuerlichen Behandlung von Trusts und anderen Strukturen. Weiter begleitet er Familienunternehmen und Family Offices in rechtlichen und steuerlichen Angelegenheiten. Er ist Mitglied des Verwaltungsrats von diversen Gesellschaften und des Vorstands von verschiedenen Kulturinstitutionen.<\/p>\n<\/p>\n                    <\/div>\n                <\/div>\n\n                <div class=\"uk-modal-footer card-arrows uk-text-right\">\n                    <button href=\"javascript:void(0);\" class=\"card-arrow-prev\" onclick=\"navigateReferent('prev', 34521);\"><\/button>\n                    <button href=\"javascript:void(0);\" class=\"card-arrow-next\" onclick=\"navigateReferent('next', 34051);\"><\/button>\n                <\/div>\n            <\/div>\n        <\/div>\n        \n        <div id=\"referent-34051\" class=\"referent-modal uk-flex-top\" uk-modal>\n            <div class=\"uk-modal-dialog uk-margin-auto-vertical\">\n                <button class=\"uk-modal-close-default\" type=\"button\" uk-close><\/button>\n                <div class=\"uk-grid-small\" uk-grid>\n                    <div class=\"uk-width-auto@m\">\n                        \n                        <img loading=\"lazy\" decoding=\"async\" width=\"200\" height=\"242\" src=\"https:\/\/www.schulthessforum.ch\/wp-content\/media\/Referenten\/Girsberger-Daniel_200x242px.jpg\" class=\"attachment-schulthess_speaker size-schulthess_speaker wp-post-image\" alt=\"\" \/>\n                    <\/div>\n                    <div class=\"uk-width-expand@m\">\n                        <h4 class=\"uk-modal-title\">Prof. Dr. Daniel Girsberger<\/h4>\n                        <p class=\"referent-info\"><span class=\"referenten-position\">Prof. Dr. iur., LL.M., Rechtsanwalt, Mediator SAV\/SKWM,\r\nKonsulent bei Kaufmann R\u00fcedi Rechtsanw\u00e4lte AG, Ordinarius an der rechtswissenschaftlichen Fakult\u00e4t der <\/span> <span class=\"referenten-company\">Universit\u00e4t Luzern<\/span><\/p>\n                        <p class=\"referent-kurzbeschreibung\"><p>Daniel Girsberger ist Ordentlicher Professor (Ordinarius) f\u00fcr Schweizerisches und Internationales Privat-, Wirtschafts- und Verfahrensrecht sowie Privatrechtsvergleichung an der Rechtswissenschaftlichen Fakult\u00e4t der Universit\u00e4t Luzern. Das Schwergewicht seiner Forschungsinteressen und seiner Publikationen liegt in der Streitbeilegung, namentlich der nationalen und internationalen Schiedsgerichtsbarkeit und der Mediation, sowie im internationalen Wirtschaftsprivatrecht. Daniel Girsberger ist ausgebildeter Mediator SAV und SKWM und Jurymitglied des Schweizerischen Dachverbandes f\u00fcr Mediation (FSM) f\u00fcr die Vergabe von dessen Preis f\u00fcr Unternehmen und Organisationen. In der Praxis ist Daniel Girsberger vor allem als internationaler Schiedsrichter, Gutachter und Wirtschaftsmediator aktiv.<\/p>\n<\/p>\n                    <\/div>\n                <\/div>\n\n                <div class=\"uk-modal-footer card-arrows uk-text-right\">\n                    <button href=\"javascript:void(0);\" class=\"card-arrow-prev\" onclick=\"navigateReferent('prev', 23051);\"><\/button>\n                    <button href=\"javascript:void(0);\" class=\"card-arrow-next\" onclick=\"navigateReferent('next', 34049);\"><\/button>\n                <\/div>\n            <\/div>\n        <\/div>\n        \n        <div id=\"referent-34049\" class=\"referent-modal uk-flex-top\" uk-modal>\n            <div class=\"uk-modal-dialog uk-margin-auto-vertical\">\n                <button class=\"uk-modal-close-default\" type=\"button\" uk-close><\/button>\n                <div class=\"uk-grid-small\" uk-grid>\n                    <div class=\"uk-width-auto@m\">\n                        \n                        <img loading=\"lazy\" decoding=\"async\" width=\"200\" height=\"242\" src=\"https:\/\/www.schulthessforum.ch\/wp-content\/media\/Referenten\/Jaisli-Kull-Nadja_200x242px.jpg\" class=\"attachment-schulthess_speaker size-schulthess_speaker wp-post-image\" alt=\"\" \/>\n                    <\/div>\n                    <div class=\"uk-width-expand@m\">\n                        <h4 class=\"uk-modal-title\"> Nadja Jaisli Kull<\/h4>\n                        <p class=\"referent-info\"><span class=\"referenten-position\">Rechtsanw\u00e4ltin, LL.M., Partnerin,<\/span> <span class=\"referenten-company\">B\u00e4r & Karrer AG<\/span><\/p>\n                        <p class=\"referent-kurzbeschreibung\"><p>Nadja Jaisli ist Co-Leiterin der Schiedsgerichtspraxis bei B\u00e4r &amp; Karrer und befasst sich vorwiegend mit internationalen Schiedsverfahren und der Prozessf\u00fchrung vor Schweizer Gerichten. Besondere Erfahrung hat Nadja Jaisli in den Bereichen Banken und Finanzdienstleistungen, Pharma und Bauwesen, und sie f\u00fchrt regelm\u00e4ssig komplexe Verfahren in Bezug auf M&amp;A-Transaktionen, Joint Ventures und Aktion\u00e4rbindungsvertr\u00e4ge, Lizenz- und Liefervertr\u00e4ge sowie erbrechtliche Streitigkeiten. Neben ihrer T\u00e4tigkeit als Parteivertreterin ist Nadja Jaisli als Schiedsrichterin in internationalen Schiedsverfahren t\u00e4tig.<\/p>\n<p>Nadja Jaisli ist Mitglied der ICC Commission und Vizepr\u00e4sidentin der ICC Swiss Commission on Arbitration and ADR sowie Mitglied des Swiss Nomination Committee, welches dem ICC Schiedsgerichtshof in Paris Schiedsrichterkandidatinnen und -kandidaten vorschl\u00e4gt. Sie ist zudem Mitglied des Vorstands der Schweizerischen Vereinigung f\u00fcr Schiedsgerichtsbarkeit (ASA) und h\u00e4lt regelm\u00e4ssig Vortr\u00e4ge und publiziert im Bereich der internationalen Streitbeilegung. Sie ist in Chambers Global und Chambers Europe, Legal 500 sowie Lexology (fr\u00fcher Who&rsquo;s Who Legal) f\u00fcr die Bereiche Litigation und Arbitration gelistet. In den Jahren 2021 und 2022 wurde Nadja Jaisli mit dem Europe Women in Business Law Award als \u00ab\u00a0Commercial Arbitration Lawyer of the Year\u00a0\u00bb ausgezeichnet.<\/p>\n<\/p>\n                    <\/div>\n                <\/div>\n\n                <div class=\"uk-modal-footer card-arrows uk-text-right\">\n                    <button href=\"javascript:void(0);\" class=\"card-arrow-prev\" onclick=\"navigateReferent('prev', 34051);\"><\/button>\n                    <button href=\"javascript:void(0);\" class=\"card-arrow-next\" onclick=\"navigateReferent('next', 34047);\"><\/button>\n                <\/div>\n            <\/div>\n        <\/div>\n        \n        <div id=\"referent-34047\" class=\"referent-modal uk-flex-top\" uk-modal>\n            <div class=\"uk-modal-dialog uk-margin-auto-vertical\">\n                <button class=\"uk-modal-close-default\" type=\"button\" uk-close><\/button>\n                <div class=\"uk-grid-small\" uk-grid>\n                    <div class=\"uk-width-auto@m\">\n                        \n                        <img loading=\"lazy\" decoding=\"async\" width=\"200\" height=\"242\" src=\"https:\/\/www.schulthessforum.ch\/wp-content\/media\/Referenten\/Meier-Dieterle-Felix_200x242px.jpg\" class=\"attachment-schulthess_speaker size-schulthess_speaker wp-post-image\" alt=\"\" \/>\n                    <\/div>\n                    <div class=\"uk-width-expand@m\">\n                        <h4 class=\"uk-modal-title\"> Felix C. Meier-Dieterle<\/h4>\n                        <p class=\"referent-info\"><span class=\"referenten-position\">Rechtsanwalt, Partner,<\/span> <span class=\"referenten-company\">VISCHER AG<\/span><\/p>\n                        <p class=\"referent-kurzbeschreibung\"><p>Felix C. Meier-Dieterle befasst sich als ehemaliger Richter am Bezirksgericht Z\u00fcrich schwerpunktm\u00e4ssig mit Zwangsvollstreckungen, Zivilprozessen und Insolvenzverfahren. Er unterh\u00e4lt die know-how Datenbank <a href=\"http:\/\/www.arrestpraxis.ch\/\" target=\"_blank\" rel=\"noopener\">www.arrestpraxis.ch<\/a>\u00a0und publiziert und\u00a0referiert regelm\u00e4ssig zu Arrest-Themen.<\/p>\n<\/p>\n                    <\/div>\n                <\/div>\n\n                <div class=\"uk-modal-footer card-arrows uk-text-right\">\n                    <button href=\"javascript:void(0);\" class=\"card-arrow-prev\" onclick=\"navigateReferent('prev', 34049);\"><\/button>\n                    <button href=\"javascript:void(0);\" class=\"card-arrow-next\" onclick=\"navigateReferent('next', 34075);\"><\/button>\n                <\/div>\n            <\/div>\n        <\/div>\n        \n        <div id=\"referent-34075\" class=\"referent-modal uk-flex-top\" uk-modal>\n            <div class=\"uk-modal-dialog uk-margin-auto-vertical\">\n                <button class=\"uk-modal-close-default\" type=\"button\" uk-close><\/button>\n                <div class=\"uk-grid-small\" uk-grid>\n                    <div class=\"uk-width-auto@m\">\n                        \n                        <img loading=\"lazy\" decoding=\"async\" width=\"200\" height=\"242\" src=\"https:\/\/www.schulthessforum.ch\/wp-content\/media\/Referenten\/Schmid_Roland_200x242px.jpg\" class=\"attachment-schulthess_speaker size-schulthess_speaker wp-post-image\" alt=\"\" \/>\n                    <\/div>\n                    <div class=\"uk-width-expand@m\">\n                        <h4 class=\"uk-modal-title\"> Roland Schmid<\/h4>\n                        <p class=\"referent-info\"><span class=\"referenten-position\">Rechtsanwalt, Pr\u00e4sident des Schweizer Verbandes der Richter in Handelssachen, Oberrichter am Handelsgericht des  <\/span> <span class=\"referenten-company\">Kantons Z\u00fcrich<\/span><\/p>\n                        <p class=\"referent-kurzbeschreibung\"><p>Roland Schmid ist in Z\u00fcrich geboren, aufgewachsen, und hat hier die \u00fcblichen Schulen besucht. Nach Erwerb der Matura an der Kantonsschule Enge in Z\u00fcrich folgte ab 1979 das Studium der Rechtswissenschaft an der Universit\u00e4t Z\u00fcrich. Ab M\u00e4rz 1986 arbeitete Roland Schmid zun\u00e4chst f\u00fcr die (damalige) Firma Deloitte Haskins &amp; Sells AG in Z\u00fcrich (Rechts- und Steuerabteilung) und danach am Bezirksgericht Z\u00fcrich (BGZ). Im November 1991 erwarb Roland Schmid das Anwaltspatent und am 1. August 1992 wechselte er als Gerichtsschreiber an das Handelsgericht Z\u00fcrich. Ab dem 1. Oktober 1995 war Roland Schmid als Richter am BGZ t\u00e4tig, im M\u00e4rz 2000 erfolgte die Wahl als Ersatzrichter an das Obergericht des Kantons Z\u00fcrich und 2013 die Wahl zum ordentlichen Mitglied des Obergerichts. Als gew\u00e4hlter Richter war Roland Schmid stets am Handelsgericht t\u00e4tig, zun\u00e4chst als Instruktionsrichter, dann je vier Jahre als Vizepr\u00e4sident und Pr\u00e4sident; seit 2024 ist er wieder als Instruktionsrichter im Einsatz.<\/p>\n<p>Neben seiner T\u00e4tigkeit am Gericht ist Roland Schmid in diversen Kommissionen aktiv, wie z.B. Aufsichtskommission \u00fcber die Anw\u00e4ltinnen und Anw\u00e4lte, H\u00e4rtefallkommission des Kantons Z\u00fcrich und Rekurskommission des Fussballverbandes der Region Z\u00fcrich (FVRZ). Zudem ist er seit 2024 Pr\u00e4sident des Schweizer Verbandes der Richter in Handelssachen (SVRH). Roland Schmid publiziert regelm\u00e4ssig in den Bereichen Prozessf\u00fchrung und Beweisrecht und h\u00e4lt Vortr\u00e4ge zu diesen Themen.<\/p>\n<\/p>\n                    <\/div>\n                <\/div>\n\n                <div class=\"uk-modal-footer card-arrows uk-text-right\">\n                    <button href=\"javascript:void(0);\" class=\"card-arrow-prev\" onclick=\"navigateReferent('prev', 34047);\"><\/button>\n                    <button href=\"javascript:void(0);\" class=\"card-arrow-next\" onclick=\"navigateReferent('next', 28509);\"><\/button>\n                <\/div>\n            <\/div>\n        <\/div>\n        <\/div>\n      <script>\n          function navigateReferent(direction, currentID) {\n              var speakers = [28509,35631,34521,23051,34051,34049,34047,34075];\n              var currentIndex = speakers.indexOf(currentID);\n\n              if (direction === \"prev\") {\n                  currentIndex = (currentIndex + speakers.length) % speakers.length;\n              } else if (direction === \"next\") {\n                  currentIndex = (currentIndex ) % speakers.length;\n              }\n\n              var targetID = speakers[currentIndex];\n              var targetModal = document.getElementById(\"referent-\" + targetID);\n              UIkit.modal(targetModal).show();\n          }\n      <\/script>\n        <script>\n            document.addEventListener(\"DOMContentLoaded\", function() {\n                const modalLinks = document.querySelectorAll(\"[uk-toggle]\");\n                const pageContainer = document.getElementById(\"page-container\");\n\n                \/\/ Neues <div> Element erstellen\n                const newDiv = document.createElement(\"div\");\n                newDiv.className = \"referenten-modal-background\";\n\n                \/\/ Das neue <div> dem Element mit der ID \"page-container\" hinzuf\u00fcgen\n                pageContainer.insertBefore(newDiv, pageContainer.firstChild);\n\n                const referentenModalBackground = document.querySelector(\".referenten-modal-background\");\n\n                modalLinks.forEach(link => {\n                    link.addEventListener(\"click\", function(event) {\n                        event.preventDefault();\n                        referentenModalBackground.classList.add(\"referenten-modal-open\");\n                    });\n                });\n\n                const modals = document.querySelectorAll(\".referent-modal\");\n                modals.forEach(modal => {\n                    modal.addEventListener(\"click\", function(event) {\n                        if (event.target === modal) {\n                            referentenModalBackground.classList.remove(\"referenten-modal-open\");\n                        }\n                    });\n                });\n\n                const closeModalButtons = document.querySelectorAll(\".uk-modal-close-default\");\n                closeModalButtons.forEach(button => {\n                    button.addEventListener(\"click\", function() {\n                        referentenModalBackground.classList.remove(\"referenten-modal-open\");\n                    });\n                });\n\n                \/\/ Funktion, um die Klasse zu entfernen\n                function closeModal() {\n                    referentenModalBackground.classList.remove(\"referenten-modal-open\");\n                }\n\n                \/\/ Event Listener f\u00fcr das Dr\u00fccken der Esc-Taste\n                document.addEventListener(\"keydown\", function(event) {\n                    if (event.key === \"Escape\") {\n                        closeModal();\n                    }\n                });\n            });\n        <\/script>[\/et_pb_code][\/et_pb_column_inner][\/et_pb_row_inner][et_pb_row_inner module_id=\u00a0\u00bbschulthess-product-specinfo\u00a0\u00bb _builder_version=\u00a0\u00bb4.22.1&Prime; _module_preset=\u00a0\u00bbdefault\u00a0\u00bb collapsed=\u00a0\u00bboff\u00a0\u00bb global_colors_info=\u00a0\u00bb{}\u00a0\u00bb][et_pb_column_inner saved_specialty_column_type=\u00a0\u00bb3_4&Prime; _builder_version=\u00a0\u00bb4.16&Prime; _module_preset=\u00a0\u00bbdefault\u00a0\u00bb global_colors_info=\u00a0\u00bb{}\u00a0\u00bb][et_pb_text admin_label=\u00a0\u00bb\u00dcberschrift\u00a0\u00bb module_id=\u00a0\u00bbschulthess-fachinformationen\u00a0\u00bb module_class=\u00a0\u00bbsf-h2&Prime; _builder_version=\u00a0\u00bb4.19.5&Prime; _module_preset=\u00a0\u00bbdefault\u00a0\u00bb global_colors_info=\u00a0\u00bb{}\u00a0\u00bb]<\/p>\n<h5>Fachthemen<\/h5>\n<p>[\/et_pb_text][et_pb_code _builder_version=\u00a0\u00bb4.19.5&Prime; _module_preset=\u00a0\u00bbdefault\u00a0\u00bb locked=\u00a0\u00bboff\u00a0\u00bb global_colors_info=\u00a0\u00bb{}\u00a0\u00bb]\n  <div class=\"sf-post-list\">\n\n    \n      \n              <div class=\"sf-full-width-row\">\n                <article class=\"sf-post-list-item sf-post-list-item-34089 et_pb_column_1_3 et_pb_column\">\n              <a href=\"https:\/\/www.schulthessforum.ch\/fachbeitrag\/urteile-und-vergleiche-die-vollstreckung-laesst-gruessen\/\" target=\"_blank\" rel=\"nofollow noopener\" title=\"Urteile und Vergleiche: Die Vollstreckung l\u00e4sst gr\u00fcssen!\">\n              <div class=\"sf-post-list-item-content-wrapper\">\n                  <div class=\"sf-post-list-item-content\">\n                                            <h3 class=\"fachbeitrag-autor\">\n                          Felix C. Meier-Dieterle                      <\/h3>\n                                            <div clasS=\"sf-post-list-item-title-wrapper\">\n                        <h3 class=\"sf-post-list-item-title\">\n                            Urteile und Vergleiche: Die Vollstreckung l\u00e4sst gr\u00fcssen!                        <\/h3>\n                      <\/div>\n                      <div class=\"sf-post-list-item-excerpt\">\n                          \u00ab\u00a0Mit deinem Urteil kannst du dein B\u00fcro tapezieren\u00a0\u00bb &#8211; lautet ein gefl\u00fcgeltes Wort. Anw\u00e4lte f\u00fchren gerne erfolgreich Prozesse. Ein Streit ist aber nicht in jedem Fall mit einem Urteil oder einem Vergleich beendet, sondern mit der Erf\u00fcllung s\u00e4mtlicher Pflichten aller Parteien. Wird be...                      <\/div>\n                  <\/div>\n\n              <\/div>\n              <\/a>\n          <\/article>\n            \n  \n      \n                <article class=\"sf-post-list-item sf-post-list-item-34092 et_pb_column_1_3 et_pb_column\">\n              <a href=\"https:\/\/www.schulthessforum.ch\/fachbeitrag\/die-rolle-des-gerichts-bei-gerichtlichen-vergleichen-sowie-empfehlungen-aus-der-gerichtspraxis\/\" target=\"_blank\" rel=\"nofollow noopener\" title=\"Die Rolle des Gerichts bei gerichtlichen Vergleichen sowie Empfehlungen aus der Gerichtspraxis\">\n              <div class=\"sf-post-list-item-content-wrapper\">\n                  <div class=\"sf-post-list-item-content\">\n                                            <h3 class=\"fachbeitrag-autor\">\n                          Roland Schmid                      <\/h3>\n                                            <div clasS=\"sf-post-list-item-title-wrapper\">\n                        <h3 class=\"sf-post-list-item-title\">\n                            Die Rolle des Gerichts bei gerichtlichen Vergleichen sowie Empfehlungen aus der Gerichtspraxis                        <\/h3>\n                      <\/div>\n                      <div class=\"sf-post-list-item-excerpt\">\n                          Die Einsch\u00e4tzung der Prozessrisiken ist im gerichtlichen Alltag sowohl f\u00fcr das Gericht als auch f\u00fcr die Parteien von gr\u00f6sster Bedeutung. Eine Vergleichsverhandlung ist f\u00fcr alle Beteiligten oft sehr anspruchsvoll, da diverse rechtliche und tats\u00e4chliche Fragen eine Rolle spielen und der Ausgang ...                      <\/div>\n                  <\/div>\n\n              <\/div>\n              <\/a>\n          <\/article>\n              <\/div>\n            \n  <\/div>\n\n  [\/et_pb_code][\/et_pb_column_inner][\/et_pb_row_inner][\/et_pb_column][et_pb_column type=\u00a0\u00bb1_4&Prime; _builder_version=\u00a0\u00bb4.16&Prime; custom_padding=\u00a0\u00bb|||\u00a0\u00bb global_colors_info=\u00a0\u00bb{}\u00a0\u00bb custom_padding__hover=\u00a0\u00bb|||\u00a0\u00bb][et_pb_text admin_label=\u00a0\u00bbTermin &#8211; Info\u00a0\u00bb module_class=\u00a0\u00bbdetail-info-sidebar-bg event-termin-info\u00a0\u00bb _builder_version=\u00a0\u00bb4.19.5&Prime; _module_preset=\u00a0\u00bbdefault\u00a0\u00bb global_colors_info=\u00a0\u00bb{}\u00a0\u00bb]<\/p>\n<h3>Termin \/ Format<\/h3>\n<p><span class=\"event-date-termin-info\">24.02.2026 | 09:00 - 17:00<\/span><br><span class=\"event-kategorie-termin-info\">Zivilprozess | Tagungen<\/span>[\/et_pb_text][et_pb_text disabled_on=\u00a0\u00bbon|on|on\u00a0\u00bb admin_label=\u00a0\u00bbPreis &#8211; Info\u00a0\u00bb module_class=\u00a0\u00bbdetail-info-sidebar-bg\u00a0\u00bb _builder_version=\u00a0\u00bb4.20.0&Prime; _module_preset=\u00a0\u00bbdefault\u00a0\u00bb disabled=\u00a0\u00bbon\u00a0\u00bb global_colors_info=\u00a0\u00bb{}\u00a0\u00bb]<div class=\"sf-product-variant-detail-wrapper\" id=\"sf-product-variant-detail-wrapper\"><form action=\"https:\/\/www.schulthessforum.ch\/fr\/warenkorb\/\" method=\"get\"><h3 class=\"sf-product-variant-headline-1\">Manifestation en pr\u00e9sentiel<\/h3><label class=\"sf-product-variant-detail\"><input class=\"sf-product-variant-input\" type=\"radio\" id=\"34005\" name=\"variante\" value=\"34005\" required><span class=\"woocommerce-Price-amount amount\"><bdi><span class=\"woocommerce-Price-currencySymbol\">&#67;&#72;&#70;<\/span>&nbsp;790.00<\/bdi><\/span> TVA de 8.1% en sus.<\/label><input type=\"hidden\" id=\"34004\" name=\"event\" value=\"34004\"><span class=\"anmeldebutton-wrapper\"><input class=\"et_pb_button et_pb_button_0 schulthess-buy-button single_add_to_cart_button button wp-element-button\" data-icon=\"9\" type=\"submit\" value=\"Inscription\"><span class=\"anmeldebutton-icon\"><\/span><\/span><\/form><\/div>[\/et_pb_text][et_pb_text disabled_on=\u00a0\u00bbon|on|on\u00a0\u00bb admin_label=\u00a0\u00bbRabatt &#8211; Info\u00a0\u00bb module_class=\u00a0\u00bbdetail-info-sidebar-bg\u00a0\u00bb _builder_version=\u00a0\u00bb4.21.0&Prime; _dynamic_attributes=\u00a0\u00bbcontent\u00a0\u00bb _module_preset=\u00a0\u00bbdefault\u00a0\u00bb disabled=\u00a0\u00bbon\u00a0\u00bb global_colors_info=\u00a0\u00bb{}\u00a0\u00bb]@ET-DC@eyJkeW5hbWljIjp0cnVlLCJjb250ZW50IjoiY3VzdG9tX21ldGFfc2ZfcHJvZHVjdF9yYWJhdHRpbmZvIiwic2V0dGluZ3MiOnsiYmVmb3JlIjoiPGgzPlJhYmF0dGluZm88L2gzPiIsImFmdGVyIjoiIiwiZW5hYmxlX2h0bWwiOiJvZmYifX0=@[\/et_pb_text][et_pb_code disabled_on=\u00a0\u00bboff|off|off\u00a0\u00bb admin_label=\u00a0\u00bbCredits &#8211; Info\u00a0\u00bb _builder_version=\u00a0\u00bb4.20.2&Prime; _module_preset=\u00a0\u00bbdefault\u00a0\u00bb custom_margin=\u00a0\u00bb||15px||false|false\u00a0\u00bb locked=\u00a0\u00bboff\u00a0\u00bb global_colors_info=\u00a0\u00bb{}\u00a0\u00bb][\/et_pb_code][et_pb_code disabled_on=\u00a0\u00bboff|off|off\u00a0\u00bb admin_label=\u00a0\u00bbCicero &#8211; Info\u00a0\u00bb _builder_version=\u00a0\u00bb4.20.2&Prime; _module_preset=\u00a0\u00bbdefault\u00a0\u00bb custom_margin=\u00a0\u00bb||15px||false|false\u00a0\u00bb locked=\u00a0\u00bboff\u00a0\u00bb global_colors_info=\u00a0\u00bb{}\u00a0\u00bb][\/et_pb_code][et_pb_text admin_label=\u00a0\u00bbAnreise &#8211; Info\u00a0\u00bb module_class=\u00a0\u00bbdetail-info-sidebar-bg\u00a0\u00bb _builder_version=\u00a0\u00bb4.27.4&Prime; _module_preset=\u00a0\u00bbdefault\u00a0\u00bb global_colors_info=\u00a0\u00bb{}\u00a0\u00bb]<\/p>\n<h3>Location \/ Anreise<\/h3>\n<p id=\"page-title\" class=\"title\"><span class=\"event-anreise-info-adresse\">Metropol Z\u00fcrich<br \/>\nFraum\u00fcnsterstrasse 12<br \/>\n8001 Z\u00fcrich<\/span><\/p>\n<p>Wir empfehlen Ihnen die Anreise mit den \u00f6ffentlichen Verkehrsmitteln. Das Metropol ist zu Fuss von der Tramhaltestelle Paradeplatz (Tram-Linien 2, 6, 7, 8, 9, 11, 13 und 17) in wenigen Minuten erreichbar.<br \/>\n[\/et_pb_text][et_pb_code disabled_on=\u00a0\u00bbon|on|on\u00a0\u00bb admin_label=\u00a0\u00bbAnzeige(n)\u00a0\u00bb module_class=\u00a0\u00bbschulthess_product_ads\u00a0\u00bb _builder_version=\u00a0\u00bb4.17.4&Prime; _module_preset=\u00a0\u00bbdefault\u00a0\u00bb disabled=\u00a0\u00bbon\u00a0\u00bb locked=\u00a0\u00bboff\u00a0\u00bb global_colors_info=\u00a0\u00bb{}\u00a0\u00bb][\/et_pb_code][et_pb_text admin_label=\u00a0\u00bbTagungsleiter\u00a0\u00bb module_class=\u00a0\u00bbdetail-info-sidebar-bg\u00a0\u00bb _builder_version=\u00a0\u00bb4.27.4&Prime; _module_preset=\u00a0\u00bbdefault\u00a0\u00bb locked=\u00a0\u00bboff\u00a0\u00bb global_colors_info=\u00a0\u00bb{}\u00a0\u00bb]<\/p>\n<h3>Tagungsleitung<\/h3>\n<p><img loading=\"lazy\" decoding=\"async\" class=\"wp-image-34446 alignnone size-full\" src=\"https:\/\/www.schulthessforum.ch\/wp-content\/media\/Referenten\/Bollinger-Baer_Roxana_1025_200x242px.jpg\" alt=\"\" width=\"200\" height=\"242\" \/><\/p>\n<p>Roxana Bollinger-B\u00e4r f\u00fchrt durch die Tagung.<\/p>\n<p>[\/et_pb_text][et_pb_text admin_label=\u00a0\u00bbNewsletter-Anmeldung\u00a0\u00bb module_class=\u00a0\u00bbdetail-info-sidebar-bg\u00a0\u00bb _builder_version=\u00a0\u00bb4.27.4&Prime; _module_preset=\u00a0\u00bbdefault\u00a0\u00bb locked=\u00a0\u00bboff\u00a0\u00bb global_colors_info=\u00a0\u00bb{}\u00a0\u00bb]<\/p>\n<h4 class=\"et_pb_module_header\">Newsletter-Anmeldung<\/h4>\n<div class=\"et_pb_blurb_description\">\n<div class=\"et_pb_module et_pb_blurb et_pb_blurb_5 et_pb_text_align_left et_pb_blurb_position_top et_pb_bg_layout_light\">\n<div class=\"et_pb_blurb_content\">\n<div class=\"et_pb_blurb_container\">\n<div class=\"et_pb_blurb_description\">\n<div class=\"content clearfix\">\n<div class=\"content clearfix\">\n<p><span data-teams=\"true\"><span class=\"ui-provider a b c d e f g h i j k l m n o p q r s t u v w x y z ab ac ae af ag ah ai aj ak\" dir=\"ltr\">M\u00f6chten Sie zu dieser und weiteren Veranstaltungen des Schulthess Forums informiert werden? Melden Sie sich\u00a0<a href=\"https:\/\/www.schulthessforum.ch\/newsletter\/\"><strong>hier<\/strong><\/a>\u00a0f\u00fcr den Newsletter an.<\/span><\/span><\/p>\n<\/div>\n<\/div>\n<\/div>\n<\/div>\n<\/div>\n<\/div>\n<\/div>\n<p>[\/et_pb_text][et_pb_code disabled_on=\u00a0\u00bbon|on|on\u00a0\u00bb _builder_version=\u00a0\u00bb4.25.1&Prime; _module_preset=\u00a0\u00bbdefault\u00a0\u00bb disabled=\u00a0\u00bbon\u00a0\u00bb global_colors_info=\u00a0\u00bb{}\u00a0\u00bb]<a href=\"#schulthess-product-mainsection\">Zur Anmeldung<\/a>[\/et_pb_code][\/et_pb_column][\/et_pb_section][et_pb_section fb_built=\u00a0\u00bb1&Prime; specialty=\u00a0\u00bbon\u00a0\u00bb module_class_2=\u00a0\u00bbschulthess-product-attendee-section\u00a0\u00bb disabled_on=\u00a0\u00bbon|on|on\u00a0\u00bb admin_label=\u00a0\u00bbInhalt mit Teilnehmerbereich\u00a0\u00bb module_id=\u00a0\u00bbschulthess-attendee-section\u00a0\u00bb module_class=\u00a0\u00bbschulthess-hidden\u00a0\u00bb _builder_version=\u00a0\u00bb4.21.0&Prime; _module_preset=\u00a0\u00bbdefault\u00a0\u00bb display_conditions=\u00a0\u00bbW3siaWQiOiI3NDc0ZmExMC0yZTg5LTQ3MDctYjM2Yi1iZDA3ZWJiMGZlZDEiLCJjb25kaXRpb24iOiJsb2dnZWRJblN0YXR1cyIsImNvbmRpdGlvblNldHRpbmdzIjp7ImRpc3BsYXlSdWxlIjoibG9nZ2VkSW4iLCJhZG1pbkxhYmVsIjoiQW5nZW1lbGRldGVyIFN0YXR1cyIsImVuYWJsZUNvbmRpdGlvbiI6Im9mZiJ9LCJvcGVyYXRvciI6Ik9SIn1d\u00a0\u00bb locked=\u00a0\u00bboff\u00a0\u00bb collapsed=\u00a0\u00bboff\u00a0\u00bb global_colors_info=\u00a0\u00bb{}\u00a0\u00bb disabled=\u00a0\u00bbon\u00a0\u00bb][et_pb_column type=\u00a0\u00bb3_4&Prime; specialty_columns=\u00a0\u00bb3&Prime; _builder_version=\u00a0\u00bb4.16&Prime; custom_padding=\u00a0\u00bb|||\u00a0\u00bb global_colors_info=\u00a0\u00bb{}\u00a0\u00bb custom_padding__hover=\u00a0\u00bb|||\u00a0\u00bb][et_pb_row_inner admin_label=\u00a0\u00bbHeadline Teilnehmerbereich\u00a0\u00bb _builder_version=\u00a0\u00bb4.27.4&Prime; _module_preset=\u00a0\u00bbdefault\u00a0\u00bb collapsed=\u00a0\u00bboff\u00a0\u00bb global_colors_info=\u00a0\u00bb{}\u00a0\u00bb][et_pb_column_inner saved_specialty_column_type=\u00a0\u00bb3_4&Prime; _builder_version=\u00a0\u00bb4.17.4&Prime; _module_preset=\u00a0\u00bbdefault\u00a0\u00bb global_colors_info=\u00a0\u00bb{}\u00a0\u00bb][et_pb_text _builder_version=\u00a0\u00bb4.27.4&Prime; _module_preset=\u00a0\u00bbdefault\u00a0\u00bb global_colors_info=\u00a0\u00bb{}\u00a0\u00bb]<\/p>\n<h5>Teilnehmerbereich<\/h5>\n<p>[\/et_pb_text][sfdm_download_list _builder_version=\u00a0\u00bb4.27.4&Prime; _module_preset=\u00a0\u00bbdefault\u00a0\u00bb global_colors_info=\u00a0\u00bb{}\u00a0\u00bb][sfdm_download_list_item title=\u00a0\u00bbProgramm\u00a0\u00bb file=\u00a0\u00bbhttps:\/\/www.schulthessforum.ch\/wp-content\/media\/01_00_Programm-9.pdf\u00a0\u00bb _builder_version=\u00a0\u00bb4.27.4&Prime; _module_preset=\u00a0\u00bbdefault\u00a0\u00bb link_option_url_new_window=\u00a0\u00bbon\u00a0\u00bb global_colors_info=\u00a0\u00bb{}\u00a0\u00bb][\/sfdm_download_list_item][sfdm_download_list_item title=\u00a0\u00bbReferierende und Themen\u00a0\u00bb file=\u00a0\u00bbhttps:\/\/www.schulthessforum.ch\/wp-content\/media\/Zivilprozess\/2026\/02_00_Referierende-und-Themen-4.pdf\u00a0\u00bb _builder_version=\u00a0\u00bb4.27.4&Prime; _module_preset=\u00a0\u00bbdefault\u00a0\u00bb link_option_url_new_window=\u00a0\u00bbon\u00a0\u00bb global_colors_info=\u00a0\u00bb{}\u00a0\u00bb][\/sfdm_download_list_item][sfdm_download_list_item title=\u00a0\u00bbEinf\u00fchrung zum Vergleich und zum Verhandeln \/ Die Sicht der Parteien und der Anwaltschaft_Dr. Urs Egli\u00a0\u00bb file=\u00a0\u00bbhttps:\/\/www.schulthessforum.ch\/wp-content\/media\/Zivilprozess\/2026\/03_00_Einfuehrung-zum-Vergleich-und-zum-Verhandeln-Die-Sicht-der-Parteien-und-der-Anwaltschaft_Dr.-Urs-Egli.pdf\u00a0\u00bb _builder_version=\u00a0\u00bb4.27.4&Prime; _module_preset=\u00a0\u00bbdefault\u00a0\u00bb link_option_url_new_window=\u00a0\u00bbon\u00a0\u00bb global_colors_info=\u00a0\u00bb{}\u00a0\u00bb][\/sfdm_download_list_item][sfdm_download_list_item title=\u00a0\u00bbDer Vergleich aus Sicht der Schlichtungsbeh\u00f6rde und des erstinstanzlichen Gerichts: Vorbereitung und Dynamik von Vergleichsverhandlungen sowie pers\u00f6nliche und rechtliche Einflussfaktoren_Dr. Eva Bachofner\u00a0\u00bb file=\u00a0\u00bbhttps:\/\/www.schulthessforum.ch\/wp-content\/media\/Zivilprozess\/2026\/04_00_Der-Vergleich-aus-Sicht-der-Schlichtungsbehoerde-und-des-erstinstanzlichen-Gerichts_Dr.-Eva-Bachofner.pdf\u00a0\u00bb _builder_version=\u00a0\u00bb4.27.4&Prime; _module_preset=\u00a0\u00bbdefault\u00a0\u00bb link_option_url_new_window=\u00a0\u00bbon\u00a0\u00bb global_colors_info=\u00a0\u00bb{}\u00a0\u00bb][\/sfdm_download_list_item][sfdm_download_list_item title=\u00a0\u00bbWas man bei Vergleichsverhandlungen aus der Mediation lernen kann_Prof. Dr. Daniel Girsberger\u00a0\u00bb file=\u00a0\u00bbhttps:\/\/www.schulthessforum.ch\/wp-content\/media\/Zivilprozess\/2026\/05_00_Was-man-bei-Vergleichsverhandlungen-aus-der-Mediation-lernen-kann_Prof.-Dr.-Daniel-Girsberger.pdf\u00a0\u00bb _builder_version=\u00a0\u00bb4.27.4&Prime; _module_preset=\u00a0\u00bbdefault\u00a0\u00bb link_option_url_new_window=\u00a0\u00bbon\u00a0\u00bb global_colors_info=\u00a0\u00bb{}\u00a0\u00bb][\/sfdm_download_list_item][sfdm_download_list_item title=\u00a0\u00bbDie Rolle des Gerichts bei gerichtlichen Vergleichen sowie Empfehlungen aus der Gerichtspraxis eines Richters am Handelsgericht_Roland Schmid\u00a0\u00bb file=\u00a0\u00bbhttps:\/\/www.schulthessforum.ch\/wp-content\/media\/Zivilprozess\/2026\/06_00_Die-Rolle-des-Gerichts-bei-gerichtlichen-Vergleichen-sowie-Empfehlungen-aus-der_Roland-Schmid.pdf\u00a0\u00bb _builder_version=\u00a0\u00bb4.27.4&Prime; _module_preset=\u00a0\u00bbdefault\u00a0\u00bb link_option_url_new_window=\u00a0\u00bbon\u00a0\u00bb global_colors_info=\u00a0\u00bb{}\u00a0\u00bb][\/sfdm_download_list_item][sfdm_download_list_item title=\u00a0\u00bbVergleiche im Schiedsverfahren: Chancen, Risiken und Besonderheiten_Nadja Jaisli Kull\u00a0\u00bb file=\u00a0\u00bbhttps:\/\/www.schulthessforum.ch\/wp-content\/media\/Zivilprozess\/2026\/07_00_Vergleiche-im-Schiedsverfahren-Chancen-Risiken-und-Besonderheiten_Nadja-Jaisli-Kull.pdf\u00a0\u00bb _builder_version=\u00a0\u00bb4.27.4&Prime; _module_preset=\u00a0\u00bbdefault\u00a0\u00bb link_option_url_new_window=\u00a0\u00bbon\u00a0\u00bb global_colors_info=\u00a0\u00bb{}\u00a0\u00bb][\/sfdm_download_list_item][sfdm_download_list_item title=\u00a0\u00bbSteuerliche Stolpersteine beim Vergleich_Michael Fischer\u00a0\u00bb file=\u00a0\u00bbhttps:\/\/www.schulthessforum.ch\/wp-content\/media\/Zivilprozess\/2026\/08_00_Steuerliche-Stolpersteine-beim-Vergleich_Michael-Fischer.pdf\u00a0\u00bb _builder_version=\u00a0\u00bb4.27.4&Prime; _module_preset=\u00a0\u00bbdefault\u00a0\u00bb link_option_url_new_window=\u00a0\u00bbon\u00a0\u00bb global_colors_info=\u00a0\u00bb{}\u00a0\u00bb][\/sfdm_download_list_item][sfdm_download_list_item title=\u00a0\u00bbUrteile und Vergleiche: Die Vollstreckung l\u00e4sst gr\u00fcssen!_Felix C. Meier-Dieterle\u00a0\u00bb file=\u00a0\u00bbhttps:\/\/www.schulthessforum.ch\/wp-content\/media\/Zivilprozess\/2026\/09_00_Urteile-und-Vergleiche-Die-Vollstreckung-laesst-gruessen_Felix-C.-Meier-Dieterle.pdf\u00a0\u00bb _builder_version=\u00a0\u00bb4.27.4&Prime; _module_preset=\u00a0\u00bbdefault\u00a0\u00bb link_option_url_new_window=\u00a0\u00bbon\u00a0\u00bb global_colors_info=\u00a0\u00bb{}\u00a0\u00bb][\/sfdm_download_list_item][sfdm_download_list_item title=\u00a0\u00bbAnhang_Urteile und Vergleiche: Die Vollstreckung l\u00e4sst gr\u00fcssen!_Felix C. Meier-Dieterle\u00a0\u00bb file=\u00a0\u00bbhttps:\/\/www.schulthessforum.ch\/wp-content\/media\/Zivilprozess\/2026\/09_01_Anhang_Urteile-und-Vergleiche-Die-Vollstreckung-laesst-gruessen_Felix-C.-Meier-Dieterle.pdf\u00a0\u00bb _builder_version=\u00a0\u00bb4.27.4&Prime; _module_preset=\u00a0\u00bbdefault\u00a0\u00bb link_option_url_new_window=\u00a0\u00bbon\u00a0\u00bb global_colors_info=\u00a0\u00bb{}\u00a0\u00bb][\/sfdm_download_list_item][sfdm_download_list_item title=\u00a0\u00bbSchulthess Forum Zivilprozess &#8211; Gesamtpr\u00e4sentation\u00a0\u00bb file=\u00a0\u00bbhttps:\/\/www.schulthessforum.ch\/wp-content\/media\/Zivilprozess\/2026\/Gesamtpraesentation-Schulthess-Forum-Zivilprozess-1.pdf\u00a0\u00bb _builder_version=\u00a0\u00bb4.27.4&Prime; _module_preset=\u00a0\u00bbdefault\u00a0\u00bb link_option_url_new_window=\u00a0\u00bbon\u00a0\u00bb global_colors_info=\u00a0\u00bb{}\u00a0\u00bb][\/sfdm_download_list_item][sfdm_download_list_item title=\u00a0\u00bbPartner\u00a0\u00bb file=\u00a0\u00bbhttps:\/\/www.schulthessforum.ch\/wp-content\/media\/Zivilprozess\/2026\/10_00_Partner.pdf\u00a0\u00bb _builder_version=\u00a0\u00bb4.27.4&Prime; _module_preset=\u00a0\u00bbdefault\u00a0\u00bb link_option_url_new_window=\u00a0\u00bbon\u00a0\u00bb global_colors_info=\u00a0\u00bb{}\u00a0\u00bb][\/sfdm_download_list_item][\/sfdm_download_list][sfdm_video_list disabled_on=\u00a0\u00bbon|on|on\u00a0\u00bb _builder_version=\u00a0\u00bb4.22.1&Prime; _module_preset=\u00a0\u00bbdefault\u00a0\u00bb disabled=\u00a0\u00bbon\u00a0\u00bb global_colors_info=\u00a0\u00bb{}\u00a0\u00bb][sfdm_video_list_item title=\u00a0\u00bbTesttitel 1&Prime; id=\u00a0\u00bb840572351&Prime; _builder_version=\u00a0\u00bb4.22.1&Prime; _module_preset=\u00a0\u00bbdefault\u00a0\u00bb global_colors_info=\u00a0\u00bb{}\u00a0\u00bb][\/sfdm_video_list_item][\/sfdm_video_list][\/et_pb_column_inner][\/et_pb_row_inner][et_pb_row_inner column_structure=\u00a0\u00bb1_2,1_2&Prime; disabled_on=\u00a0\u00bbon|on|on\u00a0\u00bb admin_label=\u00a0\u00bbVideo \/ Bild-Zeile\u00a0\u00bb _builder_version=\u00a0\u00bb4.17.4&Prime; _module_preset=\u00a0\u00bbdefault\u00a0\u00bb disabled=\u00a0\u00bbon\u00a0\u00bb global_colors_info=\u00a0\u00bb{}\u00a0\u00bb][et_pb_column_inner type=\u00a0\u00bb1_2&Prime; saved_specialty_column_type=\u00a0\u00bb3_4&Prime; _builder_version=\u00a0\u00bb4.17.4&Prime; _module_preset=\u00a0\u00bbdefault\u00a0\u00bb global_colors_info=\u00a0\u00bb{}\u00a0\u00bb][et_pb_image src=\u00a0\u00bbhttps:\/\/www.schulthessforum.ch\/wp-content\/media\/2022\/03\/emiliano-cicero-lq87UxGSiEQ-unsplash.jpg\u00a0\u00bb title_text=\u00a0\u00bbEmiliano Cicero Lq87UxGSiEQ Unsplash\u00a0\u00bb _builder_version=\u00a0\u00bb4.20.2&Prime; _module_preset=\u00a0\u00bbdefault\u00a0\u00bb global_colors_info=\u00a0\u00bb{}\u00a0\u00bb][\/et_pb_image][\/et_pb_column_inner][et_pb_column_inner type=\u00a0\u00bb1_2&Prime; saved_specialty_column_type=\u00a0\u00bb3_4&Prime; _builder_version=\u00a0\u00bb4.17.4&Prime; _module_preset=\u00a0\u00bbdefault\u00a0\u00bb global_colors_info=\u00a0\u00bb{}\u00a0\u00bb][et_pb_text _builder_version=\u00a0\u00bb4.20.2&Prime; _module_preset=\u00a0\u00bbdefault\u00a0\u00bb global_colors_info=\u00a0\u00bb{}\u00a0\u00bb]<\/p>\n<h3>Ausschnitt aus Event<\/h3>\n<p>[\/et_pb_text][\/et_pb_column_inner][\/et_pb_row_inner][\/et_pb_column][et_pb_column type=\u00a0\u00bb1_4&Prime; _builder_version=\u00a0\u00bb4.16&Prime; custom_padding=\u00a0\u00bb|||\u00a0\u00bb global_colors_info=\u00a0\u00bb{}\u00a0\u00bb custom_padding__hover=\u00a0\u00bb|||\u00a0\u00bb][sfdm_video_list disabled_on=\u00a0\u00bbon|on|on\u00a0\u00bb _builder_version=\u00a0\u00bb4.22.1&Prime; _module_preset=\u00a0\u00bbdefault\u00a0\u00bb disabled=\u00a0\u00bbon\u00a0\u00bb global_colors_info=\u00a0\u00bb{}\u00a0\u00bb][sfdm_video_list_item title=\u00a0\u00bbTesttitel 1&Prime; id=\u00a0\u00bb840581539&Prime; _builder_version=\u00a0\u00bb4.22.1&Prime; _module_preset=\u00a0\u00bbdefault\u00a0\u00bb global_colors_info=\u00a0\u00bb{}\u00a0\u00bb][\/sfdm_video_list_item][\/sfdm_video_list][\/et_pb_column][\/et_pb_section][et_pb_section fb_built=\u00a0\u00bb1&Prime; admin_label=\u00a0\u00bbPartner\u00a0\u00bb module_id=\u00a0\u00bbschulthess-partner\u00a0\u00bb _builder_version=\u00a0\u00bb4.17.4&Prime; _module_preset=\u00a0\u00bbdefault\u00a0\u00bb background_enable_color=\u00a0\u00bboff\u00a0\u00bb saved_tabs=\u00a0\u00bball\u00a0\u00bb locked=\u00a0\u00bboff\u00a0\u00bb collapsed=\u00a0\u00bboff\u00a0\u00bb global_colors_info=\u00a0\u00bb{}\u00a0\u00bb][et_pb_row disabled_on=\u00a0\u00bbon|on|on\u00a0\u00bb _builder_version=\u00a0\u00bb4.16&Prime; _module_preset=\u00a0\u00bbdefault\u00a0\u00bb disabled=\u00a0\u00bbon\u00a0\u00bb locked=\u00a0\u00bboff\u00a0\u00bb collapsed=\u00a0\u00bboff\u00a0\u00bb global_colors_info=\u00a0\u00bb{}\u00a0\u00bb][et_pb_column type=\u00a0\u00bb4_4&Prime; _builder_version=\u00a0\u00bb4.16&Prime; _module_preset=\u00a0\u00bbdefault\u00a0\u00bb global_colors_info=\u00a0\u00bb{}\u00a0\u00bb][et_pb_text admin_label=\u00a0\u00bb\u00dcberschrift\u00a0\u00bb module_class=\u00a0\u00bbsf-h2 schulthess-product-partner-headline-wrapper\u00a0\u00bb _builder_version=\u00a0\u00bb4.19.5&Prime; _module_preset=\u00a0\u00bbdefault\u00a0\u00bb locked=\u00a0\u00bboff\u00a0\u00bb global_colors_info=\u00a0\u00bb{}\u00a0\u00bb]&lt;?&#8211; NICHT ZU VISUELL WECHSELN. DIE BUTTONS GEHEN SONST VERLOREN &#8211;&gt;<\/p>\n<h5>Partner<\/h5>\n<p><!--div class=\"schulthess-product-partner-nav\">[schulthess_product_partner_tabs]\n\n\n<div class=\"buttons\"><button class=\"grid icon_grid aktiv\"><span><\/span><\/button><button class=\"list icon_list\"><span><\/span><\/button><\/div>\n\n\n<\/div-->[\/et_pb_text][et_pb_code disabled_on=\u00a0\u00bboff|off|off\u00a0\u00bb admin_label=\u00a0\u00bbCode (ein grid, keine Filter)\u00a0\u00bb _builder_version=\u00a0\u00bb4.17.4&Prime; _module_preset=\u00a0\u00bbdefault\u00a0\u00bb locked=\u00a0\u00bboff\u00a0\u00bb global_colors_info=\u00a0\u00bb{}\u00a0\u00bb]<div class=\"schulthess-product-partner-wrapper grid\">\n                  <div id=\"7442\" class=\"schulthess-product-partner Medienpartner\" partner-type=\"Medienpartner\">\n                        <div class=\"schulthess-product-partner-image\">\n                                <img loading=\"lazy\" decoding=\"async\" src=\"https:\/\/www.schulthessforum.ch\/wp-content\/media\/Partner\/logos\/SJZ_Logo_groesser_350px-250x66.jpg\" alt=\"Schweizerische Juristen-Zeitung (SJZ)\" title=\"Schweizerische Juristen-Zeitung (SJZ)\" width=\"250\" height=\"150\" \/>\n                        <\/div>\n                        <div class=\"schulthess-product-partner-info\">\n                            <div class=\"content\">\n                                <h4 class=\"schulthess-product-partner-name\">Schweizerische Juristen-Zeitung (SJZ)<\/h4>\n                                <p class=\"schulthess-product-partner-type\">\n                                    Medienpartner\n                                <\/p>\n                                <p class=\"schulthess-product-partner-description\">\n                                    Die neu ausgerichtete Schweizerische Juristen-Zeitung (SJZ) erscheint ab Januar 2026 monatlich \u2013 mit erweitertem Umfang und praxisnaher Struktur f\u00fcr mehr Informationsgehalt und h\u00f6heren Leserkomfort, bei unver\u00e4ndert hohem wissenschaftlichem Anspruch. Die Zeitschrift h\u00e4lt Sie mit neuen Rubriken zu Privatrecht, \u00f6ffentlichem Recht und internationalem Recht gezielt und umfassend auf dem Laufenden. Interdisziplin\u00e4re Themen r\u00fccken st\u00e4rker in den Fokus, und im Forum f\u00f6rdern Interviews sowie Stellungnahmen mit vielf\u00e4ltigen Perspektiven den juristischen Diskurs. Namhafte Autorinnen und Autoren aus Anwaltschaft, Unternehmen, Justiz, Verwaltung und Wissenschaft sorgen gemeinsam mit ausgewiesenen Expertinnen und Experten in der Redaktion sowie erfahrenen Korrespondenten am Bundeshaus und Bundesgericht daf\u00fcr, dass Ihnen keine wesentliche Rechtsprechung und Gesetzgebung entgeht. So behalten Sie die Entwicklung der Rechtsgebiete stets im Blick und profitieren von wichtigen Informationen f\u00fcr Ihre Berufspraxis. Auf Schulthess Digital k\u00f6nnen Sie die gew\u00fcnschten Artikel jederzeit im neuen Web- oder Printlayout online lesen und in Ihrer Zeitschrift und den sonst bei Schulthess erworbenen Werken komfortabel recherchieren.\n                                <\/p>\n                                <p class=\"schulthess-product-partner-speakers\">\n                                    Referenten: \n                                <\/p>\n                                <!--div class=\"schulthess-product-partner-link\">\n                                        <span>zur Website<\/span>\n                                        <span class=\"link-icon\">\n                                            <svg xmlns=\"http:\/\/www.w3.org\/2000\/svg\" width=\"11\" height=\"10\" viewBox=\"0 0 9.697 9.017\">\n                                                <g transform=\"translate(-813.933 -2094.752)\">\n                                                    <path d=\"M9442.49,1683l3.447,3.448-3.447,3.448\" transform=\"translate(-8627.497 412.813)\" fill=\"none\" stroke=\"#000\" stroke-linecap=\"round\" stroke-width=\"1.5\"\/>\n                                                    <path d=\"M9442.49,1683l3.447,3.448-3.447,3.448\" transform=\"translate(-8623.368 412.813)\" fill=\"none\" stroke=\"#000\" stroke-linecap=\"round\" stroke-width=\"1.5\"\/>\n                                                <\/g>\n                                            <\/svg>\n                                        <\/span>\n                                <\/div-->\n                            <\/div>\n                        <\/div>\n                    <\/div>\n            <\/div>\n            <script>\n\n              var btns1 = jQuery(\".schulthess-product-partner-headline-wrapper .buttons\");\n              btns1.find(\".grid\").addClass(\"aktiv\");\n\n              btns1.find(\"button\").on(\"click\",function(e) {\n                btns1.find(\".grid\").removeClass(\"aktiv\");\n                btns1.find(\".list\").removeClass(\"aktiv\");\n                if (jQuery(this).hasClass(\"grid\")) {\n                    jQuery(\".schulthess-product-partner-wrapper\").removeClass(\"list\").addClass(\"grid\");\n                    jQuery(this).addClass(\"aktiv\");\n                    jQuery(\".schulthess-product-partner-wrapper .schulthess-product-partner-info\").hide();\n                }\n                else if(jQuery(this).hasClass(\"list\")) {\n                    jQuery(\".schulthess-product-partner-wrapper\").removeClass(\"grid\").addClass(\"list\");\n                    jQuery(\".schulthess-product-partner-wrapper .schulthess-product-partner-info\").show();\n                    jQuery(this).addClass(\"aktiv\");\n                }\n              });\n            <\/script>[\/et_pb_code][\/et_pb_column][\/et_pb_row][et_pb_row disabled_on=\u00a0\u00bboff|off|off\u00a0\u00bb _builder_version=\u00a0\u00bb4.16&Prime; _module_preset=\u00a0\u00bbdefault\u00a0\u00bb locked=\u00a0\u00bboff\u00a0\u00bb collapsed=\u00a0\u00bboff\u00a0\u00bb global_colors_info=\u00a0\u00bb{}\u00a0\u00bb][et_pb_column type=\u00a0\u00bb4_4&Prime; _builder_version=\u00a0\u00bb4.16&Prime; _module_preset=\u00a0\u00bbdefault\u00a0\u00bb global_colors_info=\u00a0\u00bb{}\u00a0\u00bb][et_pb_code admin_label=\u00a0\u00bbMedienpartner\u00a0\u00bb _builder_version=\u00a0\u00bb4.22.1&Prime; _module_preset=\u00a0\u00bbdefault\u00a0\u00bb locked=\u00a0\u00bboff\u00a0\u00bb global_colors_info=\u00a0\u00bb{}\u00a0\u00bb]<div class=\"et_pb_row sf-h3\">\n            <div class=\"et_pb_module et_pb_text schulthess-product-partner-headline-wrapper\">\n                <h5 class=\"schulthess-product-partner-type\" id=\"medienpartner\">Partenaires m\u00e9dias<\/h5>\n            <\/div>\n            <div class=\"et_pb_module\"><div class=\"et_pb_column_1_4 et_pb_column\">\n                        <div class=\"sf-product-partner-container\">\n                            <a href=\"https:\/\/schulthessdigital.info\/de\/zeitschriften\/schweizerische-juristen-zeitung\" title=\"Schweizerische Juristen-Zeitung (SJZ)\" target=\"_blank\" rel=\"noopener nofollow\"><img loading=\"lazy\" decoding=\"async\" class=\"\" src=\"https:\/\/www.schulthessforum.ch\/wp-content\/media\/Partner\/logos\/SJZ_Logo_groesser_350px.jpg\" style=\"aspect-ratio: 279 \/ 74\" width=\"279\" height=\"74\" alt=\"Schweizerische Juristen-Zeitung (SJZ)\" title=\"Schweizerische Juristen-Zeitung (SJZ)\"\/><\/a>\n                        <\/div>\n                    <\/div><\/div><\/div>[\/et_pb_code][et_pb_code admin_label=\u00a0\u00bbWirtschaftspartner\u00a0\u00bb _builder_version=\u00a0\u00bb4.22.1&Prime; _module_preset=\u00a0\u00bbdefault\u00a0\u00bb locked=\u00a0\u00bboff\u00a0\u00bb global_colors_info=\u00a0\u00bb{}\u00a0\u00bb][\/et_pb_code][et_pb_code admin_label=\u00a0\u00bbKooperationspartner\u00a0\u00bb _builder_version=\u00a0\u00bb4.22.1&Prime; _module_preset=\u00a0\u00bbdefault\u00a0\u00bb locked=\u00a0\u00bboff\u00a0\u00bb global_colors_info=\u00a0\u00bb{}\u00a0\u00bb][\/et_pb_code][et_pb_code admin_label=\u00a0\u00bbSponsoren\u00a0\u00bb _builder_version=\u00a0\u00bb4.22.1&Prime; _module_preset=\u00a0\u00bbdefault\u00a0\u00bb locked=\u00a0\u00bboff\u00a0\u00bb global_colors_info=\u00a0\u00bb{}\u00a0\u00bb][\/et_pb_code][\/et_pb_column][\/et_pb_row][\/et_pb_section][et_pb_section fb_built=\u00a0\u00bb1&Prime; disabled_on=\u00a0\u00bbon|on|on\u00a0\u00bb admin_label=\u00a0\u00bbSektion Impressionen\u00a0\u00bb module_id=\u00a0\u00bbschulthess-impressionen\u00a0\u00bb _builder_version=\u00a0\u00bb4.17.4&Prime; _module_preset=\u00a0\u00bbdefault\u00a0\u00bb disabled=\u00a0\u00bbon\u00a0\u00bb collapsed=\u00a0\u00bbon\u00a0\u00bb global_colors_info=\u00a0\u00bb{}\u00a0\u00bb][et_pb_row module_class=\u00a0\u00bbsf-impressionen-slider-wrapper\u00a0\u00bb _builder_version=\u00a0\u00bb4.19.5&Prime; _module_preset=\u00a0\u00bbdefault\u00a0\u00bb global_colors_info=\u00a0\u00bb{}\u00a0\u00bb][et_pb_column type=\u00a0\u00bb4_4&Prime; _builder_version=\u00a0\u00bb4.19.5&Prime; _module_preset=\u00a0\u00bbdefault\u00a0\u00bb global_colors_info=\u00a0\u00bb{}\u00a0\u00bb][et_pb_text admin_label=\u00a0\u00bb\u00dcberschrift\u00a0\u00bb module_class=\u00a0\u00bbsf-h2&Prime; _builder_version=\u00a0\u00bb4.19.5&Prime; _module_preset=\u00a0\u00bbdefault\u00a0\u00bb global_colors_info=\u00a0\u00bb{}\u00a0\u00bb]<\/p>\n<h5>Impressionen<\/h5>\n<p>[\/et_pb_text][et_pb_gallery gallery_ids=\u00a0\u00bb1275,1274,1273,1272,1271,1266,1267,1260,1262,1253,1251,1248,1240,1244,1246&Prime; fullwidth=\u00a0\u00bbon\u00a0\u00bb admin_label=\u00a0\u00bbGalerie\u00a0\u00bb module_id=\u00a0\u00bbimpressionen-slider\u00a0\u00bb module_class=\u00a0\u00bbimpressionen-slider\u00a0\u00bb _builder_version=\u00a0\u00bb4.19.5&Prime; _module_preset=\u00a0\u00bbdefault\u00a0\u00bb animation_style=\u00a0\u00bbfade\u00a0\u00bb animation_duration=\u00a0\u00bb5000ms\u00a0\u00bb animation_starting_opacity=\u00a0\u00bb100%\u00a0\u00bb animation_repeat=\u00a0\u00bbloop\u00a0\u00bb auto=\u00a0\u00bbon\u00a0\u00bb auto_speed=\u00a0\u00bb5000&Prime; global_colors_info=\u00a0\u00bb{}\u00a0\u00bb][\/et_pb_gallery][\/et_pb_column][\/et_pb_row][\/et_pb_section]<\/p>\n","protected":false},"excerpt":{"rendered":"<h3><strong>Der Vergleich: M\u00f6glichkeiten, Grenzen und Praxistipps<\/strong><\/h3>\n<p>Der Vergleich ist aus dem schweizerischen Zivilprozess nicht wegzudenken \u2013 die Vergleichskultur an den Gerichten ist eine Spezialit\u00e4t des schweizerischen Zivilverfahrens. Der Vergleich verlangt Fingerspitzengef\u00fchl, das richtige Timing und ein scharfes Bewusstsein f\u00fcr die rechtlichen und psychologischen T\u00fccken. Wer vergleicht, tut dies oft unter erheblichem Zeitdruck: Die Parteien sind nach langen Verhandlungen ersch\u00f6pft, das Gericht dr\u00e4ngt auf eine pragmatische L\u00f6sung, und die Erwartungen an einen \u00abvern\u00fcnftigen \u00bb Kompromiss liegen schwer im Raum. Umso wichtiger ist es daher, gut vorbereitet zu verhandeln und die g\u00e4ngigen Stolperfallen zu kennen \u2013 denn sonst ist das Risiko gross, dass der Vergleich selbst zum neuen Streitfall wird.<\/p>\n<p>Das Schulthess Forum Zivilprozess widmet sich genau diesen neuralgischen Punkten \u2013 vom Rechtsbegehren \u00fcber den Vergleich bis zum Urteilsdispositiv \u2013 und dies unter Einbezug der j\u00fcngsten Rechtsprechung und aktuellen Beh\u00f6rdenpraxis. Diskutiert werden insbesondere:<\/p>\n<ul>\n<li>Strategien und Dynamiken der Verhandlungstaktik aus Sicht des Gerichts, der Schlichtungsbeh\u00f6rde, der Anwaltschaft und der Mediation<\/li>\n<li>rechtliche Rahmenbedingungen und gerichtliche Praxis<\/li>\n<li>Rolle der Schlichtungsbeh\u00f6rde und des Gerichts auf dem Weg zum Vergleich unter Beachtung der Neutralit\u00e4t<\/li>\n<li>Besonderheiten von Vergleichen im Schiedsverfahren<\/li>\n<li>vollstreckungs- sowie steuerliche Aspekte<\/li>\n<\/ul>\n<p>Erfahrene Praktikerinnen und Praktiker aus Anwaltschaft, Gericht und Wissenschaft teilen ihre Erkenntnisse aus der Anwalts-, Gerichtspraxis und Lehre. Sie zeigen auf, wie Stolpersteine sicher umgangen und vollstreckungssichere Resultate erzielt werden k\u00f6nnen. Erg\u00e4nzend wird beleuchtet, welche Erkenntnisse sich aus der Mediation ziehen lassen \u2013 insbesondere in Bezug auf Kommunikation, Verhandlungsf\u00fchrung und die L\u00f6sung von Blockaden.<\/p>\n<p>Neben fachlichen Impulsen bietet die Tagung Raum f\u00fcr Diskussion und Erfahrungsaustausch. Nutzen Sie den Tag, um anhand von Fallbeispielen Ihre Verhandlungskompetenz gezielt zu st\u00e4rken, Stolpersteine zu umgehen und Ihre Mandate sicher zum Abschluss zu f\u00fchren \u2013 mit der richtigen Strategie, Struktur und Fingerspitzengef\u00fchl.<\/p>\n","protected":false},"author":1853,"featured_media":0,"template":"","meta":{"_acf_changed":false,"_et_pb_use_builder":"on","_et_pb_old_content":"<h3><strong>Der Vergleich: M\u00f6glichkeiten, Grenzen und Praxistipps<\/strong><\/h3>\r\nDer Vergleich ist aus dem schweizerischen Zivilprozess nicht wegzudenken \u2013 die Vergleichskultur an den Gerichten ist eine Spezialit\u00e4t des schweizerischen Zivilverfahrens. Der Vergleich verlangt Fingerspitzengef\u00fchl, das richtige Timing und ein scharfes Bewusstsein f\u00fcr die rechtlichen und psychologischen T\u00fccken. Wer vergleicht, tut dies oft unter erheblichem Zeitdruck: Die Parteien sind nach langen Verhandlungen ersch\u00f6pft, das Gericht dr\u00e4ngt auf eine pragmatische L\u00f6sung, und die Erwartungen an einen \u00abvern\u00fcnftigen \u00bb Kompromiss liegen schwer im Raum. Umso wichtiger ist es daher, gut vorbereitet zu verhandeln und die g\u00e4ngigen Stolperfallen zu kennen \u2013 denn sonst ist das Risiko gross, dass der Vergleich selbst zum neuen Streitfall wird.\r\n\r\nDas Schulthess Forum Zivilprozess widmet sich genau diesen neuralgischen Punkten \u2013 vom Rechtsbegehren \u00fcber den Vergleich bis zum Urteilsdispositiv \u2013 und dies unter Einbezug der j\u00fcngsten Rechtsprechung und aktuellen Beh\u00f6rdenpraxis. Diskutiert werden insbesondere:\r\n<ul>\r\n \t<li>Strategien und Dynamiken der Verhandlungstaktik aus Sicht des Gerichts, der Schlichtungsbeh\u00f6rde, der Anwaltschaft und der Mediation<\/li>\r\n \t<li>rechtliche Rahmenbedingungen und gerichtliche Praxis<\/li>\r\n \t<li>Rolle der Schlichtungsbeh\u00f6rde und des Gerichts auf dem Weg zum Vergleich unter Beachtung der Neutralit\u00e4t<\/li>\r\n \t<li>Besonderheiten von Vergleichen im Schiedsverfahren<\/li>\r\n \t<li>vollstreckungs- sowie steuerliche Aspekte<\/li>\r\n<\/ul>\r\nErfahrene Praktikerinnen und Praktiker aus Anwaltschaft, Gericht und Wissenschaft teilen ihre Erkenntnisse aus der Anwalts-, Gerichtspraxis und Lehre. Sie zeigen auf, wie Stolpersteine sicher umgangen und vollstreckungssichere Resultate erzielt werden k\u00f6nnen. Erg\u00e4nzend wird beleuchtet, welche Erkenntnisse sich aus der Mediation ziehen lassen \u2013 insbesondere in Bezug auf Kommunikation, Verhandlungsf\u00fchrung und die L\u00f6sung von Blockaden.\r\n\r\nNeben fachlichen Impulsen bietet die Tagung Raum f\u00fcr Diskussion und Erfahrungsaustausch. Nutzen Sie den Tag, um anhand von Fallbeispielen Ihre Verhandlungskompetenz gezielt zu st\u00e4rken, Stolpersteine zu umgehen und Ihre Mandate sicher zum Abschluss zu f\u00fchren \u2013 mit der richtigen Strategie, Struktur und Fingerspitzengef\u00fchl.","_et_gb_content_width":""},"categories":[140,536],"tags":[],"product_brand":[],"product_cat":[229],"product_tag":[],"class_list":{"0":"post-34004","1":"product","2":"type-product","3":"status-publish","5":"category-tagung","6":"category-zivilprozess","7":"product_cat-229","8":"pa_teilnahme-praesenzveranstaltung","10":"first","11":"instock","12":"taxable","13":"shipping-taxable","14":"purchasable","15":"product-type-variable"},"acf":[],"_links":{"self":[{"href":"https:\/\/www.schulthessforum.ch\/fr\/wp-json\/wp\/v2\/product\/34004","targetHints":{"allow":["GET"]}}],"collection":[{"href":"https:\/\/www.schulthessforum.ch\/fr\/wp-json\/wp\/v2\/product"}],"about":[{"href":"https:\/\/www.schulthessforum.ch\/fr\/wp-json\/wp\/v2\/types\/product"}],"author":[{"embeddable":true,"href":"https:\/\/www.schulthessforum.ch\/fr\/wp-json\/wp\/v2\/users\/1853"}],"wp:attachment":[{"href":"https:\/\/www.schulthessforum.ch\/fr\/wp-json\/wp\/v2\/media?parent=34004"}],"wp:term":[{"taxonomy":"category","embeddable":true,"href":"https:\/\/www.schulthessforum.ch\/fr\/wp-json\/wp\/v2\/categories?post=34004"},{"taxonomy":"post_tag","embeddable":true,"href":"https:\/\/www.schulthessforum.ch\/fr\/wp-json\/wp\/v2\/tags?post=34004"},{"taxonomy":"product_brand","embeddable":true,"href":"https:\/\/www.schulthessforum.ch\/fr\/wp-json\/wp\/v2\/product_brand?post=34004"},{"taxonomy":"product_cat","embeddable":true,"href":"https:\/\/www.schulthessforum.ch\/fr\/wp-json\/wp\/v2\/product_cat?post=34004"},{"taxonomy":"product_tag","embeddable":true,"href":"https:\/\/www.schulthessforum.ch\/fr\/wp-json\/wp\/v2\/product_tag?post=34004"}],"curies":[{"name":"wp","href":"https:\/\/api.w.org\/{rel}","templated":true}]}}