{"id":34372,"date":"2025-10-20T16:04:37","date_gmt":"2025-10-20T14:04:37","guid":{"rendered":"https:\/\/www.schulthessforum.ch\/?post_type=product&#038;p=34372"},"modified":"2026-03-27T14:18:56","modified_gmt":"2026-03-27T13:18:56","slug":"aktienrecht","status":"publish","type":"product","link":"https:\/\/www.schulthessforum.ch\/aktienrecht\/","title":{"rendered":"Aktienrecht 2026"},"content":{"rendered":"<p>[et_pb_section fb_built=\u00a0\u00bb1&Prime; disabled_on=\u00a0\u00bboff|off|off\u00a0\u00bb admin_label=\u00a0\u00bbAlert Content\u00a0\u00bb module_id=\u00a0\u00bbschulthess-header-alertbar-section\u00a0\u00bb _builder_version=\u00a0\u00bb4.19.4&Prime; _module_preset=\u00a0\u00bbdefault\u00a0\u00bb locked=\u00a0\u00bboff\u00a0\u00bb collapsed=\u00a0\u00bbon\u00a0\u00bb global_colors_info=\u00a0\u00bb{}\u00a0\u00bb][et_pb_row _builder_version=\u00a0\u00bb4.17.4&Prime; _module_preset=\u00a0\u00bbdefault\u00a0\u00bb global_colors_info=\u00a0\u00bb{}\u00a0\u00bb][et_pb_column type=\u00a0\u00bb4_4&Prime; _builder_version=\u00a0\u00bb4.17.4&Prime; _module_preset=\u00a0\u00bbdefault\u00a0\u00bb global_colors_info=\u00a0\u00bb{}\u00a0\u00bb][et_pb_code admin_label=\u00a0\u00bbCode (Alert) (ZU \u00c4NDERN IN %22HOME%22)\u00a0\u00bb module_class=\u00a0\u00bbschulthess-header-alertbar \u00a0\u00bb _builder_version=\u00a0\u00bb4.17.4&Prime; _module_preset=\u00a0\u00bbdefault\u00a0\u00bb locked=\u00a0\u00bbon\u00a0\u00bb global_colors_info=\u00a0\u00bb{}\u00a0\u00bb][\/et_pb_code][\/et_pb_column][\/et_pb_row][\/et_pb_section][et_pb_section fb_built=\u00a0\u00bb1&Prime; disabled_on=\u00a0\u00bboff|off|off\u00a0\u00bb admin_label=\u00a0\u00bbHeader &#8211; Content\u00a0\u00bb module_class=\u00a0\u00bbsf-product-header schulthess-hero\u00a0\u00bb _builder_version=\u00a0\u00bb4.20.2&Prime; _module_preset=\u00a0\u00bbdefault\u00a0\u00bb background_enable_color=\u00a0\u00bboff\u00a0\u00bb background_enable_image=\u00a0\u00bboff\u00a0\u00bb locked=\u00a0\u00bboff\u00a0\u00bb collapsed=\u00a0\u00bbon\u00a0\u00bb global_colors_info=\u00a0\u00bb{}\u00a0\u00bb][et_pb_row _builder_version=\u00a0\u00bb4.20.2&Prime; _module_preset=\u00a0\u00bbdefault\u00a0\u00bb global_colors_info=\u00a0\u00bb{}\u00a0\u00bb][et_pb_column type=\u00a0\u00bb4_4&Prime; _builder_version=\u00a0\u00bb4.20.2&Prime; _module_preset=\u00a0\u00bbdefault\u00a0\u00bb global_colors_info=\u00a0\u00bb{}\u00a0\u00bb][et_pb_text _builder_version=\u00a0\u00bb4.20.2&Prime; _module_preset=\u00a0\u00bbdefault\u00a0\u00bb global_colors_info=\u00a0\u00bb{}\u00a0\u00bb]<style>.et-db #et-boc .et-l .et_pb_section.sf-product-header.schulthess-hero{\n        background-color: #244566 !important;\n      }\n      .schulthess-hero h1 {\n        border-bottom: 3px solid #FFFFFFF !important;\n      }\n      .sf-product-header.schulthess-hero .weitereVaranstalerSchriftfarbe{\n        color: #FFFFFF !important;\n      }\n      .schulthess-hero .event-kategorie-date-headline.weitereVaranstalerSchriftfarbe,\n      .schulthess-hero .event-kategorie-date-headline.weitereVaranstalerSchriftfarbe a{\n        color: #FFFFFF !important;\n      }\n      .schulthess-hero .event-kategorie-date-headline.weitereVaranstalerSchriftfarbe a:hover,\n      .schulthess-hero .event-kategorie-date-headline.weitereVaranstalerSchriftfarbe a:focus,\n      .schulthess-hero .event-kategorie-date-headline.weitereVaranstalerSchriftfarbe a:active{\n        color: #8ac7ef !important;\n      }\n      .weitererVeranstalterLogoSubheadline{\n        width: 150px;\n        max-width: 100%;\n      }<\/style>\n\t <div class=\"et_pb_text_inner\"><h3 class=\"weitereVaranstalerSchriftfarbe\">Schulthess Forum<\/h3><\/div>\n\t <div class=\"et_pb_text_inner\"><h1 class=\"sf-product-title weitereVaranstalerSchriftfarbe\">Aktienrecht 2026<\/h1><\/div>\n\t <div class=\"et_pb_text_inner\"><h2 class=\"sf-product-subheadline weitereVaranstalerSchriftfarbe\">Aktuelle Praxisfragen<\/h2><\/div>\n\t <div class=\"sf-product-catsDateLogos\"><span class=\"event-kategorie-date-headline weitereVaranstalerSchriftfarbe\">Aktienrecht | Tagungen | Online-Teilnahme | mardi, 27.01.2026<\/span><div class=\"sf-product-logos\"><\/div><\/div>[\/et_pb_text][\/et_pb_column][\/et_pb_row][\/et_pb_section][et_pb_section fb_built=\u00a0\u00bb1&Prime; specialty=\u00a0\u00bbon\u00a0\u00bb module_class_1=\u00a0\u00bbschulthess-product-main\u00a0\u00bb module_class_2=\u00a0\u00bbschulthess-product-sidebar\u00a0\u00bb admin_label=\u00a0\u00bbMain &#8211; Content\u00a0\u00bb module_id=\u00a0\u00bbschulthess-product-mainsection\u00a0\u00bb _builder_version=\u00a0\u00bb4.19.4&Prime; _module_preset=\u00a0\u00bbdefault\u00a0\u00bb collapsed=\u00a0\u00bboff\u00a0\u00bb global_colors_info=\u00a0\u00bb{}\u00a0\u00bb][et_pb_column type=\u00a0\u00bb3_4&Prime; specialty_columns=\u00a0\u00bb3&Prime; _builder_version=\u00a0\u00bb4.16&Prime; custom_padding=\u00a0\u00bb|||\u00a0\u00bb global_colors_info=\u00a0\u00bb{}\u00a0\u00bb custom_padding__hover=\u00a0\u00bb|||\u00a0\u00bb][et_pb_row_inner admin_label=\u00a0\u00bbMen\u00fc (Programm, Referierende, Fachinformation, Partner, Impressionen, Teilnehmerbereich)\u00a0\u00bb module_id=\u00a0\u00bbschulthess-product-subnavigation\u00a0\u00bb _builder_version=\u00a0\u00bb4.21.0&Prime; background_size=\u00a0\u00bbinitial\u00a0\u00bb background_position=\u00a0\u00bbtop_left\u00a0\u00bb background_repeat=\u00a0\u00bbrepeat\u00a0\u00bb locked=\u00a0\u00bboff\u00a0\u00bb collapsed=\u00a0\u00bboff\u00a0\u00bb global_colors_info=\u00a0\u00bb{}\u00a0\u00bb][et_pb_column_inner saved_specialty_column_type=\u00a0\u00bb3_4&Prime; _builder_version=\u00a0\u00bb4.17.3&Prime; _module_preset=\u00a0\u00bbdefault\u00a0\u00bb global_colors_info=\u00a0\u00bb{}\u00a0\u00bb][et_pb_menu menu_id=\u00a0\u00bb67&Prime; module_class=\u00a0\u00bbet_smooth_scroll_disabled\u00a0\u00bb _builder_version=\u00a0\u00bb4.21.0&Prime; _module_preset=\u00a0\u00bbdefault\u00a0\u00bb locked=\u00a0\u00bboff\u00a0\u00bb global_colors_info=\u00a0\u00bb{}\u00a0\u00bb][\/et_pb_menu][\/et_pb_column_inner][\/et_pb_row_inner][et_pb_row_inner admin_label=\u00a0\u00bbKurzbeschreibung (Inhalt kommt vom Main Event Content)\u00a0\u00bb module_class=\u00a0\u00bbsf-date-shorttext-row kurzbeschreibung-border-bottom\u00a0\u00bb _builder_version=\u00a0\u00bb4.19.4&Prime; _module_preset=\u00a0\u00bbdefault\u00a0\u00bb locked=\u00a0\u00bboff\u00a0\u00bb collapsed=\u00a0\u00bbon\u00a0\u00bb global_colors_info=\u00a0\u00bb{}\u00a0\u00bb][et_pb_column_inner saved_specialty_column_type=\u00a0\u00bb3_4&Prime; _builder_version=\u00a0\u00bb4.16&Prime; _module_preset=\u00a0\u00bbdefault\u00a0\u00bb global_colors_info=\u00a0\u00bb{}\u00a0\u00bb][et_pb_text admin_label=\u00a0\u00bbKurzbeschreibung\u00a0\u00bb _builder_version=\u00a0\u00bb4.19.4&Prime; _dynamic_attributes=\u00a0\u00bbcontent\u00a0\u00bb _module_preset=\u00a0\u00bbdefault\u00a0\u00bb locked=\u00a0\u00bboff\u00a0\u00bb global_colors_info=\u00a0\u00bb{}\u00a0\u00bb]@ET-DC@eyJkeW5hbWljIjp0cnVlLCJjb250ZW50IjoicHJvZHVjdF9zaG9ydF9kZXNjcmlwdGlvbiIsInNldHRpbmdzIjp7ImJlZm9yZSI6IiIsImFmdGVyIjoiIn19@[\/et_pb_text][\/et_pb_column_inner][\/et_pb_row_inner][et_pb_row_inner admin_label=\u00a0\u00bbProgramm (Ihr Vorteil, Zielpublikum, Kurzprogramm, Detailprogramm)\u00a0\u00bb module_id=\u00a0\u00bbschulthess-programm\u00a0\u00bb _builder_version=\u00a0\u00bb4.21.0&Prime; _module_preset=\u00a0\u00bbdefault\u00a0\u00bb collapsed=\u00a0\u00bboff\u00a0\u00bb global_colors_info=\u00a0\u00bb{}\u00a0\u00bb][et_pb_column_inner saved_specialty_column_type=\u00a0\u00bb3_4&Prime; _builder_version=\u00a0\u00bb4.16&Prime; _module_preset=\u00a0\u00bbdefault\u00a0\u00bb global_colors_info=\u00a0\u00bb{}\u00a0\u00bb][et_pb_text admin_label=\u00a0\u00bbZielpublikum &#8211; Headline\u00a0\u00bb _builder_version=\u00a0\u00bb4.21.0&Prime; _module_preset=\u00a0\u00bbdefault\u00a0\u00bb locked=\u00a0\u00bboff\u00a0\u00bb global_colors_info=\u00a0\u00bb{}\u00a0\u00bb]<\/p>\n<h3>Zielpublikum<\/h3>\n<p>[\/et_pb_text][et_pb_text admin_label=\u00a0\u00bbZielpublikum\u00a0\u00bb module_class=\u00a0\u00bbprogramm-border-bottom\u00a0\u00bb _builder_version=\u00a0\u00bb4.27.0&Prime; _module_preset=\u00a0\u00bbdefault\u00a0\u00bb global_colors_info=\u00a0\u00bb{}\u00a0\u00bb]<\/p>\n<ul>\n<li>Rechtsanw\u00e4ltinnen und Rechtsanw\u00e4lte<\/li>\n<li>Juristinnen und Juristen in Unternehmen<\/li>\n<li>Notarinnen und Notare<\/li>\n<li>Verwaltungsrat und Gesch\u00e4ftsleitung<\/li>\n<li>Revisions- und Treuhandgesellschaften<\/li>\n<li>Investorinnen und Investoren<\/li>\n<\/ul>\n<p>[\/et_pb_text][et_pb_text disabled_on=\u00a0\u00bboff|off|off\u00a0\u00bb admin_label=\u00a0\u00bbIhr Vorteil &#8211; Headline\u00a0\u00bb _builder_version=\u00a0\u00bb4.21.0&Prime; _module_preset=\u00a0\u00bbdefault\u00a0\u00bb locked=\u00a0\u00bboff\u00a0\u00bb global_colors_info=\u00a0\u00bb{}\u00a0\u00bb]<\/p>\n<h3>Ihr Vorteil<\/h3>\n<p>[\/et_pb_text][et_pb_text disabled_on=\u00a0\u00bboff|off|off\u00a0\u00bb admin_label=\u00a0\u00bbIhr Vorteil\u00a0\u00bb module_class=\u00a0\u00bbprogramm-border-bottom\u00a0\u00bb _builder_version=\u00a0\u00bb4.22.1&Prime; _module_preset=\u00a0\u00bbdefault\u00a0\u00bb global_colors_info=\u00a0\u00bb{}\u00a0\u00bb]<\/p>\n<ul>\n<li>Aktuelle Themen mit hoher Praxisrelevanz<\/li>\n<li>Namhafte Referierende<\/li>\n<li>Fachlicher Austausch<\/li>\n<li>Spannende Netzwerksm\u00f6glichkeiten<\/li>\n<\/ul>\n<p>[\/et_pb_text][et_pb_text admin_label=\u00a0\u00bbKurzprogramm &#8211; Headline\u00a0\u00bb _builder_version=\u00a0\u00bb4.21.0&Prime; _module_preset=\u00a0\u00bbdefault\u00a0\u00bb locked=\u00a0\u00bboff\u00a0\u00bb global_colors_info=\u00a0\u00bb{}\u00a0\u00bb]<\/p>\n<h3><a id=\"dictEntry10002008372\" class=\"dictLink featured\" href=\"https:\/\/www.linguee.com\/english-german\/translation\/programme+item.html\" target=\"_blank\" rel=\"noopener\">Kurzprogramm<\/a><\/h3>\n<p>[\/et_pb_text][et_pb_text admin_label=\u00a0\u00bbProgramm &#8211; Liste\u00a0\u00bb module_class=\u00a0\u00bbprogramm-border-bottom\u00a0\u00bb _builder_version=\u00a0\u00bb4.27.4&Prime; _module_preset=\u00a0\u00bbdefault\u00a0\u00bb global_colors_info=\u00a0\u00bb{}\u00a0\u00bb]<\/p>\n<ul>\n<li>\u00abEine Bank geht unter und niemand ist verantwortlich.\u00bb (<em>Sergio Ermotti, CEO UBS)<\/em> \u2013 Stand und Perspektiven der Organverantwortung nach schweizerischem Recht<\/li>\n<li>Die aktienrechtliche Gleichbehandlung in der Praxis<\/li>\n<li>Vertretung von Aktienkategorien im Verwaltungsrat<\/li>\n<li>Vinkulierung und Stimmrechtsbeschr\u00e4nkung<\/li>\n<li>Wie sch\u00fctze ich mich als VR in Krisenzeiten?<\/li>\n<li>Drei Jahre Kapitalband \u2013 eine Standortbestimmung<\/li>\n<li>Neues zu Kapitalver\u00e4nderungen in der Handelsregisterpraxis<\/li>\n<li>Ausgew\u00e4hlte Knackpunkte bei der Durchsetzung von Aktion\u00e4rsbindungsvertr\u00e4gen<\/li>\n<li>Beteiligungsaufbau bei kotierten Unternehmen<\/li>\n<\/ul>\n<p>[\/et_pb_text][sfdm_event_program_list use_switcher=\u00a0\u00bboff\u00a0\u00bb disabled_on=\u00a0\u00bboff|off|off\u00a0\u00bb admin_label=\u00a0\u00bbProgramm &#8211; Detail Neu\u00a0\u00bb _builder_version=\u00a0\u00bb4.27.4&Prime; _module_preset=\u00a0\u00bbdefault\u00a0\u00bb locked=\u00a0\u00bboff\u00a0\u00bb global_colors_info=\u00a0\u00bb{}\u00a0\u00bb][sfdm_event_program_list_item backend_title=\u00a0\u00bb08:30 &#8211; 09:00 Registrierung und Begr\u00fcssungskaffee f\u00fcr Pr\u00e4senzteilnehmende\u00a0\u00bb subtitle=\u00a0\u00bb8:30 &#8211; 9:00 Registrierung und Begr\u00fcssungskaffee f\u00fcr Pr\u00e4senzteilnehmende\u00a0\u00bb type=\u00a0\u00bbbreak\u00a0\u00bb _builder_version=\u00a0\u00bb4.22.1&Prime; _module_preset=\u00a0\u00bbdefault\u00a0\u00bb global_colors_info=\u00a0\u00bb{}\u00a0\u00bb][\/sfdm_event_program_list_item][sfdm_event_program_list_item backend_title=\u00a0\u00bb09:00 &#8211; 09:05 Begr\u00fcssung durch die Tagesleitung\u00a0\u00bb title=\u00a0\u00bbBegr\u00fcssung durch die Tagesleitung\u00a0\u00bb start_time=\u00a0\u00bb09:00&Prime; end_time=\u00a0\u00bb09:05&Prime; speakers=\u00a0\u00bb<\/p>\n<p>Dr. Mariel Hoch<\/p>\n<p>\u00a0\u00bb _builder_version=\u00a0\u00bb4.22.1&Prime; _module_preset=\u00a0\u00bbdefault\u00a0\u00bb global_colors_info=\u00a0\u00bb{}\u00a0\u00bb][\/sfdm_event_program_list_item][sfdm_event_program_list_item backend_title=\u00a0\u00bb09:05 &#8211; 09:40 \u00abEine Bank geht unter und niemand ist verantwortlich.\u00bb*  \u2013  Stand und Perspektiven der Organverantwortung nach schweizerischem Recht\u00a0\u00bb title=\u00a0\u00bb\u00abEine Bank geht unter und niemand ist verantwortlich.\u00bb*  \u2013  Stand und Perspektiven der Organverantwortung nach schweizerischem Recht\u00a0\u00bb subtitle=\u00a0\u00bbKeynote\u00a0\u00bb start_time=\u00a0\u00bb09:05&Prime; end_time=\u00a0\u00bb09:40&Prime; speakers=\u00a0\u00bb<\/p>\n<p>Prof. Dr. Hans-Ueli Vogt<\/p>\n<p>\u00a0\u00bb _builder_version=\u00a0\u00bb4.27.4&Prime; _module_preset=\u00a0\u00bbdefault\u00a0\u00bb global_colors_info=\u00a0\u00bb{}\u00a0\u00bb]<\/p>\n<p>*(Sergio Ermotti, CEO UBS)<\/p>\n<p>Ob Swissair, die UBS in der Finanzkrise 2008 oder die Credit Suisse \u2013 Verwaltungsr\u00e4te und Gesch\u00e4ftsleitungen grosser Unternehmen werden in der Schweiz nicht zur Verantwortung gezogen oder jedenfalls nicht mit Erfolg. Warum ist das so? Sollte sich das \u00e4ndern und, wenn ja, wie?<\/p>\n<p>[\/sfdm_event_program_list_item][sfdm_event_program_list_item backend_title=\u00a0\u00bb09:40 &#8211; 10:15 Die aktienrechtliche Gleichbehandlung in der Praxis \u00a0\u00bb title=\u00a0\u00bbDie aktienrechtliche Gleichbehandlung in der Praxis \u00a0\u00bb subtitle=\u00a0\u00bbReferat\u00a0\u00bb start_time=\u00a0\u00bb09:40&Prime; end_time=\u00a0\u00bb10:15&Prime; speakers=\u00a0\u00bb<\/p>\n<p>Dr. Anna Peter<\/p>\n<p>\u00a0\u00bb _builder_version=\u00a0\u00bb4.27.4&Prime; _module_preset=\u00a0\u00bbdefault\u00a0\u00bb global_colors_info=\u00a0\u00bb{}\u00a0\u00bb]<\/p>\n<ul>\n<li>Relative Gleichbehandlung: wann sind \u00ab\u00a0gleiche Voraussetzungen\u00a0\u00bb gleich, wann sind Voraussetzungen ungleich?<\/li>\n<li>Informationelle Ungleichbehandlung, selektiver R\u00fcckkauf eigener Aktien, Anwendung der <em>escape clause<\/em>: was sind die typischen Problemfelder in der Praxis?<\/li>\n<li>Wie praxistauglich sind die g\u00e4ngigen L\u00f6sungsvorschl\u00e4ge?<\/li>\n<\/ul>\n<p>[\/sfdm_event_program_list_item][sfdm_event_program_list_item backend_title=\u00a0\u00bb10:15 &#8211; 10:45 Pause\u00a0\u00bb subtitle=\u00a0\u00bb10:15 &#8211; 10: 45 Pause\u00a0\u00bb type=\u00a0\u00bbbreak\u00a0\u00bb _builder_version=\u00a0\u00bb4.27.4&Prime; _module_preset=\u00a0\u00bbdefault\u00a0\u00bb global_colors_info=\u00a0\u00bb{}\u00a0\u00bb][\/sfdm_event_program_list_item][sfdm_event_program_list_item backend_title=\u00a0\u00bb10:45 &#8211; 11:20 (S)Watch out! &#8211; Vertretung von Aktienkategorien im Verwaltungsrat\u00a0\u00bb title=\u00a0\u00bb(S)Watch out! &#8211; Vertretung von Aktienkategorien im Verwaltungsrat\u00a0\u00bb subtitle=\u00a0\u00bbReferat\u00a0\u00bb start_time=\u00a0\u00bb10:45&Prime; end_time=\u00a0\u00bb11:20&Prime; speakers=\u00a0\u00bb<\/p>\n<p>Pascal Hubli und Dr. Oliver Triebold<\/p>\n<p>\u00a0\u00bb _builder_version=\u00a0\u00bb4.27.4&Prime; _module_preset=\u00a0\u00bbdefault\u00a0\u00bb global_colors_info=\u00a0\u00bb{}\u00a0\u00bb]<\/p>\n<ul>\n<li>Was ist eine Aktienkategorie im Sinne des Gesetzes?<\/li>\n<li>Schafft jede Private Equity oder Venture Capital Finanzierungsrunde ohne weiteres eine neue Aktienkategorie?<\/li>\n<li>Worum geht es im Swatch Fall?<\/li>\n<li>Welche praktischen Lehren und Empfehlungen lassen sich aus den vorstehenden Erkenntnissen ziehen?<\/li>\n<\/ul>\n<p>[\/sfdm_event_program_list_item][sfdm_event_program_list_item backend_title=\u00a0\u00bb11:20 &#8211; 12:00 Vinkulierung und Stimmrechtsbeschr\u00e4nkung \u00a0\u00bb title=\u00a0\u00bbVinkulierung und Stimmrechtsbeschr\u00e4nkung \u00a0\u00bb subtitle=\u00a0\u00bbReferat\u00a0\u00bb start_time=\u00a0\u00bb11:20&Prime; end_time=\u00a0\u00bb12:00&Prime; speakers=\u00a0\u00bb<\/p>\n<p>Dr. Dieter Dubs<\/p>\n<p>\u00a0\u00bb _builder_version=\u00a0\u00bb4.27.4&Prime; _module_preset=\u00a0\u00bbdefault\u00a0\u00bb global_colors_info=\u00a0\u00bb{}\u00a0\u00bb][\/sfdm_event_program_list_item][sfdm_event_program_list_item backend_title=\u00a0\u00bb12:00 &#8211; 12:30 Wie sch\u00fctze ich mich als Verwaltungsrat in Krisenzeiten?\u00a0\u00bb title=\u00a0\u00bbWie sch\u00fctze ich mich als Verwaltungsrat in Krisenzeiten?\u00a0\u00bb subtitle=\u00a0\u00bbPanel\u00a0\u00bb start_time=\u00a0\u00bb12:00&Prime; end_time=\u00a0\u00bb12:30&Prime; speakers=\u00a0\u00bb<\/p>\n<p>Birger Berendes, Prof. Dr. Hans-Ueli Vogt und Dr. Mariel Hoch, moderiert von Dr. Oliver Triebold<\/p>\n<p>\u00a0\u00bb _builder_version=\u00a0\u00bb4.27.4&Prime; _module_preset=\u00a0\u00bbdefault\u00a0\u00bb global_colors_info=\u00a0\u00bb{}\u00a0\u00bb][\/sfdm_event_program_list_item][sfdm_event_program_list_item backend_title=\u00a0\u00bb12:30 &#8211; 13:30 Mittagspause\u00a0\u00bb subtitle=\u00a0\u00bb12:30 &#8211; 13:30 Mittagspause\u00a0\u00bb type=\u00a0\u00bbbreak\u00a0\u00bb _builder_version=\u00a0\u00bb4.27.4&Prime; _module_preset=\u00a0\u00bbdefault\u00a0\u00bb global_colors_info=\u00a0\u00bb{}\u00a0\u00bb][\/sfdm_event_program_list_item][sfdm_event_program_list_item backend_title=\u00a0\u00bb13:30 &#8211; 14:10 Lessons learned from three years of the capital band \u00a0\u00bb title=\u00a0\u00bbLessons learned from three years of the capital band \u00a0\u00bb subtitle=\u00a0\u00bbcontribution in english\u00a0\u00bb start_time=\u00a0\u00bb13:30&Prime; end_time=\u00a0\u00bb14:10&Prime; speakers=\u00a0\u00bb<\/p>\n<p>Deirdre N\u00ed Annrach\u00e1in<\/p>\n<p>\u00a0\u00bb _builder_version=\u00a0\u00bb4.27.4&Prime; _module_preset=\u00a0\u00bbdefault\u00a0\u00bb global_colors_info=\u00a0\u00bb{}\u00a0\u00bb]<\/p>\n<ul>\n<li>What place has the capital band earned in the Swiss corporate landscape in its first three years of existence?<\/li>\n<li>What have been the key learnings from these first three years?<\/li>\n<li>What benefits have companies and stakeholders been able to gain from the capital band?<\/li>\n<\/ul>\n<p>[\/sfdm_event_program_list_item][sfdm_event_program_list_item backend_title=\u00a0\u00bb14:10 &#8211; 14:50 Neues zu Kapitalver\u00e4nderungen in der Handelsregisterpraxis\u00a0\u00bb title=\u00a0\u00bbNeues zu Kapitalver\u00e4nderungen in der Handelsregisterpraxis\u00a0\u00bb subtitle=\u00a0\u00bbReferat\u00a0\u00bb start_time=\u00a0\u00bb14:10&Prime; end_time=\u00a0\u00bb14:50&Prime; speakers=\u00a0\u00bb<\/p>\n<p>Dr. Fabio Scotoni<\/p>\n<p>\u00a0\u00bb _builder_version=\u00a0\u00bb4.27.4&Prime; _module_preset=\u00a0\u00bbdefault\u00a0\u00bb global_colors_info=\u00a0\u00bb{}\u00a0\u00bb]<\/p>\n<ul>\n<li>Noch immer gibt es Gesellschaften mit altrechtlichem bedingtem Kapital: Was ist zu beachten?<\/li>\n<li>Was passiert, wenn M\u00e4ngel in der Statutenbestimmung zu bedingtem Kapital oder Kapitalband nach der Eintragung im Handelsregister auffallen?<\/li>\n<li>Welche M\u00f6glichkeiten gibt es zur Entschlackung des Verfahrens bei der ordentlichen Kapitalerh\u00f6hung oder dem Kapitalband in der Handelsregisterpraxis?<\/li>\n<\/ul>\n<p>[\/sfdm_event_program_list_item][sfdm_event_program_list_item backend_title=\u00a0\u00bb14:50 &#8211; 15:20 Pause\u00a0\u00bb subtitle=\u00a0\u00bb14:50 &#8211; 15:20 Pause\u00a0\u00bb type=\u00a0\u00bbbreak\u00a0\u00bb _builder_version=\u00a0\u00bb4.27.4&Prime; _module_preset=\u00a0\u00bbdefault\u00a0\u00bb global_colors_info=\u00a0\u00bb{}\u00a0\u00bb][\/sfdm_event_program_list_item][sfdm_event_program_list_item backend_title=\u00a0\u00bb15:20 &#8211; 16:00  Ausgew\u00e4hlte Knackpunkte bei der Durchsetzung von Aktion\u00e4rsbindungsvertr\u00e4gen\u00a0\u00bb title=\u00a0\u00bbAusgew\u00e4hlte Knackpunkte bei der Durchsetzung von Aktion\u00e4rsbindungsvertr\u00e4gen\u00a0\u00bb subtitle=\u00a0\u00bbReferat\u00a0\u00bb start_time=\u00a0\u00bb15:20&Prime; end_time=\u00a0\u00bb16:00&Prime; speakers=\u00a0\u00bb<\/p>\n<p>Florentin Weibel<\/p>\n<p>\u00a0\u00bb _builder_version=\u00a0\u00bb4.27.4&Prime; _module_preset=\u00a0\u00bbdefault\u00a0\u00bb global_colors_info=\u00a0\u00bb{}\u00a0\u00bb]<\/p>\n<ul>\n<li>Vollzug von Aktien\u00fcbertragungen bei der Aus\u00fcbung von Erwerbs- und Ver\u00e4usserungsrechten<\/li>\n<li>Durchsetzung von Konkurrenzverboten<\/li>\n<li>Vorsorgliche Massnahmen zur Durchsetzung von Stimmbindungsvereinbarungen<\/li>\n<\/ul>\n<p>[\/sfdm_event_program_list_item][sfdm_event_program_list_item backend_title=\u00a0\u00bb16:00 &#8211; 16:40 Beteiligungsaufbau bei kotierten Unternehmen\u00a0\u00bb title=\u00a0\u00bbBeteiligungsaufbau bei kotierten Unternehmen\u00a0\u00bb subtitle=\u00a0\u00bbReferat\u00a0\u00bb start_time=\u00a0\u00bb16:00&Prime; end_time=\u00a0\u00bb16:40&Prime; speakers=\u00a0\u00bb<\/p>\n<p>Birger Berendes und Marlene Lienau <\/p>\n<p>\u00a0\u00bb _builder_version=\u00a0\u00bb4.27.4&Prime; _module_preset=\u00a0\u00bbdefault\u00a0\u00bb global_colors_info=\u00a0\u00bb{}\u00a0\u00bb]<\/p>\n<ul>\n<li>Rechtlicher Rahmen fuer den Beteiligungsaufbau<\/li>\n<li>Trends und Strategien von strategischen Investoren u. Hedge Funds<\/li>\n<li>Fallbeispiele<\/li>\n<\/ul>\n<p>[\/sfdm_event_program_list_item][sfdm_event_program_list_item backend_title=\u00a0\u00bb16:45 &#8211; 17:00 Fragerunde und Fazit\u00a0\u00bb title=\u00a0\u00bbFazit\u00a0\u00bb start_time=\u00a0\u00bb16:45&Prime; end_time=\u00a0\u00bb17:00&Prime; speakers=\u00a0\u00bb<\/p>\n<p>Dr. Mariel Hoch<\/p>\n<p>\u00a0\u00bb _builder_version=\u00a0\u00bb4.27.4&Prime; _module_preset=\u00a0\u00bbdefault\u00a0\u00bb global_colors_info=\u00a0\u00bb{}\u00a0\u00bb][\/sfdm_event_program_list_item][\/sfdm_event_program_list][\/et_pb_column_inner][\/et_pb_row_inner][et_pb_row_inner disabled_on=\u00a0\u00bbon|on|on\u00a0\u00bb admin_label=\u00a0\u00bbAnzeigen (Mobile)\u00a0\u00bb _builder_version=\u00a0\u00bb4.17.4&Prime; _module_preset=\u00a0\u00bbdefault\u00a0\u00bb disabled=\u00a0\u00bbon\u00a0\u00bb locked=\u00a0\u00bboff\u00a0\u00bb collapsed=\u00a0\u00bbon\u00a0\u00bb global_colors_info=\u00a0\u00bb{}\u00a0\u00bb][et_pb_column_inner saved_specialty_column_type=\u00a0\u00bb3_4&Prime; _builder_version=\u00a0\u00bb4.17.4&Prime; _module_preset=\u00a0\u00bbdefault\u00a0\u00bb global_colors_info=\u00a0\u00bb{}\u00a0\u00bb][et_pb_code disabled_on=\u00a0\u00bboff|off|on\u00a0\u00bb admin_label=\u00a0\u00bbAnzeige(n) (MOBILE)\u00a0\u00bb module_class=\u00a0\u00bbschulthess_product_ads\u00a0\u00bb _builder_version=\u00a0\u00bb4.17.4&Prime; _module_preset=\u00a0\u00bbdefault\u00a0\u00bb locked=\u00a0\u00bboff\u00a0\u00bb global_colors_info=\u00a0\u00bb{}\u00a0\u00bb][\/et_pb_code][\/et_pb_column_inner][\/et_pb_row_inner][et_pb_row_inner admin_label=\u00a0\u00bbReferenten\u00a0\u00bb module_id=\u00a0\u00bbschulthess-referierende\u00a0\u00bb module_class=\u00a0\u00bbschulthess-referenten-slider\u00a0\u00bb _builder_version=\u00a0\u00bb4.22.1&Prime; _module_preset=\u00a0\u00bbdefault\u00a0\u00bb collapsed=\u00a0\u00bbon\u00a0\u00bb global_colors_info=\u00a0\u00bb{}\u00a0\u00bb][et_pb_column_inner saved_specialty_column_type=\u00a0\u00bb3_4&Prime; _builder_version=\u00a0\u00bb4.16&Prime; _module_preset=\u00a0\u00bbdefault\u00a0\u00bb global_colors_info=\u00a0\u00bb{}\u00a0\u00bb][et_pb_text admin_label=\u00a0\u00bbHeadline\u00a0\u00bb module_class=\u00a0\u00bbsf-h3 schulthess-product-speaker-headline-wrapper\u00a0\u00bb _builder_version=\u00a0\u00bb4.19.5&Prime; _module_preset=\u00a0\u00bbdefault\u00a0\u00bb locked=\u00a0\u00bbon\u00a0\u00bb global_colors_info=\u00a0\u00bb{}\u00a0\u00bb]<\/p>\n<h5>Referierende<\/h5>\n<p><!--div class=\"buttons\"><button class=\"grid icon_grid\"><span><\/span><\/button><button class=\"list icon_list\"><span><\/span><\/button><\/div-->[\/et_pb_text][et_pb_code _builder_version=\u00a0\u00bb4.19.5&Prime; _module_preset=\u00a0\u00bbdefault\u00a0\u00bb locked=\u00a0\u00bboff\u00a0\u00bb global_colors_info=\u00a0\u00bb{}\u00a0\u00bb]<div class=\"sf-speaker-slider\"><div class=\"uk-position-relative uk-visible-toggle uk-light\" tabindex=\"-1\"><ul class=\"uk-grid-small uk-child-width-1-4@s uk-child-width-1-4@m uk-child-width-1-4@l\" uk-grid uk-height-match=\"target: > li > .uk-card\">\n\n            <li>\n                <div class=\"uk-card uk-card-default\">\n                    <a href=\"#referent-16038\" uk-toggle>\n                    <div class=\"uk-card-media-top\">\n                        <img loading=\"lazy\" decoding=\"async\" width=\"200\" height=\"242\" src=\"https:\/\/www.schulthessforum.ch\/wp-content\/media\/Hoch_Mariel_Tagungsleitung_360x190px-200x242.jpg\" class=\"attachment-schulthess_speaker size-schulthess_speaker wp-post-image\" alt=\"\" \/>\n                        <div class=\"uk-label referenten-tagesleitung\">Direction<\/div>\n                    <\/div>\n                    <div class=\"uk-card uk-card-body\">\n                        <h4 class=\"speaker-card-name cardslider-card-name\">Dr.  Mariel Hoch<\/h4>\n                    <\/div>\n                    <\/a>\n                <\/div>\n            <\/li>\n            \n\n            <li>\n                <div class=\"uk-card uk-card-default\">\n                    <a href=\"#referent-34432\" uk-toggle>\n                    <div class=\"uk-card-media-top\">\n                        <img loading=\"lazy\" decoding=\"async\" width=\"200\" height=\"242\" src=\"https:\/\/www.schulthessforum.ch\/wp-content\/media\/Referenten\/Birger_Berend_200x242px.jpg\" class=\"attachment-schulthess_speaker size-schulthess_speaker wp-post-image\" alt=\"\" \/>\n                        \n                    <\/div>\n                    <div class=\"uk-card uk-card-body\">\n                        <h4 class=\"speaker-card-name cardslider-card-name\"> Birger Berendes<\/h4>\n                    <\/div>\n                    <\/a>\n                <\/div>\n            <\/li>\n            \n\n            <li>\n                <div class=\"uk-card uk-card-default\">\n                    <a href=\"#referent-34376\" uk-toggle>\n                    <div class=\"uk-card-media-top\">\n                        <img loading=\"lazy\" decoding=\"async\" width=\"200\" height=\"242\" src=\"https:\/\/www.schulthessforum.ch\/wp-content\/media\/Referenten\/Dubs_Dieter_200x242px-1-200x242.jpg\" class=\"attachment-schulthess_speaker size-schulthess_speaker wp-post-image\" alt=\"\" \/>\n                        \n                    <\/div>\n                    <div class=\"uk-card uk-card-body\">\n                        <h4 class=\"speaker-card-name cardslider-card-name\">Dr.  Dieter Dubs<\/h4>\n                    <\/div>\n                    <\/a>\n                <\/div>\n            <\/li>\n            \n\n            <li>\n                <div class=\"uk-card uk-card-default\">\n                    <a href=\"#referent-34218\" uk-toggle>\n                    <div class=\"uk-card-media-top\">\n                        <img loading=\"lazy\" decoding=\"async\" width=\"200\" height=\"242\" src=\"https:\/\/www.schulthessforum.ch\/wp-content\/media\/Referenten\/Hubli_Pascal_200x242px.jpg\" class=\"attachment-schulthess_speaker size-schulthess_speaker wp-post-image\" alt=\"\" \/>\n                        \n                    <\/div>\n                    <div class=\"uk-card uk-card-body\">\n                        <h4 class=\"speaker-card-name cardslider-card-name\"> Pascal Hubli<\/h4>\n                    <\/div>\n                    <\/a>\n                <\/div>\n            <\/li>\n            \n\n            <li>\n                <div class=\"uk-card uk-card-default\">\n                    <a href=\"#referent-36486\" uk-toggle>\n                    <div class=\"uk-card-media-top\">\n                        <img loading=\"lazy\" decoding=\"async\" width=\"200\" height=\"242\" src=\"https:\/\/www.schulthessforum.ch\/wp-content\/media\/Referenten\/Marlene-Lienau_200x242px.jpg\" class=\"attachment-schulthess_speaker size-schulthess_speaker wp-post-image\" alt=\"\" \/>\n                        \n                    <\/div>\n                    <div class=\"uk-card uk-card-body\">\n                        <h4 class=\"speaker-card-name cardslider-card-name\"> Marlene Lienau<\/h4>\n                    <\/div>\n                    <\/a>\n                <\/div>\n            <\/li>\n            \n\n            <li>\n                <div class=\"uk-card uk-card-default\">\n                    <a href=\"#referent-34249\" uk-toggle>\n                    <div class=\"uk-card-media-top\">\n                        <img loading=\"lazy\" decoding=\"async\" width=\"200\" height=\"242\" src=\"https:\/\/www.schulthessforum.ch\/wp-content\/media\/Referenten\/Nil-Annrachain-Deidre_200x242px.jpg\" class=\"attachment-schulthess_speaker size-schulthess_speaker wp-post-image\" alt=\"\" \/>\n                        \n                    <\/div>\n                    <div class=\"uk-card uk-card-body\">\n                        <h4 class=\"speaker-card-name cardslider-card-name\"> Deirdre N\u00ed Annrach\u00e1in<\/h4>\n                    <\/div>\n                    <\/a>\n                <\/div>\n            <\/li>\n            \n\n            <li>\n                <div class=\"uk-card uk-card-default\">\n                    <a href=\"#referent-2063\" uk-toggle>\n                    <div class=\"uk-card-media-top\">\n                        <img loading=\"lazy\" decoding=\"async\" width=\"200\" height=\"242\" src=\"https:\/\/www.schulthessforum.ch\/wp-content\/media\/Veranstaltungen\/SZW-Tagung\/Peter_Anna_200-242px-1-200x242.png\" class=\"attachment-schulthess_speaker size-schulthess_speaker wp-post-image\" alt=\"\" \/>\n                        \n                    <\/div>\n                    <div class=\"uk-card uk-card-body\">\n                        <h4 class=\"speaker-card-name cardslider-card-name\">Dr.  Anna Peter<\/h4>\n                    <\/div>\n                    <\/a>\n                <\/div>\n            <\/li>\n            \n\n            <li>\n                <div class=\"uk-card uk-card-default\">\n                    <a href=\"#referent-35087\" uk-toggle>\n                    <div class=\"uk-card-media-top\">\n                        <img loading=\"lazy\" decoding=\"async\" width=\"200\" height=\"242\" src=\"https:\/\/www.schulthessforum.ch\/wp-content\/media\/Scotoni_Fabio_200x242.png\" class=\"attachment-schulthess_speaker size-schulthess_speaker wp-post-image\" alt=\"\" \/>\n                        \n                    <\/div>\n                    <div class=\"uk-card uk-card-body\">\n                        <h4 class=\"speaker-card-name cardslider-card-name\">Dr.  Fabio Scotoni<\/h4>\n                    <\/div>\n                    <\/a>\n                <\/div>\n            <\/li>\n            \n\n            <li>\n                <div class=\"uk-card uk-card-default\">\n                    <a href=\"#referent-16044\" uk-toggle>\n                    <div class=\"uk-card-media-top\">\n                        <img loading=\"lazy\" decoding=\"async\" width=\"200\" height=\"242\" src=\"https:\/\/www.schulthessforum.ch\/wp-content\/media\/Triebold_Oliver_200x242_px.png\" class=\"attachment-schulthess_speaker size-schulthess_speaker wp-post-image\" alt=\"\" \/>\n                        \n                    <\/div>\n                    <div class=\"uk-card uk-card-body\">\n                        <h4 class=\"speaker-card-name cardslider-card-name\">Dr. Oliver Triebold<\/h4>\n                    <\/div>\n                    <\/a>\n                <\/div>\n            <\/li>\n            \n\n            <li>\n                <div class=\"uk-card uk-card-default\">\n                    <a href=\"#referent-2079\" uk-toggle>\n                    <div class=\"uk-card-media-top\">\n                        <img loading=\"lazy\" decoding=\"async\" width=\"200\" height=\"242\" src=\"https:\/\/www.schulthessforum.ch\/wp-content\/media\/Veranstaltungen\/SZW-Tagung\/Vogt_Hans-Ueli_200x242-200x242.png\" class=\"attachment-schulthess_speaker size-schulthess_speaker wp-post-image\" alt=\"\" \/>\n                        \n                    <\/div>\n                    <div class=\"uk-card uk-card-body\">\n                        <h4 class=\"speaker-card-name cardslider-card-name\">Prof. Dr. Hans-Ueli Vogt<\/h4>\n                    <\/div>\n                    <\/a>\n                <\/div>\n            <\/li>\n            \n\n            <li>\n                <div class=\"uk-card uk-card-default\">\n                    <a href=\"#referent-34489\" uk-toggle>\n                    <div class=\"uk-card-media-top\">\n                        <img loading=\"lazy\" decoding=\"async\" width=\"200\" height=\"242\" src=\"https:\/\/www.schulthessforum.ch\/wp-content\/media\/Referenten\/Weibel_Florentin-_200x242px.jpg\" class=\"attachment-schulthess_speaker size-schulthess_speaker wp-post-image\" alt=\"\" \/>\n                        \n                    <\/div>\n                    <div class=\"uk-card uk-card-body\">\n                        <h4 class=\"speaker-card-name cardslider-card-name\"> Florentin Weibel<\/h4>\n                    <\/div>\n                    <\/a>\n                <\/div>\n            <\/li>\n            <\/ul><\/div>\n        <div id=\"referent-16038\" class=\"referent-modal uk-flex-top\" uk-modal>\n            <div class=\"uk-modal-dialog uk-margin-auto-vertical\">\n                <button class=\"uk-modal-close-default\" type=\"button\" uk-close><\/button>\n                <div class=\"uk-grid-small\" uk-grid>\n                    <div class=\"uk-width-auto@m\">\n                        <div class=\"uk-card-badge uk-label referenten-tagesleitung\">Direction<\/div>\n                        <img loading=\"lazy\" decoding=\"async\" width=\"200\" height=\"242\" src=\"https:\/\/www.schulthessforum.ch\/wp-content\/media\/Hoch_Mariel_Tagungsleitung_360x190px-200x242.jpg\" class=\"attachment-schulthess_speaker size-schulthess_speaker wp-post-image\" alt=\"\" \/>\n                    <\/div>\n                    <div class=\"uk-width-expand@m\">\n                        <h4 class=\"uk-modal-title\">Dr.  Mariel Hoch<\/h4>\n                        <p class=\"referent-info\"><span class=\"referenten-position\">Dr. iur., Partnerin, <\/span> <span class=\"referenten-company\">B\u00e4r & Karrer<\/span><\/p>\n                        <p class=\"referent-kurzbeschreibung\"><p>Mariel Hoch ist auf Mergers &amp; Acquisitions mit Fokus auf \u00f6ffentlichen Kaufangeboten, sowie Gesellschafts- und B\u00f6rsenrecht spezialisiert. Sie verf\u00fcgt \u00fcber langj\u00e4hrige Erfahrung mit grenz\u00fcberschreitenden Transaktionen. Sie ist Verwaltungsr\u00e4tin unter anderem der SIG AG, Comet Holding AG und Komax Holding AG.<\/p>\n<\/p>\n                    <\/div>\n                <\/div>\n\n                <div class=\"uk-modal-footer card-arrows uk-text-right\">\n                    <button href=\"javascript:void(0);\" class=\"card-arrow-prev\" onclick=\"navigateReferent('prev', 34489);\"><\/button>\n                    <button href=\"javascript:void(0);\" class=\"card-arrow-next\" onclick=\"navigateReferent('next', 34432);\"><\/button>\n                <\/div>\n            <\/div>\n        <\/div>\n        \n        <div id=\"referent-34432\" class=\"referent-modal uk-flex-top\" uk-modal>\n            <div class=\"uk-modal-dialog uk-margin-auto-vertical\">\n                <button class=\"uk-modal-close-default\" type=\"button\" uk-close><\/button>\n                <div class=\"uk-grid-small\" uk-grid>\n                    <div class=\"uk-width-auto@m\">\n                        \n                        <img loading=\"lazy\" decoding=\"async\" width=\"200\" height=\"242\" src=\"https:\/\/www.schulthessforum.ch\/wp-content\/media\/Referenten\/Birger_Berend_200x242px.jpg\" class=\"attachment-schulthess_speaker size-schulthess_speaker wp-post-image\" alt=\"\" \/>\n                    <\/div>\n                    <div class=\"uk-width-expand@m\">\n                        <h4 class=\"uk-modal-title\"> Birger Berendes<\/h4>\n                        <p class=\"referent-info\"><span class=\"referenten-position\">Managing Director and Continental European Head of M&A<\/span> <span class=\"referenten-company\">Jefferies International Ltd.<\/span><\/p>\n                        <p class=\"referent-kurzbeschreibung\"><p>Birger Berendes is a Managing Director and Continental European Head of M&amp;A at Jefferies International Ltd. based in London.<\/p>\n<p>Prior to that he spent a decade at Bank of America eventually co-heading the EMEA Mergers &amp; Acquisitions business and responsible for managing and executing the firm\u2019s M&amp;A business across Europe, Middle East and Africa. Prior to that he was responsible for the firm&rsquo;s M&amp;A franchise in the DACH<\/p>\n<p>region (Germany, Austria, Switzerland) where he built a strong reputation for domestic and cross-border public takeovers and in particular for being a thought leader on complex transactions requiring innovative structural solutions including industry-first reverse merger, transatlantic share-for-share, asset swap structures and stakebuilding strategies. In this context, Birger has also worked on many of Europe\u2019s most prominent unsolicited takeover attempts and activist shareholder engagements.<\/p>\n<p>Clients frequently consult Birger in connection with his excellent read of and access to relevant portfolio managers at prominent activist and event-driven funds, which often enables corporate clients to keep activist approaches constructive and private.<\/p>\n<p>Birger joined Bank of America Merrill Lynch in 2014 from Greenhill &amp; Co. in New York which he joined in 2001 and where he was a Partner\/Managing Director and member of the firm\u2019s Merger Leadership Group.<\/p>\n<p>Prior to that he was an Associate at venture capital firm net.IPO where he worked on venture capital investments and IPO\u2019s primarily involving technology companies across Europe. He started his career as an Investmentbanking Analyst in the automotive and aerospace groups of Deutsche Bank (Frankfurt and London) and Merrill Lynch (Chicago).<\/p>\n<p>Birger has a Masters in Business Administration and Finance with a high distinction and an award for academic excellence from the Johann-Wolfgang Goethe University, Frankfurt, Germany in conjunction with the University of California, Berkeley.<\/p>\n<\/p>\n                    <\/div>\n                <\/div>\n\n                <div class=\"uk-modal-footer card-arrows uk-text-right\">\n                    <button href=\"javascript:void(0);\" class=\"card-arrow-prev\" onclick=\"navigateReferent('prev', 16038);\"><\/button>\n                    <button href=\"javascript:void(0);\" class=\"card-arrow-next\" onclick=\"navigateReferent('next', 34376);\"><\/button>\n                <\/div>\n            <\/div>\n        <\/div>\n        \n        <div id=\"referent-34376\" class=\"referent-modal uk-flex-top\" uk-modal>\n            <div class=\"uk-modal-dialog uk-margin-auto-vertical\">\n                <button class=\"uk-modal-close-default\" type=\"button\" uk-close><\/button>\n                <div class=\"uk-grid-small\" uk-grid>\n                    <div class=\"uk-width-auto@m\">\n                        \n                        <img loading=\"lazy\" decoding=\"async\" width=\"200\" height=\"242\" src=\"https:\/\/www.schulthessforum.ch\/wp-content\/media\/Referenten\/Dubs_Dieter_200x242px-1-200x242.jpg\" class=\"attachment-schulthess_speaker size-schulthess_speaker wp-post-image\" alt=\"\" \/>\n                    <\/div>\n                    <div class=\"uk-width-expand@m\">\n                        <h4 class=\"uk-modal-title\">Dr.  Dieter Dubs<\/h4>\n                        <p class=\"referent-info\"><span class=\"referenten-position\">Dr. iur., LL.M., Partner<\/span> <span class=\"referenten-company\">B\u00e4r & Karrer<\/span><\/p>\n                        <p class=\"referent-kurzbeschreibung\"><p>Dieter Dubs verf\u00fcgt \u00fcber breite Erfahrungen im Bereich M&amp;A-Transaktionen mit Fokus auf \u00f6ffentliche \u00dcbernahmeangebote gem\u00e4ss B\u00f6rsenrecht. Er hat ausserdem verschiedene Zielgesellschaften in feindlichen \u00dcbernahmeszenarien vertreten. Ferner ber\u00e4t Dieter Dubs b\u00f6rsenkotierte Unternehmen sowie Aktion\u00e4re in aktienrechtlichen und regulatorischen Angelegenheiten.<\/p>\n<\/p>\n                    <\/div>\n                <\/div>\n\n                <div class=\"uk-modal-footer card-arrows uk-text-right\">\n                    <button href=\"javascript:void(0);\" class=\"card-arrow-prev\" onclick=\"navigateReferent('prev', 34432);\"><\/button>\n                    <button href=\"javascript:void(0);\" class=\"card-arrow-next\" onclick=\"navigateReferent('next', 34218);\"><\/button>\n                <\/div>\n            <\/div>\n        <\/div>\n        \n        <div id=\"referent-34218\" class=\"referent-modal uk-flex-top\" uk-modal>\n            <div class=\"uk-modal-dialog uk-margin-auto-vertical\">\n                <button class=\"uk-modal-close-default\" type=\"button\" uk-close><\/button>\n                <div class=\"uk-grid-small\" uk-grid>\n                    <div class=\"uk-width-auto@m\">\n                        \n                        <img loading=\"lazy\" decoding=\"async\" width=\"200\" height=\"242\" src=\"https:\/\/www.schulthessforum.ch\/wp-content\/media\/Referenten\/Hubli_Pascal_200x242px.jpg\" class=\"attachment-schulthess_speaker size-schulthess_speaker wp-post-image\" alt=\"\" \/>\n                    <\/div>\n                    <div class=\"uk-width-expand@m\">\n                        <h4 class=\"uk-modal-title\"> Pascal Hubli<\/h4>\n                        <p class=\"referent-info\"><span class=\"referenten-position\">LL.M., Managing Partner, <\/span> <span class=\"referenten-company\">Schellenberg Wittmer<\/span><\/p>\n                        <p class=\"referent-kurzbeschreibung\"><p>Pascal Hubli ist Managing Partner von Schellenberg Wittmer und Partner im Fachbereich Mergers &amp; Acquisitions in Z\u00fcrich. Seine T\u00e4tigkeit konzentriert sich auf nationale und grenz\u00fcberschreitende M&amp;A- und Kapitalmarkttransaktionen, \u00f6ffentliches \u00dcbernahmerecht, gesellschaftsrechtliche Umstrukturierungen sowie allgemein dem Gesellschafts-, Vertrags- und B\u00f6rsenrecht.<\/p>\n<\/p>\n                    <\/div>\n                <\/div>\n\n                <div class=\"uk-modal-footer card-arrows uk-text-right\">\n                    <button href=\"javascript:void(0);\" class=\"card-arrow-prev\" onclick=\"navigateReferent('prev', 34376);\"><\/button>\n                    <button href=\"javascript:void(0);\" class=\"card-arrow-next\" onclick=\"navigateReferent('next', 36486);\"><\/button>\n                <\/div>\n            <\/div>\n        <\/div>\n        \n        <div id=\"referent-36486\" class=\"referent-modal uk-flex-top\" uk-modal>\n            <div class=\"uk-modal-dialog uk-margin-auto-vertical\">\n                <button class=\"uk-modal-close-default\" type=\"button\" uk-close><\/button>\n                <div class=\"uk-grid-small\" uk-grid>\n                    <div class=\"uk-width-auto@m\">\n                        \n                        <img loading=\"lazy\" decoding=\"async\" width=\"200\" height=\"242\" src=\"https:\/\/www.schulthessforum.ch\/wp-content\/media\/Referenten\/Marlene-Lienau_200x242px.jpg\" class=\"attachment-schulthess_speaker size-schulthess_speaker wp-post-image\" alt=\"\" \/>\n                    <\/div>\n                    <div class=\"uk-width-expand@m\">\n                        <h4 class=\"uk-modal-title\"> Marlene Lienau<\/h4>\n                        <p class=\"referent-info\"><span class=\"referenten-position\">MLaw, Associate, <\/span> <span class=\"referenten-company\">B\u00e4r & Karrer<\/span><\/p>\n                        <p class=\"referent-kurzbeschreibung\"><p>Marlene Lienau ist vorwiegend im Bereich des \u00f6ffentlichen und privaten \u00dcbernahme-, allgemeinen Gesellschafts- und B\u00f6rsenrechts t\u00e4tig und prozessiert im M&amp;A-Bereich. Sie ber\u00e4t sowohl kotierte als auch nicht-kotierte Klienten bei internationalen und nationalen M&amp;A &#8211; Transaktionen in verschiedenen Branchen, Restrukturierungen, Insolvenzverfahren sowie im Gesellschafts- und Vertragsrecht (insbesondere Joint Ventures und Aktion\u00e4rbindungsvertr\u00e4ge).<\/p>\n<\/p>\n                    <\/div>\n                <\/div>\n\n                <div class=\"uk-modal-footer card-arrows uk-text-right\">\n                    <button href=\"javascript:void(0);\" class=\"card-arrow-prev\" onclick=\"navigateReferent('prev', 34218);\"><\/button>\n                    <button href=\"javascript:void(0);\" class=\"card-arrow-next\" onclick=\"navigateReferent('next', 34249);\"><\/button>\n                <\/div>\n            <\/div>\n        <\/div>\n        \n        <div id=\"referent-34249\" class=\"referent-modal uk-flex-top\" uk-modal>\n            <div class=\"uk-modal-dialog uk-margin-auto-vertical\">\n                <button class=\"uk-modal-close-default\" type=\"button\" uk-close><\/button>\n                <div class=\"uk-grid-small\" uk-grid>\n                    <div class=\"uk-width-auto@m\">\n                        \n                        <img loading=\"lazy\" decoding=\"async\" width=\"200\" height=\"242\" src=\"https:\/\/www.schulthessforum.ch\/wp-content\/media\/Referenten\/Nil-Annrachain-Deidre_200x242px.jpg\" class=\"attachment-schulthess_speaker size-schulthess_speaker wp-post-image\" alt=\"\" \/>\n                    <\/div>\n                    <div class=\"uk-width-expand@m\">\n                        <h4 class=\"uk-modal-title\"> Deirdre N\u00ed Annrach\u00e1in<\/h4>\n                        <p class=\"referent-info\"><span class=\"referenten-position\">LL.M., Rechtsanw\u00e4ltin, Partnerin, \r\n\r\n\r\n<\/span> <span class=\"referenten-company\">Niederer Kraft Frey AG<\/span><\/p>\n                        <p class=\"referent-kurzbeschreibung\"><p>Deirdre N\u00ed Annrach\u00e1in is a capital markets and M&amp;A partner at Niederer Kraft Frey. Her practice focuses on mergers and acquisitions, international capital markets, corporate governance and general securities regulation. Ms. N\u00ed Annrach\u00e1in has experience working with international companies, investment banks and private equity firms in a range of M&amp;A, debt and equity transactions, including public tender offers, private acquisitions, initial public offerings, rights offerings, high-yield bonds and corporate restructurings. Ms. N\u00ed Annrach\u00e1in received her primary law degree from University College Dublin and her LL.M. from Harvard Law School, where she was a Dean&rsquo;s Scholar. She is qualified as a lawyer in Switzerland, New York and Ireland<\/p>\n<\/p>\n                    <\/div>\n                <\/div>\n\n                <div class=\"uk-modal-footer card-arrows uk-text-right\">\n                    <button href=\"javascript:void(0);\" class=\"card-arrow-prev\" onclick=\"navigateReferent('prev', 36486);\"><\/button>\n                    <button href=\"javascript:void(0);\" class=\"card-arrow-next\" onclick=\"navigateReferent('next', 2063);\"><\/button>\n                <\/div>\n            <\/div>\n        <\/div>\n        \n        <div id=\"referent-2063\" class=\"referent-modal uk-flex-top\" uk-modal>\n            <div class=\"uk-modal-dialog uk-margin-auto-vertical\">\n                <button class=\"uk-modal-close-default\" type=\"button\" uk-close><\/button>\n                <div class=\"uk-grid-small\" uk-grid>\n                    <div class=\"uk-width-auto@m\">\n                        \n                        <img loading=\"lazy\" decoding=\"async\" width=\"200\" height=\"242\" src=\"https:\/\/www.schulthessforum.ch\/wp-content\/media\/Veranstaltungen\/SZW-Tagung\/Peter_Anna_200-242px-1-200x242.png\" class=\"attachment-schulthess_speaker size-schulthess_speaker wp-post-image\" alt=\"\" \/>\n                    <\/div>\n                    <div class=\"uk-width-expand@m\">\n                        <h4 class=\"uk-modal-title\">Dr.  Anna Peter<\/h4>\n                        <p class=\"referent-info\"><span class=\"referenten-position\">Dr. iur., LL.M., Rechtsanw\u00e4ltin, Partnerin,<\/span> <span class=\"referenten-company\">Homburger<\/span><\/p>\n                        <p class=\"referent-kurzbeschreibung\"><p>Anna Peter ist Partnerin bei Homburger AG in Z\u00fcrich. Sie ist vorwiegend in den Bereichen Gesellschafts- und Handelsrecht sowie Unternehmensk\u00e4ufe und -zusammenschl\u00fcsse (M&#038;A) wie auch im Kapitalmarktrecht t\u00e4tig. Sie ber\u00e4t zudem schwerpunktm\u00e4ssig in Fragen der Corporate Governance und Management-Verg\u00fctung. Anna Peter studierte an der Universit\u00e4t Z\u00fcrich (lic.iur. 2009, Dr.iur. 2015) und an der New York University School of Law (LL.M. 2016). Sie war u.a. als Foreign Associate bei Kirkland &#038; Ellis LLP in New York t\u00e4tig. Anna Peter ist als Rechtsanw\u00e4ltin in der Schweiz zugelassen und publiziert und referiert regelm\u00e4ssig zu Themen in ihren Fachgebieten.<\/p>\n<\/p>\n                    <\/div>\n                <\/div>\n\n                <div class=\"uk-modal-footer card-arrows uk-text-right\">\n                    <button href=\"javascript:void(0);\" class=\"card-arrow-prev\" onclick=\"navigateReferent('prev', 34249);\"><\/button>\n                    <button href=\"javascript:void(0);\" class=\"card-arrow-next\" onclick=\"navigateReferent('next', 35087);\"><\/button>\n                <\/div>\n            <\/div>\n        <\/div>\n        \n        <div id=\"referent-35087\" class=\"referent-modal uk-flex-top\" uk-modal>\n            <div class=\"uk-modal-dialog uk-margin-auto-vertical\">\n                <button class=\"uk-modal-close-default\" type=\"button\" uk-close><\/button>\n                <div class=\"uk-grid-small\" uk-grid>\n                    <div class=\"uk-width-auto@m\">\n                        \n                        <img loading=\"lazy\" decoding=\"async\" width=\"200\" height=\"242\" src=\"https:\/\/www.schulthessforum.ch\/wp-content\/media\/Scotoni_Fabio_200x242.png\" class=\"attachment-schulthess_speaker size-schulthess_speaker wp-post-image\" alt=\"\" \/>\n                    <\/div>\n                    <div class=\"uk-width-expand@m\">\n                        <h4 class=\"uk-modal-title\">Dr.  Fabio Scotoni<\/h4>\n                        <p class=\"referent-info\"><span class=\"referenten-position\">Dr. iur., Jurist, Handelsregisteramt, <\/span> <span class=\"referenten-company\">Kanton Z\u00fcrich<\/span><\/p>\n                        <p class=\"referent-kurzbeschreibung\"><p>Fabio Scotoni ist Jurist beim Handelsregisteramt Kanton Z\u00fcrich. Er begann sein Studium an der Universit\u00e4t Z\u00fcrich 2013 und schloss sein Doktorat 2020 ab. In seiner T\u00e4tigkeit beim Handelsregisteramt pr\u00fcft er Anmeldungen aus vielf\u00e4ltigen Rechtsformen und zu einem breiten Spektrum von Tatbest\u00e4nden, von der Neueintragung GmbH \u00fcber internationale Umstrukturierungen. Weiter f\u00fchrt er amtliche Verfahren durch. Fabio Scotoni publiziert regelm\u00e4ssig zum Handelsregister- und Gesellschaftsrecht.<\/p>\n<\/p>\n                    <\/div>\n                <\/div>\n\n                <div class=\"uk-modal-footer card-arrows uk-text-right\">\n                    <button href=\"javascript:void(0);\" class=\"card-arrow-prev\" onclick=\"navigateReferent('prev', 2063);\"><\/button>\n                    <button href=\"javascript:void(0);\" class=\"card-arrow-next\" onclick=\"navigateReferent('next', 16044);\"><\/button>\n                <\/div>\n            <\/div>\n        <\/div>\n        \n        <div id=\"referent-16044\" class=\"referent-modal uk-flex-top\" uk-modal>\n            <div class=\"uk-modal-dialog uk-margin-auto-vertical\">\n                <button class=\"uk-modal-close-default\" type=\"button\" uk-close><\/button>\n                <div class=\"uk-grid-small\" uk-grid>\n                    <div class=\"uk-width-auto@m\">\n                        \n                        <img loading=\"lazy\" decoding=\"async\" width=\"200\" height=\"242\" src=\"https:\/\/www.schulthessforum.ch\/wp-content\/media\/Triebold_Oliver_200x242_px.png\" class=\"attachment-schulthess_speaker size-schulthess_speaker wp-post-image\" alt=\"\" \/>\n                    <\/div>\n                    <div class=\"uk-width-expand@m\">\n                        <h4 class=\"uk-modal-title\">Dr. Oliver Triebold<\/h4>\n                        <p class=\"referent-info\"><span class=\"referenten-position\">Dr. iur., Rechtsanwalt, M.C.J., Partner,<\/span> <span class=\"referenten-company\">Schellenberg Wittmer<\/span><\/p>\n                        <p class=\"referent-kurzbeschreibung\"><p>Oliver Triebold ist spezialisiert auf grenz\u00fcberschreitende und nationale M&#038;A-Transaktionen, Private-Equity- und Venture-Capital-Investitionen, Corporate-Governance-Angelegenheiten sowie Unternehmensumstrukturierungen.<\/p>\n<\/p>\n                    <\/div>\n                <\/div>\n\n                <div class=\"uk-modal-footer card-arrows uk-text-right\">\n                    <button href=\"javascript:void(0);\" class=\"card-arrow-prev\" onclick=\"navigateReferent('prev', 35087);\"><\/button>\n                    <button href=\"javascript:void(0);\" class=\"card-arrow-next\" onclick=\"navigateReferent('next', 2079);\"><\/button>\n                <\/div>\n            <\/div>\n        <\/div>\n        \n        <div id=\"referent-2079\" class=\"referent-modal uk-flex-top\" uk-modal>\n            <div class=\"uk-modal-dialog uk-margin-auto-vertical\">\n                <button class=\"uk-modal-close-default\" type=\"button\" uk-close><\/button>\n                <div class=\"uk-grid-small\" uk-grid>\n                    <div class=\"uk-width-auto@m\">\n                        \n                        <img loading=\"lazy\" decoding=\"async\" width=\"200\" height=\"242\" src=\"https:\/\/www.schulthessforum.ch\/wp-content\/media\/Veranstaltungen\/SZW-Tagung\/Vogt_Hans-Ueli_200x242-200x242.png\" class=\"attachment-schulthess_speaker size-schulthess_speaker wp-post-image\" alt=\"\" \/>\n                    <\/div>\n                    <div class=\"uk-width-expand@m\">\n                        <h4 class=\"uk-modal-title\">Prof. Dr. Hans-Ueli Vogt<\/h4>\n                        <p class=\"referent-info\"><span class=\"referenten-position\">Prof. Dr. iur., Rechtsanwalt (Z\u00fcrich\/New York), LL.M., MBA, ordentlicher Professor,\u00a0<\/span> <span class=\"referenten-company\">Rechtswissenschaftliche Fakult\u00e4t Universit\u00e4t Z\u00fcrich UZH<\/span><\/p>\n                        <p class=\"referent-kurzbeschreibung\"><p>Hans-Ueli Vogt ist ordentlicher Professor f\u00fcr Privat- und Wirtschaftsrecht an der Universit\u00e4t Z\u00fcrich. Er unterrichtet, publiziert und referiert vor allem in den Bereichen des Aktienrechts und der Corporate Governance sowie des allgemeinen Handels- und Vertragsrechts. Er ist Mitherausgeber der Zeitschrift f\u00fcr Gesellschafts- und Kapitalmarktrecht und des Basler Kommentars OR II zum Gesellschafts- und Handelsrecht. Forschungsaufenthalte und Gastprofessuren brachten ihn nach New York, Harvard, Florenz, Peking und London. Als Mitglied der Rechtskommission des Nationalrates und zuvor als Experte f\u00fcr die Bundesverwaltung hat er das am 1. Januar 2023 in Kraft getretene neue Aktienrecht massgebend gepr\u00e4gt.<\/p>\n<p>Hans-Ueli Vogt ist als unabh\u00e4ngiger Anwalt beratend und gutachterlich f\u00fcr Unternehmen, Verwaltungsr\u00e4te und Private t\u00e4tig und amtet verschiedentlich als Schiedsrichter. Zuvor war er Konsulent der Z\u00fcrcher Anwaltskanzlei Homburger und Mitarbeiter der Anwaltskanzlei Sullivan &amp; Cromwell in New York.<\/p>\n<p>Hans-Ueli Vogt geh\u00f6rt dem Bankrat der Z\u00fcrcher Kantonalbank (ZKB) und dem Verwaltungsrat des Medienhauses SRG SSR an. Er ist der Vorsitzende des Entsch\u00e4digungs- und Personalausschusses der ZKB und des Pr\u00fcfungs- und Finanzausschusses der SRG SSR.<\/p>\n<\/p>\n                    <\/div>\n                <\/div>\n\n                <div class=\"uk-modal-footer card-arrows uk-text-right\">\n                    <button href=\"javascript:void(0);\" class=\"card-arrow-prev\" onclick=\"navigateReferent('prev', 16044);\"><\/button>\n                    <button href=\"javascript:void(0);\" class=\"card-arrow-next\" onclick=\"navigateReferent('next', 34489);\"><\/button>\n                <\/div>\n            <\/div>\n        <\/div>\n        \n        <div id=\"referent-34489\" class=\"referent-modal uk-flex-top\" uk-modal>\n            <div class=\"uk-modal-dialog uk-margin-auto-vertical\">\n                <button class=\"uk-modal-close-default\" type=\"button\" uk-close><\/button>\n                <div class=\"uk-grid-small\" uk-grid>\n                    <div class=\"uk-width-auto@m\">\n                        \n                        <img loading=\"lazy\" decoding=\"async\" width=\"200\" height=\"242\" src=\"https:\/\/www.schulthessforum.ch\/wp-content\/media\/Referenten\/Weibel_Florentin-_200x242px.jpg\" class=\"attachment-schulthess_speaker size-schulthess_speaker wp-post-image\" alt=\"\" \/>\n                    <\/div>\n                    <div class=\"uk-width-expand@m\">\n                        <h4 class=\"uk-modal-title\"> Florentin Weibel<\/h4>\n                        <p class=\"referent-info\"><span class=\"referenten-position\">LL.M., Senior Associate, <\/span> <span class=\"referenten-company\">Nater Dallafior<\/span><\/p>\n                        <p class=\"referent-kurzbeschreibung\"><p>Florentin Weibel ist Rechtsanwalt bei der Anwaltskanzlei Nater Dallafior Rechtsanw\u00e4lte AG, die sich ausschliesslich auf Prozessf\u00fchrung, Schiedsgerichtsbarkeit sowie interne und regulatorische Untersuchungen konzentriert. Gest\u00fctzt auf seine fr\u00fchere Erfahrung als Transaktionsanwalt ist Florentin insbesondere auf gesellschaftsrechtliche Verfahren, Aktion\u00e4rsstreitigkeiten und M&amp;A-bezogene Auseinandersetzungen spezialisiert. Florentin vertritt Klienten vor Gerichten, Schiedsgerichten (ICC, Swiss Rules, DIS, ad hoc, usw.) und Beh\u00f6rden und ist als Schiedsrichter und Secretary f\u00fcr Schiedsgerichte t\u00e4tig. Weiter vertritt Florentin regelm\u00e4ssig Verwaltungsr\u00e4te, Gesch\u00e4ftsleitungsmitglieder und Arbeitnehmende in internen Untersuchungen, FINMA-Verfahren und Wirtschaftsstraf- und Entsiegelungsverfahren. Florentin Weibel ist an allen Schweizer Gerichten als Rechtsanwalt zugelassen und hat das LL.M.-Diplom von der University of Cambridge erlangt.<\/p>\n<\/p>\n                    <\/div>\n                <\/div>\n\n                <div class=\"uk-modal-footer card-arrows uk-text-right\">\n                    <button href=\"javascript:void(0);\" class=\"card-arrow-prev\" onclick=\"navigateReferent('prev', 2079);\"><\/button>\n                    <button href=\"javascript:void(0);\" class=\"card-arrow-next\" onclick=\"navigateReferent('next', 16038);\"><\/button>\n                <\/div>\n            <\/div>\n        <\/div>\n        <\/div>\n      <script>\n          function navigateReferent(direction, currentID) {\n              var speakers = [16038,34432,34376,34218,36486,34249,2063,35087,16044,2079,34489];\n              var currentIndex = speakers.indexOf(currentID);\n\n              if (direction === \"prev\") {\n                  currentIndex = (currentIndex + speakers.length) % speakers.length;\n              } else if (direction === \"next\") {\n                  currentIndex = (currentIndex ) % speakers.length;\n              }\n\n              var targetID = speakers[currentIndex];\n              var targetModal = document.getElementById(\"referent-\" + targetID);\n              UIkit.modal(targetModal).show();\n          }\n      <\/script>\n        <script>\n            document.addEventListener(\"DOMContentLoaded\", function() {\n                const modalLinks = document.querySelectorAll(\"[uk-toggle]\");\n                const pageContainer = document.getElementById(\"page-container\");\n\n                \/\/ Neues <div> Element erstellen\n                const newDiv = document.createElement(\"div\");\n                newDiv.className = \"referenten-modal-background\";\n\n                \/\/ Das neue <div> dem Element mit der ID \"page-container\" hinzuf\u00fcgen\n                pageContainer.insertBefore(newDiv, pageContainer.firstChild);\n\n                const referentenModalBackground = document.querySelector(\".referenten-modal-background\");\n\n                modalLinks.forEach(link => {\n                    link.addEventListener(\"click\", function(event) {\n                        event.preventDefault();\n                        referentenModalBackground.classList.add(\"referenten-modal-open\");\n                    });\n                });\n\n                const modals = document.querySelectorAll(\".referent-modal\");\n                modals.forEach(modal => {\n                    modal.addEventListener(\"click\", function(event) {\n                        if (event.target === modal) {\n                            referentenModalBackground.classList.remove(\"referenten-modal-open\");\n                        }\n                    });\n                });\n\n                const closeModalButtons = document.querySelectorAll(\".uk-modal-close-default\");\n                closeModalButtons.forEach(button => {\n                    button.addEventListener(\"click\", function() {\n                        referentenModalBackground.classList.remove(\"referenten-modal-open\");\n                    });\n                });\n\n                \/\/ Funktion, um die Klasse zu entfernen\n                function closeModal() {\n                    referentenModalBackground.classList.remove(\"referenten-modal-open\");\n                }\n\n                \/\/ Event Listener f\u00fcr das Dr\u00fccken der Esc-Taste\n                document.addEventListener(\"keydown\", function(event) {\n                    if (event.key === \"Escape\") {\n                        closeModal();\n                    }\n                });\n            });\n        <\/script>[\/et_pb_code][\/et_pb_column_inner][\/et_pb_row_inner][et_pb_row_inner disabled_on=\u00a0\u00bboff|off|off\u00a0\u00bb admin_label=\u00a0\u00bbFachthemen\u00a0\u00bb module_id=\u00a0\u00bbschulthess-product-specinfo\u00a0\u00bb _builder_version=\u00a0\u00bb4.22.1&Prime; _module_preset=\u00a0\u00bbdefault\u00a0\u00bb collapsed=\u00a0\u00bboff\u00a0\u00bb global_colors_info=\u00a0\u00bb{}\u00a0\u00bb][et_pb_column_inner saved_specialty_column_type=\u00a0\u00bb3_4&Prime; _builder_version=\u00a0\u00bb4.16&Prime; _module_preset=\u00a0\u00bbdefault\u00a0\u00bb global_colors_info=\u00a0\u00bb{}\u00a0\u00bb][et_pb_text admin_label=\u00a0\u00bb\u00dcberschrift\u00a0\u00bb module_id=\u00a0\u00bbschulthess-fachinformationen\u00a0\u00bb module_class=\u00a0\u00bbsf-h2&Prime; _builder_version=\u00a0\u00bb4.19.5&Prime; _module_preset=\u00a0\u00bbdefault\u00a0\u00bb global_colors_info=\u00a0\u00bb{}\u00a0\u00bb]<\/p>\n<h5>Fachthemen<\/h5>\n<p>[\/et_pb_text][et_pb_code _builder_version=\u00a0\u00bb4.19.5&Prime; _module_preset=\u00a0\u00bbdefault\u00a0\u00bb locked=\u00a0\u00bboff\u00a0\u00bb global_colors_info=\u00a0\u00bb{}\u00a0\u00bb]\n  <div class=\"sf-post-list\">\n\n    \n      \n              <div class=\"sf-full-width-row\">\n                <article class=\"sf-post-list-item sf-post-list-item-34404 et_pb_column_1_3 et_pb_column\">\n              <a href=\"https:\/\/www.schulthessforum.ch\/fachbeitrag\/stand-und-perspektiven-der-organverantwortung-im-schweizerischen-recht\/\" target=\"_blank\" rel=\"nofollow noopener\" title=\"Stand und Perspektiven der Organverantwortung im schweizerischen Recht\">\n              <div class=\"sf-post-list-item-content-wrapper\">\n                  <div class=\"sf-post-list-item-content\">\n                                            <h3 class=\"fachbeitrag-autor\">\n                          Prof. Dr. Hans-Ueli Vogt                      <\/h3>\n                                            <div clasS=\"sf-post-list-item-title-wrapper\">\n                        <h3 class=\"sf-post-list-item-title\">\n                            Stand und Perspektiven der Organverantwortung im schweizerischen Recht                        <\/h3>\n                      <\/div>\n                      <div class=\"sf-post-list-item-excerpt\">\n                          Ob Swissair, die UBS in der Finanzkrise 2008 oder die Credit Suisse \u2013 Verwaltungsr\u00e4te und Gesch\u00e4ftsleitungen grosser Unternehmen werden in der Schweiz nicht zur Verantwortung gezogen oder jedenfalls nicht mit Erfolg. Warum ist das so? Sollte sich das \u00e4ndern und, wenn ja, wie? Das Referat geht d...                      <\/div>\n                  <\/div>\n\n              <\/div>\n              <\/a>\n          <\/article>\n            \n  \n      \n                <article class=\"sf-post-list-item sf-post-list-item-34402 et_pb_column_1_3 et_pb_column\">\n              <a href=\"https:\/\/www.schulthessforum.ch\/fachbeitrag\/swatch-out-vertretung-von-aktienkategorien-im-verwaltungsrat\/\" target=\"_blank\" rel=\"nofollow noopener\" title=\"(S)Watch out! - Vertretung von Aktienkategorien im Verwaltungsrat\">\n              <div class=\"sf-post-list-item-content-wrapper\">\n                  <div class=\"sf-post-list-item-content\">\n                                            <h3 class=\"fachbeitrag-autor\">\n                          Pascal Hubli und Dr. Olivier Triebold                      <\/h3>\n                                            <div clasS=\"sf-post-list-item-title-wrapper\">\n                        <h3 class=\"sf-post-list-item-title\">\n                            (S)Watch out! - Vertretung von Aktienkategorien im Verwaltungsrat                        <\/h3>\n                      <\/div>\n                      <div class=\"sf-post-list-item-excerpt\">\n                          Mit dem Swatch-Fall ist eine sonst eher wenig diskutierte Gesetzesbestimmung hinsichtlich der Zusammensetzung des Verwaltungsrats ins Scheinwerferlicht ger\u00fcckt. Der Fall bietet Anlass, zun\u00e4chst einen allgemeinen \u00dcberblick \u00fcber die Vorgaben zu geben, die hinsichtlich der Zusammensetzung des Verwa...                      <\/div>\n                  <\/div>\n\n              <\/div>\n              <\/a>\n          <\/article>\n              <\/div>\n            \n  <\/div>\n\n  [\/et_pb_code][\/et_pb_column_inner][\/et_pb_row_inner][\/et_pb_column][et_pb_column type=\u00a0\u00bb1_4&Prime; _builder_version=\u00a0\u00bb4.16&Prime; custom_padding=\u00a0\u00bb|||\u00a0\u00bb global_colors_info=\u00a0\u00bb{}\u00a0\u00bb custom_padding__hover=\u00a0\u00bb|||\u00a0\u00bb][et_pb_code disabled_on=\u00a0\u00bbon|on|on\u00a0\u00bb admin_label=\u00a0\u00bbCredits &#8211; Info\u00a0\u00bb _builder_version=\u00a0\u00bb4.21.0&Prime; _module_preset=\u00a0\u00bbdefault\u00a0\u00bb custom_margin=\u00a0\u00bb||15px||false|false\u00a0\u00bb disabled=\u00a0\u00bbon\u00a0\u00bb locked=\u00a0\u00bboff\u00a0\u00bb global_colors_info=\u00a0\u00bb{}\u00a0\u00bb][\/et_pb_code][et_pb_text disabled_on=\u00a0\u00bboff|off|off\u00a0\u00bb admin_label=\u00a0\u00bbTermin &#8211; Info\u00a0\u00bb module_class=\u00a0\u00bbdetail-info-sidebar-bg event-termin-info\u00a0\u00bb _builder_version=\u00a0\u00bb4.21.0&Prime; _module_preset=\u00a0\u00bbdefault\u00a0\u00bb global_colors_info=\u00a0\u00bb{}\u00a0\u00bb]<\/p>\n<h3>Termin \/ Format<\/h3>\n<p><span class=\"event-date-termin-info\">27.01.2026 | 09:00 - 17:00<\/span><br><span class=\"event-kategorie-termin-info\">Aktienrecht | Tagungen | Online-Teilnahme<\/span><br \/>\n[\/et_pb_text][et_pb_text disabled_on=\u00a0\u00bbon|on|on\u00a0\u00bb admin_label=\u00a0\u00bbPreis &#8211; Info\u00a0\u00bb module_class=\u00a0\u00bbdetail-info-sidebar-bg\u00a0\u00bb _builder_version=\u00a0\u00bb4.21.0&Prime; _module_preset=\u00a0\u00bbdefault\u00a0\u00bb disabled=\u00a0\u00bbon\u00a0\u00bb global_colors_info=\u00a0\u00bb{}\u00a0\u00bb]<div class=\"sf-product-variant-detail-wrapper\" id=\"sf-product-variant-detail-wrapper\"><form action=\"https:\/\/www.schulthessforum.ch\/fr\/warenkorb\/\" method=\"get\"><h3 class=\"sf-product-variant-headline-1\">Manifestation en pr\u00e9sentiel<\/h3><label class=\"sf-product-variant-detail\"><input class=\"sf-product-variant-input\" type=\"radio\" id=\"34374\" name=\"variante\" value=\"34374\" required><span class=\"woocommerce-Price-amount amount\"><bdi><span class=\"woocommerce-Price-currencySymbol\">&#67;&#72;&#70;<\/span>&nbsp;790.00<\/bdi><\/span> TVA de 8.1% en sus.<\/label><h3 class=\"sf-product-variant-headline-2\">Participation en ligne<\/h3><label class=\"sf-product-variant-detail\"><input class=\"sf-product-variant-input\" type=\"radio\" id=\"34373\" name=\"variante\" value=\"34373\" required><span class=\"woocommerce-Price-amount amount\"><bdi><span class=\"woocommerce-Price-currencySymbol\">&#67;&#72;&#70;<\/span>&nbsp;650.00<\/bdi><\/span> TVA de 8.1% en sus.<\/label><input type=\"hidden\" id=\"34372\" name=\"event\" value=\"34372\"><span class=\"anmeldebutton-wrapper\"><input class=\"et_pb_button et_pb_button_0 schulthess-buy-button single_add_to_cart_button button wp-element-button\" data-icon=\"9\" type=\"submit\" value=\"Inscription\"><span class=\"anmeldebutton-icon\"><\/span><\/span><\/form><\/div>[\/et_pb_text][et_pb_text disabled_on=\u00a0\u00bbon|on|on\u00a0\u00bb admin_label=\u00a0\u00bbVorteilspreis\u00a0\u00bb module_class=\u00a0\u00bbdetail-info-sidebar-bg\u00a0\u00bb _builder_version=\u00a0\u00bb4.22.1&Prime; _module_preset=\u00a0\u00bbdefault\u00a0\u00bb disabled=\u00a0\u00bbon\u00a0\u00bb locked=\u00a0\u00bboff\u00a0\u00bb global_colors_info=\u00a0\u00bb{}\u00a0\u00bb]<\/p>\n<h3>Vorteilspreis<\/h3>\n<p>Abonnenten SZW\/RSDA, iusNet Bank- und Kampitalmarkrecht, iusNet Gesellschaftsrecht profitieren von 15% Rabatt auf die regul\u00e4re Teilnahmegeb\u00fchr.<br \/>\n[\/et_pb_text][et_pb_blurb disabled_on=\u00a0\u00bboff|off|off\u00a0\u00bb admin_label=\u00a0\u00bbTagungsleitung\u00a0\u00bb _builder_version=\u00a0\u00bb4.27.4&Prime; _module_preset=\u00a0\u00bbdefault\u00a0\u00bb background_color=\u00a0\u00bb#efefef\u00a0\u00bb custom_padding=\u00a0\u00bb40px|40px|40px|40px|false|false\u00a0\u00bb global_colors_info=\u00a0\u00bb{}\u00a0\u00bb]<\/p>\n<div class=\"content clearfix\">\n<h3>Tagungsleitung<\/h3>\n<h3><img loading=\"lazy\" decoding=\"async\" class=\"wp-image-2386 alignnone size-medium\" src=\"https:\/\/www.schulthessforum.ch\/wp-content\/media\/Hoch_Mariel_Tagungsleitung_360x190px-300x158.jpg\" alt=\"\" width=\"300\" height=\"158\" \/><\/h3>\n<p>Dr. Mariel Hoch f\u00fchrt durch das Programm des Schulthess Forum Aktienrecht 2026.<\/p>\n<\/div>\n<p>[\/et_pb_blurb][et_pb_blurb disabled_on=\u00a0\u00bbon|on|on\u00a0\u00bb admin_label=\u00a0\u00bbBauen Sie Ihr Netzwerk aus\u00a0\u00bb _builder_version=\u00a0\u00bb4.21.0&Prime; _module_preset=\u00a0\u00bbdefault\u00a0\u00bb background_color=\u00a0\u00bb#efefef\u00a0\u00bb custom_padding=\u00a0\u00bb40px|40px|40px|40px|false|false\u00a0\u00bb link_option_url_new_window=\u00a0\u00bbon\u00a0\u00bb disabled=\u00a0\u00bbon\u00a0\u00bb global_colors_info=\u00a0\u00bb{}\u00a0\u00bb]<\/p>\n<div class=\"content clearfix\">\n<h3>Bauen Sie Ihr Netzwerk aus<\/h3>\n<p><img decoding=\"async\" src=\"https:\/\/www.ehegueterrecht-tagung.ch\/sites\/default\/files\/nr029274.jpg\" alt=\"\" \/><\/p>\n<p>&nbsp;<\/p>\n<p>Nutzen Sie das Schulthess Forum Eheg\u00fcterrecht 2023 f\u00fcr den Austausch unter Expertinnen und Experten.<\/p>\n<\/div>\n<p>[\/et_pb_blurb][et_pb_text disabled_on=\u00a0\u00bboff|off|off\u00a0\u00bb admin_label=\u00a0\u00bbLocation\u00a0\u00bb module_class=\u00a0\u00bbdetail-info-sidebar-bg\u00a0\u00bb _builder_version=\u00a0\u00bb4.22.1&Prime; _module_preset=\u00a0\u00bbdefault\u00a0\u00bb global_colors_info=\u00a0\u00bb{}\u00a0\u00bb]<\/p>\n<h3>Anreise<\/h3>\n<p><span class=\"event-anreise-info-adresse\">Die Tagung findet im SIX ConventionPoint Z\u00fcrich statt.<\/span><\/p>\n<p>SIX ConventionPoint<br \/>\nPfingstweidstrasse 110<br \/>\n8005\u00a0Z\u00fcrich<\/p>\n<p class=\"heading chapter_title \">Anfahrtsbeschreibung: Hard Turm Park<\/p>\n<div class=\"textimage \" data-six-textimage=\"left\">\n<div class=\"figure \">\n<div class=\"fig image-large\">\n<figure><img loading=\"lazy\" decoding=\"async\" class=\"\" src=\"https:\/\/www.conventionpoint.ch\/dam\/images\/cp-anfahrt.six-image.original.880.jpg\" width=\"299\" height=\"183\" data-six-img=\"{&quot;source&quot;:{&quot;path&quot;:&quot;https:\/\/www.conventionpoint.ch\/dam\/images\/cp-anfahrt.jpg&quot;,&quot;width&quot;:880,&quot;height&quot;:539},&quot;path&quot;:&quot;https:\/\/www.conventionpoint.ch\/dam\/images\/cp-anfahrt.six-image.[FORMAT].[WIDTH].jpg&quot;,&quot;original&quot;:[80,160,240,510,720,880]}\" \/><\/figure>\n<\/div>\n<div class=\"cell\"><\/div>\n<\/div>\n<\/div>\n<div><\/div>\n<p>[\/et_pb_text][et_pb_blurb image_icon_width=\u00a0\u00bb100%\u00a0\u00bb disabled_on=\u00a0\u00bboff|off|off\u00a0\u00bb admin_label=\u00a0\u00bbSystemanforderungen\u00a0\u00bb _builder_version=\u00a0\u00bb4.22.1&Prime; _module_preset=\u00a0\u00bbdefault\u00a0\u00bb background_color=\u00a0\u00bb#efefef\u00a0\u00bb image_icon_custom_margin=\u00a0\u00bb30px||30px||false|false\u00a0\u00bb custom_padding=\u00a0\u00bb40px|40px|40px|40px|false|false\u00a0\u00bb locked=\u00a0\u00bboff\u00a0\u00bb global_colors_info=\u00a0\u00bb{}\u00a0\u00bb]<\/p>\n<h3>Systemanforderungen<\/h3>\n<p>F\u00fcr die Webinare verwenden wir die \u00abZoom Video-Webinare\u00bb-Technologie (<a href=\"https:\/\/zoom.us\/\" target=\"_blank\" rel=\"noopener\">zoom.us<\/a>). F\u00fcr die Teilnahme an einem Webinar ist ein Computer (<a href=\"https:\/\/support.zoom.us\/hc\/de\/articles\/201362023-Systemanforderungen-f%C3%BCr-Windows-macOS-und-Linux#h_92957a85-2506-43a2-bd4a-5bb274778518\" target=\"_blank\" rel=\"noopener\">Windows, Mac<\/a>) mit einem aktuellen Browser notwendig. Alternativ kann auch die Zoom-App App auf einem Tablet oder Smartphone (<a href=\"https:\/\/support.zoom.us\/hc\/de\/articles\/201179966\" target=\"_blank\" rel=\"noopener\">Android, iOS<\/a>) verwendet werden.<br \/>\n[\/et_pb_blurb][et_pb_blurb disabled_on=\u00a0\u00bbon|on|on\u00a0\u00bb admin_label=\u00a0\u00bbPartner werden\u00a0\u00bb _builder_version=\u00a0\u00bb4.21.0&Prime; _module_preset=\u00a0\u00bbdefault\u00a0\u00bb background_color=\u00a0\u00bb#efefef\u00a0\u00bb custom_padding=\u00a0\u00bb40px|40px|40px|40px|false|false\u00a0\u00bb disabled=\u00a0\u00bbon\u00a0\u00bb global_colors_info=\u00a0\u00bb{}\u00a0\u00bb]<\/p>\n<div class=\"content clearfix\">\n<h3>Werden Sie Partner!<\/h3>\n<p>Gerne beraten wir Sie und konzipieren auf Wunsch gemeinsam mit Ihnen einen individuellen Auftritt.<\/p>\n<p><img decoding=\"async\" src=\"https:\/\/www.erbrecht-tagung.ch\/sites\/default\/files\/schulthess_kontakt_300x190.jpg\" alt=\"\" \/><\/p>\n<p class=\"spacer_p\">Tel. +41 44 200 29 29<br \/>\n<a href=\"mailto:veranstaltungen@schulthess.com\">veranstaltungen@schulthess.com<\/a><\/p>\n<\/div>\n<p>[\/et_pb_blurb][et_pb_code disabled_on=\u00a0\u00bbon|on|on\u00a0\u00bb admin_label=\u00a0\u00bbCicero &#8211; Info\u00a0\u00bb _builder_version=\u00a0\u00bb4.20.2&Prime; _module_preset=\u00a0\u00bbdefault\u00a0\u00bb custom_margin=\u00a0\u00bb||15px||false|false\u00a0\u00bb disabled=\u00a0\u00bbon\u00a0\u00bb locked=\u00a0\u00bboff\u00a0\u00bb global_colors_info=\u00a0\u00bb{}\u00a0\u00bb][\/et_pb_code][et_pb_blurb title=\u00a0\u00bbDarum lohnt es sich, den Workshop K\u00fcndigung des Arbeitsverh\u00e4ltnisses im \u00f6ffentlichen Personalrecht zu besuchen:\u00a0\u00bb disabled_on=\u00a0\u00bbon|on|on\u00a0\u00bb admin_label=\u00a0\u00bbDarum lohnt es sich\u00a0\u00bb _builder_version=\u00a0\u00bb4.21.0&Prime; _module_preset=\u00a0\u00bbdefault\u00a0\u00bb background_color=\u00a0\u00bb#efefef\u00a0\u00bb custom_padding=\u00a0\u00bb40px|40px|40px|40px|false|false\u00a0\u00bb link_option_url=\u00a0\u00bbhttps:\/\/bank-kapitalmarktrecht.iusnet.ch\/de\/user\/register\u00a0\u00bb link_option_url_new_window=\u00a0\u00bbon\u00a0\u00bb disabled=\u00a0\u00bbon\u00a0\u00bb global_colors_info=\u00a0\u00bb{}\u00a0\u00bb]<\/p>\n<ul>\n<li>\n<div>Wissens-Update und Vertiefung zum aktuellen rechtlichen Stand<\/div>\n<\/li>\n<li>\n<div>Viel Zeit f\u00fcr Fragen, F\u00e4lle, aktuelle Themen und Handlungsempfehlungen<\/div>\n<\/li>\n<li>\n<div>Illustrative Beispiele aus der t\u00e4glichen Praxis f\u00fcr optimalen Praxistransfer<\/div>\n<\/li>\n<li>\n<div>L\u00f6sungsans\u00e4tze, Checklisten, Ablaufpl\u00e4ne und Regiebuch f\u00fcr das K\u00fcndigungsgespr\u00e4ch<\/div>\n<\/li>\n<\/ul>\n<p>[\/et_pb_blurb][et_pb_code disabled_on=\u00a0\u00bbon|on|on\u00a0\u00bb admin_label=\u00a0\u00bbAnzeige(n)\u00a0\u00bb module_class=\u00a0\u00bbschulthess_product_ads\u00a0\u00bb _builder_version=\u00a0\u00bb4.17.4&Prime; _module_preset=\u00a0\u00bbdefault\u00a0\u00bb disabled=\u00a0\u00bbon\u00a0\u00bb locked=\u00a0\u00bboff\u00a0\u00bb global_colors_info=\u00a0\u00bb{}\u00a0\u00bb][\/et_pb_code][\/et_pb_column][\/et_pb_section][et_pb_section fb_built=\u00a0\u00bb1&Prime; specialty=\u00a0\u00bbon\u00a0\u00bb module_class_2=\u00a0\u00bbschulthess-product-attendee-section\u00a0\u00bb admin_label=\u00a0\u00bbInhalt mit Teilnehmerbereich\u00a0\u00bb module_id=\u00a0\u00bbschulthess-attendee-section\u00a0\u00bb module_class=\u00a0\u00bbschulthess-hidden\u00a0\u00bb _builder_version=\u00a0\u00bb4.20.2&Prime; _module_preset=\u00a0\u00bbdefault\u00a0\u00bb display_conditions=\u00a0\u00bbW3siaWQiOiI3NDc0ZmExMC0yZTg5LTQ3MDctYjM2Yi1iZDA3ZWJiMGZlZDEiLCJjb25kaXRpb24iOiJsb2dnZWRJblN0YXR1cyIsImNvbmRpdGlvblNldHRpbmdzIjp7ImRpc3BsYXlSdWxlIjoibG9nZ2VkSW4iLCJhZG1pbkxhYmVsIjoiQW5nZW1lbGRldGVyIFN0YXR1cyIsImVuYWJsZUNvbmRpdGlvbiI6Im9uIn0sIm9wZXJhdG9yIjoiT1IifV0=\u00a0\u00bb locked=\u00a0\u00bboff\u00a0\u00bb collapsed=\u00a0\u00bboff\u00a0\u00bb global_colors_info=\u00a0\u00bb{}\u00a0\u00bb][et_pb_column type=\u00a0\u00bb3_4&Prime; specialty_columns=\u00a0\u00bb3&Prime; _builder_version=\u00a0\u00bb4.16&Prime; custom_padding=\u00a0\u00bb|||\u00a0\u00bb global_colors_info=\u00a0\u00bb{}\u00a0\u00bb custom_padding__hover=\u00a0\u00bb|||\u00a0\u00bb][et_pb_row_inner disabled_on=\u00a0\u00bboff|off|off\u00a0\u00bb admin_label=\u00a0\u00bbHeadline Teilnehmerbereich\u00a0\u00bb _builder_version=\u00a0\u00bb4.17.4&Prime; _module_preset=\u00a0\u00bbdefault\u00a0\u00bb collapsed=\u00a0\u00bboff\u00a0\u00bb global_colors_info=\u00a0\u00bb{}\u00a0\u00bb][et_pb_column_inner saved_specialty_column_type=\u00a0\u00bb3_4&Prime; _builder_version=\u00a0\u00bb4.17.4&Prime; _module_preset=\u00a0\u00bbdefault\u00a0\u00bb global_colors_info=\u00a0\u00bb{}\u00a0\u00bb][et_pb_text admin_label=\u00a0\u00bbTeilnehmerbereich\u00a0\u00bb _builder_version=\u00a0\u00bb4.20.2&Prime; _module_preset=\u00a0\u00bbdefault\u00a0\u00bb global_colors_info=\u00a0\u00bb{}\u00a0\u00bb]<\/p>\n<h5>Teilnehmerbereich<\/h5>\n<p>[\/et_pb_text][et_pb_text admin_label=\u00a0\u00bbTagungsunterlagen\u00a0\u00bb _builder_version=\u00a0\u00bb4.27.4&Prime; _module_preset=\u00a0\u00bbdefault\u00a0\u00bb global_colors_info=\u00a0\u00bb{}\u00a0\u00bb]<\/p>\n<h4>Tagungsunterlagen<\/h4>\n<p>[\/et_pb_text][sfdm_download_list _builder_version=\u00a0\u00bb4.27.4&Prime; _module_preset=\u00a0\u00bbdefault\u00a0\u00bb global_colors_info=\u00a0\u00bb{}\u00a0\u00bb][sfdm_download_list_item title=\u00a0\u00bbProgramm\u00a0\u00bb file=\u00a0\u00bbhttps:\/\/www.schulthessforum.ch\/wp-content\/media\/Aktienrecht\/2026\/01_00_Programm-8.pdf\u00a0\u00bb _builder_version=\u00a0\u00bb4.27.4&Prime; _module_preset=\u00a0\u00bbdefault\u00a0\u00bb link_option_url_new_window=\u00a0\u00bbon\u00a0\u00bb global_colors_info=\u00a0\u00bb{}\u00a0\u00bb][\/sfdm_download_list_item][sfdm_download_list_item title=\u00a0\u00bbReferierende und Themen \u00a0\u00bb file=\u00a0\u00bbhttps:\/\/www.schulthessforum.ch\/wp-content\/media\/Aktienrecht\/2026\/02_00_Referierende-und-Themen-.pdf\u00a0\u00bb _builder_version=\u00a0\u00bb4.27.4&Prime; _module_preset=\u00a0\u00bbdefault\u00a0\u00bb link_option_url_new_window=\u00a0\u00bbon\u00a0\u00bb global_colors_info=\u00a0\u00bb{}\u00a0\u00bb][\/sfdm_download_list_item][sfdm_download_list_item title=\u00a0\u00bb\u00abEine Bank geht unter und niemand ist verantwortlich.\u00bb* \u2013 Stand und Perspektiven der Organverantwortung nach schweizerischem Recht *(Sergio Ermotti, CEO UBS)_Prof. Dr. Hans-Ueli Vogt\u00a0\u00bb file=\u00a0\u00bbhttps:\/\/www.schulthessforum.ch\/wp-content\/media\/Aktienrecht\/03_00_Eine-Bank-geht-unter-und-niemand-ist-verantwortlich.-\u2013-Stand-und-Perspektiven-der-Organverantwortung-nach-schweizerischem-Recht_Prof.-Dr.-Vogt.pdf\u00a0\u00bb _builder_version=\u00a0\u00bb4.27.4&Prime; _module_preset=\u00a0\u00bbdefault\u00a0\u00bb link_option_url_new_window=\u00a0\u00bbon\u00a0\u00bb global_colors_info=\u00a0\u00bb{}\u00a0\u00bb][\/sfdm_download_list_item][sfdm_download_list_item title=\u00a0\u00bbDie aktienrechtliche Gleichbehandlung in der Praxis_Dr. Anna Peter\u00a0\u00bb file=\u00a0\u00bbhttps:\/\/www.schulthessforum.ch\/wp-content\/media\/Aktienrecht\/04_00_Die-aktienrechtliche-Gleichbehandlung-in-der-Praxis_Dr.-Anna-Peter.pdf\u00a0\u00bb _builder_version=\u00a0\u00bb4.27.4&Prime; _module_preset=\u00a0\u00bbdefault\u00a0\u00bb link_option_url_new_window=\u00a0\u00bbon\u00a0\u00bb global_colors_info=\u00a0\u00bb{}\u00a0\u00bb][\/sfdm_download_list_item][sfdm_download_list_item title=\u00a0\u00bb(S)Watch out! &#8211; Vertretung von Aktienkategorien im Verwaltungsrat_Pascal Hubli und Dr. Oliver Triebold\u00a0\u00bb file=\u00a0\u00bbhttps:\/\/www.schulthessforum.ch\/wp-content\/media\/05_00_SWatch-out-Vertretung-von-Aktienkategorien-im-Verwaltungsrat_Pascal-Hubli-und-Dr.-Oliver-Triebold.pdf\u00a0\u00bb _builder_version=\u00a0\u00bb4.27.4&Prime; _module_preset=\u00a0\u00bbdefault\u00a0\u00bb link_option_url_new_window=\u00a0\u00bbon\u00a0\u00bb global_colors_info=\u00a0\u00bb{}\u00a0\u00bb][\/sfdm_download_list_item][sfdm_download_list_item title=\u00a0\u00bbVinkulierung und Stimmrechtsbeschr\u00e4nkung_Dr. Dieter Dubs\u00a0\u00bb file=\u00a0\u00bbhttps:\/\/www.schulthessforum.ch\/wp-content\/media\/Aktienrecht\/06_00_Vinkulierung-und-Stimmrechtsbeschraenkung_Dr.-Dieter-Dubs.pdf\u00a0\u00bb _builder_version=\u00a0\u00bb4.27.4&Prime; _module_preset=\u00a0\u00bbdefault\u00a0\u00bb link_option_url_new_window=\u00a0\u00bbon\u00a0\u00bb global_colors_info=\u00a0\u00bb{}\u00a0\u00bb][\/sfdm_download_list_item][sfdm_download_list_item title=\u00a0\u00bb(contribution in english) Lessons learned from three years of the capital band_Deirdre N\u00ed Annrach\u00e1in\u00a0\u00bb file=\u00a0\u00bbhttps:\/\/www.schulthessforum.ch\/wp-content\/media\/Aktienrecht\/08_00_Lessons-learned-from-three-years-of-the-capital-band_Deirdre-Ni-Annrachain.pdf\u00a0\u00bb _builder_version=\u00a0\u00bb4.27.4&Prime; _module_preset=\u00a0\u00bbdefault\u00a0\u00bb link_option_url_new_window=\u00a0\u00bbon\u00a0\u00bb global_colors_info=\u00a0\u00bb{}\u00a0\u00bb][\/sfdm_download_list_item][sfdm_download_list_item title=\u00a0\u00bbNeues zu Kapitalver\u00e4nderungen in der Handelsregisterpraxis_Dr. Fabio Scotoni\u00a0\u00bb file=\u00a0\u00bbhttps:\/\/www.schulthessforum.ch\/wp-content\/media\/Aktienrecht\/09_00_Neues-zu-Kapitalveraenderungen-in-der-Handelsregisterpraxis_Dr.-Fabio-Scotoni.pdf\u00a0\u00bb _builder_version=\u00a0\u00bb4.27.4&Prime; _module_preset=\u00a0\u00bbdefault\u00a0\u00bb link_option_url_new_window=\u00a0\u00bbon\u00a0\u00bb global_colors_info=\u00a0\u00bb{}\u00a0\u00bb][\/sfdm_download_list_item][sfdm_download_list_item title=\u00a0\u00bbAusgew\u00e4hlte Knackpunkte bei der Durchsetzung von Aktion\u00e4rsbindungsvertr\u00e4gen_Florentin Weibel\u00a0\u00bb file=\u00a0\u00bbhttps:\/\/www.schulthessforum.ch\/wp-content\/media\/Aktienrecht\/10_00_Ausgewaehlte-Knackpunkte-bei-der-Durchsetzung-von-Aktionaersbindungsvertraegen_Florentin-Weibel.pdf\u00a0\u00bb _builder_version=\u00a0\u00bb4.27.4&Prime; _module_preset=\u00a0\u00bbdefault\u00a0\u00bb link_option_url_new_window=\u00a0\u00bbon\u00a0\u00bb global_colors_info=\u00a0\u00bb{}\u00a0\u00bb][\/sfdm_download_list_item][sfdm_download_list_item title=\u00a0\u00bbBeteiligungsaufbau bei kotierten Unternehmen_Birger Berendes und Marlene Lienau\u00a0\u00bb file=\u00a0\u00bbhttps:\/\/www.schulthessforum.ch\/wp-content\/media\/11_00_Beteiligungsaufbau-bei-kotierten-Unternehmen_Birger-Berendes-und-Marlene-Lienau.pdf\u00a0\u00bb _builder_version=\u00a0\u00bb4.27.4&Prime; _module_preset=\u00a0\u00bbdefault\u00a0\u00bb link_option_url_new_window=\u00a0\u00bbon\u00a0\u00bb global_colors_info=\u00a0\u00bb{}\u00a0\u00bb][\/sfdm_download_list_item][sfdm_download_list_item title=\u00a0\u00bbPartner\u00a0\u00bb file=\u00a0\u00bbhttps:\/\/www.schulthessforum.ch\/wp-content\/media\/Aktienrecht\/2026\/Partner-3.pdf\u00a0\u00bb _builder_version=\u00a0\u00bb4.27.4&Prime; _module_preset=\u00a0\u00bbdefault\u00a0\u00bb link_option_url_new_window=\u00a0\u00bbon\u00a0\u00bb global_colors_info=\u00a0\u00bb{}\u00a0\u00bb][\/sfdm_download_list_item][sfdm_download_list_item title=\u00a0\u00bbBuchempfehlungen\u00a0\u00bb file=\u00a0\u00bbhttps:\/\/www.schulthessforum.ch\/wp-content\/media\/Aktienrecht\/Bestellformular_Aktienrecht_2026_A4_de.pdf\u00a0\u00bb _builder_version=\u00a0\u00bb4.27.4&Prime; _module_preset=\u00a0\u00bbdefault\u00a0\u00bb global_colors_info=\u00a0\u00bb{}\u00a0\u00bb][\/sfdm_download_list_item][sfdm_download_list_item title=\u00a0\u00bbGesamtpr\u00e4sentation Schulthess Forum Aktienrecht \u00a0\u00bb file=\u00a0\u00bbhttps:\/\/www.schulthessforum.ch\/wp-content\/media\/Aktienrecht\/Gesamtpraesentation-Schulthess-Forum-Aktienrecht-2026-1.pdf\u00a0\u00bb _builder_version=\u00a0\u00bb4.27.4&Prime; _module_preset=\u00a0\u00bbdefault\u00a0\u00bb link_option_url_new_window=\u00a0\u00bbon\u00a0\u00bb global_colors_info=\u00a0\u00bb{}\u00a0\u00bb][\/sfdm_download_list_item][\/sfdm_download_list][\/et_pb_column_inner][\/et_pb_row_inner][et_pb_row_inner disabled_on=\u00a0\u00bboff|off|off\u00a0\u00bb admin_label=\u00a0\u00bbHeadline Teilnehmerbereich\u00a0\u00bb _builder_version=\u00a0\u00bb4.17.4&Prime; _module_preset=\u00a0\u00bbdefault\u00a0\u00bb collapsed=\u00a0\u00bboff\u00a0\u00bb global_colors_info=\u00a0\u00bb{}\u00a0\u00bb][et_pb_column_inner saved_specialty_column_type=\u00a0\u00bb3_4&Prime; _builder_version=\u00a0\u00bb4.17.4&Prime; _module_preset=\u00a0\u00bbdefault\u00a0\u00bb global_colors_info=\u00a0\u00bb{}\u00a0\u00bb][et_pb_text admin_label=\u00a0\u00bbVideoaufzeichnungen\u00a0\u00bb _builder_version=\u00a0\u00bb4.27.0&Prime; _module_preset=\u00a0\u00bbdefault\u00a0\u00bb global_colors_info=\u00a0\u00bb{}\u00a0\u00bb]<\/p>\n<h5>Videoaufzeichnungen<\/h5>\n<p>[\/et_pb_text][\/et_pb_column_inner][\/et_pb_row_inner][et_pb_row_inner column_structure=\u00a0\u00bb1_2,1_2&Prime; disabled_on=\u00a0\u00bboff|off|off\u00a0\u00bb admin_label=\u00a0\u00bb1 Hans-Ueli Vogt\u00a0\u00bb _builder_version=\u00a0\u00bb4.27.4&Prime; _module_preset=\u00a0\u00bbdefault\u00a0\u00bb global_colors_info=\u00a0\u00bb{}\u00a0\u00bb][et_pb_column_inner type=\u00a0\u00bb1_2&Prime; saved_specialty_column_type=\u00a0\u00bb3_4&Prime; _builder_version=\u00a0\u00bb4.17.4&Prime; _module_preset=\u00a0\u00bbdefault\u00a0\u00bb global_colors_info=\u00a0\u00bb{}\u00a0\u00bb][et_pb_image src=\u00a0\u00bbhttps:\/\/www.schulthessforum.ch\/wp-content\/media\/Aktienrecht\/2026\/Vogt_Hansueli_1920x1080px.png\u00a0\u00bb title_text=\u00a0\u00bbVogt Hansueli 1920x1080px\u00a0\u00bb url=\u00a0\u00bbhttps:\/\/player.vimeo.com\/video\/1159161165?badge=0&#038;autopause=0&#038;player_id=0&#038;app_id=58479&Prime; url_new_window=\u00a0\u00bbon\u00a0\u00bb _builder_version=\u00a0\u00bb4.27.4&Prime; _module_preset=\u00a0\u00bbdefault\u00a0\u00bb global_colors_info=\u00a0\u00bb{}\u00a0\u00bb][\/et_pb_image][\/et_pb_column_inner][et_pb_column_inner type=\u00a0\u00bb1_2&Prime; saved_specialty_column_type=\u00a0\u00bb3_4&Prime; _builder_version=\u00a0\u00bb4.17.4&Prime; _module_preset=\u00a0\u00bbdefault\u00a0\u00bb global_colors_info=\u00a0\u00bb{}\u00a0\u00bb][et_pb_text _builder_version=\u00a0\u00bb4.27.4&Prime; _module_preset=\u00a0\u00bbdefault\u00a0\u00bb link_option_url=\u00a0\u00bbhttps:\/\/player.vimeo.com\/video\/1159161165?badge=0&#038;autopause=0&#038;player_id=0&#038;app_id=58479&Prime; link_option_url_new_window=\u00a0\u00bbon\u00a0\u00bb global_colors_info=\u00a0\u00bb{}\u00a0\u00bb]<\/p>\n<p>\u00abEine Bank geht unter und niemand ist verantwortlich.\u00bb* \u2013 Stand und Perspektiven der Organverantwortung nach schweizerischem Recht *(Sergio Ermotti, CEO UBS)<\/p>\n<p>Prof. Dr. Hans-Ueli Vogt<\/p>\n<p>[\/et_pb_text][\/et_pb_column_inner][\/et_pb_row_inner][et_pb_row_inner column_structure=\u00a0\u00bb1_2,1_2&Prime; disabled_on=\u00a0\u00bboff|off|off\u00a0\u00bb admin_label=\u00a0\u00bb2 Anna Peter\u00a0\u00bb _builder_version=\u00a0\u00bb4.27.4&Prime; _module_preset=\u00a0\u00bbdefault\u00a0\u00bb global_colors_info=\u00a0\u00bb{}\u00a0\u00bb][et_pb_column_inner type=\u00a0\u00bb1_2&Prime; saved_specialty_column_type=\u00a0\u00bb3_4&Prime; _builder_version=\u00a0\u00bb4.17.4&Prime; _module_preset=\u00a0\u00bbdefault\u00a0\u00bb global_colors_info=\u00a0\u00bb{}\u00a0\u00bb][et_pb_image src=\u00a0\u00bbhttps:\/\/www.schulthessforum.ch\/wp-content\/media\/Aktienrecht\/2026\/Peter_Aktienrecht_2026_Vimeo_1920x1080px3-scaled.jpg\u00a0\u00bb title_text=\u00a0\u00bbPeter Aktienrecht 2026 Vimeo 1920x1080px3&Prime; url=\u00a0\u00bbhttps:\/\/player.vimeo.com\/video\/1159162933?badge=0&#038;autopause=0&#038;player_id=0&#038;app_id=58479&Prime; url_new_window=\u00a0\u00bbon\u00a0\u00bb _builder_version=\u00a0\u00bb4.27.4&Prime; _module_preset=\u00a0\u00bbdefault\u00a0\u00bb global_colors_info=\u00a0\u00bb{}\u00a0\u00bb][\/et_pb_image][\/et_pb_column_inner][et_pb_column_inner type=\u00a0\u00bb1_2&Prime; saved_specialty_column_type=\u00a0\u00bb3_4&Prime; _builder_version=\u00a0\u00bb4.17.4&Prime; _module_preset=\u00a0\u00bbdefault\u00a0\u00bb global_colors_info=\u00a0\u00bb{}\u00a0\u00bb][et_pb_text _builder_version=\u00a0\u00bb4.27.4&Prime; _module_preset=\u00a0\u00bbdefault\u00a0\u00bb link_option_url=\u00a0\u00bbhttps:\/\/player.vimeo.com\/video\/1159162933?badge=0&#038;autopause=0&#038;player_id=0&#038;app_id=58479&Prime; link_option_url_new_window=\u00a0\u00bbon\u00a0\u00bb global_colors_info=\u00a0\u00bb{}\u00a0\u00bb]<\/p>\n<p>Die aktienrechtliche Gleichbehandlung in der Praxis<\/p>\n<p>Dr. Anna Peter<\/p>\n<p>[\/et_pb_text][\/et_pb_column_inner][\/et_pb_row_inner][et_pb_row_inner column_structure=\u00a0\u00bb1_2,1_2&Prime; disabled_on=\u00a0\u00bboff|off|off\u00a0\u00bb admin_label=\u00a0\u00bb3 Hubli und Triebold \u00a0\u00bb _builder_version=\u00a0\u00bb4.27.4&Prime; _module_preset=\u00a0\u00bbdefault\u00a0\u00bb global_colors_info=\u00a0\u00bb{}\u00a0\u00bb][et_pb_column_inner type=\u00a0\u00bb1_2&Prime; saved_specialty_column_type=\u00a0\u00bb3_4&Prime; _builder_version=\u00a0\u00bb4.17.4&Prime; _module_preset=\u00a0\u00bbdefault\u00a0\u00bb global_colors_info=\u00a0\u00bb{}\u00a0\u00bb][et_pb_image src=\u00a0\u00bbhttps:\/\/www.schulthessforum.ch\/wp-content\/media\/Aktienrecht\/2026\/Triebold-Hubli_Aktienrecht_2026_Vimeo_1920x1080px4-scaled.jpg\u00a0\u00bb title_text=\u00a0\u00bbTriebold Hubli Aktienrecht 2026 Vimeo 1920x1080px4&Prime; url=\u00a0\u00bbhttps:\/\/player.vimeo.com\/video\/1159161487?badge=0&#038;autopause=0&#038;player_id=0&#038;app_id=58479&Prime; url_new_window=\u00a0\u00bbon\u00a0\u00bb _builder_version=\u00a0\u00bb4.27.4&Prime; _module_preset=\u00a0\u00bbdefault\u00a0\u00bb global_colors_info=\u00a0\u00bb{}\u00a0\u00bb][\/et_pb_image][\/et_pb_column_inner][et_pb_column_inner type=\u00a0\u00bb1_2&Prime; saved_specialty_column_type=\u00a0\u00bb3_4&Prime; _builder_version=\u00a0\u00bb4.17.4&Prime; _module_preset=\u00a0\u00bbdefault\u00a0\u00bb global_colors_info=\u00a0\u00bb{}\u00a0\u00bb][et_pb_text _builder_version=\u00a0\u00bb4.27.4&Prime; _module_preset=\u00a0\u00bbdefault\u00a0\u00bb link_option_url=\u00a0\u00bbhttps:\/\/player.vimeo.com\/video\/1159161487?badge=0&#038;autopause=0&#038;player_id=0&#038;app_id=58479&Prime; link_option_url_new_window=\u00a0\u00bbon\u00a0\u00bb global_colors_info=\u00a0\u00bb{}\u00a0\u00bb]<\/p>\n<p>(S)Watch out! &#8211; Vertretung von Aktienkategorien im Verwaltungsrat<\/p>\n<p>Pascal Hubli und Dr. Oliver Triebold<\/p>\n<p>[\/et_pb_text][\/et_pb_column_inner][\/et_pb_row_inner][et_pb_row_inner column_structure=\u00a0\u00bb1_2,1_2&Prime; disabled_on=\u00a0\u00bboff|off|off\u00a0\u00bb admin_label=\u00a0\u00bb4 Dieter Dubs\u00a0\u00bb _builder_version=\u00a0\u00bb4.27.4&Prime; _module_preset=\u00a0\u00bbdefault\u00a0\u00bb global_colors_info=\u00a0\u00bb{}\u00a0\u00bb][et_pb_column_inner type=\u00a0\u00bb1_2&Prime; saved_specialty_column_type=\u00a0\u00bb3_4&Prime; _builder_version=\u00a0\u00bb4.17.4&Prime; _module_preset=\u00a0\u00bbdefault\u00a0\u00bb global_colors_info=\u00a0\u00bb{}\u00a0\u00bb][et_pb_image src=\u00a0\u00bbhttps:\/\/www.schulthessforum.ch\/wp-content\/media\/Aktienrecht\/2026\/Dubs_Aktienrecht_2026_Vimeo_1920x1080px5-scaled.jpg\u00a0\u00bb title_text=\u00a0\u00bbDubs Aktienrecht 2026 Vimeo 1920x1080px5&Prime; url=\u00a0\u00bbhttps:\/\/player.vimeo.com\/video\/1159163229?badge=0&#038;autopause=0&#038;player_id=0&#038;app_id=58479&Prime; url_new_window=\u00a0\u00bbon\u00a0\u00bb _builder_version=\u00a0\u00bb4.27.4&Prime; _module_preset=\u00a0\u00bbdefault\u00a0\u00bb global_colors_info=\u00a0\u00bb{}\u00a0\u00bb][\/et_pb_image][\/et_pb_column_inner][et_pb_column_inner type=\u00a0\u00bb1_2&Prime; saved_specialty_column_type=\u00a0\u00bb3_4&Prime; _builder_version=\u00a0\u00bb4.17.4&Prime; _module_preset=\u00a0\u00bbdefault\u00a0\u00bb global_colors_info=\u00a0\u00bb{}\u00a0\u00bb][et_pb_text _builder_version=\u00a0\u00bb4.27.4&Prime; _module_preset=\u00a0\u00bbdefault\u00a0\u00bb link_option_url=\u00a0\u00bbhttps:\/\/player.vimeo.com\/video\/1159163229?badge=0&#038;autopause=0&#038;player_id=0&#038;app_id=58479&Prime; link_option_url_new_window=\u00a0\u00bbon\u00a0\u00bb global_colors_info=\u00a0\u00bb{}\u00a0\u00bb]<\/p>\n<p>Vinkulierung und Stimmrechtsbeschr\u00e4nkung<\/p>\n<p>Dr. Dieter Dubs<\/p>\n<p>[\/et_pb_text][\/et_pb_column_inner][\/et_pb_row_inner][et_pb_row_inner column_structure=\u00a0\u00bb1_2,1_2&Prime; disabled_on=\u00a0\u00bboff|off|off\u00a0\u00bb admin_label=\u00a0\u00bb5 Panel\u00a0\u00bb _builder_version=\u00a0\u00bb4.27.4&Prime; _module_preset=\u00a0\u00bbdefault\u00a0\u00bb global_colors_info=\u00a0\u00bb{}\u00a0\u00bb][et_pb_column_inner type=\u00a0\u00bb1_2&Prime; saved_specialty_column_type=\u00a0\u00bb3_4&Prime; _builder_version=\u00a0\u00bb4.17.4&Prime; _module_preset=\u00a0\u00bbdefault\u00a0\u00bb global_colors_info=\u00a0\u00bb{}\u00a0\u00bb][et_pb_image src=\u00a0\u00bbhttps:\/\/www.schulthessforum.ch\/wp-content\/media\/Aktienrecht\/2025\/Vimeo-Standbilder\/Schulthess-Forum_1920x1080px.png\u00a0\u00bb title_text=\u00a0\u00bbSchulthess Forum_1920x1080px\u00a0\u00bb url=\u00a0\u00bbhttps:\/\/player.vimeo.com\/video\/1159164233?badge=0&#038;autopause=0&#038;player_id=0&#038;app_id=58479&Prime; url_new_window=\u00a0\u00bbon\u00a0\u00bb _builder_version=\u00a0\u00bb4.27.4&Prime; _module_preset=\u00a0\u00bbdefault\u00a0\u00bb global_colors_info=\u00a0\u00bb{}\u00a0\u00bb][\/et_pb_image][\/et_pb_column_inner][et_pb_column_inner type=\u00a0\u00bb1_2&Prime; saved_specialty_column_type=\u00a0\u00bb3_4&Prime; _builder_version=\u00a0\u00bb4.17.4&Prime; _module_preset=\u00a0\u00bbdefault\u00a0\u00bb global_colors_info=\u00a0\u00bb{}\u00a0\u00bb][et_pb_text _builder_version=\u00a0\u00bb4.27.4&Prime; _module_preset=\u00a0\u00bbdefault\u00a0\u00bb link_option_url=\u00a0\u00bbhttps:\/\/player.vimeo.com\/video\/1159164233?badge=0&#038;autopause=0&#038;player_id=0&#038;app_id=58479&Prime; link_option_url_new_window=\u00a0\u00bbon\u00a0\u00bb global_colors_info=\u00a0\u00bb{}\u00a0\u00bb]<\/p>\n<p>Wie sch\u00fctze ich mich als Verwaltungsrat in Krisenzeiten?<\/p>\n<p>Birger Berendes, Prof. Dr. Hans-Ueli Vogt und Dr. Mariel Hoch, moderiert von Dr. Oliver Triebold<\/p>\n<p>[\/et_pb_text][\/et_pb_column_inner][\/et_pb_row_inner][et_pb_row_inner column_structure=\u00a0\u00bb1_2,1_2&Prime; disabled_on=\u00a0\u00bboff|off|off\u00a0\u00bb admin_label=\u00a0\u00bb6 Deirdre N\u00ed Annrach\u00e1in\u00a0\u00bb _builder_version=\u00a0\u00bb4.27.4&Prime; _module_preset=\u00a0\u00bbdefault\u00a0\u00bb collapsed=\u00a0\u00bboff\u00a0\u00bb global_colors_info=\u00a0\u00bb{}\u00a0\u00bb][et_pb_column_inner type=\u00a0\u00bb1_2&Prime; saved_specialty_column_type=\u00a0\u00bb3_4&Prime; _builder_version=\u00a0\u00bb4.17.4&Prime; _module_preset=\u00a0\u00bbdefault\u00a0\u00bb global_colors_info=\u00a0\u00bb{}\u00a0\u00bb][et_pb_image src=\u00a0\u00bbhttps:\/\/www.schulthessforum.ch\/wp-content\/media\/Aktienrecht\/2026\/Ni-Annrachain_Aktienrecht_2026_Vimeo_1920x1080px6-scaled.jpg\u00a0\u00bb title_text=\u00a0\u00bbN\u00ed Annrach\u00e1in Aktienrecht 2026 Vimeo 1920x1080px6&Prime; url=\u00a0\u00bbhttps:\/\/player.vimeo.com\/video\/1159163432?badge=0&#038;autopause=0&#038;player_id=0&#038;app_id=58479&Prime; url_new_window=\u00a0\u00bbon\u00a0\u00bb _builder_version=\u00a0\u00bb4.27.4&Prime; _module_preset=\u00a0\u00bbdefault\u00a0\u00bb global_colors_info=\u00a0\u00bb{}\u00a0\u00bb][\/et_pb_image][\/et_pb_column_inner][et_pb_column_inner type=\u00a0\u00bb1_2&Prime; saved_specialty_column_type=\u00a0\u00bb3_4&Prime; _builder_version=\u00a0\u00bb4.17.4&Prime; _module_preset=\u00a0\u00bbdefault\u00a0\u00bb global_colors_info=\u00a0\u00bb{}\u00a0\u00bb][et_pb_text _builder_version=\u00a0\u00bb4.27.4&Prime; _module_preset=\u00a0\u00bbdefault\u00a0\u00bb link_option_url=\u00a0\u00bbhttps:\/\/player.vimeo.com\/video\/1159163432?badge=0&#038;autopause=0&#038;player_id=0&#038;app_id=58479&Prime; link_option_url_new_window=\u00a0\u00bbon\u00a0\u00bb global_colors_info=\u00a0\u00bb{}\u00a0\u00bb]<\/p>\n<p>Lessons learned from three years of the capital band<\/p>\n<p>Deirdre N\u00ed Annrach\u00e1in<\/p>\n<p>[\/et_pb_text][\/et_pb_column_inner][\/et_pb_row_inner][et_pb_row_inner column_structure=\u00a0\u00bb1_2,1_2&Prime; disabled_on=\u00a0\u00bboff|off|off\u00a0\u00bb admin_label=\u00a0\u00bb7 Fabio Scotoni\u00a0\u00bb _builder_version=\u00a0\u00bb4.27.4&Prime; _module_preset=\u00a0\u00bbdefault\u00a0\u00bb global_colors_info=\u00a0\u00bb{}\u00a0\u00bb][et_pb_column_inner type=\u00a0\u00bb1_2&Prime; saved_specialty_column_type=\u00a0\u00bb3_4&Prime; _builder_version=\u00a0\u00bb4.17.4&Prime; _module_preset=\u00a0\u00bbdefault\u00a0\u00bb global_colors_info=\u00a0\u00bb{}\u00a0\u00bb][et_pb_image src=\u00a0\u00bbhttps:\/\/www.schulthessforum.ch\/wp-content\/media\/Aktienrecht\/2026\/Scotoni_Aktienrecht_2026_Vimeo_1920x1080px7-scaled.jpg\u00a0\u00bb title_text=\u00a0\u00bbScotoni Aktienrecht 2026 Vimeo 1920x1080px7&Prime; url=\u00a0\u00bbhttps:\/\/player.vimeo.com\/video\/1159163735?badge=0&#038;autopause=0&#038;player_id=0&#038;app_id=58479&Prime; url_new_window=\u00a0\u00bbon\u00a0\u00bb _builder_version=\u00a0\u00bb4.27.4&Prime; _module_preset=\u00a0\u00bbdefault\u00a0\u00bb global_colors_info=\u00a0\u00bb{}\u00a0\u00bb][\/et_pb_image][\/et_pb_column_inner][et_pb_column_inner type=\u00a0\u00bb1_2&Prime; saved_specialty_column_type=\u00a0\u00bb3_4&Prime; _builder_version=\u00a0\u00bb4.17.4&Prime; _module_preset=\u00a0\u00bbdefault\u00a0\u00bb global_colors_info=\u00a0\u00bb{}\u00a0\u00bb][et_pb_text _builder_version=\u00a0\u00bb4.27.4&Prime; _module_preset=\u00a0\u00bbdefault\u00a0\u00bb link_option_url=\u00a0\u00bbhttps:\/\/player.vimeo.com\/video\/1159163735?badge=0&#038;autopause=0&#038;player_id=0&#038;app_id=58479&Prime; link_option_url_new_window=\u00a0\u00bbon\u00a0\u00bb global_colors_info=\u00a0\u00bb{}\u00a0\u00bb]<\/p>\n<p>Neues zu Kapitalver\u00e4nderungen in der Handelsregisterpraxis<\/p>\n<p>Dr. Fabio Scotoni<\/p>\n<p>[\/et_pb_text][\/et_pb_column_inner][\/et_pb_row_inner][et_pb_row_inner column_structure=\u00a0\u00bb1_2,1_2&Prime; disabled_on=\u00a0\u00bboff|off|off\u00a0\u00bb admin_label=\u00a0\u00bb8 Florentin Weibel \u00a0\u00bb _builder_version=\u00a0\u00bb4.27.4&Prime; _module_preset=\u00a0\u00bbdefault\u00a0\u00bb global_colors_info=\u00a0\u00bb{}\u00a0\u00bb][et_pb_column_inner type=\u00a0\u00bb1_2&Prime; saved_specialty_column_type=\u00a0\u00bb3_4&Prime; _builder_version=\u00a0\u00bb4.17.4&Prime; _module_preset=\u00a0\u00bbdefault\u00a0\u00bb global_colors_info=\u00a0\u00bb{}\u00a0\u00bb][et_pb_image src=\u00a0\u00bbhttps:\/\/www.schulthessforum.ch\/wp-content\/media\/Aktienrecht\/2026\/Weibel_Aktienrecht_2026_Vimeo_1920x1080px8-scaled.jpg\u00a0\u00bb title_text=\u00a0\u00bbWeibel Aktienrecht 2026 Vimeo 1920x1080px8&Prime; url=\u00a0\u00bbhttps:\/\/player.vimeo.com\/video\/1159161863?badge=0&#038;autopause=0&#038;player_id=0&#038;app_id=58479&Prime; url_new_window=\u00a0\u00bbon\u00a0\u00bb _builder_version=\u00a0\u00bb4.27.4&Prime; _module_preset=\u00a0\u00bbdefault\u00a0\u00bb global_colors_info=\u00a0\u00bb{}\u00a0\u00bb][\/et_pb_image][\/et_pb_column_inner][et_pb_column_inner type=\u00a0\u00bb1_2&Prime; saved_specialty_column_type=\u00a0\u00bb3_4&Prime; _builder_version=\u00a0\u00bb4.17.4&Prime; _module_preset=\u00a0\u00bbdefault\u00a0\u00bb global_colors_info=\u00a0\u00bb{}\u00a0\u00bb][et_pb_text _builder_version=\u00a0\u00bb4.27.4&Prime; _module_preset=\u00a0\u00bbdefault\u00a0\u00bb link_option_url=\u00a0\u00bbhttps:\/\/player.vimeo.com\/video\/1159161863?badge=0&#038;autopause=0&#038;player_id=0&#038;app_id=58479&Prime; link_option_url_new_window=\u00a0\u00bbon\u00a0\u00bb global_colors_info=\u00a0\u00bb{}\u00a0\u00bb]<\/p>\n<p>Ausgew\u00e4hlte Knackpunkte bei der Durchsetzung von Aktion\u00e4rsbindungsvertr\u00e4gen<\/p>\n<p>Florentin Weibel<\/p>\n<p>[\/et_pb_text][\/et_pb_column_inner][\/et_pb_row_inner][et_pb_row_inner column_structure=\u00a0\u00bb1_2,1_2&Prime; disabled_on=\u00a0\u00bboff|off|off\u00a0\u00bb admin_label=\u00a0\u00bb9 Berendes und Lienau \u00a0\u00bb _builder_version=\u00a0\u00bb4.27.4&Prime; _module_preset=\u00a0\u00bbdefault\u00a0\u00bb global_colors_info=\u00a0\u00bb{}\u00a0\u00bb][et_pb_column_inner type=\u00a0\u00bb1_2&Prime; saved_specialty_column_type=\u00a0\u00bb3_4&Prime; _builder_version=\u00a0\u00bb4.17.4&Prime; _module_preset=\u00a0\u00bbdefault\u00a0\u00bb global_colors_info=\u00a0\u00bb{}\u00a0\u00bb][et_pb_image src=\u00a0\u00bbhttps:\/\/www.schulthessforum.ch\/wp-content\/media\/Berendes-Lienau_1920x1080px-scaled.jpg\u00a0\u00bb title_text=\u00a0\u00bbBerendes Lienau 1920x1080px\u00a0\u00bb url=\u00a0\u00bbhttps:\/\/player.vimeo.com\/video\/1159168227?badge=0&#038;autopause=0&#038;player_id=0&#038;app_id=58479&Prime; url_new_window=\u00a0\u00bbon\u00a0\u00bb _builder_version=\u00a0\u00bb4.27.4&Prime; _module_preset=\u00a0\u00bbdefault\u00a0\u00bb global_colors_info=\u00a0\u00bb{}\u00a0\u00bb][\/et_pb_image][\/et_pb_column_inner][et_pb_column_inner type=\u00a0\u00bb1_2&Prime; saved_specialty_column_type=\u00a0\u00bb3_4&Prime; _builder_version=\u00a0\u00bb4.17.4&Prime; _module_preset=\u00a0\u00bbdefault\u00a0\u00bb global_colors_info=\u00a0\u00bb{}\u00a0\u00bb][et_pb_text _builder_version=\u00a0\u00bb4.27.4&Prime; _module_preset=\u00a0\u00bbdefault\u00a0\u00bb link_option_url=\u00a0\u00bbhttps:\/\/player.vimeo.com\/video\/1159168227?badge=0&#038;autopause=0&#038;player_id=0&#038;app_id=58479&Prime; link_option_url_new_window=\u00a0\u00bbon\u00a0\u00bb global_colors_info=\u00a0\u00bb{}\u00a0\u00bb]<\/p>\n<p>Beteiligungsaufbau bei kotierten Unternehmen<\/p>\n<p>Birger Berendes und Marlene Lienau<\/p>\n<p>[\/et_pb_text][\/et_pb_column_inner][\/et_pb_row_inner][\/et_pb_column][et_pb_column type=\u00a0\u00bb1_4&Prime; _builder_version=\u00a0\u00bb4.16&Prime; custom_padding=\u00a0\u00bb|||\u00a0\u00bb global_colors_info=\u00a0\u00bb{}\u00a0\u00bb custom_padding__hover=\u00a0\u00bb|||\u00a0\u00bb][\/et_pb_column][\/et_pb_section][et_pb_section fb_built=\u00a0\u00bb1&Prime; disabled_on=\u00a0\u00bboff|off|off\u00a0\u00bb admin_label=\u00a0\u00bbPartner\u00a0\u00bb module_id=\u00a0\u00bbschulthess-partner\u00a0\u00bb _builder_version=\u00a0\u00bb4.17.4&Prime; _module_preset=\u00a0\u00bbdefault\u00a0\u00bb background_enable_color=\u00a0\u00bboff\u00a0\u00bb saved_tabs=\u00a0\u00bball\u00a0\u00bb locked=\u00a0\u00bboff\u00a0\u00bb collapsed=\u00a0\u00bbon\u00a0\u00bb global_colors_info=\u00a0\u00bb{}\u00a0\u00bb][et_pb_row disabled_on=\u00a0\u00bbon|on|on\u00a0\u00bb _builder_version=\u00a0\u00bb4.16&Prime; _module_preset=\u00a0\u00bbdefault\u00a0\u00bb disabled=\u00a0\u00bbon\u00a0\u00bb locked=\u00a0\u00bboff\u00a0\u00bb collapsed=\u00a0\u00bboff\u00a0\u00bb global_colors_info=\u00a0\u00bb{}\u00a0\u00bb][et_pb_column type=\u00a0\u00bb4_4&Prime; _builder_version=\u00a0\u00bb4.16&Prime; _module_preset=\u00a0\u00bbdefault\u00a0\u00bb global_colors_info=\u00a0\u00bb{}\u00a0\u00bb][et_pb_text admin_label=\u00a0\u00bb\u00dcberschrift\u00a0\u00bb module_class=\u00a0\u00bbsf-h2 schulthess-product-partner-headline-wrapper\u00a0\u00bb _builder_version=\u00a0\u00bb4.19.5&Prime; _module_preset=\u00a0\u00bbdefault\u00a0\u00bb locked=\u00a0\u00bboff\u00a0\u00bb global_colors_info=\u00a0\u00bb{}\u00a0\u00bb]&lt;?&#8211; NICHT ZU VISUELL WECHSELN. DIE BUTTONS GEHEN SONST VERLOREN &#8211;&gt;<\/p>\n<h5>Partner<\/h5>\n<p><!--div class=\"schulthess-product-partner-nav\">[schulthess_product_partner_tabs]\n\n\n<div class=\"buttons\"><button class=\"grid icon_grid aktiv\"><span><\/span><\/button><button class=\"list icon_list\"><span><\/span><\/button><\/div>\n\n\n<\/div-->[\/et_pb_text][et_pb_code disabled_on=\u00a0\u00bboff|off|off\u00a0\u00bb admin_label=\u00a0\u00bbCode (ein grid, keine Filter)\u00a0\u00bb _builder_version=\u00a0\u00bb4.17.4&Prime; _module_preset=\u00a0\u00bbdefault\u00a0\u00bb locked=\u00a0\u00bboff\u00a0\u00bb global_colors_info=\u00a0\u00bb{}\u00a0\u00bb]<div class=\"schulthess-product-partner-wrapper grid\">\n                  <div id=\"8913\" class=\"schulthess-product-partner Medienpartner\" partner-type=\"Medienpartner\">\n                        <div class=\"schulthess-product-partner-image\">\n                                <img loading=\"lazy\" decoding=\"async\" src=\"https:\/\/www.schulthessforum.ch\/wp-content\/media\/Partner\/iusnet_Website_Bank-_und_Kapitalmarktrecht_364x104px-250x71.png\" alt=\"iusnet Bank- und Kapitalmarktrecht\" title=\"iusnet Bank- und Kapitalmarktrecht\" width=\"250\" height=\"150\" \/>\n                        <\/div>\n                        <div class=\"schulthess-product-partner-info\">\n                            <div class=\"content\">\n                                <h4 class=\"schulthess-product-partner-name\">iusnet Bank- und Kapitalmarktrecht<\/h4>\n                                <p class=\"schulthess-product-partner-type\">\n                                    Medienpartner\n                                <\/p>\n                                <p class=\"schulthess-product-partner-description\">\n                                    Das neue mehrstufige Informationssystem iusnet Bank- und Kapitalmarktrecht liefert Ihnen mit dem regelm\u00e4ssigen Newsletter bis zu acht Mal j\u00e4hrlich einen kompakten \u00dcberblick \u00fcber die wichtigsten Entwicklungen in Rechtsprechung und Gesetzgebung zu den Themengebieten des Bank- und Kapitalmarktrecht. Die Inhalte gliedern sich in folgende Rubriken: Rechtsprechung, Gesetzgebung, Kommentierung, Fachbeitr\u00e4ge. Die Online-Plattform iusnet Bank- und Kapitalmarktrecht enth\u00e4lt nebst s\u00e4mtlichen Inhalten aus dem Newsletter weitere Entscheide, Informationen zu Gesetzgebung, Kommentierungen sowie Fachbeitr\u00e4ge. \n                                <\/p>\n                                <p class=\"schulthess-product-partner-speakers\">\n                                    Referenten: \n                                <\/p>\n                                <!--div class=\"schulthess-product-partner-link\">\n                                        <span>zur Website<\/span>\n                                        <span class=\"link-icon\">\n                                            <svg xmlns=\"http:\/\/www.w3.org\/2000\/svg\" width=\"11\" height=\"10\" viewBox=\"0 0 9.697 9.017\">\n                                                <g transform=\"translate(-813.933 -2094.752)\">\n                                                    <path d=\"M9442.49,1683l3.447,3.448-3.447,3.448\" transform=\"translate(-8627.497 412.813)\" fill=\"none\" stroke=\"#000\" stroke-linecap=\"round\" stroke-width=\"1.5\"\/>\n                                                    <path d=\"M9442.49,1683l3.447,3.448-3.447,3.448\" transform=\"translate(-8623.368 412.813)\" fill=\"none\" stroke=\"#000\" stroke-linecap=\"round\" stroke-width=\"1.5\"\/>\n                                                <\/g>\n                                            <\/svg>\n                                        <\/span>\n                                <\/div-->\n                            <\/div>\n                        <\/div>\n                    <\/div><div id=\"14358\" class=\"schulthess-product-partner Medienpartner\" partner-type=\"Medienpartner\">\n                        <div class=\"schulthess-product-partner-image\">\n                                <img loading=\"lazy\" decoding=\"async\" src=\"https:\/\/www.schulthessforum.ch\/wp-content\/media\/Partner\/iusnet_Website_Gesellschaftsrecht_364x104px-250x71.png\" alt=\"iusnet Gesellschaftsrecht\" title=\"iusnet Gesellschaftsrecht\" width=\"250\" height=\"150\" \/>\n                        <\/div>\n                        <div class=\"schulthess-product-partner-info\">\n                            <div class=\"content\">\n                                <h4 class=\"schulthess-product-partner-name\">iusnet Gesellschaftsrecht<\/h4>\n                                <p class=\"schulthess-product-partner-type\">\n                                    Medienpartner\n                                <\/p>\n                                <p class=\"schulthess-product-partner-description\">\n                                    Das neue mehrstufige Informationssystem iusnet Gesellschaftsrecht liefert Ihnen mit dem regelm\u00e4ssigen Newsletter sechs Mal j\u00e4hrlich einen kompakten \u00dcberblick \u00fcber die wichtigsten Entwicklungen in Rechtsprechung und Gesetzgebung im Gesellschaftsrecht und Handelsregisterrecht. Die Online-Plattform iusnet Gesellschaftsrecht enth\u00e4lt nebst s\u00e4mtlichen Inhalten aus dem Newsletter weitere Entscheide, Informationen zu Gesetzgebung, Kommentierungen sowie Fachbeitr\u00e4ge.\n                                <\/p>\n                                <p class=\"schulthess-product-partner-speakers\">\n                                    Referenten: \n                                <\/p>\n                                <!--div class=\"schulthess-product-partner-link\">\n                                        <span>zur Website<\/span>\n                                        <span class=\"link-icon\">\n                                            <svg xmlns=\"http:\/\/www.w3.org\/2000\/svg\" width=\"11\" height=\"10\" viewBox=\"0 0 9.697 9.017\">\n                                                <g transform=\"translate(-813.933 -2094.752)\">\n                                                    <path d=\"M9442.49,1683l3.447,3.448-3.447,3.448\" transform=\"translate(-8627.497 412.813)\" fill=\"none\" stroke=\"#000\" stroke-linecap=\"round\" stroke-width=\"1.5\"\/>\n                                                    <path d=\"M9442.49,1683l3.447,3.448-3.447,3.448\" transform=\"translate(-8623.368 412.813)\" fill=\"none\" stroke=\"#000\" stroke-linecap=\"round\" stroke-width=\"1.5\"\/>\n                                                <\/g>\n                                            <\/svg>\n                                        <\/span>\n                                <\/div-->\n                            <\/div>\n                        <\/div>\n                    <\/div><div id=\"15461\" class=\"schulthess-product-partner Medienpartner\" partner-type=\"Medienpartner\">\n                        <div class=\"schulthess-product-partner-image\">\n                                <img loading=\"lazy\" decoding=\"async\" src=\"https:\/\/www.schulthessforum.ch\/wp-content\/media\/Partner\/logos\/RrVR_cmyk-250x53.jpg\" alt=\"Recht relevant. f\u00fcr Verwaltungsr\u00e4te\" title=\"Recht relevant. f\u00fcr Verwaltungsr\u00e4te\" width=\"250\" height=\"150\" \/>\n                        <\/div>\n                        <div class=\"schulthess-product-partner-info\">\n                            <div class=\"content\">\n                                <h4 class=\"schulthess-product-partner-name\">Recht relevant. f\u00fcr Verwaltungsr\u00e4te<\/h4>\n                                <p class=\"schulthess-product-partner-type\">\n                                    Medienpartner\n                                <\/p>\n                                <p class=\"schulthess-product-partner-description\">\n                                    \n                                <\/p>\n                                <p class=\"schulthess-product-partner-speakers\">\n                                    Referenten: \n                                <\/p>\n                                <!--div class=\"schulthess-product-partner-link\">\n                                        <span>zur Website<\/span>\n                                        <span class=\"link-icon\">\n                                            <svg xmlns=\"http:\/\/www.w3.org\/2000\/svg\" width=\"11\" height=\"10\" viewBox=\"0 0 9.697 9.017\">\n                                                <g transform=\"translate(-813.933 -2094.752)\">\n                                                    <path d=\"M9442.49,1683l3.447,3.448-3.447,3.448\" transform=\"translate(-8627.497 412.813)\" fill=\"none\" stroke=\"#000\" stroke-linecap=\"round\" stroke-width=\"1.5\"\/>\n                                                    <path d=\"M9442.49,1683l3.447,3.448-3.447,3.448\" transform=\"translate(-8623.368 412.813)\" fill=\"none\" stroke=\"#000\" stroke-linecap=\"round\" stroke-width=\"1.5\"\/>\n                                                <\/g>\n                                            <\/svg>\n                                        <\/span>\n                                <\/div-->\n                            <\/div>\n                        <\/div>\n                    <\/div><div id=\"7930\" class=\"schulthess-product-partner Medienpartner\" partner-type=\"Medienpartner\">\n                        <div class=\"schulthess-product-partner-image\">\n                                <img loading=\"lazy\" decoding=\"async\" src=\"https:\/\/www.schulthessforum.ch\/wp-content\/media\/Partner\/SZW_positiv_rgb-01.svg\" alt=\"SZW \/ RSDA\" title=\"SZW \/ RSDA\" width=\"250\" height=\"150\" \/>\n                        <\/div>\n                        <div class=\"schulthess-product-partner-info\">\n                            <div class=\"content\">\n                                <h4 class=\"schulthess-product-partner-name\">SZW \/ RSDA<\/h4>\n                                <p class=\"schulthess-product-partner-type\">\n                                    Medienpartner\n                                <\/p>\n                                <p class=\"schulthess-product-partner-description\">\n                                    Die Schweizerische Zeitschrift f\u00fcr Wirtschafts- und Finanzmarktrecht (SZW) \u00fcberzeugt sechsmal j\u00e4hrlich durch ihre konzise und gut verst\u00e4ndliche Darlegung wesentlicher Themen in einem beeindruckend grossen Fachbereich: dem Handels-, Unternehmens-, Gesellschafts-, Steuer-, Kartell-, Immaterialg\u00fcter- und Wettbewerbsrecht sowie Finanz- und Bankenrecht.\n                                <\/p>\n                                <p class=\"schulthess-product-partner-speakers\">\n                                    Referenten: \n                                <\/p>\n                                <!--div class=\"schulthess-product-partner-link\">\n                                        <span>zur Website<\/span>\n                                        <span class=\"link-icon\">\n                                            <svg xmlns=\"http:\/\/www.w3.org\/2000\/svg\" width=\"11\" height=\"10\" viewBox=\"0 0 9.697 9.017\">\n                                                <g transform=\"translate(-813.933 -2094.752)\">\n                                                    <path d=\"M9442.49,1683l3.447,3.448-3.447,3.448\" transform=\"translate(-8627.497 412.813)\" fill=\"none\" stroke=\"#000\" stroke-linecap=\"round\" stroke-width=\"1.5\"\/>\n                                                    <path d=\"M9442.49,1683l3.447,3.448-3.447,3.448\" transform=\"translate(-8623.368 412.813)\" fill=\"none\" stroke=\"#000\" stroke-linecap=\"round\" stroke-width=\"1.5\"\/>\n                                                <\/g>\n                                            <\/svg>\n                                        <\/span>\n                                <\/div-->\n                            <\/div>\n                        <\/div>\n                    <\/div><div id=\"9831\" class=\"schulthess-product-partner Sponsoren\" partner-type=\"Sponsoren\">\n                        <div class=\"schulthess-product-partner-image\">\n                                <img loading=\"lazy\" decoding=\"async\" src=\"https:\/\/www.schulthessforum.ch\/wp-content\/media\/Partner\/Swisslex_rgb.svg\" alt=\" Swisslex\" title=\" Swisslex\" width=\"250\" height=\"150\" \/>\n                        <\/div>\n                        <div class=\"schulthess-product-partner-info\">\n                            <div class=\"content\">\n                                <h4 class=\"schulthess-product-partner-name\"> Swisslex<\/h4>\n                                <p class=\"schulthess-product-partner-type\">\n                                    Sponsoren\n                                <\/p>\n                                <p class=\"schulthess-product-partner-description\">\n                                    SWISSLEX \u2014 Schweizerische Juristische Datenbank AG ist die f\u00fchrende Anbieterin von digitalen Rechtsinformationen. Ihre Rechtsinformationsplattform swisslex.ch vereint Recherchetechnologie mit hochstrukturierten Rechtsinformationen. Im Zentrum stehen die hauseigenen, auf juristische Recherchebed\u00fcrfnisse spezialisierten Suchwerkzeuge. In der Kombination von modernster Technologie und den uns zur Verf\u00fcgung gestellten Inhalten liegt die St\u00e4rke des Angebotes. Rund 30'000 Expertinnen und Experten aus der Anwaltschaft, aus Justiz, Verwaltungen, Wirtschaft und Wissenschaft nutzen dieses regelm\u00e4ssig f\u00fcr ihre juristische Recherche. Swisslex besch\u00e4ftigt 22 Fachkr\u00e4fte, u.a. aus den Bereichen Softwareengineering, Data Science und Recht.\n                                <\/p>\n                                <p class=\"schulthess-product-partner-speakers\">\n                                    Referenten: \n                                <\/p>\n                                <!--div class=\"schulthess-product-partner-link\">\n                                        <span>zur Website<\/span>\n                                        <span class=\"link-icon\">\n                                            <svg xmlns=\"http:\/\/www.w3.org\/2000\/svg\" width=\"11\" height=\"10\" viewBox=\"0 0 9.697 9.017\">\n                                                <g transform=\"translate(-813.933 -2094.752)\">\n                                                    <path d=\"M9442.49,1683l3.447,3.448-3.447,3.448\" transform=\"translate(-8627.497 412.813)\" fill=\"none\" stroke=\"#000\" stroke-linecap=\"round\" stroke-width=\"1.5\"\/>\n                                                    <path d=\"M9442.49,1683l3.447,3.448-3.447,3.448\" transform=\"translate(-8623.368 412.813)\" fill=\"none\" stroke=\"#000\" stroke-linecap=\"round\" stroke-width=\"1.5\"\/>\n                                                <\/g>\n                                            <\/svg>\n                                        <\/span>\n                                <\/div-->\n                            <\/div>\n                        <\/div>\n                    <\/div><div id=\"9850\" class=\"schulthess-product-partner Kooperationspartner\" partner-type=\"Kooperationspartner\">\n                        <div class=\"schulthess-product-partner-image\">\n                                <img loading=\"lazy\" decoding=\"async\" src=\"https:\/\/www.schulthessforum.ch\/wp-content\/media\/Partner\/swissboardforum_logo_134x134px-150x150.png\" alt=\"SwissBoardForum\" title=\"SwissBoardForum\" width=\"250\" height=\"150\" \/>\n                        <\/div>\n                        <div class=\"schulthess-product-partner-info\">\n                            <div class=\"content\">\n                                <h4 class=\"schulthess-product-partner-name\">SwissBoardForum<\/h4>\n                                <p class=\"schulthess-product-partner-type\">\n                                    Kooperationspartner\n                                <\/p>\n                                <p class=\"schulthess-product-partner-description\">\n                                    Die Schweizer Plattform f\u00fcr Verwaltungsr\u00e4te und Corporate Governance. Das SwissBoardForum ist eine schweizweite Plattform f\u00fcr Verwaltungsrats-Themen und Corporate Governance zur F\u00f6rderung der professionellen Verwaltungsrats- und Stiftungsratst\u00e4tigkeit. Dabei steht sharing experience durch pers\u00f6nlichen Erfahrungsaustausch und praxisnahe Wissensvermittlung im Zentrum der Aktivit\u00e4ten.\n                                <\/p>\n                                <p class=\"schulthess-product-partner-speakers\">\n                                    Referenten: \n                                <\/p>\n                                <!--div class=\"schulthess-product-partner-link\">\n                                        <span>zur Website<\/span>\n                                        <span class=\"link-icon\">\n                                            <svg xmlns=\"http:\/\/www.w3.org\/2000\/svg\" width=\"11\" height=\"10\" viewBox=\"0 0 9.697 9.017\">\n                                                <g transform=\"translate(-813.933 -2094.752)\">\n                                                    <path d=\"M9442.49,1683l3.447,3.448-3.447,3.448\" transform=\"translate(-8627.497 412.813)\" fill=\"none\" stroke=\"#000\" stroke-linecap=\"round\" stroke-width=\"1.5\"\/>\n                                                    <path d=\"M9442.49,1683l3.447,3.448-3.447,3.448\" transform=\"translate(-8623.368 412.813)\" fill=\"none\" stroke=\"#000\" stroke-linecap=\"round\" stroke-width=\"1.5\"\/>\n                                                <\/g>\n                                            <\/svg>\n                                        <\/span>\n                                <\/div-->\n                            <\/div>\n                        <\/div>\n                    <\/div><div id=\"10205\" class=\"schulthess-product-partner Kooperationspartner\" partner-type=\"Kooperationspartner\">\n                        <div class=\"schulthess-product-partner-image\">\n                                <img loading=\"lazy\" decoding=\"async\" src=\"https:\/\/www.schulthessforum.ch\/wp-content\/media\/Partner\/swissvr_134x134px_1-150x150.png\" alt=\"swissVR\" title=\"swissVR\" width=\"250\" height=\"150\" \/>\n                        <\/div>\n                        <div class=\"schulthess-product-partner-info\">\n                            <div class=\"content\">\n                                <h4 class=\"schulthess-product-partner-name\">swissVR<\/h4>\n                                <p class=\"schulthess-product-partner-type\">\n                                    Kooperationspartner\n                                <\/p>\n                                <p class=\"schulthess-product-partner-description\">\n                                    swissVR ist eine Vereinigung f\u00fcr Verwaltungsratsmitglieder und tr\u00e4gt mit ihrem Angebot zur Professionalisierung der Verwaltungsratst\u00e4tigkeit bei. Verwaltungsr\u00e4tinnen und Verwaltungsr\u00e4te tragen eine grosse Verantwortung gegen\u00fcber dem Unternehmen, dessen Mitarbeitenden und weiteren Interessensgruppen. Entscheide haben oft eine grosse Tragweite und m\u00fcssen gut analysiert und durchdacht werden. Der Austausch mit anderen Verwaltungsratsmitgliedern und eine gezielte Weiterbildung k\u00f6nnen zur besseren Erf\u00fcllung der Verwaltungsratsaufgaben beitragen. swissVR entspricht mit ihren Aktivit\u00e4ten diesen Bed\u00fcrfnissen und hilft, Qualit\u00e4t und Kompetenz in den Schweizer Verwaltungsr\u00e4ten zu st\u00e4rken.\n                                <\/p>\n                                <p class=\"schulthess-product-partner-speakers\">\n                                    Referenten: \n                                <\/p>\n                                <!--div class=\"schulthess-product-partner-link\">\n                                        <span>zur Website<\/span>\n                                        <span class=\"link-icon\">\n                                            <svg xmlns=\"http:\/\/www.w3.org\/2000\/svg\" width=\"11\" height=\"10\" viewBox=\"0 0 9.697 9.017\">\n                                                <g transform=\"translate(-813.933 -2094.752)\">\n                                                    <path d=\"M9442.49,1683l3.447,3.448-3.447,3.448\" transform=\"translate(-8627.497 412.813)\" fill=\"none\" stroke=\"#000\" stroke-linecap=\"round\" stroke-width=\"1.5\"\/>\n                                                    <path d=\"M9442.49,1683l3.447,3.448-3.447,3.448\" transform=\"translate(-8623.368 412.813)\" fill=\"none\" stroke=\"#000\" stroke-linecap=\"round\" stroke-width=\"1.5\"\/>\n                                                <\/g>\n                                            <\/svg>\n                                        <\/span>\n                                <\/div-->\n                            <\/div>\n                        <\/div>\n                    <\/div><div id=\"5363\" class=\"schulthess-product-partner Kooperationspartner\" partner-type=\"Kooperationspartner\">\n                        <div class=\"schulthess-product-partner-image\">\n                                <img loading=\"lazy\" decoding=\"async\" src=\"https:\/\/www.schulthessforum.ch\/wp-content\/media\/Partner\/logos\/Treuhand-Suisse_rgb.svg\" alt=\"TREUHAND | SUISSE\" title=\"TREUHAND | SUISSE\" width=\"250\" height=\"150\" \/>\n                        <\/div>\n                        <div class=\"schulthess-product-partner-info\">\n                            <div class=\"content\">\n                                <h4 class=\"schulthess-product-partner-name\">TREUHAND | SUISSE<\/h4>\n                                <p class=\"schulthess-product-partner-type\">\n                                    Kooperationspartner\n                                <\/p>\n                                <p class=\"schulthess-product-partner-description\">\n                                    Im schweizerischen Treuh\u00e4nderverband TREUHAND | SUISSE sind Treuh\u00e4nderinnen und Treuh\u00e4nder zusammengeschlossen, die vorwiegend f\u00fcr KMU und Privatpersonen t\u00e4tig sind. Fachliche Qualifikation, berufliche Erfahrung, pers\u00f6nliche Integrit\u00e4t und Vertrauensw\u00fcrdigkeit zeichnen alle TREUHAND | SUISSE Mitglieder aus. Der Verband engagiert sich f\u00fcr die Bildung, Qualit\u00e4tssicherung und Branchenentwicklung und ist aktiv in der politischen Lobbyarbeit.\r\n\r\n\n                                <\/p>\n                                <p class=\"schulthess-product-partner-speakers\">\n                                    Referenten: \n                                <\/p>\n                                <!--div class=\"schulthess-product-partner-link\">\n                                        <span>zur Website<\/span>\n                                        <span class=\"link-icon\">\n                                            <svg xmlns=\"http:\/\/www.w3.org\/2000\/svg\" width=\"11\" height=\"10\" viewBox=\"0 0 9.697 9.017\">\n                                                <g transform=\"translate(-813.933 -2094.752)\">\n                                                    <path d=\"M9442.49,1683l3.447,3.448-3.447,3.448\" transform=\"translate(-8627.497 412.813)\" fill=\"none\" stroke=\"#000\" stroke-linecap=\"round\" stroke-width=\"1.5\"\/>\n                                                    <path d=\"M9442.49,1683l3.447,3.448-3.447,3.448\" transform=\"translate(-8623.368 412.813)\" fill=\"none\" stroke=\"#000\" stroke-linecap=\"round\" stroke-width=\"1.5\"\/>\n                                                <\/g>\n                                            <\/svg>\n                                        <\/span>\n                                <\/div-->\n                            <\/div>\n                        <\/div>\n                    <\/div>\n            <\/div>\n            <script>\n\n              var btns1 = jQuery(\".schulthess-product-partner-headline-wrapper .buttons\");\n              btns1.find(\".grid\").addClass(\"aktiv\");\n\n              btns1.find(\"button\").on(\"click\",function(e) {\n                btns1.find(\".grid\").removeClass(\"aktiv\");\n                btns1.find(\".list\").removeClass(\"aktiv\");\n                if (jQuery(this).hasClass(\"grid\")) {\n                    jQuery(\".schulthess-product-partner-wrapper\").removeClass(\"list\").addClass(\"grid\");\n                    jQuery(this).addClass(\"aktiv\");\n                    jQuery(\".schulthess-product-partner-wrapper .schulthess-product-partner-info\").hide();\n                }\n                else if(jQuery(this).hasClass(\"list\")) {\n                    jQuery(\".schulthess-product-partner-wrapper\").removeClass(\"grid\").addClass(\"list\");\n                    jQuery(\".schulthess-product-partner-wrapper .schulthess-product-partner-info\").show();\n                    jQuery(this).addClass(\"aktiv\");\n                }\n              });\n            <\/script>[\/et_pb_code][\/et_pb_column][\/et_pb_row][et_pb_row disabled_on=\u00a0\u00bboff|off|off\u00a0\u00bb _builder_version=\u00a0\u00bb4.16&Prime; _module_preset=\u00a0\u00bbdefault\u00a0\u00bb locked=\u00a0\u00bboff\u00a0\u00bb collapsed=\u00a0\u00bboff\u00a0\u00bb global_colors_info=\u00a0\u00bb{}\u00a0\u00bb][et_pb_column type=\u00a0\u00bb4_4&Prime; _builder_version=\u00a0\u00bb4.16&Prime; _module_preset=\u00a0\u00bbdefault\u00a0\u00bb global_colors_info=\u00a0\u00bb{}\u00a0\u00bb][et_pb_code admin_label=\u00a0\u00bbCode\u00a0\u00bb _builder_version=\u00a0\u00bb4.20.2&Prime; _module_preset=\u00a0\u00bbdefault\u00a0\u00bb locked=\u00a0\u00bboff\u00a0\u00bb global_colors_info=\u00a0\u00bb{}\u00a0\u00bb]<div class=\"et_pb_row sf-h3\">\n            <div class=\"et_pb_module et_pb_text schulthess-product-partner-headline-wrapper\">\n                <h5 class=\"schulthess-product-partner-type\" id=\"medienpartner\">Partenaires m\u00e9dias<\/h5>\n            <\/div>\n            <div class=\"et_pb_module\"><div class=\"et_pb_column_1_4 et_pb_column\">\n                        <div class=\"sf-product-partner-container\">\n                            <a href=\"https:\/\/www.schulthess.com\/de\/portfolio\/schulthess\/schulthess-digital\/iusnet\/iusnet-bank-und-kapitalmarktrecht\" title=\"iusnet Bank- und Kapitalmarktrecht\" target=\"_blank\" rel=\"noopener nofollow\"><img loading=\"lazy\" decoding=\"async\" class=\"\" src=\"https:\/\/www.schulthessforum.ch\/wp-content\/media\/Partner\/iusnet_Website_Bank-_und_Kapitalmarktrecht_364x104px.png\" style=\"aspect-ratio: 364 \/ 104\" width=\"364\" height=\"104\" alt=\"iusnet Bank- und Kapitalmarktrecht\" title=\"iusnet Bank- und Kapitalmarktrecht\"\/><\/a>\n                        <\/div>\n                    <\/div><div class=\"et_pb_column_1_4 et_pb_column\">\n                        <div class=\"sf-product-partner-container\">\n                            <a href=\"https:\/\/www.schulthess.com\/de\/portfolio\/schulthess\/schulthess-digital\/iusnet\/iusnet-gesellschaftsrecht\" title=\"iusnet Gesellschaftsrecht\" target=\"_blank\" rel=\"noopener nofollow\"><img loading=\"lazy\" decoding=\"async\" class=\"\" src=\"https:\/\/www.schulthessforum.ch\/wp-content\/media\/Partner\/iusnet_Website_Gesellschaftsrecht_364x104px.png\" style=\"aspect-ratio: 364 \/ 104\" width=\"364\" height=\"104\" alt=\"iusnet Gesellschaftsrecht\" title=\"iusnet Gesellschaftsrecht\"\/><\/a>\n                        <\/div>\n                    <\/div><div class=\"et_pb_column_1_4 et_pb_column\">\n                        <div class=\"sf-product-partner-container\">\n                            <img loading=\"lazy\" decoding=\"async\" class=\"\" src=\"https:\/\/www.schulthessforum.ch\/wp-content\/media\/Partner\/logos\/RrVR_cmyk.jpg\" style=\"aspect-ratio: 2289 \/ 485\" width=\"2289\" height=\"485\" alt=\"Recht relevant. f\u00fcr Verwaltungsr\u00e4te\" title=\"Recht relevant. f\u00fcr Verwaltungsr\u00e4te\"\/>\n                        <\/div>\n                    <\/div><div class=\"et_pb_column_1_4 et_pb_column\">\n                        <div class=\"sf-product-partner-container\">\n                            <a href=\"https:\/\/www.schulthess.com\/verlag\/zeitschriften\/szw\" title=\"SZW \/ RSDA\" target=\"_blank\" rel=\"noopener nofollow\"><img loading=\"lazy\" decoding=\"async\" class=\"svg-partner-logo\" src=\"https:\/\/www.schulthessforum.ch\/wp-content\/media\/Partner\/SZW_positiv_rgb-01.svg\" style=\"aspect-ratio: 0 \/ 0\" width=\"0\" height=\"0\" alt=\"SZW \/ RSDA\" title=\"SZW \/ RSDA\"\/><\/a>\n                        <\/div>\n                    <\/div><\/div><\/div>[\/et_pb_code][et_pb_code admin_label=\u00a0\u00bbCode\u00a0\u00bb _builder_version=\u00a0\u00bb4.20.2&Prime; _module_preset=\u00a0\u00bbdefault\u00a0\u00bb locked=\u00a0\u00bboff\u00a0\u00bb global_colors_info=\u00a0\u00bb{}\u00a0\u00bb]<div class=\"et_pb_row sf-h3\">\n            <div class=\"et_pb_module et_pb_text schulthess-product-partner-headline-wrapper\">\n                <h5 class=\"schulthess-product-partner-type\" id=\"kooperationspartner\">Partenaires<\/h5>\n            <\/div>\n            <div class=\"et_pb_module\"><div class=\"et_pb_column_1_4 et_pb_column\">\n                        <div class=\"sf-product-partner-container\">\n                            <a href=\"https:\/\/www.swissboardforum.ch\/de\" title=\"SwissBoardForum\" target=\"_blank\" rel=\"noopener nofollow\"><img loading=\"lazy\" decoding=\"async\" class=\"\" src=\"https:\/\/www.schulthessforum.ch\/wp-content\/media\/Partner\/swissboardforum_logo_134x134px.png\" style=\"aspect-ratio: 201 \/ 201\" width=\"201\" height=\"201\" alt=\"SwissBoardForum\" title=\"SwissBoardForum\"\/><\/a>\n                        <\/div>\n                    <\/div><div class=\"et_pb_column_1_4 et_pb_column\">\n                        <div class=\"sf-product-partner-container\">\n                            <a href=\"https:\/\/www.swissvr.ch\/\" title=\"swissVR\" target=\"_blank\" rel=\"noopener nofollow\"><img loading=\"lazy\" decoding=\"async\" class=\"\" src=\"https:\/\/www.schulthessforum.ch\/wp-content\/media\/Partner\/swissvr_134x134px_1.png\" style=\"aspect-ratio: 201 \/ 201\" width=\"201\" height=\"201\" alt=\"swissVR\" title=\"swissVR\"\/><\/a>\n                        <\/div>\n                    <\/div><div class=\"et_pb_column_1_4 et_pb_column\">\n                        <div class=\"sf-product-partner-container\">\n                            <a href=\"https:\/\/www.treuhandsuisse.ch\/\" title=\"TREUHAND | SUISSE\" target=\"_blank\" rel=\"noopener nofollow\"><img loading=\"lazy\" decoding=\"async\" class=\"svg-partner-logo\" src=\"https:\/\/www.schulthessforum.ch\/wp-content\/media\/Partner\/logos\/Treuhand-Suisse_rgb.svg\" style=\"aspect-ratio: 0 \/ 0\" width=\"0\" height=\"0\" alt=\"TREUHAND | SUISSE\" title=\"TREUHAND | SUISSE\"\/><\/a>\n                        <\/div>\n                    <\/div><\/div><\/div>[\/et_pb_code][et_pb_code admin_label=\u00a0\u00bbCode\u00a0\u00bb _builder_version=\u00a0\u00bb4.20.2&Prime; _module_preset=\u00a0\u00bbdefault\u00a0\u00bb locked=\u00a0\u00bboff\u00a0\u00bb global_colors_info=\u00a0\u00bb{}\u00a0\u00bb]<div class=\"et_pb_row sf-h3\">\n            <div class=\"et_pb_module et_pb_text schulthess-product-partner-headline-wrapper\">\n                <h5 class=\"schulthess-product-partner-type\" id=\"sponsoren\">Sponsors<\/h5>\n            <\/div>\n            <div class=\"et_pb_module\"><div class=\"et_pb_column_1_4 et_pb_column\">\n                        <div class=\"sf-product-partner-container\">\n                            <a href=\"https:\/\/www.swisslex.ch\/de\/\" title=\" Swisslex\" target=\"_blank\" rel=\"noopener nofollow\"><img loading=\"lazy\" decoding=\"async\" class=\"svg-partner-logo\" src=\"https:\/\/www.schulthessforum.ch\/wp-content\/media\/Partner\/Swisslex_rgb.svg\" style=\"aspect-ratio: 0 \/ 0\" width=\"0\" height=\"0\" alt=\" Swisslex\" title=\" Swisslex\"\/><\/a>\n                        <\/div>\n                    <\/div><\/div><\/div>[\/et_pb_code][\/et_pb_column][\/et_pb_row][\/et_pb_section][et_pb_section fb_built=\u00a0\u00bb1&Prime; disabled_on=\u00a0\u00bboff|off|off\u00a0\u00bb admin_label=\u00a0\u00bbSektion Impressionen\u00a0\u00bb module_id=\u00a0\u00bbschulthess-impressionen\u00a0\u00bb _builder_version=\u00a0\u00bb4.17.4&Prime; _module_preset=\u00a0\u00bbdefault\u00a0\u00bb collapsed=\u00a0\u00bboff\u00a0\u00bb global_colors_info=\u00a0\u00bb{}\u00a0\u00bb][et_pb_row disabled_on=\u00a0\u00bboff|off|off\u00a0\u00bb module_class=\u00a0\u00bbsf-impressionen-slider-wrapper\u00a0\u00bb _builder_version=\u00a0\u00bb4.19.5&Prime; _module_preset=\u00a0\u00bbdefault\u00a0\u00bb collapsed=\u00a0\u00bboff\u00a0\u00bb global_colors_info=\u00a0\u00bb{}\u00a0\u00bb][et_pb_column type=\u00a0\u00bb4_4&Prime; _builder_version=\u00a0\u00bb4.19.5&Prime; _module_preset=\u00a0\u00bbdefault\u00a0\u00bb global_colors_info=\u00a0\u00bb{}\u00a0\u00bb][et_pb_text disabled_on=\u00a0\u00bboff|off|off\u00a0\u00bb admin_label=\u00a0\u00bb\u00dcberschrift\u00a0\u00bb module_class=\u00a0\u00bbsf-h2&Prime; _builder_version=\u00a0\u00bb4.27.4&Prime; _module_preset=\u00a0\u00bbdefault\u00a0\u00bb global_colors_info=\u00a0\u00bb{}\u00a0\u00bb]<\/p>\n<h5>Impressionen 2026<\/h5>\n<p>[\/et_pb_text][et_pb_gallery gallery_ids=\u00a0\u00bb37396,37398,37400,37402,37404,37406,37408,37410,37412,37426,37414,37416,37418,37420,37422,37424,37428,37430&Prime; fullwidth=\u00a0\u00bbon\u00a0\u00bb disabled_on=\u00a0\u00bboff|off|off\u00a0\u00bb admin_label=\u00a0\u00bbGalerie\u00a0\u00bb module_id=\u00a0\u00bbimpressionen-slider\u00a0\u00bb module_class=\u00a0\u00bbimpressionen-slider\u00a0\u00bb _builder_version=\u00a0\u00bb4.27.4&Prime; _module_preset=\u00a0\u00bbdefault\u00a0\u00bb animation_style=\u00a0\u00bbfade\u00a0\u00bb animation_duration=\u00a0\u00bb5000ms\u00a0\u00bb animation_starting_opacity=\u00a0\u00bb100%\u00a0\u00bb animation_repeat=\u00a0\u00bbloop\u00a0\u00bb auto=\u00a0\u00bbon\u00a0\u00bb auto_speed=\u00a0\u00bb5000&Prime; global_colors_info=\u00a0\u00bb{}\u00a0\u00bb][\/et_pb_gallery][\/et_pb_column][\/et_pb_row][\/et_pb_section]<\/p>\n","protected":false},"excerpt":{"rendered":"<h3 class=\"sf-product-subheadline weitereVaranstalerSchriftfarbe\">Aktienrechtliche Knackn\u00fcsse: Wie sie die Praxis l\u00f6st<\/h3>\n<p>Das schweizerische Aktienrecht stellt Juristinnen und Juristen immer wieder vor komplexe Fragestellungen. Dauerbrenner wie die Gleichbehandlung von Aktion\u00e4ren und die Vinkulierung und Stimmrechtsbeschr\u00e4nkung haben an praktischer Bedeutung gewonnen, Auch die Organverantwortung r\u00fcckt st\u00e4rker in den Fokus: die Frage wie \u00a0sich Verwaltungsr\u00e4te in makro\u00f6konomisch instabilen Zeiten rechtlich absichern und das Spannungsfeld zwischen rechtlicher Haftung und unternehmerischer Entscheidungsfreiheit sicher navigieren k\u00f6nnen, ist aktueller denn je. \u00a0Die Praxis hat das Recht von Aktienkategorien auf Vertretung Verwaltungsrat neu belebt und spannende Einsatzm\u00f6glichkeiten aufgezeigt.<\/p>\n<p>Drei Jahre nach Einf\u00fchrung des Kapitalbands ist eine erste Standortbestimmung angezeigt, ebenso wie ein vertiefter Blick auf Brennpunkte in der aktuellen Handelsregisterpraxis. Die Durchsetzung von Aktion\u00e4rsbindungsvertr\u00e4gen und der Beteiligungsaufbau bei b\u00f6rsenkotierten Unternehmen stellen zudem neue Herausforderungen f\u00fcr die juristische Begleitung von Transaktionen und gesellschaftsrechtlichen Auseinandersetzungen dar.<\/p>\n<p>Diese und weitere Themen stehen im Mittelpunkt des Schulthess Forums Aktienrecht 2026. Nutzen Sie den Tag, um sich mit den aktuellen Entwicklungen im Aktienrecht fundiert auseinanderzusetzen und praxisrelevante Impulse zu gewinnen. Treffen Sie vor Ort Kolleginnen und Kollegen zum Austausch oder nehmen Sie flexibel online teil.<\/p>\n","protected":false},"author":25,"featured_media":0,"template":"","meta":{"_acf_changed":false,"_et_pb_use_builder":"on","_et_pb_old_content":"<h3 class=\"sf-product-subheadline weitereVaranstalerSchriftfarbe\">Aktienrechtliche Knackn\u00fcsse: Wie sie die Praxis l\u00f6st<\/h3>\r\nDas schweizerische Aktienrecht stellt Juristinnen und Juristen immer wieder vor komplexe Fragestellungen. Dauerbrenner wie die Gleichbehandlung von Aktion\u00e4ren und die Vinkulierung und Stimmrechtsbeschr\u00e4nkung haben an praktischer Bedeutung gewonnen, Auch die Organverantwortung r\u00fcckt st\u00e4rker in den Fokus: die Frage wie \u00a0sich Verwaltungsr\u00e4te in makro\u00f6konomisch instabilen Zeiten rechtlich absichern und das Spannungsfeld zwischen rechtlicher Haftung und unternehmerischer Entscheidungsfreiheit sicher navigieren k\u00f6nnen, ist aktueller denn je. \u00a0Die Praxis hat das Recht von Aktienkategorien auf Vertretung Verwaltungsrat neu belebt und spannende Einsatzm\u00f6glichkeiten aufgezeigt.\r\n\r\nDrei Jahre nach Einf\u00fchrung des Kapitalbands ist eine erste Standortbestimmung angezeigt, ebenso wie ein vertiefter Blick auf Brennpunkte in der aktuellen Handelsregisterpraxis. Die Durchsetzung von Aktion\u00e4rsbindungsvertr\u00e4gen und der Beteiligungsaufbau bei b\u00f6rsenkotierten Unternehmen stellen zudem neue Herausforderungen f\u00fcr die juristische Begleitung von Transaktionen und gesellschaftsrechtlichen Auseinandersetzungen dar.\r\n\r\nDiese und weitere Themen stehen im Mittelpunkt des Schulthess Forums Aktienrecht 2026. Nutzen Sie den Tag, um sich mit den aktuellen Entwicklungen im Aktienrecht fundiert auseinanderzusetzen und praxisrelevante Impulse zu gewinnen. Treffen Sie vor Ort Kolleginnen und Kollegen zum Austausch oder nehmen Sie flexibel online teil.","_et_gb_content_width":""},"categories":[140,82],"tags":[],"product_brand":[],"product_cat":[229],"product_tag":[],"class_list":{"0":"post-34372","1":"product","2":"type-product","3":"status-publish","5":"category-tagung","6":"category-aktienrecht","7":"product_cat-229","8":"pa_teilnahme-online-teilnahme","9":"pa_teilnahme-praesenzveranstaltung","11":"first","12":"instock","13":"taxable","14":"shipping-taxable","15":"purchasable","16":"product-type-variable"},"acf":[],"_links":{"self":[{"href":"https:\/\/www.schulthessforum.ch\/fr\/wp-json\/wp\/v2\/product\/34372","targetHints":{"allow":["GET"]}}],"collection":[{"href":"https:\/\/www.schulthessforum.ch\/fr\/wp-json\/wp\/v2\/product"}],"about":[{"href":"https:\/\/www.schulthessforum.ch\/fr\/wp-json\/wp\/v2\/types\/product"}],"author":[{"embeddable":true,"href":"https:\/\/www.schulthessforum.ch\/fr\/wp-json\/wp\/v2\/users\/25"}],"wp:attachment":[{"href":"https:\/\/www.schulthessforum.ch\/fr\/wp-json\/wp\/v2\/media?parent=34372"}],"wp:term":[{"taxonomy":"category","embeddable":true,"href":"https:\/\/www.schulthessforum.ch\/fr\/wp-json\/wp\/v2\/categories?post=34372"},{"taxonomy":"post_tag","embeddable":true,"href":"https:\/\/www.schulthessforum.ch\/fr\/wp-json\/wp\/v2\/tags?post=34372"},{"taxonomy":"product_brand","embeddable":true,"href":"https:\/\/www.schulthessforum.ch\/fr\/wp-json\/wp\/v2\/product_brand?post=34372"},{"taxonomy":"product_cat","embeddable":true,"href":"https:\/\/www.schulthessforum.ch\/fr\/wp-json\/wp\/v2\/product_cat?post=34372"},{"taxonomy":"product_tag","embeddable":true,"href":"https:\/\/www.schulthessforum.ch\/fr\/wp-json\/wp\/v2\/product_tag?post=34372"}],"curies":[{"name":"wp","href":"https:\/\/api.w.org\/{rel}","templated":true}]}}