{"id":35867,"date":"2025-12-10T13:57:57","date_gmt":"2025-12-10T12:57:57","guid":{"rendered":"https:\/\/www.schulthessforum.ch\/?post_type=product&#038;p=35867"},"modified":"2026-04-27T15:01:10","modified_gmt":"2026-04-27T13:01:10","slug":"urteilsfaehigkeit","status":"publish","type":"product","link":"https:\/\/www.schulthessforum.ch\/urteilsfaehigkeit\/","title":{"rendered":"Urteilsf\u00e4higkeit"},"content":{"rendered":"<p>[et_pb_section fb_built=\u00a0\u00bb1&Prime; disabled_on=\u00a0\u00bboff|off|off\u00a0\u00bb admin_label=\u00a0\u00bbAlert Content\u00a0\u00bb module_id=\u00a0\u00bbschulthess-header-alertbar-section\u00a0\u00bb _builder_version=\u00a0\u00bb4.19.4&Prime; _module_preset=\u00a0\u00bbdefault\u00a0\u00bb locked=\u00a0\u00bboff\u00a0\u00bb collapsed=\u00a0\u00bbon\u00a0\u00bb global_colors_info=\u00a0\u00bb{}\u00a0\u00bb][et_pb_row _builder_version=\u00a0\u00bb4.17.4&Prime; _module_preset=\u00a0\u00bbdefault\u00a0\u00bb global_colors_info=\u00a0\u00bb{}\u00a0\u00bb][et_pb_column type=\u00a0\u00bb4_4&Prime; _builder_version=\u00a0\u00bb4.17.4&Prime; _module_preset=\u00a0\u00bbdefault\u00a0\u00bb global_colors_info=\u00a0\u00bb{}\u00a0\u00bb][et_pb_code admin_label=\u00a0\u00bbCode (Alert) (ZU \u00c4NDERN IN %22HOME%22)\u00a0\u00bb module_class=\u00a0\u00bbschulthess-header-alertbar \u00a0\u00bb _builder_version=\u00a0\u00bb4.21.0&Prime; _module_preset=\u00a0\u00bbdefault\u00a0\u00bb locked=\u00a0\u00bboff\u00a0\u00bb global_colors_info=\u00a0\u00bb{}\u00a0\u00bb][\/et_pb_code][\/et_pb_column][\/et_pb_row][\/et_pb_section][et_pb_section fb_built=\u00a0\u00bb1&Prime; disabled_on=\u00a0\u00bboff|off|off\u00a0\u00bb admin_label=\u00a0\u00bbHeader &#8211; Content\u00a0\u00bb module_class=\u00a0\u00bbsf-product-header schulthess-hero\u00a0\u00bb _builder_version=\u00a0\u00bb4.20.2&Prime; _module_preset=\u00a0\u00bbdefault\u00a0\u00bb background_enable_color=\u00a0\u00bboff\u00a0\u00bb background_enable_image=\u00a0\u00bboff\u00a0\u00bb locked=\u00a0\u00bboff\u00a0\u00bb collapsed=\u00a0\u00bbon\u00a0\u00bb global_colors_info=\u00a0\u00bb{}\u00a0\u00bb][et_pb_row _builder_version=\u00a0\u00bb4.20.2&Prime; _module_preset=\u00a0\u00bbdefault\u00a0\u00bb global_colors_info=\u00a0\u00bb{}\u00a0\u00bb][et_pb_column type=\u00a0\u00bb4_4&Prime; _builder_version=\u00a0\u00bb4.20.2&Prime; _module_preset=\u00a0\u00bbdefault\u00a0\u00bb global_colors_info=\u00a0\u00bb{}\u00a0\u00bb][et_pb_text _builder_version=\u00a0\u00bb4.20.2&Prime; _module_preset=\u00a0\u00bbdefault\u00a0\u00bb global_colors_info=\u00a0\u00bb{}\u00a0\u00bb]<style>.et-db #et-boc .et-l .et_pb_section.sf-product-header.schulthess-hero{\n        background-color: #244566 !important;\n      }\n      .schulthess-hero h1 {\n        border-bottom: 3px solid #FFFFFFF !important;\n      }\n      .sf-product-header.schulthess-hero .weitereVaranstalerSchriftfarbe{\n        color: #FFFFFF !important;\n      }\n      .schulthess-hero .event-kategorie-date-headline.weitereVaranstalerSchriftfarbe,\n      .schulthess-hero .event-kategorie-date-headline.weitereVaranstalerSchriftfarbe a{\n        color: #FFFFFF !important;\n      }\n      .schulthess-hero .event-kategorie-date-headline.weitereVaranstalerSchriftfarbe a:hover,\n      .schulthess-hero .event-kategorie-date-headline.weitereVaranstalerSchriftfarbe a:focus,\n      .schulthess-hero .event-kategorie-date-headline.weitereVaranstalerSchriftfarbe a:active{\n        color: #8ac7ef !important;\n      }\n      .weitererVeranstalterLogoSubheadline{\n        width: 150px;\n        max-width: 100%;\n      }<\/style>\n\t <div class=\"et_pb_text_inner\"><h3 class=\"weitereVaranstalerSchriftfarbe\">Schulthess Forum<\/h3><\/div>\n\t <div class=\"et_pb_text_inner\"><h1 class=\"sf-product-title weitereVaranstalerSchriftfarbe\">Urteilsf\u00e4higkeit<\/h1><\/div>\n\t <div class=\"et_pb_text_inner\"><h2 class=\"sf-product-subheadline weitereVaranstalerSchriftfarbe\">Grundlagen im Erb- und Familienrecht und im Zivilstandswesen<\/h2><\/div>\n\t <div class=\"sf-product-catsDateLogos\"><span class=\"event-kategorie-date-headline weitereVaranstalerSchriftfarbe\">Erbrecht | Familienrecht | Gesundheitswesen | Sozialversicherungsrecht | Webinar | mercredi, 25.03.2026<\/span><div class=\"sf-product-logos\"><\/div><\/div>[\/et_pb_text][\/et_pb_column][\/et_pb_row][\/et_pb_section][et_pb_section fb_built=\u00a0\u00bb1&Prime; specialty=\u00a0\u00bbon\u00a0\u00bb module_class_1=\u00a0\u00bbschulthess-product-main\u00a0\u00bb module_class_2=\u00a0\u00bbschulthess-product-sidebar\u00a0\u00bb admin_label=\u00a0\u00bbMain &#8211; Content\u00a0\u00bb module_id=\u00a0\u00bbschulthess-product-mainsection\u00a0\u00bb _builder_version=\u00a0\u00bb4.19.4&Prime; _module_preset=\u00a0\u00bbdefault\u00a0\u00bb collapsed=\u00a0\u00bboff\u00a0\u00bb global_colors_info=\u00a0\u00bb{}\u00a0\u00bb][et_pb_column type=\u00a0\u00bb3_4&Prime; specialty_columns=\u00a0\u00bb3&Prime; _builder_version=\u00a0\u00bb4.16&Prime; custom_padding=\u00a0\u00bb|||\u00a0\u00bb global_colors_info=\u00a0\u00bb{}\u00a0\u00bb custom_padding__hover=\u00a0\u00bb|||\u00a0\u00bb][et_pb_row_inner admin_label=\u00a0\u00bbMen\u00fc (Programm, Referierende, Fachinformation, Partner, Impressionen, Teilnehmerbereich)\u00a0\u00bb module_id=\u00a0\u00bbschulthess-product-subnavigation\u00a0\u00bb _builder_version=\u00a0\u00bb4.19.4&Prime; background_size=\u00a0\u00bbinitial\u00a0\u00bb background_position=\u00a0\u00bbtop_left\u00a0\u00bb background_repeat=\u00a0\u00bbrepeat\u00a0\u00bb locked=\u00a0\u00bboff\u00a0\u00bb collapsed=\u00a0\u00bbon\u00a0\u00bb global_colors_info=\u00a0\u00bb{}\u00a0\u00bb][et_pb_column_inner saved_specialty_column_type=\u00a0\u00bb3_4&Prime; _builder_version=\u00a0\u00bb4.17.3&Prime; _module_preset=\u00a0\u00bbdefault\u00a0\u00bb global_colors_info=\u00a0\u00bb{}\u00a0\u00bb][et_pb_menu menu_id=\u00a0\u00bb67&Prime; module_class=\u00a0\u00bbet_smooth_scroll_disabled\u00a0\u00bb _builder_version=\u00a0\u00bb4.17.4&Prime; _module_preset=\u00a0\u00bbdefault\u00a0\u00bb locked=\u00a0\u00bboff\u00a0\u00bb global_colors_info=\u00a0\u00bb{}\u00a0\u00bb][\/et_pb_menu][\/et_pb_column_inner][\/et_pb_row_inner][et_pb_row_inner admin_label=\u00a0\u00bbKurzbeschreibung (Inhalt kommt vom Main Event Content)\u00a0\u00bb module_class=\u00a0\u00bbsf-date-shorttext-row kurzbeschreibung-border-bottom\u00a0\u00bb _builder_version=\u00a0\u00bb4.19.4&Prime; _module_preset=\u00a0\u00bbdefault\u00a0\u00bb locked=\u00a0\u00bboff\u00a0\u00bb collapsed=\u00a0\u00bbon\u00a0\u00bb global_colors_info=\u00a0\u00bb{}\u00a0\u00bb][et_pb_column_inner saved_specialty_column_type=\u00a0\u00bb3_4&Prime; _builder_version=\u00a0\u00bb4.16&Prime; _module_preset=\u00a0\u00bbdefault\u00a0\u00bb global_colors_info=\u00a0\u00bb{}\u00a0\u00bb][et_pb_text admin_label=\u00a0\u00bbKurzbeschreibung\u00a0\u00bb _builder_version=\u00a0\u00bb4.19.4&Prime; _dynamic_attributes=\u00a0\u00bbcontent\u00a0\u00bb _module_preset=\u00a0\u00bbdefault\u00a0\u00bb locked=\u00a0\u00bboff\u00a0\u00bb global_colors_info=\u00a0\u00bb{}\u00a0\u00bb]@ET-DC@eyJkeW5hbWljIjp0cnVlLCJjb250ZW50IjoicHJvZHVjdF9zaG9ydF9kZXNjcmlwdGlvbiIsInNldHRpbmdzIjp7ImJlZm9yZSI6IiIsImFmdGVyIjoiIn19@[\/et_pb_text][\/et_pb_column_inner][\/et_pb_row_inner][et_pb_row_inner admin_label=\u00a0\u00bbProgramm (Ihr Vorteil, Zielpublikum, Kurzprogramm, Detailprogramm)\u00a0\u00bb _builder_version=\u00a0\u00bb4.22.1&Prime; _module_preset=\u00a0\u00bbdefault\u00a0\u00bb collapsed=\u00a0\u00bboff\u00a0\u00bb global_colors_info=\u00a0\u00bb{}\u00a0\u00bb][et_pb_column_inner saved_specialty_column_type=\u00a0\u00bb3_4&Prime; _builder_version=\u00a0\u00bb4.16&Prime; _module_preset=\u00a0\u00bbdefault\u00a0\u00bb global_colors_info=\u00a0\u00bb{}\u00a0\u00bb][et_pb_text admin_label=\u00a0\u00bbIhr Vorteil &#8211; Headline\u00a0\u00bb _builder_version=\u00a0\u00bb4.27.4&Prime; _module_preset=\u00a0\u00bbdefault\u00a0\u00bb locked=\u00a0\u00bboff\u00a0\u00bb global_colors_info=\u00a0\u00bb{}\u00a0\u00bb]<\/p>\n<h3>Ihr Vorteil<\/h3>\n<p>[\/et_pb_text][et_pb_text admin_label=\u00a0\u00bbIhr Vorteil &#8211; Liste\u00a0\u00bb module_class=\u00a0\u00bbprogramm-border-bottom\u00a0\u00bb _builder_version=\u00a0\u00bb4.27.4&Prime; _module_preset=\u00a0\u00bbdefault\u00a0\u00bb global_colors_info=\u00a0\u00bb{}\u00a0\u00bb]<\/p>\n<div class=\"et_pb_module et_pb_text et_pb_text_3 programm-border-bottom  et_pb_text_align_left et_pb_bg_layout_light\">\n<div class=\"et_pb_text_inner\">\n<p>Verfolgen Sie das Schulthess Forum Urteilsf\u00e4higkeit in real time und nutzen Sie die Gelegenheit, alle Referate im Nachgang als On-Demand-Videos nochmals anzusehen. So k\u00f6nnen Sie Ihren Arbeitstag individuell organisieren.<\/p>\n<p>&nbsp;<\/p>\n<ul>\n<li>Legen Sie Ihre Schwerpunkte selbst fest \u2013 schauen Sie sich Beitr\u00e4ge wiederholt an<\/li>\n<li>Bringen Sie sich ein \u2013 stellen Sie jederzeit Ihre Fragen online an die Referierenden<\/li>\n<li>Rufen Sie sich Inhalte ins Ged\u00e4chtnis zur\u00fcck \u2013 Sie haben 4 Wochen lang Zugriff auf die einzelnen Referate<\/li>\n<\/ul>\n<\/div>\n<\/div>\n<p>[\/et_pb_text][et_pb_text admin_label=\u00a0\u00bbZielpublikum &#8211; Headline\u00a0\u00bb _builder_version=\u00a0\u00bb4.27.4&Prime; _module_preset=\u00a0\u00bbdefault\u00a0\u00bb locked=\u00a0\u00bboff\u00a0\u00bb global_colors_info=\u00a0\u00bb{}\u00a0\u00bb]<\/p>\n<h3>Zielpublikum<\/h3>\n<p>[\/et_pb_text][et_pb_text admin_label=\u00a0\u00bbZielpublikum &#8211; Liste\u00a0\u00bb module_class=\u00a0\u00bbprogramm-border-bottom\u00a0\u00bb _builder_version=\u00a0\u00bb4.27.4&Prime; _module_preset=\u00a0\u00bbdefault\u00a0\u00bb global_colors_info=\u00a0\u00bb{}\u00a0\u00bb]<\/p>\n<ul>\n<li>Anwaltschaft Familienrecht, Eheg\u00fcterrecht und Erbrecht<\/li>\n<li>Notariat und Treuhand<\/li>\n<li>Verm\u00f6gensverwaltung, Versicherung, Bank und\u00a0Verwaltung<\/li>\n<li>Gericht und Justiz, Zivilstandsamt<\/li>\n<li>Rechtsberatung Gesundheitswesen, Kindes- und Erwachsenenschutz<\/li>\n<\/ul>\n<p>[\/et_pb_text][et_pb_text admin_label=\u00a0\u00bbKurzprogramm &#8211; Headline\u00a0\u00bb module_id=\u00a0\u00bbschulthess-programm\u00a0\u00bb _builder_version=\u00a0\u00bb4.22.1&Prime; _module_preset=\u00a0\u00bbdefault\u00a0\u00bb locked=\u00a0\u00bboff\u00a0\u00bb global_colors_info=\u00a0\u00bb{}\u00a0\u00bb]<\/p>\n<h3>Kurzprogramm<\/h3>\n<p>[\/et_pb_text][et_pb_text admin_label=\u00a0\u00bbProgramm &#8211; Liste\u00a0\u00bb module_class=\u00a0\u00bbprogramm-border-bottom\u00a0\u00bb _builder_version=\u00a0\u00bb4.27.4&Prime; _module_preset=\u00a0\u00bbdefault\u00a0\u00bb global_colors_info=\u00a0\u00bb{}\u00a0\u00bb]<\/p>\n<ul>\n<li>Herausforderung Urteilsf\u00e4higkeit<\/li>\n<li>Die Urteilsf\u00e4higkeit im Personenstandswesen und ihre Auswirkung auf (h\u00f6chst) pers\u00f6nliche Rechte<\/li>\n<li>\n<p>Aktuelle Praxisfragen rund um die Urteilsf\u00e4higkeit im Familien-, Erb- und Erwachsenenschutzrecht<\/p>\n<\/li>\n<li>Sozialversicherungsrechtliche Aspekte<\/li>\n<\/ul>\n<p>[\/et_pb_text][et_pb_toggle title=\u00a0\u00bbDetailprogramm \u00f6ffnen\u00a0\u00bb open_toggle_background_color=\u00a0\u00bb#f7f7f7&Prime; closed_toggle_background_color=\u00a0\u00bb#f7f7f7&Prime; icon_color=\u00a0\u00bb#8ac7ef\u00a0\u00bb toggle_icon=\u00a0\u00bb&#x33;||divi||400&Prime; open_icon_color=\u00a0\u00bb#000000&Prime; open_toggle_icon=\u00a0\u00bb&#x32;||divi||400&Prime; disabled_on=\u00a0\u00bbon|on|on\u00a0\u00bb admin_label=\u00a0\u00bbProgramm &#8211; Detail\u00a0\u00bb module_id=\u00a0\u00bbprogramm-detail\u00a0\u00bb _builder_version=\u00a0\u00bb4.19.4&Prime; _module_preset=\u00a0\u00bbdefault\u00a0\u00bb title_level=\u00a0\u00bbh3&Prime; text_orientation=\u00a0\u00bbleft\u00a0\u00bb disabled=\u00a0\u00bbon\u00a0\u00bb global_colors_info=\u00a0\u00bb{}\u00a0\u00bb]<\/p>\n<table>\n<tbody>\n<tr>\n<td>XX.XX Uhr<\/td>\n<td>\n<h5>Art<\/h5>\n<h4 class=\"sf-h4\">Programmpunkt 1<\/h4>\n<p>Person<\/p>\n<\/td>\n<\/tr>\n<tr>\n<td>XX.XX Uhr<\/td>\n<td>\n<h5>Art<\/h5>\n<h4 class=\"sf-h4\">Programmpunkt 2<\/h4>\n<p>Person<\/p>\n<ul>\n<li>Punkt 1<\/li>\n<li>Punkt 2<\/li>\n<li>Punkt 3<\/li>\n<\/ul>\n<\/td>\n<\/tr>\n<tr>\n<td>XX.XX Uhr<\/td>\n<td>\n<h5>Art<\/h5>\n<h4 class=\"sf-h4\">Programmpunkt 3<\/h4>\n<p>Person<\/p>\n<\/td>\n<\/tr>\n<\/tbody>\n<\/table>\n<p>[\/et_pb_toggle][sfdm_event_program_list use_switcher=\u00a0\u00bboff\u00a0\u00bb disabled_on=\u00a0\u00bboff|off|off\u00a0\u00bb admin_label=\u00a0\u00bbProgramm &#8211; Detail Neu\u00a0\u00bb _builder_version=\u00a0\u00bb4.27.4&Prime; _module_preset=\u00a0\u00bbdefault\u00a0\u00bb locked=\u00a0\u00bboff\u00a0\u00bb global_colors_info=\u00a0\u00bb{}\u00a0\u00bb][sfdm_event_program_list_item backend_title=\u00a0\u00bb09:00 &#8211; 09:05 Begr\u00fcssung durch die Webinarleitung\u00a0\u00bb title=\u00a0\u00bbBegr\u00fcssung durch die Webinarleitung\u00a0\u00bb start_time=\u00a0\u00bb09:00&Prime; end_time=\u00a0\u00bb09:05&Prime; speakers=\u00a0\u00bb<\/p>\n<p>Ursula Uttinger<\/p>\n<p>\u00a0\u00bb _builder_version=\u00a0\u00bb4.27.4&Prime; _module_preset=\u00a0\u00bbdefault\u00a0\u00bb global_colors_info=\u00a0\u00bb{}\u00a0\u00bb][\/sfdm_event_program_list_item][sfdm_event_program_list_item backend_title=\u00a0\u00bb09:05 &#8211; 09:50 Herausforderung Urteilsf\u00e4higkeit\u00a0\u00bb title=\u00a0\u00bbHerausforderung Urteilsf\u00e4higkeit\u00a0\u00bb subtitle=\u00a0\u00bbReferat\u00a0\u00bb start_time=\u00a0\u00bb09:05&Prime; end_time=\u00a0\u00bb09:50&Prime; speakers=\u00a0\u00bb<\/p>\n<p>Dr. Marc L\u00fcthy und Ursula Uttinger<\/p>\n<p>\u00a0\u00bb _builder_version=\u00a0\u00bb4.27.4&Prime; _module_preset=\u00a0\u00bbdefault\u00a0\u00bb global_colors_info=\u00a0\u00bb{}\u00a0\u00bb]<\/p>\n<ul>\n<li>Spannungsfeld Medizin und Recht<\/li>\n<li>Rechtsg\u00fcltiger Entscheid von Patientin\/Patient?<\/li>\n<li>Medikamente und\/oder Schmerzen: Noch urteilsf\u00e4hig?<\/li>\n<\/ul>\n<p>[\/sfdm_event_program_list_item][sfdm_event_program_list_item backend_title=\u00a0\u00bb09:50 &#8211; 10:30 Die Urteilsf\u00e4higkeit im Personenstandswesen und ihre Auswirkung auf (h\u00f6chst) pers\u00f6nliche Rechte\u00a0\u00bb title=\u00a0\u00bbDie Urteilsf\u00e4higkeit im Personenstandswesen und ihre Auswirkung auf (h\u00f6chst) pers\u00f6nliche Rechte\u00a0\u00bb subtitle=\u00a0\u00bbReferat\u00a0\u00bb start_time=\u00a0\u00bb09:50&Prime; end_time=\u00a0\u00bb10:30&Prime; speakers=\u00a0\u00bb<\/p>\n<p>Markus Stoll<\/p>\n<p>\u00a0\u00bb _builder_version=\u00a0\u00bb4.27.4&Prime; _module_preset=\u00a0\u00bbdefault\u00a0\u00bb global_colors_info=\u00a0\u00bb{}\u00a0\u00bb]<\/p>\n<ul>\n<li>Den Einfluss der Urteilsf\u00e4higkeit auf die Eheschliessung im In- und Ausland<\/li>\n<li>Welchen Einfluss hat die Urteilsf\u00e4higkeit auf die Begr\u00fcndung des Kindsverh\u00e4ltnisses?<\/li>\n<li>Name und Erkl\u00e4rungen zum Geschlecht im Lichte der Urteilsf\u00e4higkeit<\/li>\n<\/ul>\n<p>[\/sfdm_event_program_list_item][sfdm_event_program_list_item backend_title=\u00a0\u00bb10:30 \u2013 10:45 Kaffeepause\u00a0\u00bb subtitle=\u00a0\u00bb10:30 \u2013 10:45 Pause\u00a0\u00bb type=\u00a0\u00bbbreak\u00a0\u00bb _builder_version=\u00a0\u00bb4.27.4&Prime; _module_preset=\u00a0\u00bbdefault\u00a0\u00bb global_colors_info=\u00a0\u00bb{}\u00a0\u00bb][\/sfdm_event_program_list_item][sfdm_event_program_list_item backend_title=\u00a0\u00bb10:45 &#8211; 11:25 Aktuelle Praxisfragen rund um die Urteilsf\u00e4higkeit im Familien-, Erb- und Erwachsenenschutzrecht\u00a0\u00bb title=\u00a0\u00bbAktuelle Praxisfragen rund um die Urteilsf\u00e4higkeit im Familien-, Erb- und Erwachsenenschutzrecht\u00a0\u00bb subtitle=\u00a0\u00bbReferat\u00a0\u00bb start_time=\u00a0\u00bb10:45&Prime; end_time=\u00a0\u00bb11:25&Prime; speakers=\u00a0\u00bb<\/p>\n<p>Dr. Kinga M. Weiss und Ramona Fischer-Shand<\/p>\n<p>\u00a0\u00bb _builder_version=\u00a0\u00bb4.27.4&Prime; _module_preset=\u00a0\u00bbdefault\u00a0\u00bb global_colors_info=\u00a0\u00bb{}\u00a0\u00bb]<\/p>\n<ul>\n<li>Unter welchen Voraussetzungen gilt eine Person als urteilsf\u00e4hig zur Errichtung letztwilliger Verf\u00fcgungen?<\/li>\n<li>Welche Planungsm\u00f6glichkeiten bestehen f\u00fcr den Fall sp\u00e4terer Urteilsunf\u00e4higkeit?<\/li>\n<li>Welche Entwicklungen in Praxis und Rechtsprechung zeigen sich im Kontext einer alternden Bev\u00f6lkerung?<\/li>\n<\/ul>\n<p>[\/sfdm_event_program_list_item][sfdm_event_program_list_item backend_title=\u00a0\u00bb11:25 &#8211; 12:00 Sozialversicherung\u00a0\u00bb title=\u00a0\u00bbSozialversicherungsrechtliche Aspekte\u00a0\u00bb subtitle=\u00a0\u00bbReferat\u00a0\u00bb start_time=\u00a0\u00bb11:25&Prime; end_time=\u00a0\u00bb12:00&Prime; speakers=\u00a0\u00bb<\/p>\n<p>Dr. Kaspar Gehring<\/p>\n<p>\u00a0\u00bb _builder_version=\u00a0\u00bb4.27.4&Prime; _module_preset=\u00a0\u00bbdefault\u00a0\u00bb global_colors_info=\u00a0\u00bb{}\u00a0\u00bb][\/sfdm_event_program_list_item][sfdm_event_program_list_item backend_title=\u00a0\u00bb12:00 &#8211; 12:30 Panel\u00a0\u00bb title=\u00a0\u00bbDiskussion und Fragen\u00a0\u00bb subtitle=\u00a0\u00bbPanel\u00a0\u00bb start_time=\u00a0\u00bb12:00&Prime; end_time=\u00a0\u00bb12:30&Prime; speakers=\u00a0\u00bb<\/p>\n<p>alle Referierenden<\/p>\n<p>\u00a0\u00bb _builder_version=\u00a0\u00bb4.27.4&Prime; _module_preset=\u00a0\u00bbdefault\u00a0\u00bb global_colors_info=\u00a0\u00bb{}\u00a0\u00bb][\/sfdm_event_program_list_item][\/sfdm_event_program_list][\/et_pb_column_inner][\/et_pb_row_inner][et_pb_row_inner disabled_on=\u00a0\u00bbon|on|on\u00a0\u00bb admin_label=\u00a0\u00bbAnzeigen (Mobile)\u00a0\u00bb _builder_version=\u00a0\u00bb4.17.4&Prime; _module_preset=\u00a0\u00bbdefault\u00a0\u00bb disabled=\u00a0\u00bbon\u00a0\u00bb locked=\u00a0\u00bboff\u00a0\u00bb collapsed=\u00a0\u00bbon\u00a0\u00bb global_colors_info=\u00a0\u00bb{}\u00a0\u00bb][et_pb_column_inner saved_specialty_column_type=\u00a0\u00bb3_4&Prime; _builder_version=\u00a0\u00bb4.17.4&Prime; _module_preset=\u00a0\u00bbdefault\u00a0\u00bb global_colors_info=\u00a0\u00bb{}\u00a0\u00bb][et_pb_code disabled_on=\u00a0\u00bboff|off|on\u00a0\u00bb admin_label=\u00a0\u00bbAnzeige(n) (MOBILE)\u00a0\u00bb module_class=\u00a0\u00bbschulthess_product_ads\u00a0\u00bb _builder_version=\u00a0\u00bb4.17.4&Prime; _module_preset=\u00a0\u00bbdefault\u00a0\u00bb locked=\u00a0\u00bboff\u00a0\u00bb global_colors_info=\u00a0\u00bb{}\u00a0\u00bb][\/et_pb_code][\/et_pb_column_inner][\/et_pb_row_inner][et_pb_row_inner admin_label=\u00a0\u00bbReferenten\u00a0\u00bb module_id=\u00a0\u00bbschulthess-referierende\u00a0\u00bb module_class=\u00a0\u00bbschulthess-referenten-slider\u00a0\u00bb _builder_version=\u00a0\u00bb4.22.1&Prime; _module_preset=\u00a0\u00bbdefault\u00a0\u00bb collapsed=\u00a0\u00bbon\u00a0\u00bb global_colors_info=\u00a0\u00bb{}\u00a0\u00bb][et_pb_column_inner saved_specialty_column_type=\u00a0\u00bb3_4&Prime; _builder_version=\u00a0\u00bb4.16&Prime; _module_preset=\u00a0\u00bbdefault\u00a0\u00bb global_colors_info=\u00a0\u00bb{}\u00a0\u00bb][et_pb_text admin_label=\u00a0\u00bbHeadline\u00a0\u00bb module_class=\u00a0\u00bbsf-h3 schulthess-product-speaker-headline-wrapper\u00a0\u00bb _builder_version=\u00a0\u00bb4.19.5&Prime; _module_preset=\u00a0\u00bbdefault\u00a0\u00bb locked=\u00a0\u00bbon\u00a0\u00bb global_colors_info=\u00a0\u00bb{}\u00a0\u00bb]<\/p>\n<h5>Referierende<\/h5>\n<p><!--div class=\"buttons\"><button class=\"grid icon_grid\"><span><\/span><\/button><button class=\"list icon_list\"><span><\/span><\/button><\/div-->[\/et_pb_text][et_pb_code _builder_version=\u00a0\u00bb4.19.5&Prime; _module_preset=\u00a0\u00bbdefault\u00a0\u00bb locked=\u00a0\u00bboff\u00a0\u00bb global_colors_info=\u00a0\u00bb{}\u00a0\u00bb]<div class=\"sf-speaker-slider\"><div class=\"uk-position-relative uk-visible-toggle uk-light\" tabindex=\"-1\"><ul class=\"uk-grid-small uk-child-width-1-4@s uk-child-width-1-4@m uk-child-width-1-4@l\" uk-grid uk-height-match=\"target: > li > .uk-card\">\n\n            <li>\n                <div class=\"uk-card uk-card-default\">\n                    <a href=\"#referent-8421\" uk-toggle>\n                    <div class=\"uk-card-media-top\">\n                        <img loading=\"lazy\" decoding=\"async\" width=\"200\" height=\"242\" src=\"https:\/\/www.schulthessforum.ch\/wp-content\/media\/Uttinger_Ursula_Tagungsleitung_NEU_360x190px-200x242.png\" class=\"attachment-schulthess_speaker size-schulthess_speaker wp-post-image\" alt=\"\" \/>\n                        <div class=\"uk-label referenten-tagesleitung\">Direction<\/div>\n                    <\/div>\n                    <div class=\"uk-card uk-card-body\">\n                        <h4 class=\"speaker-card-name cardslider-card-name\"> Ursula Uttinger<\/h4>\n                    <\/div>\n                    <\/a>\n                <\/div>\n            <\/li>\n            \n\n            <li>\n                <div class=\"uk-card uk-card-default\">\n                    <a href=\"#referent-36306\" uk-toggle>\n                    <div class=\"uk-card-media-top\">\n                        <img loading=\"lazy\" decoding=\"async\" width=\"200\" height=\"242\" src=\"https:\/\/www.schulthessforum.ch\/wp-content\/media\/Referenten\/Fischer-Shand_Ramona_200x242px.jpg\" class=\"attachment-schulthess_speaker size-schulthess_speaker wp-post-image\" alt=\"\" \/>\n                        \n                    <\/div>\n                    <div class=\"uk-card uk-card-body\">\n                        <h4 class=\"speaker-card-name cardslider-card-name\"> Ramona Fischer-Shand<\/h4>\n                    <\/div>\n                    <\/a>\n                <\/div>\n            <\/li>\n            \n\n            <li>\n                <div class=\"uk-card uk-card-default\">\n                    <a href=\"#referent-337\" uk-toggle>\n                    <div class=\"uk-card-media-top\">\n                        <img loading=\"lazy\" decoding=\"async\" width=\"200\" height=\"242\" src=\"https:\/\/www.schulthessforum.ch\/wp-content\/media\/Referenten\/Gehring_Kaspar_200x242px-200x242.jpg\" class=\"attachment-schulthess_speaker size-schulthess_speaker wp-post-image\" alt=\"\" \/>\n                        \n                    <\/div>\n                    <div class=\"uk-card uk-card-body\">\n                        <h4 class=\"speaker-card-name cardslider-card-name\">Dr.  Kaspar Gehring<\/h4>\n                    <\/div>\n                    <\/a>\n                <\/div>\n            <\/li>\n            \n\n            <li>\n                <div class=\"uk-card uk-card-default\">\n                    <a href=\"#referent-35879\" uk-toggle>\n                    <div class=\"uk-card-media-top\">\n                        <img loading=\"lazy\" decoding=\"async\" width=\"200\" height=\"242\" src=\"https:\/\/www.schulthessforum.ch\/wp-content\/media\/Luethy_Marc_200x242px2.jpg\" class=\"attachment-schulthess_speaker size-schulthess_speaker wp-post-image\" alt=\"L\u00fcthy_Marc_200x242px2\" \/>\n                        \n                    <\/div>\n                    <div class=\"uk-card uk-card-body\">\n                        <h4 class=\"speaker-card-name cardslider-card-name\">Dr.  Marc L\u00fcthy<\/h4>\n                    <\/div>\n                    <\/a>\n                <\/div>\n            <\/li>\n            \n\n            <li>\n                <div class=\"uk-card uk-card-default\">\n                    <a href=\"#referent-35882\" uk-toggle>\n                    <div class=\"uk-card-media-top\">\n                        <img loading=\"lazy\" decoding=\"async\" width=\"200\" height=\"242\" src=\"https:\/\/www.schulthessforum.ch\/wp-content\/media\/Referenten\/Stoll_Markus_200x242px.jpg\" class=\"attachment-schulthess_speaker size-schulthess_speaker wp-post-image\" alt=\"\" \/>\n                        \n                    <\/div>\n                    <div class=\"uk-card uk-card-body\">\n                        <h4 class=\"speaker-card-name cardslider-card-name\"> Markus Stoll<\/h4>\n                    <\/div>\n                    <\/a>\n                <\/div>\n            <\/li>\n            \n\n            <li>\n                <div class=\"uk-card uk-card-default\">\n                    <a href=\"#referent-1206\" uk-toggle>\n                    <div class=\"uk-card-media-top\">\n                        <img loading=\"lazy\" decoding=\"async\" width=\"200\" height=\"242\" src=\"https:\/\/www.schulthessforum.ch\/wp-content\/media\/Referenten\/Weiss_Kinga_200x242px.jpg\" class=\"attachment-schulthess_speaker size-schulthess_speaker wp-post-image\" alt=\"\" \/>\n                        \n                    <\/div>\n                    <div class=\"uk-card uk-card-body\">\n                        <h4 class=\"speaker-card-name cardslider-card-name\">Dr.  Kinga M. Weiss<\/h4>\n                    <\/div>\n                    <\/a>\n                <\/div>\n            <\/li>\n            <\/ul><\/div>\n        <div id=\"referent-8421\" class=\"referent-modal uk-flex-top\" uk-modal>\n            <div class=\"uk-modal-dialog uk-margin-auto-vertical\">\n                <button class=\"uk-modal-close-default\" type=\"button\" uk-close><\/button>\n                <div class=\"uk-grid-small\" uk-grid>\n                    <div class=\"uk-width-auto@m\">\n                        <div class=\"uk-card-badge uk-label referenten-tagesleitung\">Direction<\/div>\n                        <img loading=\"lazy\" decoding=\"async\" width=\"200\" height=\"242\" src=\"https:\/\/www.schulthessforum.ch\/wp-content\/media\/Uttinger_Ursula_Tagungsleitung_NEU_360x190px-200x242.png\" class=\"attachment-schulthess_speaker size-schulthess_speaker wp-post-image\" alt=\"\" \/>\n                    <\/div>\n                    <div class=\"uk-width-expand@m\">\n                        <h4 class=\"uk-modal-title\"> Ursula Uttinger<\/h4>\n                        <p class=\"referent-info\"><span class=\"referenten-position\">lic. iur. exec. MBA HSG, Dozentin an der Hochschule Luzern, Datenschutzberaterin,  <\/span> <span class=\"referenten-company\">Spital Muri<\/span><\/p>\n                        <p class=\"referent-kurzbeschreibung\"><p>Ursula Uttinger ist Datenschutzspezialistin und Dozentin an der HSLU. Sie hat sich mit Datenschutz in der Schule und Lerntools schon vertieft auseinandergesetzt. Nebenbei wirkt sich als Beraterin f\u00fcr Datenschutz.<\/p>\n<\/p>\n                    <\/div>\n                <\/div>\n\n                <div class=\"uk-modal-footer card-arrows uk-text-right\">\n                    <button href=\"javascript:void(0);\" class=\"card-arrow-prev\" onclick=\"navigateReferent('prev', 1206);\"><\/button>\n                    <button href=\"javascript:void(0);\" class=\"card-arrow-next\" onclick=\"navigateReferent('next', 36306);\"><\/button>\n                <\/div>\n            <\/div>\n        <\/div>\n        \n        <div id=\"referent-36306\" class=\"referent-modal uk-flex-top\" uk-modal>\n            <div class=\"uk-modal-dialog uk-margin-auto-vertical\">\n                <button class=\"uk-modal-close-default\" type=\"button\" uk-close><\/button>\n                <div class=\"uk-grid-small\" uk-grid>\n                    <div class=\"uk-width-auto@m\">\n                        \n                        <img loading=\"lazy\" decoding=\"async\" width=\"200\" height=\"242\" src=\"https:\/\/www.schulthessforum.ch\/wp-content\/media\/Referenten\/Fischer-Shand_Ramona_200x242px.jpg\" class=\"attachment-schulthess_speaker size-schulthess_speaker wp-post-image\" alt=\"\" \/>\n                    <\/div>\n                    <div class=\"uk-width-expand@m\">\n                        <h4 class=\"uk-modal-title\"> Ramona Fischer-Shand<\/h4>\n                        <p class=\"referent-info\"><span class=\"referenten-position\">MLaw, LL.M., Rechtsanw\u00e4ltin, Senior Associate, <\/span> <span class=\"referenten-company\">Walder Wyss<\/span><\/p>\n                        <p class=\"referent-kurzbeschreibung\"><p>Ramona Fischer-Shand ist als Anw\u00e4ltin der Gruppe Prozessf\u00fchrung und Schiedsgerichtsbarkeit in Z\u00fcrich t\u00e4tig, wobei ihr Schwerpunkt im Bereich Private Clients liegt. Sie vertritt und ber\u00e4t regelm\u00e4ssig schweizerische und ausl\u00e4ndische Privatkunden, Stiftungen, Banken und Family Offices in komplexen nationalen und internationalen Erbf\u00e4llen sowie im Erwachsenenschutzrecht. Zudem unterst\u00fctzt Sie Klienten im Bereich der Nachlassplanung und &#8211; abwicklung sowie im Stiftungs-, Trust- und Eheg\u00fcterrecht. Sie vertritt Parteien vor staatlichen Gerichten und Beh\u00f6rden, in internationalen Schiedsverfahren so\u2010 wie in Vollstreckungs- und Rechtshilfeverfahren.<\/p>\n<p>Ramona Fischer-Shand studierte an der Universit\u00e4t Luzern (MLaw 2017, summa cum laude), an der University of Tasma\u2010 nia (Auslandsemester, 2017) und an der Columbia University (LL.M., 2025, high honors).<\/p>\n<p>Vor Aufnahme ihrer T\u00e4tigkeit bei Walder Wyss arbeitete sie als Rechtsanw\u00e4ltin bei einer international ausgerichteten Wirtschaftskanzlei in Z\u00fcrich sowie beim Kanton Z\u00fcrich. Davor arbeitete sie an einem Bezirksgericht und in einer Anwaltskanzlei im Kanton Luzern, sowie als wissenschaftliche Assistentin im Bereich Privatrecht, Rechtsvergleichung, Internationales Privatrecht und Europarecht an der Universit\u00e4t Luzern.<\/p>\n<\/p>\n                    <\/div>\n                <\/div>\n\n                <div class=\"uk-modal-footer card-arrows uk-text-right\">\n                    <button href=\"javascript:void(0);\" class=\"card-arrow-prev\" onclick=\"navigateReferent('prev', 8421);\"><\/button>\n                    <button href=\"javascript:void(0);\" class=\"card-arrow-next\" onclick=\"navigateReferent('next', 337);\"><\/button>\n                <\/div>\n            <\/div>\n        <\/div>\n        \n        <div id=\"referent-337\" class=\"referent-modal uk-flex-top\" uk-modal>\n            <div class=\"uk-modal-dialog uk-margin-auto-vertical\">\n                <button class=\"uk-modal-close-default\" type=\"button\" uk-close><\/button>\n                <div class=\"uk-grid-small\" uk-grid>\n                    <div class=\"uk-width-auto@m\">\n                        \n                        <img loading=\"lazy\" decoding=\"async\" width=\"200\" height=\"242\" src=\"https:\/\/www.schulthessforum.ch\/wp-content\/media\/Referenten\/Gehring_Kaspar_200x242px-200x242.jpg\" class=\"attachment-schulthess_speaker size-schulthess_speaker wp-post-image\" alt=\"\" \/>\n                    <\/div>\n                    <div class=\"uk-width-expand@m\">\n                        <h4 class=\"uk-modal-title\">Dr.  Kaspar Gehring<\/h4>\n                        <p class=\"referent-info\"><span class=\"referenten-position\">Dr. iur., Rechtsanwalt, Fachanwalt SAV Haftpflicht- und Versicherungsrecht, Partner,\r\n<\/span> <span class=\"referenten-company\">KSPartner<\/span><\/p>\n                        <p class=\"referent-kurzbeschreibung\"><p>Kaspar Gehring ist seit vielen Jahren im Anwaltsb\u00fcro KSPartner t\u00e4tig, wo er Versicherte gegen\u00fcber Sozial-und Privatversicherungen vertritt. Daneben ist er regelm\u00e4ssig publizistisch t\u00e4tig. Er referiert auch regelm\u00e4ssig an Weiterbildungsveranstaltungen und Fachhochschulen.<\/p>\n<\/p>\n                    <\/div>\n                <\/div>\n\n                <div class=\"uk-modal-footer card-arrows uk-text-right\">\n                    <button href=\"javascript:void(0);\" class=\"card-arrow-prev\" onclick=\"navigateReferent('prev', 36306);\"><\/button>\n                    <button href=\"javascript:void(0);\" class=\"card-arrow-next\" onclick=\"navigateReferent('next', 35879);\"><\/button>\n                <\/div>\n            <\/div>\n        <\/div>\n        \n        <div id=\"referent-35879\" class=\"referent-modal uk-flex-top\" uk-modal>\n            <div class=\"uk-modal-dialog uk-margin-auto-vertical\">\n                <button class=\"uk-modal-close-default\" type=\"button\" uk-close><\/button>\n                <div class=\"uk-grid-small\" uk-grid>\n                    <div class=\"uk-width-auto@m\">\n                        \n                        <img loading=\"lazy\" decoding=\"async\" width=\"200\" height=\"242\" src=\"https:\/\/www.schulthessforum.ch\/wp-content\/media\/Luethy_Marc_200x242px2.jpg\" class=\"attachment-schulthess_speaker size-schulthess_speaker wp-post-image\" alt=\"L\u00fcthy_Marc_200x242px2\" \/>\n                    <\/div>\n                    <div class=\"uk-width-expand@m\">\n                        <h4 class=\"uk-modal-title\">Dr.  Marc L\u00fcthy<\/h4>\n                        <p class=\"referent-info\"><span class=\"referenten-position\">Dr. med., Kaderarzt An\u00e4sthesiologie, Universit\u00e4tsspital Basel und \u00c4rztlicher Leiter der Sanit\u00e4t Basel, Rettung, \r\n<\/span> <span class=\"referenten-company\">Basel-Stadt <\/span><\/p>\n                        <p class=\"referent-kurzbeschreibung\"><p>Kaderarzt An\u00e4sthesiologie, Universit\u00e4tsspital Basel mit LA Stv.-Funktion des Leitenden Arztes f\u00fcr Weisse Zone und Notfallmedizin<br \/>\nRegelm\u00e4ssige an\u00e4sthesiologische T\u00e4tigkeit im Bereich der Viszeralchirurgie, Orthop\u00e4die\/Traumatologie, Geburtshilfe &amp; Gyn\u00e4kologie, Notfallmedizin, Spinalchirurgie, Thoraxchirurgie, Plastische Chirurgie, Urologie, Gef\u00e4sschirurgie. \u00dcbernahme aller Dienste mit Ausnahme des Herzpiketts<\/p>\n<p>Und weiterhin \u00c4rztlicher Leiter der Sanit\u00e4t Basel, Rettung Basel-Stadt mit medizinischer Gesamtverantwortung der Sanit\u00e4t Basel sowie der Sanit\u00e4tsnotrufzentrale beider Basel (SNZbB) Fachliche F\u00fchrung der rund 120 Rettungssanit\u00e4ter:innen. Direkte F\u00fchrung der 2 Stv. \u00c4rztlichen Leiter:innen. Absprachen\/Verhandlungen mit Notfallstationen der Region Nordwestschweiz sowie der \u00c4rztlichen Leiter:innen der Rettungsdienste in der Schweiz.<\/p>\n<\/p>\n                    <\/div>\n                <\/div>\n\n                <div class=\"uk-modal-footer card-arrows uk-text-right\">\n                    <button href=\"javascript:void(0);\" class=\"card-arrow-prev\" onclick=\"navigateReferent('prev', 337);\"><\/button>\n                    <button href=\"javascript:void(0);\" class=\"card-arrow-next\" onclick=\"navigateReferent('next', 35882);\"><\/button>\n                <\/div>\n            <\/div>\n        <\/div>\n        \n        <div id=\"referent-35882\" class=\"referent-modal uk-flex-top\" uk-modal>\n            <div class=\"uk-modal-dialog uk-margin-auto-vertical\">\n                <button class=\"uk-modal-close-default\" type=\"button\" uk-close><\/button>\n                <div class=\"uk-grid-small\" uk-grid>\n                    <div class=\"uk-width-auto@m\">\n                        \n                        <img loading=\"lazy\" decoding=\"async\" width=\"200\" height=\"242\" src=\"https:\/\/www.schulthessforum.ch\/wp-content\/media\/Referenten\/Stoll_Markus_200x242px.jpg\" class=\"attachment-schulthess_speaker size-schulthess_speaker wp-post-image\" alt=\"\" \/>\n                    <\/div>\n                    <div class=\"uk-width-expand@m\">\n                        <h4 class=\"uk-modal-title\"> Markus Stoll<\/h4>\n                        <p class=\"referent-info\"><span class=\"referenten-position\">Zivilstandsbeamter mit eidg. Fachausweis, Abteilungsleiter Zivilstandswesen beim <\/span> <span class=\"referenten-company\">Gemeindeamt des Kantons Z\u00fcrich<\/span><\/p>\n                        <p class=\"referent-kurzbeschreibung\"><p>Markus Stoll arbeitet seit dem Jahr 2003 bei den Zivilstandsbeh\u00f6rden. Er war bis 2011 Zivilstandsbeamter in Horgen und wechselte im Jahr 2012 zum Zivilstands- und B\u00fcrgerrechtsdienst des Kantons Zug. Seit 2018 leitet er die Aufsichtsbeh\u00f6rde im Zivilstandswesen f\u00fcr die Kantone Z\u00fcrich und Schwyz sowie die Namens\u00e4nderungsbeh\u00f6rde. Er ist Dozent beim schweizerischen Verband f\u00fcr das Zivilstandswesen bei der Vorbereitung zum Fachausweis im Zivilstandswesen. Ausserdem f\u00fchrt er Weiterbildungen zu den Themen internationales Privatrecht und Verfahrensrecht im Bereich des Zivilstandswesens durch.<\/p>\n<\/p>\n                    <\/div>\n                <\/div>\n\n                <div class=\"uk-modal-footer card-arrows uk-text-right\">\n                    <button href=\"javascript:void(0);\" class=\"card-arrow-prev\" onclick=\"navigateReferent('prev', 35879);\"><\/button>\n                    <button href=\"javascript:void(0);\" class=\"card-arrow-next\" onclick=\"navigateReferent('next', 1206);\"><\/button>\n                <\/div>\n            <\/div>\n        <\/div>\n        \n        <div id=\"referent-1206\" class=\"referent-modal uk-flex-top\" uk-modal>\n            <div class=\"uk-modal-dialog uk-margin-auto-vertical\">\n                <button class=\"uk-modal-close-default\" type=\"button\" uk-close><\/button>\n                <div class=\"uk-grid-small\" uk-grid>\n                    <div class=\"uk-width-auto@m\">\n                        \n                        <img loading=\"lazy\" decoding=\"async\" width=\"200\" height=\"242\" src=\"https:\/\/www.schulthessforum.ch\/wp-content\/media\/Referenten\/Weiss_Kinga_200x242px.jpg\" class=\"attachment-schulthess_speaker size-schulthess_speaker wp-post-image\" alt=\"\" \/>\n                    <\/div>\n                    <div class=\"uk-width-expand@m\">\n                        <h4 class=\"uk-modal-title\">Dr.  Kinga M. Weiss<\/h4>\n                        <p class=\"referent-info\"><span class=\"referenten-position\">Dr. iur., LL.M. Partner,<\/span> <span class=\"referenten-company\">Walder Wyss<\/span><\/p>\n                        <p class=\"referent-kurzbeschreibung\"><p>Kinga M. Weiss ist vornehmlich f\u00fcr Privatkunden, Banken und Family Offices aus dem In- und Ausland t\u00e4tig. Sie ber\u00e4t Klienten in Fragen des Erbrechts, einschliesslich des G\u00fcterrechts, mit Bezug auf Nachlassplanungen und -abwicklungen sowohl im privaten Bereich als auch im Bereich der Unternehmensnachfolge und vertritt Klienten in komplexen Erbstreitigkeiten. Ihre T\u00e4tigkeit umfasst schwergewichtig grenz\u00fcberschreitende F\u00e4lle. Daneben unterst\u00fctzt sie Klienten bei Wohnsitzverlegungen, Verm\u00f6gensstrukturierungen, Trust- und Stiftungsfragen sowie Steuerfragen. Sie publiziert und referiert regelm\u00e4ssig im In- und Ausland. Kinga M. Weiss war Mitglied der Expertenkommission zur Modernisierung des internationalen Erbrechts (6. Kapitel IPRG).<\/p>\n<\/p>\n                    <\/div>\n                <\/div>\n\n                <div class=\"uk-modal-footer card-arrows uk-text-right\">\n                    <button href=\"javascript:void(0);\" class=\"card-arrow-prev\" onclick=\"navigateReferent('prev', 35882);\"><\/button>\n                    <button href=\"javascript:void(0);\" class=\"card-arrow-next\" onclick=\"navigateReferent('next', 8421);\"><\/button>\n                <\/div>\n            <\/div>\n        <\/div>\n        <\/div>\n      <script>\n          function navigateReferent(direction, currentID) {\n              var speakers = [8421,36306,337,35879,35882,1206];\n              var currentIndex = speakers.indexOf(currentID);\n\n              if (direction === \"prev\") {\n                  currentIndex = (currentIndex + speakers.length) % speakers.length;\n              } else if (direction === \"next\") {\n                  currentIndex = (currentIndex ) % speakers.length;\n              }\n\n              var targetID = speakers[currentIndex];\n              var targetModal = document.getElementById(\"referent-\" + targetID);\n              UIkit.modal(targetModal).show();\n          }\n      <\/script>\n        <script>\n            document.addEventListener(\"DOMContentLoaded\", function() {\n                const modalLinks = document.querySelectorAll(\"[uk-toggle]\");\n                const pageContainer = document.getElementById(\"page-container\");\n\n                \/\/ Neues <div> Element erstellen\n                const newDiv = document.createElement(\"div\");\n                newDiv.className = \"referenten-modal-background\";\n\n                \/\/ Das neue <div> dem Element mit der ID \"page-container\" hinzuf\u00fcgen\n                pageContainer.insertBefore(newDiv, pageContainer.firstChild);\n\n                const referentenModalBackground = document.querySelector(\".referenten-modal-background\");\n\n                modalLinks.forEach(link => {\n                    link.addEventListener(\"click\", function(event) {\n                        event.preventDefault();\n                        referentenModalBackground.classList.add(\"referenten-modal-open\");\n                    });\n                });\n\n                const modals = document.querySelectorAll(\".referent-modal\");\n                modals.forEach(modal => {\n                    modal.addEventListener(\"click\", function(event) {\n                        if (event.target === modal) {\n                            referentenModalBackground.classList.remove(\"referenten-modal-open\");\n                        }\n                    });\n                });\n\n                const closeModalButtons = document.querySelectorAll(\".uk-modal-close-default\");\n                closeModalButtons.forEach(button => {\n                    button.addEventListener(\"click\", function() {\n                        referentenModalBackground.classList.remove(\"referenten-modal-open\");\n                    });\n                });\n\n                \/\/ Funktion, um die Klasse zu entfernen\n                function closeModal() {\n                    referentenModalBackground.classList.remove(\"referenten-modal-open\");\n                }\n\n                \/\/ Event Listener f\u00fcr das Dr\u00fccken der Esc-Taste\n                document.addEventListener(\"keydown\", function(event) {\n                    if (event.key === \"Escape\") {\n                        closeModal();\n                    }\n                });\n            });\n        <\/script>[\/et_pb_code][\/et_pb_column_inner][\/et_pb_row_inner][et_pb_row_inner module_id=\u00a0\u00bbschulthess-product-specinfo\u00a0\u00bb _builder_version=\u00a0\u00bb4.22.1&Prime; _module_preset=\u00a0\u00bbdefault\u00a0\u00bb collapsed=\u00a0\u00bboff\u00a0\u00bb global_colors_info=\u00a0\u00bb{}\u00a0\u00bb][et_pb_column_inner saved_specialty_column_type=\u00a0\u00bb3_4&Prime; _builder_version=\u00a0\u00bb4.16&Prime; _module_preset=\u00a0\u00bbdefault\u00a0\u00bb global_colors_info=\u00a0\u00bb{}\u00a0\u00bb][et_pb_text disabled_on=\u00a0\u00bbon|on|on\u00a0\u00bb admin_label=\u00a0\u00bb\u00dcberschrift \/ Fachthemen\u00a0\u00bb module_id=\u00a0\u00bbschulthess-fachinformationen\u00a0\u00bb module_class=\u00a0\u00bbsf-h2&Prime; _builder_version=\u00a0\u00bb4.19.5&Prime; _module_preset=\u00a0\u00bbdefault\u00a0\u00bb disabled=\u00a0\u00bbon\u00a0\u00bb global_colors_info=\u00a0\u00bb{}\u00a0\u00bb]<\/p>\n<h5>Fachthemen<\/h5>\n<p>[\/et_pb_text][et_pb_code _builder_version=\u00a0\u00bb4.19.5&Prime; _module_preset=\u00a0\u00bbdefault\u00a0\u00bb locked=\u00a0\u00bboff\u00a0\u00bb global_colors_info=\u00a0\u00bb{}\u00a0\u00bb]\n  <div class=\"sf-post-list\">\n\n    \n  <\/div>\n\n  [\/et_pb_code][\/et_pb_column_inner][\/et_pb_row_inner][\/et_pb_column][et_pb_column type=\u00a0\u00bb1_4&Prime; _builder_version=\u00a0\u00bb4.16&Prime; custom_padding=\u00a0\u00bb|||\u00a0\u00bb global_colors_info=\u00a0\u00bb{}\u00a0\u00bb custom_padding__hover=\u00a0\u00bb|||\u00a0\u00bb][et_pb_text disabled_on=\u00a0\u00bbon|on|on\u00a0\u00bb admin_label=\u00a0\u00bbPreis &#8211; Info\u00a0\u00bb module_class=\u00a0\u00bbdetail-info-sidebar-bg\u00a0\u00bb _builder_version=\u00a0\u00bb4.20.0&Prime; _module_preset=\u00a0\u00bbdefault\u00a0\u00bb disabled=\u00a0\u00bbon\u00a0\u00bb global_colors_info=\u00a0\u00bb{}\u00a0\u00bb]<div class=\"sf-product-variant-detail-wrapper\" id=\"sf-product-variant-detail-wrapper\"><form action=\"https:\/\/www.schulthessforum.ch\/fr\/warenkorb\/\" method=\"get\"><h3 class=\"sf-product-variant-headline-1\">\u00c9v\u00e9nement en ligne<\/h3><label class=\"sf-product-variant-detail\"><input class=\"sf-product-variant-input\" type=\"radio\" id=\"35869\" name=\"variante\" value=\"35869\" required><span class=\"woocommerce-Price-amount amount\"><bdi><span class=\"woocommerce-Price-currencySymbol\">&#67;&#72;&#70;<\/span>&nbsp;390.00<\/bdi><\/span> TVA de 8.1% en sus.<\/label><input type=\"hidden\" id=\"35867\" name=\"event\" value=\"35867\"><span class=\"anmeldebutton-wrapper\"><input class=\"et_pb_button et_pb_button_0 schulthess-buy-button single_add_to_cart_button button wp-element-button\" data-icon=\"9\" type=\"submit\" value=\"Inscription\"><span class=\"anmeldebutton-icon\"><\/span><\/span><\/form><\/div>[\/et_pb_text][et_pb_code disabled_on=\u00a0\u00bboff|off|off\u00a0\u00bb admin_label=\u00a0\u00bbCredits &#8211; Info\u00a0\u00bb _builder_version=\u00a0\u00bb4.20.2&Prime; _module_preset=\u00a0\u00bbdefault\u00a0\u00bb custom_margin=\u00a0\u00bb||15px||false|false\u00a0\u00bb locked=\u00a0\u00bboff\u00a0\u00bb global_colors_info=\u00a0\u00bb{}\u00a0\u00bb][\/et_pb_code][et_pb_code disabled_on=\u00a0\u00bboff|off|off\u00a0\u00bb admin_label=\u00a0\u00bbCicero &#8211; Info\u00a0\u00bb _builder_version=\u00a0\u00bb4.20.2&Prime; _module_preset=\u00a0\u00bbdefault\u00a0\u00bb custom_margin=\u00a0\u00bb||15px||false|false\u00a0\u00bb locked=\u00a0\u00bboff\u00a0\u00bb global_colors_info=\u00a0\u00bb{}\u00a0\u00bb][\/et_pb_code][et_pb_text admin_label=\u00a0\u00bbTermin &#8211; Info\u00a0\u00bb module_class=\u00a0\u00bbdetail-info-sidebar-bg event-termin-info\u00a0\u00bb _builder_version=\u00a0\u00bb4.19.5&Prime; _module_preset=\u00a0\u00bbdefault\u00a0\u00bb global_colors_info=\u00a0\u00bb{}\u00a0\u00bb]<\/p>\n<h3>Termin \/ Format<\/h3>\n<p><span class=\"event-date-termin-info\">25.03.2026 | 09:00 - 12:30<\/span><br><span class=\"event-kategorie-termin-info\">Erbrecht | Familienrecht | Gesundheitswesen | Sozialversicherungsrecht | Webinar<\/span>[\/et_pb_text][et_pb_text disabled_on=\u00a0\u00bbon|on|on\u00a0\u00bb admin_label=\u00a0\u00bbAnreise &#8211; Info\u00a0\u00bb module_class=\u00a0\u00bbdetail-info-sidebar-bg\u00a0\u00bb _builder_version=\u00a0\u00bb4.21.0&Prime; _module_preset=\u00a0\u00bbdefault\u00a0\u00bb disabled=\u00a0\u00bbon\u00a0\u00bb global_colors_info=\u00a0\u00bb{}\u00a0\u00bb]<\/p>\n<h3>Location \/ Anreise<\/h3>\n<p><span class=\"event-anreise-info-adresse\"><br><\/span><br><span class=\"event-anreise-info-beschreibung\"><p>Lorem ipsum dolor sit amet, consetetur sadipscing elitr, sed diam nonumy eirmod tempor invidunt<\/p>\n<p><b>Zug<\/b><br \/>\nut labore et dolore magna aliquyam erat, sed diam voluptua. At vero eos et accusam et justo duo dolores et ea rebum.<\/p>\n<p><b>Auto<\/b><br \/>\nStet clita kasd gubergren, no sea takimata sanctus est Lorem ipsum dolor sit amet. Lorem ips<\/p>\n<\/span>[\/et_pb_text][et_pb_text admin_label=\u00a0\u00bbRabatt &#8211; Info\u00a0\u00bb module_class=\u00a0\u00bbdetail-info-sidebar-bg\u00a0\u00bb _builder_version=\u00a0\u00bb4.21.0&Prime; _dynamic_attributes=\u00a0\u00bbcontent\u00a0\u00bb _module_preset=\u00a0\u00bbdefault\u00a0\u00bb global_colors_info=\u00a0\u00bb{}\u00a0\u00bb]@ET-DC@eyJkeW5hbWljIjp0cnVlLCJjb250ZW50IjoiY3VzdG9tX21ldGFfc2ZfcHJvZHVjdF9yYWJhdHRpbmZvIiwic2V0dGluZ3MiOnsiYmVmb3JlIjoiPGgzPlJhYmF0dGluZm88L2gzPiIsImFmdGVyIjoiIiwiZW5hYmxlX2h0bWwiOiJvZmYifX0=@[\/et_pb_text][et_pb_code disabled_on=\u00a0\u00bbon|on|on\u00a0\u00bb admin_label=\u00a0\u00bbAnzeige(n)\u00a0\u00bb module_class=\u00a0\u00bbschulthess_product_ads\u00a0\u00bb _builder_version=\u00a0\u00bb4.17.4&Prime; _module_preset=\u00a0\u00bbdefault\u00a0\u00bb disabled=\u00a0\u00bbon\u00a0\u00bb locked=\u00a0\u00bboff\u00a0\u00bb global_colors_info=\u00a0\u00bb{}\u00a0\u00bb][\/et_pb_code][et_pb_text admin_label=\u00a0\u00bbTagungsleiter\u00a0\u00bb module_class=\u00a0\u00bbdetail-info-sidebar-bg\u00a0\u00bb _builder_version=\u00a0\u00bb4.27.4&Prime; _module_preset=\u00a0\u00bbdefault\u00a0\u00bb locked=\u00a0\u00bboff\u00a0\u00bb global_colors_info=\u00a0\u00bb{}\u00a0\u00bb]<\/p>\n<h3>Webinarleitung<\/h3>\n<p><img loading=\"lazy\" decoding=\"async\" class=\"wp-image-2739 size-medium\" src=\"https:\/\/www.schulthessforum.ch\/wp-content\/media\/Uttinger_Ursula_NEU_200x242px-248x300.png\" alt=\"Ursula Uttinger\" width=\"248\" height=\"300\" \/><\/p>\n<p>Ursula Uttinger f\u00fchrt durch das Webinar.<\/p>\n<p>[\/et_pb_text][et_pb_code disabled_on=\u00a0\u00bbon|on|on\u00a0\u00bb _builder_version=\u00a0\u00bb4.25.1&Prime; _module_preset=\u00a0\u00bbdefault\u00a0\u00bb disabled=\u00a0\u00bbon\u00a0\u00bb global_colors_info=\u00a0\u00bb{}\u00a0\u00bb]<a href=\"#schulthess-product-mainsection\">Zur Anmeldung<\/a>[\/et_pb_code][et_pb_text disabled_on=\u00a0\u00bboff|off|off\u00a0\u00bb admin_label=\u00a0\u00bbSystemanforderungen\u00a0\u00bb module_class=\u00a0\u00bbdetail-info-sidebar-bg\u00a0\u00bb _builder_version=\u00a0\u00bb4.27.4&Prime; _module_preset=\u00a0\u00bbdefault\u00a0\u00bb global_colors_info=\u00a0\u00bb{}\u00a0\u00bb]<\/p>\n<h3>Systemanforderungen<\/h3>\n<p>F\u00fcr die Webinare verwenden wir die \u00abZoom Video-Webinare\u00bb-Technologie (<a href=\"https:\/\/zoom.us\/\" target=\"_blank\" rel=\"noopener noreferrer\">zoom.us<\/a>). F\u00fcr die Teilnahme an einem Webinar ist ein Computer (<a href=\"https:\/\/support.zoom.us\/hc\/de\/articles\/201362023-Systemanforderungen-f%C3%BCr-Windows-macOS-und-Linux#h_92957a85-2506-43a2-bd4a-5bb274778518\" target=\"_blank\" rel=\"noopener noreferrer\">Windows, Mac<\/a>) mit einem aktuellen Browser notwendig. Alternativ kann auch die Zoom-App App auf einem Tablet oder Smartphone (<a href=\"https:\/\/support.zoom.us\/hc\/de\/articles\/201179966\" target=\"_blank\" rel=\"noopener noreferrer\">Android, iOS<\/a>) verwendet werden.<\/p>\n<p>[\/et_pb_text][\/et_pb_column][\/et_pb_section][et_pb_section fb_built=\u00a0\u00bb1&Prime; specialty=\u00a0\u00bbon\u00a0\u00bb module_class_2=\u00a0\u00bbschulthess-product-attendee-section\u00a0\u00bb admin_label=\u00a0\u00bbInhalt mit Teilnehmerbereich\u00a0\u00bb module_id=\u00a0\u00bbschulthess-attendee-section\u00a0\u00bb module_class=\u00a0\u00bbschulthess-hidden\u00a0\u00bb _builder_version=\u00a0\u00bb4.21.0&Prime; _module_preset=\u00a0\u00bbdefault\u00a0\u00bb display_conditions=\u00a0\u00bbW3siaWQiOiI3NDc0ZmExMC0yZTg5LTQ3MDctYjM2Yi1iZDA3ZWJiMGZlZDEiLCJjb25kaXRpb24iOiJsb2dnZWRJblN0YXR1cyIsImNvbmRpdGlvblNldHRpbmdzIjp7ImRpc3BsYXlSdWxlIjoibG9nZ2VkSW4iLCJhZG1pbkxhYmVsIjoiQW5nZW1lbGRldGVyIFN0YXR1cyIsImVuYWJsZUNvbmRpdGlvbiI6Im9mZiJ9LCJvcGVyYXRvciI6Ik9SIn1d\u00a0\u00bb locked=\u00a0\u00bboff\u00a0\u00bb collapsed=\u00a0\u00bboff\u00a0\u00bb global_colors_info=\u00a0\u00bb{}\u00a0\u00bb disabled_on=\u00a0\u00bbon|on|on\u00a0\u00bb disabled=\u00a0\u00bbon\u00a0\u00bb][et_pb_column type=\u00a0\u00bb3_4&Prime; specialty_columns=\u00a0\u00bb3&Prime; _builder_version=\u00a0\u00bb4.16&Prime; custom_padding=\u00a0\u00bb|||\u00a0\u00bb global_colors_info=\u00a0\u00bb{}\u00a0\u00bb custom_padding__hover=\u00a0\u00bb|||\u00a0\u00bb][et_pb_row_inner admin_label=\u00a0\u00bbHeadline Teilnehmerbereich\u00a0\u00bb _builder_version=\u00a0\u00bb4.17.4&Prime; _module_preset=\u00a0\u00bbdefault\u00a0\u00bb collapsed=\u00a0\u00bboff\u00a0\u00bb global_colors_info=\u00a0\u00bb{}\u00a0\u00bb][et_pb_column_inner saved_specialty_column_type=\u00a0\u00bb3_4&Prime; _builder_version=\u00a0\u00bb4.17.4&Prime; _module_preset=\u00a0\u00bbdefault\u00a0\u00bb global_colors_info=\u00a0\u00bb{}\u00a0\u00bb][et_pb_text _builder_version=\u00a0\u00bb4.27.4&Prime; _module_preset=\u00a0\u00bbdefault\u00a0\u00bb global_colors_info=\u00a0\u00bb{}\u00a0\u00bb]<\/p>\n<h5>Teilnehmerbereich<\/h5>\n<p>[\/et_pb_text][sfdm_download_list _builder_version=\u00a0\u00bb4.27.4&Prime; _module_preset=\u00a0\u00bbdefault\u00a0\u00bb global_colors_info=\u00a0\u00bb{}\u00a0\u00bb][sfdm_download_list_item title=\u00a0\u00bbReferierende und Themen\u00a0\u00bb file=\u00a0\u00bbhttps:\/\/www.schulthessforum.ch\/wp-content\/media\/Urteilsfaehigkeit\/02_00_Referierende-und-Themen-5.pdf\u00a0\u00bb _builder_version=\u00a0\u00bb4.27.4&Prime; _module_preset=\u00a0\u00bbdefault\u00a0\u00bb link_option_url_new_window=\u00a0\u00bbon\u00a0\u00bb global_colors_info=\u00a0\u00bb{}\u00a0\u00bb][\/sfdm_download_list_item][sfdm_download_list_item title=\u00a0\u00bbHerausforderung Urteilsf\u00e4higkeit_Dr. Marc L\u00fcthy und Ursula Uttinger\u00a0\u00bb file=\u00a0\u00bbhttps:\/\/www.schulthessforum.ch\/wp-content\/media\/03_00_Herausforderung-Urteilsfaehigkeit_Dr.-Marc-Luethy-und-Ursula-Uttinger.pdf\u00a0\u00bb _builder_version=\u00a0\u00bb4.27.4&Prime; _module_preset=\u00a0\u00bbdefault\u00a0\u00bb link_option_url_new_window=\u00a0\u00bbon\u00a0\u00bb global_colors_info=\u00a0\u00bb{}\u00a0\u00bb][\/sfdm_download_list_item][sfdm_download_list_item title=\u00a0\u00bbDie Urteilsf\u00e4higkeit im Personenstandswesen und ihre Auswirkung auf (h\u00f6chst) pers\u00f6nliche Rechte_Markus Stoll\u00a0\u00bb file=\u00a0\u00bbhttps:\/\/www.schulthessforum.ch\/wp-content\/media\/04_00_Die-Urteilsfaehigkeit-im-Personenstandswesen-und-ihre-Auswirkung-auf-hoechst-persoenliche-Rechte_Markus-Stoll.pdf\u00a0\u00bb _builder_version=\u00a0\u00bb4.27.4&Prime; _module_preset=\u00a0\u00bbdefault\u00a0\u00bb link_option_url_new_window=\u00a0\u00bbon\u00a0\u00bb global_colors_info=\u00a0\u00bb{}\u00a0\u00bb][\/sfdm_download_list_item][sfdm_download_list_item title=\u00a0\u00bbAktuelle Praxisfragen rund um die Urteilsf\u00e4higkeit im Familien-, Erb- und Erwachsenenschutzrecht_Dr. Kinga M. Weiss und Ramona Fischer-Shand\u00a0\u00bb file=\u00a0\u00bbhttps:\/\/www.schulthessforum.ch\/wp-content\/media\/Urteilsfaehigkeit\/05_00_Aktuelle-Praxisfragen-rund-um-die-Urteilsfaehigkeit-im-Familien-Erb-und-ErwaDr.-Kinga-M.-Weiss-und-Ramona-Fischer-Shand.pdf\u00a0\u00bb _builder_version=\u00a0\u00bb4.27.4&Prime; _module_preset=\u00a0\u00bbdefault\u00a0\u00bb link_option_url_new_window=\u00a0\u00bbon\u00a0\u00bb global_colors_info=\u00a0\u00bb{}\u00a0\u00bb][\/sfdm_download_list_item][sfdm_download_list_item title=\u00a0\u00bbSozialversicherungsrechtliche Aspekte_Dr. Kaspar Gehring\u00a0\u00bb file=\u00a0\u00bbhttps:\/\/www.schulthessforum.ch\/wp-content\/media\/06_00_Sozialversicherungsrechtliche-Aspekte_Dr.-Kaspar-Gehring.pdf\u00a0\u00bb _builder_version=\u00a0\u00bb4.27.4&Prime; _module_preset=\u00a0\u00bbdefault\u00a0\u00bb link_option_url_new_window=\u00a0\u00bbon\u00a0\u00bb global_colors_info=\u00a0\u00bb{}\u00a0\u00bb][\/sfdm_download_list_item][sfdm_download_list_item title=\u00a0\u00bbGesamtpr\u00e4sentation Schulthess Forum Urteilsf\u00e4higkeit\u00a0\u00bb file=\u00a0\u00bbhttps:\/\/www.schulthessforum.ch\/wp-content\/media\/Urteilsfaehigkeit\/Gesamtpraesentation-Schulthess-Forum-Urteilsfaehigkeit.pdf\u00a0\u00bb _builder_version=\u00a0\u00bb4.27.4&Prime; _module_preset=\u00a0\u00bbdefault\u00a0\u00bb link_option_url_new_window=\u00a0\u00bbon\u00a0\u00bb global_colors_info=\u00a0\u00bb{}\u00a0\u00bb][\/sfdm_download_list_item][sfdm_download_list_item title=\u00a0\u00bbPartner\u00a0\u00bb file=\u00a0\u00bbhttps:\/\/www.schulthessforum.ch\/wp-content\/media\/07_00_Partner-2.pdf\u00a0\u00bb _builder_version=\u00a0\u00bb4.27.4&Prime; _module_preset=\u00a0\u00bbdefault\u00a0\u00bb link_option_url_new_window=\u00a0\u00bbon\u00a0\u00bb global_colors_info=\u00a0\u00bb{}\u00a0\u00bb][\/sfdm_download_list_item][sfdm_download_list_item title=\u00a0\u00bbBuchempfehlungen\u00a0\u00bb file=\u00a0\u00bbhttps:\/\/www.schulthessforum.ch\/wp-content\/media\/Urteilsfaehigkeit\/Bestellformular_Urteilsfaehigkeit_2026_A4_de.pdf\u00a0\u00bb _builder_version=\u00a0\u00bb4.27.4&Prime; _module_preset=\u00a0\u00bbdefault\u00a0\u00bb link_option_url_new_window=\u00a0\u00bbon\u00a0\u00bb global_colors_info=\u00a0\u00bb{}\u00a0\u00bb][\/sfdm_download_list_item][\/sfdm_download_list][et_pb_text _builder_version=\u00a0\u00bb4.27.4&Prime; _module_preset=\u00a0\u00bbdefault\u00a0\u00bb global_colors_info=\u00a0\u00bb{}\u00a0\u00bb]<\/p>\n<h5>Videoaufzeichnungen<\/h5>\n<p>[\/et_pb_text][\/et_pb_column_inner][\/et_pb_row_inner][et_pb_row_inner column_structure=\u00a0\u00bb1_2,1_2&Prime; disabled_on=\u00a0\u00bboff|off|off\u00a0\u00bb admin_label=\u00a0\u00bbVideo \/ Bild-Zeile 1&Prime; _builder_version=\u00a0\u00bb4.17.4&Prime; _module_preset=\u00a0\u00bbdefault\u00a0\u00bb global_colors_info=\u00a0\u00bb{}\u00a0\u00bb][et_pb_column_inner type=\u00a0\u00bb1_2&Prime; saved_specialty_column_type=\u00a0\u00bb3_4&Prime; _builder_version=\u00a0\u00bb4.17.4&Prime; _module_preset=\u00a0\u00bbdefault\u00a0\u00bb global_colors_info=\u00a0\u00bb{}\u00a0\u00bb][et_pb_image src=\u00a0\u00bbhttps:\/\/www.schulthessforum.ch\/wp-content\/media\/Luethy-Uttinger_Urteilsfaehigekeit_2026_Vimeo_1920x1080px_-scaled.jpg\u00a0\u00bb title_text=\u00a0\u00bbL\u00fcthy Uttinger Urteilsf\u00e4higekeit 2026 Vimeo 1920x1080px \u00a0\u00bb url=\u00a0\u00bbhttps:\/\/player.vimeo.com\/video\/1176994237?badge=0&#038;autopause=0&#038;player_id=0&#038;app_id=58479&Prime; url_new_window=\u00a0\u00bbon\u00a0\u00bb _builder_version=\u00a0\u00bb4.27.4&Prime; _module_preset=\u00a0\u00bbdefault\u00a0\u00bb global_colors_info=\u00a0\u00bb{}\u00a0\u00bb][\/et_pb_image][\/et_pb_column_inner][et_pb_column_inner type=\u00a0\u00bb1_2&Prime; saved_specialty_column_type=\u00a0\u00bb3_4&Prime; _builder_version=\u00a0\u00bb4.17.4&Prime; _module_preset=\u00a0\u00bbdefault\u00a0\u00bb global_colors_info=\u00a0\u00bb{}\u00a0\u00bb][et_pb_text _builder_version=\u00a0\u00bb4.27.4&Prime; _module_preset=\u00a0\u00bbdefault\u00a0\u00bb link_option_url=\u00a0\u00bbhttps:\/\/player.vimeo.com\/video\/1176994237?badge=0&#038;autopause=0&#038;player_id=0&#038;app_id=58479&Prime; link_option_url_new_window=\u00a0\u00bbon\u00a0\u00bb global_colors_info=\u00a0\u00bb{}\u00a0\u00bb]<\/p>\n<p class=\"sf-h4 detailprogamm-title\"><a href=\"https:\/\/player.vimeo.com\/video\/1176994237?badge=0&amp;amp;autopause=0&amp;amp;player_id=0&amp;amp;app_id=58479\" target=\"_blank\" rel=\"noopener\">Herausforderung Urteilsf\u00e4higkeit<\/a><\/p>\n<p>Dr. Marc L\u00fcthy und Ursula Uttinger<\/p>\n<p>[\/et_pb_text][\/et_pb_column_inner][\/et_pb_row_inner][et_pb_row_inner column_structure=\u00a0\u00bb1_2,1_2&Prime; disabled_on=\u00a0\u00bboff|off|off\u00a0\u00bb admin_label=\u00a0\u00bbVideo \/ Bild-Zeile 2&Prime; _builder_version=\u00a0\u00bb4.17.4&Prime; _module_preset=\u00a0\u00bbdefault\u00a0\u00bb global_colors_info=\u00a0\u00bb{}\u00a0\u00bb][et_pb_column_inner type=\u00a0\u00bb1_2&Prime; saved_specialty_column_type=\u00a0\u00bb3_4&Prime; _builder_version=\u00a0\u00bb4.17.4&Prime; _module_preset=\u00a0\u00bbdefault\u00a0\u00bb global_colors_info=\u00a0\u00bb{}\u00a0\u00bb][et_pb_image src=\u00a0\u00bbhttps:\/\/www.schulthessforum.ch\/wp-content\/media\/Urteilsfaehigkeit\/Stoll_Matthias_Urteilsfaehigkeit_Vimeo_1920x1080px_2-scaled.jpg\u00a0\u00bb title_text=\u00a0\u00bbStoll Matthias Urteilsf\u00e4higkeit Vimeo 1920x1080px 2&Prime; url=\u00a0\u00bbhttps:\/\/player.vimeo.com\/video\/1177007035?badge=0&#038;autopause=0&#038;player_id=0&#038;app_id=58479&Prime; url_new_window=\u00a0\u00bbon\u00a0\u00bb _builder_version=\u00a0\u00bb4.27.4&Prime; _module_preset=\u00a0\u00bbdefault\u00a0\u00bb global_colors_info=\u00a0\u00bb{}\u00a0\u00bb][\/et_pb_image][\/et_pb_column_inner][et_pb_column_inner type=\u00a0\u00bb1_2&Prime; saved_specialty_column_type=\u00a0\u00bb3_4&Prime; _builder_version=\u00a0\u00bb4.17.4&Prime; _module_preset=\u00a0\u00bbdefault\u00a0\u00bb global_colors_info=\u00a0\u00bb{}\u00a0\u00bb][et_pb_text _builder_version=\u00a0\u00bb4.27.4&Prime; _module_preset=\u00a0\u00bbdefault\u00a0\u00bb link_option_url=\u00a0\u00bbhttps:\/\/player.vimeo.com\/video\/1177007035?badge=0&#038;autopause=0&#038;player_id=0&#038;app_id=58479&Prime; link_option_url_new_window=\u00a0\u00bbon\u00a0\u00bb global_colors_info=\u00a0\u00bb{}\u00a0\u00bb]<\/p>\n<p class=\"sf-h4 detailprogamm-title\"><a href=\"https:\/\/player.vimeo.com\/video\/1177007035?badge=0&amp;amp;autopause=0&amp;amp;player_id=0&amp;amp;app_id=58479\" target=\"_blank\" rel=\"noopener\">Die Urteilsf\u00e4higkeit im Personenstandswesen und ihre Auswirkung auf (h\u00f6chst) pers\u00f6nliche Rechte<\/a><\/p>\n<p>Markus Stoll<\/p>\n<p>[\/et_pb_text][\/et_pb_column_inner][\/et_pb_row_inner][et_pb_row_inner column_structure=\u00a0\u00bb1_2,1_2&Prime; disabled_on=\u00a0\u00bboff|off|off\u00a0\u00bb admin_label=\u00a0\u00bbVideo \/ Bild-Zeile 3&Prime; _builder_version=\u00a0\u00bb4.17.4&Prime; _module_preset=\u00a0\u00bbdefault\u00a0\u00bb global_colors_info=\u00a0\u00bb{}\u00a0\u00bb][et_pb_column_inner type=\u00a0\u00bb1_2&Prime; saved_specialty_column_type=\u00a0\u00bb3_4&Prime; _builder_version=\u00a0\u00bb4.17.4&Prime; _module_preset=\u00a0\u00bbdefault\u00a0\u00bb global_colors_info=\u00a0\u00bb{}\u00a0\u00bb][et_pb_image src=\u00a0\u00bbhttps:\/\/www.schulthessforum.ch\/wp-content\/media\/Urteilsfaehigkeit\/Weiss-Fischer-Shand_Urteilsfaehigekeit_2026_Vimeo_1920x1080px_2-scaled.jpg\u00a0\u00bb title_text=\u00a0\u00bbWeiss Fischer Shand Urteilsf\u00e4higekeit 2026 Vimeo 1920x1080px 2&Prime; url=\u00a0\u00bbhttps:\/\/player.vimeo.com\/video\/1177011539?badge=0&#038;autopause=0&#038;player_id=0&#038;app_id=58479&Prime; url_new_window=\u00a0\u00bbon\u00a0\u00bb _builder_version=\u00a0\u00bb4.27.4&Prime; _module_preset=\u00a0\u00bbdefault\u00a0\u00bb global_colors_info=\u00a0\u00bb{}\u00a0\u00bb][\/et_pb_image][\/et_pb_column_inner][et_pb_column_inner type=\u00a0\u00bb1_2&Prime; saved_specialty_column_type=\u00a0\u00bb3_4&Prime; _builder_version=\u00a0\u00bb4.17.4&Prime; _module_preset=\u00a0\u00bbdefault\u00a0\u00bb global_colors_info=\u00a0\u00bb{}\u00a0\u00bb][et_pb_text _builder_version=\u00a0\u00bb4.27.4&Prime; _module_preset=\u00a0\u00bbdefault\u00a0\u00bb link_option_url=\u00a0\u00bbhttps:\/\/player.vimeo.com\/video\/1177011539?badge=0&#038;autopause=0&#038;player_id=0&#038;app_id=58479&Prime; link_option_url_new_window=\u00a0\u00bbon\u00a0\u00bb global_colors_info=\u00a0\u00bb{}\u00a0\u00bb]<\/p>\n<p class=\"sf-h4 detailprogamm-title\"><a href=\"https:\/\/player.vimeo.com\/video\/1177011539?badge=0&amp;amp;autopause=0&amp;amp;player_id=0&amp;amp;app_id=58479\" target=\"_blank\" rel=\"noopener\">Aktuelle Praxisfragen rund um die Urteilsf\u00e4higkeit im Familien-, Erb- und Erwachsenenschutzrecht<\/a><\/p>\n<p>Dr. Kinga M. Weiss und Ramona Fischer-Shand<\/p>\n<p>[\/et_pb_text][\/et_pb_column_inner][\/et_pb_row_inner][et_pb_row_inner column_structure=\u00a0\u00bb1_2,1_2&Prime; disabled_on=\u00a0\u00bboff|off|off\u00a0\u00bb admin_label=\u00a0\u00bbVideo \/ Bild-Zeile 4&Prime; _builder_version=\u00a0\u00bb4.17.4&Prime; _module_preset=\u00a0\u00bbdefault\u00a0\u00bb global_colors_info=\u00a0\u00bb{}\u00a0\u00bb][et_pb_column_inner type=\u00a0\u00bb1_2&Prime; saved_specialty_column_type=\u00a0\u00bb3_4&Prime; _builder_version=\u00a0\u00bb4.17.4&Prime; _module_preset=\u00a0\u00bbdefault\u00a0\u00bb global_colors_info=\u00a0\u00bb{}\u00a0\u00bb][et_pb_image src=\u00a0\u00bbhttps:\/\/www.schulthessforum.ch\/wp-content\/media\/Urteilsfaehigkeit\/Gehring_Urteilsfaehigkeit_Vimeo_1920x1080px_3-scaled.jpg\u00a0\u00bb title_text=\u00a0\u00bbGehring Urteilsf\u00e4higkeit Vimeo 1920x1080px 3&Prime; url=\u00a0\u00bbhttps:\/\/player.vimeo.com\/video\/1177023104?badge=0&#038;autopause=0&#038;player_id=0&#038;app_id=58479&Prime; url_new_window=\u00a0\u00bbon\u00a0\u00bb _builder_version=\u00a0\u00bb4.27.4&Prime; _module_preset=\u00a0\u00bbdefault\u00a0\u00bb global_colors_info=\u00a0\u00bb{}\u00a0\u00bb][\/et_pb_image][\/et_pb_column_inner][et_pb_column_inner type=\u00a0\u00bb1_2&Prime; saved_specialty_column_type=\u00a0\u00bb3_4&Prime; _builder_version=\u00a0\u00bb4.17.4&Prime; _module_preset=\u00a0\u00bbdefault\u00a0\u00bb global_colors_info=\u00a0\u00bb{}\u00a0\u00bb][et_pb_text _builder_version=\u00a0\u00bb4.27.4&Prime; _module_preset=\u00a0\u00bbdefault\u00a0\u00bb link_option_url=\u00a0\u00bbhttps:\/\/player.vimeo.com\/video\/1177023104?badge=0&#038;autopause=0&#038;player_id=0&#038;app_id=58479&Prime; link_option_url_new_window=\u00a0\u00bbon\u00a0\u00bb global_colors_info=\u00a0\u00bb{}\u00a0\u00bb]<\/p>\n<p class=\"sf-h4 detailprogamm-title\"><a href=\"https:\/\/player.vimeo.com\/video\/1177023104?badge=0&amp;amp;autopause=0&amp;amp;player_id=0&amp;amp;app_id=58479\" target=\"_blank\" rel=\"noopener\">Sozialversicherungsrechtliche Aspekte<\/a><\/p>\n<p>Dr. Kaspar Gehring<\/p>\n<p>[\/et_pb_text][\/et_pb_column_inner][\/et_pb_row_inner][et_pb_row_inner column_structure=\u00a0\u00bb1_2,1_2&Prime; disabled_on=\u00a0\u00bboff|off|off\u00a0\u00bb admin_label=\u00a0\u00bbVideo \/ Bild-Zeile 4&Prime; _builder_version=\u00a0\u00bb4.17.4&Prime; _module_preset=\u00a0\u00bbdefault\u00a0\u00bb global_colors_info=\u00a0\u00bb{}\u00a0\u00bb][et_pb_column_inner type=\u00a0\u00bb1_2&Prime; saved_specialty_column_type=\u00a0\u00bb3_4&Prime; _builder_version=\u00a0\u00bb4.17.4&Prime; _module_preset=\u00a0\u00bbdefault\u00a0\u00bb global_colors_info=\u00a0\u00bb{}\u00a0\u00bb][et_pb_image src=\u00a0\u00bbhttps:\/\/www.schulthessforum.ch\/wp-content\/media\/Erbrecht\/Erbrecht-2026\/Schulthess-Forum_1920x1080px.png\u00a0\u00bb title_text=\u00a0\u00bbSchulthess Forum 1920x1080px\u00a0\u00bb url=\u00a0\u00bbhttps:\/\/player.vimeo.com\/video\/1177025125?badge=0&#038;autopause=0&#038;player_id=0&#038;app_id=58479&Prime; url_new_window=\u00a0\u00bbon\u00a0\u00bb _builder_version=\u00a0\u00bb4.27.4&Prime; _module_preset=\u00a0\u00bbdefault\u00a0\u00bb global_colors_info=\u00a0\u00bb{}\u00a0\u00bb][\/et_pb_image][\/et_pb_column_inner][et_pb_column_inner type=\u00a0\u00bb1_2&Prime; saved_specialty_column_type=\u00a0\u00bb3_4&Prime; _builder_version=\u00a0\u00bb4.17.4&Prime; _module_preset=\u00a0\u00bbdefault\u00a0\u00bb global_colors_info=\u00a0\u00bb{}\u00a0\u00bb][et_pb_text _builder_version=\u00a0\u00bb4.27.4&Prime; _module_preset=\u00a0\u00bbdefault\u00a0\u00bb link_option_url=\u00a0\u00bbhttps:\/\/player.vimeo.com\/video\/1177023104?badge=0&#038;autopause=0&#038;player_id=0&#038;app_id=58479&Prime; link_option_url_new_window=\u00a0\u00bbon\u00a0\u00bb global_colors_info=\u00a0\u00bb{}\u00a0\u00bb]<\/p>\n<p class=\"sf-h4 detailprogamm-title\"><a href=\"https:\/\/player.vimeo.com\/video\/1177025125?badge=0&amp;amp;autopause=0&amp;amp;player_id=0&amp;amp;app_id=58479\" target=\"_blank\" rel=\"noopener\">Diskussion und Fragen<\/a><\/p>\n<p>[\/et_pb_text][\/et_pb_column_inner][\/et_pb_row_inner][\/et_pb_column][et_pb_column type=\u00a0\u00bb1_4&Prime; _builder_version=\u00a0\u00bb4.16&Prime; custom_padding=\u00a0\u00bb|||\u00a0\u00bb global_colors_info=\u00a0\u00bb{}\u00a0\u00bb custom_padding__hover=\u00a0\u00bb|||\u00a0\u00bb][sfdm_video_list disabled_on=\u00a0\u00bbon|on|on\u00a0\u00bb _builder_version=\u00a0\u00bb4.22.1&Prime; _module_preset=\u00a0\u00bbdefault\u00a0\u00bb disabled=\u00a0\u00bbon\u00a0\u00bb global_colors_info=\u00a0\u00bb{}\u00a0\u00bb][sfdm_video_list_item title=\u00a0\u00bbTesttitel 1&Prime; id=\u00a0\u00bb840581539&Prime; _builder_version=\u00a0\u00bb4.22.1&Prime; _module_preset=\u00a0\u00bbdefault\u00a0\u00bb global_colors_info=\u00a0\u00bb{}\u00a0\u00bb][\/sfdm_video_list_item][\/sfdm_video_list][\/et_pb_column][\/et_pb_section][et_pb_section fb_built=\u00a0\u00bb1&Prime; admin_label=\u00a0\u00bbPartner\u00a0\u00bb module_id=\u00a0\u00bbschulthess-partner\u00a0\u00bb _builder_version=\u00a0\u00bb4.17.4&Prime; _module_preset=\u00a0\u00bbdefault\u00a0\u00bb background_enable_color=\u00a0\u00bboff\u00a0\u00bb saved_tabs=\u00a0\u00bball\u00a0\u00bb locked=\u00a0\u00bboff\u00a0\u00bb collapsed=\u00a0\u00bboff\u00a0\u00bb global_colors_info=\u00a0\u00bb{}\u00a0\u00bb][et_pb_row disabled_on=\u00a0\u00bbon|on|on\u00a0\u00bb _builder_version=\u00a0\u00bb4.16&Prime; _module_preset=\u00a0\u00bbdefault\u00a0\u00bb disabled=\u00a0\u00bbon\u00a0\u00bb locked=\u00a0\u00bboff\u00a0\u00bb collapsed=\u00a0\u00bboff\u00a0\u00bb global_colors_info=\u00a0\u00bb{}\u00a0\u00bb][et_pb_column type=\u00a0\u00bb4_4&Prime; _builder_version=\u00a0\u00bb4.16&Prime; _module_preset=\u00a0\u00bbdefault\u00a0\u00bb global_colors_info=\u00a0\u00bb{}\u00a0\u00bb][et_pb_text admin_label=\u00a0\u00bb\u00dcberschrift\u00a0\u00bb module_class=\u00a0\u00bbsf-h2 schulthess-product-partner-headline-wrapper\u00a0\u00bb _builder_version=\u00a0\u00bb4.19.5&Prime; _module_preset=\u00a0\u00bbdefault\u00a0\u00bb locked=\u00a0\u00bboff\u00a0\u00bb global_colors_info=\u00a0\u00bb{}\u00a0\u00bb]<?-- NICHT ZU VISUELL WECHSELN. DIE BUTTONS GEHEN SONST VERLOREN --><\/p>\n<h5>Partner<\/h5>\n<p><!--div class=\"schulthess-product-partner-nav\">[schulthess_product_partner_tabs]\n\n\n<div class=\"buttons\"><button class=\"grid icon_grid aktiv\"><span><\/span><\/button><button class=\"list icon_list\"><span><\/span><\/button><\/div>\n\n\n<\/div-->[\/et_pb_text][et_pb_code disabled_on=\u00a0\u00bboff|off|off\u00a0\u00bb admin_label=\u00a0\u00bbCode (ein grid, keine Filter)\u00a0\u00bb _builder_version=\u00a0\u00bb4.17.4&Prime; _module_preset=\u00a0\u00bbdefault\u00a0\u00bb locked=\u00a0\u00bboff\u00a0\u00bb global_colors_info=\u00a0\u00bb{}\u00a0\u00bb]<div class=\"schulthess-product-partner-wrapper grid\">\n                  <div id=\"9603\" class=\"schulthess-product-partner Medienpartner\" partner-type=\"Medienpartner\">\n                        <div class=\"schulthess-product-partner-image\">\n                                <img loading=\"lazy\" decoding=\"async\" src=\"https:\/\/www.schulthessforum.ch\/wp-content\/media\/Partner\/iusnet_Website_Familienrecht_364x104px-250x71.png\" alt=\"iusnet Familienrecht\" title=\"iusnet Familienrecht\" width=\"250\" height=\"150\" \/>\n                        <\/div>\n                        <div class=\"schulthess-product-partner-info\">\n                            <div class=\"content\">\n                                <h4 class=\"schulthess-product-partner-name\">iusnet Familienrecht<\/h4>\n                                <p class=\"schulthess-product-partner-type\">\n                                    Medienpartner\n                                <\/p>\n                                <p class=\"schulthess-product-partner-description\">\n                                    Das neue mehrstufige Informationssystem iusnet Familienrecht liefert Ihnen mit dem regelm\u00e4ssigen Newsletter bis zu 12 Mal j\u00e4hrlich einen kompakten \u00dcberblick \u00fcber die wichtigsten Entwicklungen in Rechtsprechung und Gesetzgebung zu Themengebieten wie Ehe- und Scheidungsrecht, Unterhalt, G\u00fcterrecht, Kindesschutz u.v.m. Die Online-Plattform iusnet Familienrecht enth\u00e4lt nebst s\u00e4mtlichen Inhalten aus dem Newsletter weitere Entscheide, Informationen zu Gesetzgebung, Kommentierungen sowie Fachbeitr\u00e4ge. \n                                <\/p>\n                                <p class=\"schulthess-product-partner-speakers\">\n                                    Referenten: \n                                <\/p>\n                                <!--div class=\"schulthess-product-partner-link\">\n                                        <span>zur Website<\/span>\n                                        <span class=\"link-icon\">\n                                            <svg xmlns=\"http:\/\/www.w3.org\/2000\/svg\" width=\"11\" height=\"10\" viewBox=\"0 0 9.697 9.017\">\n                                                <g transform=\"translate(-813.933 -2094.752)\">\n                                                    <path d=\"M9442.49,1683l3.447,3.448-3.447,3.448\" transform=\"translate(-8627.497 412.813)\" fill=\"none\" stroke=\"#000\" stroke-linecap=\"round\" stroke-width=\"1.5\"\/>\n                                                    <path d=\"M9442.49,1683l3.447,3.448-3.447,3.448\" transform=\"translate(-8623.368 412.813)\" fill=\"none\" stroke=\"#000\" stroke-linecap=\"round\" stroke-width=\"1.5\"\/>\n                                                <\/g>\n                                            <\/svg>\n                                        <\/span>\n                                <\/div-->\n                            <\/div>\n                        <\/div>\n                    <\/div><div id=\"10376\" class=\"schulthess-product-partner Medienpartner\" partner-type=\"Medienpartner\">\n                        <div class=\"schulthess-product-partner-image\">\n                                <img loading=\"lazy\" decoding=\"async\" src=\"https:\/\/www.schulthessforum.ch\/wp-content\/media\/Partner\/iusnet_Erbrecht_Webseite_Logo-250x72.png\" alt=\"iusnet Erbrecht\" title=\"iusnet Erbrecht\" width=\"250\" height=\"150\" \/>\n                        <\/div>\n                        <div class=\"schulthess-product-partner-info\">\n                            <div class=\"content\">\n                                <h4 class=\"schulthess-product-partner-name\">iusnet Erbrecht<\/h4>\n                                <p class=\"schulthess-product-partner-type\">\n                                    Medienpartner\n                                <\/p>\n                                <p class=\"schulthess-product-partner-description\">\n                                    Die Online-Plattform iusnet Erbrecht bietet Ihnen weitere Entscheide, Informationen zu Gesetzgebung, Arbeitshilfen sowie Kommentierungen. Eine hilfreiche Suchfunktion f\u00fchrt Sie treffsicher zu den gew\u00fcnschten Ergebnissen. Weitere Mehrwerte bieten der Veranstaltungskalender sowie ein \u00fcbersichtlicher Pressespiegel. Der Pressespiegel beinhaltet eine Auflistung der relevanten Fachartikel aus den juristischen Fachzeitschriften der Schweiz.\r\n \r\nNutzen Sie das mehrstufige Informationssystem von iusnet und sparen Sie wertvolle Arbeitszeit! Das Abonnement beinhaltet den Newsletter und einen unlimitierten Zugang zur Online-Plattform iusnet Erbrecht. Der Newsletter liefert Ihnen bis zu sechs Mal j\u00e4hrlich einen raschen \u00dcberblick \u00fcber die wichtigsten Entwicklungen in Rechtsprechung und Gesetzgebung zum Erbrecht. Beantragen Sie jetzt Ihr Abonnement und lassen Sie sich regelm\u00e4ssig und zeitsparend informieren! \n                                <\/p>\n                                <p class=\"schulthess-product-partner-speakers\">\n                                    Referenten: \n                                <\/p>\n                                <!--div class=\"schulthess-product-partner-link\">\n                                        <span>zur Website<\/span>\n                                        <span class=\"link-icon\">\n                                            <svg xmlns=\"http:\/\/www.w3.org\/2000\/svg\" width=\"11\" height=\"10\" viewBox=\"0 0 9.697 9.017\">\n                                                <g transform=\"translate(-813.933 -2094.752)\">\n                                                    <path d=\"M9442.49,1683l3.447,3.448-3.447,3.448\" transform=\"translate(-8627.497 412.813)\" fill=\"none\" stroke=\"#000\" stroke-linecap=\"round\" stroke-width=\"1.5\"\/>\n                                                    <path d=\"M9442.49,1683l3.447,3.448-3.447,3.448\" transform=\"translate(-8623.368 412.813)\" fill=\"none\" stroke=\"#000\" stroke-linecap=\"round\" stroke-width=\"1.5\"\/>\n                                                <\/g>\n                                            <\/svg>\n                                        <\/span>\n                                <\/div-->\n                            <\/div>\n                        <\/div>\n                    <\/div><div id=\"8047\" class=\"schulthess-product-partner Medienpartner\" partner-type=\"Medienpartner\">\n                        <div class=\"schulthess-product-partner-image\">\n                                <img loading=\"lazy\" decoding=\"async\" src=\"https:\/\/www.schulthessforum.ch\/wp-content\/media\/Partner\/iusnet_Website_Arbeitsrecht_und_Sozialversicherungsrecht_364x104px-250x71.png\" alt=\"iusnet Arbeitsrecht und Sozialversicherungsrecht\" title=\"iusnet Arbeitsrecht und Sozialversicherungsrecht\" width=\"250\" height=\"150\" \/>\n                        <\/div>\n                        <div class=\"schulthess-product-partner-info\">\n                            <div class=\"content\">\n                                <h4 class=\"schulthess-product-partner-name\">iusnet Arbeitsrecht und Sozialversicherungsrecht<\/h4>\n                                <p class=\"schulthess-product-partner-type\">\n                                    Medienpartner\n                                <\/p>\n                                <p class=\"schulthess-product-partner-description\">\n                                    Der monatliche Newsletter Arbeitsrecht und Sozialversicherungsrecht liefert Ihnen einen raschen \u00dcberblick \u00fcber die wichtigsten Entwicklungen in Rechtsprechung und Gesetzgebung im Schnittstellenbereich von Arbeitsrecht und Sozialversicherungsrecht. \r\nAusgew\u00e4hlte Gerichtsentscheide werden in deutscher Sprache zusammengefasst. Auf die Praxis zugeschnittene Kommentierungen zu Rechtsprechung und Gesetzgebung sowie n\u00fctzliche Arbeitshilfen werden Ihnen ebenfalls zur Verf\u00fcgung gestellt.\r\n\n                                <\/p>\n                                <p class=\"schulthess-product-partner-speakers\">\n                                    Referenten: \n                                <\/p>\n                                <!--div class=\"schulthess-product-partner-link\">\n                                        <span>zur Website<\/span>\n                                        <span class=\"link-icon\">\n                                            <svg xmlns=\"http:\/\/www.w3.org\/2000\/svg\" width=\"11\" height=\"10\" viewBox=\"0 0 9.697 9.017\">\n                                                <g transform=\"translate(-813.933 -2094.752)\">\n                                                    <path d=\"M9442.49,1683l3.447,3.448-3.447,3.448\" transform=\"translate(-8627.497 412.813)\" fill=\"none\" stroke=\"#000\" stroke-linecap=\"round\" stroke-width=\"1.5\"\/>\n                                                    <path d=\"M9442.49,1683l3.447,3.448-3.447,3.448\" transform=\"translate(-8623.368 412.813)\" fill=\"none\" stroke=\"#000\" stroke-linecap=\"round\" stroke-width=\"1.5\"\/>\n                                                <\/g>\n                                            <\/svg>\n                                        <\/span>\n                                <\/div-->\n                            <\/div>\n                        <\/div>\n                    <\/div><div id=\"6245\" class=\"schulthess-product-partner Medienpartner\" partner-type=\"Medienpartner\">\n                        <div class=\"schulthess-product-partner-image\">\n                                <img loading=\"lazy\" decoding=\"async\" src=\"https:\/\/www.schulthessforum.ch\/wp-content\/media\/Partner\/logos\/Successio_rgb.svg\" alt=\"successio\" title=\"successio\" width=\"250\" height=\"150\" \/>\n                        <\/div>\n                        <div class=\"schulthess-product-partner-info\">\n                            <div class=\"content\">\n                                <h4 class=\"schulthess-product-partner-name\">successio<\/h4>\n                                <p class=\"schulthess-product-partner-type\">\n                                    Medienpartner\n                                <\/p>\n                                <p class=\"schulthess-product-partner-description\">\n                                    Die successio, Zeitschrift f\u00fcr Erbrecht - Nachlassplanung und -abwicklung, hat in den elf Jahren ihres Bestehens wertvolle Dienste im Bereich der Nachlassplanung und -abwicklung geleistet \u2013 dem Praktiker ebenso wie der wissenschaftlichen Rechtsentwicklung: \u00fcbersichtlich, konzis und gehaltvoll. Das renommierte Herausgeberkollegium schafft es hervorragend, die Themen viermal j\u00e4hrlich praxisbezogen auszuw\u00e4hlen und tiefgr\u00fcndig darzulegen. Fundierte Aufs\u00e4tze namhafter Autoren zu grundlegenden Themen bieten Ihnen einen \u00dcberblick \u00fcber den jeweiligen Meinungsstand, zeigen L\u00f6sungsm\u00f6glichkeiten auf und bereichern Ihre \u00dcberlegungen.\n                                <\/p>\n                                <p class=\"schulthess-product-partner-speakers\">\n                                    Referenten: \n                                <\/p>\n                                <!--div class=\"schulthess-product-partner-link\">\n                                        <span>zur Website<\/span>\n                                        <span class=\"link-icon\">\n                                            <svg xmlns=\"http:\/\/www.w3.org\/2000\/svg\" width=\"11\" height=\"10\" viewBox=\"0 0 9.697 9.017\">\n                                                <g transform=\"translate(-813.933 -2094.752)\">\n                                                    <path d=\"M9442.49,1683l3.447,3.448-3.447,3.448\" transform=\"translate(-8627.497 412.813)\" fill=\"none\" stroke=\"#000\" stroke-linecap=\"round\" stroke-width=\"1.5\"\/>\n                                                    <path d=\"M9442.49,1683l3.447,3.448-3.447,3.448\" transform=\"translate(-8623.368 412.813)\" fill=\"none\" stroke=\"#000\" stroke-linecap=\"round\" stroke-width=\"1.5\"\/>\n                                                <\/g>\n                                            <\/svg>\n                                        <\/span>\n                                <\/div-->\n                            <\/div>\n                        <\/div>\n                    <\/div><div id=\"9613\" class=\"schulthess-product-partner Medienpartner\" partner-type=\"Medienpartner\">\n                        <div class=\"schulthess-product-partner-image\">\n                                <img loading=\"lazy\" decoding=\"async\" src=\"https:\/\/www.schulthessforum.ch\/wp-content\/media\/Partner\/RMA_ZKE_350x100px-250x83.png\" alt=\"ZKE Zeitschrift f\u00fcr Kindes- und Erwachsenenschutz\" title=\"ZKE Zeitschrift f\u00fcr Kindes- und Erwachsenenschutz\" width=\"250\" height=\"150\" \/>\n                        <\/div>\n                        <div class=\"schulthess-product-partner-info\">\n                            <div class=\"content\">\n                                <h4 class=\"schulthess-product-partner-name\">ZKE Zeitschrift f\u00fcr Kindes- und Erwachsenenschutz<\/h4>\n                                <p class=\"schulthess-product-partner-type\">\n                                    Medienpartner\n                                <\/p>\n                                <p class=\"schulthess-product-partner-description\">\n                                    Die ZKE, die einzige schweizerische Fachzeitschrift f\u00fcr Kindes- und Erwachsenenschutz informiert interdisziplin\u00e4r abgest\u00fctzt \u00fcber die Rechtspraxis des Kindes- und Erwachsenenschutzes. Diese richtet sich an Personen, die mit sozialjuristischen Hilfeleistungen betraut sind. Zu aktuellen Fragestellungen aus der Praxis liefert die ZKE l\u00f6sungsorientierte Aufs\u00e4tze aus dem Ehe-, Kindes- und Erwachsenenschutzrecht. Die wichtigsten Entscheide des Schweizerischen Bundesgerichts und kantonaler Instanzen verhelfen, kontinuierlich \u00e0 jour zu bleiben. Zur schnellen Orientierung werden Zusammenfassungen aller \u00f6ffentlich zug\u00e4nglichen Entscheide des Schweizerischen Bundesgerichts und des Europ\u00e4ischen Gerichtshofes f\u00fcr Menschenrechte geboten. Ausgewiesene Expertinnen und Experten und die Konferenz f\u00fcr Kindes- und Erwachsenenschutz (KOKES) als Herausgeberin stellen die hohe Qualit\u00e4t der Inhalte sicher.\n                                <\/p>\n                                <p class=\"schulthess-product-partner-speakers\">\n                                    Referenten: \n                                <\/p>\n                                <!--div class=\"schulthess-product-partner-link\">\n                                        <span>zur Website<\/span>\n                                        <span class=\"link-icon\">\n                                            <svg xmlns=\"http:\/\/www.w3.org\/2000\/svg\" width=\"11\" height=\"10\" viewBox=\"0 0 9.697 9.017\">\n                                                <g transform=\"translate(-813.933 -2094.752)\">\n                                                    <path d=\"M9442.49,1683l3.447,3.448-3.447,3.448\" transform=\"translate(-8627.497 412.813)\" fill=\"none\" stroke=\"#000\" stroke-linecap=\"round\" stroke-width=\"1.5\"\/>\n                                                    <path d=\"M9442.49,1683l3.447,3.448-3.447,3.448\" transform=\"translate(-8623.368 412.813)\" fill=\"none\" stroke=\"#000\" stroke-linecap=\"round\" stroke-width=\"1.5\"\/>\n                                                <\/g>\n                                            <\/svg>\n                                        <\/span>\n                                <\/div-->\n                            <\/div>\n                        <\/div>\n                    <\/div>\n            <\/div>\n            <script>\n\n              var btns1 = jQuery(\".schulthess-product-partner-headline-wrapper .buttons\");\n              btns1.find(\".grid\").addClass(\"aktiv\");\n\n              btns1.find(\"button\").on(\"click\",function(e) {\n                btns1.find(\".grid\").removeClass(\"aktiv\");\n                btns1.find(\".list\").removeClass(\"aktiv\");\n                if (jQuery(this).hasClass(\"grid\")) {\n                    jQuery(\".schulthess-product-partner-wrapper\").removeClass(\"list\").addClass(\"grid\");\n                    jQuery(this).addClass(\"aktiv\");\n                    jQuery(\".schulthess-product-partner-wrapper .schulthess-product-partner-info\").hide();\n                }\n                else if(jQuery(this).hasClass(\"list\")) {\n                    jQuery(\".schulthess-product-partner-wrapper\").removeClass(\"grid\").addClass(\"list\");\n                    jQuery(\".schulthess-product-partner-wrapper .schulthess-product-partner-info\").show();\n                    jQuery(this).addClass(\"aktiv\");\n                }\n              });\n            <\/script>[\/et_pb_code][\/et_pb_column][\/et_pb_row][et_pb_row disabled_on=\u00a0\u00bboff|off|off\u00a0\u00bb _builder_version=\u00a0\u00bb4.16&Prime; _module_preset=\u00a0\u00bbdefault\u00a0\u00bb locked=\u00a0\u00bboff\u00a0\u00bb collapsed=\u00a0\u00bboff\u00a0\u00bb global_colors_info=\u00a0\u00bb{}\u00a0\u00bb][et_pb_column type=\u00a0\u00bb4_4&Prime; _builder_version=\u00a0\u00bb4.16&Prime; _module_preset=\u00a0\u00bbdefault\u00a0\u00bb global_colors_info=\u00a0\u00bb{}\u00a0\u00bb][et_pb_code admin_label=\u00a0\u00bbMedienpartner\u00a0\u00bb _builder_version=\u00a0\u00bb4.22.1&Prime; _module_preset=\u00a0\u00bbdefault\u00a0\u00bb locked=\u00a0\u00bboff\u00a0\u00bb global_colors_info=\u00a0\u00bb{}\u00a0\u00bb]<div class=\"et_pb_row sf-h3\">\n            <div class=\"et_pb_module et_pb_text schulthess-product-partner-headline-wrapper\">\n                <h5 class=\"schulthess-product-partner-type\" id=\"medienpartner\">Partenaires m\u00e9dias<\/h5>\n            <\/div>\n            <div class=\"et_pb_module\"><div class=\"et_pb_column_1_4 et_pb_column\">\n                        <div class=\"sf-product-partner-container\">\n                            <a href=\"https:\/\/www.schulthess.com\/de\/portfolio\/schulthess\/schulthess-digital\/iusnet\/iusnet-familienrecht\" title=\"iusnet Familienrecht\" target=\"_blank\" rel=\"noopener nofollow\"><img loading=\"lazy\" decoding=\"async\" class=\"\" src=\"https:\/\/www.schulthessforum.ch\/wp-content\/media\/Partner\/iusnet_Website_Familienrecht_364x104px.png\" style=\"aspect-ratio: 364 \/ 104\" width=\"364\" height=\"104\" alt=\"iusnet Familienrecht\" title=\"iusnet Familienrecht\"\/><\/a>\n                        <\/div>\n                    <\/div><div class=\"et_pb_column_1_4 et_pb_column\">\n                        <div class=\"sf-product-partner-container\">\n                            <a href=\"https:\/\/www.schulthess.com\/de\/portfolio\/schulthess\/schulthess-digital\/iusnet\/iusnet-erbrecht\" title=\"iusnet Erbrecht\" target=\"_blank\" rel=\"noopener nofollow\"><img loading=\"lazy\" decoding=\"async\" class=\"\" src=\"https:\/\/www.schulthessforum.ch\/wp-content\/media\/Partner\/iusnet_Erbrecht_Webseite_Logo.png\" style=\"aspect-ratio: 2150 \/ 615\" width=\"2150\" height=\"615\" alt=\"iusnet Erbrecht\" title=\"iusnet Erbrecht\"\/><\/a>\n                        <\/div>\n                    <\/div><div class=\"et_pb_column_1_4 et_pb_column\">\n                        <div class=\"sf-product-partner-container\">\n                            <a href=\"https:\/\/www.schulthess.com\/de\/portfolio\/schulthess\/schulthess-digital\/iusnet\/iusnet-arbeitsrecht-und-sozialversicherungsrecht\" title=\"iusnet Arbeitsrecht und Sozialversicherungsrecht\" target=\"_blank\" rel=\"noopener nofollow\"><img loading=\"lazy\" decoding=\"async\" class=\"\" src=\"https:\/\/www.schulthessforum.ch\/wp-content\/media\/Partner\/iusnet_Website_Arbeitsrecht_und_Sozialversicherungsrecht_364x104px.png\" style=\"aspect-ratio: 364 \/ 104\" width=\"364\" height=\"104\" alt=\"iusnet Arbeitsrecht und Sozialversicherungsrecht\" title=\"iusnet Arbeitsrecht und Sozialversicherungsrecht\"\/><\/a>\n                        <\/div>\n                    <\/div><div class=\"et_pb_column_1_4 et_pb_column\">\n                        <div class=\"sf-product-partner-container\">\n                            <a href=\"https:\/\/www.successio.ch\/de\" title=\"successio\" target=\"_blank\" rel=\"noopener nofollow\"><img loading=\"lazy\" decoding=\"async\" class=\"svg-partner-logo\" src=\"https:\/\/www.schulthessforum.ch\/wp-content\/media\/Partner\/logos\/Successio_rgb.svg\" style=\"aspect-ratio: 0 \/ 0\" width=\"0\" height=\"0\" alt=\"successio\" title=\"successio\"\/><\/a>\n                        <\/div>\n                    <\/div><div class=\"et_pb_column_1_4 et_pb_column\">\n                        <div class=\"sf-product-partner-container\">\n                            <a href=\"https:\/\/www.zke-online.ch\/\" title=\"ZKE Zeitschrift f\u00fcr Kindes- und Erwachsenenschutz\" target=\"_blank\" rel=\"noopener nofollow\"><img loading=\"lazy\" decoding=\"async\" class=\"\" src=\"https:\/\/www.schulthessforum.ch\/wp-content\/media\/Partner\/RMA_ZKE_350x100px.png\" style=\"aspect-ratio: 300 \/ 100\" width=\"300\" height=\"100\" alt=\"ZKE Zeitschrift f\u00fcr Kindes- und Erwachsenenschutz\" title=\"ZKE Zeitschrift f\u00fcr Kindes- und Erwachsenenschutz\"\/><\/a>\n                        <\/div>\n                    <\/div><\/div><\/div>[\/et_pb_code][et_pb_code disabled_on=\u00a0\u00bbon|on|on\u00a0\u00bb admin_label=\u00a0\u00bbWirtschaftspartner\u00a0\u00bb _builder_version=\u00a0\u00bb4.22.1&Prime; _module_preset=\u00a0\u00bbdefault\u00a0\u00bb disabled=\u00a0\u00bbon\u00a0\u00bb locked=\u00a0\u00bboff\u00a0\u00bb global_colors_info=\u00a0\u00bb{}\u00a0\u00bb][\/et_pb_code][et_pb_code disabled_on=\u00a0\u00bbon|on|on\u00a0\u00bb admin_label=\u00a0\u00bbKooperationspartner\u00a0\u00bb _builder_version=\u00a0\u00bb4.22.1&Prime; _module_preset=\u00a0\u00bbdefault\u00a0\u00bb disabled=\u00a0\u00bbon\u00a0\u00bb locked=\u00a0\u00bboff\u00a0\u00bb global_colors_info=\u00a0\u00bb{}\u00a0\u00bb][\/et_pb_code][et_pb_code disabled_on=\u00a0\u00bbon|on|on\u00a0\u00bb admin_label=\u00a0\u00bbSponsoren\u00a0\u00bb _builder_version=\u00a0\u00bb4.22.1&Prime; _module_preset=\u00a0\u00bbdefault\u00a0\u00bb disabled=\u00a0\u00bbon\u00a0\u00bb locked=\u00a0\u00bboff\u00a0\u00bb global_colors_info=\u00a0\u00bb{}\u00a0\u00bb][\/et_pb_code][\/et_pb_column][\/et_pb_row][\/et_pb_section][et_pb_section fb_built=\u00a0\u00bb1&Prime; disabled_on=\u00a0\u00bbon|on|on\u00a0\u00bb admin_label=\u00a0\u00bbSektion Impressionen\u00a0\u00bb module_id=\u00a0\u00bbschulthess-impressionen\u00a0\u00bb _builder_version=\u00a0\u00bb4.17.4&Prime; _module_preset=\u00a0\u00bbdefault\u00a0\u00bb disabled=\u00a0\u00bbon\u00a0\u00bb collapsed=\u00a0\u00bbon\u00a0\u00bb global_colors_info=\u00a0\u00bb{}\u00a0\u00bb][et_pb_row module_class=\u00a0\u00bbsf-impressionen-slider-wrapper\u00a0\u00bb _builder_version=\u00a0\u00bb4.19.5&Prime; _module_preset=\u00a0\u00bbdefault\u00a0\u00bb global_colors_info=\u00a0\u00bb{}\u00a0\u00bb][et_pb_column type=\u00a0\u00bb4_4&Prime; _builder_version=\u00a0\u00bb4.19.5&Prime; _module_preset=\u00a0\u00bbdefault\u00a0\u00bb global_colors_info=\u00a0\u00bb{}\u00a0\u00bb][et_pb_text admin_label=\u00a0\u00bb\u00dcberschrift\u00a0\u00bb module_class=\u00a0\u00bbsf-h2&Prime; _builder_version=\u00a0\u00bb4.19.5&Prime; _module_preset=\u00a0\u00bbdefault\u00a0\u00bb global_colors_info=\u00a0\u00bb{}\u00a0\u00bb]<\/p>\n<h5>Impressionen<\/h5>\n<p>[\/et_pb_text][et_pb_gallery gallery_ids=\u00a0\u00bb1275,1274,1273,1272,1271,1266,1267,1260,1262,1253,1251,1248,1240,1244,1246&Prime; fullwidth=\u00a0\u00bbon\u00a0\u00bb admin_label=\u00a0\u00bbGalerie\u00a0\u00bb module_id=\u00a0\u00bbimpressionen-slider\u00a0\u00bb module_class=\u00a0\u00bbimpressionen-slider\u00a0\u00bb _builder_version=\u00a0\u00bb4.19.5&Prime; _module_preset=\u00a0\u00bbdefault\u00a0\u00bb animation_style=\u00a0\u00bbfade\u00a0\u00bb animation_duration=\u00a0\u00bb5000ms\u00a0\u00bb animation_starting_opacity=\u00a0\u00bb100%\u00a0\u00bb animation_repeat=\u00a0\u00bbloop\u00a0\u00bb auto=\u00a0\u00bbon\u00a0\u00bb auto_speed=\u00a0\u00bb5000&Prime; global_colors_info=\u00a0\u00bb{}\u00a0\u00bb][\/et_pb_gallery][\/et_pb_column][\/et_pb_row][\/et_pb_section]<\/p>\n","protected":false},"excerpt":{"rendered":"<h3>Grundlagen im Erb- und Familienrecht und im Zivilstandswesen<\/h3>\n<p>&nbsp;<\/p>\n<p>Wie und wann ist eine Person urteilsf\u00e4hig? Diese Frage ist zentral f\u00fcr zahlreiche Entscheidungen im Personenstandswesen und zieht erhebliche erbrechtliche und familienrechtliche Konsequenzen nach sich: Welche Bedeutung hat die Urteilsf\u00e4higkeit bei der Errichtung von Testamenten, bei Erbvertr\u00e4gen oder bei der Gestaltung von Vorsorgeauftr\u00e4gen? Wie beeinflusst sie Entscheidungen im Familienrecht, etwa bei Eheschliessungen oder bei der Aus\u00fcbung von elterlichen Rechten und Pflichten?<\/p>\n<p>Dieses Webinar beleuchtet die rechtlichen Grundlagen und praktischen Herausforderungen der Urteilsf\u00e4higkeit und zeigt, wie sie sich auf (h\u00f6chst-)pers\u00f6nliche Rechte auswirkt. Dar\u00fcber hinaus werden sozialversicherungsrechtliche Aspekte verst\u00e4ndlich eingeordnet. Teilnehmende erhalten praxisnahes Wissen f\u00fcr eine sichere Beurteilung und rechtssichere Abl\u00e4ufe in Verwaltung, Kanzlei und Beratung. Das Webinar richtet sich an Rechtsanw\u00e4lte und -anw\u00e4ltinnen aus dem Erb-, Familien- und Sozialversicherungsrecht, Fachpersonen aus Standes\u00e4mtern, Rechtsdiensten im Gesundheitswesen, Notariaten sowie an alle, die mit Fragen der Urteilsf\u00e4higkeit im beruflichen Alltag konfrontiert sind.<\/p>\n","protected":false},"author":25,"featured_media":0,"template":"","meta":{"_acf_changed":false,"_et_pb_use_builder":"on","_et_pb_old_content":"<h3>Grundlagen im Erb- und Familienrecht und im Zivilstandswesen<\/h3>\r\nWie und wann ist eine Person urteilsf\u00e4hig? Diese Frage ist zentral f\u00fcr zahlreiche Entscheidungen im Personenstandswesen und zieht erhebliche erbrechtliche und familienrechtliche Konsequenzen nach sich: Welche Bedeutung hat die Urteilsf\u00e4higkeit bei der Errichtung von Testamenten, bei Erbvertr\u00e4gen oder bei der Gestaltung von Vorsorgeauftr\u00e4gen? Wie beeinflusst sie Entscheidungen im Familienrecht, etwa bei Eheschliessungen oder bei der Aus\u00fcbung von elterlichen Rechten und Pflichten?\r\n\r\nDieses Webinar beleuchtet die rechtlichen Grundlagen und praktischen Herausforderungen der Urteilsf\u00e4higkeit und zeigt, wie sie sich auf (h\u00f6chst-)pers\u00f6nliche Rechte auswirkt. Dar\u00fcber hinaus werden sozialversicherungsrechtliche Aspekte verst\u00e4ndlich eingeordnet. Teilnehmende erhalten praxisnahes Wissen f\u00fcr eine sichere Beurteilung und rechtssichere Abl\u00e4ufe in Verwaltung, Kanzlei und Beratung. Das Webinar richtet sich an Rechtsanw\u00e4lte und -anw\u00e4ltinnen aus dem Erb-, Familien- und Sozialversicherungsrecht, Fachpersonen aus Standes\u00e4mtern, Rechtsdiensten im Gesundheitswesen, Notariaten sowie an alle, die mit Fragen der Urteilsf\u00e4higkeit im beruflichen Alltag konfrontiert sind.","_et_gb_content_width":""},"categories":[143,80,526,83,334],"tags":[],"product_brand":[],"product_cat":[229],"product_tag":[],"class_list":{"0":"post-35867","1":"product","2":"type-product","3":"status-publish","5":"category-webinar","6":"category-erbrecht","7":"category-familienrecht","8":"category-gesundheitswesen","9":"category-sozialversicherungsrecht","10":"product_cat-229","11":"pa_teilnahme-onlineveranstaltung","13":"first","14":"instock","15":"taxable","16":"shipping-taxable","17":"purchasable","18":"product-type-variable"},"acf":[],"_links":{"self":[{"href":"https:\/\/www.schulthessforum.ch\/fr\/wp-json\/wp\/v2\/product\/35867","targetHints":{"allow":["GET"]}}],"collection":[{"href":"https:\/\/www.schulthessforum.ch\/fr\/wp-json\/wp\/v2\/product"}],"about":[{"href":"https:\/\/www.schulthessforum.ch\/fr\/wp-json\/wp\/v2\/types\/product"}],"author":[{"embeddable":true,"href":"https:\/\/www.schulthessforum.ch\/fr\/wp-json\/wp\/v2\/users\/25"}],"wp:attachment":[{"href":"https:\/\/www.schulthessforum.ch\/fr\/wp-json\/wp\/v2\/media?parent=35867"}],"wp:term":[{"taxonomy":"category","embeddable":true,"href":"https:\/\/www.schulthessforum.ch\/fr\/wp-json\/wp\/v2\/categories?post=35867"},{"taxonomy":"post_tag","embeddable":true,"href":"https:\/\/www.schulthessforum.ch\/fr\/wp-json\/wp\/v2\/tags?post=35867"},{"taxonomy":"product_brand","embeddable":true,"href":"https:\/\/www.schulthessforum.ch\/fr\/wp-json\/wp\/v2\/product_brand?post=35867"},{"taxonomy":"product_cat","embeddable":true,"href":"https:\/\/www.schulthessforum.ch\/fr\/wp-json\/wp\/v2\/product_cat?post=35867"},{"taxonomy":"product_tag","embeddable":true,"href":"https:\/\/www.schulthessforum.ch\/fr\/wp-json\/wp\/v2\/product_tag?post=35867"}],"curies":[{"name":"wp","href":"https:\/\/api.w.org\/{rel}","templated":true}]}}