{"id":37688,"date":"2026-02-05T14:45:50","date_gmt":"2026-02-05T13:45:50","guid":{"rendered":"https:\/\/www.schulthessforum.ch\/?post_type=product&#038;p=37688"},"modified":"2026-04-21T10:25:27","modified_gmt":"2026-04-21T08:25:27","slug":"das-unternehmen-in-der-krise","status":"publish","type":"product","link":"https:\/\/www.schulthessforum.ch\/das-unternehmen-in-der-krise\/","title":{"rendered":"Das Unternehmen in der Krise 2026"},"content":{"rendered":"<p>[et_pb_section fb_built=\u00a0\u00bb1&Prime; disabled_on=\u00a0\u00bboff|off|off\u00a0\u00bb admin_label=\u00a0\u00bbAlert Content\u00a0\u00bb module_id=\u00a0\u00bbschulthess-header-alertbar-section\u00a0\u00bb _builder_version=\u00a0\u00bb4.19.4&Prime; _module_preset=\u00a0\u00bbdefault\u00a0\u00bb locked=\u00a0\u00bboff\u00a0\u00bb collapsed=\u00a0\u00bbon\u00a0\u00bb global_colors_info=\u00a0\u00bb{}\u00a0\u00bb][et_pb_row _builder_version=\u00a0\u00bb4.17.4&Prime; _module_preset=\u00a0\u00bbdefault\u00a0\u00bb global_colors_info=\u00a0\u00bb{}\u00a0\u00bb][et_pb_column type=\u00a0\u00bb4_4&Prime; _builder_version=\u00a0\u00bb4.17.4&Prime; _module_preset=\u00a0\u00bbdefault\u00a0\u00bb global_colors_info=\u00a0\u00bb{}\u00a0\u00bb][et_pb_code admin_label=\u00a0\u00bbCode (Alert) (ZU \u00c4NDERN IN %22HOME%22)\u00a0\u00bb module_class=\u00a0\u00bbschulthess-header-alertbar \u00a0\u00bb _builder_version=\u00a0\u00bb4.17.4&Prime; _module_preset=\u00a0\u00bbdefault\u00a0\u00bb locked=\u00a0\u00bbon\u00a0\u00bb global_colors_info=\u00a0\u00bb{}\u00a0\u00bb][\/et_pb_code][\/et_pb_column][\/et_pb_row][\/et_pb_section][et_pb_section fb_built=\u00a0\u00bb1&Prime; disabled_on=\u00a0\u00bboff|off|off\u00a0\u00bb admin_label=\u00a0\u00bbHeader &#8211; Content\u00a0\u00bb module_class=\u00a0\u00bbsf-product-header schulthess-hero\u00a0\u00bb _builder_version=\u00a0\u00bb4.20.2&Prime; _module_preset=\u00a0\u00bbdefault\u00a0\u00bb background_enable_color=\u00a0\u00bboff\u00a0\u00bb background_enable_image=\u00a0\u00bboff\u00a0\u00bb locked=\u00a0\u00bboff\u00a0\u00bb collapsed=\u00a0\u00bbon\u00a0\u00bb global_colors_info=\u00a0\u00bb{}\u00a0\u00bb][et_pb_row _builder_version=\u00a0\u00bb4.20.2&Prime; _module_preset=\u00a0\u00bbdefault\u00a0\u00bb global_colors_info=\u00a0\u00bb{}\u00a0\u00bb][et_pb_column type=\u00a0\u00bb4_4&Prime; _builder_version=\u00a0\u00bb4.20.2&Prime; _module_preset=\u00a0\u00bbdefault\u00a0\u00bb global_colors_info=\u00a0\u00bb{}\u00a0\u00bb][et_pb_text _builder_version=\u00a0\u00bb4.20.2&Prime; _module_preset=\u00a0\u00bbdefault\u00a0\u00bb global_colors_info=\u00a0\u00bb{}\u00a0\u00bb]<style>.et-db #et-boc .et-l .et_pb_section.sf-product-header.schulthess-hero{\n        background-color: #244566 !important;\n      }\n      .schulthess-hero h1 {\n        border-bottom: 3px solid #FFFFFFF !important;\n      }\n      .sf-product-header.schulthess-hero .weitereVaranstalerSchriftfarbe{\n        color: #FFFFFF !important;\n      }\n      .schulthess-hero .event-kategorie-date-headline.weitereVaranstalerSchriftfarbe,\n      .schulthess-hero .event-kategorie-date-headline.weitereVaranstalerSchriftfarbe a{\n        color: #FFFFFF !important;\n      }\n      .schulthess-hero .event-kategorie-date-headline.weitereVaranstalerSchriftfarbe a:hover,\n      .schulthess-hero .event-kategorie-date-headline.weitereVaranstalerSchriftfarbe a:focus,\n      .schulthess-hero .event-kategorie-date-headline.weitereVaranstalerSchriftfarbe a:active{\n        color: #8ac7ef !important;\n      }\n      .weitererVeranstalterLogoSubheadline{\n        width: 150px;\n        max-width: 100%;\n      }<\/style>\n\t <div class=\"et_pb_text_inner\"><h3 class=\"weitereVaranstalerSchriftfarbe\">Schulthess Forum<\/h3><\/div>\n\t <div class=\"et_pb_text_inner\"><h1 class=\"sf-product-title weitereVaranstalerSchriftfarbe\">Das Unternehmen in der Krise 2026<\/h1><\/div>\n\t <div class=\"et_pb_text_inner\"><h2 class=\"sf-product-subheadline weitereVaranstalerSchriftfarbe\">Aus der Sanierungs- und Konkurspraxis<\/h2><\/div>\n\t <div class=\"sf-product-catsDateLogos\"><span class=\"event-kategorie-date-headline weitereVaranstalerSchriftfarbe\">Schuldbetreibungs- und Konkursrecht | Tagungen | jeudi, 04.06.2026<\/span><div class=\"sf-product-logos\"><\/div><\/div>[\/et_pb_text][\/et_pb_column][\/et_pb_row][\/et_pb_section][et_pb_section fb_built=\u00a0\u00bb1&Prime; specialty=\u00a0\u00bbon\u00a0\u00bb module_class_1=\u00a0\u00bbschulthess-product-main\u00a0\u00bb module_class_2=\u00a0\u00bbschulthess-product-sidebar\u00a0\u00bb admin_label=\u00a0\u00bbMain &#8211; Content\u00a0\u00bb module_id=\u00a0\u00bbschulthess-product-mainsection\u00a0\u00bb _builder_version=\u00a0\u00bb4.19.4&Prime; _module_preset=\u00a0\u00bbdefault\u00a0\u00bb collapsed=\u00a0\u00bboff\u00a0\u00bb global_colors_info=\u00a0\u00bb{}\u00a0\u00bb][et_pb_column type=\u00a0\u00bb3_4&Prime; specialty_columns=\u00a0\u00bb3&Prime; _builder_version=\u00a0\u00bb4.16&Prime; custom_padding=\u00a0\u00bb|||\u00a0\u00bb global_colors_info=\u00a0\u00bb{}\u00a0\u00bb custom_padding__hover=\u00a0\u00bb|||\u00a0\u00bb][et_pb_row_inner admin_label=\u00a0\u00bbMen\u00fc (Programm, Referierende, Fachinformation, Partner, Impressionen, Teilnehmerbereich)\u00a0\u00bb module_id=\u00a0\u00bbschulthess-product-subnavigation\u00a0\u00bb _builder_version=\u00a0\u00bb4.19.4&Prime; background_size=\u00a0\u00bbinitial\u00a0\u00bb background_position=\u00a0\u00bbtop_left\u00a0\u00bb background_repeat=\u00a0\u00bbrepeat\u00a0\u00bb locked=\u00a0\u00bboff\u00a0\u00bb collapsed=\u00a0\u00bbon\u00a0\u00bb global_colors_info=\u00a0\u00bb{}\u00a0\u00bb][et_pb_column_inner saved_specialty_column_type=\u00a0\u00bb3_4&Prime; _builder_version=\u00a0\u00bb4.17.3&Prime; _module_preset=\u00a0\u00bbdefault\u00a0\u00bb global_colors_info=\u00a0\u00bb{}\u00a0\u00bb][et_pb_menu menu_id=\u00a0\u00bb67&Prime; module_class=\u00a0\u00bbet_smooth_scroll_disabled\u00a0\u00bb _builder_version=\u00a0\u00bb4.17.4&Prime; _module_preset=\u00a0\u00bbdefault\u00a0\u00bb locked=\u00a0\u00bboff\u00a0\u00bb global_colors_info=\u00a0\u00bb{}\u00a0\u00bb][\/et_pb_menu][\/et_pb_column_inner][\/et_pb_row_inner][et_pb_row_inner admin_label=\u00a0\u00bbKurzbeschreibung (Inhalt kommt vom Main Event Content)\u00a0\u00bb module_class=\u00a0\u00bbsf-date-shorttext-row kurzbeschreibung-border-bottom\u00a0\u00bb _builder_version=\u00a0\u00bb4.19.4&Prime; _module_preset=\u00a0\u00bbdefault\u00a0\u00bb locked=\u00a0\u00bboff\u00a0\u00bb collapsed=\u00a0\u00bbon\u00a0\u00bb global_colors_info=\u00a0\u00bb{}\u00a0\u00bb][et_pb_column_inner saved_specialty_column_type=\u00a0\u00bb3_4&Prime; _builder_version=\u00a0\u00bb4.16&Prime; _module_preset=\u00a0\u00bbdefault\u00a0\u00bb global_colors_info=\u00a0\u00bb{}\u00a0\u00bb][et_pb_text admin_label=\u00a0\u00bbKurzbeschreibung\u00a0\u00bb _builder_version=\u00a0\u00bb4.19.4&Prime; _dynamic_attributes=\u00a0\u00bbcontent\u00a0\u00bb _module_preset=\u00a0\u00bbdefault\u00a0\u00bb locked=\u00a0\u00bboff\u00a0\u00bb global_colors_info=\u00a0\u00bb{}\u00a0\u00bb]@ET-DC@eyJkeW5hbWljIjp0cnVlLCJjb250ZW50IjoicHJvZHVjdF9zaG9ydF9kZXNjcmlwdGlvbiIsInNldHRpbmdzIjp7ImJlZm9yZSI6IiIsImFmdGVyIjoiIn19@[\/et_pb_text][\/et_pb_column_inner][\/et_pb_row_inner][et_pb_row_inner admin_label=\u00a0\u00bbProgramm (Ihr Vorteil, Zielpublikum, Kurzprogramm, Detailprogramm)\u00a0\u00bb module_id=\u00a0\u00bbschulthess-programm\u00a0\u00bb _builder_version=\u00a0\u00bb4.19.4&Prime; _module_preset=\u00a0\u00bbdefault\u00a0\u00bb collapsed=\u00a0\u00bboff\u00a0\u00bb global_colors_info=\u00a0\u00bb{}\u00a0\u00bb][et_pb_column_inner saved_specialty_column_type=\u00a0\u00bb3_4&Prime; _builder_version=\u00a0\u00bb4.16&Prime; _module_preset=\u00a0\u00bbdefault\u00a0\u00bb global_colors_info=\u00a0\u00bb{}\u00a0\u00bb][et_pb_text admin_label=\u00a0\u00bbIhr Vorteil &#8211; Headline\u00a0\u00bb _builder_version=\u00a0\u00bb4.19.4&Prime; _module_preset=\u00a0\u00bbdefault\u00a0\u00bb locked=\u00a0\u00bbon\u00a0\u00bb global_colors_info=\u00a0\u00bb{}\u00a0\u00bb]<\/p>\n<h3>Ihr Vorteil<\/h3>\n<p>[\/et_pb_text][et_pb_text admin_label=\u00a0\u00bbIhr Vorteil &#8211; Liste\u00a0\u00bb module_class=\u00a0\u00bbprogramm-border-bottom\u00a0\u00bb _builder_version=\u00a0\u00bb4.27.4&Prime; _module_preset=\u00a0\u00bbdefault\u00a0\u00bb global_colors_info=\u00a0\u00bb{}\u00a0\u00bb]<\/p>\n<p>Das Schulthess Forum Das Unternehmen in der Krise 2026 zeichnet sich aus durch<\/p>\n<ul>\n<li>hohe Praxisrelevanz<\/li>\n<li>namhafte Referierende<\/li>\n<li>fachlicher und interdisziplin\u00e4rer Austausch<\/li>\n<\/ul>\n<p>[\/et_pb_text][et_pb_text admin_label=\u00a0\u00bbZielpublikum &#8211; Headline\u00a0\u00bb _builder_version=\u00a0\u00bb4.19.4&Prime; _module_preset=\u00a0\u00bbdefault\u00a0\u00bb locked=\u00a0\u00bbon\u00a0\u00bb global_colors_info=\u00a0\u00bb{}\u00a0\u00bb]<\/p>\n<h3>Zielpublikum<\/h3>\n<p>[\/et_pb_text][et_pb_text admin_label=\u00a0\u00bbZielpublikum &#8211; Liste\u00a0\u00bb module_class=\u00a0\u00bbprogramm-border-bottom\u00a0\u00bb _builder_version=\u00a0\u00bb4.27.4&Prime; _module_preset=\u00a0\u00bbdefault\u00a0\u00bb global_colors_info=\u00a0\u00bb{}\u00a0\u00bb]<\/p>\n<div class=\"content clearfix\">\n<ul>\n<li>Beratende und prozessierende Anw\u00e4lte und Anw\u00e4ltinnen<\/li>\n<li>Juristinnen und Juristen in Unternehmen<\/li>\n<li>Kaufm\u00e4nnische Leitung\/ CFO<\/li>\n<li>Unternehmens- und Finanzberatung<\/li>\n<li>Vertreter von Revisionsstellen<\/li>\n<li>Vertreter und Berater von Banken und Enforcement<\/li>\n<li>Treuhand und Steuerberatung<\/li>\n<li>Verwaltungsrat und Gesch\u00e4ftsleitung<\/li>\n<li>Mitarbeitende von Gerichten, Betreibungs- und Konkurs\u00e4mtern<\/li>\n<\/ul>\n<\/div>\n<p>[\/et_pb_text][et_pb_text admin_label=\u00a0\u00bbKurzprogramm &#8211; Headline\u00a0\u00bb _builder_version=\u00a0\u00bb4.19.4&Prime; _module_preset=\u00a0\u00bbdefault\u00a0\u00bb locked=\u00a0\u00bbon\u00a0\u00bb global_colors_info=\u00a0\u00bb{}\u00a0\u00bb]<\/p>\n<h3>Kurzprogramm<\/h3>\n<p>[\/et_pb_text][et_pb_text admin_label=\u00a0\u00bbProgramm &#8211; Liste\u00a0\u00bb module_class=\u00a0\u00bbprogramm-border-bottom\u00a0\u00bb _builder_version=\u00a0\u00bb4.27.4&Prime; _module_preset=\u00a0\u00bbdefault\u00a0\u00bb global_colors_info=\u00a0\u00bb{}\u00a0\u00bb]<\/p>\n<ul>\n<li>Bilanzanalyse und was wir aus dem finanziellen Reporting erkennen k\u00f6nnen<\/li>\n<li>Krisenbew\u00e4ltigung durch gerichtliches Nachlassverfahren<\/li>\n<li>\u00abLiability Management Exercise\u00bb als m\u00f6gliche Alternative zum gerichtlichem Nachlassverfahren<\/li>\n<li>Unternehmenskrise in grenz\u00fcberschreitenden Konstellationen<\/li>\n<li>Das Verhalten einer Bank im Krisenfall ihres Unternehmenskunden<\/li>\n<li>Krisen bei mittleren und kleineren Banken in der Praxis der FINMA<\/li>\n<li>Durchsetzung von Verantwortlichkeitsanspr\u00fcchen gegen Verwaltungsrat und Revisionsstelle<\/li>\n<\/ul>\n<p>[\/et_pb_text][et_pb_toggle title=\u00a0\u00bbDetailprogramm \u00f6ffnen\u00a0\u00bb open_toggle_background_color=\u00a0\u00bb#f7f7f7&Prime; closed_toggle_background_color=\u00a0\u00bb#f7f7f7&Prime; icon_color=\u00a0\u00bb#8ac7ef\u00a0\u00bb toggle_icon=\u00a0\u00bb&#x33;||divi||400&Prime; open_icon_color=\u00a0\u00bb#000000&Prime; open_toggle_icon=\u00a0\u00bb&#x32;||divi||400&Prime; disabled_on=\u00a0\u00bbon|on|on\u00a0\u00bb admin_label=\u00a0\u00bbProgramm &#8211; Detail\u00a0\u00bb module_id=\u00a0\u00bbprogramm-detail\u00a0\u00bb _builder_version=\u00a0\u00bb4.19.4&Prime; _module_preset=\u00a0\u00bbdefault\u00a0\u00bb title_level=\u00a0\u00bbh3&Prime; text_orientation=\u00a0\u00bbleft\u00a0\u00bb disabled=\u00a0\u00bbon\u00a0\u00bb global_colors_info=\u00a0\u00bb{}\u00a0\u00bb]<\/p>\n<table>\n<tbody>\n<tr>\n<td>XX.XX Uhr<\/td>\n<td>\n<h5>Art<\/h5>\n<h4 class=\"sf-h4\">Programmpunkt 1<\/h4>\n<p>Person<\/td>\n<\/tr>\n<tr>\n<td>XX.XX Uhr<\/td>\n<td>\n<h5>Art<\/h5>\n<h4 class=\"sf-h4\">Programmpunkt 2<\/h4>\n<p>Person<\/p>\n<ul>\n<li>Punkt 1<\/li>\n<li>Punkt 2<\/li>\n<li>Punkt 3<\/li>\n<\/ul>\n<\/td>\n<\/tr>\n<tr>\n<td>XX.XX Uhr<\/td>\n<td>\n<h5>Art<\/h5>\n<h4 class=\"sf-h4\">Programmpunkt 3<\/h4>\n<p>Person<\/td>\n<\/tr>\n<\/tbody>\n<\/table>\n<p>[\/et_pb_toggle][sfdm_event_program_list use_switcher=\u00a0\u00bboff\u00a0\u00bb disabled_on=\u00a0\u00bboff|off|off\u00a0\u00bb admin_label=\u00a0\u00bbProgramm &#8211; Detail Neu\u00a0\u00bb _builder_version=\u00a0\u00bb4.27.4&Prime; _module_preset=\u00a0\u00bbdefault\u00a0\u00bb hover_enabled=\u00a0\u00bb0&Prime; locked=\u00a0\u00bboff\u00a0\u00bb global_colors_info=\u00a0\u00bb{}\u00a0\u00bb sticky_enabled=\u00a0\u00bb0&Prime;][sfdm_event_program_list_item backend_title=\u00a0\u00bbRegistrierung und Begr\u00fcssungskaffee\u00a0\u00bb subtitle=\u00a0\u00bb08:30 &#8211; 09:00 Registrierung und Begr\u00fcssungskaffee\u00a0\u00bb type=\u00a0\u00bbbreak\u00a0\u00bb _builder_version=\u00a0\u00bb4.25.1&Prime; _module_preset=\u00a0\u00bbdefault\u00a0\u00bb global_colors_info=\u00a0\u00bb{}\u00a0\u00bb][\/sfdm_event_program_list_item][sfdm_event_program_list_item backend_title=\u00a0\u00bb9:00 &#8211; 9:05 Begr\u00fcssung und Einf\u00fchrung durch die Tagungsleitung\u00a0\u00bb title=\u00a0\u00bbBegr\u00fcssung und Einf\u00fchrung durch die Tagungsleitung\u00a0\u00bb start_time=\u00a0\u00bb09:00&Prime; end_time=\u00a0\u00bb09:05&Prime; speakers=\u00a0\u00bb<\/p>\n<p>Dr. Daniel Hunkeler<\/p>\n<p>\u00a0\u00bb _builder_version=\u00a0\u00bb4.25.1&Prime; _module_preset=\u00a0\u00bbdefault\u00a0\u00bb global_colors_info=\u00a0\u00bb{}\u00a0\u00bb][\/sfdm_event_program_list_item][sfdm_event_program_list_item backend_title=\u00a0\u00bb09:05 &#8211; 09:50 Bilanzanalyse und was wir aus dem finanziellen Reporting erkennen k\u00f6nnen \u00a0\u00bb title=\u00a0\u00bbBilanzanalyse und was wir aus dem finanziellen Reporting erkennen k\u00f6nnen \u00a0\u00bb subtitle=\u00a0\u00bbReferat\u00a0\u00bb start_time=\u00a0\u00bb09:05&Prime; end_time=\u00a0\u00bb09:50&Prime; speakers=\u00a0\u00bb<\/p>\n<p>Peter Dauwalder<\/p>\n<p>\u00a0\u00bb _builder_version=\u00a0\u00bb4.27.4&Prime; _module_preset=\u00a0\u00bbdefault\u00a0\u00bb global_colors_info=\u00a0\u00bb{}\u00a0\u00bb]<\/p>\n<ul>\n<li>Besonderer Blick auf Unterbilanz und \u00dcberschuldung<\/li>\n<li>Auswirkungen des neuen Aktienrechts auf Liquidit\u00e4tsthemen<\/li>\n<li>Fr\u00fcherkennung von Unternehmenskrisen<\/li>\n<\/ul>\n<p>[\/sfdm_event_program_list_item][sfdm_event_program_list_item backend_title=\u00a0\u00bb09:50 &#8211; 10:30 Krisenbew\u00e4ltigung durch gerichtliches Nachlassverfahren\u00a0\u00bb title=\u00a0\u00bbKrisenbew\u00e4ltigung durch gerichtliches Nachlassverfahren\u00a0\u00bb subtitle=\u00a0\u00bbReferat\u00a0\u00bb start_time=\u00a0\u00bb09:50&Prime; end_time=\u00a0\u00bb10:30&Prime; speakers=\u00a0\u00bb<\/p>\n<p>Georg Wohl<\/p>\n<p>\u00a0\u00bb _builder_version=\u00a0\u00bb4.27.4&Prime; _module_preset=\u00a0\u00bbdefault\u00a0\u00bb global_colors_info=\u00a0\u00bb{}\u00a0\u00bb]<\/p>\n<ul>\n<li>Nachlassstundung als Sanierungsinstrument des Schuldners<\/li>\n<li>Nachlassstundung als Vollstreckungsinstrument des Gl\u00e4ubigers<\/li>\n<li>Entwicklungen in der Praxis der Nachlassstundung: Stille Stundung, Prepack, Stalking Horse, Hostile Takeover<\/li>\n<\/ul>\n<p>&nbsp;<\/p>\n<p>[\/sfdm_event_program_list_item][sfdm_event_program_list_item backend_title=\u00a0\u00bbKaffeepause\u00a0\u00bb subtitle=\u00a0\u00bb10:30 &#8211; 11:00 Kaffeepause\u00a0\u00bb type=\u00a0\u00bbbreak\u00a0\u00bb _builder_version=\u00a0\u00bb4.27.4&Prime; _module_preset=\u00a0\u00bbdefault\u00a0\u00bb global_colors_info=\u00a0\u00bb{}\u00a0\u00bb][\/sfdm_event_program_list_item][sfdm_event_program_list_item backend_title=\u00a0\u00bb11:00 &#8211; 11:45 \u00abLiability Management Exercise\u00bb als m\u00f6gliche Alternative zum gerichtlichem Nachlassverfahren\u00a0\u00bb title=\u00a0\u00bb\u00abLiability Management Exercise\u00bb als m\u00f6gliche Alternative zum gerichtlichem Nachlassverfahren\u00a0\u00bb subtitle=\u00a0\u00bbReferat\u00a0\u00bb start_time=\u00a0\u00bb11:00&Prime; end_time=\u00a0\u00bb11:45&Prime; speakers=\u00a0\u00bb<\/p>\n<p>Dr. Roland Fischer<\/p>\n<p>\u00a0\u00bb _builder_version=\u00a0\u00bb4.27.4&Prime; _module_preset=\u00a0\u00bbdefault\u00a0\u00bb global_colors_info=\u00a0\u00bb{}\u00a0\u00bb]<\/p>\n<ul>\n<li>Grundlagen und Strukturen<\/li>\n<li>Kontroversen und Abwehrm\u00f6glichkeiten<\/li>\n<li>Fallstudie<\/li>\n<\/ul>\n<p>[\/sfdm_event_program_list_item][sfdm_event_program_list_item backend_title=\u00a0\u00bb11:45 &#8211; 12:30 Unternehmenskrise in grenz\u00fcberschreitenden Konstellationen\u00a0\u00bb title=\u00a0\u00bbUnternehmenskrise in grenz\u00fcberschreitenden Konstellationen\u00a0\u00bb subtitle=\u00a0\u00bbReferat\u00a0\u00bb start_time=\u00a0\u00bb11:45&Prime; end_time=\u00a0\u00bb12:30&Prime; speakers=\u00a0\u00bb<\/p>\n<p>Prof. Dr. Rashid Bahar<\/p>\n<p>\u00a0\u00bb _builder_version=\u00a0\u00bb4.27.4&Prime; _module_preset=\u00a0\u00bbdefault\u00a0\u00bb global_colors_info=\u00a0\u00bb{}\u00a0\u00bb]<\/p>\n<ul>\n<li>Nationale Herausforderungen bei Distressed Transaktionen im internationalen Kontext<\/li>\n<li>Besondere Fragestellungen<\/li>\n<li>Praxis<\/li>\n<\/ul>\n<p>[\/sfdm_event_program_list_item][sfdm_event_program_list_item backend_title=\u00a0\u00bbMittagspause\u00a0\u00bb subtitle=\u00a0\u00bb12:30 &#8211; 13:30 Mittagspause\u00a0\u00bb type=\u00a0\u00bbbreak\u00a0\u00bb _builder_version=\u00a0\u00bb4.27.4&Prime; _module_preset=\u00a0\u00bbdefault\u00a0\u00bb global_colors_info=\u00a0\u00bb{}\u00a0\u00bb][\/sfdm_event_program_list_item][sfdm_event_program_list_item backend_title=\u00a0\u00bb13:30 \u2013 14:15 Das Verhalten einer Bank im Krisenfall ihres Unternehmenskunden\u00a0\u00bb title=\u00a0\u00bbDas Verhalten einer Bank im Krisenfall ihres Unternehmenskunden\u00a0\u00bb subtitle=\u00a0\u00bbReferat\u00a0\u00bb start_time=\u00a0\u00bb13:30&Prime; end_time=\u00a0\u00bb14:15&Prime; speakers=\u00a0\u00bb<\/p>\n<p>Cornelia Diehl<\/p>\n<p>\u00a0\u00bb _builder_version=\u00a0\u00bb4.27.4&Prime; _module_preset=\u00a0\u00bbdefault\u00a0\u00bb global_colors_info=\u00a0\u00bb{}\u00a0\u00bb]<\/p>\n<ul>\n<li>Alarmzeichen und Reaktionen<\/li>\n<li>Verhalten nach eingetretener Unternehmenskrise<\/li>\n<li>Vergleich Praxis Grossbank und kleinere Bank<\/li>\n<\/ul>\n<p>[\/sfdm_event_program_list_item][sfdm_event_program_list_item backend_title=\u00a0\u00bb14:15 \u2013 15:00 Krisen bei mittleren und kleineren Banken in der Praxis der FINMA\u00a0\u00bb title=\u00a0\u00bbKrisen bei mittleren und kleineren Banken in der Praxis der FINMA\u00a0\u00bb subtitle=\u00a0\u00bbReferat\u00a0\u00bb start_time=\u00a0\u00bb14:15&Prime; end_time=\u00a0\u00bb15:00&Prime; speakers=\u00a0\u00bb<\/p>\n<p>Michael Piller<\/p>\n<p>\u00a0\u00bb _builder_version=\u00a0\u00bb4.27.4&Prime; _module_preset=\u00a0\u00bbdefault\u00a0\u00bb hover_enabled=\u00a0\u00bb0&Prime; global_colors_info=\u00a0\u00bb{}\u00a0\u00bb sticky_enabled=\u00a0\u00bb0&Prime;]<\/p>\n<ul>\n<li>Ursachen f\u00fcr Krisen<\/li>\n<li>Krisenmanagement<\/li>\n<li>Abwicklungsoptionen<\/li>\n<\/ul>\n<p>[\/sfdm_event_program_list_item][sfdm_event_program_list_item backend_title=\u00a0\u00bbKaffeepause\u00a0\u00bb subtitle=\u00a0\u00bb15:00 &#8211; 15:30 Kaffeepause\u00a0\u00bb type=\u00a0\u00bbbreak\u00a0\u00bb _builder_version=\u00a0\u00bb4.27.4&Prime; _module_preset=\u00a0\u00bbdefault\u00a0\u00bb global_colors_info=\u00a0\u00bb{}\u00a0\u00bb][\/sfdm_event_program_list_item][sfdm_event_program_list_item backend_title=\u00a0\u00bb15:30 \u2013 16:15 Durchsetzung von Verantwortlichkeitsanspr\u00fcchen gegen Verwaltungsrat und Revisionsstelle \u2013 unter Ber\u00fccksichtigung allf\u00e4lliger Berufshaftpflichtversicherungen\u00a0\u00bb title=\u00a0\u00bbDurchsetzung von Verantwortlichkeitsanspr\u00fcchen gegen Verwaltungsrat und Revisionsstelle \u2013 unter Ber\u00fccksichtigung allf\u00e4lliger Berufshaftpflichtversicherungen\u00a0\u00bb subtitle=\u00a0\u00bbReferat\u00a0\u00bb start_time=\u00a0\u00bb15:30&Prime; end_time=\u00a0\u00bb16:15&Prime; speakers=\u00a0\u00bb<\/p>\n<p>Prof. Dr. Urs Schenker<\/p>\n<p>\u00a0\u00bb _builder_version=\u00a0\u00bb4.27.4&Prime; _module_preset=\u00a0\u00bbdefault\u00a0\u00bb global_colors_info=\u00a0\u00bb{}\u00a0\u00bb]<\/p>\n<ul>\n<li>Schwierigkeiten bei aktienrechtlichen Verantwortlichkeitsprozessen<\/li>\n<li>Hinweise f\u00fcr Kl\u00e4ger und Beklagte<\/li>\n<li>Umgang mit Berufshaftpflichtversicherungen<\/li>\n<\/ul>\n<p>[\/sfdm_event_program_list_item][sfdm_event_program_list_item backend_title=\u00a0\u00bb16:15 &#8211; 16:45 Schlussrunde mit Prof. Franco Lorandi, den Referierenden und dem Publikum\u00a0\u00bb title=\u00a0\u00bbSchlussrunde mit Prof. Franco Lorandi, den Referierenden und dem Publikum\u00a0\u00bb subtitle=\u00a0\u00bbPanel\u00a0\u00bb start_time=\u00a0\u00bb16:15&Prime; end_time=\u00a0\u00bb16:45&Prime; speakers=\u00a0\u00bb<\/p>\n<p>Prof. Dr. Franco Lorandi und die Referierenden des Tages, moderiert von Dr. Daniel Hunkeler<\/p>\n<p>\u00a0\u00bb _builder_version=\u00a0\u00bb4.27.4&Prime; _module_preset=\u00a0\u00bbdefault\u00a0\u00bb global_colors_info=\u00a0\u00bb{}\u00a0\u00bb][\/sfdm_event_program_list_item][sfdm_event_program_list_item backend_title=\u00a0\u00bb16:45 Fazit und Verabschiedung\u00a0\u00bb title=\u00a0\u00bbFazit und Verabschiedung\u00a0\u00bb type=\u00a0\u00bbbreak\u00a0\u00bb speakers=\u00a0\u00bb<\/p>\n<p>Dr. Daniel Hunkeler<\/p>\n<p>\u00a0\u00bb _builder_version=\u00a0\u00bb4.27.4&Prime; _module_preset=\u00a0\u00bbdefault\u00a0\u00bb global_colors_info=\u00a0\u00bb{}\u00a0\u00bb][\/sfdm_event_program_list_item][\/sfdm_event_program_list][\/et_pb_column_inner][\/et_pb_row_inner][et_pb_row_inner disabled_on=\u00a0\u00bbon|on|on\u00a0\u00bb admin_label=\u00a0\u00bbAnzeigen (Mobile)\u00a0\u00bb _builder_version=\u00a0\u00bb4.17.4&Prime; _module_preset=\u00a0\u00bbdefault\u00a0\u00bb disabled=\u00a0\u00bbon\u00a0\u00bb locked=\u00a0\u00bboff\u00a0\u00bb collapsed=\u00a0\u00bbon\u00a0\u00bb global_colors_info=\u00a0\u00bb{}\u00a0\u00bb][et_pb_column_inner saved_specialty_column_type=\u00a0\u00bb3_4&Prime; _builder_version=\u00a0\u00bb4.17.4&Prime; _module_preset=\u00a0\u00bbdefault\u00a0\u00bb global_colors_info=\u00a0\u00bb{}\u00a0\u00bb][et_pb_code disabled_on=\u00a0\u00bboff|off|on\u00a0\u00bb admin_label=\u00a0\u00bbAnzeige(n) (MOBILE)\u00a0\u00bb module_class=\u00a0\u00bbschulthess_product_ads\u00a0\u00bb _builder_version=\u00a0\u00bb4.17.4&Prime; _module_preset=\u00a0\u00bbdefault\u00a0\u00bb locked=\u00a0\u00bboff\u00a0\u00bb global_colors_info=\u00a0\u00bb{}\u00a0\u00bb][\/et_pb_code][\/et_pb_column_inner][\/et_pb_row_inner][et_pb_row_inner admin_label=\u00a0\u00bbReferenten\u00a0\u00bb module_id=\u00a0\u00bbschulthess-referierende\u00a0\u00bb module_class=\u00a0\u00bbschulthess-referenten-slider\u00a0\u00bb _builder_version=\u00a0\u00bb4.22.1&Prime; _module_preset=\u00a0\u00bbdefault\u00a0\u00bb collapsed=\u00a0\u00bbon\u00a0\u00bb global_colors_info=\u00a0\u00bb{}\u00a0\u00bb][et_pb_column_inner saved_specialty_column_type=\u00a0\u00bb3_4&Prime; _builder_version=\u00a0\u00bb4.16&Prime; _module_preset=\u00a0\u00bbdefault\u00a0\u00bb global_colors_info=\u00a0\u00bb{}\u00a0\u00bb][et_pb_text admin_label=\u00a0\u00bbHeadline\u00a0\u00bb module_class=\u00a0\u00bbsf-h3 schulthess-product-speaker-headline-wrapper\u00a0\u00bb _builder_version=\u00a0\u00bb4.19.5&Prime; _module_preset=\u00a0\u00bbdefault\u00a0\u00bb locked=\u00a0\u00bbon\u00a0\u00bb global_colors_info=\u00a0\u00bb{}\u00a0\u00bb]<\/p>\n<h5>Referierende<\/h5>\n<p><!--div class=\"buttons\"><button class=\"grid icon_grid\"><span><\/span><\/button><button class=\"list icon_list\"><span><\/span><\/button><\/div-->[\/et_pb_text][et_pb_code _builder_version=\u00a0\u00bb4.19.5&Prime; _module_preset=\u00a0\u00bbdefault\u00a0\u00bb locked=\u00a0\u00bboff\u00a0\u00bb global_colors_info=\u00a0\u00bb{}\u00a0\u00bb]<div class=\"sf-speaker-slider\"><div class=\"uk-position-relative uk-visible-toggle uk-light\" tabindex=\"-1\"><ul class=\"uk-grid-small uk-child-width-1-4@s uk-child-width-1-4@m uk-child-width-1-4@l\" uk-grid uk-height-match=\"target: > li > .uk-card\">\n\n            <li>\n                <div class=\"uk-card uk-card-default\">\n                    <a href=\"#referent-12824\" uk-toggle>\n                    <div class=\"uk-card-media-top\">\n                        <img loading=\"lazy\" decoding=\"async\" width=\"200\" height=\"242\" src=\"https:\/\/www.schulthessforum.ch\/wp-content\/media\/Referenten\/Hunkeler_Daniel.jpg\" class=\"attachment-schulthess_speaker size-schulthess_speaker wp-post-image\" alt=\"\" \/>\n                        <div class=\"uk-label referenten-tagesleitung\">Direction<\/div>\n                    <\/div>\n                    <div class=\"uk-card uk-card-body\">\n                        <h4 class=\"speaker-card-name cardslider-card-name\">Dr.  Daniel Hunkeler<\/h4>\n                    <\/div>\n                    <\/a>\n                <\/div>\n            <\/li>\n            \n\n            <li>\n                <div class=\"uk-card uk-card-default\">\n                    <a href=\"#referent-21246\" uk-toggle>\n                    <div class=\"uk-card-media-top\">\n                        <img loading=\"lazy\" decoding=\"async\" width=\"200\" height=\"242\" src=\"https:\/\/www.schulthessforum.ch\/wp-content\/media\/Bahar_Rashid_200x242px_neu.png\" class=\"attachment-schulthess_speaker size-schulthess_speaker wp-post-image\" alt=\"\" \/>\n                        \n                    <\/div>\n                    <div class=\"uk-card uk-card-body\">\n                        <h4 class=\"speaker-card-name cardslider-card-name\">Prof. Dr. Rashid Bahar<\/h4>\n                    <\/div>\n                    <\/a>\n                <\/div>\n            <\/li>\n            \n\n            <li>\n                <div class=\"uk-card uk-card-default\">\n                    <a href=\"#referent-12829\" uk-toggle>\n                    <div class=\"uk-card-media-top\">\n                        <img loading=\"lazy\" decoding=\"async\" width=\"200\" height=\"242\" src=\"https:\/\/www.schulthessforum.ch\/wp-content\/media\/Dauwalder_Peter_220x242-200x242.png\" class=\"attachment-schulthess_speaker size-schulthess_speaker wp-post-image\" alt=\"\" \/>\n                        \n                    <\/div>\n                    <div class=\"uk-card uk-card-body\">\n                        <h4 class=\"speaker-card-name cardslider-card-name\"> Peter Dauwalder<\/h4>\n                    <\/div>\n                    <\/a>\n                <\/div>\n            <\/li>\n            \n\n            <li>\n                <div class=\"uk-card uk-card-default\">\n                    <a href=\"#referent-12831\" uk-toggle>\n                    <div class=\"uk-card-media-top\">\n                        <img loading=\"lazy\" decoding=\"async\" width=\"200\" height=\"242\" src=\"https:\/\/www.schulthessforum.ch\/wp-content\/media\/Referenten\/Diehl_Cornelia_200x242px.jpg\" class=\"attachment-schulthess_speaker size-schulthess_speaker wp-post-image\" alt=\"\" \/>\n                        \n                    <\/div>\n                    <div class=\"uk-card uk-card-body\">\n                        <h4 class=\"speaker-card-name cardslider-card-name\"> Cornelia Diehl<\/h4>\n                    <\/div>\n                    <\/a>\n                <\/div>\n            <\/li>\n            \n\n            <li>\n                <div class=\"uk-card uk-card-default\">\n                    <a href=\"#referent-37693\" uk-toggle>\n                    <div class=\"uk-card-media-top\">\n                        <img loading=\"lazy\" decoding=\"async\" width=\"200\" height=\"242\" src=\"https:\/\/www.schulthessforum.ch\/wp-content\/media\/Referenten\/Fischer_Roland_200x242px.jpg\" class=\"attachment-schulthess_speaker size-schulthess_speaker wp-post-image\" alt=\"\" \/>\n                        \n                    <\/div>\n                    <div class=\"uk-card uk-card-body\">\n                        <h4 class=\"speaker-card-name cardslider-card-name\">Dr.  Roland Fischer<\/h4>\n                    <\/div>\n                    <\/a>\n                <\/div>\n            <\/li>\n            \n\n            <li>\n                <div class=\"uk-card uk-card-default\">\n                    <a href=\"#referent-23719\" uk-toggle>\n                    <div class=\"uk-card-media-top\">\n                        <img loading=\"lazy\" decoding=\"async\" width=\"200\" height=\"242\" src=\"https:\/\/www.schulthessforum.ch\/wp-content\/media\/Referenten\/Lorandi_Franco_200x242px.jpg\" class=\"attachment-schulthess_speaker size-schulthess_speaker wp-post-image\" alt=\"\" \/>\n                        \n                    <\/div>\n                    <div class=\"uk-card uk-card-body\">\n                        <h4 class=\"speaker-card-name cardslider-card-name\">Prof. Dr.  Franco Lorandi<\/h4>\n                    <\/div>\n                    <\/a>\n                <\/div>\n            <\/li>\n            \n\n            <li>\n                <div class=\"uk-card uk-card-default\">\n                    <a href=\"#referent-39645\" uk-toggle>\n                    <div class=\"uk-card-media-top\">\n                        <img loading=\"lazy\" decoding=\"async\" width=\"200\" height=\"242\" src=\"https:\/\/www.schulthessforum.ch\/wp-content\/media\/Referenten\/Piller_Michael_200x242.png\" class=\"attachment-schulthess_speaker size-schulthess_speaker wp-post-image\" alt=\"\" \/>\n                        \n                    <\/div>\n                    <div class=\"uk-card uk-card-body\">\n                        <h4 class=\"speaker-card-name cardslider-card-name\"> Michael Piller<\/h4>\n                    <\/div>\n                    <\/a>\n                <\/div>\n            <\/li>\n            \n\n            <li>\n                <div class=\"uk-card uk-card-default\">\n                    <a href=\"#referent-15260\" uk-toggle>\n                    <div class=\"uk-card-media-top\">\n                        <img loading=\"lazy\" decoding=\"async\" width=\"200\" height=\"242\" src=\"https:\/\/www.schulthessforum.ch\/wp-content\/media\/Schenker_Urs_200x242_px.png\" class=\"attachment-schulthess_speaker size-schulthess_speaker wp-post-image\" alt=\"\" \/>\n                        \n                    <\/div>\n                    <div class=\"uk-card uk-card-body\">\n                        <h4 class=\"speaker-card-name cardslider-card-name\">Prof. Dr. Urs Schenker<\/h4>\n                    <\/div>\n                    <\/a>\n                <\/div>\n            <\/li>\n            \n\n            <li>\n                <div class=\"uk-card uk-card-default\">\n                    <a href=\"#referent-12842\" uk-toggle>\n                    <div class=\"uk-card-media-top\">\n                        <img loading=\"lazy\" decoding=\"async\" width=\"200\" height=\"242\" src=\"https:\/\/www.schulthessforum.ch\/wp-content\/media\/Referenten\/Wohl_Georg_200x242px_neu.jpg\" class=\"attachment-schulthess_speaker size-schulthess_speaker wp-post-image\" alt=\"\" \/>\n                        \n                    <\/div>\n                    <div class=\"uk-card uk-card-body\">\n                        <h4 class=\"speaker-card-name cardslider-card-name\"> Georg J. Wohl<\/h4>\n                    <\/div>\n                    <\/a>\n                <\/div>\n            <\/li>\n            <\/ul><\/div>\n        <div id=\"referent-12824\" class=\"referent-modal uk-flex-top\" uk-modal>\n            <div class=\"uk-modal-dialog uk-margin-auto-vertical\">\n                <button class=\"uk-modal-close-default\" type=\"button\" uk-close><\/button>\n                <div class=\"uk-grid-small\" uk-grid>\n                    <div class=\"uk-width-auto@m\">\n                        <div class=\"uk-card-badge uk-label referenten-tagesleitung\">Direction<\/div>\n                        <img loading=\"lazy\" decoding=\"async\" width=\"200\" height=\"242\" src=\"https:\/\/www.schulthessforum.ch\/wp-content\/media\/Referenten\/Hunkeler_Daniel.jpg\" class=\"attachment-schulthess_speaker size-schulthess_speaker wp-post-image\" alt=\"\" \/>\n                    <\/div>\n                    <div class=\"uk-width-expand@m\">\n                        <h4 class=\"uk-modal-title\">Dr.  Daniel Hunkeler<\/h4>\n                        <p class=\"referent-info\"><span class=\"referenten-position\">Dr. iur., Rechtsanwalt LL.M., Partner und Pr\u00e4sident des Verwaltungsrates, <\/span> <span class=\"referenten-company\">STAIGER Rechtsanw\u00e4lte AG<\/span><\/p>\n                        <p class=\"referent-kurzbeschreibung\"><p>Daniel Hunkeler ist ein ausgewiesener Experte im Restrukturierungs-, Insolvenz- und Zwangsvollstreckungsrecht. Er leitet bei STAIGER Rechtsanw\u00e4lte AG die Fachbereiche Sanierungen \/ Insolvenzen und Finanzmarktsrechts-Enforcement. Daniel Hunkeler hat zahlreich publiziert und ist regelm\u00e4ssig Speaker an Fachveranstaltungen. Beim Z\u00fcrcher Anwaltsverband leitet er die Fachgruppe Schuldbetreibungs- und Konkursrecht.<br \/>\nInsbes. \u00a0verf\u00fcgt Daniel Hunkeler \u00fcber eine langj\u00e4hrige Erfahrung als Schuldner- oder Gl\u00e4ubigervertreter in Sanierungs- und Zwangsvollstreckungsverfahren inkl. distressed M&amp;A-Verfahren, als Sachwalter in gerichtlichen Nachlassverfahren sowie als Liquidator\/ausseramtlicher Konkursliquidator. Seine weiteren T\u00e4tigkeitsgebiete umfassen das Obligationen-, Gesellschafts- und Bankenrecht sowie das Zivilprozessrecht und die Schiedsgerichtsbarkeit.<\/p>\n<\/p>\n                    <\/div>\n                <\/div>\n\n                <div class=\"uk-modal-footer card-arrows uk-text-right\">\n                    <button href=\"javascript:void(0);\" class=\"card-arrow-prev\" onclick=\"navigateReferent('prev', 12842);\"><\/button>\n                    <button href=\"javascript:void(0);\" class=\"card-arrow-next\" onclick=\"navigateReferent('next', 21246);\"><\/button>\n                <\/div>\n            <\/div>\n        <\/div>\n        \n        <div id=\"referent-21246\" class=\"referent-modal uk-flex-top\" uk-modal>\n            <div class=\"uk-modal-dialog uk-margin-auto-vertical\">\n                <button class=\"uk-modal-close-default\" type=\"button\" uk-close><\/button>\n                <div class=\"uk-grid-small\" uk-grid>\n                    <div class=\"uk-width-auto@m\">\n                        \n                        <img loading=\"lazy\" decoding=\"async\" width=\"200\" height=\"242\" src=\"https:\/\/www.schulthessforum.ch\/wp-content\/media\/Bahar_Rashid_200x242px_neu.png\" class=\"attachment-schulthess_speaker size-schulthess_speaker wp-post-image\" alt=\"\" \/>\n                    <\/div>\n                    <div class=\"uk-width-expand@m\">\n                        <h4 class=\"uk-modal-title\">Prof. Dr. Rashid Bahar<\/h4>\n                        <p class=\"referent-info\"><span class=\"referenten-position\">Prof. Dr. iur., Partner,<\/span> <span class=\"referenten-company\">Advestra<\/span><\/p>\n                        <p class=\"referent-kurzbeschreibung\"><p>Rashid Bahar ist Partner bei Advestra AG in Z\u00fcrich und ordentlicher Professor an der rechtswissen-schaftlichen Fakult\u00e4t der Universit\u00e4t Genf. Er ist ist auf Gesellschafts- und Finanzmarktrecht spezialisiert. Er ber\u00e4t Finanzinstitute bei Transaktionen und bez\u00fcglich ihrer regulatorischen Pflichten, unterst\u00fctzt Darlehensgeber wie -nehmer bei komplexen Finanzierungen und ber\u00e4t zu M&amp;A-Transaktionen vorwiegend in der Finanzbranche. Regelm\u00e4ssig vertritt er Klienten in Bewilligungs- und Enforcementverfahren der Eidgen\u00f6ssischen Finanzmarktaufsicht FINMA und anderer Beh\u00f6rden. Ausl\u00e4ndische Fonds und Asset Manager ber\u00e4t er beim Anbieten ihrer Produkte und Dienstleistungen in der Schweiz.<br \/>\nRashid Bahar ist Vize-Dekan der rechtswissenschaftlichen Fakult\u00e4t der Universit\u00e4t Genf und Rashid geh\u00f6rt der Gesch\u00e4ftsleitung des Center for Banking and Financial Law. Er unterrichtet Gesellschaftsrecht, Sanierungsrecht, Finanzmarktrecht sowie law and economics. Seine zahlreichen Publikationen umfassen das Gesellschafts- und das Finanzmarktaufsichtsrecht. Er ist Herausgeber der Basler Kommentare zum FINMAG\/FinfraG sowie zum FIDLEG\/FINIG und Mitglied des Herausgebergremium der Schweizerischen Zeitschrift f\u00fcr Wirtschafts- und Finanzmarktrecht (SZW).<\/p>\n<\/p>\n                    <\/div>\n                <\/div>\n\n                <div class=\"uk-modal-footer card-arrows uk-text-right\">\n                    <button href=\"javascript:void(0);\" class=\"card-arrow-prev\" onclick=\"navigateReferent('prev', 12824);\"><\/button>\n                    <button href=\"javascript:void(0);\" class=\"card-arrow-next\" onclick=\"navigateReferent('next', 12829);\"><\/button>\n                <\/div>\n            <\/div>\n        <\/div>\n        \n        <div id=\"referent-12829\" class=\"referent-modal uk-flex-top\" uk-modal>\n            <div class=\"uk-modal-dialog uk-margin-auto-vertical\">\n                <button class=\"uk-modal-close-default\" type=\"button\" uk-close><\/button>\n                <div class=\"uk-grid-small\" uk-grid>\n                    <div class=\"uk-width-auto@m\">\n                        \n                        <img loading=\"lazy\" decoding=\"async\" width=\"200\" height=\"242\" src=\"https:\/\/www.schulthessforum.ch\/wp-content\/media\/Dauwalder_Peter_220x242-200x242.png\" class=\"attachment-schulthess_speaker size-schulthess_speaker wp-post-image\" alt=\"\" \/>\n                    <\/div>\n                    <div class=\"uk-width-expand@m\">\n                        <h4 class=\"uk-modal-title\"> Peter Dauwalder<\/h4>\n                        <p class=\"referent-info\"><span class=\"referenten-position\">lic. oec. HSG und dipl. Wirtschaftspr\u00fcfer, Head of Turnaround & Restructuring<\/span> <span class=\"referenten-company\">KPMG<\/span><\/p>\n                        <p class=\"referent-kurzbeschreibung\"><p>Peter Dauwalder ist Partner bei KPMG im Bereich Deal Advisory und verantwortlich f\u00fcr die Restrukturierungsberatung. Als Head of Markets ist er zudem Teil der erweiterten Gesch\u00e4ftsleitung von KPMG in der Schweiz. Peter Dauwalder ist lic.oec. HSG und dipl. Wirtschaftspr\u00fcfer. Er ist 55 Jahre alt und spezialisierte sich \u00fcber die letzten 20 Jahre auf dem Gebiet der Transaktions- und Restrukturierungsberatung. Mit seinem Team von ca. 10 Mitgliedern konzentriert er sich auf unternehmerisches Krisenmanagement zur Stabilisierung von notleidenden Unternehmen, sowie auf Liquidit\u00e4tsmanagement, Turnaround-Planung und -umsetzung, finanzielle Restrukturierung innerhalb und ausserhalb des Insolvenzrechts. Er ber\u00e4t dabei Unternehmer, Verwaltungsr\u00e4te und Gesch\u00e4ftsleitungen insbesondere im Umgang und den Verhandlungen mit Stakeholdern (z.B. Banken, Vermieter, Lieferanten und Kunden), die Beitr\u00e4ge zur L\u00f6sung der Unternehmenskrise leisten k\u00f6nnen. Er ber\u00e4t auch strategische und finanzielle Investoren beim Kauf oder Verkauf von notleidenden Unternehmen. Seine Kunden umfassen KMU und grosse Unternehmen, wobei meistens die Dringlichkeit und Komplexit\u00e4t der Krisensituation Gr\u00fcnde f\u00fcr eine Mandatierung sind.<\/p>\n<\/p>\n                    <\/div>\n                <\/div>\n\n                <div class=\"uk-modal-footer card-arrows uk-text-right\">\n                    <button href=\"javascript:void(0);\" class=\"card-arrow-prev\" onclick=\"navigateReferent('prev', 21246);\"><\/button>\n                    <button href=\"javascript:void(0);\" class=\"card-arrow-next\" onclick=\"navigateReferent('next', 12831);\"><\/button>\n                <\/div>\n            <\/div>\n        <\/div>\n        \n        <div id=\"referent-12831\" class=\"referent-modal uk-flex-top\" uk-modal>\n            <div class=\"uk-modal-dialog uk-margin-auto-vertical\">\n                <button class=\"uk-modal-close-default\" type=\"button\" uk-close><\/button>\n                <div class=\"uk-grid-small\" uk-grid>\n                    <div class=\"uk-width-auto@m\">\n                        \n                        <img loading=\"lazy\" decoding=\"async\" width=\"200\" height=\"242\" src=\"https:\/\/www.schulthessforum.ch\/wp-content\/media\/Referenten\/Diehl_Cornelia_200x242px.jpg\" class=\"attachment-schulthess_speaker size-schulthess_speaker wp-post-image\" alt=\"\" \/>\n                    <\/div>\n                    <div class=\"uk-width-expand@m\">\n                        <h4 class=\"uk-modal-title\"> Cornelia Diehl<\/h4>\n                        <p class=\"referent-info\"><span class=\"referenten-position\">Betriebs\u00f6konomin, Senior Specialist in Recovery Management, <\/span> <span class=\"referenten-company\">Migros Bank<\/span><\/p>\n                        <p class=\"referent-kurzbeschreibung\"><p>Cornelia Diehl startete mit einem Einsatz im Kreditgesch\u00e4ft in der Filiale Genf ihren Werdegang im Kreditgesch\u00e4ft der Credit Suisse. Nach verschiedenen Stationen im Credit Risk Management in den Bereichen Privatkunden, KMU und Grosskundenfinanzierungen als auch strukturierten Finanzierungstranskationen und einer abgeschlossenen Ausbildung zur Betriebs\u00f6konomin, wechselte sie 2009 zur ZKB ins Recovery Management f\u00fcr Privat- und Firmenkunden. Diesem Bereich blieb sie bis heute treu, allerdings ab 2016 wieder f\u00fcr die CS und ausschliesslich f\u00fcr grosse Schweizer Firmenkunden und internationale Rohstoffh\u00e4ndler, mit einem betreuten Gesamtportfolio von rund CHF 300 Mio. an notleidenden Krediten aus unterschiedlichsten Industrien. F\u00fcr eine Vertiefung ihrer internationalen Kenntnisse im Recovery Management diente ein 3-monatiger Einsatz bei den Londoner Kollegen der Credit Suisse International. Seit Januar 2026 ist sie als Senior Specialist im Recovery Management bei der Migros Bank t\u00e4tig.<\/p>\n<\/p>\n                    <\/div>\n                <\/div>\n\n                <div class=\"uk-modal-footer card-arrows uk-text-right\">\n                    <button href=\"javascript:void(0);\" class=\"card-arrow-prev\" onclick=\"navigateReferent('prev', 12829);\"><\/button>\n                    <button href=\"javascript:void(0);\" class=\"card-arrow-next\" onclick=\"navigateReferent('next', 37693);\"><\/button>\n                <\/div>\n            <\/div>\n        <\/div>\n        \n        <div id=\"referent-37693\" class=\"referent-modal uk-flex-top\" uk-modal>\n            <div class=\"uk-modal-dialog uk-margin-auto-vertical\">\n                <button class=\"uk-modal-close-default\" type=\"button\" uk-close><\/button>\n                <div class=\"uk-grid-small\" uk-grid>\n                    <div class=\"uk-width-auto@m\">\n                        \n                        <img loading=\"lazy\" decoding=\"async\" width=\"200\" height=\"242\" src=\"https:\/\/www.schulthessforum.ch\/wp-content\/media\/Referenten\/Fischer_Roland_200x242px.jpg\" class=\"attachment-schulthess_speaker size-schulthess_speaker wp-post-image\" alt=\"\" \/>\n                    <\/div>\n                    <div class=\"uk-width-expand@m\">\n                        <h4 class=\"uk-modal-title\">Dr.  Roland Fischer<\/h4>\n                        <p class=\"referent-info\"><span class=\"referenten-position\">Dr. iur., Counsel, \r\n<\/span> <span class=\"referenten-company\">Lenz & Staehelin<\/span><\/p>\n                        <p class=\"referent-kurzbeschreibung\"><p>RA Dr. Roland Fischer, LL.M., hat an der Universit\u00e4t Z\u00fcrich und studiert und promoviert und verf\u00fcgt \u00fcber einen LL.M. in Corporate Law von der New York University. Er hat langj\u00e4hrige Erfahrung in komplexen und h\u00e4ufig grenz\u00fcberschreitenden Restrukturierungs- und Sanierungsverfahren, in denen er sowohl schuldner- als auch gl\u00e4ubigerseitig agiert. Zudem ber\u00e4t er Verwaltungsr\u00e4te in finanziellen Unternehmenskrisen. Roland Fischer ist Autor zahlreicher Publikationen und referiert regelm\u00e4ssig zu seinen Spezialgebieten.<\/p>\n<\/p>\n                    <\/div>\n                <\/div>\n\n                <div class=\"uk-modal-footer card-arrows uk-text-right\">\n                    <button href=\"javascript:void(0);\" class=\"card-arrow-prev\" onclick=\"navigateReferent('prev', 12831);\"><\/button>\n                    <button href=\"javascript:void(0);\" class=\"card-arrow-next\" onclick=\"navigateReferent('next', 23719);\"><\/button>\n                <\/div>\n            <\/div>\n        <\/div>\n        \n        <div id=\"referent-23719\" class=\"referent-modal uk-flex-top\" uk-modal>\n            <div class=\"uk-modal-dialog uk-margin-auto-vertical\">\n                <button class=\"uk-modal-close-default\" type=\"button\" uk-close><\/button>\n                <div class=\"uk-grid-small\" uk-grid>\n                    <div class=\"uk-width-auto@m\">\n                        \n                        <img loading=\"lazy\" decoding=\"async\" width=\"200\" height=\"242\" src=\"https:\/\/www.schulthessforum.ch\/wp-content\/media\/Referenten\/Lorandi_Franco_200x242px.jpg\" class=\"attachment-schulthess_speaker size-schulthess_speaker wp-post-image\" alt=\"\" \/>\n                    <\/div>\n                    <div class=\"uk-width-expand@m\">\n                        <h4 class=\"uk-modal-title\">Prof. Dr.  Franco Lorandi<\/h4>\n                        <p class=\"referent-info\"><span class=\"referenten-position\">Prof. Dr. iur, LL. M., CAS Kalaidos FH in Wirtschaftsmediation und Konfliktmanagement, Rechtsanwalt, Titularprofessor f\u00fcr Zivilprozess- und Zwangsvollstreckungsrecht an der Universit\u00e4t St.Gallen, Konsulent,<\/span> <span class=\"referenten-company\">Holenstein Brusa Ltd<\/span><\/p>\n                        <p class=\"referent-kurzbeschreibung\"><p>Der Schwerpunkt der beruflichen T\u00e4tigkeit liegt im Schuldbetreibungs- und Konkursrecht.<br \/>\nVerfasser zahlreicher Publikationen zum SchKG.<br \/>\nMitherausgeber des Basler Kommentars zum SchKG und zur Zeitschrift f\u00fcr Zivilprozess- und Zwangsvollstreckungsrecht (ZZZ).<br \/>\nTagungsleiter der St. Galler SchKG-Tagung in Luzern.<\/p>\n<\/p>\n                    <\/div>\n                <\/div>\n\n                <div class=\"uk-modal-footer card-arrows uk-text-right\">\n                    <button href=\"javascript:void(0);\" class=\"card-arrow-prev\" onclick=\"navigateReferent('prev', 37693);\"><\/button>\n                    <button href=\"javascript:void(0);\" class=\"card-arrow-next\" onclick=\"navigateReferent('next', 39645);\"><\/button>\n                <\/div>\n            <\/div>\n        <\/div>\n        \n        <div id=\"referent-39645\" class=\"referent-modal uk-flex-top\" uk-modal>\n            <div class=\"uk-modal-dialog uk-margin-auto-vertical\">\n                <button class=\"uk-modal-close-default\" type=\"button\" uk-close><\/button>\n                <div class=\"uk-grid-small\" uk-grid>\n                    <div class=\"uk-width-auto@m\">\n                        \n                        <img loading=\"lazy\" decoding=\"async\" width=\"200\" height=\"242\" src=\"https:\/\/www.schulthessforum.ch\/wp-content\/media\/Referenten\/Piller_Michael_200x242.png\" class=\"attachment-schulthess_speaker size-schulthess_speaker wp-post-image\" alt=\"\" \/>\n                    <\/div>\n                    <div class=\"uk-width-expand@m\">\n                        <h4 class=\"uk-modal-title\"> Michael Piller<\/h4>\n                        <p class=\"referent-info\"><span class=\"referenten-position\">Dipl. Wirtschaftspr\u00fcfer, Abteilungsleiter Technical Expertise, Policy & Internationales im Gesch\u00e4ftsbereich Recovery & Resolution<\/span> <span class=\"referenten-company\">Eidgen\u00f6ssische Finanzmarktaufsicht FINMA<\/span><\/p>\n                        <p class=\"referent-kurzbeschreibung\"><p>Michael Piller leitet die Abteilung Technical Expertise, Policy &amp; Internationals im Gesch\u00e4ftsbereich Recovery &amp; Resolution der FINMA. Die Abteilung erarbeitet die Abwicklungsstrategien f\u00fcr die systemrelevanten Banken und\u00a0beurteilt deren Umsetzbarkeit. Ausserdem tr\u00e4gt\u00a0sie zur \u00dcberpr\u00fcfung und Weiterentwicklung der Grundlagen des Insolvenzregimes f\u00fcr regulierte Institute zusammen mit nationalen und internationalen\u00a0Partnerbeh\u00f6rden bei. Bei Destabilisierungsf\u00e4llen stellt die Abteilung Expertise zur Krisenintervention zur Verf\u00fcgung.<\/p>\n<p>Michael Piller ist Betriebs\u00f6konom FH\u00a0und Dipl. Wirtschaftspr\u00fcfer und arbeitet seit 12 Jahren bei der FINMA, davon seit 6 Jahren im Gesch\u00e4ftsbereich Recovery &amp; Resolution<\/p>\n<\/p>\n                    <\/div>\n                <\/div>\n\n                <div class=\"uk-modal-footer card-arrows uk-text-right\">\n                    <button href=\"javascript:void(0);\" class=\"card-arrow-prev\" onclick=\"navigateReferent('prev', 23719);\"><\/button>\n                    <button href=\"javascript:void(0);\" class=\"card-arrow-next\" onclick=\"navigateReferent('next', 15260);\"><\/button>\n                <\/div>\n            <\/div>\n        <\/div>\n        \n        <div id=\"referent-15260\" class=\"referent-modal uk-flex-top\" uk-modal>\n            <div class=\"uk-modal-dialog uk-margin-auto-vertical\">\n                <button class=\"uk-modal-close-default\" type=\"button\" uk-close><\/button>\n                <div class=\"uk-grid-small\" uk-grid>\n                    <div class=\"uk-width-auto@m\">\n                        \n                        <img loading=\"lazy\" decoding=\"async\" width=\"200\" height=\"242\" src=\"https:\/\/www.schulthessforum.ch\/wp-content\/media\/Schenker_Urs_200x242_px.png\" class=\"attachment-schulthess_speaker size-schulthess_speaker wp-post-image\" alt=\"\" \/>\n                    <\/div>\n                    <div class=\"uk-width-expand@m\">\n                        <h4 class=\"uk-modal-title\">Prof. Dr. Urs Schenker<\/h4>\n                        <p class=\"referent-info\"><span class=\"referenten-position\">Prof. Dr. iur., LL.M., Rechtsanwalt, Counsel,<\/span> <span class=\"referenten-company\">Walder Wyss<\/span><\/p>\n                        <p class=\"referent-kurzbeschreibung\"><p>Urs Schenker ist Senior Counsel bei Walder Wyss AG. Er verf\u00fcgt \u00fcber grosse Erfahrung in den Bereichen Restrukturierungen, Finanzierungen, Kapitalmarkt, M&amp;A und Gesellschaftsrecht und war in zahlreiche nationale und internationale M&amp;A-Transaktionen, \u00f6ffentliche \u00dcbernahmen und andere Corporate Finance-Transaktionen involviert. Er hat in seinen Fachgebieten verschiedene B\u00fccher und Fachartikel publiziert und referiert regelm\u00e4ssig an Konferenzen in der Schweiz sowie im Ausland und ist an der Universit\u00e4t St. Gallen als Professor f\u00fcr Handels- und Wirtschaftsrecht t\u00e4tig.<\/p>\n<\/p>\n                    <\/div>\n                <\/div>\n\n                <div class=\"uk-modal-footer card-arrows uk-text-right\">\n                    <button href=\"javascript:void(0);\" class=\"card-arrow-prev\" onclick=\"navigateReferent('prev', 39645);\"><\/button>\n                    <button href=\"javascript:void(0);\" class=\"card-arrow-next\" onclick=\"navigateReferent('next', 12842);\"><\/button>\n                <\/div>\n            <\/div>\n        <\/div>\n        \n        <div id=\"referent-12842\" class=\"referent-modal uk-flex-top\" uk-modal>\n            <div class=\"uk-modal-dialog uk-margin-auto-vertical\">\n                <button class=\"uk-modal-close-default\" type=\"button\" uk-close><\/button>\n                <div class=\"uk-grid-small\" uk-grid>\n                    <div class=\"uk-width-auto@m\">\n                        \n                        <img loading=\"lazy\" decoding=\"async\" width=\"200\" height=\"242\" src=\"https:\/\/www.schulthessforum.ch\/wp-content\/media\/Referenten\/Wohl_Georg_200x242px_neu.jpg\" class=\"attachment-schulthess_speaker size-schulthess_speaker wp-post-image\" alt=\"\" \/>\n                    <\/div>\n                    <div class=\"uk-width-expand@m\">\n                        <h4 class=\"uk-modal-title\"> Georg J. Wohl<\/h4>\n                        <p class=\"referent-info\"><span class=\"referenten-position\">lic. iur. Rechtsanwalt LL.M., Partner,<\/span> <span class=\"referenten-company\">STAIGER Rechtsanw\u00e4lte AG<\/span><\/p>\n                        <p class=\"referent-kurzbeschreibung\"><p>Georg J. Wohl ist seit \u00fcber 15 Jahren schwergewichtig im Restrukturierungs-, Sanierungs- und Insolvenzrecht t\u00e4tig. Er ist auch auf Unternehmensfinanzierungen und M&amp;A Transaktionen spezialisiert.<br \/>\nBei komplexen nationalen und grenz\u00fcberschreitenden Sanierungsverfahren wird Georg J. Wohl regelm\u00e4ssig von den zust\u00e4ndigen Gerichten als Sachwalter eingesetzt. Er ber\u00e4t Unternehmen oder deren Gl\u00e4ubiger auch bei der aussergerichtlichen Sanierung und Restrukturierung in Insolvenzn\u00e4he und verf\u00fcgt insbesondere \u00fcber grosse Erfahrung bei der einvernehmlichen Schuldenbereinigung sowie bei Prepacks, Distressed M&amp;A Transaktionen und \u00dcberbr\u00fcckungsfinanzierungen.<br \/>\nIn nationalen sowie grenz\u00fcberschreitenden Insolvenzverfahren ber\u00e4t Georg J. Wohl die zust\u00e4ndigen Beh\u00f6rden oder Gl\u00e4ubiger zu allen Fragen des Zwangsvollstreckungsrechts und der Repatriierung von Verm\u00f6genswerten inkl. Arreste. Er verf\u00fcgt auch \u00fcber langj\u00e4hrige Erfahrung als ausseramtlicher Konkursliquidator.<br \/>\nSeine Kenntnisse und Erfahrungen als ehemaliger Compliance Officer einer Grossbank wendet Georg J. Wohl bei internen und regulatorischen Untersuchungen und Pr\u00fcfungen, insbesondere von der Eidg. Finanzmarktaufsicht FINMA, an.<\/p>\n<\/p>\n                    <\/div>\n                <\/div>\n\n                <div class=\"uk-modal-footer card-arrows uk-text-right\">\n                    <button href=\"javascript:void(0);\" class=\"card-arrow-prev\" onclick=\"navigateReferent('prev', 15260);\"><\/button>\n                    <button href=\"javascript:void(0);\" class=\"card-arrow-next\" onclick=\"navigateReferent('next', 12824);\"><\/button>\n                <\/div>\n            <\/div>\n        <\/div>\n        <\/div>\n      <script>\n          function navigateReferent(direction, currentID) {\n              var speakers = [12824,21246,12829,12831,37693,23719,39645,15260,12842];\n              var currentIndex = speakers.indexOf(currentID);\n\n              if (direction === \"prev\") {\n                  currentIndex = (currentIndex + speakers.length) % speakers.length;\n              } else if (direction === \"next\") {\n                  currentIndex = (currentIndex ) % speakers.length;\n              }\n\n              var targetID = speakers[currentIndex];\n              var targetModal = document.getElementById(\"referent-\" + targetID);\n              UIkit.modal(targetModal).show();\n          }\n      <\/script>\n        <script>\n            document.addEventListener(\"DOMContentLoaded\", function() {\n                const modalLinks = document.querySelectorAll(\"[uk-toggle]\");\n                const pageContainer = document.getElementById(\"page-container\");\n\n                \/\/ Neues <div> Element erstellen\n                const newDiv = document.createElement(\"div\");\n                newDiv.className = \"referenten-modal-background\";\n\n                \/\/ Das neue <div> dem Element mit der ID \"page-container\" hinzuf\u00fcgen\n                pageContainer.insertBefore(newDiv, pageContainer.firstChild);\n\n                const referentenModalBackground = document.querySelector(\".referenten-modal-background\");\n\n                modalLinks.forEach(link => {\n                    link.addEventListener(\"click\", function(event) {\n                        event.preventDefault();\n                        referentenModalBackground.classList.add(\"referenten-modal-open\");\n                    });\n                });\n\n                const modals = document.querySelectorAll(\".referent-modal\");\n                modals.forEach(modal => {\n                    modal.addEventListener(\"click\", function(event) {\n                        if (event.target === modal) {\n                            referentenModalBackground.classList.remove(\"referenten-modal-open\");\n                        }\n                    });\n                });\n\n                const closeModalButtons = document.querySelectorAll(\".uk-modal-close-default\");\n                closeModalButtons.forEach(button => {\n                    button.addEventListener(\"click\", function() {\n                        referentenModalBackground.classList.remove(\"referenten-modal-open\");\n                    });\n                });\n\n                \/\/ Funktion, um die Klasse zu entfernen\n                function closeModal() {\n                    referentenModalBackground.classList.remove(\"referenten-modal-open\");\n                }\n\n                \/\/ Event Listener f\u00fcr das Dr\u00fccken der Esc-Taste\n                document.addEventListener(\"keydown\", function(event) {\n                    if (event.key === \"Escape\") {\n                        closeModal();\n                    }\n                });\n            });\n        <\/script>[\/et_pb_code][\/et_pb_column_inner][\/et_pb_row_inner][et_pb_row_inner admin_label=\u00a0\u00bbFachthemen\u00a0\u00bb module_id=\u00a0\u00bbschulthess-product-specinfo\u00a0\u00bb _builder_version=\u00a0\u00bb4.22.1&Prime; _module_preset=\u00a0\u00bbdefault\u00a0\u00bb collapsed=\u00a0\u00bbon\u00a0\u00bb global_colors_info=\u00a0\u00bb{}\u00a0\u00bb][et_pb_column_inner saved_specialty_column_type=\u00a0\u00bb3_4&Prime; _builder_version=\u00a0\u00bb4.16&Prime; _module_preset=\u00a0\u00bbdefault\u00a0\u00bb global_colors_info=\u00a0\u00bb{}\u00a0\u00bb][et_pb_text admin_label=\u00a0\u00bb\u00dcberschrift\u00a0\u00bb module_id=\u00a0\u00bbschulthess-fachinformationen\u00a0\u00bb module_class=\u00a0\u00bbsf-h2&Prime; _builder_version=\u00a0\u00bb4.19.5&Prime; _module_preset=\u00a0\u00bbdefault\u00a0\u00bb global_colors_info=\u00a0\u00bb{}\u00a0\u00bb]<\/p>\n<h5>Fachthemen<\/h5>\n<p>[\/et_pb_text][et_pb_code _builder_version=\u00a0\u00bb4.19.5&Prime; _module_preset=\u00a0\u00bbdefault\u00a0\u00bb locked=\u00a0\u00bboff\u00a0\u00bb global_colors_info=\u00a0\u00bb{}\u00a0\u00bb]\n  <div class=\"sf-post-list\">\n\n    \n      \n              <div class=\"sf-full-width-row\">\n                <article class=\"sf-post-list-item sf-post-list-item-37696 et_pb_column_1_3 et_pb_column\">\n              <a href=\"https:\/\/www.schulthessforum.ch\/fachbeitrag\/liability-management-exercise-als-moegliche-alternative-zum-gerichtlichem-nachlassverfahren\/\" target=\"_blank\" rel=\"nofollow noopener\" title=\"\u00abLiability Management Exercise\u00bb als m\u00f6gliche Alternative zum gerichtlichem Nachlassverfahren\">\n              <div class=\"sf-post-list-item-content-wrapper\">\n                  <div class=\"sf-post-list-item-content\">\n                                            <h3 class=\"fachbeitrag-autor\">\n                          Dr. Roland Fischer                      <\/h3>\n                                            <div clasS=\"sf-post-list-item-title-wrapper\">\n                        <h3 class=\"sf-post-list-item-title\">\n                            \u00abLiability Management Exercise\u00bb als m\u00f6gliche Alternative zum gerichtlichem Nachlassverfahren                        <\/h3>\n                      <\/div>\n                      <div class=\"sf-post-list-item-excerpt\">\n                          Liability Management Exercises bzw. LMEs verbreiteten sich zun\u00e4chst in den USA und haben sich in j\u00fcngster Zeit auch in Europa etabliert. Sie dienen als Alternative zu meist teuren Insolvenzverfahren und bezwecken, F\u00e4lligkeiten von Finanzverbindlichkeiten zu adjustieren und zus\u00e4tzliche Liquidit\u00e4...                      <\/div>\n                  <\/div>\n\n              <\/div>\n              <\/a>\n          <\/article>\n            \n  \n      \n                <article class=\"sf-post-list-item sf-post-list-item-38118 et_pb_column_1_3 et_pb_column\">\n              <a href=\"https:\/\/www.schulthessforum.ch\/fachbeitrag\/krisenbewaeltigung-durch-gerichtliches-nachlassverfahren\/\" target=\"_blank\" rel=\"nofollow noopener\" title=\"Krisenbew\u00e4ltigung durch gerichtliches Nachlassverfahren\">\n              <div class=\"sf-post-list-item-content-wrapper\">\n                  <div class=\"sf-post-list-item-content\">\n                                            <h3 class=\"fachbeitrag-autor\">\n                          Georg Wohl                      <\/h3>\n                                            <div clasS=\"sf-post-list-item-title-wrapper\">\n                        <h3 class=\"sf-post-list-item-title\">\n                            Krisenbew\u00e4ltigung durch gerichtliches Nachlassverfahren                        <\/h3>\n                      <\/div>\n                      <div class=\"sf-post-list-item-excerpt\">\n                          Das gerichtliche Nachlassverfahren wurde 2014 umfassend revidiert und mit Inkrafttreten der Aktienrechtsrevision am 1. Januar 2023 nochmals verbessert. Seitdem ist die gerichtliche Sanierung fester Bestandteil des Werkzeugkastens f\u00fcr Insolvenz- und Restrukturierungsberater. Auch wenn statistisch be...                      <\/div>\n                  <\/div>\n\n              <\/div>\n              <\/a>\n          <\/article>\n              <\/div>\n            \n  <\/div>\n\n  [\/et_pb_code][\/et_pb_column_inner][\/et_pb_row_inner][\/et_pb_column][et_pb_column type=\u00a0\u00bb1_4&Prime; _builder_version=\u00a0\u00bb4.16&Prime; custom_padding=\u00a0\u00bb|||\u00a0\u00bb global_colors_info=\u00a0\u00bb{}\u00a0\u00bb custom_padding__hover=\u00a0\u00bb|||\u00a0\u00bb][et_pb_text disabled_on=\u00a0\u00bboff|off|off\u00a0\u00bb admin_label=\u00a0\u00bbPreis &#8211; Info\u00a0\u00bb module_class=\u00a0\u00bbdetail-info-sidebar-bg\u00a0\u00bb _builder_version=\u00a0\u00bb4.20.0&Prime; _module_preset=\u00a0\u00bbdefault\u00a0\u00bb global_colors_info=\u00a0\u00bb{}\u00a0\u00bb]<div class=\"sf-product-variant-detail-wrapper\" id=\"sf-product-variant-detail-wrapper\"><form action=\"https:\/\/www.schulthessforum.ch\/fr\/warenkorb\/\" method=\"get\"><h3 class=\"sf-product-variant-headline-1\">Manifestation en pr\u00e9sentiel<\/h3><label class=\"sf-product-variant-detail\"><input class=\"sf-product-variant-input\" type=\"radio\" id=\"37689\" name=\"variante\" value=\"37689\" required><span class=\"woocommerce-Price-amount amount\"><bdi><span class=\"woocommerce-Price-currencySymbol\">&#67;&#72;&#70;<\/span>&nbsp;790.00<\/bdi><\/span> TVA de 8.1% en sus.<\/label><input type=\"hidden\" id=\"37688\" name=\"event\" value=\"37688\"><span class=\"anmeldebutton-wrapper\"><input class=\"et_pb_button et_pb_button_0 schulthess-buy-button single_add_to_cart_button button wp-element-button\" data-icon=\"9\" type=\"submit\" value=\"Inscription\"><span class=\"anmeldebutton-icon\"><\/span><\/span><\/form><\/div>[\/et_pb_text][et_pb_code disabled_on=\u00a0\u00bbon|on|on\u00a0\u00bb admin_label=\u00a0\u00bbCredits &#8211; Info\u00a0\u00bb _builder_version=\u00a0\u00bb4.20.2&Prime; _module_preset=\u00a0\u00bbdefault\u00a0\u00bb custom_margin=\u00a0\u00bb||15px||false|false\u00a0\u00bb disabled=\u00a0\u00bbon\u00a0\u00bb locked=\u00a0\u00bboff\u00a0\u00bb global_colors_info=\u00a0\u00bb{}\u00a0\u00bb][\/et_pb_code][et_pb_code disabled_on=\u00a0\u00bbon|on|on\u00a0\u00bb admin_label=\u00a0\u00bbCicero &#8211; Info\u00a0\u00bb _builder_version=\u00a0\u00bb4.20.2&Prime; _module_preset=\u00a0\u00bbdefault\u00a0\u00bb custom_margin=\u00a0\u00bb||15px||false|false\u00a0\u00bb disabled=\u00a0\u00bbon\u00a0\u00bb locked=\u00a0\u00bboff\u00a0\u00bb global_colors_info=\u00a0\u00bb{}\u00a0\u00bb][\/et_pb_code][et_pb_text admin_label=\u00a0\u00bbTermin &#8211; Info\u00a0\u00bb module_class=\u00a0\u00bbdetail-info-sidebar-bg event-termin-info\u00a0\u00bb _builder_version=\u00a0\u00bb4.19.5&Prime; _module_preset=\u00a0\u00bbdefault\u00a0\u00bb global_colors_info=\u00a0\u00bb{}\u00a0\u00bb]<\/p>\n<h3>Termin \/ Format<\/h3>\n<p><span class=\"event-date-termin-info\">04.06.2026 | 09:00 - 17:00<\/span><br><span class=\"event-kategorie-termin-info\">Schuldbetreibungs- und Konkursrecht | Tagungen<\/span>[\/et_pb_text][et_pb_text admin_label=\u00a0\u00bbAnreise &#8211; Info\u00a0\u00bb module_class=\u00a0\u00bbdetail-info-sidebar-bg\u00a0\u00bb _builder_version=\u00a0\u00bb4.21.0&Prime; _module_preset=\u00a0\u00bbdefault\u00a0\u00bb global_colors_info=\u00a0\u00bb{}\u00a0\u00bb]<\/p>\n<h3>Location \/ Anreise<\/h3>\n<p><span class=\"event-anreise-info-adresse\">Metropol Z\u00fcrich<br><\/span><br><span class=\"event-anreise-info-beschreibung\"><p>Fraum\u00fcnsterstrasse 12<br \/>\n8001 Z\u00fcrich<\/p>\n<p>Wir empfehlen Ihnen die Anreise mit den \u00f6ffentlichen Verkehrsmitteln. Das Metropol ist zu Fuss von der Tramhaltestelle Paradeplatz (Tram-Linien 2, 6, 7, 8, 9, 11, 13 und 17) in wenigen Minuten erreichbar.<\/p>\n<\/span>[\/et_pb_text][et_pb_text admin_label=\u00a0\u00bbRabatt &#8211; Info\u00a0\u00bb module_class=\u00a0\u00bbdetail-info-sidebar-bg\u00a0\u00bb _builder_version=\u00a0\u00bb4.25.1&Prime; _module_preset=\u00a0\u00bbdefault\u00a0\u00bb global_colors_info=\u00a0\u00bb{}\u00a0\u00bb]<\/p>\n<h3>Rabatt Info<\/h3>\n<p>15% Rabatt auf den regul\u00e4ren Preis bei Anmeldung von mehr als zwei Personen eines Unternehmens. Der Rabatt wird ab der 3. Anmeldung gew\u00e4hrt. Doppelrabattierungen werden nicht gew\u00e4hrt.<br \/>\n[\/et_pb_text][et_pb_code disabled_on=\u00a0\u00bbon|on|on\u00a0\u00bb admin_label=\u00a0\u00bbAnzeige(n)\u00a0\u00bb module_class=\u00a0\u00bbschulthess_product_ads\u00a0\u00bb _builder_version=\u00a0\u00bb4.17.4&Prime; _module_preset=\u00a0\u00bbdefault\u00a0\u00bb disabled=\u00a0\u00bbon\u00a0\u00bb locked=\u00a0\u00bboff\u00a0\u00bb global_colors_info=\u00a0\u00bb{}\u00a0\u00bb][\/et_pb_code][et_pb_blurb title=\u00a0\u00bbTagungsleitung\u00a0\u00bb disabled_on=\u00a0\u00bboff|off|off\u00a0\u00bb admin_label=\u00a0\u00bbTagungsleitung\u00a0\u00bb _builder_version=\u00a0\u00bb4.27.4&Prime; _module_preset=\u00a0\u00bbdefault\u00a0\u00bb background_color=\u00a0\u00bb#efefef\u00a0\u00bb custom_padding=\u00a0\u00bb40px|40px|40px|40px|false|false\u00a0\u00bb locked=\u00a0\u00bboff\u00a0\u00bb global_colors_info=\u00a0\u00bb{}\u00a0\u00bb]<\/p>\n<div class=\"content clearfix\">\n<div class=\"content clearfix\">\n<div class=\"content clearfix\">\n<h2 class=\"block-title\"><img loading=\"lazy\" decoding=\"async\" class=\"wp-image-38209 alignnone size-full\" src=\"https:\/\/www.schulthessforum.ch\/wp-content\/media\/Referenten\/Hunkeler_Daniel.jpg\" alt=\"\" width=\"200\" height=\"242\" \/><\/h2>\n<div class=\"content clearfix\">\n<p>Daniel Hunkeler<a href=\"https:\/\/www.konkursrecht-tagung.ch\/referierende#node-referenten-480\" target=\"_blank\" rel=\"noopener\">\u00a0<\/a>f\u00fchrt durch das Programm des Schulthess Forum Das Unternehmen in der Krise 2026.<\/p>\n<\/div>\n<\/div>\n<\/div>\n<\/div>\n<p>[\/et_pb_blurb][et_pb_blurb disabled_on=\u00a0\u00bboff|off|off\u00a0\u00bb admin_label=\u00a0\u00bbNewsletter-Anmeldung\u00a0\u00bb _builder_version=\u00a0\u00bb4.27.0&Prime; _module_preset=\u00a0\u00bbdefault\u00a0\u00bb background_color=\u00a0\u00bb#efefef\u00a0\u00bb custom_padding=\u00a0\u00bb40px|40px|40px|40px|false|false\u00a0\u00bb locked=\u00a0\u00bboff\u00a0\u00bb global_colors_info=\u00a0\u00bb{}\u00a0\u00bb]<\/p>\n<div class=\"content clearfix\">\n<div class=\"content clearfix\">\n<div class=\"content clearfix\">\n<h3>Newsletter-Anmeldung<\/h3>\n<p><span data-teams=\"true\"><span class=\"ui-provider a b c d e f g h i j k l m n o p q r s t u v w x y z ab ac ae af ag ah ai aj ak\" dir=\"ltr\">M\u00f6chten Sie zu dieser und weiteren Veranstaltungen des Schulthess Forums informiert werden? Melden Sie sich <a href=\"https:\/\/www.schulthessforum.ch\/newsletter\/\"><strong>hier<\/strong><\/a> f\u00fcr den Newsletter an.<\/span><\/span><\/p>\n<div class=\"content clearfix\">\u00a0<\/div>\n<\/div>\n<\/div>\n<\/div>\n<p>[\/et_pb_blurb][\/et_pb_column][\/et_pb_section][et_pb_section fb_built=\u00a0\u00bb1&Prime; specialty=\u00a0\u00bbon\u00a0\u00bb module_class_2=\u00a0\u00bbschulthess-product-attendee-section\u00a0\u00bb admin_label=\u00a0\u00bbInhalt mit Teilnehmerbereich\u00a0\u00bb module_id=\u00a0\u00bbschulthess-attendee-section\u00a0\u00bb module_class=\u00a0\u00bbschulthess-hidden\u00a0\u00bb _builder_version=\u00a0\u00bb4.21.0&Prime; _module_preset=\u00a0\u00bbdefault\u00a0\u00bb display_conditions=\u00a0\u00bbW3siaWQiOiI3NDc0ZmExMC0yZTg5LTQ3MDctYjM2Yi1iZDA3ZWJiMGZlZDEiLCJjb25kaXRpb24iOiJsb2dnZWRJblN0YXR1cyIsImNvbmRpdGlvblNldHRpbmdzIjp7ImRpc3BsYXlSdWxlIjoibG9nZ2VkSW4iLCJhZG1pbkxhYmVsIjoiQW5nZW1lbGRldGVyIFN0YXR1cyIsImVuYWJsZUNvbmRpdGlvbiI6Im9mZiJ9LCJvcGVyYXRvciI6Ik9SIn1d\u00a0\u00bb locked=\u00a0\u00bboff\u00a0\u00bb collapsed=\u00a0\u00bboff\u00a0\u00bb global_colors_info=\u00a0\u00bb{}\u00a0\u00bb][et_pb_column type=\u00a0\u00bb3_4&Prime; specialty_columns=\u00a0\u00bb3&Prime; _builder_version=\u00a0\u00bb4.16&Prime; custom_padding=\u00a0\u00bb|||\u00a0\u00bb global_colors_info=\u00a0\u00bb{}\u00a0\u00bb custom_padding__hover=\u00a0\u00bb|||\u00a0\u00bb][et_pb_row_inner admin_label=\u00a0\u00bbHeadline Teilnehmerbereich\u00a0\u00bb _builder_version=\u00a0\u00bb4.17.4&Prime; _module_preset=\u00a0\u00bbdefault\u00a0\u00bb collapsed=\u00a0\u00bboff\u00a0\u00bb global_colors_info=\u00a0\u00bb{}\u00a0\u00bb][et_pb_column_inner saved_specialty_column_type=\u00a0\u00bb3_4&Prime; _builder_version=\u00a0\u00bb4.17.4&Prime; _module_preset=\u00a0\u00bbdefault\u00a0\u00bb global_colors_info=\u00a0\u00bb{}\u00a0\u00bb][et_pb_text _builder_version=\u00a0\u00bb4.27.4&Prime; _module_preset=\u00a0\u00bbdefault\u00a0\u00bb global_colors_info=\u00a0\u00bb{}\u00a0\u00bb]<\/p>\n<h5>Teilnehmerbereich<\/h5>\n<p>[\/et_pb_text][sfdm_download_list _builder_version=\u00a0\u00bb4.27.4&Prime; _module_preset=\u00a0\u00bbdefault\u00a0\u00bb global_colors_info=\u00a0\u00bb{}\u00a0\u00bb][sfdm_download_list_item title=\u00a0\u00bbProgramm\u00a0\u00bb _builder_version=\u00a0\u00bb4.27.4&Prime; _module_preset=\u00a0\u00bbdefault\u00a0\u00bb link_option_url_new_window=\u00a0\u00bbon\u00a0\u00bb global_colors_info=\u00a0\u00bb{}\u00a0\u00bb][\/sfdm_download_list_item][sfdm_download_list_item title=\u00a0\u00bbReferierende und Themen\u00a0\u00bb _builder_version=\u00a0\u00bb4.27.4&Prime; _module_preset=\u00a0\u00bbdefault\u00a0\u00bb link_option_url_new_window=\u00a0\u00bbon\u00a0\u00bb global_colors_info=\u00a0\u00bb{}\u00a0\u00bb][\/sfdm_download_list_item][sfdm_download_list_item title=\u00a0\u00bbBilanzanalyse und was wir aus dem finanziellen Reporting erkennen k\u00f6nnen_Peter Dauwalder\u00a0\u00bb _builder_version=\u00a0\u00bb4.27.4&Prime; _module_preset=\u00a0\u00bbdefault\u00a0\u00bb link_option_url_new_window=\u00a0\u00bbon\u00a0\u00bb global_colors_info=\u00a0\u00bb{}\u00a0\u00bb][\/sfdm_download_list_item][sfdm_download_list_item title=\u00a0\u00bbKrisenbew\u00e4ltigung durch gerichtliches Nachlassverfahren_Georg J. Wohl\u00a0\u00bb _builder_version=\u00a0\u00bb4.27.4&Prime; _module_preset=\u00a0\u00bbdefault\u00a0\u00bb link_option_url_new_window=\u00a0\u00bbon\u00a0\u00bb global_colors_info=\u00a0\u00bb{}\u00a0\u00bb][\/sfdm_download_list_item][sfdm_download_list_item title=\u00a0\u00bb\u00abLiability Management Exercise\u00bb als m\u00f6gliche Alternative zum gerichtlichem Nachlassverfahren_Dr. Roland Fischer\u00a0\u00bb _builder_version=\u00a0\u00bb4.27.4&Prime; _module_preset=\u00a0\u00bbdefault\u00a0\u00bb link_option_url_new_window=\u00a0\u00bbon\u00a0\u00bb global_colors_info=\u00a0\u00bb{}\u00a0\u00bb][\/sfdm_download_list_item][sfdm_download_list_item title=\u00a0\u00bbUnternehmenskrise in grenz\u00fcberschreitenden Konstellationen_Prof. Dr. Rashid Bahar\u00a0\u00bb _builder_version=\u00a0\u00bb4.27.4&Prime; _module_preset=\u00a0\u00bbdefault\u00a0\u00bb link_option_url_new_window=\u00a0\u00bbon\u00a0\u00bb global_colors_info=\u00a0\u00bb{}\u00a0\u00bb][\/sfdm_download_list_item][sfdm_download_list_item title=\u00a0\u00bbDas Verhalten einer Bank im Krisenfall ihres Unternehmenskunden_Cornelia Diehl\u00a0\u00bb _builder_version=\u00a0\u00bb4.27.4&Prime; _module_preset=\u00a0\u00bbdefault\u00a0\u00bb link_option_url_new_window=\u00a0\u00bbon\u00a0\u00bb global_colors_info=\u00a0\u00bb{}\u00a0\u00bb][\/sfdm_download_list_item][sfdm_download_list_item title=\u00a0\u00bbKrisen bei mittleren und kleineren Banken in der Praxis der FINMA_Franziska M. Balsiger-Geret\u00a0\u00bb _builder_version=\u00a0\u00bb4.27.4&Prime; _module_preset=\u00a0\u00bbdefault\u00a0\u00bb link_option_url_new_window=\u00a0\u00bbon\u00a0\u00bb global_colors_info=\u00a0\u00bb{}\u00a0\u00bb][\/sfdm_download_list_item][sfdm_download_list_item title=\u00a0\u00bbDurchsetzung von Verantwortlichkeitsanspr\u00fcchen gegen Verwaltungsrat und Revisionsstelle \u2013 unter Ber\u00fccksichtigung allf\u00e4lliger Berufshaftpflichtversicherungen_Prof. Dr. Urs Schenker\u00a0\u00bb _builder_version=\u00a0\u00bb4.27.4&Prime; _module_preset=\u00a0\u00bbdefault\u00a0\u00bb link_option_url_new_window=\u00a0\u00bbon\u00a0\u00bb global_colors_info=\u00a0\u00bb{}\u00a0\u00bb][\/sfdm_download_list_item][sfdm_download_list_item title=\u00a0\u00bbSchlussrunde mit Prof. Franco Lorandi, den Referierenden und dem Publikum_moderiert von Dr. Daniel Hunkeler\u00a0\u00bb _builder_version=\u00a0\u00bb4.27.4&Prime; _module_preset=\u00a0\u00bbdefault\u00a0\u00bb link_option_url_new_window=\u00a0\u00bbon\u00a0\u00bb global_colors_info=\u00a0\u00bb{}\u00a0\u00bb][\/sfdm_download_list_item][sfdm_download_list_item title=\u00a0\u00bbPartner\u00a0\u00bb _builder_version=\u00a0\u00bb4.27.4&Prime; _module_preset=\u00a0\u00bbdefault\u00a0\u00bb link_option_url_new_window=\u00a0\u00bbon\u00a0\u00bb global_colors_info=\u00a0\u00bb{}\u00a0\u00bb][\/sfdm_download_list_item][sfdm_download_list_item title=\u00a0\u00bbGesamtpr\u00e4sentation\u00a0\u00bb _builder_version=\u00a0\u00bb4.27.4&Prime; _module_preset=\u00a0\u00bbdefault\u00a0\u00bb global_colors_info=\u00a0\u00bb{}\u00a0\u00bb][\/sfdm_download_list_item][sfdm_download_list_item title=\u00a0\u00bbBuchempfehlungen\u00a0\u00bb _builder_version=\u00a0\u00bb4.27.4&Prime; _module_preset=\u00a0\u00bbdefault\u00a0\u00bb link_option_url_new_window=\u00a0\u00bbon\u00a0\u00bb global_colors_info=\u00a0\u00bb{}\u00a0\u00bb][\/sfdm_download_list_item][\/sfdm_download_list][\/et_pb_column_inner][\/et_pb_row_inner][et_pb_row_inner column_structure=\u00a0\u00bb1_2,1_2&Prime; disabled_on=\u00a0\u00bbon|on|on\u00a0\u00bb admin_label=\u00a0\u00bbVideo \/ Bild-Zeile\u00a0\u00bb _builder_version=\u00a0\u00bb4.17.4&Prime; _module_preset=\u00a0\u00bbdefault\u00a0\u00bb disabled=\u00a0\u00bbon\u00a0\u00bb global_colors_info=\u00a0\u00bb{}\u00a0\u00bb][et_pb_column_inner type=\u00a0\u00bb1_2&Prime; saved_specialty_column_type=\u00a0\u00bb3_4&Prime; _builder_version=\u00a0\u00bb4.17.4&Prime; _module_preset=\u00a0\u00bbdefault\u00a0\u00bb global_colors_info=\u00a0\u00bb{}\u00a0\u00bb][et_pb_image src=\u00a0\u00bbhttps:\/\/www.schulthessforum.ch\/wp-content\/media\/2022\/03\/emiliano-cicero-lq87UxGSiEQ-unsplash.jpg\u00a0\u00bb title_text=\u00a0\u00bbEmiliano Cicero Lq87UxGSiEQ Unsplash\u00a0\u00bb _builder_version=\u00a0\u00bb4.20.2&Prime; _module_preset=\u00a0\u00bbdefault\u00a0\u00bb global_colors_info=\u00a0\u00bb{}\u00a0\u00bb][\/et_pb_image][\/et_pb_column_inner][et_pb_column_inner type=\u00a0\u00bb1_2&Prime; saved_specialty_column_type=\u00a0\u00bb3_4&Prime; _builder_version=\u00a0\u00bb4.17.4&Prime; _module_preset=\u00a0\u00bbdefault\u00a0\u00bb global_colors_info=\u00a0\u00bb{}\u00a0\u00bb][et_pb_text _builder_version=\u00a0\u00bb4.20.2&Prime; _module_preset=\u00a0\u00bbdefault\u00a0\u00bb global_colors_info=\u00a0\u00bb{}\u00a0\u00bb]<\/p>\n<h3>Ausschnitt aus Event<\/h3>\n<p>[\/et_pb_text][\/et_pb_column_inner][\/et_pb_row_inner][\/et_pb_column][et_pb_column type=\u00a0\u00bb1_4&Prime; _builder_version=\u00a0\u00bb4.16&Prime; custom_padding=\u00a0\u00bb|||\u00a0\u00bb global_colors_info=\u00a0\u00bb{}\u00a0\u00bb custom_padding__hover=\u00a0\u00bb|||\u00a0\u00bb][\/et_pb_column][\/et_pb_section][et_pb_section fb_built=\u00a0\u00bb1&Prime; admin_label=\u00a0\u00bbPartner\u00a0\u00bb module_id=\u00a0\u00bbschulthess-partner\u00a0\u00bb _builder_version=\u00a0\u00bb4.17.4&Prime; _module_preset=\u00a0\u00bbdefault\u00a0\u00bb background_enable_color=\u00a0\u00bboff\u00a0\u00bb saved_tabs=\u00a0\u00bball\u00a0\u00bb locked=\u00a0\u00bboff\u00a0\u00bb collapsed=\u00a0\u00bbon\u00a0\u00bb global_colors_info=\u00a0\u00bb{}\u00a0\u00bb][et_pb_row disabled_on=\u00a0\u00bbon|on|on\u00a0\u00bb _builder_version=\u00a0\u00bb4.16&Prime; _module_preset=\u00a0\u00bbdefault\u00a0\u00bb disabled=\u00a0\u00bbon\u00a0\u00bb locked=\u00a0\u00bboff\u00a0\u00bb collapsed=\u00a0\u00bboff\u00a0\u00bb global_colors_info=\u00a0\u00bb{}\u00a0\u00bb][et_pb_column type=\u00a0\u00bb4_4&Prime; _builder_version=\u00a0\u00bb4.16&Prime; _module_preset=\u00a0\u00bbdefault\u00a0\u00bb global_colors_info=\u00a0\u00bb{}\u00a0\u00bb][et_pb_text admin_label=\u00a0\u00bb\u00dcberschrift\u00a0\u00bb module_class=\u00a0\u00bbsf-h2 schulthess-product-partner-headline-wrapper\u00a0\u00bb _builder_version=\u00a0\u00bb4.19.5&Prime; _module_preset=\u00a0\u00bbdefault\u00a0\u00bb locked=\u00a0\u00bboff\u00a0\u00bb global_colors_info=\u00a0\u00bb{}\u00a0\u00bb]&lt;?&#8211; NICHT ZU VISUELL WECHSELN. DIE BUTTONS GEHEN SONST VERLOREN &#8211;&gt;<\/p>\n<h5>Partner<\/h5>\n<p><!--div class=\"schulthess-product-partner-nav\">[schulthess_product_partner_tabs]\n\n\n<div class=\"buttons\"><button class=\"grid icon_grid aktiv\"><span><\/span><\/button><button class=\"list icon_list\"><span><\/span><\/button><\/div>\n\n\n<\/div-->[\/et_pb_text][et_pb_code disabled_on=\u00a0\u00bboff|off|off\u00a0\u00bb admin_label=\u00a0\u00bbCode (ein grid, keine Filter)\u00a0\u00bb _builder_version=\u00a0\u00bb4.17.4&Prime; _module_preset=\u00a0\u00bbdefault\u00a0\u00bb locked=\u00a0\u00bboff\u00a0\u00bb global_colors_info=\u00a0\u00bb{}\u00a0\u00bb]<div class=\"schulthess-product-partner-wrapper grid\">\n                  <div id=\"12895\" class=\"schulthess-product-partner Kooperationspartner\" partner-type=\"Kooperationspartner\">\n                        <div class=\"schulthess-product-partner-image\">\n                                <img loading=\"lazy\" decoding=\"async\" src=\"https:\/\/www.schulthessforum.ch\/wp-content\/media\/Partner\/Konferenz-der-Betreibungs-und-Konkursbeamten-250x41.jpg\" alt=\"Konferenz der Betreibungs- und Konkursbeamten der Schweiz\" title=\"Konferenz der Betreibungs- und Konkursbeamten der Schweiz\" width=\"250\" height=\"150\" \/>\n                        <\/div>\n                        <div class=\"schulthess-product-partner-info\">\n                            <div class=\"content\">\n                                <h4 class=\"schulthess-product-partner-name\">Konferenz der Betreibungs- und Konkursbeamten der Schweiz<\/h4>\n                                <p class=\"schulthess-product-partner-type\">\n                                    Kooperationspartner\n                                <\/p>\n                                <p class=\"schulthess-product-partner-description\">\n                                    Die Konferenz der Betreibungs- und Konkursbeamten der Schweiz ist ein Verein im Sinne von Art. 60 ff. ZGB und wurde am 22. November 1925 gegr\u00fcndet. \r\n\r\nDie Konferenz ist die Dachorganisation der Betreibungs- und Konkurs\u00e4mter der Schweiz und bezweckt folgendes:\r\n\r\ndie F\u00f6rderung einer m\u00f6glichst einheitlichen Amtsf\u00fchrung bei den Betreibungs- und Konkurs\u00e4mtern der Schweiz;\r\ndie Herausgabe der Zeitschrift \"Bl\u00e4tter f\u00fcr Schuldbetreibung und Konkurs\";\r\ndie Stellungnahme zu den Entw\u00fcrfen und Vorlagen \u00fcber Gesetze, Verordnungen, Weisungen und Kreisschreiben betreibungs- und konkursrechtlicher Natur;\r\ndie F\u00f6rderung der beruflichen Aus- und Weiterbildung;\r\ndie Wahrung der Standesinteressen, Pr\u00fcfung und Behandlung von Anregungen und Vorschl\u00e4gen der Mitglieder, F\u00f6rderung des fachlichen Austausches sowie Pflege der Kollegialit\u00e4t. \r\nMitglieder der Konferenz sind die einzelnen Verb\u00e4nde der Betreibungs- und Konkursbeamten und deren Stellvertreter, sowie Einzelpersonen, sofern die Voraussetzungen nach Art. 4 der Statuten erf\u00fcllt sind.\n                                <\/p>\n                                <p class=\"schulthess-product-partner-speakers\">\n                                    Referenten: \n                                <\/p>\n                                <!--div class=\"schulthess-product-partner-link\">\n                                        <span>zur Website<\/span>\n                                        <span class=\"link-icon\">\n                                            <svg xmlns=\"http:\/\/www.w3.org\/2000\/svg\" width=\"11\" height=\"10\" viewBox=\"0 0 9.697 9.017\">\n                                                <g transform=\"translate(-813.933 -2094.752)\">\n                                                    <path d=\"M9442.49,1683l3.447,3.448-3.447,3.448\" transform=\"translate(-8627.497 412.813)\" fill=\"none\" stroke=\"#000\" stroke-linecap=\"round\" stroke-width=\"1.5\"\/>\n                                                    <path d=\"M9442.49,1683l3.447,3.448-3.447,3.448\" transform=\"translate(-8623.368 412.813)\" fill=\"none\" stroke=\"#000\" stroke-linecap=\"round\" stroke-width=\"1.5\"\/>\n                                                <\/g>\n                                            <\/svg>\n                                        <\/span>\n                                <\/div-->\n                            <\/div>\n                        <\/div>\n                    <\/div><div id=\"12900\" class=\"schulthess-product-partner Kooperationspartner\" partner-type=\"Kooperationspartner\">\n                        <div class=\"schulthess-product-partner-image\">\n                                <img loading=\"lazy\" decoding=\"async\" src=\"https:\/\/www.schulthessforum.ch\/wp-content\/media\/Partner\/Schweizerischer-KMU-Verband_134x134px-150x150.png\" alt=\"Schweizerischer KMU Verband\" title=\"Schweizerischer KMU Verband\" width=\"250\" height=\"150\" \/>\n                        <\/div>\n                        <div class=\"schulthess-product-partner-info\">\n                            <div class=\"content\">\n                                <h4 class=\"schulthess-product-partner-name\">Schweizerischer KMU Verband<\/h4>\n                                <p class=\"schulthess-product-partner-type\">\n                                    Kooperationspartner\n                                <\/p>\n                                <p class=\"schulthess-product-partner-description\">\n                                    Als anerkannter Wirtschaftsverband vertritt der Schweizerische KMU Verband die Anliegen von kleinen und mittleren Betrieben. Er setzt sich f\u00fcr bestm\u00f6gliche Rahmenbedingungen ein und st\u00e4rkt mit gezielten Leistungen die Wettbewerbsf\u00e4higkeit der Mitglieder.\n                                <\/p>\n                                <p class=\"schulthess-product-partner-speakers\">\n                                    Referenten: \n                                <\/p>\n                                <!--div class=\"schulthess-product-partner-link\">\n                                        <span>zur Website<\/span>\n                                        <span class=\"link-icon\">\n                                            <svg xmlns=\"http:\/\/www.w3.org\/2000\/svg\" width=\"11\" height=\"10\" viewBox=\"0 0 9.697 9.017\">\n                                                <g transform=\"translate(-813.933 -2094.752)\">\n                                                    <path d=\"M9442.49,1683l3.447,3.448-3.447,3.448\" transform=\"translate(-8627.497 412.813)\" fill=\"none\" stroke=\"#000\" stroke-linecap=\"round\" stroke-width=\"1.5\"\/>\n                                                    <path d=\"M9442.49,1683l3.447,3.448-3.447,3.448\" transform=\"translate(-8623.368 412.813)\" fill=\"none\" stroke=\"#000\" stroke-linecap=\"round\" stroke-width=\"1.5\"\/>\n                                                <\/g>\n                                            <\/svg>\n                                        <\/span>\n                                <\/div-->\n                            <\/div>\n                        <\/div>\n                    <\/div><div id=\"12904\" class=\"schulthess-product-partner Medienpartner\" partner-type=\"Medienpartner\">\n                        <div class=\"schulthess-product-partner-image\">\n                                <img loading=\"lazy\" decoding=\"async\" src=\"https:\/\/www.schulthessforum.ch\/wp-content\/media\/Partner\/iusnet_Website_Schuldbetreibung_und_Konkurs_364x104px-250x71.png\" alt=\"iusnet Schuldbetreibung und Konkurs\" title=\"iusnet Schuldbetreibung und Konkurs\" width=\"250\" height=\"150\" \/>\n                        <\/div>\n                        <div class=\"schulthess-product-partner-info\">\n                            <div class=\"content\">\n                                <h4 class=\"schulthess-product-partner-name\">iusnet Schuldbetreibung und Konkurs<\/h4>\n                                <p class=\"schulthess-product-partner-type\">\n                                    Medienpartner\n                                <\/p>\n                                <p class=\"schulthess-product-partner-description\">\n                                    Das neue mehrstufige Informationssystem iusnet Schuldbetreibung und Konkurs liefert Ihnen mit dem regelm\u00e4ssigen Newsletter bis zu sechs Mal j\u00e4hrlich einen kompakten \u00dcberblick \u00fcber die wichtigsten Entwicklungen in Rechtsprechung und Gesetzgebung zu Themengebieten wie Pf\u00e4ndung, Arrest, Konkurs- und Nachlassverfahren u.v.m.\r\n \r\nDie Online-Plattform iusnet Schuldbetreibung und Konkurs enth\u00e4lt nebst s\u00e4mtlichen Inhalten aus dem Newsletter weitere Entscheide, Informationen zu Gesetzgebung, Kommentierungen sowie Fachbeitr\u00e4ge. Eine hilfreiche Suchfunktion f\u00fchrt Sie treffsicher zu den gew\u00fcnschten Ergebnissen\r\n \r\nDie Redaktoren, Dominik Milani und Florian Eichel, redigieren alle Inhalte auf iusnet Schuldbetreibung und Konkurs und garantieren mit den iusNet-Autoren eine hohe inhaltliche Qualit\u00e4t.\n                                <\/p>\n                                <p class=\"schulthess-product-partner-speakers\">\n                                    Referenten: \n                                <\/p>\n                                <!--div class=\"schulthess-product-partner-link\">\n                                        <span>zur Website<\/span>\n                                        <span class=\"link-icon\">\n                                            <svg xmlns=\"http:\/\/www.w3.org\/2000\/svg\" width=\"11\" height=\"10\" viewBox=\"0 0 9.697 9.017\">\n                                                <g transform=\"translate(-813.933 -2094.752)\">\n                                                    <path d=\"M9442.49,1683l3.447,3.448-3.447,3.448\" transform=\"translate(-8627.497 412.813)\" fill=\"none\" stroke=\"#000\" stroke-linecap=\"round\" stroke-width=\"1.5\"\/>\n                                                    <path d=\"M9442.49,1683l3.447,3.448-3.447,3.448\" transform=\"translate(-8623.368 412.813)\" fill=\"none\" stroke=\"#000\" stroke-linecap=\"round\" stroke-width=\"1.5\"\/>\n                                                <\/g>\n                                            <\/svg>\n                                        <\/span>\n                                <\/div-->\n                            <\/div>\n                        <\/div>\n                    <\/div>\n            <\/div>\n            <script>\n\n              var btns1 = jQuery(\".schulthess-product-partner-headline-wrapper .buttons\");\n              btns1.find(\".grid\").addClass(\"aktiv\");\n\n              btns1.find(\"button\").on(\"click\",function(e) {\n                btns1.find(\".grid\").removeClass(\"aktiv\");\n                btns1.find(\".list\").removeClass(\"aktiv\");\n                if (jQuery(this).hasClass(\"grid\")) {\n                    jQuery(\".schulthess-product-partner-wrapper\").removeClass(\"list\").addClass(\"grid\");\n                    jQuery(this).addClass(\"aktiv\");\n                    jQuery(\".schulthess-product-partner-wrapper .schulthess-product-partner-info\").hide();\n                }\n                else if(jQuery(this).hasClass(\"list\")) {\n                    jQuery(\".schulthess-product-partner-wrapper\").removeClass(\"grid\").addClass(\"list\");\n                    jQuery(\".schulthess-product-partner-wrapper .schulthess-product-partner-info\").show();\n                    jQuery(this).addClass(\"aktiv\");\n                }\n              });\n            <\/script>[\/et_pb_code][\/et_pb_column][\/et_pb_row][et_pb_row disabled_on=\u00a0\u00bboff|off|off\u00a0\u00bb _builder_version=\u00a0\u00bb4.16&Prime; _module_preset=\u00a0\u00bbdefault\u00a0\u00bb locked=\u00a0\u00bboff\u00a0\u00bb collapsed=\u00a0\u00bboff\u00a0\u00bb global_colors_info=\u00a0\u00bb{}\u00a0\u00bb][et_pb_column type=\u00a0\u00bb4_4&Prime; _builder_version=\u00a0\u00bb4.16&Prime; _module_preset=\u00a0\u00bbdefault\u00a0\u00bb global_colors_info=\u00a0\u00bb{}\u00a0\u00bb][et_pb_code admin_label=\u00a0\u00bbCode\u00a0\u00bb _builder_version=\u00a0\u00bb4.20.2&Prime; _module_preset=\u00a0\u00bbdefault\u00a0\u00bb locked=\u00a0\u00bboff\u00a0\u00bb global_colors_info=\u00a0\u00bb{}\u00a0\u00bb]<div class=\"et_pb_row sf-h3\">\n            <div class=\"et_pb_module et_pb_text schulthess-product-partner-headline-wrapper\">\n                <h5 class=\"schulthess-product-partner-type\" id=\"medienpartner\">Partenaires m\u00e9dias<\/h5>\n            <\/div>\n            <div class=\"et_pb_module\"><div class=\"et_pb_column_1_4 et_pb_column\">\n                        <div class=\"sf-product-partner-container\">\n                            <a href=\"https:\/\/www.schulthess.com\/de\/portfolio\/schulthess\/schulthess-digital\/iusnet\/iusnet-erbrecht\" title=\"iusnet Schuldbetreibung und Konkurs\" target=\"_blank\" rel=\"noopener nofollow\"><img loading=\"lazy\" decoding=\"async\" class=\"\" src=\"https:\/\/www.schulthessforum.ch\/wp-content\/media\/Partner\/iusnet_Website_Schuldbetreibung_und_Konkurs_364x104px.png\" style=\"aspect-ratio: 364 \/ 104\" width=\"364\" height=\"104\" alt=\"iusnet Schuldbetreibung und Konkurs\" title=\"iusnet Schuldbetreibung und Konkurs\"\/><\/a>\n                        <\/div>\n                    <\/div><\/div><\/div>[\/et_pb_code][et_pb_code admin_label=\u00a0\u00bbCode\u00a0\u00bb _builder_version=\u00a0\u00bb4.20.2&Prime; _module_preset=\u00a0\u00bbdefault\u00a0\u00bb locked=\u00a0\u00bboff\u00a0\u00bb global_colors_info=\u00a0\u00bb{}\u00a0\u00bb]<div class=\"et_pb_row sf-h3\">\n            <div class=\"et_pb_module et_pb_text schulthess-product-partner-headline-wrapper\">\n                <h5 class=\"schulthess-product-partner-type\" id=\"kooperationspartner\">Partenaires<\/h5>\n            <\/div>\n            <div class=\"et_pb_module\"><div class=\"et_pb_column_1_4 et_pb_column\">\n                        <div class=\"sf-product-partner-container\">\n                            <a href=\"https:\/\/www.betreibung-konkurs.ch\/\" title=\"Konferenz der Betreibungs- und Konkursbeamten der Schweiz\" target=\"_blank\" rel=\"noopener nofollow\"><img loading=\"lazy\" decoding=\"async\" class=\"\" src=\"https:\/\/www.schulthessforum.ch\/wp-content\/media\/Partner\/Konferenz-der-Betreibungs-und-Konkursbeamten.jpg\" style=\"aspect-ratio: 1281 \/ 210\" width=\"1281\" height=\"210\" alt=\"Konferenz der Betreibungs- und Konkursbeamten der Schweiz\" title=\"Konferenz der Betreibungs- und Konkursbeamten der Schweiz\"\/><\/a>\n                        <\/div>\n                    <\/div><div class=\"et_pb_column_1_4 et_pb_column\">\n                        <div class=\"sf-product-partner-container\">\n                            <a href=\"https:\/\/www.kmuverband.ch\/\" title=\"Schweizerischer KMU Verband\" target=\"_blank\" rel=\"noopener nofollow\"><img loading=\"lazy\" decoding=\"async\" class=\"\" src=\"https:\/\/www.schulthessforum.ch\/wp-content\/media\/Partner\/Schweizerischer-KMU-Verband_134x134px.png\" style=\"aspect-ratio: 201 \/ 201\" width=\"201\" height=\"201\" alt=\"Schweizerischer KMU Verband\" title=\"Schweizerischer KMU Verband\"\/><\/a>\n                        <\/div>\n                    <\/div><\/div><\/div>[\/et_pb_code][et_pb_code admin_label=\u00a0\u00bbCode\u00a0\u00bb _builder_version=\u00a0\u00bb4.20.2&Prime; _module_preset=\u00a0\u00bbdefault\u00a0\u00bb locked=\u00a0\u00bboff\u00a0\u00bb global_colors_info=\u00a0\u00bb{}\u00a0\u00bb][\/et_pb_code][\/et_pb_column][\/et_pb_row][\/et_pb_section][et_pb_section fb_built=\u00a0\u00bb1&Prime; disabled_on=\u00a0\u00bbon|on|on\u00a0\u00bb admin_label=\u00a0\u00bbSektion Impressionen\u00a0\u00bb module_id=\u00a0\u00bbschulthess-impressionen\u00a0\u00bb _builder_version=\u00a0\u00bb4.17.4&Prime; _module_preset=\u00a0\u00bbdefault\u00a0\u00bb disabled=\u00a0\u00bbon\u00a0\u00bb collapsed=\u00a0\u00bbon\u00a0\u00bb global_colors_info=\u00a0\u00bb{}\u00a0\u00bb][et_pb_row module_class=\u00a0\u00bbsf-impressionen-slider-wrapper\u00a0\u00bb _builder_version=\u00a0\u00bb4.19.5&Prime; _module_preset=\u00a0\u00bbdefault\u00a0\u00bb global_colors_info=\u00a0\u00bb{}\u00a0\u00bb][et_pb_column type=\u00a0\u00bb4_4&Prime; _builder_version=\u00a0\u00bb4.19.5&Prime; _module_preset=\u00a0\u00bbdefault\u00a0\u00bb global_colors_info=\u00a0\u00bb{}\u00a0\u00bb][et_pb_text admin_label=\u00a0\u00bb\u00dcberschrift\u00a0\u00bb module_class=\u00a0\u00bbsf-h2&Prime; _builder_version=\u00a0\u00bb4.19.5&Prime; _module_preset=\u00a0\u00bbdefault\u00a0\u00bb global_colors_info=\u00a0\u00bb{}\u00a0\u00bb]<\/p>\n<h5>Impressionen<\/h5>\n<p>[\/et_pb_text][et_pb_gallery gallery_ids=\u00a0\u00bb1275,1274,1273,1272,1271,1266,1267,1260,1262,1253,1251,1248,1240,1244,1246&Prime; fullwidth=\u00a0\u00bbon\u00a0\u00bb admin_label=\u00a0\u00bbGalerie\u00a0\u00bb module_id=\u00a0\u00bbimpressionen-slider\u00a0\u00bb module_class=\u00a0\u00bbimpressionen-slider\u00a0\u00bb _builder_version=\u00a0\u00bb4.19.5&Prime; _module_preset=\u00a0\u00bbdefault\u00a0\u00bb animation_style=\u00a0\u00bbfade\u00a0\u00bb animation_duration=\u00a0\u00bb5000ms\u00a0\u00bb animation_starting_opacity=\u00a0\u00bb100%\u00a0\u00bb animation_repeat=\u00a0\u00bbloop\u00a0\u00bb auto=\u00a0\u00bbon\u00a0\u00bb auto_speed=\u00a0\u00bb5000&Prime; global_colors_info=\u00a0\u00bb{}\u00a0\u00bb][\/et_pb_gallery][\/et_pb_column][\/et_pb_row][\/et_pb_section]<\/p>\n","protected":false},"excerpt":{"rendered":"<h3>Aus der Sanierungs- und Konkurspraxis<\/h3>\n<p>Die aktuelle Praxis in der Schweiz zeigt, dass die Durchsetzung von Verantwortlichkeitsanspr\u00fcchen gegen Verwaltungsrat und Revisionsstelle schwierig ist, nicht zuletzt vor dem Hintergrund einer strengen Rechtsprechung. Eine Kenntnis der neuralgischen Punkte und deren Umgang aus Sicht der involvierten Parteien ist von besonderer Bedeutung. Zur Vermeidung eines Konkurses und allf\u00e4lliger Verantwortlichkeitsanspr\u00fcche wird vermehrt das gerichtliche Nachlassverfahren als Instrument der strukturierten Krisenbew\u00e4ltigung genutzt, wobei sich in der Praxis in j\u00fcngerer Zeit besondere Erkenntnisse ergeben haben. Als m\u00f6gliche Alternative k\u00f6nnte auch die Liability Management Exercise st\u00e4rker in den Fokus geraten, insbesondere bei komplexen Finanzierungsstrukturen und international aufgestellten Unternehmen. In jedem Fall bleibt eine fundierte Bilanzanalyse zentral, um Warnsignale aus dem finanziellen Reporting rechtzeitig zu erkennen. Grenz\u00fcberschreitende Krisen stellen besondere Herausforderungen dar, etwa bei Distressed Transaktionen, wo unterschiedliche Insolvenzregime aufeinandertreffen. Banken spielen im Krisenfall ihrer Unternehmenskunden oftmals eine Schl\u00fcsselrolle, w\u00e4hrend die FINMA bei Krisen kleinerer und mittlerer Banken zunehmend pr\u00e4ventiv und interventionistisch auftritt.<\/p>\n<p>Nutzen Sie die Gelegenheit, sich die Themen aus unterschiedlichen Perspektiven er\u00f6rtern zu lassen und gleichzeitig wertvolle Kontakte zu kn\u00fcpfen bzw. zu pflegen. Nehmen Sie sich einen Tag Zeit und aktualisieren und vertiefen Sie ihr Wissen.<\/p>\n","protected":false},"author":25,"featured_media":0,"template":"","meta":{"_acf_changed":false,"_et_pb_use_builder":"on","_et_pb_old_content":"<h3>Aus der Sanierungs- und Konkurspraxis<\/h3>\r\nDie aktuelle Praxis in der Schweiz zeigt, dass die Durchsetzung von Verantwortlichkeitsanspr\u00fcchen gegen Verwaltungsrat und Revisionsstelle schwierig ist, nicht zuletzt vor dem Hintergrund einer strengen Rechtsprechung. Eine Kenntnis der neuralgischen Punkte und deren Umgang aus Sicht der involvierten Parteien ist von besonderer Bedeutung. Zur Vermeidung eines Konkurses und allf\u00e4lliger Verantwortlichkeitsanspr\u00fcche wird vermehrt das gerichtliche Nachlassverfahren als Instrument der strukturierten Krisenbew\u00e4ltigung genutzt, wobei sich in der Praxis in j\u00fcngerer Zeit besondere Erkenntnisse ergeben haben. Als m\u00f6gliche Alternative k\u00f6nnte auch die Liability Management Exercise st\u00e4rker in den Fokus geraten, insbesondere bei komplexen Finanzierungsstrukturen und international aufgestellten Unternehmen. In jedem Fall bleibt eine fundierte Bilanzanalyse zentral, um Warnsignale aus dem finanziellen Reporting rechtzeitig zu erkennen. Grenz\u00fcberschreitende Krisen stellen besondere Herausforderungen dar, etwa bei Distressed Transaktionen, wo unterschiedliche Insolvenzregime aufeinandertreffen. Banken spielen im Krisenfall ihrer Unternehmenskunden oftmals eine Schl\u00fcsselrolle, w\u00e4hrend die FINMA bei Krisen kleinerer und mittlerer Banken zunehmend pr\u00e4ventiv und interventionistisch auftritt.\r\n\r\nNutzen Sie die Gelegenheit, sich die Themen aus unterschiedlichen Perspektiven er\u00f6rtern zu lassen und gleichzeitig wertvolle Kontakte zu kn\u00fcpfen bzw. zu pflegen. Nehmen Sie sich einen Tag Zeit und aktualisieren und vertiefen Sie ihr Wissen.","_et_gb_content_width":""},"categories":[140,256],"tags":[],"product_brand":[],"product_cat":[229],"product_tag":[],"class_list":{"0":"post-37688","1":"product","2":"type-product","3":"status-publish","5":"category-tagung","6":"category-schuldbetreibungs-und-konkursrecht","7":"product_cat-229","8":"pa_teilnahme-praesenzveranstaltung","10":"first","11":"instock","12":"taxable","13":"shipping-taxable","14":"purchasable","15":"product-type-variable"},"acf":[],"_links":{"self":[{"href":"https:\/\/www.schulthessforum.ch\/fr\/wp-json\/wp\/v2\/product\/37688","targetHints":{"allow":["GET"]}}],"collection":[{"href":"https:\/\/www.schulthessforum.ch\/fr\/wp-json\/wp\/v2\/product"}],"about":[{"href":"https:\/\/www.schulthessforum.ch\/fr\/wp-json\/wp\/v2\/types\/product"}],"author":[{"embeddable":true,"href":"https:\/\/www.schulthessforum.ch\/fr\/wp-json\/wp\/v2\/users\/25"}],"wp:attachment":[{"href":"https:\/\/www.schulthessforum.ch\/fr\/wp-json\/wp\/v2\/media?parent=37688"}],"wp:term":[{"taxonomy":"category","embeddable":true,"href":"https:\/\/www.schulthessforum.ch\/fr\/wp-json\/wp\/v2\/categories?post=37688"},{"taxonomy":"post_tag","embeddable":true,"href":"https:\/\/www.schulthessforum.ch\/fr\/wp-json\/wp\/v2\/tags?post=37688"},{"taxonomy":"product_brand","embeddable":true,"href":"https:\/\/www.schulthessforum.ch\/fr\/wp-json\/wp\/v2\/product_brand?post=37688"},{"taxonomy":"product_cat","embeddable":true,"href":"https:\/\/www.schulthessforum.ch\/fr\/wp-json\/wp\/v2\/product_cat?post=37688"},{"taxonomy":"product_tag","embeddable":true,"href":"https:\/\/www.schulthessforum.ch\/fr\/wp-json\/wp\/v2\/product_tag?post=37688"}],"curies":[{"name":"wp","href":"https:\/\/api.w.org\/{rel}","templated":true}]}}