{"id":37749,"date":"2026-02-10T11:06:28","date_gmt":"2026-02-10T10:06:28","guid":{"rendered":"https:\/\/www.schulthessforum.ch\/?post_type=product&#038;p=37749"},"modified":"2026-04-27T17:40:17","modified_gmt":"2026-04-27T15:40:17","slug":"ehegueterrecht","status":"publish","type":"product","link":"https:\/\/www.schulthessforum.ch\/ehegueterrecht\/","title":{"rendered":"Eheg\u00fcterrecht 2026"},"content":{"rendered":"<p>[et_pb_section fb_built=\u00a0\u00bb1&Prime; disabled_on=\u00a0\u00bboff|off|off\u00a0\u00bb admin_label=\u00a0\u00bbAlert Content\u00a0\u00bb module_id=\u00a0\u00bbschulthess-header-alertbar-section\u00a0\u00bb _builder_version=\u00a0\u00bb4.19.4&Prime; _module_preset=\u00a0\u00bbdefault\u00a0\u00bb locked=\u00a0\u00bboff\u00a0\u00bb collapsed=\u00a0\u00bbon\u00a0\u00bb global_colors_info=\u00a0\u00bb{}\u00a0\u00bb][et_pb_row _builder_version=\u00a0\u00bb4.17.4&Prime; _module_preset=\u00a0\u00bbdefault\u00a0\u00bb global_colors_info=\u00a0\u00bb{}\u00a0\u00bb][et_pb_column type=\u00a0\u00bb4_4&Prime; _builder_version=\u00a0\u00bb4.17.4&Prime; _module_preset=\u00a0\u00bbdefault\u00a0\u00bb global_colors_info=\u00a0\u00bb{}\u00a0\u00bb][et_pb_code admin_label=\u00a0\u00bbCode (Alert) (ZU \u00c4NDERN IN %22HOME%22)\u00a0\u00bb module_class=\u00a0\u00bbschulthess-header-alertbar \u00a0\u00bb _builder_version=\u00a0\u00bb4.17.4&Prime; _module_preset=\u00a0\u00bbdefault\u00a0\u00bb locked=\u00a0\u00bbon\u00a0\u00bb global_colors_info=\u00a0\u00bb{}\u00a0\u00bb][\/et_pb_code][\/et_pb_column][\/et_pb_row][\/et_pb_section][et_pb_section fb_built=\u00a0\u00bb1&Prime; disabled_on=\u00a0\u00bboff|off|off\u00a0\u00bb admin_label=\u00a0\u00bbHeader &#8211; Content\u00a0\u00bb module_class=\u00a0\u00bbsf-product-header schulthess-hero\u00a0\u00bb _builder_version=\u00a0\u00bb4.20.2&Prime; _module_preset=\u00a0\u00bbdefault\u00a0\u00bb background_enable_color=\u00a0\u00bboff\u00a0\u00bb background_enable_image=\u00a0\u00bboff\u00a0\u00bb locked=\u00a0\u00bboff\u00a0\u00bb collapsed=\u00a0\u00bbon\u00a0\u00bb global_colors_info=\u00a0\u00bb{}\u00a0\u00bb][et_pb_row _builder_version=\u00a0\u00bb4.20.2&Prime; _module_preset=\u00a0\u00bbdefault\u00a0\u00bb global_colors_info=\u00a0\u00bb{}\u00a0\u00bb][et_pb_column type=\u00a0\u00bb4_4&Prime; _builder_version=\u00a0\u00bb4.20.2&Prime; _module_preset=\u00a0\u00bbdefault\u00a0\u00bb global_colors_info=\u00a0\u00bb{}\u00a0\u00bb][et_pb_text _builder_version=\u00a0\u00bb4.20.2&Prime; _module_preset=\u00a0\u00bbdefault\u00a0\u00bb global_colors_info=\u00a0\u00bb{}\u00a0\u00bb]<style>.et-db #et-boc .et-l .et_pb_section.sf-product-header.schulthess-hero{\n        background-color: #244566 !important;\n      }\n      .schulthess-hero h1 {\n        border-bottom: 3px solid #FFFFFFF !important;\n      }\n      .sf-product-header.schulthess-hero .weitereVaranstalerSchriftfarbe{\n        color: #FFFFFF !important;\n      }\n      .schulthess-hero .event-kategorie-date-headline.weitereVaranstalerSchriftfarbe,\n      .schulthess-hero .event-kategorie-date-headline.weitereVaranstalerSchriftfarbe a{\n        color: #FFFFFF !important;\n      }\n      .schulthess-hero .event-kategorie-date-headline.weitereVaranstalerSchriftfarbe a:hover,\n      .schulthess-hero .event-kategorie-date-headline.weitereVaranstalerSchriftfarbe a:focus,\n      .schulthess-hero .event-kategorie-date-headline.weitereVaranstalerSchriftfarbe a:active{\n        color: #8ac7ef !important;\n      }\n      .weitererVeranstalterLogoSubheadline{\n        width: 150px;\n        max-width: 100%;\n      }<\/style>\n\t <div class=\"et_pb_text_inner\"><h3 class=\"weitereVaranstalerSchriftfarbe\">Schulthess Forum<\/h3><\/div>\n\t <div class=\"et_pb_text_inner\"><h1 class=\"sf-product-title weitereVaranstalerSchriftfarbe\">Eheg\u00fcterrecht 2026<\/h1><\/div>\n\t <div class=\"et_pb_text_inner\"><h2 class=\"sf-product-subheadline weitereVaranstalerSchriftfarbe\">Ehe und Konkubinat zwischen Vorsorge, Verm\u00f6gen und Besteuerung<\/h2><\/div>\n\t <div class=\"sf-product-catsDateLogos\"><span class=\"event-kategorie-date-headline weitereVaranstalerSchriftfarbe\">Eheg\u00fcterrecht | Familienrecht | Tagungen | Online-Teilnahme | mardi, 16.06.2026<\/span><div class=\"sf-product-logos\"><\/div><\/div>[\/et_pb_text][\/et_pb_column][\/et_pb_row][\/et_pb_section][et_pb_section fb_built=\u00a0\u00bb1&Prime; specialty=\u00a0\u00bbon\u00a0\u00bb module_class_1=\u00a0\u00bbschulthess-product-main\u00a0\u00bb module_class_2=\u00a0\u00bbschulthess-product-sidebar\u00a0\u00bb admin_label=\u00a0\u00bbMain &#8211; Content\u00a0\u00bb module_id=\u00a0\u00bbschulthess-product-mainsection\u00a0\u00bb _builder_version=\u00a0\u00bb4.19.4&Prime; _module_preset=\u00a0\u00bbdefault\u00a0\u00bb collapsed=\u00a0\u00bboff\u00a0\u00bb global_colors_info=\u00a0\u00bb{}\u00a0\u00bb][et_pb_column type=\u00a0\u00bb3_4&Prime; specialty_columns=\u00a0\u00bb3&Prime; _builder_version=\u00a0\u00bb4.16&Prime; custom_padding=\u00a0\u00bb|||\u00a0\u00bb global_colors_info=\u00a0\u00bb{}\u00a0\u00bb custom_padding__hover=\u00a0\u00bb|||\u00a0\u00bb][et_pb_row_inner admin_label=\u00a0\u00bbMen\u00fc (Programm, Referierende, Fachinformation, Partner, Impressionen, Teilnehmerbereich)\u00a0\u00bb module_id=\u00a0\u00bbschulthess-product-subnavigation\u00a0\u00bb _builder_version=\u00a0\u00bb4.21.0&Prime; background_size=\u00a0\u00bbinitial\u00a0\u00bb background_position=\u00a0\u00bbtop_left\u00a0\u00bb background_repeat=\u00a0\u00bbrepeat\u00a0\u00bb locked=\u00a0\u00bboff\u00a0\u00bb collapsed=\u00a0\u00bboff\u00a0\u00bb global_colors_info=\u00a0\u00bb{}\u00a0\u00bb][et_pb_column_inner saved_specialty_column_type=\u00a0\u00bb3_4&Prime; _builder_version=\u00a0\u00bb4.17.3&Prime; _module_preset=\u00a0\u00bbdefault\u00a0\u00bb global_colors_info=\u00a0\u00bb{}\u00a0\u00bb][et_pb_menu menu_id=\u00a0\u00bb67&Prime; module_class=\u00a0\u00bbet_smooth_scroll_disabled\u00a0\u00bb _builder_version=\u00a0\u00bb4.21.0&Prime; _module_preset=\u00a0\u00bbdefault\u00a0\u00bb locked=\u00a0\u00bboff\u00a0\u00bb global_colors_info=\u00a0\u00bb{}\u00a0\u00bb][\/et_pb_menu][\/et_pb_column_inner][\/et_pb_row_inner][et_pb_row_inner admin_label=\u00a0\u00bbKurzbeschreibung (Inhalt kommt vom Main Event Content)\u00a0\u00bb module_class=\u00a0\u00bbsf-date-shorttext-row kurzbeschreibung-border-bottom\u00a0\u00bb _builder_version=\u00a0\u00bb4.19.4&Prime; _module_preset=\u00a0\u00bbdefault\u00a0\u00bb locked=\u00a0\u00bboff\u00a0\u00bb collapsed=\u00a0\u00bbon\u00a0\u00bb global_colors_info=\u00a0\u00bb{}\u00a0\u00bb][et_pb_column_inner saved_specialty_column_type=\u00a0\u00bb3_4&Prime; _builder_version=\u00a0\u00bb4.16&Prime; _module_preset=\u00a0\u00bbdefault\u00a0\u00bb global_colors_info=\u00a0\u00bb{}\u00a0\u00bb][et_pb_text admin_label=\u00a0\u00bbKurzbeschreibung\u00a0\u00bb _builder_version=\u00a0\u00bb4.19.4&Prime; _dynamic_attributes=\u00a0\u00bbcontent\u00a0\u00bb _module_preset=\u00a0\u00bbdefault\u00a0\u00bb locked=\u00a0\u00bboff\u00a0\u00bb global_colors_info=\u00a0\u00bb{}\u00a0\u00bb]@ET-DC@eyJkeW5hbWljIjp0cnVlLCJjb250ZW50IjoicHJvZHVjdF9zaG9ydF9kZXNjcmlwdGlvbiIsInNldHRpbmdzIjp7ImJlZm9yZSI6IiIsImFmdGVyIjoiIn19@[\/et_pb_text][\/et_pb_column_inner][\/et_pb_row_inner][et_pb_row_inner admin_label=\u00a0\u00bbProgramm (Ihr Vorteil, Zielpublikum, Kurzprogramm, Detailprogramm)\u00a0\u00bb _builder_version=\u00a0\u00bb4.25.1&Prime; _module_preset=\u00a0\u00bbdefault\u00a0\u00bb collapsed=\u00a0\u00bboff\u00a0\u00bb global_colors_info=\u00a0\u00bb{}\u00a0\u00bb][et_pb_column_inner saved_specialty_column_type=\u00a0\u00bb3_4&Prime; _builder_version=\u00a0\u00bb4.16&Prime; _module_preset=\u00a0\u00bbdefault\u00a0\u00bb global_colors_info=\u00a0\u00bb{}\u00a0\u00bb][et_pb_text admin_label=\u00a0\u00bbZielpublikum &#8211; Headline\u00a0\u00bb _builder_version=\u00a0\u00bb4.21.0&Prime; _module_preset=\u00a0\u00bbdefault\u00a0\u00bb locked=\u00a0\u00bboff\u00a0\u00bb global_colors_info=\u00a0\u00bb{}\u00a0\u00bb]<\/p>\n<h3>Zielpublikum<\/h3>\n<p>[\/et_pb_text][et_pb_text admin_label=\u00a0\u00bbZielpublikum\u00a0\u00bb module_class=\u00a0\u00bbprogramm-border-bottom\u00a0\u00bb _builder_version=\u00a0\u00bb4.27.4&Prime; _module_preset=\u00a0\u00bbdefault\u00a0\u00bb global_colors_info=\u00a0\u00bb{}\u00a0\u00bb]<\/p>\n<div class=\"content clearfix\">\n<ul>\n<li>Rechtsanw\u00e4lte und Rechtsanw\u00e4ltinnen<\/li>\n<li>Notare und Notarinnen<\/li>\n<li>Treuh\u00e4nder und Treuh\u00e4nderinnen<\/li>\n<li>Fach- und F\u00fchrungskr\u00e4fte aus Verm\u00f6gensverwaltung, Versicherung, Bank und Verwaltung<\/li>\n<li>Richter, Richterinnen, Gerichtsschreiber, Gerichtsschreiberinnen<\/li>\n<\/ul>\n<\/div>\n<p>[\/et_pb_text][et_pb_text disabled_on=\u00a0\u00bboff|off|off\u00a0\u00bb admin_label=\u00a0\u00bbIhr Vorteil &#8211; Headline\u00a0\u00bb _builder_version=\u00a0\u00bb4.21.0&Prime; _module_preset=\u00a0\u00bbdefault\u00a0\u00bb locked=\u00a0\u00bboff\u00a0\u00bb global_colors_info=\u00a0\u00bb{}\u00a0\u00bb]<\/p>\n<h3>Ihr Vorteil<\/h3>\n<p>[\/et_pb_text][et_pb_text disabled_on=\u00a0\u00bboff|off|off\u00a0\u00bb admin_label=\u00a0\u00bbIhr Vorteil\u00a0\u00bb module_class=\u00a0\u00bbprogramm-border-bottom\u00a0\u00bb _builder_version=\u00a0\u00bb4.27.4&Prime; _module_preset=\u00a0\u00bbdefault\u00a0\u00bb global_colors_info=\u00a0\u00bb{}\u00a0\u00bb]<\/p>\n<ul>\n<li>Sie bringen sich auf den neuesten Stand der Rechtsprechung und lernen, wie diese in der Praxis zum Zug kommt.<\/li>\n<li>Sie profitieren vom fachlichen Austausch mit den Expertinnen und Experten sowie Ihren Kolleginnen und Kollegen vor Ort.<\/li>\n<li>Sie nehmen wertvolle Handlungsempfehlungen f\u00fcr Ihren Arbeitsalltag mit.<\/li>\n<li>Sie haben 4 Wochen lang Zugriff auf die Aufzeichnungen der einzelnen Referate.<\/li>\n<\/ul>\n<p>[\/et_pb_text][et_pb_text admin_label=\u00a0\u00bbKurzprogramm &#8211; Headline\u00a0\u00bb _builder_version=\u00a0\u00bb4.25.1&Prime; _module_preset=\u00a0\u00bbdefault\u00a0\u00bb locked=\u00a0\u00bboff\u00a0\u00bb global_colors_info=\u00a0\u00bb{}\u00a0\u00bb]<\/p>\n<h3><a id=\"dictEntry10002008372\" class=\"dictLink featured\" href=\"https:\/\/www.linguee.com\/english-german\/translation\/programme+item.html\" target=\"_blank\" rel=\"noopener\">Kurzprogramm<\/a><\/h3>\n<p>[\/et_pb_text][et_pb_text admin_label=\u00a0\u00bbProgramm &#8211; Liste\u00a0\u00bb module_id=\u00a0\u00bbschulthess-programm\u00a0\u00bb module_class=\u00a0\u00bbprogramm-border-bottom\u00a0\u00bb _builder_version=\u00a0\u00bb4.27.4&Prime; _module_preset=\u00a0\u00bbdefault\u00a0\u00bb hover_enabled=\u00a0\u00bb0&Prime; global_colors_info=\u00a0\u00bb{}\u00a0\u00bb sticky_enabled=\u00a0\u00bb0&Prime;]<\/p>\n<ul>\n<li>Mitarbeiterbeteiligungen zwischen G\u00fcterrecht und Unterhalt \u2013 zur Ber\u00fccksichtigung variabler Verg\u00fctungsbestandteile nach BGer 5A_749\/2023<\/li>\n<li>Vorsorgeanspr\u00fcche unter Ber\u00fccksichtigung des G\u00fcter- und Erbrechts<\/li>\n<li>Die Sparquote \u2013 ein Zahnrad mit sieben Siegeln?<\/li>\n<li>Das Konkubinat \u2013 Freiheit mit Fussnoten<\/li>\n<li>Die Besteuerung von Konkubinatspaaren und ein Ausblick auf die Individualbesteuerung<\/li>\n<li>Schulden in der g\u00fcterrechtlichen Auseinandersetzung<\/li>\n<li>Rechtsprechungs\u00fcbersicht zum G\u00fcterrecht<\/li>\n<\/ul>\n<p>[\/et_pb_text][sfdm_event_program_list use_switcher=\u00a0\u00bboff\u00a0\u00bb disabled_on=\u00a0\u00bboff|off|off\u00a0\u00bb admin_label=\u00a0\u00bbProgramm &#8211; Detail Neu\u00a0\u00bb _builder_version=\u00a0\u00bb4.27.4&Prime; _module_preset=\u00a0\u00bbdefault\u00a0\u00bb hover_enabled=\u00a0\u00bb0&Prime; locked=\u00a0\u00bboff\u00a0\u00bb global_colors_info=\u00a0\u00bb{}\u00a0\u00bb sticky_enabled=\u00a0\u00bb0&Prime;][sfdm_event_program_list_item backend_title=\u00a0\u00bbRegistrierung und Kaffee f\u00fcr Pr\u00e4senzteilnehmende\u00a0\u00bb subtitle=\u00a0\u00bb8:30 &#8211; 9:00 Registrierung und Kaffee f\u00fcr Pr\u00e4senzteilnehmende\u00a0\u00bb type=\u00a0\u00bbbreak\u00a0\u00bb _builder_version=\u00a0\u00bb4.27.0&Prime; _module_preset=\u00a0\u00bbdefault\u00a0\u00bb global_colors_info=\u00a0\u00bb{}\u00a0\u00bb][\/sfdm_event_program_list_item][sfdm_event_program_list_item backend_title=\u00a0\u00bbBegr\u00fcssung durch die Tagungsleitung\u00a0\u00bb title=\u00a0\u00bbBegr\u00fcssung durch die Tagungsleitung\u00a0\u00bb start_time=\u00a0\u00bb09:00&Prime; end_time=\u00a0\u00bb09:05&Prime; speakers=\u00a0\u00bb<\/p>\n<p>Daniela Fischer<\/p>\n<p>\u00a0\u00bb _builder_version=\u00a0\u00bb4.27.4&Prime; _module_preset=\u00a0\u00bbdefault\u00a0\u00bb global_colors_info=\u00a0\u00bb{}\u00a0\u00bb][\/sfdm_event_program_list_item][sfdm_event_program_list_item backend_title=\u00a0\u00bb09:05 &#8211; 09:55 Mitarbeiterbeteiligungen zwischen G\u00fcterrecht und Unterhalt \u2013 zur Ber\u00fccksichtigung variabler Verg\u00fctungsbestandteile nach BGer 5A_749\/2023&Prime; title=\u00a0\u00bbMitarbeiterbeteiligungen zwischen G\u00fcterrecht und Unterhalt \u2013 zur Ber\u00fccksichtigung variabler Verg\u00fctungsbestandteile nach BGer 5A_749\/2023&Prime; subtitle=\u00a0\u00bbReferat\u00a0\u00bb start_time=\u00a0\u00bb09:05&Prime; end_time=\u00a0\u00bb09:55&Prime; speakers=\u00a0\u00bb<\/p>\n<p>Eva Viola Bohnenblust<\/p>\n<p>\u00a0\u00bb _builder_version=\u00a0\u00bb4.27.4&Prime; _module_preset=\u00a0\u00bbdefault\u00a0\u00bb global_colors_info=\u00a0\u00bb{}\u00a0\u00bb]<\/p>\n<ul>\n<li>Wie sind Mitarbeiterbeteiligungen g\u00fcterrechtlich zu qualifizieren und zu bewerten?<\/li>\n<li>Welche Bedeutung hat Bundesgerichtsentscheid 5A_749\/2023 f\u00fcr die bisherige Rechtsprechung?<\/li>\n<li>Besteht bei der Ber\u00fccksichtigung von Mitarbeiterbeteiligungen im G\u00fcterrecht und bei der Unterhaltsberechnung die Gefahr einer \u00abDoppelbelastung\u00bb?<\/li>\n<\/ul>\n<p>[\/sfdm_event_program_list_item][sfdm_event_program_list_item backend_title=\u00a0\u00bb09:55 &#8211; 10:40 Vorsorgeanspr\u00fcche unter Ber\u00fccksichtigung des G\u00fcter- und Erbrechts\u00a0\u00bb title=\u00a0\u00bbVorsorgeanspr\u00fcche unter Ber\u00fccksichtigung des G\u00fcter- und Erbrechts\u00a0\u00bb subtitle=\u00a0\u00bb1 Thema, 2 Perspektiven\u00a0\u00bb start_time=\u00a0\u00bb09:55&Prime; end_time=\u00a0\u00bb10:40&Prime; speakers=\u00a0\u00bb<\/p>\n<p>Jeanine Bopp und Prof. Dr. Kerstin Windh\u00f6vel<\/p>\n<p>\u00a0\u00bb _builder_version=\u00a0\u00bb4.27.4&Prime; _module_preset=\u00a0\u00bbdefault\u00a0\u00bb hover_enabled=\u00a0\u00bb0&Prime; global_colors_info=\u00a0\u00bb{}\u00a0\u00bb sticky_enabled=\u00a0\u00bb0&Prime;]<\/p>\n<ul>\n<li>Auswirkungen von Trennung, Scheidung und Tod auf die Anspr\u00fcche aus den drei Vorsorge-S\u00e4ulen<\/li>\n<li>Gestaltungsm\u00f6glichkeiten sowie alternative Vorsorgeformen und deren (g\u00fcter- und erb-)rechtliche Einordnung<\/li>\n<li>Fallbeispiele zu unterschiedlichen Konstellationen moderner Familienformen<\/li>\n<li>Praxistipps<\/li>\n<\/ul>\n<p>[\/sfdm_event_program_list_item][sfdm_event_program_list_item backend_title=\u00a0\u00bb10:40 &#8211; 10:55 Fragerunde\u00a0\u00bb title=\u00a0\u00bbFragerunde\u00a0\u00bb start_time=\u00a0\u00bb10:40&Prime; end_time=\u00a0\u00bb10:55&Prime; speakers=\u00a0\u00bb<\/p>\n<p>mit Jeanine Bopp und Prof. Dr. Kerstin Windh\u00f6vel, moderiert von Daniela Fischer<\/p>\n<p>\u00a0\u00bb _builder_version=\u00a0\u00bb4.27.4&Prime; _module_preset=\u00a0\u00bbdefault\u00a0\u00bb global_colors_info=\u00a0\u00bb{}\u00a0\u00bb][\/sfdm_event_program_list_item][sfdm_event_program_list_item backend_title=\u00a0\u00bb10:55 &#8211; 11:25 Pause\u00a0\u00bb subtitle=\u00a0\u00bb10:55 &#8211; 11:25 Kaffeepause\u00a0\u00bb type=\u00a0\u00bbbreak\u00a0\u00bb _builder_version=\u00a0\u00bb4.27.4&Prime; _module_preset=\u00a0\u00bbdefault\u00a0\u00bb global_colors_info=\u00a0\u00bb{}\u00a0\u00bb][\/sfdm_event_program_list_item][sfdm_event_program_list_item backend_title=\u00a0\u00bb11:25 &#8211; 12:15 Sparquote \u2013 ein Zahnrad mit sieben Siegeln?\u00a0\u00bb title=\u00a0\u00bbSparquote \u2013 ein Zahnrad mit sieben Siegeln?\u00a0\u00bb subtitle=\u00a0\u00bbReferat\u00a0\u00bb start_time=\u00a0\u00bb11:25&Prime; end_time=\u00a0\u00bb12:15&Prime; speakers=\u00a0\u00bb<\/p>\n<p>Simon Mettler<\/p>\n<p>\u00a0\u00bb _builder_version=\u00a0\u00bb4.27.4&Prime; _module_preset=\u00a0\u00bbdefault\u00a0\u00bb global_colors_info=\u00a0\u00bb{}\u00a0\u00bb]<\/p>\n<ul>\n<li>Die Relevanz der Sparquote<\/li>\n<li>Unerw\u00fcnschte Folgen bei g\u00fcterrechtlichen Optimierungen<\/li>\n<li>Beweis und Abwehr der Sparquote<\/li>\n<\/ul>\n<p>[\/sfdm_event_program_list_item][sfdm_event_program_list_item backend_title=\u00a0\u00bb12:15 &#8211; 13:15 Mittagspause\u00a0\u00bb subtitle=\u00a0\u00bb12:15 &#8211; 13:15 Mittagspause\u00a0\u00bb type=\u00a0\u00bbbreak\u00a0\u00bb _builder_version=\u00a0\u00bb4.27.4&Prime; _module_preset=\u00a0\u00bbdefault\u00a0\u00bb global_colors_info=\u00a0\u00bb{}\u00a0\u00bb][\/sfdm_event_program_list_item][sfdm_event_program_list_item backend_title=\u00a0\u00bb13:15 &#8211; 14:05 Das Konkubinat \u2013 Freiheit mit Fussnoten \u00a0\u00bb title=\u00a0\u00bbDas Konkubinat \u2013 Freiheit mit Fussnoten \u00a0\u00bb subtitle=\u00a0\u00bbReferat\u00a0\u00bb start_time=\u00a0\u00bb13:15&Prime; end_time=\u00a0\u00bb14:05&Prime; speakers=\u00a0\u00bb<\/p>\n<p>Anna Schuler-Scheurer und Daniela Fischer<\/p>\n<p>\u00a0\u00bb _builder_version=\u00a0\u00bb4.27.4&Prime; _module_preset=\u00a0\u00bbdefault\u00a0\u00bb global_colors_info=\u00a0\u00bb{}\u00a0\u00bb]<\/p>\n<ul>\n<li>Zusammenziehen und auseinandergehen \u2013 welche Tips gibt es f\u00fcr gemeinsames Mieten, Anschaffungen, und die Aufl\u00f6sung eines Haushalts?<\/li>\n<li>Gemeinsames Wohneigentum \u2013 Planungsinstrumente und Unterschiede zum ehelichen G\u00fcterrecht<\/li>\n<li>L\u00f6sungsans\u00e4tze f\u00fcr Einzelfragen (Erwerbst\u00e4tigkeit aufgeben?; Der Partner wird krank; Vorsorgen f\u00fcr den Anderen\u2026)<\/li>\n<\/ul>\n<p>[\/sfdm_event_program_list_item][sfdm_event_program_list_item backend_title=\u00a0\u00bb14:05 &#8211; 14:50 Die Besteuerung von Konkubinatspaaren und ein Ausblick auf die Individualbesteuerung\u00a0\u00bb title=\u00a0\u00bbDie Besteuerung von Konkubinatspaaren und ein Ausblick auf die Individualbesteuerung\u00a0\u00bb subtitle=\u00a0\u00bb1 Thema, 2 Perspektiven\u00a0\u00bb start_time=\u00a0\u00bb14:05&Prime; end_time=\u00a0\u00bb14:50&Prime; speakers=\u00a0\u00bb<\/p>\n<p>Prof. Dr. Luzius Cavelti und Massimo Vecchi\u00e8<\/p>\n<p>\u00a0\u00bb _builder_version=\u00a0\u00bb4.27.4&Prime; _module_preset=\u00a0\u00bbdefault\u00a0\u00bb global_colors_info=\u00a0\u00bb{}\u00a0\u00bb][\/sfdm_event_program_list_item][sfdm_event_program_list_item backend_title=\u00a0\u00bb14:50 &#8211; 15:05 Fragerunde\u00a0\u00bb title=\u00a0\u00bbFragerunde\u00a0\u00bb start_time=\u00a0\u00bb14:50&Prime; end_time=\u00a0\u00bb15:05&Prime; speakers=\u00a0\u00bb<\/p>\n<p>mit Prof. Dr. Luzius Cavelti und Massimo Vecchi\u00e8, moderiert von Daniela Fischer<\/p>\n<p>\u00a0\u00bb _builder_version=\u00a0\u00bb4.27.4&Prime; _module_preset=\u00a0\u00bbdefault\u00a0\u00bb global_colors_info=\u00a0\u00bb{}\u00a0\u00bb][\/sfdm_event_program_list_item][sfdm_event_program_list_item backend_title=\u00a0\u00bb15:05 &#8211; 15:35 Pause\u00a0\u00bb subtitle=\u00a0\u00bb15:05 &#8211; 15:35 Kaffeepause\u00a0\u00bb type=\u00a0\u00bbbreak\u00a0\u00bb _builder_version=\u00a0\u00bb4.27.4&Prime; _module_preset=\u00a0\u00bbdefault\u00a0\u00bb global_colors_info=\u00a0\u00bb{}\u00a0\u00bb][\/sfdm_event_program_list_item][sfdm_event_program_list_item backend_title=\u00a0\u00bb15:35 &#8211; 16:25 Schulden in der g\u00fcterrechtlichen Auseinandersetzung\u00a0\u00bb title=\u00a0\u00bbSchulden in der g\u00fcterrechtlichen Auseinandersetzung\u00a0\u00bb subtitle=\u00a0\u00bbReferat\u00a0\u00bb start_time=\u00a0\u00bb15:35&Prime; end_time=\u00a0\u00bb16:25&Prime; speakers=\u00a0\u00bb<\/p>\n<p>Rahel Baumann<\/p>\n<p>\u00a0\u00bb _builder_version=\u00a0\u00bb4.27.4&Prime; _module_preset=\u00a0\u00bbdefault\u00a0\u00bb global_colors_info=\u00a0\u00bb{}\u00a0\u00bb]<\/p>\n<ul>\n<li>Wie sind Schulden in der g\u00fcterrechtlichen Auseinandersetzung zu ber\u00fccksichtigen und zwischen Ehegatten abzurechnen?<\/li>\n<li>Welche Besonderheiten sind bei Schulden in Scheidungsvereinbarungen und im gerichtlichen Verfahren zu beachten?<\/li>\n<li>Wie sind typische Schulden \u2013 etwa Hypothek-, Steuer- oder sowie Unterhaltsschulden \u2013 g\u00fcterrechtlich einzuordnen?<\/li>\n<\/ul>\n<p>[\/sfdm_event_program_list_item][sfdm_event_program_list_item backend_title=\u00a0\u00bb16:25 &#8211; 17:10 Rechtsprechungs\u00fcbersicht zum G\u00fcterrecht\u00a0\u00bb title=\u00a0\u00bbRechtsprechungs\u00fcbersicht zum G\u00fcterrecht\u00a0\u00bb subtitle=\u00a0\u00bbReferat\u00a0\u00bb start_time=\u00a0\u00bb16:25&Prime; end_time=\u00a0\u00bb17:10&Prime; speakers=\u00a0\u00bb<\/p>\n<p>Dr. Philipp Maier<\/p>\n<p>\u00a0\u00bb _builder_version=\u00a0\u00bb4.27.4&Prime; _module_preset=\u00a0\u00bbdefault\u00a0\u00bb global_colors_info=\u00a0\u00bb{}\u00a0\u00bb][\/sfdm_event_program_list_item][sfdm_event_program_list_item backend_title=\u00a0\u00bb17:10  &#8211; 17:15 Schlusswort und Fazit\u00a0\u00bb title=\u00a0\u00bbSchlusswort und Fazit\u00a0\u00bb start_time=\u00a0\u00bb17:10&Prime; end_time=\u00a0\u00bb17:15&Prime; speakers=\u00a0\u00bb<\/p>\n<p>Daniela Fischer<\/p>\n<p>\u00a0\u00bb _builder_version=\u00a0\u00bb4.27.4&Prime; _module_preset=\u00a0\u00bbdefault\u00a0\u00bb global_colors_info=\u00a0\u00bb{}\u00a0\u00bb][\/sfdm_event_program_list_item][sfdm_event_program_list_item backend_title=\u00a0\u00bbAp\u00e9ro f\u00fcr Pr\u00e4senzteilnehmende\u00a0\u00bb subtitle=\u00a0\u00bb17:15 &#8211; 18:15 Ap\u00e9ro f\u00fcr Pr\u00e4senzteilnehmende\u00a0\u00bb type=\u00a0\u00bbbreak\u00a0\u00bb _builder_version=\u00a0\u00bb4.27.4&Prime; _module_preset=\u00a0\u00bbdefault\u00a0\u00bb global_colors_info=\u00a0\u00bb{}\u00a0\u00bb][\/sfdm_event_program_list_item][\/sfdm_event_program_list][\/et_pb_column_inner][\/et_pb_row_inner][et_pb_row_inner disabled_on=\u00a0\u00bbon|on|on\u00a0\u00bb admin_label=\u00a0\u00bbAnzeigen (Mobile)\u00a0\u00bb _builder_version=\u00a0\u00bb4.17.4&Prime; _module_preset=\u00a0\u00bbdefault\u00a0\u00bb disabled=\u00a0\u00bbon\u00a0\u00bb locked=\u00a0\u00bboff\u00a0\u00bb collapsed=\u00a0\u00bbon\u00a0\u00bb global_colors_info=\u00a0\u00bb{}\u00a0\u00bb][et_pb_column_inner saved_specialty_column_type=\u00a0\u00bb3_4&Prime; _builder_version=\u00a0\u00bb4.17.4&Prime; _module_preset=\u00a0\u00bbdefault\u00a0\u00bb global_colors_info=\u00a0\u00bb{}\u00a0\u00bb][et_pb_code disabled_on=\u00a0\u00bboff|off|on\u00a0\u00bb admin_label=\u00a0\u00bbAnzeige(n) (MOBILE)\u00a0\u00bb module_class=\u00a0\u00bbschulthess_product_ads\u00a0\u00bb _builder_version=\u00a0\u00bb4.17.4&Prime; _module_preset=\u00a0\u00bbdefault\u00a0\u00bb locked=\u00a0\u00bboff\u00a0\u00bb global_colors_info=\u00a0\u00bb{}\u00a0\u00bb][\/et_pb_code][\/et_pb_column_inner][\/et_pb_row_inner][et_pb_row_inner admin_label=\u00a0\u00bbReferenten\u00a0\u00bb module_id=\u00a0\u00bbschulthess-referierende\u00a0\u00bb module_class=\u00a0\u00bbschulthess-referenten-slider\u00a0\u00bb _builder_version=\u00a0\u00bb4.22.1&Prime; _module_preset=\u00a0\u00bbdefault\u00a0\u00bb collapsed=\u00a0\u00bbon\u00a0\u00bb global_colors_info=\u00a0\u00bb{}\u00a0\u00bb][et_pb_column_inner saved_specialty_column_type=\u00a0\u00bb3_4&Prime; _builder_version=\u00a0\u00bb4.16&Prime; _module_preset=\u00a0\u00bbdefault\u00a0\u00bb global_colors_info=\u00a0\u00bb{}\u00a0\u00bb][et_pb_text admin_label=\u00a0\u00bbHeadline\u00a0\u00bb module_class=\u00a0\u00bbsf-h3 schulthess-product-speaker-headline-wrapper\u00a0\u00bb _builder_version=\u00a0\u00bb4.19.5&Prime; _module_preset=\u00a0\u00bbdefault\u00a0\u00bb locked=\u00a0\u00bbon\u00a0\u00bb global_colors_info=\u00a0\u00bb{}\u00a0\u00bb]<\/p>\n<h5>Referierende<\/h5>\n<p><!--div class=\"buttons\"><button class=\"grid icon_grid\"><span><\/span><\/button><button class=\"list icon_list\"><span><\/span><\/button><\/div-->[\/et_pb_text][et_pb_code _builder_version=\u00a0\u00bb4.19.5&Prime; _module_preset=\u00a0\u00bbdefault\u00a0\u00bb locked=\u00a0\u00bboff\u00a0\u00bb global_colors_info=\u00a0\u00bb{}\u00a0\u00bb]<div class=\"sf-speaker-slider\"><div class=\"uk-position-relative uk-visible-toggle uk-light\" tabindex=\"-1\"><ul class=\"uk-grid-small uk-child-width-1-4@s uk-child-width-1-4@m uk-child-width-1-4@l\" uk-grid uk-height-match=\"target: > li > .uk-card\">\n\n            <li>\n                <div class=\"uk-card uk-card-default\">\n                    <a href=\"#referent-18674\" uk-toggle>\n                    <div class=\"uk-card-media-top\">\n                        <img loading=\"lazy\" decoding=\"async\" width=\"200\" height=\"242\" src=\"https:\/\/www.schulthessforum.ch\/wp-content\/media\/Referenten\/Fischer_Daniela_200x242px.jpg\" class=\"attachment-schulthess_speaker size-schulthess_speaker wp-post-image\" alt=\"\" \/>\n                        \n                    <\/div>\n                    <div class=\"uk-card uk-card-body\">\n                        <h4 class=\"speaker-card-name cardslider-card-name\"> Daniela Fischer<\/h4>\n                    <\/div>\n                    <\/a>\n                <\/div>\n            <\/li>\n            \n\n            <li>\n                <div class=\"uk-card uk-card-default\">\n                    <a href=\"#referent-38242\" uk-toggle>\n                    <div class=\"uk-card-media-top\">\n                        <img loading=\"lazy\" decoding=\"async\" width=\"200\" height=\"242\" src=\"https:\/\/www.schulthessforum.ch\/wp-content\/media\/Referenten\/Baumann_Rahel_200x242px.jpg\" class=\"attachment-schulthess_speaker size-schulthess_speaker wp-post-image\" alt=\"\" \/>\n                        \n                    <\/div>\n                    <div class=\"uk-card uk-card-body\">\n                        <h4 class=\"speaker-card-name cardslider-card-name\"> Rahel Baumann<\/h4>\n                    <\/div>\n                    <\/a>\n                <\/div>\n            <\/li>\n            \n\n            <li>\n                <div class=\"uk-card uk-card-default\">\n                    <a href=\"#referent-10393\" uk-toggle>\n                    <div class=\"uk-card-media-top\">\n                        <img loading=\"lazy\" decoding=\"async\" width=\"200\" height=\"242\" src=\"https:\/\/www.schulthessforum.ch\/wp-content\/media\/Referenten\/Bohnenblust_Eva_200x242px.jpg\" class=\"attachment-schulthess_speaker size-schulthess_speaker wp-post-image\" alt=\"\" \/>\n                        \n                    <\/div>\n                    <div class=\"uk-card uk-card-body\">\n                        <h4 class=\"speaker-card-name cardslider-card-name\"> Eva Viola Bohnenblust<\/h4>\n                    <\/div>\n                    <\/a>\n                <\/div>\n            <\/li>\n            \n\n            <li>\n                <div class=\"uk-card uk-card-default\">\n                    <a href=\"#referent-25844\" uk-toggle>\n                    <div class=\"uk-card-media-top\">\n                        <img loading=\"lazy\" decoding=\"async\" width=\"200\" height=\"242\" src=\"https:\/\/www.schulthessforum.ch\/wp-content\/media\/Referenten\/Bopp_Jeanine_200x242px.jpg\" class=\"attachment-schulthess_speaker size-schulthess_speaker wp-post-image\" alt=\"\" \/>\n                        \n                    <\/div>\n                    <div class=\"uk-card uk-card-body\">\n                        <h4 class=\"speaker-card-name cardslider-card-name\"> Jeanine Bopp<\/h4>\n                    <\/div>\n                    <\/a>\n                <\/div>\n            <\/li>\n            \n\n            <li>\n                <div class=\"uk-card uk-card-default\">\n                    <a href=\"#referent-29020\" uk-toggle>\n                    <div class=\"uk-card-media-top\">\n                        <img loading=\"lazy\" decoding=\"async\" width=\"200\" height=\"242\" src=\"https:\/\/www.schulthessforum.ch\/wp-content\/media\/Cavelti_Luzius_200x242px_V2.jpg\" class=\"attachment-schulthess_speaker size-schulthess_speaker wp-post-image\" alt=\"Cavelti_Luzius\" \/>\n                        \n                    <\/div>\n                    <div class=\"uk-card uk-card-body\">\n                        <h4 class=\"speaker-card-name cardslider-card-name\">Prof. Dr. Luzius Cavelti<\/h4>\n                    <\/div>\n                    <\/a>\n                <\/div>\n            <\/li>\n            \n\n            <li>\n                <div class=\"uk-card uk-card-default\">\n                    <a href=\"#referent-19207\" uk-toggle>\n                    <div class=\"uk-card-media-top\">\n                        <img loading=\"lazy\" decoding=\"async\" width=\"200\" height=\"242\" src=\"https:\/\/www.schulthessforum.ch\/wp-content\/media\/Referenten\/Maier_Philipp_200x242_px.jpg\" class=\"attachment-schulthess_speaker size-schulthess_speaker wp-post-image\" alt=\"\" \/>\n                        \n                    <\/div>\n                    <div class=\"uk-card uk-card-body\">\n                        <h4 class=\"speaker-card-name cardslider-card-name\">Dr. Philipp Maier<\/h4>\n                    <\/div>\n                    <\/a>\n                <\/div>\n            <\/li>\n            \n\n            <li>\n                <div class=\"uk-card uk-card-default\">\n                    <a href=\"#referent-18679\" uk-toggle>\n                    <div class=\"uk-card-media-top\">\n                        <img loading=\"lazy\" decoding=\"async\" width=\"200\" height=\"242\" src=\"https:\/\/www.schulthessforum.ch\/wp-content\/media\/Referenten\/Mettler_Simon_200x242px.jpg\" class=\"attachment-schulthess_speaker size-schulthess_speaker wp-post-image\" alt=\"\" \/>\n                        \n                    <\/div>\n                    <div class=\"uk-card uk-card-body\">\n                        <h4 class=\"speaker-card-name cardslider-card-name\"> Simon Mettler<\/h4>\n                    <\/div>\n                    <\/a>\n                <\/div>\n            <\/li>\n            \n\n            <li>\n                <div class=\"uk-card uk-card-default\">\n                    <a href=\"#referent-37789\" uk-toggle>\n                    <div class=\"uk-card-media-top\">\n                        <img loading=\"lazy\" decoding=\"async\" width=\"200\" height=\"242\" src=\"https:\/\/www.schulthessforum.ch\/wp-content\/media\/Referenten\/Schuler-Scheurer_Anna_200x242px.jpg\" class=\"attachment-schulthess_speaker size-schulthess_speaker wp-post-image\" alt=\"\" \/>\n                        \n                    <\/div>\n                    <div class=\"uk-card uk-card-body\">\n                        <h4 class=\"speaker-card-name cardslider-card-name\"> Anna Schuler-Scheurer<\/h4>\n                    <\/div>\n                    <\/a>\n                <\/div>\n            <\/li>\n            \n\n            <li>\n                <div class=\"uk-card uk-card-default\">\n                    <a href=\"#referent-19681\" uk-toggle>\n                    <div class=\"uk-card-media-top\">\n                        <img loading=\"lazy\" decoding=\"async\" width=\"200\" height=\"242\" src=\"https:\/\/www.schulthessforum.ch\/wp-content\/media\/Referenten\/Vecchie_Massimo_200x242px.jpg\" class=\"attachment-schulthess_speaker size-schulthess_speaker wp-post-image\" alt=\"\" \/>\n                        \n                    <\/div>\n                    <div class=\"uk-card uk-card-body\">\n                        <h4 class=\"speaker-card-name cardslider-card-name\"> Massimo Vecchi\u00e8<\/h4>\n                    <\/div>\n                    <\/a>\n                <\/div>\n            <\/li>\n            \n\n            <li>\n                <div class=\"uk-card uk-card-default\">\n                    <a href=\"#referent-25254\" uk-toggle>\n                    <div class=\"uk-card-media-top\">\n                        <img loading=\"lazy\" decoding=\"async\" width=\"200\" height=\"242\" src=\"https:\/\/www.schulthessforum.ch\/wp-content\/media\/Referenten\/Windhoevel_Kerstin_200x242px.jpg\" class=\"attachment-schulthess_speaker size-schulthess_speaker wp-post-image\" alt=\"\" \/>\n                        \n                    <\/div>\n                    <div class=\"uk-card uk-card-body\">\n                        <h4 class=\"speaker-card-name cardslider-card-name\">Prof. Dr. Kerstin Windh\u00f6vel<\/h4>\n                    <\/div>\n                    <\/a>\n                <\/div>\n            <\/li>\n            <\/ul><\/div>\n        <div id=\"referent-18674\" class=\"referent-modal uk-flex-top\" uk-modal>\n            <div class=\"uk-modal-dialog uk-margin-auto-vertical\">\n                <button class=\"uk-modal-close-default\" type=\"button\" uk-close><\/button>\n                <div class=\"uk-grid-small\" uk-grid>\n                    <div class=\"uk-width-auto@m\">\n                        \n                        <img loading=\"lazy\" decoding=\"async\" width=\"200\" height=\"242\" src=\"https:\/\/www.schulthessforum.ch\/wp-content\/media\/Referenten\/Fischer_Daniela_200x242px.jpg\" class=\"attachment-schulthess_speaker size-schulthess_speaker wp-post-image\" alt=\"\" \/>\n                    <\/div>\n                    <div class=\"uk-width-expand@m\">\n                        <h4 class=\"uk-modal-title\"> Daniela Fischer<\/h4>\n                        <p class=\"referent-info\"><span class=\"referenten-position\">lic. iur., Rechtsanw\u00e4ltin, Fachanw\u00e4ltin SAV Familienrecht, Partnerin,<\/span> <span class=\"referenten-company\">Peyer Partner Rechtsanw\u00e4lte<\/span><\/p>\n                        <p class=\"referent-kurzbeschreibung\"><p>Daniela Fischer ist spezialisiert f\u00fcr familienrechtliche Beratungen und die F\u00fchrung von Prozessen. Im Rahmen ihrer langj\u00e4hrigen T\u00e4tigkeit als Rechtsanw\u00e4ltin und Partnerin in der renommierten Kanzlei Peyer Partner Rechtsanw\u00e4lte ber\u00e4t und vertritt sie Privatpersonen in gerichtlichen Verfahren rund um das Familienrecht. Weiter publiziert und referiert sie regelm\u00e4ssig zu familienrechtlichen Fragen, insbesondere zu Fragen des G\u00fcterrechts (z.B. zur Unternehmensnachfolge und zu verschiedenen Immobilien-Themen).<\/p>\n<\/p>\n                    <\/div>\n                <\/div>\n\n                <div class=\"uk-modal-footer card-arrows uk-text-right\">\n                    <button href=\"javascript:void(0);\" class=\"card-arrow-prev\" onclick=\"navigateReferent('prev', 25254);\"><\/button>\n                    <button href=\"javascript:void(0);\" class=\"card-arrow-next\" onclick=\"navigateReferent('next', 38242);\"><\/button>\n                <\/div>\n            <\/div>\n        <\/div>\n        \n        <div id=\"referent-38242\" class=\"referent-modal uk-flex-top\" uk-modal>\n            <div class=\"uk-modal-dialog uk-margin-auto-vertical\">\n                <button class=\"uk-modal-close-default\" type=\"button\" uk-close><\/button>\n                <div class=\"uk-grid-small\" uk-grid>\n                    <div class=\"uk-width-auto@m\">\n                        \n                        <img loading=\"lazy\" decoding=\"async\" width=\"200\" height=\"242\" src=\"https:\/\/www.schulthessforum.ch\/wp-content\/media\/Referenten\/Baumann_Rahel_200x242px.jpg\" class=\"attachment-schulthess_speaker size-schulthess_speaker wp-post-image\" alt=\"\" \/>\n                    <\/div>\n                    <div class=\"uk-width-expand@m\">\n                        <h4 class=\"uk-modal-title\"> Rahel Baumann<\/h4>\n                        <p class=\"referent-info\"><span class=\"referenten-position\">MLaw, LL.M., Rechtsanw\u00e4ltin, Fachanw\u00e4ltin SAV Familienrecht, Inhaberin der <\/span> <span class=\"referenten-company\">Maison Droite AG<\/span><\/p>\n                        <p class=\"referent-kurzbeschreibung\"><p>Rahel Baumann ist Fachanw\u00e4ltin SAV Familienrecht und Inhaberin der auf Familienrecht spezialisierten Anwaltskanzlei Maison Droite AG in Z\u00fcrich. Ihr zweisprachiges Studium (Deutsch\/Franz\u00f6sisch) an der Universit\u00e4t Freiburg i.Ue. und die Absolvierung des LL.M. in International Economic Law an der Chinese University of Hong Kong legten den Grundstein f\u00fcr ihre heutige T\u00e4tigkeit als beratende und prozessierende Anw\u00e4ltin in s\u00e4mtlichen Bereichen des nationalen und internationalen Familienrechts.<\/p>\n<\/p>\n                    <\/div>\n                <\/div>\n\n                <div class=\"uk-modal-footer card-arrows uk-text-right\">\n                    <button href=\"javascript:void(0);\" class=\"card-arrow-prev\" onclick=\"navigateReferent('prev', 18674);\"><\/button>\n                    <button href=\"javascript:void(0);\" class=\"card-arrow-next\" onclick=\"navigateReferent('next', 10393);\"><\/button>\n                <\/div>\n            <\/div>\n        <\/div>\n        \n        <div id=\"referent-10393\" class=\"referent-modal uk-flex-top\" uk-modal>\n            <div class=\"uk-modal-dialog uk-margin-auto-vertical\">\n                <button class=\"uk-modal-close-default\" type=\"button\" uk-close><\/button>\n                <div class=\"uk-grid-small\" uk-grid>\n                    <div class=\"uk-width-auto@m\">\n                        \n                        <img loading=\"lazy\" decoding=\"async\" width=\"200\" height=\"242\" src=\"https:\/\/www.schulthessforum.ch\/wp-content\/media\/Referenten\/Bohnenblust_Eva_200x242px.jpg\" class=\"attachment-schulthess_speaker size-schulthess_speaker wp-post-image\" alt=\"\" \/>\n                    <\/div>\n                    <div class=\"uk-width-expand@m\">\n                        <h4 class=\"uk-modal-title\"> Eva Viola Bohnenblust<\/h4>\n                        <p class=\"referent-info\"><span class=\"referenten-position\">MLaw, Rechtsanw\u00e4ltin, Fachanw\u00e4ltin SAV Familienrecht, Mediatorin, clp-Lawyer, Partnerin,\r\n<\/span> <span class=\"referenten-company\">FamPlus AG<\/span><\/p>\n                        <p class=\"referent-kurzbeschreibung\"><p>Eva Viola Bohnenblust ist Fachanw\u00e4ltin SAV Familienrecht und Gr\u00fcndungspartnerin der FamPlus AG. Sie ber\u00e4t und vertritt Klientinnen und Klienten in s\u00e4mtlichen Bereichen des Familienrechts, insbesondere bei komplexen unterhalts- oder g\u00fcterrechtlichen Fragestellungen, auch mit internationalem Bezug. Als ausgebildete Mediatorin und Collaborative Lawyer (CLP) begleitet sie ihre Klientinnen und Klienten auch in einvernehmlichen Verfahren und unterst\u00fctzt sie dabei, tragf\u00e4hige und nachhaltige L\u00f6sungen zu erarbeiten.<\/p>\n<p>Vor ihrer anwaltlichen T\u00e4tigkeit arbeitete Eva Viola Bohnenblust mehrere Jahre in der Z\u00fcrcher Justiz, zuletzt als Ersatzrichterin in familienrechtlichen Verfahren am Bezirksgericht Horgen. Sie referiert regelm\u00e4ssig zu familienrechtlichen Themen und ist Dozentin f\u00fcr Familienrecht bei Treuhand Suisse.<\/p>\n<\/p>\n                    <\/div>\n                <\/div>\n\n                <div class=\"uk-modal-footer card-arrows uk-text-right\">\n                    <button href=\"javascript:void(0);\" class=\"card-arrow-prev\" onclick=\"navigateReferent('prev', 38242);\"><\/button>\n                    <button href=\"javascript:void(0);\" class=\"card-arrow-next\" onclick=\"navigateReferent('next', 25844);\"><\/button>\n                <\/div>\n            <\/div>\n        <\/div>\n        \n        <div id=\"referent-25844\" class=\"referent-modal uk-flex-top\" uk-modal>\n            <div class=\"uk-modal-dialog uk-margin-auto-vertical\">\n                <button class=\"uk-modal-close-default\" type=\"button\" uk-close><\/button>\n                <div class=\"uk-grid-small\" uk-grid>\n                    <div class=\"uk-width-auto@m\">\n                        \n                        <img loading=\"lazy\" decoding=\"async\" width=\"200\" height=\"242\" src=\"https:\/\/www.schulthessforum.ch\/wp-content\/media\/Referenten\/Bopp_Jeanine_200x242px.jpg\" class=\"attachment-schulthess_speaker size-schulthess_speaker wp-post-image\" alt=\"\" \/>\n                    <\/div>\n                    <div class=\"uk-width-expand@m\">\n                        <h4 class=\"uk-modal-title\"> Jeanine Bopp<\/h4>\n                        <p class=\"referent-info\"><span class=\"referenten-position\">MLaw, Rechtsanw\u00e4ltin,<\/span> <span class=\"referenten-company\">Geissmann Rechtsanw\u00e4lte und Notare AG<\/span><\/p>\n                        <p class=\"referent-kurzbeschreibung\"><p>MLaw Jeanine Bopp ist Rechtsanw\u00e4ltin bei Geissmann Rechtsanw\u00e4lte AG, einer Anwalts- und Notariatskanzlei mit Standorten in Baden und Wettingen. Sie ist Teil der Fachgruppe Familien- und Erbrecht und in dieser Funktion auf dem ganzen Gebiet des Familien- und Erbrechts prozessierend und beratend t\u00e4tig, insbesondere auch im Zusammenhang mit der Ausgestaltung von Ehe-, Konkubinats- und Erbvertr\u00e4gen.<\/p>\n<\/p>\n                    <\/div>\n                <\/div>\n\n                <div class=\"uk-modal-footer card-arrows uk-text-right\">\n                    <button href=\"javascript:void(0);\" class=\"card-arrow-prev\" onclick=\"navigateReferent('prev', 10393);\"><\/button>\n                    <button href=\"javascript:void(0);\" class=\"card-arrow-next\" onclick=\"navigateReferent('next', 29020);\"><\/button>\n                <\/div>\n            <\/div>\n        <\/div>\n        \n        <div id=\"referent-29020\" class=\"referent-modal uk-flex-top\" uk-modal>\n            <div class=\"uk-modal-dialog uk-margin-auto-vertical\">\n                <button class=\"uk-modal-close-default\" type=\"button\" uk-close><\/button>\n                <div class=\"uk-grid-small\" uk-grid>\n                    <div class=\"uk-width-auto@m\">\n                        \n                        <img loading=\"lazy\" decoding=\"async\" width=\"200\" height=\"242\" src=\"https:\/\/www.schulthessforum.ch\/wp-content\/media\/Cavelti_Luzius_200x242px_V2.jpg\" class=\"attachment-schulthess_speaker size-schulthess_speaker wp-post-image\" alt=\"Cavelti_Luzius\" \/>\n                    <\/div>\n                    <div class=\"uk-width-expand@m\">\n                        <h4 class=\"uk-modal-title\">Prof. Dr. Luzius Cavelti<\/h4>\n                        <p class=\"referent-info\"><span class=\"referenten-position\">Prof. Dr. iur., LL.M., Rechtsanwalt und diplomierter Steuerexperte, Professor f\u00fcr Steuerrecht <\/span> <span class=\"referenten-company\">Universit\u00e4t Basel <\/span><\/p>\n                        <p class=\"referent-kurzbeschreibung\"><p>Luzius Cavelti ist Professor f\u00fcr Steuerrecht an der Universit\u00e4t Basel und Partner bei Altenburger Ltd. legal + tax in Z\u00fcrich. Er erwarb einen LL.M.-Abschluss an der Columbia University in New York. Zudem ist er diplomierter Steuerexperte und Rechtsanwalt. Im Jahr 2015 promovierte Luzius Cavelti an der Universit\u00e4t Bern, und 2023 erhielt er die Venia Docendi (Habilitation) f\u00fcr Schweizer und internationales Steuerrecht sowie Rechtstheorie von der Universit\u00e4t Basel. Derzeit ist er Herausgeber der Fachzeitschrift ZSIS), Gesch\u00e4ftsleitungsmitglied des Instituts f\u00fcr Schweizerisches und Internationales Steuerrecht sowie Vorstandsmitglied der International Fiscal Association (IFA) Schweiz.<\/p>\n<\/p>\n                    <\/div>\n                <\/div>\n\n                <div class=\"uk-modal-footer card-arrows uk-text-right\">\n                    <button href=\"javascript:void(0);\" class=\"card-arrow-prev\" onclick=\"navigateReferent('prev', 25844);\"><\/button>\n                    <button href=\"javascript:void(0);\" class=\"card-arrow-next\" onclick=\"navigateReferent('next', 19207);\"><\/button>\n                <\/div>\n            <\/div>\n        <\/div>\n        \n        <div id=\"referent-19207\" class=\"referent-modal uk-flex-top\" uk-modal>\n            <div class=\"uk-modal-dialog uk-margin-auto-vertical\">\n                <button class=\"uk-modal-close-default\" type=\"button\" uk-close><\/button>\n                <div class=\"uk-grid-small\" uk-grid>\n                    <div class=\"uk-width-auto@m\">\n                        \n                        <img loading=\"lazy\" decoding=\"async\" width=\"200\" height=\"242\" src=\"https:\/\/www.schulthessforum.ch\/wp-content\/media\/Referenten\/Maier_Philipp_200x242_px.jpg\" class=\"attachment-schulthess_speaker size-schulthess_speaker wp-post-image\" alt=\"\" \/>\n                    <\/div>\n                    <div class=\"uk-width-expand@m\">\n                        <h4 class=\"uk-modal-title\">Dr. Philipp Maier<\/h4>\n                        <p class=\"referent-info\"><span class=\"referenten-position\">Dr. iur., Rechtsanwalt, Bezirksrichter, <\/span> <span class=\"referenten-company\">Bezirksgericht Uster<\/span><\/p>\n                        <p class=\"referent-kurzbeschreibung\"><p>Philipp Maier ist seit mehr als 25 Jahren als erstinstanzlicher Richter an verschiedenen Bezirksgerichten des Kantons Z\u00fcrich t\u00e4tig. Seit rund zehn Jahren amtet er am Bezirksgericht Uster. Seine wissenschaftlichen Publikationen fokussieren auf das Familienrecht, das Zivilprozessrecht sowie das SchKG. Er ist und war massgeblich beteiligt an der Entwicklung des Unterhaltsrechners der Z\u00fcrcher Gerichte.<\/p>\n<\/p>\n                    <\/div>\n                <\/div>\n\n                <div class=\"uk-modal-footer card-arrows uk-text-right\">\n                    <button href=\"javascript:void(0);\" class=\"card-arrow-prev\" onclick=\"navigateReferent('prev', 29020);\"><\/button>\n                    <button href=\"javascript:void(0);\" class=\"card-arrow-next\" onclick=\"navigateReferent('next', 18679);\"><\/button>\n                <\/div>\n            <\/div>\n        <\/div>\n        \n        <div id=\"referent-18679\" class=\"referent-modal uk-flex-top\" uk-modal>\n            <div class=\"uk-modal-dialog uk-margin-auto-vertical\">\n                <button class=\"uk-modal-close-default\" type=\"button\" uk-close><\/button>\n                <div class=\"uk-grid-small\" uk-grid>\n                    <div class=\"uk-width-auto@m\">\n                        \n                        <img loading=\"lazy\" decoding=\"async\" width=\"200\" height=\"242\" src=\"https:\/\/www.schulthessforum.ch\/wp-content\/media\/Referenten\/Mettler_Simon_200x242px.jpg\" class=\"attachment-schulthess_speaker size-schulthess_speaker wp-post-image\" alt=\"\" \/>\n                    <\/div>\n                    <div class=\"uk-width-expand@m\">\n                        <h4 class=\"uk-modal-title\"> Simon Mettler<\/h4>\n                        <p class=\"referent-info\"><span class=\"referenten-position\">MLaw, Rechtsanwalt, Fachanwalt SAV Familienrecht, Mediator SAV, und Collaborative Lawyer clp Schweiz, Partner, <\/span> <span class=\"referenten-company\">FamPlus AG<\/span><\/p>\n                        <p class=\"referent-kurzbeschreibung\"><p>Simon Mettler war diplomierter Applikationsentwickler, bevor er Wirtschaftsrecht und Rechtswissenschaften studierte. Nach f\u00fcnf Jahren am Bezirksgericht Hinwil in verschiedener Funktion arbeitete er nach Erlangung des Anwaltspatents in bekannten Z\u00fcrcher Familienrechtskanzleien, bevor er die FamPlus AG in Z\u00fcrich mitgr\u00fcndete. Simon Mettler ber\u00e4t und vertritt Privatpersonen in allen Bereichen des nationalen und internationalen Familienrechts. Seine T\u00e4tigkeit umfasst schwergewichtig die gerichtliche und aussergerichtliche Bearbeitung und Begleitung komplexer unterhalts- und g\u00fcterrechtlicher Auseinandersetzungen sowie die Beratung und Unterst\u00fctzung bei Ehe- und Erbvertr\u00e4gen, Vorausscheidungskonventionen, Konkubinatsvertr\u00e4gen sowie Willensvollstreckungen. Simon Mettler referiert regelm\u00e4ssig zu allen Themengebieten des Familienrechts und er ist Co-Autor der beiden Beobachter-Ratgeber \u00abFaire Scheidung\u00bb und \u00abTrennung\u00bb.<\/p>\n<\/p>\n                    <\/div>\n                <\/div>\n\n                <div class=\"uk-modal-footer card-arrows uk-text-right\">\n                    <button href=\"javascript:void(0);\" class=\"card-arrow-prev\" onclick=\"navigateReferent('prev', 19207);\"><\/button>\n                    <button href=\"javascript:void(0);\" class=\"card-arrow-next\" onclick=\"navigateReferent('next', 37789);\"><\/button>\n                <\/div>\n            <\/div>\n        <\/div>\n        \n        <div id=\"referent-37789\" class=\"referent-modal uk-flex-top\" uk-modal>\n            <div class=\"uk-modal-dialog uk-margin-auto-vertical\">\n                <button class=\"uk-modal-close-default\" type=\"button\" uk-close><\/button>\n                <div class=\"uk-grid-small\" uk-grid>\n                    <div class=\"uk-width-auto@m\">\n                        \n                        <img loading=\"lazy\" decoding=\"async\" width=\"200\" height=\"242\" src=\"https:\/\/www.schulthessforum.ch\/wp-content\/media\/Referenten\/Schuler-Scheurer_Anna_200x242px.jpg\" class=\"attachment-schulthess_speaker size-schulthess_speaker wp-post-image\" alt=\"\" \/>\n                    <\/div>\n                    <div class=\"uk-width-expand@m\">\n                        <h4 class=\"uk-modal-title\"> Anna Schuler-Scheurer<\/h4>\n                        <p class=\"referent-info\"><span class=\"referenten-position\">Rechtsanw\u00e4ltin, Fachanw\u00e4ltin SAV Familienrecht, Mediatorin SAV, Collaborative Lawyer clp schweiz, Zertifiziertes Mitglied Kinderanwaltschaft Schweiz, Partnerin,<\/span> <span class=\"referenten-company\">Kanzlei K\u00e4gi Schuler Partner<\/span><\/p>\n                        <p class=\"referent-kurzbeschreibung\"><p>Anna Schuler ist Fachanw\u00e4ltin SAV f\u00fcr Familienrecht und seit 2025 Inhaberin und Partnerin bei K\u00e4gi Schuler Partner in Z\u00fcrich. Sie verf\u00fcgt \u00fcber eine langj\u00e4hrige und umfassende Expertise in Trennungs- und Scheidungsrecht, Ehe- und Konkubinatsrecht sowie Kindsvertretung. Neben ihrer anwaltlichen T\u00e4tigkeit ist sie mit Leidenschaft zertifizierte Mediatorin SAV und Collaborative Lawyer (CLP) und setzt sich daf\u00fcr ein, tragf\u00e4hige aussergerichtliche L\u00f6sungen zu erarbeiten. Sie ist aktiv in verschiedenen Berufsverb\u00e4nden t\u00e4tig, ist Mitglied des Vereins Fachanw\u00e4ltinnen und Fachanw\u00e4lte SAV Familienrecht (VF\/FA) sowie der Fachgruppen Familienrecht und ADR, und verf\u00fcgt \u00fcber Publikationen im Bereich Familienrecht, unter anderem im Kurzkommentar ZGB. Ihr akademischer Hintergrund umfasst einen deutschen Hochschulabschluss, sowie die Zulassung als Rechtsanw\u00e4ltin in Deutschland und der Schweiz.<\/p>\n<\/p>\n                    <\/div>\n                <\/div>\n\n                <div class=\"uk-modal-footer card-arrows uk-text-right\">\n                    <button href=\"javascript:void(0);\" class=\"card-arrow-prev\" onclick=\"navigateReferent('prev', 18679);\"><\/button>\n                    <button href=\"javascript:void(0);\" class=\"card-arrow-next\" onclick=\"navigateReferent('next', 19681);\"><\/button>\n                <\/div>\n            <\/div>\n        <\/div>\n        \n        <div id=\"referent-19681\" class=\"referent-modal uk-flex-top\" uk-modal>\n            <div class=\"uk-modal-dialog uk-margin-auto-vertical\">\n                <button class=\"uk-modal-close-default\" type=\"button\" uk-close><\/button>\n                <div class=\"uk-grid-small\" uk-grid>\n                    <div class=\"uk-width-auto@m\">\n                        \n                        <img loading=\"lazy\" decoding=\"async\" width=\"200\" height=\"242\" src=\"https:\/\/www.schulthessforum.ch\/wp-content\/media\/Referenten\/Vecchie_Massimo_200x242px.jpg\" class=\"attachment-schulthess_speaker size-schulthess_speaker wp-post-image\" alt=\"\" \/>\n                    <\/div>\n                    <div class=\"uk-width-expand@m\">\n                        <h4 class=\"uk-modal-title\"> Massimo Vecchi\u00e8<\/h4>\n                        <p class=\"referent-info\"><span class=\"referenten-position\">MLaw, Rechtsanwalt und Dozent f\u00fcr Zivilprozessrecht an der KV Business School Z\u00fcrich, Partner bei <\/span> <span class=\"referenten-company\">Peyer Partner Rechtsanw\u00e4lte<\/span><\/p>\n                        <p class=\"referent-kurzbeschreibung\"><p>Massimo Vecchi\u00e8 ist prozessierender Rechtsanwalt und vertritt seine Klienten im Familien-, Miet- und Arbeitsrecht sowie im Strafrecht. Durch seine fr\u00fchere T\u00e4tigkeit als Gerichtsschreiber am Bezirksgericht Uster verf\u00fcgt er \u00fcber langj\u00e4hrige Erfahrung in familienrechtlichen Verfahren und im Zivilprozessrecht. Seit Anfang 2023 arbeitet er als selbst\u00e4ndiger Rechtsanwalt bei Peyer Partner Rechtsanw\u00e4lte.<\/p>\n<\/p>\n                    <\/div>\n                <\/div>\n\n                <div class=\"uk-modal-footer card-arrows uk-text-right\">\n                    <button href=\"javascript:void(0);\" class=\"card-arrow-prev\" onclick=\"navigateReferent('prev', 37789);\"><\/button>\n                    <button href=\"javascript:void(0);\" class=\"card-arrow-next\" onclick=\"navigateReferent('next', 25254);\"><\/button>\n                <\/div>\n            <\/div>\n        <\/div>\n        \n        <div id=\"referent-25254\" class=\"referent-modal uk-flex-top\" uk-modal>\n            <div class=\"uk-modal-dialog uk-margin-auto-vertical\">\n                <button class=\"uk-modal-close-default\" type=\"button\" uk-close><\/button>\n                <div class=\"uk-grid-small\" uk-grid>\n                    <div class=\"uk-width-auto@m\">\n                        \n                        <img loading=\"lazy\" decoding=\"async\" width=\"200\" height=\"242\" src=\"https:\/\/www.schulthessforum.ch\/wp-content\/media\/Referenten\/Windhoevel_Kerstin_200x242px.jpg\" class=\"attachment-schulthess_speaker size-schulthess_speaker wp-post-image\" alt=\"\" \/>\n                    <\/div>\n                    <div class=\"uk-width-expand@m\">\n                        <h4 class=\"uk-modal-title\">Prof. Dr. Kerstin Windh\u00f6vel<\/h4>\n                        <p class=\"referent-info\"><span class=\"referenten-position\">Leiterin Kompetenzzentrum Vorsorge an der Kalaidos FH f\u00fcr Wirtschaft; Inhaberin<\/span> <span class=\"referenten-company\">wincon gmbh \u2013 Pensionskassen und Vorsorgeberatung<\/span><\/p>\n                        <p class=\"referent-kurzbeschreibung\"><p>Prof. Dr. Kerstin Windh\u00f6vel, Volkswirtschafterin, ist Expertin im Bereich Vorsorge und Pensionskassen. Sie ist Leiterin des Kompetenzzentrums Vorsorge an der Kalaidos FH f\u00fcr Wirtschaft und Gesch\u00e4ftsf\u00fchrerin der wincon gmbh, Pensionskassen- und Vorsorgeberatung. Kerstin Windh\u00f6vel verf\u00fcgt \u00fcber mehr als 20 Jahre Erfahrung in der Beratung von Pensionskassen, Verb\u00e4nden, Unternehmen und Privatpersonen zu Fragen rund um die Altersvorsorge, wie Vorsorge- und Verm\u00f6gensplanung, Unterst\u00fctzung beim Pensionskassenwechsel, Optimierung der Altersvorsorge \u00fcber alle S\u00e4ulen hinweg und in Fragen der Steueroptimierung. Sie lehrt seit \u00fcber einem Jahrzehnt an verschiedenen Hochschulen in den Bereichen Finanzen und Vorsorge.<br \/>\nZudem ist sie als Pr\u00e4sidentin und Mitglied des Stiftungsrates verschiedener Pensionskassen t\u00e4tig, darunter in der Bernischen Lehrerversicherungskasse, der Vontobel 3a Vorsorgestiftung, der Agilis 1e Sammelstiftung und der VSM Sammelstiftung f\u00fcr Medizinalpersonen.<\/p>\n<\/p>\n                    <\/div>\n                <\/div>\n\n                <div class=\"uk-modal-footer card-arrows uk-text-right\">\n                    <button href=\"javascript:void(0);\" class=\"card-arrow-prev\" onclick=\"navigateReferent('prev', 19681);\"><\/button>\n                    <button href=\"javascript:void(0);\" class=\"card-arrow-next\" onclick=\"navigateReferent('next', 18674);\"><\/button>\n                <\/div>\n            <\/div>\n        <\/div>\n        <\/div>\n      <script>\n          function navigateReferent(direction, currentID) {\n              var speakers = [18674,38242,10393,25844,29020,19207,18679,37789,19681,25254];\n              var currentIndex = speakers.indexOf(currentID);\n\n              if (direction === \"prev\") {\n                  currentIndex = (currentIndex + speakers.length) % speakers.length;\n              } else if (direction === \"next\") {\n                  currentIndex = (currentIndex ) % speakers.length;\n              }\n\n              var targetID = speakers[currentIndex];\n              var targetModal = document.getElementById(\"referent-\" + targetID);\n              UIkit.modal(targetModal).show();\n          }\n      <\/script>\n        <script>\n            document.addEventListener(\"DOMContentLoaded\", function() {\n                const modalLinks = document.querySelectorAll(\"[uk-toggle]\");\n                const pageContainer = document.getElementById(\"page-container\");\n\n                \/\/ Neues <div> Element erstellen\n                const newDiv = document.createElement(\"div\");\n                newDiv.className = \"referenten-modal-background\";\n\n                \/\/ Das neue <div> dem Element mit der ID \"page-container\" hinzuf\u00fcgen\n                pageContainer.insertBefore(newDiv, pageContainer.firstChild);\n\n                const referentenModalBackground = document.querySelector(\".referenten-modal-background\");\n\n                modalLinks.forEach(link => {\n                    link.addEventListener(\"click\", function(event) {\n                        event.preventDefault();\n                        referentenModalBackground.classList.add(\"referenten-modal-open\");\n                    });\n                });\n\n                const modals = document.querySelectorAll(\".referent-modal\");\n                modals.forEach(modal => {\n                    modal.addEventListener(\"click\", function(event) {\n                        if (event.target === modal) {\n                            referentenModalBackground.classList.remove(\"referenten-modal-open\");\n                        }\n                    });\n                });\n\n                const closeModalButtons = document.querySelectorAll(\".uk-modal-close-default\");\n                closeModalButtons.forEach(button => {\n                    button.addEventListener(\"click\", function() {\n                        referentenModalBackground.classList.remove(\"referenten-modal-open\");\n                    });\n                });\n\n                \/\/ Funktion, um die Klasse zu entfernen\n                function closeModal() {\n                    referentenModalBackground.classList.remove(\"referenten-modal-open\");\n                }\n\n                \/\/ Event Listener f\u00fcr das Dr\u00fccken der Esc-Taste\n                document.addEventListener(\"keydown\", function(event) {\n                    if (event.key === \"Escape\") {\n                        closeModal();\n                    }\n                });\n            });\n        <\/script>[\/et_pb_code][\/et_pb_column_inner][\/et_pb_row_inner][et_pb_row_inner admin_label=\u00a0\u00bbFachthemen\u00a0\u00bb module_id=\u00a0\u00bbschulthess-product-specinfo\u00a0\u00bb _builder_version=\u00a0\u00bb4.22.1&Prime; _module_preset=\u00a0\u00bbdefault\u00a0\u00bb collapsed=\u00a0\u00bbon\u00a0\u00bb global_colors_info=\u00a0\u00bb{}\u00a0\u00bb][et_pb_column_inner saved_specialty_column_type=\u00a0\u00bb3_4&Prime; _builder_version=\u00a0\u00bb4.16&Prime; _module_preset=\u00a0\u00bbdefault\u00a0\u00bb global_colors_info=\u00a0\u00bb{}\u00a0\u00bb][et_pb_text admin_label=\u00a0\u00bb\u00dcberschrift\u00a0\u00bb module_id=\u00a0\u00bbschulthess-fachinformationen\u00a0\u00bb module_class=\u00a0\u00bbsf-h2&Prime; _builder_version=\u00a0\u00bb4.19.5&Prime; _module_preset=\u00a0\u00bbdefault\u00a0\u00bb global_colors_info=\u00a0\u00bb{}\u00a0\u00bb]<\/p>\n<h5>Fachthemen<\/h5>\n<p>[\/et_pb_text][et_pb_code _builder_version=\u00a0\u00bb4.19.5&Prime; _module_preset=\u00a0\u00bbdefault\u00a0\u00bb locked=\u00a0\u00bboff\u00a0\u00bb global_colors_info=\u00a0\u00bb{}\u00a0\u00bb]\n  <div class=\"sf-post-list\">\n\n    \n      \n              <div class=\"sf-full-width-row\">\n                <article class=\"sf-post-list-item sf-post-list-item-37767 et_pb_column_1_3 et_pb_column\">\n              <a href=\"https:\/\/www.schulthessforum.ch\/fachbeitrag\/mitarbeiterbeteiligungen-zwischen-gueterrecht-und-unterhalt-zur-beruecksichtigung-variabler-verguetungsbestandteile-nach-bger-5a_749-2023\/\" target=\"_blank\" rel=\"nofollow noopener\" title=\"Mitarbeiterbeteiligungen zwischen G\u00fcterrecht und Unterhalt \u2013 zur Ber\u00fccksichtigung variabler Verg\u00fctungsbestandteile nach BGer 5A_749\/2023\">\n              <div class=\"sf-post-list-item-content-wrapper\">\n                  <div class=\"sf-post-list-item-content\">\n                                            <h3 class=\"fachbeitrag-autor\">\n                          Eva Viola Bohnenblust                      <\/h3>\n                                            <div clasS=\"sf-post-list-item-title-wrapper\">\n                        <h3 class=\"sf-post-list-item-title\">\n                            Mitarbeiterbeteiligungen zwischen G\u00fcterrecht und Unterhalt \u2013 zur Ber\u00fccksichtigung variabler Verg\u00fctungsbestandteile nach BGer 5A_749\/2023                        <\/h3>\n                      <\/div>\n                      <div class=\"sf-post-list-item-excerpt\">\n                          Bundesgerichtsentscheid 5A_749\/2023 vom 12. September 2024 gibt Anlass, die h\u00f6chstrichterliche Rechtsprechung zur Ber\u00fccksichtigung von Mitarbeiterbeteiligungen in der g\u00fcterrechtlichen Auseinandersetzung erneut zu beleuchten und in den Kontext der g\u00fcterrechtlichen Grundprinzipien zu stellen. Anha...                      <\/div>\n                  <\/div>\n\n              <\/div>\n              <\/a>\n          <\/article>\n            \n  \n      \n                <article class=\"sf-post-list-item sf-post-list-item-37770 et_pb_column_1_3 et_pb_column\">\n              <a href=\"https:\/\/www.schulthessforum.ch\/fachbeitrag\/das-konkubinat-freiheit-mit-fussnoten\/\" target=\"_blank\" rel=\"nofollow noopener\" title=\"Das Konkubinat \u2013 Freiheit mit Fussnoten\">\n              <div class=\"sf-post-list-item-content-wrapper\">\n                  <div class=\"sf-post-list-item-content\">\n                                            <h3 class=\"fachbeitrag-autor\">\n                          Anna Schuler-Scheurer                      <\/h3>\n                                            <div clasS=\"sf-post-list-item-title-wrapper\">\n                        <h3 class=\"sf-post-list-item-title\">\n                            Das Konkubinat \u2013 Freiheit mit Fussnoten                        <\/h3>\n                      <\/div>\n                      <div class=\"sf-post-list-item-excerpt\">\n                          Das Konkubinat bleibt \u2013 trotz seiner gesellschaftlichen Verbreitung \u2013 ein rechtliches Stiefkind. W\u00e4hrend die Ehe weitgehend gesetzlich geregelt ist, herrscht im Konkubinat nach wie vor Rechtsunsicherheit und erheblicher Gestaltungsbedarf. Der Vortrag beleuchtet typische Stolpersteine, die sich ...                      <\/div>\n                  <\/div>\n\n              <\/div>\n              <\/a>\n          <\/article>\n              <\/div>\n            \n  <\/div>\n\n  [\/et_pb_code][\/et_pb_column_inner][\/et_pb_row_inner][\/et_pb_column][et_pb_column type=\u00a0\u00bb1_4&Prime; _builder_version=\u00a0\u00bb4.16&Prime; custom_padding=\u00a0\u00bb|||\u00a0\u00bb global_colors_info=\u00a0\u00bb{}\u00a0\u00bb custom_padding__hover=\u00a0\u00bb|||\u00a0\u00bb][et_pb_text disabled_on=\u00a0\u00bboff|off|off\u00a0\u00bb admin_label=\u00a0\u00bbTermin &#8211; Info\u00a0\u00bb module_class=\u00a0\u00bbdetail-info-sidebar-bg event-termin-info\u00a0\u00bb _builder_version=\u00a0\u00bb4.21.0&Prime; _module_preset=\u00a0\u00bbdefault\u00a0\u00bb global_colors_info=\u00a0\u00bb{}\u00a0\u00bb]<\/p>\n<h3>Termin \/ Format<\/h3>\n<p><span class=\"event-date-termin-info\">16.06.2026 | 09:00 - 17:15<\/span><br><span class=\"event-kategorie-termin-info\">Eheg\u00fcterrecht | Familienrecht | Tagungen | Online-Teilnahme<\/span>[\/et_pb_text][et_pb_text disabled_on=\u00a0\u00bboff|off|off\u00a0\u00bb admin_label=\u00a0\u00bbPreis &#8211; Info\u00a0\u00bb module_class=\u00a0\u00bbdetail-info-sidebar-bg\u00a0\u00bb _builder_version=\u00a0\u00bb4.21.0&Prime; _module_preset=\u00a0\u00bbdefault\u00a0\u00bb global_colors_info=\u00a0\u00bb{}\u00a0\u00bb]<div class=\"sf-product-variant-detail-wrapper\" id=\"sf-product-variant-detail-wrapper\"><form action=\"https:\/\/www.schulthessforum.ch\/fr\/warenkorb\/\" method=\"get\"><h3 class=\"sf-product-variant-headline-1\">Manifestation en pr\u00e9sentiel<\/h3><label class=\"sf-product-variant-detail\"><input class=\"sf-product-variant-input\" type=\"radio\" id=\"37751\" name=\"variante\" value=\"37751\" required><span class=\"woocommerce-Price-amount amount\"><bdi><span class=\"woocommerce-Price-currencySymbol\">&#67;&#72;&#70;<\/span>&nbsp;790.00<\/bdi><\/span> TVA de 8.1% en sus.<\/label><h3 class=\"sf-product-variant-headline-2\">Participation en ligne<\/h3><label class=\"sf-product-variant-detail\"><input class=\"sf-product-variant-input\" type=\"radio\" id=\"37750\" name=\"variante\" value=\"37750\" required><span class=\"woocommerce-Price-amount amount\"><bdi><span class=\"woocommerce-Price-currencySymbol\">&#67;&#72;&#70;<\/span>&nbsp;650.00<\/bdi><\/span> TVA de 8.1% en sus.<\/label><input type=\"hidden\" id=\"37749\" name=\"event\" value=\"37749\"><span class=\"anmeldebutton-wrapper\"><input class=\"et_pb_button et_pb_button_0 schulthess-buy-button single_add_to_cart_button button wp-element-button\" data-icon=\"9\" type=\"submit\" value=\"Inscription\"><span class=\"anmeldebutton-icon\"><\/span><\/span><\/form><\/div>[\/et_pb_text][et_pb_text disabled_on=\u00a0\u00bboff|off|off\u00a0\u00bb admin_label=\u00a0\u00bbRabatt &#8211; Info\u00a0\u00bb module_class=\u00a0\u00bbdetail-info-sidebar-bg\u00a0\u00bb _builder_version=\u00a0\u00bb4.22.1&Prime; _module_preset=\u00a0\u00bbdefault\u00a0\u00bb locked=\u00a0\u00bboff\u00a0\u00bb global_colors_info=\u00a0\u00bb{}\u00a0\u00bb]<\/p>\n<h3>Rabatt Info<\/h3>\n<p>15% Rabatt auf den regul\u00e4ren Preis bei Anmeldung von mehr als zwei Personen eines Unternehmens. Der Rabatt wird ab der 3. Anmeldung gew\u00e4hrt. Doppelrabattierungen werden nicht gew\u00e4hrt.[\/et_pb_text][et_pb_code disabled_on=\u00a0\u00bboff|off|off\u00a0\u00bb admin_label=\u00a0\u00bbCredits &#8211; Info\u00a0\u00bb _builder_version=\u00a0\u00bb4.21.0&Prime; _module_preset=\u00a0\u00bbdefault\u00a0\u00bb custom_margin=\u00a0\u00bb||15px||false|false\u00a0\u00bb locked=\u00a0\u00bboff\u00a0\u00bb global_colors_info=\u00a0\u00bb{}\u00a0\u00bb]<div class=\"detail-info-sidebar-bg\"><div class=\"sf-product-credits\"><p>7 SAV-Credits f\u00fcr Fachanw\u00e4ltinnen und Fachanw\u00e4lte SAV Familienrecht bei pers\u00f6nlicher Teilnahme. <\/p><div class=\"schulthess-event-list-creditsbubble\">7 Credits<\/div><\/div><\/div>[\/et_pb_code][et_pb_blurb disabled_on=\u00a0\u00bboff|off|off\u00a0\u00bb admin_label=\u00a0\u00bbAusgebucht\u00a0\u00bb _builder_version=\u00a0\u00bb4.27.4&Prime; _module_preset=\u00a0\u00bbdefault\u00a0\u00bb background_color=\u00a0\u00bb#efefef\u00a0\u00bb custom_padding=\u00a0\u00bb40px|40px|40px|40px|false|false\u00a0\u00bb link_option_url_new_window=\u00a0\u00bbon\u00a0\u00bb global_colors_info=\u00a0\u00bb{}\u00a0\u00bb]<\/p>\n<div class=\"content clearfix\">\n<h3>Hybrid-Veranstaltung<\/h3>\n<p>Verfolgen Sie die Tagung in real time oder nutzen Sie die Gelegenheit, alle Referate im Nachgang, als On-Demand-Videos, innert vier Wochen nochmals anzusehen. So k\u00f6nnen Sie Ihren Arbeitstag flexibel gestalten.<\/p>\n<\/div>\n<p>[\/et_pb_blurb][et_pb_blurb disabled_on=\u00a0\u00bboff|off|off\u00a0\u00bb admin_label=\u00a0\u00bbTagungsleitung\u00a0\u00bb _builder_version=\u00a0\u00bb4.27.4&Prime; _module_preset=\u00a0\u00bbdefault\u00a0\u00bb background_color=\u00a0\u00bb#efefef\u00a0\u00bb custom_padding=\u00a0\u00bb40px|40px|40px|40px|false|false\u00a0\u00bb global_colors_info=\u00a0\u00bb{}\u00a0\u00bb]<\/p>\n<div class=\"content clearfix\">\n<h3>Tagungsleitung<\/h3>\n<h3><img decoding=\"async\" src=\"https:\/\/www.ehegueterrecht-tagung.ch\/sites\/default\/files\/althaus_stefanie_tagungsleitung_360x190px_neu.png\" alt=\"\" \/><img loading=\"lazy\" decoding=\"async\" class=\"wp-image-18648 alignnone size-medium\" src=\"https:\/\/www.schulthessforum.ch\/wp-content\/media\/Fischer_Daniela_200x242px-248x300.png\" alt=\"\" width=\"248\" height=\"300\" \/><\/h3>\n<p>Daniela Fischer f\u00fchrt durch das Programm des Schulthess Forum Eheg\u00fcterrecht 2026.<\/p>\n<\/div>\n<p>[\/et_pb_blurb][et_pb_text disabled_on=\u00a0\u00bboff|off|off\u00a0\u00bb admin_label=\u00a0\u00bbAnreise\u00a0\u00bb module_class=\u00a0\u00bbdetail-info-sidebar-bg\u00a0\u00bb _builder_version=\u00a0\u00bb4.27.0&Prime; _module_preset=\u00a0\u00bbdefault\u00a0\u00bb global_colors_info=\u00a0\u00bb{}\u00a0\u00bb]<\/p>\n<div id=\"block-system-main\" class=\"block block-system block-main block-system-main odd block-without-title\">\n<div class=\"block-inner clearfix\">\n<div class=\"content clearfix\">\n<article id=\"node-anreise-372--2\" class=\"node node-anreise node-published node-not-promoted node-not-sticky author-supadmin even clearfix\">\n<div class=\"content clearfix\">\n<div class=\"field field-name-body field-type-text-with-summary field-label-hidden\">\n<div class=\"field-items\">\n<div class=\"field-item even\">\n<h3>Location \/ Anreise<\/h3>\n<span class=\"event-anreise-info-adresse\"><br><\/span><br><span class=\"event-anreise-info-beschreibung\"><p id=\"page-title\" class=\"title\"><span class=\"event-anreise-info-adresse\">Metropol Z\u00fcrich<br \/>\nFraum\u00fcnsterstrasse 12<br \/>\n8001 Z\u00fcrich<\/span><\/p>\n<p>Wir empfehlen Ihnen die Anreise mit den \u00f6ffentlichen Verkehrsmitteln. Das Metropol ist zu Fuss von der Tramhaltestelle Paradeplatz (Tram-Linien 2, 6, 7, 8, 9, 11, 13 und 17) in wenigen Minuten erreichbar.<\/p>\n<\/span>\n<div><\/div>\n<\/div>\n<\/div>\n<\/div>\n<\/div>\n<\/article>\n<\/div>\n<\/div>\n<\/div>\n<p>[\/et_pb_text][et_pb_blurb image_icon_width=\u00a0\u00bb100%\u00a0\u00bb disabled_on=\u00a0\u00bboff|off|off\u00a0\u00bb admin_label=\u00a0\u00bbSystemanforderungen\u00a0\u00bb _builder_version=\u00a0\u00bb4.22.1&Prime; _module_preset=\u00a0\u00bbdefault\u00a0\u00bb background_color=\u00a0\u00bb#efefef\u00a0\u00bb image_icon_custom_margin=\u00a0\u00bb30px||30px||false|false\u00a0\u00bb custom_padding=\u00a0\u00bb40px|40px|40px|40px|false|false\u00a0\u00bb locked=\u00a0\u00bboff\u00a0\u00bb global_colors_info=\u00a0\u00bb{}\u00a0\u00bb]<\/p>\n<h3>Systemanforderungen<\/h3>\n<p>F\u00fcr die Webinare verwenden wir die \u00abZoom Video-Webinare\u00bb-Technologie (<a href=\"https:\/\/zoom.us\/\" target=\"_blank\" rel=\"noopener\">zoom.us<\/a>). F\u00fcr die Teilnahme an einem Webinar ist ein Computer (<a href=\"https:\/\/support.zoom.us\/hc\/de\/articles\/201362023-Systemanforderungen-f%C3%BCr-Windows-macOS-und-Linux#h_92957a85-2506-43a2-bd4a-5bb274778518\" target=\"_blank\" rel=\"noopener\">Windows, Mac<\/a>) mit einem aktuellen Browser notwendig. Alternativ kann auch die Zoom-App App auf einem Tablet oder Smartphone (<a href=\"https:\/\/support.zoom.us\/hc\/de\/articles\/201179966\" target=\"_blank\" rel=\"noopener\">Android, iOS<\/a>) verwendet werden.[\/et_pb_blurb][et_pb_blurb disabled_on=\u00a0\u00bboff|off|off\u00a0\u00bb admin_label=\u00a0\u00bbNewsletteranmeldung\u00a0\u00bb _builder_version=\u00a0\u00bb4.27.0&Prime; _module_preset=\u00a0\u00bbdefault\u00a0\u00bb background_color=\u00a0\u00bb#efefef\u00a0\u00bb custom_padding=\u00a0\u00bb40px|40px|40px|40px|false|false\u00a0\u00bb global_colors_info=\u00a0\u00bb{}\u00a0\u00bb]<\/p>\n<h3>Newsletter-Anmeldung<\/h3>\n<p><span data-teams=\"true\"><span class=\"ui-provider a b c d e f g h i j k l m n o p q r s t u v w x y z ab ac ae af ag ah ai aj ak\" dir=\"ltr\">M\u00f6chten Sie zu dieser und weiteren Veranstaltungen des Schulthess Forums informiert werden? Melden Sie sich <a href=\"https:\/\/www.schulthessforum.ch\/newsletter\/\"><strong>hier<\/strong><\/a> f\u00fcr den Newsletter an.<\/span><\/span>[\/et_pb_blurb][et_pb_blurb disabled_on=\u00a0\u00bbon|on|on\u00a0\u00bb admin_label=\u00a0\u00bbBauen Sie Ihr Netzwerk aus\u00a0\u00bb _builder_version=\u00a0\u00bb4.22.1&Prime; _module_preset=\u00a0\u00bbdefault\u00a0\u00bb background_color=\u00a0\u00bb#efefef\u00a0\u00bb custom_padding=\u00a0\u00bb40px|40px|40px|40px|false|false\u00a0\u00bb link_option_url_new_window=\u00a0\u00bbon\u00a0\u00bb disabled=\u00a0\u00bbon\u00a0\u00bb global_colors_info=\u00a0\u00bb{}\u00a0\u00bb]<\/p>\n<div class=\"content clearfix\">\n<h3>Bauen Sie Ihr Netzwerk aus<\/h3>\n<p><img loading=\"lazy\" decoding=\"async\" class=\"wp-image-4421 alignnone size-medium\" src=\"https:\/\/www.schulthessforum.ch\/wp-content\/media\/00-Startseitenslider\/NR021142_internet-300x200.jpg\" alt=\"\" width=\"300\" height=\"200\" \/><\/p>\n<p>Nutzen Sie das Schulthess Forum Eheg\u00fcterrecht 2024 f\u00fcr den Austausch unter Expertinnen und Experten.<\/p>\n<\/div>\n<p>[\/et_pb_blurb][et_pb_blurb disabled_on=\u00a0\u00bbon|on|on\u00a0\u00bb admin_label=\u00a0\u00bbPartner werden\u00a0\u00bb _builder_version=\u00a0\u00bb4.21.0&Prime; _module_preset=\u00a0\u00bbdefault\u00a0\u00bb background_color=\u00a0\u00bb#efefef\u00a0\u00bb custom_padding=\u00a0\u00bb40px|40px|40px|40px|false|false\u00a0\u00bb disabled=\u00a0\u00bbon\u00a0\u00bb global_colors_info=\u00a0\u00bb{}\u00a0\u00bb]<\/p>\n<div class=\"content clearfix\">\n<h3>Werden Sie Partner!<\/h3>\n<p>Gerne beraten wir Sie und konzipieren auf Wunsch gemeinsam mit Ihnen einen individuellen Auftritt. <img decoding=\"async\" src=\"https:\/\/www.erbrecht-tagung.ch\/sites\/default\/files\/schulthess_kontakt_300x190.jpg\" alt=\"\" \/><\/p>\n<p class=\"spacer_p\">Tel. +41 44 200 29 29 <a href=\"mailto:veranstaltungen@schulthess.com\">veranstaltungen@schulthess.com<\/a><\/p>\n<\/div>\n<p>[\/et_pb_blurb][et_pb_code disabled_on=\u00a0\u00bbon|on|on\u00a0\u00bb admin_label=\u00a0\u00bbCicero &#8211; Info\u00a0\u00bb _builder_version=\u00a0\u00bb4.20.2&Prime; _module_preset=\u00a0\u00bbdefault\u00a0\u00bb custom_margin=\u00a0\u00bb||15px||false|false\u00a0\u00bb disabled=\u00a0\u00bbon\u00a0\u00bb locked=\u00a0\u00bboff\u00a0\u00bb global_colors_info=\u00a0\u00bb{}\u00a0\u00bb][\/et_pb_code][et_pb_blurb title=\u00a0\u00bbDarum lohnt es sich, den Workshop K\u00fcndigung des Arbeitsverh\u00e4ltnisses im \u00f6ffentlichen Personalrecht zu besuchen:\u00a0\u00bb disabled_on=\u00a0\u00bbon|on|on\u00a0\u00bb admin_label=\u00a0\u00bbDarum lohnt es sich\u00a0\u00bb _builder_version=\u00a0\u00bb4.21.0&Prime; _module_preset=\u00a0\u00bbdefault\u00a0\u00bb background_color=\u00a0\u00bb#efefef\u00a0\u00bb custom_padding=\u00a0\u00bb40px|40px|40px|40px|false|false\u00a0\u00bb link_option_url=\u00a0\u00bbhttps:\/\/bank-kapitalmarktrecht.iusnet.ch\/de\/user\/register\u00a0\u00bb link_option_url_new_window=\u00a0\u00bbon\u00a0\u00bb disabled=\u00a0\u00bbon\u00a0\u00bb global_colors_info=\u00a0\u00bb{}\u00a0\u00bb]<\/p>\n<ul>\n<li>\n<div>Wissens-Update und Vertiefung zum aktuellen rechtlichen Stand<\/div>\n<\/li>\n<li>\n<div>Viel Zeit f\u00fcr Fragen, F\u00e4lle, aktuelle Themen und Handlungsempfehlungen<\/div>\n<\/li>\n<li>\n<div>Illustrative Beispiele aus der t\u00e4glichen Praxis f\u00fcr optimalen Praxistransfer<\/div>\n<\/li>\n<li>\n<div>L\u00f6sungsans\u00e4tze, Checklisten, Ablaufpl\u00e4ne und Regiebuch f\u00fcr das K\u00fcndigungsgespr\u00e4ch<\/div>\n<\/li>\n<\/ul>\n<p>[\/et_pb_blurb][et_pb_code disabled_on=\u00a0\u00bbon|on|on\u00a0\u00bb admin_label=\u00a0\u00bbAnzeige(n)\u00a0\u00bb module_class=\u00a0\u00bbschulthess_product_ads\u00a0\u00bb _builder_version=\u00a0\u00bb4.17.4&Prime; _module_preset=\u00a0\u00bbdefault\u00a0\u00bb disabled=\u00a0\u00bbon\u00a0\u00bb locked=\u00a0\u00bboff\u00a0\u00bb global_colors_info=\u00a0\u00bb{}\u00a0\u00bb][\/et_pb_code][\/et_pb_column][\/et_pb_section][et_pb_section fb_built=\u00a0\u00bb1&Prime; specialty=\u00a0\u00bbon\u00a0\u00bb module_class_2=\u00a0\u00bbschulthess-product-attendee-section\u00a0\u00bb disabled_on=\u00a0\u00bbon|on|on\u00a0\u00bb admin_label=\u00a0\u00bbInhalt mit Teilnehmerbereich\u00a0\u00bb module_id=\u00a0\u00bbschulthess-attendee-section\u00a0\u00bb module_class=\u00a0\u00bbschulthess-hidden\u00a0\u00bb _builder_version=\u00a0\u00bb4.20.2&Prime; _module_preset=\u00a0\u00bbdefault\u00a0\u00bb display_conditions=\u00a0\u00bbW3siaWQiOiI3NDc0ZmExMC0yZTg5LTQ3MDctYjM2Yi1iZDA3ZWJiMGZlZDEiLCJjb25kaXRpb24iOiJsb2dnZWRJblN0YXR1cyIsImNvbmRpdGlvblNldHRpbmdzIjp7ImRpc3BsYXlSdWxlIjoibG9nZ2VkSW4iLCJhZG1pbkxhYmVsIjoiQW5nZW1lbGRldGVyIFN0YXR1cyIsImVuYWJsZUNvbmRpdGlvbiI6Im9uIn0sIm9wZXJhdG9yIjoiT1IifV0=\u00a0\u00bb disabled=\u00a0\u00bbon\u00a0\u00bb locked=\u00a0\u00bboff\u00a0\u00bb collapsed=\u00a0\u00bboff\u00a0\u00bb global_colors_info=\u00a0\u00bb{}\u00a0\u00bb][et_pb_column type=\u00a0\u00bb3_4&Prime; specialty_columns=\u00a0\u00bb3&Prime; _builder_version=\u00a0\u00bb4.16&Prime; custom_padding=\u00a0\u00bb|||\u00a0\u00bb global_colors_info=\u00a0\u00bb{}\u00a0\u00bb custom_padding__hover=\u00a0\u00bb|||\u00a0\u00bb][et_pb_row_inner admin_label=\u00a0\u00bbHeadline Teilnehmerbereich\u00a0\u00bb _builder_version=\u00a0\u00bb4.17.4&Prime; _module_preset=\u00a0\u00bbdefault\u00a0\u00bb collapsed=\u00a0\u00bboff\u00a0\u00bb global_colors_info=\u00a0\u00bb{}\u00a0\u00bb][et_pb_column_inner saved_specialty_column_type=\u00a0\u00bb3_4&Prime; _builder_version=\u00a0\u00bb4.17.4&Prime; _module_preset=\u00a0\u00bbdefault\u00a0\u00bb global_colors_info=\u00a0\u00bb{}\u00a0\u00bb][et_pb_text admin_label=\u00a0\u00bbTeilnehmerbereich\u00a0\u00bb _builder_version=\u00a0\u00bb4.27.4&Prime; _module_preset=\u00a0\u00bbdefault\u00a0\u00bb global_colors_info=\u00a0\u00bb{}\u00a0\u00bb]<\/p>\n<h5>Teilnehmerbereich<\/h5>\n<p>[\/et_pb_text][sfdm_download_list admin_label=\u00a0\u00bbDownload List\u00a0\u00bb _builder_version=\u00a0\u00bb4.27.4&Prime; _module_preset=\u00a0\u00bbdefault\u00a0\u00bb global_colors_info=\u00a0\u00bb{}\u00a0\u00bb][sfdm_download_list_item title=\u00a0\u00bbProgramm\u00a0\u00bb _builder_version=\u00a0\u00bb4.27.4&Prime; _module_preset=\u00a0\u00bbdefault\u00a0\u00bb link_option_url_new_window=\u00a0\u00bbon\u00a0\u00bb global_colors_info=\u00a0\u00bb{}\u00a0\u00bb][\/sfdm_download_list_item][sfdm_download_list_item title=\u00a0\u00bbReferierende und Themen\u00a0\u00bb _builder_version=\u00a0\u00bb4.27.4&Prime; _module_preset=\u00a0\u00bbdefault\u00a0\u00bb link_option_url_new_window=\u00a0\u00bbon\u00a0\u00bb global_colors_info=\u00a0\u00bb{}\u00a0\u00bb][\/sfdm_download_list_item][sfdm_download_list_item title=\u00a0\u00bbMitarbeiterbeteiligungen zwischen G\u00fcterrecht und Unterhalt \u2013 zur Ber\u00fccksichtigung variabler Verg\u00fctungsbestandteile nach BGer 5A_749\/2023_Eva Viola Bohnenblust\u00a0\u00bb _builder_version=\u00a0\u00bb4.27.4&Prime; _module_preset=\u00a0\u00bbdefault\u00a0\u00bb link_option_url_new_window=\u00a0\u00bbon\u00a0\u00bb global_colors_info=\u00a0\u00bb{}\u00a0\u00bb][\/sfdm_download_list_item][sfdm_download_list_item title=\u00a0\u00bbVorsorgeplanung unter Ber\u00fccksichtigung des G\u00fcter- und Erbrechts_Jeanine Bopp und Prof. Dr. Kerstin Windh\u00f6vel\u00a0\u00bb _builder_version=\u00a0\u00bb4.27.4&Prime; _module_preset=\u00a0\u00bbdefault\u00a0\u00bb link_option_url_new_window=\u00a0\u00bbon\u00a0\u00bb global_colors_info=\u00a0\u00bb{}\u00a0\u00bb][\/sfdm_download_list_item][sfdm_download_list_item title=\u00a0\u00bbSparquote \u2013 ein Zahnrad mit sieben Siegeln?_Simon Mettler\u00a0\u00bb _builder_version=\u00a0\u00bb4.27.4&Prime; _module_preset=\u00a0\u00bbdefault\u00a0\u00bb link_option_url_new_window=\u00a0\u00bbon\u00a0\u00bb global_colors_info=\u00a0\u00bb{}\u00a0\u00bb][\/sfdm_download_list_item][sfdm_download_list_item title=\u00a0\u00bbDas Konkubinat \u2013 Freiheit mit Fussnoten_Anna Schuler-Scheurer und Daniela Fischer\u00a0\u00bb _builder_version=\u00a0\u00bb4.27.4&Prime; _module_preset=\u00a0\u00bbdefault\u00a0\u00bb link_option_url_new_window=\u00a0\u00bbon\u00a0\u00bb global_colors_info=\u00a0\u00bb{}\u00a0\u00bb][\/sfdm_download_list_item][sfdm_download_list_item title=\u00a0\u00bbDie Besteuerung von Konkubinatspaaren und ein Ausblick auf die Individualbesteuerung_Prof. Dr. Luzius Cavelti und Massimo Vecchi\u00e8\u00a0\u00bb _builder_version=\u00a0\u00bb4.27.4&Prime; _module_preset=\u00a0\u00bbdefault\u00a0\u00bb link_option_url_new_window=\u00a0\u00bbon\u00a0\u00bb global_colors_info=\u00a0\u00bb{}\u00a0\u00bb][\/sfdm_download_list_item][sfdm_download_list_item title=\u00a0\u00bbSchulden in der g\u00fcterrechtlichen Auseinandersetzung_Rahel Baumann\u00a0\u00bb _builder_version=\u00a0\u00bb4.27.4&Prime; _module_preset=\u00a0\u00bbdefault\u00a0\u00bb link_option_url_new_window=\u00a0\u00bbon\u00a0\u00bb global_colors_info=\u00a0\u00bb{}\u00a0\u00bb][\/sfdm_download_list_item][sfdm_download_list_item title=\u00a0\u00bbRechtsprechungs\u00fcbersicht zum G\u00fcterrecht_Dr. Philipp Maier\u00a0\u00bb _builder_version=\u00a0\u00bb4.27.4&Prime; _module_preset=\u00a0\u00bbdefault\u00a0\u00bb link_option_url_new_window=\u00a0\u00bbon\u00a0\u00bb global_colors_info=\u00a0\u00bb{}\u00a0\u00bb][\/sfdm_download_list_item][sfdm_download_list_item title=\u00a0\u00bbGesamtpr\u00e4sentation Schulthess Forum Eheg\u00fcterrecht 2026&Prime; _builder_version=\u00a0\u00bb4.27.4&Prime; _module_preset=\u00a0\u00bbdefault\u00a0\u00bb link_option_url_new_window=\u00a0\u00bbon\u00a0\u00bb global_colors_info=\u00a0\u00bb{}\u00a0\u00bb][\/sfdm_download_list_item][sfdm_download_list_item title=\u00a0\u00bbPartner\u00a0\u00bb _builder_version=\u00a0\u00bb4.27.4&Prime; _module_preset=\u00a0\u00bbdefault\u00a0\u00bb link_option_url_new_window=\u00a0\u00bbon\u00a0\u00bb global_colors_info=\u00a0\u00bb{}\u00a0\u00bb][\/sfdm_download_list_item][sfdm_download_list_item title=\u00a0\u00bbBuchempfehlungen\u00a0\u00bb _builder_version=\u00a0\u00bb4.27.4&Prime; _module_preset=\u00a0\u00bbdefault\u00a0\u00bb link_option_url_new_window=\u00a0\u00bbon\u00a0\u00bb global_colors_info=\u00a0\u00bb{}\u00a0\u00bb][\/sfdm_download_list_item][\/sfdm_download_list][\/et_pb_column_inner][\/et_pb_row_inner][et_pb_row_inner disabled_on=\u00a0\u00bboff|off|off\u00a0\u00bb admin_label=\u00a0\u00bb\u00dcberschrift\u00a0\u00bb _builder_version=\u00a0\u00bb4.27.4&Prime; _module_preset=\u00a0\u00bbdefault\u00a0\u00bb collapsed=\u00a0\u00bboff\u00a0\u00bb global_colors_info=\u00a0\u00bb{}\u00a0\u00bb][et_pb_column_inner saved_specialty_column_type=\u00a0\u00bb3_4&Prime; _builder_version=\u00a0\u00bb4.17.4&Prime; _module_preset=\u00a0\u00bbdefault\u00a0\u00bb global_colors_info=\u00a0\u00bb{}\u00a0\u00bb][et_pb_text disabled_on=\u00a0\u00bboff|off|off\u00a0\u00bb admin_label=\u00a0\u00bbVideoaufzeichnungen\u00a0\u00bb _builder_version=\u00a0\u00bb4.27.4&Prime; _module_preset=\u00a0\u00bbdefault\u00a0\u00bb global_colors_info=\u00a0\u00bb{}\u00a0\u00bb]<\/p>\n<h5>Videoaufzeichnungen<\/h5>\n<p>[\/et_pb_text][\/et_pb_column_inner][\/et_pb_row_inner][et_pb_row_inner column_structure=\u00a0\u00bb1_2,1_2&Prime; disabled_on=\u00a0\u00bboff|off|off\u00a0\u00bb admin_label=\u00a0\u00bb1&Prime; _builder_version=\u00a0\u00bb4.17.4&Prime; _module_preset=\u00a0\u00bbdefault\u00a0\u00bb global_colors_info=\u00a0\u00bb{}\u00a0\u00bb][et_pb_column_inner type=\u00a0\u00bb1_2&Prime; saved_specialty_column_type=\u00a0\u00bb3_4&Prime; _builder_version=\u00a0\u00bb4.17.4&Prime; _module_preset=\u00a0\u00bbdefault\u00a0\u00bb global_colors_info=\u00a0\u00bb{}\u00a0\u00bb][et_pb_image src=\u00a0\u00bbhttps:\/\/www.schulthessforum.ch\/wp-content\/media\/Ehegueterrecht-2024\/Ehegueterrecht-2026\/Bohnenblust_Ehegueterrecht_2026_Vimeo_1920x1080px_5-scaled.png\u00a0\u00bb title_text=\u00a0\u00bbBohnenblust Ehegueterrecht 2026 Vimeo 1920x1080px 5&Prime; url_new_window=\u00a0\u00bbon\u00a0\u00bb _builder_version=\u00a0\u00bb4.27.4&Prime; _module_preset=\u00a0\u00bbdefault\u00a0\u00bb global_colors_info=\u00a0\u00bb{}\u00a0\u00bb][\/et_pb_image][\/et_pb_column_inner][et_pb_column_inner type=\u00a0\u00bb1_2&Prime; saved_specialty_column_type=\u00a0\u00bb3_4&Prime; _builder_version=\u00a0\u00bb4.17.4&Prime; _module_preset=\u00a0\u00bbdefault\u00a0\u00bb global_colors_info=\u00a0\u00bb{}\u00a0\u00bb][et_pb_text _builder_version=\u00a0\u00bb4.27.4&Prime; _module_preset=\u00a0\u00bbdefault\u00a0\u00bb link_option_url_new_window=\u00a0\u00bbon\u00a0\u00bb global_colors_info=\u00a0\u00bb{}\u00a0\u00bb]<\/p>\n<p class=\"sf-h4 detailprogamm-title\">Mitarbeiterbeteiligungen zwischen G\u00fcterrecht und Unterhalt \u2013 zur Ber\u00fccksichtigung variabler Verg\u00fctungsbestandteile nach BGer 5A_749\/2023<\/p>\n<p class=\"sf-h4 detailprogamm-title\">Eva Viola Bohnenblust<\/p>\n<div class=\"detailprogamm-content\">\u00a0<\/div>\n<p>[\/et_pb_text][\/et_pb_column_inner][\/et_pb_row_inner][et_pb_row_inner column_structure=\u00a0\u00bb1_2,1_2&Prime; disabled_on=\u00a0\u00bboff|off|off\u00a0\u00bb admin_label=\u00a0\u00bb2&Prime; _builder_version=\u00a0\u00bb4.17.4&Prime; _module_preset=\u00a0\u00bbdefault\u00a0\u00bb global_colors_info=\u00a0\u00bb{}\u00a0\u00bb][et_pb_column_inner type=\u00a0\u00bb1_2&Prime; saved_specialty_column_type=\u00a0\u00bb3_4&Prime; _builder_version=\u00a0\u00bb4.17.4&Prime; _module_preset=\u00a0\u00bbdefault\u00a0\u00bb global_colors_info=\u00a0\u00bb{}\u00a0\u00bb][et_pb_image src=\u00a0\u00bbhttps:\/\/www.schulthessforum.ch\/wp-content\/media\/Ehegueterrecht-2024\/Ehegueterrecht-2026\/Bopp_Windhoevel_Ehegueterrecht_2026_Vimeo_1920x1080px_6-scaled.png\u00a0\u00bb title_text=\u00a0\u00bbBopp Windh\u00f6vel Ehegueterrecht 2026 Vimeo 1920x1080px 6&Prime; url_new_window=\u00a0\u00bbon\u00a0\u00bb _builder_version=\u00a0\u00bb4.27.4&Prime; _module_preset=\u00a0\u00bbdefault\u00a0\u00bb global_colors_info=\u00a0\u00bb{}\u00a0\u00bb][\/et_pb_image][\/et_pb_column_inner][et_pb_column_inner type=\u00a0\u00bb1_2&Prime; saved_specialty_column_type=\u00a0\u00bb3_4&Prime; _builder_version=\u00a0\u00bb4.17.4&Prime; _module_preset=\u00a0\u00bbdefault\u00a0\u00bb global_colors_info=\u00a0\u00bb{}\u00a0\u00bb][et_pb_text _builder_version=\u00a0\u00bb4.27.4&Prime; _module_preset=\u00a0\u00bbdefault\u00a0\u00bb link_option_url_new_window=\u00a0\u00bbon\u00a0\u00bb global_colors_info=\u00a0\u00bb{}\u00a0\u00bb]<\/p>\n<p class=\"sf-h4 detailprogamm-title\">Vorsorgeplanung unter Ber\u00fccksichtigung des G\u00fcter- und Erbrechts<\/p>\n<p class=\"sf-h4 detailprogamm-title\">Jeanine Bopp und Prof. Dr. Kerstin Windh\u00f6vel<\/p>\n<div class=\"detailprogamm-content\">\u00a0<\/div>\n<p>[\/et_pb_text][\/et_pb_column_inner][\/et_pb_row_inner][et_pb_row_inner column_structure=\u00a0\u00bb1_2,1_2&Prime; disabled_on=\u00a0\u00bboff|off|off\u00a0\u00bb admin_label=\u00a0\u00bb3&Prime; _builder_version=\u00a0\u00bb4.17.4&Prime; _module_preset=\u00a0\u00bbdefault\u00a0\u00bb global_colors_info=\u00a0\u00bb{}\u00a0\u00bb][et_pb_column_inner type=\u00a0\u00bb1_2&Prime; saved_specialty_column_type=\u00a0\u00bb3_4&Prime; _builder_version=\u00a0\u00bb4.17.4&Prime; _module_preset=\u00a0\u00bbdefault\u00a0\u00bb global_colors_info=\u00a0\u00bb{}\u00a0\u00bb][et_pb_image src=\u00a0\u00bbhttps:\/\/www.schulthessforum.ch\/wp-content\/media\/Ehegueterrecht-2024\/Ehegueterrecht-2026\/MettlerEhegueterrecht_2026_Vimeo_1920x1080px_8-scaled.png\u00a0\u00bb title_text=\u00a0\u00bbMettlerEhegueterrecht 2026 Vimeo 1920x1080px 8&Prime; url_new_window=\u00a0\u00bbon\u00a0\u00bb _builder_version=\u00a0\u00bb4.27.4&Prime; _module_preset=\u00a0\u00bbdefault\u00a0\u00bb global_colors_info=\u00a0\u00bb{}\u00a0\u00bb][\/et_pb_image][\/et_pb_column_inner][et_pb_column_inner type=\u00a0\u00bb1_2&Prime; saved_specialty_column_type=\u00a0\u00bb3_4&Prime; _builder_version=\u00a0\u00bb4.17.4&Prime; _module_preset=\u00a0\u00bbdefault\u00a0\u00bb global_colors_info=\u00a0\u00bb{}\u00a0\u00bb][et_pb_text _builder_version=\u00a0\u00bb4.27.4&Prime; _module_preset=\u00a0\u00bbdefault\u00a0\u00bb link_option_url_new_window=\u00a0\u00bbon\u00a0\u00bb global_colors_info=\u00a0\u00bb{}\u00a0\u00bb]<\/p>\n<p class=\"sf-h4 detailprogamm-title\">Sparquote \u2013 ein Zahnrad mit sieben Siegeln?<\/p>\n<p class=\"sf-h4 detailprogamm-title\">Simon Mettler<\/p>\n<div class=\"detailprogamm-content\">\u00a0<\/div>\n<p>[\/et_pb_text][\/et_pb_column_inner][\/et_pb_row_inner][et_pb_row_inner column_structure=\u00a0\u00bb1_2,1_2&Prime; disabled_on=\u00a0\u00bboff|off|off\u00a0\u00bb admin_label=\u00a0\u00bb4&Prime; _builder_version=\u00a0\u00bb4.17.4&Prime; _module_preset=\u00a0\u00bbdefault\u00a0\u00bb global_colors_info=\u00a0\u00bb{}\u00a0\u00bb][et_pb_column_inner type=\u00a0\u00bb1_2&Prime; saved_specialty_column_type=\u00a0\u00bb3_4&Prime; _builder_version=\u00a0\u00bb4.17.4&Prime; _module_preset=\u00a0\u00bbdefault\u00a0\u00bb global_colors_info=\u00a0\u00bb{}\u00a0\u00bb][et_pb_image src=\u00a0\u00bbhttps:\/\/www.schulthessforum.ch\/wp-content\/media\/Ehegueterrecht-2024\/Ehegueterrecht-2026\/Schuler_Fischer_Ehegueterrecht_2026_Vimeo_1920x1080px_9-scaled.png\u00a0\u00bb title_text=\u00a0\u00bbSchuler Fischer Ehegueterrecht 2026 Vimeo 1920x1080px 9&Prime; url_new_window=\u00a0\u00bbon\u00a0\u00bb _builder_version=\u00a0\u00bb4.27.4&Prime; _module_preset=\u00a0\u00bbdefault\u00a0\u00bb global_colors_info=\u00a0\u00bb{}\u00a0\u00bb][\/et_pb_image][\/et_pb_column_inner][et_pb_column_inner type=\u00a0\u00bb1_2&Prime; saved_specialty_column_type=\u00a0\u00bb3_4&Prime; _builder_version=\u00a0\u00bb4.17.4&Prime; _module_preset=\u00a0\u00bbdefault\u00a0\u00bb global_colors_info=\u00a0\u00bb{}\u00a0\u00bb][et_pb_text _builder_version=\u00a0\u00bb4.27.4&Prime; _module_preset=\u00a0\u00bbdefault\u00a0\u00bb link_option_url_new_window=\u00a0\u00bbon\u00a0\u00bb global_colors_info=\u00a0\u00bb{}\u00a0\u00bb]<\/p>\n<p class=\"sf-h4 detailprogamm-title\">Das Konkubinat \u2013 Freiheit mit Fussnoten<\/p>\n<p class=\"sf-h4 detailprogamm-title\">Anna Schuler-Scheurer und Daniela Fischer<\/p>\n<p>[\/et_pb_text][\/et_pb_column_inner][\/et_pb_row_inner][et_pb_row_inner column_structure=\u00a0\u00bb1_2,1_2&Prime; disabled_on=\u00a0\u00bboff|off|off\u00a0\u00bb admin_label=\u00a0\u00bb5&Prime; _builder_version=\u00a0\u00bb4.17.4&Prime; _module_preset=\u00a0\u00bbdefault\u00a0\u00bb global_colors_info=\u00a0\u00bb{}\u00a0\u00bb][et_pb_column_inner type=\u00a0\u00bb1_2&Prime; saved_specialty_column_type=\u00a0\u00bb3_4&Prime; _builder_version=\u00a0\u00bb4.17.4&Prime; _module_preset=\u00a0\u00bbdefault\u00a0\u00bb global_colors_info=\u00a0\u00bb{}\u00a0\u00bb][et_pb_image src=\u00a0\u00bbhttps:\/\/www.schulthessforum.ch\/wp-content\/media\/Ehegueterrecht-2024\/Ehegueterrecht-2026\/Cavelti_Vecchie_Ehegueterrecht_2026_Vimeo_1920x1080px_-scaled.png\u00a0\u00bb title_text=\u00a0\u00bbCavelti Vecchi\u00e8 Ehegueterrecht 2026 Vimeo 1920x1080px \u00a0\u00bb url_new_window=\u00a0\u00bbon\u00a0\u00bb _builder_version=\u00a0\u00bb4.27.4&Prime; _module_preset=\u00a0\u00bbdefault\u00a0\u00bb global_colors_info=\u00a0\u00bb{}\u00a0\u00bb][\/et_pb_image][\/et_pb_column_inner][et_pb_column_inner type=\u00a0\u00bb1_2&Prime; saved_specialty_column_type=\u00a0\u00bb3_4&Prime; _builder_version=\u00a0\u00bb4.17.4&Prime; _module_preset=\u00a0\u00bbdefault\u00a0\u00bb global_colors_info=\u00a0\u00bb{}\u00a0\u00bb][et_pb_text _builder_version=\u00a0\u00bb4.27.4&Prime; _module_preset=\u00a0\u00bbdefault\u00a0\u00bb link_option_url_new_window=\u00a0\u00bbon\u00a0\u00bb global_colors_info=\u00a0\u00bb{}\u00a0\u00bb]<\/p>\n<p class=\"sf-h4 detailprogamm-title\">Die Besteuerung von Konkubinatspaaren und ein Ausblick auf die Individualbesteuerung<\/p>\n<p class=\"sf-h4 detailprogamm-title\">Prof. Dr. Luzius Cavelti und Massimo Vecchi\u00e8<\/p>\n<div class=\"detailprogamm-content\">\u00a0<\/div>\n<p>[\/et_pb_text][\/et_pb_column_inner][\/et_pb_row_inner][et_pb_row_inner column_structure=\u00a0\u00bb1_2,1_2&Prime; disabled_on=\u00a0\u00bboff|off|off\u00a0\u00bb admin_label=\u00a0\u00bb6&Prime; _builder_version=\u00a0\u00bb4.17.4&Prime; _module_preset=\u00a0\u00bbdefault\u00a0\u00bb global_colors_info=\u00a0\u00bb{}\u00a0\u00bb][et_pb_column_inner type=\u00a0\u00bb1_2&Prime; saved_specialty_column_type=\u00a0\u00bb3_4&Prime; _builder_version=\u00a0\u00bb4.17.4&Prime; _module_preset=\u00a0\u00bbdefault\u00a0\u00bb global_colors_info=\u00a0\u00bb{}\u00a0\u00bb][et_pb_image src=\u00a0\u00bbhttps:\/\/www.schulthessforum.ch\/wp-content\/media\/Ehegueterrecht-2024\/Ehegueterrecht-2026\/Baumann_Rahel_Ehegueterrecht_2026_Vimeo_1920x1080px_3-scaled.png\u00a0\u00bb title_text=\u00a0\u00bbBaumann Rahel Ehegueterrecht 2026 Vimeo 1920x1080px 3&Prime; url_new_window=\u00a0\u00bbon\u00a0\u00bb _builder_version=\u00a0\u00bb4.27.4&Prime; _module_preset=\u00a0\u00bbdefault\u00a0\u00bb global_colors_info=\u00a0\u00bb{}\u00a0\u00bb][\/et_pb_image][\/et_pb_column_inner][et_pb_column_inner type=\u00a0\u00bb1_2&Prime; saved_specialty_column_type=\u00a0\u00bb3_4&Prime; _builder_version=\u00a0\u00bb4.17.4&Prime; _module_preset=\u00a0\u00bbdefault\u00a0\u00bb global_colors_info=\u00a0\u00bb{}\u00a0\u00bb][et_pb_text _builder_version=\u00a0\u00bb4.27.4&Prime; _module_preset=\u00a0\u00bbdefault\u00a0\u00bb link_option_url_new_window=\u00a0\u00bbon\u00a0\u00bb global_colors_info=\u00a0\u00bb{}\u00a0\u00bb]<\/p>\n<p class=\"sf-h4 detailprogamm-title\">Schulden in der g\u00fcterrechtlichen Auseinandersetzung<\/p>\n<p class=\"sf-h4 detailprogamm-title\">Rahel Baumann<\/p>\n<div class=\"detailprogamm-content\">\u00a0<\/div>\n<p>[\/et_pb_text][\/et_pb_column_inner][\/et_pb_row_inner][et_pb_row_inner column_structure=\u00a0\u00bb1_2,1_2&Prime; disabled_on=\u00a0\u00bboff|off|off\u00a0\u00bb admin_label=\u00a0\u00bb7&Prime; _builder_version=\u00a0\u00bb4.17.4&Prime; _module_preset=\u00a0\u00bbdefault\u00a0\u00bb global_colors_info=\u00a0\u00bb{}\u00a0\u00bb][et_pb_column_inner type=\u00a0\u00bb1_2&Prime; saved_specialty_column_type=\u00a0\u00bb3_4&Prime; _builder_version=\u00a0\u00bb4.17.4&Prime; _module_preset=\u00a0\u00bbdefault\u00a0\u00bb global_colors_info=\u00a0\u00bb{}\u00a0\u00bb][et_pb_image src=\u00a0\u00bbhttps:\/\/www.schulthessforum.ch\/wp-content\/media\/Ehegueterrecht-2024\/Ehegueterrecht-2026\/Maier_Ehegueterrecht_2026_Vimeo_1920x1080px_4-scaled.png\u00a0\u00bb title_text=\u00a0\u00bbMaier Ehegueterrecht 2026 Vimeo 1920x1080px 4&Prime; url_new_window=\u00a0\u00bbon\u00a0\u00bb _builder_version=\u00a0\u00bb4.27.4&Prime; _module_preset=\u00a0\u00bbdefault\u00a0\u00bb global_colors_info=\u00a0\u00bb{}\u00a0\u00bb][\/et_pb_image][\/et_pb_column_inner][et_pb_column_inner type=\u00a0\u00bb1_2&Prime; saved_specialty_column_type=\u00a0\u00bb3_4&Prime; _builder_version=\u00a0\u00bb4.17.4&Prime; _module_preset=\u00a0\u00bbdefault\u00a0\u00bb global_colors_info=\u00a0\u00bb{}\u00a0\u00bb][et_pb_text _builder_version=\u00a0\u00bb4.27.4&Prime; _module_preset=\u00a0\u00bbdefault\u00a0\u00bb link_option_url_new_window=\u00a0\u00bbon\u00a0\u00bb global_colors_info=\u00a0\u00bb{}\u00a0\u00bb]<\/p>\n<p class=\"sf-h4 detailprogamm-title\">Rechtsprechungs\u00fcbersicht zum G\u00fcterrecht<\/p>\n<p class=\"sf-h4 detailprogamm-title\">Dr. Philipp Maier<\/p>\n<div class=\"detailprogamm-content\">\u00a0<\/div>\n<p>[\/et_pb_text][\/et_pb_column_inner][\/et_pb_row_inner][\/et_pb_column][et_pb_column type=\u00a0\u00bb1_4&Prime; _builder_version=\u00a0\u00bb4.16&Prime; custom_padding=\u00a0\u00bb|||\u00a0\u00bb global_colors_info=\u00a0\u00bb{}\u00a0\u00bb custom_padding__hover=\u00a0\u00bb|||\u00a0\u00bb][\/et_pb_column][\/et_pb_section][et_pb_section fb_built=\u00a0\u00bb1&Prime; disabled_on=\u00a0\u00bboff|off|off\u00a0\u00bb admin_label=\u00a0\u00bbPartner\u00a0\u00bb module_id=\u00a0\u00bbschulthess-partner\u00a0\u00bb _builder_version=\u00a0\u00bb4.17.4&Prime; _module_preset=\u00a0\u00bbdefault\u00a0\u00bb background_enable_color=\u00a0\u00bboff\u00a0\u00bb saved_tabs=\u00a0\u00bball\u00a0\u00bb locked=\u00a0\u00bboff\u00a0\u00bb collapsed=\u00a0\u00bbon\u00a0\u00bb global_colors_info=\u00a0\u00bb{}\u00a0\u00bb][et_pb_row disabled_on=\u00a0\u00bbon|on|on\u00a0\u00bb _builder_version=\u00a0\u00bb4.16&Prime; _module_preset=\u00a0\u00bbdefault\u00a0\u00bb disabled=\u00a0\u00bbon\u00a0\u00bb locked=\u00a0\u00bboff\u00a0\u00bb collapsed=\u00a0\u00bboff\u00a0\u00bb global_colors_info=\u00a0\u00bb{}\u00a0\u00bb][et_pb_column type=\u00a0\u00bb4_4&Prime; _builder_version=\u00a0\u00bb4.16&Prime; _module_preset=\u00a0\u00bbdefault\u00a0\u00bb global_colors_info=\u00a0\u00bb{}\u00a0\u00bb][et_pb_text admin_label=\u00a0\u00bb\u00dcberschrift\u00a0\u00bb module_class=\u00a0\u00bbsf-h2 schulthess-product-partner-headline-wrapper\u00a0\u00bb _builder_version=\u00a0\u00bb4.19.5&Prime; _module_preset=\u00a0\u00bbdefault\u00a0\u00bb locked=\u00a0\u00bboff\u00a0\u00bb global_colors_info=\u00a0\u00bb{}\u00a0\u00bb]&lt;?&#8211; NICHT ZU VISUELL WECHSELN. DIE BUTTONS GEHEN SONST VERLOREN &#8211;&gt;<\/p>\n<h5>Partner<\/h5>\n<p><!--div class=\"schulthess-product-partner-nav\">[schulthess_product_partner_tabs]\n\n\n<div class=\"buttons\"><button class=\"grid icon_grid aktiv\"><span><\/span><\/button><button class=\"list icon_list\"><span><\/span><\/button><\/div>\n\n\n<\/div-->[\/et_pb_text][et_pb_code disabled_on=\u00a0\u00bboff|off|off\u00a0\u00bb admin_label=\u00a0\u00bbCode (ein grid, keine Filter)\u00a0\u00bb _builder_version=\u00a0\u00bb4.17.4&Prime; _module_preset=\u00a0\u00bbdefault\u00a0\u00bb locked=\u00a0\u00bboff\u00a0\u00bb global_colors_info=\u00a0\u00bb{}\u00a0\u00bb]<div class=\"schulthess-product-partner-wrapper grid\">\n                  <div id=\"10376\" class=\"schulthess-product-partner Medienpartner\" partner-type=\"Medienpartner\">\n                        <div class=\"schulthess-product-partner-image\">\n                                <img loading=\"lazy\" decoding=\"async\" src=\"https:\/\/www.schulthessforum.ch\/wp-content\/media\/Partner\/iusnet_Erbrecht_Webseite_Logo-250x72.png\" alt=\"iusnet Erbrecht\" title=\"iusnet Erbrecht\" width=\"250\" height=\"150\" \/>\n                        <\/div>\n                        <div class=\"schulthess-product-partner-info\">\n                            <div class=\"content\">\n                                <h4 class=\"schulthess-product-partner-name\">iusnet Erbrecht<\/h4>\n                                <p class=\"schulthess-product-partner-type\">\n                                    Medienpartner\n                                <\/p>\n                                <p class=\"schulthess-product-partner-description\">\n                                    Die Online-Plattform iusnet Erbrecht bietet Ihnen weitere Entscheide, Informationen zu Gesetzgebung, Arbeitshilfen sowie Kommentierungen. Eine hilfreiche Suchfunktion f\u00fchrt Sie treffsicher zu den gew\u00fcnschten Ergebnissen. Weitere Mehrwerte bieten der Veranstaltungskalender sowie ein \u00fcbersichtlicher Pressespiegel. Der Pressespiegel beinhaltet eine Auflistung der relevanten Fachartikel aus den juristischen Fachzeitschriften der Schweiz.\r\n \r\nNutzen Sie das mehrstufige Informationssystem von iusnet und sparen Sie wertvolle Arbeitszeit! Das Abonnement beinhaltet den Newsletter und einen unlimitierten Zugang zur Online-Plattform iusnet Erbrecht. Der Newsletter liefert Ihnen bis zu sechs Mal j\u00e4hrlich einen raschen \u00dcberblick \u00fcber die wichtigsten Entwicklungen in Rechtsprechung und Gesetzgebung zum Erbrecht. Beantragen Sie jetzt Ihr Abonnement und lassen Sie sich regelm\u00e4ssig und zeitsparend informieren! \n                                <\/p>\n                                <p class=\"schulthess-product-partner-speakers\">\n                                    Referenten: \n                                <\/p>\n                                <!--div class=\"schulthess-product-partner-link\">\n                                        <span>zur Website<\/span>\n                                        <span class=\"link-icon\">\n                                            <svg xmlns=\"http:\/\/www.w3.org\/2000\/svg\" width=\"11\" height=\"10\" viewBox=\"0 0 9.697 9.017\">\n                                                <g transform=\"translate(-813.933 -2094.752)\">\n                                                    <path d=\"M9442.49,1683l3.447,3.448-3.447,3.448\" transform=\"translate(-8627.497 412.813)\" fill=\"none\" stroke=\"#000\" stroke-linecap=\"round\" stroke-width=\"1.5\"\/>\n                                                    <path d=\"M9442.49,1683l3.447,3.448-3.447,3.448\" transform=\"translate(-8623.368 412.813)\" fill=\"none\" stroke=\"#000\" stroke-linecap=\"round\" stroke-width=\"1.5\"\/>\n                                                <\/g>\n                                            <\/svg>\n                                        <\/span>\n                                <\/div-->\n                            <\/div>\n                        <\/div>\n                    <\/div><div id=\"9603\" class=\"schulthess-product-partner Medienpartner\" partner-type=\"Medienpartner\">\n                        <div class=\"schulthess-product-partner-image\">\n                                <img loading=\"lazy\" decoding=\"async\" src=\"https:\/\/www.schulthessforum.ch\/wp-content\/media\/Partner\/iusnet_Website_Familienrecht_364x104px-250x71.png\" alt=\"iusnet Familienrecht\" title=\"iusnet Familienrecht\" width=\"250\" height=\"150\" \/>\n                        <\/div>\n                        <div class=\"schulthess-product-partner-info\">\n                            <div class=\"content\">\n                                <h4 class=\"schulthess-product-partner-name\">iusnet Familienrecht<\/h4>\n                                <p class=\"schulthess-product-partner-type\">\n                                    Medienpartner\n                                <\/p>\n                                <p class=\"schulthess-product-partner-description\">\n                                    Das neue mehrstufige Informationssystem iusnet Familienrecht liefert Ihnen mit dem regelm\u00e4ssigen Newsletter bis zu 12 Mal j\u00e4hrlich einen kompakten \u00dcberblick \u00fcber die wichtigsten Entwicklungen in Rechtsprechung und Gesetzgebung zu Themengebieten wie Ehe- und Scheidungsrecht, Unterhalt, G\u00fcterrecht, Kindesschutz u.v.m. Die Online-Plattform iusnet Familienrecht enth\u00e4lt nebst s\u00e4mtlichen Inhalten aus dem Newsletter weitere Entscheide, Informationen zu Gesetzgebung, Kommentierungen sowie Fachbeitr\u00e4ge. \n                                <\/p>\n                                <p class=\"schulthess-product-partner-speakers\">\n                                    Referenten: \n                                <\/p>\n                                <!--div class=\"schulthess-product-partner-link\">\n                                        <span>zur Website<\/span>\n                                        <span class=\"link-icon\">\n                                            <svg xmlns=\"http:\/\/www.w3.org\/2000\/svg\" width=\"11\" height=\"10\" viewBox=\"0 0 9.697 9.017\">\n                                                <g transform=\"translate(-813.933 -2094.752)\">\n                                                    <path d=\"M9442.49,1683l3.447,3.448-3.447,3.448\" transform=\"translate(-8627.497 412.813)\" fill=\"none\" stroke=\"#000\" stroke-linecap=\"round\" stroke-width=\"1.5\"\/>\n                                                    <path d=\"M9442.49,1683l3.447,3.448-3.447,3.448\" transform=\"translate(-8623.368 412.813)\" fill=\"none\" stroke=\"#000\" stroke-linecap=\"round\" stroke-width=\"1.5\"\/>\n                                                <\/g>\n                                            <\/svg>\n                                        <\/span>\n                                <\/div-->\n                            <\/div>\n                        <\/div>\n                    <\/div><div id=\"7442\" class=\"schulthess-product-partner Medienpartner\" partner-type=\"Medienpartner\">\n                        <div class=\"schulthess-product-partner-image\">\n                                <img loading=\"lazy\" decoding=\"async\" src=\"https:\/\/www.schulthessforum.ch\/wp-content\/media\/Partner\/logos\/SJZ_Logo_groesser_350px-250x66.jpg\" alt=\"Schweizerische Juristen-Zeitung (SJZ)\" title=\"Schweizerische Juristen-Zeitung (SJZ)\" width=\"250\" height=\"150\" \/>\n                        <\/div>\n                        <div class=\"schulthess-product-partner-info\">\n                            <div class=\"content\">\n                                <h4 class=\"schulthess-product-partner-name\">Schweizerische Juristen-Zeitung (SJZ)<\/h4>\n                                <p class=\"schulthess-product-partner-type\">\n                                    Medienpartner\n                                <\/p>\n                                <p class=\"schulthess-product-partner-description\">\n                                    Die neu ausgerichtete Schweizerische Juristen-Zeitung (SJZ) erscheint ab Januar 2026 monatlich \u2013 mit erweitertem Umfang und praxisnaher Struktur f\u00fcr mehr Informationsgehalt und h\u00f6heren Leserkomfort, bei unver\u00e4ndert hohem wissenschaftlichem Anspruch. Die Zeitschrift h\u00e4lt Sie mit neuen Rubriken zu Privatrecht, \u00f6ffentlichem Recht und internationalem Recht gezielt und umfassend auf dem Laufenden. Interdisziplin\u00e4re Themen r\u00fccken st\u00e4rker in den Fokus, und im Forum f\u00f6rdern Interviews sowie Stellungnahmen mit vielf\u00e4ltigen Perspektiven den juristischen Diskurs. Namhafte Autorinnen und Autoren aus Anwaltschaft, Unternehmen, Justiz, Verwaltung und Wissenschaft sorgen gemeinsam mit ausgewiesenen Expertinnen und Experten in der Redaktion sowie erfahrenen Korrespondenten am Bundeshaus und Bundesgericht daf\u00fcr, dass Ihnen keine wesentliche Rechtsprechung und Gesetzgebung entgeht. So behalten Sie die Entwicklung der Rechtsgebiete stets im Blick und profitieren von wichtigen Informationen f\u00fcr Ihre Berufspraxis. Auf Schulthess Digital k\u00f6nnen Sie die gew\u00fcnschten Artikel jederzeit im neuen Web- oder Printlayout online lesen und in Ihrer Zeitschrift und den sonst bei Schulthess erworbenen Werken komfortabel recherchieren.\n                                <\/p>\n                                <p class=\"schulthess-product-partner-speakers\">\n                                    Referenten: \n                                <\/p>\n                                <!--div class=\"schulthess-product-partner-link\">\n                                        <span>zur Website<\/span>\n                                        <span class=\"link-icon\">\n                                            <svg xmlns=\"http:\/\/www.w3.org\/2000\/svg\" width=\"11\" height=\"10\" viewBox=\"0 0 9.697 9.017\">\n                                                <g transform=\"translate(-813.933 -2094.752)\">\n                                                    <path d=\"M9442.49,1683l3.447,3.448-3.447,3.448\" transform=\"translate(-8627.497 412.813)\" fill=\"none\" stroke=\"#000\" stroke-linecap=\"round\" stroke-width=\"1.5\"\/>\n                                                    <path d=\"M9442.49,1683l3.447,3.448-3.447,3.448\" transform=\"translate(-8623.368 412.813)\" fill=\"none\" stroke=\"#000\" stroke-linecap=\"round\" stroke-width=\"1.5\"\/>\n                                                <\/g>\n                                            <\/svg>\n                                        <\/span>\n                                <\/div-->\n                            <\/div>\n                        <\/div>\n                    <\/div><div id=\"6245\" class=\"schulthess-product-partner Medienpartner\" partner-type=\"Medienpartner\">\n                        <div class=\"schulthess-product-partner-image\">\n                                <img loading=\"lazy\" decoding=\"async\" src=\"https:\/\/www.schulthessforum.ch\/wp-content\/media\/Partner\/logos\/Successio_rgb.svg\" alt=\"successio\" title=\"successio\" width=\"250\" height=\"150\" \/>\n                        <\/div>\n                        <div class=\"schulthess-product-partner-info\">\n                            <div class=\"content\">\n                                <h4 class=\"schulthess-product-partner-name\">successio<\/h4>\n                                <p class=\"schulthess-product-partner-type\">\n                                    Medienpartner\n                                <\/p>\n                                <p class=\"schulthess-product-partner-description\">\n                                    Die successio, Zeitschrift f\u00fcr Erbrecht - Nachlassplanung und -abwicklung, hat in den elf Jahren ihres Bestehens wertvolle Dienste im Bereich der Nachlassplanung und -abwicklung geleistet \u2013 dem Praktiker ebenso wie der wissenschaftlichen Rechtsentwicklung: \u00fcbersichtlich, konzis und gehaltvoll. Das renommierte Herausgeberkollegium schafft es hervorragend, die Themen viermal j\u00e4hrlich praxisbezogen auszuw\u00e4hlen und tiefgr\u00fcndig darzulegen. Fundierte Aufs\u00e4tze namhafter Autoren zu grundlegenden Themen bieten Ihnen einen \u00dcberblick \u00fcber den jeweiligen Meinungsstand, zeigen L\u00f6sungsm\u00f6glichkeiten auf und bereichern Ihre \u00dcberlegungen.\n                                <\/p>\n                                <p class=\"schulthess-product-partner-speakers\">\n                                    Referenten: \n                                <\/p>\n                                <!--div class=\"schulthess-product-partner-link\">\n                                        <span>zur Website<\/span>\n                                        <span class=\"link-icon\">\n                                            <svg xmlns=\"http:\/\/www.w3.org\/2000\/svg\" width=\"11\" height=\"10\" viewBox=\"0 0 9.697 9.017\">\n                                                <g transform=\"translate(-813.933 -2094.752)\">\n                                                    <path d=\"M9442.49,1683l3.447,3.448-3.447,3.448\" transform=\"translate(-8627.497 412.813)\" fill=\"none\" stroke=\"#000\" stroke-linecap=\"round\" stroke-width=\"1.5\"\/>\n                                                    <path d=\"M9442.49,1683l3.447,3.448-3.447,3.448\" transform=\"translate(-8623.368 412.813)\" fill=\"none\" stroke=\"#000\" stroke-linecap=\"round\" stroke-width=\"1.5\"\/>\n                                                <\/g>\n                                            <\/svg>\n                                        <\/span>\n                                <\/div-->\n                            <\/div>\n                        <\/div>\n                    <\/div><div id=\"9831\" class=\"schulthess-product-partner Sponsoren\" partner-type=\"Sponsoren\">\n                        <div class=\"schulthess-product-partner-image\">\n                                <img loading=\"lazy\" decoding=\"async\" src=\"https:\/\/www.schulthessforum.ch\/wp-content\/media\/Partner\/Swisslex_rgb.svg\" alt=\" Swisslex\" title=\" Swisslex\" width=\"250\" height=\"150\" \/>\n                        <\/div>\n                        <div class=\"schulthess-product-partner-info\">\n                            <div class=\"content\">\n                                <h4 class=\"schulthess-product-partner-name\"> Swisslex<\/h4>\n                                <p class=\"schulthess-product-partner-type\">\n                                    Sponsoren\n                                <\/p>\n                                <p class=\"schulthess-product-partner-description\">\n                                    SWISSLEX \u2014 Schweizerische Juristische Datenbank AG ist die f\u00fchrende Anbieterin von digitalen Rechtsinformationen. Ihre Rechtsinformationsplattform swisslex.ch vereint Recherchetechnologie mit hochstrukturierten Rechtsinformationen. Im Zentrum stehen die hauseigenen, auf juristische Recherchebed\u00fcrfnisse spezialisierten Suchwerkzeuge. In der Kombination von modernster Technologie und den uns zur Verf\u00fcgung gestellten Inhalten liegt die St\u00e4rke des Angebotes. Rund 30'000 Expertinnen und Experten aus der Anwaltschaft, aus Justiz, Verwaltungen, Wirtschaft und Wissenschaft nutzen dieses regelm\u00e4ssig f\u00fcr ihre juristische Recherche. Swisslex besch\u00e4ftigt 22 Fachkr\u00e4fte, u.a. aus den Bereichen Softwareengineering, Data Science und Recht.\n                                <\/p>\n                                <p class=\"schulthess-product-partner-speakers\">\n                                    Referenten: \n                                <\/p>\n                                <!--div class=\"schulthess-product-partner-link\">\n                                        <span>zur Website<\/span>\n                                        <span class=\"link-icon\">\n                                            <svg xmlns=\"http:\/\/www.w3.org\/2000\/svg\" width=\"11\" height=\"10\" viewBox=\"0 0 9.697 9.017\">\n                                                <g transform=\"translate(-813.933 -2094.752)\">\n                                                    <path d=\"M9442.49,1683l3.447,3.448-3.447,3.448\" transform=\"translate(-8627.497 412.813)\" fill=\"none\" stroke=\"#000\" stroke-linecap=\"round\" stroke-width=\"1.5\"\/>\n                                                    <path d=\"M9442.49,1683l3.447,3.448-3.447,3.448\" transform=\"translate(-8623.368 412.813)\" fill=\"none\" stroke=\"#000\" stroke-linecap=\"round\" stroke-width=\"1.5\"\/>\n                                                <\/g>\n                                            <\/svg>\n                                        <\/span>\n                                <\/div-->\n                            <\/div>\n                        <\/div>\n                    <\/div><div id=\"10379\" class=\"schulthess-product-partner Kooperationspartner\" partner-type=\"Kooperationspartner\">\n                        <div class=\"schulthess-product-partner-image\">\n                                <img loading=\"lazy\" decoding=\"async\" src=\"https:\/\/www.schulthessforum.ch\/wp-content\/media\/Partner\/snv_fsn_logo_rot_hor_gd-250x77.png\" alt=\"Schweizer Notarenverband\" title=\"Schweizer Notarenverband\" width=\"250\" height=\"150\" \/>\n                        <\/div>\n                        <div class=\"schulthess-product-partner-info\">\n                            <div class=\"content\">\n                                <h4 class=\"schulthess-product-partner-name\">Schweizer Notarenverband<\/h4>\n                                <p class=\"schulthess-product-partner-type\">\n                                    Kooperationspartner\n                                <\/p>\n                                <p class=\"schulthess-product-partner-description\">\n                                    Der Schweizer Notarenverband SNV FSN umfasst die in der Schweiz t\u00e4tigen Notarinnen und Notare. Das kantonal streng beaufsichtigte Notariat ist Garant f\u00fcr Rechtssicherheit und Rechtsfrieden und steht im Dienste des rechtssuchenden Konsumenten. Unsere Mitglieder bieten den Privatpersonen, KMU bis hin zu grossen Publikumsgesellschaften Dienstleistungen in nicht-streitigen Gesch\u00e4ften an, namentlich im Gesellschaftsrecht, Immobiliarsachenrecht, Familienrecht, Erbrecht und Steuerrecht.\n                                <\/p>\n                                <p class=\"schulthess-product-partner-speakers\">\n                                    Referenten: \n                                <\/p>\n                                <!--div class=\"schulthess-product-partner-link\">\n                                        <span>zur Website<\/span>\n                                        <span class=\"link-icon\">\n                                            <svg xmlns=\"http:\/\/www.w3.org\/2000\/svg\" width=\"11\" height=\"10\" viewBox=\"0 0 9.697 9.017\">\n                                                <g transform=\"translate(-813.933 -2094.752)\">\n                                                    <path d=\"M9442.49,1683l3.447,3.448-3.447,3.448\" transform=\"translate(-8627.497 412.813)\" fill=\"none\" stroke=\"#000\" stroke-linecap=\"round\" stroke-width=\"1.5\"\/>\n                                                    <path d=\"M9442.49,1683l3.447,3.448-3.447,3.448\" transform=\"translate(-8623.368 412.813)\" fill=\"none\" stroke=\"#000\" stroke-linecap=\"round\" stroke-width=\"1.5\"\/>\n                                                <\/g>\n                                            <\/svg>\n                                        <\/span>\n                                <\/div-->\n                            <\/div>\n                        <\/div>\n                    <\/div><div id=\"5363\" class=\"schulthess-product-partner Kooperationspartner\" partner-type=\"Kooperationspartner\">\n                        <div class=\"schulthess-product-partner-image\">\n                                <img loading=\"lazy\" decoding=\"async\" src=\"https:\/\/www.schulthessforum.ch\/wp-content\/media\/Partner\/logos\/Treuhand-Suisse_rgb.svg\" alt=\"TREUHAND | SUISSE\" title=\"TREUHAND | SUISSE\" width=\"250\" height=\"150\" \/>\n                        <\/div>\n                        <div class=\"schulthess-product-partner-info\">\n                            <div class=\"content\">\n                                <h4 class=\"schulthess-product-partner-name\">TREUHAND | SUISSE<\/h4>\n                                <p class=\"schulthess-product-partner-type\">\n                                    Kooperationspartner\n                                <\/p>\n                                <p class=\"schulthess-product-partner-description\">\n                                    Im schweizerischen Treuh\u00e4nderverband TREUHAND | SUISSE sind Treuh\u00e4nderinnen und Treuh\u00e4nder zusammengeschlossen, die vorwiegend f\u00fcr KMU und Privatpersonen t\u00e4tig sind. Fachliche Qualifikation, berufliche Erfahrung, pers\u00f6nliche Integrit\u00e4t und Vertrauensw\u00fcrdigkeit zeichnen alle TREUHAND | SUISSE Mitglieder aus. Der Verband engagiert sich f\u00fcr die Bildung, Qualit\u00e4tssicherung und Branchenentwicklung und ist aktiv in der politischen Lobbyarbeit.\r\n\r\n\n                                <\/p>\n                                <p class=\"schulthess-product-partner-speakers\">\n                                    Referenten: \n                                <\/p>\n                                <!--div class=\"schulthess-product-partner-link\">\n                                        <span>zur Website<\/span>\n                                        <span class=\"link-icon\">\n                                            <svg xmlns=\"http:\/\/www.w3.org\/2000\/svg\" width=\"11\" height=\"10\" viewBox=\"0 0 9.697 9.017\">\n                                                <g transform=\"translate(-813.933 -2094.752)\">\n                                                    <path d=\"M9442.49,1683l3.447,3.448-3.447,3.448\" transform=\"translate(-8627.497 412.813)\" fill=\"none\" stroke=\"#000\" stroke-linecap=\"round\" stroke-width=\"1.5\"\/>\n                                                    <path d=\"M9442.49,1683l3.447,3.448-3.447,3.448\" transform=\"translate(-8623.368 412.813)\" fill=\"none\" stroke=\"#000\" stroke-linecap=\"round\" stroke-width=\"1.5\"\/>\n                                                <\/g>\n                                            <\/svg>\n                                        <\/span>\n                                <\/div-->\n                            <\/div>\n                        <\/div>\n                    <\/div>\n            <\/div>\n            <script>\n\n              var btns1 = jQuery(\".schulthess-product-partner-headline-wrapper .buttons\");\n              btns1.find(\".grid\").addClass(\"aktiv\");\n\n              btns1.find(\"button\").on(\"click\",function(e) {\n                btns1.find(\".grid\").removeClass(\"aktiv\");\n                btns1.find(\".list\").removeClass(\"aktiv\");\n                if (jQuery(this).hasClass(\"grid\")) {\n                    jQuery(\".schulthess-product-partner-wrapper\").removeClass(\"list\").addClass(\"grid\");\n                    jQuery(this).addClass(\"aktiv\");\n                    jQuery(\".schulthess-product-partner-wrapper .schulthess-product-partner-info\").hide();\n                }\n                else if(jQuery(this).hasClass(\"list\")) {\n                    jQuery(\".schulthess-product-partner-wrapper\").removeClass(\"grid\").addClass(\"list\");\n                    jQuery(\".schulthess-product-partner-wrapper .schulthess-product-partner-info\").show();\n                    jQuery(this).addClass(\"aktiv\");\n                }\n              });\n            <\/script>[\/et_pb_code][\/et_pb_column][\/et_pb_row][et_pb_row disabled_on=\u00a0\u00bboff|off|off\u00a0\u00bb _builder_version=\u00a0\u00bb4.16&Prime; _module_preset=\u00a0\u00bbdefault\u00a0\u00bb locked=\u00a0\u00bboff\u00a0\u00bb collapsed=\u00a0\u00bboff\u00a0\u00bb global_colors_info=\u00a0\u00bb{}\u00a0\u00bb][et_pb_column type=\u00a0\u00bb4_4&Prime; _builder_version=\u00a0\u00bb4.16&Prime; _module_preset=\u00a0\u00bbdefault\u00a0\u00bb global_colors_info=\u00a0\u00bb{}\u00a0\u00bb][et_pb_code admin_label=\u00a0\u00bbCode\u00a0\u00bb _builder_version=\u00a0\u00bb4.20.2&Prime; _module_preset=\u00a0\u00bbdefault\u00a0\u00bb locked=\u00a0\u00bboff\u00a0\u00bb global_colors_info=\u00a0\u00bb{}\u00a0\u00bb]<div class=\"et_pb_row sf-h3\">\n            <div class=\"et_pb_module et_pb_text schulthess-product-partner-headline-wrapper\">\n                <h5 class=\"schulthess-product-partner-type\" id=\"medienpartner\">Partenaires m\u00e9dias<\/h5>\n            <\/div>\n            <div class=\"et_pb_module\"><div class=\"et_pb_column_1_4 et_pb_column\">\n                        <div class=\"sf-product-partner-container\">\n                            <a href=\"https:\/\/www.schulthess.com\/de\/portfolio\/schulthess\/schulthess-digital\/iusnet\/iusnet-erbrecht\" title=\"iusnet Erbrecht\" target=\"_blank\" rel=\"noopener nofollow\"><img loading=\"lazy\" decoding=\"async\" class=\"\" src=\"https:\/\/www.schulthessforum.ch\/wp-content\/media\/Partner\/iusnet_Erbrecht_Webseite_Logo.png\" style=\"aspect-ratio: 2150 \/ 615\" width=\"2150\" height=\"615\" alt=\"iusnet Erbrecht\" title=\"iusnet Erbrecht\"\/><\/a>\n                        <\/div>\n                    <\/div><div class=\"et_pb_column_1_4 et_pb_column\">\n                        <div class=\"sf-product-partner-container\">\n                            <a href=\"https:\/\/www.schulthess.com\/de\/portfolio\/schulthess\/schulthess-digital\/iusnet\/iusnet-familienrecht\" title=\"iusnet Familienrecht\" target=\"_blank\" rel=\"noopener nofollow\"><img loading=\"lazy\" decoding=\"async\" class=\"\" src=\"https:\/\/www.schulthessforum.ch\/wp-content\/media\/Partner\/iusnet_Website_Familienrecht_364x104px.png\" style=\"aspect-ratio: 364 \/ 104\" width=\"364\" height=\"104\" alt=\"iusnet Familienrecht\" title=\"iusnet Familienrecht\"\/><\/a>\n                        <\/div>\n                    <\/div><div class=\"et_pb_column_1_4 et_pb_column\">\n                        <div class=\"sf-product-partner-container\">\n                            <a href=\"https:\/\/schulthessdigital.info\/de\/zeitschriften\/schweizerische-juristen-zeitung\" title=\"Schweizerische Juristen-Zeitung (SJZ)\" target=\"_blank\" rel=\"noopener nofollow\"><img loading=\"lazy\" decoding=\"async\" class=\"\" src=\"https:\/\/www.schulthessforum.ch\/wp-content\/media\/Partner\/logos\/SJZ_Logo_groesser_350px.jpg\" style=\"aspect-ratio: 279 \/ 74\" width=\"279\" height=\"74\" alt=\"Schweizerische Juristen-Zeitung (SJZ)\" title=\"Schweizerische Juristen-Zeitung (SJZ)\"\/><\/a>\n                        <\/div>\n                    <\/div><div class=\"et_pb_column_1_4 et_pb_column\">\n                        <div class=\"sf-product-partner-container\">\n                            <a href=\"https:\/\/www.successio.ch\/de\" title=\"successio\" target=\"_blank\" rel=\"noopener nofollow\"><img loading=\"lazy\" decoding=\"async\" class=\"svg-partner-logo\" src=\"https:\/\/www.schulthessforum.ch\/wp-content\/media\/Partner\/logos\/Successio_rgb.svg\" style=\"aspect-ratio: 0 \/ 0\" width=\"0\" height=\"0\" alt=\"successio\" title=\"successio\"\/><\/a>\n                        <\/div>\n                    <\/div><\/div><\/div>[\/et_pb_code][et_pb_code admin_label=\u00a0\u00bbCode\u00a0\u00bb _builder_version=\u00a0\u00bb4.20.2&Prime; _module_preset=\u00a0\u00bbdefault\u00a0\u00bb locked=\u00a0\u00bboff\u00a0\u00bb global_colors_info=\u00a0\u00bb{}\u00a0\u00bb]<div class=\"et_pb_row sf-h3\">\n            <div class=\"et_pb_module et_pb_text schulthess-product-partner-headline-wrapper\">\n                <h5 class=\"schulthess-product-partner-type\" id=\"kooperationspartner\">Partenaires<\/h5>\n            <\/div>\n            <div class=\"et_pb_module\"><div class=\"et_pb_column_1_4 et_pb_column\">\n                        <div class=\"sf-product-partner-container\">\n                            <a href=\"https:\/\/snv-fsn.ch\/\" title=\"Schweizer Notarenverband\" target=\"_blank\" rel=\"noopener nofollow\"><img loading=\"lazy\" decoding=\"async\" class=\"\" src=\"https:\/\/www.schulthessforum.ch\/wp-content\/media\/Partner\/snv_fsn_logo_rot_hor_gd.png\" style=\"aspect-ratio: 964 \/ 296\" width=\"964\" height=\"296\" alt=\"Schweizer Notarenverband\" title=\"Schweizer Notarenverband\"\/><\/a>\n                        <\/div>\n                    <\/div><div class=\"et_pb_column_1_4 et_pb_column\">\n                        <div class=\"sf-product-partner-container\">\n                            <a href=\"https:\/\/www.treuhandsuisse.ch\/\" title=\"TREUHAND | SUISSE\" target=\"_blank\" rel=\"noopener nofollow\"><img loading=\"lazy\" decoding=\"async\" class=\"svg-partner-logo\" src=\"https:\/\/www.schulthessforum.ch\/wp-content\/media\/Partner\/logos\/Treuhand-Suisse_rgb.svg\" style=\"aspect-ratio: 0 \/ 0\" width=\"0\" height=\"0\" alt=\"TREUHAND | SUISSE\" title=\"TREUHAND | SUISSE\"\/><\/a>\n                        <\/div>\n                    <\/div><\/div><\/div>[\/et_pb_code][et_pb_code admin_label=\u00a0\u00bbCode\u00a0\u00bb _builder_version=\u00a0\u00bb4.20.2&Prime; _module_preset=\u00a0\u00bbdefault\u00a0\u00bb locked=\u00a0\u00bboff\u00a0\u00bb global_colors_info=\u00a0\u00bb{}\u00a0\u00bb]<div class=\"et_pb_row sf-h3\">\n            <div class=\"et_pb_module et_pb_text schulthess-product-partner-headline-wrapper\">\n                <h5 class=\"schulthess-product-partner-type\" id=\"sponsoren\">Sponsors<\/h5>\n            <\/div>\n            <div class=\"et_pb_module\"><div class=\"et_pb_column_1_4 et_pb_column\">\n                        <div class=\"sf-product-partner-container\">\n                            <a href=\"https:\/\/www.swisslex.ch\/de\/\" title=\" Swisslex\" target=\"_blank\" rel=\"noopener nofollow\"><img loading=\"lazy\" decoding=\"async\" class=\"svg-partner-logo\" src=\"https:\/\/www.schulthessforum.ch\/wp-content\/media\/Partner\/Swisslex_rgb.svg\" style=\"aspect-ratio: 0 \/ 0\" width=\"0\" height=\"0\" alt=\" Swisslex\" title=\" Swisslex\"\/><\/a>\n                        <\/div>\n                    <\/div><\/div><\/div>[\/et_pb_code][\/et_pb_column][\/et_pb_row][\/et_pb_section][et_pb_section fb_built=\u00a0\u00bb1&Prime; disabled_on=\u00a0\u00bboff|off|off\u00a0\u00bb admin_label=\u00a0\u00bbSektion Impressionen\u00a0\u00bb module_id=\u00a0\u00bbschulthess-impressionen\u00a0\u00bb _builder_version=\u00a0\u00bb4.17.4&Prime; _module_preset=\u00a0\u00bbdefault\u00a0\u00bb collapsed=\u00a0\u00bboff\u00a0\u00bb global_colors_info=\u00a0\u00bb{}\u00a0\u00bb][et_pb_row module_class=\u00a0\u00bbsf-impressionen-slider-wrapper\u00a0\u00bb _builder_version=\u00a0\u00bb4.19.5&Prime; _module_preset=\u00a0\u00bbdefault\u00a0\u00bb global_colors_info=\u00a0\u00bb{}\u00a0\u00bb][et_pb_column type=\u00a0\u00bb4_4&Prime; _builder_version=\u00a0\u00bb4.19.5&Prime; _module_preset=\u00a0\u00bbdefault\u00a0\u00bb global_colors_info=\u00a0\u00bb{}\u00a0\u00bb][et_pb_text admin_label=\u00a0\u00bb\u00dcberschrift\u00a0\u00bb module_class=\u00a0\u00bbsf-h2&Prime; _builder_version=\u00a0\u00bb4.19.5&Prime; _module_preset=\u00a0\u00bbdefault\u00a0\u00bb global_colors_info=\u00a0\u00bb{}\u00a0\u00bb]<\/p>\n<h5>Impressionen<\/h5>\n<p>[\/et_pb_text][et_pb_gallery gallery_ids=\u00a0\u00bb31321,31323,31325,31337,31331,31335,31333,31341,31343,31329,31345,31347,31349,31351,31339&Prime; fullwidth=\u00a0\u00bbon\u00a0\u00bb admin_label=\u00a0\u00bbGalerie\u00a0\u00bb module_id=\u00a0\u00bbimpressionen-slider\u00a0\u00bb module_class=\u00a0\u00bbimpressionen-slider\u00a0\u00bb _builder_version=\u00a0\u00bb4.27.4&Prime; _module_preset=\u00a0\u00bbdefault\u00a0\u00bb animation_style=\u00a0\u00bbfade\u00a0\u00bb animation_duration=\u00a0\u00bb5000ms\u00a0\u00bb animation_starting_opacity=\u00a0\u00bb100%\u00a0\u00bb animation_repeat=\u00a0\u00bbloop\u00a0\u00bb auto=\u00a0\u00bbon\u00a0\u00bb auto_speed=\u00a0\u00bb5000&Prime; global_colors_info=\u00a0\u00bb{}\u00a0\u00bb][\/et_pb_gallery][\/et_pb_column][\/et_pb_row][\/et_pb_section]<\/p>\n","protected":false},"excerpt":{"rendered":"<h3><strong>Ehe und Konkubinat zwischen Vorsorge, Verm\u00f6gen und Besteuerung<\/strong><\/h3>\n<p>Die verm\u00f6gensrechtlichen Verflechtungen moderner Lebens- und Erwerbsmodelle stellen die Praxis zunehmend vor komplexe Fragestellungen. Mitarbeiterbeteiligungen, Vorsorgeanspr\u00fcche und unterschiedliche Sparquoten innerhalb von Paarbeziehungen werfen sowohl im Ehe- als auch im Konkubinatsverh\u00e4ltnis anspruchsvolle g\u00fcter-, erb- und steuerrechtliche Fragen auf. Hinzu kommen die rechtlichen und praktischen Folgen von Schulden sowie deren Auswirkungen auf Vorsorge, Verm\u00f6gensaufteilung und Haftung.<\/p>\n<p>Ein besonderer Fokus liegt dieses Jahr auf dem Vorsorgeausgleich und der Vorsorge aus erb- und familienrechtlicher Perspektive, insbesondere bei nicht deckungsgleichen Erwerbsbiografien. Auch das Konkubinat und dessen steuerlichen Verstrickungen werden praxisnah beleuchtet und diskutiert. Erg\u00e4nzt wird das Programm durch eine umfassende \u00dcbersicht zur aktuellen Rechtsprechung, welche die j\u00fcngsten Entwicklungen einordnet und konkrete Handlungsempfehlungen f\u00fcr die Praxis vermittelt.<\/p>\n<p>Nutzen Sie die Tagung, um Ihr Wissen zu vertiefen, praxisrelevante Fragestellungen zu diskutieren und vom offenen Austausch mit Expertinnen und Experten aus Justiz und Beratung zu profitieren.<\/p>\n","protected":false},"author":1853,"featured_media":0,"template":"","meta":{"_acf_changed":false,"_et_pb_use_builder":"on","_et_pb_old_content":"<h3><strong>Ehe und Konkubinat zwischen Vorsorge, Verm\u00f6gen und Besteuerung<\/strong><\/h3>\r\nDie verm\u00f6gensrechtlichen Verflechtungen moderner Lebens- und Erwerbsmodelle stellen die Praxis zunehmend vor komplexe Fragestellungen. Mitarbeiterbeteiligungen, Vorsorgeanspr\u00fcche und unterschiedliche Sparquoten innerhalb von Paarbeziehungen werfen sowohl im Ehe- als auch im Konkubinatsverh\u00e4ltnis anspruchsvolle g\u00fcter-, erb- und steuerrechtliche Fragen auf. Hinzu kommen die rechtlichen und praktischen Folgen von Schulden sowie deren Auswirkungen auf Vorsorge, Verm\u00f6gensaufteilung und Haftung.\r\n\r\nEin besonderer Fokus liegt dieses Jahr auf dem Vorsorgeausgleich und der Vorsorge aus erb- und familienrechtlicher Perspektive, insbesondere bei nicht deckungsgleichen Erwerbsbiografien. Auch das Konkubinat und dessen steuerlichen Verstrickungen werden praxisnah beleuchtet und diskutiert. Erg\u00e4nzt wird das Programm durch eine umfassende \u00dcbersicht zur aktuellen Rechtsprechung, welche die j\u00fcngsten Entwicklungen einordnet und konkrete Handlungsempfehlungen f\u00fcr die Praxis vermittelt.\r\n\r\nNutzen Sie die Tagung, um Ihr Wissen zu vertiefen, praxisrelevante Fragestellungen zu diskutieren und vom offenen Austausch mit Expertinnen und Experten aus Justiz und Beratung zu profitieren.","_et_gb_content_width":""},"categories":[140,338,526],"tags":[],"product_brand":[],"product_cat":[229],"product_tag":[],"class_list":{"0":"post-37749","1":"product","2":"type-product","3":"status-publish","5":"category-tagung","6":"category-ehegueterrecht","7":"category-familienrecht","8":"product_cat-229","9":"pa_teilnahme-online-teilnahme","10":"pa_teilnahme-praesenzveranstaltung","12":"first","13":"instock","14":"taxable","15":"shipping-taxable","16":"purchasable","17":"product-type-variable"},"acf":[],"_links":{"self":[{"href":"https:\/\/www.schulthessforum.ch\/fr\/wp-json\/wp\/v2\/product\/37749","targetHints":{"allow":["GET"]}}],"collection":[{"href":"https:\/\/www.schulthessforum.ch\/fr\/wp-json\/wp\/v2\/product"}],"about":[{"href":"https:\/\/www.schulthessforum.ch\/fr\/wp-json\/wp\/v2\/types\/product"}],"author":[{"embeddable":true,"href":"https:\/\/www.schulthessforum.ch\/fr\/wp-json\/wp\/v2\/users\/1853"}],"wp:attachment":[{"href":"https:\/\/www.schulthessforum.ch\/fr\/wp-json\/wp\/v2\/media?parent=37749"}],"wp:term":[{"taxonomy":"category","embeddable":true,"href":"https:\/\/www.schulthessforum.ch\/fr\/wp-json\/wp\/v2\/categories?post=37749"},{"taxonomy":"post_tag","embeddable":true,"href":"https:\/\/www.schulthessforum.ch\/fr\/wp-json\/wp\/v2\/tags?post=37749"},{"taxonomy":"product_brand","embeddable":true,"href":"https:\/\/www.schulthessforum.ch\/fr\/wp-json\/wp\/v2\/product_brand?post=37749"},{"taxonomy":"product_cat","embeddable":true,"href":"https:\/\/www.schulthessforum.ch\/fr\/wp-json\/wp\/v2\/product_cat?post=37749"},{"taxonomy":"product_tag","embeddable":true,"href":"https:\/\/www.schulthessforum.ch\/fr\/wp-json\/wp\/v2\/product_tag?post=37749"}],"curies":[{"name":"wp","href":"https:\/\/api.w.org\/{rel}","templated":true}]}}