{"id":38378,"date":"2026-03-04T15:46:53","date_gmt":"2026-03-04T14:46:53","guid":{"rendered":"https:\/\/www.schulthessforum.ch\/?post_type=product&#038;p=38378"},"modified":"2026-03-31T13:17:19","modified_gmt":"2026-03-31T11:17:19","slug":"neue-zuercher-steuerkonferenz","status":"publish","type":"product","link":"https:\/\/www.schulthessforum.ch\/neue-zuercher-steuerkonferenz\/","title":{"rendered":"Neue Z\u00fcrcher Steuerkonferenz 2026"},"content":{"rendered":"<p>[et_pb_section fb_built=\u00a0\u00bb1&Prime; disabled_on=\u00a0\u00bboff|off|off\u00a0\u00bb admin_label=\u00a0\u00bbAlert Content\u00a0\u00bb module_id=\u00a0\u00bbschulthess-header-alertbar-section\u00a0\u00bb _builder_version=\u00a0\u00bb4.19.4&Prime; _module_preset=\u00a0\u00bbdefault\u00a0\u00bb locked=\u00a0\u00bboff\u00a0\u00bb collapsed=\u00a0\u00bbon\u00a0\u00bb global_colors_info=\u00a0\u00bb{}\u00a0\u00bb][et_pb_row _builder_version=\u00a0\u00bb4.17.4&Prime; _module_preset=\u00a0\u00bbdefault\u00a0\u00bb global_colors_info=\u00a0\u00bb{}\u00a0\u00bb][et_pb_column type=\u00a0\u00bb4_4&Prime; _builder_version=\u00a0\u00bb4.17.4&Prime; _module_preset=\u00a0\u00bbdefault\u00a0\u00bb global_colors_info=\u00a0\u00bb{}\u00a0\u00bb][et_pb_code admin_label=\u00a0\u00bbCode (Alert) (ZU \u00c4NDERN IN %22HOME%22)\u00a0\u00bb module_class=\u00a0\u00bbschulthess-header-alertbar \u00a0\u00bb _builder_version=\u00a0\u00bb4.17.4&Prime; _module_preset=\u00a0\u00bbdefault\u00a0\u00bb locked=\u00a0\u00bbon\u00a0\u00bb global_colors_info=\u00a0\u00bb{}\u00a0\u00bb][\/et_pb_code][\/et_pb_column][\/et_pb_row][\/et_pb_section][et_pb_section fb_built=\u00a0\u00bb1&Prime; disabled_on=\u00a0\u00bboff|off|off\u00a0\u00bb admin_label=\u00a0\u00bbHeader &#8211; Content\u00a0\u00bb module_class=\u00a0\u00bbsf-product-header schulthess-hero\u00a0\u00bb _builder_version=\u00a0\u00bb4.20.2&Prime; _module_preset=\u00a0\u00bbdefault\u00a0\u00bb background_enable_color=\u00a0\u00bboff\u00a0\u00bb background_enable_image=\u00a0\u00bboff\u00a0\u00bb locked=\u00a0\u00bboff\u00a0\u00bb collapsed=\u00a0\u00bbon\u00a0\u00bb global_colors_info=\u00a0\u00bb{}\u00a0\u00bb][et_pb_row _builder_version=\u00a0\u00bb4.20.2&Prime; _module_preset=\u00a0\u00bbdefault\u00a0\u00bb global_colors_info=\u00a0\u00bb{}\u00a0\u00bb][et_pb_column type=\u00a0\u00bb4_4&Prime; _builder_version=\u00a0\u00bb4.20.2&Prime; _module_preset=\u00a0\u00bbdefault\u00a0\u00bb global_colors_info=\u00a0\u00bb{}\u00a0\u00bb][et_pb_text _builder_version=\u00a0\u00bb4.20.2&Prime; _module_preset=\u00a0\u00bbdefault\u00a0\u00bb global_colors_info=\u00a0\u00bb{}\u00a0\u00bb]<style>.et-db #et-boc .et-l .et_pb_section.sf-product-header.schulthess-hero{\n        background-color: #1966a4 !important;\n      }.sf-product-header.schulthess-hero .weitereVaranstalerSchriftfarbe{\n          color: #FFFFFF !important;\n        }\n        .schulthess-hero .event-kategorie-date-headline.weitereVaranstalerSchriftfarbe,\n        .schulthess-hero .event-kategorie-date-headline.weitereVaranstalerSchriftfarbe a,\n        .schulthess-hero .event-kategorie-date-headline.weitereVaranstalerSchriftfarbe a:hover,\n        .schulthess-hero .event-kategorie-date-headline.weitereVaranstalerSchriftfarbe a:focus,\n        .schulthess-hero .event-kategorie-date-headline.weitereVaranstalerSchriftfarbe a:active{\n          color: #FFFFFF !important;\n        }.schulthess-hero h1 {\n          border-bottom: 3px solid #8ac7ef !important;\n        }.weitererVeranstalterLogo1Subheadline img{\n          width: 150px;\n          max-width: 100%;\n        }.weitererVeranstalterLogo2Subheadline img{\n          width: 150px;\n          max-width: 100%;\n        }<\/style>\n\t <div class=\"et_pb_text_inner\"><h3 class=\"weitereVaranstalerSchriftfarbe\">in Kooperation mit dem Cosmos Verlag<\/h3><\/div>\n\t <div class=\"et_pb_text_inner\"><h1 class=\"sf-product-title weitereVaranstalerSchriftfarbe\">Neue Z\u00fcrcher Steuerkonferenz 2026<\/h1><\/div>\n\t <div class=\"et_pb_text_inner\"><h2 class=\"sf-product-subheadline weitereVaranstalerSchriftfarbe\">Steuerrecht im Wandel - Entwicklungen, Herausforderungen und L\u00f6sungen<\/h2><\/div>\n\t <div class=\"sf-product-catsDateLogos\"><span class=\"event-kategorie-date-headline weitereVaranstalerSchriftfarbe\">Steuerrecht | Konferenzen | Online-Teilnahme | jeudi, 10.09.2026<\/span><div class=\"sf-product-logos\">\n      <div class=\"weitererVeranstalterLogoSubheadline weitererVeranstalterLogo1Subheadline\">\n        <img decoding=\"async\" src=\"https:\/\/www.schulthessforum.ch\/wp-content\/media\/Partner\/Cosmos_quer_neg.svg\">\n      <\/div>\n    <\/div><\/div>[\/et_pb_text][\/et_pb_column][\/et_pb_row][\/et_pb_section][et_pb_section fb_built=\u00a0\u00bb1&Prime; specialty=\u00a0\u00bbon\u00a0\u00bb module_class_1=\u00a0\u00bbschulthess-product-main\u00a0\u00bb module_class_2=\u00a0\u00bbschulthess-product-sidebar\u00a0\u00bb admin_label=\u00a0\u00bbMain &#8211; Content\u00a0\u00bb module_id=\u00a0\u00bbschulthess-product-mainsection\u00a0\u00bb _builder_version=\u00a0\u00bb4.19.4&Prime; _module_preset=\u00a0\u00bbdefault\u00a0\u00bb collapsed=\u00a0\u00bboff\u00a0\u00bb global_colors_info=\u00a0\u00bb{}\u00a0\u00bb][et_pb_column type=\u00a0\u00bb3_4&Prime; specialty_columns=\u00a0\u00bb3&Prime; _builder_version=\u00a0\u00bb4.16&Prime; custom_padding=\u00a0\u00bb|||\u00a0\u00bb global_colors_info=\u00a0\u00bb{}\u00a0\u00bb custom_padding__hover=\u00a0\u00bb|||\u00a0\u00bb][et_pb_row_inner admin_label=\u00a0\u00bbMen\u00fc (Programm, Referierende, Fachinformation, Partner, Impressionen, Teilnehmerbereich)\u00a0\u00bb module_id=\u00a0\u00bbschulthess-product-subnavigation\u00a0\u00bb _builder_version=\u00a0\u00bb4.19.4&Prime; background_size=\u00a0\u00bbinitial\u00a0\u00bb background_position=\u00a0\u00bbtop_left\u00a0\u00bb background_repeat=\u00a0\u00bbrepeat\u00a0\u00bb locked=\u00a0\u00bboff\u00a0\u00bb collapsed=\u00a0\u00bbon\u00a0\u00bb global_colors_info=\u00a0\u00bb{}\u00a0\u00bb][et_pb_column_inner saved_specialty_column_type=\u00a0\u00bb3_4&Prime; _builder_version=\u00a0\u00bb4.17.3&Prime; _module_preset=\u00a0\u00bbdefault\u00a0\u00bb global_colors_info=\u00a0\u00bb{}\u00a0\u00bb][et_pb_menu menu_id=\u00a0\u00bb67&Prime; module_class=\u00a0\u00bbet_smooth_scroll_disabled\u00a0\u00bb _builder_version=\u00a0\u00bb4.17.4&Prime; _module_preset=\u00a0\u00bbdefault\u00a0\u00bb locked=\u00a0\u00bboff\u00a0\u00bb global_colors_info=\u00a0\u00bb{}\u00a0\u00bb][\/et_pb_menu][\/et_pb_column_inner][\/et_pb_row_inner][et_pb_row_inner admin_label=\u00a0\u00bbKurzbeschreibung (Inhalt kommt vom Main Event Content)\u00a0\u00bb module_class=\u00a0\u00bbsf-date-shorttext-row kurzbeschreibung-border-bottom\u00a0\u00bb _builder_version=\u00a0\u00bb4.19.4&Prime; _module_preset=\u00a0\u00bbdefault\u00a0\u00bb locked=\u00a0\u00bboff\u00a0\u00bb collapsed=\u00a0\u00bbon\u00a0\u00bb global_colors_info=\u00a0\u00bb{}\u00a0\u00bb][et_pb_column_inner saved_specialty_column_type=\u00a0\u00bb3_4&Prime; _builder_version=\u00a0\u00bb4.16&Prime; _module_preset=\u00a0\u00bbdefault\u00a0\u00bb global_colors_info=\u00a0\u00bb{}\u00a0\u00bb][et_pb_text admin_label=\u00a0\u00bbKurzbeschreibung\u00a0\u00bb _builder_version=\u00a0\u00bb4.19.4&Prime; _dynamic_attributes=\u00a0\u00bbcontent\u00a0\u00bb _module_preset=\u00a0\u00bbdefault\u00a0\u00bb locked=\u00a0\u00bboff\u00a0\u00bb global_colors_info=\u00a0\u00bb{}\u00a0\u00bb]@ET-DC@eyJkeW5hbWljIjp0cnVlLCJjb250ZW50IjoicHJvZHVjdF9zaG9ydF9kZXNjcmlwdGlvbiIsInNldHRpbmdzIjp7ImJlZm9yZSI6IiIsImFmdGVyIjoiIn19@[\/et_pb_text][\/et_pb_column_inner][\/et_pb_row_inner][et_pb_row_inner admin_label=\u00a0\u00bbProgramm (Ihr Vorteil, Zielpublikum, Kurzprogramm, Detailprogramm)\u00a0\u00bb _builder_version=\u00a0\u00bb4.25.1&Prime; _module_preset=\u00a0\u00bbdefault\u00a0\u00bb collapsed=\u00a0\u00bboff\u00a0\u00bb global_colors_info=\u00a0\u00bb{}\u00a0\u00bb][et_pb_column_inner saved_specialty_column_type=\u00a0\u00bb3_4&Prime; _builder_version=\u00a0\u00bb4.16&Prime; _module_preset=\u00a0\u00bbdefault\u00a0\u00bb global_colors_info=\u00a0\u00bb{}\u00a0\u00bb][et_pb_text admin_label=\u00a0\u00bbIhr Vorteil &#8211; Headline\u00a0\u00bb _builder_version=\u00a0\u00bb4.27.0&Prime; _module_preset=\u00a0\u00bbdefault\u00a0\u00bb locked=\u00a0\u00bbon\u00a0\u00bb global_colors_info=\u00a0\u00bb{}\u00a0\u00bb]<\/p>\n<h3>Ihre Vorteile<\/h3>\n<p>[\/et_pb_text][et_pb_text admin_label=\u00a0\u00bbIhr Vorteil &#8211; Liste\u00a0\u00bb module_class=\u00a0\u00bbprogramm-border-bottom\u00a0\u00bb _builder_version=\u00a0\u00bb4.27.4&Prime; _module_preset=\u00a0\u00bbdefault\u00a0\u00bb global_colors_info=\u00a0\u00bb{}\u00a0\u00bb]<\/p>\n<ul>\n<li>Weiterbildung im Steuerrecht auf h\u00f6chstem fachlichen Niveau<\/li>\n<li>\u00dcberblick zu den wichtigsten Neuerungen im aktuellen Steuerrecht<\/li>\n<li>Ausgew\u00e4hlte Informationen an der Schnittstelle zwischen Wirtschaft, Recht und internationalem Steuerrecht<\/li>\n<li>Spannende Perspektivenwechsel zwischen Beratung, Unternehmen und der Steuerverwaltung<\/li>\n<li>Interessante Kontakte im Rahmen dieser Weiterbildung im Steuerrecht<\/li>\n<li>Best-Practice-Beispiele und hochwertiges Fachwissen aus der Praxis f\u00fcr die Praxis<\/li>\n<\/ul>\n<p>[\/et_pb_text][et_pb_text admin_label=\u00a0\u00bbZielpublikum &#8211; Headline\u00a0\u00bb _builder_version=\u00a0\u00bb4.19.4&Prime; _module_preset=\u00a0\u00bbdefault\u00a0\u00bb locked=\u00a0\u00bbon\u00a0\u00bb global_colors_info=\u00a0\u00bb{}\u00a0\u00bb]<\/p>\n<h3>Zielpublikum<\/h3>\n<p>[\/et_pb_text][et_pb_text admin_label=\u00a0\u00bbZielpublikum &#8211; Liste\u00a0\u00bb module_class=\u00a0\u00bbprogramm-border-bottom\u00a0\u00bb _builder_version=\u00a0\u00bb4.27.4&Prime; _module_preset=\u00a0\u00bbdefault\u00a0\u00bb global_colors_info=\u00a0\u00bb{}\u00a0\u00bb]<\/p>\n<div class=\"content clearfix\">\n<ul>\n<li>Steuerjuristinnen und Steuerjuristen<\/li>\n<li>Steuerverantwortliche, Steuerexpertinnen und Steuerexperten<\/li>\n<li>Rechtsanw\u00e4ltinnen und Rechtsanw\u00e4lte<\/li>\n<li>Entscheidungstr\u00e4gerinnen und Entscheidungstr\u00e4ger aus Verwaltung, Justiz, Politik, Verb\u00e4nden und Wissenschaft<\/li>\n<li>Fachleute aus den Bereichen Treuhand, Wirtschaftspr\u00fcfung, Verm\u00f6gens- und Unternehmensberatung, Banken und Versicherungen<\/li>\n<\/ul>\n<\/div>\n<p>[\/et_pb_text][et_pb_text admin_label=\u00a0\u00bbKurzprogramm &#8211; Headline\u00a0\u00bb _builder_version=\u00a0\u00bb4.19.4&Prime; _module_preset=\u00a0\u00bbdefault\u00a0\u00bb locked=\u00a0\u00bbon\u00a0\u00bb global_colors_info=\u00a0\u00bb{}\u00a0\u00bb]<\/p>\n<h3>Kurzprogramm<\/h3>\n<p>[\/et_pb_text][et_pb_text admin_label=\u00a0\u00bbProgramm &#8211; Liste\u00a0\u00bb module_id=\u00a0\u00bbschulthess-programm\u00a0\u00bb module_class=\u00a0\u00bbprogramm-border-bottom\u00a0\u00bb _builder_version=\u00a0\u00bb4.27.4&Prime; _module_preset=\u00a0\u00bbdefault\u00a0\u00bb global_colors_info=\u00a0\u00bb{}\u00a0\u00bb]<\/p>\n<ul>\n<li>Aktuelle steuerpolitische Entwicklungen<\/li>\n<li>Besondere Liegenschaftssteuer statt Eigenmietwertbesteuerung<\/li>\n<li>Abschaffung der Eigenmietwertbesteuerung<\/li>\n<li>Immobilientransaktionen: Drei steuerlich brisante Praktiken im \u00dcberblick<\/li>\n<li>Indirekte Teilliquidation bei virtuellen Finanzierungsl\u00fccken<\/li>\n<li>Damoklesschwert Verrechnungssteuerstrafverfahren<\/li>\n<li>Verrechnungspreise im nationalen KMU-Kontext \u2013 mit Holdingstrukturen oder zwischen verbundenen Personen<\/li>\n<li>Neues aus dem Steueramt des Kantons Z\u00fcrich<\/li>\n<li>Steuerstaat im Wandel: Digitalisierung zwischen Effizienz und Rechtsstaatlichkeit<\/li>\n<\/ul>\n<p>[\/et_pb_text][et_pb_toggle title=\u00a0\u00bbDetailprogramm \u00f6ffnen\u00a0\u00bb open_toggle_background_color=\u00a0\u00bb#f7f7f7&Prime; closed_toggle_background_color=\u00a0\u00bb#f7f7f7&Prime; icon_color=\u00a0\u00bb#8ac7ef\u00a0\u00bb toggle_icon=\u00a0\u00bb&#x33;||divi||400&Prime; open_icon_color=\u00a0\u00bb#000000&Prime; open_toggle_icon=\u00a0\u00bb&#x32;||divi||400&Prime; disabled_on=\u00a0\u00bbon|on|on\u00a0\u00bb admin_label=\u00a0\u00bbProgramm &#8211; Detail\u00a0\u00bb module_id=\u00a0\u00bbprogramm-detail\u00a0\u00bb _builder_version=\u00a0\u00bb4.19.4&Prime; _module_preset=\u00a0\u00bbdefault\u00a0\u00bb title_level=\u00a0\u00bbh3&Prime; text_orientation=\u00a0\u00bbleft\u00a0\u00bb disabled=\u00a0\u00bbon\u00a0\u00bb global_colors_info=\u00a0\u00bb{}\u00a0\u00bb]<\/p>\n<table>\n<tbody>\n<tr>\n<td>XX.XX Uhr<\/td>\n<td>\n<h5>Art<\/h5>\n<h4 class=\"sf-h4\">Programmpunkt 1<\/h4>\n<p>Person<\/td>\n<\/tr>\n<tr>\n<td>XX.XX Uhr<\/td>\n<td>\n<h5>Art<\/h5>\n<h4 class=\"sf-h4\">Programmpunkt 2<\/h4>\n<p>Person<\/p>\n<ul>\n<li>Punkt 1<\/li>\n<li>Punkt 2<\/li>\n<li>Punkt 3<\/li>\n<\/ul>\n<\/td>\n<\/tr>\n<tr>\n<td>XX.XX Uhr<\/td>\n<td>\n<h5>Art<\/h5>\n<h4 class=\"sf-h4\">Programmpunkt 3<\/h4>\n<p>Person<\/td>\n<\/tr>\n<\/tbody>\n<\/table>\n<p>[\/et_pb_toggle][sfdm_event_program_list use_switcher=\u00a0\u00bboff\u00a0\u00bb disabled_on=\u00a0\u00bboff|off|off\u00a0\u00bb admin_label=\u00a0\u00bbProgramm &#8211; Detail Neu\u00a0\u00bb _builder_version=\u00a0\u00bb4.27.4&Prime; _module_preset=\u00a0\u00bbdefault\u00a0\u00bb hover_enabled=\u00a0\u00bb0&Prime; locked=\u00a0\u00bboff\u00a0\u00bb global_colors_info=\u00a0\u00bb{}\u00a0\u00bb sticky_enabled=\u00a0\u00bb0&Prime;][sfdm_event_program_list_item backend_title=\u00a0\u00bb8:30 &#8211; 9:00 Registrierung und Kaffee f\u00fcr Pr\u00e4senzteilnehmende\u00a0\u00bb subtitle=\u00a0\u00bb8:30 &#8211; 9:00 Registrierung und Kaffee f\u00fcr Pr\u00e4senzteilnehmende\u00a0\u00bb type=\u00a0\u00bbbreak\u00a0\u00bb _builder_version=\u00a0\u00bb4.22.1&Prime; _module_preset=\u00a0\u00bbdefault\u00a0\u00bb global_colors_info=\u00a0\u00bb{}\u00a0\u00bb][\/sfdm_event_program_list_item][sfdm_event_program_list_item backend_title=\u00a0\u00bb09:00 &#8211; 09:05 Begr\u00fcssung durch die Konferenzleitung\u00a0\u00bb title=\u00a0\u00bbBegr\u00fcssung durch die Konferenzleitung\u00a0\u00bb start_time=\u00a0\u00bb09:00&Prime; end_time=\u00a0\u00bb09:05&Prime; speakers=\u00a0\u00bb<\/p>\n<p>Prof. Dr. Julia von Ah und Prof. Dr. Luzius Cavelti<\/p>\n<p>\u00a0\u00bb _builder_version=\u00a0\u00bb4.27.4&Prime; _module_preset=\u00a0\u00bbdefault\u00a0\u00bb global_colors_info=\u00a0\u00bb{}\u00a0\u00bb][\/sfdm_event_program_list_item][sfdm_event_program_list_item backend_title=\u00a0\u00bb09:05 &#8211; 09:35 Aktuelle steuerpolitische Entwicklungen\u00a0\u00bb title=\u00a0\u00bbAktuelle steuerpolitische Entwicklungen\u00a0\u00bb subtitle=\u00a0\u00bbEinstiegsreferat\u00a0\u00bb start_time=\u00a0\u00bb09:05&Prime; end_time=\u00a0\u00bb09:35&Prime; speakers=\u00a0\u00bb<\/p>\n<p>Fabian Baumer<\/p>\n<p>\u00a0\u00bb _builder_version=\u00a0\u00bb4.27.4&Prime; _module_preset=\u00a0\u00bbdefault\u00a0\u00bb global_colors_info=\u00a0\u00bb{}\u00a0\u00bb]<\/p>\n<ul>\n<li>Hat die OECD-Mindeststeuer eine Zukunft?<\/li>\n<li>Welche Steuerreformen f\u00fcr die Schweiz?<\/li>\n<li>Drohen jetzt Steuererh\u00f6hungen?<\/li>\n<\/ul>\n<p>[\/sfdm_event_program_list_item][sfdm_event_program_list_item backend_title=\u00a0\u00bb09:35 &#8211; 10:05 Besondere Liegenschaftssteuer statt Eigenmietwertbesteuerung\u00a0\u00bb title=\u00a0\u00bbBesondere Liegenschaftssteuer statt Eigenmietwertbesteuerung\u00a0\u00bb subtitle=\u00a0\u00bbReferat\u00a0\u00bb start_time=\u00a0\u00bb09:35&Prime; end_time=\u00a0\u00bb10:05&Prime; speakers=\u00a0\u00bb<\/p>\n<p>Dr. Toni Hess<\/p>\n<p>\u00a0\u00bb _builder_version=\u00a0\u00bb4.27.4&Prime; _module_preset=\u00a0\u00bbdefault\u00a0\u00bb hover_enabled=\u00a0\u00bb0&Prime; global_colors_info=\u00a0\u00bb{}\u00a0\u00bb sticky_enabled=\u00a0\u00bb0&Prime;]<\/p>\n<ul>\n<li>Welchen Zweck verfolgt die besondere Liegenschaftssteuer?<\/li>\n<li>Wie k\u00f6nnte die besondere Liegenschaftssteuer konkret ausgestaltet werden?<\/li>\n<li>Auf welchen Liegenschaften darf ein Kanton eine solche Steuer erheben?<\/li>\n<li>Wie hoch darf sie maximal sein?<\/li>\n<\/ul>\n<p>[\/sfdm_event_program_list_item][sfdm_event_program_list_item backend_title=\u00a0\u00bb10:05 &#8211; 10:35 Abschaffung der Eigenmietwertbesteuerung\u00a0\u00bb title=\u00a0\u00bbAbschaffung der Eigenmietwertbesteuerung\u00a0\u00bb subtitle=\u00a0\u00bb1 Thema &#8211; 2 Referierende\u00a0\u00bb start_time=\u00a0\u00bb10:05&Prime; end_time=\u00a0\u00bb10:35&Prime; speakers=\u00a0\u00bb<\/p>\n<p>Dr. Marlene Kobierski und Prof. Dr. Luzius Cavelti<\/p>\n<p>\u00a0\u00bb _builder_version=\u00a0\u00bb4.27.4&Prime; _module_preset=\u00a0\u00bbdefault\u00a0\u00bb global_colors_info=\u00a0\u00bb{}\u00a0\u00bb]<\/p>\n<ul>\n<li>Was bedeutet die Abschaffung der Eigenmietwertbesteuerung f\u00fcr private Wohneigent\u00fcmer, Vermieter und Unternehmen mit Liegenschaften?<\/li>\n<li>Was ist schon bekannt, was noch offen, was m\u00fcssen Gerichte entscheiden?<\/li>\n<\/ul>\n<p>[\/sfdm_event_program_list_item][sfdm_event_program_list_item backend_title=\u00a0\u00bb10:35 &#8211; 10:45 Fragerunde\u00a0\u00bb title=\u00a0\u00bbFragerunde\u00a0\u00bb start_time=\u00a0\u00bb10:35&Prime; end_time=\u00a0\u00bb10:45&Prime; speakers=\u00a0\u00bb<\/p>\n<p>mit Marlene Kobierski und Prof. Dr. Luzius Cavelti<\/p>\n<p>\u00a0\u00bb _builder_version=\u00a0\u00bb4.27.4&Prime; _module_preset=\u00a0\u00bbdefault\u00a0\u00bb global_colors_info=\u00a0\u00bb{}\u00a0\u00bb][\/sfdm_event_program_list_item][sfdm_event_program_list_item backend_title=\u00a0\u00bb10:45 &#8211; 11:15 Pause\u00a0\u00bb subtitle=\u00a0\u00bb10:45 &#8211; 11:15 Pause\u00a0\u00bb type=\u00a0\u00bbbreak\u00a0\u00bb _builder_version=\u00a0\u00bb4.27.4&Prime; _module_preset=\u00a0\u00bbdefault\u00a0\u00bb global_colors_info=\u00a0\u00bb{}\u00a0\u00bb][\/sfdm_event_program_list_item][sfdm_event_program_list_item backend_title=\u00a0\u00bb11:15 &#8211; 11:45 Immobilientransaktionen: Drei steuerlich brisante Praktiken im \u00dcberblick\u00a0\u00bb title=\u00a0\u00bbImmobilientransaktionen: Drei steuerlich brisante Praktiken im \u00dcberblick\u00a0\u00bb subtitle=\u00a0\u00bbReferat\u00a0\u00bb start_time=\u00a0\u00bb11:15&Prime; end_time=\u00a0\u00bb11:45&Prime; speakers=\u00a0\u00bb<\/p>\n<p>Gianfranco Gambaro<\/p>\n<p>\u00a0\u00bb _builder_version=\u00a0\u00bb4.27.4&Prime; _module_preset=\u00a0\u00bbdefault\u00a0\u00bb global_colors_info=\u00a0\u00bb{}\u00a0\u00bb]<\/p>\n<ul>\n<li>Die neue Praxis bei der Besteuerung von Doppelvertragsstrukturen wurde bereits \u00f6ffentlich in den Medien angegriffen. Doch was bedeutet diese Praxis, wie funktioniert sie und was kann in solchen Konstellationen geraten werden?<\/li>\n<li>Der Share-Deal ist ein beliebter Kniff, um die Steuerbelastung reduzieren zu k\u00f6nnen. Im Stillen hat sich aber bez\u00fcglich der Berechnung des steuerbaren Erl\u00f6ses eine Praxis\u00e4nderung vollzogen. Diese so wie weitere Stolpersteine gilt es aufzuzeigen.<\/li>\n<li>W\u00e4hrend die Qualifikation nat\u00fcrlicher Personen als gewerbsm\u00e4ssige Liegenschaftenh\u00e4ndler zu \u00fcberborden scheint, herrscht bei der Grundst\u00fcckgewinnbesteuerung gr\u00f6ssere Zur\u00fcckhaltung. An was liegt das und wo bestehen Chancen?<\/li>\n<\/ul>\n<p>[\/sfdm_event_program_list_item][sfdm_event_program_list_item backend_title=\u00a0\u00bb11:45 &#8211; 12:30 Indirekte Teilliquidation bei virtuellen Finanzierungsl\u00fccken\u00a0\u00bb title=\u00a0\u00bbIndirekte Teilliquidation bei virtuellen Finanzierungsl\u00fccken\u00a0\u00bb subtitle=\u00a0\u00bbReferat\u00a0\u00bb start_time=\u00a0\u00bb11:45&Prime; end_time=\u00a0\u00bb12:30&Prime; speakers=\u00a0\u00bb<\/p>\n<p>Roland Wild<\/p>\n<p>\u00a0\u00bb _builder_version=\u00a0\u00bb4.27.4&Prime; _module_preset=\u00a0\u00bbdefault\u00a0\u00bb global_colors_info=\u00a0\u00bb{}\u00a0\u00bb]<\/p>\n<ul>\n<li>F\u00fchrt ein nicht marktkonformes Akquisitionsdarlehen bei der Unternehmensnachfolge zwingend zu einer fiktiven bzw. virtuellen Finanzierungsl\u00fccke?<\/li>\n<li>Darf bei einer rein virtuellen Finanzierungsl\u00fccke \u00fcber das Rechtsinstitut der Steuerumgehung eine indirekte Teilliquidation fingiert werden?<\/li>\n<li>Wie m\u00fcssen Verk\u00e4uferdarlehen bei Management Buyouts oder internen Nachfolgel\u00f6sungen strukturiert sein, um dem Drittvergleich standzuhalten und eine Umqualifikation von einem steuerfreien privaten Kapitalgewinn in einen steuerbaren Verm\u00f6gensertrag zu vermeiden?<\/li>\n<\/ul>\n<p>[\/sfdm_event_program_list_item][sfdm_event_program_list_item backend_title=\u00a0\u00bb12:30 &#8211; 13:30 Mittagspause\u00a0\u00bb subtitle=\u00a0\u00bb12:30 &#8211; 13:30 Mittagspause\u00a0\u00bb type=\u00a0\u00bbbreak\u00a0\u00bb _builder_version=\u00a0\u00bb4.27.4&Prime; _module_preset=\u00a0\u00bbdefault\u00a0\u00bb global_colors_info=\u00a0\u00bb{}\u00a0\u00bb][\/sfdm_event_program_list_item][sfdm_event_program_list_item backend_title=\u00a0\u00bb13:30 &#8211; 14:15 Damoklesschwert Verrechnungssteuerstrafverfahren\u00a0\u00bb title=\u00a0\u00bbDamoklesschwert Verrechnungssteuerstrafverfahren\u00a0\u00bb subtitle=\u00a0\u00bbReferat\u00a0\u00bb start_time=\u00a0\u00bb13:30&Prime; end_time=\u00a0\u00bb14:15&Prime; speakers=\u00a0\u00bb<\/p>\n<p>Daniel Holenstein<\/p>\n<p>\u00a0\u00bb _builder_version=\u00a0\u00bb4.27.4&Prime; _module_preset=\u00a0\u00bbdefault\u00a0\u00bb global_colors_info=\u00a0\u00bb{}\u00a0\u00bb]<\/p>\n<ul>\n<li>Verrechnungssteuerstrafverfahren beginnen in der Regel weit vor ihrer Er\u00f6ffnung, n\u00e4mlich im Besteuerungsverfahren anderer Steuerarten<\/li>\n<li>Sind im Besteuerungsverfahren erhobene Informationen und Beweismittel im Verrechnungsteuerstrafverfahren verwertbar?<\/li>\n<li>Zusammenspiel zwischen Erhebungs- und Verrechnungssteuerstrafverfahren<\/li>\n<\/ul>\n<p>[\/sfdm_event_program_list_item][sfdm_event_program_list_item backend_title=\u00a0\u00bb14:15 &#8211; 15:00 Verrechnungspreise im nationalen KMU-Kontext \u2013 mit Holdingstrukturen oder zwischen verbundenen Personen\u00a0\u00bb title=\u00a0\u00bbVerrechnungspreise im nationalen KMU-Kontext \u2013 mit Holdingstrukturen oder zwischen verbundenen Personen\u00a0\u00bb subtitle=\u00a0\u00bbReferat\u00a0\u00bb start_time=\u00a0\u00bb14:15&Prime; end_time=\u00a0\u00bb15:00&Prime; speakers=\u00a0\u00bb<\/p>\n<p><span class=%22field-content%22>Dr. Alberto Lissi und Monika Bieri<\/span><\/p>\n<p>\u00a0\u00bb _builder_version=\u00a0\u00bb4.27.4&Prime; _module_preset=\u00a0\u00bbdefault\u00a0\u00bb global_colors_info=\u00a0\u00bb{}\u00a0\u00bb][\/sfdm_event_program_list_item][sfdm_event_program_list_item backend_title=\u00a0\u00bb15:00 &#8211; 15:30 Pause\u00a0\u00bb subtitle=\u00a0\u00bb15:00 &#8211; 15:30 Pause\u00a0\u00bb type=\u00a0\u00bbbreak\u00a0\u00bb _builder_version=\u00a0\u00bb4.27.4&Prime; _module_preset=\u00a0\u00bbdefault\u00a0\u00bb global_colors_info=\u00a0\u00bb{}\u00a0\u00bb][\/sfdm_event_program_list_item][sfdm_event_program_list_item backend_title=\u00a0\u00bb15:40 &#8211; 16:20 Neues aus dem Steueramt des Kantons Z\u00fcrich\u00a0\u00bb title=\u00a0\u00bbNeues aus dem Steueramt des Kantons Z\u00fcrich \u00a0\u00bb subtitle=\u00a0\u00bbReferat\u00a0\u00bb start_time=\u00a0\u00bb15:30&Prime; end_time=\u00a0\u00bb16:15&Prime; speakers=\u00a0\u00bb<\/p>\n<p>Dr. Remo K\u00fcttel<\/p>\n<p>\u00a0\u00bb _builder_version=\u00a0\u00bb4.27.4&Prime; _module_preset=\u00a0\u00bbdefault\u00a0\u00bb global_colors_info=\u00a0\u00bb{}\u00a0\u00bb][\/sfdm_event_program_list_item][sfdm_event_program_list_item backend_title=\u00a0\u00bb16:15 &#8211; 17:00 Steuerstaat im Wandel: Digitalisierung zwischen Effizienz und Rechtsstaatlichkeit \u00a0\u00bb title=\u00a0\u00bbSteuerstaat im Wandel: Digitalisierung zwischen Effizienz und Rechtsstaatlichkeit \u00a0\u00bb subtitle=\u00a0\u00bbImpulsreferat und Interview\u00a0\u00bb start_time=\u00a0\u00bb16:15&Prime; end_time=\u00a0\u00bb17:00&Prime; speakers=\u00a0\u00bb<\/p>\n<p>Thomas Fischer und Prof. Dr. Luzius Cavelti<\/p>\n<p>\u00a0\u00bb _builder_version=\u00a0\u00bb4.27.4&Prime; _module_preset=\u00a0\u00bbdefault\u00a0\u00bb global_colors_info=\u00a0\u00bb{}\u00a0\u00bb][\/sfdm_event_program_list_item][sfdm_event_program_list_item backend_title=\u00a0\u00bb17:00 &#8211; 17:05 Fazit \u00a0\u00bb title=\u00a0\u00bbFazit\u00a0\u00bb start_time=\u00a0\u00bb17:00&Prime; end_time=\u00a0\u00bb17:05&Prime; speakers=\u00a0\u00bb<\/p>\n<p>Prof. Dr. Julia von Ah und Prof. Dr. Luzius Cavelti<\/p>\n<p>\u00a0\u00bb _builder_version=\u00a0\u00bb4.27.4&Prime; _module_preset=\u00a0\u00bbdefault\u00a0\u00bb global_colors_info=\u00a0\u00bb{}\u00a0\u00bb][\/sfdm_event_program_list_item][sfdm_event_program_list_item backend_title=\u00a0\u00bb17:05 &#8211; 18:30 Ap\u00e9ro f\u00fcr Pr\u00e4senzteilnehmende\u00a0\u00bb subtitle=\u00a0\u00bb17:05 &#8211; 18:30 Ap\u00e9ro f\u00fcr Pr\u00e4senzteilnehmende\u00a0\u00bb type=\u00a0\u00bbbreak\u00a0\u00bb _builder_version=\u00a0\u00bb4.27.4&Prime; _module_preset=\u00a0\u00bbdefault\u00a0\u00bb global_colors_info=\u00a0\u00bb{}\u00a0\u00bb][\/sfdm_event_program_list_item][\/sfdm_event_program_list][\/et_pb_column_inner][\/et_pb_row_inner][et_pb_row_inner disabled_on=\u00a0\u00bbon|on|on\u00a0\u00bb admin_label=\u00a0\u00bbAnzeigen (Mobile)\u00a0\u00bb _builder_version=\u00a0\u00bb4.17.4&Prime; _module_preset=\u00a0\u00bbdefault\u00a0\u00bb disabled=\u00a0\u00bbon\u00a0\u00bb locked=\u00a0\u00bboff\u00a0\u00bb collapsed=\u00a0\u00bbon\u00a0\u00bb global_colors_info=\u00a0\u00bb{}\u00a0\u00bb][et_pb_column_inner saved_specialty_column_type=\u00a0\u00bb3_4&Prime; _builder_version=\u00a0\u00bb4.17.4&Prime; _module_preset=\u00a0\u00bbdefault\u00a0\u00bb global_colors_info=\u00a0\u00bb{}\u00a0\u00bb][et_pb_code disabled_on=\u00a0\u00bboff|off|on\u00a0\u00bb admin_label=\u00a0\u00bbAnzeige(n) (MOBILE)\u00a0\u00bb module_class=\u00a0\u00bbschulthess_product_ads\u00a0\u00bb _builder_version=\u00a0\u00bb4.17.4&Prime; _module_preset=\u00a0\u00bbdefault\u00a0\u00bb locked=\u00a0\u00bboff\u00a0\u00bb global_colors_info=\u00a0\u00bb{}\u00a0\u00bb][\/et_pb_code][\/et_pb_column_inner][\/et_pb_row_inner][et_pb_row_inner admin_label=\u00a0\u00bbReferenten\u00a0\u00bb module_id=\u00a0\u00bbschulthess-referierende\u00a0\u00bb module_class=\u00a0\u00bbschulthess-referenten-slider\u00a0\u00bb _builder_version=\u00a0\u00bb4.22.1&Prime; _module_preset=\u00a0\u00bbdefault\u00a0\u00bb collapsed=\u00a0\u00bbon\u00a0\u00bb global_colors_info=\u00a0\u00bb{}\u00a0\u00bb][et_pb_column_inner saved_specialty_column_type=\u00a0\u00bb3_4&Prime; _builder_version=\u00a0\u00bb4.16&Prime; _module_preset=\u00a0\u00bbdefault\u00a0\u00bb global_colors_info=\u00a0\u00bb{}\u00a0\u00bb][et_pb_text admin_label=\u00a0\u00bbHeadline\u00a0\u00bb module_class=\u00a0\u00bbsf-h3 schulthess-product-speaker-headline-wrapper\u00a0\u00bb _builder_version=\u00a0\u00bb4.19.5&Prime; _module_preset=\u00a0\u00bbdefault\u00a0\u00bb locked=\u00a0\u00bbon\u00a0\u00bb global_colors_info=\u00a0\u00bb{}\u00a0\u00bb]<\/p>\n<h5>Referierende<\/h5>\n<p><!--div class=\"buttons\"><button class=\"grid icon_grid\"><span><\/span><\/button><button class=\"list icon_list\"><span><\/span><\/button><\/div-->[\/et_pb_text][et_pb_code _builder_version=\u00a0\u00bb4.19.5&Prime; _module_preset=\u00a0\u00bbdefault\u00a0\u00bb locked=\u00a0\u00bboff\u00a0\u00bb global_colors_info=\u00a0\u00bb{}\u00a0\u00bb]<div class=\"sf-speaker-slider\"><div class=\"uk-position-relative uk-visible-toggle uk-light\" tabindex=\"-1\"><ul class=\"uk-grid-small uk-child-width-1-4@s uk-child-width-1-4@m uk-child-width-1-4@l\" uk-grid uk-height-match=\"target: > li > .uk-card\">\n\n            <li>\n                <div class=\"uk-card uk-card-default\">\n                    <a href=\"#referent-8935\" uk-toggle>\n                    <div class=\"uk-card-media-top\">\n                        <img loading=\"lazy\" decoding=\"async\" width=\"200\" height=\"242\" src=\"https:\/\/www.schulthessforum.ch\/wp-content\/media\/Referenten\/VonAh_Julia2_200x242px.jpg\" class=\"attachment-schulthess_speaker size-schulthess_speaker wp-post-image\" alt=\"Von Ah_Julia\" \/>\n                        \n                    <\/div>\n                    <div class=\"uk-card uk-card-body\">\n                        <h4 class=\"speaker-card-name cardslider-card-name\">Prof. Dr. Julia von Ah<\/h4>\n                    <\/div>\n                    <\/a>\n                <\/div>\n            <\/li>\n            \n\n            <li>\n                <div class=\"uk-card uk-card-default\">\n                    <a href=\"#referent-29020\" uk-toggle>\n                    <div class=\"uk-card-media-top\">\n                        <img loading=\"lazy\" decoding=\"async\" width=\"200\" height=\"242\" src=\"https:\/\/www.schulthessforum.ch\/wp-content\/media\/Cavelti_Luzius_200x242px_V2.jpg\" class=\"attachment-schulthess_speaker size-schulthess_speaker wp-post-image\" alt=\"Cavelti_Luzius\" \/>\n                        \n                    <\/div>\n                    <div class=\"uk-card uk-card-body\">\n                        <h4 class=\"speaker-card-name cardslider-card-name\">Prof. Dr. Luzius Cavelti<\/h4>\n                    <\/div>\n                    <\/a>\n                <\/div>\n            <\/li>\n            \n\n            <li>\n                <div class=\"uk-card uk-card-default\">\n                    <a href=\"#referent-38535\" uk-toggle>\n                    <div class=\"uk-card-media-top\">\n                        <img loading=\"lazy\" decoding=\"async\" width=\"200\" height=\"242\" src=\"https:\/\/www.schulthessforum.ch\/wp-content\/media\/Referenten\/Baumer_Fabian_200x242px-1.jpg\" class=\"attachment-schulthess_speaker size-schulthess_speaker wp-post-image\" alt=\"\" \/>\n                        \n                    <\/div>\n                    <div class=\"uk-card uk-card-body\">\n                        <h4 class=\"speaker-card-name cardslider-card-name\"> Fabian Baumer<\/h4>\n                    <\/div>\n                    <\/a>\n                <\/div>\n            <\/li>\n            \n\n            <li>\n                <div class=\"uk-card uk-card-default\">\n                    <a href=\"#referent-38691\" uk-toggle>\n                    <div class=\"uk-card-media-top\">\n                        <img loading=\"lazy\" decoding=\"async\" width=\"200\" height=\"242\" src=\"https:\/\/www.schulthessforum.ch\/wp-content\/media\/Referenten\/Bieri_Monika_200x242px.jpg\" class=\"attachment-schulthess_speaker size-schulthess_speaker wp-post-image\" alt=\"\" \/>\n                        \n                    <\/div>\n                    <div class=\"uk-card uk-card-body\">\n                        <h4 class=\"speaker-card-name cardslider-card-name\"> Monika Bieri<\/h4>\n                    <\/div>\n                    <\/a>\n                <\/div>\n            <\/li>\n            \n\n            <li>\n                <div class=\"uk-card uk-card-default\">\n                    <a href=\"#referent-38979\" uk-toggle>\n                    <div class=\"uk-card-media-top\">\n                        <img loading=\"lazy\" decoding=\"async\" width=\"200\" height=\"242\" src=\"https:\/\/www.schulthessforum.ch\/wp-content\/media\/Referenten\/Fischer-Thomas-Beda_200x242px.jpg\" class=\"attachment-schulthess_speaker size-schulthess_speaker wp-post-image\" alt=\"\" \/>\n                        \n                    <\/div>\n                    <div class=\"uk-card uk-card-body\">\n                        <h4 class=\"speaker-card-name cardslider-card-name\"> Thomas Fischer<\/h4>\n                    <\/div>\n                    <\/a>\n                <\/div>\n            <\/li>\n            \n\n            <li>\n                <div class=\"uk-card uk-card-default\">\n                    <a href=\"#referent-8958\" uk-toggle>\n                    <div class=\"uk-card-media-top\">\n                        <img loading=\"lazy\" decoding=\"async\" width=\"200\" height=\"242\" src=\"https:\/\/www.schulthessforum.ch\/wp-content\/media\/Referenten\/Gambaro_Gianfranco_200x242px.jpg\" class=\"attachment-schulthess_speaker size-schulthess_speaker wp-post-image\" alt=\"\" \/>\n                        \n                    <\/div>\n                    <div class=\"uk-card uk-card-body\">\n                        <h4 class=\"speaker-card-name cardslider-card-name\"> Gianfranco Gambaro<\/h4>\n                    <\/div>\n                    <\/a>\n                <\/div>\n            <\/li>\n            \n\n            <li>\n                <div class=\"uk-card uk-card-default\">\n                    <a href=\"#referent-6235\" uk-toggle>\n                    <div class=\"uk-card-media-top\">\n                        <img loading=\"lazy\" decoding=\"async\" width=\"200\" height=\"242\" src=\"https:\/\/www.schulthessforum.ch\/wp-content\/media\/Referenten\/Hess_Toni_200x242px.png\" class=\"attachment-schulthess_speaker size-schulthess_speaker wp-post-image\" alt=\"\" \/>\n                        \n                    <\/div>\n                    <div class=\"uk-card uk-card-body\">\n                        <h4 class=\"speaker-card-name cardslider-card-name\">Dr. Toni Hess<\/h4>\n                    <\/div>\n                    <\/a>\n                <\/div>\n            <\/li>\n            \n\n            <li>\n                <div class=\"uk-card uk-card-default\">\n                    <a href=\"#referent-29066\" uk-toggle>\n                    <div class=\"uk-card-media-top\">\n                        <img loading=\"lazy\" decoding=\"async\" width=\"200\" height=\"242\" src=\"https:\/\/www.schulthessforum.ch\/wp-content\/media\/Holenstein_Daniel_200x242px-1.jpg\" class=\"attachment-schulthess_speaker size-schulthess_speaker wp-post-image\" alt=\"Holenstein_Daniel\" \/>\n                        \n                    <\/div>\n                    <div class=\"uk-card uk-card-body\">\n                        <h4 class=\"speaker-card-name cardslider-card-name\"> Daniel Holenstein<\/h4>\n                    <\/div>\n                    <\/a>\n                <\/div>\n            <\/li>\n            \n\n            <li>\n                <div class=\"uk-card uk-card-default\">\n                    <a href=\"#referent-8966\" uk-toggle>\n                    <div class=\"uk-card-media-top\">\n                        <img loading=\"lazy\" decoding=\"async\" width=\"200\" height=\"242\" src=\"https:\/\/www.schulthessforum.ch\/wp-content\/media\/Referenten\/200x242_px_cmyk.jpg\" class=\"attachment-schulthess_speaker size-schulthess_speaker wp-post-image\" alt=\"Marlene Kobierski\" \/>\n                        \n                    <\/div>\n                    <div class=\"uk-card uk-card-body\">\n                        <h4 class=\"speaker-card-name cardslider-card-name\">Dr. Marlene Kobierski<\/h4>\n                    <\/div>\n                    <\/a>\n                <\/div>\n            <\/li>\n            \n\n            <li>\n                <div class=\"uk-card uk-card-default\">\n                    <a href=\"#referent-8968\" uk-toggle>\n                    <div class=\"uk-card-media-top\">\n                        <img loading=\"lazy\" decoding=\"async\" width=\"200\" height=\"242\" src=\"https:\/\/www.schulthessforum.ch\/wp-content\/media\/Referenten\/Kuettel_200x242_px.jpg\" class=\"attachment-schulthess_speaker size-schulthess_speaker wp-post-image\" alt=\"Remo_K\u00fcttel\" \/>\n                        \n                    <\/div>\n                    <div class=\"uk-card uk-card-body\">\n                        <h4 class=\"speaker-card-name cardslider-card-name\">Dr. Remo K\u00fcttel<\/h4>\n                    <\/div>\n                    <\/a>\n                <\/div>\n            <\/li>\n            \n\n            <li>\n                <div class=\"uk-card uk-card-default\">\n                    <a href=\"#referent-8970\" uk-toggle>\n                    <div class=\"uk-card-media-top\">\n                        <img loading=\"lazy\" decoding=\"async\" width=\"200\" height=\"242\" src=\"https:\/\/www.schulthessforum.ch\/wp-content\/media\/Referenten\/Lissi_Alberto_200x242px.jpg\" class=\"attachment-schulthess_speaker size-schulthess_speaker wp-post-image\" alt=\"\" \/>\n                        \n                    <\/div>\n                    <div class=\"uk-card uk-card-body\">\n                        <h4 class=\"speaker-card-name cardslider-card-name\">Dr. Alberto Lissi<\/h4>\n                    <\/div>\n                    <\/a>\n                <\/div>\n            <\/li>\n            \n\n            <li>\n                <div class=\"uk-card uk-card-default\">\n                    <a href=\"#referent-8983\" uk-toggle>\n                    <div class=\"uk-card-media-top\">\n                        <img loading=\"lazy\" decoding=\"async\" width=\"200\" height=\"242\" src=\"https:\/\/www.schulthessforum.ch\/wp-content\/media\/TEST-IReNE-Datenschutz-Arbeitsrecht\/2022\/Wild_Roland_200x242px-1.jpg\" class=\"attachment-schulthess_speaker size-schulthess_speaker wp-post-image\" alt=\"Wild Roland\" \/>\n                        \n                    <\/div>\n                    <div class=\"uk-card uk-card-body\">\n                        <h4 class=\"speaker-card-name cardslider-card-name\"> Roland Wild<\/h4>\n                    <\/div>\n                    <\/a>\n                <\/div>\n            <\/li>\n            <\/ul><\/div>\n        <div id=\"referent-8935\" class=\"referent-modal uk-flex-top\" uk-modal>\n            <div class=\"uk-modal-dialog uk-margin-auto-vertical\">\n                <button class=\"uk-modal-close-default\" type=\"button\" uk-close><\/button>\n                <div class=\"uk-grid-small\" uk-grid>\n                    <div class=\"uk-width-auto@m\">\n                        \n                        <img loading=\"lazy\" decoding=\"async\" width=\"200\" height=\"242\" src=\"https:\/\/www.schulthessforum.ch\/wp-content\/media\/Referenten\/VonAh_Julia2_200x242px.jpg\" class=\"attachment-schulthess_speaker size-schulthess_speaker wp-post-image\" alt=\"Von Ah_Julia\" \/>\n                    <\/div>\n                    <div class=\"uk-width-expand@m\">\n                        <h4 class=\"uk-modal-title\">Prof. Dr. Julia von Ah<\/h4>\n                        <p class=\"referent-info\"><span class=\"referenten-position\">Prof. Dr. oec. publ., dipl. Steuerexpertin, Vizepr\u00e4sidentin des Instituts f\u00fcr Schweizerisches und Internationales Steuerrecht (ISIS) und Mitglied von dessen Gesch\u00e4ftsleitungsausschuss<\/span> <span class=\"referenten-company\"><\/span><\/p>\n                        <p class=\"referent-kurzbeschreibung\"><p>Julia von Ah promovierte an der Universit\u00e4t Z\u00fcrich, ber\u00e4t als dipl. Steuerexpertin mit ihrer Steuerkanzlei von Ah &amp; Partner AG Unternehmen und verm\u00f6gende Privatpersonen in nationalen und internationalen Steuerfragen, publiziert und referiert regelm\u00e4ssig und ist in der Lehre aktiv.<\/p>\n<\/p>\n                    <\/div>\n                <\/div>\n\n                <div class=\"uk-modal-footer card-arrows uk-text-right\">\n                    <button href=\"javascript:void(0);\" class=\"card-arrow-prev\" onclick=\"navigateReferent('prev', 8983);\"><\/button>\n                    <button href=\"javascript:void(0);\" class=\"card-arrow-next\" onclick=\"navigateReferent('next', 29020);\"><\/button>\n                <\/div>\n            <\/div>\n        <\/div>\n        \n        <div id=\"referent-29020\" class=\"referent-modal uk-flex-top\" uk-modal>\n            <div class=\"uk-modal-dialog uk-margin-auto-vertical\">\n                <button class=\"uk-modal-close-default\" type=\"button\" uk-close><\/button>\n                <div class=\"uk-grid-small\" uk-grid>\n                    <div class=\"uk-width-auto@m\">\n                        \n                        <img loading=\"lazy\" decoding=\"async\" width=\"200\" height=\"242\" src=\"https:\/\/www.schulthessforum.ch\/wp-content\/media\/Cavelti_Luzius_200x242px_V2.jpg\" class=\"attachment-schulthess_speaker size-schulthess_speaker wp-post-image\" alt=\"Cavelti_Luzius\" \/>\n                    <\/div>\n                    <div class=\"uk-width-expand@m\">\n                        <h4 class=\"uk-modal-title\">Prof. Dr. Luzius Cavelti<\/h4>\n                        <p class=\"referent-info\"><span class=\"referenten-position\">Prof. Dr. iur., LL.M., Rechtsanwalt und diplomierter Steuerexperte, Professor f\u00fcr Steuerrecht <\/span> <span class=\"referenten-company\">Universit\u00e4t Basel <\/span><\/p>\n                        <p class=\"referent-kurzbeschreibung\"><p>Luzius Cavelti ist Professor f\u00fcr Steuerrecht an der Universit\u00e4t Basel und Partner bei Altenburger Ltd. legal + tax in Z\u00fcrich. Er erwarb einen LL.M.-Abschluss an der Columbia University in New York. Zudem ist er diplomierter Steuerexperte und Rechtsanwalt. Im Jahr 2015 promovierte Luzius Cavelti an der Universit\u00e4t Bern, und 2023 erhielt er die Venia Docendi (Habilitation) f\u00fcr Schweizer und internationales Steuerrecht sowie Rechtstheorie von der Universit\u00e4t Basel. Derzeit ist er Herausgeber der Fachzeitschrift ZSIS), Gesch\u00e4ftsleitungsmitglied des Instituts f\u00fcr Schweizerisches und Internationales Steuerrecht sowie Vorstandsmitglied der International Fiscal Association (IFA) Schweiz.<\/p>\n<\/p>\n                    <\/div>\n                <\/div>\n\n                <div class=\"uk-modal-footer card-arrows uk-text-right\">\n                    <button href=\"javascript:void(0);\" class=\"card-arrow-prev\" onclick=\"navigateReferent('prev', 8935);\"><\/button>\n                    <button href=\"javascript:void(0);\" class=\"card-arrow-next\" onclick=\"navigateReferent('next', 38535);\"><\/button>\n                <\/div>\n            <\/div>\n        <\/div>\n        \n        <div id=\"referent-38535\" class=\"referent-modal uk-flex-top\" uk-modal>\n            <div class=\"uk-modal-dialog uk-margin-auto-vertical\">\n                <button class=\"uk-modal-close-default\" type=\"button\" uk-close><\/button>\n                <div class=\"uk-grid-small\" uk-grid>\n                    <div class=\"uk-width-auto@m\">\n                        \n                        <img loading=\"lazy\" decoding=\"async\" width=\"200\" height=\"242\" src=\"https:\/\/www.schulthessforum.ch\/wp-content\/media\/Referenten\/Baumer_Fabian_200x242px-1.jpg\" class=\"attachment-schulthess_speaker size-schulthess_speaker wp-post-image\" alt=\"\" \/>\n                    <\/div>\n                    <div class=\"uk-width-expand@m\">\n                        <h4 class=\"uk-modal-title\"> Fabian Baumer<\/h4>\n                        <p class=\"referent-info\"><span class=\"referenten-position\">lic. iur., RA, dipl. Steuerexperte, Leiter Steuerpolitik,\r\n<\/span> <span class=\"referenten-company\">ESTV<\/span><\/p>\n                        <p class=\"referent-kurzbeschreibung\"><p>Fabian Baumer ist Mitglied der Gesch\u00e4ftsleitung der Eidgen\u00f6ssischen Steuerverwaltung und leitet die Hauptabteilung Steuerpolitik. Zuvor war er als Steuerberater in einer internationalen Anwaltskanzlei sowie als Leiter des Rechtsdiensts einer kantonalen Steuerverwaltung t\u00e4tig. Fabian Baumer ist Rechtsanwalt und eidgen\u00f6ssisch diplomierter Steuerexperte. Er referiert und publiziert regelm\u00e4ssig zu steuerpolitischen Themen und ist Gastdozent an den Universit\u00e4ten Lausanne und St. Gallen.<\/p>\n<\/p>\n                    <\/div>\n                <\/div>\n\n                <div class=\"uk-modal-footer card-arrows uk-text-right\">\n                    <button href=\"javascript:void(0);\" class=\"card-arrow-prev\" onclick=\"navigateReferent('prev', 29020);\"><\/button>\n                    <button href=\"javascript:void(0);\" class=\"card-arrow-next\" onclick=\"navigateReferent('next', 38691);\"><\/button>\n                <\/div>\n            <\/div>\n        <\/div>\n        \n        <div id=\"referent-38691\" class=\"referent-modal uk-flex-top\" uk-modal>\n            <div class=\"uk-modal-dialog uk-margin-auto-vertical\">\n                <button class=\"uk-modal-close-default\" type=\"button\" uk-close><\/button>\n                <div class=\"uk-grid-small\" uk-grid>\n                    <div class=\"uk-width-auto@m\">\n                        \n                        <img loading=\"lazy\" decoding=\"async\" width=\"200\" height=\"242\" src=\"https:\/\/www.schulthessforum.ch\/wp-content\/media\/Referenten\/Bieri_Monika_200x242px.jpg\" class=\"attachment-schulthess_speaker size-schulthess_speaker wp-post-image\" alt=\"\" \/>\n                    <\/div>\n                    <div class=\"uk-width-expand@m\">\n                        <h4 class=\"uk-modal-title\"> Monika Bieri<\/h4>\n                        <p class=\"referent-info\"><span class=\"referenten-position\">MSc in Betriebswirtschaftslehre, LL.M. Swiss and International Taxation, MAS in Accounting and Controlling, PG Diploma in Transfer Pricing, Partnerin,<\/span> <span class=\"referenten-company\">Tax Partner<\/span><\/p>\n                        <p class=\"referent-kurzbeschreibung\"><p>Monika Bieri verf\u00fcgt \u00fcber rund 20 Jahre Erfahrung im nationalen und internationalen Steuerrecht. Sie begann ihre Karriere als Steuerberaterin bei einer Big-Four und wechselte anschliessend in die Steuerabteilung eines internationalen Konzerns. Seit 2016 ist Monika Bieri bei Tax Partner t\u00e4tig; 2024 wurde sie zur Partnerin ernannt. Ihre Beratungsschwerpunkte liegen im internationalen Unternehmenssteuerrecht mit Fokus auf Verrechnungspreise. Monika Bieri ist Autorin diverser Publikationen zum schweizerischen und internationalen Steuerrecht und tritt regelm\u00e4ssig als Referentin an einschl\u00e4gigen Fachveranstaltungen auf.<\/p>\n<\/p>\n                    <\/div>\n                <\/div>\n\n                <div class=\"uk-modal-footer card-arrows uk-text-right\">\n                    <button href=\"javascript:void(0);\" class=\"card-arrow-prev\" onclick=\"navigateReferent('prev', 38535);\"><\/button>\n                    <button href=\"javascript:void(0);\" class=\"card-arrow-next\" onclick=\"navigateReferent('next', 38979);\"><\/button>\n                <\/div>\n            <\/div>\n        <\/div>\n        \n        <div id=\"referent-38979\" class=\"referent-modal uk-flex-top\" uk-modal>\n            <div class=\"uk-modal-dialog uk-margin-auto-vertical\">\n                <button class=\"uk-modal-close-default\" type=\"button\" uk-close><\/button>\n                <div class=\"uk-grid-small\" uk-grid>\n                    <div class=\"uk-width-auto@m\">\n                        \n                        <img loading=\"lazy\" decoding=\"async\" width=\"200\" height=\"242\" src=\"https:\/\/www.schulthessforum.ch\/wp-content\/media\/Referenten\/Fischer-Thomas-Beda_200x242px.jpg\" class=\"attachment-schulthess_speaker size-schulthess_speaker wp-post-image\" alt=\"\" \/>\n                    <\/div>\n                    <div class=\"uk-width-expand@m\">\n                        <h4 class=\"uk-modal-title\"> Thomas Fischer<\/h4>\n                        <p class=\"referent-info\"><span class=\"referenten-position\">Rechtsanwalt, Chef Steueramt,<\/span> <span class=\"referenten-company\">Steueramt des Kantons Solothurn<\/span><\/p>\n                        <p class=\"referent-kurzbeschreibung\"><\/p>\n                    <\/div>\n                <\/div>\n\n                <div class=\"uk-modal-footer card-arrows uk-text-right\">\n                    <button href=\"javascript:void(0);\" class=\"card-arrow-prev\" onclick=\"navigateReferent('prev', 38691);\"><\/button>\n                    <button href=\"javascript:void(0);\" class=\"card-arrow-next\" onclick=\"navigateReferent('next', 8958);\"><\/button>\n                <\/div>\n            <\/div>\n        <\/div>\n        \n        <div id=\"referent-8958\" class=\"referent-modal uk-flex-top\" uk-modal>\n            <div class=\"uk-modal-dialog uk-margin-auto-vertical\">\n                <button class=\"uk-modal-close-default\" type=\"button\" uk-close><\/button>\n                <div class=\"uk-grid-small\" uk-grid>\n                    <div class=\"uk-width-auto@m\">\n                        \n                        <img loading=\"lazy\" decoding=\"async\" width=\"200\" height=\"242\" src=\"https:\/\/www.schulthessforum.ch\/wp-content\/media\/Referenten\/Gambaro_Gianfranco_200x242px.jpg\" class=\"attachment-schulthess_speaker size-schulthess_speaker wp-post-image\" alt=\"\" \/>\n                    <\/div>\n                    <div class=\"uk-width-expand@m\">\n                        <h4 class=\"uk-modal-title\"> Gianfranco Gambaro<\/h4>\n                        <p class=\"referent-info\"><span class=\"referenten-position\">MLaw, Rechtsanwalt,<\/span> <span class=\"referenten-company\">Zanetti & Schmidhauser Rechtsanw\u00e4lte<\/span><\/p>\n                        <p class=\"referent-kurzbeschreibung\"><p>Gianfranco Gambaro war \u00fcber mehrere Jahre f\u00fcr das Steueramt der Stadt Z\u00fcrich im Bereich Grundsteuern t\u00e4tig und war dort schwergewichtig f\u00fcr Praxisfestlegungen sowie die Koordination mit anderen Steuer\u00e4mtern zust\u00e4ndig. Seit 2026 arbeitet er bei der Kanzlei Zanetti &amp; Schmidhauser Rechtsanw\u00e4lte.<\/p>\n<\/p>\n                    <\/div>\n                <\/div>\n\n                <div class=\"uk-modal-footer card-arrows uk-text-right\">\n                    <button href=\"javascript:void(0);\" class=\"card-arrow-prev\" onclick=\"navigateReferent('prev', 38979);\"><\/button>\n                    <button href=\"javascript:void(0);\" class=\"card-arrow-next\" onclick=\"navigateReferent('next', 6235);\"><\/button>\n                <\/div>\n            <\/div>\n        <\/div>\n        \n        <div id=\"referent-6235\" class=\"referent-modal uk-flex-top\" uk-modal>\n            <div class=\"uk-modal-dialog uk-margin-auto-vertical\">\n                <button class=\"uk-modal-close-default\" type=\"button\" uk-close><\/button>\n                <div class=\"uk-grid-small\" uk-grid>\n                    <div class=\"uk-width-auto@m\">\n                        \n                        <img loading=\"lazy\" decoding=\"async\" width=\"200\" height=\"242\" src=\"https:\/\/www.schulthessforum.ch\/wp-content\/media\/Referenten\/Hess_Toni_200x242px.png\" class=\"attachment-schulthess_speaker size-schulthess_speaker wp-post-image\" alt=\"\" \/>\n                    <\/div>\n                    <div class=\"uk-width-expand@m\">\n                        <h4 class=\"uk-modal-title\">Dr. Toni Hess<\/h4>\n                        <p class=\"referent-info\"><span class=\"referenten-position\">Dr. iur., Leiter Rechtsdienst und Stellvertreter des Vorstehers,<\/span> <span class=\"referenten-company\">Kantonale Steuerverwaltung Graub\u00fcnden<\/span><\/p>\n                        <p class=\"referent-kurzbeschreibung\"><p>Toni Hess ist Leiter des Rechtsdienstes und Stellvertreter des Vorstehers der Kantonalen Steuerverwaltung Graub\u00fcnden, Chur. Er besch\u00e4ftigt sich mit Schwerpunkt auf komplexen Fragen im Bereich der Besteuerung von nat\u00fcrlichen Personen, von Stiftungen und Trusts sowie mit verfahrensrechtlichen Fragen. Auch vertritt er die Kantonale Steuerverwaltung Graub\u00fcnden vor den Gerichten. Er referiert und publiziert regelm\u00e4ssig zu steuerrechtlichen Themen.<\/p>\n<\/p>\n                    <\/div>\n                <\/div>\n\n                <div class=\"uk-modal-footer card-arrows uk-text-right\">\n                    <button href=\"javascript:void(0);\" class=\"card-arrow-prev\" onclick=\"navigateReferent('prev', 8958);\"><\/button>\n                    <button href=\"javascript:void(0);\" class=\"card-arrow-next\" onclick=\"navigateReferent('next', 29066);\"><\/button>\n                <\/div>\n            <\/div>\n        <\/div>\n        \n        <div id=\"referent-29066\" class=\"referent-modal uk-flex-top\" uk-modal>\n            <div class=\"uk-modal-dialog uk-margin-auto-vertical\">\n                <button class=\"uk-modal-close-default\" type=\"button\" uk-close><\/button>\n                <div class=\"uk-grid-small\" uk-grid>\n                    <div class=\"uk-width-auto@m\">\n                        \n                        <img loading=\"lazy\" decoding=\"async\" width=\"200\" height=\"242\" src=\"https:\/\/www.schulthessforum.ch\/wp-content\/media\/Holenstein_Daniel_200x242px-1.jpg\" class=\"attachment-schulthess_speaker size-schulthess_speaker wp-post-image\" alt=\"Holenstein_Daniel\" \/>\n                    <\/div>\n                    <div class=\"uk-width-expand@m\">\n                        <h4 class=\"uk-modal-title\"> Daniel Holenstein<\/h4>\n                        <p class=\"referent-info\"><span class=\"referenten-position\">lic.iur., Rechtsanwalt und eidg. dipl. Steuerexperte, Partner,<\/span> <span class=\"referenten-company\">NSF Rechtsanw\u00e4lte AG<\/span><\/p>\n                        <p class=\"referent-kurzbeschreibung\"><p>Daniel Holenstein ber\u00e4t Kunden in Steuer- und Steuerstrafverfahren. Daniel Holenstein ist Lehrbeauftragter f\u00fcr Steuerstrafrecht an CAS WISTRA der Staatsanwaltsakademie, der Kaleidos Fachhochschule sowie des LL.M. Programms an der Universit\u00e4t Vaduz. Er referiert an Fachtagungen im In- und Ausland und publiziert regelm\u00e4ssig in Fachzeitschriften. In 2023 hat er in der isis-Schriftenreihe \u201eDie straflose R\u00fcckkehr in die Steuerehrlichkeit nach Einf\u00fchrung des automatischen Informationsaustausches\u201c ver\u00f6ffentlicht.<\/p>\n<\/p>\n                    <\/div>\n                <\/div>\n\n                <div class=\"uk-modal-footer card-arrows uk-text-right\">\n                    <button href=\"javascript:void(0);\" class=\"card-arrow-prev\" onclick=\"navigateReferent('prev', 6235);\"><\/button>\n                    <button href=\"javascript:void(0);\" class=\"card-arrow-next\" onclick=\"navigateReferent('next', 8966);\"><\/button>\n                <\/div>\n            <\/div>\n        <\/div>\n        \n        <div id=\"referent-8966\" class=\"referent-modal uk-flex-top\" uk-modal>\n            <div class=\"uk-modal-dialog uk-margin-auto-vertical\">\n                <button class=\"uk-modal-close-default\" type=\"button\" uk-close><\/button>\n                <div class=\"uk-grid-small\" uk-grid>\n                    <div class=\"uk-width-auto@m\">\n                        \n                        <img loading=\"lazy\" decoding=\"async\" width=\"200\" height=\"242\" src=\"https:\/\/www.schulthessforum.ch\/wp-content\/media\/Referenten\/200x242_px_cmyk.jpg\" class=\"attachment-schulthess_speaker size-schulthess_speaker wp-post-image\" alt=\"Marlene Kobierski\" \/>\n                    <\/div>\n                    <div class=\"uk-width-expand@m\">\n                        <h4 class=\"uk-modal-title\">Dr. Marlene Kobierski<\/h4>\n                        <p class=\"referent-info\"><span class=\"referenten-position\">Dr. iur., dipl. Steuerexpertin<\/span> <span class=\"referenten-company\">Steuerverwaltung Kanton Bern<\/span><\/p>\n                        <p class=\"referent-kurzbeschreibung\"><p>Marlene Kobierski ist als Koordinatorin im Gesch\u00e4ftsbereich Recht und Koordination fachlich verantwortlich f\u00fcr die Besteuerung von Privatpersonen. Sie ist zust\u00e4ndig f\u00fcr die Festlegung der Praxis, das Bearbeiten von Rulings, die fachliche Ausbildung und fungiert als Ansprechpartnerin der Mitarbeitenden in der Veranlagung, der Berater\/innen und steuerpflichtigen Personen f\u00fcr komplexe Steuerfragen (bspw. Verm\u00f6gensstrukturen, Besteuerung nach dem Aufwand). Sie engagiert sich in verschiedenen Arbeitsgruppen der SSK und ist regelm\u00e4ssig als Referentin t\u00e4tig.<\/p>\n<\/p>\n                    <\/div>\n                <\/div>\n\n                <div class=\"uk-modal-footer card-arrows uk-text-right\">\n                    <button href=\"javascript:void(0);\" class=\"card-arrow-prev\" onclick=\"navigateReferent('prev', 29066);\"><\/button>\n                    <button href=\"javascript:void(0);\" class=\"card-arrow-next\" onclick=\"navigateReferent('next', 8968);\"><\/button>\n                <\/div>\n            <\/div>\n        <\/div>\n        \n        <div id=\"referent-8968\" class=\"referent-modal uk-flex-top\" uk-modal>\n            <div class=\"uk-modal-dialog uk-margin-auto-vertical\">\n                <button class=\"uk-modal-close-default\" type=\"button\" uk-close><\/button>\n                <div class=\"uk-grid-small\" uk-grid>\n                    <div class=\"uk-width-auto@m\">\n                        \n                        <img loading=\"lazy\" decoding=\"async\" width=\"200\" height=\"242\" src=\"https:\/\/www.schulthessforum.ch\/wp-content\/media\/Referenten\/Kuettel_200x242_px.jpg\" class=\"attachment-schulthess_speaker size-schulthess_speaker wp-post-image\" alt=\"Remo_K\u00fcttel\" \/>\n                    <\/div>\n                    <div class=\"uk-width-expand@m\">\n                        <h4 class=\"uk-modal-title\">Dr. Remo K\u00fcttel<\/h4>\n                        <p class=\"referent-info\"><span class=\"referenten-position\">Dr. oec. publ., dipl. Steuerexperte, Fachleiter Unternehmenssteuern,<\/span> <span class=\"referenten-company\">Kantonales Steueramt Z\u00fcrich<\/span><\/p>\n                        <p class=\"referent-kurzbeschreibung\"><p>Remo K\u00fcttel ist als Fachleiter Unternehmenssteuern des Kantonalen Steueramts Z\u00fcrich t\u00e4tig und ist Vorsitzender der Arbeitsgruppe Unternehmenssteuern der Schweizerischen Steuerkonferenz. Remo K\u00fcttel war zuvor Steuerberater und Partner bei PwC Schweiz und Tax Partner AG, Z\u00fcrich, sowie langj\u00e4hriges Mitglied der Fachkommission Steuern bei EXPERTsuisse.<\/p>\n<\/p>\n                    <\/div>\n                <\/div>\n\n                <div class=\"uk-modal-footer card-arrows uk-text-right\">\n                    <button href=\"javascript:void(0);\" class=\"card-arrow-prev\" onclick=\"navigateReferent('prev', 8966);\"><\/button>\n                    <button href=\"javascript:void(0);\" class=\"card-arrow-next\" onclick=\"navigateReferent('next', 8970);\"><\/button>\n                <\/div>\n            <\/div>\n        <\/div>\n        \n        <div id=\"referent-8970\" class=\"referent-modal uk-flex-top\" uk-modal>\n            <div class=\"uk-modal-dialog uk-margin-auto-vertical\">\n                <button class=\"uk-modal-close-default\" type=\"button\" uk-close><\/button>\n                <div class=\"uk-grid-small\" uk-grid>\n                    <div class=\"uk-width-auto@m\">\n                        \n                        <img loading=\"lazy\" decoding=\"async\" width=\"200\" height=\"242\" src=\"https:\/\/www.schulthessforum.ch\/wp-content\/media\/Referenten\/Lissi_Alberto_200x242px.jpg\" class=\"attachment-schulthess_speaker size-schulthess_speaker wp-post-image\" alt=\"\" \/>\n                    <\/div>\n                    <div class=\"uk-width-expand@m\">\n                        <h4 class=\"uk-modal-title\">Dr. Alberto Lissi<\/h4>\n                        <p class=\"referent-info\"><span class=\"referenten-position\">Dr. iur., Rechtsanwalt, dipl. Steuerexperte, Partner,<\/span> <span class=\"referenten-company\">Tax Partner<\/span><\/p>\n                        <p class=\"referent-kurzbeschreibung\"><p>Alberto Lissi ist Rechtsanwalt und diplomierter Steuerexperte. Er war w\u00e4hrend rund 15 Jahren als Berater im nationalen und internationalen Steuerrecht zun\u00e4chst bei Arthur Andersen und anschliessend als Partner bei Ernst &#038; Young t\u00e4tig. Seit 2012 ist er Partner bei Tax Partner. Seine breite Erfahrung umfasst sowohl die Steuerberatung bei nationalen und internationalen Planungen und Reorganisationen von Unternehmungen als auch die steuerliche Unterst\u00fctzung von Banken und Finanzdienstleistern. Alberto Lissi ist Dozent an ausgew\u00e4hlten Seminaren und Nachdiplomstudien im Steuerrecht. Er publiziert regelm\u00e4ssig Beitr\u00e4ge zu verschiedenen Themen des nationalen und internationalen Steuerrechts.<\/p>\n<\/p>\n                    <\/div>\n                <\/div>\n\n                <div class=\"uk-modal-footer card-arrows uk-text-right\">\n                    <button href=\"javascript:void(0);\" class=\"card-arrow-prev\" onclick=\"navigateReferent('prev', 8968);\"><\/button>\n                    <button href=\"javascript:void(0);\" class=\"card-arrow-next\" onclick=\"navigateReferent('next', 8983);\"><\/button>\n                <\/div>\n            <\/div>\n        <\/div>\n        \n        <div id=\"referent-8983\" class=\"referent-modal uk-flex-top\" uk-modal>\n            <div class=\"uk-modal-dialog uk-margin-auto-vertical\">\n                <button class=\"uk-modal-close-default\" type=\"button\" uk-close><\/button>\n                <div class=\"uk-grid-small\" uk-grid>\n                    <div class=\"uk-width-auto@m\">\n                        \n                        <img loading=\"lazy\" decoding=\"async\" width=\"200\" height=\"242\" src=\"https:\/\/www.schulthessforum.ch\/wp-content\/media\/TEST-IReNE-Datenschutz-Arbeitsrecht\/2022\/Wild_Roland_200x242px-1.jpg\" class=\"attachment-schulthess_speaker size-schulthess_speaker wp-post-image\" alt=\"Wild Roland\" \/>\n                    <\/div>\n                    <div class=\"uk-width-expand@m\">\n                        <h4 class=\"uk-modal-title\"> Roland Wild<\/h4>\n                        <p class=\"referent-info\"><span class=\"referenten-position\">M.A. (HSG), Rechtsanwalt, dipl. Steuerexperte, Partner,<\/span> <span class=\"referenten-company\">Schellenberg Wittmer<\/span><\/p>\n                        <p class=\"referent-kurzbeschreibung\"><p>Roland Wild ist Partner in der Steuerabteilung von Schellenberg Wittmer in Z\u00fcrich. Er hat Erfahrung in allen Bereichen des Steuerrechts, insbesondere im Unternehmenssteuerrecht und ist sowohl beratend als auch forensisch t\u00e4tig. Er hat sich auf die Beratung von Kunden aus der Finanzbranche, insbesondere Banken, Verm\u00f6gensverwalter und Versicherungsgesellschaften, in Fragen der Finanzierung und Steuerplanung spezialisiert. Roland Wild ber\u00e4t auch in Steuerfragen w\u00e4hrend der Due-Diligence-, Strukturierungs- und Integrationsphase von M&amp;A- sowie Real Estate Transaktionen. Dar\u00fcber hinaus h\u00e4lt Roland Wild regelm\u00e4ssig Vortr\u00e4ge zu steuerlichen Themen und ist Autor verschiedener Fachartikel und Kommentierungen im Steuerrecht.<\/p>\n<\/p>\n                    <\/div>\n                <\/div>\n\n                <div class=\"uk-modal-footer card-arrows uk-text-right\">\n                    <button href=\"javascript:void(0);\" class=\"card-arrow-prev\" onclick=\"navigateReferent('prev', 8970);\"><\/button>\n                    <button href=\"javascript:void(0);\" class=\"card-arrow-next\" onclick=\"navigateReferent('next', 8935);\"><\/button>\n                <\/div>\n            <\/div>\n        <\/div>\n        <\/div>\n      <script>\n          function navigateReferent(direction, currentID) {\n              var speakers = [8935,29020,38535,38691,38979,8958,6235,29066,8966,8968,8970,8983];\n              var currentIndex = speakers.indexOf(currentID);\n\n              if (direction === \"prev\") {\n                  currentIndex = (currentIndex + speakers.length) % speakers.length;\n              } else if (direction === \"next\") {\n                  currentIndex = (currentIndex ) % speakers.length;\n              }\n\n              var targetID = speakers[currentIndex];\n              var targetModal = document.getElementById(\"referent-\" + targetID);\n              UIkit.modal(targetModal).show();\n          }\n      <\/script>\n        <script>\n            document.addEventListener(\"DOMContentLoaded\", function() {\n                const modalLinks = document.querySelectorAll(\"[uk-toggle]\");\n                const pageContainer = document.getElementById(\"page-container\");\n\n                \/\/ Neues <div> Element erstellen\n                const newDiv = document.createElement(\"div\");\n                newDiv.className = \"referenten-modal-background\";\n\n                \/\/ Das neue <div> dem Element mit der ID \"page-container\" hinzuf\u00fcgen\n                pageContainer.insertBefore(newDiv, pageContainer.firstChild);\n\n                const referentenModalBackground = document.querySelector(\".referenten-modal-background\");\n\n                modalLinks.forEach(link => {\n                    link.addEventListener(\"click\", function(event) {\n                        event.preventDefault();\n                        referentenModalBackground.classList.add(\"referenten-modal-open\");\n                    });\n                });\n\n                const modals = document.querySelectorAll(\".referent-modal\");\n                modals.forEach(modal => {\n                    modal.addEventListener(\"click\", function(event) {\n                        if (event.target === modal) {\n                            referentenModalBackground.classList.remove(\"referenten-modal-open\");\n                        }\n                    });\n                });\n\n                const closeModalButtons = document.querySelectorAll(\".uk-modal-close-default\");\n                closeModalButtons.forEach(button => {\n                    button.addEventListener(\"click\", function() {\n                        referentenModalBackground.classList.remove(\"referenten-modal-open\");\n                    });\n                });\n\n                \/\/ Funktion, um die Klasse zu entfernen\n                function closeModal() {\n                    referentenModalBackground.classList.remove(\"referenten-modal-open\");\n                }\n\n                \/\/ Event Listener f\u00fcr das Dr\u00fccken der Esc-Taste\n                document.addEventListener(\"keydown\", function(event) {\n                    if (event.key === \"Escape\") {\n                        closeModal();\n                    }\n                });\n            });\n        <\/script>[\/et_pb_code][\/et_pb_column_inner][\/et_pb_row_inner][et_pb_row_inner admin_label=\u00a0\u00bbFachthemen\u00a0\u00bb module_id=\u00a0\u00bbschulthess-product-specinfo\u00a0\u00bb _builder_version=\u00a0\u00bb4.22.1&Prime; _module_preset=\u00a0\u00bbdefault\u00a0\u00bb collapsed=\u00a0\u00bbon\u00a0\u00bb global_colors_info=\u00a0\u00bb{}\u00a0\u00bb][et_pb_column_inner saved_specialty_column_type=\u00a0\u00bb3_4&Prime; _builder_version=\u00a0\u00bb4.16&Prime; _module_preset=\u00a0\u00bbdefault\u00a0\u00bb global_colors_info=\u00a0\u00bb{}\u00a0\u00bb][et_pb_text admin_label=\u00a0\u00bb\u00dcberschrift\u00a0\u00bb module_id=\u00a0\u00bbschulthess-fachinformationen\u00a0\u00bb module_class=\u00a0\u00bbsf-h2&Prime; _builder_version=\u00a0\u00bb4.19.5&Prime; _module_preset=\u00a0\u00bbdefault\u00a0\u00bb global_colors_info=\u00a0\u00bb{}\u00a0\u00bb]<\/p>\n<h5>Fachthemen<\/h5>\n<p>[\/et_pb_text][et_pb_code _builder_version=\u00a0\u00bb4.19.5&Prime; _module_preset=\u00a0\u00bbdefault\u00a0\u00bb locked=\u00a0\u00bboff\u00a0\u00bb global_colors_info=\u00a0\u00bb{}\u00a0\u00bb]\n  <div class=\"sf-post-list\">\n\n    \n      \n              <div class=\"sf-full-width-row\">\n                <article class=\"sf-post-list-item sf-post-list-item-38695 et_pb_column_1_3 et_pb_column\">\n              <a href=\"https:\/\/www.schulthessforum.ch\/fachbeitrag\/abschaffung-der-eigenmietwertbesteuerung\/\" target=\"_blank\" rel=\"nofollow noopener\" title=\"Abschaffung der Eigenmietwertbesteuerung\">\n              <div class=\"sf-post-list-item-content-wrapper\">\n                  <div class=\"sf-post-list-item-content\">\n                                            <h3 class=\"fachbeitrag-autor\">\n                          Marlene Kobierski und Prof. Dr. Luzius Cavelti                      <\/h3>\n                                            <div clasS=\"sf-post-list-item-title-wrapper\">\n                        <h3 class=\"sf-post-list-item-title\">\n                            Abschaffung der Eigenmietwertbesteuerung                        <\/h3>\n                      <\/div>\n                      <div class=\"sf-post-list-item-excerpt\">\n                          Die Abschaffung des Eigenmietwerts zieht einen umfassenden Systemwechsel nach sich. F\u00fcr selbstgenutzte Liegenschaften entf\u00e4llt k\u00fcnftig der Abzug des Liegenschaftenunterhalts. Der Schuldzinsenabzug wird bei fremdgenutzten Liegenschaften beschr\u00e4nkt. Es bleiben zentrale Abgrenzungsfragen bestehen: ...                      <\/div>\n                  <\/div>\n\n              <\/div>\n              <\/a>\n          <\/article>\n            \n  \n      \n                <article class=\"sf-post-list-item sf-post-list-item-38699 et_pb_column_1_3 et_pb_column\">\n              <a href=\"https:\/\/www.schulthessforum.ch\/fachbeitrag\/indirekte-teilliquidation-bei-virtuellen-finanzierungsluecken\/\" target=\"_blank\" rel=\"nofollow noopener\" title=\"Indirekte Teilliquidation bei virtuellen Finanzierungsl\u00fccken\">\n              <div class=\"sf-post-list-item-content-wrapper\">\n                  <div class=\"sf-post-list-item-content\">\n                                            <h3 class=\"fachbeitrag-autor\">\n                          Roland Wild                      <\/h3>\n                                            <div clasS=\"sf-post-list-item-title-wrapper\">\n                        <h3 class=\"sf-post-list-item-title\">\n                            Indirekte Teilliquidation bei virtuellen Finanzierungsl\u00fccken                        <\/h3>\n                      <\/div>\n                      <div class=\"sf-post-list-item-excerpt\">\n                          Der heilige Gral des steuerfreien privaten Kapitalgewinns bei der Ver\u00e4usserung von Beteiligungen findet seine Schranken unter anderem im Tatbestand der indirekten Teilliquidation. Eine solche liegt bekanntlich vor, wenn innerhalb von f\u00fcnf Jahren nach dem Verkauf nicht betriebsnotwendige, bereits i...                      <\/div>\n                  <\/div>\n\n              <\/div>\n              <\/a>\n          <\/article>\n              <\/div>\n            \n  <\/div>\n\n  [\/et_pb_code][\/et_pb_column_inner][\/et_pb_row_inner][\/et_pb_column][et_pb_column type=\u00a0\u00bb1_4&Prime; _builder_version=\u00a0\u00bb4.16&Prime; custom_padding=\u00a0\u00bb|||\u00a0\u00bb global_colors_info=\u00a0\u00bb{}\u00a0\u00bb custom_padding__hover=\u00a0\u00bb|||\u00a0\u00bb][et_pb_code disabled_on=\u00a0\u00bbon|on|on\u00a0\u00bb admin_label=\u00a0\u00bbCredits &#8211; Info\u00a0\u00bb _builder_version=\u00a0\u00bb4.20.2&Prime; _module_preset=\u00a0\u00bbdefault\u00a0\u00bb custom_margin=\u00a0\u00bb||15px||false|false\u00a0\u00bb disabled=\u00a0\u00bbon\u00a0\u00bb locked=\u00a0\u00bboff\u00a0\u00bb global_colors_info=\u00a0\u00bb{}\u00a0\u00bb][\/et_pb_code][et_pb_text admin_label=\u00a0\u00bbTermin &#8211; Info\u00a0\u00bb module_class=\u00a0\u00bbdetail-info-sidebar-bg event-termin-info\u00a0\u00bb _builder_version=\u00a0\u00bb4.27.0&Prime; _module_preset=\u00a0\u00bbdefault\u00a0\u00bb global_colors_info=\u00a0\u00bb{}\u00a0\u00bb]<\/p>\n<h3>Termin\/Format<\/h3>\n<span class=\"event-date-termin-info\">10.09.2026 | 09:00 - 17:05<\/span><br><span class=\"event-kategorie-termin-info\">Steuerrecht | Konferenzen | Online-Teilnahme<\/span>\n<p>[\/et_pb_text][et_pb_text disabled_on=\u00a0\u00bbon|on|on\u00a0\u00bb admin_label=\u00a0\u00bbAusgebucht\u00a0\u00bb module_class=\u00a0\u00bbdetail-info-sidebar-bg\u00a0\u00bb _builder_version=\u00a0\u00bb4.27.4&Prime; _module_preset=\u00a0\u00bbdefault\u00a0\u00bb disabled=\u00a0\u00bbon\u00a0\u00bb locked=\u00a0\u00bboff\u00a0\u00bb global_colors_info=\u00a0\u00bb{}\u00a0\u00bb]<\/p>\n<h3 class=\"block-title\">Pr\u00e4senzteilnahme ausgebucht<\/h3>\n<p>[\/et_pb_text][et_pb_text disabled_on=\u00a0\u00bboff|off|off\u00a0\u00bb admin_label=\u00a0\u00bbPreis &#8211; Info\u00a0\u00bb module_class=\u00a0\u00bbdetail-info-sidebar-bg\u00a0\u00bb _builder_version=\u00a0\u00bb4.21.0&Prime; _module_preset=\u00a0\u00bbdefault\u00a0\u00bb global_colors_info=\u00a0\u00bb{}\u00a0\u00bb]<div class=\"sf-product-variant-detail-wrapper\" id=\"sf-product-variant-detail-wrapper\"><form action=\"https:\/\/www.schulthessforum.ch\/fr\/warenkorb\/\" method=\"get\"><h3 class=\"sf-product-variant-headline-1\">Manifestation en pr\u00e9sentiel<\/h3><label class=\"sf-product-variant-detail\"><input class=\"sf-product-variant-input\" type=\"radio\" id=\"38380\" name=\"variante\" value=\"38380\" required><span class=\"woocommerce-Price-amount amount\"><bdi><span class=\"woocommerce-Price-currencySymbol\">&#67;&#72;&#70;<\/span>&nbsp;890.00<\/bdi><\/span> TVA de 8.1% en sus.<\/label><h3 class=\"sf-product-variant-headline-2\">Participation en ligne<\/h3><label class=\"sf-product-variant-detail\"><input class=\"sf-product-variant-input\" type=\"radio\" id=\"38379\" name=\"variante\" value=\"38379\" required><span class=\"woocommerce-Price-amount amount\"><bdi><span class=\"woocommerce-Price-currencySymbol\">&#67;&#72;&#70;<\/span>&nbsp;750.00<\/bdi><\/span> TVA de 8.1% en sus.<\/label><input type=\"hidden\" id=\"38378\" name=\"event\" value=\"38378\"><span class=\"anmeldebutton-wrapper\"><input class=\"et_pb_button et_pb_button_0 schulthess-buy-button single_add_to_cart_button button wp-element-button\" data-icon=\"9\" type=\"submit\" value=\"Inscription\"><span class=\"anmeldebutton-icon\"><\/span><\/span><\/form><\/div>[\/et_pb_text][et_pb_text admin_label=\u00a0\u00bbRechnung Cosmos\u00a0\u00bb module_class=\u00a0\u00bbdetail-info-sidebar-bg\u00a0\u00bb _builder_version=\u00a0\u00bb4.22.1&Prime; _module_preset=\u00a0\u00bbdefault\u00a0\u00bb global_colors_info=\u00a0\u00bb{}\u00a0\u00bb]<\/p>\n<p>Nach Eingang Ihrer Anmeldung erhalten Sie eine Anmeldebest\u00e4tigung und eine Rechnung. <strong>Bitte beachten Sie, dass die Rechnung vom Mitveranstalter Cosmos Verlag und nicht von Schulthess Juristische Medien AG erstellt wird. <\/strong>Eine Teilnahmebest\u00e4tigung wird Ihnen vom Cosmos Verlag auf Wunsch nach der Veranstaltung ausgestellt (bitte melden Sie sich daf\u00fcr bei <strong>info@nzsk.ch<\/strong>).<\/p>\n<p>[\/et_pb_text][et_pb_text admin_label=\u00a0\u00bbVorteilspreis\u00a0\u00bb module_class=\u00a0\u00bbdetail-info-sidebar-bg\u00a0\u00bb _builder_version=\u00a0\u00bb4.27.4&Prime; _module_preset=\u00a0\u00bbdefault\u00a0\u00bb global_colors_info=\u00a0\u00bb{}\u00a0\u00bb]<\/p>\n<h3>Vorteilspreis<\/h3>\n<p>Abonnentinnen und Abonnenten iusnet Steuerrecht, Schweizerische Juristen-Zeitung und Steuer Revue | Revue fiscale erhalten 10% Rabatt bei der Anmeldung.<\/p>\n<p>[\/et_pb_text][et_pb_blurb disabled_on=\u00a0\u00bboff|off|off\u00a0\u00bb admin_label=\u00a0\u00bbTagungsleitung\u00a0\u00bb _builder_version=\u00a0\u00bb4.27.4&Prime; _module_preset=\u00a0\u00bbdefault\u00a0\u00bb background_color=\u00a0\u00bb#efefef\u00a0\u00bb custom_padding=\u00a0\u00bb40px|40px|40px|40px|false|false\u00a0\u00bb locked=\u00a0\u00bboff\u00a0\u00bb global_colors_info=\u00a0\u00bb{}\u00a0\u00bb]<\/p>\n<div class=\"content clearfix\">\n<div class=\"content clearfix\">\n<div class=\"content clearfix\">\n<h3>Konferenzleitung<\/h3>\n<h2 class=\"block-title\"><img loading=\"lazy\" decoding=\"async\" class=\"alignnone wp-image-39078 size-medium\" src=\"https:\/\/www.schulthessforum.ch\/wp-content\/media\/Referenten\/00_Tagungsleitung_nzsk_2026_-300x158.jpg\" alt=\"Tagungsleitung_nzsk_2026_\" width=\"300\" height=\"158\" \/><\/h2>\n<div class=\"content clearfix\">\n<p>Prof. Dr. Luzius Cavelti und Prof. Dr. Julia von Ah f\u00fchren durch das Programm der Neue Z\u00fcrcher Steuerkonferenz 2026.<\/p>\n<\/div>\n<\/div>\n<\/div>\n<\/div>\n<p>[\/et_pb_blurb][et_pb_text disabled_on=\u00a0\u00bboff|off|off\u00a0\u00bb admin_label=\u00a0\u00bbDarum lohnt sich die Teilnahme\u00a0\u00bb module_class=\u00a0\u00bbdetail-info-sidebar-bg\u00a0\u00bb _builder_version=\u00a0\u00bb4.27.4&Prime; _module_preset=\u00a0\u00bbdefault\u00a0\u00bb locked=\u00a0\u00bboff\u00a0\u00bb global_colors_info=\u00a0\u00bb{}\u00a0\u00bb]<\/p>\n<h3 class=\"block-title\">Anerkannte Weiterbildung zum Steuerrecht<\/h3>\n<p>Die Pr\u00e4senzteilnahme an der Konferenz wird im Rahmen der Richtlinien von TREUHAND|SUISSE als Weiterbildung (1 Tag) anerkannt.<\/p>\n<p>[\/et_pb_text][et_pb_text admin_label=\u00a0\u00bbAnreise &#8211; Info\u00a0\u00bb module_class=\u00a0\u00bbdetail-info-sidebar-bg\u00a0\u00bb _builder_version=\u00a0\u00bb4.22.1&Prime; _module_preset=\u00a0\u00bbdefault\u00a0\u00bb global_colors_info=\u00a0\u00bb{}\u00a0\u00bb]<\/p>\n<h3>Location\/Anreise<\/h3>\n<span class=\"event-anreise-info-adresse\">Renaissance Zurich Tower Hotel<br> Turbinenstrasse 20<br> 8005 Z\u00fcrich<br><\/span><br><span class=\"event-anreise-info-beschreibung\"><p>Wir empfehlen Ihnen die Anreise mit den \u00f6ffentlichen Verkehrsmitteln.<\/p>\n<\/span>\n<p>[\/et_pb_text][et_pb_code disabled_on=\u00a0\u00bbon|on|on\u00a0\u00bb admin_label=\u00a0\u00bbAnzeige(n)\u00a0\u00bb module_class=\u00a0\u00bbschulthess_product_ads\u00a0\u00bb _builder_version=\u00a0\u00bb4.22.1&Prime; _module_preset=\u00a0\u00bbdefault\u00a0\u00bb disabled=\u00a0\u00bbon\u00a0\u00bb locked=\u00a0\u00bboff\u00a0\u00bb global_colors_info=\u00a0\u00bb{}\u00a0\u00bb][\/et_pb_code][et_pb_blurb image_icon_width=\u00a0\u00bb100%\u00a0\u00bb disabled_on=\u00a0\u00bboff|off|off\u00a0\u00bb admin_label=\u00a0\u00bbSystemanforderungen\u00a0\u00bb _builder_version=\u00a0\u00bb4.27.4&Prime; _module_preset=\u00a0\u00bbdefault\u00a0\u00bb background_color=\u00a0\u00bb#efefef\u00a0\u00bb image_icon_custom_margin=\u00a0\u00bb30px||30px||false|false\u00a0\u00bb custom_padding=\u00a0\u00bb40px|40px|40px|40px|false|false\u00a0\u00bb locked=\u00a0\u00bboff\u00a0\u00bb global_colors_info=\u00a0\u00bb{}\u00a0\u00bb]<\/p>\n<h3>Systemanforderungen<\/h3>\n<p>F\u00fcr den Livestream verwenden wir die \u00abZoom Video-Webinare\u00bb-Technologie (<a href=\"https:\/\/zoom.us\/\" target=\"_blank\" rel=\"noopener\">zoom.us<\/a>). F\u00fcr die Teilnahme an einem Livestream ist ein Computer (<a href=\"https:\/\/support.zoom.us\/hc\/de\/articles\/201362023-Systemanforderungen-f%C3%BCr-Windows-macOS-und-Linux#h_92957a85-2506-43a2-bd4a-5bb274778518\" target=\"_blank\" rel=\"noopener\">Windows, Mac<\/a>) mit einem aktuellen Browser notwendig. Alternativ kann auch die Zoom-App auf einem Tablet oder Smartphone (<a href=\"https:\/\/support.zoom.us\/hc\/de\/articles\/201179966\" target=\"_blank\" rel=\"noopener\">Android, iOS<\/a>) verwendet werden.<\/p>\n<p>[\/et_pb_blurb][et_pb_text disabled_on=\u00a0\u00bboff|off|off\u00a0\u00bb admin_label=\u00a0\u00bbNewsletter-Anmeldung\u00a0\u00bb module_class=\u00a0\u00bbdetail-info-sidebar-bg\u00a0\u00bb _builder_version=\u00a0\u00bb4.27.0&Prime; _module_preset=\u00a0\u00bbdefault\u00a0\u00bb locked=\u00a0\u00bboff\u00a0\u00bb global_colors_info=\u00a0\u00bb{}\u00a0\u00bb]<\/p>\n<h3>Newsletter-Anmeldung<\/h3>\n<p><span data-teams=\"true\"><span class=\"ui-provider a b c d e f g h i j k l m n o p q r s t u v w x y z ab ac ae af ag ah ai aj ak\" dir=\"ltr\">M\u00f6chten Sie zu dieser und weiteren Veranstaltungen des Schulthess Forums informiert werden? Melden Sie sich <a href=\"https:\/\/www.schulthessforum.ch\/newsletter\/\"><strong>hier<\/strong><\/a> f\u00fcr den Newsletter an.<\/span><\/span><\/p>\n<p>[\/et_pb_text][\/et_pb_column][\/et_pb_section][et_pb_section fb_built=\u00a0\u00bb1&Prime; specialty=\u00a0\u00bbon\u00a0\u00bb module_class_2=\u00a0\u00bbschulthess-product-attendee-section\u00a0\u00bb disabled_on=\u00a0\u00bbon|on|on\u00a0\u00bb admin_label=\u00a0\u00bbInhalt mit Teilnehmerbereich\u00a0\u00bb module_id=\u00a0\u00bbschulthess-attendee-section\u00a0\u00bb module_class=\u00a0\u00bbschulthess-hidden\u00a0\u00bb _builder_version=\u00a0\u00bb4.22.1&Prime; _module_preset=\u00a0\u00bbdefault\u00a0\u00bb display_conditions=\u00a0\u00bbW3siaWQiOiI3NDc0ZmExMC0yZTg5LTQ3MDctYjM2Yi1iZDA3ZWJiMGZlZDEiLCJjb25kaXRpb24iOiJsb2dnZWRJblN0YXR1cyIsImNvbmRpdGlvblNldHRpbmdzIjp7ImRpc3BsYXlSdWxlIjoibG9nZ2VkSW4iLCJhZG1pbkxhYmVsIjoiQW5nZW1lbGRldGVyIFN0YXR1cyIsImVuYWJsZUNvbmRpdGlvbiI6Im9uIn0sIm9wZXJhdG9yIjoiT1IifV0=\u00a0\u00bb disabled=\u00a0\u00bbon\u00a0\u00bb locked=\u00a0\u00bboff\u00a0\u00bb collapsed=\u00a0\u00bboff\u00a0\u00bb global_colors_info=\u00a0\u00bb{}\u00a0\u00bb][et_pb_column type=\u00a0\u00bb3_4&Prime; specialty_columns=\u00a0\u00bb3&Prime; _builder_version=\u00a0\u00bb4.16&Prime; custom_padding=\u00a0\u00bb|||\u00a0\u00bb global_colors_info=\u00a0\u00bb{}\u00a0\u00bb custom_padding__hover=\u00a0\u00bb|||\u00a0\u00bb][et_pb_row_inner admin_label=\u00a0\u00bbHeadline Teilnehmerbereich\u00a0\u00bb _builder_version=\u00a0\u00bb4.17.4&Prime; _module_preset=\u00a0\u00bbdefault\u00a0\u00bb collapsed=\u00a0\u00bboff\u00a0\u00bb global_colors_info=\u00a0\u00bb{}\u00a0\u00bb][et_pb_column_inner saved_specialty_column_type=\u00a0\u00bb3_4&Prime; _builder_version=\u00a0\u00bb4.17.4&Prime; _module_preset=\u00a0\u00bbdefault\u00a0\u00bb global_colors_info=\u00a0\u00bb{}\u00a0\u00bb][et_pb_text admin_label=\u00a0\u00bbTeilnehmerbereich\u00a0\u00bb _builder_version=\u00a0\u00bb4.22.1&Prime; _module_preset=\u00a0\u00bbdefault\u00a0\u00bb global_colors_info=\u00a0\u00bb{}\u00a0\u00bb]<\/p>\n<h5>Teilnehmerbereich<\/h5>\n<p>[\/et_pb_text][sfdm_download_list admin_label=\u00a0\u00bbDownload List\u00a0\u00bb _builder_version=\u00a0\u00bb4.27.4&Prime; _module_preset=\u00a0\u00bbdefault\u00a0\u00bb global_colors_info=\u00a0\u00bb{}\u00a0\u00bb][sfdm_download_list_item title=\u00a0\u00bbProgramm\u00a0\u00bb file=\u00a0\u00bbhttps:\/\/www.schulthessforum.ch\/wp-content\/media\/NZSK-2025\/01_00_Programm-7.pdf\u00a0\u00bb _builder_version=\u00a0\u00bb4.27.4&Prime; _module_preset=\u00a0\u00bbdefault\u00a0\u00bb link_option_url_new_window=\u00a0\u00bbon\u00a0\u00bb global_colors_info=\u00a0\u00bb{}\u00a0\u00bb][\/sfdm_download_list_item][sfdm_download_list_item title=\u00a0\u00bbReferierende und Themen\u00a0\u00bb file=\u00a0\u00bbhttps:\/\/www.schulthessforum.ch\/wp-content\/media\/NZSK-2025\/02_00_Referierende-und-Themen-4.pdf\u00a0\u00bb _builder_version=\u00a0\u00bb4.27.4&Prime; _module_preset=\u00a0\u00bbdefault\u00a0\u00bb link_option_url_new_window=\u00a0\u00bbon\u00a0\u00bb global_colors_info=\u00a0\u00bb{}\u00a0\u00bb][\/sfdm_download_list_item][sfdm_download_list_item title=\u00a0\u00bb\u00dcberblick \u00fcber die aktuellen Entwicklungen im Bereich der Mindestbesteuerung_Dr. Christian Frey\u00a0\u00bb file=\u00a0\u00bbhttps:\/\/www.schulthessforum.ch\/wp-content\/media\/NZSK-2025\/03_00_Ueberblick-ueber-die-aktuellen-Entwicklungen-im-Bereich-der-Mindestbesteuerung_Dr.-Christian-Frey.pdf\u00a0\u00bb _builder_version=\u00a0\u00bb4.27.4&Prime; _module_preset=\u00a0\u00bbdefault\u00a0\u00bb link_option_url_new_window=\u00a0\u00bbon\u00a0\u00bb global_colors_info=\u00a0\u00bb{}\u00a0\u00bb][\/sfdm_download_list_item][sfdm_download_list_item title=\u00a0\u00bbGlobale Mindeststeuer: Wann unterliegt eine Gesellschaft der Erg\u00e4nzungssteuer?_Thomas Hug\u00a0\u00bb file=\u00a0\u00bbhttps:\/\/www.schulthessforum.ch\/wp-content\/media\/NZSK-2025\/04_00_Globale-Mindeststeuer-Wann-unterliegt-eine-Gesellschaft-der-Ergaenzungssteuer_Thomas-Hug.pdf\u00a0\u00bb _builder_version=\u00a0\u00bb4.27.4&Prime; _module_preset=\u00a0\u00bbdefault\u00a0\u00bb link_option_url_new_window=\u00a0\u00bbon\u00a0\u00bb global_colors_info=\u00a0\u00bb{}\u00a0\u00bb][\/sfdm_download_list_item][sfdm_download_list_item title=\u00a0\u00bbStrafbarkeit von Beratungsleistungen_Prof. Dr. Luzius Cavelti\u00a0\u00bb file=\u00a0\u00bbhttps:\/\/www.schulthessforum.ch\/wp-content\/media\/NZSK-2025\/05_00_Strafbarkeit-von-Beratungsleistungen_Prof.-Dr.-Luzius-Cavelti.pdf\u00a0\u00bb _builder_version=\u00a0\u00bb4.27.4&Prime; _module_preset=\u00a0\u00bbdefault\u00a0\u00bb link_option_url_new_window=\u00a0\u00bbon\u00a0\u00bb global_colors_info=\u00a0\u00bb{}\u00a0\u00bb][\/sfdm_download_list_item][sfdm_download_list_item title=\u00a0\u00bbPanel: Strafbarkeit von Beratungsleistungen_Daniel Holenstein, Emanuel Lauber und Prof. Dr. Wolfgang Wohlers, moderiert von Prof. Dr. Luzius Cavelti\u00a0\u00bb file=\u00a0\u00bbhttps:\/\/www.schulthessforum.ch\/wp-content\/media\/NZSK-2025\/06_00_Panel_Strafbarkeit-von-Beratungsleistungen_moderiert-von-Prof.-Dr.-Luzius-Cavelti.pdf\u00a0\u00bb _builder_version=\u00a0\u00bb4.27.4&Prime; _module_preset=\u00a0\u00bbdefault\u00a0\u00bb link_option_url_new_window=\u00a0\u00bbon\u00a0\u00bb global_colors_info=\u00a0\u00bb{}\u00a0\u00bb][\/sfdm_download_list_item][sfdm_download_list_item title=\u00a0\u00bbAnhang 1 Panel: Strafbarkeit von Beratungsleistungen BGE 6B_902024 Steuerhinterziehung Mitarbeiter\u00a0\u00bb file=\u00a0\u00bbhttps:\/\/www.schulthessforum.ch\/wp-content\/media\/NZSK-2025\/BGE-6B_902024-Steuerhinterziehung-Mitarbeiter-Original.pdf\u00a0\u00bb _builder_version=\u00a0\u00bb4.27.4&Prime; _module_preset=\u00a0\u00bbdefault\u00a0\u00bb link_option_url_new_window=\u00a0\u00bbon\u00a0\u00bb global_colors_info=\u00a0\u00bb{}\u00a0\u00bb][\/sfdm_download_list_item][sfdm_download_list_item title=\u00a0\u00bbAnhang 2 Panel: Strafbarkeit von Beratungsleistungen, BGE 6B_932024 Anstiftung Berater\u00a0\u00bb file=\u00a0\u00bbhttps:\/\/www.schulthessforum.ch\/wp-content\/media\/NZSK-2025\/BGE-6B_932024-Anstiftung-Berater-Original.pdf\u00a0\u00bb _builder_version=\u00a0\u00bb4.27.4&Prime; _module_preset=\u00a0\u00bbdefault\u00a0\u00bb link_option_url_new_window=\u00a0\u00bbon\u00a0\u00bb global_colors_info=\u00a0\u00bb{}\u00a0\u00bb][\/sfdm_download_list_item][sfdm_download_list_item title=\u00a0\u00bbAnhang 3 Panel: Strafbarkeit von Beratungsleistungen, S2_2023_33&Prime; file=\u00a0\u00bbhttps:\/\/www.schulthessforum.ch\/wp-content\/media\/NZSK-2025\/S2_2023_33.pdf\u00a0\u00bb _builder_version=\u00a0\u00bb4.27.4&Prime; _module_preset=\u00a0\u00bbdefault\u00a0\u00bb link_option_url_new_window=\u00a0\u00bbon\u00a0\u00bb global_colors_info=\u00a0\u00bb{}\u00a0\u00bb][\/sfdm_download_list_item][sfdm_download_list_item title=\u00a0\u00bbAnhang 4 Panel: Strafbarkeit von Beratungsleistungen, Urteil SE 2022 5_6 anonymisiert\u00a0\u00bb file=\u00a0\u00bbhttps:\/\/www.schulthessforum.ch\/wp-content\/media\/NZSK-2025\/Urteil-SE-2022-5_6-anonymisiert.pdf\u00a0\u00bb _builder_version=\u00a0\u00bb4.27.4&Prime; _module_preset=\u00a0\u00bbdefault\u00a0\u00bb link_option_url_new_window=\u00a0\u00bbon\u00a0\u00bb global_colors_info=\u00a0\u00bb{}\u00a0\u00bb][\/sfdm_download_list_item][sfdm_download_list_item title=\u00a0\u00bbBesteuerung von Konkubinatspaaren und was das f\u00fcr die Individualbesteuerung heissen k\u00f6nnte_Prof. Dr. Luzius Cavelti und Dr. Marlene Kobierski\u00a0\u00bb file=\u00a0\u00bbhttps:\/\/www.schulthessforum.ch\/wp-content\/media\/NZSK-2025\/07_00_Besteuerung-von-Konkubinatspaaren-und-was-das-fuer-die-Individualbesteuerung-heissen-koennte_Prof.-Dr.-Luzius-Cavelti-und-Dr.-Marlene-Kobierski.pdf\u00a0\u00bb _builder_version=\u00a0\u00bb4.27.4&Prime; _module_preset=\u00a0\u00bbdefault\u00a0\u00bb link_option_url_new_window=\u00a0\u00bbon\u00a0\u00bb global_colors_info=\u00a0\u00bb{}\u00a0\u00bb][\/sfdm_download_list_item][sfdm_download_list_item title=\u00a0\u00bbNachfolgeregelung oder Mitarbeiterbeteiligung?_V\u00e9ronique Risi-Bravin und Susanne Schreiber\u00a0\u00bb file=\u00a0\u00bbhttps:\/\/www.schulthessforum.ch\/wp-content\/media\/08_00_Nachfolgeregelung-oder-Mitarbeiterbeteiligung_Veronique-Risi-Bravin-und-Susanne-Schreiber.pdf\u00a0\u00bb _builder_version=\u00a0\u00bb4.27.4&Prime; _module_preset=\u00a0\u00bbdefault\u00a0\u00bb link_option_url_new_window=\u00a0\u00bbon\u00a0\u00bb global_colors_info=\u00a0\u00bb{}\u00a0\u00bb][\/sfdm_download_list_item][sfdm_download_list_item title=\u00a0\u00bbGrundst\u00fccke \u2013 Steuerfragen bei \u00dcbertragungen, Belastungen und Handel_Gianfranco Gambaro und Prof. Dr. Julia von Ah\u00a0\u00bb file=\u00a0\u00bbhttps:\/\/www.schulthessforum.ch\/wp-content\/media\/09_00_Grundstuecke-\u2013-Steuerfragen-bei-Uebertragungen-Belastungen-und-Handel_Gianfranco-Gambaro-und-Prof.-Dr.-Julia-von-Ah.pdf\u00a0\u00bb _builder_version=\u00a0\u00bb4.27.4&Prime; _module_preset=\u00a0\u00bbdefault\u00a0\u00bb link_option_url_new_window=\u00a0\u00bbon\u00a0\u00bb global_colors_info=\u00a0\u00bb{}\u00a0\u00bb][\/sfdm_download_list_item][sfdm_download_list_item title=\u00a0\u00bbAnhang 1: Grundst\u00fccke \u2013 Steuerfragen bei \u00dcbertragungen, Belastungen und Handel_Gianfranco Gambaro und Prof. Dr. Julia von Ah\u00a0\u00bb file=\u00a0\u00bbhttps:\/\/www.schulthessforum.ch\/wp-content\/media\/NZSK-2025\/09_01_B_1-Gambaro-Gianfranco_Qual-als-Liegenschaftenhaendler_ZStP-2022-287-311.pdf\u00a0\u00bb _builder_version=\u00a0\u00bb4.27.4&Prime; _module_preset=\u00a0\u00bbdefault\u00a0\u00bb link_option_url_new_window=\u00a0\u00bbon\u00a0\u00bb global_colors_info=\u00a0\u00bb{}\u00a0\u00bb][\/sfdm_download_list_item][sfdm_download_list_item title=\u00a0\u00bbAnhang 2: Grundst\u00fccke \u2013 Steuerfragen bei \u00dcbertragungen, Belastungen und Handel_Gianfranco Gambaro und Prof. Dr. Julia von Ah\u00a0\u00bb file=\u00a0\u00bbhttps:\/\/www.schulthessforum.ch\/wp-content\/media\/NZSK-2025\/09_02_B_2-von-Ah-Julia_Caminada-Petra_Quasi-Liegenschaftenhandel-2_2023_zsis-A3-2025-08-08-16-01-12-179.pdf\u00a0\u00bb _builder_version=\u00a0\u00bb4.27.4&Prime; _module_preset=\u00a0\u00bbdefault\u00a0\u00bb link_option_url_new_window=\u00a0\u00bbon\u00a0\u00bb global_colors_info=\u00a0\u00bb{}\u00a0\u00bb][\/sfdm_download_list_item][sfdm_download_list_item title=\u00a0\u00bbVerdeckte Kapitaleinlagen und deren R\u00fcckf\u00fchrung: steuerliche Behandlung, Risiken und Praxisf\u00e4lle_Roland Wild\u00a0\u00bb file=\u00a0\u00bbhttps:\/\/www.schulthessforum.ch\/wp-content\/media\/10_00_Verdeckte-Kapitaleinlagen-und-deren-Rueckfuehrung_Roland-Wild.pdf\u00a0\u00bb _builder_version=\u00a0\u00bb4.27.4&Prime; _module_preset=\u00a0\u00bbdefault\u00a0\u00bb link_option_url_new_window=\u00a0\u00bbon\u00a0\u00bb global_colors_info=\u00a0\u00bb{}\u00a0\u00bb][\/sfdm_download_list_item][sfdm_download_list_item title=\u00a0\u00bbNeues aus dem Steueramt des Kantons Z\u00fcrich zum Unternehmenssteuerrecht_Dr. Remo K\u00fcttel\u00a0\u00bb file=\u00a0\u00bbhttps:\/\/www.schulthessforum.ch\/wp-content\/media\/NZSK-2025\/11_00_Neues-aus-dem-Steueramt-des-Kantons-Zuerich-zum-Unternehmenssteuerrecht_Dr.-Remo-Kuettel.pdf\u00a0\u00bb _builder_version=\u00a0\u00bb4.27.4&Prime; _module_preset=\u00a0\u00bbdefault\u00a0\u00bb link_option_url_new_window=\u00a0\u00bbon\u00a0\u00bb global_colors_info=\u00a0\u00bb{}\u00a0\u00bb][\/sfdm_download_list_item][sfdm_download_list_item title=\u00a0\u00bbVerrechnungssteuer \u2013 Dreieckstheorie statt Direktbeg\u00fcnstigungstheorie oder Ausdehnung Meldeverfahren mit Direktbeg\u00fcnstigung_Markus K\u00fcpfer und Dr. Alberto Lissi\u00a0\u00bb file=\u00a0\u00bbhttps:\/\/www.schulthessforum.ch\/wp-content\/media\/NZSK-2025\/12_00_Verrechnungssteuer-\u2013-Dreieckstheorie-statt-Direktbeguenstigungstheorie-oder-Ausdehnung-Meldeverfahren-mit-Direktbeguenstigung_Markus-Kuepfer-und-Dr.-Alberto-Liss.pdf\u00a0\u00bb _builder_version=\u00a0\u00bb4.27.4&Prime; _module_preset=\u00a0\u00bbdefault\u00a0\u00bb link_option_url_new_window=\u00a0\u00bbon\u00a0\u00bb global_colors_info=\u00a0\u00bb{}\u00a0\u00bb][\/sfdm_download_list_item][sfdm_download_list_item title=\u00a0\u00bbGesamtpr\u00e4sentation Neue Z\u00fcrcher Steuerkonferenz 2025&Prime; file=\u00a0\u00bbhttps:\/\/www.schulthessforum.ch\/wp-content\/media\/NZSK-2025\/Gesamtpraesentation-NZSK-2025.pdf\u00a0\u00bb _builder_version=\u00a0\u00bb4.27.4&Prime; _module_preset=\u00a0\u00bbdefault\u00a0\u00bb link_option_url_new_window=\u00a0\u00bbon\u00a0\u00bb global_colors_info=\u00a0\u00bb{}\u00a0\u00bb][\/sfdm_download_list_item][sfdm_download_list_item title=\u00a0\u00bbBuchempfehlungen \u00a0\u00bb file=\u00a0\u00bbhttps:\/\/www.schulthessforum.ch\/wp-content\/media\/NZSK-2025\/Buchempfehlungen_NZSK_2025_A4_de.pdf\u00a0\u00bb _builder_version=\u00a0\u00bb4.27.4&Prime; _module_preset=\u00a0\u00bbdefault\u00a0\u00bb link_option_url_new_window=\u00a0\u00bbon\u00a0\u00bb global_colors_info=\u00a0\u00bb{}\u00a0\u00bb][\/sfdm_download_list_item][sfdm_download_list_item title=\u00a0\u00bbPartner\u00a0\u00bb file=\u00a0\u00bbhttps:\/\/www.schulthessforum.ch\/wp-content\/media\/Partner-2.pdf\u00a0\u00bb _builder_version=\u00a0\u00bb4.27.4&Prime; _module_preset=\u00a0\u00bbdefault\u00a0\u00bb link_option_url_new_window=\u00a0\u00bbon\u00a0\u00bb global_colors_info=\u00a0\u00bb{}\u00a0\u00bb][\/sfdm_download_list_item][\/sfdm_download_list][\/et_pb_column_inner][\/et_pb_row_inner][et_pb_row_inner disabled_on=\u00a0\u00bboff|off|off\u00a0\u00bb admin_label=\u00a0\u00bbVideos\u00a0\u00bb _builder_version=\u00a0\u00bb4.17.4&Prime; _module_preset=\u00a0\u00bbdefault\u00a0\u00bb collapsed=\u00a0\u00bboff\u00a0\u00bb global_colors_info=\u00a0\u00bb{}\u00a0\u00bb][et_pb_column_inner saved_specialty_column_type=\u00a0\u00bb3_4&Prime; _builder_version=\u00a0\u00bb4.17.4&Prime; _module_preset=\u00a0\u00bbdefault\u00a0\u00bb global_colors_info=\u00a0\u00bb{}\u00a0\u00bb][et_pb_text admin_label=\u00a0\u00bbVideoaufzeichnungen\u00a0\u00bb _builder_version=\u00a0\u00bb4.25.1&Prime; _module_preset=\u00a0\u00bbdefault\u00a0\u00bb global_colors_info=\u00a0\u00bb{}\u00a0\u00bb]<\/p>\n<h5>Videoaufzeichnung<\/h5>\n<p>[\/et_pb_text][\/et_pb_column_inner][\/et_pb_row_inner][et_pb_row_inner column_structure=\u00a0\u00bb1_2,1_2&Prime; disabled_on=\u00a0\u00bboff|off|off\u00a0\u00bb admin_label=\u00a0\u00bbDr. Christian Frey\u00a0\u00bb _builder_version=\u00a0\u00bb4.27.4&Prime; _module_preset=\u00a0\u00bbdefault\u00a0\u00bb collapsed=\u00a0\u00bboff\u00a0\u00bb global_colors_info=\u00a0\u00bb{}\u00a0\u00bb][et_pb_column_inner type=\u00a0\u00bb1_2&Prime; saved_specialty_column_type=\u00a0\u00bb3_4&Prime; _builder_version=\u00a0\u00bb4.17.4&Prime; _module_preset=\u00a0\u00bbdefault\u00a0\u00bb global_colors_info=\u00a0\u00bb{}\u00a0\u00bb][et_pb_image src=\u00a0\u00bbhttps:\/\/www.schulthessforum.ch\/wp-content\/media\/NZSK-2025\/Vimeo-Standbilder-2025\/NZSK_2025_Vimeo_1920x1080px_Frey-scaled.jpg\u00a0\u00bb title_text=\u00a0\u00bbNZSK 2025 Vimeo 1920x1080px Frey\u00a0\u00bb url=\u00a0\u00bbhttps:\/\/player.vimeo.com\/video\/1119345560?badge=0&#038;autopause=0&#038;player_id=0&#038;app_id=58479&Prime; url_new_window=\u00a0\u00bbon\u00a0\u00bb disabled_on=\u00a0\u00bboff|off|off\u00a0\u00bb _builder_version=\u00a0\u00bb4.27.4&Prime; _module_preset=\u00a0\u00bbdefault\u00a0\u00bb global_colors_info=\u00a0\u00bb{}\u00a0\u00bb][\/et_pb_image][\/et_pb_column_inner][et_pb_column_inner type=\u00a0\u00bb1_2&Prime; saved_specialty_column_type=\u00a0\u00bb3_4&Prime; _builder_version=\u00a0\u00bb4.17.4&Prime; _module_preset=\u00a0\u00bbdefault\u00a0\u00bb global_colors_info=\u00a0\u00bb{}\u00a0\u00bb][et_pb_text _builder_version=\u00a0\u00bb4.27.4&Prime; _module_preset=\u00a0\u00bbdefault\u00a0\u00bb link_option_url_new_window=\u00a0\u00bbon\u00a0\u00bb global_colors_info=\u00a0\u00bb{}\u00a0\u00bb]<\/p>\n<p class=\"sf-h4 detailprogamm-title\"><a href=\"https:\/\/player.vimeo.com\/video\/1119345560?badge=0&amp;amp;autopause=0&amp;amp;player_id=0&amp;amp;app_id=58479\" target=\"_blank\" rel=\"noopener\">\u00dcberblick \u00fcber die aktuellen Entwicklungen im Bereich der Mindestbesteuerung<\/a><\/p>\n<p>Dr. Christian Frey<\/p>\n<p>[\/et_pb_text][\/et_pb_column_inner][\/et_pb_row_inner][et_pb_row_inner column_structure=\u00a0\u00bb1_2,1_2&Prime; disabled_on=\u00a0\u00bboff|off|off\u00a0\u00bb admin_label=\u00a0\u00bbThomas Hug\u00a0\u00bb _builder_version=\u00a0\u00bb4.17.4&Prime; _module_preset=\u00a0\u00bbdefault\u00a0\u00bb global_colors_info=\u00a0\u00bb{}\u00a0\u00bb][et_pb_column_inner type=\u00a0\u00bb1_2&Prime; saved_specialty_column_type=\u00a0\u00bb3_4&Prime; _builder_version=\u00a0\u00bb4.17.4&Prime; _module_preset=\u00a0\u00bbdefault\u00a0\u00bb global_colors_info=\u00a0\u00bb{}\u00a0\u00bb][et_pb_image src=\u00a0\u00bbhttps:\/\/www.schulthessforum.ch\/wp-content\/media\/NZSK-2025\/Vimeo-Standbilder-2025\/NZSK_2025_Vimeo_1920x1080px_Hug-scaled.jpg\u00a0\u00bb title_text=\u00a0\u00bbNZSK 2025 Vimeo 1920x1080px Hug\u00a0\u00bb url=\u00a0\u00bbhttps:\/\/player.vimeo.com\/video\/1119357003?badge=0&#038;autopause=0&#038;player_id=0&#038;app_id=58479&Prime; url_new_window=\u00a0\u00bbon\u00a0\u00bb disabled_on=\u00a0\u00bboff|off|off\u00a0\u00bb _builder_version=\u00a0\u00bb4.27.4&Prime; _module_preset=\u00a0\u00bbdefault\u00a0\u00bb global_colors_info=\u00a0\u00bb{}\u00a0\u00bb][\/et_pb_image][\/et_pb_column_inner][et_pb_column_inner type=\u00a0\u00bb1_2&Prime; saved_specialty_column_type=\u00a0\u00bb3_4&Prime; _builder_version=\u00a0\u00bb4.17.4&Prime; _module_preset=\u00a0\u00bbdefault\u00a0\u00bb global_colors_info=\u00a0\u00bb{}\u00a0\u00bb][et_pb_text _builder_version=\u00a0\u00bb4.27.4&Prime; _module_preset=\u00a0\u00bbdefault\u00a0\u00bb link_option_url_new_window=\u00a0\u00bbon\u00a0\u00bb global_colors_info=\u00a0\u00bb{}\u00a0\u00bb]<\/p>\n<p class=\"sf-h4 detailprogamm-title\"><a href=\"https:\/\/player.vimeo.com\/video\/1119357003?badge=0&amp;amp;autopause=0&amp;amp;player_id=0&amp;amp;app_id=58479\" target=\"_blank\" rel=\"noopener\">Globale Mindeststeuer: Wann unterliegt eine Gesellschaft der Erg\u00e4nzungssteuer?<\/a><\/p>\n<p>Thomas Hug<\/p>\n<p>[\/et_pb_text][\/et_pb_column_inner][\/et_pb_row_inner][et_pb_row_inner column_structure=\u00a0\u00bb1_2,1_2&Prime; disabled_on=\u00a0\u00bboff|off|off\u00a0\u00bb admin_label=\u00a0\u00bbProf. Dr. Luzius Cavelti\u00a0\u00bb _builder_version=\u00a0\u00bb4.17.4&Prime; _module_preset=\u00a0\u00bbdefault\u00a0\u00bb global_colors_info=\u00a0\u00bb{}\u00a0\u00bb][et_pb_column_inner type=\u00a0\u00bb1_2&Prime; saved_specialty_column_type=\u00a0\u00bb3_4&Prime; _builder_version=\u00a0\u00bb4.17.4&Prime; _module_preset=\u00a0\u00bbdefault\u00a0\u00bb global_colors_info=\u00a0\u00bb{}\u00a0\u00bb][et_pb_image src=\u00a0\u00bbhttps:\/\/www.schulthessforum.ch\/wp-content\/media\/NZSK-2025\/Vimeo-Standbilder-2025\/NZSK_2025_Vimeo_1920x1080px_Cavelti-scaled.jpg\u00a0\u00bb title_text=\u00a0\u00bbNZSK 2025 Vimeo 1920x1080px Cavelti\u00a0\u00bb url=\u00a0\u00bbhttps:\/\/player.vimeo.com\/video\/1119358993?badge=0&#038;autopause=0&#038;player_id=0&#038;app_id=58479&Prime; url_new_window=\u00a0\u00bbon\u00a0\u00bb disabled_on=\u00a0\u00bboff|off|off\u00a0\u00bb _builder_version=\u00a0\u00bb4.27.4&Prime; _module_preset=\u00a0\u00bbdefault\u00a0\u00bb global_colors_info=\u00a0\u00bb{}\u00a0\u00bb][\/et_pb_image][\/et_pb_column_inner][et_pb_column_inner type=\u00a0\u00bb1_2&Prime; saved_specialty_column_type=\u00a0\u00bb3_4&Prime; _builder_version=\u00a0\u00bb4.17.4&Prime; _module_preset=\u00a0\u00bbdefault\u00a0\u00bb global_colors_info=\u00a0\u00bb{}\u00a0\u00bb][et_pb_text _builder_version=\u00a0\u00bb4.27.4&Prime; _module_preset=\u00a0\u00bbdefault\u00a0\u00bb link_option_url_new_window=\u00a0\u00bbon\u00a0\u00bb global_colors_info=\u00a0\u00bb{}\u00a0\u00bb]<\/p>\n<p class=\"sf-h4 detailprogamm-title\"><a href=\"https:\/\/player.vimeo.com\/video\/1119358993?badge=0&amp;amp;autopause=0&amp;amp;player_id=0&amp;amp;app_id=58479\" target=\"_blank\" rel=\"noopener\">Strafbarkeit von Beratungsleistungen<\/a><\/p>\n<p>Prof. Dr. Luzius Cavelti<\/p>\n<p>[\/et_pb_text][\/et_pb_column_inner][\/et_pb_row_inner][et_pb_row_inner column_structure=\u00a0\u00bb1_2,1_2&Prime; disabled_on=\u00a0\u00bboff|off|off\u00a0\u00bb admin_label=\u00a0\u00bbHolenstein, Lauber, Wohlers, Cavelti\u00a0\u00bb _builder_version=\u00a0\u00bb4.17.4&Prime; _module_preset=\u00a0\u00bbdefault\u00a0\u00bb global_colors_info=\u00a0\u00bb{}\u00a0\u00bb][et_pb_column_inner type=\u00a0\u00bb1_2&Prime; saved_specialty_column_type=\u00a0\u00bb3_4&Prime; _builder_version=\u00a0\u00bb4.17.4&Prime; _module_preset=\u00a0\u00bbdefault\u00a0\u00bb global_colors_info=\u00a0\u00bb{}\u00a0\u00bb][et_pb_image src=\u00a0\u00bbhttps:\/\/www.schulthessforum.ch\/wp-content\/media\/NZSK-2025\/Vimeo-Standbilder-2025\/NZSK_2025_Vimeo_1920x1080px_Holenstein_Lauber_Wohlers_Cavelti-scaled.jpg\u00a0\u00bb title_text=\u00a0\u00bbNZSK 2025 Vimeo 1920x1080px Holenstein Lauber Wohlers Cavelti\u00a0\u00bb url=\u00a0\u00bbhttps:\/\/player.vimeo.com\/video\/1119372391?badge=0&#038;autopause=0&#038;player_id=0&#038;app_id=58479&Prime; url_new_window=\u00a0\u00bbon\u00a0\u00bb disabled_on=\u00a0\u00bboff|off|off\u00a0\u00bb _builder_version=\u00a0\u00bb4.27.4&Prime; _module_preset=\u00a0\u00bbdefault\u00a0\u00bb global_colors_info=\u00a0\u00bb{}\u00a0\u00bb][\/et_pb_image][\/et_pb_column_inner][et_pb_column_inner type=\u00a0\u00bb1_2&Prime; saved_specialty_column_type=\u00a0\u00bb3_4&Prime; _builder_version=\u00a0\u00bb4.17.4&Prime; _module_preset=\u00a0\u00bbdefault\u00a0\u00bb global_colors_info=\u00a0\u00bb{}\u00a0\u00bb][et_pb_text _builder_version=\u00a0\u00bb4.27.4&Prime; _module_preset=\u00a0\u00bbdefault\u00a0\u00bb link_option_url=\u00a0\u00bbhttps:\/\/player.vimeo.com\/progressive_redirect\/playback\/1008754579\/rendition\/1080p\/file.mp4?loc=external&#038;log_user=0&#038;signature=e86f7ba7e27dc2e710fa7a6f87b59c3a4544a941e49cdf5b8d8878b60fc1ddc7&Prime; link_option_url_new_window=\u00a0\u00bbon\u00a0\u00bb global_colors_info=\u00a0\u00bb{}\u00a0\u00bb]<\/p>\n<p class=\"sf-h4 detailprogamm-title\"><a href=\"https:\/\/player.vimeo.com\/video\/1119372391?badge=0&amp;amp;autopause=0&amp;amp;player_id=0&amp;amp;app_id=58479\" target=\"_blank\" rel=\"noopener\">Strafbarkeit von Beratungsleistungen<\/a><\/p>\n<p>Daniel Holenstein, Emanuel Lauber und Prof. Dr. Wolfgang Wohlers, moderiert von Prof. Dr. Luzius Cavelti<\/p>\n<p>[\/et_pb_text][\/et_pb_column_inner][\/et_pb_row_inner][et_pb_row_inner column_structure=\u00a0\u00bb1_2,1_2&Prime; disabled_on=\u00a0\u00bboff|off|off\u00a0\u00bb admin_label=\u00a0\u00bbProf. Dr. Cavelti und Dr. Kobierski\u00a0\u00bb _builder_version=\u00a0\u00bb4.17.4&Prime; _module_preset=\u00a0\u00bbdefault\u00a0\u00bb global_colors_info=\u00a0\u00bb{}\u00a0\u00bb][et_pb_column_inner type=\u00a0\u00bb1_2&Prime; saved_specialty_column_type=\u00a0\u00bb3_4&Prime; _builder_version=\u00a0\u00bb4.17.4&Prime; _module_preset=\u00a0\u00bbdefault\u00a0\u00bb global_colors_info=\u00a0\u00bb{}\u00a0\u00bb][et_pb_image src=\u00a0\u00bbhttps:\/\/www.schulthessforum.ch\/wp-content\/media\/NZSK-2025\/Vimeo-Standbilder-2025\/NZSK_2025_Vimeo_1920x1080px_Cavelti_Kobierski-scaled.jpg\u00a0\u00bb title_text=\u00a0\u00bbNZSK 2025 Vimeo 1920x1080px Cavelti Kobierski\u00a0\u00bb url=\u00a0\u00bbhttps:\/\/player.vimeo.com\/video\/1119451724?badge=0&#038;autopause=0&#038;player_id=0&#038;app_id=58479&Prime; url_new_window=\u00a0\u00bbon\u00a0\u00bb disabled_on=\u00a0\u00bboff|off|off\u00a0\u00bb _builder_version=\u00a0\u00bb4.27.4&Prime; _module_preset=\u00a0\u00bbdefault\u00a0\u00bb global_colors_info=\u00a0\u00bb{}\u00a0\u00bb][\/et_pb_image][\/et_pb_column_inner][et_pb_column_inner type=\u00a0\u00bb1_2&Prime; saved_specialty_column_type=\u00a0\u00bb3_4&Prime; _builder_version=\u00a0\u00bb4.17.4&Prime; _module_preset=\u00a0\u00bbdefault\u00a0\u00bb global_colors_info=\u00a0\u00bb{}\u00a0\u00bb][et_pb_text _builder_version=\u00a0\u00bb4.27.4&Prime; _module_preset=\u00a0\u00bbdefault\u00a0\u00bb link_option_url_new_window=\u00a0\u00bbon\u00a0\u00bb global_colors_info=\u00a0\u00bb{}\u00a0\u00bb]<\/p>\n<p class=\"sf-h4 detailprogamm-title\"><a href=\"https:\/\/player.vimeo.com\/video\/1119451724?badge=0&amp;amp;autopause=0&amp;amp;player_id=0&amp;amp;app_id=58479\" target=\"_blank\" rel=\"noopener\">Besteuerung von Konkubinatspaaren und was das f\u00fcr die Individualbesteuerung heissen k\u00f6nnte<\/a><\/p>\n<p>Prof. Dr. Luzius Cavelti und Dr. Marlene Kobierski<\/p>\n<p>[\/et_pb_text][\/et_pb_column_inner][\/et_pb_row_inner][et_pb_row_inner column_structure=\u00a0\u00bb1_2,1_2&Prime; disabled_on=\u00a0\u00bboff|off|off\u00a0\u00bb admin_label=\u00a0\u00bbRisi-Bravin und Schreiber\u00a0\u00bb _builder_version=\u00a0\u00bb4.17.4&Prime; _module_preset=\u00a0\u00bbdefault\u00a0\u00bb global_colors_info=\u00a0\u00bb{}\u00a0\u00bb][et_pb_column_inner type=\u00a0\u00bb1_2&Prime; saved_specialty_column_type=\u00a0\u00bb3_4&Prime; _builder_version=\u00a0\u00bb4.17.4&Prime; _module_preset=\u00a0\u00bbdefault\u00a0\u00bb global_colors_info=\u00a0\u00bb{}\u00a0\u00bb][et_pb_image src=\u00a0\u00bbhttps:\/\/www.schulthessforum.ch\/wp-content\/media\/NZSK-2025\/Vimeo-Standbilder-2025\/NZSK_2025_Vimeo_1920x1080px_Risi-Bravin_Schreiber-scaled.jpg\u00a0\u00bb title_text=\u00a0\u00bbNZSK 2025 Vimeo 1920x1080px Risi Bravin Schreiber\u00a0\u00bb url=\u00a0\u00bbhttps:\/\/player.vimeo.com\/video\/1119405997?badge=0&#038;autopause=0&#038;player_id=0&#038;app_id=58479&Prime; url_new_window=\u00a0\u00bbon\u00a0\u00bb disabled_on=\u00a0\u00bboff|off|off\u00a0\u00bb _builder_version=\u00a0\u00bb4.27.4&Prime; _module_preset=\u00a0\u00bbdefault\u00a0\u00bb global_colors_info=\u00a0\u00bb{}\u00a0\u00bb][\/et_pb_image][\/et_pb_column_inner][et_pb_column_inner type=\u00a0\u00bb1_2&Prime; saved_specialty_column_type=\u00a0\u00bb3_4&Prime; _builder_version=\u00a0\u00bb4.17.4&Prime; _module_preset=\u00a0\u00bbdefault\u00a0\u00bb global_colors_info=\u00a0\u00bb{}\u00a0\u00bb][et_pb_text _builder_version=\u00a0\u00bb4.27.4&Prime; _module_preset=\u00a0\u00bbdefault\u00a0\u00bb link_option_url=\u00a0\u00bbhttps:\/\/player.vimeo.com\/progressive_redirect\/playback\/1008771700\/rendition\/1080p\/file.mp4?loc=external&#038;log_user=0&#038;signature=b4ade22846420e8d9b922275298ab7626136af0a72ff42edf88a3ac5fddd8632&Prime; link_option_url_new_window=\u00a0\u00bbon\u00a0\u00bb global_colors_info=\u00a0\u00bb{}\u00a0\u00bb]<\/p>\n<p class=\"sf-h4 detailprogamm-title\"><a href=\"https:\/\/player.vimeo.com\/video\/1119405997?badge=0&amp;amp;autopause=0&amp;amp;player_id=0&amp;amp;app_id=58479\" target=\"_blank\" rel=\"noopener\">Nachfolgeregelung oder Mitarbeiterbeteiligung?<\/a><\/p>\n<p>V\u00e9ronique Risi-Bravin und Susanne Schreiber<\/p>\n<p>[\/et_pb_text][\/et_pb_column_inner][\/et_pb_row_inner][et_pb_row_inner column_structure=\u00a0\u00bb1_2,1_2&Prime; disabled_on=\u00a0\u00bboff|off|off\u00a0\u00bb admin_label=\u00a0\u00bbGambaro und Prof. Dr. von Ah\u00a0\u00bb _builder_version=\u00a0\u00bb4.17.4&Prime; _module_preset=\u00a0\u00bbdefault\u00a0\u00bb global_colors_info=\u00a0\u00bb{}\u00a0\u00bb][et_pb_column_inner type=\u00a0\u00bb1_2&Prime; saved_specialty_column_type=\u00a0\u00bb3_4&Prime; _builder_version=\u00a0\u00bb4.17.4&Prime; _module_preset=\u00a0\u00bbdefault\u00a0\u00bb global_colors_info=\u00a0\u00bb{}\u00a0\u00bb][et_pb_image src=\u00a0\u00bbhttps:\/\/www.schulthessforum.ch\/wp-content\/media\/NZSK-2025\/Vimeo-Standbilder-2025\/NZSK_2025_Vimeo_1920x1080px_Gambaro_VonAh-scaled.jpg\u00a0\u00bb title_text=\u00a0\u00bbNZSK 2025 Vimeo 1920x1080px Gambaro VonAh\u00a0\u00bb url=\u00a0\u00bbhttps:\/\/player.vimeo.com\/video\/1119428316?badge=0&#038;autopause=0&#038;player_id=0&#038;app_id=58479&Prime; url_new_window=\u00a0\u00bbon\u00a0\u00bb disabled_on=\u00a0\u00bboff|off|off\u00a0\u00bb _builder_version=\u00a0\u00bb4.27.4&Prime; _module_preset=\u00a0\u00bbdefault\u00a0\u00bb global_colors_info=\u00a0\u00bb{}\u00a0\u00bb][\/et_pb_image][\/et_pb_column_inner][et_pb_column_inner type=\u00a0\u00bb1_2&Prime; saved_specialty_column_type=\u00a0\u00bb3_4&Prime; _builder_version=\u00a0\u00bb4.17.4&Prime; _module_preset=\u00a0\u00bbdefault\u00a0\u00bb global_colors_info=\u00a0\u00bb{}\u00a0\u00bb][et_pb_text _builder_version=\u00a0\u00bb4.27.4&Prime; _module_preset=\u00a0\u00bbdefault\u00a0\u00bb link_option_url_new_window=\u00a0\u00bbon\u00a0\u00bb global_colors_info=\u00a0\u00bb{}\u00a0\u00bb]<\/p>\n<p class=\"sf-h4 detailprogamm-title\"><a href=\"https:\/\/player.vimeo.com\/video\/1119428316?badge=0&amp;autopause=0&amp;player_id=0&amp;app_id=58479\" target=\"_blank\" rel=\"noopener\">Grundst\u00fccke \u2013 Steuerfragen bei \u00dcbertragungen, Belastungen und Handel<\/a><\/p>\n<p>Gianfranco Gambaro und Prof. Dr. Julia von Ah<\/p>\n<p>[\/et_pb_text][\/et_pb_column_inner][\/et_pb_row_inner][et_pb_row_inner column_structure=\u00a0\u00bb1_2,1_2&Prime; disabled_on=\u00a0\u00bboff|off|off\u00a0\u00bb admin_label=\u00a0\u00bbRoland Wild\u00a0\u00bb _builder_version=\u00a0\u00bb4.17.4&Prime; _module_preset=\u00a0\u00bbdefault\u00a0\u00bb global_colors_info=\u00a0\u00bb{}\u00a0\u00bb][et_pb_column_inner type=\u00a0\u00bb1_2&Prime; saved_specialty_column_type=\u00a0\u00bb3_4&Prime; _builder_version=\u00a0\u00bb4.17.4&Prime; _module_preset=\u00a0\u00bbdefault\u00a0\u00bb global_colors_info=\u00a0\u00bb{}\u00a0\u00bb][et_pb_image src=\u00a0\u00bbhttps:\/\/www.schulthessforum.ch\/wp-content\/media\/NZSK-2025\/Vimeo-Standbilder-2025\/NZSK_2025_Vimeo_1920x1080px_Wild-scaled.jpg\u00a0\u00bb title_text=\u00a0\u00bbNZSK 2025 Vimeo 1920x1080px Wild\u00a0\u00bb url=\u00a0\u00bbhttps:\/\/player.vimeo.com\/video\/1119370613?badge=0&#038;autopause=0&#038;player_id=0&#038;app_id=58479&Prime; url_new_window=\u00a0\u00bbon\u00a0\u00bb disabled_on=\u00a0\u00bboff|off|off\u00a0\u00bb _builder_version=\u00a0\u00bb4.27.4&Prime; _module_preset=\u00a0\u00bbdefault\u00a0\u00bb global_colors_info=\u00a0\u00bb{}\u00a0\u00bb][\/et_pb_image][\/et_pb_column_inner][et_pb_column_inner type=\u00a0\u00bb1_2&Prime; saved_specialty_column_type=\u00a0\u00bb3_4&Prime; _builder_version=\u00a0\u00bb4.17.4&Prime; _module_preset=\u00a0\u00bbdefault\u00a0\u00bb global_colors_info=\u00a0\u00bb{}\u00a0\u00bb][et_pb_text _builder_version=\u00a0\u00bb4.27.4&Prime; _module_preset=\u00a0\u00bbdefault\u00a0\u00bb link_option_url_new_window=\u00a0\u00bbon\u00a0\u00bb global_colors_info=\u00a0\u00bb{}\u00a0\u00bb]<\/p>\n<p class=\"sf-h4 detailprogamm-title\"><a href=\"https:\/\/player.vimeo.com\/video\/1119370613?badge=0&amp;amp;autopause=0&amp;amp;player_id=0&amp;amp;app_id=58479\" target=\"_blank\" rel=\"noopener\">Verdeckte Kapitaleinlagen und deren R\u00fcckf\u00fchrung: steuerliche Behandlung, Risiken und Praxisf\u00e4lle<\/a><\/p>\n<p>Roland Wild<\/p>\n<p>[\/et_pb_text][\/et_pb_column_inner][\/et_pb_row_inner][et_pb_row_inner column_structure=\u00a0\u00bb1_2,1_2&Prime; disabled_on=\u00a0\u00bboff|off|off\u00a0\u00bb admin_label=\u00a0\u00bbDr. Remo K\u00fcttel\u00a0\u00bb _builder_version=\u00a0\u00bb4.17.4&Prime; _module_preset=\u00a0\u00bbdefault\u00a0\u00bb global_colors_info=\u00a0\u00bb{}\u00a0\u00bb][et_pb_column_inner type=\u00a0\u00bb1_2&Prime; saved_specialty_column_type=\u00a0\u00bb3_4&Prime; _builder_version=\u00a0\u00bb4.17.4&Prime; _module_preset=\u00a0\u00bbdefault\u00a0\u00bb global_colors_info=\u00a0\u00bb{}\u00a0\u00bb][et_pb_image src=\u00a0\u00bbhttps:\/\/www.schulthessforum.ch\/wp-content\/media\/NZSK-2025\/Vimeo-Standbilder-2025\/NZSK_2025_Vimeo_1920x1080px_Kuettel-scaled.jpg\u00a0\u00bb title_text=\u00a0\u00bbNZSK 2025 Vimeo 1920x1080px Kuettel\u00a0\u00bb url=\u00a0\u00bbhttps:\/\/player.vimeo.com\/video\/1119360993?badge=0&#038;autopause=0&#038;player_id=0&#038;app_id=58479&Prime; url_new_window=\u00a0\u00bbon\u00a0\u00bb disabled_on=\u00a0\u00bboff|off|off\u00a0\u00bb _builder_version=\u00a0\u00bb4.27.4&Prime; _module_preset=\u00a0\u00bbdefault\u00a0\u00bb global_colors_info=\u00a0\u00bb{}\u00a0\u00bb][\/et_pb_image][\/et_pb_column_inner][et_pb_column_inner type=\u00a0\u00bb1_2&Prime; saved_specialty_column_type=\u00a0\u00bb3_4&Prime; _builder_version=\u00a0\u00bb4.17.4&Prime; _module_preset=\u00a0\u00bbdefault\u00a0\u00bb global_colors_info=\u00a0\u00bb{}\u00a0\u00bb][et_pb_text _builder_version=\u00a0\u00bb4.27.4&Prime; _module_preset=\u00a0\u00bbdefault\u00a0\u00bb link_option_url_new_window=\u00a0\u00bbon\u00a0\u00bb global_colors_info=\u00a0\u00bb{}\u00a0\u00bb]<\/p>\n<p class=\"sf-h4 detailprogamm-title\"><a href=\"https:\/\/player.vimeo.com\/video\/1119360993?badge=0&amp;amp;autopause=0&amp;amp;player_id=0&amp;amp;app_id=58479\" target=\"_blank\" rel=\"noopener\">Neues aus dem Steueramt des Kantons Z\u00fcrich zum Unternehmenssteuerrecht<\/a><\/p>\n<p>Dr. Remo K\u00fcttel<\/p>\n<p>[\/et_pb_text][\/et_pb_column_inner][\/et_pb_row_inner][et_pb_row_inner column_structure=\u00a0\u00bb1_2,1_2&Prime; disabled_on=\u00a0\u00bboff|off|off\u00a0\u00bb admin_label=\u00a0\u00bbMarkus und Dr. Lissi\u00a0\u00bb _builder_version=\u00a0\u00bb4.17.4&Prime; _module_preset=\u00a0\u00bbdefault\u00a0\u00bb global_colors_info=\u00a0\u00bb{}\u00a0\u00bb][et_pb_column_inner type=\u00a0\u00bb1_2&Prime; saved_specialty_column_type=\u00a0\u00bb3_4&Prime; _builder_version=\u00a0\u00bb4.17.4&Prime; _module_preset=\u00a0\u00bbdefault\u00a0\u00bb global_colors_info=\u00a0\u00bb{}\u00a0\u00bb][et_pb_image src=\u00a0\u00bbhttps:\/\/www.schulthessforum.ch\/wp-content\/media\/NZSK-2025\/Vimeo-Standbilder-2025\/NZSK_2025_Vimeo_1920x1080px_Kuepfer_Lissi-scaled.jpg\u00a0\u00bb title_text=\u00a0\u00bbNZSK 2025 Vimeo 1920x1080px Kuepfer Lissi\u00a0\u00bb url=\u00a0\u00bbhttps:\/\/player.vimeo.com\/video\/1119378569?badge=0&#038;autopause=0&#038;player_id=0&#038;app_id=58479&Prime; url_new_window=\u00a0\u00bbon\u00a0\u00bb disabled_on=\u00a0\u00bboff|off|off\u00a0\u00bb _builder_version=\u00a0\u00bb4.27.4&Prime; _module_preset=\u00a0\u00bbdefault\u00a0\u00bb global_colors_info=\u00a0\u00bb{}\u00a0\u00bb][\/et_pb_image][\/et_pb_column_inner][et_pb_column_inner type=\u00a0\u00bb1_2&Prime; saved_specialty_column_type=\u00a0\u00bb3_4&Prime; _builder_version=\u00a0\u00bb4.17.4&Prime; _module_preset=\u00a0\u00bbdefault\u00a0\u00bb global_colors_info=\u00a0\u00bb{}\u00a0\u00bb][et_pb_text _builder_version=\u00a0\u00bb4.27.4&Prime; _module_preset=\u00a0\u00bbdefault\u00a0\u00bb link_option_url=\u00a0\u00bbhttps:\/\/player.vimeo.com\/progressive_redirect\/playback\/1008801392\/rendition\/1080p\/file.mp4?loc=external&#038;log_user=0&#038;signature=f9eb6559bcb53e19150552c4968daad322d12decda802bebdb1389fee5e06063&Prime; link_option_url_new_window=\u00a0\u00bbon\u00a0\u00bb global_colors_info=\u00a0\u00bb{}\u00a0\u00bb]<\/p>\n<p class=\"sf-h4 detailprogamm-title\"><a href=\"https:\/\/player.vimeo.com\/video\/1119378569?badge=0&amp;amp;autopause=0&amp;amp;player_id=0&amp;amp;app_id=58479\" target=\"_blank\" rel=\"noopener\">Verrechnungssteuer \u2013 Dreieckstheorie statt Direktbeg\u00fcnstigungstheorie oder Ausdehnung Meldeverfahren mit Direktbeg\u00fcnstigung<\/a><\/p>\n<p>Markus K\u00fcpfer und Dr. Alberto Lissi<\/p>\n<p>[\/et_pb_text][\/et_pb_column_inner][\/et_pb_row_inner][\/et_pb_column][et_pb_column type=\u00a0\u00bb1_4&Prime; _builder_version=\u00a0\u00bb4.16&Prime; custom_padding=\u00a0\u00bb|||\u00a0\u00bb global_colors_info=\u00a0\u00bb{}\u00a0\u00bb custom_padding__hover=\u00a0\u00bb|||\u00a0\u00bb][\/et_pb_column][\/et_pb_section][et_pb_section fb_built=\u00a0\u00bb1&Prime; admin_label=\u00a0\u00bbPartner\u00a0\u00bb module_id=\u00a0\u00bbschulthess-partner\u00a0\u00bb _builder_version=\u00a0\u00bb4.17.4&Prime; _module_preset=\u00a0\u00bbdefault\u00a0\u00bb background_enable_color=\u00a0\u00bboff\u00a0\u00bb saved_tabs=\u00a0\u00bball\u00a0\u00bb locked=\u00a0\u00bboff\u00a0\u00bb collapsed=\u00a0\u00bbon\u00a0\u00bb global_colors_info=\u00a0\u00bb{}\u00a0\u00bb][et_pb_row disabled_on=\u00a0\u00bbon|on|on\u00a0\u00bb _builder_version=\u00a0\u00bb4.16&Prime; _module_preset=\u00a0\u00bbdefault\u00a0\u00bb disabled=\u00a0\u00bbon\u00a0\u00bb locked=\u00a0\u00bboff\u00a0\u00bb collapsed=\u00a0\u00bboff\u00a0\u00bb global_colors_info=\u00a0\u00bb{}\u00a0\u00bb][et_pb_column type=\u00a0\u00bb4_4&Prime; _builder_version=\u00a0\u00bb4.16&Prime; _module_preset=\u00a0\u00bbdefault\u00a0\u00bb global_colors_info=\u00a0\u00bb{}\u00a0\u00bb][et_pb_text admin_label=\u00a0\u00bb\u00dcberschrift\u00a0\u00bb module_class=\u00a0\u00bbsf-h2 schulthess-product-partner-headline-wrapper\u00a0\u00bb _builder_version=\u00a0\u00bb4.19.5&Prime; _module_preset=\u00a0\u00bbdefault\u00a0\u00bb locked=\u00a0\u00bboff\u00a0\u00bb global_colors_info=\u00a0\u00bb{}\u00a0\u00bb]&lt;?&#8211; NICHT ZU VISUELL WECHSELN. DIE BUTTONS GEHEN SONST VERLOREN &#8211;&gt;<\/p>\n<h5>Partner<\/h5>\n<p><!--div class=\"schulthess-product-partner-nav\">[schulthess_product_partner_tabs]\n\n\n<div class=\"buttons\"><button class=\"grid icon_grid aktiv\"><span><\/span><\/button><button class=\"list icon_list\"><span><\/span><\/button><\/div>\n\n\n<\/div-->[\/et_pb_text][et_pb_code disabled_on=\u00a0\u00bboff|off|off\u00a0\u00bb admin_label=\u00a0\u00bbCode (ein grid, keine Filter)\u00a0\u00bb _builder_version=\u00a0\u00bb4.17.4&Prime; _module_preset=\u00a0\u00bbdefault\u00a0\u00bb locked=\u00a0\u00bboff\u00a0\u00bb global_colors_info=\u00a0\u00bb{}\u00a0\u00bb]<div class=\"schulthess-product-partner-wrapper grid\">\n                  <div id=\"522\" class=\"schulthess-product-partner Medienpartner\" partner-type=\"Medienpartner\">\n                        <div class=\"schulthess-product-partner-image\">\n                                <img loading=\"lazy\" decoding=\"async\" src=\"https:\/\/www.schulthessforum.ch\/wp-content\/media\/Partner\/iusnet_Website_Steuerrecht_364x104px-250x71.png\" alt=\"iusnet Steuerrecht\" title=\"iusnet Steuerrecht\" width=\"250\" height=\"150\" \/>\n                        <\/div>\n                        <div class=\"schulthess-product-partner-info\">\n                            <div class=\"content\">\n                                <h4 class=\"schulthess-product-partner-name\">iusnet Steuerrecht<\/h4>\n                                <p class=\"schulthess-product-partner-type\">\n                                    Medienpartner\n                                <\/p>\n                                <p class=\"schulthess-product-partner-description\">\n                                    Der Informationsdienst iusnet Steuerrecht liefert zw\u00f6lf Mal j\u00e4hrlich einen raschen \u00dcberblick \u00fcber die wichtigsten Entwicklungen in Rechtsprechung und Gesetzgebung zum nationalen Steuerrecht sowie relevanten internationalen Steuerthemen. Die Inhalte gliedern sich in die Rubriken:\r\n\r\nRechtsprechung: deutschsprachige Zusammenfassungen der relevanten Gerichtsentscheide aus dem Bundesgericht, dem Bundesverwaltungsgericht sowie den kantonalen Gerichten;\r\nGesetzgebung: Informationen zu aktuellen Entwicklungen der Rechtsetzung;\r\nKommentierung: Experten analysieren und kommentieren Urteile und Rechtsetzungsentwicklungen.\r\n\r\nDas Abonnement beinhaltet den Newsletter von iusnet Steuerrecht und einen unlimitierten Zugang zur Online-Plattform iusnet Steuerrecht.\n                                <\/p>\n                                <p class=\"schulthess-product-partner-speakers\">\n                                    Referenten: \n                                <\/p>\n                                <!--div class=\"schulthess-product-partner-link\">\n                                        <span>zur Website<\/span>\n                                        <span class=\"link-icon\">\n                                            <svg xmlns=\"http:\/\/www.w3.org\/2000\/svg\" width=\"11\" height=\"10\" viewBox=\"0 0 9.697 9.017\">\n                                                <g transform=\"translate(-813.933 -2094.752)\">\n                                                    <path d=\"M9442.49,1683l3.447,3.448-3.447,3.448\" transform=\"translate(-8627.497 412.813)\" fill=\"none\" stroke=\"#000\" stroke-linecap=\"round\" stroke-width=\"1.5\"\/>\n                                                    <path d=\"M9442.49,1683l3.447,3.448-3.447,3.448\" transform=\"translate(-8623.368 412.813)\" fill=\"none\" stroke=\"#000\" stroke-linecap=\"round\" stroke-width=\"1.5\"\/>\n                                                <\/g>\n                                            <\/svg>\n                                        <\/span>\n                                <\/div-->\n                            <\/div>\n                        <\/div>\n                    <\/div><div id=\"5356\" class=\"schulthess-product-partner Sponsoren\" partner-type=\"Sponsoren\">\n                        <div class=\"schulthess-product-partner-image\">\n                                <img loading=\"lazy\" decoding=\"async\" src=\"https:\/\/www.schulthessforum.ch\/wp-content\/media\/Partner\/Taxpartner_rgb.svg\" alt=\"Tax Partner AG\" title=\"Tax Partner AG\" width=\"250\" height=\"150\" \/>\n                        <\/div>\n                        <div class=\"schulthess-product-partner-info\">\n                            <div class=\"content\">\n                                <h4 class=\"schulthess-product-partner-name\">Tax Partner AG<\/h4>\n                                <p class=\"schulthess-product-partner-type\">\n                                    Sponsoren\n                                <\/p>\n                                <p class=\"schulthess-product-partner-description\">\n                                    Tax Partner AG, Taxand Schweiz, ist spezialisiert auf schweizerisches und internationales Steuerrecht und als f\u00fchrende unabh\u00e4ngige Steuer-Boutique anerkannt. Mit 10 Partnern und insgesamt rund 40 Steuerspezialisten ber\u00e4t das Unternehmen seit seiner Gr\u00fcndung im Jahr 1997 nationale und multinationale Unternehmen sowie Privatpersonen. Tax Partner deckt das gesamte Spektrum der Steuerberatung ab.\r\nTax Partner war im Jahr 2005 Mitgr\u00fcnderin von Taxand. Taxand ist die weltweit gr\u00f6sste unabh\u00e4ngige Organisation von Steuerberatern, welche qualitativ hochwertige integrierte internationale Steuerberatung erbringt.\r\nTax Partner wird regelm\u00e4ssig in verschiedenen internationalen Publikationen als f\u00fchrendes Steuerberatungsunternehmen in der Schweiz nominiert.\n                                <\/p>\n                                <p class=\"schulthess-product-partner-speakers\">\n                                    Referenten: \n                                <\/p>\n                                <!--div class=\"schulthess-product-partner-link\">\n                                        <span>zur Website<\/span>\n                                        <span class=\"link-icon\">\n                                            <svg xmlns=\"http:\/\/www.w3.org\/2000\/svg\" width=\"11\" height=\"10\" viewBox=\"0 0 9.697 9.017\">\n                                                <g transform=\"translate(-813.933 -2094.752)\">\n                                                    <path d=\"M9442.49,1683l3.447,3.448-3.447,3.448\" transform=\"translate(-8627.497 412.813)\" fill=\"none\" stroke=\"#000\" stroke-linecap=\"round\" stroke-width=\"1.5\"\/>\n                                                    <path d=\"M9442.49,1683l3.447,3.448-3.447,3.448\" transform=\"translate(-8623.368 412.813)\" fill=\"none\" stroke=\"#000\" stroke-linecap=\"round\" stroke-width=\"1.5\"\/>\n                                                <\/g>\n                                            <\/svg>\n                                        <\/span>\n                                <\/div-->\n                            <\/div>\n                        <\/div>\n                    <\/div><div id=\"7909\" class=\"schulthess-product-partner Kooperationspartner\" partner-type=\"Kooperationspartner\">\n                        <div class=\"schulthess-product-partner-image\">\n                                <img loading=\"lazy\" decoding=\"async\" src=\"https:\/\/www.schulthessforum.ch\/wp-content\/media\/Partner\/logos\/ISIS_rgb.svg\" alt=\"Isis\" title=\"Isis\" width=\"250\" height=\"150\" \/>\n                        <\/div>\n                        <div class=\"schulthess-product-partner-info\">\n                            <div class=\"content\">\n                                <h4 class=\"schulthess-product-partner-name\">Isis<\/h4>\n                                <p class=\"schulthess-product-partner-type\">\n                                    Kooperationspartner\n                                <\/p>\n                                <p class=\"schulthess-product-partner-description\">\n                                    \n                                <\/p>\n                                <p class=\"schulthess-product-partner-speakers\">\n                                    Referenten: \n                                <\/p>\n                                <!--div class=\"schulthess-product-partner-link\">\n                                        <span>zur Website<\/span>\n                                        <span class=\"link-icon\">\n                                            <svg xmlns=\"http:\/\/www.w3.org\/2000\/svg\" width=\"11\" height=\"10\" viewBox=\"0 0 9.697 9.017\">\n                                                <g transform=\"translate(-813.933 -2094.752)\">\n                                                    <path d=\"M9442.49,1683l3.447,3.448-3.447,3.448\" transform=\"translate(-8627.497 412.813)\" fill=\"none\" stroke=\"#000\" stroke-linecap=\"round\" stroke-width=\"1.5\"\/>\n                                                    <path d=\"M9442.49,1683l3.447,3.448-3.447,3.448\" transform=\"translate(-8623.368 412.813)\" fill=\"none\" stroke=\"#000\" stroke-linecap=\"round\" stroke-width=\"1.5\"\/>\n                                                <\/g>\n                                            <\/svg>\n                                        <\/span>\n                                <\/div-->\n                            <\/div>\n                        <\/div>\n                    <\/div><div id=\"7442\" class=\"schulthess-product-partner Medienpartner\" partner-type=\"Medienpartner\">\n                        <div class=\"schulthess-product-partner-image\">\n                                <img loading=\"lazy\" decoding=\"async\" src=\"https:\/\/www.schulthessforum.ch\/wp-content\/media\/Partner\/logos\/SJZ_Logo_groesser_350px-250x66.jpg\" alt=\"Schweizerische Juristen-Zeitung (SJZ)\" title=\"Schweizerische Juristen-Zeitung (SJZ)\" width=\"250\" height=\"150\" \/>\n                        <\/div>\n                        <div class=\"schulthess-product-partner-info\">\n                            <div class=\"content\">\n                                <h4 class=\"schulthess-product-partner-name\">Schweizerische Juristen-Zeitung (SJZ)<\/h4>\n                                <p class=\"schulthess-product-partner-type\">\n                                    Medienpartner\n                                <\/p>\n                                <p class=\"schulthess-product-partner-description\">\n                                    Die neu ausgerichtete Schweizerische Juristen-Zeitung (SJZ) erscheint ab Januar 2026 monatlich \u2013 mit erweitertem Umfang und praxisnaher Struktur f\u00fcr mehr Informationsgehalt und h\u00f6heren Leserkomfort, bei unver\u00e4ndert hohem wissenschaftlichem Anspruch. Die Zeitschrift h\u00e4lt Sie mit neuen Rubriken zu Privatrecht, \u00f6ffentlichem Recht und internationalem Recht gezielt und umfassend auf dem Laufenden. Interdisziplin\u00e4re Themen r\u00fccken st\u00e4rker in den Fokus, und im Forum f\u00f6rdern Interviews sowie Stellungnahmen mit vielf\u00e4ltigen Perspektiven den juristischen Diskurs. Namhafte Autorinnen und Autoren aus Anwaltschaft, Unternehmen, Justiz, Verwaltung und Wissenschaft sorgen gemeinsam mit ausgewiesenen Expertinnen und Experten in der Redaktion sowie erfahrenen Korrespondenten am Bundeshaus und Bundesgericht daf\u00fcr, dass Ihnen keine wesentliche Rechtsprechung und Gesetzgebung entgeht. So behalten Sie die Entwicklung der Rechtsgebiete stets im Blick und profitieren von wichtigen Informationen f\u00fcr Ihre Berufspraxis. Auf Schulthess Digital k\u00f6nnen Sie die gew\u00fcnschten Artikel jederzeit im neuen Web- oder Printlayout online lesen und in Ihrer Zeitschrift und den sonst bei Schulthess erworbenen Werken komfortabel recherchieren.\n                                <\/p>\n                                <p class=\"schulthess-product-partner-speakers\">\n                                    Referenten: \n                                <\/p>\n                                <!--div class=\"schulthess-product-partner-link\">\n                                        <span>zur Website<\/span>\n                                        <span class=\"link-icon\">\n                                            <svg xmlns=\"http:\/\/www.w3.org\/2000\/svg\" width=\"11\" height=\"10\" viewBox=\"0 0 9.697 9.017\">\n                                                <g transform=\"translate(-813.933 -2094.752)\">\n                                                    <path d=\"M9442.49,1683l3.447,3.448-3.447,3.448\" transform=\"translate(-8627.497 412.813)\" fill=\"none\" stroke=\"#000\" stroke-linecap=\"round\" stroke-width=\"1.5\"\/>\n                                                    <path d=\"M9442.49,1683l3.447,3.448-3.447,3.448\" transform=\"translate(-8623.368 412.813)\" fill=\"none\" stroke=\"#000\" stroke-linecap=\"round\" stroke-width=\"1.5\"\/>\n                                                <\/g>\n                                            <\/svg>\n                                        <\/span>\n                                <\/div-->\n                            <\/div>\n                        <\/div>\n                    <\/div><div id=\"7906\" class=\"schulthess-product-partner Medienpartner\" partner-type=\"Medienpartner\">\n                        <div class=\"schulthess-product-partner-image\">\n                                <img loading=\"lazy\" decoding=\"async\" src=\"https:\/\/www.schulthessforum.ch\/wp-content\/media\/Partner\/logos\/SteuerRevue_rgb.svg\" alt=\"Steuerrevue\" title=\"Steuerrevue\" width=\"250\" height=\"150\" \/>\n                        <\/div>\n                        <div class=\"schulthess-product-partner-info\">\n                            <div class=\"content\">\n                                <h4 class=\"schulthess-product-partner-name\">Steuerrevue<\/h4>\n                                <p class=\"schulthess-product-partner-type\">\n                                    Medienpartner\n                                <\/p>\n                                <p class=\"schulthess-product-partner-description\">\n                                    \n                                <\/p>\n                                <p class=\"schulthess-product-partner-speakers\">\n                                    Referenten: \n                                <\/p>\n                                <!--div class=\"schulthess-product-partner-link\">\n                                        <span>zur Website<\/span>\n                                        <span class=\"link-icon\">\n                                            <svg xmlns=\"http:\/\/www.w3.org\/2000\/svg\" width=\"11\" height=\"10\" viewBox=\"0 0 9.697 9.017\">\n                                                <g transform=\"translate(-813.933 -2094.752)\">\n                                                    <path d=\"M9442.49,1683l3.447,3.448-3.447,3.448\" transform=\"translate(-8627.497 412.813)\" fill=\"none\" stroke=\"#000\" stroke-linecap=\"round\" stroke-width=\"1.5\"\/>\n                                                    <path d=\"M9442.49,1683l3.447,3.448-3.447,3.448\" transform=\"translate(-8623.368 412.813)\" fill=\"none\" stroke=\"#000\" stroke-linecap=\"round\" stroke-width=\"1.5\"\/>\n                                                <\/g>\n                                            <\/svg>\n                                        <\/span>\n                                <\/div-->\n                            <\/div>\n                        <\/div>\n                    <\/div><div id=\"5363\" class=\"schulthess-product-partner Kooperationspartner\" partner-type=\"Kooperationspartner\">\n                        <div class=\"schulthess-product-partner-image\">\n                                <img loading=\"lazy\" decoding=\"async\" src=\"https:\/\/www.schulthessforum.ch\/wp-content\/media\/Partner\/logos\/Treuhand-Suisse_rgb.svg\" alt=\"TREUHAND | SUISSE\" title=\"TREUHAND | SUISSE\" width=\"250\" height=\"150\" \/>\n                        <\/div>\n                        <div class=\"schulthess-product-partner-info\">\n                            <div class=\"content\">\n                                <h4 class=\"schulthess-product-partner-name\">TREUHAND | SUISSE<\/h4>\n                                <p class=\"schulthess-product-partner-type\">\n                                    Kooperationspartner\n                                <\/p>\n                                <p class=\"schulthess-product-partner-description\">\n                                    Im schweizerischen Treuh\u00e4nderverband TREUHAND | SUISSE sind Treuh\u00e4nderinnen und Treuh\u00e4nder zusammengeschlossen, die vorwiegend f\u00fcr KMU und Privatpersonen t\u00e4tig sind. Fachliche Qualifikation, berufliche Erfahrung, pers\u00f6nliche Integrit\u00e4t und Vertrauensw\u00fcrdigkeit zeichnen alle TREUHAND | SUISSE Mitglieder aus. Der Verband engagiert sich f\u00fcr die Bildung, Qualit\u00e4tssicherung und Branchenentwicklung und ist aktiv in der politischen Lobbyarbeit.\r\n\r\n\n                                <\/p>\n                                <p class=\"schulthess-product-partner-speakers\">\n                                    Referenten: \n                                <\/p>\n                                <!--div class=\"schulthess-product-partner-link\">\n                                        <span>zur Website<\/span>\n                                        <span class=\"link-icon\">\n                                            <svg xmlns=\"http:\/\/www.w3.org\/2000\/svg\" width=\"11\" height=\"10\" viewBox=\"0 0 9.697 9.017\">\n                                                <g transform=\"translate(-813.933 -2094.752)\">\n                                                    <path d=\"M9442.49,1683l3.447,3.448-3.447,3.448\" transform=\"translate(-8627.497 412.813)\" fill=\"none\" stroke=\"#000\" stroke-linecap=\"round\" stroke-width=\"1.5\"\/>\n                                                    <path d=\"M9442.49,1683l3.447,3.448-3.447,3.448\" transform=\"translate(-8623.368 412.813)\" fill=\"none\" stroke=\"#000\" stroke-linecap=\"round\" stroke-width=\"1.5\"\/>\n                                                <\/g>\n                                            <\/svg>\n                                        <\/span>\n                                <\/div-->\n                            <\/div>\n                        <\/div>\n                    <\/div><div id=\"7914\" class=\"schulthess-product-partner Kooperationspartner\" partner-type=\"Kooperationspartner\">\n                        <div class=\"schulthess-product-partner-image\">\n                                <img loading=\"lazy\" decoding=\"async\" src=\"https:\/\/www.schulthessforum.ch\/wp-content\/media\/Partner\/logos\/ZH_Bankenverband_rgb.svg\" alt=\"Z\u00fcrcher Bankenverband\" title=\"Z\u00fcrcher Bankenverband\" width=\"250\" height=\"150\" \/>\n                        <\/div>\n                        <div class=\"schulthess-product-partner-info\">\n                            <div class=\"content\">\n                                <h4 class=\"schulthess-product-partner-name\">Z\u00fcrcher Bankenverband<\/h4>\n                                <p class=\"schulthess-product-partner-type\">\n                                    Kooperationspartner\n                                <\/p>\n                                <p class=\"schulthess-product-partner-description\">\n                                    Der Z\u00fcrcher Bankenverband vertritt seit mehr als 100 Jahren die Interessen des Finanzplatzes Z\u00fcrich. Er\r\nengagiert sich f\u00fcr hohe Aus- und Weiterbildungs-standards auf allen Stufen der Bank- und\r\nVersicherungswirtschaft und f\u00fcr politische Rahmen-bedingungen, die auch in Zukunft eine erfolgreiche Ent-wicklung des Finanzplatzes erm\u00f6glichen.\r\n\n                                <\/p>\n                                <p class=\"schulthess-product-partner-speakers\">\n                                    Referenten: \n                                <\/p>\n                                <!--div class=\"schulthess-product-partner-link\">\n                                        <span>zur Website<\/span>\n                                        <span class=\"link-icon\">\n                                            <svg xmlns=\"http:\/\/www.w3.org\/2000\/svg\" width=\"11\" height=\"10\" viewBox=\"0 0 9.697 9.017\">\n                                                <g transform=\"translate(-813.933 -2094.752)\">\n                                                    <path d=\"M9442.49,1683l3.447,3.448-3.447,3.448\" transform=\"translate(-8627.497 412.813)\" fill=\"none\" stroke=\"#000\" stroke-linecap=\"round\" stroke-width=\"1.5\"\/>\n                                                    <path d=\"M9442.49,1683l3.447,3.448-3.447,3.448\" transform=\"translate(-8623.368 412.813)\" fill=\"none\" stroke=\"#000\" stroke-linecap=\"round\" stroke-width=\"1.5\"\/>\n                                                <\/g>\n                                            <\/svg>\n                                        <\/span>\n                                <\/div-->\n                            <\/div>\n                        <\/div>\n                    <\/div><div id=\"9128\" class=\"schulthess-product-partner Sponsoren\" partner-type=\"Sponsoren\">\n                        <div class=\"schulthess-product-partner-image\">\n                                <img loading=\"lazy\" decoding=\"async\" src=\"https:\/\/www.schulthessforum.ch\/wp-content\/media\/Partner\/Schellenberg-Wittmer_134x134px-150x150.png\" alt=\"Schellenberg Wittmer\" title=\"Schellenberg Wittmer\" width=\"250\" height=\"150\" \/>\n                        <\/div>\n                        <div class=\"schulthess-product-partner-info\">\n                            <div class=\"content\">\n                                <h4 class=\"schulthess-product-partner-name\">Schellenberg Wittmer<\/h4>\n                                <p class=\"schulthess-product-partner-type\">\n                                    Sponsoren\n                                <\/p>\n                                <p class=\"schulthess-product-partner-description\">\n                                    Schellenberg Wittmer AG ist Ihre f\u00fchrende Schweizer Wirtschaftskanzlei mit mehr als 150 Juristinnen und Juristen in Z\u00fcrich und Genf sowie einem B\u00fcro in Singapur. Wir k\u00fcmmern uns um alle Ihre rechtlichen Belange \u2013 Transaktionen, Beratung, Prozesse.\n                                <\/p>\n                                <p class=\"schulthess-product-partner-speakers\">\n                                    Referenten: \n                                <\/p>\n                                <!--div class=\"schulthess-product-partner-link\">\n                                        <span>zur Website<\/span>\n                                        <span class=\"link-icon\">\n                                            <svg xmlns=\"http:\/\/www.w3.org\/2000\/svg\" width=\"11\" height=\"10\" viewBox=\"0 0 9.697 9.017\">\n                                                <g transform=\"translate(-813.933 -2094.752)\">\n                                                    <path d=\"M9442.49,1683l3.447,3.448-3.447,3.448\" transform=\"translate(-8627.497 412.813)\" fill=\"none\" stroke=\"#000\" stroke-linecap=\"round\" stroke-width=\"1.5\"\/>\n                                                    <path d=\"M9442.49,1683l3.447,3.448-3.447,3.448\" transform=\"translate(-8623.368 412.813)\" fill=\"none\" stroke=\"#000\" stroke-linecap=\"round\" stroke-width=\"1.5\"\/>\n                                                <\/g>\n                                            <\/svg>\n                                        <\/span>\n                                <\/div-->\n                            <\/div>\n                        <\/div>\n                    <\/div><div id=\"9831\" class=\"schulthess-product-partner Sponsoren\" partner-type=\"Sponsoren\">\n                        <div class=\"schulthess-product-partner-image\">\n                                <img loading=\"lazy\" decoding=\"async\" src=\"https:\/\/www.schulthessforum.ch\/wp-content\/media\/Partner\/Swisslex_rgb.svg\" alt=\" Swisslex\" title=\" Swisslex\" width=\"250\" height=\"150\" \/>\n                        <\/div>\n                        <div class=\"schulthess-product-partner-info\">\n                            <div class=\"content\">\n                                <h4 class=\"schulthess-product-partner-name\"> Swisslex<\/h4>\n                                <p class=\"schulthess-product-partner-type\">\n                                    Sponsoren\n                                <\/p>\n                                <p class=\"schulthess-product-partner-description\">\n                                    SWISSLEX \u2014 Schweizerische Juristische Datenbank AG ist die f\u00fchrende Anbieterin von digitalen Rechtsinformationen. Ihre Rechtsinformationsplattform swisslex.ch vereint Recherchetechnologie mit hochstrukturierten Rechtsinformationen. Im Zentrum stehen die hauseigenen, auf juristische Recherchebed\u00fcrfnisse spezialisierten Suchwerkzeuge. In der Kombination von modernster Technologie und den uns zur Verf\u00fcgung gestellten Inhalten liegt die St\u00e4rke des Angebotes. Rund 30'000 Expertinnen und Experten aus der Anwaltschaft, aus Justiz, Verwaltungen, Wirtschaft und Wissenschaft nutzen dieses regelm\u00e4ssig f\u00fcr ihre juristische Recherche. Swisslex besch\u00e4ftigt 22 Fachkr\u00e4fte, u.a. aus den Bereichen Softwareengineering, Data Science und Recht.\n                                <\/p>\n                                <p class=\"schulthess-product-partner-speakers\">\n                                    Referenten: \n                                <\/p>\n                                <!--div class=\"schulthess-product-partner-link\">\n                                        <span>zur Website<\/span>\n                                        <span class=\"link-icon\">\n                                            <svg xmlns=\"http:\/\/www.w3.org\/2000\/svg\" width=\"11\" height=\"10\" viewBox=\"0 0 9.697 9.017\">\n                                                <g transform=\"translate(-813.933 -2094.752)\">\n                                                    <path d=\"M9442.49,1683l3.447,3.448-3.447,3.448\" transform=\"translate(-8627.497 412.813)\" fill=\"none\" stroke=\"#000\" stroke-linecap=\"round\" stroke-width=\"1.5\"\/>\n                                                    <path d=\"M9442.49,1683l3.447,3.448-3.447,3.448\" transform=\"translate(-8623.368 412.813)\" fill=\"none\" stroke=\"#000\" stroke-linecap=\"round\" stroke-width=\"1.5\"\/>\n                                                <\/g>\n                                            <\/svg>\n                                        <\/span>\n                                <\/div-->\n                            <\/div>\n                        <\/div>\n                    <\/div><div id=\"5366\" class=\"schulthess-product-partner Kooperationspartner\" partner-type=\"Kooperationspartner\">\n                        <div class=\"schulthess-product-partner-image\">\n                                <img loading=\"lazy\" decoding=\"async\" src=\"https:\/\/www.schulthessforum.ch\/wp-content\/media\/Partner\/logos\/Zuercher_Handelskammer_rgb.svg\" alt=\"Z\u00fcrcher Handelskammer\" title=\"Z\u00fcrcher Handelskammer\" width=\"250\" height=\"150\" \/>\n                        <\/div>\n                        <div class=\"schulthess-product-partner-info\">\n                            <div class=\"content\">\n                                <h4 class=\"schulthess-product-partner-name\">Z\u00fcrcher Handelskammer<\/h4>\n                                <p class=\"schulthess-product-partner-type\">\n                                    Kooperationspartner\n                                <\/p>\n                                <p class=\"schulthess-product-partner-description\">\n                                    Die Z\u00fcrcher Handelskammer vertritt die wirtschaftspolitischen Interessen von rund 1\u2018000 Unternehmen aus allen Branchen in den Kantonen Z\u00fcrich, Schaffhausen und Zug. Unser Ziel sind liberale und marktwirtschaftlich gepr\u00e4gte Rahmenbedingungen f\u00fcr die Wirtschaft. Wir setzen uns auf allen Ebenen f\u00fcr die Erhaltung und Steigerung der Attraktivit\u00e4t des regionalen Wirtschaftsstandortes ein. Als Mitglied der Z\u00fcrcher Handelskammer sind Sie Teil eines umfassenden regionalen und nationalen Netzwerkes und profitieren von vielf\u00e4ltigen Dienstleistungen. \r\n\r\n\n                                <\/p>\n                                <p class=\"schulthess-product-partner-speakers\">\n                                    Referenten: \n                                <\/p>\n                                <!--div class=\"schulthess-product-partner-link\">\n                                        <span>zur Website<\/span>\n                                        <span class=\"link-icon\">\n                                            <svg xmlns=\"http:\/\/www.w3.org\/2000\/svg\" width=\"11\" height=\"10\" viewBox=\"0 0 9.697 9.017\">\n                                                <g transform=\"translate(-813.933 -2094.752)\">\n                                                    <path d=\"M9442.49,1683l3.447,3.448-3.447,3.448\" transform=\"translate(-8627.497 412.813)\" fill=\"none\" stroke=\"#000\" stroke-linecap=\"round\" stroke-width=\"1.5\"\/>\n                                                    <path d=\"M9442.49,1683l3.447,3.448-3.447,3.448\" transform=\"translate(-8623.368 412.813)\" fill=\"none\" stroke=\"#000\" stroke-linecap=\"round\" stroke-width=\"1.5\"\/>\n                                                <\/g>\n                                            <\/svg>\n                                        <\/span>\n                                <\/div-->\n                            <\/div>\n                        <\/div>\n                    <\/div>\n            <\/div>\n            <script>\n\n              var btns1 = jQuery(\".schulthess-product-partner-headline-wrapper .buttons\");\n              btns1.find(\".grid\").addClass(\"aktiv\");\n\n              btns1.find(\"button\").on(\"click\",function(e) {\n                btns1.find(\".grid\").removeClass(\"aktiv\");\n                btns1.find(\".list\").removeClass(\"aktiv\");\n                if (jQuery(this).hasClass(\"grid\")) {\n                    jQuery(\".schulthess-product-partner-wrapper\").removeClass(\"list\").addClass(\"grid\");\n                    jQuery(this).addClass(\"aktiv\");\n                    jQuery(\".schulthess-product-partner-wrapper .schulthess-product-partner-info\").hide();\n                }\n                else if(jQuery(this).hasClass(\"list\")) {\n                    jQuery(\".schulthess-product-partner-wrapper\").removeClass(\"grid\").addClass(\"list\");\n                    jQuery(\".schulthess-product-partner-wrapper .schulthess-product-partner-info\").show();\n                    jQuery(this).addClass(\"aktiv\");\n                }\n              });\n            <\/script>[\/et_pb_code][\/et_pb_column][\/et_pb_row][et_pb_row disabled_on=\u00a0\u00bboff|off|off\u00a0\u00bb _builder_version=\u00a0\u00bb4.16&Prime; _module_preset=\u00a0\u00bbdefault\u00a0\u00bb locked=\u00a0\u00bboff\u00a0\u00bb collapsed=\u00a0\u00bboff\u00a0\u00bb global_colors_info=\u00a0\u00bb{}\u00a0\u00bb][et_pb_column type=\u00a0\u00bb4_4&Prime; _builder_version=\u00a0\u00bb4.16&Prime; _module_preset=\u00a0\u00bbdefault\u00a0\u00bb global_colors_info=\u00a0\u00bb{}\u00a0\u00bb][et_pb_code admin_label=\u00a0\u00bbCode\u00a0\u00bb _builder_version=\u00a0\u00bb4.20.2&Prime; _module_preset=\u00a0\u00bbdefault\u00a0\u00bb locked=\u00a0\u00bboff\u00a0\u00bb global_colors_info=\u00a0\u00bb{}\u00a0\u00bb]<div class=\"et_pb_row sf-h3\">\n            <div class=\"et_pb_module et_pb_text schulthess-product-partner-headline-wrapper\">\n                <h5 class=\"schulthess-product-partner-type\" id=\"medienpartner\">Partenaires m\u00e9dias<\/h5>\n            <\/div>\n            <div class=\"et_pb_module\"><div class=\"et_pb_column_1_4 et_pb_column\">\n                        <div class=\"sf-product-partner-container\">\n                            <a href=\"https:\/\/www.schulthess.com\/de\/portfolio\/schulthess\/schulthess-digital\/iusnet\/iusnet-steuerrecht\" title=\"iusnet Steuerrecht\" target=\"_blank\" rel=\"noopener nofollow\"><img loading=\"lazy\" decoding=\"async\" class=\"\" src=\"https:\/\/www.schulthessforum.ch\/wp-content\/media\/Partner\/iusnet_Website_Steuerrecht_364x104px.png\" style=\"aspect-ratio: 364 \/ 104\" width=\"364\" height=\"104\" alt=\"iusnet Steuerrecht\" title=\"iusnet Steuerrecht\"\/><\/a>\n                        <\/div>\n                    <\/div><div class=\"et_pb_column_1_4 et_pb_column\">\n                        <div class=\"sf-product-partner-container\">\n                            <a href=\"https:\/\/schulthessdigital.info\/de\/zeitschriften\/schweizerische-juristen-zeitung\" title=\"Schweizerische Juristen-Zeitung (SJZ)\" target=\"_blank\" rel=\"noopener nofollow\"><img loading=\"lazy\" decoding=\"async\" class=\"\" src=\"https:\/\/www.schulthessforum.ch\/wp-content\/media\/Partner\/logos\/SJZ_Logo_groesser_350px.jpg\" style=\"aspect-ratio: 279 \/ 74\" width=\"279\" height=\"74\" alt=\"Schweizerische Juristen-Zeitung (SJZ)\" title=\"Schweizerische Juristen-Zeitung (SJZ)\"\/><\/a>\n                        <\/div>\n                    <\/div><div class=\"et_pb_column_1_4 et_pb_column\">\n                        <div class=\"sf-product-partner-container\">\n                            <img loading=\"lazy\" decoding=\"async\" class=\"svg-partner-logo\" src=\"https:\/\/www.schulthessforum.ch\/wp-content\/media\/Partner\/logos\/SteuerRevue_rgb.svg\" style=\"aspect-ratio: 0 \/ 0\" width=\"0\" height=\"0\" alt=\"Steuerrevue\" title=\"Steuerrevue\"\/>\n                        <\/div>\n                    <\/div><\/div><\/div>[\/et_pb_code][et_pb_code admin_label=\u00a0\u00bbCode\u00a0\u00bb _builder_version=\u00a0\u00bb4.20.2&Prime; _module_preset=\u00a0\u00bbdefault\u00a0\u00bb locked=\u00a0\u00bboff\u00a0\u00bb global_colors_info=\u00a0\u00bb{}\u00a0\u00bb]<div class=\"et_pb_row sf-h3\">\n            <div class=\"et_pb_module et_pb_text schulthess-product-partner-headline-wrapper\">\n                <h5 class=\"schulthess-product-partner-type\" id=\"kooperationspartner\">Partenaires<\/h5>\n            <\/div>\n            <div class=\"et_pb_module\"><div class=\"et_pb_column_1_4 et_pb_column\">\n                        <div class=\"sf-product-partner-container\">\n                            <img loading=\"lazy\" decoding=\"async\" class=\"svg-partner-logo\" src=\"https:\/\/www.schulthessforum.ch\/wp-content\/media\/Partner\/logos\/ISIS_rgb.svg\" style=\"aspect-ratio: 0 \/ 0\" width=\"0\" height=\"0\" alt=\"Isis\" title=\"Isis\"\/>\n                        <\/div>\n                    <\/div><div class=\"et_pb_column_1_4 et_pb_column\">\n                        <div class=\"sf-product-partner-container\">\n                            <a href=\"https:\/\/www.treuhandsuisse.ch\/\" title=\"TREUHAND | SUISSE\" target=\"_blank\" rel=\"noopener nofollow\"><img loading=\"lazy\" decoding=\"async\" class=\"svg-partner-logo\" src=\"https:\/\/www.schulthessforum.ch\/wp-content\/media\/Partner\/logos\/Treuhand-Suisse_rgb.svg\" style=\"aspect-ratio: 0 \/ 0\" width=\"0\" height=\"0\" alt=\"TREUHAND | SUISSE\" title=\"TREUHAND | SUISSE\"\/><\/a>\n                        <\/div>\n                    <\/div><div class=\"et_pb_column_1_4 et_pb_column\">\n                        <div class=\"sf-product-partner-container\">\n                            <a href=\"https:\/\/zuercher-bankenverband.ch\/\" title=\"Z\u00fcrcher Bankenverband\" target=\"_blank\" rel=\"noopener nofollow\"><img loading=\"lazy\" decoding=\"async\" class=\"svg-partner-logo\" src=\"https:\/\/www.schulthessforum.ch\/wp-content\/media\/Partner\/logos\/ZH_Bankenverband_rgb.svg\" style=\"aspect-ratio: 0 \/ 0\" width=\"0\" height=\"0\" alt=\"Z\u00fcrcher Bankenverband\" title=\"Z\u00fcrcher Bankenverband\"\/><\/a>\n                        <\/div>\n                    <\/div><div class=\"et_pb_column_1_4 et_pb_column\">\n                        <div class=\"sf-product-partner-container\">\n                            <a href=\"https:\/\/www.zhk.ch\/de\/home.html\" title=\"Z\u00fcrcher Handelskammer\" target=\"_blank\" rel=\"noopener nofollow\"><img loading=\"lazy\" decoding=\"async\" class=\"svg-partner-logo\" src=\"https:\/\/www.schulthessforum.ch\/wp-content\/media\/Partner\/logos\/Zuercher_Handelskammer_rgb.svg\" style=\"aspect-ratio: 0 \/ 0\" width=\"0\" height=\"0\" alt=\"Z\u00fcrcher Handelskammer\" title=\"Z\u00fcrcher Handelskammer\"\/><\/a>\n                        <\/div>\n                    <\/div><\/div><\/div>[\/et_pb_code][et_pb_code admin_label=\u00a0\u00bbCode\u00a0\u00bb _builder_version=\u00a0\u00bb4.20.2&Prime; _module_preset=\u00a0\u00bbdefault\u00a0\u00bb locked=\u00a0\u00bboff\u00a0\u00bb global_colors_info=\u00a0\u00bb{}\u00a0\u00bb]<div class=\"et_pb_row sf-h3\">\n            <div class=\"et_pb_module et_pb_text schulthess-product-partner-headline-wrapper\">\n                <h5 class=\"schulthess-product-partner-type\" id=\"sponsoren\">Sponsors<\/h5>\n            <\/div>\n            <div class=\"et_pb_module\"><div class=\"et_pb_column_1_4 et_pb_column\">\n                        <div class=\"sf-product-partner-container\">\n                            <img loading=\"lazy\" decoding=\"async\" class=\"svg-partner-logo\" src=\"https:\/\/www.schulthessforum.ch\/wp-content\/media\/Partner\/Taxpartner_rgb.svg\" style=\"aspect-ratio: 0 \/ 0\" width=\"0\" height=\"0\" alt=\"Tax Partner AG\" title=\"Tax Partner AG\"\/>\n                        <\/div>\n                    <\/div><div class=\"et_pb_column_1_4 et_pb_column\">\n                        <div class=\"sf-product-partner-container\">\n                            <a href=\"https:\/\/www.swlegal.com\/en\/\" title=\"Schellenberg Wittmer\" target=\"_blank\" rel=\"noopener nofollow\"><img loading=\"lazy\" decoding=\"async\" class=\"\" src=\"https:\/\/www.schulthessforum.ch\/wp-content\/media\/Partner\/Schellenberg-Wittmer_134x134px.png\" style=\"aspect-ratio: 201 \/ 201\" width=\"201\" height=\"201\" alt=\"Schellenberg Wittmer\" title=\"Schellenberg Wittmer\"\/><\/a>\n                        <\/div>\n                    <\/div><div class=\"et_pb_column_1_4 et_pb_column\">\n                        <div class=\"sf-product-partner-container\">\n                            <a href=\"https:\/\/www.swisslex.ch\/de\/\" title=\" Swisslex\" target=\"_blank\" rel=\"noopener nofollow\"><img loading=\"lazy\" decoding=\"async\" class=\"svg-partner-logo\" src=\"https:\/\/www.schulthessforum.ch\/wp-content\/media\/Partner\/Swisslex_rgb.svg\" style=\"aspect-ratio: 0 \/ 0\" width=\"0\" height=\"0\" alt=\" Swisslex\" title=\" Swisslex\"\/><\/a>\n                        <\/div>\n                    <\/div><\/div><\/div>[\/et_pb_code][\/et_pb_column][\/et_pb_row][\/et_pb_section][et_pb_section fb_built=\u00a0\u00bb1&Prime; admin_label=\u00a0\u00bbSektion Impressionen\u00a0\u00bb module_id=\u00a0\u00bbschulthess-impressionen\u00a0\u00bb _builder_version=\u00a0\u00bb4.17.4&Prime; _module_preset=\u00a0\u00bbdefault\u00a0\u00bb collapsed=\u00a0\u00bboff\u00a0\u00bb global_colors_info=\u00a0\u00bb{}\u00a0\u00bb][et_pb_row module_class=\u00a0\u00bbsf-impressionen-slider-wrapper\u00a0\u00bb _builder_version=\u00a0\u00bb4.19.5&Prime; _module_preset=\u00a0\u00bbdefault\u00a0\u00bb global_colors_info=\u00a0\u00bb{}\u00a0\u00bb][et_pb_column type=\u00a0\u00bb4_4&Prime; _builder_version=\u00a0\u00bb4.19.5&Prime; _module_preset=\u00a0\u00bbdefault\u00a0\u00bb global_colors_info=\u00a0\u00bb{}\u00a0\u00bb][et_pb_text admin_label=\u00a0\u00bb\u00dcberschrift\u00a0\u00bb module_class=\u00a0\u00bbsf-h2&Prime; _builder_version=\u00a0\u00bb4.27.4&Prime; _module_preset=\u00a0\u00bbdefault\u00a0\u00bb global_colors_info=\u00a0\u00bb{}\u00a0\u00bb]<\/p>\n<h5>Impressionen<\/h5>\n<p>[\/et_pb_text][et_pb_gallery gallery_ids=\u00a0\u00bb33569,33571,33573,33575,33577,33579,33581,33583,33585,33587,33589,33591,33593,33595,33597&Prime; fullwidth=\u00a0\u00bbon\u00a0\u00bb admin_label=\u00a0\u00bbGalerie 2025&Prime; module_id=\u00a0\u00bbimpressionen-slider\u00a0\u00bb module_class=\u00a0\u00bbimpressionen-slider\u00a0\u00bb _builder_version=\u00a0\u00bb4.27.4&Prime; _module_preset=\u00a0\u00bbdefault\u00a0\u00bb animation_style=\u00a0\u00bbfade\u00a0\u00bb animation_duration=\u00a0\u00bb5000ms\u00a0\u00bb animation_starting_opacity=\u00a0\u00bb100%\u00a0\u00bb animation_repeat=\u00a0\u00bbloop\u00a0\u00bb auto=\u00a0\u00bbon\u00a0\u00bb auto_speed=\u00a0\u00bb5000&Prime; global_colors_info=\u00a0\u00bb{}\u00a0\u00bb][\/et_pb_gallery][\/et_pb_column][\/et_pb_row][\/et_pb_section]<\/p>\n","protected":false},"excerpt":{"rendered":"<h3>Steuerrecht im Wandel &#8211; Entwicklungen, Herausforderungen und L\u00f6sungen<\/h3>\n<p>Das Steuerrecht bleibt in Bewegung \u2013 gepr\u00e4gt von Reformvorhaben auf Bundesebene, kantonaler Praxisentwicklung und zunehmender Digitalisierung. F\u00fcr Unternehmen, Beratung und Verwaltung bedeutet dies wachsende Komplexit\u00e4t und erh\u00f6hten Abstimmungsbedarf.<\/p>\n<p>Die Neue Z\u00fcrcher Steuerkonferenz 2026 greift diese Entwicklungen auf und beleuchtet aktuelle Brennpunkte: von Neuerungen aus dem Bund \u00fcber die besondere Liegenschaftssteuer auf Zweitwohnungen und die Abschaffung des Eigenmietwerts bis hin zu Fragen rund um Liegenschaftsh\u00e4ndler, wirtschaftliche Hand\u00e4nderungen, indirekte Teilliquidationen und das Verrechnungssteuerverfahren. Weitere Schwerpunkte bilden Verrechnungspreise im nationalen KMU-Kontext, Aktuelles aus dem Steueramt des Kantons Z\u00fcrich sowie der Steuerstaat im Wandel zwischen Digitalisierung, Effizienz und Rechtsstaatlichkeit.<\/p>\n<p>Die Konferenz bietet einen kompakten \u00dcberblick \u00fcber zentrale Neuerungen, praxisnahe Vertiefungen und wertvolle Perspektiven aus Beratung, Unternehmen, Verwaltung und Wissenschaft.<\/p>\n","protected":false},"author":1853,"featured_media":0,"template":"","meta":{"_acf_changed":false,"_et_pb_use_builder":"on","_et_pb_old_content":"","_et_gb_content_width":""},"categories":[238,96],"tags":[],"product_brand":[],"product_cat":[229],"product_tag":[],"class_list":{"0":"post-38378","1":"product","2":"type-product","3":"status-publish","5":"category-konferenz","6":"category-steuerrecht","7":"product_cat-229","8":"pa_teilnahme-online-teilnahme","9":"pa_teilnahme-praesenzveranstaltung","11":"first","12":"instock","13":"taxable","14":"shipping-taxable","15":"purchasable","16":"product-type-variable"},"acf":[],"_links":{"self":[{"href":"https:\/\/www.schulthessforum.ch\/fr\/wp-json\/wp\/v2\/product\/38378","targetHints":{"allow":["GET"]}}],"collection":[{"href":"https:\/\/www.schulthessforum.ch\/fr\/wp-json\/wp\/v2\/product"}],"about":[{"href":"https:\/\/www.schulthessforum.ch\/fr\/wp-json\/wp\/v2\/types\/product"}],"author":[{"embeddable":true,"href":"https:\/\/www.schulthessforum.ch\/fr\/wp-json\/wp\/v2\/users\/1853"}],"wp:attachment":[{"href":"https:\/\/www.schulthessforum.ch\/fr\/wp-json\/wp\/v2\/media?parent=38378"}],"wp:term":[{"taxonomy":"category","embeddable":true,"href":"https:\/\/www.schulthessforum.ch\/fr\/wp-json\/wp\/v2\/categories?post=38378"},{"taxonomy":"post_tag","embeddable":true,"href":"https:\/\/www.schulthessforum.ch\/fr\/wp-json\/wp\/v2\/tags?post=38378"},{"taxonomy":"product_brand","embeddable":true,"href":"https:\/\/www.schulthessforum.ch\/fr\/wp-json\/wp\/v2\/product_brand?post=38378"},{"taxonomy":"product_cat","embeddable":true,"href":"https:\/\/www.schulthessforum.ch\/fr\/wp-json\/wp\/v2\/product_cat?post=38378"},{"taxonomy":"product_tag","embeddable":true,"href":"https:\/\/www.schulthessforum.ch\/fr\/wp-json\/wp\/v2\/product_tag?post=38378"}],"curies":[{"name":"wp","href":"https:\/\/api.w.org\/{rel}","templated":true}]}}