{"id":39439,"date":"2026-04-10T15:18:43","date_gmt":"2026-04-10T13:18:43","guid":{"rendered":"https:\/\/www.schulthessforum.ch\/?post_type=product&#038;p=39439"},"modified":"2026-04-23T14:33:52","modified_gmt":"2026-04-23T12:33:52","slug":"szw-tagung-2024-kopie","status":"publish","type":"product","link":"https:\/\/www.schulthessforum.ch\/szw-tagung\/","title":{"rendered":"SZW-Tagung 2026"},"content":{"rendered":"<p>[et_pb_section fb_built=\u00a0\u00bb1&Prime; disabled_on=\u00a0\u00bboff|off|off\u00a0\u00bb admin_label=\u00a0\u00bbAlert Content\u00a0\u00bb module_id=\u00a0\u00bbschulthess-header-alertbar-section\u00a0\u00bb _builder_version=\u00a0\u00bb4.19.4&Prime; _module_preset=\u00a0\u00bbdefault\u00a0\u00bb locked=\u00a0\u00bboff\u00a0\u00bb collapsed=\u00a0\u00bbon\u00a0\u00bb global_colors_info=\u00a0\u00bb{}\u00a0\u00bb][et_pb_row _builder_version=\u00a0\u00bb4.17.4&Prime; _module_preset=\u00a0\u00bbdefault\u00a0\u00bb global_colors_info=\u00a0\u00bb{}\u00a0\u00bb][et_pb_column type=\u00a0\u00bb4_4&Prime; _builder_version=\u00a0\u00bb4.17.4&Prime; _module_preset=\u00a0\u00bbdefault\u00a0\u00bb global_colors_info=\u00a0\u00bb{}\u00a0\u00bb][et_pb_code admin_label=\u00a0\u00bbCode (Alert) (ZU \u00c4NDERN IN %22HOME%22)\u00a0\u00bb module_class=\u00a0\u00bbschulthess-header-alertbar \u00a0\u00bb _builder_version=\u00a0\u00bb4.21.0&Prime; _module_preset=\u00a0\u00bbdefault\u00a0\u00bb locked=\u00a0\u00bboff\u00a0\u00bb global_colors_info=\u00a0\u00bb{}\u00a0\u00bb][\/et_pb_code][\/et_pb_column][\/et_pb_row][\/et_pb_section][et_pb_section fb_built=\u00a0\u00bb1&Prime; disabled_on=\u00a0\u00bboff|off|off\u00a0\u00bb admin_label=\u00a0\u00bbHeader &#8211; Content\u00a0\u00bb module_class=\u00a0\u00bbsf-product-header schulthess-hero\u00a0\u00bb _builder_version=\u00a0\u00bb4.20.2&Prime; _module_preset=\u00a0\u00bbdefault\u00a0\u00bb background_enable_color=\u00a0\u00bboff\u00a0\u00bb background_enable_image=\u00a0\u00bboff\u00a0\u00bb locked=\u00a0\u00bboff\u00a0\u00bb collapsed=\u00a0\u00bbon\u00a0\u00bb global_colors_info=\u00a0\u00bb{}\u00a0\u00bb][et_pb_row _builder_version=\u00a0\u00bb4.20.2&Prime; _module_preset=\u00a0\u00bbdefault\u00a0\u00bb global_colors_info=\u00a0\u00bb{}\u00a0\u00bb][et_pb_column type=\u00a0\u00bb4_4&Prime; _builder_version=\u00a0\u00bb4.20.2&Prime; _module_preset=\u00a0\u00bbdefault\u00a0\u00bb global_colors_info=\u00a0\u00bb{}\u00a0\u00bb][et_pb_text _builder_version=\u00a0\u00bb4.20.2&Prime; _module_preset=\u00a0\u00bbdefault\u00a0\u00bb global_colors_info=\u00a0\u00bb{}\u00a0\u00bb]<style>.et-db #et-boc .et-l .et_pb_section.sf-product-header.schulthess-hero{\n        background-color: #475252 !important;\n      }.sf-product-header.schulthess-hero .weitereVaranstalerSchriftfarbe{\n          color: #FFFFFF !important;\n        }\n        .schulthess-hero .event-kategorie-date-headline.weitereVaranstalerSchriftfarbe,\n        .schulthess-hero .event-kategorie-date-headline.weitereVaranstalerSchriftfarbe a,\n        .schulthess-hero .event-kategorie-date-headline.weitereVaranstalerSchriftfarbe a:hover,\n        .schulthess-hero .event-kategorie-date-headline.weitereVaranstalerSchriftfarbe a:focus,\n        .schulthess-hero .event-kategorie-date-headline.weitereVaranstalerSchriftfarbe a:active{\n          color: #FFFFFF !important;\n        }.schulthess-hero h1 {\n          border-bottom: 3px solid #FFBD00 !important;\n        }.weitererVeranstalterLogo1Subheadline img{\n          width: 150px;\n          max-width: 100%;\n        }.weitererVeranstalterLogo2Subheadline img{\n          width: 150px;\n          max-width: 100%;\n        }<\/style>\n\t <div class=\"et_pb_text_inner\"><h3 class=\"weitereVaranstalerSchriftfarbe\">Schulthess Forum<\/h3><\/div>\n\t <div class=\"et_pb_text_inner\"><h1 class=\"sf-product-title weitereVaranstalerSchriftfarbe\">SZW-Tagung 2026<\/h1><\/div>\n\t <div class=\"et_pb_text_inner\"><h2 class=\"sf-product-subheadline weitereVaranstalerSchriftfarbe\">Ein Werkstattbericht von Praktikern<\/h2><\/div>\n\t <div class=\"sf-product-catsDateLogos\"><span class=\"event-kategorie-date-headline weitereVaranstalerSchriftfarbe\">Aktienrecht | Tagungen | mercredi, 09.09.2026<\/span><div class=\"sf-product-logos\"><\/div><\/div>[\/et_pb_text][\/et_pb_column][\/et_pb_row][\/et_pb_section][et_pb_section fb_built=\u00a0\u00bb1&Prime; specialty=\u00a0\u00bbon\u00a0\u00bb module_class_1=\u00a0\u00bbschulthess-product-main\u00a0\u00bb module_class_2=\u00a0\u00bbschulthess-product-sidebar\u00a0\u00bb admin_label=\u00a0\u00bbMain &#8211; Content\u00a0\u00bb module_id=\u00a0\u00bbschulthess-product-mainsection\u00a0\u00bb _builder_version=\u00a0\u00bb4.19.4&Prime; _module_preset=\u00a0\u00bbdefault\u00a0\u00bb collapsed=\u00a0\u00bboff\u00a0\u00bb global_colors_info=\u00a0\u00bb{}\u00a0\u00bb][et_pb_column type=\u00a0\u00bb3_4&Prime; specialty_columns=\u00a0\u00bb3&Prime; _builder_version=\u00a0\u00bb4.16&Prime; custom_padding=\u00a0\u00bb|||\u00a0\u00bb global_colors_info=\u00a0\u00bb{}\u00a0\u00bb custom_padding__hover=\u00a0\u00bb|||\u00a0\u00bb][et_pb_row_inner admin_label=\u00a0\u00bbMen\u00fc (Programm, Referierende, Fachinformation, Partner, Impressionen, Teilnehmerbereich)\u00a0\u00bb module_id=\u00a0\u00bbschulthess-product-subnavigation\u00a0\u00bb _builder_version=\u00a0\u00bb4.19.4&Prime; background_size=\u00a0\u00bbinitial\u00a0\u00bb background_position=\u00a0\u00bbtop_left\u00a0\u00bb background_repeat=\u00a0\u00bbrepeat\u00a0\u00bb locked=\u00a0\u00bboff\u00a0\u00bb collapsed=\u00a0\u00bbon\u00a0\u00bb global_colors_info=\u00a0\u00bb{}\u00a0\u00bb][et_pb_column_inner saved_specialty_column_type=\u00a0\u00bb3_4&Prime; _builder_version=\u00a0\u00bb4.17.3&Prime; _module_preset=\u00a0\u00bbdefault\u00a0\u00bb global_colors_info=\u00a0\u00bb{}\u00a0\u00bb][et_pb_menu menu_id=\u00a0\u00bb67&Prime; module_class=\u00a0\u00bbet_smooth_scroll_disabled\u00a0\u00bb _builder_version=\u00a0\u00bb4.17.4&Prime; _module_preset=\u00a0\u00bbdefault\u00a0\u00bb locked=\u00a0\u00bboff\u00a0\u00bb global_colors_info=\u00a0\u00bb{}\u00a0\u00bb][\/et_pb_menu][\/et_pb_column_inner][\/et_pb_row_inner][et_pb_row_inner admin_label=\u00a0\u00bbKurzbeschreibung (Inhalt kommt vom Main Event Content)\u00a0\u00bb module_class=\u00a0\u00bbsf-date-shorttext-row kurzbeschreibung-border-bottom\u00a0\u00bb _builder_version=\u00a0\u00bb4.19.4&Prime; _module_preset=\u00a0\u00bbdefault\u00a0\u00bb locked=\u00a0\u00bboff\u00a0\u00bb collapsed=\u00a0\u00bbon\u00a0\u00bb global_colors_info=\u00a0\u00bb{}\u00a0\u00bb][et_pb_column_inner saved_specialty_column_type=\u00a0\u00bb3_4&Prime; _builder_version=\u00a0\u00bb4.16&Prime; _module_preset=\u00a0\u00bbdefault\u00a0\u00bb global_colors_info=\u00a0\u00bb{}\u00a0\u00bb][et_pb_text admin_label=\u00a0\u00bbKurzbeschreibung\u00a0\u00bb _builder_version=\u00a0\u00bb4.19.4&Prime; _dynamic_attributes=\u00a0\u00bbcontent\u00a0\u00bb _module_preset=\u00a0\u00bbdefault\u00a0\u00bb locked=\u00a0\u00bboff\u00a0\u00bb global_colors_info=\u00a0\u00bb{}\u00a0\u00bb]@ET-DC@eyJkeW5hbWljIjp0cnVlLCJjb250ZW50IjoicHJvZHVjdF9zaG9ydF9kZXNjcmlwdGlvbiIsInNldHRpbmdzIjp7ImJlZm9yZSI6IiIsImFmdGVyIjoiIn19@[\/et_pb_text][\/et_pb_column_inner][\/et_pb_row_inner][et_pb_row_inner admin_label=\u00a0\u00bbProgramm (Ihr Vorteil, Zielpublikum, Kurzprogramm, Detailprogramm)\u00a0\u00bb _builder_version=\u00a0\u00bb4.22.1&Prime; _module_preset=\u00a0\u00bbdefault\u00a0\u00bb collapsed=\u00a0\u00bboff\u00a0\u00bb global_colors_info=\u00a0\u00bb{}\u00a0\u00bb][et_pb_column_inner saved_specialty_column_type=\u00a0\u00bb3_4&Prime; _builder_version=\u00a0\u00bb4.16&Prime; _module_preset=\u00a0\u00bbdefault\u00a0\u00bb global_colors_info=\u00a0\u00bb{}\u00a0\u00bb][et_pb_text admin_label=\u00a0\u00bbIhr Vorteil &#8211; Headline\u00a0\u00bb _builder_version=\u00a0\u00bb4.19.4&Prime; _module_preset=\u00a0\u00bbdefault\u00a0\u00bb locked=\u00a0\u00bbon\u00a0\u00bb global_colors_info=\u00a0\u00bb{}\u00a0\u00bb]<\/p>\n<h3>Ihr Vorteil<\/h3>\n<p>[\/et_pb_text][et_pb_text admin_label=\u00a0\u00bbIhr Vorteil &#8211; Liste\u00a0\u00bb module_class=\u00a0\u00bbprogramm-border-bottom\u00a0\u00bb _builder_version=\u00a0\u00bb4.22.1&Prime; _module_preset=\u00a0\u00bbdefault\u00a0\u00bb global_colors_info=\u00a0\u00bb{}\u00a0\u00bb]<\/p>\n<ul>\n<li>Aktuelle Themen mit hoher Praxisrelevanz<\/li>\n<li>Erfahrene Spezialisten<\/li>\n<li>Fachlicher Austausch und Wissensvermittlung<\/li>\n<li>Spannende Netzwerksm\u00f6glichkeiten<\/li>\n<\/ul>\n<p>[\/et_pb_text][et_pb_text admin_label=\u00a0\u00bbZielpublikum &#8211; Headline\u00a0\u00bb _builder_version=\u00a0\u00bb4.19.4&Prime; _module_preset=\u00a0\u00bbdefault\u00a0\u00bb locked=\u00a0\u00bbon\u00a0\u00bb global_colors_info=\u00a0\u00bb{}\u00a0\u00bb]<\/p>\n<h3>Zielpublikum<\/h3>\n<p>[\/et_pb_text][et_pb_text admin_label=\u00a0\u00bbZielpublikum &#8211; Liste\u00a0\u00bb module_class=\u00a0\u00bbprogramm-border-bottom\u00a0\u00bb _builder_version=\u00a0\u00bb4.22.1&Prime; _module_preset=\u00a0\u00bbdefault\u00a0\u00bb global_colors_info=\u00a0\u00bb{}\u00a0\u00bb]<\/p>\n<ul>\n<li>Verwaltungsrat und Gesch\u00e4ftsleitung<\/li>\n<li>Rechtsanw\u00e4ltinnen und Rechtsanw\u00e4lte<\/li>\n<li>Juristinnen und Juristen<\/li>\n<li>Juristinnen und Juristen in Unternehmen<\/li>\n<li>Revisions- und Treuhandgesellschaften<\/li>\n<\/ul>\n<p>[\/et_pb_text][et_pb_text admin_label=\u00a0\u00bbKurzprogramm &#8211; Headline\u00a0\u00bb module_id=\u00a0\u00bbschulthess-programm\u00a0\u00bb _builder_version=\u00a0\u00bb4.22.1&Prime; _module_preset=\u00a0\u00bbdefault\u00a0\u00bb locked=\u00a0\u00bbon\u00a0\u00bb global_colors_info=\u00a0\u00bb{}\u00a0\u00bb]<\/p>\n<h3>Kurzprogramm<\/h3>\n<p>[\/et_pb_text][et_pb_text admin_label=\u00a0\u00bbProgramm &#8211; Liste\u00a0\u00bb module_id=\u00a0\u00bbschulthess-programm\u00a0\u00bb module_class=\u00a0\u00bbprogramm-border-bottom\u00a0\u00bb _builder_version=\u00a0\u00bb4.27.4&Prime; _module_preset=\u00a0\u00bbdefault\u00a0\u00bb global_colors_info=\u00a0\u00bb{}\u00a0\u00bb]<\/p>\n<ul>\n<li>Keynote: Corporate Governance und Gesellschaftsrecht &#8211; ein Werkstattbericht<\/li>\n<li>Ausgew\u00e4hlte Entscheide zum Aktienrecht<\/li>\n<li>Aktion\u00e4rsdemokratie in der Schweiz<\/li>\n<li>Der EU-Omnibus rollt \u2013 f\u00e4hrt die Schweiz mit?<\/li>\n<li>Chaos bei den Aussch\u00fcttungsvorschriften<\/li>\n<li>Krise und Sanierung: neue Entwicklungen<\/li>\n<li>Rechtsdurchsetzung im Aktienrecht \u2013 Fallstricke, L\u00f6sungsans\u00e4tze und aktuelle Rechtsprechung<\/li>\n<li>Rechte und Pflichten der GmbH-Gesellschafter<\/li>\n<li>Podium zu aktuellen Aktienrechtsthemen<\/li>\n<\/ul>\n<p>[\/et_pb_text][et_pb_toggle title=\u00a0\u00bbDetailprogramm \u00f6ffnen\u00a0\u00bb open_toggle_background_color=\u00a0\u00bb#f7f7f7&Prime; closed_toggle_background_color=\u00a0\u00bb#f7f7f7&Prime; icon_color=\u00a0\u00bb#8ac7ef\u00a0\u00bb toggle_icon=\u00a0\u00bb&#x33;||divi||400&Prime; open_icon_color=\u00a0\u00bb#000000&Prime; open_toggle_icon=\u00a0\u00bb&#x32;||divi||400&Prime; disabled_on=\u00a0\u00bbon|on|on\u00a0\u00bb admin_label=\u00a0\u00bbProgramm &#8211; Detail\u00a0\u00bb module_id=\u00a0\u00bbprogramm-detail\u00a0\u00bb _builder_version=\u00a0\u00bb4.19.4&Prime; _module_preset=\u00a0\u00bbdefault\u00a0\u00bb title_level=\u00a0\u00bbh3&Prime; text_orientation=\u00a0\u00bbleft\u00a0\u00bb disabled=\u00a0\u00bbon\u00a0\u00bb global_colors_info=\u00a0\u00bb{}\u00a0\u00bb]<\/p>\n<table>\n<tbody>\n<tr>\n<td>XX.XX Uhr<\/td>\n<td>\n<h5>Art<\/h5>\n<h4 class=\"sf-h4\">Programmpunkt 1<\/h4>\n<p>Person<\/p>\n<\/td>\n<\/tr>\n<tr>\n<td>XX.XX Uhr<\/td>\n<td>\n<h5>Art<\/h5>\n<h4 class=\"sf-h4\">Programmpunkt 2<\/h4>\n<p>Person<\/p>\n<ul>\n<li>Punkt 1<\/li>\n<li>Punkt 2<\/li>\n<li>Punkt 3<\/li>\n<\/ul>\n<\/td>\n<\/tr>\n<tr>\n<td>XX.XX Uhr<\/td>\n<td>\n<h5>Art<\/h5>\n<h4 class=\"sf-h4\">Programmpunkt 3<\/h4>\n<p>Person<\/p>\n<\/td>\n<\/tr>\n<\/tbody>\n<\/table>\n<p>[\/et_pb_toggle][sfdm_event_program_list use_switcher=\u00a0\u00bboff\u00a0\u00bb disabled_on=\u00a0\u00bboff|off|off\u00a0\u00bb admin_label=\u00a0\u00bbProgramm &#8211; Detail Neu\u00a0\u00bb _builder_version=\u00a0\u00bb4.27.4&Prime; _module_preset=\u00a0\u00bbdefault\u00a0\u00bb locked=\u00a0\u00bboff\u00a0\u00bb global_colors_info=\u00a0\u00bb{}\u00a0\u00bb][sfdm_event_program_list_item backend_title=\u00a0\u00bb08:45 &#8211; 09:15 Registrierung und Begr\u00fcssungskaffee\u00a0\u00bb subtitle=\u00a0\u00bb08:45 &#8211; 09:15 Registrierung und Begr\u00fcssungskaffee\u00a0\u00bb type=\u00a0\u00bbbreak\u00a0\u00bb _builder_version=\u00a0\u00bb4.27.4&Prime; _module_preset=\u00a0\u00bbdefault\u00a0\u00bb global_colors_info=\u00a0\u00bb{}\u00a0\u00bb][\/sfdm_event_program_list_item][sfdm_event_program_list_item backend_title=\u00a0\u00bb09:15 &#8211; 09:30 Begr\u00fcssung durch die Tagungsleitung\u00a0\u00bb title=\u00a0\u00bbBegr\u00fcssung durch die Tagungsleitung\u00a0\u00bb start_time=\u00a0\u00bb09:15&Prime; end_time=\u00a0\u00bb09:30&Prime; speakers=\u00a0\u00bb<\/p>\n<p>Dr. Markus Vischer<\/p>\n<p>\u00a0\u00bb _builder_version=\u00a0\u00bb4.27.4&Prime; _module_preset=\u00a0\u00bbdefault\u00a0\u00bb global_colors_info=\u00a0\u00bb{}\u00a0\u00bb][\/sfdm_event_program_list_item][sfdm_event_program_list_item backend_title=\u00a0\u00bb09:30 &#8211; 10:00 Corporate Governance und Gesellschaftsrecht &#8211; ein Werkstattbericht\u00a0\u00bb title=\u00a0\u00bbCorporate Governance und Gesellschaftsrecht &#8211; ein Werkstattbericht\u00a0\u00bb subtitle=\u00a0\u00bbKeynote\u00a0\u00bb start_time=\u00a0\u00bb09:30&Prime; end_time=\u00a0\u00bb10:00&Prime; speakers=\u00a0\u00bb<\/p>\n<p>Prof. Dr. Andreas Bohrer<\/p>\n<p>\u00a0\u00bb _builder_version=\u00a0\u00bb4.27.4&Prime; _module_preset=\u00a0\u00bbdefault\u00a0\u00bb global_colors_info=\u00a0\u00bb{}\u00a0\u00bb]<\/p>\n<ul>\n<li>Aktueller Stand des Rechts<\/li>\n<li>Entwicklungen in der Unternehmenspraxis<\/li>\n<li>Ein Blick in die regulatorische Kristallkugel der Zukunft<\/li>\n<\/ul>\n<p>[\/sfdm_event_program_list_item][sfdm_event_program_list_item backend_title=\u00a0\u00bb10:00 &#8211; 10:30 Ausgew\u00e4hlte Entscheide zum Aktienrecht\u00a0\u00bb title=\u00a0\u00bbAusgew\u00e4hlte Entscheide zum Aktienrecht\u00a0\u00bb subtitle=\u00a0\u00bbUpdate\u00a0\u00bb start_time=\u00a0\u00bb10:00&Prime; end_time=\u00a0\u00bb10:30&Prime; speakers=\u00a0\u00bb<\/p>\n<p>Prof. Dr. Isabelle Chabloz und Prof. Dr. Karin M\u00fcller<\/p>\n<p>\u00a0\u00bb _builder_version=\u00a0\u00bb4.27.4&Prime; _module_preset=\u00a0\u00bbdefault\u00a0\u00bb global_colors_info=\u00a0\u00bb{}\u00a0\u00bb]<\/p>\n<p>\u2022 Vorstellung wichtiger aktueller Urteile <br \/>\u2022 Kritische W\u00fcrdigung dieser Urteile<br \/>\u2022 Hervorhebung ihrer praktischen Bedeutung<\/p>\n<p>[\/sfdm_event_program_list_item][sfdm_event_program_list_item backend_title=\u00a0\u00bb10:30 &#8211; 11:00 Pause\u00a0\u00bb subtitle=\u00a0\u00bb10:30 &#8211; 11:00 Pause\u00a0\u00bb type=\u00a0\u00bbbreak\u00a0\u00bb _builder_version=\u00a0\u00bb4.27.4&Prime; _module_preset=\u00a0\u00bbdefault\u00a0\u00bb global_colors_info=\u00a0\u00bb{}\u00a0\u00bb][\/sfdm_event_program_list_item][sfdm_event_program_list_item backend_title=\u00a0\u00bb11:00 &#8211; 11:30 Aktion\u00e4rsdemokratie in der Schweiz\u00a0\u00bb title=\u00a0\u00bbAktion\u00e4rsdemokratie in der Schweiz\u00a0\u00bb subtitle=\u00a0\u00bbReferat\u00a0\u00bb start_time=\u00a0\u00bb11:00&Prime; end_time=\u00a0\u00bb11:30&Prime; speakers=\u00a0\u00bb<\/p>\n<p>Prof. Dr. Rashid Bahar<\/p>\n<p>\u00a0\u00bb _builder_version=\u00a0\u00bb4.27.4&Prime; _module_preset=\u00a0\u00bbdefault\u00a0\u00bb global_colors_info=\u00a0\u00bb{}\u00a0\u00bb]<\/p>\n<ul>\n<li>Passive Aktion\u00e4re<\/li>\n<li>Aktivisten<\/li>\n<li>Proxy Advisors<\/li>\n<\/ul>\n<p>[\/sfdm_event_program_list_item][sfdm_event_program_list_item backend_title=\u00a0\u00bb11:30 &#8211; 12:00 Der EU-Omnibus rollt \u2013 f\u00e4hrt die Schweiz mit?\u00a0\u00bb title=\u00a0\u00bbDer EU-Omnibus rollt \u2013 f\u00e4hrt die Schweiz mit?\u00a0\u00bb subtitle=\u00a0\u00bbReferat\u00a0\u00bb start_time=\u00a0\u00bb11:30&Prime; end_time=\u00a0\u00bb12:00&Prime; speakers=\u00a0\u00bb<\/p>\n<p>Prof. Dr. Christoph B\u00fchler<\/p>\n<p>\u00a0\u00bb _builder_version=\u00a0\u00bb4.27.4&Prime; _module_preset=\u00a0\u00bbdefault\u00a0\u00bb global_colors_info=\u00a0\u00bb{}\u00a0\u00bb]<\/p>\n<p>Up-date zu den Anforderungen an die Transparenz \u00fcber Nachhaltigkeitsaspekte<\/p>\n<p>[\/sfdm_event_program_list_item][sfdm_event_program_list_item backend_title=\u00a0\u00bb12:00 &#8211; 12:30 Chaos bei den Aussch\u00fcttungsvorschriften\u00a0\u00bb title=\u00a0\u00bbChaos bei den Aussch\u00fcttungsvorschriften\u00a0\u00bb subtitle=\u00a0\u00bbReferat\u00a0\u00bb start_time=\u00a0\u00bb12:00&Prime; end_time=\u00a0\u00bb12:30&Prime; speakers=\u00a0\u00bb<\/p>\n<p>Dr. Sammy Guidoum und Dr. Markus Vischer<\/p>\n<p>\u00a0\u00bb _builder_version=\u00a0\u00bb4.27.4&Prime; _module_preset=\u00a0\u00bbdefault\u00a0\u00bb global_colors_info=\u00a0\u00bb{}\u00a0\u00bb]<\/p>\n<ul>\n<li>D\u00fcrfen Dividenden nur aus dem Bilanzgewinn ausgesch\u00fcttet werden?<\/li>\n<li>Sind R\u00fcckzahlungen der gesetzlichen Kapitalreserve Dividenden?<\/li>\n<li>Welche anderen Aussch\u00fcttungsformen wie der R\u00fcckkauf eigener Aktien gibt es?<\/li>\n<\/ul>\n<p>[\/sfdm_event_program_list_item][sfdm_event_program_list_item backend_title=\u00a0\u00bb12:30 &#8211; 13:45 Mittagspause\u00a0\u00bb subtitle=\u00a0\u00bb12:30 &#8211; 13:45 Mittagspause\u00a0\u00bb type=\u00a0\u00bbbreak\u00a0\u00bb _builder_version=\u00a0\u00bb4.27.4&Prime; _module_preset=\u00a0\u00bbdefault\u00a0\u00bb global_colors_info=\u00a0\u00bb{}\u00a0\u00bb][\/sfdm_event_program_list_item][sfdm_event_program_list_item backend_title=\u00a0\u00bb13:45 &#8211; 14:15 Krise und Sanierung: neue Entwicklungen\u00a0\u00bb title=\u00a0\u00bbKrise und Sanierung: neue Entwicklungen\u00a0\u00bb subtitle=\u00a0\u00bbReferat\u00a0\u00bb start_time=\u00a0\u00bb13:45&Prime; end_time=\u00a0\u00bb14:15&Prime; speakers=\u00a0\u00bb<\/p>\n<p>Dr. Lukas Bopp und Prof. Dr. Daniel Staehelin<\/p>\n<p>\u00a0\u00bb _builder_version=\u00a0\u00bb4.27.4&Prime; _module_preset=\u00a0\u00bbdefault\u00a0\u00bb global_colors_info=\u00a0\u00bb{}\u00a0\u00bb][\/sfdm_event_program_list_item][sfdm_event_program_list_item backend_title=\u00a0\u00bb14:15 &#8211; 14:45 Rechtsdurchsetzung im Aktienrecht \u2013 Fallstricke, L\u00f6sungsans\u00e4tze und aktuelle Rechtsprechung\u00a0\u00bb title=\u00a0\u00bbRechtsdurchsetzung im Aktienrecht \u2013 Fallstricke, L\u00f6sungsans\u00e4tze und aktuelle Rechtsprechung\u00a0\u00bb subtitle=\u00a0\u00bbReferat\u00a0\u00bb start_time=\u00a0\u00bb14:15&Prime; end_time=\u00a0\u00bb14:45&Prime; speakers=\u00a0\u00bb<\/p>\n<p>Duygu Akdag und Prof. Dr. Thomas Werlen<\/p>\n<p>\u00a0\u00bb _builder_version=\u00a0\u00bb4.27.4&Prime; _module_preset=\u00a0\u00bbdefault\u00a0\u00bb global_colors_info=\u00a0\u00bb{}\u00a0\u00bb]<\/p>\n<ul>\n<li>Zivilprozessrechtliche Probleme bei der Durchsetzung von aktienrechtlichen und ABV-basierten Anspr\u00fcchen, insbesondere aus Auskunfts- und Einsichtsrecht sowie zur Besetzung von Verwaltungsratssitzen oder zur Einsetzung eines Board Observers<\/li>\n<li>Rechtsschutzl\u00fccken bei der HR-Sperre \u2013 Problem und L\u00f6sungsans\u00e4tze<\/li>\n<li>Herausgabepflicht der Revisionsstelle im Spannungsfeld zwischen Revisions- und Vertragsrecht \u2013 Leitentscheid des Bundesgerichts im Fall Zeromax<\/li>\n<\/ul>\n<p>[\/sfdm_event_program_list_item][sfdm_event_program_list_item backend_title=\u00a0\u00bb14:45 &#8211; 15:15 Pause\u00a0\u00bb subtitle=\u00a0\u00bb14:45 &#8211; 15:15 Pause\u00a0\u00bb type=\u00a0\u00bbbreak\u00a0\u00bb _builder_version=\u00a0\u00bb4.27.4&Prime; _module_preset=\u00a0\u00bbdefault\u00a0\u00bb global_colors_info=\u00a0\u00bb{}\u00a0\u00bb][\/sfdm_event_program_list_item][sfdm_event_program_list_item backend_title=\u00a0\u00bb15:15 &#8211; 15:45 Rechte und Pflichten der GmbH-Gesellschafter\u00a0\u00bb title=\u00a0\u00bbRechte und Pflichten der GmbH-Gesellschafter\u00a0\u00bb subtitle=\u00a0\u00bbReferat\u00a0\u00bb start_time=\u00a0\u00bb15:15&Prime; end_time=\u00a0\u00bb15:45&Prime; speakers=\u00a0\u00bb<\/p>\n<p>Prof. Dr. Lukas Glanzmann<\/p>\n<p>\u00a0\u00bb _builder_version=\u00a0\u00bb4.27.4&Prime; _module_preset=\u00a0\u00bbdefault\u00a0\u00bb global_colors_info=\u00a0\u00bb{}\u00a0\u00bb]<\/p>\n<ul>\n<li>Wie weit geht die Treuepflicht der Gesellschafter?<\/li>\n<li>Welche Informationsrechte haben die Gesellschafter?<\/li>\n<li>Wie stark k\u00f6nnen sich die Gesellschafter in die Gesch\u00e4ftsf\u00fchrung einmischen?<\/li>\n<\/ul>\n<p>[\/sfdm_event_program_list_item][sfdm_event_program_list_item backend_title=\u00a0\u00bb15:45 &#8211; 16:30 Diskussion zu aktuellen Aktienrechtsthemen\u00a0\u00bb title=\u00a0\u00bbDiskussion zu aktuellen Aktienrechtsthemen\u00a0\u00bb subtitle=\u00a0\u00bbPodiumsdiskussion\u00a0\u00bb start_time=\u00a0\u00bb15:45&Prime; end_time=\u00a0\u00bb16:30&Prime; speakers=\u00a0\u00bb<\/p>\n<p>Luca Bianchi, Anouk Friederich, Simone Gianini und Prof. Dr. Hans-Ueli Vogt, moderiert von Dr. Markus Vischer<\/p>\n<p>\u00a0\u00bb _builder_version=\u00a0\u00bb4.27.4&Prime; _module_preset=\u00a0\u00bbdefault\u00a0\u00bb global_colors_info=\u00a0\u00bb{}\u00a0\u00bb][\/sfdm_event_program_list_item][sfdm_event_program_list_item backend_title=\u00a0\u00bb16:30 &#8211; 16:35 Fazit und Verabschiedung\u00a0\u00bb subtitle=\u00a0\u00bbFazit und Verabschiedung\u00a0\u00bb start_time=\u00a0\u00bb16:30&Prime; end_time=\u00a0\u00bb16:35&Prime; speakers=\u00a0\u00bb<\/p>\n<p>Dr. Markus Vischer<\/p>\n<p>\u00a0\u00bb _builder_version=\u00a0\u00bb4.27.4&Prime; _module_preset=\u00a0\u00bbdefault\u00a0\u00bb global_colors_info=\u00a0\u00bb{}\u00a0\u00bb][\/sfdm_event_program_list_item][\/sfdm_event_program_list][\/et_pb_column_inner][\/et_pb_row_inner][et_pb_row_inner disabled_on=\u00a0\u00bbon|on|on\u00a0\u00bb admin_label=\u00a0\u00bbAnzeigen (Mobile)\u00a0\u00bb _builder_version=\u00a0\u00bb4.17.4&Prime; _module_preset=\u00a0\u00bbdefault\u00a0\u00bb disabled=\u00a0\u00bbon\u00a0\u00bb locked=\u00a0\u00bboff\u00a0\u00bb collapsed=\u00a0\u00bbon\u00a0\u00bb global_colors_info=\u00a0\u00bb{}\u00a0\u00bb][et_pb_column_inner saved_specialty_column_type=\u00a0\u00bb3_4&Prime; _builder_version=\u00a0\u00bb4.17.4&Prime; _module_preset=\u00a0\u00bbdefault\u00a0\u00bb global_colors_info=\u00a0\u00bb{}\u00a0\u00bb][et_pb_code disabled_on=\u00a0\u00bboff|off|on\u00a0\u00bb admin_label=\u00a0\u00bbAnzeige(n) (MOBILE)\u00a0\u00bb module_class=\u00a0\u00bbschulthess_product_ads\u00a0\u00bb _builder_version=\u00a0\u00bb4.17.4&Prime; _module_preset=\u00a0\u00bbdefault\u00a0\u00bb locked=\u00a0\u00bboff\u00a0\u00bb global_colors_info=\u00a0\u00bb{}\u00a0\u00bb][\/et_pb_code][\/et_pb_column_inner][\/et_pb_row_inner][et_pb_row_inner admin_label=\u00a0\u00bbReferenten\u00a0\u00bb module_id=\u00a0\u00bbschulthess-referierende\u00a0\u00bb module_class=\u00a0\u00bbschulthess-referenten-slider\u00a0\u00bb _builder_version=\u00a0\u00bb4.22.1&Prime; _module_preset=\u00a0\u00bbdefault\u00a0\u00bb collapsed=\u00a0\u00bbon\u00a0\u00bb global_colors_info=\u00a0\u00bb{}\u00a0\u00bb][et_pb_column_inner saved_specialty_column_type=\u00a0\u00bb3_4&Prime; _builder_version=\u00a0\u00bb4.16&Prime; _module_preset=\u00a0\u00bbdefault\u00a0\u00bb global_colors_info=\u00a0\u00bb{}\u00a0\u00bb][et_pb_text admin_label=\u00a0\u00bbHeadline\u00a0\u00bb module_class=\u00a0\u00bbsf-h3 schulthess-product-speaker-headline-wrapper\u00a0\u00bb _builder_version=\u00a0\u00bb4.19.5&Prime; _module_preset=\u00a0\u00bbdefault\u00a0\u00bb locked=\u00a0\u00bbon\u00a0\u00bb global_colors_info=\u00a0\u00bb{}\u00a0\u00bb]<\/p>\n<h5>Referierende<\/h5>\n<p><!--div class=\"buttons\"><button class=\"grid icon_grid\"><span><\/span><\/button><button class=\"list icon_list\"><span><\/span><\/button><\/div-->[\/et_pb_text][et_pb_code _builder_version=\u00a0\u00bb4.19.5&Prime; _module_preset=\u00a0\u00bbdefault\u00a0\u00bb locked=\u00a0\u00bboff\u00a0\u00bb global_colors_info=\u00a0\u00bb{}\u00a0\u00bb]<div class=\"sf-speaker-slider\"><div class=\"uk-position-relative uk-visible-toggle uk-light\" tabindex=\"-1\"><ul class=\"uk-grid-small uk-child-width-1-4@s uk-child-width-1-4@m uk-child-width-1-4@l\" uk-grid uk-height-match=\"target: > li > .uk-card\">\n\n            <li>\n                <div class=\"uk-card uk-card-default\">\n                    <a href=\"#referent-21246\" uk-toggle>\n                    <div class=\"uk-card-media-top\">\n                        <img loading=\"lazy\" decoding=\"async\" width=\"200\" height=\"242\" src=\"https:\/\/www.schulthessforum.ch\/wp-content\/media\/Bahar_Rashid_200x242px_neu.png\" class=\"attachment-schulthess_speaker size-schulthess_speaker wp-post-image\" alt=\"\" \/>\n                        <div class=\"uk-label referenten-tagesleitung\">Direction<\/div>\n                    <\/div>\n                    <div class=\"uk-card uk-card-body\">\n                        <h4 class=\"speaker-card-name cardslider-card-name\">Prof. Dr. Rashid Bahar<\/h4>\n                    <\/div>\n                    <\/a>\n                <\/div>\n            <\/li>\n            \n\n            <li>\n                <div class=\"uk-card uk-card-default\">\n                    <a href=\"#referent-21251\" uk-toggle>\n                    <div class=\"uk-card-media-top\">\n                        <img loading=\"lazy\" decoding=\"async\" width=\"200\" height=\"242\" src=\"https:\/\/www.schulthessforum.ch\/wp-content\/media\/Referenten\/Buehler_Christoph.png\" class=\"attachment-schulthess_speaker size-schulthess_speaker wp-post-image\" alt=\"\" \/>\n                        <div class=\"uk-label referenten-tagesleitung\">Direction<\/div>\n                    <\/div>\n                    <div class=\"uk-card uk-card-body\">\n                        <h4 class=\"speaker-card-name cardslider-card-name\">Prof. Dr.  Christoph B. B\u00fchler<\/h4>\n                    <\/div>\n                    <\/a>\n                <\/div>\n            <\/li>\n            \n\n            <li>\n                <div class=\"uk-card uk-card-default\">\n                    <a href=\"#referent-2056\" uk-toggle>\n                    <div class=\"uk-card-media-top\">\n                        <img loading=\"lazy\" decoding=\"async\" width=\"200\" height=\"242\" src=\"https:\/\/www.schulthessforum.ch\/wp-content\/media\/Referenten\/Karin_Mueller_200x242.jpg\" class=\"attachment-schulthess_speaker size-schulthess_speaker wp-post-image\" alt=\"\" \/>\n                        <div class=\"uk-label referenten-tagesleitung\">Direction<\/div>\n                    <\/div>\n                    <div class=\"uk-card uk-card-body\">\n                        <h4 class=\"speaker-card-name cardslider-card-name\">Prof. Dr.  Karin M\u00fcller<\/h4>\n                    <\/div>\n                    <\/a>\n                <\/div>\n            <\/li>\n            \n\n            <li>\n                <div class=\"uk-card uk-card-default\">\n                    <a href=\"#referent-2032\" uk-toggle>\n                    <div class=\"uk-card-media-top\">\n                        <img loading=\"lazy\" decoding=\"async\" width=\"200\" height=\"242\" src=\"https:\/\/www.schulthessforum.ch\/wp-content\/media\/Vischer_Markus_200x242px_neu-200x242.png\" class=\"attachment-schulthess_speaker size-schulthess_speaker wp-post-image\" alt=\"\" \/>\n                        <div class=\"uk-label referenten-tagesleitung\">Direction<\/div>\n                    <\/div>\n                    <div class=\"uk-card uk-card-body\">\n                        <h4 class=\"speaker-card-name cardslider-card-name\">Dr. Markus Vischer<\/h4>\n                    <\/div>\n                    <\/a>\n                <\/div>\n            <\/li>\n            \n\n            <li>\n                <div class=\"uk-card uk-card-default\">\n                    <a href=\"#referent-39431\" uk-toggle>\n                    <div class=\"uk-card-media-top\">\n                        <img loading=\"lazy\" decoding=\"async\" width=\"200\" height=\"242\" src=\"https:\/\/www.schulthessforum.ch\/wp-content\/media\/Referenten\/Duygu-Julia-Akdag_200x242px.jpg\" class=\"attachment-schulthess_speaker size-schulthess_speaker wp-post-image\" alt=\"\" \/>\n                        \n                    <\/div>\n                    <div class=\"uk-card uk-card-body\">\n                        <h4 class=\"speaker-card-name cardslider-card-name\"> Duygu Akdag<\/h4>\n                    <\/div>\n                    <\/a>\n                <\/div>\n            <\/li>\n            \n\n            <li>\n                <div class=\"uk-card uk-card-default\">\n                    <a href=\"#referent-39433\" uk-toggle>\n                    <div class=\"uk-card-media-top\">\n                        <img loading=\"lazy\" decoding=\"async\" width=\"200\" height=\"242\" src=\"https:\/\/www.schulthessforum.ch\/wp-content\/media\/Referenten\/Bianchi-Luca_200x242px.jpg\" class=\"attachment-schulthess_speaker size-schulthess_speaker wp-post-image\" alt=\"\" \/>\n                        \n                    <\/div>\n                    <div class=\"uk-card uk-card-body\">\n                        <h4 class=\"speaker-card-name cardslider-card-name\"> Luca Bianchi<\/h4>\n                    <\/div>\n                    <\/a>\n                <\/div>\n            <\/li>\n            \n\n            <li>\n                <div class=\"uk-card uk-card-default\">\n                    <a href=\"#referent-32638\" uk-toggle>\n                    <div class=\"uk-card-media-top\">\n                        <img loading=\"lazy\" decoding=\"async\" width=\"200\" height=\"242\" src=\"https:\/\/www.schulthessforum.ch\/wp-content\/media\/Referenten\/Bohrer_Andreas_neu_200x242px.png\" class=\"attachment-schulthess_speaker size-schulthess_speaker wp-post-image\" alt=\"\" \/>\n                        \n                    <\/div>\n                    <div class=\"uk-card uk-card-body\">\n                        <h4 class=\"speaker-card-name cardslider-card-name\">Prof. Dr. Andreas Bohrer\u00a0<\/h4>\n                    <\/div>\n                    <\/a>\n                <\/div>\n            <\/li>\n            \n\n            <li>\n                <div class=\"uk-card uk-card-default\">\n                    <a href=\"#referent-24052\" uk-toggle>\n                    <div class=\"uk-card-media-top\">\n                        <img loading=\"lazy\" decoding=\"async\" width=\"200\" height=\"242\" src=\"https:\/\/www.schulthessforum.ch\/wp-content\/media\/Referenten\/Bopp_Lukas_200x242px.jpg\" class=\"attachment-schulthess_speaker size-schulthess_speaker wp-post-image\" alt=\"\" \/>\n                        \n                    <\/div>\n                    <div class=\"uk-card uk-card-body\">\n                        <h4 class=\"speaker-card-name cardslider-card-name\">Dr.  Lukas Bopp<\/h4>\n                    <\/div>\n                    <\/a>\n                <\/div>\n            <\/li>\n            \n\n            <li>\n                <div class=\"uk-card uk-card-default\">\n                    <a href=\"#referent-10188\" uk-toggle>\n                    <div class=\"uk-card-media-top\">\n                        <img loading=\"lazy\" decoding=\"async\" width=\"200\" height=\"242\" src=\"https:\/\/www.schulthessforum.ch\/wp-content\/media\/Chabloz_Isabelle_200x242_px.png\" class=\"attachment-schulthess_speaker size-schulthess_speaker wp-post-image\" alt=\"\" \/>\n                        \n                    <\/div>\n                    <div class=\"uk-card uk-card-body\">\n                        <h4 class=\"speaker-card-name cardslider-card-name\">Prof. Dr.  Isabelle Chabloz<\/h4>\n                    <\/div>\n                    <\/a>\n                <\/div>\n            <\/li>\n            \n\n            <li>\n                <div class=\"uk-card uk-card-default\">\n                    <a href=\"#referent-39418\" uk-toggle>\n                    <div class=\"uk-card-media-top\">\n                        <img loading=\"lazy\" decoding=\"async\" width=\"200\" height=\"242\" src=\"https:\/\/www.schulthessforum.ch\/wp-content\/media\/Referenten\/Friederich_Anouk_200x242px.jpg\" class=\"attachment-schulthess_speaker size-schulthess_speaker wp-post-image\" alt=\"\" \/>\n                        \n                    <\/div>\n                    <div class=\"uk-card uk-card-body\">\n                        <h4 class=\"speaker-card-name cardslider-card-name\"> Anouk Friederich<\/h4>\n                    <\/div>\n                    <\/a>\n                <\/div>\n            <\/li>\n            \n\n            <li>\n                <div class=\"uk-card uk-card-default\">\n                    <a href=\"#referent-39485\" uk-toggle>\n                    <div class=\"uk-card-media-top\">\n                        <img loading=\"lazy\" decoding=\"async\" width=\"200\" height=\"242\" src=\"https:\/\/www.schulthessforum.ch\/wp-content\/media\/Referenten\/Gianini_Simone_200x242px.jpg\" class=\"attachment-schulthess_speaker size-schulthess_speaker wp-post-image\" alt=\"\" \/>\n                        \n                    <\/div>\n                    <div class=\"uk-card uk-card-body\">\n                        <h4 class=\"speaker-card-name cardslider-card-name\"> Simone Gianini<\/h4>\n                    <\/div>\n                    <\/a>\n                <\/div>\n            <\/li>\n            \n\n            <li>\n                <div class=\"uk-card uk-card-default\">\n                    <a href=\"#referent-2048\" uk-toggle>\n                    <div class=\"uk-card-media-top\">\n                        <img loading=\"lazy\" decoding=\"async\" width=\"200\" height=\"242\" src=\"https:\/\/www.schulthessforum.ch\/wp-content\/media\/Veranstaltungen\/SZW-Tagung\/Glanzmann_Lukas_200x242-1-200x242.png\" class=\"attachment-schulthess_speaker size-schulthess_speaker wp-post-image\" alt=\"\" \/>\n                        \n                    <\/div>\n                    <div class=\"uk-card uk-card-body\">\n                        <h4 class=\"speaker-card-name cardslider-card-name\">Prof. Dr. Lukas Glanzmann<\/h4>\n                    <\/div>\n                    <\/a>\n                <\/div>\n            <\/li>\n            \n\n            <li>\n                <div class=\"uk-card uk-card-default\">\n                    <a href=\"#referent-39428\" uk-toggle>\n                    <div class=\"uk-card-media-top\">\n                        <img loading=\"lazy\" decoding=\"async\" width=\"200\" height=\"242\" src=\"https:\/\/www.schulthessforum.ch\/wp-content\/media\/Referenten\/Guidoum_Sammy_200x242px.jpg\" class=\"attachment-schulthess_speaker size-schulthess_speaker wp-post-image\" alt=\"\" \/>\n                        \n                    <\/div>\n                    <div class=\"uk-card uk-card-body\">\n                        <h4 class=\"speaker-card-name cardslider-card-name\">Dr.  Sammy Guidoum<\/h4>\n                    <\/div>\n                    <\/a>\n                <\/div>\n            <\/li>\n            \n\n            <li>\n                <div class=\"uk-card uk-card-default\">\n                    <a href=\"#referent-2071\" uk-toggle>\n                    <div class=\"uk-card-media-top\">\n                        <img loading=\"lazy\" decoding=\"async\" width=\"200\" height=\"242\" src=\"https:\/\/www.schulthessforum.ch\/wp-content\/media\/Veranstaltungen\/SZW-Tagung\/Staehelin_Lukas-200x242.png\" class=\"attachment-schulthess_speaker size-schulthess_speaker wp-post-image\" alt=\"\" \/>\n                        \n                    <\/div>\n                    <div class=\"uk-card uk-card-body\">\n                        <h4 class=\"speaker-card-name cardslider-card-name\">Prof. Dr.  Daniel Staehelin<\/h4>\n                    <\/div>\n                    <\/a>\n                <\/div>\n            <\/li>\n            \n\n            <li>\n                <div class=\"uk-card uk-card-default\">\n                    <a href=\"#referent-2079\" uk-toggle>\n                    <div class=\"uk-card-media-top\">\n                        <img loading=\"lazy\" decoding=\"async\" width=\"200\" height=\"242\" src=\"https:\/\/www.schulthessforum.ch\/wp-content\/media\/Veranstaltungen\/SZW-Tagung\/Vogt_Hans-Ueli_200x242-200x242.png\" class=\"attachment-schulthess_speaker size-schulthess_speaker wp-post-image\" alt=\"\" \/>\n                        \n                    <\/div>\n                    <div class=\"uk-card uk-card-body\">\n                        <h4 class=\"speaker-card-name cardslider-card-name\">Prof. Dr. Hans-Ueli Vogt<\/h4>\n                    <\/div>\n                    <\/a>\n                <\/div>\n            <\/li>\n            \n\n            <li>\n                <div class=\"uk-card uk-card-default\">\n                    <a href=\"#referent-39415\" uk-toggle>\n                    <div class=\"uk-card-media-top\">\n                        <img loading=\"lazy\" decoding=\"async\" width=\"200\" height=\"242\" src=\"https:\/\/www.schulthessforum.ch\/wp-content\/media\/Referenten\/Werlen_Thomas-_200x242px.jpg\" class=\"attachment-schulthess_speaker size-schulthess_speaker wp-post-image\" alt=\"\" \/>\n                        \n                    <\/div>\n                    <div class=\"uk-card uk-card-body\">\n                        <h4 class=\"speaker-card-name cardslider-card-name\">Prof. Dr.  Thomas Werlen<\/h4>\n                    <\/div>\n                    <\/a>\n                <\/div>\n            <\/li>\n            <\/ul><\/div>\n        <div id=\"referent-21246\" class=\"referent-modal uk-flex-top\" uk-modal>\n            <div class=\"uk-modal-dialog uk-margin-auto-vertical\">\n                <button class=\"uk-modal-close-default\" type=\"button\" uk-close><\/button>\n                <div class=\"uk-grid-small\" uk-grid>\n                    <div class=\"uk-width-auto@m\">\n                        <div class=\"uk-card-badge uk-label referenten-tagesleitung\">Direction<\/div>\n                        <img loading=\"lazy\" decoding=\"async\" width=\"200\" height=\"242\" src=\"https:\/\/www.schulthessforum.ch\/wp-content\/media\/Bahar_Rashid_200x242px_neu.png\" class=\"attachment-schulthess_speaker size-schulthess_speaker wp-post-image\" alt=\"\" \/>\n                    <\/div>\n                    <div class=\"uk-width-expand@m\">\n                        <h4 class=\"uk-modal-title\">Prof. Dr. Rashid Bahar<\/h4>\n                        <p class=\"referent-info\"><span class=\"referenten-position\">Prof. Dr. iur., Partner,<\/span> <span class=\"referenten-company\">Advestra<\/span><\/p>\n                        <p class=\"referent-kurzbeschreibung\"><p>Rashid Bahar ist Partner bei Advestra AG in Z\u00fcrich und ordentlicher Professor an der rechtswissen-schaftlichen Fakult\u00e4t der Universit\u00e4t Genf. Er ist ist auf Gesellschafts- und Finanzmarktrecht spezialisiert. Er ber\u00e4t Finanzinstitute bei Transaktionen und bez\u00fcglich ihrer regulatorischen Pflichten, unterst\u00fctzt Darlehensgeber wie -nehmer bei komplexen Finanzierungen und ber\u00e4t zu M&amp;A-Transaktionen vorwiegend in der Finanzbranche. Regelm\u00e4ssig vertritt er Klienten in Bewilligungs- und Enforcementverfahren der Eidgen\u00f6ssischen Finanzmarktaufsicht FINMA und anderer Beh\u00f6rden. Ausl\u00e4ndische Fonds und Asset Manager ber\u00e4t er beim Anbieten ihrer Produkte und Dienstleistungen in der Schweiz.<br \/>\nRashid Bahar ist Vize-Dekan der rechtswissenschaftlichen Fakult\u00e4t der Universit\u00e4t Genf und Rashid geh\u00f6rt der Gesch\u00e4ftsleitung des Center for Banking and Financial Law. Er unterrichtet Gesellschaftsrecht, Sanierungsrecht, Finanzmarktrecht sowie law and economics. Seine zahlreichen Publikationen umfassen das Gesellschafts- und das Finanzmarktaufsichtsrecht. Er ist Herausgeber der Basler Kommentare zum FINMAG\/FinfraG sowie zum FIDLEG\/FINIG und Mitglied des Herausgebergremium der Schweizerischen Zeitschrift f\u00fcr Wirtschafts- und Finanzmarktrecht (SZW).<\/p>\n<\/p>\n                    <\/div>\n                <\/div>\n\n                <div class=\"uk-modal-footer card-arrows uk-text-right\">\n                    <button href=\"javascript:void(0);\" class=\"card-arrow-prev\" onclick=\"navigateReferent('prev', 39415);\"><\/button>\n                    <button href=\"javascript:void(0);\" class=\"card-arrow-next\" onclick=\"navigateReferent('next', 21251);\"><\/button>\n                <\/div>\n            <\/div>\n        <\/div>\n        \n        <div id=\"referent-21251\" class=\"referent-modal uk-flex-top\" uk-modal>\n            <div class=\"uk-modal-dialog uk-margin-auto-vertical\">\n                <button class=\"uk-modal-close-default\" type=\"button\" uk-close><\/button>\n                <div class=\"uk-grid-small\" uk-grid>\n                    <div class=\"uk-width-auto@m\">\n                        <div class=\"uk-card-badge uk-label referenten-tagesleitung\">Direction<\/div>\n                        <img loading=\"lazy\" decoding=\"async\" width=\"200\" height=\"242\" src=\"https:\/\/www.schulthessforum.ch\/wp-content\/media\/Referenten\/Buehler_Christoph.png\" class=\"attachment-schulthess_speaker size-schulthess_speaker wp-post-image\" alt=\"\" \/>\n                    <\/div>\n                    <div class=\"uk-width-expand@m\">\n                        <h4 class=\"uk-modal-title\">Prof. Dr.  Christoph B. B\u00fchler<\/h4>\n                        <p class=\"referent-info\"><span class=\"referenten-position\">Prof. Dr. iur., LL.M., Rechtsanwalt, Partner,<\/span> <span class=\"referenten-company\">b\u00f6ckli b\u00fchler partner<\/span><\/p>\n                        <p class=\"referent-kurzbeschreibung\"><p>Christoph B. B\u00fchler ist als Wirtschaftsanwalt und Partner bei b\u00f6ckli b\u00fchler partner mit langj\u00e4hriger Erfahrung in den Spezialgebieten Aktien-, Finanzmarktrecht und Corporate Governance t\u00e4tig. Er ist anerkannter Emittentenvertreter und Mitglied der unabh\u00e4ngigen Beschwerdeinstanz der Schweizer B\u00f6rse SIX Swiss Exchange. Er ist zudem Pr\u00e4sident und Mitglied in verschiedenen Verwaltungsr\u00e4ten und Verwaltungsratsaussch\u00fcssen sowie Gr\u00fcndungsmitglied von swissVR (Verein zur F\u00f6rderung der Professionalisierung der Verwaltungsratst\u00e4tigkeit).<br \/>\nChristoph B. B\u00fchler hat im Jahr 1999 promoviert und das Anwaltspatent erworben. Nach einem berufsbegleitenden praxisbezogenen LL.M.-Programm im Internationalen Wirtschaftsrecht mit Spezialgebiet Finanzmarktrecht am Europainstitut der Universit\u00e4t Z\u00fcrich war er von 2002 \u2013 2003 als Foreign Associate bei der amerikanischen Law Firm Sullivan &amp; Cromwell LLP in New York t\u00e4tig. Seine Habilitationsarbeit hat er im Jahr 2009 zum Thema \u00ab\u00a0Regulierung im Bereich der Corporate Governance\u00a0\u00bb verfasst und dozierte seither an den Universit\u00e4ten Z\u00fcrich und Basel als Privatdozent und Lehrbeauftragter. Anfang 2016 wurde er zum Titularprofessor f\u00fcr schweizerisches und internationales Handels- und Wirtschaftsrecht an der Universit\u00e4t Z\u00fcrich ernannt.<\/p>\n<\/p>\n                    <\/div>\n                <\/div>\n\n                <div class=\"uk-modal-footer card-arrows uk-text-right\">\n                    <button href=\"javascript:void(0);\" class=\"card-arrow-prev\" onclick=\"navigateReferent('prev', 21246);\"><\/button>\n                    <button href=\"javascript:void(0);\" class=\"card-arrow-next\" onclick=\"navigateReferent('next', 2056);\"><\/button>\n                <\/div>\n            <\/div>\n        <\/div>\n        \n        <div id=\"referent-2056\" class=\"referent-modal uk-flex-top\" uk-modal>\n            <div class=\"uk-modal-dialog uk-margin-auto-vertical\">\n                <button class=\"uk-modal-close-default\" type=\"button\" uk-close><\/button>\n                <div class=\"uk-grid-small\" uk-grid>\n                    <div class=\"uk-width-auto@m\">\n                        <div class=\"uk-card-badge uk-label referenten-tagesleitung\">Direction<\/div>\n                        <img loading=\"lazy\" decoding=\"async\" width=\"200\" height=\"242\" src=\"https:\/\/www.schulthessforum.ch\/wp-content\/media\/Referenten\/Karin_Mueller_200x242.jpg\" class=\"attachment-schulthess_speaker size-schulthess_speaker wp-post-image\" alt=\"\" \/>\n                    <\/div>\n                    <div class=\"uk-width-expand@m\">\n                        <h4 class=\"uk-modal-title\">Prof. Dr.  Karin M\u00fcller<\/h4>\n                        <p class=\"referent-info\"><span class=\"referenten-position\">Prof. Dr. iur., Rechtsanw\u00e4ltin, Ordinaria f\u00fcr Privatrecht, Handels- und Wirtschaftsrecht sowie Zivilverfahrensrecht,<\/span> <span class=\"referenten-company\">Universit\u00e4t Luzern<\/span><\/p>\n                        <p class=\"referent-kurzbeschreibung\"><p>Karin M\u00fcller ist Ordinaria f\u00fcr Privatrecht, Handels- und Wirtschaftsrecht sowie Zivilverfahrensrecht an der Universit\u00e4t Luzern und Titularprofessorin an der Universit\u00e4t Z\u00fcrich. An der Rechtswissenschaftlichen Fakult\u00e4t der Universit\u00e4t Luzern amtet sie zudem als Prodekanin. Sie studierte an der Universit\u00e4t Z\u00fcrich Rechtswissenschaften und erwarb 1997 das Anwaltspatent. Anschliessend arbeitete sie in einem Luzerner Anwaltsb\u00fcro, bevor sie 2003 an der Universit\u00e4t Luzern promovierte. Seit 2006 ist sie zun\u00e4chst als Assistenzprofessorin, nach ihrer Habilitation an der Universit\u00e4t Z\u00fcrich 2014 als ordentliche Professorin an der Universit\u00e4t Luzern t\u00e4tig. Sie ist ferner Gr\u00fcndungsmitglied des Instituts f\u00fcr Wirtschaft und Regulierung (WIRE) der Universit\u00e4t Luzern.<br \/>\nNeben ihrer T\u00e4tigkeit an der Universit\u00e4t amtet Karin M\u00fcller als Ersatzrichterin am Handelsgericht des Kantons Aargau und ist Konsulentin bei <em>Fellmann, Klett, Rothenberger legal<\/em>. Zudem ist sie Mitglied der Eidgen\u00f6ssischen Kommission zur Beratung des Nationalen Kontaktpunktes f\u00fcr die OECD-Leits\u00e4tze f\u00fcr multinationale Unternehmen.<\/p>\n<\/p>\n                    <\/div>\n                <\/div>\n\n                <div class=\"uk-modal-footer card-arrows uk-text-right\">\n                    <button href=\"javascript:void(0);\" class=\"card-arrow-prev\" onclick=\"navigateReferent('prev', 21251);\"><\/button>\n                    <button href=\"javascript:void(0);\" class=\"card-arrow-next\" onclick=\"navigateReferent('next', 2032);\"><\/button>\n                <\/div>\n            <\/div>\n        <\/div>\n        \n        <div id=\"referent-2032\" class=\"referent-modal uk-flex-top\" uk-modal>\n            <div class=\"uk-modal-dialog uk-margin-auto-vertical\">\n                <button class=\"uk-modal-close-default\" type=\"button\" uk-close><\/button>\n                <div class=\"uk-grid-small\" uk-grid>\n                    <div class=\"uk-width-auto@m\">\n                        <div class=\"uk-card-badge uk-label referenten-tagesleitung\">Direction<\/div>\n                        <img loading=\"lazy\" decoding=\"async\" width=\"200\" height=\"242\" src=\"https:\/\/www.schulthessforum.ch\/wp-content\/media\/Vischer_Markus_200x242px_neu-200x242.png\" class=\"attachment-schulthess_speaker size-schulthess_speaker wp-post-image\" alt=\"\" \/>\n                    <\/div>\n                    <div class=\"uk-width-expand@m\">\n                        <h4 class=\"uk-modal-title\">Dr. Markus Vischer<\/h4>\n                        <p class=\"referent-info\"><span class=\"referenten-position\">Dr. iur., LL.M., Rechtsanwalt, Partner,<\/span> <span class=\"referenten-company\">Walder Wyss<\/span><\/p>\n                        <p class=\"referent-kurzbeschreibung\"><p>Markus Vischer ist seit 1995 Partner bei Walder Wyss. Hauptschwergewichte seiner T\u00e4tigkeit sind M&amp;A-, Private Equity- und Venture Capital Transaktionen, Unternehmensumstrukturierungen und Handels- und Gesellschaftsrecht inkl. Arbeitsrecht und Immobilienrecht. Durch die Beteiligung in namhaften Transaktionen, v.a. auch in der Medien-, Immobilien- und IT-Branche und im Gesundheitswesen, und vielen einschl\u00e4gigen Publikationen z\u00e4hlt er zu den bekanntesten M&amp;A-Spezialisten in der Schweiz.<br \/>\nGeboren 1960, studierte Markus Vischer an der Universit\u00e4t Z\u00fcrich (lic. iur. 1984, Dr. iur. 1986) und am Queen Mary College, London University (LL.M. 1991). Er arbeitete als Assistent an der Universit\u00e4t Z\u00fcrich, als juristischer Sekret\u00e4r am Bezirksgericht Meilen und als Mitarbeiter einer Steuerrechtspraxis in Z\u00fcrich und einer Anwaltskanzlei in London.<br \/>\nMarkus Vischer spricht Deutsch, Englisch und Franz\u00f6sisch. Er ist im Anwaltsregister des Kantons Z\u00fcrich eingetragen.<\/p>\n<\/p>\n                    <\/div>\n                <\/div>\n\n                <div class=\"uk-modal-footer card-arrows uk-text-right\">\n                    <button href=\"javascript:void(0);\" class=\"card-arrow-prev\" onclick=\"navigateReferent('prev', 2056);\"><\/button>\n                    <button href=\"javascript:void(0);\" class=\"card-arrow-next\" onclick=\"navigateReferent('next', 39431);\"><\/button>\n                <\/div>\n            <\/div>\n        <\/div>\n        \n        <div id=\"referent-39431\" class=\"referent-modal uk-flex-top\" uk-modal>\n            <div class=\"uk-modal-dialog uk-margin-auto-vertical\">\n                <button class=\"uk-modal-close-default\" type=\"button\" uk-close><\/button>\n                <div class=\"uk-grid-small\" uk-grid>\n                    <div class=\"uk-width-auto@m\">\n                        \n                        <img loading=\"lazy\" decoding=\"async\" width=\"200\" height=\"242\" src=\"https:\/\/www.schulthessforum.ch\/wp-content\/media\/Referenten\/Duygu-Julia-Akdag_200x242px.jpg\" class=\"attachment-schulthess_speaker size-schulthess_speaker wp-post-image\" alt=\"\" \/>\n                    <\/div>\n                    <div class=\"uk-width-expand@m\">\n                        <h4 class=\"uk-modal-title\"> Duygu Akdag<\/h4>\n                        <p class=\"referent-info\"><span class=\"referenten-position\">LL.M., Rechtsanw\u00e4ltin, Associate<\/span> <span class=\"referenten-company\">Quinn Emanuel Urquhart & Sullivan, Schweiz<\/span><\/p>\n                        <p class=\"referent-kurzbeschreibung\"><p>Duygu Akdag ist Associate im Z\u00fcrcher B\u00fcro von Quinn Emanuel Urquhart &amp; Sullivan, einer international f\u00fchrenden Kanzlei.<\/p>\n<p>Ihre Praxis fokussiert sich insbesondere auf komplexe Litigation, Schuldbetreibungs- und Konkursrecht (SchKG), White-Collar-Verfahren, Unternehmensuntersuchungen sowie Arbitration. Sie vertritt renommierte Mandanten in grenz\u00fcberschreitenden Verfahren mit Bez\u00fcgen zu Vertragsrecht, Gesellschaftsrecht, Finanzdienstleistungen, Betrug, Erbrecht, Medienrecht sowie Sport und Unterhaltung.<\/p>\n<p>Im Bereich Litigation &amp; Arbitration wirkte sie u.a. in den Verfahren Zeromax, AT1-Anleiheinhaber (Credit Suisse-UBS-\u00dcbernahme) und Sika mit.<\/p>\n<p>Im Bereich White Collar &amp; Unternehmensuntersuchungen war sie u.a. in den F\u00e4llen FIFA, PDVSA und Credit Suisse t\u00e4tig.<\/p>\n<p>Vor ihrer Zeit bei Quinn Emanuel sammelte Duygu internationale Erfahrung beim Europ\u00e4ischen Parlament in Br\u00fcssel sowie bei den Vereinten Nationen in New York.<\/p>\n<p>Duygu Akdag erwarb das Anwaltspatent des Kantons Z\u00fcrich. Ihren LL.M. mit Spezialisierung auf Internationales Recht absolvierte sie an der London School of Economics and Political Science (LSE). Ihren BLaw und MLaw schloss sie an der Universit\u00e4t Freiburg in der Schweiz ab.<\/p>\n<\/p>\n                    <\/div>\n                <\/div>\n\n                <div class=\"uk-modal-footer card-arrows uk-text-right\">\n                    <button href=\"javascript:void(0);\" class=\"card-arrow-prev\" onclick=\"navigateReferent('prev', 2032);\"><\/button>\n                    <button href=\"javascript:void(0);\" class=\"card-arrow-next\" onclick=\"navigateReferent('next', 39433);\"><\/button>\n                <\/div>\n            <\/div>\n        <\/div>\n        \n        <div id=\"referent-39433\" class=\"referent-modal uk-flex-top\" uk-modal>\n            <div class=\"uk-modal-dialog uk-margin-auto-vertical\">\n                <button class=\"uk-modal-close-default\" type=\"button\" uk-close><\/button>\n                <div class=\"uk-grid-small\" uk-grid>\n                    <div class=\"uk-width-auto@m\">\n                        \n                        <img loading=\"lazy\" decoding=\"async\" width=\"200\" height=\"242\" src=\"https:\/\/www.schulthessforum.ch\/wp-content\/media\/Referenten\/Bianchi-Luca_200x242px.jpg\" class=\"attachment-schulthess_speaker size-schulthess_speaker wp-post-image\" alt=\"\" \/>\n                    <\/div>\n                    <div class=\"uk-width-expand@m\">\n                        <h4 class=\"uk-modal-title\"> Luca Bianchi<\/h4>\n                        <p class=\"referent-info\"><span class=\"referenten-position\">LL.M., Rechtsanwalt, MBA, MAS UZH in Finance, Partner, <\/span> <span class=\"referenten-company\">Kellerhals Carrard<\/span><\/p>\n                        <p class=\"referent-kurzbeschreibung\"><p>Luca Bianchi ist Rechtsanwalt und Partner bei Kellerhals Carrard in Z\u00fcrich. Er ber\u00e4t Klienten in den Bereichen Capital Markets, Banking, Finance &amp; Fintech, Regulatory und Corporate\/M&amp;A. Seine Praxis konzentriert sich auf Kapitalmarkttransaktionen und die Regulierung von Finanzdienstleistungen, Finanzinstituten und Finanzmarktinfrastrukturen.<\/p>\n<p>Luca Bianchi ist auf komplexe Emissionen (u.a. Bonds\/EMTN, Verbriefungstransaktionen, CoCos, IPOs) sowie auf Finanzprodukte (z.B. strukturierte Produkte, ETPs, AMCs, CLNs) und kollektive Kapitalanlagen (u.a. ETFs und Anlagestiftungen) spezialisiert. Luca vertritt h\u00e4ufig schweizerische und internationale Klienten in grossen und komplexen Transaktionen und ber\u00e4t regelm\u00e4ssig b\u00f6rsenkotierte Unternehmen bei der erfolgreichen Bew\u00e4ltigung strategischer Fragen von entscheidender Bedeutung.<\/p>\n<p>Dar\u00fcber hinaus konzentriert er sich auf digitale Banken und Fintech-Unternehmen sowie innovative digitale Produkte. Ausserdem ber\u00e4t er regulierte Finanzinstitute in GwG-Angelegenheiten, internen Untersuchungen und damit zusammenh\u00e4ngenden Verfahren.<\/p>\n<p>Luca Bianchi wird von Chambers, Legal 500, Who&rsquo;s Who Legal und anderen juristischen Verzeichnissen empfohlen.<\/p>\n<\/p>\n                    <\/div>\n                <\/div>\n\n                <div class=\"uk-modal-footer card-arrows uk-text-right\">\n                    <button href=\"javascript:void(0);\" class=\"card-arrow-prev\" onclick=\"navigateReferent('prev', 39431);\"><\/button>\n                    <button href=\"javascript:void(0);\" class=\"card-arrow-next\" onclick=\"navigateReferent('next', 32638);\"><\/button>\n                <\/div>\n            <\/div>\n        <\/div>\n        \n        <div id=\"referent-32638\" class=\"referent-modal uk-flex-top\" uk-modal>\n            <div class=\"uk-modal-dialog uk-margin-auto-vertical\">\n                <button class=\"uk-modal-close-default\" type=\"button\" uk-close><\/button>\n                <div class=\"uk-grid-small\" uk-grid>\n                    <div class=\"uk-width-auto@m\">\n                        \n                        <img loading=\"lazy\" decoding=\"async\" width=\"200\" height=\"242\" src=\"https:\/\/www.schulthessforum.ch\/wp-content\/media\/Referenten\/Bohrer_Andreas_neu_200x242px.png\" class=\"attachment-schulthess_speaker size-schulthess_speaker wp-post-image\" alt=\"\" \/>\n                    <\/div>\n                    <div class=\"uk-width-expand@m\">\n                        <h4 class=\"uk-modal-title\">Prof. Dr. Andreas Bohrer\u00a0<\/h4>\n                        <p class=\"referent-info\"><span class=\"referenten-position\">LL.M., Attorney-at-law, Chief Legal & Corporate Affairs Officer\u00a0and Member of the Executive Committee, <\/span> <span class=\"referenten-company\">Lonza Group Ltd, Switzerland\u00a0<\/span><\/p>\n                        <p class=\"referent-kurzbeschreibung\"><p>Andreas Bohrer joined Lonza in 2015 as Group General Counsel and has been named Chief Legal &amp; Corporate Affairs Officer and Member of the Executive Committee, effective 1 July 2025.\u00a0 Prior to that, he held senior legal roles at Novartis, UBS and law firms in Switzerland and the US.<\/p>\n<p>Andreas has extensive experience as General Counsel in the pharma, banking, and asset management sectors. His expertise spans Board and Corporate Governance, as well as M&amp;A, IP, Ethics &amp; Compliance, Sustainability\/ESG, Enterprise Risk Management (ERM), Environment\/ Health\/Safety (EHS), Insurance Management, and as CHRO <em>ad interim<\/em>.<\/p>\n<\/p>\n                    <\/div>\n                <\/div>\n\n                <div class=\"uk-modal-footer card-arrows uk-text-right\">\n                    <button href=\"javascript:void(0);\" class=\"card-arrow-prev\" onclick=\"navigateReferent('prev', 39433);\"><\/button>\n                    <button href=\"javascript:void(0);\" class=\"card-arrow-next\" onclick=\"navigateReferent('next', 24052);\"><\/button>\n                <\/div>\n            <\/div>\n        <\/div>\n        \n        <div id=\"referent-24052\" class=\"referent-modal uk-flex-top\" uk-modal>\n            <div class=\"uk-modal-dialog uk-margin-auto-vertical\">\n                <button class=\"uk-modal-close-default\" type=\"button\" uk-close><\/button>\n                <div class=\"uk-grid-small\" uk-grid>\n                    <div class=\"uk-width-auto@m\">\n                        \n                        <img loading=\"lazy\" decoding=\"async\" width=\"200\" height=\"242\" src=\"https:\/\/www.schulthessforum.ch\/wp-content\/media\/Referenten\/Bopp_Lukas_200x242px.jpg\" class=\"attachment-schulthess_speaker size-schulthess_speaker wp-post-image\" alt=\"\" \/>\n                    <\/div>\n                    <div class=\"uk-width-expand@m\">\n                        <h4 class=\"uk-modal-title\">Dr.  Lukas Bopp<\/h4>\n                        <p class=\"referent-info\"><span class=\"referenten-position\">Dr. iur., LL.M., Rechtsanwalt, Partner, <\/span> <span class=\"referenten-company\">Kellerhals Carrard<\/span><\/p>\n                        <p class=\"referent-kurzbeschreibung\"><p>1998 Lizentiat an der Universit\u00e4t Basel (summa cum laude), 2001 Advokaturexa-men, 2004 Dissertation \u201eSanierung im Internationalen Insolvenzrecht der Schweiz\u201c bei Prof. Dr. A.K. Schnyder (ausgezeichnet mit dem Walther Hug-Preis und dem Preis der SchKG-Versammlung). 2005 LL.M. an der University of Syd-ney. Seit 2006 als Advokat im heutigen B\u00fcro Kellerhals Carrard t\u00e4tig, seit 2014 als Partner.<br \/>\nT\u00e4tigkeitsschwerpunkte: Prozessf\u00fchrung mit insolvenzrechtlichem Bezug, Unter-st\u00fctzung nationaler und internationaler Unternehmungen bei Umstrukturierungen und Implementierungen von insolvenz- und vorinsolvenzrechtlichen Massnahmen, Beratung bei Kauf- und Verkauf von distressed assets, Beratung ausl\u00e4ndischer Insolvenzverwalter und Unterst\u00fctzen von Gl\u00e4ubigern bei der Durchsetzung ihrer Rechte in der Insolvenz oder in Betreibungsverfahren, Sachwaltermandate.<br \/>\nMitgliedschaften\/Sonstiges: Mitglied Insol Europe und SchKG Vereinigung (seit 2018 im Vorstand, seit 2024 Pr\u00e4sident); Redaktor DRSK Bereich SchKG; diverse Publikationen mit insolvenzrechtlichem Bezug. <\/p>\n<\/p>\n                    <\/div>\n                <\/div>\n\n                <div class=\"uk-modal-footer card-arrows uk-text-right\">\n                    <button href=\"javascript:void(0);\" class=\"card-arrow-prev\" onclick=\"navigateReferent('prev', 32638);\"><\/button>\n                    <button href=\"javascript:void(0);\" class=\"card-arrow-next\" onclick=\"navigateReferent('next', 10188);\"><\/button>\n                <\/div>\n            <\/div>\n        <\/div>\n        \n        <div id=\"referent-10188\" class=\"referent-modal uk-flex-top\" uk-modal>\n            <div class=\"uk-modal-dialog uk-margin-auto-vertical\">\n                <button class=\"uk-modal-close-default\" type=\"button\" uk-close><\/button>\n                <div class=\"uk-grid-small\" uk-grid>\n                    <div class=\"uk-width-auto@m\">\n                        \n                        <img loading=\"lazy\" decoding=\"async\" width=\"200\" height=\"242\" src=\"https:\/\/www.schulthessforum.ch\/wp-content\/media\/Chabloz_Isabelle_200x242_px.png\" class=\"attachment-schulthess_speaker size-schulthess_speaker wp-post-image\" alt=\"\" \/>\n                    <\/div>\n                    <div class=\"uk-width-expand@m\">\n                        <h4 class=\"uk-modal-title\">Prof. Dr.  Isabelle Chabloz<\/h4>\n                        <p class=\"referent-info\"><span class=\"referenten-position\">Prof. Dr. iur., LL.M., ordentliche Professorin f\u00fcr internationales Recht und Handelsrecht, Vize-Dekanin, <\/span> <span class=\"referenten-company\">Universit\u00e4t Freiburg<\/span><\/p>\n                        <p class=\"referent-kurzbeschreibung\"><p>Isabelle Chabloz ist ordentliche Professorin an der Universit\u00e4t Freiburg und seit 2024 Vize-Dekanin. Sie unterrichtet Handelsrecht und Wettbewerbsrecht. Sie ist Mitglied der \u00dcbernahmekommission und der Expertenkommission f\u00fcr das Handelsregister. Sie studierte Rechtswissenschaften an der Universit\u00e4t Freiburg (lic. iur.) sowie an der Monash University (LL.M., Melbourne, Australien). Im Jahr 2002 promovierte sie an der Universit\u00e4t Freiburg, 2012 habilitierte sie an derselben Universit\u00e4t. Nach ihrer Zulassung als Rechtsanw\u00e4ltin im Kanton Bern im Jahr 2003 arbeitete sie zwei Jahre lang als Rechtskonsulentin im Sekretariat der \u00dcbernahmekommission. Von 2011 bis 2020 unterrichtete sie Zivilprozessrecht f\u00fcr die Anwaltspraktikanten an der Universit\u00e4t Bern. Ab 2014 war sie als Professorin f\u00fcr Handelsrecht, Schuldrecht und Zivilprozessrecht an der FernUni t\u00e4tig. Von 2019 bis zu ihrem Ausscheiden im Jahr 2020 hatte sie dort das Amt der Vizerektorin f\u00fcr Lehre inne. Zudem war sie mehrere Jahre lang als Of Counsel bei einer grossen Schweizer Anwaltskanzlei t\u00e4tig.<\/p>\n<\/p>\n                    <\/div>\n                <\/div>\n\n                <div class=\"uk-modal-footer card-arrows uk-text-right\">\n                    <button href=\"javascript:void(0);\" class=\"card-arrow-prev\" onclick=\"navigateReferent('prev', 24052);\"><\/button>\n                    <button href=\"javascript:void(0);\" class=\"card-arrow-next\" onclick=\"navigateReferent('next', 39418);\"><\/button>\n                <\/div>\n            <\/div>\n        <\/div>\n        \n        <div id=\"referent-39418\" class=\"referent-modal uk-flex-top\" uk-modal>\n            <div class=\"uk-modal-dialog uk-margin-auto-vertical\">\n                <button class=\"uk-modal-close-default\" type=\"button\" uk-close><\/button>\n                <div class=\"uk-grid-small\" uk-grid>\n                    <div class=\"uk-width-auto@m\">\n                        \n                        <img loading=\"lazy\" decoding=\"async\" width=\"200\" height=\"242\" src=\"https:\/\/www.schulthessforum.ch\/wp-content\/media\/Referenten\/Friederich_Anouk_200x242px.jpg\" class=\"attachment-schulthess_speaker size-schulthess_speaker wp-post-image\" alt=\"\" \/>\n                    <\/div>\n                    <div class=\"uk-width-expand@m\">\n                        <h4 class=\"uk-modal-title\"> Anouk Friederich<\/h4>\n                        <p class=\"referent-info\"><span class=\"referenten-position\">Rechtsanw\u00e4ltin, Stv. Leiterin, <\/span> <span class=\"referenten-company\">Eidg. Amt f\u00fcr das Handelsregister (EHRA) <\/span><\/p>\n                        <p class=\"referent-kurzbeschreibung\"><p>Anouk Friederich ist stellvertretende Leiterin des Eidg. Amtes f\u00fcr das Handelsregister EHRA im Bundesamt f\u00fcr Justiz (BJ). Sie studierte Rechtswissenschaften an der Universit\u00e4t Genf und absolvierte die Anwaltspr\u00fcfung im Kanton Z\u00fcrich. Sie ist in der Oberaufsicht \u00fcber die Handelsregisterf\u00fchrung t\u00e4tig und betreut Gesetzgebungsprojekte im Bereich des Wirtschaftsrechts. Sie vertritt das BJ regelm\u00e4ssig in Sachbereichskommissionen und Plenumssitzungen des National- und des St\u00e4nderates.<\/p>\n<\/p>\n                    <\/div>\n                <\/div>\n\n                <div class=\"uk-modal-footer card-arrows uk-text-right\">\n                    <button href=\"javascript:void(0);\" class=\"card-arrow-prev\" onclick=\"navigateReferent('prev', 10188);\"><\/button>\n                    <button href=\"javascript:void(0);\" class=\"card-arrow-next\" onclick=\"navigateReferent('next', 39485);\"><\/button>\n                <\/div>\n            <\/div>\n        <\/div>\n        \n        <div id=\"referent-39485\" class=\"referent-modal uk-flex-top\" uk-modal>\n            <div class=\"uk-modal-dialog uk-margin-auto-vertical\">\n                <button class=\"uk-modal-close-default\" type=\"button\" uk-close><\/button>\n                <div class=\"uk-grid-small\" uk-grid>\n                    <div class=\"uk-width-auto@m\">\n                        \n                        <img loading=\"lazy\" decoding=\"async\" width=\"200\" height=\"242\" src=\"https:\/\/www.schulthessforum.ch\/wp-content\/media\/Referenten\/Gianini_Simone_200x242px.jpg\" class=\"attachment-schulthess_speaker size-schulthess_speaker wp-post-image\" alt=\"\" \/>\n                    <\/div>\n                    <div class=\"uk-width-expand@m\">\n                        <h4 class=\"uk-modal-title\"> Simone Gianini<\/h4>\n                        <p class=\"referent-info\"><span class=\"referenten-position\">Nationalrat, Rechtsanwalt, Notar, Partner, \r\n\r\n<\/span> <span class=\"referenten-company\">Barchi Partners<\/span><\/p>\n                        <p class=\"referent-kurzbeschreibung\"><p>Simone Gianini schloss sein Jurastudium an der Universit\u00e4t Z\u00fcrich im Jahr 2000 (magna cum laude) ab. Nach einer Assistenzzeit am Lehrstuhl von Prof. Dr. Hans Caspar von der Crone absolvierte er sein Praktikum im Tessin, wo er 2005 das Anwaltspatent und 2007 das Notariatspatent erwarb. Seit 2005 ist er bei der Kanzlei Barchi Partners mit B\u00fcros in Lugano und Bellinzona t\u00e4tig, deren Partner er im Jahr 2014 wurde. Von 2012 bis 2024 sass er in der Exekutive der Stadt Bellinzona (ab 2021 als Vize-Stadtpr\u00e4sident). Im Jahr 2023 wurde er f\u00fcr die FDP in den Nationalrat gew\u00e4hlt. Er ist Mitglied der Kommission f\u00fcr Rechtsfragen (RK-N) und der Staatspolitischen Kommission (SPK-N). Er ist Zentralpr\u00e4sident des Automobil Club der Schweiz (ACS) und sitzt unter anderem im Stiftungsrat von Switzerland Innovation.<\/p>\n<\/p>\n                    <\/div>\n                <\/div>\n\n                <div class=\"uk-modal-footer card-arrows uk-text-right\">\n                    <button href=\"javascript:void(0);\" class=\"card-arrow-prev\" onclick=\"navigateReferent('prev', 39418);\"><\/button>\n                    <button href=\"javascript:void(0);\" class=\"card-arrow-next\" onclick=\"navigateReferent('next', 2048);\"><\/button>\n                <\/div>\n            <\/div>\n        <\/div>\n        \n        <div id=\"referent-2048\" class=\"referent-modal uk-flex-top\" uk-modal>\n            <div class=\"uk-modal-dialog uk-margin-auto-vertical\">\n                <button class=\"uk-modal-close-default\" type=\"button\" uk-close><\/button>\n                <div class=\"uk-grid-small\" uk-grid>\n                    <div class=\"uk-width-auto@m\">\n                        \n                        <img loading=\"lazy\" decoding=\"async\" width=\"200\" height=\"242\" src=\"https:\/\/www.schulthessforum.ch\/wp-content\/media\/Veranstaltungen\/SZW-Tagung\/Glanzmann_Lukas_200x242-1-200x242.png\" class=\"attachment-schulthess_speaker size-schulthess_speaker wp-post-image\" alt=\"\" \/>\n                    <\/div>\n                    <div class=\"uk-width-expand@m\">\n                        <h4 class=\"uk-modal-title\">Prof. Dr. Lukas Glanzmann<\/h4>\n                        <p class=\"referent-info\"><span class=\"referenten-position\">Prof. Dr. iur., LL.M., Rechtsanwalt, Titularprofessor Universit\u00e4t St. Gallen, Partner,<\/span> <span class=\"referenten-company\">Baker McKenzie Zurich<\/span><\/p>\n                        <p class=\"referent-kurzbeschreibung\"><p>Prof. Dr. iur. Lukas Glanzmann ist Partner bei Baker McKenzie Switzerland und Mitglied des Schweizer Management Committees. Die T\u00e4tigkeitsschwerpunkte von Lukas Glanzmann liegen in den Bereichen Fremdkapitalfinanzierung, Sanierung &amp; Insolvenz, Gesellschafts- und Rechnungslegungsrecht sowie Mergers &amp; Acquisitions. Nach dem Erwerb des Anwaltspatents doktorierte Lukas Glanzmann an der Universit\u00e4t St. Gallen im Bereich Gesellschaftsrecht und erwarb danach einen LL.M. an der Harvard Law School. Im Jahre 2006 habilitierte sich Lukas Glanzmann an der Universit\u00e4t St. Gallen und ist heute Titularprofessor f\u00fcr Wirtschaftsrecht. Lukas Glanzmann hat diverse Schriften zu Fragen des Gesellschafts-, Kredit- und Rechnungslegungsrechts, \u00fcber Sanierungen &amp; Insolvenz sowie im Bereich der Corporate Governance publiziert. Er wurde mehrmals zu Anh\u00f6rungen in verschiedenen Kommissionen eingeladen.<\/p>\n<\/p>\n                    <\/div>\n                <\/div>\n\n                <div class=\"uk-modal-footer card-arrows uk-text-right\">\n                    <button href=\"javascript:void(0);\" class=\"card-arrow-prev\" onclick=\"navigateReferent('prev', 39485);\"><\/button>\n                    <button href=\"javascript:void(0);\" class=\"card-arrow-next\" onclick=\"navigateReferent('next', 39428);\"><\/button>\n                <\/div>\n            <\/div>\n        <\/div>\n        \n        <div id=\"referent-39428\" class=\"referent-modal uk-flex-top\" uk-modal>\n            <div class=\"uk-modal-dialog uk-margin-auto-vertical\">\n                <button class=\"uk-modal-close-default\" type=\"button\" uk-close><\/button>\n                <div class=\"uk-grid-small\" uk-grid>\n                    <div class=\"uk-width-auto@m\">\n                        \n                        <img loading=\"lazy\" decoding=\"async\" width=\"200\" height=\"242\" src=\"https:\/\/www.schulthessforum.ch\/wp-content\/media\/Referenten\/Guidoum_Sammy_200x242px.jpg\" class=\"attachment-schulthess_speaker size-schulthess_speaker wp-post-image\" alt=\"\" \/>\n                    <\/div>\n                    <div class=\"uk-width-expand@m\">\n                        <h4 class=\"uk-modal-title\">Dr.  Sammy Guidoum<\/h4>\n                        <p class=\"referent-info\"><span class=\"referenten-position\">Dr. iur. HSG, M.A. HSG in Law and Economics, Rechtsanwalt, <\/span> <span class=\"referenten-company\">Edelmann Rechtsanw\u00e4lte & Notare<\/span><\/p>\n                        <p class=\"referent-kurzbeschreibung\"><p>Sammy Guidoum schloss sein Studium der Rechts- und Wirtschaftswissenschaften 2018 an der Universit\u00e4t St. Gallen (M.A. HSG in Law and Economics) ab. W\u00e4hrend seiner Studienzeit absolvierte er Austauschprogramme an der Aalto University in Helsinki, Finnland, und der Universit\u00e4t Lausanne. 2023 promivierte er an der Universit\u00e4t St. Gallen zum Thema \u00ab\u00a0Dividenden und R\u00fcckzahlungen der gesetzlichen Kapitalreserve\u00a0\u00bb (Dr. iur. HSG). Er wurde 2021 in der Schweiz als Rechtsanwalt zugelassen. 2024 absolvierte er ein Secondment bei einer internationalen Anwaltskanzlei in London, UK.<\/p>\n<p>In den vergangenen rund vier Jahren war Sammy Guidoum als Associate bei einer internationalen Anwaltskanzlei in Z\u00fcrich t\u00e4tig, mit Schwerpunkt in den Bereichen Banking &amp; Finance, Gesellschafts- und Rechnungslegungsrecht. Heute ist er als Rechtsanwalt bei Edelmann Rechtsanw\u00e4lte &amp; Notare in Bad Zurzach, Kanton AG, t\u00e4tig.<\/p>\n<p>Sammy Guidoum publiziert regelm\u00e4ssig zu verschiedenen Themen des Gesellschaftsrechts sowie zu weiteren ausgew\u00e4hlten Rechtsgebieten.<\/p>\n<\/p>\n                    <\/div>\n                <\/div>\n\n                <div class=\"uk-modal-footer card-arrows uk-text-right\">\n                    <button href=\"javascript:void(0);\" class=\"card-arrow-prev\" onclick=\"navigateReferent('prev', 2048);\"><\/button>\n                    <button href=\"javascript:void(0);\" class=\"card-arrow-next\" onclick=\"navigateReferent('next', 2071);\"><\/button>\n                <\/div>\n            <\/div>\n        <\/div>\n        \n        <div id=\"referent-2071\" class=\"referent-modal uk-flex-top\" uk-modal>\n            <div class=\"uk-modal-dialog uk-margin-auto-vertical\">\n                <button class=\"uk-modal-close-default\" type=\"button\" uk-close><\/button>\n                <div class=\"uk-grid-small\" uk-grid>\n                    <div class=\"uk-width-auto@m\">\n                        \n                        <img loading=\"lazy\" decoding=\"async\" width=\"200\" height=\"242\" src=\"https:\/\/www.schulthessforum.ch\/wp-content\/media\/Veranstaltungen\/SZW-Tagung\/Staehelin_Lukas-200x242.png\" class=\"attachment-schulthess_speaker size-schulthess_speaker wp-post-image\" alt=\"\" \/>\n                    <\/div>\n                    <div class=\"uk-width-expand@m\">\n                        <h4 class=\"uk-modal-title\">Prof. Dr.  Daniel Staehelin<\/h4>\n                        <p class=\"referent-info\"><span class=\"referenten-position\">Prof. Dr. iur., Advokat und Notar, Partner,<\/span> <span class=\"referenten-company\">Kellerhals Carrard <\/span><\/p>\n                        <p class=\"referent-kurzbeschreibung\"><p>Prof. Dr. Daniel Staehelin ist einerseits ein erfahrener Prozessanwalt mit Schwerpunkt im Bankenrecht und ber\u00e4t andererseits als Notar Unternehmen und Privatpersonen bei Vertr\u00e4gen, Umstrukturierungen, Unternehmensk\u00e4ufen, Immobilientransaktionen, Nachlassplanungen und Willensvollstreckungen. Er ist zudem als Anwalt und Professor eine f\u00fchrende Kapazit\u00e4t auf dem Gebiete des Insolvenzrechts. Er war Vertreter namhafter Gl\u00e4ubiger in allen grossen Insolvenzverfahren der letzten 25 Jahre, Sachwalter in der Nachlassstundung und mehrfach von der FINMA eingesetzter Konkursverwalter in Bankenliquidationen. Zudem wird er immer wieder mit der Erstellung von Gutachten beauftragt. Von ihm stammen zahlreiche Publikationen in all seinen Fachgebieten, er ist Herausgeber des Basler Kommentars zum SchKG sowie eines Handbuchs zur ZPO. Zudem wurde er in Expertenkommissionen des Bundes berufen.<\/p>\n<\/p>\n                    <\/div>\n                <\/div>\n\n                <div class=\"uk-modal-footer card-arrows uk-text-right\">\n                    <button href=\"javascript:void(0);\" class=\"card-arrow-prev\" onclick=\"navigateReferent('prev', 39428);\"><\/button>\n                    <button href=\"javascript:void(0);\" class=\"card-arrow-next\" onclick=\"navigateReferent('next', 2079);\"><\/button>\n                <\/div>\n            <\/div>\n        <\/div>\n        \n        <div id=\"referent-2079\" class=\"referent-modal uk-flex-top\" uk-modal>\n            <div class=\"uk-modal-dialog uk-margin-auto-vertical\">\n                <button class=\"uk-modal-close-default\" type=\"button\" uk-close><\/button>\n                <div class=\"uk-grid-small\" uk-grid>\n                    <div class=\"uk-width-auto@m\">\n                        \n                        <img loading=\"lazy\" decoding=\"async\" width=\"200\" height=\"242\" src=\"https:\/\/www.schulthessforum.ch\/wp-content\/media\/Veranstaltungen\/SZW-Tagung\/Vogt_Hans-Ueli_200x242-200x242.png\" class=\"attachment-schulthess_speaker size-schulthess_speaker wp-post-image\" alt=\"\" \/>\n                    <\/div>\n                    <div class=\"uk-width-expand@m\">\n                        <h4 class=\"uk-modal-title\">Prof. Dr. Hans-Ueli Vogt<\/h4>\n                        <p class=\"referent-info\"><span class=\"referenten-position\">Prof. Dr. iur., Rechtsanwalt (Z\u00fcrich\/New York), LL.M., MBA, ordentlicher Professor,\u00a0<\/span> <span class=\"referenten-company\">Rechtswissenschaftliche Fakult\u00e4t Universit\u00e4t Z\u00fcrich UZH<\/span><\/p>\n                        <p class=\"referent-kurzbeschreibung\"><p>Hans-Ueli Vogt ist ordentlicher Professor f\u00fcr Privat- und Wirtschaftsrecht an der Universit\u00e4t Z\u00fcrich. Er unterrichtet, publiziert und referiert vor allem in den Bereichen des Aktienrechts und der Corporate Governance sowie des allgemeinen Handels- und Vertragsrechts. Er ist Mitherausgeber der Zeitschrift f\u00fcr Gesellschafts- und Kapitalmarktrecht und des Basler Kommentars OR II zum Gesellschafts- und Handelsrecht. Forschungsaufenthalte und Gastprofessuren brachten ihn nach New York, Harvard, Florenz, Peking und London. Als Mitglied der Rechtskommission des Nationalrates und zuvor als Experte f\u00fcr die Bundesverwaltung hat er das am 1. Januar 2023 in Kraft getretene neue Aktienrecht massgebend gepr\u00e4gt.<\/p>\n<p>Hans-Ueli Vogt ist als unabh\u00e4ngiger Anwalt beratend und gutachterlich f\u00fcr Unternehmen, Verwaltungsr\u00e4te und Private t\u00e4tig und amtet verschiedentlich als Schiedsrichter. Zuvor war er Konsulent der Z\u00fcrcher Anwaltskanzlei Homburger und Mitarbeiter der Anwaltskanzlei Sullivan &amp; Cromwell in New York.<\/p>\n<p>Hans-Ueli Vogt geh\u00f6rt dem Bankrat der Z\u00fcrcher Kantonalbank (ZKB) und dem Verwaltungsrat des Medienhauses SRG SSR an. Er ist der Vorsitzende des Entsch\u00e4digungs- und Personalausschusses der ZKB und des Pr\u00fcfungs- und Finanzausschusses der SRG SSR.<\/p>\n<\/p>\n                    <\/div>\n                <\/div>\n\n                <div class=\"uk-modal-footer card-arrows uk-text-right\">\n                    <button href=\"javascript:void(0);\" class=\"card-arrow-prev\" onclick=\"navigateReferent('prev', 2071);\"><\/button>\n                    <button href=\"javascript:void(0);\" class=\"card-arrow-next\" onclick=\"navigateReferent('next', 39415);\"><\/button>\n                <\/div>\n            <\/div>\n        <\/div>\n        \n        <div id=\"referent-39415\" class=\"referent-modal uk-flex-top\" uk-modal>\n            <div class=\"uk-modal-dialog uk-margin-auto-vertical\">\n                <button class=\"uk-modal-close-default\" type=\"button\" uk-close><\/button>\n                <div class=\"uk-grid-small\" uk-grid>\n                    <div class=\"uk-width-auto@m\">\n                        \n                        <img loading=\"lazy\" decoding=\"async\" width=\"200\" height=\"242\" src=\"https:\/\/www.schulthessforum.ch\/wp-content\/media\/Referenten\/Werlen_Thomas-_200x242px.jpg\" class=\"attachment-schulthess_speaker size-schulthess_speaker wp-post-image\" alt=\"\" \/>\n                    <\/div>\n                    <div class=\"uk-width-expand@m\">\n                        <h4 class=\"uk-modal-title\">Prof. Dr.  Thomas Werlen<\/h4>\n                        <p class=\"referent-info\"><span class=\"referenten-position\">Dr. iur., LL.M., Titularprofessor f\u00fcr Finanz und Kapitalmarktrecht, Rechtsanwalt, Managing Partner, <\/span> <span class=\"referenten-company\">Quinn Emanuel Urquhart & Sullivan, Schweiz<\/span><\/p>\n                        <p class=\"referent-kurzbeschreibung\"><p>Prof. Dr. Thomas Werlen ist Managing Partner des Z\u00fcrcher B\u00fcros von Quinn Emanuel Urquhart &amp; Sullivan, einer international f\u00fchrenden Kanzlei.<\/p>\n<p>Seine Praxis fokussiert sich insbesondere auf White-Collar-Verfahren, Unternehmensuntersuchungen, komplexe Litigation sowie Arbitration. Er vertritt internationale Banken, Finanzinstitutionen und globale Organisationen und wird regelm\u00e4ssig von f\u00fchrenden Wirtschaftsmedien und Rechtsrankings als einer der bedeutendsten Anw\u00e4lte der Schweiz anerkannt.<\/p>\n<p>Vor seinem Eintritt bei Quinn Emanuel war Thomas Group General Counsel und Mitglied der Konzernleitung von Novartis, wo er ein globales Rechts- und Litigation-Team f\u00fchrte. Davor war er f\u00fcr renommierte Kanzleien t\u00e4tig, darunter Cravath, Swaine &amp; Moore in New York, Davis Polk &amp; Wardwell in London sowie Allen &amp; Overy in London.<\/p>\n<p>Thomas studierte Rechtswissenschaften an der Universit\u00e4t Z\u00fcrich und promovierte dort zum Dr. iur. Zus\u00e4tzlich erwarb er einen LL.M. an der Harvard Law School. Er ist sowohl in der Schweiz als auch in New York als Anwalt zugelassen. Seine akademische Laufbahn f\u00fchrte ihn an die Universit\u00e4t St. Gallen, wo er heute als Titularprofessor f\u00fcr Finanz- und Kapitalmarktrecht t\u00e4tig ist. Zudem unterrichtet er in postgradualen Programmen an der Universit\u00e4t Z\u00fcrich und engagiert sich als Referent an internationalen Fachkonferenzen.<\/p>\n<\/p>\n                    <\/div>\n                <\/div>\n\n                <div class=\"uk-modal-footer card-arrows uk-text-right\">\n                    <button href=\"javascript:void(0);\" class=\"card-arrow-prev\" onclick=\"navigateReferent('prev', 2079);\"><\/button>\n                    <button href=\"javascript:void(0);\" class=\"card-arrow-next\" onclick=\"navigateReferent('next', 21246);\"><\/button>\n                <\/div>\n            <\/div>\n        <\/div>\n        <\/div>\n      <script>\n          function navigateReferent(direction, currentID) {\n              var speakers = [21246,21251,2056,2032,39431,39433,32638,24052,10188,39418,39485,2048,39428,2071,2079,39415];\n              var currentIndex = speakers.indexOf(currentID);\n\n              if (direction === \"prev\") {\n                  currentIndex = (currentIndex + speakers.length) % speakers.length;\n              } else if (direction === \"next\") {\n                  currentIndex = (currentIndex ) % speakers.length;\n              }\n\n              var targetID = speakers[currentIndex];\n              var targetModal = document.getElementById(\"referent-\" + targetID);\n              UIkit.modal(targetModal).show();\n          }\n      <\/script>\n        <script>\n            document.addEventListener(\"DOMContentLoaded\", function() {\n                const modalLinks = document.querySelectorAll(\"[uk-toggle]\");\n                const pageContainer = document.getElementById(\"page-container\");\n\n                \/\/ Neues <div> Element erstellen\n                const newDiv = document.createElement(\"div\");\n                newDiv.className = \"referenten-modal-background\";\n\n                \/\/ Das neue <div> dem Element mit der ID \"page-container\" hinzuf\u00fcgen\n                pageContainer.insertBefore(newDiv, pageContainer.firstChild);\n\n                const referentenModalBackground = document.querySelector(\".referenten-modal-background\");\n\n                modalLinks.forEach(link => {\n                    link.addEventListener(\"click\", function(event) {\n                        event.preventDefault();\n                        referentenModalBackground.classList.add(\"referenten-modal-open\");\n                    });\n                });\n\n                const modals = document.querySelectorAll(\".referent-modal\");\n                modals.forEach(modal => {\n                    modal.addEventListener(\"click\", function(event) {\n                        if (event.target === modal) {\n                            referentenModalBackground.classList.remove(\"referenten-modal-open\");\n                        }\n                    });\n                });\n\n                const closeModalButtons = document.querySelectorAll(\".uk-modal-close-default\");\n                closeModalButtons.forEach(button => {\n                    button.addEventListener(\"click\", function() {\n                        referentenModalBackground.classList.remove(\"referenten-modal-open\");\n                    });\n                });\n\n                \/\/ Funktion, um die Klasse zu entfernen\n                function closeModal() {\n                    referentenModalBackground.classList.remove(\"referenten-modal-open\");\n                }\n\n                \/\/ Event Listener f\u00fcr das Dr\u00fccken der Esc-Taste\n                document.addEventListener(\"keydown\", function(event) {\n                    if (event.key === \"Escape\") {\n                        closeModal();\n                    }\n                });\n            });\n        <\/script>[\/et_pb_code][\/et_pb_column_inner][\/et_pb_row_inner][et_pb_row_inner module_id=\u00a0\u00bbschulthess-product-specinfo\u00a0\u00bb _builder_version=\u00a0\u00bb4.22.1&Prime; _module_preset=\u00a0\u00bbdefault\u00a0\u00bb collapsed=\u00a0\u00bboff\u00a0\u00bb global_colors_info=\u00a0\u00bb{}\u00a0\u00bb][et_pb_column_inner saved_specialty_column_type=\u00a0\u00bb3_4&Prime; _builder_version=\u00a0\u00bb4.16&Prime; _module_preset=\u00a0\u00bbdefault\u00a0\u00bb global_colors_info=\u00a0\u00bb{}\u00a0\u00bb][et_pb_text admin_label=\u00a0\u00bb\u00dcberschrift\u00a0\u00bb module_id=\u00a0\u00bbschulthess-fachinformationen\u00a0\u00bb module_class=\u00a0\u00bbsf-h2&Prime; _builder_version=\u00a0\u00bb4.19.5&Prime; _module_preset=\u00a0\u00bbdefault\u00a0\u00bb global_colors_info=\u00a0\u00bb{}\u00a0\u00bb]<\/p>\n<h5>Fachthemen<\/h5>\n<p>[\/et_pb_text][et_pb_code _builder_version=\u00a0\u00bb4.19.5&Prime; _module_preset=\u00a0\u00bbdefault\u00a0\u00bb locked=\u00a0\u00bboff\u00a0\u00bb global_colors_info=\u00a0\u00bb{}\u00a0\u00bb]\n  <div class=\"sf-post-list\">\n\n    \n      \n              <div class=\"sf-full-width-row\">\n                <article class=\"sf-post-list-item sf-post-list-item-39537 et_pb_column_1_3 et_pb_column\">\n              <a href=\"https:\/\/www.schulthessforum.ch\/fachbeitrag\/corporate-governance-und-gesellschaftsrecht-ein-werkstattbericht\/\" target=\"_blank\" rel=\"nofollow noopener\" title=\"Corporate Governance und Gesellschaftsrecht \u2013 ein Werkstattbericht\">\n              <div class=\"sf-post-list-item-content-wrapper\">\n                  <div class=\"sf-post-list-item-content\">\n                                            <h3 class=\"fachbeitrag-autor\">\n                          Prof. Dr. Andreas Bohrer                      <\/h3>\n                                            <div clasS=\"sf-post-list-item-title-wrapper\">\n                        <h3 class=\"sf-post-list-item-title\">\n                            Corporate Governance und Gesellschaftsrecht \u2013 ein Werkstattbericht                        <\/h3>\n                      <\/div>\n                      <div class=\"sf-post-list-item-excerpt\">\n                          Das Gesellschaftsrecht und namentlich die Corporate Governance haben sich \u00fcber die letzten Jahre weiterentwickelt \u2013 sowohl durch Rechtsetzung und Selbstregulierung (Swiss Code of Best Practice) in der Schweiz, wie auch im Ausland. Weitere Entwicklungen ergeben sich im Governance-Bereich durch die...                      <\/div>\n                  <\/div>\n\n              <\/div>\n              <\/a>\n          <\/article>\n            \n  \n      \n                <article class=\"sf-post-list-item sf-post-list-item-39540 et_pb_column_1_3 et_pb_column\">\n              <a href=\"https:\/\/www.schulthessforum.ch\/fachbeitrag\/chaos-bei-den-ausschuettungsvorschriften\/\" target=\"_blank\" rel=\"nofollow noopener\" title=\"Chaos bei den Aussch\u00fcttungsvorschriften\">\n              <div class=\"sf-post-list-item-content-wrapper\">\n                  <div class=\"sf-post-list-item-content\">\n                                            <h3 class=\"fachbeitrag-autor\">\n                          Dr. Markus Vischer und Dr. Sammy Guidoum                      <\/h3>\n                                            <div clasS=\"sf-post-list-item-title-wrapper\">\n                        <h3 class=\"sf-post-list-item-title\">\n                            Chaos bei den Aussch\u00fcttungsvorschriften                        <\/h3>\n                      <\/div>\n                      <div class=\"sf-post-list-item-excerpt\">\n                          Der Vortrag widmet sich den aktienrechtlichen Bestimmungen \u00fcber die verschiedenen Aussch\u00fcttungsformen. Diese sind seit 1881 historisch gewachsen und deshalb bruchst\u00fcckhaft und zum Teil widerspr\u00fcchlich. Das Aktienrecht 2020 hat daran nichts ge\u00e4ndert, sondern im Gegenteil mit der in gewissen Best...                      <\/div>\n                  <\/div>\n\n              <\/div>\n              <\/a>\n          <\/article>\n              <\/div>\n            \n  <\/div>\n\n  [\/et_pb_code][\/et_pb_column_inner][\/et_pb_row_inner][\/et_pb_column][et_pb_column type=\u00a0\u00bb1_4&Prime; _builder_version=\u00a0\u00bb4.16&Prime; custom_padding=\u00a0\u00bb|||\u00a0\u00bb global_colors_info=\u00a0\u00bb{}\u00a0\u00bb custom_padding__hover=\u00a0\u00bb|||\u00a0\u00bb][et_pb_text admin_label=\u00a0\u00bbTermin &#8211; Info\u00a0\u00bb module_class=\u00a0\u00bbdetail-info-sidebar-bg event-termin-info\u00a0\u00bb _builder_version=\u00a0\u00bb4.19.5&Prime; _module_preset=\u00a0\u00bbdefault\u00a0\u00bb global_colors_info=\u00a0\u00bb{}\u00a0\u00bb]<\/p>\n<h3>Termin \/ Format<\/h3>\n<p><span class=\"event-date-termin-info\">09.09.2026 | 09:30 - 16:30<\/span><br><span class=\"event-kategorie-termin-info\">Aktienrecht | Tagungen<\/span>[\/et_pb_text][et_pb_text disabled_on=\u00a0\u00bboff|off|off\u00a0\u00bb admin_label=\u00a0\u00bbPreis &#8211; Info\u00a0\u00bb module_class=\u00a0\u00bbdetail-info-sidebar-bg\u00a0\u00bb _builder_version=\u00a0\u00bb4.20.0&Prime; _module_preset=\u00a0\u00bbdefault\u00a0\u00bb global_colors_info=\u00a0\u00bb{}\u00a0\u00bb]<div class=\"sf-product-variant-detail-wrapper\" id=\"sf-product-variant-detail-wrapper\"><form action=\"https:\/\/www.schulthessforum.ch\/fr\/warenkorb\/\" method=\"get\"><h3 class=\"sf-product-variant-headline-1\">Manifestation en pr\u00e9sentiel<\/h3><label class=\"sf-product-variant-detail\"><input class=\"sf-product-variant-input\" type=\"radio\" id=\"39440\" name=\"variante\" value=\"39440\" required><span class=\"woocommerce-Price-amount amount\"><bdi><span class=\"woocommerce-Price-currencySymbol\">&#67;&#72;&#70;<\/span>&nbsp;790.00<\/bdi><\/span> TVA de 8.1% en sus.<\/label><input type=\"hidden\" id=\"39439\" name=\"event\" value=\"39439\"><span class=\"anmeldebutton-wrapper\"><input class=\"et_pb_button et_pb_button_0 schulthess-buy-button single_add_to_cart_button button wp-element-button\" data-icon=\"9\" type=\"submit\" value=\"Inscription\"><span class=\"anmeldebutton-icon\"><\/span><\/span><\/form><\/div>[\/et_pb_text][et_pb_text disabled_on=\u00a0\u00bbon|on|on\u00a0\u00bb admin_label=\u00a0\u00bbKombi-Preis\u00a0\u00bb module_class=\u00a0\u00bbdetail-info-sidebar-bg\u00a0\u00bb _builder_version=\u00a0\u00bb4.22.1&Prime; _module_preset=\u00a0\u00bbdefault\u00a0\u00bb disabled=\u00a0\u00bbon\u00a0\u00bb global_colors_info=\u00a0\u00bb{}\u00a0\u00bb]<\/p>\n<h3>Exklusives Angebot<\/h3>\n<p>Haben Sie noch kein Abonnement der Schweizerische Zeitschrift f\u00fcr Wirtschafts- und Finanzmarktrecht SZW? Profitieren Sie vom Sofortrabatt:<\/p>\n<p><strong>Teilnahme an der SZW-Tagung 2024 und Abonnement der SZW-Zeitschrift<\/strong> zum <strong>Preis von CHF 939<\/strong> (exkl. MwSt und Versandkosten). Bitte w\u00e4hlen Sie bei der Anmeldung die entsprechende Vorzugskondition.<\/p>\n<p>[\/et_pb_text][et_pb_text admin_label=\u00a0\u00bbRabatt &#8211; Info\u00a0\u00bb module_class=\u00a0\u00bbdetail-info-sidebar-bg\u00a0\u00bb _builder_version=\u00a0\u00bb4.21.0&Prime; _dynamic_attributes=\u00a0\u00bbcontent\u00a0\u00bb _module_preset=\u00a0\u00bbdefault\u00a0\u00bb global_colors_info=\u00a0\u00bb{}\u00a0\u00bb]@ET-DC@eyJkeW5hbWljIjp0cnVlLCJjb250ZW50IjoiY3VzdG9tX21ldGFfc2ZfcHJvZHVjdF9yYWJhdHRpbmZvIiwic2V0dGluZ3MiOnsiYmVmb3JlIjoiPGgzPlJhYmF0dGluZm88L2gzPiIsImFmdGVyIjoiIiwiZW5hYmxlX2h0bWwiOiJvZmYifX0=@[\/et_pb_text][et_pb_code disabled_on=\u00a0\u00bbon|on|on\u00a0\u00bb admin_label=\u00a0\u00bbCredits &#8211; Info\u00a0\u00bb _builder_version=\u00a0\u00bb4.20.2&Prime; _module_preset=\u00a0\u00bbdefault\u00a0\u00bb custom_margin=\u00a0\u00bb||15px||false|false\u00a0\u00bb disabled=\u00a0\u00bbon\u00a0\u00bb locked=\u00a0\u00bboff\u00a0\u00bb global_colors_info=\u00a0\u00bb{}\u00a0\u00bb][\/et_pb_code][et_pb_code disabled_on=\u00a0\u00bbon|on|on\u00a0\u00bb admin_label=\u00a0\u00bbCicero &#8211; Info\u00a0\u00bb _builder_version=\u00a0\u00bb4.20.2&Prime; _module_preset=\u00a0\u00bbdefault\u00a0\u00bb custom_margin=\u00a0\u00bb||15px||false|false\u00a0\u00bb disabled=\u00a0\u00bbon\u00a0\u00bb locked=\u00a0\u00bboff\u00a0\u00bb global_colors_info=\u00a0\u00bb{}\u00a0\u00bb][\/et_pb_code][et_pb_text admin_label=\u00a0\u00bbTagungsleiter\u00a0\u00bb module_class=\u00a0\u00bbdetail-info-sidebar-bg\u00a0\u00bb _builder_version=\u00a0\u00bb4.27.4&Prime; _module_preset=\u00a0\u00bbdefault\u00a0\u00bb locked=\u00a0\u00bboff\u00a0\u00bb global_colors_info=\u00a0\u00bb{}\u00a0\u00bb]<\/p>\n<h3>Tagungsleitung<\/h3>\n<p>Prof. Dr. Rashid Bahar, Prof. Dr. Christoph B. B\u00fchler, Prof. Dr. Karin M\u00fcller und Dr. Markus Vischer f\u00fchren durch die SZW-Tagung 2026<\/p>\n<p>[\/et_pb_text][et_pb_text admin_label=\u00a0\u00bbAnreise &#8211; Info\u00a0\u00bb module_class=\u00a0\u00bbdetail-info-sidebar-bg\u00a0\u00bb _builder_version=\u00a0\u00bb4.27.4&Prime; _module_preset=\u00a0\u00bbdefault\u00a0\u00bb global_colors_info=\u00a0\u00bb{}\u00a0\u00bb]<\/p>\n<h3>Location \/ Anreise<\/h3>\n<span class=\"event-anreise-info-adresse\">Metropol<br> Fraum\u00fcnsterstrasse 12<br> 8001 Z\u00fcrich<br><\/span><br><span class=\"event-anreise-info-beschreibung\"><\/span>\n<p>[\/et_pb_text][et_pb_code disabled_on=\u00a0\u00bbon|on|on\u00a0\u00bb admin_label=\u00a0\u00bbAnzeige(n)\u00a0\u00bb module_class=\u00a0\u00bbschulthess_product_ads\u00a0\u00bb _builder_version=\u00a0\u00bb4.17.4&Prime; _module_preset=\u00a0\u00bbdefault\u00a0\u00bb disabled=\u00a0\u00bbon\u00a0\u00bb locked=\u00a0\u00bboff\u00a0\u00bb global_colors_info=\u00a0\u00bb{}\u00a0\u00bb][\/et_pb_code][\/et_pb_column][\/et_pb_section][et_pb_section fb_built=\u00a0\u00bb1&Prime; specialty=\u00a0\u00bbon\u00a0\u00bb module_class_2=\u00a0\u00bbschulthess-product-attendee-section\u00a0\u00bb admin_label=\u00a0\u00bbInhalt mit Teilnehmerbereich\u00a0\u00bb module_id=\u00a0\u00bbschulthess-attendee-section\u00a0\u00bb module_class=\u00a0\u00bbschulthess-hidden\u00a0\u00bb _builder_version=\u00a0\u00bb4.21.0&Prime; _module_preset=\u00a0\u00bbdefault\u00a0\u00bb display_conditions=\u00a0\u00bbW3siaWQiOiI3NDc0ZmExMC0yZTg5LTQ3MDctYjM2Yi1iZDA3ZWJiMGZlZDEiLCJjb25kaXRpb24iOiJsb2dnZWRJblN0YXR1cyIsImNvbmRpdGlvblNldHRpbmdzIjp7ImRpc3BsYXlSdWxlIjoibG9nZ2VkSW4iLCJhZG1pbkxhYmVsIjoiQW5nZW1lbGRldGVyIFN0YXR1cyIsImVuYWJsZUNvbmRpdGlvbiI6Im9mZiJ9LCJvcGVyYXRvciI6Ik9SIn1d\u00a0\u00bb locked=\u00a0\u00bboff\u00a0\u00bb collapsed=\u00a0\u00bboff\u00a0\u00bb global_colors_info=\u00a0\u00bb{}\u00a0\u00bb][et_pb_column type=\u00a0\u00bb3_4&Prime; specialty_columns=\u00a0\u00bb3&Prime; _builder_version=\u00a0\u00bb4.16&Prime; custom_padding=\u00a0\u00bb|||\u00a0\u00bb global_colors_info=\u00a0\u00bb{}\u00a0\u00bb custom_padding__hover=\u00a0\u00bb|||\u00a0\u00bb][et_pb_row_inner disabled_on=\u00a0\u00bboff|off|off\u00a0\u00bb admin_label=\u00a0\u00bbHeadline Teilnehmerbereich\u00a0\u00bb _builder_version=\u00a0\u00bb4.17.4&Prime; _module_preset=\u00a0\u00bbdefault\u00a0\u00bb collapsed=\u00a0\u00bboff\u00a0\u00bb global_colors_info=\u00a0\u00bb{}\u00a0\u00bb][et_pb_column_inner saved_specialty_column_type=\u00a0\u00bb3_4&Prime; _builder_version=\u00a0\u00bb4.17.4&Prime; _module_preset=\u00a0\u00bbdefault\u00a0\u00bb global_colors_info=\u00a0\u00bb{}\u00a0\u00bb][et_pb_text _builder_version=\u00a0\u00bb4.20.2&Prime; _module_preset=\u00a0\u00bbdefault\u00a0\u00bb global_colors_info=\u00a0\u00bb{}\u00a0\u00bb]<\/p>\n<h5>Teilnehmerbereich<\/h5>\n<p>[\/et_pb_text][sfdm_download_list _builder_version=\u00a0\u00bb4.27.0&Prime; _module_preset=\u00a0\u00bbdefault\u00a0\u00bb global_colors_info=\u00a0\u00bb{}\u00a0\u00bb][sfdm_download_list_item title=\u00a0\u00bbProgramm\u00a0\u00bb file=\u00a0\u00bbhttps:\/\/www.schulthessforum.ch\/wp-content\/media\/SZW-Tagung\/SZW-Material-2024\/01_00_Programm-2.pdf\u00a0\u00bb _builder_version=\u00a0\u00bb4.25.1&Prime; _module_preset=\u00a0\u00bbdefault\u00a0\u00bb global_colors_info=\u00a0\u00bb{}\u00a0\u00bb][\/sfdm_download_list_item][sfdm_download_list_item title=\u00a0\u00bbReferierende und Themen\u00a0\u00bb file=\u00a0\u00bbhttps:\/\/www.schulthessforum.ch\/wp-content\/media\/SZW-Tagung\/SZW-Material-2024\/02_00_Referierende-und-Themen.pdf\u00a0\u00bb _builder_version=\u00a0\u00bb4.25.1&Prime; _module_preset=\u00a0\u00bbdefault\u00a0\u00bb global_colors_info=\u00a0\u00bb{}\u00a0\u00bb][\/sfdm_download_list_item][sfdm_download_list_item title=\u00a0\u00bbR\u00fcck- und Ausblick Gedanken und Anregungen zu den Entwicklungen im Aktienrecht_Ines P\u00f6schel\u00a0\u00bb file=\u00a0\u00bbhttps:\/\/www.schulthessforum.ch\/wp-content\/media\/SZW-Tagung\/SZW-Material-2024\/03_00_Rueck-und-Ausblick-Gedanken-und-Anregungen-zu-den-Entwicklungen-im-Aktienrecht_Ines-Poeschel.pdf\u00a0\u00bb _builder_version=\u00a0\u00bb4.27.0&Prime; _module_preset=\u00a0\u00bbdefault\u00a0\u00bb global_colors_info=\u00a0\u00bb{}\u00a0\u00bb][\/sfdm_download_list_item][sfdm_download_list_item title=\u00a0\u00bbRechtsprechung zum neuen Aktienrecht_Prof. Dr. Karin M\u00fcller und Dr. Markus Vischer\u00a0\u00bb file=\u00a0\u00bbhttps:\/\/www.schulthessforum.ch\/wp-content\/media\/SZW-Tagung\/SZW-Material-2024\/04_00_Rechtsprechung-zum-neuen-Aktienrecht_Prof.-Dr.-Karin-Mueller-und-Dr.-Markus-Vischer.pdf\u00a0\u00bb _builder_version=\u00a0\u00bb4.27.0&Prime; _module_preset=\u00a0\u00bbdefault\u00a0\u00bb global_colors_info=\u00a0\u00bb{}\u00a0\u00bb][\/sfdm_download_list_item][sfdm_download_list_item title=\u00a0\u00bbDigitale Generalversammlungen und Verwaltungsratssitzungen Erste Erfahrungen und Empfehlungen_Dr. Roman Bretschger und Prof. Dr. Nina Reiser\u00a0\u00bb file=\u00a0\u00bbhttps:\/\/www.schulthessforum.ch\/wp-content\/media\/SZW-Tagung\/SZW-Material-2024\/05_00_Digitale-Generalversammlungen-und-Verwaltungsratssitzungen-Erste-Erfahrungen-und-Empfehlungen_Dr.-Roman-Bretschger-und-Prof.-Dr.-Nina-Reiser.pdf\u00a0\u00bb _builder_version=\u00a0\u00bb4.25.1&Prime; _module_preset=\u00a0\u00bbdefault\u00a0\u00bb global_colors_info=\u00a0\u00bb{}\u00a0\u00bb][\/sfdm_download_list_item][sfdm_download_list_item title=\u00a0\u00bbStatuten und Organisationsreglement Erste Erfahrungen und Empfehlungen_Dr. David Oser und Dr. Anna Peter\u00a0\u00bb file=\u00a0\u00bbhttps:\/\/www.schulthessforum.ch\/wp-content\/media\/06_00_Statuten-und-Organisationsreglement-Erste-Erfahrungen-und-Empfehlungen_Dr.-David-Oser-und-Dr.-Anna-Peter.pdf\u00a0\u00bb _builder_version=\u00a0\u00bb4.25.1&Prime; _module_preset=\u00a0\u00bbdefault\u00a0\u00bb global_colors_info=\u00a0\u00bb{}\u00a0\u00bb][\/sfdm_download_list_item][sfdm_download_list_item title=\u00a0\u00bbNichtfinanzielle Berichterstattung Erste Erfahrungen und ein Ausblick_Prof. Dr. Christoph B. B\u00fchler und Anne-Sophie Burckhardt-Buchs\u00a0\u00bb file=\u00a0\u00bbhttps:\/\/www.schulthessforum.ch\/wp-content\/media\/07_00_Nichtfinanzielle-Berichterstattung-Erste-Erfahrungen-und-ein-Ausblick_Prof.-Dr.-Christoph-B.-Buehler-und-Anne-Sophie-Burckhardt-Buchs.pdf\u00a0\u00bb _builder_version=\u00a0\u00bb4.25.1&Prime; _module_preset=\u00a0\u00bbdefault\u00a0\u00bb global_colors_info=\u00a0\u00bb{}\u00a0\u00bb][\/sfdm_download_list_item][sfdm_download_list_item title=\u00a0\u00bbOffene Fragen im Sanierungsverfahren gem\u00e4ss OR und SchKG_Prof. Dr. Lukas Glanzmann\u00a0\u00bb file=\u00a0\u00bbhttps:\/\/www.schulthessforum.ch\/wp-content\/media\/SZW-Tagung\/SZW-Material-2024\/08_01_Offene-Fragen-im-Sanierungsverfahren-gemaess-OR-und-SchKG_Prof.-Dr.-Lukas-Glanzmann.pdf\u00a0\u00bb _builder_version=\u00a0\u00bb4.25.1&Prime; _module_preset=\u00a0\u00bbdefault\u00a0\u00bb global_colors_info=\u00a0\u00bb{}\u00a0\u00bb][\/sfdm_download_list_item][sfdm_download_list_item title=\u00a0\u00bbOffene Fragen im Sanierungsverfahren gem\u00e4ss OR und SchKG_Prof. Dr. Daniel Staehelin\u00a0\u00bb file=\u00a0\u00bbhttps:\/\/www.schulthessforum.ch\/wp-content\/media\/SZW-Tagung\/SZW-Material-2024\/08_02_Offene-Fragen-im-Sanierungsverfahren-gemaess-OR-und-SchKG_Prof.-Dr.-Daniel-Staehelin.pdf\u00a0\u00bb _builder_version=\u00a0\u00bb4.25.1&Prime; _module_preset=\u00a0\u00bbdefault\u00a0\u00bb global_colors_info=\u00a0\u00bb{}\u00a0\u00bb][\/sfdm_download_list_item][sfdm_download_list_item title=\u00a0\u00bbHandelsregisterrecht Erste Erfahrungen und Empfehlungen_Dr. Clemens Meisterhans\u00a0\u00bb file=\u00a0\u00bbhttps:\/\/www.schulthessforum.ch\/wp-content\/media\/SZW-Tagung\/SZW-Material-2024\/09_00_Handelsregisterrecht-Erste-Erfahrungen-und-Empfehlungen_Dr.-Clemens-Meisterhans.pdf\u00a0\u00bb _builder_version=\u00a0\u00bb4.25.1&Prime; _module_preset=\u00a0\u00bbdefault\u00a0\u00bb global_colors_info=\u00a0\u00bb{}\u00a0\u00bb][\/sfdm_download_list_item][sfdm_download_list_item title=\u00a0\u00bbKapitalband Erfahrungen, Empfehlungen aus der Praxis und Verbesserungsm\u00f6glichkeiten_Prof. Dr. Rashid Bahar und Annina Hammer\u00a0\u00bb file=\u00a0\u00bbhttps:\/\/www.schulthessforum.ch\/wp-content\/media\/SZW-Tagung\/SZW-Material-2024\/10_00_NEU_Kapitalband-Erfahrungen-Empfehlungen-aus-der-Praxis-und-Verbesserungsmoeglichkeiten_Prof.-Dr.-Rashid-Bahar-und-Annina-Hammer.pdf\u00a0\u00bb _builder_version=\u00a0\u00bb4.27.0&Prime; _module_preset=\u00a0\u00bbdefault\u00a0\u00bb global_colors_info=\u00a0\u00bb{}\u00a0\u00bb][\/sfdm_download_list_item][sfdm_download_list_item title=\u00a0\u00bbWeitere geplante und erw\u00fcnschte Reformen_moderiert von Dr. Markus Vischer\u00a0\u00bb file=\u00a0\u00bbhttps:\/\/www.schulthessforum.ch\/wp-content\/media\/SZW-Tagung\/SZW-Material-2024\/11_00_Weitere-geplante-und-erwuenschte-Reformen_moderiert-von-Dr.-Markus-Vischer.pdf\u00a0\u00bb _builder_version=\u00a0\u00bb4.25.1&Prime; _module_preset=\u00a0\u00bbdefault\u00a0\u00bb global_colors_info=\u00a0\u00bb{}\u00a0\u00bb][\/sfdm_download_list_item][sfdm_download_list_item title=\u00a0\u00bbPartner\u00a0\u00bb file=\u00a0\u00bbhttps:\/\/www.schulthessforum.ch\/wp-content\/media\/SZW-Tagung\/SZW-Material-2024\/12_00_Partner.pdf\u00a0\u00bb _builder_version=\u00a0\u00bb4.25.1&Prime; _module_preset=\u00a0\u00bbdefault\u00a0\u00bb global_colors_info=\u00a0\u00bb{}\u00a0\u00bb][\/sfdm_download_list_item][\/sfdm_download_list][sfdm_video_list disabled_on=\u00a0\u00bbon|on|on\u00a0\u00bb _builder_version=\u00a0\u00bb4.22.1&Prime; _module_preset=\u00a0\u00bbdefault\u00a0\u00bb disabled=\u00a0\u00bbon\u00a0\u00bb global_colors_info=\u00a0\u00bb{}\u00a0\u00bb][sfdm_video_list_item title=\u00a0\u00bbTesttitel 1&Prime; id=\u00a0\u00bb840572351&Prime; _builder_version=\u00a0\u00bb4.22.1&Prime; _module_preset=\u00a0\u00bbdefault\u00a0\u00bb global_colors_info=\u00a0\u00bb{}\u00a0\u00bb][\/sfdm_video_list_item][\/sfdm_video_list][sfdm_video_list disabled_on=\u00a0\u00bbon|on|on\u00a0\u00bb _builder_version=\u00a0\u00bb4.22.1&Prime; _module_preset=\u00a0\u00bbdefault\u00a0\u00bb disabled=\u00a0\u00bbon\u00a0\u00bb global_colors_info=\u00a0\u00bb{}\u00a0\u00bb][sfdm_video_list_item title=\u00a0\u00bbTesttitel 1&Prime; id=\u00a0\u00bb840581539&Prime; _builder_version=\u00a0\u00bb4.22.1&Prime; _module_preset=\u00a0\u00bbdefault\u00a0\u00bb global_colors_info=\u00a0\u00bb{}\u00a0\u00bb][\/sfdm_video_list_item][\/sfdm_video_list][\/et_pb_column_inner][\/et_pb_row_inner][et_pb_row_inner column_structure=\u00a0\u00bb1_2,1_2&Prime; disabled_on=\u00a0\u00bbon|on|on\u00a0\u00bb admin_label=\u00a0\u00bbVideo \/ Bild-Zeile\u00a0\u00bb _builder_version=\u00a0\u00bb4.17.4&Prime; _module_preset=\u00a0\u00bbdefault\u00a0\u00bb disabled=\u00a0\u00bbon\u00a0\u00bb global_colors_info=\u00a0\u00bb{}\u00a0\u00bb][et_pb_column_inner type=\u00a0\u00bb1_2&Prime; saved_specialty_column_type=\u00a0\u00bb3_4&Prime; _builder_version=\u00a0\u00bb4.17.4&Prime; _module_preset=\u00a0\u00bbdefault\u00a0\u00bb global_colors_info=\u00a0\u00bb{}\u00a0\u00bb][et_pb_image src=\u00a0\u00bbhttps:\/\/www.schulthessforum.ch\/wp-content\/media\/2022\/03\/emiliano-cicero-lq87UxGSiEQ-unsplash.jpg\u00a0\u00bb title_text=\u00a0\u00bbEmiliano Cicero Lq87UxGSiEQ Unsplash\u00a0\u00bb _builder_version=\u00a0\u00bb4.20.2&Prime; _module_preset=\u00a0\u00bbdefault\u00a0\u00bb global_colors_info=\u00a0\u00bb{}\u00a0\u00bb][\/et_pb_image][\/et_pb_column_inner][et_pb_column_inner type=\u00a0\u00bb1_2&Prime; saved_specialty_column_type=\u00a0\u00bb3_4&Prime; _builder_version=\u00a0\u00bb4.17.4&Prime; _module_preset=\u00a0\u00bbdefault\u00a0\u00bb global_colors_info=\u00a0\u00bb{}\u00a0\u00bb][et_pb_text _builder_version=\u00a0\u00bb4.20.2&Prime; _module_preset=\u00a0\u00bbdefault\u00a0\u00bb global_colors_info=\u00a0\u00bb{}\u00a0\u00bb]<\/p>\n<h3>Ausschnitt aus Event<\/h3>\n<p>[\/et_pb_text][\/et_pb_column_inner][\/et_pb_row_inner][\/et_pb_column][et_pb_column type=\u00a0\u00bb1_4&Prime; _builder_version=\u00a0\u00bb4.16&Prime; custom_padding=\u00a0\u00bb|||\u00a0\u00bb global_colors_info=\u00a0\u00bb{}\u00a0\u00bb custom_padding__hover=\u00a0\u00bb|||\u00a0\u00bb][\/et_pb_column][\/et_pb_section][et_pb_section fb_built=\u00a0\u00bb1&Prime; admin_label=\u00a0\u00bbPartner\u00a0\u00bb module_id=\u00a0\u00bbschulthess-partner\u00a0\u00bb _builder_version=\u00a0\u00bb4.17.4&Prime; _module_preset=\u00a0\u00bbdefault\u00a0\u00bb background_enable_color=\u00a0\u00bboff\u00a0\u00bb saved_tabs=\u00a0\u00bball\u00a0\u00bb locked=\u00a0\u00bboff\u00a0\u00bb collapsed=\u00a0\u00bboff\u00a0\u00bb global_colors_info=\u00a0\u00bb{}\u00a0\u00bb][et_pb_row disabled_on=\u00a0\u00bbon|on|on\u00a0\u00bb _builder_version=\u00a0\u00bb4.16&Prime; _module_preset=\u00a0\u00bbdefault\u00a0\u00bb disabled=\u00a0\u00bbon\u00a0\u00bb locked=\u00a0\u00bboff\u00a0\u00bb collapsed=\u00a0\u00bboff\u00a0\u00bb global_colors_info=\u00a0\u00bb{}\u00a0\u00bb][et_pb_column type=\u00a0\u00bb4_4&Prime; _builder_version=\u00a0\u00bb4.16&Prime; _module_preset=\u00a0\u00bbdefault\u00a0\u00bb global_colors_info=\u00a0\u00bb{}\u00a0\u00bb][et_pb_text admin_label=\u00a0\u00bb\u00dcberschrift\u00a0\u00bb module_class=\u00a0\u00bbsf-h2 schulthess-product-partner-headline-wrapper\u00a0\u00bb _builder_version=\u00a0\u00bb4.19.5&Prime; _module_preset=\u00a0\u00bbdefault\u00a0\u00bb locked=\u00a0\u00bboff\u00a0\u00bb global_colors_info=\u00a0\u00bb{}\u00a0\u00bb]<?-- NICHT ZU VISUELL WECHSELN. DIE BUTTONS GEHEN SONST VERLOREN --><\/p>\n<h5>Partner<\/h5>\n<p><!--div class=\"schulthess-product-partner-nav\">[schulthess_product_partner_tabs]\n\n\n<div class=\"buttons\"><button class=\"grid icon_grid aktiv\"><span><\/span><\/button><button class=\"list icon_list\"><span><\/span><\/button><\/div>\n\n\n<\/div-->[\/et_pb_text][et_pb_code disabled_on=\u00a0\u00bboff|off|off\u00a0\u00bb admin_label=\u00a0\u00bbCode (ein grid, keine Filter)\u00a0\u00bb _builder_version=\u00a0\u00bb4.17.4&Prime; _module_preset=\u00a0\u00bbdefault\u00a0\u00bb locked=\u00a0\u00bboff\u00a0\u00bb global_colors_info=\u00a0\u00bb{}\u00a0\u00bb]<div class=\"schulthess-product-partner-wrapper grid\">\n                  <div id=\"7930\" class=\"schulthess-product-partner Medienpartner\" partner-type=\"Medienpartner\">\n                        <div class=\"schulthess-product-partner-image\">\n                                <img loading=\"lazy\" decoding=\"async\" src=\"https:\/\/www.schulthessforum.ch\/wp-content\/media\/Partner\/SZW_positiv_rgb-01.svg\" alt=\"SZW \/ RSDA\" title=\"SZW \/ RSDA\" width=\"250\" height=\"150\" \/>\n                        <\/div>\n                        <div class=\"schulthess-product-partner-info\">\n                            <div class=\"content\">\n                                <h4 class=\"schulthess-product-partner-name\">SZW \/ RSDA<\/h4>\n                                <p class=\"schulthess-product-partner-type\">\n                                    Medienpartner\n                                <\/p>\n                                <p class=\"schulthess-product-partner-description\">\n                                    Die Schweizerische Zeitschrift f\u00fcr Wirtschafts- und Finanzmarktrecht (SZW) \u00fcberzeugt sechsmal j\u00e4hrlich durch ihre konzise und gut verst\u00e4ndliche Darlegung wesentlicher Themen in einem beeindruckend grossen Fachbereich: dem Handels-, Unternehmens-, Gesellschafts-, Steuer-, Kartell-, Immaterialg\u00fcter- und Wettbewerbsrecht sowie Finanz- und Bankenrecht.\n                                <\/p>\n                                <p class=\"schulthess-product-partner-speakers\">\n                                    Referenten: \n                                <\/p>\n                                <!--div class=\"schulthess-product-partner-link\">\n                                        <span>zur Website<\/span>\n                                        <span class=\"link-icon\">\n                                            <svg xmlns=\"http:\/\/www.w3.org\/2000\/svg\" width=\"11\" height=\"10\" viewBox=\"0 0 9.697 9.017\">\n                                                <g transform=\"translate(-813.933 -2094.752)\">\n                                                    <path d=\"M9442.49,1683l3.447,3.448-3.447,3.448\" transform=\"translate(-8627.497 412.813)\" fill=\"none\" stroke=\"#000\" stroke-linecap=\"round\" stroke-width=\"1.5\"\/>\n                                                    <path d=\"M9442.49,1683l3.447,3.448-3.447,3.448\" transform=\"translate(-8623.368 412.813)\" fill=\"none\" stroke=\"#000\" stroke-linecap=\"round\" stroke-width=\"1.5\"\/>\n                                                <\/g>\n                                            <\/svg>\n                                        <\/span>\n                                <\/div-->\n                            <\/div>\n                        <\/div>\n                    <\/div><div id=\"8913\" class=\"schulthess-product-partner Medienpartner\" partner-type=\"Medienpartner\">\n                        <div class=\"schulthess-product-partner-image\">\n                                <img loading=\"lazy\" decoding=\"async\" src=\"https:\/\/www.schulthessforum.ch\/wp-content\/media\/Partner\/iusnet_Website_Bank-_und_Kapitalmarktrecht_364x104px-250x71.png\" alt=\"iusnet Bank- und Kapitalmarktrecht\" title=\"iusnet Bank- und Kapitalmarktrecht\" width=\"250\" height=\"150\" \/>\n                        <\/div>\n                        <div class=\"schulthess-product-partner-info\">\n                            <div class=\"content\">\n                                <h4 class=\"schulthess-product-partner-name\">iusnet Bank- und Kapitalmarktrecht<\/h4>\n                                <p class=\"schulthess-product-partner-type\">\n                                    Medienpartner\n                                <\/p>\n                                <p class=\"schulthess-product-partner-description\">\n                                    Das neue mehrstufige Informationssystem iusnet Bank- und Kapitalmarktrecht liefert Ihnen mit dem regelm\u00e4ssigen Newsletter bis zu acht Mal j\u00e4hrlich einen kompakten \u00dcberblick \u00fcber die wichtigsten Entwicklungen in Rechtsprechung und Gesetzgebung zu den Themengebieten des Bank- und Kapitalmarktrecht. Die Inhalte gliedern sich in folgende Rubriken: Rechtsprechung, Gesetzgebung, Kommentierung, Fachbeitr\u00e4ge. Die Online-Plattform iusnet Bank- und Kapitalmarktrecht enth\u00e4lt nebst s\u00e4mtlichen Inhalten aus dem Newsletter weitere Entscheide, Informationen zu Gesetzgebung, Kommentierungen sowie Fachbeitr\u00e4ge. \n                                <\/p>\n                                <p class=\"schulthess-product-partner-speakers\">\n                                    Referenten: \n                                <\/p>\n                                <!--div class=\"schulthess-product-partner-link\">\n                                        <span>zur Website<\/span>\n                                        <span class=\"link-icon\">\n                                            <svg xmlns=\"http:\/\/www.w3.org\/2000\/svg\" width=\"11\" height=\"10\" viewBox=\"0 0 9.697 9.017\">\n                                                <g transform=\"translate(-813.933 -2094.752)\">\n                                                    <path d=\"M9442.49,1683l3.447,3.448-3.447,3.448\" transform=\"translate(-8627.497 412.813)\" fill=\"none\" stroke=\"#000\" stroke-linecap=\"round\" stroke-width=\"1.5\"\/>\n                                                    <path d=\"M9442.49,1683l3.447,3.448-3.447,3.448\" transform=\"translate(-8623.368 412.813)\" fill=\"none\" stroke=\"#000\" stroke-linecap=\"round\" stroke-width=\"1.5\"\/>\n                                                <\/g>\n                                            <\/svg>\n                                        <\/span>\n                                <\/div-->\n                            <\/div>\n                        <\/div>\n                    <\/div><div id=\"14358\" class=\"schulthess-product-partner Medienpartner\" partner-type=\"Medienpartner\">\n                        <div class=\"schulthess-product-partner-image\">\n                                <img loading=\"lazy\" decoding=\"async\" src=\"https:\/\/www.schulthessforum.ch\/wp-content\/media\/Partner\/iusnet_Website_Gesellschaftsrecht_364x104px-250x71.png\" alt=\"iusnet Gesellschaftsrecht\" title=\"iusnet Gesellschaftsrecht\" width=\"250\" height=\"150\" \/>\n                        <\/div>\n                        <div class=\"schulthess-product-partner-info\">\n                            <div class=\"content\">\n                                <h4 class=\"schulthess-product-partner-name\">iusnet Gesellschaftsrecht<\/h4>\n                                <p class=\"schulthess-product-partner-type\">\n                                    Medienpartner\n                                <\/p>\n                                <p class=\"schulthess-product-partner-description\">\n                                    Das neue mehrstufige Informationssystem iusnet Gesellschaftsrecht liefert Ihnen mit dem regelm\u00e4ssigen Newsletter sechs Mal j\u00e4hrlich einen kompakten \u00dcberblick \u00fcber die wichtigsten Entwicklungen in Rechtsprechung und Gesetzgebung im Gesellschaftsrecht und Handelsregisterrecht. Die Online-Plattform iusnet Gesellschaftsrecht enth\u00e4lt nebst s\u00e4mtlichen Inhalten aus dem Newsletter weitere Entscheide, Informationen zu Gesetzgebung, Kommentierungen sowie Fachbeitr\u00e4ge.\n                                <\/p>\n                                <p class=\"schulthess-product-partner-speakers\">\n                                    Referenten: \n                                <\/p>\n                                <!--div class=\"schulthess-product-partner-link\">\n                                        <span>zur Website<\/span>\n                                        <span class=\"link-icon\">\n                                            <svg xmlns=\"http:\/\/www.w3.org\/2000\/svg\" width=\"11\" height=\"10\" viewBox=\"0 0 9.697 9.017\">\n                                                <g transform=\"translate(-813.933 -2094.752)\">\n                                                    <path d=\"M9442.49,1683l3.447,3.448-3.447,3.448\" transform=\"translate(-8627.497 412.813)\" fill=\"none\" stroke=\"#000\" stroke-linecap=\"round\" stroke-width=\"1.5\"\/>\n                                                    <path d=\"M9442.49,1683l3.447,3.448-3.447,3.448\" transform=\"translate(-8623.368 412.813)\" fill=\"none\" stroke=\"#000\" stroke-linecap=\"round\" stroke-width=\"1.5\"\/>\n                                                <\/g>\n                                            <\/svg>\n                                        <\/span>\n                                <\/div-->\n                            <\/div>\n                        <\/div>\n                    <\/div><div id=\"15461\" class=\"schulthess-product-partner Medienpartner\" partner-type=\"Medienpartner\">\n                        <div class=\"schulthess-product-partner-image\">\n                                <img loading=\"lazy\" decoding=\"async\" src=\"https:\/\/www.schulthessforum.ch\/wp-content\/media\/Partner\/logos\/RrVR_cmyk-250x53.jpg\" alt=\"Recht relevant. f\u00fcr Verwaltungsr\u00e4te\" title=\"Recht relevant. f\u00fcr Verwaltungsr\u00e4te\" width=\"250\" height=\"150\" \/>\n                        <\/div>\n                        <div class=\"schulthess-product-partner-info\">\n                            <div class=\"content\">\n                                <h4 class=\"schulthess-product-partner-name\">Recht relevant. f\u00fcr Verwaltungsr\u00e4te<\/h4>\n                                <p class=\"schulthess-product-partner-type\">\n                                    Medienpartner\n                                <\/p>\n                                <p class=\"schulthess-product-partner-description\">\n                                    \n                                <\/p>\n                                <p class=\"schulthess-product-partner-speakers\">\n                                    Referenten: \n                                <\/p>\n                                <!--div class=\"schulthess-product-partner-link\">\n                                        <span>zur Website<\/span>\n                                        <span class=\"link-icon\">\n                                            <svg xmlns=\"http:\/\/www.w3.org\/2000\/svg\" width=\"11\" height=\"10\" viewBox=\"0 0 9.697 9.017\">\n                                                <g transform=\"translate(-813.933 -2094.752)\">\n                                                    <path d=\"M9442.49,1683l3.447,3.448-3.447,3.448\" transform=\"translate(-8627.497 412.813)\" fill=\"none\" stroke=\"#000\" stroke-linecap=\"round\" stroke-width=\"1.5\"\/>\n                                                    <path d=\"M9442.49,1683l3.447,3.448-3.447,3.448\" transform=\"translate(-8623.368 412.813)\" fill=\"none\" stroke=\"#000\" stroke-linecap=\"round\" stroke-width=\"1.5\"\/>\n                                                <\/g>\n                                            <\/svg>\n                                        <\/span>\n                                <\/div-->\n                            <\/div>\n                        <\/div>\n                    <\/div><div id=\"10205\" class=\"schulthess-product-partner Kooperationspartner\" partner-type=\"Kooperationspartner\">\n                        <div class=\"schulthess-product-partner-image\">\n                                <img loading=\"lazy\" decoding=\"async\" src=\"https:\/\/www.schulthessforum.ch\/wp-content\/media\/Partner\/swissvr_134x134px_1-150x150.png\" alt=\"swissVR\" title=\"swissVR\" width=\"250\" height=\"150\" \/>\n                        <\/div>\n                        <div class=\"schulthess-product-partner-info\">\n                            <div class=\"content\">\n                                <h4 class=\"schulthess-product-partner-name\">swissVR<\/h4>\n                                <p class=\"schulthess-product-partner-type\">\n                                    Kooperationspartner\n                                <\/p>\n                                <p class=\"schulthess-product-partner-description\">\n                                    swissVR ist eine Vereinigung f\u00fcr Verwaltungsratsmitglieder und tr\u00e4gt mit ihrem Angebot zur Professionalisierung der Verwaltungsratst\u00e4tigkeit bei. Verwaltungsr\u00e4tinnen und Verwaltungsr\u00e4te tragen eine grosse Verantwortung gegen\u00fcber dem Unternehmen, dessen Mitarbeitenden und weiteren Interessensgruppen. Entscheide haben oft eine grosse Tragweite und m\u00fcssen gut analysiert und durchdacht werden. Der Austausch mit anderen Verwaltungsratsmitgliedern und eine gezielte Weiterbildung k\u00f6nnen zur besseren Erf\u00fcllung der Verwaltungsratsaufgaben beitragen. swissVR entspricht mit ihren Aktivit\u00e4ten diesen Bed\u00fcrfnissen und hilft, Qualit\u00e4t und Kompetenz in den Schweizer Verwaltungsr\u00e4ten zu st\u00e4rken.\n                                <\/p>\n                                <p class=\"schulthess-product-partner-speakers\">\n                                    Referenten: \n                                <\/p>\n                                <!--div class=\"schulthess-product-partner-link\">\n                                        <span>zur Website<\/span>\n                                        <span class=\"link-icon\">\n                                            <svg xmlns=\"http:\/\/www.w3.org\/2000\/svg\" width=\"11\" height=\"10\" viewBox=\"0 0 9.697 9.017\">\n                                                <g transform=\"translate(-813.933 -2094.752)\">\n                                                    <path d=\"M9442.49,1683l3.447,3.448-3.447,3.448\" transform=\"translate(-8627.497 412.813)\" fill=\"none\" stroke=\"#000\" stroke-linecap=\"round\" stroke-width=\"1.5\"\/>\n                                                    <path d=\"M9442.49,1683l3.447,3.448-3.447,3.448\" transform=\"translate(-8623.368 412.813)\" fill=\"none\" stroke=\"#000\" stroke-linecap=\"round\" stroke-width=\"1.5\"\/>\n                                                <\/g>\n                                            <\/svg>\n                                        <\/span>\n                                <\/div-->\n                            <\/div>\n                        <\/div>\n                    <\/div><div id=\"5363\" class=\"schulthess-product-partner Kooperationspartner\" partner-type=\"Kooperationspartner\">\n                        <div class=\"schulthess-product-partner-image\">\n                                <img loading=\"lazy\" decoding=\"async\" src=\"https:\/\/www.schulthessforum.ch\/wp-content\/media\/Partner\/logos\/Treuhand-Suisse_rgb.svg\" alt=\"TREUHAND | SUISSE\" title=\"TREUHAND | SUISSE\" width=\"250\" height=\"150\" \/>\n                        <\/div>\n                        <div class=\"schulthess-product-partner-info\">\n                            <div class=\"content\">\n                                <h4 class=\"schulthess-product-partner-name\">TREUHAND | SUISSE<\/h4>\n                                <p class=\"schulthess-product-partner-type\">\n                                    Kooperationspartner\n                                <\/p>\n                                <p class=\"schulthess-product-partner-description\">\n                                    Im schweizerischen Treuh\u00e4nderverband TREUHAND | SUISSE sind Treuh\u00e4nderinnen und Treuh\u00e4nder zusammengeschlossen, die vorwiegend f\u00fcr KMU und Privatpersonen t\u00e4tig sind. Fachliche Qualifikation, berufliche Erfahrung, pers\u00f6nliche Integrit\u00e4t und Vertrauensw\u00fcrdigkeit zeichnen alle TREUHAND | SUISSE Mitglieder aus. Der Verband engagiert sich f\u00fcr die Bildung, Qualit\u00e4tssicherung und Branchenentwicklung und ist aktiv in der politischen Lobbyarbeit.\r\n\r\n\n                                <\/p>\n                                <p class=\"schulthess-product-partner-speakers\">\n                                    Referenten: \n                                <\/p>\n                                <!--div class=\"schulthess-product-partner-link\">\n                                        <span>zur Website<\/span>\n                                        <span class=\"link-icon\">\n                                            <svg xmlns=\"http:\/\/www.w3.org\/2000\/svg\" width=\"11\" height=\"10\" viewBox=\"0 0 9.697 9.017\">\n                                                <g transform=\"translate(-813.933 -2094.752)\">\n                                                    <path d=\"M9442.49,1683l3.447,3.448-3.447,3.448\" transform=\"translate(-8627.497 412.813)\" fill=\"none\" stroke=\"#000\" stroke-linecap=\"round\" stroke-width=\"1.5\"\/>\n                                                    <path d=\"M9442.49,1683l3.447,3.448-3.447,3.448\" transform=\"translate(-8623.368 412.813)\" fill=\"none\" stroke=\"#000\" stroke-linecap=\"round\" stroke-width=\"1.5\"\/>\n                                                <\/g>\n                                            <\/svg>\n                                        <\/span>\n                                <\/div-->\n                            <\/div>\n                        <\/div>\n                    <\/div><div id=\"10379\" class=\"schulthess-product-partner Kooperationspartner\" partner-type=\"Kooperationspartner\">\n                        <div class=\"schulthess-product-partner-image\">\n                                <img loading=\"lazy\" decoding=\"async\" src=\"https:\/\/www.schulthessforum.ch\/wp-content\/media\/Partner\/snv_fsn_logo_rot_hor_gd-250x77.png\" alt=\"Schweizer Notarenverband\" title=\"Schweizer Notarenverband\" width=\"250\" height=\"150\" \/>\n                        <\/div>\n                        <div class=\"schulthess-product-partner-info\">\n                            <div class=\"content\">\n                                <h4 class=\"schulthess-product-partner-name\">Schweizer Notarenverband<\/h4>\n                                <p class=\"schulthess-product-partner-type\">\n                                    Kooperationspartner\n                                <\/p>\n                                <p class=\"schulthess-product-partner-description\">\n                                    Der Schweizer Notarenverband SNV FSN umfasst die in der Schweiz t\u00e4tigen Notarinnen und Notare. Das kantonal streng beaufsichtigte Notariat ist Garant f\u00fcr Rechtssicherheit und Rechtsfrieden und steht im Dienste des rechtssuchenden Konsumenten. Unsere Mitglieder bieten den Privatpersonen, KMU bis hin zu grossen Publikumsgesellschaften Dienstleistungen in nicht-streitigen Gesch\u00e4ften an, namentlich im Gesellschaftsrecht, Immobiliarsachenrecht, Familienrecht, Erbrecht und Steuerrecht.\n                                <\/p>\n                                <p class=\"schulthess-product-partner-speakers\">\n                                    Referenten: \n                                <\/p>\n                                <!--div class=\"schulthess-product-partner-link\">\n                                        <span>zur Website<\/span>\n                                        <span class=\"link-icon\">\n                                            <svg xmlns=\"http:\/\/www.w3.org\/2000\/svg\" width=\"11\" height=\"10\" viewBox=\"0 0 9.697 9.017\">\n                                                <g transform=\"translate(-813.933 -2094.752)\">\n                                                    <path d=\"M9442.49,1683l3.447,3.448-3.447,3.448\" transform=\"translate(-8627.497 412.813)\" fill=\"none\" stroke=\"#000\" stroke-linecap=\"round\" stroke-width=\"1.5\"\/>\n                                                    <path d=\"M9442.49,1683l3.447,3.448-3.447,3.448\" transform=\"translate(-8623.368 412.813)\" fill=\"none\" stroke=\"#000\" stroke-linecap=\"round\" stroke-width=\"1.5\"\/>\n                                                <\/g>\n                                            <\/svg>\n                                        <\/span>\n                                <\/div-->\n                            <\/div>\n                        <\/div>\n                    <\/div><div id=\"9850\" class=\"schulthess-product-partner Kooperationspartner\" partner-type=\"Kooperationspartner\">\n                        <div class=\"schulthess-product-partner-image\">\n                                <img loading=\"lazy\" decoding=\"async\" src=\"https:\/\/www.schulthessforum.ch\/wp-content\/media\/Partner\/swissboardforum_logo_134x134px-150x150.png\" alt=\"SwissBoardForum\" title=\"SwissBoardForum\" width=\"250\" height=\"150\" \/>\n                        <\/div>\n                        <div class=\"schulthess-product-partner-info\">\n                            <div class=\"content\">\n                                <h4 class=\"schulthess-product-partner-name\">SwissBoardForum<\/h4>\n                                <p class=\"schulthess-product-partner-type\">\n                                    Kooperationspartner\n                                <\/p>\n                                <p class=\"schulthess-product-partner-description\">\n                                    Die Schweizer Plattform f\u00fcr Verwaltungsr\u00e4te und Corporate Governance. Das SwissBoardForum ist eine schweizweite Plattform f\u00fcr Verwaltungsrats-Themen und Corporate Governance zur F\u00f6rderung der professionellen Verwaltungsrats- und Stiftungsratst\u00e4tigkeit. Dabei steht sharing experience durch pers\u00f6nlichen Erfahrungsaustausch und praxisnahe Wissensvermittlung im Zentrum der Aktivit\u00e4ten.\n                                <\/p>\n                                <p class=\"schulthess-product-partner-speakers\">\n                                    Referenten: \n                                <\/p>\n                                <!--div class=\"schulthess-product-partner-link\">\n                                        <span>zur Website<\/span>\n                                        <span class=\"link-icon\">\n                                            <svg xmlns=\"http:\/\/www.w3.org\/2000\/svg\" width=\"11\" height=\"10\" viewBox=\"0 0 9.697 9.017\">\n                                                <g transform=\"translate(-813.933 -2094.752)\">\n                                                    <path d=\"M9442.49,1683l3.447,3.448-3.447,3.448\" transform=\"translate(-8627.497 412.813)\" fill=\"none\" stroke=\"#000\" stroke-linecap=\"round\" stroke-width=\"1.5\"\/>\n                                                    <path d=\"M9442.49,1683l3.447,3.448-3.447,3.448\" transform=\"translate(-8623.368 412.813)\" fill=\"none\" stroke=\"#000\" stroke-linecap=\"round\" stroke-width=\"1.5\"\/>\n                                                <\/g>\n                                            <\/svg>\n                                        <\/span>\n                                <\/div-->\n                            <\/div>\n                        <\/div>\n                    <\/div>\n            <\/div>\n            <script>\n\n              var btns1 = jQuery(\".schulthess-product-partner-headline-wrapper .buttons\");\n              btns1.find(\".grid\").addClass(\"aktiv\");\n\n              btns1.find(\"button\").on(\"click\",function(e) {\n                btns1.find(\".grid\").removeClass(\"aktiv\");\n                btns1.find(\".list\").removeClass(\"aktiv\");\n                if (jQuery(this).hasClass(\"grid\")) {\n                    jQuery(\".schulthess-product-partner-wrapper\").removeClass(\"list\").addClass(\"grid\");\n                    jQuery(this).addClass(\"aktiv\");\n                    jQuery(\".schulthess-product-partner-wrapper .schulthess-product-partner-info\").hide();\n                }\n                else if(jQuery(this).hasClass(\"list\")) {\n                    jQuery(\".schulthess-product-partner-wrapper\").removeClass(\"grid\").addClass(\"list\");\n                    jQuery(\".schulthess-product-partner-wrapper .schulthess-product-partner-info\").show();\n                    jQuery(this).addClass(\"aktiv\");\n                }\n              });\n            <\/script>[\/et_pb_code][\/et_pb_column][\/et_pb_row][et_pb_row disabled_on=\u00a0\u00bboff|off|off\u00a0\u00bb _builder_version=\u00a0\u00bb4.16&Prime; _module_preset=\u00a0\u00bbdefault\u00a0\u00bb locked=\u00a0\u00bboff\u00a0\u00bb collapsed=\u00a0\u00bboff\u00a0\u00bb global_colors_info=\u00a0\u00bb{}\u00a0\u00bb][et_pb_column type=\u00a0\u00bb4_4&Prime; _builder_version=\u00a0\u00bb4.16&Prime; _module_preset=\u00a0\u00bbdefault\u00a0\u00bb global_colors_info=\u00a0\u00bb{}\u00a0\u00bb][et_pb_code admin_label=\u00a0\u00bbMedienpartner\u00a0\u00bb _builder_version=\u00a0\u00bb4.22.1&Prime; _module_preset=\u00a0\u00bbdefault\u00a0\u00bb locked=\u00a0\u00bboff\u00a0\u00bb global_colors_info=\u00a0\u00bb{}\u00a0\u00bb]<div class=\"et_pb_row sf-h3\">\n            <div class=\"et_pb_module et_pb_text schulthess-product-partner-headline-wrapper\">\n                <h5 class=\"schulthess-product-partner-type\" id=\"medienpartner\">Partenaires m\u00e9dias<\/h5>\n            <\/div>\n            <div class=\"et_pb_module\"><div class=\"et_pb_column_1_4 et_pb_column\">\n                        <div class=\"sf-product-partner-container\">\n                            <a href=\"https:\/\/www.schulthess.com\/verlag\/zeitschriften\/szw\" title=\"SZW \/ RSDA\" target=\"_blank\" rel=\"noopener nofollow\"><img loading=\"lazy\" decoding=\"async\" class=\"svg-partner-logo\" src=\"https:\/\/www.schulthessforum.ch\/wp-content\/media\/Partner\/SZW_positiv_rgb-01.svg\" style=\"aspect-ratio: 0 \/ 0\" width=\"0\" height=\"0\" alt=\"SZW \/ RSDA\" title=\"SZW \/ RSDA\"\/><\/a>\n                        <\/div>\n                    <\/div><div class=\"et_pb_column_1_4 et_pb_column\">\n                        <div class=\"sf-product-partner-container\">\n                            <a href=\"https:\/\/www.schulthess.com\/de\/portfolio\/schulthess\/schulthess-digital\/iusnet\/iusnet-bank-und-kapitalmarktrecht\" title=\"iusnet Bank- und Kapitalmarktrecht\" target=\"_blank\" rel=\"noopener nofollow\"><img loading=\"lazy\" decoding=\"async\" class=\"\" src=\"https:\/\/www.schulthessforum.ch\/wp-content\/media\/Partner\/iusnet_Website_Bank-_und_Kapitalmarktrecht_364x104px.png\" style=\"aspect-ratio: 364 \/ 104\" width=\"364\" height=\"104\" alt=\"iusnet Bank- und Kapitalmarktrecht\" title=\"iusnet Bank- und Kapitalmarktrecht\"\/><\/a>\n                        <\/div>\n                    <\/div><div class=\"et_pb_column_1_4 et_pb_column\">\n                        <div class=\"sf-product-partner-container\">\n                            <a href=\"https:\/\/www.schulthess.com\/de\/portfolio\/schulthess\/schulthess-digital\/iusnet\/iusnet-gesellschaftsrecht\" title=\"iusnet Gesellschaftsrecht\" target=\"_blank\" rel=\"noopener nofollow\"><img loading=\"lazy\" decoding=\"async\" class=\"\" src=\"https:\/\/www.schulthessforum.ch\/wp-content\/media\/Partner\/iusnet_Website_Gesellschaftsrecht_364x104px.png\" style=\"aspect-ratio: 364 \/ 104\" width=\"364\" height=\"104\" alt=\"iusnet Gesellschaftsrecht\" title=\"iusnet Gesellschaftsrecht\"\/><\/a>\n                        <\/div>\n                    <\/div><div class=\"et_pb_column_1_4 et_pb_column\">\n                        <div class=\"sf-product-partner-container\">\n                            <img loading=\"lazy\" decoding=\"async\" class=\"\" src=\"https:\/\/www.schulthessforum.ch\/wp-content\/media\/Partner\/logos\/RrVR_cmyk.jpg\" style=\"aspect-ratio: 2289 \/ 485\" width=\"2289\" height=\"485\" alt=\"Recht relevant. f\u00fcr Verwaltungsr\u00e4te\" title=\"Recht relevant. f\u00fcr Verwaltungsr\u00e4te\"\/>\n                        <\/div>\n                    <\/div><\/div><\/div>[\/et_pb_code][et_pb_code admin_label=\u00a0\u00bbWirtschaftspartner\u00a0\u00bb _builder_version=\u00a0\u00bb4.22.1&Prime; _module_preset=\u00a0\u00bbdefault\u00a0\u00bb locked=\u00a0\u00bboff\u00a0\u00bb global_colors_info=\u00a0\u00bb{}\u00a0\u00bb][\/et_pb_code][et_pb_code admin_label=\u00a0\u00bbKooperationspartner\u00a0\u00bb _builder_version=\u00a0\u00bb4.22.1&Prime; _module_preset=\u00a0\u00bbdefault\u00a0\u00bb locked=\u00a0\u00bboff\u00a0\u00bb global_colors_info=\u00a0\u00bb{}\u00a0\u00bb]<div class=\"et_pb_row sf-h3\">\n            <div class=\"et_pb_module et_pb_text schulthess-product-partner-headline-wrapper\">\n                <h5 class=\"schulthess-product-partner-type\" id=\"kooperationspartner\">Partenaires<\/h5>\n            <\/div>\n            <div class=\"et_pb_module\"><div class=\"et_pb_column_1_4 et_pb_column\">\n                        <div class=\"sf-product-partner-container\">\n                            <a href=\"https:\/\/www.swissvr.ch\/\" title=\"swissVR\" target=\"_blank\" rel=\"noopener nofollow\"><img loading=\"lazy\" decoding=\"async\" class=\"\" src=\"https:\/\/www.schulthessforum.ch\/wp-content\/media\/Partner\/swissvr_134x134px_1.png\" style=\"aspect-ratio: 201 \/ 201\" width=\"201\" height=\"201\" alt=\"swissVR\" title=\"swissVR\"\/><\/a>\n                        <\/div>\n                    <\/div><div class=\"et_pb_column_1_4 et_pb_column\">\n                        <div class=\"sf-product-partner-container\">\n                            <a href=\"https:\/\/www.treuhandsuisse.ch\/\" title=\"TREUHAND | SUISSE\" target=\"_blank\" rel=\"noopener nofollow\"><img loading=\"lazy\" decoding=\"async\" class=\"svg-partner-logo\" src=\"https:\/\/www.schulthessforum.ch\/wp-content\/media\/Partner\/logos\/Treuhand-Suisse_rgb.svg\" style=\"aspect-ratio: 0 \/ 0\" width=\"0\" height=\"0\" alt=\"TREUHAND | SUISSE\" title=\"TREUHAND | SUISSE\"\/><\/a>\n                        <\/div>\n                    <\/div><div class=\"et_pb_column_1_4 et_pb_column\">\n                        <div class=\"sf-product-partner-container\">\n                            <a href=\"https:\/\/snv-fsn.ch\/\" title=\"Schweizer Notarenverband\" target=\"_blank\" rel=\"noopener nofollow\"><img loading=\"lazy\" decoding=\"async\" class=\"\" src=\"https:\/\/www.schulthessforum.ch\/wp-content\/media\/Partner\/snv_fsn_logo_rot_hor_gd.png\" style=\"aspect-ratio: 964 \/ 296\" width=\"964\" height=\"296\" alt=\"Schweizer Notarenverband\" title=\"Schweizer Notarenverband\"\/><\/a>\n                        <\/div>\n                    <\/div><div class=\"et_pb_column_1_4 et_pb_column\">\n                        <div class=\"sf-product-partner-container\">\n                            <a href=\"https:\/\/www.swissboardforum.ch\/de\" title=\"SwissBoardForum\" target=\"_blank\" rel=\"noopener nofollow\"><img loading=\"lazy\" decoding=\"async\" class=\"\" src=\"https:\/\/www.schulthessforum.ch\/wp-content\/media\/Partner\/swissboardforum_logo_134x134px.png\" style=\"aspect-ratio: 201 \/ 201\" width=\"201\" height=\"201\" alt=\"SwissBoardForum\" title=\"SwissBoardForum\"\/><\/a>\n                        <\/div>\n                    <\/div><\/div><\/div>[\/et_pb_code][et_pb_code admin_label=\u00a0\u00bbSponsoren\u00a0\u00bb _builder_version=\u00a0\u00bb4.22.1&Prime; _module_preset=\u00a0\u00bbdefault\u00a0\u00bb locked=\u00a0\u00bboff\u00a0\u00bb global_colors_info=\u00a0\u00bb{}\u00a0\u00bb][\/et_pb_code][\/et_pb_column][\/et_pb_row][\/et_pb_section][et_pb_section fb_built=\u00a0\u00bb1&Prime; admin_label=\u00a0\u00bbSektion Impressionen\u00a0\u00bb module_id=\u00a0\u00bbschulthess-impressionen\u00a0\u00bb _builder_version=\u00a0\u00bb4.17.4&Prime; _module_preset=\u00a0\u00bbdefault\u00a0\u00bb collapsed=\u00a0\u00bboff\u00a0\u00bb global_colors_info=\u00a0\u00bb{}\u00a0\u00bb][et_pb_row module_class=\u00a0\u00bbsf-impressionen-slider-wrapper\u00a0\u00bb _builder_version=\u00a0\u00bb4.19.5&Prime; _module_preset=\u00a0\u00bbdefault\u00a0\u00bb global_colors_info=\u00a0\u00bb{}\u00a0\u00bb][et_pb_column type=\u00a0\u00bb4_4&Prime; _builder_version=\u00a0\u00bb4.19.5&Prime; _module_preset=\u00a0\u00bbdefault\u00a0\u00bb global_colors_info=\u00a0\u00bb{}\u00a0\u00bb][et_pb_text admin_label=\u00a0\u00bb\u00dcberschrift\u00a0\u00bb module_class=\u00a0\u00bbsf-h2&Prime; _builder_version=\u00a0\u00bb4.19.5&Prime; _module_preset=\u00a0\u00bbdefault\u00a0\u00bb global_colors_info=\u00a0\u00bb{}\u00a0\u00bb]<\/p>\n<h5>Impressionen<\/h5>\n<p>[\/et_pb_text][et_pb_gallery gallery_ids=\u00a0\u00bb10290,10289,10288,10287,10286,10285,10284,10283,10282,10281,10280,10279,10278,10277,10276,10275,10274,10273,10272,10271,10270,10269,10268,10267,10266,10265,10264,10263,10262,10261,10260,10259,10258,10257,10256&Prime; fullwidth=\u00a0\u00bbon\u00a0\u00bb admin_label=\u00a0\u00bbGalerie\u00a0\u00bb module_id=\u00a0\u00bbimpressionen-slider\u00a0\u00bb module_class=\u00a0\u00bbimpressionen-slider\u00a0\u00bb _builder_version=\u00a0\u00bb4.22.1&Prime; _module_preset=\u00a0\u00bbdefault\u00a0\u00bb animation_style=\u00a0\u00bbfade\u00a0\u00bb animation_duration=\u00a0\u00bb5000ms\u00a0\u00bb animation_starting_opacity=\u00a0\u00bb100%\u00a0\u00bb animation_repeat=\u00a0\u00bbloop\u00a0\u00bb auto=\u00a0\u00bbon\u00a0\u00bb auto_speed=\u00a0\u00bb5000&Prime; global_colors_info=\u00a0\u00bb{}\u00a0\u00bb][\/et_pb_gallery][\/et_pb_column][\/et_pb_row][\/et_pb_section]<\/p>\n","protected":false},"excerpt":{"rendered":"<h3>Ein Werkstattbericht von Praktikern<\/h3>\n<div>\n<p>Das Aktienrecht bleibt spannend. Es befindet sich im dauernden Praxistest und sieht sich zudem von neuen regulatorischen Impulsen herausgefordert.<\/p>\n<p>Die SZW-Tagung beleuchtet wie gewohnt zentrale Fragestellungen f\u00fcr die Praxis und vermittelt Ihnen konkrete Empfehlungen und Hinweise.<\/p>\n<p>Ein Dauerthema sind die Corporate Governance und ESG, weshalb sich zwei Vortr\u00e4ge diesen Themen widmen.<\/p>\n<p>Gerichtsentscheide helfen, wichtige Praxisfragen zu kl\u00e4ren; es wird ein \u00dcberblick \u00fcber ausgew\u00e4hlte Entscheide gegeben.<\/p>\n<p>Das Aktienrecht 2020 hat die Aussch\u00fcttungsvorschriften verkompliziert, namentlich durch die Differenzierung zwischen Dividendenaussch\u00fcttungen und R\u00fcckzahlungen der gesetzlichen Kapitalreserve. Diesen Themen wird in einem weiteren Vortrag nachgegangen.<\/p>\n<p>Im derzeit herrschenden wirtschaftlichen Umfeld ist der Vortrag zu Krise und Sanierung von Unternehmen und j\u00fcngsten Entwicklungen in diesem Bereich hochaktuell.<\/p>\n<p>Ebenso aktuell sind Fragen rund um das Thema Litigation im Aktienrecht, weshalb diesem Thema ein separater Vortrag gewidmet ist.<\/p>\n<p>Last but not least sollen aktuelle Fragen des GmbH-Rechts beleuchtet werden. Denn die GmbH ist l\u00e4ngst kein Randph\u00e4nomen mehr; sie wird aber von der Lehre nach wie vor etwas stiefm\u00fctterlich behandelt.<\/p>\n<p>Abgeschlossen wird die Veranstaltung durch ein Podium zu aktuellen Aktienrechtsthemen, z.B. zur Bedeutung der Digitalisierung auch von KI im Aktienrecht.<\/p>\n<p>Profitieren Sie auch an dieser SZW-Tagung vom Austausch mit versierten Expertinnen und Experten, diskutieren Sie die Neuerungen und teilen Sie Ihre Erfahrungen mit den Referierenden und den Kolleginnen und Kollegen.<\/p>\n<\/div>\n","protected":false},"author":25,"featured_media":0,"template":"","meta":{"_acf_changed":false,"_et_pb_use_builder":"on","_et_pb_old_content":"","_et_gb_content_width":""},"categories":[140,82],"tags":[],"product_brand":[],"product_cat":[229],"product_tag":[],"class_list":{"0":"post-39439","1":"product","2":"type-product","3":"status-publish","5":"category-tagung","6":"category-aktienrecht","7":"product_cat-229","8":"pa_teilnahme-praesenzveranstaltung","10":"first","11":"instock","12":"taxable","13":"shipping-taxable","14":"purchasable","15":"product-type-variable"},"acf":[],"_links":{"self":[{"href":"https:\/\/www.schulthessforum.ch\/fr\/wp-json\/wp\/v2\/product\/39439","targetHints":{"allow":["GET"]}}],"collection":[{"href":"https:\/\/www.schulthessforum.ch\/fr\/wp-json\/wp\/v2\/product"}],"about":[{"href":"https:\/\/www.schulthessforum.ch\/fr\/wp-json\/wp\/v2\/types\/product"}],"author":[{"embeddable":true,"href":"https:\/\/www.schulthessforum.ch\/fr\/wp-json\/wp\/v2\/users\/25"}],"wp:attachment":[{"href":"https:\/\/www.schulthessforum.ch\/fr\/wp-json\/wp\/v2\/media?parent=39439"}],"wp:term":[{"taxonomy":"category","embeddable":true,"href":"https:\/\/www.schulthessforum.ch\/fr\/wp-json\/wp\/v2\/categories?post=39439"},{"taxonomy":"post_tag","embeddable":true,"href":"https:\/\/www.schulthessforum.ch\/fr\/wp-json\/wp\/v2\/tags?post=39439"},{"taxonomy":"product_brand","embeddable":true,"href":"https:\/\/www.schulthessforum.ch\/fr\/wp-json\/wp\/v2\/product_brand?post=39439"},{"taxonomy":"product_cat","embeddable":true,"href":"https:\/\/www.schulthessforum.ch\/fr\/wp-json\/wp\/v2\/product_cat?post=39439"},{"taxonomy":"product_tag","embeddable":true,"href":"https:\/\/www.schulthessforum.ch\/fr\/wp-json\/wp\/v2\/product_tag?post=39439"}],"curies":[{"name":"wp","href":"https:\/\/api.w.org\/{rel}","templated":true}]}}