{"id":9555,"date":"2023-07-13T10:53:40","date_gmt":"2023-07-13T08:53:40","guid":{"rendered":"https:\/\/www.schulthessforum.ch\/?post_type=product&#038;p=9555"},"modified":"2024-12-18T15:04:07","modified_gmt":"2024-12-18T14:04:07","slug":"digitalisierung-der-jugend","status":"publish","type":"product","link":"https:\/\/www.schulthessforum.ch\/digitalisierung-der-jugend\/","title":{"rendered":"Digitalisierung der Jugend"},"content":{"rendered":"<p>[et_pb_section fb_built=\u00a0\u00bb1&Prime; disabled_on=\u00a0\u00bboff|off|off\u00a0\u00bb admin_label=\u00a0\u00bbAlert Content\u00a0\u00bb module_id=\u00a0\u00bbschulthess-header-alertbar-section\u00a0\u00bb _builder_version=\u00a0\u00bb4.19.4&Prime; _module_preset=\u00a0\u00bbdefault\u00a0\u00bb locked=\u00a0\u00bboff\u00a0\u00bb collapsed=\u00a0\u00bbon\u00a0\u00bb global_colors_info=\u00a0\u00bb{}\u00a0\u00bb][et_pb_row _builder_version=\u00a0\u00bb4.17.4&Prime; _module_preset=\u00a0\u00bbdefault\u00a0\u00bb global_colors_info=\u00a0\u00bb{}\u00a0\u00bb][et_pb_column type=\u00a0\u00bb4_4&Prime; _builder_version=\u00a0\u00bb4.17.4&Prime; _module_preset=\u00a0\u00bbdefault\u00a0\u00bb global_colors_info=\u00a0\u00bb{}\u00a0\u00bb][et_pb_code admin_label=\u00a0\u00bbCode (Alert) (ZU \u00c4NDERN IN %22HOME%22)\u00a0\u00bb module_class=\u00a0\u00bbschulthess-header-alertbar \u00a0\u00bb _builder_version=\u00a0\u00bb4.17.4&Prime; _module_preset=\u00a0\u00bbdefault\u00a0\u00bb locked=\u00a0\u00bbon\u00a0\u00bb global_colors_info=\u00a0\u00bb{}\u00a0\u00bb][\/et_pb_code][\/et_pb_column][\/et_pb_row][\/et_pb_section][et_pb_section fb_built=\u00a0\u00bb1&Prime; disabled_on=\u00a0\u00bboff|off|off\u00a0\u00bb admin_label=\u00a0\u00bbHeader &#8211; Content\u00a0\u00bb module_class=\u00a0\u00bbsf-product-header schulthess-hero\u00a0\u00bb _builder_version=\u00a0\u00bb4.20.2&Prime; _module_preset=\u00a0\u00bbdefault\u00a0\u00bb background_enable_color=\u00a0\u00bboff\u00a0\u00bb background_enable_image=\u00a0\u00bboff\u00a0\u00bb locked=\u00a0\u00bboff\u00a0\u00bb collapsed=\u00a0\u00bbon\u00a0\u00bb global_colors_info=\u00a0\u00bb{}\u00a0\u00bb][et_pb_row _builder_version=\u00a0\u00bb4.20.2&Prime; _module_preset=\u00a0\u00bbdefault\u00a0\u00bb global_colors_info=\u00a0\u00bb{}\u00a0\u00bb][et_pb_column type=\u00a0\u00bb4_4&Prime; _builder_version=\u00a0\u00bb4.20.2&Prime; _module_preset=\u00a0\u00bbdefault\u00a0\u00bb global_colors_info=\u00a0\u00bb{}\u00a0\u00bb][et_pb_text _builder_version=\u00a0\u00bb4.20.2&Prime; _module_preset=\u00a0\u00bbdefault\u00a0\u00bb global_colors_info=\u00a0\u00bb{}\u00a0\u00bb]<style>.et-db #et-boc .et-l .et_pb_section.sf-product-header.schulthess-hero{\n        background-color: #244566 !important;\n      }\n      .schulthess-hero h1 {\n        border-bottom: 3px solid #FFFFFFF !important;\n      }\n      .sf-product-header.schulthess-hero .weitereVaranstalerSchriftfarbe{\n        color: #FFFFFF !important;\n      }\n      .schulthess-hero .event-kategorie-date-headline.weitereVaranstalerSchriftfarbe,\n      .schulthess-hero .event-kategorie-date-headline.weitereVaranstalerSchriftfarbe a{\n        color: #FFFFFF !important;\n      }\n      .schulthess-hero .event-kategorie-date-headline.weitereVaranstalerSchriftfarbe a:hover,\n      .schulthess-hero .event-kategorie-date-headline.weitereVaranstalerSchriftfarbe a:focus,\n      .schulthess-hero .event-kategorie-date-headline.weitereVaranstalerSchriftfarbe a:active{\n        color: #8ac7ef !important;\n      }\n      .weitererVeranstalterLogoSubheadline{\n        width: 150px;\n        max-width: 100%;\n      }<\/style>\n\t <div class=\"et_pb_text_inner\"><h3 class=\"weitereVaranstalerSchriftfarbe\">Schulthess Forum<\/h3><\/div>\n\t <div class=\"et_pb_text_inner\"><h1 class=\"sf-product-title weitereVaranstalerSchriftfarbe\">Digitalisierung der Jugend<\/h1><\/div>\n\t <div class=\"et_pb_text_inner\"><h2 class=\"sf-product-subheadline weitereVaranstalerSchriftfarbe\">Leistungsbeurteilung mit E-Assessments<\/h2><\/div>\n\t <div class=\"sf-product-catsDateLogos\"><span class=\"event-kategorie-date-headline weitereVaranstalerSchriftfarbe\">Datenschutz | Webinar | mercredi, 13.11.2024<\/span><div class=\"sf-product-logos\"><\/div><\/div>[\/et_pb_text][\/et_pb_column][\/et_pb_row][\/et_pb_section][et_pb_section fb_built=\u00a0\u00bb1&Prime; specialty=\u00a0\u00bbon\u00a0\u00bb module_class_1=\u00a0\u00bbschulthess-product-main\u00a0\u00bb module_class_2=\u00a0\u00bbschulthess-product-sidebar\u00a0\u00bb admin_label=\u00a0\u00bbMain &#8211; Content\u00a0\u00bb module_id=\u00a0\u00bbschulthess-product-mainsection\u00a0\u00bb _builder_version=\u00a0\u00bb4.19.4&Prime; _module_preset=\u00a0\u00bbdefault\u00a0\u00bb collapsed=\u00a0\u00bboff\u00a0\u00bb global_colors_info=\u00a0\u00bb{}\u00a0\u00bb][et_pb_column type=\u00a0\u00bb3_4&Prime; specialty_columns=\u00a0\u00bb3&Prime; _builder_version=\u00a0\u00bb4.16&Prime; custom_padding=\u00a0\u00bb|||\u00a0\u00bb global_colors_info=\u00a0\u00bb{}\u00a0\u00bb custom_padding__hover=\u00a0\u00bb|||\u00a0\u00bb][et_pb_row_inner admin_label=\u00a0\u00bbMen\u00fc (Programm, Referierende, Fachinformation, Partner, Impressionen, Teilnehmerbereich)\u00a0\u00bb module_id=\u00a0\u00bbschulthess-product-subnavigation\u00a0\u00bb _builder_version=\u00a0\u00bb4.21.0&Prime; background_size=\u00a0\u00bbinitial\u00a0\u00bb background_position=\u00a0\u00bbtop_left\u00a0\u00bb background_repeat=\u00a0\u00bbrepeat\u00a0\u00bb locked=\u00a0\u00bboff\u00a0\u00bb collapsed=\u00a0\u00bboff\u00a0\u00bb global_colors_info=\u00a0\u00bb{}\u00a0\u00bb][et_pb_column_inner saved_specialty_column_type=\u00a0\u00bb3_4&Prime; _builder_version=\u00a0\u00bb4.17.3&Prime; _module_preset=\u00a0\u00bbdefault\u00a0\u00bb global_colors_info=\u00a0\u00bb{}\u00a0\u00bb][et_pb_menu menu_id=\u00a0\u00bb67&Prime; module_class=\u00a0\u00bbet_smooth_scroll_disabled\u00a0\u00bb _builder_version=\u00a0\u00bb4.21.0&Prime; _module_preset=\u00a0\u00bbdefault\u00a0\u00bb locked=\u00a0\u00bboff\u00a0\u00bb global_colors_info=\u00a0\u00bb{}\u00a0\u00bb][\/et_pb_menu][\/et_pb_column_inner][\/et_pb_row_inner][et_pb_row_inner admin_label=\u00a0\u00bbKurzbeschreibung (Inhalt kommt vom Main Event Content)\u00a0\u00bb module_class=\u00a0\u00bbsf-date-shorttext-row kurzbeschreibung-border-bottom\u00a0\u00bb _builder_version=\u00a0\u00bb4.19.4&Prime; _module_preset=\u00a0\u00bbdefault\u00a0\u00bb locked=\u00a0\u00bboff\u00a0\u00bb collapsed=\u00a0\u00bbon\u00a0\u00bb global_colors_info=\u00a0\u00bb{}\u00a0\u00bb][et_pb_column_inner saved_specialty_column_type=\u00a0\u00bb3_4&Prime; _builder_version=\u00a0\u00bb4.16&Prime; _module_preset=\u00a0\u00bbdefault\u00a0\u00bb global_colors_info=\u00a0\u00bb{}\u00a0\u00bb][et_pb_text admin_label=\u00a0\u00bbKurzbeschreibung\u00a0\u00bb _builder_version=\u00a0\u00bb4.19.4&Prime; _dynamic_attributes=\u00a0\u00bbcontent\u00a0\u00bb _module_preset=\u00a0\u00bbdefault\u00a0\u00bb locked=\u00a0\u00bboff\u00a0\u00bb global_colors_info=\u00a0\u00bb{}\u00a0\u00bb]@ET-DC@eyJkeW5hbWljIjp0cnVlLCJjb250ZW50IjoicHJvZHVjdF9zaG9ydF9kZXNjcmlwdGlvbiIsInNldHRpbmdzIjp7ImJlZm9yZSI6IiIsImFmdGVyIjoiIn19@[\/et_pb_text][\/et_pb_column_inner][\/et_pb_row_inner][et_pb_row_inner admin_label=\u00a0\u00bbProgramm (Ihr Vorteil, Zielpublikum, Kurzprogramm, Detailprogramm)\u00a0\u00bb module_id=\u00a0\u00bbschulthess-programm\u00a0\u00bb _builder_version=\u00a0\u00bb4.21.0&Prime; _module_preset=\u00a0\u00bbdefault\u00a0\u00bb collapsed=\u00a0\u00bboff\u00a0\u00bb global_colors_info=\u00a0\u00bb{}\u00a0\u00bb][et_pb_column_inner saved_specialty_column_type=\u00a0\u00bb3_4&Prime; _builder_version=\u00a0\u00bb4.16&Prime; _module_preset=\u00a0\u00bbdefault\u00a0\u00bb global_colors_info=\u00a0\u00bb{}\u00a0\u00bb][et_pb_text admin_label=\u00a0\u00bbIhr Vorteil &#8211; Headline\u00a0\u00bb _builder_version=\u00a0\u00bb4.21.0&Prime; _module_preset=\u00a0\u00bbdefault\u00a0\u00bb locked=\u00a0\u00bboff\u00a0\u00bb global_colors_info=\u00a0\u00bb{}\u00a0\u00bb]<\/p>\n<h3>Ihr Vorteil<\/h3>\n<p>[\/et_pb_text][et_pb_text admin_label=\u00a0\u00bbIhr Vorteil &#8211; Liste\u00a0\u00bb module_class=\u00a0\u00bbprogramm-border-bottom\u00a0\u00bb _builder_version=\u00a0\u00bb4.21.0&Prime; _module_preset=\u00a0\u00bbdefault\u00a0\u00bb locked=\u00a0\u00bboff\u00a0\u00bb global_colors_info=\u00a0\u00bb{}\u00a0\u00bb]<\/p>\n<p>Das Schulthess Forum Digitalisierung der Jugend zeichnet sich aus durch:<\/p>\n<ul>\n<li>topaktuelle Themen mit hoher Praxisrelevanz<\/li>\n<li>interdisziplin\u00e4re Beitr\u00e4ge<\/li>\n<li>fachlichen Austausch zwischen Referierenden und dem Fachpublikum<\/li>\n<li>namhafte Referierende<\/li>\n<\/ul>\n<p>[\/et_pb_text][et_pb_text admin_label=\u00a0\u00bbZielpublikum &#8211; Headline\u00a0\u00bb _builder_version=\u00a0\u00bb4.19.4&Prime; _module_preset=\u00a0\u00bbdefault\u00a0\u00bb locked=\u00a0\u00bbon\u00a0\u00bb global_colors_info=\u00a0\u00bb{}\u00a0\u00bb]<\/p>\n<h3>Zielpublikum<\/h3>\n<p>[\/et_pb_text][et_pb_text admin_label=\u00a0\u00bbZielpublikum\u00a0\u00bb module_class=\u00a0\u00bbprogramm-border-bottom\u00a0\u00bb _builder_version=\u00a0\u00bb4.21.0&Prime; _module_preset=\u00a0\u00bbdefault\u00a0\u00bb global_colors_info=\u00a0\u00bb{}\u00a0\u00bb]<\/p>\n<div class=\"content clearfix\">\n<ul>\n<li>Verantwortliche Bildungswesen, Kinder- und Jugendschutz<\/li>\n<li>Anw\u00e4lte und Anw\u00e4ltinnen<\/li>\n<li>Datensch\u00fctzer und Datensch\u00fctzerinnen<\/li>\n<li>Elterninitiativen, Pr\u00e4ventionsstellen<\/li>\n<li>Interessierte Kindeswohl, Opferschutz<\/li>\n<\/ul>\n<\/div>\n<p>[\/et_pb_text][et_pb_text admin_label=\u00a0\u00bbKurzprogramm &#8211; Headline\u00a0\u00bb _builder_version=\u00a0\u00bb4.19.4&Prime; _module_preset=\u00a0\u00bbdefault\u00a0\u00bb locked=\u00a0\u00bbon\u00a0\u00bb global_colors_info=\u00a0\u00bb{}\u00a0\u00bb]<\/p>\n<h3>Kurzprogramm<\/h3>\n<p>[\/et_pb_text][et_pb_text admin_label=\u00a0\u00bbProgramm &#8211; Liste\u00a0\u00bb module_class=\u00a0\u00bbprogramm-border-bottom\u00a0\u00bb _builder_version=\u00a0\u00bb4.27.0&Prime; _module_preset=\u00a0\u00bbdefault\u00a0\u00bb global_colors_info=\u00a0\u00bb{}\u00a0\u00bb]<\/p>\n<ul>\n<li>Aufwachsen mit Algorithmen<\/li>\n<li>Digitale Leistungserhebung &#8211; eAssessments im Unterricht<\/li>\n<li>Digitalisierung im Bildungswesen: Beschaffungsrechtliche Aspekte<\/li>\n<li>Datenschutz bei digitaler Leistungserhebung &#8211; eAssessments<\/li>\n<li>Fragerunde und Fazit<\/li>\n<\/ul>\n<p>[\/et_pb_text][sfdm_event_program_list use_switcher=\u00a0\u00bboff\u00a0\u00bb disabled_on=\u00a0\u00bboff|off|off\u00a0\u00bb admin_label=\u00a0\u00bbProgramm &#8211; Detail Neu\u00a0\u00bb _builder_version=\u00a0\u00bb4.27.0&Prime; _module_preset=\u00a0\u00bbdefault\u00a0\u00bb locked=\u00a0\u00bboff\u00a0\u00bb global_colors_info=\u00a0\u00bb{}\u00a0\u00bb][sfdm_event_program_list_item backend_title=\u00a0\u00bbBegr\u00fcssung durch die Webinarleitung\u00a0\u00bb title=\u00a0\u00bbBegr\u00fcssung durch die Webinarleitung\u00a0\u00bb start_time=\u00a0\u00bb09:00&Prime; end_time=\u00a0\u00bb09:05&Prime; speakers=\u00a0\u00bb<\/p>\n<p>Prof. Dr. Franziska Sprecher<\/p>\n<p>\u00a0\u00bb _builder_version=\u00a0\u00bb4.25.1&Prime; _module_preset=\u00a0\u00bbdefault\u00a0\u00bb global_colors_info=\u00a0\u00bb{}\u00a0\u00bb][\/sfdm_event_program_list_item][sfdm_event_program_list_item backend_title=\u00a0\u00bb09:05-09:30 Aufwachsen mit Algorithmen\u00a0\u00bb title=\u00a0\u00bbAufwachsen mit Algorithmen\u00a0\u00bb subtitle=\u00a0\u00bbReferat\u00a0\u00bb start_time=\u00a0\u00bb09:05&Prime; end_time=\u00a0\u00bb09:30&Prime; speakers=\u00a0\u00bb<\/p>\n<p>Prof. Dr. <span class=%22field-content%22>Franziska Sprecher <\/span><\/p>\n<p>\u00a0\u00bb _builder_version=\u00a0\u00bb4.25.1&Prime; _module_preset=\u00a0\u00bbdefault\u00a0\u00bb global_colors_info=\u00a0\u00bb{}\u00a0\u00bb]<\/p>\n<ul>\n<li>Die digitalen Technologien, insbesondere selbstlernende Systeme, haben viele Auswirkungen auf Kinder und Jugendliche. Sie bieten Chancen und bergen Risiken.<\/li>\n<li>Kinder und Jugendliche haben Anspruch auf Schutz und F\u00f6rderung. Diese Rechte gelten auch in der digitalen Welt.<\/li>\n<li>Ein verantwortungsvoller Einsatz digitaler Technologien unter Wahrung der Rechte von Kindern und Jugendlichen nimmt verschiedenste Akteure in die Pflicht und ist mit besonderen Herausforderungen verbunden.<\/li>\n<\/ul>\n<p>[\/sfdm_event_program_list_item][sfdm_event_program_list_item backend_title=\u00a0\u00bb09:30-10:10 Digitale Leistungserhebung &#8211; eAssessments im Unterricht\u00a0\u00bb title=\u00a0\u00bbDigitale Leistungserhebung &#8211; eAssessments im Unterricht\u00a0\u00bb subtitle=\u00a0\u00bbReferat\u00a0\u00bb start_time=\u00a0\u00bb09:30&Prime; end_time=\u00a0\u00bb10:10&Prime; speakers=\u00a0\u00bb<\/p>\n<p><span class=%22field-content%22>Dr. Andr\u00e9 Dinter und Sonja R\u00fcegg<\/span><\/p>\n<p>\u00a0\u00bb _builder_version=\u00a0\u00bb4.27.0&Prime; _module_preset=\u00a0\u00bbdefault\u00a0\u00bb global_colors_info=\u00a0\u00bb{}\u00a0\u00bb]<\/p>\n<ul>\n<li>Wie setzt man digitale Medien bei eAssessments f\u00fcr konstruktives und interaktives Lernen ein?<\/li>\n<li>Projektbericht, Schulen Sek II im Kanton Z\u00fcrich<\/li>\n<li>Plattformprozess: P\u00e4dagogik \u2013 Technik \u2013 Recht \u2013 Organisation<\/li>\n<\/ul>\n<p>[\/sfdm_event_program_list_item][sfdm_event_program_list_item backend_title=\u00a0\u00bb10:10-10:30 Pause\u00a0\u00bb subtitle=\u00a0\u00bb10:10 &#8211; 10:30 Pause\u00a0\u00bb type=\u00a0\u00bbbreak\u00a0\u00bb _builder_version=\u00a0\u00bb4.27.0&Prime; _module_preset=\u00a0\u00bbdefault\u00a0\u00bb global_colors_info=\u00a0\u00bb{}\u00a0\u00bb][\/sfdm_event_program_list_item][sfdm_event_program_list_item backend_title=\u00a0\u00bb10:30-11:00 Digitalisierung im Bildungswesen: Beschaffungsrechtliche Aspekte\u00a0\u00bb title=\u00a0\u00bbDigitalisierung im Bildungswesen: Beschaffungsrechtliche Aspekte\u00a0\u00bb subtitle=\u00a0\u00bbReferat\u00a0\u00bb start_time=\u00a0\u00bb10:30&Prime; end_time=\u00a0\u00bb11:00&Prime; speakers=\u00a0\u00bb<\/p>\n<p><span class=%22field-content%22>Prof. Dr. Rika Koch<\/span><\/p>\n<p>\u00a0\u00bb _builder_version=\u00a0\u00bb4.27.0&Prime; _module_preset=\u00a0\u00bbdefault\u00a0\u00bb global_colors_info=\u00a0\u00bb{}\u00a0\u00bb]<\/p>\n<ul>\n<li>Was ist bei der \u00f6ffentlichen Ausschreibung von Lernplattformen zu beachten?<\/li>\n<li>Wie k\u00f6nnen Beschaffungsbeh\u00f6rden mit mangelndem Wettbewerb und fehlender Anbieter-Diversifikation umgehen?<\/li>\n<li>Welche Anforderungen stellt das Gebot der sozialen Nachhaltigkeit im revidierten Beschaffungsrecht?<\/li>\n<\/ul>\n<p>[\/sfdm_event_program_list_item][sfdm_event_program_list_item backend_title=\u00a0\u00bb11:00-11:30 Datenschutz bei digitaler Leistungserhebung &#8211; eAssessments\u00a0\u00bb title=\u00a0\u00bbDatenschutz bei digitaler Leistungserhebung &#8211; eAssessments\u00a0\u00bb subtitle=\u00a0\u00bbReferat\u00a0\u00bb start_time=\u00a0\u00bb11:00&Prime; end_time=\u00a0\u00bb11:30&Prime; speakers=\u00a0\u00bb<\/p>\n<p><span class=%22field-content%22>Danielle Kaufmann<\/span><\/p>\n<p>\u00a0\u00bb _builder_version=\u00a0\u00bb4.25.1&Prime; _module_preset=\u00a0\u00bbdefault\u00a0\u00bb global_colors_info=\u00a0\u00bb{}\u00a0\u00bb]<\/p>\n<ul>\n<li>Datenschutz bei der Beschaffung von Leistungserhebungs-Tools<\/li>\n<li>Datenschutzgrunds\u00e4tze beim Einsatz von KI<\/li>\n<li>Umgang mit Personendaten bei digitaler Leistungserhebung<\/li>\n<\/ul>\n<p>[\/sfdm_event_program_list_item][sfdm_event_program_list_item backend_title=\u00a0\u00bb11:30-12:00 Fragerunde und Fazit\u00a0\u00bb title=\u00a0\u00bbFragerunde und Fazit\u00a0\u00bb start_time=\u00a0\u00bb11:30&Prime; end_time=\u00a0\u00bb12:00&Prime; speakers=\u00a0\u00bb<\/p>\n<p>Leitung Prof. Dr. Franziska Sprecher<\/p>\n<p>\u00a0\u00bb _builder_version=\u00a0\u00bb4.25.1&Prime; _module_preset=\u00a0\u00bbdefault\u00a0\u00bb global_colors_info=\u00a0\u00bb{}\u00a0\u00bb][\/sfdm_event_program_list_item][\/sfdm_event_program_list][\/et_pb_column_inner][\/et_pb_row_inner][et_pb_row_inner disabled_on=\u00a0\u00bbon|on|on\u00a0\u00bb admin_label=\u00a0\u00bbAnzeigen (Mobile)\u00a0\u00bb _builder_version=\u00a0\u00bb4.17.4&Prime; _module_preset=\u00a0\u00bbdefault\u00a0\u00bb disabled=\u00a0\u00bbon\u00a0\u00bb locked=\u00a0\u00bboff\u00a0\u00bb collapsed=\u00a0\u00bbon\u00a0\u00bb global_colors_info=\u00a0\u00bb{}\u00a0\u00bb][et_pb_column_inner saved_specialty_column_type=\u00a0\u00bb3_4&Prime; _builder_version=\u00a0\u00bb4.17.4&Prime; _module_preset=\u00a0\u00bbdefault\u00a0\u00bb global_colors_info=\u00a0\u00bb{}\u00a0\u00bb][et_pb_code disabled_on=\u00a0\u00bboff|off|on\u00a0\u00bb admin_label=\u00a0\u00bbAnzeige(n) (MOBILE)\u00a0\u00bb module_class=\u00a0\u00bbschulthess_product_ads\u00a0\u00bb _builder_version=\u00a0\u00bb4.17.4&Prime; _module_preset=\u00a0\u00bbdefault\u00a0\u00bb locked=\u00a0\u00bboff\u00a0\u00bb global_colors_info=\u00a0\u00bb{}\u00a0\u00bb][\/et_pb_code][\/et_pb_column_inner][\/et_pb_row_inner][et_pb_row_inner admin_label=\u00a0\u00bbReferenten\u00a0\u00bb module_id=\u00a0\u00bbschulthess-referierende\u00a0\u00bb module_class=\u00a0\u00bbschulthess-referenten-slider\u00a0\u00bb _builder_version=\u00a0\u00bb4.22.1&Prime; _module_preset=\u00a0\u00bbdefault\u00a0\u00bb collapsed=\u00a0\u00bbon\u00a0\u00bb global_colors_info=\u00a0\u00bb{}\u00a0\u00bb][et_pb_column_inner saved_specialty_column_type=\u00a0\u00bb3_4&Prime; _builder_version=\u00a0\u00bb4.16&Prime; _module_preset=\u00a0\u00bbdefault\u00a0\u00bb global_colors_info=\u00a0\u00bb{}\u00a0\u00bb][et_pb_text admin_label=\u00a0\u00bbHeadline\u00a0\u00bb module_class=\u00a0\u00bbsf-h3 schulthess-product-speaker-headline-wrapper\u00a0\u00bb _builder_version=\u00a0\u00bb4.19.5&Prime; _module_preset=\u00a0\u00bbdefault\u00a0\u00bb locked=\u00a0\u00bbon\u00a0\u00bb global_colors_info=\u00a0\u00bb{}\u00a0\u00bb]<\/p>\n<h5>Referierende<\/h5>\n<p><!--div class=\"buttons\"><button class=\"grid icon_grid\"><span><\/span><\/button><button class=\"list icon_list\"><span><\/span><\/button><\/div-->[\/et_pb_text][et_pb_code _builder_version=\u00a0\u00bb4.19.5&Prime; _module_preset=\u00a0\u00bbdefault\u00a0\u00bb locked=\u00a0\u00bboff\u00a0\u00bb global_colors_info=\u00a0\u00bb{}\u00a0\u00bb]<div class=\"sf-speaker-slider\"><div class=\"uk-position-relative uk-visible-toggle uk-light\" tabindex=\"-1\"><ul class=\"uk-grid-small uk-child-width-1-4@s uk-child-width-1-4@m uk-child-width-1-4@l\" uk-grid uk-height-match=\"target: > li > .uk-card\">\n\n            <li>\n                <div class=\"uk-card uk-card-default\">\n                    <a href=\"#referent-9559\" uk-toggle>\n                    <div class=\"uk-card-media-top\">\n                        <img loading=\"lazy\" decoding=\"async\" width=\"200\" height=\"242\" src=\"https:\/\/www.schulthessforum.ch\/wp-content\/media\/sprecher_franziska_200x242px.jpg\" class=\"attachment-schulthess_speaker size-schulthess_speaker wp-post-image\" alt=\"Franziska Sprecher\" \/>\n                        <div class=\"uk-label referenten-tagesleitung\">Direction<\/div>\n                    <\/div>\n                    <div class=\"uk-card uk-card-body\">\n                        <h4 class=\"speaker-card-name cardslider-card-name\">Prof. Dr. Franziska Sprecher<\/h4>\n                    <\/div>\n                    <\/a>\n                <\/div>\n            <\/li>\n            \n\n            <li>\n                <div class=\"uk-card uk-card-default\">\n                    <a href=\"#referent-23882\" uk-toggle>\n                    <div class=\"uk-card-media-top\">\n                        <img loading=\"lazy\" decoding=\"async\" width=\"200\" height=\"242\" src=\"https:\/\/www.schulthessforum.ch\/wp-content\/media\/Referenten\/Dinter_Andre_200x242px.jpg\" class=\"attachment-schulthess_speaker size-schulthess_speaker wp-post-image\" alt=\"\" \/>\n                        \n                    <\/div>\n                    <div class=\"uk-card uk-card-body\">\n                        <h4 class=\"speaker-card-name cardslider-card-name\">Dr.  Andr\u00e9 Dinter<\/h4>\n                    <\/div>\n                    <\/a>\n                <\/div>\n            <\/li>\n            \n\n            <li>\n                <div class=\"uk-card uk-card-default\">\n                    <a href=\"#referent-23884\" uk-toggle>\n                    <div class=\"uk-card-media-top\">\n                        <img loading=\"lazy\" decoding=\"async\" width=\"200\" height=\"242\" src=\"https:\/\/www.schulthessforum.ch\/wp-content\/media\/Referenten\/Kaufmann_Danielle_200x242px.jpg\" class=\"attachment-schulthess_speaker size-schulthess_speaker wp-post-image\" alt=\"\" \/>\n                        \n                    <\/div>\n                    <div class=\"uk-card uk-card-body\">\n                        <h4 class=\"speaker-card-name cardslider-card-name\"> Danielle Kaufmann<\/h4>\n                    <\/div>\n                    <\/a>\n                <\/div>\n            <\/li>\n            \n\n            <li>\n                <div class=\"uk-card uk-card-default\">\n                    <a href=\"#referent-9451\" uk-toggle>\n                    <div class=\"uk-card-media-top\">\n                        <img loading=\"lazy\" decoding=\"async\" width=\"200\" height=\"242\" src=\"https:\/\/www.schulthessforum.ch\/wp-content\/media\/koch_rika_200x242_px.png\" class=\"attachment-schulthess_speaker size-schulthess_speaker wp-post-image\" alt=\"Rika Koch\" \/>\n                        \n                    <\/div>\n                    <div class=\"uk-card uk-card-body\">\n                        <h4 class=\"speaker-card-name cardslider-card-name\">Prof. Dr. Rika Koch<\/h4>\n                    <\/div>\n                    <\/a>\n                <\/div>\n            <\/li>\n            \n\n            <li>\n                <div class=\"uk-card uk-card-default\">\n                    <a href=\"#referent-23887\" uk-toggle>\n                    <div class=\"uk-card-media-top\">\n                        <img loading=\"lazy\" decoding=\"async\" width=\"200\" height=\"242\" src=\"https:\/\/www.schulthessforum.ch\/wp-content\/media\/Referenten\/Rueegg_Sonja_200x242px.jpg\" class=\"attachment-schulthess_speaker size-schulthess_speaker wp-post-image\" alt=\"\" \/>\n                        \n                    <\/div>\n                    <div class=\"uk-card uk-card-body\">\n                        <h4 class=\"speaker-card-name cardslider-card-name\"> Sonja R\u00fcegg<\/h4>\n                    <\/div>\n                    <\/a>\n                <\/div>\n            <\/li>\n            <\/ul><\/div>\n        <div id=\"referent-9559\" class=\"referent-modal uk-flex-top\" uk-modal>\n            <div class=\"uk-modal-dialog uk-margin-auto-vertical\">\n                <button class=\"uk-modal-close-default\" type=\"button\" uk-close><\/button>\n                <div class=\"uk-grid-small\" uk-grid>\n                    <div class=\"uk-width-auto@m\">\n                        <div class=\"uk-card-badge uk-label referenten-tagesleitung\">Direction<\/div>\n                        <img loading=\"lazy\" decoding=\"async\" width=\"200\" height=\"242\" src=\"https:\/\/www.schulthessforum.ch\/wp-content\/media\/sprecher_franziska_200x242px.jpg\" class=\"attachment-schulthess_speaker size-schulthess_speaker wp-post-image\" alt=\"Franziska Sprecher\" \/>\n                    <\/div>\n                    <div class=\"uk-width-expand@m\">\n                        <h4 class=\"uk-modal-title\">Prof. Dr. Franziska Sprecher<\/h4>\n                        <p class=\"referent-info\"><span class=\"referenten-position\">Prof. Dr. iur., Rechtsanw\u00e4ltin<\/span> <span class=\"referenten-company\">Universit\u00e4t Bern<\/span><\/p>\n                        <p class=\"referent-kurzbeschreibung\"><p>Franziska Sprecher ist assoziierte Professorin f\u00fcr Staats- und Verwaltungsrecht mit besonderer Ber\u00fccksichtigung des Gesundheitsrechts am Institut f\u00fcr \u00f6ffentliches Recht und zugleich Direktorin des interfakult\u00e4ren Zentrums f\u00fcr Gesundheitsrecht und Management im Gesundheitswesen (MiG) an der Universit\u00e4t Bern.<br \/>\nIhre Arbeits- und Forschungsschwerpunkte sind das Staats- und Verwaltungsrecht, insb. die Schnittstellen zum europ\u00e4ischen und internationalen Recht sowie das nationale, europ\u00e4ische und internationale Medizin- und Gesundheitsrecht. Ein besonderer Forschungsschwerpunkt bildet dabei die Regulierung neuer Technologien und speziell die digitale Transformation im Gesundheitswesen.<\/p>\n<\/p>\n                    <\/div>\n                <\/div>\n\n                <div class=\"uk-modal-footer card-arrows uk-text-right\">\n                    <button href=\"javascript:void(0);\" class=\"card-arrow-prev\" onclick=\"navigateReferent('prev', 23887);\"><\/button>\n                    <button href=\"javascript:void(0);\" class=\"card-arrow-next\" onclick=\"navigateReferent('next', 23882);\"><\/button>\n                <\/div>\n            <\/div>\n        <\/div>\n        \n        <div id=\"referent-23882\" class=\"referent-modal uk-flex-top\" uk-modal>\n            <div class=\"uk-modal-dialog uk-margin-auto-vertical\">\n                <button class=\"uk-modal-close-default\" type=\"button\" uk-close><\/button>\n                <div class=\"uk-grid-small\" uk-grid>\n                    <div class=\"uk-width-auto@m\">\n                        \n                        <img loading=\"lazy\" decoding=\"async\" width=\"200\" height=\"242\" src=\"https:\/\/www.schulthessforum.ch\/wp-content\/media\/Referenten\/Dinter_Andre_200x242px.jpg\" class=\"attachment-schulthess_speaker size-schulthess_speaker wp-post-image\" alt=\"\" \/>\n                    <\/div>\n                    <div class=\"uk-width-expand@m\">\n                        <h4 class=\"uk-modal-title\">Dr.  Andr\u00e9 Dinter<\/h4>\n                        <p class=\"referent-info\"><span class=\"referenten-position\">Dr. nat., Gr\u00fcndungsleiter,<\/span> <span class=\"referenten-company\">Digital Learning Hub Sek II im Kanton Z\u00fcrich<\/span><\/p>\n                        <p class=\"referent-kurzbeschreibung\"><p>Dr. Andr\u00e9 Dinter studierte Chemie, promovierte in Biochemie und war einige Jahre in der Forschung am Institut f\u00fcr Physiologie der Universit\u00e4t Z\u00fcrich t\u00e4tig. Seit 1998 unterrichtet er Chemie an der Kantonalen Maturit\u00e4tsschule f\u00fcr Erwachsene, wo er von 2008 bis 2020 auch das Amt des Prorektors inne hat. Im Kanton Z\u00fcrich wurde das Thema Digitaler Wandel der Sekundarstufe II seit 2015 konkret aufgegriffen. Andr\u00e9 Dinter hat 2018 den Digital Learning Hubs Sek II (DLH) mitinitiiert, der nach einer Pilotphase den Betrieb Anfang 2023 aufgenommen hat. Als Gr\u00fcndungsleiter liegt ihm die Vernetzung der Lehrpersonen besonders am Herzen. Der DLH vernetzt konsequent die Lehrpersonen der Sekundarstufe II in einem Bottom up Ansatz.<\/p>\n<\/p>\n                    <\/div>\n                <\/div>\n\n                <div class=\"uk-modal-footer card-arrows uk-text-right\">\n                    <button href=\"javascript:void(0);\" class=\"card-arrow-prev\" onclick=\"navigateReferent('prev', 9559);\"><\/button>\n                    <button href=\"javascript:void(0);\" class=\"card-arrow-next\" onclick=\"navigateReferent('next', 23884);\"><\/button>\n                <\/div>\n            <\/div>\n        <\/div>\n        \n        <div id=\"referent-23884\" class=\"referent-modal uk-flex-top\" uk-modal>\n            <div class=\"uk-modal-dialog uk-margin-auto-vertical\">\n                <button class=\"uk-modal-close-default\" type=\"button\" uk-close><\/button>\n                <div class=\"uk-grid-small\" uk-grid>\n                    <div class=\"uk-width-auto@m\">\n                        \n                        <img loading=\"lazy\" decoding=\"async\" width=\"200\" height=\"242\" src=\"https:\/\/www.schulthessforum.ch\/wp-content\/media\/Referenten\/Kaufmann_Danielle_200x242px.jpg\" class=\"attachment-schulthess_speaker size-schulthess_speaker wp-post-image\" alt=\"\" \/>\n                    <\/div>\n                    <div class=\"uk-width-expand@m\">\n                        <h4 class=\"uk-modal-title\"> Danielle Kaufmann<\/h4>\n                        <p class=\"referent-info\"><span class=\"referenten-position\">Datenschutzbeauftragte,<\/span> <span class=\"referenten-company\">Kanton Basel-Stadt<\/span><\/p>\n                        <p class=\"referent-kurzbeschreibung\"><p>Danielle Kaufmann ist Juristin und seit 1. August 2024 Datenschutzbeauftragte des Kantons Basel-Stadt. Von 2018 bis 2024 war sie Datenschutzbeauftragte der Universit\u00e4t Basel und hatte in dieser Zeit auch Einsitz in der universit\u00e4ren Ethikkommission. Davor arbeitete sie mehrere Jahre im Bereich Urheberrecht an der Universit\u00e4t Basel und hat in dieser Zeit als Co-Projektleiterin das \u00abCompetence Center in Digital Law\u00bb (<a href=\"http:\/\/www.ccdigitallaw.ch\" target=\"_blank\" rel=\"noopener\">www.ccdigitallaw.ch<\/a>) im Rahmen des Programms \u201eWissenschaftliche Information: Zugang Verarbeitung und Speicherung\u201c von swissuniversities mitaufgebaut. Sie hat einen CAS in Datenschutz und einen MAS in Betriebswirtschaft f\u00fcr Non Profit Organisationen.<\/p>\n<\/p>\n                    <\/div>\n                <\/div>\n\n                <div class=\"uk-modal-footer card-arrows uk-text-right\">\n                    <button href=\"javascript:void(0);\" class=\"card-arrow-prev\" onclick=\"navigateReferent('prev', 23882);\"><\/button>\n                    <button href=\"javascript:void(0);\" class=\"card-arrow-next\" onclick=\"navigateReferent('next', 9451);\"><\/button>\n                <\/div>\n            <\/div>\n        <\/div>\n        \n        <div id=\"referent-9451\" class=\"referent-modal uk-flex-top\" uk-modal>\n            <div class=\"uk-modal-dialog uk-margin-auto-vertical\">\n                <button class=\"uk-modal-close-default\" type=\"button\" uk-close><\/button>\n                <div class=\"uk-grid-small\" uk-grid>\n                    <div class=\"uk-width-auto@m\">\n                        \n                        <img loading=\"lazy\" decoding=\"async\" width=\"200\" height=\"242\" src=\"https:\/\/www.schulthessforum.ch\/wp-content\/media\/koch_rika_200x242_px.png\" class=\"attachment-schulthess_speaker size-schulthess_speaker wp-post-image\" alt=\"Rika Koch\" \/>\n                    <\/div>\n                    <div class=\"uk-width-expand@m\">\n                        <h4 class=\"uk-modal-title\">Prof. Dr. Rika Koch<\/h4>\n                        <p class=\"referent-info\"><span class=\"referenten-position\">Dozentin und Co-Leiterin Fachgruppe Public Procurement,<\/span> <span class=\"referenten-company\">Berner Fachhochschule Wirtschaft<\/span><\/p>\n                        <p class=\"referent-kurzbeschreibung\"><p>Rika Koch ist seit 2022 Assistenzprofessorin und Dozentin an der Berner Fachhochschule BFH, wo sie im Bereich des \u00f6ffentlichen Beschaffungswesens forscht und lehrt und als Co-Leiterin der Fachgruppe Public Procurement beratend t\u00e4tig ist. Davor war sie in der Bundesverwaltung und hat als stellvertretende Leiterin eines Rechtsdienstes Beschaffungsprojekte juristisch beraten. Zudem hat Rika Koch einen Lehrauftrag an der Universit\u00e4t Z\u00fcrich im Bereich WTO-Recht inne.<br \/>\nZu Rika Kochs Forschungsschwerpunkten geh\u00f6ren das \u00f6ffentliche Beschaffungsrecht mit besonderem Fokus auf Wettbewerbs- und Nachhaltigkeitsthemen sowie IT-Beschaffungen und die damit verbundenen Fragen rund um den Daten- und Informationsschutz aus staatsrechtlicher Sicht.<\/p>\n<\/p>\n                    <\/div>\n                <\/div>\n\n                <div class=\"uk-modal-footer card-arrows uk-text-right\">\n                    <button href=\"javascript:void(0);\" class=\"card-arrow-prev\" onclick=\"navigateReferent('prev', 23884);\"><\/button>\n                    <button href=\"javascript:void(0);\" class=\"card-arrow-next\" onclick=\"navigateReferent('next', 23887);\"><\/button>\n                <\/div>\n            <\/div>\n        <\/div>\n        \n        <div id=\"referent-23887\" class=\"referent-modal uk-flex-top\" uk-modal>\n            <div class=\"uk-modal-dialog uk-margin-auto-vertical\">\n                <button class=\"uk-modal-close-default\" type=\"button\" uk-close><\/button>\n                <div class=\"uk-grid-small\" uk-grid>\n                    <div class=\"uk-width-auto@m\">\n                        \n                        <img loading=\"lazy\" decoding=\"async\" width=\"200\" height=\"242\" src=\"https:\/\/www.schulthessforum.ch\/wp-content\/media\/Referenten\/Rueegg_Sonja_200x242px.jpg\" class=\"attachment-schulthess_speaker size-schulthess_speaker wp-post-image\" alt=\"\" \/>\n                    <\/div>\n                    <div class=\"uk-width-expand@m\">\n                        <h4 class=\"uk-modal-title\"> Sonja R\u00fcegg<\/h4>\n                        <p class=\"referent-info\"><span class=\"referenten-position\">Dipl. Natw. ETH, stellvertretende Leiterin,<\/span> <span class=\"referenten-company\">Digital Learning Hub Sek II im Kanton Z\u00fcrich<\/span><\/p>\n                        <p class=\"referent-kurzbeschreibung\"><p>Sonja R\u00fcegg ist stellvertretende Leiterin des Digital Learning Hub Sek II im Kanton Z\u00fcrich und verantwortlich f\u00fcr das Projekt \u00ab\u00a0Digitale Leistungserhebung &#8211; eAssessments im Unterricht\u00a0\u00bb. Das Projekt widmet sich Fragen rund um digitale Feedbackmethoden und Leistungsbewertungen an Schulen der Sekundarstufe II im Kanton Z\u00fcrich und stellt das motivierte Lehren und Lernen ganz ins Zentrum. In enger Zusammenarbeit mit den 39 Schulen der Berufsbildung und der Mittelschulen, dem Rechtsdienst und Education Technology Sek II macht das Projektteam p\u00e4dagogische Bed\u00fcrfnisse sichtbar, evaluiert Software, kl\u00e4rt sicherheitstechnische und rechtliche Aspekte ab, um ein koh\u00e4rentes weiteres Vorgehen f\u00fcr die Stufe Sek II zu empfehlen. <\/p>\n<p>Nach ihrem Studium in Umweltnaturwissenschaften an der ETH Z\u00fcrich war Sonja R\u00fcegg kurzzeitig f\u00fcr eine Pharmafirma t\u00e4tig, bevor sie w\u00e4hrend 22 Jahren f\u00fcr die Z\u00fcrcher Mittelschulen arbeitete. Sie unterrichtete dabei als Chemielehrperson am Gymnasium, war Leiterin von Impuls Mittelschule (Schulleiterkonferenz des Kantons Z\u00fcrich) und Prorektorin. Ein besonderer Fokus ihrer T\u00e4tigkeiten lag auf Projekten im digitalen Wandel, welche sch\u00fclerzentrierten Unterricht verst\u00e4rkt erm\u00f6glichen. Sie vertiefte ihre Erfahrungen 2021 mit einem CAS in \u00abDigital Leadership in Education\u00bb an der PH Z\u00fcrich. Im April 2023 wechselte sie in die Gesch\u00e4ftsleitung des DLH und unterst\u00fctzt seitdem die Vernetzung von Lehrpersonen, Innovationsf\u00f6rderung und Erfahrungsaustausch. <\/p>\n<\/p>\n                    <\/div>\n                <\/div>\n\n                <div class=\"uk-modal-footer card-arrows uk-text-right\">\n                    <button href=\"javascript:void(0);\" class=\"card-arrow-prev\" onclick=\"navigateReferent('prev', 9451);\"><\/button>\n                    <button href=\"javascript:void(0);\" class=\"card-arrow-next\" onclick=\"navigateReferent('next', 9559);\"><\/button>\n                <\/div>\n            <\/div>\n        <\/div>\n        <\/div>\n      <script>\n          function navigateReferent(direction, currentID) {\n              var speakers = [9559,23882,23884,9451,23887];\n              var currentIndex = speakers.indexOf(currentID);\n\n              if (direction === \"prev\") {\n                  currentIndex = (currentIndex + speakers.length) % speakers.length;\n              } else if (direction === \"next\") {\n                  currentIndex = (currentIndex ) % speakers.length;\n              }\n\n              var targetID = speakers[currentIndex];\n              var targetModal = document.getElementById(\"referent-\" + targetID);\n              UIkit.modal(targetModal).show();\n          }\n      <\/script>\n        <script>\n            document.addEventListener(\"DOMContentLoaded\", function() {\n                const modalLinks = document.querySelectorAll(\"[uk-toggle]\");\n                const pageContainer = document.getElementById(\"page-container\");\n\n                \/\/ Neues <div> Element erstellen\n                const newDiv = document.createElement(\"div\");\n                newDiv.className = \"referenten-modal-background\";\n\n                \/\/ Das neue <div> dem Element mit der ID \"page-container\" hinzuf\u00fcgen\n                pageContainer.insertBefore(newDiv, pageContainer.firstChild);\n\n                const referentenModalBackground = document.querySelector(\".referenten-modal-background\");\n\n                modalLinks.forEach(link => {\n                    link.addEventListener(\"click\", function(event) {\n                        event.preventDefault();\n                        referentenModalBackground.classList.add(\"referenten-modal-open\");\n                    });\n                });\n\n                const modals = document.querySelectorAll(\".referent-modal\");\n                modals.forEach(modal => {\n                    modal.addEventListener(\"click\", function(event) {\n                        if (event.target === modal) {\n                            referentenModalBackground.classList.remove(\"referenten-modal-open\");\n                        }\n                    });\n                });\n\n                const closeModalButtons = document.querySelectorAll(\".uk-modal-close-default\");\n                closeModalButtons.forEach(button => {\n                    button.addEventListener(\"click\", function() {\n                        referentenModalBackground.classList.remove(\"referenten-modal-open\");\n                    });\n                });\n\n                \/\/ Funktion, um die Klasse zu entfernen\n                function closeModal() {\n                    referentenModalBackground.classList.remove(\"referenten-modal-open\");\n                }\n\n                \/\/ Event Listener f\u00fcr das Dr\u00fccken der Esc-Taste\n                document.addEventListener(\"keydown\", function(event) {\n                    if (event.key === \"Escape\") {\n                        closeModal();\n                    }\n                });\n            });\n        <\/script>[\/et_pb_code][\/et_pb_column_inner][\/et_pb_row_inner][et_pb_row_inner admin_label=\u00a0\u00bbFachthemen\u00a0\u00bb module_id=\u00a0\u00bbschulthess-product-specinfo\u00a0\u00bb _builder_version=\u00a0\u00bb4.22.1&Prime; _module_preset=\u00a0\u00bbdefault\u00a0\u00bb collapsed=\u00a0\u00bbon\u00a0\u00bb global_colors_info=\u00a0\u00bb{}\u00a0\u00bb][et_pb_column_inner saved_specialty_column_type=\u00a0\u00bb3_4&Prime; _builder_version=\u00a0\u00bb4.16&Prime; _module_preset=\u00a0\u00bbdefault\u00a0\u00bb global_colors_info=\u00a0\u00bb{}\u00a0\u00bb][et_pb_text admin_label=\u00a0\u00bb\u00dcberschrift\u00a0\u00bb module_id=\u00a0\u00bbschulthess-fachinformationen\u00a0\u00bb module_class=\u00a0\u00bbsf-h2&Prime; _builder_version=\u00a0\u00bb4.19.5&Prime; _module_preset=\u00a0\u00bbdefault\u00a0\u00bb global_colors_info=\u00a0\u00bb{}\u00a0\u00bb]<\/p>\n<h5>Fachthemen<\/h5>\n<p>[\/et_pb_text][et_pb_code _builder_version=\u00a0\u00bb4.19.5&Prime; _module_preset=\u00a0\u00bbdefault\u00a0\u00bb locked=\u00a0\u00bboff\u00a0\u00bb global_colors_info=\u00a0\u00bb{}\u00a0\u00bb]\n  <div class=\"sf-post-list\">\n\n    \n      \n              <div class=\"sf-full-width-row\">\n                <article class=\"sf-post-list-item sf-post-list-item-24217 et_pb_column_1_3 et_pb_column\">\n              <a href=\"https:\/\/www.schulthessforum.ch\/fachbeitrag\/aufwachsen-mit-algorithmen\/\" target=\"_blank\" rel=\"nofollow noopener\" title=\"Aufwachsen mit Algorithmen\">\n              <div class=\"sf-post-list-item-content-wrapper\">\n                  <div class=\"sf-post-list-item-content\">\n                                            <h3 class=\"fachbeitrag-autor\">\n                          Franziska Sprecher                      <\/h3>\n                                            <div clasS=\"sf-post-list-item-title-wrapper\">\n                        <h3 class=\"sf-post-list-item-title\">\n                            Aufwachsen mit Algorithmen                        <\/h3>\n                      <\/div>\n                      <div class=\"sf-post-list-item-excerpt\">\n                          Die digitalen Technologien, insbesondere selbstlernende Systeme, haben zahlreiche Auswirkungen auf Kinder und Jugendliche. Sie bieten Chancen und bergen Risiken. Digitale Hilfsmittel wie Chat-GPT entwickeln sich rasant und geh\u00f6ren zunehmend zum (Schul-)Alltag: L\u00e4ngst erkennen Algorithmen Lernmuste...                      <\/div>\n                  <\/div>\n\n              <\/div>\n              <\/a>\n          <\/article>\n            \n  \n      \n                <article class=\"sf-post-list-item sf-post-list-item-24220 et_pb_column_1_3 et_pb_column\">\n              <a href=\"https:\/\/www.schulthessforum.ch\/fachbeitrag\/digitale-leistungserhebung-eassessments-im-unterricht\/\" target=\"_blank\" rel=\"nofollow noopener\" title=\"Digitale Leistungserhebung -eAssessments im Unterricht\">\n              <div class=\"sf-post-list-item-content-wrapper\">\n                  <div class=\"sf-post-list-item-content\">\n                                            <h3 class=\"fachbeitrag-autor\">\n                          Dr. Andr\u00e9 Dinter, Sonja R\u00fcegg                      <\/h3>\n                                            <div clasS=\"sf-post-list-item-title-wrapper\">\n                        <h3 class=\"sf-post-list-item-title\">\n                            Digitale Leistungserhebung -eAssessments im Unterricht                        <\/h3>\n                      <\/div>\n                      <div class=\"sf-post-list-item-excerpt\">\n                          Mit dem Referat wird ein Schwerpunkt auf die schulische Praxis gelegt. Das motivierte Lehren und Lernen an Schulen Sek II kann mit einer Vielfalt an Feedbackmethoden unterst\u00fctzt werden, die je nach Situation und Ziel digital gest\u00fctzt oder analog erfolgen k\u00f6nnen. Unsicherheit bei der Anwendung dig...                      <\/div>\n                  <\/div>\n\n              <\/div>\n              <\/a>\n          <\/article>\n              <\/div>\n            \n  <\/div>\n\n  [\/et_pb_code][\/et_pb_column_inner][\/et_pb_row_inner][\/et_pb_column][et_pb_column type=\u00a0\u00bb1_4&Prime; _builder_version=\u00a0\u00bb4.16&Prime; custom_padding=\u00a0\u00bb|||\u00a0\u00bb global_colors_info=\u00a0\u00bb{}\u00a0\u00bb custom_padding__hover=\u00a0\u00bb|||\u00a0\u00bb][et_pb_text disabled_on=\u00a0\u00bboff|off|off\u00a0\u00bb admin_label=\u00a0\u00bbTermin &#8211; Info\u00a0\u00bb module_class=\u00a0\u00bbdetail-info-sidebar-bg event-termin-info\u00a0\u00bb _builder_version=\u00a0\u00bb4.19.5&Prime; _module_preset=\u00a0\u00bbdefault\u00a0\u00bb global_colors_info=\u00a0\u00bb{}\u00a0\u00bb]<\/p>\n<h3>Termin \/ Format<\/h3>\n<p><span class=\"event-date-termin-info\">13.11.2024 | 09:00 - 12:00<\/span><br><span class=\"event-kategorie-termin-info\">Datenschutz | Webinar<\/span>[\/et_pb_text][et_pb_blurb title=\u00a0\u00bbFr\u00fchbucherpreis bis 31. August 2023&Prime; disabled_on=\u00a0\u00bbon|on|on\u00a0\u00bb admin_label=\u00a0\u00bbFr\u00fchbucherpreis bis 31. August\u00a0\u00bb _builder_version=\u00a0\u00bb4.21.0&Prime; _module_preset=\u00a0\u00bbdefault\u00a0\u00bb background_color=\u00a0\u00bb#efefef\u00a0\u00bb custom_padding=\u00a0\u00bb40px|40px|40px|40px|false|false\u00a0\u00bb link_option_url=\u00a0\u00bbhttps:\/\/bank-kapitalmarktrecht.iusnet.ch\/de\/user\/register\u00a0\u00bb link_option_url_new_window=\u00a0\u00bbon\u00a0\u00bb disabled=\u00a0\u00bbon\u00a0\u00bb global_colors_info=\u00a0\u00bb{}\u00a0\u00bb]<\/p>\n<p>&nbsp;<\/p>\n<p>Schnell sein lohnt sich! Sparen Sie bis zum<strong> 31. August 2023<\/strong> 15% gegen\u00fcber der regul\u00e4ren Teilnahmegeb\u00fchr.<\/p>\n<p>[\/et_pb_blurb][et_pb_text disabled_on=\u00a0\u00bbon|on|on\u00a0\u00bb admin_label=\u00a0\u00bbPreis &#8211; Info\u00a0\u00bb module_class=\u00a0\u00bbdetail-info-sidebar-bg\u00a0\u00bb _builder_version=\u00a0\u00bb4.21.0&Prime; _module_preset=\u00a0\u00bbdefault\u00a0\u00bb disabled=\u00a0\u00bbon\u00a0\u00bb global_colors_info=\u00a0\u00bb{}\u00a0\u00bb]<div class=\"sf-product-variant-detail-wrapper\" id=\"sf-product-variant-detail-wrapper\"><form action=\"https:\/\/www.schulthessforum.ch\/fr\/warenkorb\/\" method=\"get\"><h3 class=\"sf-product-variant-headline-1\">\u00c9v\u00e9nement en ligne<\/h3><label class=\"sf-product-variant-detail\"><input class=\"sf-product-variant-input\" type=\"radio\" id=\"23889\" name=\"variante\" value=\"23889\" required><span class=\"woocommerce-Price-amount amount\"><bdi><span class=\"woocommerce-Price-currencySymbol\">&#67;&#72;&#70;<\/span>&nbsp;390.00<\/bdi><\/span> TVA de 8.1% en sus.<\/label><input type=\"hidden\" id=\"9555\" name=\"event\" value=\"9555\"><span class=\"anmeldebutton-wrapper\"><input class=\"et_pb_button et_pb_button_0 schulthess-buy-button single_add_to_cart_button button wp-element-button\" data-icon=\"9\" type=\"submit\" value=\"Inscription\"><span class=\"anmeldebutton-icon\"><\/span><\/span><\/form><\/div>[\/et_pb_text][et_pb_blurb title=\u00a0\u00bbNetzwerken\u00a0\u00bb disabled_on=\u00a0\u00bbon|on|on\u00a0\u00bb admin_label=\u00a0\u00bbNetzwerken\u00a0\u00bb _builder_version=\u00a0\u00bb4.21.0&Prime; _module_preset=\u00a0\u00bbdefault\u00a0\u00bb background_color=\u00a0\u00bb#efefef\u00a0\u00bb custom_padding=\u00a0\u00bb40px|40px|40px|40px|false|false\u00a0\u00bb link_option_url=\u00a0\u00bbhttps:\/\/bank-kapitalmarktrecht.iusnet.ch\/de\/user\/register\u00a0\u00bb link_option_url_new_window=\u00a0\u00bbon\u00a0\u00bb disabled=\u00a0\u00bbon\u00a0\u00bb global_colors_info=\u00a0\u00bb{}\u00a0\u00bb]<\/p>\n<div class=\"content clearfix\">\n<p><img decoding=\"async\" src=\"https:\/\/www.digitale-jugend.ch\/sites\/default\/files\/nrp08889.jpg\" alt=\"\" \/><\/p>\n<p>Nutzen Sie das Schulthess Forum Digitalisierung der Jugend f\u00fcr den Austausch unter\u00a0Expertinnen und Experten.<\/p>\n<\/div>\n<p>[\/et_pb_blurb][et_pb_blurb title=\u00a0\u00bb15% Preisvorteil ab der dritten Anmeldung\u00a0\u00bb disabled_on=\u00a0\u00bbon|on|on\u00a0\u00bb admin_label=\u00a0\u00bb15% Preisvorteil ab der dritten Anmeldung\u00a0\u00bb _builder_version=\u00a0\u00bb4.21.0&Prime; _module_preset=\u00a0\u00bbdefault\u00a0\u00bb background_color=\u00a0\u00bb#efefef\u00a0\u00bb custom_padding=\u00a0\u00bb40px|40px|40px|40px|false|false\u00a0\u00bb link_option_url=\u00a0\u00bbhttps:\/\/bank-kapitalmarktrecht.iusnet.ch\/de\/user\/register\u00a0\u00bb link_option_url_new_window=\u00a0\u00bbon\u00a0\u00bb disabled=\u00a0\u00bbon\u00a0\u00bb global_colors_info=\u00a0\u00bb{}\u00a0\u00bb]<\/p>\n<p><a href=\"https:\/\/www.digitale-jugend.ch\/anmeldung\" target=\"_blank\" rel=\"noopener\"><img decoding=\"async\" src=\"https:\/\/www.digitale-jugend.ch\/sites\/default\/files\/preisvorteil.jpg\" alt=\"\" \/><\/a><\/p>\n<p>15% Rabatt auf den regul\u00e4ren Preis bei Anmeldung von mehr als zwei Personen eines Unternehmens. Der Rabatt wird ab der 3. Anmeldung gew\u00e4hrt. Doppelrabattierungen werden nicht gew\u00e4hrt.<\/p>\n<p>[\/et_pb_blurb][et_pb_text disabled_on=\u00a0\u00bbon|on|on\u00a0\u00bb admin_label=\u00a0\u00bbAnreise &#8211; Info\u00a0\u00bb module_class=\u00a0\u00bbdetail-info-sidebar-bg\u00a0\u00bb _builder_version=\u00a0\u00bb4.21.0&Prime; _module_preset=\u00a0\u00bbdefault\u00a0\u00bb disabled=\u00a0\u00bbon\u00a0\u00bb global_colors_info=\u00a0\u00bb{}\u00a0\u00bb]<\/p>\n<p id=\"page-title\" class=\"title\"><strong>Anreise<\/strong><\/p>\n<div id=\"block-system-main\" class=\"block block-system block-main block-system-main odd block-without-title\">\n<div class=\"block-inner clearfix\">\n<div class=\"content clearfix\">\n<article id=\"node-anreise-372--2\" class=\"node node-anreise node-published node-not-promoted node-not-sticky author-supadmin even clearfix\">\n<div class=\"content clearfix\">\n<div class=\"field field-name-body field-type-text-with-summary field-label-hidden\">\n<div class=\"field-items\">\n<div class=\"field-item even\">\n<p>Das Schulthess Forum Digitalisierung der Jugend findet im Metropol, Z\u00fcrich statt.<\/p>\n<p>Metropol Z\u00fcrich<br \/>Fraum\u00fcnsterstrasse 12<br \/>8001 Z\u00fcrich<\/p>\n<p>Wir empfehlen Ihnen die Anreise mit den \u00f6ffentlichen Verkehrsmitteln.<\/p>\n<\/div>\n<\/div>\n<\/div>\n<\/div>\n<\/article>\n<\/div>\n<\/div>\n<\/div>\n<p>[\/et_pb_text][et_pb_blurb title=\u00a0\u00bbWebinarleitung\u00a0\u00bb disabled_on=\u00a0\u00bboff|off|off\u00a0\u00bb admin_label=\u00a0\u00bbTagungsleitung\u00a0\u00bb _builder_version=\u00a0\u00bb4.25.1&Prime; _module_preset=\u00a0\u00bbdefault\u00a0\u00bb background_color=\u00a0\u00bb#efefef\u00a0\u00bb custom_padding=\u00a0\u00bb40px|40px|40px|40px|false|false\u00a0\u00bb global_colors_info=\u00a0\u00bb{}\u00a0\u00bb]<\/p>\n<div class=\"content clearfix\">\n<p><img loading=\"lazy\" decoding=\"async\" class=\"wp-image-9560 size-full\" src=\"https:\/\/www.schulthessforum.ch\/wp-content\/media\/sprecher_franziska_200x242px.jpg\" alt=\"Franziska Sprecher\" width=\"200\" height=\"242\" \/><\/p>\n<div class=\"content clearfix\">\n<div class=\"content clearfix\">\n<p>Franziska Sprecher\u00a0f\u00fchrt durch das Programm des Schulthess Forum Digitalisierung der Jugend.<\/p>\n<\/div>\n<\/div>\n<\/div>\n<p>[\/et_pb_blurb][et_pb_blurb title=\u00a0\u00bbWebinarleitung\u00a0\u00bb disabled_on=\u00a0\u00bboff|off|off\u00a0\u00bb admin_label=\u00a0\u00bbNewsletter-Anmeldung\u00a0\u00bb _builder_version=\u00a0\u00bb4.27.0&Prime; _module_preset=\u00a0\u00bbdefault\u00a0\u00bb background_color=\u00a0\u00bb#efefef\u00a0\u00bb custom_padding=\u00a0\u00bb40px|40px|40px|40px|false|false\u00a0\u00bb global_colors_info=\u00a0\u00bb{}\u00a0\u00bb]<\/p>\n<div class=\"content clearfix\">\n<h3>Newsletter-Anmeldung<\/h3>\n<p><span data-teams=\"true\"><span class=\"ui-provider a b c d e f g h i j k l m n o p q r s t u v w x y z ab ac ae af ag ah ai aj ak\" dir=\"ltr\">M\u00f6chten Sie zu dieser und weiteren Veranstaltungen des Schulthess Forums informiert werden? Melden Sie sich <a href=\"https:\/\/www.schulthessforum.ch\/newsletter\/\"><strong>hier<\/strong><\/a> f\u00fcr den Newsletter an.<\/span><\/span><\/p>\n<\/div>\n<p>[\/et_pb_blurb][et_pb_blurb title=\u00a0\u00bbWerden Sie Partner!\u00a0\u00bb disabled_on=\u00a0\u00bbon|on|on\u00a0\u00bb admin_label=\u00a0\u00bbPartner werden\u00a0\u00bb _builder_version=\u00a0\u00bb4.21.0&Prime; _module_preset=\u00a0\u00bbdefault\u00a0\u00bb background_color=\u00a0\u00bb#efefef\u00a0\u00bb custom_padding=\u00a0\u00bb40px|40px|40px|40px|false|false\u00a0\u00bb disabled=\u00a0\u00bbon\u00a0\u00bb global_colors_info=\u00a0\u00bb{}\u00a0\u00bb]<\/p>\n<p><img loading=\"lazy\" decoding=\"async\" class=\"alignright wp-image-8750 \" src=\"https:\/\/www.schulthessforum.ch\/wp-content\/media\/sjm-punkte-e1688047106873-300x230.png\" alt=\"\" width=\"112\" height=\"86\" \/>Gerne beraten wir Sie und konzipieren auf Wunsch gemeinsam mit Ihnen einen individuellen Auftritt.<\/p>\n<div class=\"content clearfix\">\n<p>Rufen Sie uns an:<br \/>Schulthess Forum<br \/>Tel. +41 44 200 29 29<br \/><a href=\"mailto:veranstaltungen@schulthess.com\">veranstaltungen@schulthess.com<\/a><\/p>\n<\/div>\n<p>[\/et_pb_blurb][et_pb_blurb title=\u00a0\u00bbNoch Fragen?\u00a0\u00bb disabled_on=\u00a0\u00bbon|on|on\u00a0\u00bb admin_label=\u00a0\u00bbKontakt\u00a0\u00bb _builder_version=\u00a0\u00bb4.21.0&Prime; _module_preset=\u00a0\u00bbdefault\u00a0\u00bb background_color=\u00a0\u00bb#efefef\u00a0\u00bb custom_padding=\u00a0\u00bb40px|40px|40px|40px|false|false\u00a0\u00bb disabled=\u00a0\u00bbon\u00a0\u00bb global_colors_info=\u00a0\u00bb{}\u00a0\u00bb]<\/p>\n<p>Wir helfen Ihnen gerne weiter<\/p>\n<p><img decoding=\"async\" src=\"https:\/\/www.kuendigung-privatrecht.ch\/sites\/default\/files\/schulthess_kontakt_300x190.jpg\" alt=\"\" \/><\/p>\n<div class=\"content clearfix\">\n<p>Tel. +41 44 200 29 29<br \/><a href=\"mailto:veranstaltungen@schulthess.com\">veranstaltungen@schulthess.com<\/a><\/p>\n<\/div>\n<div class=\"content clearfix\">\n<p>&nbsp;<\/p>\n<\/div>\n<p>[\/et_pb_blurb][et_pb_code disabled_on=\u00a0\u00bbon|on|on\u00a0\u00bb admin_label=\u00a0\u00bbCredits &#8211; Info\u00a0\u00bb _builder_version=\u00a0\u00bb4.20.2&Prime; _module_preset=\u00a0\u00bbdefault\u00a0\u00bb custom_margin=\u00a0\u00bb||15px||false|false\u00a0\u00bb disabled=\u00a0\u00bbon\u00a0\u00bb locked=\u00a0\u00bboff\u00a0\u00bb global_colors_info=\u00a0\u00bb{}\u00a0\u00bb][\/et_pb_code][et_pb_code disabled_on=\u00a0\u00bbon|on|on\u00a0\u00bb admin_label=\u00a0\u00bbCicero &#8211; Info\u00a0\u00bb _builder_version=\u00a0\u00bb4.20.2&Prime; _module_preset=\u00a0\u00bbdefault\u00a0\u00bb custom_margin=\u00a0\u00bb||15px||false|false\u00a0\u00bb disabled=\u00a0\u00bbon\u00a0\u00bb locked=\u00a0\u00bboff\u00a0\u00bb global_colors_info=\u00a0\u00bb{}\u00a0\u00bb][\/et_pb_code][et_pb_blurb disabled_on=\u00a0\u00bbon|on|on\u00a0\u00bb admin_label=\u00a0\u00bbCredits\u00a0\u00bb _builder_version=\u00a0\u00bb4.21.0&Prime; _module_preset=\u00a0\u00bbdefault\u00a0\u00bb background_color=\u00a0\u00bb#efefef\u00a0\u00bb custom_padding=\u00a0\u00bb40px|40px|40px|40px|false|false\u00a0\u00bb disabled=\u00a0\u00bbon\u00a0\u00bb global_colors_info=\u00a0\u00bb{}\u00a0\u00bb]<\/p>\n<p><img loading=\"lazy\" decoding=\"async\" class=\"alignright wp-image-8750 \" src=\"https:\/\/www.schulthessforum.ch\/wp-content\/media\/sjm-punkte-e1688047106873-300x230.png\" alt=\"\" width=\"112\" height=\"86\" \/>Teilnehmer des Webinars erhalten<br \/><strong>2 Credits der Swiss Insurance Medicine (SIM).<\/strong><\/p>\n<p>[\/et_pb_blurb][et_pb_blurb title=\u00a0\u00bbWen Sie am 3. Oktober 2023 treffen:\u00a0\u00bb image_icon_width=\u00a0\u00bb100%\u00a0\u00bb disabled_on=\u00a0\u00bbon|on|on\u00a0\u00bb admin_label=\u00a0\u00bbWen Sie treffen\u00a0\u00bb _builder_version=\u00a0\u00bb4.21.0&Prime; _module_preset=\u00a0\u00bbdefault\u00a0\u00bb background_color=\u00a0\u00bb#efefef\u00a0\u00bb image_icon_custom_margin=\u00a0\u00bb30px||30px||false|false\u00a0\u00bb custom_padding=\u00a0\u00bb40px|40px|40px|40px|false|false\u00a0\u00bb disabled=\u00a0\u00bbon\u00a0\u00bb global_colors_info=\u00a0\u00bb{}\u00a0\u00bb]<\/p>\n<div class=\"content clearfix\">\n<div class=\"content clearfix\">\n<p><img decoding=\"async\" src=\"https:\/\/www.kuendigung-oeffentlichespersonalrecht.ch\/sites\/default\/files\/networking2.jpg\" alt=\"\" \/><\/p>\n<p>&nbsp;<\/p>\n<ul>\n<li>Personalverantwortliche in \u00f6ffentlichen Verwaltungen und \u00f6ffentlich-rechtlichen Unternehmen<\/li>\n<li>HR-Mitarbeitende, die von der Privatwirtschaft in \u00f6ffentliche Verwaltung gewechselt haben<\/li>\n<li>Mitarbeitende von Beratungsstellen in Personalfragen insbesondere von Berufs- und Personalverb\u00e4nden<\/li>\n<li>Verb\u00e4nde und Anstalten (Spit\u00e4ler, Hochschulen usw<strong>.<\/strong>) in Kantonen und beim Bund<\/li>\n<li>Gesch\u00e4ftsleitung<\/li>\n<li>Fach- und F\u00fchrungskr\u00e4fte<\/li>\n<li>Vorgesetzte und Personalverantwortliche<\/li>\n<li>Juristinnen und Juristen<\/li>\n<li>Rechtsanw\u00e4ltinnen und Rechtsanw\u00e4lte<\/li>\n<li>Gemeindeschreiberinnen und Gemeindeschreiber<\/li>\n<\/ul>\n<\/div>\n<\/div>\n<p>[\/et_pb_blurb][et_pb_blurb title=\u00a0\u00bbOnlineveranstaltung und On-Demand-Videos\u00a0\u00bb image_icon_width=\u00a0\u00bb100%\u00a0\u00bb disabled_on=\u00a0\u00bbon|on|on\u00a0\u00bb admin_label=\u00a0\u00bbOnlineveranstaltung und On-Demand-Videos\u00a0\u00bb _builder_version=\u00a0\u00bb4.21.0&Prime; _module_preset=\u00a0\u00bbdefault\u00a0\u00bb background_color=\u00a0\u00bb#efefef\u00a0\u00bb image_icon_custom_margin=\u00a0\u00bb30px||30px||false|false\u00a0\u00bb custom_padding=\u00a0\u00bb40px|40px|40px|40px|false|false\u00a0\u00bb disabled=\u00a0\u00bbon\u00a0\u00bb global_colors_info=\u00a0\u00bb{}\u00a0\u00bb]<\/p>\n<div class=\"content clearfix\">\n<div class=\"content clearfix\">\n<h2 class=\"block-title\">\u00a0<\/h2>\n<div class=\"content clearfix\">\n<p><img decoding=\"async\" src=\"https:\/\/www.beschaffungsrecht-tagung.ch\/sites\/default\/files\/laptopbild_rikakoch_360x180px.png\" alt=\"\" \/><\/p>\n<p>Verfolgen Sie das Schulthess Forum Datenschutz in St\u00e4dten und Gemeinden 2023 in real time und nutzen Sie die Gelegenheit, alle Referate im Nachgang, als On-Demand-Videos nochmals anzusehen. So k\u00f6nnen Sie Ihren Arbeitstag individuell organisieren.<\/p>\n<ul>\n<li>Legen Sie Ihre Schwerpunkte selbst fest &#8211; schauen Sie sich Beitr\u00e4ge wiederholt an<\/li>\n<li>Bringen Sie sich ein &#8211; stellen Sie jederzeit Ihre Fragen online an die Referierenden<\/li>\n<li>Rufen Sie sich Inhalte ins Ged\u00e4chtnis zur\u00fcck &#8211; Sie haben 4 Wochen lang Zugriff auf die einzelnen Referate<\/li>\n<\/ul>\n<\/div>\n<\/div>\n<\/div>\n<p>[\/et_pb_blurb][et_pb_blurb title=\u00a0\u00bbSystemanforderungen\u00a0\u00bb image_icon_width=\u00a0\u00bb100%\u00a0\u00bb disabled_on=\u00a0\u00bbon|on|on\u00a0\u00bb admin_label=\u00a0\u00bbSystemanforderungen\u00a0\u00bb _builder_version=\u00a0\u00bb4.21.0&Prime; _module_preset=\u00a0\u00bbdefault\u00a0\u00bb background_color=\u00a0\u00bb#efefef\u00a0\u00bb image_icon_custom_margin=\u00a0\u00bb30px||30px||false|false\u00a0\u00bb custom_padding=\u00a0\u00bb40px|40px|40px|40px|false|false\u00a0\u00bb disabled=\u00a0\u00bbon\u00a0\u00bb global_colors_info=\u00a0\u00bb{}\u00a0\u00bb]<\/p>\n<div class=\"content clearfix\">\n<div class=\"content clearfix\">\n<p class=\"block-title\"><span style=\"color: #666666; font-size: 14px;\">F\u00fcr die Webinare verwenden wir die \u00abZoom Video-Webinare\u00bb-Technologie (<\/span><a style=\"font-size: 14px;\" href=\"https:\/\/zoom.us\/\" target=\"_blank\" rel=\"noopener noreferrer\">zoom.us<\/a><span style=\"color: #666666; font-size: 14px;\">). F\u00fcr die Teilnahme an einem Webinar ist ein Computer (<\/span><a style=\"font-size: 14px;\" href=\"https:\/\/support.zoom.us\/hc\/de\/articles\/201362023-Systemanforderungen-f%C3%BCr-Windows-macOS-und-Linux#h_92957a85-2506-43a2-bd4a-5bb274778518\" target=\"_blank\" rel=\"noopener noreferrer\">Windows, Mac<\/a><span style=\"color: #666666; font-size: 14px;\">) mit einem aktuellen Browser notwendig. Alternativ kann auch die Zoom-App App auf einem Tablet oder Smartphone (<\/span><a style=\"font-size: 14px;\" href=\"https:\/\/support.zoom.us\/hc\/de\/articles\/201179966\" target=\"_blank\" rel=\"noopener noreferrer\">Android, iOS<\/a><span style=\"color: #666666; font-size: 14px;\">) verwendet werden.<\/span><\/p>\n<\/div>\n<\/div>\n<p>[\/et_pb_blurb][et_pb_blurb title=\u00a0\u00bbGr\u00fcnde f\u00fcr Ihre Teilnahme:\u00a0\u00bb disabled_on=\u00a0\u00bbon|on|on\u00a0\u00bb admin_label=\u00a0\u00bbGr\u00fcnde f\u00fcr Ihre Teilnahme:\u00a0\u00bb _builder_version=\u00a0\u00bb4.21.0&Prime; _module_preset=\u00a0\u00bbdefault\u00a0\u00bb background_color=\u00a0\u00bb#efefef\u00a0\u00bb custom_padding=\u00a0\u00bb40px|40px|40px|40px|false|false\u00a0\u00bb link_option_url=\u00a0\u00bbhttps:\/\/bank-kapitalmarktrecht.iusnet.ch\/de\/user\/register\u00a0\u00bb link_option_url_new_window=\u00a0\u00bbon\u00a0\u00bb disabled=\u00a0\u00bbon\u00a0\u00bb global_colors_info=\u00a0\u00bb{}\u00a0\u00bb]<\/p>\n<div class=\"content clearfix\">\n<ul>\n<li>Kompakte Wissensvermittlung von erfahrenen Experten.<\/li>\n<li>Sie k\u00f6nnen jederzeit Fragen an die Referenten stellen und sich mit anderen Teilnehmenden austauschen.<\/li>\n<li>Unsere Referenten stehen Ihnen auch nach dem Workshop bei Fragen zur Verf\u00fcgung.<\/li>\n<li>Best Practices: Die Vortr\u00e4ge geben Ihnen praxisnahe Einblicke und spannende Beispiele.<\/li>\n<li>Zum Abschluss erhalten Sie ein Zertifikat, das Ihr neu erworbenes Wissen dokumentiert.<\/li>\n<\/ul>\n<\/div>\n<p>[\/et_pb_blurb][et_pb_blurb title=\u00a0\u00bbDie Veranstaltung richtet sich an:\u00a0\u00bb disabled_on=\u00a0\u00bbon|on|on\u00a0\u00bb admin_label=\u00a0\u00bbZielpublikum\u00a0\u00bb _builder_version=\u00a0\u00bb4.21.0&Prime; _module_preset=\u00a0\u00bbdefault\u00a0\u00bb background_color=\u00a0\u00bb#efefef\u00a0\u00bb custom_padding=\u00a0\u00bb40px|40px|40px|40px|false|false\u00a0\u00bb link_option_url=\u00a0\u00bbhttps:\/\/bank-kapitalmarktrecht.iusnet.ch\/de\/user\/register\u00a0\u00bb link_option_url_new_window=\u00a0\u00bbon\u00a0\u00bb disabled=\u00a0\u00bbon\u00a0\u00bb global_colors_info=\u00a0\u00bb{}\u00a0\u00bb]<\/p>\n<div class=\"content clearfix\">\n<ul>\n<li class=\"block-title\"><span style=\"color: #666666; font-size: 14px;\">Datenschutzbeauftragte und Datenschutzverantwortliche<\/span><\/li>\n<li class=\"content clearfix\">Abteilungsleitende und ihre Mitarbeitenden aus den Bereichen Soziales, Erziehung, Steuern Sicherheit, Justiz, Gesundheit, Finanzen, HR<\/li>\n<li class=\"content clearfix\">Abteilungsleitende und ihre Mitarbeitenden aus Datenverarbeitung und Archivierung<\/li>\n<li class=\"content clearfix\">Rechtsanw\u00e4ltinnen und Rechtsanw\u00e4lte<\/li>\n<li class=\"content clearfix\">Juristinnen und Juristen in \u00f6ffentlich-rechtlichen Unternehmen<\/li>\n<\/ul>\n<p>die in ihrer t\u00e4glichen Praxis mit Fragen zum Datenschutz in St\u00e4dten, Gemeinden sowie in Kantonen und beim Bund konfrontiert sind.<\/p>\n<\/div>\n<p>[\/et_pb_blurb][et_pb_blurb title=\u00a0\u00bbDarum lohnt es sich, den Workshop K\u00fcndigung des Arbeitsverh\u00e4ltnisses im \u00f6ffentlichen Personalrecht zu besuchen:\u00a0\u00bb disabled_on=\u00a0\u00bbon|on|on\u00a0\u00bb admin_label=\u00a0\u00bbDarum lohnt es sich\u00a0\u00bb _builder_version=\u00a0\u00bb4.21.0&Prime; _module_preset=\u00a0\u00bbdefault\u00a0\u00bb background_color=\u00a0\u00bb#efefef\u00a0\u00bb custom_padding=\u00a0\u00bb40px|40px|40px|40px|false|false\u00a0\u00bb link_option_url=\u00a0\u00bbhttps:\/\/bank-kapitalmarktrecht.iusnet.ch\/de\/user\/register\u00a0\u00bb link_option_url_new_window=\u00a0\u00bbon\u00a0\u00bb disabled=\u00a0\u00bbon\u00a0\u00bb global_colors_info=\u00a0\u00bb{}\u00a0\u00bb]<\/p>\n<ul>\n<li>\n<div>Wissens-Update und Vertiefung zum aktuellen rechtlichen Stand<\/div>\n<\/li>\n<li>\n<div>Viel Zeit f\u00fcr Fragen, F\u00e4lle, aktuelle Themen und Handlungsempfehlungen<\/div>\n<\/li>\n<li>\n<div>Illustrative Beispiele aus der t\u00e4glichen Praxis f\u00fcr optimalen Praxistransfer<\/div>\n<\/li>\n<li>\n<div>L\u00f6sungsans\u00e4tze, Checklisten, Ablaufpl\u00e4ne und Regiebuch f\u00fcr das K\u00fcndigungsgespr\u00e4ch<\/div>\n<\/li>\n<\/ul>\n<p>[\/et_pb_blurb][et_pb_code disabled_on=\u00a0\u00bbon|on|on\u00a0\u00bb admin_label=\u00a0\u00bbAnzeige(n)\u00a0\u00bb module_class=\u00a0\u00bbschulthess_product_ads\u00a0\u00bb _builder_version=\u00a0\u00bb4.17.4&Prime; _module_preset=\u00a0\u00bbdefault\u00a0\u00bb disabled=\u00a0\u00bbon\u00a0\u00bb locked=\u00a0\u00bboff\u00a0\u00bb global_colors_info=\u00a0\u00bb{}\u00a0\u00bb][\/et_pb_code][\/et_pb_column][\/et_pb_section][et_pb_section fb_built=\u00a0\u00bb1&Prime; specialty=\u00a0\u00bbon\u00a0\u00bb module_class_2=\u00a0\u00bbschulthess-product-attendee-section\u00a0\u00bb admin_label=\u00a0\u00bbInhalt mit Teilnehmerbereich\u00a0\u00bb module_id=\u00a0\u00bbschulthess-attendee-section\u00a0\u00bb module_class=\u00a0\u00bbschulthess-hidden\u00a0\u00bb _builder_version=\u00a0\u00bb4.20.2&Prime; _module_preset=\u00a0\u00bbdefault\u00a0\u00bb display_conditions=\u00a0\u00bbW3siaWQiOiI3NDc0ZmExMC0yZTg5LTQ3MDctYjM2Yi1iZDA3ZWJiMGZlZDEiLCJjb25kaXRpb24iOiJsb2dnZWRJblN0YXR1cyIsImNvbmRpdGlvblNldHRpbmdzIjp7ImRpc3BsYXlSdWxlIjoibG9nZ2VkSW4iLCJhZG1pbkxhYmVsIjoiQW5nZW1lbGRldGVyIFN0YXR1cyIsImVuYWJsZUNvbmRpdGlvbiI6Im9uIn0sIm9wZXJhdG9yIjoiT1IifV0=\u00a0\u00bb locked=\u00a0\u00bboff\u00a0\u00bb collapsed=\u00a0\u00bboff\u00a0\u00bb global_colors_info=\u00a0\u00bb{}\u00a0\u00bb disabled_on=\u00a0\u00bbon|on|on\u00a0\u00bb disabled=\u00a0\u00bbon\u00a0\u00bb][et_pb_column type=\u00a0\u00bb3_4&Prime; specialty_columns=\u00a0\u00bb3&Prime; _builder_version=\u00a0\u00bb4.16&Prime; custom_padding=\u00a0\u00bb|||\u00a0\u00bb global_colors_info=\u00a0\u00bb{}\u00a0\u00bb custom_padding__hover=\u00a0\u00bb|||\u00a0\u00bb][et_pb_row_inner admin_label=\u00a0\u00bbHeadline Teilnehmerbereich\u00a0\u00bb _builder_version=\u00a0\u00bb4.17.4&Prime; _module_preset=\u00a0\u00bbdefault\u00a0\u00bb collapsed=\u00a0\u00bboff\u00a0\u00bb global_colors_info=\u00a0\u00bb{}\u00a0\u00bb][et_pb_column_inner saved_specialty_column_type=\u00a0\u00bb3_4&Prime; _builder_version=\u00a0\u00bb4.17.4&Prime; _module_preset=\u00a0\u00bbdefault\u00a0\u00bb global_colors_info=\u00a0\u00bb{}\u00a0\u00bb][et_pb_text admin_label=\u00a0\u00bbTeilnahmebereich\u00a0\u00bb _builder_version=\u00a0\u00bb4.27.0&Prime; _module_preset=\u00a0\u00bbdefault\u00a0\u00bb global_colors_info=\u00a0\u00bb{}\u00a0\u00bb]<\/p>\n<h3>Teilnehmerbereich<\/h3>\n<p>[\/et_pb_text][sfdm_download_list _builder_version=\u00a0\u00bb4.27.0&Prime; _module_preset=\u00a0\u00bbdefault\u00a0\u00bb global_colors_info=\u00a0\u00bb{}\u00a0\u00bb][sfdm_download_list_item title=\u00a0\u00bbReferierende und Themen\u00a0\u00bb file=\u00a0\u00bbhttps:\/\/www.schulthessforum.ch\/wp-content\/media\/02_00_Referierende-und-Themen-1.pdf\u00a0\u00bb _builder_version=\u00a0\u00bb4.27.0&Prime; _module_preset=\u00a0\u00bbdefault\u00a0\u00bb link_option_url_new_window=\u00a0\u00bbon\u00a0\u00bb global_colors_info=\u00a0\u00bb{}\u00a0\u00bb][\/sfdm_download_list_item][sfdm_download_list_item title=\u00a0\u00bbAufwachsen mit Algorithmen_Prof. Dr. Franziska Sprecher\u00a0\u00bb file=\u00a0\u00bbhttps:\/\/www.schulthessforum.ch\/wp-content\/media\/03_00_Aufwachsen-mit-Algorithmen_Prof.-Dr.-Franziska-Sprecher.pdf\u00a0\u00bb _builder_version=\u00a0\u00bb4.27.0&Prime; _module_preset=\u00a0\u00bbdefault\u00a0\u00bb link_option_url_new_window=\u00a0\u00bbon\u00a0\u00bb global_colors_info=\u00a0\u00bb{}\u00a0\u00bb][\/sfdm_download_list_item][sfdm_download_list_item title=\u00a0\u00bbDigitale Leistungserhebung &#8211; eAssessments im Unterricht_Dr. Andr\u00e9 Dinter und Sonja R\u00fcegg\u00a0\u00bb file=\u00a0\u00bbhttps:\/\/www.schulthessforum.ch\/wp-content\/media\/04_00_E-Assessment_Dr.-Andre-Dinter-und-Sonja-Rueegg.pdf\u00a0\u00bb _builder_version=\u00a0\u00bb4.27.0&Prime; _module_preset=\u00a0\u00bbdefault\u00a0\u00bb link_option_url_new_window=\u00a0\u00bbon\u00a0\u00bb global_colors_info=\u00a0\u00bb{}\u00a0\u00bb][\/sfdm_download_list_item][sfdm_download_list_item title=\u00a0\u00bbDigitalisierung im Bildungswesen: Beschaffungsrechtliche Aspekte_Prof. Dr. Rika Koch\u00a0\u00bb file=\u00a0\u00bbhttps:\/\/www.schulthessforum.ch\/wp-content\/media\/05_00_Digitalisierung-im-Bildungswesen-Beschaffungsrechtliche-Aspekte_Prof.-Dr.-Rika-Koch.pdf\u00a0\u00bb _builder_version=\u00a0\u00bb4.27.0&Prime; _module_preset=\u00a0\u00bbdefault\u00a0\u00bb link_option_url_new_window=\u00a0\u00bbon\u00a0\u00bb global_colors_info=\u00a0\u00bb{}\u00a0\u00bb][\/sfdm_download_list_item][sfdm_download_list_item title=\u00a0\u00bbDatenschutz bei digitaler Leistungserhebung &#8211; eAssessments_Danielle Kaufmann\u00a0\u00bb file=\u00a0\u00bbhttps:\/\/www.schulthessforum.ch\/wp-content\/media\/06_00_Datenschutz-bei-digitaler-Leistungserhebung-eAssessments_Danielle-Kaufmann.pdf\u00a0\u00bb _builder_version=\u00a0\u00bb4.27.0&Prime; _module_preset=\u00a0\u00bbdefault\u00a0\u00bb link_option_url_new_window=\u00a0\u00bbon\u00a0\u00bb global_colors_info=\u00a0\u00bb{}\u00a0\u00bb][\/sfdm_download_list_item][sfdm_download_list_item title=\u00a0\u00bbGesamtpr\u00e4sentation Schulthess Forum Digitalisierung der Jugend 2024&Prime; file=\u00a0\u00bbhttps:\/\/www.schulthessforum.ch\/wp-content\/media\/Digitalisierung-der-Jugend-2024\/Gesamtpraesenation-Schulthess-Forum-Digitalisierung-der-Jugend-2024.pdf\u00a0\u00bb _builder_version=\u00a0\u00bb4.27.0&Prime; _module_preset=\u00a0\u00bbdefault\u00a0\u00bb link_option_url_new_window=\u00a0\u00bbon\u00a0\u00bb global_colors_info=\u00a0\u00bb{}\u00a0\u00bb][\/sfdm_download_list_item][sfdm_download_list_item title=\u00a0\u00bbPartner\u00a0\u00bb file=\u00a0\u00bbhttps:\/\/www.schulthessforum.ch\/wp-content\/media\/07_00_Partner.pdf\u00a0\u00bb _builder_version=\u00a0\u00bb4.27.0&Prime; _module_preset=\u00a0\u00bbdefault\u00a0\u00bb link_option_url_new_window=\u00a0\u00bbon\u00a0\u00bb global_colors_info=\u00a0\u00bb{}\u00a0\u00bb][\/sfdm_download_list_item][\/sfdm_download_list][et_pb_text disabled_on=\u00a0\u00bboff|off|off\u00a0\u00bb admin_label=\u00a0\u00bbVideoaufnahmen \u00a0\u00bb _builder_version=\u00a0\u00bb4.27.0&Prime; _module_preset=\u00a0\u00bbdefault\u00a0\u00bb global_colors_info=\u00a0\u00bb{}\u00a0\u00bb]<\/p>\n<h3>Videoaufnahmen<\/h3>\n<p>[\/et_pb_text][\/et_pb_column_inner][\/et_pb_row_inner][et_pb_row_inner column_structure=\u00a0\u00bb1_2,1_2&Prime; disabled_on=\u00a0\u00bboff|off|off\u00a0\u00bb admin_label=\u00a0\u00bb1&Prime; _builder_version=\u00a0\u00bb4.17.4&Prime; _module_preset=\u00a0\u00bbdefault\u00a0\u00bb global_colors_info=\u00a0\u00bb{}\u00a0\u00bb][et_pb_column_inner type=\u00a0\u00bb1_2&Prime; saved_specialty_column_type=\u00a0\u00bb3_4&Prime; _builder_version=\u00a0\u00bb4.17.4&Prime; _module_preset=\u00a0\u00bbdefault\u00a0\u00bb global_colors_info=\u00a0\u00bb{}\u00a0\u00bb][et_pb_image src=\u00a0\u00bbhttps:\/\/www.schulthessforum.ch\/wp-content\/media\/Digitalisierung-der-Jugend-2024\/Vimeo-Standbilder-2024\/Sprecher_Franziska_Vimeo_1920x1080px-scaled.jpg\u00a0\u00bb title_text=\u00a0\u00bbSprecher Franziska Vimeo 1920x1080px\u00a0\u00bb url=\u00a0\u00bbhttps:\/\/player.vimeo.com\/progressive_redirect\/playback\/1029341737\/rendition\/1080p\/file.mp4?loc=external&#038;log_user=0&#038;signature=a96456523ae1e969c68c1142d97612d5858a286de9e118f3b825244896e1c1d4&Prime; url_new_window=\u00a0\u00bbon\u00a0\u00bb admin_label=\u00a0\u00bbBild\u00a0\u00bb _builder_version=\u00a0\u00bb4.27.0&Prime; _module_preset=\u00a0\u00bbdefault\u00a0\u00bb global_colors_info=\u00a0\u00bb{}\u00a0\u00bb][\/et_pb_image][\/et_pb_column_inner][et_pb_column_inner type=\u00a0\u00bb1_2&Prime; saved_specialty_column_type=\u00a0\u00bb3_4&Prime; _builder_version=\u00a0\u00bb4.17.4&Prime; _module_preset=\u00a0\u00bbdefault\u00a0\u00bb global_colors_info=\u00a0\u00bb{}\u00a0\u00bb][et_pb_text _builder_version=\u00a0\u00bb4.27.0&Prime; _module_preset=\u00a0\u00bbdefault\u00a0\u00bb link_option_url=\u00a0\u00bbhttps:\/\/player.vimeo.com\/progressive_redirect\/playback\/1029341737\/rendition\/1080p\/file.mp4?loc=external&#038;log_user=0&#038;signature=a96456523ae1e969c68c1142d97612d5858a286de9e118f3b825244896e1c1d4&Prime; link_option_url_new_window=\u00a0\u00bbon\u00a0\u00bb global_colors_info=\u00a0\u00bb{}\u00a0\u00bb]<\/p>\n<p>Aufwachsen mit Algorithmen_Prof. Dr. Franziska Sprecher<\/p>\n<p>[\/et_pb_text][\/et_pb_column_inner][\/et_pb_row_inner][et_pb_row_inner column_structure=\u00a0\u00bb1_2,1_2&Prime; disabled_on=\u00a0\u00bboff|off|off\u00a0\u00bb admin_label=\u00a0\u00bb2&Prime; _builder_version=\u00a0\u00bb4.17.4&Prime; _module_preset=\u00a0\u00bbdefault\u00a0\u00bb global_colors_info=\u00a0\u00bb{}\u00a0\u00bb][et_pb_column_inner type=\u00a0\u00bb1_2&Prime; saved_specialty_column_type=\u00a0\u00bb3_4&Prime; _builder_version=\u00a0\u00bb4.17.4&Prime; _module_preset=\u00a0\u00bbdefault\u00a0\u00bb global_colors_info=\u00a0\u00bb{}\u00a0\u00bb][et_pb_image src=\u00a0\u00bbhttps:\/\/www.schulthessforum.ch\/wp-content\/media\/Digitalisierung-der-Jugend-2024\/Vimeo-Standbilder-2024\/Dinter_Rueegg_Vimeo_1920x1080px-scaled.jpg\u00a0\u00bb title_text=\u00a0\u00bbDinter Rueegg Vimeo 1920x1080px\u00a0\u00bb url=\u00a0\u00bbhttps:\/\/player.vimeo.com\/progressive_redirect\/playback\/1029342348\/rendition\/1080p\/file.mp4?loc=external&#038;log_user=0&#038;signature=d240ce0a31f6be2d5a5c2107de0e5072add5578e9bad1eec35992a858419b50f\u00a0\u00bb url_new_window=\u00a0\u00bbon\u00a0\u00bb admin_label=\u00a0\u00bbBild\u00a0\u00bb _builder_version=\u00a0\u00bb4.27.0&Prime; _module_preset=\u00a0\u00bbdefault\u00a0\u00bb global_colors_info=\u00a0\u00bb{}\u00a0\u00bb][\/et_pb_image][\/et_pb_column_inner][et_pb_column_inner type=\u00a0\u00bb1_2&Prime; saved_specialty_column_type=\u00a0\u00bb3_4&Prime; _builder_version=\u00a0\u00bb4.17.4&Prime; _module_preset=\u00a0\u00bbdefault\u00a0\u00bb global_colors_info=\u00a0\u00bb{}\u00a0\u00bb][et_pb_text admin_label=\u00a0\u00bbText\u00a0\u00bb _builder_version=\u00a0\u00bb4.27.0&Prime; _module_preset=\u00a0\u00bbdefault\u00a0\u00bb link_option_url=\u00a0\u00bbhttps:\/\/player.vimeo.com\/progressive_redirect\/playback\/1029342348\/rendition\/1080p\/file.mp4?loc=external&#038;log_user=0&#038;signature=d240ce0a31f6be2d5a5c2107de0e5072add5578e9bad1eec35992a858419b50f\u00a0\u00bb link_option_url_new_window=\u00a0\u00bbon\u00a0\u00bb global_colors_info=\u00a0\u00bb{}\u00a0\u00bb]<\/p>\n<p>Digitale Leistungserhebung &#8211; eAssessments im Unterricht_Dr. Andr\u00e9 Dinter und Sonja R\u00fcegg<\/p>\n<p>[\/et_pb_text][\/et_pb_column_inner][\/et_pb_row_inner][et_pb_row_inner column_structure=\u00a0\u00bb1_2,1_2&Prime; disabled_on=\u00a0\u00bboff|off|off\u00a0\u00bb admin_label=\u00a0\u00bb3&Prime; _builder_version=\u00a0\u00bb4.17.4&Prime; _module_preset=\u00a0\u00bbdefault\u00a0\u00bb global_colors_info=\u00a0\u00bb{}\u00a0\u00bb][et_pb_column_inner type=\u00a0\u00bb1_2&Prime; saved_specialty_column_type=\u00a0\u00bb3_4&Prime; _builder_version=\u00a0\u00bb4.17.4&Prime; _module_preset=\u00a0\u00bbdefault\u00a0\u00bb global_colors_info=\u00a0\u00bb{}\u00a0\u00bb][et_pb_image src=\u00a0\u00bbhttps:\/\/www.schulthessforum.ch\/wp-content\/media\/Digitalisierung-der-Jugend-2024\/Vimeo-Standbilder-2024\/Koch_Rika_Vimeo_1920x1080px-scaled.jpg\u00a0\u00bb title_text=\u00a0\u00bbKoch Rika Vimeo 1920x1080px\u00a0\u00bb url=\u00a0\u00bbhttps:\/\/player.vimeo.com\/progressive_redirect\/playback\/1029338779\/rendition\/1080p\/file.mp4?loc=external&#038;log_user=0&#038;signature=fb4f72c64c4d47b080330eb83b23a18bb2378d7a17fb459873814d6d6fe6d736&Prime; url_new_window=\u00a0\u00bbon\u00a0\u00bb _builder_version=\u00a0\u00bb4.27.0&Prime; _module_preset=\u00a0\u00bbdefault\u00a0\u00bb global_colors_info=\u00a0\u00bb{}\u00a0\u00bb][\/et_pb_image][\/et_pb_column_inner][et_pb_column_inner type=\u00a0\u00bb1_2&Prime; saved_specialty_column_type=\u00a0\u00bb3_4&Prime; _builder_version=\u00a0\u00bb4.17.4&Prime; _module_preset=\u00a0\u00bbdefault\u00a0\u00bb global_colors_info=\u00a0\u00bb{}\u00a0\u00bb][et_pb_text _builder_version=\u00a0\u00bb4.27.0&Prime; _module_preset=\u00a0\u00bbdefault\u00a0\u00bb link_option_url=\u00a0\u00bbhttps:\/\/player.vimeo.com\/progressive_redirect\/playback\/1029338779\/rendition\/1080p\/file.mp4?loc=external&#038;log_user=0&#038;signature=fb4f72c64c4d47b080330eb83b23a18bb2378d7a17fb459873814d6d6fe6d736&Prime; link_option_url_new_window=\u00a0\u00bbon\u00a0\u00bb global_colors_info=\u00a0\u00bb{}\u00a0\u00bb]<\/p>\n<p>Digitalisierung im Bildungswesen: Beschaffungsrechtliche Aspekte_Prof. Dr. Rika Koch<\/p>\n<p>[\/et_pb_text][\/et_pb_column_inner][\/et_pb_row_inner][et_pb_row_inner column_structure=\u00a0\u00bb1_2,1_2&Prime; disabled_on=\u00a0\u00bboff|off|off\u00a0\u00bb admin_label=\u00a0\u00bb4&Prime; _builder_version=\u00a0\u00bb4.17.4&Prime; _module_preset=\u00a0\u00bbdefault\u00a0\u00bb global_colors_info=\u00a0\u00bb{}\u00a0\u00bb][et_pb_column_inner type=\u00a0\u00bb1_2&Prime; saved_specialty_column_type=\u00a0\u00bb3_4&Prime; _builder_version=\u00a0\u00bb4.17.4&Prime; _module_preset=\u00a0\u00bbdefault\u00a0\u00bb global_colors_info=\u00a0\u00bb{}\u00a0\u00bb][et_pb_image src=\u00a0\u00bbhttps:\/\/www.schulthessforum.ch\/wp-content\/media\/Digitalisierung-der-Jugend-2024\/Vimeo-Standbilder-2024\/Kaufmann_Danielle_Vimeo_1920x1080px-scaled.jpg\u00a0\u00bb title_text=\u00a0\u00bbKaufmann Danielle Vimeo 1920x1080px\u00a0\u00bb url=\u00a0\u00bbhttps:\/\/player.vimeo.com\/progressive_redirect\/playback\/1029339961\/rendition\/1080p\/file.mp4?loc=external&#038;log_user=0&#038;signature=872b3ba7a3763c7a19e9563670136c10cbbbafaa8bcadd3c026dafb691be6cac\u00a0\u00bb url_new_window=\u00a0\u00bbon\u00a0\u00bb _builder_version=\u00a0\u00bb4.27.0&Prime; _module_preset=\u00a0\u00bbdefault\u00a0\u00bb global_colors_info=\u00a0\u00bb{}\u00a0\u00bb][\/et_pb_image][\/et_pb_column_inner][et_pb_column_inner type=\u00a0\u00bb1_2&Prime; saved_specialty_column_type=\u00a0\u00bb3_4&Prime; _builder_version=\u00a0\u00bb4.17.4&Prime; _module_preset=\u00a0\u00bbdefault\u00a0\u00bb global_colors_info=\u00a0\u00bb{}\u00a0\u00bb][et_pb_text _builder_version=\u00a0\u00bb4.27.0&Prime; _module_preset=\u00a0\u00bbdefault\u00a0\u00bb link_option_url=\u00a0\u00bbhttps:\/\/player.vimeo.com\/progressive_redirect\/playback\/1029339961\/rendition\/1080p\/file.mp4?loc=external&#038;log_user=0&#038;signature=872b3ba7a3763c7a19e9563670136c10cbbbafaa8bcadd3c026dafb691be6cac\u00a0\u00bb link_option_url_new_window=\u00a0\u00bbon\u00a0\u00bb global_colors_info=\u00a0\u00bb{}\u00a0\u00bb]<\/p>\n<p>Datenschutz bei digitaler Leistungserhebung &#8211; eAssessments_Danielle Kaufmann<\/p>\n<p>[\/et_pb_text][\/et_pb_column_inner][\/et_pb_row_inner][et_pb_row_inner column_structure=\u00a0\u00bb1_2,1_2&Prime; disabled_on=\u00a0\u00bboff|off|off\u00a0\u00bb admin_label=\u00a0\u00bb5&Prime; _builder_version=\u00a0\u00bb4.17.4&Prime; _module_preset=\u00a0\u00bbdefault\u00a0\u00bb global_colors_info=\u00a0\u00bb{}\u00a0\u00bb][et_pb_column_inner type=\u00a0\u00bb1_2&Prime; saved_specialty_column_type=\u00a0\u00bb3_4&Prime; _builder_version=\u00a0\u00bb4.17.4&Prime; _module_preset=\u00a0\u00bbdefault\u00a0\u00bb global_colors_info=\u00a0\u00bb{}\u00a0\u00bb][et_pb_image src=\u00a0\u00bbhttps:\/\/www.schulthessforum.ch\/wp-content\/media\/Digitalisierung-der-Jugend-2024\/Vimeo-Standbilder-2024\/Schulthess-Forum_1920x1080px.png\u00a0\u00bb title_text=\u00a0\u00bbSchulthess Forum_1920x1080px\u00a0\u00bb url=\u00a0\u00bbhttps:\/\/player.vimeo.com\/progressive_redirect\/playback\/1029343602\/rendition\/1080p\/file.mp4?loc=external&#038;log_user=0&#038;signature=2249c95ce9f15f1e9846d04702bccc99e631e3bbe9cd6080a4d097ae9d1e5376&Prime; url_new_window=\u00a0\u00bbon\u00a0\u00bb _builder_version=\u00a0\u00bb4.27.0&Prime; _module_preset=\u00a0\u00bbdefault\u00a0\u00bb global_colors_info=\u00a0\u00bb{}\u00a0\u00bb][\/et_pb_image][\/et_pb_column_inner][et_pb_column_inner type=\u00a0\u00bb1_2&Prime; saved_specialty_column_type=\u00a0\u00bb3_4&Prime; _builder_version=\u00a0\u00bb4.17.4&Prime; _module_preset=\u00a0\u00bbdefault\u00a0\u00bb global_colors_info=\u00a0\u00bb{}\u00a0\u00bb][et_pb_text _builder_version=\u00a0\u00bb4.27.0&Prime; _module_preset=\u00a0\u00bbdefault\u00a0\u00bb link_option_url=\u00a0\u00bbhttps:\/\/player.vimeo.com\/progressive_redirect\/playback\/1029343602\/rendition\/1080p\/file.mp4?loc=external&#038;log_user=0&#038;signature=2249c95ce9f15f1e9846d04702bccc99e631e3bbe9cd6080a4d097ae9d1e5376&Prime; link_option_url_new_window=\u00a0\u00bbon\u00a0\u00bb global_colors_info=\u00a0\u00bb{}\u00a0\u00bb]<\/p>\n<p class=\"sf-h4 detailprogamm-title\">Fragerunde und Fazit_Leitung Prof. Dr. Franziska Sprecher<\/p>\n<p>[\/et_pb_text][\/et_pb_column_inner][\/et_pb_row_inner][\/et_pb_column][et_pb_column type=\u00a0\u00bb1_4&Prime; _builder_version=\u00a0\u00bb4.16&Prime; custom_padding=\u00a0\u00bb|||\u00a0\u00bb global_colors_info=\u00a0\u00bb{}\u00a0\u00bb custom_padding__hover=\u00a0\u00bb|||\u00a0\u00bb][\/et_pb_column][\/et_pb_section][et_pb_section fb_built=\u00a0\u00bb1&Prime; disabled_on=\u00a0\u00bboff|off|off\u00a0\u00bb admin_label=\u00a0\u00bbPartner\u00a0\u00bb module_id=\u00a0\u00bbschulthess-partner\u00a0\u00bb _builder_version=\u00a0\u00bb4.17.4&Prime; _module_preset=\u00a0\u00bbdefault\u00a0\u00bb background_enable_color=\u00a0\u00bboff\u00a0\u00bb saved_tabs=\u00a0\u00bball\u00a0\u00bb locked=\u00a0\u00bboff\u00a0\u00bb collapsed=\u00a0\u00bbon\u00a0\u00bb global_colors_info=\u00a0\u00bb{}\u00a0\u00bb][et_pb_row disabled_on=\u00a0\u00bbon|on|on\u00a0\u00bb _builder_version=\u00a0\u00bb4.16&Prime; _module_preset=\u00a0\u00bbdefault\u00a0\u00bb disabled=\u00a0\u00bbon\u00a0\u00bb locked=\u00a0\u00bboff\u00a0\u00bb collapsed=\u00a0\u00bboff\u00a0\u00bb global_colors_info=\u00a0\u00bb{}\u00a0\u00bb][et_pb_column type=\u00a0\u00bb4_4&Prime; _builder_version=\u00a0\u00bb4.16&Prime; _module_preset=\u00a0\u00bbdefault\u00a0\u00bb global_colors_info=\u00a0\u00bb{}\u00a0\u00bb][et_pb_text admin_label=\u00a0\u00bb\u00dcberschrift\u00a0\u00bb module_class=\u00a0\u00bbsf-h2 schulthess-product-partner-headline-wrapper\u00a0\u00bb _builder_version=\u00a0\u00bb4.19.5&Prime; _module_preset=\u00a0\u00bbdefault\u00a0\u00bb locked=\u00a0\u00bboff\u00a0\u00bb global_colors_info=\u00a0\u00bb{}\u00a0\u00bb]&lt;?&#8211; NICHT ZU VISUELL WECHSELN. DIE BUTTONS GEHEN SONST VERLOREN &#8211;&gt;<\/p>\n<h5>Partner<\/h5>\n<p><!--div class=\"schulthess-product-partner-nav\">[schulthess_product_partner_tabs]\n\n\n<div class=\"buttons\"><button class=\"grid icon_grid aktiv\"><span><\/span><\/button><button class=\"list icon_list\"><span><\/span><\/button><\/div>\n\n\n<\/div-->[\/et_pb_text][et_pb_code disabled_on=\u00a0\u00bboff|off|off\u00a0\u00bb admin_label=\u00a0\u00bbCode (ein grid, keine Filter)\u00a0\u00bb _builder_version=\u00a0\u00bb4.17.4&Prime; _module_preset=\u00a0\u00bbdefault\u00a0\u00bb locked=\u00a0\u00bboff\u00a0\u00bb global_colors_info=\u00a0\u00bb{}\u00a0\u00bb]<div class=\"schulthess-product-partner-wrapper grid\">\n                  <div id=\"9155\" class=\"schulthess-product-partner Kooperationspartner\" partner-type=\"Kooperationspartner\">\n                        <div class=\"schulthess-product-partner-image\">\n                                <img loading=\"lazy\" decoding=\"async\" src=\"https:\/\/www.schulthessforum.ch\/wp-content\/media\/Partner\/logos\/Schweizerischer_Staedteverband_cmyk-250x84.jpg\" alt=\"Schweizerischer St\u00e4dteverband\" title=\"Schweizerischer St\u00e4dteverband\" width=\"250\" height=\"150\" \/>\n                        <\/div>\n                        <div class=\"schulthess-product-partner-info\">\n                            <div class=\"content\">\n                                <h4 class=\"schulthess-product-partner-name\">Schweizerischer St\u00e4dteverband<\/h4>\n                                <p class=\"schulthess-product-partner-type\">\n                                    Kooperationspartner\n                                <\/p>\n                                <p class=\"schulthess-product-partner-description\">\n                                    Der St\u00e4dteverband vertritt die Interessen und Anliegen der St\u00e4dte, Agglomerationen und st\u00e4dtischen Gemeinden. Er ist damit die Stimme der urbanen Schweiz, in der rund drei Viertel der Schweizer Bev\u00f6lkerung leben und 84% der Wirtschaftsleistung unseres Landes erbracht werden.\n                                <\/p>\n                                <p class=\"schulthess-product-partner-speakers\">\n                                    Referenten: \n                                <\/p>\n                                <!--div class=\"schulthess-product-partner-link\">\n                                        <span>zur Website<\/span>\n                                        <span class=\"link-icon\">\n                                            <svg xmlns=\"http:\/\/www.w3.org\/2000\/svg\" width=\"11\" height=\"10\" viewBox=\"0 0 9.697 9.017\">\n                                                <g transform=\"translate(-813.933 -2094.752)\">\n                                                    <path d=\"M9442.49,1683l3.447,3.448-3.447,3.448\" transform=\"translate(-8627.497 412.813)\" fill=\"none\" stroke=\"#000\" stroke-linecap=\"round\" stroke-width=\"1.5\"\/>\n                                                    <path d=\"M9442.49,1683l3.447,3.448-3.447,3.448\" transform=\"translate(-8623.368 412.813)\" fill=\"none\" stroke=\"#000\" stroke-linecap=\"round\" stroke-width=\"1.5\"\/>\n                                                <\/g>\n                                            <\/svg>\n                                        <\/span>\n                                <\/div-->\n                            <\/div>\n                        <\/div>\n                    <\/div><div id=\"7442\" class=\"schulthess-product-partner Medienpartner\" partner-type=\"Medienpartner\">\n                        <div class=\"schulthess-product-partner-image\">\n                                <img loading=\"lazy\" decoding=\"async\" src=\"https:\/\/www.schulthessforum.ch\/wp-content\/media\/Partner\/logos\/SJZ_Logo_groesser_350px-250x66.jpg\" alt=\"Schweizerische Juristen-Zeitung (SJZ)\" title=\"Schweizerische Juristen-Zeitung (SJZ)\" width=\"250\" height=\"150\" \/>\n                        <\/div>\n                        <div class=\"schulthess-product-partner-info\">\n                            <div class=\"content\">\n                                <h4 class=\"schulthess-product-partner-name\">Schweizerische Juristen-Zeitung (SJZ)<\/h4>\n                                <p class=\"schulthess-product-partner-type\">\n                                    Medienpartner\n                                <\/p>\n                                <p class=\"schulthess-product-partner-description\">\n                                    Die neu ausgerichtete Schweizerische Juristen-Zeitung (SJZ) erscheint ab Januar 2026 monatlich \u2013 mit erweitertem Umfang und praxisnaher Struktur f\u00fcr mehr Informationsgehalt und h\u00f6heren Leserkomfort, bei unver\u00e4ndert hohem wissenschaftlichem Anspruch. Die Zeitschrift h\u00e4lt Sie mit neuen Rubriken zu Privatrecht, \u00f6ffentlichem Recht und internationalem Recht gezielt und umfassend auf dem Laufenden. Interdisziplin\u00e4re Themen r\u00fccken st\u00e4rker in den Fokus, und im Forum f\u00f6rdern Interviews sowie Stellungnahmen mit vielf\u00e4ltigen Perspektiven den juristischen Diskurs. Namhafte Autorinnen und Autoren aus Anwaltschaft, Unternehmen, Justiz, Verwaltung und Wissenschaft sorgen gemeinsam mit ausgewiesenen Expertinnen und Experten in der Redaktion sowie erfahrenen Korrespondenten am Bundeshaus und Bundesgericht daf\u00fcr, dass Ihnen keine wesentliche Rechtsprechung und Gesetzgebung entgeht. So behalten Sie die Entwicklung der Rechtsgebiete stets im Blick und profitieren von wichtigen Informationen f\u00fcr Ihre Berufspraxis. Auf Schulthess Digital k\u00f6nnen Sie die gew\u00fcnschten Artikel jederzeit im neuen Web- oder Printlayout online lesen und in Ihrer Zeitschrift und den sonst bei Schulthess erworbenen Werken komfortabel recherchieren.\n                                <\/p>\n                                <p class=\"schulthess-product-partner-speakers\">\n                                    Referenten: \n                                <\/p>\n                                <!--div class=\"schulthess-product-partner-link\">\n                                        <span>zur Website<\/span>\n                                        <span class=\"link-icon\">\n                                            <svg xmlns=\"http:\/\/www.w3.org\/2000\/svg\" width=\"11\" height=\"10\" viewBox=\"0 0 9.697 9.017\">\n                                                <g transform=\"translate(-813.933 -2094.752)\">\n                                                    <path d=\"M9442.49,1683l3.447,3.448-3.447,3.448\" transform=\"translate(-8627.497 412.813)\" fill=\"none\" stroke=\"#000\" stroke-linecap=\"round\" stroke-width=\"1.5\"\/>\n                                                    <path d=\"M9442.49,1683l3.447,3.448-3.447,3.448\" transform=\"translate(-8623.368 412.813)\" fill=\"none\" stroke=\"#000\" stroke-linecap=\"round\" stroke-width=\"1.5\"\/>\n                                                <\/g>\n                                            <\/svg>\n                                        <\/span>\n                                <\/div-->\n                            <\/div>\n                        <\/div>\n                    <\/div><div id=\"9606\" class=\"schulthess-product-partner Medienpartner\" partner-type=\"Medienpartner\">\n                        <div class=\"schulthess-product-partner-image\">\n                                <img loading=\"lazy\" decoding=\"async\" src=\"https:\/\/www.schulthessforum.ch\/wp-content\/media\/Partner\/iusnet_Website_Digitales_Recht_und_Datenrecht_364x104px-250x71.png\" alt=\"iusNet Digitales Recht und Datenrecht\" title=\"iusNet Digitales Recht und Datenrecht\" width=\"250\" height=\"150\" \/>\n                        <\/div>\n                        <div class=\"schulthess-product-partner-info\">\n                            <div class=\"content\">\n                                <h4 class=\"schulthess-product-partner-name\">iusNet Digitales Recht und Datenrecht<\/h4>\n                                <p class=\"schulthess-product-partner-type\">\n                                    Medienpartner\n                                <\/p>\n                                <p class=\"schulthess-product-partner-description\">\n                                    iusnet Digitales Recht und Datenrecht informiert Sie \u00fcber die wichtigsten Entwicklungen in Rechtsprechung und Gesetzgebung zu den Themengebieten wie Cyber Security, Datenschutz\u00adgesetzgebung, DSGVO, Blockchain, Sanktionen und Verfahren u.w.m.\n                                <\/p>\n                                <p class=\"schulthess-product-partner-speakers\">\n                                    Referenten: \n                                <\/p>\n                                <!--div class=\"schulthess-product-partner-link\">\n                                        <span>zur Website<\/span>\n                                        <span class=\"link-icon\">\n                                            <svg xmlns=\"http:\/\/www.w3.org\/2000\/svg\" width=\"11\" height=\"10\" viewBox=\"0 0 9.697 9.017\">\n                                                <g transform=\"translate(-813.933 -2094.752)\">\n                                                    <path d=\"M9442.49,1683l3.447,3.448-3.447,3.448\" transform=\"translate(-8627.497 412.813)\" fill=\"none\" stroke=\"#000\" stroke-linecap=\"round\" stroke-width=\"1.5\"\/>\n                                                    <path d=\"M9442.49,1683l3.447,3.448-3.447,3.448\" transform=\"translate(-8623.368 412.813)\" fill=\"none\" stroke=\"#000\" stroke-linecap=\"round\" stroke-width=\"1.5\"\/>\n                                                <\/g>\n                                            <\/svg>\n                                        <\/span>\n                                <\/div-->\n                            <\/div>\n                        <\/div>\n                    <\/div><div id=\"9603\" class=\"schulthess-product-partner Medienpartner\" partner-type=\"Medienpartner\">\n                        <div class=\"schulthess-product-partner-image\">\n                                <img loading=\"lazy\" decoding=\"async\" src=\"https:\/\/www.schulthessforum.ch\/wp-content\/media\/Partner\/iusnet_Website_Familienrecht_364x104px-250x71.png\" alt=\"iusnet Familienrecht\" title=\"iusnet Familienrecht\" width=\"250\" height=\"150\" \/>\n                        <\/div>\n                        <div class=\"schulthess-product-partner-info\">\n                            <div class=\"content\">\n                                <h4 class=\"schulthess-product-partner-name\">iusnet Familienrecht<\/h4>\n                                <p class=\"schulthess-product-partner-type\">\n                                    Medienpartner\n                                <\/p>\n                                <p class=\"schulthess-product-partner-description\">\n                                    Das neue mehrstufige Informationssystem iusnet Familienrecht liefert Ihnen mit dem regelm\u00e4ssigen Newsletter bis zu 12 Mal j\u00e4hrlich einen kompakten \u00dcberblick \u00fcber die wichtigsten Entwicklungen in Rechtsprechung und Gesetzgebung zu Themengebieten wie Ehe- und Scheidungsrecht, Unterhalt, G\u00fcterrecht, Kindesschutz u.v.m. Die Online-Plattform iusnet Familienrecht enth\u00e4lt nebst s\u00e4mtlichen Inhalten aus dem Newsletter weitere Entscheide, Informationen zu Gesetzgebung, Kommentierungen sowie Fachbeitr\u00e4ge. \n                                <\/p>\n                                <p class=\"schulthess-product-partner-speakers\">\n                                    Referenten: \n                                <\/p>\n                                <!--div class=\"schulthess-product-partner-link\">\n                                        <span>zur Website<\/span>\n                                        <span class=\"link-icon\">\n                                            <svg xmlns=\"http:\/\/www.w3.org\/2000\/svg\" width=\"11\" height=\"10\" viewBox=\"0 0 9.697 9.017\">\n                                                <g transform=\"translate(-813.933 -2094.752)\">\n                                                    <path d=\"M9442.49,1683l3.447,3.448-3.447,3.448\" transform=\"translate(-8627.497 412.813)\" fill=\"none\" stroke=\"#000\" stroke-linecap=\"round\" stroke-width=\"1.5\"\/>\n                                                    <path d=\"M9442.49,1683l3.447,3.448-3.447,3.448\" transform=\"translate(-8623.368 412.813)\" fill=\"none\" stroke=\"#000\" stroke-linecap=\"round\" stroke-width=\"1.5\"\/>\n                                                <\/g>\n                                            <\/svg>\n                                        <\/span>\n                                <\/div-->\n                            <\/div>\n                        <\/div>\n                    <\/div><div id=\"9613\" class=\"schulthess-product-partner Medienpartner\" partner-type=\"Medienpartner\">\n                        <div class=\"schulthess-product-partner-image\">\n                                <img loading=\"lazy\" decoding=\"async\" src=\"https:\/\/www.schulthessforum.ch\/wp-content\/media\/Partner\/RMA_ZKE_350x100px-250x83.png\" alt=\"ZKE Zeitschrift f\u00fcr Kindes- und Erwachsenenschutz\" title=\"ZKE Zeitschrift f\u00fcr Kindes- und Erwachsenenschutz\" width=\"250\" height=\"150\" \/>\n                        <\/div>\n                        <div class=\"schulthess-product-partner-info\">\n                            <div class=\"content\">\n                                <h4 class=\"schulthess-product-partner-name\">ZKE Zeitschrift f\u00fcr Kindes- und Erwachsenenschutz<\/h4>\n                                <p class=\"schulthess-product-partner-type\">\n                                    Medienpartner\n                                <\/p>\n                                <p class=\"schulthess-product-partner-description\">\n                                    Die ZKE, die einzige schweizerische Fachzeitschrift f\u00fcr Kindes- und Erwachsenenschutz informiert interdisziplin\u00e4r abgest\u00fctzt \u00fcber die Rechtspraxis des Kindes- und Erwachsenenschutzes. Diese richtet sich an Personen, die mit sozialjuristischen Hilfeleistungen betraut sind. Zu aktuellen Fragestellungen aus der Praxis liefert die ZKE l\u00f6sungsorientierte Aufs\u00e4tze aus dem Ehe-, Kindes- und Erwachsenenschutzrecht. Die wichtigsten Entscheide des Schweizerischen Bundesgerichts und kantonaler Instanzen verhelfen, kontinuierlich \u00e0 jour zu bleiben. Zur schnellen Orientierung werden Zusammenfassungen aller \u00f6ffentlich zug\u00e4nglichen Entscheide des Schweizerischen Bundesgerichts und des Europ\u00e4ischen Gerichtshofes f\u00fcr Menschenrechte geboten. Ausgewiesene Expertinnen und Experten und die Konferenz f\u00fcr Kindes- und Erwachsenenschutz (KOKES) als Herausgeberin stellen die hohe Qualit\u00e4t der Inhalte sicher.\n                                <\/p>\n                                <p class=\"schulthess-product-partner-speakers\">\n                                    Referenten: \n                                <\/p>\n                                <!--div class=\"schulthess-product-partner-link\">\n                                        <span>zur Website<\/span>\n                                        <span class=\"link-icon\">\n                                            <svg xmlns=\"http:\/\/www.w3.org\/2000\/svg\" width=\"11\" height=\"10\" viewBox=\"0 0 9.697 9.017\">\n                                                <g transform=\"translate(-813.933 -2094.752)\">\n                                                    <path d=\"M9442.49,1683l3.447,3.448-3.447,3.448\" transform=\"translate(-8627.497 412.813)\" fill=\"none\" stroke=\"#000\" stroke-linecap=\"round\" stroke-width=\"1.5\"\/>\n                                                    <path d=\"M9442.49,1683l3.447,3.448-3.447,3.448\" transform=\"translate(-8623.368 412.813)\" fill=\"none\" stroke=\"#000\" stroke-linecap=\"round\" stroke-width=\"1.5\"\/>\n                                                <\/g>\n                                            <\/svg>\n                                        <\/span>\n                                <\/div-->\n                            <\/div>\n                        <\/div>\n                    <\/div>\n            <\/div>\n            <script>\n\n              var btns1 = jQuery(\".schulthess-product-partner-headline-wrapper .buttons\");\n              btns1.find(\".grid\").addClass(\"aktiv\");\n\n              btns1.find(\"button\").on(\"click\",function(e) {\n                btns1.find(\".grid\").removeClass(\"aktiv\");\n                btns1.find(\".list\").removeClass(\"aktiv\");\n                if (jQuery(this).hasClass(\"grid\")) {\n                    jQuery(\".schulthess-product-partner-wrapper\").removeClass(\"list\").addClass(\"grid\");\n                    jQuery(this).addClass(\"aktiv\");\n                    jQuery(\".schulthess-product-partner-wrapper .schulthess-product-partner-info\").hide();\n                }\n                else if(jQuery(this).hasClass(\"list\")) {\n                    jQuery(\".schulthess-product-partner-wrapper\").removeClass(\"grid\").addClass(\"list\");\n                    jQuery(\".schulthess-product-partner-wrapper .schulthess-product-partner-info\").show();\n                    jQuery(this).addClass(\"aktiv\");\n                }\n              });\n            <\/script>[\/et_pb_code][\/et_pb_column][\/et_pb_row][et_pb_row disabled_on=\u00a0\u00bboff|off|off\u00a0\u00bb _builder_version=\u00a0\u00bb4.16&Prime; _module_preset=\u00a0\u00bbdefault\u00a0\u00bb locked=\u00a0\u00bboff\u00a0\u00bb collapsed=\u00a0\u00bboff\u00a0\u00bb global_colors_info=\u00a0\u00bb{}\u00a0\u00bb][et_pb_column type=\u00a0\u00bb4_4&Prime; _builder_version=\u00a0\u00bb4.16&Prime; _module_preset=\u00a0\u00bbdefault\u00a0\u00bb global_colors_info=\u00a0\u00bb{}\u00a0\u00bb][et_pb_code admin_label=\u00a0\u00bbCode\u00a0\u00bb _builder_version=\u00a0\u00bb4.20.2&Prime; _module_preset=\u00a0\u00bbdefault\u00a0\u00bb locked=\u00a0\u00bboff\u00a0\u00bb global_colors_info=\u00a0\u00bb{}\u00a0\u00bb]<div class=\"et_pb_row sf-h3\">\n            <div class=\"et_pb_module et_pb_text schulthess-product-partner-headline-wrapper\">\n                <h5 class=\"schulthess-product-partner-type\" id=\"medienpartner\">Partenaires m\u00e9dias<\/h5>\n            <\/div>\n            <div class=\"et_pb_module\"><div class=\"et_pb_column_1_4 et_pb_column\">\n                        <div class=\"sf-product-partner-container\">\n                            <a href=\"https:\/\/schulthessdigital.info\/de\/zeitschriften\/schweizerische-juristen-zeitung\" title=\"Schweizerische Juristen-Zeitung (SJZ)\" target=\"_blank\" rel=\"noopener nofollow\"><img loading=\"lazy\" decoding=\"async\" class=\"\" src=\"https:\/\/www.schulthessforum.ch\/wp-content\/media\/Partner\/logos\/SJZ_Logo_groesser_350px.jpg\" style=\"aspect-ratio: 279 \/ 74\" width=\"279\" height=\"74\" alt=\"Schweizerische Juristen-Zeitung (SJZ)\" title=\"Schweizerische Juristen-Zeitung (SJZ)\"\/><\/a>\n                        <\/div>\n                    <\/div><div class=\"et_pb_column_1_4 et_pb_column\">\n                        <div class=\"sf-product-partner-container\">\n                            <a href=\"https:\/\/www.schulthess.com\/de\/portfolio\/schulthess\/schulthess-digital\/iusnet\/iusnet-intellectual-property\" title=\"iusNet Digitales Recht und Datenrecht\" target=\"_blank\" rel=\"noopener nofollow\"><img loading=\"lazy\" decoding=\"async\" class=\"\" src=\"https:\/\/www.schulthessforum.ch\/wp-content\/media\/Partner\/iusnet_Website_Digitales_Recht_und_Datenrecht_364x104px.png\" style=\"aspect-ratio: 364 \/ 104\" width=\"364\" height=\"104\" alt=\"iusNet Digitales Recht und Datenrecht\" title=\"iusNet Digitales Recht und Datenrecht\"\/><\/a>\n                        <\/div>\n                    <\/div><div class=\"et_pb_column_1_4 et_pb_column\">\n                        <div class=\"sf-product-partner-container\">\n                            <a href=\"https:\/\/www.schulthess.com\/de\/portfolio\/schulthess\/schulthess-digital\/iusnet\/iusnet-familienrecht\" title=\"iusnet Familienrecht\" target=\"_blank\" rel=\"noopener nofollow\"><img loading=\"lazy\" decoding=\"async\" class=\"\" src=\"https:\/\/www.schulthessforum.ch\/wp-content\/media\/Partner\/iusnet_Website_Familienrecht_364x104px.png\" style=\"aspect-ratio: 364 \/ 104\" width=\"364\" height=\"104\" alt=\"iusnet Familienrecht\" title=\"iusnet Familienrecht\"\/><\/a>\n                        <\/div>\n                    <\/div><div class=\"et_pb_column_1_4 et_pb_column\">\n                        <div class=\"sf-product-partner-container\">\n                            <a href=\"https:\/\/www.zke-online.ch\/\" title=\"ZKE Zeitschrift f\u00fcr Kindes- und Erwachsenenschutz\" target=\"_blank\" rel=\"noopener nofollow\"><img loading=\"lazy\" decoding=\"async\" class=\"\" src=\"https:\/\/www.schulthessforum.ch\/wp-content\/media\/Partner\/RMA_ZKE_350x100px.png\" style=\"aspect-ratio: 300 \/ 100\" width=\"300\" height=\"100\" alt=\"ZKE Zeitschrift f\u00fcr Kindes- und Erwachsenenschutz\" title=\"ZKE Zeitschrift f\u00fcr Kindes- und Erwachsenenschutz\"\/><\/a>\n                        <\/div>\n                    <\/div><\/div><\/div>[\/et_pb_code][et_pb_code admin_label=\u00a0\u00bbCode\u00a0\u00bb _builder_version=\u00a0\u00bb4.20.2&Prime; _module_preset=\u00a0\u00bbdefault\u00a0\u00bb locked=\u00a0\u00bboff\u00a0\u00bb global_colors_info=\u00a0\u00bb{}\u00a0\u00bb]<div class=\"et_pb_row sf-h3\">\n            <div class=\"et_pb_module et_pb_text schulthess-product-partner-headline-wrapper\">\n                <h5 class=\"schulthess-product-partner-type\" id=\"kooperationspartner\">Partenaires<\/h5>\n            <\/div>\n            <div class=\"et_pb_module\"><div class=\"et_pb_column_1_4 et_pb_column\">\n                        <div class=\"sf-product-partner-container\">\n                            <a href=\"https:\/\/staedteverband.ch\/de\/Willkommen\" title=\"Schweizerischer St\u00e4dteverband\" target=\"_blank\" rel=\"noopener nofollow\"><img loading=\"lazy\" decoding=\"async\" class=\"\" src=\"https:\/\/www.schulthessforum.ch\/wp-content\/media\/Partner\/logos\/Schweizerischer_Staedteverband_cmyk.jpg\" style=\"aspect-ratio: 887 \/ 297\" width=\"887\" height=\"297\" alt=\"Schweizerischer St\u00e4dteverband\" title=\"Schweizerischer St\u00e4dteverband\"\/><\/a>\n                        <\/div>\n                    <\/div><\/div><\/div>[\/et_pb_code][et_pb_code admin_label=\u00a0\u00bbCode\u00a0\u00bb _builder_version=\u00a0\u00bb4.20.2&Prime; _module_preset=\u00a0\u00bbdefault\u00a0\u00bb locked=\u00a0\u00bboff\u00a0\u00bb global_colors_info=\u00a0\u00bb{}\u00a0\u00bb][\/et_pb_code][\/et_pb_column][\/et_pb_row][\/et_pb_section][et_pb_section fb_built=\u00a0\u00bb1&Prime; disabled_on=\u00a0\u00bbon|on|on\u00a0\u00bb admin_label=\u00a0\u00bbSektion Impressionen\u00a0\u00bb module_id=\u00a0\u00bbschulthess-impressionen\u00a0\u00bb _builder_version=\u00a0\u00bb4.17.4&Prime; _module_preset=\u00a0\u00bbdefault\u00a0\u00bb disabled=\u00a0\u00bbon\u00a0\u00bb collapsed=\u00a0\u00bbon\u00a0\u00bb global_colors_info=\u00a0\u00bb{}\u00a0\u00bb][et_pb_row module_class=\u00a0\u00bbsf-impressionen-slider-wrapper\u00a0\u00bb _builder_version=\u00a0\u00bb4.19.5&Prime; _module_preset=\u00a0\u00bbdefault\u00a0\u00bb global_colors_info=\u00a0\u00bb{}\u00a0\u00bb][et_pb_column type=\u00a0\u00bb4_4&Prime; _builder_version=\u00a0\u00bb4.19.5&Prime; _module_preset=\u00a0\u00bbdefault\u00a0\u00bb global_colors_info=\u00a0\u00bb{}\u00a0\u00bb][et_pb_text admin_label=\u00a0\u00bb\u00dcberschrift\u00a0\u00bb module_class=\u00a0\u00bbsf-h2&Prime; _builder_version=\u00a0\u00bb4.19.5&Prime; _module_preset=\u00a0\u00bbdefault\u00a0\u00bb global_colors_info=\u00a0\u00bb{}\u00a0\u00bb]<\/p>\n<h5>Impressionen<\/h5>\n<p>[\/et_pb_text][et_pb_gallery gallery_ids=\u00a0\u00bb1275,1274,1273,1272,1271,1266,1267,1260,1262,1253,1251,1248,1240,1244,1246&Prime; fullwidth=\u00a0\u00bbon\u00a0\u00bb admin_label=\u00a0\u00bbGalerie\u00a0\u00bb module_id=\u00a0\u00bbimpressionen-slider\u00a0\u00bb module_class=\u00a0\u00bbimpressionen-slider\u00a0\u00bb _builder_version=\u00a0\u00bb4.19.5&Prime; _module_preset=\u00a0\u00bbdefault\u00a0\u00bb animation_style=\u00a0\u00bbfade\u00a0\u00bb animation_duration=\u00a0\u00bb5000ms\u00a0\u00bb animation_starting_opacity=\u00a0\u00bb100%\u00a0\u00bb animation_repeat=\u00a0\u00bbloop\u00a0\u00bb auto=\u00a0\u00bbon\u00a0\u00bb auto_speed=\u00a0\u00bb5000&Prime; global_colors_info=\u00a0\u00bb{}\u00a0\u00bb][\/et_pb_gallery][\/et_pb_column][\/et_pb_row][\/et_pb_section]<\/p>\n","protected":false},"excerpt":{"rendered":"<div id=\"block-system-main\" class=\"block block-system block-main block-system-main odd block-without-title\">\n<div class=\"block-inner clearfix\">\n<div class=\"content clearfix\">\n<article id=\"node-page-283\" class=\"node node-page node-published node-not-promoted node-not-sticky author-redaktion odd clearfix\">\n<div class=\"content clearfix\">\n<div class=\"field field-name-body field-type-text-with-summary field-label-hidden\">\n<div class=\"field-items\">\n<div class=\"field-item even\">\n<h3>Leistungsbeurteilung mit E-Assessments<\/h3>\n<p>Nicht nur die Gestaltung der Freizeit auch der Bildungsalltag junger Menschen hat sich radikal ver\u00e4ndert. Die interaktiven M\u00f6glichkeiten der Digitalisierung erleichtern das Lernen, die spielerischen Herangehensweisen &#8211; auch an komplexe Materien &#8211; versprechen neue Lernerfolge. Die Bildungsinstitutionen richten sich inhaltlich und technisch auf eine neue Zeit ein.<\/p>\n<p>Zum Bildungsalltag geh\u00f6rt auch die Bewertung der Lernleistung. Hierzu werden zunehmend auch die M\u00f6glichkeiten digitaler Pr\u00fcfungsumgebungen genutzt. Die unterschiedlichen Bereiche (diagnostische, formative und summarische assessments) produzieren dabei unterschiedliche Rechtsfragen. Zumal wenn\u00a0 zur Bearbeitung der entstehenden Datenmengen Hilfsprogramme aus dem Bereich der k\u00fcnstlichen Intelligenz hinzugezogen werden.<\/p>\n<p>Rechtliche Fragen, die bei der Nutzung aller Tools zu l\u00f6sen sind, stellen sich im Bereich der Pers\u00f6nlichkeitsrechte, des Beschaffungsrecht und des Datenschutzes:<\/p>\n<ul>\n<li>Welche Rechte haben Kinder in der virtuellen Lernwelt?<\/li>\n<li>Was kann gepr\u00fcft werden, was nicht?<\/li>\n<li>Was gilt es bei der Beschaffung von Lernplattformen und Bewertungstools zu beachten?<\/li>\n<li>Wo sind die Grenzen des Datenschutzes?<\/li>\n<\/ul>\n<p>Nutzen Sie das Webinar und informieren Sie sich umfassend zum aktuellen Stand der M\u00f6glichkeiten und der rechtlichen Grenzen. Sichern Sie Beschaffung und Einsatz der Tools ab und nehmen Sie die Gelegenheit wahr, Ihre Fragen direkt an die Expertinnen und Experten zu richten.<\/p>\n<\/div>\n<\/div>\n<\/div>\n<\/div>\n<\/article>\n<\/div>\n<\/div>\n<\/div>\n","protected":false},"author":22,"featured_media":0,"template":"","meta":{"_acf_changed":false,"_et_pb_use_builder":"on","_et_pb_old_content":"<div id=\"block-system-main\" class=\"block block-system block-main block-system-main odd block-without-title\">\r\n<div class=\"block-inner clearfix\">\r\n<div class=\"content clearfix\"><article id=\"node-page-283\" class=\"node node-page node-published node-not-promoted node-not-sticky author-redaktion odd clearfix\">\r\n<div class=\"content clearfix\">\r\n<div class=\"field field-name-body field-type-text-with-summary field-label-hidden\">\r\n<div class=\"field-items\">\r\n<div class=\"field-item even\">\r\n<h3>Leistungsbeurteilung mit E-Assessments<\/h3>\r\nNicht nur die Gestaltung der Freizeit auch der Bildungsalltag junger Menschen hat sich radikal ver\u00e4ndert. Die interaktiven M\u00f6glichkeiten der Digitalisierung erleichtern das Lernen, die spielerischen Herangehensweisen - auch an komplexe Materien - versprechen neue Lernerfolge. Die Bildungsinstitutionen richten sich inhaltlich und technisch auf eine neue Zeit ein.\r\n\r\nZum Bildungsalltag geh\u00f6rt auch die Bewertung der Lernleistung. Hierzu werden zunehmend auch die M\u00f6glichkeiten digitaler Pr\u00fcfungsumgebungen genutzt. Die unterschiedlichen Bereiche (diagnostische, formative und summarische assessments) produzieren dabei unterschiedliche Rechtsfragen. Zumal wenn\u00a0 zur Bearbeitung der entstehenden Datenmengen Hilfsprogramme aus dem Bereich der k\u00fcnstlichen Intelligenz hinzugezogen werden.\r\n\r\nRechtliche Fragen, die bei der Nutzung aller Tools zu l\u00f6sen sind, stellen sich im Bereich der Pers\u00f6nlichkeitsrechte, des Beschaffungsrecht und des Datenschutzes:\r\n<ul>\r\n \t<li>Welche Rechte haben Kinder in der virtuellen Lernwelt?<\/li>\r\n \t<li>Was kann gepr\u00fcft werden, was nicht?<\/li>\r\n \t<li>Was gilt es bei der Beschaffung von Lernplattformen und Bewertungstools zu beachten?<\/li>\r\n \t<li>Wo sind die Grenzen des Datenschutzes?<\/li>\r\n<\/ul>\r\nNutzen Sie das Webinar und informieren Sie sich umfassend zum aktuellen Stand der M\u00f6glichkeiten und der rechtlichen Grenzen. Sichern Sie Beschaffung und Einsatz der Tools ab und nehmen Sie die Gelegenheit wahr, Ihre Fragen direkt an die Expertinnen und Experten zu richten.\r\n\r\n<\/div>\r\n<\/div>\r\n<\/div>\r\n<\/div>\r\n<\/article><\/div>\r\n<\/div>\r\n<\/div>","_et_gb_content_width":""},"categories":[89,143],"tags":[],"product_brand":[],"product_cat":[229],"product_tag":[],"class_list":{"0":"post-9555","1":"product","2":"type-product","3":"status-publish","5":"category-datenschutz","6":"category-webinar","7":"product_cat-229","8":"pa_teilnahme-onlineveranstaltung","10":"first","11":"instock","12":"taxable","13":"shipping-taxable","14":"purchasable","15":"product-type-variable"},"acf":[],"_links":{"self":[{"href":"https:\/\/www.schulthessforum.ch\/fr\/wp-json\/wp\/v2\/product\/9555","targetHints":{"allow":["GET"]}}],"collection":[{"href":"https:\/\/www.schulthessforum.ch\/fr\/wp-json\/wp\/v2\/product"}],"about":[{"href":"https:\/\/www.schulthessforum.ch\/fr\/wp-json\/wp\/v2\/types\/product"}],"author":[{"embeddable":true,"href":"https:\/\/www.schulthessforum.ch\/fr\/wp-json\/wp\/v2\/users\/22"}],"wp:attachment":[{"href":"https:\/\/www.schulthessforum.ch\/fr\/wp-json\/wp\/v2\/media?parent=9555"}],"wp:term":[{"taxonomy":"category","embeddable":true,"href":"https:\/\/www.schulthessforum.ch\/fr\/wp-json\/wp\/v2\/categories?post=9555"},{"taxonomy":"post_tag","embeddable":true,"href":"https:\/\/www.schulthessforum.ch\/fr\/wp-json\/wp\/v2\/tags?post=9555"},{"taxonomy":"product_brand","embeddable":true,"href":"https:\/\/www.schulthessforum.ch\/fr\/wp-json\/wp\/v2\/product_brand?post=9555"},{"taxonomy":"product_cat","embeddable":true,"href":"https:\/\/www.schulthessforum.ch\/fr\/wp-json\/wp\/v2\/product_cat?post=9555"},{"taxonomy":"product_tag","embeddable":true,"href":"https:\/\/www.schulthessforum.ch\/fr\/wp-json\/wp\/v2\/product_tag?post=9555"}],"curies":[{"name":"wp","href":"https:\/\/api.w.org\/{rel}","templated":true}]}}